{"version":"1.0","provider_name":"GrIFK K\u00e4sipallo - miehet","provider_url":"https:\/\/grifk-handball.com\/miehet","author_name":"toppe","author_url":"https:\/\/grifk-handball.com\/miehet\/author\/toppe\/","title":"Ensimm\u00e4inen taistelu \u2013 Grani avaa kauden kotiluolassa &#8212; GrIFK K\u00e4sipallo - miehet","type":"rich","width":600,"height":338,"html":"<blockquote class=\"wp-embedded-content\" data-secret=\"PZ9YOcoWNG\"><a href=\"https:\/\/grifk-handball.com\/miehet\/uutiset\/ensimmainen-taistelu-grani-avaa-kauden-kotiluolassa\/\">Ensimm\u00e4inen taistelu \u2013 Grani avaa kauden kotiluolassa<\/a><\/blockquote><iframe sandbox=\"allow-scripts\" security=\"restricted\" src=\"https:\/\/grifk-handball.com\/miehet\/uutiset\/ensimmainen-taistelu-grani-avaa-kauden-kotiluolassa\/embed\/#?secret=PZ9YOcoWNG\" width=\"600\" height=\"338\" title=\"&#8221;Ensimm\u00e4inen taistelu \u2013 Grani avaa kauden kotiluolassa&#8221; &#8212; GrIFK K\u00e4sipallo - miehet\" data-secret=\"PZ9YOcoWNG\" frameborder=\"0\" marginwidth=\"0\" marginheight=\"0\" scrolling=\"no\" class=\"wp-embedded-content\"><\/iframe><script>\n\/*! This file is auto-generated *\/\n!function(d,l){\"use strict\";l.querySelector&&d.addEventListener&&\"undefined\"!=typeof URL&&(d.wp=d.wp||{},d.wp.receiveEmbedMessage||(d.wp.receiveEmbedMessage=function(e){var t=e.data;if((t||t.secret||t.message||t.value)&&!\/[^a-zA-Z0-9]\/.test(t.secret)){for(var s,r,n,a=l.querySelectorAll('iframe[data-secret=\"'+t.secret+'\"]'),o=l.querySelectorAll('blockquote[data-secret=\"'+t.secret+'\"]'),c=new RegExp(\"^https?:$\",\"i\"),i=0;i<o.length;i++)o[i].style.display=\"none\";for(i=0;i<a.length;i++)s=a[i],e.source===s.contentWindow&&(s.removeAttribute(\"style\"),\"height\"===t.message?(1e3<(r=parseInt(t.value,10))?r=1e3:~~r<200&&(r=200),s.height=r):\"link\"===t.message&&(r=new URL(s.getAttribute(\"src\")),n=new URL(t.value),c.test(n.protocol))&&n.host===r.host&&l.activeElement===s&&(d.top.location.href=t.value))}},d.addEventListener(\"message\",d.wp.receiveEmbedMessage,!1),l.addEventListener(\"DOMContentLoaded\",function(){for(var e,t,s=l.querySelectorAll(\"iframe.wp-embedded-content\"),r=0;r<s.length;r++)(t=(e=s[r]).getAttribute(\"data-secret\"))||(t=Math.random().toString(36).substring(2,12),e.src+=\"#?secret=\"+t,e.setAttribute(\"data-secret\",t)),e.contentWindow.postMessage({message:\"ready\",secret:t},\"*\")},!1)))}(window,document);\n\/\/# sourceURL=https:\/\/grifk-handball.com\/miehet\/wp-includes\/js\/wp-embed.min.js\n<\/script>\n","thumbnail_url":"http:\/\/grifk-handball.com\/miehet\/wp-content\/uploads\/sites\/2\/2025\/05\/Grankulla-IFK-100-vuotta1-scaled-e1748011917274.png","thumbnail_width":2560,"thumbnail_height":1063,"description":"Lauantaina avataan uusi kausi Luolassa, kun GrIFK Elit kohtaa EIF:n kotona klo 17.30. Joukkueet kohtasivat muutama viikko sitten harjoitusottelussa, josta Grani nappasi voiton, mutta kauden avaus on t\u00e4ysin eri tarina. Viime kaudella tammisaarelaiset veikattiin sarjan h\u00e4nnille, mutta he ottivat Aktialiigassa ensimm\u00e4isen p\u00e4\u00e4nahkansa juuri Granin kustannuksella \u2013 muistutus siit\u00e4, ett\u00e4 EIF:\u00e4\u00e4 ei saa miss\u00e4\u00e4n nimess\u00e4 aliarvioida. [&hellip;]"}