{"version":"1.0","provider_name":"GrIFK K\u00e4sipallo - miehet","provider_url":"https:\/\/grifk-handball.com\/miehet","author_name":"granimaster","author_url":"https:\/\/grifk-handball.com\/miehet\/author\/granimaster\/","title":"GrIFK:n pre season ja kokoonpano 2022\/23 &#8212; GrIFK K\u00e4sipallo - miehet","type":"rich","width":600,"height":338,"html":"<blockquote class=\"wp-embedded-content\" data-secret=\"PhO4ccyhT0\"><a href=\"https:\/\/grifk-handball.com\/miehet\/uutiset\/grifkn-pre-season-ja-kokoonpano-2022-23\/\">GrIFK:n pre season ja kokoonpano 2022\/23<\/a><\/blockquote><iframe sandbox=\"allow-scripts\" security=\"restricted\" src=\"https:\/\/grifk-handball.com\/miehet\/uutiset\/grifkn-pre-season-ja-kokoonpano-2022-23\/embed\/#?secret=PhO4ccyhT0\" width=\"600\" height=\"338\" title=\"&#8221;GrIFK:n pre season ja kokoonpano 2022\/23&#8221; &#8212; GrIFK K\u00e4sipallo - miehet\" data-secret=\"PhO4ccyhT0\" frameborder=\"0\" marginwidth=\"0\" marginheight=\"0\" scrolling=\"no\" class=\"wp-embedded-content\"><\/iframe><script type=\"text\/javascript\">\n\/* <![CDATA[ *\/\n\/*! This file is auto-generated *\/\n!function(d,l){\"use strict\";l.querySelector&&d.addEventListener&&\"undefined\"!=typeof URL&&(d.wp=d.wp||{},d.wp.receiveEmbedMessage||(d.wp.receiveEmbedMessage=function(e){var t=e.data;if((t||t.secret||t.message||t.value)&&!\/[^a-zA-Z0-9]\/.test(t.secret)){for(var s,r,n,a=l.querySelectorAll('iframe[data-secret=\"'+t.secret+'\"]'),o=l.querySelectorAll('blockquote[data-secret=\"'+t.secret+'\"]'),c=new RegExp(\"^https?:$\",\"i\"),i=0;i<o.length;i++)o[i].style.display=\"none\";for(i=0;i<a.length;i++)s=a[i],e.source===s.contentWindow&&(s.removeAttribute(\"style\"),\"height\"===t.message?(1e3<(r=parseInt(t.value,10))?r=1e3:~~r<200&&(r=200),s.height=r):\"link\"===t.message&&(r=new URL(s.getAttribute(\"src\")),n=new URL(t.value),c.test(n.protocol))&&n.host===r.host&&l.activeElement===s&&(d.top.location.href=t.value))}},d.addEventListener(\"message\",d.wp.receiveEmbedMessage,!1),l.addEventListener(\"DOMContentLoaded\",function(){for(var e,t,s=l.querySelectorAll(\"iframe.wp-embedded-content\"),r=0;r<s.length;r++)(t=(e=s[r]).getAttribute(\"data-secret\"))||(t=Math.random().toString(36).substring(2,12),e.src+=\"#?secret=\"+t,e.setAttribute(\"data-secret\",t)),e.contentWindow.postMessage({message:\"ready\",secret:t},\"*\")},!1)))}(window,document);\n\/\/# sourceURL=https:\/\/grifk-handball.com\/miehet\/wp-includes\/js\/wp-embed.min.js\n\/* ]]> *\/\n<\/script>\n","thumbnail_url":"https:\/\/i0.wp.com\/grifk-handball.com\/miehet\/wp-content\/uploads\/sites\/2\/2022\/03\/IMG_1662-dam-scaled-e1647964334645.jpg?fit=1600%2C828&ssl=1","thumbnail_width":1600,"thumbnail_height":828,"description":"GrIFK aloittaa elokuun alussa valmistautumisensa uuteen pelikauteen. Joukkue harjoitteli yhdess\u00e4 juhannukseen saakka, jonka j\u00e4lkeen koitti hein\u00e4kuun loppuun kest\u00e4nyt omatoiminen harjoituskausi ja kes\u00e4loma. Nyt joukkue palaa normiarkeen, joka k\u00e4sitt\u00e4\u00e4 yksitt\u00e4isten harjoitusotteluiden lis\u00e4ksi osallistumisen IFK-turnaukseen Turussa sek\u00e4 leirin Eskilstunassa, jossa pelataan mm. Elitserieniin valmistautuvaa Robin Granlundin uutta seuraa GUIF:ia vastaan."}