{"id":12532,"date":"2019-09-11T14:08:40","date_gmt":"2019-09-11T11:08:40","guid":{"rendered":"https:\/\/grifk-handball.com\/miehet\/?page_id=12532"},"modified":"2019-09-11T14:08:40","modified_gmt":"2019-09-11T11:08:40","slug":"otteluohjelma-ja-tulokset-2018-19","status":"publish","type":"page","link":"https:\/\/grifk-handball.com\/miehet\/otteluohjelma-ja-tulokset-2018-19\/","title":{"rendered":"Otteluohjelma ja tulokset 2018-19"},"content":{"rendered":"<div id='full_slider_1'  class='avia-fullwidth-slider main_color avia-shadow   avia-builder-el-0  el_before_av_section  avia-builder-el-first   container_wrap sidebar_right'  >\n<style type=\"text\/css\" data-created_by=\"avia_inline_auto\" id=\"style-css-av-s2i1ae-63fcda7dcc4eb6c8b85c53e772e0b5ce\">\n#top #wrap_all .avia-slideshow .av-slideshow-caption.av-s2i1ae-63fcda7dcc4eb6c8b85c53e772e0b5ce__0 .avia-caption-title{\nfont-size:60px;\n}\n<\/style>\n<div  class='avia-slideshow av-s2i1ae-63fcda7dcc4eb6c8b85c53e772e0b5ce avia-slideshow-featured av_slideshow_full avia-slide-slider av-slideshow-ui av-control-default av-slideshow-manual av-loop-once av-loop-manual-endless av-default-height-applied   avia-slideshow-1' data-slideshow-options=\"{&quot;animation&quot;:&quot;slide&quot;,&quot;autoplay&quot;:false,&quot;loop_autoplay&quot;:&quot;once&quot;,&quot;interval&quot;:5,&quot;loop_manual&quot;:&quot;manual-endless&quot;,&quot;autoplay_stopper&quot;:false,&quot;noNavigation&quot;:false,&quot;bg_slider&quot;:false,&quot;keep_padding&quot;:false,&quot;hoverpause&quot;:false,&quot;show_slide_delay&quot;:0}\"  itemprop=\"image\" itemscope=\"itemscope\" itemtype=\"https:\/\/schema.org\/ImageObject\" ><ul class='avia-slideshow-inner ' style='padding-bottom: 44.791666666667%;'><li  class='avia-slideshow-slide av-s2i1ae-63fcda7dcc4eb6c8b85c53e772e0b5ce__0  av-single-slide slide-1 slide-odd'><div data-rel='slideshow-1' class='avia-slide-wrap '   ><div class='av-slideshow-caption av-s2i1ae-63fcda7dcc4eb6c8b85c53e772e0b5ce__0 caption_fullwidth caption_center caption_center_framed caption_framed'><div class=\"container caption_container\"><div class=\"slideshow_caption\"><div class=\"slideshow_inner_caption\"><div class=\"slideshow_align_caption\"><h2 class='avia-caption-title '  itemprop=\"name\" >Otteluohjelma ja tulokset<\/h2><\/div><\/div><\/div><\/div><\/div><img decoding=\"async\" fetchpriority=\"high\" class=\"wp-image-3502 avia-img-lazy-loading-not-3502\"  src=\"https:\/\/i0.wp.com\/grifk-handball.com\/miehet\/wp-content\/uploads\/sites\/2\/2017\/04\/bkgranirapp.jpg?resize=960%2C430&ssl=1\" width=\"960\" height=\"430\" title='bkgranirapp' alt=''  itemprop=\"thumbnailUrl\"   \/><\/div><\/li><\/ul><\/div><\/div>\n<div id='av_section_1'  class='avia-section av-nshmiu-0b6d200d863656197de1af1251e526a6 main_color avia-section-default avia-no-shadow  avia-builder-el-1  el_after_av_slideshow_full  el_before_av_section  av-desktop-hide av-medium-hide av-small-hide av-mini-hide avia-bg-style-scroll container_wrap sidebar_right'  ><div class='container av-section-cont-open' ><div class='template-page content  av-content-small alpha units'><div class='post-entry post-entry-type-page post-entry-12532'><div class='entry-content-wrapper clearfix'>\n\n<style type=\"text\/css\" data-created_by=\"avia_inline_auto\" id=\"style-css-av-m81axy-0419bf324d388782f8ffbec7a3d1e57d\">\n.flex_column.av-m81axy-0419bf324d388782f8ffbec7a3d1e57d{\nborder-radius:0px 0px 0px 0px;\npadding:0px 0px 0px 0px;\n}\n<\/style>\n<div  class='flex_column av-m81axy-0419bf324d388782f8ffbec7a3d1e57d av_three_fifth  avia-builder-el-2  el_before_av_two_fifth  avia-builder-el-first  first flex_column_div av-zero-column-padding  '     ><p>\n<style type=\"text\/css\" data-created_by=\"avia_inline_auto\" id=\"style-css-av-5q0p9i-dad0cc62b53b8fe87a925064f0750c28\">\n#top .av-special-heading.av-5q0p9i-dad0cc62b53b8fe87a925064f0750c28{\npadding-bottom:10px;\n}\nbody .av-special-heading.av-5q0p9i-dad0cc62b53b8fe87a925064f0750c28 .av-special-heading-tag .heading-char{\nfont-size:25px;\n}\n.av-special-heading.av-5q0p9i-dad0cc62b53b8fe87a925064f0750c28 .av-subheading{\nfont-size:15px;\n}\n<\/style>\n<div  class='av-special-heading av-5q0p9i-dad0cc62b53b8fe87a925064f0750c28 av-special-heading-h3  avia-builder-el-3  el_before_av_codeblock  avia-builder-el-first '><h3 class='av-special-heading-tag '  itemprop=\"headline\"  >Tulevat ottelut<\/h3><div class=\"special-heading-border\"><div class=\"special-heading-inner-border\"><\/div><\/div><\/div><br \/>\n<\/p><\/div>\n<style type=\"text\/css\" data-created_by=\"avia_inline_auto\" id=\"style-css-av-h7pqye-501ccf617efce8b77721050e41e39a72\">\n.flex_column.av-h7pqye-501ccf617efce8b77721050e41e39a72{\nborder-radius:0px 0px 0px 0px;\npadding:0px 0px 0px 0px;\n}\n<\/style>\n<div  class='flex_column av-h7pqye-501ccf617efce8b77721050e41e39a72 av_two_fifth  avia-builder-el-5  el_after_av_three_fifth  avia-builder-el-last  flex_column_div av-zero-column-padding  '     ><p>\n<style type=\"text\/css\" data-created_by=\"avia_inline_auto\" id=\"style-css-av-1p5vq-20667783107d1b94d3d8ef4f8a772c31\">\n#top .av-special-heading.av-1p5vq-20667783107d1b94d3d8ef4f8a772c31{\npadding-bottom:10px;\n}\nbody .av-special-heading.av-1p5vq-20667783107d1b94d3d8ef4f8a772c31 .av-special-heading-tag .heading-char{\nfont-size:25px;\n}\n.av-special-heading.av-1p5vq-20667783107d1b94d3d8ef4f8a772c31 .av-subheading{\nfont-size:15px;\n}\n<\/style>\n<div  class='av-special-heading av-1p5vq-20667783107d1b94d3d8ef4f8a772c31 av-special-heading-h3 blockquote modern-quote modern-centered  avia-builder-el-6  el_before_av_codeblock  avia-builder-el-first '><h3 class='av-special-heading-tag '  itemprop=\"headline\"  >Seuraava ottelu<\/h3><div class=\"special-heading-border\"><div class=\"special-heading-inner-border\"><\/div><\/div><\/div><br \/>\n<br \/>\n\n<style type=\"text\/css\" data-created_by=\"avia_inline_auto\" id=\"style-css-av-27ydmu-07e09a8e356122907f43ad4ea15fca62\">\n#top .av-special-heading.av-27ydmu-07e09a8e356122907f43ad4ea15fca62{\npadding-bottom:10px;\n}\nbody .av-special-heading.av-27ydmu-07e09a8e356122907f43ad4ea15fca62 .av-special-heading-tag .heading-char{\nfont-size:25px;\n}\n.av-special-heading.av-27ydmu-07e09a8e356122907f43ad4ea15fca62 .av-subheading{\nfont-size:15px;\n}\n<\/style>\n<div  class='av-special-heading av-27ydmu-07e09a8e356122907f43ad4ea15fca62 av-special-heading-h3 blockquote modern-quote modern-centered  avia-builder-el-8  el_after_av_codeblock  el_before_av_image '><h3 class='av-special-heading-tag '  itemprop=\"headline\"  >GrIFK kausikortit<\/h3><div class=\"special-heading-border\"><div class=\"special-heading-inner-border\"><\/div><\/div><\/div><br \/>\n\n<style type=\"text\/css\" data-created_by=\"avia_inline_auto\" id=\"style-css-av-jlm48jin-bfebb94ce313e2ca47d842686b3f27f6\">\n.avia-image-container.av-jlm48jin-bfebb94ce313e2ca47d842686b3f27f6 img.avia_image{\nbox-shadow:none;\n}\n.avia-image-container.av-jlm48jin-bfebb94ce313e2ca47d842686b3f27f6 .av-image-caption-overlay-center{\ncolor:#ffffff;\n}\n<\/style>\n<div  class='avia-image-container av-jlm48jin-bfebb94ce313e2ca47d842686b3f27f6 av-styling- av-img-linked avia-align-center  avia-builder-el-9  el_after_av_heading  el_before_av_image  av-desktop-hide av-medium-hide av-small-hide av-mini-hide'   itemprop=\"image\" itemscope=\"itemscope\" itemtype=\"https:\/\/schema.org\/ImageObject\" ><div class=\"avia-image-container-inner\"><div class=\"avia-image-overlay-wrap\"><a href=\"https:\/\/grifk-handball.com\/miehet\/liput\/\" class='avia_image '  aria-label='GrIFK kausikortti'><img decoding=\"async\" fetchpriority=\"high\" class='wp-image-4505 avia-img-lazy-loading-not-4505 avia_image ' src=\"https:\/\/i0.wp.com\/grifk-handball.com\/miehet\/wp-content\/uploads\/sites\/2\/2017\/09\/grifk_kausikortti.jpg?fit=300%2C165&ssl=1\" alt='' title='GrIFK kausikortti'  height=\"165\" width=\"300\"  itemprop=\"thumbnailUrl\" srcset=\"https:\/\/i0.wp.com\/grifk-handball.com\/miehet\/wp-content\/uploads\/sites\/2\/2017\/09\/grifk_kausikortti.jpg?w=941&amp;ssl=1 941w, https:\/\/i0.wp.com\/grifk-handball.com\/miehet\/wp-content\/uploads\/sites\/2\/2017\/09\/grifk_kausikortti.jpg?resize=300%2C165&amp;ssl=1 300w, https:\/\/i0.wp.com\/grifk-handball.com\/miehet\/wp-content\/uploads\/sites\/2\/2017\/09\/grifk_kausikortti.jpg?resize=768%2C423&amp;ssl=1 768w, https:\/\/i0.wp.com\/grifk-handball.com\/miehet\/wp-content\/uploads\/sites\/2\/2017\/09\/grifk_kausikortti.jpg?resize=705%2C388&amp;ssl=1 705w, https:\/\/i0.wp.com\/grifk-handball.com\/miehet\/wp-content\/uploads\/sites\/2\/2017\/09\/grifk_kausikortti.jpg?resize=450%2C248&amp;ssl=1 450w\" sizes=\"(max-width: 300px) 100vw, 300px\" \/><\/a><\/div><\/div><\/div><br \/>\n\n<style type=\"text\/css\" data-created_by=\"avia_inline_auto\" id=\"style-css-av-jlm48jin-b72dd1d05ef1efb04b8cafa3637e6251\">\n.avia-image-container.av-jlm48jin-b72dd1d05ef1efb04b8cafa3637e6251 img.avia_image{\nbox-shadow:none;\n}\n.avia-image-container.av-jlm48jin-b72dd1d05ef1efb04b8cafa3637e6251 .av-image-caption-overlay-center{\ncolor:#ffffff;\n}\n<\/style>\n<div  class='avia-image-container av-jlm48jin-b72dd1d05ef1efb04b8cafa3637e6251 av-styling- av-img-linked avia-align-center  avia-builder-el-10  el_after_av_image  avia-builder-el-last '   itemprop=\"image\" itemscope=\"itemscope\" itemtype=\"https:\/\/schema.org\/ImageObject\" ><div class=\"avia-image-container-inner\"><div class=\"avia-image-overlay-wrap\"><a href=\"https:\/\/grifk-handball.com\/miehet\/liput\/vip-kortit\/\" class='avia_image '  aria-label='GrIFK VIP'><img decoding=\"async\" fetchpriority=\"high\" class='wp-image-4506 avia-img-lazy-loading-not-4506 avia_image ' src=\"https:\/\/i0.wp.com\/grifk-handball.com\/miehet\/wp-content\/uploads\/sites\/2\/2017\/09\/grifk_kausikortti-vip.jpg?fit=300%2C165&ssl=1\" alt='' title='GrIFK VIP'  height=\"165\" width=\"300\"  itemprop=\"thumbnailUrl\" srcset=\"https:\/\/i0.wp.com\/grifk-handball.com\/miehet\/wp-content\/uploads\/sites\/2\/2017\/09\/grifk_kausikortti-vip.jpg?w=941&amp;ssl=1 941w, https:\/\/i0.wp.com\/grifk-handball.com\/miehet\/wp-content\/uploads\/sites\/2\/2017\/09\/grifk_kausikortti-vip.jpg?resize=300%2C165&amp;ssl=1 300w, https:\/\/i0.wp.com\/grifk-handball.com\/miehet\/wp-content\/uploads\/sites\/2\/2017\/09\/grifk_kausikortti-vip.jpg?resize=768%2C423&amp;ssl=1 768w, https:\/\/i0.wp.com\/grifk-handball.com\/miehet\/wp-content\/uploads\/sites\/2\/2017\/09\/grifk_kausikortti-vip.jpg?resize=705%2C388&amp;ssl=1 705w, https:\/\/i0.wp.com\/grifk-handball.com\/miehet\/wp-content\/uploads\/sites\/2\/2017\/09\/grifk_kausikortti-vip.jpg?resize=450%2C248&amp;ssl=1 450w\" sizes=\"(max-width: 300px) 100vw, 300px\" \/><\/a><\/div><\/div><\/div><\/p><\/div>\n\n<\/div><\/div><\/div><!-- close content main div --><\/div><\/div><div id='av_section_2'  class='avia-section av-czkn12-1c22641093cdfe331c485d6d3388f493 alternate_color avia-section-default avia-no-shadow  avia-builder-el-11  el_after_av_section  el_before_av_section  avia-bg-style-scroll container_wrap sidebar_right'  ><div class='container av-section-cont-open' ><div class='template-page content  av-content-small alpha units'><div class='post-entry post-entry-type-page post-entry-12532'><div class='entry-content-wrapper clearfix'>\n\n<style type=\"text\/css\" data-created_by=\"avia_inline_auto\" id=\"style-css-av-ae95o6-2de84e880b7624787add118ea5c99e67\">\n.flex_column.av-ae95o6-2de84e880b7624787add118ea5c99e67{\nborder-radius:0px 0px 0px 0px;\npadding:0px 0px 0px 0px;\n}\n<\/style>\n<div  class='flex_column av-ae95o6-2de84e880b7624787add118ea5c99e67 av_three_fifth  avia-builder-el-12  el_before_av_two_fifth  avia-builder-el-first  first flex_column_div av-zero-column-padding  '     ><p>\n<style type=\"text\/css\" data-created_by=\"avia_inline_auto\" id=\"style-css-av-1ad503z-87845eb2794240501832b8f3b280c0ad\">\n#top .av-special-heading.av-1ad503z-87845eb2794240501832b8f3b280c0ad{\npadding-bottom:10px;\n}\nbody .av-special-heading.av-1ad503z-87845eb2794240501832b8f3b280c0ad .av-special-heading-tag .heading-char{\nfont-size:25px;\n}\n.av-special-heading.av-1ad503z-87845eb2794240501832b8f3b280c0ad .av-subheading{\nfont-size:15px;\n}\n<\/style>\n<div  class='av-special-heading av-1ad503z-87845eb2794240501832b8f3b280c0ad av-special-heading-h3  avia-builder-el-13  el_before_av_codeblock  avia-builder-el-first '><h3 class='av-special-heading-tag '  itemprop=\"headline\"  >Pelatut ottelut<\/h3><div class=\"special-heading-border\"><div class=\"special-heading-inner-border\"><\/div><\/div><\/div><br \/>\n<\/p><\/div>\n<style type=\"text\/css\" data-created_by=\"avia_inline_auto\" id=\"style-css-av-m7bye-6932d18fd73bd5b375cf33d75a5ca7a8\">\n.flex_column.av-m7bye-6932d18fd73bd5b375cf33d75a5ca7a8{\nborder-radius:0px 0px 0px 0px;\npadding:0px 0px 0px 0px;\n}\n<\/style>\n<div  class='flex_column av-m7bye-6932d18fd73bd5b375cf33d75a5ca7a8 av_two_fifth  avia-builder-el-15  el_after_av_three_fifth  avia-builder-el-last  flex_column_div av-zero-column-padding  '     ><p>\n<style type=\"text\/css\" data-created_by=\"avia_inline_auto\" id=\"style-css-av-q5lavj-41a79875f36fdb9084a2f49f2b024d7f\">\n#top .av-special-heading.av-q5lavj-41a79875f36fdb9084a2f49f2b024d7f{\npadding-bottom:10px;\n}\nbody .av-special-heading.av-q5lavj-41a79875f36fdb9084a2f49f2b024d7f .av-special-heading-tag .heading-char{\nfont-size:25px;\n}\n.av-special-heading.av-q5lavj-41a79875f36fdb9084a2f49f2b024d7f .av-subheading{\nfont-size:15px;\n}\n<\/style>\n<div  class='av-special-heading av-q5lavj-41a79875f36fdb9084a2f49f2b024d7f av-special-heading-h3  avia-builder-el-16  el_before_av_codeblock  avia-builder-el-first '><h3 class='av-special-heading-tag '  itemprop=\"headline\"  >Sarjatilanne<\/h3><div class=\"special-heading-border\"><div class=\"special-heading-inner-border\"><\/div><\/div><\/div><br \/>\n<\/p><\/div>\n\n<\/div><\/div><\/div><!-- close content main div --><\/div><\/div><div id='av_section_3'  class='avia-section av-czkn12-b0204ebd0304c47b89d0c0fbcd33e26f main_color avia-section-default avia-no-shadow  avia-builder-el-18  el_after_av_section  avia-builder-el-last  avia-bg-style-scroll container_wrap sidebar_right'  ><div class='container av-section-cont-open' ><div class='template-page content  av-content-small alpha units'><div class='post-entry post-entry-type-page post-entry-12532'><div class='entry-content-wrapper clearfix'>\n\n<style type=\"text\/css\" data-created_by=\"avia_inline_auto\" id=\"style-css-av-ae95o6-2de84e880b7624787add118ea5c99e67\">\n.flex_column.av-ae95o6-2de84e880b7624787add118ea5c99e67{\nborder-radius:0px 0px 0px 0px;\npadding:0px 0px 0px 0px;\n}\n<\/style>\n<div  class='flex_column av-ae95o6-2de84e880b7624787add118ea5c99e67 av_one_full  avia-builder-el-19  avia-builder-el-no-sibling  first flex_column_div av-zero-column-padding  '     ><p>\n<style type=\"text\/css\" data-created_by=\"avia_inline_auto\" id=\"style-css-av-av_heading-6d621c07109dc6d238c0802277c1fa3d\">\n#top .av-special-heading.av-av_heading-6d621c07109dc6d238c0802277c1fa3d{\npadding-bottom:10px;\n}\nbody .av-special-heading.av-av_heading-6d621c07109dc6d238c0802277c1fa3d .av-special-heading-tag .heading-char{\nfont-size:25px;\n}\n.av-special-heading.av-av_heading-6d621c07109dc6d238c0802277c1fa3d .av-subheading{\nfont-size:15px;\n}\n<\/style>\n<div  class='av-special-heading av-av_heading-6d621c07109dc6d238c0802277c1fa3d av-special-heading-h3  avia-builder-el-20  el_before_av_masonry_entries  avia-builder-el-no-sibling '><h3 class='av-special-heading-tag '  itemprop=\"headline\"  >2018-19<\/h3><div class=\"special-heading-border\"><div class=\"special-heading-inner-border\"><\/div><\/div><\/div><br \/>\n<div id='av-masonry-1' class='av-masonry av-5igpli-755337162530c921c288f8a585c1b0b7 noHover av-fixed-size av-large-gap av-hover-overlay- av-masonry-animation-active av-masonry-col-3 av-caption-always av-caption-style- av-masonry-entries ' data-post_id=\"12532\"><div class=\"av-masonry-container isotope av-js-disabled\"><div class='av-masonry-entry isotope-item av-masonry-item-no-image '><\/div><a href=\"https:\/\/grifk-handball.com\/miehet\/2018-19\/ottelut\/sif-paatti-granin-kauden-puolivalieriin\/\"  id='av-masonry-1-item-12044' data-av-masonry-item='12044' class='av-masonry-entry isotope-item post-12044 post type-post status-publish format-standard has-post-thumbnail hentry category-ottelut tag-bombom tag-grifkhandball tag-tunnetta-peliin tag-grifk tag-playoff tag-sif tag-sm-liiga  av-masonry-item-with-image' title=\"canvas\"   itemscope=\"itemscope\" itemtype=\"https:\/\/schema.org\/CreativeWork\" ><div class='av-inner-masonry-sizer'><\/div><figure class='av-inner-masonry main_color'><div class=\"av-masonry-outerimage-container\"><div class='av-masonry-image-container' style=\"background-image: url(https:\/\/i0.wp.com\/grifk-handball.com\/miehet\/wp-content\/uploads\/sites\/2\/2019\/04\/canvas.png?fit=705%2C529&ssl=1);\"  title=\"canvas\" ><\/div><\/div><figcaption class='av-inner-masonry-content site-background'><div class='av-inner-masonry-content-pos'><div class='av-inner-masonry-content-pos-content'><div class='avia-arrow'><\/div><h3 class='av-masonry-entry-title entry-title '  itemprop=\"headline\" >SIF p\u00e4\u00e4tti Granin kauden puoliv\u00e4lieriin<\/h3><div class='av-masonry-entry-content entry-content'  itemprop=\"text\" >GrIFK ja SIF pelasivat t\u00e4yspitk\u00e4n puoliv\u00e4lier\u00e4ottelusarjan\u2026<div class='av-masonry-categories'>Ottelut<\/div><\/div><span class='av-masonry-date meta-color updated'>26.4.2019<\/span><span class=\"av-masonry-text-sep text-sep-author\">\/<\/span><span class='av-masonry-author meta-color author'><span class='fn'>by granimaster<\/span><\/span><\/div><\/div><\/figcaption><\/figure><\/a><!--end av-masonry entry--><a href=\"https:\/\/grifk-handball.com\/miehet\/2018-19\/ottelut\/grifk-utjamnade-serien-efter-thriller\/\"  id='av-masonry-1-item-12041' data-av-masonry-item='12041' class='av-masonry-entry isotope-item post-12041 post type-post status-publish format-standard has-post-thumbnail hentry category-ottelut tag-bombom tag-grifkhandball tag-tunnetta-peliin tag-grifk tag-playoff tag-sif tag-sm-liiga  av-masonry-item-with-image' title=\"52407836_10218496380385140_1158568330039132160_n\"   itemscope=\"itemscope\" itemtype=\"https:\/\/schema.org\/CreativeWork\" ><div class='av-inner-masonry-sizer'><\/div><figure class='av-inner-masonry main_color'><div class=\"av-masonry-outerimage-container\"><div class='av-masonry-image-container' style=\"background-image: url(https:\/\/i0.wp.com\/grifk-handball.com\/miehet\/wp-content\/uploads\/sites\/2\/2019\/03\/52407836_10218496380385140_1158568330039132160_n.jpg?fit=705%2C397&ssl=1);\"  title=\"52407836_10218496380385140_1158568330039132160_n\" ><\/div><\/div><figcaption class='av-inner-masonry-content site-background'><div class='av-inner-masonry-content-pos'><div class='av-inner-masonry-content-pos-content'><div class='avia-arrow'><\/div><h3 class='av-masonry-entry-title entry-title '  itemprop=\"headline\" >GrIFK utj\u00e4mnade serien efter thriller<\/h3><div class='av-masonry-entry-content entry-content'  itemprop=\"text\" >P\u00e5 onsdagen var det GrIFK:s tur att dra det l\u00e4ngre str\u00e5et\u2026<div class='av-masonry-categories'>Ottelut<\/div><\/div><span class='av-masonry-date meta-color updated'>24.4.2019<\/span><span class=\"av-masonry-text-sep text-sep-author\">\/<\/span><span class='av-masonry-author meta-color author'><span class='fn'>by granimaster<\/span><\/span><\/div><\/div><\/figcaption><\/figure><\/a><!--end av-masonry entry--><a href=\"https:\/\/grifk-handball.com\/miehet\/2018-19\/ottelut\/sif-avgjorde-redan-i-forsta-halvleken\/\"  id='av-masonry-1-item-12037' data-av-masonry-item='12037' class='av-masonry-entry isotope-item post-12037 post type-post status-publish format-standard has-post-thumbnail hentry category-ottelut tag-bombom tag-grifkhandball tag-tunnetta-peliin tag-grifk tag-playoff tag-sif tag-sm-liiga  av-masonry-item-with-image' title=\"grifk-sif-pv1-2\"   itemscope=\"itemscope\" itemtype=\"https:\/\/schema.org\/CreativeWork\" ><div class='av-inner-masonry-sizer'><\/div><figure class='av-inner-masonry main_color'><div class=\"av-masonry-outerimage-container\"><div class='av-masonry-image-container' style=\"background-image: url(https:\/\/i0.wp.com\/grifk-handball.com\/miehet\/wp-content\/uploads\/sites\/2\/2019\/04\/grifk-sif-pv1-2.png?fit=705%2C529&ssl=1);\"  title=\"grifk-sif-pv1-2\" ><\/div><\/div><figcaption class='av-inner-masonry-content site-background'><div class='av-inner-masonry-content-pos'><div class='av-inner-masonry-content-pos-content'><div class='avia-arrow'><\/div><h3 class='av-masonry-entry-title entry-title '  itemprop=\"headline\" >SIF avgjorde redan i f\u00f6rsta halvleken<\/h3><div class='av-masonry-entry-content entry-content'  itemprop=\"text\" >Storspel av Sjunde\u00e5m\u00e5lvakten Rony Leven n\u00e4r det g\u00e4llde samt\u2026<div class='av-masonry-categories'>Ottelut<\/div><\/div><span class='av-masonry-date meta-color updated'>22.4.2019<\/span><span class=\"av-masonry-text-sep text-sep-author\">\/<\/span><span class='av-masonry-author meta-color author'><span class='fn'>by granimaster<\/span><\/span><\/div><\/div><\/figcaption><\/figure><\/a><!--end av-masonry entry--><a href=\"https:\/\/grifk-handball.com\/miehet\/2018-19\/ottelut\/sif-puolusti-kotivoiton-otteluvoitot-nyt-tasan\/\"  id='av-masonry-1-item-12034' data-av-masonry-item='12034' class='av-masonry-entry isotope-item post-12034 post type-post status-publish format-standard has-post-thumbnail hentry category-ottelut tag-bombom tag-grifkhandball tag-tunnetta-peliin tag-grifk tag-playoff tag-sif tag-sm-liiga  av-masonry-item-with-image' title=\"K\u00e4sipallo SM-liiga GrIFK &#8211; HC HIK\"   itemscope=\"itemscope\" itemtype=\"https:\/\/schema.org\/CreativeWork\" ><div class='av-inner-masonry-sizer'><\/div><figure class='av-inner-masonry main_color'><div class=\"av-masonry-outerimage-container\"><div class='av-masonry-image-container' style=\"background-image: url(https:\/\/i0.wp.com\/grifk-handball.com\/miehet\/wp-content\/uploads\/sites\/2\/2018\/09\/MMA_7125.jpg?fit=705%2C470&ssl=1);\"  title=\"K\u00e4sipallo SM-liiga GrIFK &#8211; HC HIK\" ><\/div><\/div><figcaption class='av-inner-masonry-content site-background'><div class='av-inner-masonry-content-pos'><div class='av-inner-masonry-content-pos-content'><div class='avia-arrow'><\/div><h3 class='av-masonry-entry-title entry-title '  itemprop=\"headline\" >SIF puolusti kotivoiton, otteluvoitot nyt tasan<\/h3><div class='av-masonry-entry-content entry-content'  itemprop=\"text\" >SIF jatkoi GrIFK:n torstaina aloittaneella kotivoittojen tiell\u00e4\u2026<div class='av-masonry-categories'>Ottelut<\/div><\/div><span class='av-masonry-date meta-color updated'>20.4.2019<\/span><span class=\"av-masonry-text-sep text-sep-author\">\/<\/span><span class='av-masonry-author meta-color author'><span class='fn'>by granimaster<\/span><\/span><\/div><\/div><\/figcaption><\/figure><\/a><!--end av-masonry entry--><a href=\"https:\/\/grifk-handball.com\/miehet\/2018-19\/ottelut\/grifk-aloitti-puolivalierat-voitolla\/\"  id='av-masonry-1-item-12026' data-av-masonry-item='12026' class='av-masonry-entry isotope-item post-12026 post type-post status-publish format-standard has-post-thumbnail hentry category-ottelut tag-bombom tag-grifkhandball tag-tunnetta-peliin tag-grifk tag-playoff tag-sif tag-sm-liiga  av-masonry-item-with-image' title=\"grifk-sif-pv1-1\"   itemscope=\"itemscope\" itemtype=\"https:\/\/schema.org\/CreativeWork\" ><div class='av-inner-masonry-sizer'><\/div><figure class='av-inner-masonry main_color'><div class=\"av-masonry-outerimage-container\"><div class='av-masonry-image-container' style=\"background-image: url(https:\/\/i0.wp.com\/grifk-handball.com\/miehet\/wp-content\/uploads\/sites\/2\/2019\/04\/grifk-sif-pv1-1.png?fit=705%2C529&ssl=1);\"  title=\"grifk-sif-pv1-1\" ><\/div><\/div><figcaption class='av-inner-masonry-content site-background'><div class='av-inner-masonry-content-pos'><div class='av-inner-masonry-content-pos-content'><div class='avia-arrow'><\/div><h3 class='av-masonry-entry-title entry-title '  itemprop=\"headline\" >GrIFK aloitti puoliv\u00e4lier\u00e4t voitolla<\/h3><div class='av-masonry-entry-content entry-content'  itemprop=\"text\" >SM-liigan puoliv\u00e4lier\u00e4t alkoivat arvoisellaan tavalla kun GrIFK\u2026<div class='av-masonry-categories'>Ottelut<\/div><\/div><span class='av-masonry-date meta-color updated'>18.4.2019<\/span><span class=\"av-masonry-text-sep text-sep-author\">\/<\/span><span class='av-masonry-author meta-color author'><span class='fn'>by granimaster<\/span><\/span><\/div><\/div><\/figcaption><\/figure><\/a><!--end av-masonry entry--><a href=\"https:\/\/grifk-handball.com\/miehet\/2018-19\/ottelut\/cocks-piti-pisteet-kotonaan\/\"  id='av-masonry-1-item-11955' data-av-masonry-item='11955' class='av-masonry-entry isotope-item post-11955 post type-post status-publish format-standard has-post-thumbnail hentry category-ottelut tag-bombom tag-grifkhandball tag-tunnetta-peliin tag-cocks tag-grifk tag-sm-liiga tag-ylempi-jatkosarja  av-masonry-item-with-image' title=\"cocks-grifk-190403-fb-1\"   itemscope=\"itemscope\" itemtype=\"https:\/\/schema.org\/CreativeWork\" ><div class='av-inner-masonry-sizer'><\/div><figure class='av-inner-masonry main_color'><div class=\"av-masonry-outerimage-container\"><div class='av-masonry-image-container' style=\"background-image: url(https:\/\/i0.wp.com\/grifk-handball.com\/miehet\/wp-content\/uploads\/sites\/2\/2019\/04\/cocks-grifk-190403-fb-1.jpg?fit=705%2C470&ssl=1);\"  title=\"cocks-grifk-190403-fb-1\" ><\/div><\/div><figcaption class='av-inner-masonry-content site-background'><div class='av-inner-masonry-content-pos'><div class='av-inner-masonry-content-pos-content'><div class='avia-arrow'><\/div><h3 class='av-masonry-entry-title entry-title '  itemprop=\"headline\" >Cocks piti pisteet kotonaan<\/h3><div class='av-masonry-entry-content entry-content'  itemprop=\"text\" >Molemmat SM-liigan jatkosarjat saatiin pakettiin keskiviikkona.\u2026<div class='av-masonry-categories'>Ottelut<\/div><\/div><span class='av-masonry-date meta-color updated'>3.4.2019<\/span><span class=\"av-masonry-text-sep text-sep-author\">\/<\/span><span class='av-masonry-author meta-color author'><span class='fn'>by granimaster<\/span><\/span><\/div><\/div><\/figcaption><\/figure><\/a><!--end av-masonry entry--><a href=\"https:\/\/grifk-handball.com\/miehet\/2018-19\/ottelut\/granin-johto-ei-pitanyt-bk-vei-pisteet\/\"  id='av-masonry-1-item-11885' data-av-masonry-item='11885' class='av-masonry-entry isotope-item post-11885 post type-post status-publish format-standard has-post-thumbnail hentry category-ottelut tag-bombom tag-grifkhandball tag-tunnetta-peliin tag-bk-46 tag-grifk tag-sm-liiga tag-ylempi-jatkosarja  av-masonry-item-with-image' title=\"IMG_3008\"   itemscope=\"itemscope\" itemtype=\"https:\/\/schema.org\/CreativeWork\" ><div class='av-inner-masonry-sizer'><\/div><figure class='av-inner-masonry main_color'><div class=\"av-masonry-outerimage-container\"><div class='av-masonry-image-container' style=\"background-image: url(https:\/\/i0.wp.com\/grifk-handball.com\/miehet\/wp-content\/uploads\/sites\/2\/2019\/03\/IMG_3008.jpeg?fit=705%2C529&ssl=1);\"  title=\"IMG_3008\" ><\/div><\/div><figcaption class='av-inner-masonry-content site-background'><div class='av-inner-masonry-content-pos'><div class='av-inner-masonry-content-pos-content'><div class='avia-arrow'><\/div><h3 class='av-masonry-entry-title entry-title '  itemprop=\"headline\" >Granin johto ei pit\u00e4nyt, BK vei pisteet<\/h3><div class='av-masonry-entry-content entry-content'  itemprop=\"text\" >GrIFK tarjosi vierailijansa BK-46:n kanssa j\u00e4nnitt\u00e4v\u00e4n liigakamppailun\u2026<div class='av-masonry-categories'>Ottelut<\/div><\/div><span class='av-masonry-date meta-color updated'>27.3.2019<\/span><span class=\"av-masonry-text-sep text-sep-author\">\/<\/span><span class='av-masonry-author meta-color author'><span class='fn'>by granimaster<\/span><\/span><\/div><\/div><\/figcaption><\/figure><\/a><!--end av-masonry entry--><a href=\"https:\/\/grifk-handball.com\/miehet\/2018-19\/ottelut\/tappio-karjaalla-paatti-haaveilun-kolmannesta-sijasta\/\"  id='av-masonry-1-item-11872' data-av-masonry-item='11872' class='av-masonry-entry isotope-item post-11872 post type-post status-publish format-standard has-post-thumbnail hentry category-ottelut tag-bombom tag-grifkhandball tag-tunnetta-peliin tag-bk-46 tag-grifk tag-sm-liiga tag-ylempi-jatkosarja  av-masonry-item-with-image' title=\"47345291792_4117c39076_k\"   itemscope=\"itemscope\" itemtype=\"https:\/\/schema.org\/CreativeWork\" ><div class='av-inner-masonry-sizer'><\/div><figure class='av-inner-masonry main_color'><div class=\"av-masonry-outerimage-container\"><div class='av-masonry-image-container' style=\"background-image: url(https:\/\/i0.wp.com\/grifk-handball.com\/miehet\/wp-content\/uploads\/sites\/2\/2019\/03\/47345291792_4117c39076_k.jpg?fit=705%2C470&ssl=1);\"  title=\"47345291792_4117c39076_k\" ><\/div><\/div><figcaption class='av-inner-masonry-content site-background'><div class='av-inner-masonry-content-pos'><div class='av-inner-masonry-content-pos-content'><div class='avia-arrow'><\/div><h3 class='av-masonry-entry-title entry-title '  itemprop=\"headline\" >Tappio Karjaalla p\u00e4\u00e4tti haaveilun kolmannesta sijasta<\/h3><div class='av-masonry-entry-content entry-content'  itemprop=\"text\" >GrIFK:n toiveet nousta ylemm\u00e4n jatkosarjan taulukossa pyk\u00e4l\u00e4\u00e4\u2026<div class='av-masonry-categories'>Ottelut<\/div><\/div><span class='av-masonry-date meta-color updated'>23.3.2019<\/span><span class=\"av-masonry-text-sep text-sep-author\">\/<\/span><span class='av-masonry-author meta-color author'><span class='fn'>by granimaster<\/span><\/span><\/div><\/div><\/figcaption><\/figure><\/a><!--end av-masonry entry--><a href=\"https:\/\/grifk-handball.com\/miehet\/2018-19\/ottelut\/dicken-niukasti-grania-parempi\/\"  id='av-masonry-1-item-11823' data-av-masonry-item='11823' class='av-masonry-entry isotope-item post-11823 post type-post status-publish format-standard has-post-thumbnail hentry category-ottelut tag-bombom tag-grifkhandball tag-tunnetta-peliin tag-dicken tag-grifk tag-sm-liiga tag-ylempi-jatkosarja  av-masonry-item-with-image' title=\"47345270822_9fa3460ce4_k\"   itemscope=\"itemscope\" itemtype=\"https:\/\/schema.org\/CreativeWork\" ><div class='av-inner-masonry-sizer'><\/div><figure class='av-inner-masonry main_color'><div class=\"av-masonry-outerimage-container\"><div class='av-masonry-image-container' style=\"background-image: url(https:\/\/i0.wp.com\/grifk-handball.com\/miehet\/wp-content\/uploads\/sites\/2\/2019\/03\/47345270822_9fa3460ce4_k.jpg?fit=705%2C469&ssl=1);\"  title=\"47345270822_9fa3460ce4_k\" ><\/div><\/div><figcaption class='av-inner-masonry-content site-background'><div class='av-inner-masonry-content-pos'><div class='av-inner-masonry-content-pos-content'><div class='avia-arrow'><\/div><h3 class='av-masonry-entry-title entry-title '  itemprop=\"headline\" >Dicken niukasti Grania parempi<\/h3><div class='av-masonry-entry-content entry-content'  itemprop=\"text\" >GrIFK:n avausvoitto ylemm\u00e4ss\u00e4 jatkosarjassa antaa viel\u00e4 odottaa\u2026<div class='av-masonry-categories'>Ottelut<\/div><\/div><span class='av-masonry-date meta-color updated'>16.3.2019<\/span><span class=\"av-masonry-text-sep text-sep-author\">\/<\/span><span class='av-masonry-author meta-color author'><span class='fn'>by granimaster<\/span><\/span><\/div><\/div><\/figcaption><\/figure><\/a><!--end av-masonry entry--><a href=\"https:\/\/grifk-handball.com\/miehet\/2018-19\/ottelut\/grifk-paransi-cocks-voitti\/\"  id='av-masonry-1-item-11758' data-av-masonry-item='11758' class='av-masonry-entry isotope-item post-11758 post type-post status-publish format-standard has-post-thumbnail hentry category-ottelut tag-bombom tag-grifkhandball tag-tunnetta-peliin tag-cocks tag-grifk tag-sm-liiga tag-ylempi-jatkosarja  av-masonry-item-with-image' title=\"IMG_2888\"   itemscope=\"itemscope\" itemtype=\"https:\/\/schema.org\/CreativeWork\" ><div class='av-inner-masonry-sizer'><\/div><figure class='av-inner-masonry main_color'><div class=\"av-masonry-outerimage-container\"><div class='av-masonry-image-container' style=\"background-image: url(https:\/\/i0.wp.com\/grifk-handball.com\/miehet\/wp-content\/uploads\/sites\/2\/2019\/03\/IMG_2888.jpeg?fit=705%2C529&ssl=1);\"  title=\"IMG_2888\" ><\/div><\/div><figcaption class='av-inner-masonry-content site-background'><div class='av-inner-masonry-content-pos'><div class='av-inner-masonry-content-pos-content'><div class='avia-arrow'><\/div><h3 class='av-masonry-entry-title entry-title '  itemprop=\"headline\" >GrIFK paransi, Cocks voitti<\/h3><div class='av-masonry-entry-content entry-content'  itemprop=\"text\" >GrIFK onnistui tavoitteessaan parantaa peli\u00e4\u00e4n mutta Cocks\u2026<div class='av-masonry-categories'>Ottelut<\/div><\/div><span class='av-masonry-date meta-color updated'>6.3.2019<\/span><span class=\"av-masonry-text-sep text-sep-author\">\/<\/span><span class='av-masonry-author meta-color author'><span class='fn'>by granimaster<\/span><\/span><\/div><\/div><\/figcaption><\/figure><\/a><!--end av-masonry entry--><a href=\"https:\/\/grifk-handball.com\/miehet\/2018-19\/ottelut\/grifk-romahti-dicken-rynni-voittoon\/\"  id='av-masonry-1-item-11707' data-av-masonry-item='11707' class='av-masonry-entry isotope-item post-11707 post type-post status-publish format-standard has-post-thumbnail hentry category-ottelut tag-bombom tag-grifkhandball tag-tunnetta-peliin tag-dicken tag-grifk tag-sm-liiga tag-ylempi-jatkosarja  av-masonry-item-with-image' title=\"40295189763_99358a6d75_k\"   itemscope=\"itemscope\" itemtype=\"https:\/\/schema.org\/CreativeWork\" ><div class='av-inner-masonry-sizer'><\/div><figure class='av-inner-masonry main_color'><div class=\"av-masonry-outerimage-container\"><div class='av-masonry-image-container' style=\"background-image: url(https:\/\/i0.wp.com\/grifk-handball.com\/miehet\/wp-content\/uploads\/sites\/2\/2019\/03\/40295189763_99358a6d75_k.jpg?fit=705%2C470&ssl=1);\"  title=\"40295189763_99358a6d75_k\" ><\/div><\/div><figcaption class='av-inner-masonry-content site-background'><div class='av-inner-masonry-content-pos'><div class='av-inner-masonry-content-pos-content'><div class='avia-arrow'><\/div><h3 class='av-masonry-entry-title entry-title '  itemprop=\"headline\" >GrIFK romahti, Dicken rynni voittoon<\/h3><div class='av-masonry-entry-content entry-content'  itemprop=\"text\" >SM-liigan ylempi jatkosarja alkoi mollissa kun Dicken murjoi\u2026<div class='av-masonry-categories'>Ottelut<\/div><\/div><span class='av-masonry-date meta-color updated'>2.3.2019<\/span><span class=\"av-masonry-text-sep text-sep-author\">\/<\/span><span class='av-masonry-author meta-color author'><span class='fn'>by granimaster<\/span><\/span><\/div><\/div><\/figcaption><\/figure><\/a><!--end av-masonry entry--><a href=\"https:\/\/grifk-handball.com\/miehet\/2018-19\/ottelut\/grifk-taisteli-itsensa-ylempaan-jatkosarjaan\/\"  id='av-masonry-1-item-11406' data-av-masonry-item='11406' class='av-masonry-entry isotope-item post-11406 post type-post status-publish format-standard has-post-thumbnail hentry category-ottelut tag-bombom tag-grifkhandball tag-tunnetta-peliin tag-grifk tag-hifk tag-runkosarja tag-sm-liiga  av-masonry-item-with-image' title=\"IMG_2725\"   itemscope=\"itemscope\" itemtype=\"https:\/\/schema.org\/CreativeWork\" ><div class='av-inner-masonry-sizer'><\/div><figure class='av-inner-masonry main_color'><div class=\"av-masonry-outerimage-container\"><div class='av-masonry-image-container' style=\"background-image: url(https:\/\/i0.wp.com\/grifk-handball.com\/miehet\/wp-content\/uploads\/sites\/2\/2019\/02\/IMG_2725.jpeg?fit=705%2C529&ssl=1);\"  title=\"IMG_2725\" ><\/div><\/div><figcaption class='av-inner-masonry-content site-background'><div class='av-inner-masonry-content-pos'><div class='av-inner-masonry-content-pos-content'><div class='avia-arrow'><\/div><h3 class='av-masonry-entry-title entry-title '  itemprop=\"headline\" >GrIFK taisteli itsens\u00e4 ylemp\u00e4\u00e4n jatkosarjaan<\/h3><div class='av-masonry-entry-content entry-content'  itemprop=\"text\" >GrIFK ja HIFK tarjosi runsaslukuiselle katsomolle taisteluottelun,\u2026<div class='av-masonry-categories'>Ottelut<\/div><\/div><span class='av-masonry-date meta-color updated'>13.2.2019<\/span><span class=\"av-masonry-text-sep text-sep-author\">\/<\/span><span class='av-masonry-author meta-color author'><span class='fn'>by granimaster<\/span><\/span><\/div><\/div><\/figcaption><\/figure><\/a><!--end av-masonry entry--><a href=\"https:\/\/grifk-handball.com\/miehet\/2018-19\/ottelut\/grifk-haki-rutiinipisteet-paraisilta\/\"  id='av-masonry-1-item-11389' data-av-masonry-item='11389' class='av-masonry-entry isotope-item post-11389 post type-post status-publish format-standard has-post-thumbnail hentry category-ottelut tag-bombom tag-grifkhandball tag-tunnetta-peliin tag-grifk tag-pif tag-runkosarja tag-sm-liiga  av-masonry-item-with-image' title=\"22448374_1615184061879507_3058747906266829381_n\"   itemscope=\"itemscope\" itemtype=\"https:\/\/schema.org\/CreativeWork\" ><div class='av-inner-masonry-sizer'><\/div><figure class='av-inner-masonry main_color'><div class=\"av-masonry-outerimage-container\"><div class='av-masonry-image-container' style=\"background-image: url(https:\/\/i0.wp.com\/grifk-handball.com\/miehet\/wp-content\/uploads\/sites\/2\/2017\/11\/22448374_1615184061879507_3058747906266829381_n.jpg?fit=705%2C469&ssl=1);\"  title=\"22448374_1615184061879507_3058747906266829381_n\" ><\/div><\/div><figcaption class='av-inner-masonry-content site-background'><div class='av-inner-masonry-content-pos'><div class='av-inner-masonry-content-pos-content'><div class='avia-arrow'><\/div><h3 class='av-masonry-entry-title entry-title '  itemprop=\"headline\" >GrIFK haki rutiinipisteet Paraisilta<\/h3><div class='av-masonry-entry-content entry-content'  itemprop=\"text\" >GrIFK k\u00e4vi hakemassa runkosarjan viimeisess\u00e4 vierasottelussa\u2026<div class='av-masonry-categories'>Ottelut<\/div><\/div><span class='av-masonry-date meta-color updated'>9.2.2019<\/span><span class=\"av-masonry-text-sep text-sep-author\">\/<\/span><span class='av-masonry-author meta-color author'><span class='fn'>by granimaster<\/span><\/span><\/div><\/div><\/figcaption><\/figure><\/a><!--end av-masonry entry--><a href=\"https:\/\/grifk-handball.com\/miehet\/2018-19\/ottelut\/cocks-ei-saalinyt-grifkta\/\"  id='av-masonry-1-item-11351' data-av-masonry-item='11351' class='av-masonry-entry isotope-item post-11351 post type-post status-publish format-standard has-post-thumbnail hentry category-ottelut tag-bombom tag-grifkhandball tag-tunnetta-peliin tag-cocks tag-grifk tag-runkosarja tag-sm-liiga  av-masonry-item-with-image' title=\"AO8V7277\"   itemscope=\"itemscope\" itemtype=\"https:\/\/schema.org\/CreativeWork\" ><div class='av-inner-masonry-sizer'><\/div><figure class='av-inner-masonry main_color'><div class=\"av-masonry-outerimage-container\"><div class='av-masonry-image-container' style=\"background-image: url(https:\/\/i0.wp.com\/grifk-handball.com\/miehet\/wp-content\/uploads\/sites\/2\/2019\/01\/AO8V7277.jpg?fit=705%2C470&ssl=1);\"  title=\"AO8V7277\" ><\/div><\/div><figcaption class='av-inner-masonry-content site-background'><div class='av-inner-masonry-content-pos'><div class='av-inner-masonry-content-pos-content'><div class='avia-arrow'><\/div><h3 class='av-masonry-entry-title entry-title '  itemprop=\"headline\" >Cocks ei s\u00e4\u00e4linyt GrIFK:ta<\/h3><div class='av-masonry-entry-content entry-content'  itemprop=\"text\" >Ero SM-liigan k\u00e4rkijoukkueen ja GrIFK:n v\u00e4lill\u00e4 n\u00e4ytt\u00e4\u00e4\u2026<div class='av-masonry-categories'>Ottelut<\/div><\/div><span class='av-masonry-date meta-color updated'>2.2.2019<\/span><span class=\"av-masonry-text-sep text-sep-author\">\/<\/span><span class='av-masonry-author meta-color author'><span class='fn'>by granimaster<\/span><\/span><\/div><\/div><\/figcaption><\/figure><\/a><!--end av-masonry entry--><a href=\"https:\/\/grifk-handball.com\/miehet\/2018-19\/ottelut\/cocks-antoi-grifklle-oppitunnin-maalinteossa\/\"  id='av-masonry-1-item-11304' data-av-masonry-item='11304' class='av-masonry-entry isotope-item post-11304 post type-post status-publish format-standard has-post-thumbnail hentry category-ottelut tag-bombom tag-grifkhandball tag-tunnetta-peliin tag-cocks tag-grifk tag-runkosarja tag-sm-liiga  av-masonry-item-with-image' title=\"_Q4Q8507\"   itemscope=\"itemscope\" itemtype=\"https:\/\/schema.org\/CreativeWork\" ><div class='av-inner-masonry-sizer'><\/div><figure class='av-inner-masonry main_color'><div class=\"av-masonry-outerimage-container\"><div class='av-masonry-image-container' style=\"background-image: url(https:\/\/i0.wp.com\/grifk-handball.com\/miehet\/wp-content\/uploads\/sites\/2\/2019\/01\/Q4Q8507.jpg?fit=705%2C470&ssl=1);\"  title=\"_Q4Q8507\" ><\/div><\/div><figcaption class='av-inner-masonry-content site-background'><div class='av-inner-masonry-content-pos'><div class='av-inner-masonry-content-pos-content'><div class='avia-arrow'><\/div><h3 class='av-masonry-entry-title entry-title '  itemprop=\"headline\" >Cocks antoi GrIFK:lle oppitunnin maalinteossa<\/h3><div class='av-masonry-entry-content entry-content'  itemprop=\"text\" >Riihim\u00e4en Cocks n\u00e4ytti mit\u00e4 se on oppinut Mestareiden liigassa\u2026<div class='av-masonry-categories'>Ottelut<\/div><\/div><span class='av-masonry-date meta-color updated'>30.1.2019<\/span><span class=\"av-masonry-text-sep text-sep-author\">\/<\/span><span class='av-masonry-author meta-color author'><span class='fn'>by granimaster<\/span><\/span><\/div><\/div><\/figcaption><\/figure><\/a><!--end av-masonry entry--><a href=\"https:\/\/grifk-handball.com\/miehet\/2018-19\/ottelut\/hellakoski-piristi-granin-voittoon-vantaalla\/\"  id='av-masonry-1-item-11269' data-av-masonry-item='11269' class='av-masonry-entry isotope-item post-11269 post type-post status-publish format-standard has-post-thumbnail hentry category-ottelut tag-bombom tag-grifkhandball tag-tunnetta-peliin tag-atlas-vantaa tag-grifk tag-runkosarja tag-sm-liiga  av-masonry-item-with-image' title=\"IMG_2545\"   itemscope=\"itemscope\" itemtype=\"https:\/\/schema.org\/CreativeWork\" ><div class='av-inner-masonry-sizer'><\/div><figure class='av-inner-masonry main_color'><div class=\"av-masonry-outerimage-container\"><div class='av-masonry-image-container' style=\"background-image: url(https:\/\/i0.wp.com\/grifk-handball.com\/miehet\/wp-content\/uploads\/sites\/2\/2019\/01\/IMG_2545.jpeg?fit=705%2C529&ssl=1);\"  title=\"IMG_2545\" ><\/div><\/div><figcaption class='av-inner-masonry-content site-background'><div class='av-inner-masonry-content-pos'><div class='av-inner-masonry-content-pos-content'><div class='avia-arrow'><\/div><h3 class='av-masonry-entry-title entry-title '  itemprop=\"headline\" >Hellakoski piristi Granin voittoon Vantaalla<\/h3><div class='av-masonry-entry-content entry-content'  itemprop=\"text\" >Myyrm\u00e4ess\u00e4 pelatun Atlas Vantaan ja GrIFK:n v\u00e4linen ottelu\u2026<div class='av-masonry-categories'>Ottelut<\/div><\/div><span class='av-masonry-date meta-color updated'>23.1.2019<\/span><span class=\"av-masonry-text-sep text-sep-author\">\/<\/span><span class='av-masonry-author meta-color author'><span class='fn'>by granimaster<\/span><\/span><\/div><\/div><\/figcaption><\/figure><\/a><!--end av-masonry entry--><a href=\"https:\/\/grifk-handball.com\/miehet\/2018-19\/ottelut\/vakivahva-dicken-porhalsi-voittoon-luolassa\/\"  id='av-masonry-1-item-11176' data-av-masonry-item='11176' class='av-masonry-entry isotope-item post-11176 post type-post status-publish format-standard has-post-thumbnail hentry category-ottelut tag-bombom tag-grifkhandball tag-tunnetta-peliin tag-dicken tag-grifk tag-runkosarja tag-sm-liiga  av-masonry-item-with-image' title=\"IMG_2526\"   itemscope=\"itemscope\" itemtype=\"https:\/\/schema.org\/CreativeWork\" ><div class='av-inner-masonry-sizer'><\/div><figure class='av-inner-masonry main_color'><div class=\"av-masonry-outerimage-container\"><div class='av-masonry-image-container' style=\"background-image: url(https:\/\/i0.wp.com\/grifk-handball.com\/miehet\/wp-content\/uploads\/sites\/2\/2019\/01\/IMG_2526.png?fit=705%2C396&ssl=1);\"  title=\"IMG_2526\" ><\/div><\/div><figcaption class='av-inner-masonry-content site-background'><div class='av-inner-masonry-content-pos'><div class='av-inner-masonry-content-pos-content'><div class='avia-arrow'><\/div><h3 class='av-masonry-entry-title entry-title '  itemprop=\"headline\" >V\u00e4kivahva Dicken porhalsi voittoon Luolassa<\/h3><div class='av-masonry-entry-content entry-content'  itemprop=\"text\" >GrIFK aloitti kotiottelunsa Dickeni\u00e4 vastaan tyylikk\u00e4\u00e4sti\u2026<div class='av-masonry-categories'>Ottelut<\/div><\/div><span class='av-masonry-date meta-color updated'>19.1.2019<\/span><span class=\"av-masonry-text-sep text-sep-author\">\/<\/span><span class='av-masonry-author meta-color author'><span class='fn'>by granimaster<\/span><\/span><\/div><\/div><\/figcaption><\/figure><\/a><!--end av-masonry entry--><a href=\"https:\/\/grifk-handball.com\/miehet\/2018-19\/ottelut\/vahva-joukkuepanos-toi-voiton-siuntiossa\/\"  id='av-masonry-1-item-11090' data-av-masonry-item='11090' class='av-masonry-entry isotope-item post-11090 post type-post status-publish format-standard has-post-thumbnail hentry category-ottelut tag-bombom tag-grifkhandball tag-tunnetta-peliin tag-grifk tag-runkosarja tag-sif tag-sm-liiga  av-masonry-item-with-image' title=\"IMG_2386\"   itemscope=\"itemscope\" itemtype=\"https:\/\/schema.org\/CreativeWork\" ><div class='av-inner-masonry-sizer'><\/div><figure class='av-inner-masonry main_color'><div class=\"av-masonry-outerimage-container\"><div class='av-masonry-image-container' style=\"background-image: url(https:\/\/i0.wp.com\/grifk-handball.com\/miehet\/wp-content\/uploads\/sites\/2\/2019\/01\/IMG_2386.jpeg?fit=705%2C529&ssl=1);\"  title=\"IMG_2386\" ><\/div><\/div><figcaption class='av-inner-masonry-content site-background'><div class='av-inner-masonry-content-pos'><div class='av-inner-masonry-content-pos-content'><div class='avia-arrow'><\/div><h3 class='av-masonry-entry-title entry-title '  itemprop=\"headline\" >Vahva joukkuepanos toi voiton Siuntiossa<\/h3><div class='av-masonry-entry-content entry-content'  itemprop=\"text\" >GrIFK otti kolmannen per\u00e4kk\u00e4isen voittonsa SM-liigassa kukistettuaan\u2026<div class='av-masonry-categories'>Ottelut<\/div><\/div><span class='av-masonry-date meta-color updated'>12.1.2019<\/span><span class=\"av-masonry-text-sep text-sep-author\">\/<\/span><span class='av-masonry-author meta-color author'><span class='fn'>by granimaster<\/span><\/span><\/div><\/div><\/figcaption><\/figure><\/a><!--end av-masonry entry--><a href=\"https:\/\/grifk-handball.com\/miehet\/2018-19\/ottelut\/grifkn-loppuveto-liikaa-aifklle\/\"  id='av-masonry-1-item-10883' data-av-masonry-item='10883' class='av-masonry-entry isotope-item post-10883 post type-post status-publish format-standard has-post-thumbnail hentry category-ottelut tag-bombom tag-grifkhandball tag-tunnetta-peliin tag-aifk tag-grifk tag-runkosarja tag-sm-liiga  av-masonry-item-with-image' title=\"IMG_2050\"   itemscope=\"itemscope\" itemtype=\"https:\/\/schema.org\/CreativeWork\" ><div class='av-inner-masonry-sizer'><\/div><figure class='av-inner-masonry main_color'><div class=\"av-masonry-outerimage-container\"><div class='av-masonry-image-container' style=\"background-image: url(https:\/\/i0.wp.com\/grifk-handball.com\/miehet\/wp-content\/uploads\/sites\/2\/2018\/12\/IMG_2050.jpeg?fit=705%2C529&ssl=1);\"  title=\"IMG_2050\" ><\/div><\/div><figcaption class='av-inner-masonry-content site-background'><div class='av-inner-masonry-content-pos'><div class='av-inner-masonry-content-pos-content'><div class='avia-arrow'><\/div><h3 class='av-masonry-entry-title entry-title '  itemprop=\"headline\" >GrIFK:n loppuveto liikaa \u00c5IFK:lle<\/h3><div class='av-masonry-entry-content entry-content'  itemprop=\"text\" >GrIFK ja \u00c5IFK tarjosivat yleis\u00f6\u00f6n menev\u00e4n k\u00e4sipallotunnin,\u2026<div class='av-masonry-categories'>Ottelut<\/div><\/div><span class='av-masonry-date meta-color updated'>19.12.2018<\/span><span class=\"av-masonry-text-sep text-sep-author\">\/<\/span><span class='av-masonry-author meta-color author'><span class='fn'>by granimaster<\/span><\/span><\/div><\/div><\/figcaption><\/figure><\/a><!--end av-masonry entry--><a href=\"https:\/\/grifk-handball.com\/miehet\/2018-19\/ottelut\/grifk-voittoon-hangossa\/\"  id='av-masonry-1-item-10854' data-av-masonry-item='10854' class='av-masonry-entry isotope-item post-10854 post type-post status-publish format-standard has-post-thumbnail hentry category-ottelut tag-bombom tag-grifkhandball tag-tunnetta-peliin tag-grifk tag-hc-hik tag-runkosarja tag-sm-liiga  av-masonry-item-with-image' title=\"K\u00e4sipallo SM-liiga GrIFK &#8211; HC HIK\"   itemscope=\"itemscope\" itemtype=\"https:\/\/schema.org\/CreativeWork\" ><div class='av-inner-masonry-sizer'><\/div><figure class='av-inner-masonry main_color'><div class=\"av-masonry-outerimage-container\"><div class='av-masonry-image-container' style=\"background-image: url(https:\/\/i0.wp.com\/grifk-handball.com\/miehet\/wp-content\/uploads\/sites\/2\/2018\/09\/MMA_9667.jpg?fit=705%2C470&ssl=1);\"  title=\"K\u00e4sipallo SM-liiga GrIFK &#8211; HC HIK\" ><\/div><\/div><figcaption class='av-inner-masonry-content site-background'><div class='av-inner-masonry-content-pos'><div class='av-inner-masonry-content-pos-content'><div class='avia-arrow'><\/div><h3 class='av-masonry-entry-title entry-title '  itemprop=\"headline\" >GrIFK voittoon Hangossa<\/h3><div class='av-masonry-entry-content entry-content'  itemprop=\"text\" >V\u00e4stra Nyland: Hicken fick ge sig igen: \"Fysiken r\u00e4cker inte\u2026<div class='av-masonry-categories'>Ottelut<\/div><\/div><span class='av-masonry-date meta-color updated'>15.12.2018<\/span><span class=\"av-masonry-text-sep text-sep-author\">\/<\/span><span class='av-masonry-author meta-color author'><span class='fn'>by granimaster<\/span><\/span><\/div><\/div><\/figcaption><\/figure><\/a><!--end av-masonry entry--><a href=\"https:\/\/grifk-handball.com\/miehet\/2018-19\/ottelut\/vaisu-hyokkayspeli-kaatoi-granin\/\"  id='av-masonry-1-item-10833' data-av-masonry-item='10833' class='av-masonry-entry isotope-item post-10833 post type-post status-publish format-standard has-post-thumbnail hentry category-ottelut tag-bombom tag-grifkhandball tag-tunnetta-peliin tag-bk-46 tag-grifk tag-runkosarja tag-sm-liiga  av-masonry-item-with-image' title=\"K\u00e4sipallo SM-liiga GrIFK &#8211; HC HIK\"   itemscope=\"itemscope\" itemtype=\"https:\/\/schema.org\/CreativeWork\" ><div class='av-inner-masonry-sizer'><\/div><figure class='av-inner-masonry main_color'><div class=\"av-masonry-outerimage-container\"><div class='av-masonry-image-container' style=\"background-image: url(https:\/\/i0.wp.com\/grifk-handball.com\/miehet\/wp-content\/uploads\/sites\/2\/2018\/09\/MMA_7380.jpg?fit=705%2C470&ssl=1);\"  title=\"K\u00e4sipallo SM-liiga GrIFK &#8211; HC HIK\" ><\/div><\/div><figcaption class='av-inner-masonry-content site-background'><div class='av-inner-masonry-content-pos'><div class='av-inner-masonry-content-pos-content'><div class='avia-arrow'><\/div><h3 class='av-masonry-entry-title entry-title '  itemprop=\"headline\" >Vaisu hy\u00f6kk\u00e4yspeli kaatoi Granin<\/h3><div class='av-masonry-entry-content entry-content'  itemprop=\"text\" >GrIFK joutui kotiluolassaan my\u00f6nt\u00e4m\u00e4\u00e4n BK-46:n paremmuuden.\u2026<div class='av-masonry-categories'>Ottelut<\/div><\/div><span class='av-masonry-date meta-color updated'>8.12.2018<\/span><span class=\"av-masonry-text-sep text-sep-author\">\/<\/span><span class='av-masonry-author meta-color author'><span class='fn'>by granimaster<\/span><\/span><\/div><\/div><\/figcaption><\/figure><\/a><!--end av-masonry entry--><a href=\"https:\/\/grifk-handball.com\/miehet\/2018-19\/ottelut\/granin-taukojohto-luhistui-tasapeliksi\/\"  id='av-masonry-1-item-10770' data-av-masonry-item='10770' class='av-masonry-entry isotope-item post-10770 post type-post status-publish format-standard has-post-thumbnail hentry category-ottelut tag-bombom tag-grifkhandball tag-tunnetta-peliin tag-grifk tag-hifk tag-runkosarja tag-sm-liiga  av-masonry-item-with-image' title=\"K\u00e4sipallo SM-liiga GrIFK &#8211; HC HIK\"   itemscope=\"itemscope\" itemtype=\"https:\/\/schema.org\/CreativeWork\" ><div class='av-inner-masonry-sizer'><\/div><figure class='av-inner-masonry main_color'><div class=\"av-masonry-outerimage-container\"><div class='av-masonry-image-container' style=\"background-image: url(https:\/\/i0.wp.com\/grifk-handball.com\/miehet\/wp-content\/uploads\/sites\/2\/2018\/09\/MMA_8661.jpg?fit=705%2C470&ssl=1);\"  title=\"K\u00e4sipallo SM-liiga GrIFK &#8211; HC HIK\" ><\/div><\/div><figcaption class='av-inner-masonry-content site-background'><div class='av-inner-masonry-content-pos'><div class='av-inner-masonry-content-pos-content'><div class='avia-arrow'><\/div><h3 class='av-masonry-entry-title entry-title '  itemprop=\"headline\" >Granin taukojohto luhistui tasapeliksi<\/h3><div class='av-masonry-entry-content entry-content'  itemprop=\"text\" >GrIFK ja HIFK tasasivat pisteet kaksijakoisessa liigaottelussa\u2026<div class='av-masonry-categories'>Ottelut<\/div><\/div><span class='av-masonry-date meta-color updated'>29.11.2018<\/span><span class=\"av-masonry-text-sep text-sep-author\">\/<\/span><span class='av-masonry-author meta-color author'><span class='fn'>by granimaster<\/span><\/span><\/div><\/div><\/figcaption><\/figure><\/a><!--end av-masonry entry--><a href=\"https:\/\/grifk-handball.com\/miehet\/2018-19\/ottelut\/grifk-kieltaytyi-haviamasta-pif-kaatui-mahtinousun-jalkeen\/\"  id='av-masonry-1-item-10680' data-av-masonry-item='10680' class='av-masonry-entry isotope-item post-10680 post type-post status-publish format-standard has-post-thumbnail hentry category-ottelut tag-bombom tag-grifkhandball tag-nevergiveup tag-tunnetta-peliin tag-grifk tag-pif tag-runkosarja tag-sm-liiga  av-masonry-item-with-image' title=\"K\u00e4sipallo SM-liiga GrIFK &#8211; HC HIK\"   itemscope=\"itemscope\" itemtype=\"https:\/\/schema.org\/CreativeWork\" ><div class='av-inner-masonry-sizer'><\/div><figure class='av-inner-masonry main_color'><div class=\"av-masonry-outerimage-container\"><div class='av-masonry-image-container' style=\"background-image: url(https:\/\/i0.wp.com\/grifk-handball.com\/miehet\/wp-content\/uploads\/sites\/2\/2018\/09\/MMA_6339.jpg?fit=705%2C470&ssl=1);\"  title=\"K\u00e4sipallo SM-liiga GrIFK &#8211; HC HIK\" ><\/div><\/div><figcaption class='av-inner-masonry-content site-background'><div class='av-inner-masonry-content-pos'><div class='av-inner-masonry-content-pos-content'><div class='avia-arrow'><\/div><h3 class='av-masonry-entry-title entry-title '  itemprop=\"headline\" >GrIFK kielt\u00e4ytyi h\u00e4vi\u00e4m\u00e4st\u00e4 &#8211; PIF kaatui mahtinousun j\u00e4lkeen<\/h3><div class='av-masonry-entry-content entry-content'  itemprop=\"text\" >GrIFK joutui tekem\u00e4\u00e4n t\u00e4yden p\u00e4iv\u00e4ty\u00f6n voittaakseen vimmatusti\u2026<div class='av-masonry-categories'>Ottelut<\/div><\/div><span class='av-masonry-date meta-color updated'>17.11.2018<\/span><span class=\"av-masonry-text-sep text-sep-author\">\/<\/span><span class='av-masonry-author meta-color author'><span class='fn'>by granimaster<\/span><\/span><\/div><\/div><\/figcaption><\/figure><\/a><!--end av-masonry entry--><a href=\"https:\/\/grifk-handball.com\/miehet\/2018-19\/ottelut\/grifk-nitisti-heikon-atlaksen\/\"  id='av-masonry-1-item-10456' data-av-masonry-item='10456' class='av-masonry-entry isotope-item post-10456 post type-post status-publish format-standard has-post-thumbnail hentry category-ottelut tag-grifkhandball tag-tunnetta-peliin tag-atlas-vantaa tag-grifk tag-runkosarja tag-sm-liiga  av-masonry-item-with-image' title=\"K\u00e4sipallo SM-liiga GrIFK &#8211; HC HIK\"   itemscope=\"itemscope\" itemtype=\"https:\/\/schema.org\/CreativeWork\" ><div class='av-inner-masonry-sizer'><\/div><figure class='av-inner-masonry main_color'><div class=\"av-masonry-outerimage-container\"><div class='av-masonry-image-container' style=\"background-image: url(https:\/\/i0.wp.com\/grifk-handball.com\/miehet\/wp-content\/uploads\/sites\/2\/2018\/09\/MMA_8631.jpg?fit=705%2C470&ssl=1);\"  title=\"K\u00e4sipallo SM-liiga GrIFK &#8211; HC HIK\" ><\/div><\/div><figcaption class='av-inner-masonry-content site-background'><div class='av-inner-masonry-content-pos'><div class='av-inner-masonry-content-pos-content'><div class='avia-arrow'><\/div><h3 class='av-masonry-entry-title entry-title '  itemprop=\"headline\" >GrIFK nitisti heikon Atlaksen<\/h3><div class='av-masonry-entry-content entry-content'  itemprop=\"text\" >GrIFK piti is\u00e4nn\u00e4n ottein Luolassa vieraillun Atlas Vantaan\u2026<div class='av-masonry-categories'>Ottelut<\/div><\/div><span class='av-masonry-date meta-color updated'>2.11.2018<\/span><span class=\"av-masonry-text-sep text-sep-author\">\/<\/span><span class='av-masonry-author meta-color author'><span class='fn'>by granimaster<\/span><\/span><\/div><\/div><\/figcaption><\/figure><\/a><!--end av-masonry entry--><a href=\"https:\/\/grifk-handball.com\/miehet\/2018-19\/ottelut\/dicken-piti-pisteet-pirkkolassa\/\"  id='av-masonry-1-item-10356' data-av-masonry-item='10356' class='av-masonry-entry isotope-item post-10356 post type-post status-publish format-standard has-post-thumbnail hentry category-ottelut tag-grifkhandball tag-tunnetta-peliin tag-dicken tag-grifk tag-runkosarja tag-sm-liiga  av-masonry-item-with-image' title=\"44179891_1927895590623221_7295252791230988288_o\"   itemscope=\"itemscope\" itemtype=\"https:\/\/schema.org\/CreativeWork\" ><div class='av-inner-masonry-sizer'><\/div><figure class='av-inner-masonry main_color'><div class=\"av-masonry-outerimage-container\"><div class='av-masonry-image-container' style=\"background-image: url(https:\/\/i0.wp.com\/grifk-handball.com\/miehet\/wp-content\/uploads\/sites\/2\/2018\/10\/44179891_1927895590623221_7295252791230988288_o.jpg?fit=705%2C470&ssl=1);\"  title=\"44179891_1927895590623221_7295252791230988288_o\" ><\/div><\/div><figcaption class='av-inner-masonry-content site-background'><div class='av-inner-masonry-content-pos'><div class='av-inner-masonry-content-pos-content'><div class='avia-arrow'><\/div><h3 class='av-masonry-entry-title entry-title '  itemprop=\"headline\" >Dicken piti pisteet Pirkkolassa<\/h3><div class='av-masonry-entry-content entry-content'  itemprop=\"text\" >SM-liigaa puhtaalla pelill\u00e4 johtava Dicken ei antanut GrIFK:n\u2026<div class='av-masonry-categories'>Ottelut<\/div><\/div><span class='av-masonry-date meta-color updated'>17.10.2018<\/span><span class=\"av-masonry-text-sep text-sep-author\">\/<\/span><span class='av-masonry-author meta-color author'><span class='fn'>by granimaster<\/span><\/span><\/div><\/div><\/figcaption><\/figure><\/a><!--end av-masonry entry--><a href=\"https:\/\/grifk-handball.com\/miehet\/2018-19\/ottelut\/grifkn-vaisu-hyokkayspeli-paasti-sifn-karkuun\/\"  id='av-masonry-1-item-10271' data-av-masonry-item='10271' class='av-masonry-entry isotope-item post-10271 post type-post status-publish format-standard has-post-thumbnail hentry category-ottelut tag-grifkhandball tag-tunnetta-peliin tag-grifk tag-runkosarja tag-sif tag-sm-liiga  av-masonry-item-with-image' title=\"K\u00e4sipallo SM-liiga GrIFK &#8211; HC HIK\"   itemscope=\"itemscope\" itemtype=\"https:\/\/schema.org\/CreativeWork\" ><div class='av-inner-masonry-sizer'><\/div><figure class='av-inner-masonry main_color'><div class=\"av-masonry-outerimage-container\"><div class='av-masonry-image-container' style=\"background-image: url(https:\/\/i0.wp.com\/grifk-handball.com\/miehet\/wp-content\/uploads\/sites\/2\/2018\/09\/MMA_9502.jpg?fit=705%2C470&ssl=1);\"  title=\"K\u00e4sipallo SM-liiga GrIFK &#8211; HC HIK\" ><\/div><\/div><figcaption class='av-inner-masonry-content site-background'><div class='av-inner-masonry-content-pos'><div class='av-inner-masonry-content-pos-content'><div class='avia-arrow'><\/div><h3 class='av-masonry-entry-title entry-title '  itemprop=\"headline\" >GrIFK:n vaisu hy\u00f6kk\u00e4yspeli p\u00e4\u00e4sti SIF:n karkuun<\/h3><div class='av-masonry-entry-content entry-content'  itemprop=\"text\" >GrIFK j\u00e4i is\u00e4nn\u00f6im\u00e4ss\u00e4\u00e4n ja em\u00e4nn\u00f6im\u00e4ss\u00e4\u00e4n lauantai-iltap\u00e4iv\u00e4n\u2026<div class='av-masonry-categories'>Ottelut<\/div><\/div><span class='av-masonry-date meta-color updated'>13.10.2018<\/span><span class=\"av-masonry-text-sep text-sep-author\">\/<\/span><span class='av-masonry-author meta-color author'><span class='fn'>by granimaster<\/span><\/span><\/div><\/div><\/figcaption><\/figure><\/a><!--end av-masonry entry--><a href=\"https:\/\/grifk-handball.com\/miehet\/2018-19\/ottelut\/grani-haki-tarkeat-sarjapisteet-turusta\/\"  id='av-masonry-1-item-10001' data-av-masonry-item='10001' class='av-masonry-entry isotope-item post-10001 post type-post status-publish format-standard has-post-thumbnail hentry category-ottelut tag-bombom tag-grifkhandball tag-tunnetta-peliin tag-aifk tag-grifk tag-runkosarja tag-sm-liiga  av-masonry-item-with-image' title=\"SM-liigaa \u00c5IFK-GrIFK 26.9.18. Kuva: Jouni Lappi\"   itemscope=\"itemscope\" itemtype=\"https:\/\/schema.org\/CreativeWork\" ><div class='av-inner-masonry-sizer'><\/div><figure class='av-inner-masonry main_color'><div class=\"av-masonry-outerimage-container\"><div class='av-masonry-image-container' style=\"background-image: url(https:\/\/i0.wp.com\/grifk-handball.com\/miehet\/wp-content\/uploads\/sites\/2\/2018\/09\/42580825_1263812990441378_338019690041311232_o.jpg?fit=705%2C469&ssl=1);\"  title=\"SM-liigaa \u00c5IFK-GrIFK 26.9.18. Kuva: Jouni Lappi\" ><\/div><\/div><figcaption class='av-inner-masonry-content site-background'><div class='av-inner-masonry-content-pos'><div class='av-inner-masonry-content-pos-content'><div class='avia-arrow'><\/div><h3 class='av-masonry-entry-title entry-title '  itemprop=\"headline\" >Grani haki t\u00e4rke\u00e4t sarjapisteet Turusta<\/h3><div class='av-masonry-entry-content entry-content'  itemprop=\"text\" >GrIFK teki keskiviikkona kahden pisteen arvoisen matkan Turkuun\u2026<div class='av-masonry-categories'>Ottelut<\/div><\/div><span class='av-masonry-date meta-color updated'>26.9.2018<\/span><span class=\"av-masonry-text-sep text-sep-author\">\/<\/span><span class='av-masonry-author meta-color author'><span class='fn'>by granimaster<\/span><\/span><\/div><\/div><\/figcaption><\/figure><\/a><!--end av-masonry entry--><a href=\"https:\/\/grifk-handball.com\/miehet\/2018-19\/ottelut\/vahva-loppuveto-kaatoi-hikn\/\"  id='av-masonry-1-item-9927' data-av-masonry-item='9927' class='av-masonry-entry isotope-item post-9927 post type-post status-publish format-standard has-post-thumbnail hentry category-ottelut tag-bombom tag-grifkhandball tag-nevergiveup tag-tunnetta-peliin tag-grifk tag-hc-hik tag-runkosarja tag-sm-liiga  av-masonry-item-with-image' title=\"IMG_1363\"   itemscope=\"itemscope\" itemtype=\"https:\/\/schema.org\/CreativeWork\" ><div class='av-inner-masonry-sizer'><\/div><figure class='av-inner-masonry main_color'><div class=\"av-masonry-outerimage-container\"><div class='av-masonry-image-container' style=\"background-image: url(https:\/\/i0.wp.com\/grifk-handball.com\/miehet\/wp-content\/uploads\/sites\/2\/2018\/09\/IMG_1363-e1537774020340.png?fit=705%2C396&ssl=1);\"  title=\"IMG_1363\" ><\/div><\/div><figcaption class='av-inner-masonry-content site-background'><div class='av-inner-masonry-content-pos'><div class='av-inner-masonry-content-pos-content'><div class='avia-arrow'><\/div><h3 class='av-masonry-entry-title entry-title '  itemprop=\"headline\" >Vahva loppuveto kaatoi HIK:n<\/h3><div class='av-masonry-entry-content entry-content'  itemprop=\"text\" >GrIFK saalisti kotiavauksessaan liigakauden ensimm\u00e4isen voiton\u2026<div class='av-masonry-categories'>Ottelut<\/div><\/div><span class='av-masonry-date meta-color updated'>22.9.2018<\/span><span class=\"av-masonry-text-sep text-sep-author\">\/<\/span><span class='av-masonry-author meta-color author'><span class='fn'>by granimaster<\/span><\/span><\/div><\/div><\/figcaption><\/figure><\/a><!--end av-masonry entry--><a href=\"https:\/\/grifk-handball.com\/miehet\/2018-19\/ottelut\/grani-taipui-liiga-avauksessa-karjaalla\/\"  id='av-masonry-1-item-9632' data-av-masonry-item='9632' class='av-masonry-entry isotope-item post-9632 post type-post status-publish format-standard has-post-thumbnail hentry category-ottelut tag-bombom tag-grifkhandball tag-tunnetta-peliin tag-bk-46 tag-grifk tag-runkosarja tag-sm-liiga  av-masonry-item-with-image' title=\"IMG_1300\"   itemscope=\"itemscope\" itemtype=\"https:\/\/schema.org\/CreativeWork\" ><div class='av-inner-masonry-sizer'><\/div><figure class='av-inner-masonry main_color'><div class=\"av-masonry-outerimage-container\"><div class='av-masonry-image-container' style=\"background-image: url(https:\/\/i0.wp.com\/grifk-handball.com\/miehet\/wp-content\/uploads\/sites\/2\/2018\/09\/IMG_1300.jpeg?fit=705%2C529&ssl=1);\"  title=\"IMG_1300\" ><\/div><\/div><figcaption class='av-inner-masonry-content site-background'><div class='av-inner-masonry-content-pos'><div class='av-inner-masonry-content-pos-content'><div class='avia-arrow'><\/div><h3 class='av-masonry-entry-title entry-title '  itemprop=\"headline\" >Grani taipui liiga-avauksessa Karjaalla<\/h3><div class='av-masonry-entry-content entry-content'  itemprop=\"text\" ><div class='av-masonry-categories'>Ottelut<\/div><\/div><span class='av-masonry-date meta-color updated'>9.9.2018<\/span><span class=\"av-masonry-text-sep text-sep-author\">\/<\/span><span class='av-masonry-author meta-color author'><span class='fn'>by granimaster<\/span><\/span><\/div><\/div><\/figcaption><\/figure><\/a><!--end av-masonry entry--><a href=\"https:\/\/grifk-handball.com\/miehet\/2018-19\/ottelut\/bk-46-pudotti-grifkn-cupista\/\"  id='av-masonry-1-item-9299' data-av-masonry-item='9299' class='av-masonry-entry isotope-item post-9299 post type-post status-publish format-standard has-post-thumbnail hentry category-ottelut tag-nevergiveup tag-tunnetta-peliin tag-bk-46 tag-grifk tag-suomen-cup  av-masonry-item-with-image' title=\"Anton Karlsson, Suomen Cup GrIFK-BK-46 5.9.18\"   itemscope=\"itemscope\" itemtype=\"https:\/\/schema.org\/CreativeWork\" ><div class='av-inner-masonry-sizer'><\/div><figure class='av-inner-masonry main_color'><div class=\"av-masonry-outerimage-container\"><div class='av-masonry-image-container' style=\"background-image: url(https:\/\/i0.wp.com\/grifk-handball.com\/miehet\/wp-content\/uploads\/sites\/2\/2018\/09\/IMG_1301.jpeg?fit=705%2C529&ssl=1);\"  title=\"Anton Karlsson, Suomen Cup GrIFK-BK-46 5.9.18\" ><\/div><\/div><figcaption class='av-inner-masonry-content site-background'><div class='av-inner-masonry-content-pos'><div class='av-inner-masonry-content-pos-content'><div class='avia-arrow'><\/div><h3 class='av-masonry-entry-title entry-title '  itemprop=\"headline\" >BK-46 pudotti GrIFK:n Cupista<\/h3><div class='av-masonry-entry-content entry-content'  itemprop=\"text\" >GrIFK:n taival Suomen Cupissa j\u00e4i t\u00e4n\u00e4 vuonna yhteen otteluun.\u2026<div class='av-masonry-categories'>Ottelut<\/div><\/div><span class='av-masonry-date meta-color updated'>5.9.2018<\/span><span class=\"av-masonry-text-sep text-sep-author\">\/<\/span><span class='av-masonry-author meta-color author'><span class='fn'>by granimaster<\/span><\/span><\/div><\/div><\/figcaption><\/figure><\/a><!--end av-masonry entry--><\/div><\/div><\/p><\/div><\/div><\/div><\/div><!-- close content main div --><\/div><\/div><div id='after_section_3'  class='main_color av_default_container_wrap container_wrap sidebar_right'  ><div class='container av-section-cont-open' ><div class='template-page content  av-content-small alpha units'><div class='post-entry post-entry-type-page post-entry-12532'><div class='entry-content-wrapper clearfix'>\n","protected":false},"excerpt":{"rendered":"","protected":false},"author":1,"featured_media":0,"parent":0,"menu_order":0,"comment_status":"closed","ping_status":"closed","template":"","meta":{"_acf_changed":false,"footnotes":""},"tags":[],"class_list":["post-12532","page","type-page","status-publish","hentry"],"acf":[],"yoast_head":"<!-- This site is optimized with the Yoast SEO plugin v27.5 - https:\/\/yoast.com\/product\/yoast-seo-wordpress\/ -->\n<title>Otteluohjelma ja tulokset 2018-19 &#8212; GrIFK K\u00e4sipallo - miehet<\/title>\n<meta name=\"robots\" content=\"index, follow, max-snippet:-1, max-image-preview:large, max-video-preview:-1\" \/>\n<link rel=\"canonical\" href=\"https:\/\/grifk-handball.com\/miehet\/otteluohjelma-ja-tulokset-2018-19\/\" \/>\n<meta property=\"og:locale\" content=\"fi_FI\" \/>\n<meta property=\"og:type\" content=\"article\" \/>\n<meta property=\"og:title\" content=\"Otteluohjelma ja tulokset 2018-19 &#8212; GrIFK K\u00e4sipallo - miehet\" \/>\n<meta property=\"og:url\" content=\"https:\/\/grifk-handball.com\/miehet\/otteluohjelma-ja-tulokset-2018-19\/\" \/>\n<meta property=\"og:site_name\" content=\"GrIFK K\u00e4sipallo - miehet\" \/>\n<meta property=\"article:publisher\" content=\"https:\/\/www.facebook.com\/GrIFKelit\/\" \/>\n<meta name=\"twitter:card\" content=\"summary_large_image\" \/>\n<meta name=\"twitter:site\" content=\"@GrIFK_MSM\" \/>\n<meta name=\"twitter:label1\" content=\"Arvioitu lukuaika\" \/>\n\t<meta name=\"twitter:data1\" content=\"8 minuuttia\" \/>\n<script type=\"application\/ld+json\" class=\"yoast-schema-graph\">{\"@context\":\"https:\\\/\\\/schema.org\",\"@graph\":[{\"@type\":\"WebPage\",\"@id\":\"https:\\\/\\\/grifk-handball.com\\\/miehet\\\/otteluohjelma-ja-tulokset-2018-19\\\/\",\"url\":\"https:\\\/\\\/grifk-handball.com\\\/miehet\\\/otteluohjelma-ja-tulokset-2018-19\\\/\",\"name\":\"Otteluohjelma ja tulokset 2018-19 &#8212; GrIFK K\u00e4sipallo - miehet\",\"isPartOf\":{\"@id\":\"https:\\\/\\\/grifk-handball.com\\\/miehet\\\/#website\"},\"datePublished\":\"2019-09-11T11:08:40+00:00\",\"breadcrumb\":{\"@id\":\"https:\\\/\\\/grifk-handball.com\\\/miehet\\\/otteluohjelma-ja-tulokset-2018-19\\\/#breadcrumb\"},\"inLanguage\":\"fi\",\"potentialAction\":[{\"@type\":\"ReadAction\",\"target\":[\"https:\\\/\\\/grifk-handball.com\\\/miehet\\\/otteluohjelma-ja-tulokset-2018-19\\\/\"]}]},{\"@type\":\"BreadcrumbList\",\"@id\":\"https:\\\/\\\/grifk-handball.com\\\/miehet\\\/otteluohjelma-ja-tulokset-2018-19\\\/#breadcrumb\",\"itemListElement\":[{\"@type\":\"ListItem\",\"position\":1,\"name\":\"Home\",\"item\":\"https:\\\/\\\/grifk-handball.com\\\/miehet\\\/etusivu-260109\\\/\"},{\"@type\":\"ListItem\",\"position\":2,\"name\":\"Otteluohjelma ja tulokset 2018-19\"}]},{\"@type\":\"WebSite\",\"@id\":\"https:\\\/\\\/grifk-handball.com\\\/miehet\\\/#website\",\"url\":\"https:\\\/\\\/grifk-handball.com\\\/miehet\\\/\",\"name\":\"GrIFK K\u00e4sipallo - miehet\",\"description\":\"BomBom!\",\"publisher\":{\"@id\":\"https:\\\/\\\/grifk-handball.com\\\/miehet\\\/#organization\"},\"potentialAction\":[{\"@type\":\"SearchAction\",\"target\":{\"@type\":\"EntryPoint\",\"urlTemplate\":\"https:\\\/\\\/grifk-handball.com\\\/miehet\\\/?s={search_term_string}\"},\"query-input\":{\"@type\":\"PropertyValueSpecification\",\"valueRequired\":true,\"valueName\":\"search_term_string\"}}],\"inLanguage\":\"fi\"},{\"@type\":\"Organization\",\"@id\":\"https:\\\/\\\/grifk-handball.com\\\/miehet\\\/#organization\",\"name\":\"GrIFK K\u00e4sipallo - miehet\",\"url\":\"https:\\\/\\\/grifk-handball.com\\\/miehet\\\/\",\"logo\":{\"@type\":\"ImageObject\",\"inLanguage\":\"fi\",\"@id\":\"https:\\\/\\\/grifk-handball.com\\\/miehet\\\/#\\\/schema\\\/logo\\\/image\\\/\",\"url\":\"https:\\\/\\\/i0.wp.com\\\/grifk-handball.com\\\/miehet\\\/wp-content\\\/uploads\\\/sites\\\/2\\\/2016\\\/10\\\/logo-grifk-iso.png?fit=1200%2C1400&ssl=1\",\"contentUrl\":\"https:\\\/\\\/i0.wp.com\\\/grifk-handball.com\\\/miehet\\\/wp-content\\\/uploads\\\/sites\\\/2\\\/2016\\\/10\\\/logo-grifk-iso.png?fit=1200%2C1400&ssl=1\",\"width\":1200,\"height\":1400,\"caption\":\"GrIFK K\u00e4sipallo - miehet\"},\"image\":{\"@id\":\"https:\\\/\\\/grifk-handball.com\\\/miehet\\\/#\\\/schema\\\/logo\\\/image\\\/\"},\"sameAs\":[\"https:\\\/\\\/www.facebook.com\\\/GrIFKelit\\\/\",\"https:\\\/\\\/x.com\\\/GrIFK_MSM\",\"https:\\\/\\\/www.instagram.com\\\/grifk_elit\\\/\"]}]}<\/script>\n<!-- \/ Yoast SEO plugin. -->","yoast_head_json":{"title":"Otteluohjelma ja tulokset 2018-19 &#8212; GrIFK K\u00e4sipallo - miehet","robots":{"index":"index","follow":"follow","max-snippet":"max-snippet:-1","max-image-preview":"max-image-preview:large","max-video-preview":"max-video-preview:-1"},"canonical":"https:\/\/grifk-handball.com\/miehet\/otteluohjelma-ja-tulokset-2018-19\/","og_locale":"fi_FI","og_type":"article","og_title":"Otteluohjelma ja tulokset 2018-19 &#8212; GrIFK K\u00e4sipallo - miehet","og_url":"https:\/\/grifk-handball.com\/miehet\/otteluohjelma-ja-tulokset-2018-19\/","og_site_name":"GrIFK K\u00e4sipallo - miehet","article_publisher":"https:\/\/www.facebook.com\/GrIFKelit\/","twitter_card":"summary_large_image","twitter_site":"@GrIFK_MSM","twitter_misc":{"Arvioitu lukuaika":"8 minuuttia"},"schema":{"@context":"https:\/\/schema.org","@graph":[{"@type":"WebPage","@id":"https:\/\/grifk-handball.com\/miehet\/otteluohjelma-ja-tulokset-2018-19\/","url":"https:\/\/grifk-handball.com\/miehet\/otteluohjelma-ja-tulokset-2018-19\/","name":"Otteluohjelma ja tulokset 2018-19 &#8212; GrIFK K\u00e4sipallo - miehet","isPartOf":{"@id":"https:\/\/grifk-handball.com\/miehet\/#website"},"datePublished":"2019-09-11T11:08:40+00:00","breadcrumb":{"@id":"https:\/\/grifk-handball.com\/miehet\/otteluohjelma-ja-tulokset-2018-19\/#breadcrumb"},"inLanguage":"fi","potentialAction":[{"@type":"ReadAction","target":["https:\/\/grifk-handball.com\/miehet\/otteluohjelma-ja-tulokset-2018-19\/"]}]},{"@type":"BreadcrumbList","@id":"https:\/\/grifk-handball.com\/miehet\/otteluohjelma-ja-tulokset-2018-19\/#breadcrumb","itemListElement":[{"@type":"ListItem","position":1,"name":"Home","item":"https:\/\/grifk-handball.com\/miehet\/etusivu-260109\/"},{"@type":"ListItem","position":2,"name":"Otteluohjelma ja tulokset 2018-19"}]},{"@type":"WebSite","@id":"https:\/\/grifk-handball.com\/miehet\/#website","url":"https:\/\/grifk-handball.com\/miehet\/","name":"GrIFK K\u00e4sipallo - miehet","description":"BomBom!","publisher":{"@id":"https:\/\/grifk-handball.com\/miehet\/#organization"},"potentialAction":[{"@type":"SearchAction","target":{"@type":"EntryPoint","urlTemplate":"https:\/\/grifk-handball.com\/miehet\/?s={search_term_string}"},"query-input":{"@type":"PropertyValueSpecification","valueRequired":true,"valueName":"search_term_string"}}],"inLanguage":"fi"},{"@type":"Organization","@id":"https:\/\/grifk-handball.com\/miehet\/#organization","name":"GrIFK K\u00e4sipallo - miehet","url":"https:\/\/grifk-handball.com\/miehet\/","logo":{"@type":"ImageObject","inLanguage":"fi","@id":"https:\/\/grifk-handball.com\/miehet\/#\/schema\/logo\/image\/","url":"https:\/\/i0.wp.com\/grifk-handball.com\/miehet\/wp-content\/uploads\/sites\/2\/2016\/10\/logo-grifk-iso.png?fit=1200%2C1400&ssl=1","contentUrl":"https:\/\/i0.wp.com\/grifk-handball.com\/miehet\/wp-content\/uploads\/sites\/2\/2016\/10\/logo-grifk-iso.png?fit=1200%2C1400&ssl=1","width":1200,"height":1400,"caption":"GrIFK K\u00e4sipallo - miehet"},"image":{"@id":"https:\/\/grifk-handball.com\/miehet\/#\/schema\/logo\/image\/"},"sameAs":["https:\/\/www.facebook.com\/GrIFKelit\/","https:\/\/x.com\/GrIFK_MSM","https:\/\/www.instagram.com\/grifk_elit\/"]}]}},"jetpack_shortlink":"https:\/\/wp.me\/P9jQ9a-3g8","_links":{"self":[{"href":"https:\/\/grifk-handball.com\/miehet\/wp-json\/wp\/v2\/pages\/12532","targetHints":{"allow":["GET"]}}],"collection":[{"href":"https:\/\/grifk-handball.com\/miehet\/wp-json\/wp\/v2\/pages"}],"about":[{"href":"https:\/\/grifk-handball.com\/miehet\/wp-json\/wp\/v2\/types\/page"}],"author":[{"embeddable":true,"href":"https:\/\/grifk-handball.com\/miehet\/wp-json\/wp\/v2\/users\/1"}],"replies":[{"embeddable":true,"href":"https:\/\/grifk-handball.com\/miehet\/wp-json\/wp\/v2\/comments?post=12532"}],"version-history":[{"count":2,"href":"https:\/\/grifk-handball.com\/miehet\/wp-json\/wp\/v2\/pages\/12532\/revisions"}],"predecessor-version":[{"id":12539,"href":"https:\/\/grifk-handball.com\/miehet\/wp-json\/wp\/v2\/pages\/12532\/revisions\/12539"}],"wp:attachment":[{"href":"https:\/\/grifk-handball.com\/miehet\/wp-json\/wp\/v2\/media?parent=12532"}],"wp:term":[{"taxonomy":"post_tag","embeddable":true,"href":"https:\/\/grifk-handball.com\/miehet\/wp-json\/wp\/v2\/tags?post=12532"}],"curies":[{"name":"wp","href":"https:\/\/api.w.org\/{rel}","templated":true}]}}