{"id":19124,"date":"2023-03-20T14:24:51","date_gmt":"2023-03-20T12:24:51","guid":{"rendered":"https:\/\/grifk-handball.com\/miehet\/?page_id=19124"},"modified":"2023-04-25T14:38:23","modified_gmt":"2023-04-25T11:38:23","slug":"christian-segersven","status":"publish","type":"page","link":"https:\/\/grifk-handball.com\/miehet\/historia\/christian-segersven\/","title":{"rendered":"Christian Segersven #1"},"content":{"rendered":"<div id='av-layout-grid-1'  class='av-layout-grid-container av-lfgqr39x-08bc3dadd7b09f6e0e0b92ff35edabe1 entry-content-wrapper main_color av-flex-cells  avia-builder-el-0  el_before_av_layout_row  avia-builder-el-first  av-cell-min-height av-cell-min-height-75 av-small-hide av-mini-hide container_wrap sidebar_right'   data-av_minimum_height_pc='75'>\n\n<style type=\"text\/css\" data-created_by=\"avia_inline_auto\" id=\"style-css-av-lfgqqe4v-fbc8d1821a0ea7d1d48a361db8d9db03\">\n.flex_cell.av-lfgqqe4v-fbc8d1821a0ea7d1d48a361db8d9db03{\nvertical-align:top;\nbackground:url(https:\/\/i0.wp.com\/grifk-handball.com\/miehet\/wp-content\/uploads\/sites\/2\/2023\/03\/Hall-Of-Fame-Segersven.jpg?fit=1500%2C1500&ssl=1) 50% 0% no-repeat scroll ;\n}\n<\/style>\n<div class='flex_cell av-lfgqqe4v-fbc8d1821a0ea7d1d48a361db8d9db03 av-gridrow-cell av_one_half no_margin  avia-builder-el-1  el_before_av_cell_one_half  avia-builder-el-first  content-align-top avia-full-stretch'  ><div class='flex_cell_inner'><\/div><\/div>\n<style type=\"text\/css\" data-created_by=\"avia_inline_auto\" id=\"style-css-av-lfgqqxcu-6332b9ce0c7cbdd632ee12a8e6801df3\">\n.flex_cell.av-lfgqqxcu-6332b9ce0c7cbdd632ee12a8e6801df3{\nvertical-align:top;\nbackground:url(https:\/\/i0.wp.com\/grifk-handball.com\/miehet\/wp-content\/uploads\/sites\/2\/2023\/03\/Hall-Of-Fame-viiri.jpg?fit=1500%2C1500&ssl=1) 50% 50% no-repeat scroll ;\n}\n<\/style>\n<div class='flex_cell av-lfgqqxcu-6332b9ce0c7cbdd632ee12a8e6801df3 av-gridrow-cell av_one_half no_margin  avia-builder-el-2  el_after_av_cell_one_half  avia-builder-el-last  content-align-top avia-full-stretch'  ><div class='flex_cell_inner'><\/div><\/div>\n<\/div>\n<div id='av-layout-grid-2'  class='av-layout-grid-container av-lfgr8v5m-1cb9e0b7b07bf644f008176771d3f08d entry-content-wrapper footer_color av-flex-cells  avia-builder-el-3  el_after_av_layout_row  el_before_av_section  grid-row-not-first av-desktop-hide av-medium-hide container_wrap sidebar_right'  >\n\n<style type=\"text\/css\" data-created_by=\"avia_inline_auto\" id=\"style-css-av-4o6931w-06e3847f6f57d68b0ebe37ff5568b8db\">\n.flex_cell.av-4o6931w-06e3847f6f57d68b0ebe37ff5568b8db{\nvertical-align:top;\n}\n.responsive #top #wrap_all .flex_cell.av-4o6931w-06e3847f6f57d68b0ebe37ff5568b8db{\npadding:0px 0px 0px 0px !important;\n}\n<\/style>\n<div class='flex_cell av-4o6931w-06e3847f6f57d68b0ebe37ff5568b8db av-gridrow-cell av_one_full no_margin  avia-builder-el-4  avia-builder-el-no-sibling  content-align-top av-zero-padding'  ><div class='flex_cell_inner'>\n<style type=\"text\/css\" data-created_by=\"avia_inline_auto\" id=\"style-css-av-4him42c-1cc24feaa4540f3cbc541b9684790fc6\">\n.avia-image-container.av-4him42c-1cc24feaa4540f3cbc541b9684790fc6 img.avia_image{\nbox-shadow:none;\n}\n.avia-image-container.av-4him42c-1cc24feaa4540f3cbc541b9684790fc6 .av-image-caption-overlay-center{\ncolor:#ffffff;\n}\n<\/style>\n<div  class='avia-image-container av-4him42c-1cc24feaa4540f3cbc541b9684790fc6 av-styling- av-img-linked avia-align-center  avia-builder-el-5  avia-builder-el-no-sibling '   itemprop=\"image\" itemscope=\"itemscope\" itemtype=\"https:\/\/schema.org\/ImageObject\" ><div class=\"avia-image-container-inner\"><div class=\"avia-image-overlay-wrap\"><a href=\"https:\/\/i0.wp.com\/grifk-handball.com\/miehet\/wp-content\/uploads\/sites\/2\/2023\/03\/Hall-Of-Fame-Segersven.jpg?fit=1030%2C1030&#038;ssl=1\" data-srcset=\"https:\/\/i0.wp.com\/grifk-handball.com\/miehet\/wp-content\/uploads\/sites\/2\/2023\/03\/Hall-Of-Fame-Segersven.jpg?w=1500&amp;ssl=1 1500w, https:\/\/i0.wp.com\/grifk-handball.com\/miehet\/wp-content\/uploads\/sites\/2\/2023\/03\/Hall-Of-Fame-Segersven.jpg?resize=300%2C300&amp;ssl=1 300w, https:\/\/i0.wp.com\/grifk-handball.com\/miehet\/wp-content\/uploads\/sites\/2\/2023\/03\/Hall-Of-Fame-Segersven.jpg?resize=1030%2C1030&amp;ssl=1 1030w, https:\/\/i0.wp.com\/grifk-handball.com\/miehet\/wp-content\/uploads\/sites\/2\/2023\/03\/Hall-Of-Fame-Segersven.jpg?resize=80%2C80&amp;ssl=1 80w, https:\/\/i0.wp.com\/grifk-handball.com\/miehet\/wp-content\/uploads\/sites\/2\/2023\/03\/Hall-Of-Fame-Segersven.jpg?resize=768%2C768&amp;ssl=1 768w, https:\/\/i0.wp.com\/grifk-handball.com\/miehet\/wp-content\/uploads\/sites\/2\/2023\/03\/Hall-Of-Fame-Segersven.jpg?resize=36%2C36&amp;ssl=1 36w, https:\/\/i0.wp.com\/grifk-handball.com\/miehet\/wp-content\/uploads\/sites\/2\/2023\/03\/Hall-Of-Fame-Segersven.jpg?resize=180%2C180&amp;ssl=1 180w, https:\/\/i0.wp.com\/grifk-handball.com\/miehet\/wp-content\/uploads\/sites\/2\/2023\/03\/Hall-Of-Fame-Segersven.jpg?resize=705%2C705&amp;ssl=1 705w, https:\/\/i0.wp.com\/grifk-handball.com\/miehet\/wp-content\/uploads\/sites\/2\/2023\/03\/Hall-Of-Fame-Segersven.jpg?resize=50%2C50&amp;ssl=1 50w\" data-sizes=\"(max-width: 1030px) 100vw, 1030px\" class='avia_image '  aria-label='Hall Of Fame Segersven'><img decoding=\"async\" fetchpriority=\"high\" class='wp-image-19204 avia-img-lazy-loading-not-19204 avia_image ' src=\"https:\/\/i0.wp.com\/grifk-handball.com\/miehet\/wp-content\/uploads\/sites\/2\/2023\/03\/Hall-Of-Fame-Segersven.jpg?fit=1030%2C1030&ssl=1\" alt='' title='Hall Of Fame Segersven'  height=\"1030\" width=\"1030\"  itemprop=\"thumbnailUrl\" srcset=\"https:\/\/i0.wp.com\/grifk-handball.com\/miehet\/wp-content\/uploads\/sites\/2\/2023\/03\/Hall-Of-Fame-Segersven.jpg?w=1500&amp;ssl=1 1500w, https:\/\/i0.wp.com\/grifk-handball.com\/miehet\/wp-content\/uploads\/sites\/2\/2023\/03\/Hall-Of-Fame-Segersven.jpg?resize=300%2C300&amp;ssl=1 300w, https:\/\/i0.wp.com\/grifk-handball.com\/miehet\/wp-content\/uploads\/sites\/2\/2023\/03\/Hall-Of-Fame-Segersven.jpg?resize=1030%2C1030&amp;ssl=1 1030w, https:\/\/i0.wp.com\/grifk-handball.com\/miehet\/wp-content\/uploads\/sites\/2\/2023\/03\/Hall-Of-Fame-Segersven.jpg?resize=80%2C80&amp;ssl=1 80w, https:\/\/i0.wp.com\/grifk-handball.com\/miehet\/wp-content\/uploads\/sites\/2\/2023\/03\/Hall-Of-Fame-Segersven.jpg?resize=768%2C768&amp;ssl=1 768w, https:\/\/i0.wp.com\/grifk-handball.com\/miehet\/wp-content\/uploads\/sites\/2\/2023\/03\/Hall-Of-Fame-Segersven.jpg?resize=36%2C36&amp;ssl=1 36w, https:\/\/i0.wp.com\/grifk-handball.com\/miehet\/wp-content\/uploads\/sites\/2\/2023\/03\/Hall-Of-Fame-Segersven.jpg?resize=180%2C180&amp;ssl=1 180w, https:\/\/i0.wp.com\/grifk-handball.com\/miehet\/wp-content\/uploads\/sites\/2\/2023\/03\/Hall-Of-Fame-Segersven.jpg?resize=705%2C705&amp;ssl=1 705w, https:\/\/i0.wp.com\/grifk-handball.com\/miehet\/wp-content\/uploads\/sites\/2\/2023\/03\/Hall-Of-Fame-Segersven.jpg?resize=50%2C50&amp;ssl=1 50w\" sizes=\"(max-width: 1030px) 100vw, 1030px\" \/><\/a><\/div><\/div><\/div>\n<\/div><\/div>\n<\/div>\n\n<style type=\"text\/css\" data-created_by=\"avia_inline_auto\" id=\"style-css-av-lfgpsdx5-83e7b687039de6ca86958b14cef5c95b\">\n.avia-section.av-lfgpsdx5-83e7b687039de6ca86958b14cef5c95b{\nbackground-color:#f1f1f1;\nbackground-image:unset;\n}\n<\/style>\n<div id='av_section_1'  class='avia-section av-lfgpsdx5-83e7b687039de6ca86958b14cef5c95b main_color avia-section-default avia-no-border-styling  avia-builder-el-6  el_after_av_layout_row  el_before_av_layout_row  avia-bg-style-scroll container_wrap sidebar_right'  ><div class='container av-section-cont-open' ><div class='template-page content  av-content-small alpha units'><div class='post-entry post-entry-type-page post-entry-19124'><div class='entry-content-wrapper clearfix'>\n<div  class='flex_column av-lfgpbz2k-a8e37bcfd597554d050991a9f15dfbaa av_one_fifth  avia-builder-el-7  el_before_av_three_fifth  avia-builder-el-first  first flex_column_div av-hide-on-mobile  '     ><\/div><div  class='flex_column av-d1se044-cefc7c854404334de37d8f5596233069 av_three_fifth  avia-builder-el-8  el_after_av_one_fifth  el_before_av_one_fifth  flex_column_div  '     ><p>\n<style type=\"text\/css\" data-created_by=\"avia_inline_auto\" id=\"style-css-av-lffuqvo9-ef480bd93def535097d1041e4806d950\">\n#top .av-special-heading.av-lffuqvo9-ef480bd93def535097d1041e4806d950{\npadding-bottom:10px;\n}\nbody .av-special-heading.av-lffuqvo9-ef480bd93def535097d1041e4806d950 .av-special-heading-tag .heading-char{\nfont-size:25px;\n}\n.av-special-heading.av-lffuqvo9-ef480bd93def535097d1041e4806d950 .av-subheading{\nfont-size:15px;\n}\n<\/style>\n<div  class='av-special-heading av-lffuqvo9-ef480bd93def535097d1041e4806d950 av-special-heading-h1  avia-builder-el-9  el_before_av_hr  avia-builder-el-first '><h1 class='av-special-heading-tag '  itemprop=\"headline\"  >Christian Segersven #1<\/h1><div class=\"special-heading-border\"><div class=\"special-heading-inner-border\"><\/div><\/div><\/div><br \/>\n\n<style type=\"text\/css\" data-created_by=\"avia_inline_auto\" id=\"style-css-av-lfh2xvpi-b40086e94fb9e25eaa8e4355838892c1\">\n#top .hr.hr-invisible.av-lfh2xvpi-b40086e94fb9e25eaa8e4355838892c1{\nheight:20px;\n}\n<\/style>\n<div  class='hr av-lfh2xvpi-b40086e94fb9e25eaa8e4355838892c1 hr-invisible  avia-builder-el-10  el_after_av_heading  el_before_av_textblock  av-desktop-hide av-medium-hide'><span class='hr-inner '><span class=\"hr-inner-style\"><\/span><\/span><\/div><br \/>\n<section  class='av_textblock_section av-fiorhas-62db171b1e4fcdd84f13d6cda22d9883 '   itemscope=\"itemscope\" itemtype=\"https:\/\/schema.org\/CreativeWork\" ><div class='avia_textblock'  itemprop=\"text\" ><p><strong>GrIFK K\u00e4sipallon ensimm\u00e4isen j\u00e4\u00e4dytetyn pelinumeron sai Christian Segersven. Seura osoitti ex-maalivahdilleen kunniaa 4.3.2023 Kauniaisten Luolassa pelatun liigaottelun GrIFK-HIFK yhteydess\u00e4. Grania kymmenell\u00e4 p\u00e4\u00e4sarjakaudella 261 ottelussa edustaneen, vuonna 2009 uransa p\u00e4\u00e4tt\u00e4neen Segersvenin pelinumerolla 1 varustettu paita nostettiin GrIFK:n ja HC Westin mestaruusviirien rinnalle t\u00e4yden katsomon osoittaessa suosiota.<\/strong><!--more--><\/p>\n<p>&#8211; Seh\u00e4n oli kaikin puolin hieno p\u00e4iv\u00e4 kaikilta muilta osin, paitsi ettei saatu kahta pistett\u00e4. Paljon oli vanhaa pelikaveria, valmentajaa, seurajohtajaa, joukkueenjohtajaa ja v\u00e4h\u00e4n uusiakin naamoja hallissa. Ilta jatkui rennoissa meiningeiss\u00e4 hyvien yst\u00e4vien parissa, ett\u00e4 mik\u00e4 siin\u00e4. Hyv\u00e4t fiilikset.<\/p>\n<p>Urallaan yhden SM-kullan, kuusi hopeaa ja viisi pronssia sek\u00e4 kaksi Suomen Cupin mestaruutta saavuttanut Segersven valittiin SM-sarjan vuoden maalivahdiksi ja All Stars-joukkueeseen mestaruusvuoden 1999 lis\u00e4ksi my\u00f6s vuosina 2006 ja 2008. H\u00e4n pelasi kaikkiaan 18 SM-kautta, edusti urallaan my\u00f6s HC Westi\u00e4 ja Dickeni\u00e4, ja on yhteens\u00e4 l\u00e4hes 500 ottelullaan kaikkien aikojen eniten SM-sarjapelej\u00e4 pelannut maalivahti. Segersven pelasi vuosina 1994-2008 77 miesten maaottelua.<\/p>\n<\/div><\/section><br \/>\n\n<style type=\"text\/css\" data-created_by=\"avia_inline_auto\" id=\"style-css-av-3dmov9w-3d72cd940f4fda65026a3baf71044e85\">\n.avia-image-container.av-3dmov9w-3d72cd940f4fda65026a3baf71044e85 img.avia_image{\nbox-shadow:none;\n}\n.avia-image-container.av-3dmov9w-3d72cd940f4fda65026a3baf71044e85 .av-image-caption-overlay-center{\ncolor:#ffffff;\n}\n<\/style>\n<div  class='avia-image-container av-3dmov9w-3d72cd940f4fda65026a3baf71044e85 av-styling- av-img-linked avia-align-center  avia-builder-el-12  el_after_av_textblock  avia-builder-el-last  av-desktop-hide av-medium-hide av-small-hide av-mini-hide'   itemprop=\"image\" itemscope=\"itemscope\" itemtype=\"https:\/\/schema.org\/ImageObject\" ><div class=\"avia-image-container-inner\"><div class=\"avia-image-overlay-wrap\"><a href=\"https:\/\/i0.wp.com\/grifk-handball.com\/miehet\/wp-content\/uploads\/sites\/2\/2023\/03\/DSC_1917_GrIFK_4_3_2023-scaled.jpg?fit=1030%2C686&#038;ssl=1\" data-srcset=\"https:\/\/i0.wp.com\/grifk-handball.com\/miehet\/wp-content\/uploads\/sites\/2\/2023\/03\/DSC_1917_GrIFK_4_3_2023-scaled.jpg?w=2560&amp;ssl=1 2560w, https:\/\/i0.wp.com\/grifk-handball.com\/miehet\/wp-content\/uploads\/sites\/2\/2023\/03\/DSC_1917_GrIFK_4_3_2023-scaled.jpg?resize=300%2C200&amp;ssl=1 300w, https:\/\/i0.wp.com\/grifk-handball.com\/miehet\/wp-content\/uploads\/sites\/2\/2023\/03\/DSC_1917_GrIFK_4_3_2023-scaled.jpg?resize=1030%2C686&amp;ssl=1 1030w, https:\/\/i0.wp.com\/grifk-handball.com\/miehet\/wp-content\/uploads\/sites\/2\/2023\/03\/DSC_1917_GrIFK_4_3_2023-scaled.jpg?resize=768%2C512&amp;ssl=1 768w, https:\/\/i0.wp.com\/grifk-handball.com\/miehet\/wp-content\/uploads\/sites\/2\/2023\/03\/DSC_1917_GrIFK_4_3_2023-scaled.jpg?resize=1536%2C1023&amp;ssl=1 1536w, https:\/\/i0.wp.com\/grifk-handball.com\/miehet\/wp-content\/uploads\/sites\/2\/2023\/03\/DSC_1917_GrIFK_4_3_2023-scaled.jpg?resize=2048%2C1364&amp;ssl=1 2048w, https:\/\/i0.wp.com\/grifk-handball.com\/miehet\/wp-content\/uploads\/sites\/2\/2023\/03\/DSC_1917_GrIFK_4_3_2023-scaled.jpg?resize=1500%2C999&amp;ssl=1 1500w, https:\/\/i0.wp.com\/grifk-handball.com\/miehet\/wp-content\/uploads\/sites\/2\/2023\/03\/DSC_1917_GrIFK_4_3_2023-scaled.jpg?resize=705%2C470&amp;ssl=1 705w\" data-sizes=\"(max-width: 1030px) 100vw, 1030px\" class='avia_image '  aria-label='DSC_1917_GrIFK_4_3_2023'><img decoding=\"async\" fetchpriority=\"high\" class='wp-image-18917 avia-img-lazy-loading-not-18917 avia_image ' src=\"https:\/\/i0.wp.com\/grifk-handball.com\/miehet\/wp-content\/uploads\/sites\/2\/2023\/03\/DSC_1917_GrIFK_4_3_2023-scaled.jpg?fit=1030%2C686&ssl=1\" alt='' title='DSC_1917_GrIFK_4_3_2023'  height=\"686\" width=\"1030\"  itemprop=\"thumbnailUrl\" srcset=\"https:\/\/i0.wp.com\/grifk-handball.com\/miehet\/wp-content\/uploads\/sites\/2\/2023\/03\/DSC_1917_GrIFK_4_3_2023-scaled.jpg?w=2560&amp;ssl=1 2560w, https:\/\/i0.wp.com\/grifk-handball.com\/miehet\/wp-content\/uploads\/sites\/2\/2023\/03\/DSC_1917_GrIFK_4_3_2023-scaled.jpg?resize=300%2C200&amp;ssl=1 300w, https:\/\/i0.wp.com\/grifk-handball.com\/miehet\/wp-content\/uploads\/sites\/2\/2023\/03\/DSC_1917_GrIFK_4_3_2023-scaled.jpg?resize=1030%2C686&amp;ssl=1 1030w, https:\/\/i0.wp.com\/grifk-handball.com\/miehet\/wp-content\/uploads\/sites\/2\/2023\/03\/DSC_1917_GrIFK_4_3_2023-scaled.jpg?resize=768%2C512&amp;ssl=1 768w, https:\/\/i0.wp.com\/grifk-handball.com\/miehet\/wp-content\/uploads\/sites\/2\/2023\/03\/DSC_1917_GrIFK_4_3_2023-scaled.jpg?resize=1536%2C1023&amp;ssl=1 1536w, https:\/\/i0.wp.com\/grifk-handball.com\/miehet\/wp-content\/uploads\/sites\/2\/2023\/03\/DSC_1917_GrIFK_4_3_2023-scaled.jpg?resize=2048%2C1364&amp;ssl=1 2048w, https:\/\/i0.wp.com\/grifk-handball.com\/miehet\/wp-content\/uploads\/sites\/2\/2023\/03\/DSC_1917_GrIFK_4_3_2023-scaled.jpg?resize=1500%2C999&amp;ssl=1 1500w, https:\/\/i0.wp.com\/grifk-handball.com\/miehet\/wp-content\/uploads\/sites\/2\/2023\/03\/DSC_1917_GrIFK_4_3_2023-scaled.jpg?resize=705%2C470&amp;ssl=1 705w\" sizes=\"(max-width: 1030px) 100vw, 1030px\" \/><\/a><\/div><\/div><\/div><\/p><\/div><div  class='flex_column av-346dhw4-47cd9072febc65f7ef0e6d9ff28072b6 av_one_fifth  avia-builder-el-13  el_after_av_three_fifth  avia-builder-el-last  flex_column_div av-hide-on-mobile  '     ><\/div>\n\n<\/div><\/div><\/div><!-- close content main div --><\/div><\/div><div id='av-layout-grid-3'  class='av-layout-grid-container av-3tp9wyc-60648c984d3fa29ef6a79917fbe5e437 entry-content-wrapper footer_color av-flex-cells  avia-builder-el-14  el_after_av_section  el_before_av_section  grid-row-not-first av-desktop-hide av-medium-hide container_wrap sidebar_right'  >\n\n<style type=\"text\/css\" data-created_by=\"avia_inline_auto\" id=\"style-css-av-3kshk7o-af5c1be29466bf55bb4bbe6055d7f272\">\n.flex_cell.av-3kshk7o-af5c1be29466bf55bb4bbe6055d7f272{\nvertical-align:top;\n}\n.responsive #top #wrap_all .flex_cell.av-3kshk7o-af5c1be29466bf55bb4bbe6055d7f272{\npadding:0px 0px 0px 0px !important;\n}\n<\/style>\n<div class='flex_cell av-3kshk7o-af5c1be29466bf55bb4bbe6055d7f272 av-gridrow-cell av_one_full no_margin  avia-builder-el-15  avia-builder-el-no-sibling  content-align-top av-zero-padding'  ><div class='flex_cell_inner'>\n<style type=\"text\/css\" data-created_by=\"avia_inline_auto\" id=\"style-css-av-lfgrfu2h-12579f2c678edfa12e21e8cce371913f\">\n.avia-image-container.av-lfgrfu2h-12579f2c678edfa12e21e8cce371913f img.avia_image{\nbox-shadow:none;\n}\n.avia-image-container.av-lfgrfu2h-12579f2c678edfa12e21e8cce371913f .av-image-caption-overlay-center{\ncolor:#ffffff;\n}\n<\/style>\n<div  class='avia-image-container av-lfgrfu2h-12579f2c678edfa12e21e8cce371913f av-styling- av-img-linked avia-align-center  avia-builder-el-16  avia-builder-el-no-sibling '   itemprop=\"image\" itemscope=\"itemscope\" itemtype=\"https:\/\/schema.org\/ImageObject\" ><div class=\"avia-image-container-inner\"><div class=\"avia-image-overlay-wrap\"><a href=\"https:\/\/i0.wp.com\/grifk-handball.com\/miehet\/wp-content\/uploads\/sites\/2\/2023\/03\/Hall-Of-Fame-viiri.jpg?fit=1030%2C1030&#038;ssl=1\" data-srcset=\"https:\/\/i0.wp.com\/grifk-handball.com\/miehet\/wp-content\/uploads\/sites\/2\/2023\/03\/Hall-Of-Fame-viiri.jpg?w=1500&amp;ssl=1 1500w, https:\/\/i0.wp.com\/grifk-handball.com\/miehet\/wp-content\/uploads\/sites\/2\/2023\/03\/Hall-Of-Fame-viiri.jpg?resize=300%2C300&amp;ssl=1 300w, https:\/\/i0.wp.com\/grifk-handball.com\/miehet\/wp-content\/uploads\/sites\/2\/2023\/03\/Hall-Of-Fame-viiri.jpg?resize=1030%2C1030&amp;ssl=1 1030w, https:\/\/i0.wp.com\/grifk-handball.com\/miehet\/wp-content\/uploads\/sites\/2\/2023\/03\/Hall-Of-Fame-viiri.jpg?resize=80%2C80&amp;ssl=1 80w, https:\/\/i0.wp.com\/grifk-handball.com\/miehet\/wp-content\/uploads\/sites\/2\/2023\/03\/Hall-Of-Fame-viiri.jpg?resize=768%2C768&amp;ssl=1 768w, https:\/\/i0.wp.com\/grifk-handball.com\/miehet\/wp-content\/uploads\/sites\/2\/2023\/03\/Hall-Of-Fame-viiri.jpg?resize=36%2C36&amp;ssl=1 36w, https:\/\/i0.wp.com\/grifk-handball.com\/miehet\/wp-content\/uploads\/sites\/2\/2023\/03\/Hall-Of-Fame-viiri.jpg?resize=180%2C180&amp;ssl=1 180w, https:\/\/i0.wp.com\/grifk-handball.com\/miehet\/wp-content\/uploads\/sites\/2\/2023\/03\/Hall-Of-Fame-viiri.jpg?resize=705%2C705&amp;ssl=1 705w, https:\/\/i0.wp.com\/grifk-handball.com\/miehet\/wp-content\/uploads\/sites\/2\/2023\/03\/Hall-Of-Fame-viiri.jpg?resize=50%2C50&amp;ssl=1 50w\" data-sizes=\"(max-width: 1030px) 100vw, 1030px\" class='avia_image '  aria-label='Hall Of Fame viiri'><img decoding=\"async\" fetchpriority=\"high\" class='wp-image-19203 avia-img-lazy-loading-not-19203 avia_image ' src=\"https:\/\/i0.wp.com\/grifk-handball.com\/miehet\/wp-content\/uploads\/sites\/2\/2023\/03\/Hall-Of-Fame-viiri.jpg?fit=1030%2C1030&ssl=1\" alt='' title='Hall Of Fame viiri'  height=\"1030\" width=\"1030\"  itemprop=\"thumbnailUrl\" srcset=\"https:\/\/i0.wp.com\/grifk-handball.com\/miehet\/wp-content\/uploads\/sites\/2\/2023\/03\/Hall-Of-Fame-viiri.jpg?w=1500&amp;ssl=1 1500w, https:\/\/i0.wp.com\/grifk-handball.com\/miehet\/wp-content\/uploads\/sites\/2\/2023\/03\/Hall-Of-Fame-viiri.jpg?resize=300%2C300&amp;ssl=1 300w, https:\/\/i0.wp.com\/grifk-handball.com\/miehet\/wp-content\/uploads\/sites\/2\/2023\/03\/Hall-Of-Fame-viiri.jpg?resize=1030%2C1030&amp;ssl=1 1030w, https:\/\/i0.wp.com\/grifk-handball.com\/miehet\/wp-content\/uploads\/sites\/2\/2023\/03\/Hall-Of-Fame-viiri.jpg?resize=80%2C80&amp;ssl=1 80w, https:\/\/i0.wp.com\/grifk-handball.com\/miehet\/wp-content\/uploads\/sites\/2\/2023\/03\/Hall-Of-Fame-viiri.jpg?resize=768%2C768&amp;ssl=1 768w, https:\/\/i0.wp.com\/grifk-handball.com\/miehet\/wp-content\/uploads\/sites\/2\/2023\/03\/Hall-Of-Fame-viiri.jpg?resize=36%2C36&amp;ssl=1 36w, https:\/\/i0.wp.com\/grifk-handball.com\/miehet\/wp-content\/uploads\/sites\/2\/2023\/03\/Hall-Of-Fame-viiri.jpg?resize=180%2C180&amp;ssl=1 180w, https:\/\/i0.wp.com\/grifk-handball.com\/miehet\/wp-content\/uploads\/sites\/2\/2023\/03\/Hall-Of-Fame-viiri.jpg?resize=705%2C705&amp;ssl=1 705w, https:\/\/i0.wp.com\/grifk-handball.com\/miehet\/wp-content\/uploads\/sites\/2\/2023\/03\/Hall-Of-Fame-viiri.jpg?resize=50%2C50&amp;ssl=1 50w\" sizes=\"(max-width: 1030px) 100vw, 1030px\" \/><\/a><\/div><\/div><\/div>\n<\/div><\/div>\n<\/div>\n<div id='av_section_2'  class='avia-section av-lfgpt9pc-205aaac6aff56ae134ebd4bfb65ef15d alternate_color avia-section-default avia-no-border-styling  avia-builder-el-17  el_after_av_layout_row  el_before_av_section  avia-bg-style-scroll container_wrap sidebar_right'  ><div class='container av-section-cont-open' ><div class='template-page content  av-content-small alpha units'><div class='post-entry post-entry-type-page post-entry-19124'><div class='entry-content-wrapper clearfix'>\n<div  class='flex_column av-2gs5pjo-33e0060e9d75211564f38465ea3bb8b7 av_one_fifth  avia-builder-el-18  el_before_av_three_fifth  avia-builder-el-first  first flex_column_div av-hide-on-mobile  '     ><style type=\"text\/css\" data-created_by=\"avia_inline_auto\" id=\"style-css-av-ara4k8k-1ec9dd8b212604c08b24d0897f42233d\">\n.avia-image-container.av-ara4k8k-1ec9dd8b212604c08b24d0897f42233d img.avia_image{\nbox-shadow:none;\n}\n.avia-image-container.av-ara4k8k-1ec9dd8b212604c08b24d0897f42233d .av-image-caption-overlay-center{\ncolor:#ffffff;\n}\n<\/style>\n<div  class='avia-image-container av-ara4k8k-1ec9dd8b212604c08b24d0897f42233d av-styling- av-img-linked avia-align-center  avia-builder-el-19  avia-builder-el-no-sibling '   itemprop=\"image\" itemscope=\"itemscope\" itemtype=\"https:\/\/schema.org\/ImageObject\" ><div class=\"avia-image-container-inner\"><div class=\"avia-image-overlay-wrap\"><a href=\"https:\/\/i0.wp.com\/grifk-handball.com\/miehet\/wp-content\/uploads\/sites\/2\/2016\/10\/logo-grifk-iso.png?fit=883%2C1030&#038;ssl=1\" data-srcset=\"https:\/\/i0.wp.com\/grifk-handball.com\/miehet\/wp-content\/uploads\/sites\/2\/2016\/10\/logo-grifk-iso.png?w=1200&amp;ssl=1 1200w, https:\/\/i0.wp.com\/grifk-handball.com\/miehet\/wp-content\/uploads\/sites\/2\/2016\/10\/logo-grifk-iso.png?resize=257%2C300&amp;ssl=1 257w, https:\/\/i0.wp.com\/grifk-handball.com\/miehet\/wp-content\/uploads\/sites\/2\/2016\/10\/logo-grifk-iso.png?resize=768%2C896&amp;ssl=1 768w, https:\/\/i0.wp.com\/grifk-handball.com\/miehet\/wp-content\/uploads\/sites\/2\/2016\/10\/logo-grifk-iso.png?resize=883%2C1030&amp;ssl=1 883w, https:\/\/i0.wp.com\/grifk-handball.com\/miehet\/wp-content\/uploads\/sites\/2\/2016\/10\/logo-grifk-iso.png?resize=604%2C705&amp;ssl=1 604w, https:\/\/i0.wp.com\/grifk-handball.com\/miehet\/wp-content\/uploads\/sites\/2\/2016\/10\/logo-grifk-iso.png?resize=450%2C525&amp;ssl=1 450w\" data-sizes=\"(max-width: 883px) 100vw, 883px\" class='avia_image '  aria-label='GrIFK'><img decoding=\"async\" fetchpriority=\"high\" class='wp-image-1834 avia-img-lazy-loading-not-1834 avia_image ' src=\"https:\/\/i0.wp.com\/grifk-handball.com\/miehet\/wp-content\/uploads\/sites\/2\/2016\/10\/logo-grifk-iso.png?fit=883%2C1030&ssl=1\" alt='' title='GrIFK'  height=\"1030\" width=\"883\"  itemprop=\"thumbnailUrl\" srcset=\"https:\/\/i0.wp.com\/grifk-handball.com\/miehet\/wp-content\/uploads\/sites\/2\/2016\/10\/logo-grifk-iso.png?w=1200&amp;ssl=1 1200w, https:\/\/i0.wp.com\/grifk-handball.com\/miehet\/wp-content\/uploads\/sites\/2\/2016\/10\/logo-grifk-iso.png?resize=257%2C300&amp;ssl=1 257w, https:\/\/i0.wp.com\/grifk-handball.com\/miehet\/wp-content\/uploads\/sites\/2\/2016\/10\/logo-grifk-iso.png?resize=768%2C896&amp;ssl=1 768w, https:\/\/i0.wp.com\/grifk-handball.com\/miehet\/wp-content\/uploads\/sites\/2\/2016\/10\/logo-grifk-iso.png?resize=883%2C1030&amp;ssl=1 883w, https:\/\/i0.wp.com\/grifk-handball.com\/miehet\/wp-content\/uploads\/sites\/2\/2016\/10\/logo-grifk-iso.png?resize=604%2C705&amp;ssl=1 604w, https:\/\/i0.wp.com\/grifk-handball.com\/miehet\/wp-content\/uploads\/sites\/2\/2016\/10\/logo-grifk-iso.png?resize=450%2C525&amp;ssl=1 450w\" sizes=\"(max-width: 883px) 100vw, 883px\" \/><\/a><\/div><\/div><\/div><\/div><div  class='flex_column av-7o7eac-4edb10cbee9ba25e61a00da33413ba10 av_three_fifth  avia-builder-el-20  el_after_av_one_fifth  el_before_av_one_fifth  flex_column_div  '     ><section  class='av_textblock_section av-1the8ic-f2ae4c7a088aff99bc1f030e2e11f0d2 '   itemscope=\"itemscope\" itemtype=\"https:\/\/schema.org\/CreativeWork\" ><div class='avia_textblock'  itemprop=\"text\" ><h3>Jalkapallomaalivahdista tuli k\u00e4sipallomaalivahti<\/h3>\n<p>Segersvenin k\u00e4sipalloura alkoi kun GrIFK:n k\u00e4sipallojaostoon oli juuri perustettu uusi E-juniorijoukkue, joka oli maalivahtia vailla. Jalkapallossa maalivahtina ollut Segersven lupasi tulla testaamaan. Testi j\u00e4i pysyv\u00e4ksi.<\/p>\n<p>&#8211; En varmaankaan olisi l\u00f6yt\u00e4nyt k\u00e4sipalloa, jos Gunnar Heinonen ei olisi houkutellut mukaan. Siihen aikaan ollut mit\u00e4\u00e4n School toureja tai vastaavia, silloin tehtiin sit\u00e4 mit\u00e4 kaveritkin tekee. Pelasin l\u00e4tk\u00e4\u00e4 ja futista ennen k\u00e4sist\u00e4, eli se oli kolmas laji, vaikka kaikki tulikin aika nuorella i\u00e4ll\u00e4.<\/p>\n<p>Maalivahdin tontti on aina tuntunut luonnollisesta paikalta.<\/p>\n<p>&#8211; Siell\u00e4 on vaan aina ollut jotenkin turvallinen ja hyv\u00e4 olla, ja pelin lopputulokseen pystyy vaikuttamaan suhteellisen hyvin. Siin\u00e4 maalivahdilla tietysti on erikoinen rooli.<\/p>\n<p>Kentt\u00e4pelaajana Segersven kokeili jonkun verran, mutta maalivahdin tontti j\u00e4i kaikesta huolimatta.<\/p>\n<p>&#8211; En min\u00e4 ikin\u00e4 pel\u00e4nnyt palloa tai kolhuja. Nuorena oli tietysti aika lailla kokoa ja jonkin verran heittovoimaa, ett\u00e4 olin kyll\u00e4 silloin t\u00e4ll\u00f6in mukana hy\u00f6kk\u00e4yksiss\u00e4kin. Pelattiin jo silloin 7v6, mutta ilman ett\u00e4 tehtiin vaihtoja. Ne oli kuitenkin enemm\u00e4n sellaisia kolme muuriin ja vapareita.<\/p>\n<p>Junioreissa 1975 syntyneen Segersvenin taidot karttuivat ensin omissa ik\u00e4luokissa, ja v\u00e4hitellen h\u00e4net otettiin mukaan vanhempien ik\u00e4luokkaan.<\/p>\n<p>&#8211; Silloinhan pelattiin joka toinen vuosi vanhempana ja joka toinen nuorempana ik\u00e4luokkana. Pelasin siis sek\u00e4 1974- ja 1976-syntyneiden kanssa joka toinen vuosi, mutta sanoisin ett\u00e4 omaa ik\u00e4luokkaa isompi juttu oli 1973-syntyneiden joukkue, joiden kanssa my\u00f6s pelasin jo ensi metreist\u00e4 saakka. Siell\u00e4 meit\u00e4 valmensi Michael Stenius, joka oli itsekin maalivahti. H\u00e4n otti minut \u201csiipiens\u00e4 suojaan\u201d ja alkoi kiritt\u00e4m\u00e4\u00e4n.<\/p>\n<p>1973-syntyneist\u00e4 muodostui lopulta GrIFK:n 1990-luvun menestysjoukkueeseen tietynlainen ydinryhm\u00e4, josta nousi useampikin pelaaja samoihin aikoihin Granin edustusjoukkueeseen. Tutut kaverit ymp\u00e4rill\u00e4 helpotti sopeutumista uudella tasolla.<\/p>\n<p>&#8211; Oli siis v\u00e4h\u00e4n niinkuin samaa ik\u00e4ryhm\u00e4\u00e4, vaikka ne v\u00e4h\u00e4n vanhempia olikin, mutta paljon junnuista tuttuja naamoja, ettei tarvinnut olla ensimm\u00e4isin\u00e4 vuosina ihan yksin. Rasmus Lundenin kanssa me pelattiin parina tosi pitk\u00e4\u00e4n.<\/p>\n<\/div><\/section><\/div><div  class='flex_column av-13v7xmc-cb4a4134fd4e855484f68030708500d5 av_one_fifth  avia-builder-el-22  el_after_av_three_fifth  avia-builder-el-last  flex_column_div av-hide-on-mobile  '     ><\/div>\n\n<\/div><\/div><\/div><!-- close content main div --><\/div><\/div><div id='av_section_3'  class='avia-section av-lfgpyolr-fe499543d2087bca0d34ea315d417b5e socket_color avia-section-default avia-no-border-styling  avia-builder-el-23  el_after_av_section  el_before_av_layout_row  avia-bg-style-scroll container_wrap sidebar_right'  ><div class='container av-section-cont-open' ><div class='template-page content  av-content-small alpha units'><div class='post-entry post-entry-type-page post-entry-19124'><div class='entry-content-wrapper clearfix'>\n<div class='flex_column_table av-b3sgu7o-28f16bda7c45a950c3af73b1a9a47832 sc-av_two_fifth av-mobile-columns-flex av-columns-reverse av-equal-height-column-flextable'><div  class='flex_column av-b3sgu7o-28f16bda7c45a950c3af73b1a9a47832 av_two_fifth  avia-builder-el-24  el_before_av_three_fifth  avia-builder-el-first  first flex_column_table_cell av-equal-height-column av-align-middle av-hide-on-mobile  '     ><p>\n<style type=\"text\/css\" data-created_by=\"avia_inline_auto\" id=\"style-css-av-jly2qc-0e954d18d63e04c650268619f8675a1a\">\n.avia-image-container.av-jly2qc-0e954d18d63e04c650268619f8675a1a img.avia_image{\nbox-shadow:none;\n}\n.avia-image-container.av-jly2qc-0e954d18d63e04c650268619f8675a1a .av-image-caption-overlay-center{\ncolor:#ffffff;\n}\n<\/style>\n<div  class='avia-image-container av-jly2qc-0e954d18d63e04c650268619f8675a1a av-styling- av-img-linked avia-align-center  avia-builder-el-25  el_before_av_image  avia-builder-el-first '   itemprop=\"image\" itemscope=\"itemscope\" itemtype=\"https:\/\/schema.org\/ImageObject\" ><div class=\"avia-image-container-inner\"><div class=\"avia-image-overlay-wrap\"><a href=\"https:\/\/i0.wp.com\/grifk-handball.com\/miehet\/wp-content\/uploads\/sites\/2\/2016\/10\/GRANI2.jpg?fit=1030%2C687&#038;ssl=1\" data-srcset=\"https:\/\/i0.wp.com\/grifk-handball.com\/miehet\/wp-content\/uploads\/sites\/2\/2016\/10\/GRANI2.jpg?w=1536&amp;ssl=1 1536w, https:\/\/i0.wp.com\/grifk-handball.com\/miehet\/wp-content\/uploads\/sites\/2\/2016\/10\/GRANI2.jpg?resize=300%2C200&amp;ssl=1 300w, https:\/\/i0.wp.com\/grifk-handball.com\/miehet\/wp-content\/uploads\/sites\/2\/2016\/10\/GRANI2.jpg?resize=768%2C512&amp;ssl=1 768w, https:\/\/i0.wp.com\/grifk-handball.com\/miehet\/wp-content\/uploads\/sites\/2\/2016\/10\/GRANI2.jpg?resize=1030%2C687&amp;ssl=1 1030w, https:\/\/i0.wp.com\/grifk-handball.com\/miehet\/wp-content\/uploads\/sites\/2\/2016\/10\/GRANI2.jpg?resize=1500%2C1000&amp;ssl=1 1500w, https:\/\/i0.wp.com\/grifk-handball.com\/miehet\/wp-content\/uploads\/sites\/2\/2016\/10\/GRANI2.jpg?resize=705%2C470&amp;ssl=1 705w, https:\/\/i0.wp.com\/grifk-handball.com\/miehet\/wp-content\/uploads\/sites\/2\/2016\/10\/GRANI2.jpg?resize=450%2C300&amp;ssl=1 450w\" data-sizes=\"(max-width: 1030px) 100vw, 1030px\" class='avia_image '  aria-label='grani2'><img decoding=\"async\" fetchpriority=\"high\" class='wp-image-1828 avia-img-lazy-loading-not-1828 avia_image ' src=\"https:\/\/i0.wp.com\/grifk-handball.com\/miehet\/wp-content\/uploads\/sites\/2\/2016\/10\/GRANI2.jpg?fit=1030%2C687&ssl=1\" alt='' title='grani2'  height=\"687\" width=\"1030\"  itemprop=\"thumbnailUrl\" srcset=\"https:\/\/i0.wp.com\/grifk-handball.com\/miehet\/wp-content\/uploads\/sites\/2\/2016\/10\/GRANI2.jpg?w=1536&amp;ssl=1 1536w, https:\/\/i0.wp.com\/grifk-handball.com\/miehet\/wp-content\/uploads\/sites\/2\/2016\/10\/GRANI2.jpg?resize=300%2C200&amp;ssl=1 300w, https:\/\/i0.wp.com\/grifk-handball.com\/miehet\/wp-content\/uploads\/sites\/2\/2016\/10\/GRANI2.jpg?resize=768%2C512&amp;ssl=1 768w, https:\/\/i0.wp.com\/grifk-handball.com\/miehet\/wp-content\/uploads\/sites\/2\/2016\/10\/GRANI2.jpg?resize=1030%2C687&amp;ssl=1 1030w, https:\/\/i0.wp.com\/grifk-handball.com\/miehet\/wp-content\/uploads\/sites\/2\/2016\/10\/GRANI2.jpg?resize=1500%2C1000&amp;ssl=1 1500w, https:\/\/i0.wp.com\/grifk-handball.com\/miehet\/wp-content\/uploads\/sites\/2\/2016\/10\/GRANI2.jpg?resize=705%2C470&amp;ssl=1 705w, https:\/\/i0.wp.com\/grifk-handball.com\/miehet\/wp-content\/uploads\/sites\/2\/2016\/10\/GRANI2.jpg?resize=450%2C300&amp;ssl=1 450w\" sizes=\"(max-width: 1030px) 100vw, 1030px\" \/><\/a><\/div><\/div><\/div><br \/>\n\n<style type=\"text\/css\" data-created_by=\"avia_inline_auto\" id=\"style-css-av-9xj1qyc-c6c02c4434a4ed2b29a882b121c80809\">\n.avia-image-container.av-9xj1qyc-c6c02c4434a4ed2b29a882b121c80809 img.avia_image{\nbox-shadow:none;\n}\n.avia-image-container.av-9xj1qyc-c6c02c4434a4ed2b29a882b121c80809 .av-image-caption-overlay-center{\ncolor:#ffffff;\n}\n<\/style>\n<div  class='avia-image-container av-9xj1qyc-c6c02c4434a4ed2b29a882b121c80809 av-styling- av-img-linked avia-align-center  avia-builder-el-26  el_after_av_image  avia-builder-el-last '   itemprop=\"image\" itemscope=\"itemscope\" itemtype=\"https:\/\/schema.org\/ImageObject\" ><div class=\"avia-image-container-inner\"><div class=\"avia-image-overlay-wrap\"><a href=\"https:\/\/i0.wp.com\/grifk-handball.com\/miehet\/wp-content\/uploads\/sites\/2\/2016\/10\/GRANI4.jpg?fit=1030%2C687&#038;ssl=1\" data-srcset=\"https:\/\/i0.wp.com\/grifk-handball.com\/miehet\/wp-content\/uploads\/sites\/2\/2016\/10\/GRANI4.jpg?w=1536&amp;ssl=1 1536w, https:\/\/i0.wp.com\/grifk-handball.com\/miehet\/wp-content\/uploads\/sites\/2\/2016\/10\/GRANI4.jpg?resize=300%2C200&amp;ssl=1 300w, https:\/\/i0.wp.com\/grifk-handball.com\/miehet\/wp-content\/uploads\/sites\/2\/2016\/10\/GRANI4.jpg?resize=768%2C512&amp;ssl=1 768w, https:\/\/i0.wp.com\/grifk-handball.com\/miehet\/wp-content\/uploads\/sites\/2\/2016\/10\/GRANI4.jpg?resize=1030%2C687&amp;ssl=1 1030w, https:\/\/i0.wp.com\/grifk-handball.com\/miehet\/wp-content\/uploads\/sites\/2\/2016\/10\/GRANI4.jpg?resize=1500%2C1000&amp;ssl=1 1500w, https:\/\/i0.wp.com\/grifk-handball.com\/miehet\/wp-content\/uploads\/sites\/2\/2016\/10\/GRANI4.jpg?resize=705%2C470&amp;ssl=1 705w, https:\/\/i0.wp.com\/grifk-handball.com\/miehet\/wp-content\/uploads\/sites\/2\/2016\/10\/GRANI4.jpg?resize=450%2C300&amp;ssl=1 450w\" data-sizes=\"(max-width: 1030px) 100vw, 1030px\" class='avia_image '  aria-label='grani4'><img decoding=\"async\" fetchpriority=\"high\" class='wp-image-1830 avia-img-lazy-loading-not-1830 avia_image ' src=\"https:\/\/i0.wp.com\/grifk-handball.com\/miehet\/wp-content\/uploads\/sites\/2\/2016\/10\/GRANI4.jpg?fit=1030%2C687&ssl=1\" alt='' title='grani4'  height=\"687\" width=\"1030\"  itemprop=\"thumbnailUrl\" srcset=\"https:\/\/i0.wp.com\/grifk-handball.com\/miehet\/wp-content\/uploads\/sites\/2\/2016\/10\/GRANI4.jpg?w=1536&amp;ssl=1 1536w, https:\/\/i0.wp.com\/grifk-handball.com\/miehet\/wp-content\/uploads\/sites\/2\/2016\/10\/GRANI4.jpg?resize=300%2C200&amp;ssl=1 300w, https:\/\/i0.wp.com\/grifk-handball.com\/miehet\/wp-content\/uploads\/sites\/2\/2016\/10\/GRANI4.jpg?resize=768%2C512&amp;ssl=1 768w, https:\/\/i0.wp.com\/grifk-handball.com\/miehet\/wp-content\/uploads\/sites\/2\/2016\/10\/GRANI4.jpg?resize=1030%2C687&amp;ssl=1 1030w, https:\/\/i0.wp.com\/grifk-handball.com\/miehet\/wp-content\/uploads\/sites\/2\/2016\/10\/GRANI4.jpg?resize=1500%2C1000&amp;ssl=1 1500w, https:\/\/i0.wp.com\/grifk-handball.com\/miehet\/wp-content\/uploads\/sites\/2\/2016\/10\/GRANI4.jpg?resize=705%2C470&amp;ssl=1 705w, https:\/\/i0.wp.com\/grifk-handball.com\/miehet\/wp-content\/uploads\/sites\/2\/2016\/10\/GRANI4.jpg?resize=450%2C300&amp;ssl=1 450w\" sizes=\"(max-width: 1030px) 100vw, 1030px\" \/><\/a><\/div><\/div><\/div><\/p><\/div><div class='av-flex-placeholder'><\/div><div  class='flex_column av-ahwq7pw-1ae18875e4f96f382907432b8663a62f av_three_fifth  avia-builder-el-27  el_after_av_two_fifth  avia-builder-el-last  flex_column_table_cell av-equal-height-column av-align-middle  '     ><section  class='av_textblock_section av-blcggus-a9d941953c1df6a255e83d0ed7fc9e46 '   itemscope=\"itemscope\" itemtype=\"https:\/\/schema.org\/CreativeWork\" ><div class='avia_textblock'  itemprop=\"text\" ><h3>SM-sarjassa heti menestyst\u00e4<\/h3>\n<p>GrIFK pelasi SM-sarjassa ensimm\u00e4isen kerran kaudella 1979\/80. Ensimm\u00e4iset p\u00e4\u00e4sarjavuodet eiv\u00e4t isompaa menestyst\u00e4 tuoneet, pikemminkin p\u00e4in vastoin. Pari kertaa joukkue joutui hakemaan vauhtia divarista, kunnes tuli Segersvenin debyyttikausi 1991\/92, joka p\u00e4\u00e4ttyi seuran historian ensimm\u00e4iseen SM-mitaliin ja hopeajuhliin.<\/p>\n<p>&#8211; H\u00e4vittiin finaalit BK-46:lle aika pystyyn. Neh\u00e4n oli tosi kovia ja kokeneita &#8211; oli voittanut jo paljon,\u00a0 ja voittivat varmaan kymmenen kultaa putkeen. Silloin Andrianov pelasi meill\u00e4 ensimm\u00e4isen kauden ja virolainen Ahmed Porkveli oli pelannut pari kautta. Robert Stubb oli jo l\u00e4htenyt Karlskronaan, mutta Patrik Palmgren ja Tom Lindfors olivat palanneet takaisin HIFK:sta ja Siuntiosta. Eli meill\u00e4 oli pari paluumuuttajaa, pari nostoa omista junnuista ja pari ulkomaan vahvistusta. Se sitten johti siihen, ett\u00e4 saatiin menestyst\u00e4 aikaiseksi.<\/p>\n<p>Kev\u00e4\u00e4ll\u00e4 1992 alkanut mitaliputki kesti kaikkiaan yhdeks\u00e4n kauden ajan, kruununa kev\u00e4\u00e4n 1999 tuplamestaruus, jolloin joukkueen kapteenina toimi 24-vuotias Christian Segersven.<\/p>\n<p>&#8211; Se oli tosi kova porukka. Kaj Kekki oli jo pari vuotta ennen mestaruutta valmentanut meit\u00e4, Christer Ahlberg ja Fredrik Udd tuli vahvistamaan jo ennest\u00e4\u00e4n vahvaa joukkuetta. Kaikki olivat pysyneet mukana jo pitk\u00e4\u00e4n, Slavat (Andrianov) ja Stasit (Stanislav Kopyl) ja Miikut (Mikael Forsblom). Ainoa l\u00e4htenyt oli Marcus Sj\u00f6stedt, joka pelasi jo Alings\u00e5sissa.<\/p>\n<p>Seuraavana vuonna oli edess\u00e4 europelit huippujoukkue Fotex Veszpremi\u00e4 vastaan, mutta Granin joukkue oli jo huomattavasti heikompi.<\/p>\n<p>&#8211; Se oli s\u00e4\u00e4li, ettei p\u00e4\u00e4sty kokeilemaan sill\u00e4 parhaalla jengill\u00e4, ett\u00e4 olisi pystytty edes v\u00e4h\u00e4n pist\u00e4m\u00e4\u00e4n kampoihin, kuten Dicken teki Badel Zagrebia vastaan 1993. Mutta olihan se vastus tietysti sit\u00e4 luokkaa, ett\u00e4 eih\u00e4n sit\u00e4 olisi pystynyt kampittamaan vaikka olisi mik\u00e4 ryhm\u00e4 ollut.<\/p>\n<p>&#8211; 1-0 me johdettiin! Sen muistan, kun Forsblom heitti alavedon maaliin!<\/p>\n<\/div><\/section><\/div><\/div><!--close column table wrapper. Autoclose: 1 -->\n\n<\/div><\/div><\/div><!-- close content main div --><\/div><\/div><div id='av-layout-grid-4'  class='av-layout-grid-container av-2uhlrpw-aca0b59fd557d5d9c63ba327bed4fe1c entry-content-wrapper footer_color av-flex-cells  avia-builder-el-29  el_after_av_section  el_before_av_section  grid-row-not-first av-desktop-hide av-medium-hide container_wrap sidebar_right'  >\n\n<style type=\"text\/css\" data-created_by=\"avia_inline_auto\" id=\"style-css-av-2i5xjpw-b5066929a6edb8d81c72e2efd869f068\">\n.flex_cell.av-2i5xjpw-b5066929a6edb8d81c72e2efd869f068{\nvertical-align:top;\n}\n.responsive #top #wrap_all .flex_cell.av-2i5xjpw-b5066929a6edb8d81c72e2efd869f068{\npadding:0px 0px 0px 0px !important;\n}\n<\/style>\n<div class='flex_cell av-2i5xjpw-b5066929a6edb8d81c72e2efd869f068 av-gridrow-cell av_one_full no_margin  avia-builder-el-30  avia-builder-el-no-sibling  content-align-top av-zero-padding'  ><div class='flex_cell_inner'>\n<style type=\"text\/css\" data-created_by=\"avia_inline_auto\" id=\"style-css-av-2546jf8-bb748ec92d4fc31673ce296ee8863026\">\n.avia-image-container.av-2546jf8-bb748ec92d4fc31673ce296ee8863026 img.avia_image{\nbox-shadow:none;\n}\n.avia-image-container.av-2546jf8-bb748ec92d4fc31673ce296ee8863026 .av-image-caption-overlay-center{\ncolor:#ffffff;\n}\n<\/style>\n<div  class='avia-image-container av-2546jf8-bb748ec92d4fc31673ce296ee8863026 av-styling- av-img-linked avia-align-center  avia-builder-el-31  avia-builder-el-no-sibling '   itemprop=\"image\" itemscope=\"itemscope\" itemtype=\"https:\/\/schema.org\/ImageObject\" ><div class=\"avia-image-container-inner\"><div class=\"avia-image-overlay-wrap\"><a href=\"https:\/\/i0.wp.com\/grifk-handball.com\/miehet\/wp-content\/uploads\/sites\/2\/2016\/10\/GRANI4.jpg?fit=1030%2C687&#038;ssl=1\" data-srcset=\"https:\/\/i0.wp.com\/grifk-handball.com\/miehet\/wp-content\/uploads\/sites\/2\/2016\/10\/GRANI4.jpg?w=1536&amp;ssl=1 1536w, https:\/\/i0.wp.com\/grifk-handball.com\/miehet\/wp-content\/uploads\/sites\/2\/2016\/10\/GRANI4.jpg?resize=300%2C200&amp;ssl=1 300w, https:\/\/i0.wp.com\/grifk-handball.com\/miehet\/wp-content\/uploads\/sites\/2\/2016\/10\/GRANI4.jpg?resize=768%2C512&amp;ssl=1 768w, https:\/\/i0.wp.com\/grifk-handball.com\/miehet\/wp-content\/uploads\/sites\/2\/2016\/10\/GRANI4.jpg?resize=1030%2C687&amp;ssl=1 1030w, https:\/\/i0.wp.com\/grifk-handball.com\/miehet\/wp-content\/uploads\/sites\/2\/2016\/10\/GRANI4.jpg?resize=1500%2C1000&amp;ssl=1 1500w, https:\/\/i0.wp.com\/grifk-handball.com\/miehet\/wp-content\/uploads\/sites\/2\/2016\/10\/GRANI4.jpg?resize=705%2C470&amp;ssl=1 705w, https:\/\/i0.wp.com\/grifk-handball.com\/miehet\/wp-content\/uploads\/sites\/2\/2016\/10\/GRANI4.jpg?resize=450%2C300&amp;ssl=1 450w\" data-sizes=\"(max-width: 1030px) 100vw, 1030px\" class='avia_image '  aria-label='grani4'><img decoding=\"async\" fetchpriority=\"high\" class='wp-image-1830 avia-img-lazy-loading-not-1830 avia_image ' src=\"https:\/\/i0.wp.com\/grifk-handball.com\/miehet\/wp-content\/uploads\/sites\/2\/2016\/10\/GRANI4.jpg?fit=1030%2C687&ssl=1\" alt='' title='grani4'  height=\"687\" width=\"1030\"  itemprop=\"thumbnailUrl\" srcset=\"https:\/\/i0.wp.com\/grifk-handball.com\/miehet\/wp-content\/uploads\/sites\/2\/2016\/10\/GRANI4.jpg?w=1536&amp;ssl=1 1536w, https:\/\/i0.wp.com\/grifk-handball.com\/miehet\/wp-content\/uploads\/sites\/2\/2016\/10\/GRANI4.jpg?resize=300%2C200&amp;ssl=1 300w, https:\/\/i0.wp.com\/grifk-handball.com\/miehet\/wp-content\/uploads\/sites\/2\/2016\/10\/GRANI4.jpg?resize=768%2C512&amp;ssl=1 768w, https:\/\/i0.wp.com\/grifk-handball.com\/miehet\/wp-content\/uploads\/sites\/2\/2016\/10\/GRANI4.jpg?resize=1030%2C687&amp;ssl=1 1030w, https:\/\/i0.wp.com\/grifk-handball.com\/miehet\/wp-content\/uploads\/sites\/2\/2016\/10\/GRANI4.jpg?resize=1500%2C1000&amp;ssl=1 1500w, https:\/\/i0.wp.com\/grifk-handball.com\/miehet\/wp-content\/uploads\/sites\/2\/2016\/10\/GRANI4.jpg?resize=705%2C470&amp;ssl=1 705w, https:\/\/i0.wp.com\/grifk-handball.com\/miehet\/wp-content\/uploads\/sites\/2\/2016\/10\/GRANI4.jpg?resize=450%2C300&amp;ssl=1 450w\" sizes=\"(max-width: 1030px) 100vw, 1030px\" \/><\/a><\/div><\/div><\/div>\n<\/div><\/div>\n<\/div>\n<div id='av_section_4'  class='avia-section av-lfgpujij-b8a4b28c084949ebafc21a261c139bd4 main_color avia-section-default avia-no-border-styling  avia-builder-el-32  el_after_av_layout_row  el_before_av_layout_row  avia-bg-style-scroll container_wrap sidebar_right'  ><div class='container av-section-cont-open' ><div class='template-page content  av-content-small alpha units'><div class='post-entry post-entry-type-page post-entry-19124'><div class='entry-content-wrapper clearfix'>\n<div class='flex_column_table av-8e0wvmc-37fc53dd1693ff875d582f5cb4bebba7 sc-av_three_fifth av-equal-height-column-flextable'><div  class='flex_column av-8e0wvmc-37fc53dd1693ff875d582f5cb4bebba7 av_three_fifth  avia-builder-el-33  el_before_av_two_fifth  avia-builder-el-first  first flex_column_table_cell av-equal-height-column av-align-middle  '     ><section  class='av_textblock_section av-89kgk38-286474f2eafdc440e53c4b66cae41c4e '   itemscope=\"itemscope\" itemtype=\"https:\/\/schema.org\/CreativeWork\" ><div class='avia_textblock'  itemprop=\"text\" ><h3>Siirto Dickeniin ja uusi rooli pelaaja-valmentajana<\/h3>\n<p>GrIFK:n edustusjoukkue luopui SM-sarjapaikastaan kauden 2001\/02 alla pelaajapulan takia. P\u00e4\u00e4kaupunkiseudulla oli tuohon aikaan pelaajia liian v\u00e4h\u00e4n ja joukkueita liian paljon, ja kaikki juoksivat samojen sponsorirahojen ja pelaajien per\u00e4ss\u00e4.<\/p>\n<p>&#8211; Ei ollut en\u00e4\u00e4 kerta kaikkiaan tarpeeksi pelaajia. Ja silloin aina joku porukka alkoi ottamaan ylisuurta riski\u00e4 ja houkutti muutamilla kymppitonneilla parhaita pelaajia. Seh\u00e4n meni v\u00e4h\u00e4n niinkuin aallokkoa, kun joku aina yritti kasata sen parhaan jengin.<\/p>\n<p>&#8211; Ehk\u00e4 siin\u00e4 sitten j\u00e4i Granilta se taustaduuni ja junnupolku menestyksen toteuttamiseksi taustalla toteuttamatta ja tekem\u00e4tt\u00e4 tarpeeksi hyvin. Ei ollut en\u00e4\u00e4 omaa j\u00e4lkikasvua kun vanhat konkarit l\u00e4htiv\u00e4t menem\u00e4\u00e4n tai lopettivat.<\/p>\n<p>Alasajon seurauksena GrIFK:sta l\u00e4hti useampi pelaaja Dickeniin, ja Segersven l\u00f6ysi itsens\u00e4 lopulta pelaaja-valmentajan roolista.<\/p>\n<p>&#8211; Tarpeeksi tyytym\u00e4tt\u00f6myytt\u00e4 ja tarpeeksi v\u00e4h\u00e4n vaihtoehtoja siin\u00e4 kai oli taustalla. Joku sit\u00e4 sitten p\u00e4\u00e4tti kysy\u00e4, mutta halusin kuitenkin viel\u00e4 pelata. Tiesin ett\u00e4 se rasittaisi kyll\u00e4, mutta en ollut valmis viel\u00e4 luopumaan pelaamisesta, joten siihen oli pakko saada joku kylkeen, ja kutsuin sitten siihen Uddin.<\/p>\n<p>&#8211; Meill\u00e4h\u00e4n oli ihan hyv\u00e4 nippu ja taisteltiin Playoff-paikoista ja mitaleista.<\/p>\n<h3>HC West yhdisti GrIFK:n ja Dickenin<\/h3>\n<p>Dickeniss\u00e4 meni kaksi kautta, joiden aikana GrIFK oli ker\u00e4nnyt uutta vauhtia ja saanut hyv\u00e4t sponsorit ja taustaryhm\u00e4t mukaan.<\/p>\n<p>&#8211; Sen p\u00e4\u00e4lle ne sitten l\u00e4hti rakentamaan HC Westi\u00e4. Se oli aika selke\u00e4 homma kun kaikki olivat Dickeniss\u00e4 v\u00e4h\u00e4n tyytym\u00e4tt\u00f6mi\u00e4 siihen ettei hommat oikein hoituneet. Jotenkin se oli aika luonnollinen veto yhdist\u00e4\u00e4 voimat.<\/p>\n<p>Sulautuminen eteni sutjakkaasti ja niin kev\u00e4\u00e4ll\u00e4 2003 syntyi k\u00e4sipalloseura HC West.<\/p>\n<p>&#8211; Luulen, ett\u00e4 siin\u00e4 vaikutti eniten taustavoimien, joka halusi satsata, ammattimaisuus. Ei sit\u00e4 yhdistymist\u00e4 kukaan laittanut kummassakaan jengiss\u00e4 hanttiin, ei Dickeniss\u00e4 eik\u00e4 Granissa.<\/p>\n<p>HC West pelasi menestyksekk\u00e4\u00e4sti 13 SM-kautta, jonka aikana se saavutti kaksi SM-kultaa, nelj\u00e4 hopeaa ja kolme pronssia, sek\u00e4 valtasi Suomen Cupin kahdesti.<\/p>\n<p>&#8211; Se oli hyv\u00e4 ja onnistunut projekti! Tuli hyv\u00e4\u00e4n aikaan ja oli hyv\u00e4 juuri siin\u00e4 vaiheessa, menestystarina ihan yht\u00e4 lailla kuin joku HC Dennis. Joukkue oli tosi hyv\u00e4 ja porukka todella hyvin hitsautunut yhteen, hyv\u00e4 sekoitus kokemusta ja nuorta intoa. Ainoa toteuttamatta j\u00e4\u00e4nyt suunnitelma oli se, ett\u00e4 ei l\u00e4hdetty Eurooppaan.<\/p>\n<p>Segersven pelasi Westiss\u00e4 kuusi kautta, eli puolet seuran elini\u00e4st\u00e4, mutta valmis lopettamisp\u00e4\u00e4t\u00f6s sai v\u00e4isty\u00e4 kev\u00e4\u00e4ll\u00e4 2008 viel\u00e4 hetkeksi uuden valmentajan tullessa remmiin.<\/p>\n<p>&#8211; Oli pari lasta ja duunit ja olin lopettamassa kun Mikael K\u00e4llman soitti, ett\u00e4 olisi tulossa Westin valmentajaksi, ja kysyi jatkaisinko viel\u00e4 kaksi kautta. H\u00e4n sanoi heti k\u00e4ttelyss\u00e4 ettei ehdi tehd\u00e4 ihmeit\u00e4 yhdess\u00e4 kaudessa, mutta kahdessa-kolmessa kaudessa voitetaan mestaruus.<\/p>\n<p>&#8211; Olinhan pelannut Miken kanssa maaotteluita ja muuta, mutta kyll\u00e4h\u00e4n se nimi varsinkin valmentajana kiinnosti. Hetken sit\u00e4 mietin, ja totesin sitten Jennille, ett\u00e4 komento takaisin, nyt t\u00e4\u00e4 homma jatkuu viel\u00e4.<\/p>\n<p>&#8211; Ilmeisesti sain luvan &#8211; tai tein sen luvatta, en muista. Siit\u00e4h\u00e4n ura sitten jatkui viel\u00e4 hetken Miken kanssa, mutta pelaajana en mestaruusvuosina en\u00e4\u00e4 ollut mukana.<\/p>\n<\/div><\/section><\/div><div class='av-flex-placeholder'><\/div><div  class='flex_column av-2prsac-c3846b8217ce2f5b8d9fbab112d2efcf av_two_fifth  avia-builder-el-35  el_after_av_three_fifth  avia-builder-el-last  flex_column_table_cell av-equal-height-column av-align-middle av-hide-on-mobile  '     ><p>\n<style type=\"text\/css\" data-created_by=\"avia_inline_auto\" id=\"style-css-av-61wd3mc-6106199fdb605f12df478e7f0f1e6af7\">\n.avia-image-container.av-61wd3mc-6106199fdb605f12df478e7f0f1e6af7 img.avia_image{\nbox-shadow:none;\n}\n.avia-image-container.av-61wd3mc-6106199fdb605f12df478e7f0f1e6af7 .av-image-caption-overlay-center{\ncolor:#ffffff;\n}\n<\/style>\n<div  class='avia-image-container av-61wd3mc-6106199fdb605f12df478e7f0f1e6af7 av-styling- av-img-linked avia-align-center  avia-builder-el-36  el_before_av_image  avia-builder-el-first '   itemprop=\"image\" itemscope=\"itemscope\" itemtype=\"https:\/\/schema.org\/ImageObject\" ><div class=\"avia-image-container-inner\"><div class=\"avia-image-overlay-wrap\"><a href=\"https:\/\/i0.wp.com\/grifk-handball.com\/miehet\/wp-content\/uploads\/sites\/2\/2017\/08\/west-cocks-900_9978.jpg?fit=1024%2C768&#038;ssl=1\" data-srcset=\"https:\/\/i0.wp.com\/grifk-handball.com\/miehet\/wp-content\/uploads\/sites\/2\/2017\/08\/west-cocks-900_9978.jpg?w=1024&amp;ssl=1 1024w, https:\/\/i0.wp.com\/grifk-handball.com\/miehet\/wp-content\/uploads\/sites\/2\/2017\/08\/west-cocks-900_9978.jpg?resize=300%2C225&amp;ssl=1 300w, https:\/\/i0.wp.com\/grifk-handball.com\/miehet\/wp-content\/uploads\/sites\/2\/2017\/08\/west-cocks-900_9978.jpg?resize=768%2C576&amp;ssl=1 768w, https:\/\/i0.wp.com\/grifk-handball.com\/miehet\/wp-content\/uploads\/sites\/2\/2017\/08\/west-cocks-900_9978.jpg?resize=705%2C529&amp;ssl=1 705w, https:\/\/i0.wp.com\/grifk-handball.com\/miehet\/wp-content\/uploads\/sites\/2\/2017\/08\/west-cocks-900_9978.jpg?resize=450%2C338&amp;ssl=1 450w\" data-sizes=\"(max-width: 1024px) 100vw, 1024px\" class='avia_image '  aria-label='west-cocks-900_9978'><img decoding=\"async\" fetchpriority=\"high\" class='wp-image-3856 avia-img-lazy-loading-not-3856 avia_image ' src=\"https:\/\/i0.wp.com\/grifk-handball.com\/miehet\/wp-content\/uploads\/sites\/2\/2017\/08\/west-cocks-900_9978.jpg?fit=1024%2C768&ssl=1\" alt='' title='west-cocks-900_9978'  height=\"768\" width=\"1024\"  itemprop=\"thumbnailUrl\" srcset=\"https:\/\/i0.wp.com\/grifk-handball.com\/miehet\/wp-content\/uploads\/sites\/2\/2017\/08\/west-cocks-900_9978.jpg?w=1024&amp;ssl=1 1024w, https:\/\/i0.wp.com\/grifk-handball.com\/miehet\/wp-content\/uploads\/sites\/2\/2017\/08\/west-cocks-900_9978.jpg?resize=300%2C225&amp;ssl=1 300w, https:\/\/i0.wp.com\/grifk-handball.com\/miehet\/wp-content\/uploads\/sites\/2\/2017\/08\/west-cocks-900_9978.jpg?resize=768%2C576&amp;ssl=1 768w, https:\/\/i0.wp.com\/grifk-handball.com\/miehet\/wp-content\/uploads\/sites\/2\/2017\/08\/west-cocks-900_9978.jpg?resize=705%2C529&amp;ssl=1 705w, https:\/\/i0.wp.com\/grifk-handball.com\/miehet\/wp-content\/uploads\/sites\/2\/2017\/08\/west-cocks-900_9978.jpg?resize=450%2C338&amp;ssl=1 450w\" sizes=\"(max-width: 1024px) 100vw, 1024px\" \/><\/a><\/div><\/div><\/div><br \/>\n\n<style type=\"text\/css\" data-created_by=\"avia_inline_auto\" id=\"style-css-av-lfgp7u9n-345f642ababd003d2bf1b35d0ce2a78b\">\n.avia-image-container.av-lfgp7u9n-345f642ababd003d2bf1b35d0ce2a78b img.avia_image{\nbox-shadow:none;\n}\n.avia-image-container.av-lfgp7u9n-345f642ababd003d2bf1b35d0ce2a78b .av-image-caption-overlay-center{\ncolor:#ffffff;\n}\n<\/style>\n<div  class='avia-image-container av-lfgp7u9n-345f642ababd003d2bf1b35d0ce2a78b av-styling- av-img-linked avia-align-center  avia-builder-el-37  el_after_av_image  el_before_av_image '   itemprop=\"image\" itemscope=\"itemscope\" itemtype=\"https:\/\/schema.org\/ImageObject\" ><div class=\"avia-image-container-inner\"><div class=\"avia-image-overlay-wrap\"><a href=\"https:\/\/i0.wp.com\/grifk-handball.com\/miehet\/wp-content\/uploads\/sites\/2\/2017\/08\/west-sif-21.jpg?fit=1030%2C773&#038;ssl=1\" data-srcset=\"https:\/\/i0.wp.com\/grifk-handball.com\/miehet\/wp-content\/uploads\/sites\/2\/2017\/08\/west-sif-21.jpg?w=1200&amp;ssl=1 1200w, https:\/\/i0.wp.com\/grifk-handball.com\/miehet\/wp-content\/uploads\/sites\/2\/2017\/08\/west-sif-21.jpg?resize=300%2C225&amp;ssl=1 300w, https:\/\/i0.wp.com\/grifk-handball.com\/miehet\/wp-content\/uploads\/sites\/2\/2017\/08\/west-sif-21.jpg?resize=768%2C576&amp;ssl=1 768w, https:\/\/i0.wp.com\/grifk-handball.com\/miehet\/wp-content\/uploads\/sites\/2\/2017\/08\/west-sif-21.jpg?resize=1030%2C773&amp;ssl=1 1030w, https:\/\/i0.wp.com\/grifk-handball.com\/miehet\/wp-content\/uploads\/sites\/2\/2017\/08\/west-sif-21.jpg?resize=705%2C529&amp;ssl=1 705w, https:\/\/i0.wp.com\/grifk-handball.com\/miehet\/wp-content\/uploads\/sites\/2\/2017\/08\/west-sif-21.jpg?resize=450%2C338&amp;ssl=1 450w\" data-sizes=\"(max-width: 1030px) 100vw, 1030px\" class='avia_image '  aria-label='west-sif-21'><img decoding=\"async\" fetchpriority=\"high\" class='wp-image-3918 avia-img-lazy-loading-not-3918 avia_image ' src=\"https:\/\/i0.wp.com\/grifk-handball.com\/miehet\/wp-content\/uploads\/sites\/2\/2017\/08\/west-sif-21.jpg?fit=1030%2C773&ssl=1\" alt='' title='west-sif-21'  height=\"773\" width=\"1030\"  itemprop=\"thumbnailUrl\" srcset=\"https:\/\/i0.wp.com\/grifk-handball.com\/miehet\/wp-content\/uploads\/sites\/2\/2017\/08\/west-sif-21.jpg?w=1200&amp;ssl=1 1200w, https:\/\/i0.wp.com\/grifk-handball.com\/miehet\/wp-content\/uploads\/sites\/2\/2017\/08\/west-sif-21.jpg?resize=300%2C225&amp;ssl=1 300w, https:\/\/i0.wp.com\/grifk-handball.com\/miehet\/wp-content\/uploads\/sites\/2\/2017\/08\/west-sif-21.jpg?resize=768%2C576&amp;ssl=1 768w, https:\/\/i0.wp.com\/grifk-handball.com\/miehet\/wp-content\/uploads\/sites\/2\/2017\/08\/west-sif-21.jpg?resize=1030%2C773&amp;ssl=1 1030w, https:\/\/i0.wp.com\/grifk-handball.com\/miehet\/wp-content\/uploads\/sites\/2\/2017\/08\/west-sif-21.jpg?resize=705%2C529&amp;ssl=1 705w, https:\/\/i0.wp.com\/grifk-handball.com\/miehet\/wp-content\/uploads\/sites\/2\/2017\/08\/west-sif-21.jpg?resize=450%2C338&amp;ssl=1 450w\" sizes=\"(max-width: 1030px) 100vw, 1030px\" \/><\/a><\/div><\/div><\/div><br \/>\n\n<style type=\"text\/css\" data-created_by=\"avia_inline_auto\" id=\"style-css-av-kt4038-33bbd354387b02ebb8a023aa9c8962b4\">\n.avia-image-container.av-kt4038-33bbd354387b02ebb8a023aa9c8962b4 img.avia_image{\nbox-shadow:none;\n}\n.avia-image-container.av-kt4038-33bbd354387b02ebb8a023aa9c8962b4 .av-image-caption-overlay-center{\ncolor:#ffffff;\n}\n<\/style>\n<div  class='avia-image-container av-kt4038-33bbd354387b02ebb8a023aa9c8962b4 av-styling- av-img-linked avia-align-center  avia-builder-el-38  el_after_av_image  avia-builder-el-last '   itemprop=\"image\" itemscope=\"itemscope\" itemtype=\"https:\/\/schema.org\/ImageObject\" ><div class=\"avia-image-container-inner\"><div class=\"avia-image-overlay-wrap\"><a href=\"https:\/\/i0.wp.com\/grifk-handball.com\/miehet\/wp-content\/uploads\/sites\/2\/2017\/08\/west-arsenal-17.jpg?fit=1030%2C773&#038;ssl=1\" data-srcset=\"https:\/\/i0.wp.com\/grifk-handball.com\/miehet\/wp-content\/uploads\/sites\/2\/2017\/08\/west-arsenal-17.jpg?w=1200&amp;ssl=1 1200w, https:\/\/i0.wp.com\/grifk-handball.com\/miehet\/wp-content\/uploads\/sites\/2\/2017\/08\/west-arsenal-17.jpg?resize=300%2C225&amp;ssl=1 300w, https:\/\/i0.wp.com\/grifk-handball.com\/miehet\/wp-content\/uploads\/sites\/2\/2017\/08\/west-arsenal-17.jpg?resize=768%2C576&amp;ssl=1 768w, https:\/\/i0.wp.com\/grifk-handball.com\/miehet\/wp-content\/uploads\/sites\/2\/2017\/08\/west-arsenal-17.jpg?resize=1030%2C773&amp;ssl=1 1030w, https:\/\/i0.wp.com\/grifk-handball.com\/miehet\/wp-content\/uploads\/sites\/2\/2017\/08\/west-arsenal-17.jpg?resize=705%2C529&amp;ssl=1 705w, https:\/\/i0.wp.com\/grifk-handball.com\/miehet\/wp-content\/uploads\/sites\/2\/2017\/08\/west-arsenal-17.jpg?resize=450%2C338&amp;ssl=1 450w\" data-sizes=\"(max-width: 1030px) 100vw, 1030px\" class='avia_image '  aria-label='west-arsenal-17'><img decoding=\"async\" fetchpriority=\"high\" class='wp-image-3905 avia-img-lazy-loading-not-3905 avia_image ' src=\"https:\/\/i0.wp.com\/grifk-handball.com\/miehet\/wp-content\/uploads\/sites\/2\/2017\/08\/west-arsenal-17.jpg?fit=1030%2C773&ssl=1\" alt='' title='west-arsenal-17'  height=\"773\" width=\"1030\"  itemprop=\"thumbnailUrl\" srcset=\"https:\/\/i0.wp.com\/grifk-handball.com\/miehet\/wp-content\/uploads\/sites\/2\/2017\/08\/west-arsenal-17.jpg?w=1200&amp;ssl=1 1200w, https:\/\/i0.wp.com\/grifk-handball.com\/miehet\/wp-content\/uploads\/sites\/2\/2017\/08\/west-arsenal-17.jpg?resize=300%2C225&amp;ssl=1 300w, https:\/\/i0.wp.com\/grifk-handball.com\/miehet\/wp-content\/uploads\/sites\/2\/2017\/08\/west-arsenal-17.jpg?resize=768%2C576&amp;ssl=1 768w, https:\/\/i0.wp.com\/grifk-handball.com\/miehet\/wp-content\/uploads\/sites\/2\/2017\/08\/west-arsenal-17.jpg?resize=1030%2C773&amp;ssl=1 1030w, https:\/\/i0.wp.com\/grifk-handball.com\/miehet\/wp-content\/uploads\/sites\/2\/2017\/08\/west-arsenal-17.jpg?resize=705%2C529&amp;ssl=1 705w, https:\/\/i0.wp.com\/grifk-handball.com\/miehet\/wp-content\/uploads\/sites\/2\/2017\/08\/west-arsenal-17.jpg?resize=450%2C338&amp;ssl=1 450w\" sizes=\"(max-width: 1030px) 100vw, 1030px\" \/><\/a><\/div><\/div><\/div><\/p><\/div><\/div><!--close column table wrapper. Autoclose: 1 -->\n\n<\/div><\/div><\/div><!-- close content main div --><\/div><\/div><div id='av-layout-grid-5'  class='av-layout-grid-container av-4sbc0xg-32043afd4873899f95f839bab04965fd entry-content-wrapper socket_color av-flex-cells  avia-builder-el-39  el_after_av_section  el_before_av_layout_row  grid-row-not-first  container_wrap sidebar_right'  >\n\n<style type=\"text\/css\" data-created_by=\"avia_inline_auto\" id=\"style-css-av-4a637zo-047eb5163780a5f416d7993555f2ec69\">\n.flex_cell.av-4a637zo-047eb5163780a5f416d7993555f2ec69{\nvertical-align:top;\n}\n.responsive #top #wrap_all .flex_cell.av-4a637zo-047eb5163780a5f416d7993555f2ec69{\npadding:0px 0px 0px 0px !important;\n}\n<\/style>\n<div class='flex_cell av-4a637zo-047eb5163780a5f416d7993555f2ec69 av-gridrow-cell av_one_fourth no_margin  avia-builder-el-40  el_before_av_cell_one_half  avia-builder-el-first  content-align-top av-zero-padding'  ><div class='flex_cell_inner'><p>\n<style type=\"text\/css\" data-created_by=\"avia_inline_auto\" id=\"style-css-av-41rp5uc-6ec82191546fab24a8d1fad9cf49ec16\">\n.avia-image-container.av-41rp5uc-6ec82191546fab24a8d1fad9cf49ec16 img.avia_image{\nbox-shadow:none;\n}\n.avia-image-container.av-41rp5uc-6ec82191546fab24a8d1fad9cf49ec16 .av-image-caption-overlay-center{\ncolor:#ffffff;\n}\n<\/style>\n<div  class='avia-image-container av-41rp5uc-6ec82191546fab24a8d1fad9cf49ec16 av-styling- av-img-linked avia-align-center  avia-builder-el-41  el_before_av_hr  avia-builder-el-first '   itemprop=\"image\" itemscope=\"itemscope\" itemtype=\"https:\/\/schema.org\/ImageObject\" ><div class=\"avia-image-container-inner\"><div class=\"avia-image-overlay-wrap\"><a href=\"https:\/\/i0.wp.com\/grifk-handball.com\/miehet\/wp-content\/uploads\/sites\/2\/2017\/08\/west-cocks-635_3539.jpg?fit=773%2C1030&#038;ssl=1\" data-srcset=\"https:\/\/i0.wp.com\/grifk-handball.com\/miehet\/wp-content\/uploads\/sites\/2\/2017\/08\/west-cocks-635_3539.jpg?w=900&amp;ssl=1 900w, https:\/\/i0.wp.com\/grifk-handball.com\/miehet\/wp-content\/uploads\/sites\/2\/2017\/08\/west-cocks-635_3539.jpg?resize=225%2C300&amp;ssl=1 225w, https:\/\/i0.wp.com\/grifk-handball.com\/miehet\/wp-content\/uploads\/sites\/2\/2017\/08\/west-cocks-635_3539.jpg?resize=768%2C1024&amp;ssl=1 768w, https:\/\/i0.wp.com\/grifk-handball.com\/miehet\/wp-content\/uploads\/sites\/2\/2017\/08\/west-cocks-635_3539.jpg?resize=773%2C1030&amp;ssl=1 773w, https:\/\/i0.wp.com\/grifk-handball.com\/miehet\/wp-content\/uploads\/sites\/2\/2017\/08\/west-cocks-635_3539.jpg?resize=529%2C705&amp;ssl=1 529w, https:\/\/i0.wp.com\/grifk-handball.com\/miehet\/wp-content\/uploads\/sites\/2\/2017\/08\/west-cocks-635_3539.jpg?resize=450%2C600&amp;ssl=1 450w\" data-sizes=\"(max-width: 773px) 100vw, 773px\" class='avia_image '  aria-label='west-cocks-635_3539'><img decoding=\"async\" fetchpriority=\"high\" class='wp-image-3913 avia-img-lazy-loading-not-3913 avia_image ' src=\"https:\/\/i0.wp.com\/grifk-handball.com\/miehet\/wp-content\/uploads\/sites\/2\/2017\/08\/west-cocks-635_3539.jpg?fit=773%2C1030&ssl=1\" alt='' title='west-cocks-635_3539'  height=\"1030\" width=\"773\"  itemprop=\"thumbnailUrl\" srcset=\"https:\/\/i0.wp.com\/grifk-handball.com\/miehet\/wp-content\/uploads\/sites\/2\/2017\/08\/west-cocks-635_3539.jpg?w=900&amp;ssl=1 900w, https:\/\/i0.wp.com\/grifk-handball.com\/miehet\/wp-content\/uploads\/sites\/2\/2017\/08\/west-cocks-635_3539.jpg?resize=225%2C300&amp;ssl=1 225w, https:\/\/i0.wp.com\/grifk-handball.com\/miehet\/wp-content\/uploads\/sites\/2\/2017\/08\/west-cocks-635_3539.jpg?resize=768%2C1024&amp;ssl=1 768w, https:\/\/i0.wp.com\/grifk-handball.com\/miehet\/wp-content\/uploads\/sites\/2\/2017\/08\/west-cocks-635_3539.jpg?resize=773%2C1030&amp;ssl=1 773w, https:\/\/i0.wp.com\/grifk-handball.com\/miehet\/wp-content\/uploads\/sites\/2\/2017\/08\/west-cocks-635_3539.jpg?resize=529%2C705&amp;ssl=1 529w, https:\/\/i0.wp.com\/grifk-handball.com\/miehet\/wp-content\/uploads\/sites\/2\/2017\/08\/west-cocks-635_3539.jpg?resize=450%2C600&amp;ssl=1 450w\" sizes=\"(max-width: 773px) 100vw, 773px\" \/><\/a><\/div><\/div><\/div><br \/>\n\n<style type=\"text\/css\" data-created_by=\"avia_inline_auto\" id=\"style-css-av-lfh3kek8-038a35a3fe6e44e770020a0094eedf4f\">\n#top .hr.hr-invisible.av-lfh3kek8-038a35a3fe6e44e770020a0094eedf4f{\nheight:60px;\n}\n<\/style>\n<div  class='hr av-lfh3kek8-038a35a3fe6e44e770020a0094eedf4f hr-invisible  avia-builder-el-42  el_after_av_image  el_before_av_image  av-small-hide av-mini-hide'><span class='hr-inner '><span class=\"hr-inner-style\"><\/span><\/span><\/div><br \/>\n\n<style type=\"text\/css\" data-created_by=\"avia_inline_auto\" id=\"style-css-av-3crdgus-00b5a3646fb381a8050224ee6ffdd53e\">\n.avia-image-container.av-3crdgus-00b5a3646fb381a8050224ee6ffdd53e img.avia_image{\nbox-shadow:none;\n}\n.avia-image-container.av-3crdgus-00b5a3646fb381a8050224ee6ffdd53e .av-image-caption-overlay-center{\ncolor:#ffffff;\n}\n<\/style>\n<div  class='avia-image-container av-3crdgus-00b5a3646fb381a8050224ee6ffdd53e av-styling- av-img-linked avia-align-center  avia-builder-el-43  el_after_av_hr  avia-builder-el-last  av-small-hide av-mini-hide'   itemprop=\"image\" itemscope=\"itemscope\" itemtype=\"https:\/\/schema.org\/ImageObject\" ><div class=\"avia-image-container-inner\"><div class=\"avia-image-overlay-wrap\"><a href=\"https:\/\/i0.wp.com\/grifk-handball.com\/miehet\/wp-content\/uploads\/sites\/2\/2017\/08\/west-bk46-102_5690.jpg?fit=768%2C1024&#038;ssl=1\" data-srcset=\"https:\/\/i0.wp.com\/grifk-handball.com\/miehet\/wp-content\/uploads\/sites\/2\/2017\/08\/west-bk46-102_5690.jpg?w=768&amp;ssl=1 768w, https:\/\/i0.wp.com\/grifk-handball.com\/miehet\/wp-content\/uploads\/sites\/2\/2017\/08\/west-bk46-102_5690.jpg?resize=225%2C300&amp;ssl=1 225w, https:\/\/i0.wp.com\/grifk-handball.com\/miehet\/wp-content\/uploads\/sites\/2\/2017\/08\/west-bk46-102_5690.jpg?resize=529%2C705&amp;ssl=1 529w, https:\/\/i0.wp.com\/grifk-handball.com\/miehet\/wp-content\/uploads\/sites\/2\/2017\/08\/west-bk46-102_5690.jpg?resize=450%2C600&amp;ssl=1 450w\" data-sizes=\"(max-width: 768px) 100vw, 768px\" class='avia_image '  aria-label='west-bk46-102_5690'><img decoding=\"async\" fetchpriority=\"high\" class='wp-image-3897 avia-img-lazy-loading-not-3897 avia_image ' src=\"https:\/\/i0.wp.com\/grifk-handball.com\/miehet\/wp-content\/uploads\/sites\/2\/2017\/08\/west-bk46-102_5690.jpg?fit=768%2C1024&ssl=1\" alt='' title='west-bk46-102_5690'  height=\"1024\" width=\"768\"  itemprop=\"thumbnailUrl\" srcset=\"https:\/\/i0.wp.com\/grifk-handball.com\/miehet\/wp-content\/uploads\/sites\/2\/2017\/08\/west-bk46-102_5690.jpg?w=768&amp;ssl=1 768w, https:\/\/i0.wp.com\/grifk-handball.com\/miehet\/wp-content\/uploads\/sites\/2\/2017\/08\/west-bk46-102_5690.jpg?resize=225%2C300&amp;ssl=1 225w, https:\/\/i0.wp.com\/grifk-handball.com\/miehet\/wp-content\/uploads\/sites\/2\/2017\/08\/west-bk46-102_5690.jpg?resize=529%2C705&amp;ssl=1 529w, https:\/\/i0.wp.com\/grifk-handball.com\/miehet\/wp-content\/uploads\/sites\/2\/2017\/08\/west-bk46-102_5690.jpg?resize=450%2C600&amp;ssl=1 450w\" sizes=\"(max-width: 768px) 100vw, 768px\" \/><\/a><\/div><\/div><\/div><\/p>\n<\/div><\/div>\n<style type=\"text\/css\" data-created_by=\"avia_inline_auto\" id=\"style-css-av-2ul486s-5832bf9f39703e2fa377217c5ce680d2\">\n.flex_cell.av-2ul486s-5832bf9f39703e2fa377217c5ce680d2{\nvertical-align:middle;\n}\n.responsive #top #wrap_all .flex_cell.av-2ul486s-5832bf9f39703e2fa377217c5ce680d2{\npadding:20px 20px 20px 20px !important;\n}\n<\/style>\n<div class='flex_cell av-2ul486s-5832bf9f39703e2fa377217c5ce680d2 av-gridrow-cell av_one_half no_margin  avia-builder-el-44  el_after_av_cell_one_fourth  el_before_av_cell_one_fourth  content-align-middle'  ><div class='flex_cell_inner'>\n<style type=\"text\/css\" data-created_by=\"avia_inline_auto\" id=\"style-css-av-2lnz0hg-3075b5b573ac45cc56927434cf5762ff\">\n.flex_column.av-2lnz0hg-3075b5b573ac45cc56927434cf5762ff{\npadding:20px 20px 20px 20px;\n}\n<\/style>\n<div  class='flex_column av-2lnz0hg-3075b5b573ac45cc56927434cf5762ff av_one_full  avia-builder-el-45  avia-builder-el-no-sibling  first flex_column_div  '     ><section  class='av_textblock_section av-lfgqeebi-370acc5281398a62c868ef6a35a33c26 '   itemscope=\"itemscope\" itemtype=\"https:\/\/schema.org\/CreativeWork\" ><div class='avia_textblock'  itemprop=\"text\" ><h3>Viimeinen ottelu l\u00f6ytyi kaivelemalla muistia<\/h3>\n<p>Pelaajauransa Segersven p\u00e4\u00e4tti kauden 2008\/09 nelj\u00e4nteen finaaliin Cocksia vastaan 21.4.2009.\u00a0 Viimeinen ottelu l\u00f6ytyy muistia kaivelemalla ja pienen avun j\u00e4lkeen. Lopettamisp\u00e4\u00e4t\u00f6ksen kypsymiseen meni kuitenkin viel\u00e4 hetki.<\/p>\n<p>&#8211;\u00a0 Itse pelist\u00e4 en muista mit\u00e4\u00e4n, mutta en m\u00e4 varmaankaan ole l\u00e4htenyt siihen otteluun sill\u00e4 mielell\u00e4, ett\u00e4 ett\u00e4 \u2018hei, t\u00e4m\u00e4 on nyt viimeinen, muista nauttia!\u2019, vaan ihan normaalilla valmistautumisella se oli yksi peli muiden joukossa.<\/p>\n<p>&#8211; Jossain saunaillassa varmaan oltiin, kun v\u00e4h\u00e4n niinkuin tiesi, ett\u00e4 t\u00e4m\u00e4 ainakin saattoi olla viimeinen peli. Kauden j\u00e4lkeenh\u00e4n on aina takki tyhj\u00e4n\u00e4, mutta kyll\u00e4 se tuntui siin\u00e4 viel\u00e4 tyhjemm\u00e4lt\u00e4. Enk\u00e4 usko ett\u00e4 se p\u00e4\u00e4t\u00f6s olisi jo tehty, se ei luultavasti olisi mulle tyypillist\u00e4&#8230; Varmaan se p\u00e4\u00e4t\u00f6s sitten loppupeleiss\u00e4 syntyi vasta sen kes\u00e4n aikana, ett\u00e4 l\u00e4hdenk\u00f6 uuteen kauteen vai en.<\/p>\n<p>Lopullinen ratkaisu kypsyi seuraavan kes\u00e4n aikana. Lopetusilmoitus tiedotettiin syyskuun alussa. Viimeiseksi j\u00e4\u00e4nyt kausi p\u00e4\u00e4ttyi kuten ensimm\u00e4inenkin, SM-hopeaan.<\/p>\n<h3>Uran huippuhetket maajoukkueessa<\/h3>\n<p>Segersven debytoi maajoukkueessa 1994, ja pelasi viimeisen kerran sinivalkoisissa 2008. Miesten maaotteluita kertyi vy\u00f6lle 77, maalivahdeista enemm\u00e4n ovat pelanneet vain Tommy Ruponen ja Mikael M\u00e4kel\u00e4.<\/p>\n<p>&#8211; Ehk\u00e4 se oli se peli T\u0161ekki\u00e4 vastaan siell\u00e4 Baronassa, kun voitettiin kotipeli nelj\u00e4ll\u00e4. Olisi ollut saumaa voittaa jopa kuudella, mutta oli se varmaan se. Sen j\u00e4lkeen oli yksi peli Helsingin j\u00e4\u00e4hallissa Nordenski\u00f6ldinkadulla Serbia ja Montenegroa vastaan. Hieno se maajoukkue ja hyvin p\u00e4rj\u00e4ttiin. Tomas Westerlund oli valmentajana ja melkein kaikki pelasi ulkomailla hyviss\u00e4 jengeiss\u00e4. Pysyi aika kauan kasassa se jengi.<\/p>\n<p>&#8211; Mutta oli niit\u00e4 monta muutakin hienoa. 77 maaottelua, ja jokainen niist\u00e4 hienoja pelej\u00e4. Ehk\u00e4 sit\u00e4 itsekin jossain vaiheessa totesi, ett\u00e4 eih\u00e4n se maailman huippu niin kaukana olekaan &#8211; ei ne heit\u00e4 palloa sen kovempaa tai paremmin kuin omatkaan kaverit. Ja sitten rupesi miettim\u00e4\u00e4n, ett\u00e4 jos p\u00e4\u00e4sisi pelaamaan jossain ulkomailla parempia liigoja.<\/p>\n<h3>Ulkomaat j\u00e4i kokematta, mutta ei harmita<\/h3>\n<p>&#8211; Olihan niit\u00e4 muutamia mahdollisuuksia. Ehdotuksia tuli eri joukkueista Pohjoismaista, ja Espanjastakin tuli muutama, mutta koulu ja opinnot sen v\u00e4h\u00e4n sitten jotenkin bromssasi. En halunnut j\u00e4tt\u00e4\u00e4 opintoja sikseen, ja siihen ei l\u00f6ytynyt sellaista j\u00e4rkev\u00e4\u00e4 vaihtoehtoa vaikka tosi mielenkiintoisia seurojahan siin\u00e4 oli jotka tarjosi sopimuksia.<\/p>\n<p>&#8211; P\u00e4\u00e4syy oli kyll\u00e4 ne opinnot silloin. Ne kesti kahdeksan vuotta jo nyt, ja jos olisi l\u00e4htenyt siit\u00e4 jonnekin viel\u00e4 muutamaksi vuodeksi, niin ehk\u00e4 sitten en olisi ikin\u00e4 valmistunut, ja tilanne n\u00e4ytt\u00e4isi v\u00e4h\u00e4n toiselta nyt. Eik\u00e4 se nyt harmitakaan niin paljon, vaikka olisihan se ehk\u00e4 n\u00e4in j\u00e4lkik\u00e4teen ollut kiva katsoa, jos pari kautta olisi jotenkin pystynyt olemaan ulkomailla ammattilaisena. Se olisi tottakai antanut viel\u00e4 yhden lis\u00e4dimension.<\/p>\n<h4><\/h4>\n<\/div><\/section><\/div>\n<\/div><\/div>\n<style type=\"text\/css\" data-created_by=\"avia_inline_auto\" id=\"style-css-av-1csd5bo-8011fdadd3ab76dc885e85c4c83c5221\">\n.flex_cell.av-1csd5bo-8011fdadd3ab76dc885e85c4c83c5221{\nvertical-align:top;\nbackground-color:#f1f1f1;\n}\n<\/style>\n<div class='flex_cell av-1csd5bo-8011fdadd3ab76dc885e85c4c83c5221 av-gridrow-cell av_one_fourth no_margin  avia-builder-el-47  el_after_av_cell_one_half  avia-builder-el-last  content-align-top'  ><div class='flex_cell_inner'><section  class='av_textblock_section av-29vaiok-fd33f7a65d67c8ebd064c81635b928ef '   itemscope=\"itemscope\" itemtype=\"https:\/\/schema.org\/CreativeWork\" ><div class='avia_textblock'  itemprop=\"text\" ><h5 style=\"color: #00370f !important;\">Virallisesti lopetusilmoituksesta tiedotettiin HC Westin verkkosivuilla 9.9.2009:<\/h5>\n<blockquote style=\"color: #00370f !important;\">\n<p>\u201dHC Westin ja k\u00e4sipallomaajoukkueen monivuotinen luotettava maalivahti Christian Segersven lopetti komean pelaajauransa t\u00e4h\u00e4n kauteen. 34-vuotias v\u00e4rik\u00e4s maalivahti ehti urallaan edustaa Suomea 77:ss\u00e4 A-maaottelussa.<\/p>\n<p>SM-sarjassa vuonna 1991 GrIFK:n riveiss\u00e4 debytoinut Segersven ehti pelata 483 ottelua (GrIFK 261, Dicken 61, HC West 161,), joissa mies teki 13 maaliakin (GrIFK 10, HC West 3). Pelaamisen ohessa h\u00e4n toimi pelaaja-valmentajana sek\u00e4 Dickeniss\u00e4 ett\u00e4 HC Westiss\u00e4.<\/p>\n<p>SM-mitaleita ehti 17:n SM-sarjakauden aikana kerty\u00e4 kaappi t\u00e4yteen: Suomen mestaruudesta mies p\u00e4\u00e4si nauttimaan kauden 1998-1999 p\u00e4\u00e4tteeksi GrIFK:n riveiss\u00e4, lis\u00e4ksi h\u00e4n saavutti 6 SM-hopeaa ja 6 SM-pronssia. Suomen Cupia h\u00e4n oli voittamassa kahdesti (1999, 2008).<\/p>\n<p>SM-sarjan vuoden maalivahdiksi Cride valittiin kolme kertaa (1999, 2006, 2008), samoin SM-sarjan All Stars-joukkueeseen (1999, 2006, 2008), sek\u00e4 SM-sarjan kuukauden t\u00e4htipelaajaksi huhtikuussa 2006.&#8221;<\/p>\n<\/blockquote>\n<\/div><\/section>\n<\/div><\/div>\n<\/div>\n<div id='av-layout-grid-6'  class='av-layout-grid-container av-1jtvipg-eb77b6a50ded3e1e448475bf861d3ef2 entry-content-wrapper footer_color av-flex-cells  avia-builder-el-49  el_after_av_layout_row  avia-builder-el-last  grid-row-not-first av-desktop-hide av-medium-hide container_wrap sidebar_right'  >\n\n<style type=\"text\/css\" data-created_by=\"avia_inline_auto\" id=\"style-css-av-1b9l9o4-db0df661fcf9e706cfaa29c0e0717832\">\n.flex_cell.av-1b9l9o4-db0df661fcf9e706cfaa29c0e0717832{\nvertical-align:top;\n}\n.responsive #top #wrap_all .flex_cell.av-1b9l9o4-db0df661fcf9e706cfaa29c0e0717832{\npadding:0px 0px 0px 0px !important;\n}\n<\/style>\n<div class='flex_cell av-1b9l9o4-db0df661fcf9e706cfaa29c0e0717832 av-gridrow-cell av_one_full no_margin  avia-builder-el-50  avia-builder-el-no-sibling  content-align-top av-zero-padding'  ><div class='flex_cell_inner'>\n<style type=\"text\/css\" data-created_by=\"avia_inline_auto\" id=\"style-css-av-vzxvzo-5d2aeb80c7722953742c45618a7fe040\">\n.avia-image-container.av-vzxvzo-5d2aeb80c7722953742c45618a7fe040 img.avia_image{\nbox-shadow:none;\n}\n.avia-image-container.av-vzxvzo-5d2aeb80c7722953742c45618a7fe040 .av-image-caption-overlay-center{\ncolor:#ffffff;\n}\n<\/style>\n<div  class='avia-image-container av-vzxvzo-5d2aeb80c7722953742c45618a7fe040 av-styling- av-img-linked avia-align-center  avia-builder-el-51  avia-builder-el-no-sibling  av-desktop-hide av-medium-hide'   itemprop=\"image\" itemscope=\"itemscope\" itemtype=\"https:\/\/schema.org\/ImageObject\" ><div class=\"avia-image-container-inner\"><div class=\"avia-image-overlay-wrap\"><a href=\"https:\/\/i0.wp.com\/grifk-handball.com\/miehet\/wp-content\/uploads\/sites\/2\/2017\/08\/west-bk46-102_5690.jpg?fit=768%2C1024&#038;ssl=1\" data-srcset=\"https:\/\/i0.wp.com\/grifk-handball.com\/miehet\/wp-content\/uploads\/sites\/2\/2017\/08\/west-bk46-102_5690.jpg?w=768&amp;ssl=1 768w, https:\/\/i0.wp.com\/grifk-handball.com\/miehet\/wp-content\/uploads\/sites\/2\/2017\/08\/west-bk46-102_5690.jpg?resize=225%2C300&amp;ssl=1 225w, https:\/\/i0.wp.com\/grifk-handball.com\/miehet\/wp-content\/uploads\/sites\/2\/2017\/08\/west-bk46-102_5690.jpg?resize=529%2C705&amp;ssl=1 529w, https:\/\/i0.wp.com\/grifk-handball.com\/miehet\/wp-content\/uploads\/sites\/2\/2017\/08\/west-bk46-102_5690.jpg?resize=450%2C600&amp;ssl=1 450w\" data-sizes=\"(max-width: 768px) 100vw, 768px\" class='avia_image '  aria-label='west-bk46-102_5690'><img decoding=\"async\" fetchpriority=\"high\" class='wp-image-3897 avia-img-lazy-loading-not-3897 avia_image ' src=\"https:\/\/i0.wp.com\/grifk-handball.com\/miehet\/wp-content\/uploads\/sites\/2\/2017\/08\/west-bk46-102_5690.jpg?fit=768%2C1024&ssl=1\" alt='' title='west-bk46-102_5690'  height=\"1024\" width=\"768\"  itemprop=\"thumbnailUrl\" srcset=\"https:\/\/i0.wp.com\/grifk-handball.com\/miehet\/wp-content\/uploads\/sites\/2\/2017\/08\/west-bk46-102_5690.jpg?w=768&amp;ssl=1 768w, https:\/\/i0.wp.com\/grifk-handball.com\/miehet\/wp-content\/uploads\/sites\/2\/2017\/08\/west-bk46-102_5690.jpg?resize=225%2C300&amp;ssl=1 225w, https:\/\/i0.wp.com\/grifk-handball.com\/miehet\/wp-content\/uploads\/sites\/2\/2017\/08\/west-bk46-102_5690.jpg?resize=529%2C705&amp;ssl=1 529w, https:\/\/i0.wp.com\/grifk-handball.com\/miehet\/wp-content\/uploads\/sites\/2\/2017\/08\/west-bk46-102_5690.jpg?resize=450%2C600&amp;ssl=1 450w\" sizes=\"(max-width: 768px) 100vw, 768px\" \/><\/a><\/div><\/div><\/div>\n<\/div><\/div>\n<\/div>\n","protected":false},"excerpt":{"rendered":"<p>GrIFK K\u00e4sipallon ensimm\u00e4isen j\u00e4\u00e4dytetyn pelinumeron sai Christian Segersven. Seura osoitti ex-maalivahdilleen kunniaa 4.3.2023 Kauniaisten Luolassa pelatun liigaottelun GrIFK-HIFK yhteydess\u00e4. Grania kymmenell\u00e4 p\u00e4\u00e4sarjakaudella 261 ottelussa edustaneen, vuonna 2009 uransa p\u00e4\u00e4tt\u00e4neen Segersvenin pelinumerolla 1 varustettu paita nostettiin GrIFK:n ja HC Westin mestaruusviirien rinnalle t\u00e4yden katsomon osoittaessa suosiota.<\/p>\n","protected":false},"author":1,"featured_media":18974,"parent":3677,"menu_order":0,"comment_status":"closed","ping_status":"closed","template":"","meta":{"_acf_changed":false,"footnotes":""},"tags":[532,12,26,385,479,529,25,493,534,501,48],"class_list":["post-19124","page","type-page","status-publish","has-post-thumbnail","hentry","tag-532","tag-bombom","tag-grifkhandball","tag-respect","tag-all-stars","tag-christian-segersven","tag-grifk","tag-hall-of-fame","tag-jaadytetyt-pelinumerot","tag-tahtipelaaja","tag-yhteisollisyys"],"acf":[],"yoast_head":"<!-- This site is optimized with the Yoast SEO plugin v27.5 - https:\/\/yoast.com\/product\/yoast-seo-wordpress\/ -->\n<title>Christian Segersven #1 &#8212; GrIFK K\u00e4sipallo - miehet<\/title>\n<meta name=\"robots\" content=\"index, follow, max-snippet:-1, max-image-preview:large, max-video-preview:-1\" \/>\n<link rel=\"canonical\" href=\"https:\/\/grifk-handball.com\/miehet\/historia\/christian-segersven\/\" \/>\n<meta property=\"og:locale\" content=\"fi_FI\" \/>\n<meta property=\"og:type\" content=\"article\" \/>\n<meta property=\"og:title\" content=\"Christian Segersven #1 &#8212; GrIFK K\u00e4sipallo - miehet\" \/>\n<meta property=\"og:description\" content=\"GrIFK K\u00e4sipallon ensimm\u00e4isen j\u00e4\u00e4dytetyn pelinumeron sai Christian Segersven. Seura osoitti ex-maalivahdilleen kunniaa 4.3.2023 Kauniaisten Luolassa pelatun liigaottelun GrIFK-HIFK yhteydess\u00e4. Grania kymmenell\u00e4 p\u00e4\u00e4sarjakaudella 261 ottelussa edustaneen, vuonna 2009 uransa p\u00e4\u00e4tt\u00e4neen Segersvenin pelinumerolla 1 varustettu paita nostettiin GrIFK:n ja HC Westin mestaruusviirien rinnalle t\u00e4yden katsomon osoittaessa suosiota.\" \/>\n<meta property=\"og:url\" content=\"https:\/\/grifk-handball.com\/miehet\/historia\/christian-segersven\/\" \/>\n<meta property=\"og:site_name\" content=\"GrIFK K\u00e4sipallo - miehet\" \/>\n<meta property=\"article:publisher\" content=\"https:\/\/www.facebook.com\/GrIFKelit\/\" \/>\n<meta property=\"article:modified_time\" content=\"2023-04-25T11:38:23+00:00\" \/>\n<meta property=\"og:image\" content=\"https:\/\/i0.wp.com\/grifk-handball.com\/miehet\/wp-content\/uploads\/sites\/2\/2023\/03\/segersven-viiri.jpg?fit=2048%2C1151&ssl=1\" \/>\n\t<meta property=\"og:image:width\" content=\"2048\" \/>\n\t<meta property=\"og:image:height\" content=\"1151\" \/>\n\t<meta property=\"og:image:type\" content=\"image\/jpeg\" \/>\n<meta name=\"twitter:card\" content=\"summary_large_image\" \/>\n<meta name=\"twitter:site\" content=\"@GrIFK_MSM\" \/>\n<meta name=\"twitter:label1\" content=\"Arvioitu lukuaika\" \/>\n\t<meta name=\"twitter:data1\" content=\"32 minuuttia\" \/>\n<script type=\"application\/ld+json\" class=\"yoast-schema-graph\">{\"@context\":\"https:\\\/\\\/schema.org\",\"@graph\":[{\"@type\":\"WebPage\",\"@id\":\"https:\\\/\\\/grifk-handball.com\\\/miehet\\\/historia\\\/christian-segersven\\\/\",\"url\":\"https:\\\/\\\/grifk-handball.com\\\/miehet\\\/historia\\\/christian-segersven\\\/\",\"name\":\"Christian Segersven #1 &#8212; GrIFK K\u00e4sipallo - miehet\",\"isPartOf\":{\"@id\":\"https:\\\/\\\/grifk-handball.com\\\/miehet\\\/#website\"},\"primaryImageOfPage\":{\"@id\":\"https:\\\/\\\/grifk-handball.com\\\/miehet\\\/historia\\\/christian-segersven\\\/#primaryimage\"},\"image\":{\"@id\":\"https:\\\/\\\/grifk-handball.com\\\/miehet\\\/historia\\\/christian-segersven\\\/#primaryimage\"},\"thumbnailUrl\":\"https:\\\/\\\/i0.wp.com\\\/grifk-handball.com\\\/miehet\\\/wp-content\\\/uploads\\\/sites\\\/2\\\/2023\\\/03\\\/segersven-viiri.jpg?fit=2048%2C1151&ssl=1\",\"datePublished\":\"2023-03-20T12:24:51+00:00\",\"dateModified\":\"2023-04-25T11:38:23+00:00\",\"breadcrumb\":{\"@id\":\"https:\\\/\\\/grifk-handball.com\\\/miehet\\\/historia\\\/christian-segersven\\\/#breadcrumb\"},\"inLanguage\":\"fi\",\"potentialAction\":[{\"@type\":\"ReadAction\",\"target\":[\"https:\\\/\\\/grifk-handball.com\\\/miehet\\\/historia\\\/christian-segersven\\\/\"]}]},{\"@type\":\"ImageObject\",\"inLanguage\":\"fi\",\"@id\":\"https:\\\/\\\/grifk-handball.com\\\/miehet\\\/historia\\\/christian-segersven\\\/#primaryimage\",\"url\":\"https:\\\/\\\/i0.wp.com\\\/grifk-handball.com\\\/miehet\\\/wp-content\\\/uploads\\\/sites\\\/2\\\/2023\\\/03\\\/segersven-viiri.jpg?fit=2048%2C1151&ssl=1\",\"contentUrl\":\"https:\\\/\\\/i0.wp.com\\\/grifk-handball.com\\\/miehet\\\/wp-content\\\/uploads\\\/sites\\\/2\\\/2023\\\/03\\\/segersven-viiri.jpg?fit=2048%2C1151&ssl=1\",\"width\":2048,\"height\":1151},{\"@type\":\"BreadcrumbList\",\"@id\":\"https:\\\/\\\/grifk-handball.com\\\/miehet\\\/historia\\\/christian-segersven\\\/#breadcrumb\",\"itemListElement\":[{\"@type\":\"ListItem\",\"position\":1,\"name\":\"Home\",\"item\":\"https:\\\/\\\/grifk-handball.com\\\/miehet\\\/etusivu-260109\\\/\"},{\"@type\":\"ListItem\",\"position\":2,\"name\":\"P\u00e4\u00e4sarjak\u00e4sipalloa Kauniaisissa jo vuodesta 1979\",\"item\":\"https:\\\/\\\/grifk-handball.com\\\/miehet\\\/historia\\\/\"},{\"@type\":\"ListItem\",\"position\":3,\"name\":\"Christian Segersven #1\"}]},{\"@type\":\"WebSite\",\"@id\":\"https:\\\/\\\/grifk-handball.com\\\/miehet\\\/#website\",\"url\":\"https:\\\/\\\/grifk-handball.com\\\/miehet\\\/\",\"name\":\"GrIFK K\u00e4sipallo - miehet\",\"description\":\"BomBom!\",\"publisher\":{\"@id\":\"https:\\\/\\\/grifk-handball.com\\\/miehet\\\/#organization\"},\"potentialAction\":[{\"@type\":\"SearchAction\",\"target\":{\"@type\":\"EntryPoint\",\"urlTemplate\":\"https:\\\/\\\/grifk-handball.com\\\/miehet\\\/?s={search_term_string}\"},\"query-input\":{\"@type\":\"PropertyValueSpecification\",\"valueRequired\":true,\"valueName\":\"search_term_string\"}}],\"inLanguage\":\"fi\"},{\"@type\":\"Organization\",\"@id\":\"https:\\\/\\\/grifk-handball.com\\\/miehet\\\/#organization\",\"name\":\"GrIFK K\u00e4sipallo - miehet\",\"url\":\"https:\\\/\\\/grifk-handball.com\\\/miehet\\\/\",\"logo\":{\"@type\":\"ImageObject\",\"inLanguage\":\"fi\",\"@id\":\"https:\\\/\\\/grifk-handball.com\\\/miehet\\\/#\\\/schema\\\/logo\\\/image\\\/\",\"url\":\"https:\\\/\\\/i0.wp.com\\\/grifk-handball.com\\\/miehet\\\/wp-content\\\/uploads\\\/sites\\\/2\\\/2016\\\/10\\\/logo-grifk-iso.png?fit=1200%2C1400&ssl=1\",\"contentUrl\":\"https:\\\/\\\/i0.wp.com\\\/grifk-handball.com\\\/miehet\\\/wp-content\\\/uploads\\\/sites\\\/2\\\/2016\\\/10\\\/logo-grifk-iso.png?fit=1200%2C1400&ssl=1\",\"width\":1200,\"height\":1400,\"caption\":\"GrIFK K\u00e4sipallo - miehet\"},\"image\":{\"@id\":\"https:\\\/\\\/grifk-handball.com\\\/miehet\\\/#\\\/schema\\\/logo\\\/image\\\/\"},\"sameAs\":[\"https:\\\/\\\/www.facebook.com\\\/GrIFKelit\\\/\",\"https:\\\/\\\/x.com\\\/GrIFK_MSM\",\"https:\\\/\\\/www.instagram.com\\\/grifk_elit\\\/\"]}]}<\/script>\n<!-- \/ Yoast SEO plugin. -->","yoast_head_json":{"title":"Christian Segersven #1 &#8212; GrIFK K\u00e4sipallo - miehet","robots":{"index":"index","follow":"follow","max-snippet":"max-snippet:-1","max-image-preview":"max-image-preview:large","max-video-preview":"max-video-preview:-1"},"canonical":"https:\/\/grifk-handball.com\/miehet\/historia\/christian-segersven\/","og_locale":"fi_FI","og_type":"article","og_title":"Christian Segersven #1 &#8212; GrIFK K\u00e4sipallo - miehet","og_description":"GrIFK K\u00e4sipallon ensimm\u00e4isen j\u00e4\u00e4dytetyn pelinumeron sai Christian Segersven. Seura osoitti ex-maalivahdilleen kunniaa 4.3.2023 Kauniaisten Luolassa pelatun liigaottelun GrIFK-HIFK yhteydess\u00e4. Grania kymmenell\u00e4 p\u00e4\u00e4sarjakaudella 261 ottelussa edustaneen, vuonna 2009 uransa p\u00e4\u00e4tt\u00e4neen Segersvenin pelinumerolla 1 varustettu paita nostettiin GrIFK:n ja HC Westin mestaruusviirien rinnalle t\u00e4yden katsomon osoittaessa suosiota.","og_url":"https:\/\/grifk-handball.com\/miehet\/historia\/christian-segersven\/","og_site_name":"GrIFK K\u00e4sipallo - miehet","article_publisher":"https:\/\/www.facebook.com\/GrIFKelit\/","article_modified_time":"2023-04-25T11:38:23+00:00","og_image":[{"width":2048,"height":1151,"url":"https:\/\/i0.wp.com\/grifk-handball.com\/miehet\/wp-content\/uploads\/sites\/2\/2023\/03\/segersven-viiri.jpg?fit=2048%2C1151&ssl=1","type":"image\/jpeg"}],"twitter_card":"summary_large_image","twitter_site":"@GrIFK_MSM","twitter_misc":{"Arvioitu lukuaika":"32 minuuttia"},"schema":{"@context":"https:\/\/schema.org","@graph":[{"@type":"WebPage","@id":"https:\/\/grifk-handball.com\/miehet\/historia\/christian-segersven\/","url":"https:\/\/grifk-handball.com\/miehet\/historia\/christian-segersven\/","name":"Christian Segersven #1 &#8212; GrIFK K\u00e4sipallo - miehet","isPartOf":{"@id":"https:\/\/grifk-handball.com\/miehet\/#website"},"primaryImageOfPage":{"@id":"https:\/\/grifk-handball.com\/miehet\/historia\/christian-segersven\/#primaryimage"},"image":{"@id":"https:\/\/grifk-handball.com\/miehet\/historia\/christian-segersven\/#primaryimage"},"thumbnailUrl":"https:\/\/i0.wp.com\/grifk-handball.com\/miehet\/wp-content\/uploads\/sites\/2\/2023\/03\/segersven-viiri.jpg?fit=2048%2C1151&ssl=1","datePublished":"2023-03-20T12:24:51+00:00","dateModified":"2023-04-25T11:38:23+00:00","breadcrumb":{"@id":"https:\/\/grifk-handball.com\/miehet\/historia\/christian-segersven\/#breadcrumb"},"inLanguage":"fi","potentialAction":[{"@type":"ReadAction","target":["https:\/\/grifk-handball.com\/miehet\/historia\/christian-segersven\/"]}]},{"@type":"ImageObject","inLanguage":"fi","@id":"https:\/\/grifk-handball.com\/miehet\/historia\/christian-segersven\/#primaryimage","url":"https:\/\/i0.wp.com\/grifk-handball.com\/miehet\/wp-content\/uploads\/sites\/2\/2023\/03\/segersven-viiri.jpg?fit=2048%2C1151&ssl=1","contentUrl":"https:\/\/i0.wp.com\/grifk-handball.com\/miehet\/wp-content\/uploads\/sites\/2\/2023\/03\/segersven-viiri.jpg?fit=2048%2C1151&ssl=1","width":2048,"height":1151},{"@type":"BreadcrumbList","@id":"https:\/\/grifk-handball.com\/miehet\/historia\/christian-segersven\/#breadcrumb","itemListElement":[{"@type":"ListItem","position":1,"name":"Home","item":"https:\/\/grifk-handball.com\/miehet\/etusivu-260109\/"},{"@type":"ListItem","position":2,"name":"P\u00e4\u00e4sarjak\u00e4sipalloa Kauniaisissa jo vuodesta 1979","item":"https:\/\/grifk-handball.com\/miehet\/historia\/"},{"@type":"ListItem","position":3,"name":"Christian Segersven #1"}]},{"@type":"WebSite","@id":"https:\/\/grifk-handball.com\/miehet\/#website","url":"https:\/\/grifk-handball.com\/miehet\/","name":"GrIFK K\u00e4sipallo - miehet","description":"BomBom!","publisher":{"@id":"https:\/\/grifk-handball.com\/miehet\/#organization"},"potentialAction":[{"@type":"SearchAction","target":{"@type":"EntryPoint","urlTemplate":"https:\/\/grifk-handball.com\/miehet\/?s={search_term_string}"},"query-input":{"@type":"PropertyValueSpecification","valueRequired":true,"valueName":"search_term_string"}}],"inLanguage":"fi"},{"@type":"Organization","@id":"https:\/\/grifk-handball.com\/miehet\/#organization","name":"GrIFK K\u00e4sipallo - miehet","url":"https:\/\/grifk-handball.com\/miehet\/","logo":{"@type":"ImageObject","inLanguage":"fi","@id":"https:\/\/grifk-handball.com\/miehet\/#\/schema\/logo\/image\/","url":"https:\/\/i0.wp.com\/grifk-handball.com\/miehet\/wp-content\/uploads\/sites\/2\/2016\/10\/logo-grifk-iso.png?fit=1200%2C1400&ssl=1","contentUrl":"https:\/\/i0.wp.com\/grifk-handball.com\/miehet\/wp-content\/uploads\/sites\/2\/2016\/10\/logo-grifk-iso.png?fit=1200%2C1400&ssl=1","width":1200,"height":1400,"caption":"GrIFK K\u00e4sipallo - miehet"},"image":{"@id":"https:\/\/grifk-handball.com\/miehet\/#\/schema\/logo\/image\/"},"sameAs":["https:\/\/www.facebook.com\/GrIFKelit\/","https:\/\/x.com\/GrIFK_MSM","https:\/\/www.instagram.com\/grifk_elit\/"]}]}},"jetpack_shortlink":"https:\/\/wp.me\/P9jQ9a-4Ys","_links":{"self":[{"href":"https:\/\/grifk-handball.com\/miehet\/wp-json\/wp\/v2\/pages\/19124","targetHints":{"allow":["GET"]}}],"collection":[{"href":"https:\/\/grifk-handball.com\/miehet\/wp-json\/wp\/v2\/pages"}],"about":[{"href":"https:\/\/grifk-handball.com\/miehet\/wp-json\/wp\/v2\/types\/page"}],"author":[{"embeddable":true,"href":"https:\/\/grifk-handball.com\/miehet\/wp-json\/wp\/v2\/users\/1"}],"replies":[{"embeddable":true,"href":"https:\/\/grifk-handball.com\/miehet\/wp-json\/wp\/v2\/comments?post=19124"}],"version-history":[{"count":95,"href":"https:\/\/grifk-handball.com\/miehet\/wp-json\/wp\/v2\/pages\/19124\/revisions"}],"predecessor-version":[{"id":63007,"href":"https:\/\/grifk-handball.com\/miehet\/wp-json\/wp\/v2\/pages\/19124\/revisions\/63007"}],"up":[{"embeddable":true,"href":"https:\/\/grifk-handball.com\/miehet\/wp-json\/wp\/v2\/pages\/3677"}],"wp:featuredmedia":[{"embeddable":true,"href":"https:\/\/grifk-handball.com\/miehet\/wp-json\/wp\/v2\/media\/18974"}],"wp:attachment":[{"href":"https:\/\/grifk-handball.com\/miehet\/wp-json\/wp\/v2\/media?parent=19124"}],"wp:term":[{"taxonomy":"post_tag","embeddable":true,"href":"https:\/\/grifk-handball.com\/miehet\/wp-json\/wp\/v2\/tags?post=19124"}],"curies":[{"name":"wp","href":"https:\/\/api.w.org\/{rel}","templated":true}]}}