{"id":2995,"date":"2017-01-10T11:17:57","date_gmt":"2017-01-10T09:17:57","guid":{"rendered":"https:\/\/grifk-handball.com\/?page_id=2995"},"modified":"2017-11-16T11:32:09","modified_gmt":"2017-11-16T09:32:09","slug":"ottelut","status":"publish","type":"page","link":"https:\/\/grifk-handball.com\/miehet\/ottelut\/","title":{"rendered":"Ottelut"},"content":{"rendered":"<div id='full_slider_1'  class='avia-fullwidth-slider main_color avia-shadow   avia-builder-el-0  el_before_av_one_full  avia-builder-el-first   container_wrap sidebar_right'  ><\/div><div id='after_full_slider_1'  class='main_color av_default_container_wrap container_wrap sidebar_right'  ><div class='container av-section-cont-open' ><div class='template-page content  av-content-small alpha units'><div class='post-entry post-entry-type-page post-entry-2995'><div class='entry-content-wrapper clearfix'>\n\n<style type=\"text\/css\" data-created_by=\"avia_inline_auto\" id=\"style-css-av-av_one_full-15d750bd1b332b34c6e70b077ebbccdf\">\n.flex_column.av-av_one_full-15d750bd1b332b34c6e70b077ebbccdf{\nborder-radius:0px 0px 0px 0px;\npadding:0px 0px 0px 0px;\n}\n<\/style>\n<div  class='flex_column av-av_one_full-15d750bd1b332b34c6e70b077ebbccdf av_one_full  avia-builder-el-1  el_after_av_slideshow_full  avia-builder-el-no-sibling  first flex_column_div av-zero-column-padding  '     ><style type=\"text\/css\" data-created_by=\"avia_inline_auto\" id=\"style-css-av-av_masonry_entries-748bec83703bb0e30b1d6d66edf1d1d6\">\n#top .av-masonry.av-av_masonry_entries-748bec83703bb0e30b1d6d66edf1d1d6{\nbackground-color:#ffffff;\n}\n<\/style>\n<div id='av-masonry-1' class='av-masonry av-av_masonry_entries-748bec83703bb0e30b1d6d66edf1d1d6 noHover av-fixed-size av-large-gap av-hover-overlay- av-masonry-animation-active av-masonry-col-2 av-caption-always av-caption-style- av-masonry-entries av-orientation-square ' data-post_id=\"2995\"><div class=\"av-masonry-container isotope av-js-disabled\"><div class='av-masonry-entry isotope-item av-masonry-item-no-image '><\/div><a href=\"https:\/\/grifk-handball.com\/miehet\/uutiset\/ratkaisu-riihimaella-grifk-jahtaa-pronssia-takamatkalta\/\"  id='av-masonry-1-item-63086' data-av-masonry-item='63086' class='av-masonry-entry isotope-item post-63086 post type-post status-publish format-standard has-post-thumbnail hentry category-uutiset  av-masonry-item-with-image' title=\"IFK Grankulla 100 vuotta\"   itemscope=\"itemscope\" itemtype=\"https:\/\/schema.org\/CreativeWork\" ><div class='av-inner-masonry-sizer'><\/div><figure class='av-inner-masonry main_color'><div class=\"av-masonry-outerimage-container\"><div class='av-masonry-image-container' style=\"background-image: url(https:\/\/i0.wp.com\/grifk-handball.com\/miehet\/wp-content\/uploads\/sites\/2\/2025\/05\/Grankulla-IFK-100-vuotta1-scaled-e1748011917274.png?fit=705%2C293&ssl=1);\"  title=\"IFK Grankulla 100 vuotta\" ><\/div><\/div><figcaption class='av-inner-masonry-content site-background'><div class='av-inner-masonry-content-pos'><div class='av-inner-masonry-content-pos-content'><div class='avia-arrow'><\/div><h3 class='av-masonry-entry-title entry-title '  itemprop=\"headline\" >Ratkaisu Riihim\u00e4ell\u00e4 \u2013 GrIFK jahtaa pronssia takamatkalta<\/h3><div class='av-masonry-entry-content entry-content'  itemprop=\"text\" >GrIFK matkustaa huomenna Riihim\u00e4elle hakemaan kauden viimeist\u00e4\u2026<div class='av-masonry-categories'>Uutiset<\/div><\/div><span class='av-masonry-date meta-color updated'>24.4.2026<\/span><span class=\"av-masonry-text-sep text-sep-author\">\/<\/span><span class='av-masonry-author meta-color author'><span class='fn'>by toppe<\/span><\/span><\/div><\/div><\/figcaption><\/figure><\/a><!--end av-masonry entry--><a href=\"https:\/\/grifk-handball.com\/miehet\/uutiset\/grani-lahtee-takamatkalta-toiseen-pronssiotteluun\/\"  id='av-masonry-1-item-63081' data-av-masonry-item='63081' class='av-masonry-entry isotope-item post-63081 post type-post status-publish format-standard has-post-thumbnail hentry category-uutiset  av-masonry-item-with-image' title=\"IFK Grankulla 100 vuotta\"   itemscope=\"itemscope\" itemtype=\"https:\/\/schema.org\/CreativeWork\" ><div class='av-inner-masonry-sizer'><\/div><figure class='av-inner-masonry main_color'><div class=\"av-masonry-outerimage-container\"><div class='av-masonry-image-container' style=\"background-image: url(https:\/\/i0.wp.com\/grifk-handball.com\/miehet\/wp-content\/uploads\/sites\/2\/2025\/05\/Grankulla-IFK-100-vuotta1-scaled-e1748011917274.png?fit=705%2C293&ssl=1);\"  title=\"IFK Grankulla 100 vuotta\" ><\/div><\/div><figcaption class='av-inner-masonry-content site-background'><div class='av-inner-masonry-content-pos'><div class='av-inner-masonry-content-pos-content'><div class='avia-arrow'><\/div><h3 class='av-masonry-entry-title entry-title '  itemprop=\"headline\" >Grani l\u00e4htee takamatkalta toiseen pronssiotteluun<\/h3><div class='av-masonry-entry-content entry-content'  itemprop=\"text\" >Aktialiigan ensimm\u00e4inen pronssiottelu pelattiin maanantaina\u2026<div class='av-masonry-categories'>Uutiset<\/div><\/div><span class='av-masonry-date meta-color updated'>21.4.2026<\/span><span class=\"av-masonry-text-sep text-sep-author\">\/<\/span><span class='av-masonry-author meta-color author'><span class='fn'>by toppe<\/span><\/span><\/div><\/div><\/figcaption><\/figure><\/a><!--end av-masonry entry--><a href=\"https:\/\/grifk-handball.com\/miehet\/uutiset\/luola-syttyy-pronssijahtiin-grifk-tahtaa-vahvaan-avaukseen\/\"  id='av-masonry-1-item-63079' data-av-masonry-item='63079' class='av-masonry-entry isotope-item post-63079 post type-post status-publish format-standard has-post-thumbnail hentry category-uutiset  av-masonry-item-with-image' title=\"IFK Grankulla 100 vuotta\"   itemscope=\"itemscope\" itemtype=\"https:\/\/schema.org\/CreativeWork\" ><div class='av-inner-masonry-sizer'><\/div><figure class='av-inner-masonry main_color'><div class=\"av-masonry-outerimage-container\"><div class='av-masonry-image-container' style=\"background-image: url(https:\/\/i0.wp.com\/grifk-handball.com\/miehet\/wp-content\/uploads\/sites\/2\/2025\/05\/Grankulla-IFK-100-vuotta1-scaled-e1748011917274.png?fit=705%2C293&ssl=1);\"  title=\"IFK Grankulla 100 vuotta\" ><\/div><\/div><figcaption class='av-inner-masonry-content site-background'><div class='av-inner-masonry-content-pos'><div class='av-inner-masonry-content-pos-content'><div class='avia-arrow'><\/div><h3 class='av-masonry-entry-title entry-title '  itemprop=\"headline\" >Luola syttyy pronssijahtiin \u2013 GrIFK t\u00e4ht\u00e4\u00e4 vahvaan avaukseen<\/h3><div class='av-masonry-entry-content entry-content'  itemprop=\"text\" >GrIFK aloittaa t\u00e4n\u00e4\u00e4n pronssiottelusarjan Riihim\u00e4en Cocksia\u2026<div class='av-masonry-categories'>Uutiset<\/div><\/div><span class='av-masonry-date meta-color updated'>20.4.2026<\/span><span class=\"av-masonry-text-sep text-sep-author\">\/<\/span><span class='av-masonry-author meta-color author'><span class='fn'>by toppe<\/span><\/span><\/div><\/div><\/figcaption><\/figure><\/a><!--end av-masonry entry--><a href=\"https:\/\/grifk-handball.com\/miehet\/uutiset\/grani-kaatui-karjaalla-pronssipelit-odottavat\/\"  id='av-masonry-1-item-63076' data-av-masonry-item='63076' class='av-masonry-entry isotope-item post-63076 post type-post status-publish format-standard has-post-thumbnail hentry category-uutiset  av-masonry-item-with-image' title=\"GB7A7370\"   itemscope=\"itemscope\" itemtype=\"https:\/\/schema.org\/CreativeWork\" ><div class='av-inner-masonry-sizer'><\/div><figure class='av-inner-masonry main_color'><div class=\"av-masonry-outerimage-container\"><div class='av-masonry-image-container' style=\"background-image: url(https:\/\/i0.wp.com\/grifk-handball.com\/miehet\/wp-content\/uploads\/sites\/2\/2026\/01\/GB7A7370.jpg?fit=470%2C705&ssl=1);\"  title=\"GB7A7370\" ><\/div><\/div><figcaption class='av-inner-masonry-content site-background'><div class='av-inner-masonry-content-pos'><div class='av-inner-masonry-content-pos-content'><div class='avia-arrow'><\/div><h3 class='av-masonry-entry-title entry-title '  itemprop=\"headline\" >Grani kaatui Karjaalla &#8211; pronssipelit odottavat<\/h3><div class='av-masonry-entry-content entry-content'  itemprop=\"text\" >BK-46 kaatoi tiistaina kotonaan GrIFK:n kolmannen kerran v\u00e4lier\u00e4sarjassa\u2026<div class='av-masonry-categories'>Uutiset<\/div><\/div><span class='av-masonry-date meta-color updated'>15.4.2026<\/span><span class=\"av-masonry-text-sep text-sep-author\">\/<\/span><span class='av-masonry-author meta-color author'><span class='fn'>by toppe<\/span><\/span><\/div><\/div><\/figcaption><\/figure><\/a><!--end av-masonry entry--><a href=\"https:\/\/grifk-handball.com\/miehet\/uutiset\/selka-seinaa-vasten-karjaalla-grifk-taistelee-valierasarjan-jatkosta\/\"  id='av-masonry-1-item-63073' data-av-masonry-item='63073' class='av-masonry-entry isotope-item post-63073 post type-post status-publish format-standard has-post-thumbnail hentry category-uutiset  av-masonry-item-with-image' title=\"IFK Grankulla 100 vuotta\"   itemscope=\"itemscope\" itemtype=\"https:\/\/schema.org\/CreativeWork\" ><div class='av-inner-masonry-sizer'><\/div><figure class='av-inner-masonry main_color'><div class=\"av-masonry-outerimage-container\"><div class='av-masonry-image-container' style=\"background-image: url(https:\/\/i0.wp.com\/grifk-handball.com\/miehet\/wp-content\/uploads\/sites\/2\/2025\/05\/Grankulla-IFK-100-vuotta1-scaled-e1748011917274.png?fit=705%2C293&ssl=1);\"  title=\"IFK Grankulla 100 vuotta\" ><\/div><\/div><figcaption class='av-inner-masonry-content site-background'><div class='av-inner-masonry-content-pos'><div class='av-inner-masonry-content-pos-content'><div class='avia-arrow'><\/div><h3 class='av-masonry-entry-title entry-title '  itemprop=\"headline\" >Selk\u00e4 sein\u00e4\u00e4 vasten Karjaalla \u2013 GrIFK taistelee v\u00e4lier\u00e4sarjan jatkosta<\/h3><div class='av-masonry-entry-content entry-content'  itemprop=\"text\" >GrIFK matkustaa huomenna Karjaalle selk\u00e4 sein\u00e4\u00e4 vasten, kun\u2026<div class='av-masonry-categories'>Uutiset<\/div><\/div><span class='av-masonry-date meta-color updated'>13.4.2026<\/span><span class=\"av-masonry-text-sep text-sep-author\">\/<\/span><span class='av-masonry-author meta-color author'><span class='fn'>by toppe<\/span><\/span><\/div><\/div><\/figcaption><\/figure><\/a><!--end av-masonry entry--><a href=\"https:\/\/grifk-handball.com\/miehet\/uutiset\/grani-taipui-toisessa-valierassa\/\"  id='av-masonry-1-item-63070' data-av-masonry-item='63070' class='av-masonry-entry isotope-item post-63070 post type-post status-publish format-standard has-post-thumbnail hentry category-uutiset  av-masonry-item-with-image' title=\"IFK Grankulla 100 vuotta\"   itemscope=\"itemscope\" itemtype=\"https:\/\/schema.org\/CreativeWork\" ><div class='av-inner-masonry-sizer'><\/div><figure class='av-inner-masonry main_color'><div class=\"av-masonry-outerimage-container\"><div class='av-masonry-image-container' style=\"background-image: url(https:\/\/i0.wp.com\/grifk-handball.com\/miehet\/wp-content\/uploads\/sites\/2\/2025\/05\/Grankulla-IFK-100-vuotta1-scaled-e1748011917274.png?fit=705%2C293&ssl=1);\"  title=\"IFK Grankulla 100 vuotta\" ><\/div><\/div><figcaption class='av-inner-masonry-content site-background'><div class='av-inner-masonry-content-pos'><div class='av-inner-masonry-content-pos-content'><div class='avia-arrow'><\/div><h3 class='av-masonry-entry-title entry-title '  itemprop=\"headline\" >Grani taipui toisessa v\u00e4lier\u00e4ss\u00e4<\/h3><div class='av-masonry-entry-content entry-content'  itemprop=\"text\" >BK-46 haki v\u00e4lierien toisessa ottelussa lauantaina voiton GrIFK:sta\u2026<div class='av-masonry-categories'>Uutiset<\/div><\/div><span class='av-masonry-date meta-color updated'>12.4.2026<\/span><span class=\"av-masonry-text-sep text-sep-author\">\/<\/span><span class='av-masonry-author meta-color author'><span class='fn'>by toppe<\/span><\/span><\/div><\/div><\/figcaption><\/figure><\/a><!--end av-masonry entry--><a href=\"https:\/\/grifk-handball.com\/miehet\/uutiset\/luola-kutsuu-grifk-hakee-tasoitusta-valierasarjaan\/\"  id='av-masonry-1-item-63067' data-av-masonry-item='63067' class='av-masonry-entry isotope-item post-63067 post type-post status-publish format-standard has-post-thumbnail hentry category-uutiset  av-masonry-item-with-image' title=\"IFK Grankulla 100 vuotta\"   itemscope=\"itemscope\" itemtype=\"https:\/\/schema.org\/CreativeWork\" ><div class='av-inner-masonry-sizer'><\/div><figure class='av-inner-masonry main_color'><div class=\"av-masonry-outerimage-container\"><div class='av-masonry-image-container' style=\"background-image: url(https:\/\/i0.wp.com\/grifk-handball.com\/miehet\/wp-content\/uploads\/sites\/2\/2025\/05\/Grankulla-IFK-100-vuotta1-scaled-e1748011917274.png?fit=705%2C293&ssl=1);\"  title=\"IFK Grankulla 100 vuotta\" ><\/div><\/div><figcaption class='av-inner-masonry-content site-background'><div class='av-inner-masonry-content-pos'><div class='av-inner-masonry-content-pos-content'><div class='avia-arrow'><\/div><h3 class='av-masonry-entry-title entry-title '  itemprop=\"headline\" >Luola kutsuu \u2013 GrIFK hakee tasoitusta v\u00e4lier\u00e4sarjaan<\/h3><div class='av-masonry-entry-content entry-content'  itemprop=\"text\" >GrIFK palaa huomenna kotiyleis\u00f6n eteen Kauniaisten Luolaan,\u2026<div class='av-masonry-categories'>Uutiset<\/div><\/div><span class='av-masonry-date meta-color updated'>10.4.2026<\/span><span class=\"av-masonry-text-sep text-sep-author\">\/<\/span><span class='av-masonry-author meta-color author'><span class='fn'>by toppe<\/span><\/span><\/div><\/div><\/figcaption><\/figure><\/a><!--end av-masonry entry--><a href=\"https:\/\/grifk-handball.com\/miehet\/uutiset\/valierat-kayntiin-karjaalla-grifk-haastaa-suvereenin-bk-46n\/\"  id='av-masonry-1-item-63064' data-av-masonry-item='63064' class='av-masonry-entry isotope-item post-63064 post type-post status-publish format-standard has-post-thumbnail hentry category-uutiset  av-masonry-item-with-image' title=\"IFK Grankulla 100 vuotta\"   itemscope=\"itemscope\" itemtype=\"https:\/\/schema.org\/CreativeWork\" ><div class='av-inner-masonry-sizer'><\/div><figure class='av-inner-masonry main_color'><div class=\"av-masonry-outerimage-container\"><div class='av-masonry-image-container' style=\"background-image: url(https:\/\/i0.wp.com\/grifk-handball.com\/miehet\/wp-content\/uploads\/sites\/2\/2025\/05\/Grankulla-IFK-100-vuotta1-scaled-e1748011917274.png?fit=705%2C293&ssl=1);\"  title=\"IFK Grankulla 100 vuotta\" ><\/div><\/div><figcaption class='av-inner-masonry-content site-background'><div class='av-inner-masonry-content-pos'><div class='av-inner-masonry-content-pos-content'><div class='avia-arrow'><\/div><h3 class='av-masonry-entry-title entry-title '  itemprop=\"headline\" >V\u00e4lier\u00e4t k\u00e4yntiin Karjaalla \u2013 GrIFK haastaa suvereenin BK\u201146:n<\/h3><div class='av-masonry-entry-content entry-content'  itemprop=\"text\" >Huomenna k\u00e4ynnistyy GrIFK:n kauden suurin haaste, kun v\u00e4lier\u00e4sarja\u2026<div class='av-masonry-categories'>Uutiset<\/div><\/div><span class='av-masonry-date meta-color updated'>6.4.2026<\/span><span class=\"av-masonry-text-sep text-sep-author\">\/<\/span><span class='av-masonry-author meta-color author'><span class='fn'>by toppe<\/span><\/span><\/div><\/div><\/figcaption><\/figure><\/a><!--end av-masonry entry--><a href=\"https:\/\/grifk-handball.com\/miehet\/uutiset\/grifk-eteni-valieriin\/\"  id='av-masonry-1-item-63061' data-av-masonry-item='63061' class='av-masonry-entry isotope-item post-63061 post type-post status-publish format-standard has-post-thumbnail hentry category-uutiset  av-masonry-item-with-image' title=\"GB7A5605\"   itemscope=\"itemscope\" itemtype=\"https:\/\/schema.org\/CreativeWork\" ><div class='av-inner-masonry-sizer'><\/div><figure class='av-inner-masonry main_color'><div class=\"av-masonry-outerimage-container\"><div class='av-masonry-image-container' style=\"background-image: url(https:\/\/i0.wp.com\/grifk-handball.com\/miehet\/wp-content\/uploads\/sites\/2\/2025\/11\/GB7A5605-scaled-e1764165596455.jpg?fit=705%2C439&ssl=1);\"  title=\"GB7A5605\" ><\/div><\/div><figcaption class='av-inner-masonry-content site-background'><div class='av-inner-masonry-content-pos'><div class='av-inner-masonry-content-pos-content'><div class='avia-arrow'><\/div><h3 class='av-masonry-entry-title entry-title '  itemprop=\"headline\" >GrIFK eteni v\u00e4lieriin<\/h3><div class='av-masonry-entry-content entry-content'  itemprop=\"text\" >GrIFK ja Dicken j\u00e4rjestiv\u00e4t toisen j\u00e4nnitysn\u00e4ytelm\u00e4n puoliv\u00e4lieriss\u00e4\u2026<div class='av-masonry-categories'>Uutiset<\/div><\/div><span class='av-masonry-date meta-color updated'>29.3.2026<\/span><span class=\"av-masonry-text-sep text-sep-author\">\/<\/span><span class='av-masonry-author meta-color author'><span class='fn'>by toppe<\/span><\/span><\/div><\/div><\/figcaption><\/figure><\/a><!--end av-masonry entry--><a href=\"https:\/\/grifk-handball.com\/miehet\/uutiset\/ottelupallo-luolassa-grifk-hakee-valierapaikkaa-kotiyleison-edessa\/\"  id='av-masonry-1-item-63058' data-av-masonry-item='63058' class='av-masonry-entry isotope-item post-63058 post type-post status-publish format-standard has-post-thumbnail hentry category-uutiset  av-masonry-item-with-image' title=\"IFK Grankulla 100 vuotta\"   itemscope=\"itemscope\" itemtype=\"https:\/\/schema.org\/CreativeWork\" ><div class='av-inner-masonry-sizer'><\/div><figure class='av-inner-masonry main_color'><div class=\"av-masonry-outerimage-container\"><div class='av-masonry-image-container' style=\"background-image: url(https:\/\/i0.wp.com\/grifk-handball.com\/miehet\/wp-content\/uploads\/sites\/2\/2025\/05\/Grankulla-IFK-100-vuotta1-scaled-e1748011917274.png?fit=705%2C293&ssl=1);\"  title=\"IFK Grankulla 100 vuotta\" ><\/div><\/div><figcaption class='av-inner-masonry-content site-background'><div class='av-inner-masonry-content-pos'><div class='av-inner-masonry-content-pos-content'><div class='avia-arrow'><\/div><h3 class='av-masonry-entry-title entry-title '  itemprop=\"headline\" >Ottelupallo Luolassa \u2013 GrIFK hakee v\u00e4lier\u00e4paikkaa kotiyleis\u00f6n edess\u00e4<\/h3><div class='av-masonry-entry-content entry-content'  itemprop=\"text\" >GrIFK nappasi keskiviikkona Pirkkolasta valtavan arvokkaan 20\u201321\u2011vierasvoiton\u2026<div class='av-masonry-categories'>Uutiset<\/div><\/div><span class='av-masonry-date meta-color updated'>26.3.2026<\/span><span class=\"av-masonry-text-sep text-sep-author\">\/<\/span><span class='av-masonry-author meta-color author'><span class='fn'>by toppe<\/span><\/span><\/div><\/div><\/figcaption><\/figure><\/a><!--end av-masonry entry--><a href=\"https:\/\/grifk-handball.com\/miehet\/uutiset\/grifk-otti-ensimmaisen-kiinnityksen-semifinaalipaikkaan\/\"  id='av-masonry-1-item-63055' data-av-masonry-item='63055' class='av-masonry-entry isotope-item post-63055 post type-post status-publish format-standard has-post-thumbnail hentry category-uutiset  av-masonry-item-with-image' title=\"GB7A7960\"   itemscope=\"itemscope\" itemtype=\"https:\/\/schema.org\/CreativeWork\" ><div class='av-inner-masonry-sizer'><\/div><figure class='av-inner-masonry main_color'><div class=\"av-masonry-outerimage-container\"><div class='av-masonry-image-container' style=\"background-image: url(https:\/\/i0.wp.com\/grifk-handball.com\/miehet\/wp-content\/uploads\/sites\/2\/2026\/01\/GB7A7960.jpg?fit=470%2C705&ssl=1);\"  title=\"GB7A7960\" ><\/div><\/div><figcaption class='av-inner-masonry-content site-background'><div class='av-inner-masonry-content-pos'><div class='av-inner-masonry-content-pos-content'><div class='avia-arrow'><\/div><h3 class='av-masonry-entry-title entry-title '  itemprop=\"headline\" >GRIFK OTTI ENSIMM\u00c4ISEN KIINNITYKSEN SEMIFINAALIPAIKKAAN<\/h3><div class='av-masonry-entry-content entry-content'  itemprop=\"text\" >Dicken ja GrIFK avasivat puoliv\u00e4lier\u00e4sarjansa pudotuspelien\u2026<div class='av-masonry-categories'>Uutiset<\/div><\/div><span class='av-masonry-date meta-color updated'>25.3.2026<\/span><span class=\"av-masonry-text-sep text-sep-author\">\/<\/span><span class='av-masonry-author meta-color author'><span class='fn'>by toppe<\/span><\/span><\/div><\/div><\/figcaption><\/figure><\/a><!--end av-masonry entry--><a href=\"https:\/\/grifk-handball.com\/miehet\/uutiset\/kotiedun-menetys-jai-hampaankoloon-grifk-lahtee-hakemaan-ryostoa-pirkkolasta\/\"  id='av-masonry-1-item-63052' data-av-masonry-item='63052' class='av-masonry-entry isotope-item post-63052 post type-post status-publish format-standard has-post-thumbnail hentry category-uutiset  av-masonry-item-with-image' title=\"IFK Grankulla 100 vuotta\"   itemscope=\"itemscope\" itemtype=\"https:\/\/schema.org\/CreativeWork\" ><div class='av-inner-masonry-sizer'><\/div><figure class='av-inner-masonry main_color'><div class=\"av-masonry-outerimage-container\"><div class='av-masonry-image-container' style=\"background-image: url(https:\/\/i0.wp.com\/grifk-handball.com\/miehet\/wp-content\/uploads\/sites\/2\/2025\/05\/Grankulla-IFK-100-vuotta1-scaled-e1748011917274.png?fit=705%2C293&ssl=1);\"  title=\"IFK Grankulla 100 vuotta\" ><\/div><\/div><figcaption class='av-inner-masonry-content site-background'><div class='av-inner-masonry-content-pos'><div class='av-inner-masonry-content-pos-content'><div class='avia-arrow'><\/div><h3 class='av-masonry-entry-title entry-title '  itemprop=\"headline\" >Kotiedun menetys j\u00e4i hampaankoloon \u2013 GrIFK l\u00e4htee hakemaan ry\u00f6st\u00f6\u00e4 Pirkkolasta<\/h3><div class='av-masonry-entry-content entry-content'  itemprop=\"text\" >Huomenna Pirkkolassa k\u00e4ynnistyy GrIFK:n pudotuspelikev\u00e4t, kun\u2026<div class='av-masonry-categories'>Uutiset<\/div><\/div><span class='av-masonry-date meta-color updated'>24.3.2026<\/span><span class=\"av-masonry-text-sep text-sep-author\">\/<\/span><span class='av-masonry-author meta-color author'><span class='fn'>by toppe<\/span><\/span><\/div><\/div><\/figcaption><\/figure><\/a><!--end av-masonry entry--><\/div><a class='av-masonry-pagination av-masonry-load-more' href='#load-more'  data-link='category, 4,7,5'  data-term_rel='IN'  data-wc_prod_visible=''  data-wc_prod_hidden=''  data-wc_prod_featured=''  data-wc_prod_sale=''  data-prod_order_by=''  data-prod_order=''  data-date_filter=''  data-date_filter_start=''  data-date_filter_end=''  data-date_filter_format='yy\/mm\/dd'  data-period_filter_unit_1=''  data-period_filter_unit_2=''  data-page_element_filter=''  data-sort='no'  data-query_orderby='date'  data-query_order='DESC'  data-caption_elements='title excerpt'  data-caption_styling=''  data-caption_display='always'  data-img_copyright=''  data-size='fixed'  data-orientation='av-orientation-square'  data-image_size='masonry'  data-gap='large'  data-columns='2'  data-av-desktop-columns=''  data-av-medium-columns=''  data-av-small-columns=''  data-av-mini-columns=''  data-items='12'  data-paginate='load_more'  data-color='custom'  data-custom_bg='#ffffff'  data-img_copyright_font=''  data-av-desktop-font-img_copyright_font=''  data-av-medium-font-img_copyright_font=''  data-av-small-font-img_copyright_font=''  data-av-mini-font-img_copyright_font=''  data-img_copyright_color=''  data-img_copyright_bg=''  data-animation='active'  data-animation_duration=''  data-animation_custom_bg_color=''  data-animation_custom_bg_color_multi_list=''  data-animation_z_index_curtain='100'  data-overlay_fx=''  data-img_scrset=''  data-lazy_loading='disabled'  data-av-desktop-hide=''  data-av-medium-hide=''  data-av-small-hide=''  data-av-mini-hide=''  data-alb_description=''  data-id=''  data-custom_class=''  data-template_class=''  data-av_uid=''  data-sc_version='1.0'  data-ids=''  data-action=''  data-post_type='post, page, attachment, revision, nav_menu_item, custom_css, customize_changeset, oembed_cache, user_request, wp_block, wp_template, wp_template_part, wp_global_styles, wp_navigation, wp_font_family, wp_font_face, acf-taxonomy, acf-post-type, cf7sg_page, acf-field-group, acf-field, alb_custom_layout, avia_framework_post, feedback, jetpack_form, wpcf7_contact_form, tablepress_table, portfolio, jp_pay_order, jp_pay_product'  data-offset='0'  data-container_links='active'  data-link_dest=''  data-lightbox_text=''  data-container_class='av-masonry-entries'  data-auto_ratio='1.7'  data-set_breadcrumb='1'  data-custom_markup=''  data-taxonomy='category'  data-categories='7,5'  data-avno='63b6fd610d'>Load more<\/a><\/div><\/div>\n","protected":false},"excerpt":{"rendered":"","protected":false},"author":1,"featured_media":0,"parent":0,"menu_order":0,"comment_status":"closed","ping_status":"closed","template":"","meta":{"_acf_changed":false,"footnotes":""},"tags":[],"class_list":["post-2995","page","type-page","status-publish","hentry"],"acf":[],"yoast_head":"<!-- This site is optimized with the Yoast SEO plugin v27.5 - https:\/\/yoast.com\/product\/yoast-seo-wordpress\/ -->\n<title>Ottelut &#8212; GrIFK K\u00e4sipallo - miehet<\/title>\n<meta name=\"robots\" content=\"index, follow, max-snippet:-1, max-image-preview:large, max-video-preview:-1\" \/>\n<link rel=\"canonical\" href=\"https:\/\/grifk-handball.com\/miehet\/ottelut\/\" \/>\n<meta property=\"og:locale\" content=\"fi_FI\" \/>\n<meta property=\"og:type\" content=\"article\" \/>\n<meta property=\"og:title\" content=\"Ottelut &#8212; GrIFK K\u00e4sipallo - miehet\" \/>\n<meta property=\"og:url\" content=\"https:\/\/grifk-handball.com\/miehet\/ottelut\/\" \/>\n<meta property=\"og:site_name\" content=\"GrIFK K\u00e4sipallo - miehet\" \/>\n<meta property=\"article:publisher\" content=\"https:\/\/www.facebook.com\/GrIFKelit\/\" \/>\n<meta property=\"article:modified_time\" content=\"2017-11-16T09:32:09+00:00\" \/>\n<meta name=\"twitter:card\" content=\"summary_large_image\" \/>\n<meta name=\"twitter:site\" content=\"@GrIFK_MSM\" \/>\n<meta name=\"twitter:label1\" content=\"Arvioitu lukuaika\" \/>\n\t<meta name=\"twitter:data1\" content=\"1 minuutti\" \/>\n<script type=\"application\/ld+json\" class=\"yoast-schema-graph\">{\"@context\":\"https:\\\/\\\/schema.org\",\"@graph\":[{\"@type\":\"WebPage\",\"@id\":\"https:\\\/\\\/grifk-handball.com\\\/miehet\\\/ottelut\\\/\",\"url\":\"https:\\\/\\\/grifk-handball.com\\\/miehet\\\/ottelut\\\/\",\"name\":\"Ottelut &#8212; GrIFK K\u00e4sipallo - miehet\",\"isPartOf\":{\"@id\":\"https:\\\/\\\/grifk-handball.com\\\/miehet\\\/#website\"},\"datePublished\":\"2017-01-10T09:17:57+00:00\",\"dateModified\":\"2017-11-16T09:32:09+00:00\",\"breadcrumb\":{\"@id\":\"https:\\\/\\\/grifk-handball.com\\\/miehet\\\/ottelut\\\/#breadcrumb\"},\"inLanguage\":\"fi\",\"potentialAction\":[{\"@type\":\"ReadAction\",\"target\":[\"https:\\\/\\\/grifk-handball.com\\\/miehet\\\/ottelut\\\/\"]}]},{\"@type\":\"BreadcrumbList\",\"@id\":\"https:\\\/\\\/grifk-handball.com\\\/miehet\\\/ottelut\\\/#breadcrumb\",\"itemListElement\":[{\"@type\":\"ListItem\",\"position\":1,\"name\":\"Home\",\"item\":\"https:\\\/\\\/grifk-handball.com\\\/miehet\\\/etusivu-260109\\\/\"},{\"@type\":\"ListItem\",\"position\":2,\"name\":\"Ottelut\"}]},{\"@type\":\"WebSite\",\"@id\":\"https:\\\/\\\/grifk-handball.com\\\/miehet\\\/#website\",\"url\":\"https:\\\/\\\/grifk-handball.com\\\/miehet\\\/\",\"name\":\"GrIFK K\u00e4sipallo - miehet\",\"description\":\"BomBom!\",\"publisher\":{\"@id\":\"https:\\\/\\\/grifk-handball.com\\\/miehet\\\/#organization\"},\"potentialAction\":[{\"@type\":\"SearchAction\",\"target\":{\"@type\":\"EntryPoint\",\"urlTemplate\":\"https:\\\/\\\/grifk-handball.com\\\/miehet\\\/?s={search_term_string}\"},\"query-input\":{\"@type\":\"PropertyValueSpecification\",\"valueRequired\":true,\"valueName\":\"search_term_string\"}}],\"inLanguage\":\"fi\"},{\"@type\":\"Organization\",\"@id\":\"https:\\\/\\\/grifk-handball.com\\\/miehet\\\/#organization\",\"name\":\"GrIFK K\u00e4sipallo - miehet\",\"url\":\"https:\\\/\\\/grifk-handball.com\\\/miehet\\\/\",\"logo\":{\"@type\":\"ImageObject\",\"inLanguage\":\"fi\",\"@id\":\"https:\\\/\\\/grifk-handball.com\\\/miehet\\\/#\\\/schema\\\/logo\\\/image\\\/\",\"url\":\"https:\\\/\\\/i0.wp.com\\\/grifk-handball.com\\\/miehet\\\/wp-content\\\/uploads\\\/sites\\\/2\\\/2016\\\/10\\\/logo-grifk-iso.png?fit=1200%2C1400&ssl=1\",\"contentUrl\":\"https:\\\/\\\/i0.wp.com\\\/grifk-handball.com\\\/miehet\\\/wp-content\\\/uploads\\\/sites\\\/2\\\/2016\\\/10\\\/logo-grifk-iso.png?fit=1200%2C1400&ssl=1\",\"width\":1200,\"height\":1400,\"caption\":\"GrIFK K\u00e4sipallo - miehet\"},\"image\":{\"@id\":\"https:\\\/\\\/grifk-handball.com\\\/miehet\\\/#\\\/schema\\\/logo\\\/image\\\/\"},\"sameAs\":[\"https:\\\/\\\/www.facebook.com\\\/GrIFKelit\\\/\",\"https:\\\/\\\/x.com\\\/GrIFK_MSM\",\"https:\\\/\\\/www.instagram.com\\\/grifk_elit\\\/\"]}]}<\/script>\n<!-- \/ Yoast SEO plugin. -->","yoast_head_json":{"title":"Ottelut &#8212; GrIFK K\u00e4sipallo - miehet","robots":{"index":"index","follow":"follow","max-snippet":"max-snippet:-1","max-image-preview":"max-image-preview:large","max-video-preview":"max-video-preview:-1"},"canonical":"https:\/\/grifk-handball.com\/miehet\/ottelut\/","og_locale":"fi_FI","og_type":"article","og_title":"Ottelut &#8212; GrIFK K\u00e4sipallo - miehet","og_url":"https:\/\/grifk-handball.com\/miehet\/ottelut\/","og_site_name":"GrIFK K\u00e4sipallo - miehet","article_publisher":"https:\/\/www.facebook.com\/GrIFKelit\/","article_modified_time":"2017-11-16T09:32:09+00:00","twitter_card":"summary_large_image","twitter_site":"@GrIFK_MSM","twitter_misc":{"Arvioitu lukuaika":"1 minuutti"},"schema":{"@context":"https:\/\/schema.org","@graph":[{"@type":"WebPage","@id":"https:\/\/grifk-handball.com\/miehet\/ottelut\/","url":"https:\/\/grifk-handball.com\/miehet\/ottelut\/","name":"Ottelut &#8212; GrIFK K\u00e4sipallo - miehet","isPartOf":{"@id":"https:\/\/grifk-handball.com\/miehet\/#website"},"datePublished":"2017-01-10T09:17:57+00:00","dateModified":"2017-11-16T09:32:09+00:00","breadcrumb":{"@id":"https:\/\/grifk-handball.com\/miehet\/ottelut\/#breadcrumb"},"inLanguage":"fi","potentialAction":[{"@type":"ReadAction","target":["https:\/\/grifk-handball.com\/miehet\/ottelut\/"]}]},{"@type":"BreadcrumbList","@id":"https:\/\/grifk-handball.com\/miehet\/ottelut\/#breadcrumb","itemListElement":[{"@type":"ListItem","position":1,"name":"Home","item":"https:\/\/grifk-handball.com\/miehet\/etusivu-260109\/"},{"@type":"ListItem","position":2,"name":"Ottelut"}]},{"@type":"WebSite","@id":"https:\/\/grifk-handball.com\/miehet\/#website","url":"https:\/\/grifk-handball.com\/miehet\/","name":"GrIFK K\u00e4sipallo - miehet","description":"BomBom!","publisher":{"@id":"https:\/\/grifk-handball.com\/miehet\/#organization"},"potentialAction":[{"@type":"SearchAction","target":{"@type":"EntryPoint","urlTemplate":"https:\/\/grifk-handball.com\/miehet\/?s={search_term_string}"},"query-input":{"@type":"PropertyValueSpecification","valueRequired":true,"valueName":"search_term_string"}}],"inLanguage":"fi"},{"@type":"Organization","@id":"https:\/\/grifk-handball.com\/miehet\/#organization","name":"GrIFK K\u00e4sipallo - miehet","url":"https:\/\/grifk-handball.com\/miehet\/","logo":{"@type":"ImageObject","inLanguage":"fi","@id":"https:\/\/grifk-handball.com\/miehet\/#\/schema\/logo\/image\/","url":"https:\/\/i0.wp.com\/grifk-handball.com\/miehet\/wp-content\/uploads\/sites\/2\/2016\/10\/logo-grifk-iso.png?fit=1200%2C1400&ssl=1","contentUrl":"https:\/\/i0.wp.com\/grifk-handball.com\/miehet\/wp-content\/uploads\/sites\/2\/2016\/10\/logo-grifk-iso.png?fit=1200%2C1400&ssl=1","width":1200,"height":1400,"caption":"GrIFK K\u00e4sipallo - miehet"},"image":{"@id":"https:\/\/grifk-handball.com\/miehet\/#\/schema\/logo\/image\/"},"sameAs":["https:\/\/www.facebook.com\/GrIFKelit\/","https:\/\/x.com\/GrIFK_MSM","https:\/\/www.instagram.com\/grifk_elit\/"]}]}},"jetpack_shortlink":"https:\/\/wp.me\/P9jQ9a-Mj","_links":{"self":[{"href":"https:\/\/grifk-handball.com\/miehet\/wp-json\/wp\/v2\/pages\/2995","targetHints":{"allow":["GET"]}}],"collection":[{"href":"https:\/\/grifk-handball.com\/miehet\/wp-json\/wp\/v2\/pages"}],"about":[{"href":"https:\/\/grifk-handball.com\/miehet\/wp-json\/wp\/v2\/types\/page"}],"author":[{"embeddable":true,"href":"https:\/\/grifk-handball.com\/miehet\/wp-json\/wp\/v2\/users\/1"}],"replies":[{"embeddable":true,"href":"https:\/\/grifk-handball.com\/miehet\/wp-json\/wp\/v2\/comments?post=2995"}],"version-history":[{"count":1,"href":"https:\/\/grifk-handball.com\/miehet\/wp-json\/wp\/v2\/pages\/2995\/revisions"}],"predecessor-version":[{"id":10879,"href":"https:\/\/grifk-handball.com\/miehet\/wp-json\/wp\/v2\/pages\/2995\/revisions\/10879"}],"wp:attachment":[{"href":"https:\/\/grifk-handball.com\/miehet\/wp-json\/wp\/v2\/media?parent=2995"}],"wp:term":[{"taxonomy":"post_tag","embeddable":true,"href":"https:\/\/grifk-handball.com\/miehet\/wp-json\/wp\/v2\/tags?post=2995"}],"curies":[{"name":"wp","href":"https:\/\/api.w.org\/{rel}","templated":true}]}}