{"id":5902,"date":"2017-10-04T10:18:05","date_gmt":"2017-10-04T07:18:05","guid":{"rendered":"https:\/\/grifk-handball.com\/?page_id=5902"},"modified":"2018-09-06T16:04:57","modified_gmt":"2018-09-06T13:04:57","slug":"fredrik-forss","status":"publish","type":"page","link":"https:\/\/grifk-handball.com\/miehet\/joukkue-2017-18\/fredrik-forss\/","title":{"rendered":"Fredrik Forss"},"content":{"rendered":"<div class='flex_column_table av-163fdr2-7bc7d84c66b6a655bc59937770169507 sc-av_one_half av-equal-height-column-flextable'>\n<style type=\"text\/css\" data-created_by=\"avia_inline_auto\" id=\"style-css-av-163fdr2-7bc7d84c66b6a655bc59937770169507\">\n.flex_column.av-163fdr2-7bc7d84c66b6a655bc59937770169507{\nborder-radius:0px 0px 0px 0px;\npadding:0px 0px 0px 0px;\n}\n<\/style>\n<div  class='flex_column av-163fdr2-7bc7d84c66b6a655bc59937770169507 av_one_half  avia-builder-el-0  el_before_av_one_half  avia-builder-el-first  first flex_column_table_cell av-equal-height-column av-align-top  '     ><p>\n<style type=\"text\/css\" data-created_by=\"avia_inline_auto\" id=\"style-css-av-44625q-f0258b1cde5d19c975f7f8651ef1bfbb\">\n#top .av-special-heading.av-44625q-f0258b1cde5d19c975f7f8651ef1bfbb{\npadding-bottom:0;\n}\nbody .av-special-heading.av-44625q-f0258b1cde5d19c975f7f8651ef1bfbb .av-special-heading-tag .heading-char{\nfont-size:25px;\n}\n.av-special-heading.av-44625q-f0258b1cde5d19c975f7f8651ef1bfbb .av-subheading{\nfont-size:15px;\n}\n<\/style>\n<div  class='av-special-heading av-44625q-f0258b1cde5d19c975f7f8651ef1bfbb av-special-heading-h2  avia-builder-el-1  el_before_av_heading  avia-builder-el-first  pelinumero'><h2 class='av-special-heading-tag '  itemprop=\"headline\"  >17<\/h2><div class=\"special-heading-border\"><div class=\"special-heading-inner-border\"><\/div><\/div><\/div><br \/>\n\n<style type=\"text\/css\" data-created_by=\"avia_inline_auto\" id=\"style-css-av-12qc8qm-374cf6744aa2c99523244b42a38ce6f8\">\n#top .av-special-heading.av-12qc8qm-374cf6744aa2c99523244b42a38ce6f8{\npadding-bottom:0;\n}\nbody .av-special-heading.av-12qc8qm-374cf6744aa2c99523244b42a38ce6f8 .av-special-heading-tag .heading-char{\nfont-size:25px;\n}\n.av-special-heading.av-12qc8qm-374cf6744aa2c99523244b42a38ce6f8 .av-subheading{\nfont-size:15px;\n}\n<\/style>\n<div  class='av-special-heading av-12qc8qm-374cf6744aa2c99523244b42a38ce6f8 av-special-heading-h1 meta-heading  avia-builder-el-2  el_after_av_heading  el_before_av_heading  pelaajan-nimi'><h1 class='av-special-heading-tag '  itemprop=\"headline\"  >Fredrik Forss<\/h1><div class=\"special-heading-border\"><div class=\"special-heading-inner-border\"><\/div><\/div><\/div><br \/>\n\n<style type=\"text\/css\" data-created_by=\"avia_inline_auto\" id=\"style-css-av-11g9py6-304432317963796d2d95c0d18b661800\">\n#top .av-special-heading.av-11g9py6-304432317963796d2d95c0d18b661800{\npadding-bottom:10px;\n}\nbody .av-special-heading.av-11g9py6-304432317963796d2d95c0d18b661800 .av-special-heading-tag .heading-char{\nfont-size:25px;\n}\n.av-special-heading.av-11g9py6-304432317963796d2d95c0d18b661800 .av-subheading{\nfont-size:15px;\n}\n<\/style>\n<div  class='av-special-heading av-11g9py6-304432317963796d2d95c0d18b661800 av-special-heading-h3 blockquote modern-quote modern-centered  avia-builder-el-3  el_after_av_heading  el_before_av_animated_numbers '><h3 class='av-special-heading-tag '  itemprop=\"headline\"  >Pelipaikka:<\/h3><div class=\"special-heading-border\"><div class=\"special-heading-inner-border\"><\/div><\/div><\/div><br \/>\n<div  class=\"avia-animated-number av-109hif2-cc3e352bcc9965dc8126f0ca21ba7ffb av-force-default-color avia_animate_when_visible  avia-builder-el-4  el_after_av_heading  el_before_av_heading  \" data-timer=\"3000\"><strong class=\"heading avia-animated-number-title\"><span class=\"avia-no-number\">K<\/span><span class=\"avia-single-number __av-single-number\" data-number_format=\"\" data-number=\"6\" data-start_from=\"0\">6<\/span><\/strong><div class=\"avia-animated-number-content\"><\/div><\/div><br \/>\n\n<style type=\"text\/css\" data-created_by=\"avia_inline_auto\" id=\"style-css-av-xggw7i-dcec99dcac3e558eb1ec4e3e066000bb\">\n#top .av-special-heading.av-xggw7i-dcec99dcac3e558eb1ec4e3e066000bb{\npadding-bottom:10px;\n}\nbody .av-special-heading.av-xggw7i-dcec99dcac3e558eb1ec4e3e066000bb .av-special-heading-tag .heading-char{\nfont-size:25px;\n}\n.av-special-heading.av-xggw7i-dcec99dcac3e558eb1ec4e3e066000bb .av-subheading{\nfont-size:15px;\n}\n<\/style>\n<div  class='av-special-heading av-xggw7i-dcec99dcac3e558eb1ec4e3e066000bb av-special-heading-h3 blockquote modern-quote modern-centered  avia-builder-el-5  el_after_av_animated_numbers  el_before_av_animated_numbers '><h3 class='av-special-heading-tag '  itemprop=\"headline\"  >Syntym\u00e4vuosi: <\/h3><div class=\"special-heading-border\"><div class=\"special-heading-inner-border\"><\/div><\/div><\/div><br \/>\n<div  class=\"avia-animated-number av-vwq2u6-485b346a1d7b0e715b1b704df5f0a188 av-force-default-color avia_animate_when_visible  avia-builder-el-6  el_after_av_heading  el_before_av_heading  \" data-timer=\"3000\"><strong class=\"heading avia-animated-number-title\"><span class=\"avia-single-number __av-single-number\" data-number_format=\"\" data-number=\"1994\" data-start_from=\"0\">1994<\/span><\/strong><div class=\"avia-animated-number-content\"><\/div><\/div><br \/>\n\n<style type=\"text\/css\" data-created_by=\"avia_inline_auto\" id=\"style-css-av-uygkz2-7dab8fb8954212610605cad3b87dd17c\">\n#top .av-special-heading.av-uygkz2-7dab8fb8954212610605cad3b87dd17c{\npadding-bottom:10px;\n}\nbody .av-special-heading.av-uygkz2-7dab8fb8954212610605cad3b87dd17c .av-special-heading-tag .heading-char{\nfont-size:25px;\n}\n.av-special-heading.av-uygkz2-7dab8fb8954212610605cad3b87dd17c .av-subheading{\nfont-size:15px;\n}\n<\/style>\n<div  class='av-special-heading av-uygkz2-7dab8fb8954212610605cad3b87dd17c av-special-heading-h3 blockquote modern-quote modern-centered  avia-builder-el-7  el_after_av_animated_numbers  el_before_av_animated_numbers '><h3 class='av-special-heading-tag '  itemprop=\"headline\"  >Pituus \/ paino:<\/h3><div class=\"special-heading-border\"><div class=\"special-heading-inner-border\"><\/div><\/div><\/div><br \/>\n<div  class=\"avia-animated-number av-taf0m6-cfde7bf91856e08f8b52920e4d714591 av-force-default-color avia_animate_when_visible  avia-builder-el-8  el_after_av_heading  avia-builder-el-last  \" data-timer=\"3000\"><strong class=\"heading avia-animated-number-title\"><span class=\"avia-single-number __av-single-number\" data-number_format=\"\" data-number=\"190\" data-start_from=\"0\">190<\/span><span class=\"avia-no-number\"> cm \/ <\/span><span class=\"avia-single-number __av-single-number\" data-number_format=\"\" data-number=\"102\" data-start_from=\"0\">102<\/span><span class=\"avia-no-number\"> kg<\/span><\/strong><div class=\"avia-animated-number-content\"><\/div><\/div><\/p><\/div>\n<div class='av-flex-placeholder'><\/div>\n<style type=\"text\/css\" data-created_by=\"avia_inline_auto\" id=\"style-css-av-qqnh5a-29c05ac6997469d3bc8b7f005dd84135\">\n.flex_column.av-qqnh5a-29c05ac6997469d3bc8b7f005dd84135{\nborder-radius:0px 0px 0px 0px;\npadding:0px 0px 0px 0px;\n}\n<\/style>\n<div  class='flex_column av-qqnh5a-29c05ac6997469d3bc8b7f005dd84135 av_one_half  avia-builder-el-9  el_after_av_one_half  el_before_av_one_full  flex_column_table_cell av-equal-height-column av-align-top av-zero-column-padding avia-full-stretch  '     ><style type=\"text\/css\" data-created_by=\"avia_inline_auto\" id=\"style-css-av-2je5wu-87196d2da3477db172aeaa43295d3374\">\n.avia-image-container.av-2je5wu-87196d2da3477db172aeaa43295d3374 img.avia_image{\nbox-shadow:none;\n}\n.avia-image-container.av-2je5wu-87196d2da3477db172aeaa43295d3374 .av-image-caption-overlay-center{\ncolor:#ffffff;\n}\n<\/style>\n<div  class='avia-image-container av-2je5wu-87196d2da3477db172aeaa43295d3374 av-styling- av-img-linked avia-align-center  avia-builder-el-10  avia-builder-el-no-sibling '   itemprop=\"image\" itemscope=\"itemscope\" itemtype=\"https:\/\/schema.org\/ImageObject\" ><div class=\"avia-image-container-inner\"><div class=\"avia-image-overlay-wrap\"><a href=\"https:\/\/i0.wp.com\/grifk-handball.com\/miehet\/wp-content\/uploads\/sites\/2\/2017\/09\/20170920-185940-GrIFK-0519.jpg?fit=685%2C1030&#038;ssl=1\" data-srcset=\"https:\/\/i0.wp.com\/grifk-handball.com\/miehet\/wp-content\/uploads\/sites\/2\/2017\/09\/20170920-185940-GrIFK-0519.jpg?w=1363&amp;ssl=1 1363w, https:\/\/i0.wp.com\/grifk-handball.com\/miehet\/wp-content\/uploads\/sites\/2\/2017\/09\/20170920-185940-GrIFK-0519.jpg?resize=200%2C300&amp;ssl=1 200w, https:\/\/i0.wp.com\/grifk-handball.com\/miehet\/wp-content\/uploads\/sites\/2\/2017\/09\/20170920-185940-GrIFK-0519.jpg?resize=768%2C1154&amp;ssl=1 768w, https:\/\/i0.wp.com\/grifk-handball.com\/miehet\/wp-content\/uploads\/sites\/2\/2017\/09\/20170920-185940-GrIFK-0519.jpg?resize=685%2C1030&amp;ssl=1 685w, https:\/\/i0.wp.com\/grifk-handball.com\/miehet\/wp-content\/uploads\/sites\/2\/2017\/09\/20170920-185940-GrIFK-0519.jpg?resize=998%2C1500&amp;ssl=1 998w, https:\/\/i0.wp.com\/grifk-handball.com\/miehet\/wp-content\/uploads\/sites\/2\/2017\/09\/20170920-185940-GrIFK-0519.jpg?resize=469%2C705&amp;ssl=1 469w, https:\/\/i0.wp.com\/grifk-handball.com\/miehet\/wp-content\/uploads\/sites\/2\/2017\/09\/20170920-185940-GrIFK-0519.jpg?resize=450%2C676&amp;ssl=1 450w\" data-sizes=\"(max-width: 685px) 100vw, 685px\" class='avia_image '  aria-label='Fredrik Forss'><img decoding=\"async\" fetchpriority=\"high\" class='wp-image-5392 avia-img-lazy-loading-not-5392 avia_image ' src=\"https:\/\/i0.wp.com\/grifk-handball.com\/miehet\/wp-content\/uploads\/sites\/2\/2017\/09\/20170920-185940-GrIFK-0519.jpg?fit=685%2C1030&ssl=1\" alt='' title='Fredrik Forss'  height=\"1030\" width=\"685\"  itemprop=\"thumbnailUrl\" srcset=\"https:\/\/i0.wp.com\/grifk-handball.com\/miehet\/wp-content\/uploads\/sites\/2\/2017\/09\/20170920-185940-GrIFK-0519.jpg?w=1363&amp;ssl=1 1363w, https:\/\/i0.wp.com\/grifk-handball.com\/miehet\/wp-content\/uploads\/sites\/2\/2017\/09\/20170920-185940-GrIFK-0519.jpg?resize=200%2C300&amp;ssl=1 200w, https:\/\/i0.wp.com\/grifk-handball.com\/miehet\/wp-content\/uploads\/sites\/2\/2017\/09\/20170920-185940-GrIFK-0519.jpg?resize=768%2C1154&amp;ssl=1 768w, https:\/\/i0.wp.com\/grifk-handball.com\/miehet\/wp-content\/uploads\/sites\/2\/2017\/09\/20170920-185940-GrIFK-0519.jpg?resize=685%2C1030&amp;ssl=1 685w, https:\/\/i0.wp.com\/grifk-handball.com\/miehet\/wp-content\/uploads\/sites\/2\/2017\/09\/20170920-185940-GrIFK-0519.jpg?resize=998%2C1500&amp;ssl=1 998w, https:\/\/i0.wp.com\/grifk-handball.com\/miehet\/wp-content\/uploads\/sites\/2\/2017\/09\/20170920-185940-GrIFK-0519.jpg?resize=469%2C705&amp;ssl=1 469w, https:\/\/i0.wp.com\/grifk-handball.com\/miehet\/wp-content\/uploads\/sites\/2\/2017\/09\/20170920-185940-GrIFK-0519.jpg?resize=450%2C676&amp;ssl=1 450w\" sizes=\"(max-width: 685px) 100vw, 685px\" \/><\/a><\/div><\/div><\/div><\/div><\/div><!--close column table wrapper. Autoclose: 1 -->\n<div class='flex_column_table av-nwq2dq-36b811cf9389fb1701b44065223f388a sc-av_one_full av-equal-height-column-flextable'>\n<style type=\"text\/css\" data-created_by=\"avia_inline_auto\" id=\"style-css-av-nwq2dq-36b811cf9389fb1701b44065223f388a\">\n.flex_column.av-nwq2dq-36b811cf9389fb1701b44065223f388a{\nborder-radius:0px 0px 0px 0px;\npadding:30px 30px 30px 30px;\nbackground:url(https:\/\/i0.wp.com\/grifk-handball.com\/miehet\/wp-content\/uploads\/sites\/2\/2017\/09\/grifk_web-tausta_1.jpg?fit=1030%2C644&ssl=1) 50% 50% no-repeat scroll ;\n}\n<\/style>\n<div  class='flex_column av-nwq2dq-36b811cf9389fb1701b44065223f388a av_one_full  avia-builder-el-11  el_after_av_one_half  el_before_av_one_half  first no_margin flex_column_table_cell av-equal-height-column av-align-bottom avia-full-stretch  column-top-margin'     ><p>\n<style type=\"text\/css\" data-created_by=\"avia_inline_auto\" id=\"style-css-av-mmawce-01ed6f5b6a6a24b7482946d60e159e27\">\n#top .av-special-heading.av-mmawce-01ed6f5b6a6a24b7482946d60e159e27{\npadding-bottom:10px;\n}\nbody .av-special-heading.av-mmawce-01ed6f5b6a6a24b7482946d60e159e27 .av-special-heading-tag .heading-char{\nfont-size:25px;\n}\n.av-special-heading.av-mmawce-01ed6f5b6a6a24b7482946d60e159e27 .av-subheading{\nfont-size:15px;\n}\n<\/style>\n<div  class='av-special-heading av-mmawce-01ed6f5b6a6a24b7482946d60e159e27 av-special-heading-h4 blockquote modern-quote  avia-builder-el-12  el_before_av_heading  avia-builder-el-first '><h4 class='av-special-heading-tag '  itemprop=\"headline\"  >Ura:<\/h4><div class='av-subheading av-subheading_below'><p>Aloitti k\u00e4sipallon seitsem\u00e4nvuotiaana GrIFK:ss\u00e4. Ura aikuisten sarjoissa alkoi divarissa GrIFK:n kanssa, mist\u00e4 p\u00e4\u00e4si samana kautena pelaamaan ensimm\u00e4isi\u00e4 pelej\u00e4 SM-Liigassa HC Westin riveiss\u00e4 ja on pelannut siit\u00e4 l\u00e4htien Kauniaisissa.<\/p>\n<\/div><div class=\"special-heading-border\"><div class=\"special-heading-inner-border\"><\/div><\/div><\/div><br \/>\n\n<style type=\"text\/css\" data-created_by=\"avia_inline_auto\" id=\"style-css-av-l0xkhq-7b635875c48c6a7e8dd0b5175541bac3\">\n#top .av-special-heading.av-l0xkhq-7b635875c48c6a7e8dd0b5175541bac3{\npadding-bottom:10px;\n}\nbody .av-special-heading.av-l0xkhq-7b635875c48c6a7e8dd0b5175541bac3 .av-special-heading-tag .heading-char{\nfont-size:25px;\n}\n.av-special-heading.av-l0xkhq-7b635875c48c6a7e8dd0b5175541bac3 .av-subheading{\nfont-size:15px;\n}\n<\/style>\n<div  class='av-special-heading av-l0xkhq-7b635875c48c6a7e8dd0b5175541bac3 av-special-heading-h4 blockquote modern-quote  avia-builder-el-13  el_after_av_heading  avia-builder-el-last '><h4 class='av-special-heading-tag '  itemprop=\"headline\"  >Vahvuudet:<\/h4><div class='av-subheading av-subheading_below'><p>Fyysisyys hy\u00f6kk\u00e4yksess\u00e4 ja puolustuksessa.<\/p>\n<\/div><div class=\"special-heading-border\"><div class=\"special-heading-inner-border\"><\/div><\/div><\/div><\/p><\/div><\/div><!--close column table wrapper. Autoclose: 1 -->\n\n<style type=\"text\/css\" data-created_by=\"avia_inline_auto\" id=\"style-css-av-ind5fi-7fca008a8d059038105bd8f53cbc6bf7\">\n.flex_column.av-ind5fi-7fca008a8d059038105bd8f53cbc6bf7{\nborder-radius:0px 0px 0px 0px;\npadding:50px 30px 30px 30px;\n}\n<\/style>\n<div  class='flex_column av-ind5fi-7fca008a8d059038105bd8f53cbc6bf7 av_one_half  avia-builder-el-14  el_after_av_one_full  el_before_av_one_half  first flex_column_div  column-top-margin'     ><style type=\"text\/css\" data-created_by=\"avia_inline_auto\" id=\"style-css-av-greqfy-3c76ab642352276a4227aa211cff29b6\">\n#top .av-special-heading.av-greqfy-3c76ab642352276a4227aa211cff29b6{\npadding-bottom:10px;\n}\nbody .av-special-heading.av-greqfy-3c76ab642352276a4227aa211cff29b6 .av-special-heading-tag .heading-char{\nfont-size:25px;\n}\n.av-special-heading.av-greqfy-3c76ab642352276a4227aa211cff29b6 .av-subheading{\nfont-size:15px;\n}\n<\/style>\n<div  class='av-special-heading av-greqfy-3c76ab642352276a4227aa211cff29b6 av-special-heading-h3 blockquote modern-quote  avia-builder-el-15  avia-builder-el-no-sibling '><h3 class='av-special-heading-tag '  itemprop=\"headline\"  >Seurat:<\/h3><div class='av-subheading av-subheading_below'><p>2016-&gt; GrIFK<br \/>\n2011-16 HC West<\/p>\n<\/div><div class=\"special-heading-border\"><div class=\"special-heading-inner-border\"><\/div><\/div><\/div><\/div>\n\n<style type=\"text\/css\" data-created_by=\"avia_inline_auto\" id=\"style-css-av-fh4a5q-28b0e9ed0d0ee51de92213eed88936bb\">\n.flex_column.av-fh4a5q-28b0e9ed0d0ee51de92213eed88936bb{\nborder-radius:0px 0px 0px 0px;\npadding:50px 30px 30px 30px;\n}\n<\/style>\n<div  class='flex_column av-fh4a5q-28b0e9ed0d0ee51de92213eed88936bb av_one_half  avia-builder-el-16  el_after_av_one_half  el_before_av_one_full  flex_column_div  column-top-margin'     ><style type=\"text\/css\" data-created_by=\"avia_inline_auto\" id=\"style-css-av-djr2gu-f620e6fedc9730703fc5e4ce1759a176\">\n#top .av-special-heading.av-djr2gu-f620e6fedc9730703fc5e4ce1759a176{\npadding-bottom:10px;\n}\nbody .av-special-heading.av-djr2gu-f620e6fedc9730703fc5e4ce1759a176 .av-special-heading-tag .heading-char{\nfont-size:25px;\n}\n.av-special-heading.av-djr2gu-f620e6fedc9730703fc5e4ce1759a176 .av-subheading{\nfont-size:15px;\n}\n<\/style>\n<div  class='av-special-heading av-djr2gu-f620e6fedc9730703fc5e4ce1759a176 av-special-heading-h3 blockquote modern-quote  avia-builder-el-17  avia-builder-el-no-sibling '><h3 class='av-special-heading-tag '  itemprop=\"headline\"  >Saavutukset:<\/h3><div class='av-subheading av-subheading_below'><p>1 Suomen mestaruus<br \/>\n1 SM-hopeaa<br \/>\n3 SM-pronssia<\/p>\n<p>41 A-maaottelua, 43 maalia<br \/>\n58 maaottelua P94- ja P92.maajoukkueissa, 149 maalia<\/p>\n<\/div><div class=\"special-heading-border\"><div class=\"special-heading-inner-border\"><\/div><\/div><\/div><\/div>\n<div class='flex_column_table av-16vz9a-f41d671145253e76ee64d36e9fb5d714 sc-av_one_full av-equal-height-column-flextable'>\n<style type=\"text\/css\" data-created_by=\"avia_inline_auto\" id=\"style-css-av-16vz9a-f41d671145253e76ee64d36e9fb5d714\">\n.flex_column.av-16vz9a-f41d671145253e76ee64d36e9fb5d714{\nborder-radius:0px 0px 0px 0px;\npadding:30px 30px 30px 30px;\n}\n<\/style>\n<div  class='flex_column av-16vz9a-f41d671145253e76ee64d36e9fb5d714 av_one_full  avia-builder-el-18  el_after_av_one_half  el_before_av_one_full  first no_margin flex_column_table_cell av-equal-height-column av-align-top  column-top-margin'     ><p>\n<style type=\"text\/css\" data-created_by=\"avia_inline_auto\" id=\"style-css-av-av_heading-fd14630ab04841eb2d6e923333cff03f\">\n#top .av-special-heading.av-av_heading-fd14630ab04841eb2d6e923333cff03f{\npadding-bottom:10px;\n}\nbody .av-special-heading.av-av_heading-fd14630ab04841eb2d6e923333cff03f .av-special-heading-tag .heading-char{\nfont-size:25px;\n}\n.av-special-heading.av-av_heading-fd14630ab04841eb2d6e923333cff03f .av-subheading{\nfont-size:15px;\n}\n<\/style>\n<div  class='av-special-heading av-av_heading-fd14630ab04841eb2d6e923333cff03f av-special-heading-h3 blockquote modern-quote  avia-builder-el-19  el_before_av_codeblock  avia-builder-el-first '><h3 class='av-special-heading-tag '  itemprop=\"headline\"  >Tilastot:<\/h3><div class=\"special-heading-border\"><div class=\"special-heading-inner-border\"><\/div><\/div><\/div><br \/>\n<br \/>\n<section  class='av_textblock_section av-76n1ge-5b1a8a53c2de14c1e5abd9fa45c2e9c7 '   itemscope=\"itemscope\" itemtype=\"https:\/\/schema.org\/CreativeWork\" ><div class='avia_textblock pelaajakortti-data'  itemprop=\"text\" ><p><script src=\"https:\/\/finnhandball.torneopal.fi\/taso\/widget.php?widget=player&#038;playerid=38787&#038;stats=1\"><\/script><\/p>\n<\/div><\/section><br \/>\n<section  class='av_textblock_section av-76n1ge-06c1b04f0bdf7783118c9bba4cf68826 '   itemscope=\"itemscope\" itemtype=\"https:\/\/schema.org\/CreativeWork\" ><div class='avia_textblock'  itemprop=\"text\" ><h5 style=\"text-align: right;\"><a href=\"https:\/\/finnhandball.torneopal.fi\/taso\/pelaaja.php?pelaaja=47122\" target=\"blank\">Tarkemmat tilastot Tulospalvelussa &gt;<\/a><\/h5>\n<\/div><\/section><\/p><\/div><\/div><!--close column table wrapper. Autoclose: 1 --><div class='flex_column_table av-658l8e-00fb584d96df11c9f0a113f90f46deb8 sc-av_one_full av-equal-height-column-flextable'>\n<style type=\"text\/css\" data-created_by=\"avia_inline_auto\" id=\"style-css-av-658l8e-00fb584d96df11c9f0a113f90f46deb8\">\n.flex_column.av-658l8e-00fb584d96df11c9f0a113f90f46deb8{\nborder-radius:0px 0px 0px 0px;\npadding:30px 30px 30px 30px;\n}\n<\/style>\n<div  class='flex_column av-658l8e-00fb584d96df11c9f0a113f90f46deb8 av_one_full  avia-builder-el-23  el_after_av_one_full  avia-builder-el-last  first no_margin flex_column_table_cell av-equal-height-column av-align-top  column-top-margin'     ><p><div id='av-masonry-1' class='av-masonry av-3kz1m6-093f00c90f0f280a1de6b0df0e7c91ad noHover av-fixed-size av-large-gap av-hover-overlay- av-masonry-animation-active av-masonry-col-2 av-caption-always av-caption-style- av-masonry-entries av-orientation-square ' data-post_id=\"5902\"><div class=\"av-masonry-container isotope av-js-disabled\"><div class='av-masonry-entry isotope-item av-masonry-item-no-image '><\/div><a href=\"https:\/\/grifk-handball.com\/miehet\/kausi-2023-24\/ennakot-2023-24\/tuttu-parivaljakko-finaalipaikan-kimppuun\/\"  id='av-masonry-1-item-22161' data-av-masonry-item='22161' class='av-masonry-entry isotope-item post-22161 post type-post status-publish format-standard has-post-thumbnail hentry category-ennakot-2023-24 tag-bombom tag-grifkhandball tag-cocks tag-fredrik-forss tag-grifk tag-patrik-roslander tag-playoff tag-sm-liiga tag-valiera  av-masonry-item-with-image' title=\"_B7A5103\"   itemscope=\"itemscope\" itemtype=\"https:\/\/schema.org\/CreativeWork\" ><div class='av-inner-masonry-sizer'><\/div><figure class='av-inner-masonry main_color'><div class=\"av-masonry-outerimage-container\"><div class='av-masonry-image-container' style=\"background-image: url(https:\/\/i0.wp.com\/grifk-handball.com\/miehet\/wp-content\/uploads\/sites\/2\/2024\/03\/B7A5103-e1711735396432.jpg?fit=705%2C456&ssl=1);\"  title=\"_B7A5103\" ><\/div><\/div><figcaption class='av-inner-masonry-content site-background'><div class='av-inner-masonry-content-pos'><div class='av-inner-masonry-content-pos-content'><div class='avia-arrow'><\/div><h3 class='av-masonry-entry-title entry-title '  itemprop=\"headline\" >Tuttu parivaljakko finaalipaikan kimppuun<\/h3><span class='av-masonry-date meta-color updated'>31.3.2024<\/span><span class=\"av-masonry-text-sep text-sep-author\">\/<\/span><span class='av-masonry-author meta-color author'><span class='fn'>by granimaster<\/span><\/span><\/div><\/div><\/figcaption><\/figure><\/a><!--end av-masonry entry--><a href=\"https:\/\/grifk-handball.com\/miehet\/uutiset\/maajoukkue-mm-karsintoihin-nimetty-grifksta-mukana-nelja-pelaajaa\/\"  id='av-masonry-1-item-15977' data-av-masonry-item='15977' class='av-masonry-entry isotope-item post-15977 post type-post status-publish format-standard has-post-thumbnail hentry category-uutiset tag-fredrik-forss tag-maajoukkue tag-mm2023 tag-patrik-roslander tag-richard-sundberg tag-robin-granlund  av-masonry-item-with-image' title=\"MM2023 karsinnat\"   itemscope=\"itemscope\" itemtype=\"https:\/\/schema.org\/CreativeWork\" ><div class='av-inner-masonry-sizer'><\/div><figure class='av-inner-masonry main_color'><div class=\"av-masonry-outerimage-container\"><div class='av-masonry-image-container' style=\"background-image: url(https:\/\/i0.wp.com\/grifk-handball.com\/miehet\/wp-content\/uploads\/sites\/2\/2021\/10\/SKPL_MMkarsintamainos_1500x570px_vol41.jpg?fit=705%2C268&ssl=1);\"  title=\"MM2023 karsinnat\" ><\/div><\/div><figcaption class='av-inner-masonry-content site-background'><div class='av-inner-masonry-content-pos'><div class='av-inner-masonry-content-pos-content'><div class='avia-arrow'><\/div><h3 class='av-masonry-entry-title entry-title '  itemprop=\"headline\" >Maajoukkue MM-karsintoihin nimetty,  GrIFK:sta mukana nelj\u00e4 pelaajaa<\/h3><span class='av-masonry-date meta-color updated'>11.10.2021<\/span><span class=\"av-masonry-text-sep text-sep-author\">\/<\/span><span class='av-masonry-author meta-color author'><span class='fn'>by granimaster<\/span><\/span><\/div><\/div><\/figcaption><\/figure><\/a><!--end av-masonry entry--><a href=\"https:\/\/grifk-handball.com\/miehet\/uutiset\/kauden-parhaat-valittu-forss-ja-qvist-vuoden-puolustaja-ja-vuoden-nuori-pelaaja\/\"  id='av-masonry-1-item-15381' data-av-masonry-item='15381' class='av-masonry-entry isotope-item post-15381 post type-post status-publish format-standard has-post-thumbnail hentry category-uutiset tag-bombom tag-grifkhandball tag-alexander-qvist tag-fredrik-forss tag-grifk tag-sm-liiga tag-vuoden-valinnat  av-masonry-item-with-image' title=\"Pokaalit\"   itemscope=\"itemscope\" itemtype=\"https:\/\/schema.org\/CreativeWork\" ><div class='av-inner-masonry-sizer'><\/div><figure class='av-inner-masonry main_color'><div class=\"av-masonry-outerimage-container\"><div class='av-masonry-image-container' style=\"background-image: url(https:\/\/i0.wp.com\/grifk-handball.com\/miehet\/wp-content\/uploads\/sites\/2\/2021\/05\/np24SPO1458320622-11-scaled-e1622202230337.jpg?fit=705%2C368&ssl=1);\"  title=\"Pokaalit\" ><\/div><\/div><figcaption class='av-inner-masonry-content site-background'><div class='av-inner-masonry-content-pos'><div class='av-inner-masonry-content-pos-content'><div class='avia-arrow'><\/div><h3 class='av-masonry-entry-title entry-title '  itemprop=\"headline\" >Kauden parhaat valittu &#8211; Forss ja Qvist vuoden puolustaja ja vuoden nuori pelaaja<\/h3><span class='av-masonry-date meta-color updated'>26.5.2021<\/span><span class=\"av-masonry-text-sep text-sep-author\">\/<\/span><span class='av-masonry-author meta-color author'><span class='fn'>by granimaster<\/span><\/span><\/div><\/div><\/figcaption><\/figure><\/a><!--end av-masonry entry--><a href=\"https:\/\/grifk-handball.com\/miehet\/uutiset\/miesten-mm-karsintajoukkue-israel-ja-kypros-otteluihin-valittu\/\"  id='av-masonry-1-item-13189' data-av-masonry-item='13189' class='av-masonry-entry isotope-item post-13189 post type-post status-publish format-standard has-post-thumbnail hentry category-uutiset tag-anthony-hellakoski tag-fjellhammer-il tag-fredrik-forss tag-grifk tag-maajoukkue tag-miro-koljonen tag-mm2021 tag-richard-sundberg  av-masonry-item-with-image' title=\"MM2021-karsinnat Suomi-Kypros\"   itemscope=\"itemscope\" itemtype=\"https:\/\/schema.org\/CreativeWork\" ><div class='av-inner-masonry-sizer'><\/div><figure class='av-inner-masonry main_color'><div class=\"av-masonry-outerimage-container\"><div class='av-masonry-image-container' style=\"background-image: url(https:\/\/i0.wp.com\/grifk-handball.com\/miehet\/wp-content\/uploads\/sites\/2\/2019\/10\/cover_photo_851x315%402x-0021.jpg?fit=705%2C261&ssl=1);\"  title=\"MM2021-karsinnat Suomi-Kypros\" ><\/div><\/div><figcaption class='av-inner-masonry-content site-background'><div class='av-inner-masonry-content-pos'><div class='av-inner-masonry-content-pos-content'><div class='avia-arrow'><\/div><h3 class='av-masonry-entry-title entry-title '  itemprop=\"headline\" >Miesten MM-karsintajoukkue Israel- ja Kypros-otteluihin valittu<\/h3><span class='av-masonry-date meta-color updated'>21.10.2019<\/span><span class=\"av-masonry-text-sep text-sep-author\">\/<\/span><span class='av-masonry-author meta-color author'><span class='fn'>by granimaster<\/span><\/span><\/div><\/div><\/figcaption><\/figure><\/a><!--end av-masonry entry--><a href=\"https:\/\/grifk-handball.com\/miehet\/uutiset\/kolme-granilaista-lindgrenin-ensimmaiselle-maajoukkueleirille\/\"  id='av-masonry-1-item-12711' data-av-masonry-item='12711' class='av-masonry-entry isotope-item post-12711 post type-post status-publish format-standard has-post-thumbnail hentry category-uutiset tag-anthony-hellakoski tag-fredrik-forss tag-richard-sundberg  av-masonry-item-with-image' title=\"np24SPO215648494\"   itemscope=\"itemscope\" itemtype=\"https:\/\/schema.org\/CreativeWork\" ><div class='av-inner-masonry-sizer'><\/div><figure class='av-inner-masonry main_color'><div class=\"av-masonry-outerimage-container\"><div class='av-masonry-image-container' style=\"background-image: url(https:\/\/i0.wp.com\/grifk-handball.com\/miehet\/wp-content\/uploads\/sites\/2\/2019\/03\/np24SPO215648494.jpg?fit=705%2C470&ssl=1);\"  title=\"np24SPO215648494\" ><\/div><\/div><figcaption class='av-inner-masonry-content site-background'><div class='av-inner-masonry-content-pos'><div class='av-inner-masonry-content-pos-content'><div class='avia-arrow'><\/div><h3 class='av-masonry-entry-title entry-title '  itemprop=\"headline\" >Kolme granilaista Lindgrenin ensimm\u00e4iselle maajoukkueleirille<\/h3><span class='av-masonry-date meta-color updated'>16.9.2019<\/span><span class=\"av-masonry-text-sep text-sep-author\">\/<\/span><span class='av-masonry-author meta-color author'><span class='fn'>by granimaster<\/span><\/span><\/div><\/div><\/figcaption><\/figure><\/a><!--end av-masonry entry--><a href=\"https:\/\/grifk-handball.com\/miehet\/uutiset\/forss-palaa-karlsson-jatkaa-granissa\/\"  id='av-masonry-1-item-12180' data-av-masonry-item='12180' class='av-masonry-entry isotope-item post-12180 post type-post status-publish format-standard has-post-thumbnail hentry category-uutiset tag-bombom tag-grifkhandball tag-tunnetta-peliin tag-anton-karlsson tag-daniel-lang tag-fredrik-forss tag-grifk tag-siirto  av-masonry-item-with-image' title=\"Handball Finland &#8211; Japan\"   itemscope=\"itemscope\" itemtype=\"https:\/\/schema.org\/CreativeWork\" ><div class='av-inner-masonry-sizer'><\/div><figure class='av-inner-masonry main_color'><div class=\"av-masonry-outerimage-container\"><div class='av-masonry-image-container' style=\"background-image: url(https:\/\/i0.wp.com\/grifk-handball.com\/miehet\/wp-content\/uploads\/sites\/2\/2019\/03\/np24SPO211013425.jpg?fit=705%2C470&ssl=1);\"  title=\"Handball Finland &#8211; Japan\" ><\/div><\/div><figcaption class='av-inner-masonry-content site-background'><div class='av-inner-masonry-content-pos'><div class='av-inner-masonry-content-pos-content'><div class='avia-arrow'><\/div><h3 class='av-masonry-entry-title entry-title '  itemprop=\"headline\" >Forss palaa kotiin, Karlsson jatkaa Granissa<\/h3><span class='av-masonry-date meta-color updated'>28.6.2019<\/span><span class=\"av-masonry-text-sep text-sep-author\">\/<\/span><span class='av-masonry-author meta-color author'><span class='fn'>by granimaster<\/span><\/span><\/div><\/div><\/figcaption><\/figure><\/a><!--end av-masonry entry--><a href=\"https:\/\/grifk-handball.com\/miehet\/uutiset\/georgs-hellakoski-ja-koljonen-huhtikuun-em-karsintaryhmaan\/\"  id='av-masonry-1-item-11904' data-av-masonry-item='11904' class='av-masonry-entry isotope-item post-11904 post type-post status-publish format-standard has-post-thumbnail hentry category-uutiset tag-albert-georgs tag-anthony-hellakoski tag-fredrik-forss tag-maajoukkue tag-miro-koljonen tag-richard-sundberg  av-masonry-item-with-image' title=\"2020 European Men&#8217;s Handball Championship qualification Finland &#8211; Belarus\"   itemscope=\"itemscope\" itemtype=\"https:\/\/schema.org\/CreativeWork\" ><div class='av-inner-masonry-sizer'><\/div><figure class='av-inner-masonry main_color'><div class=\"av-masonry-outerimage-container\"><div class='av-masonry-image-container' style=\"background-image: url(https:\/\/i0.wp.com\/grifk-handball.com\/miehet\/wp-content\/uploads\/sites\/2\/2019\/03\/np24SPO272948669.jpg?fit=705%2C470&ssl=1);\"  title=\"2020 European Men&#8217;s Handball Championship qualification Finland &#8211; Belarus\" ><\/div><\/div><figcaption class='av-inner-masonry-content site-background'><div class='av-inner-masonry-content-pos'><div class='av-inner-masonry-content-pos-content'><div class='avia-arrow'><\/div><h3 class='av-masonry-entry-title entry-title '  itemprop=\"headline\" >Georgs, Hellakoski ja Koljonen huhtikuun EM-karsintaryhm\u00e4\u00e4n<\/h3><span class='av-masonry-date meta-color updated'>29.3.2019<\/span><span class=\"av-masonry-text-sep text-sep-author\">\/<\/span><span class='av-masonry-author meta-color author'><span class='fn'>by granimaster<\/span><\/span><\/div><\/div><\/figcaption><\/figure><\/a><!--end av-masonry entry--><a href=\"https:\/\/grifk-handball.com\/miehet\/uutiset\/forssille-ja-koljoselle-50-maaottelua-tayteen\/\"  id='av-masonry-1-item-10112' data-av-masonry-item='10112' class='av-masonry-entry isotope-item post-10112 post type-post status-publish format-standard has-post-thumbnail hentry category-uutiset tag-grifkhandball tag-fredrik-forss tag-grifk tag-maajoukkue tag-miro-koljonen  av-masonry-item-with-image' title=\"Forss ja Koljonen\"   itemscope=\"itemscope\" itemtype=\"https:\/\/schema.org\/CreativeWork\" ><div class='av-inner-masonry-sizer'><\/div><figure class='av-inner-masonry main_color'><div class=\"av-masonry-outerimage-container\"><div class='av-masonry-image-container' style=\"background-image: url(https:\/\/i0.wp.com\/grifk-handball.com\/miehet\/wp-content\/uploads\/sites\/2\/2018\/10\/MMJ_FIN-FAR_forss_ja_koljonen.jpg?fit=705%2C470&ssl=1);\"  title=\"Forss ja Koljonen\" ><\/div><\/div><figcaption class='av-inner-masonry-content site-background'><div class='av-inner-masonry-content-pos'><div class='av-inner-masonry-content-pos-content'><div class='avia-arrow'><\/div><h3 class='av-masonry-entry-title entry-title '  itemprop=\"headline\" >Forssille ja Koljoselle 50 maaottelua t\u00e4yteen<\/h3><span class='av-masonry-date meta-color updated'>7.10.2018<\/span><span class=\"av-masonry-text-sep text-sep-author\">\/<\/span><span class='av-masonry-author meta-color author'><span class='fn'>by granimaster<\/span><\/span><\/div><\/div><\/figcaption><\/figure><\/a><!--end av-masonry entry--><a href=\"https:\/\/grifk-handball.com\/miehet\/uutiset\/georgs-ja-koljonen-maaotteluihin-farsaaria-vastaan\/\"  id='av-masonry-1-item-9836' data-av-masonry-item='9836' class='av-masonry-entry isotope-item post-9836 post type-post status-publish format-standard has-post-thumbnail hentry category-uutiset tag-albert-georgs tag-farsaaret tag-fredrik-forss tag-maajoukkue tag-miro-koljonen tag-suomi  av-masonry-item-with-image' title=\"Handball 2018 Men&#8217;s European Championship Qualification Finland &#8211; Bosnia and Herzegovina\"   itemscope=\"itemscope\" itemtype=\"https:\/\/schema.org\/CreativeWork\" ><div class='av-inner-masonry-sizer'><\/div><figure class='av-inner-masonry main_color'><div class=\"av-masonry-outerimage-container\"><div class='av-masonry-image-container' style=\"background-image: url(https:\/\/i0.wp.com\/grifk-handball.com\/miehet\/wp-content\/uploads\/sites\/2\/2018\/09\/MMA_0021.jpg?fit=705%2C470&ssl=1);\"  title=\"Handball 2018 Men&#8217;s European Championship Qualification Finland &#8211; Bosnia and Herzegovina\" ><\/div><\/div><figcaption class='av-inner-masonry-content site-background'><div class='av-inner-masonry-content-pos'><div class='av-inner-masonry-content-pos-content'><div class='avia-arrow'><\/div><h3 class='av-masonry-entry-title entry-title '  itemprop=\"headline\" >Georgs ja Koljonen maaotteluihin F\u00e4rsaaria vastaan<\/h3><span class='av-masonry-date meta-color updated'>19.9.2018<\/span><span class=\"av-masonry-text-sep text-sep-author\">\/<\/span><span class='av-masonry-author meta-color author'><span class='fn'>by granimaster<\/span><\/span><\/div><\/div><\/figcaption><\/figure><\/a><!--end av-masonry entry--><a href=\"https:\/\/grifk-handball.com\/miehet\/uutiset\/maajoukkue-ottelee-georgiassa\/\"  id='av-masonry-1-item-8210' data-av-masonry-item='8210' class='av-masonry-entry isotope-item post-8210 post type-post status-publish format-standard has-post-thumbnail hentry category-uutiset tag-fredrik-forss tag-grifk tag-maajoukkue tag-miro-koljonen tag-richard-sundberg  av-masonry-item-with-image' title=\"37968295762_28f8eacba9_k\"   itemscope=\"itemscope\" itemtype=\"https:\/\/schema.org\/CreativeWork\" ><div class='av-inner-masonry-sizer'><\/div><figure class='av-inner-masonry main_color'><div class=\"av-masonry-outerimage-container\"><div class='av-masonry-image-container' style=\"background-image: url(https:\/\/i0.wp.com\/grifk-handball.com\/miehet\/wp-content\/uploads\/sites\/2\/2018\/04\/37968295762_28f8eacba9_k.jpg?fit=705%2C469&ssl=1);\"  title=\"37968295762_28f8eacba9_k\" ><\/div><\/div><figcaption class='av-inner-masonry-content site-background'><div class='av-inner-masonry-content-pos'><div class='av-inner-masonry-content-pos-content'><div class='avia-arrow'><\/div><h3 class='av-masonry-entry-title entry-title '  itemprop=\"headline\" >Maajoukkue ottelee Georgiassa<\/h3><span class='av-masonry-date meta-color updated'>4.4.2018<\/span><span class=\"av-masonry-text-sep text-sep-author\">\/<\/span><span class='av-masonry-author meta-color author'><span class='fn'>by granimaster<\/span><\/span><\/div><\/div><\/figcaption><\/figure><\/a><!--end av-masonry entry--><a href=\"https:\/\/grifk-handball.com\/miehet\/uutiset\/grifk-x-move\/\"  id='av-masonry-1-item-7845' data-av-masonry-item='7845' class='av-masonry-entry isotope-item post-7845 post type-post status-publish format-standard has-post-thumbnail hentry category-uutiset tag-bombom tag-grifkhandball tag-nevergiveup tag-fredrik-forss tag-move-wellness-center tag-yhteisollisyys  av-masonry-item-with-image' title=\"move!\"   itemscope=\"itemscope\" itemtype=\"https:\/\/schema.org\/CreativeWork\" ><div class='av-inner-masonry-sizer'><\/div><figure class='av-inner-masonry main_color'><div class=\"av-masonry-outerimage-container\"><div class='av-masonry-image-container' style=\"background-image: url(https:\/\/i0.wp.com\/grifk-handball.com\/miehet\/wp-content\/uploads\/sites\/2\/2018\/02\/logo-move.jpg?fit=705%2C305&ssl=1);\"  title=\"move!\" ><\/div><\/div><figcaption class='av-inner-masonry-content site-background'><div class='av-inner-masonry-content-pos'><div class='av-inner-masonry-content-pos-content'><div class='avia-arrow'><\/div><h3 class='av-masonry-entry-title entry-title '  itemprop=\"headline\" >GrIFK X Move<\/h3><span class='av-masonry-date meta-color updated'>27.2.2018<\/span><span class=\"av-masonry-text-sep text-sep-author\">\/<\/span><span class='av-masonry-author meta-color author'><span class='fn'>by granimaster<\/span><\/span><\/div><\/div><\/figcaption><\/figure><\/a><!--end av-masonry entry--><a href=\"https:\/\/grifk-handball.com\/miehet\/uutiset\/forss-ja-sundberg-mm-karsintajoukkueeseen\/\"  id='av-masonry-1-item-7165' data-av-masonry-item='7165' class='av-masonry-entry isotope-item post-7165 post type-post status-publish format-standard has-post-thumbnail hentry category-uutiset tag-bombom tag-grifkhandball tag-fredrik-forss tag-grifk tag-maajoukkue tag-richard-sundberg  av-masonry-item-with-image' title=\"Miesten MM-karsintaottelut FIN-SVK ja FIN-LUX\"   itemscope=\"itemscope\" itemtype=\"https:\/\/schema.org\/CreativeWork\" ><div class='av-inner-masonry-sizer'><\/div><figure class='av-inner-masonry main_color'><div class=\"av-masonry-outerimage-container\"><div class='av-masonry-image-container' style=\"background-image: url(https:\/\/i0.wp.com\/grifk-handball.com\/miehet\/wp-content\/uploads\/sites\/2\/2017\/12\/miesten-mm-fin-svk-1.jpg?fit=511%2C705&ssl=1);\"  title=\"Miesten MM-karsintaottelut FIN-SVK ja FIN-LUX\" ><\/div><\/div><figcaption class='av-inner-masonry-content site-background'><div class='av-inner-masonry-content-pos'><div class='av-inner-masonry-content-pos-content'><div class='avia-arrow'><\/div><h3 class='av-masonry-entry-title entry-title '  itemprop=\"headline\" >Forss ja Sundberg MM-karsintajoukkueeseen<\/h3><span class='av-masonry-date meta-color updated'>27.12.2017<\/span><span class=\"av-masonry-text-sep text-sep-author\">\/<\/span><span class='av-masonry-author meta-color author'><span class='fn'>by granimaster<\/span><\/span><\/div><\/div><\/figcaption><\/figure><\/a><!--end av-masonry entry--><a href=\"https:\/\/grifk-handball.com\/miehet\/uutiset\/nelja-grifksta-maajoukkueleirille\/\"  id='av-masonry-1-item-5015' data-av-masonry-item='5015' class='av-masonry-entry isotope-item post-5015 post type-post status-publish format-standard has-post-thumbnail hentry category-uutiset tag-fredrik-forss tag-jan-stolt tag-maajoukkue tag-miro-koljonen tag-richard-sundberg  av-masonry-item-with-image' title=\"Kuva: Niklas Montonen\"   itemscope=\"itemscope\" itemtype=\"https:\/\/schema.org\/CreativeWork\" ><div class='av-inner-masonry-sizer'><\/div><figure class='av-inner-masonry main_color'><div class=\"av-masonry-outerimage-container\"><div class='av-masonry-image-container' style=\"background-image: url(https:\/\/i0.wp.com\/grifk-handball.com\/miehet\/wp-content\/uploads\/sites\/2\/2017\/08\/22856476846_80d4b59ff0_k.jpg?fit=705%2C471&ssl=1);\"  title=\"Kuva: Niklas Montonen\" ><\/div><\/div><figcaption class='av-inner-masonry-content site-background'><div class='av-inner-masonry-content-pos'><div class='av-inner-masonry-content-pos-content'><div class='avia-arrow'><\/div><h3 class='av-masonry-entry-title entry-title '  itemprop=\"headline\" >Nelj\u00e4 GrIFK:sta maajoukkueleirille<\/h3><span class='av-masonry-date meta-color updated'>22.9.2017<\/span><span class=\"av-masonry-text-sep text-sep-author\">\/<\/span><span class='av-masonry-author meta-color author'><span class='fn'>by granimaster<\/span><\/span><\/div><\/div><\/figcaption><\/figure><\/a><!--end av-masonry entry--><\/div><\/div><br \/>\n<\/p><\/div><\/div><!--close column table wrapper. Autoclose: 1 --><\/p>\n","protected":false},"excerpt":{"rendered":"","protected":false},"author":1,"featured_media":5399,"parent":3692,"menu_order":17,"comment_status":"closed","ping_status":"closed","template":"","meta":{"_acf_changed":false,"footnotes":""},"tags":[223],"class_list":["post-5902","page","type-page","status-publish","has-post-thumbnail","hentry","tag-pelaajat-2017-18"],"acf":[],"yoast_head":"<!-- This site is optimized with the Yoast SEO plugin v27.5 - https:\/\/yoast.com\/product\/yoast-seo-wordpress\/ -->\n<title>Fredrik Forss &#8212; GrIFK K\u00e4sipallo - miehet<\/title>\n<meta name=\"robots\" content=\"index, follow, max-snippet:-1, max-image-preview:large, max-video-preview:-1\" \/>\n<link rel=\"canonical\" href=\"https:\/\/grifk-handball.com\/miehet\/joukkue-2017-18\/fredrik-forss\/\" \/>\n<meta property=\"og:locale\" content=\"fi_FI\" \/>\n<meta property=\"og:type\" content=\"article\" \/>\n<meta property=\"og:title\" content=\"Fredrik Forss &#8212; GrIFK K\u00e4sipallo - miehet\" \/>\n<meta property=\"og:url\" content=\"https:\/\/grifk-handball.com\/miehet\/joukkue-2017-18\/fredrik-forss\/\" \/>\n<meta property=\"og:site_name\" content=\"GrIFK K\u00e4sipallo - miehet\" \/>\n<meta property=\"article:publisher\" content=\"https:\/\/www.facebook.com\/GrIFKelit\/\" \/>\n<meta property=\"article:modified_time\" content=\"2018-09-06T13:04:57+00:00\" \/>\n<meta property=\"og:image\" content=\"https:\/\/i0.wp.com\/grifk-handball.com\/miehet\/wp-content\/uploads\/sites\/2\/2017\/09\/20170920-190008-GrIFK-0531.jpg?fit=1363%2C2048&ssl=1\" \/>\n\t<meta property=\"og:image:width\" content=\"1363\" \/>\n\t<meta property=\"og:image:height\" content=\"2048\" \/>\n\t<meta property=\"og:image:type\" content=\"image\/jpeg\" \/>\n<meta name=\"twitter:card\" content=\"summary_large_image\" \/>\n<meta name=\"twitter:site\" content=\"@GrIFK_MSM\" \/>\n<meta name=\"twitter:label1\" content=\"Arvioitu lukuaika\" \/>\n\t<meta name=\"twitter:data1\" content=\"8 minuuttia\" \/>\n<script type=\"application\/ld+json\" class=\"yoast-schema-graph\">{\"@context\":\"https:\\\/\\\/schema.org\",\"@graph\":[{\"@type\":\"WebPage\",\"@id\":\"https:\\\/\\\/grifk-handball.com\\\/miehet\\\/joukkue-2017-18\\\/fredrik-forss\\\/\",\"url\":\"https:\\\/\\\/grifk-handball.com\\\/miehet\\\/joukkue-2017-18\\\/fredrik-forss\\\/\",\"name\":\"Fredrik Forss &#8212; GrIFK K\u00e4sipallo - miehet\",\"isPartOf\":{\"@id\":\"https:\\\/\\\/grifk-handball.com\\\/miehet\\\/#website\"},\"primaryImageOfPage\":{\"@id\":\"https:\\\/\\\/grifk-handball.com\\\/miehet\\\/joukkue-2017-18\\\/fredrik-forss\\\/#primaryimage\"},\"image\":{\"@id\":\"https:\\\/\\\/grifk-handball.com\\\/miehet\\\/joukkue-2017-18\\\/fredrik-forss\\\/#primaryimage\"},\"thumbnailUrl\":\"https:\\\/\\\/i0.wp.com\\\/grifk-handball.com\\\/miehet\\\/wp-content\\\/uploads\\\/sites\\\/2\\\/2017\\\/09\\\/20170920-190008-GrIFK-0531.jpg?fit=1363%2C2048&ssl=1\",\"datePublished\":\"2017-10-04T07:18:05+00:00\",\"dateModified\":\"2018-09-06T13:04:57+00:00\",\"breadcrumb\":{\"@id\":\"https:\\\/\\\/grifk-handball.com\\\/miehet\\\/joukkue-2017-18\\\/fredrik-forss\\\/#breadcrumb\"},\"inLanguage\":\"fi\",\"potentialAction\":[{\"@type\":\"ReadAction\",\"target\":[\"https:\\\/\\\/grifk-handball.com\\\/miehet\\\/joukkue-2017-18\\\/fredrik-forss\\\/\"]}]},{\"@type\":\"ImageObject\",\"inLanguage\":\"fi\",\"@id\":\"https:\\\/\\\/grifk-handball.com\\\/miehet\\\/joukkue-2017-18\\\/fredrik-forss\\\/#primaryimage\",\"url\":\"https:\\\/\\\/i0.wp.com\\\/grifk-handball.com\\\/miehet\\\/wp-content\\\/uploads\\\/sites\\\/2\\\/2017\\\/09\\\/20170920-190008-GrIFK-0531.jpg?fit=1363%2C2048&ssl=1\",\"contentUrl\":\"https:\\\/\\\/i0.wp.com\\\/grifk-handball.com\\\/miehet\\\/wp-content\\\/uploads\\\/sites\\\/2\\\/2017\\\/09\\\/20170920-190008-GrIFK-0531.jpg?fit=1363%2C2048&ssl=1\",\"width\":1363,\"height\":2048},{\"@type\":\"BreadcrumbList\",\"@id\":\"https:\\\/\\\/grifk-handball.com\\\/miehet\\\/joukkue-2017-18\\\/fredrik-forss\\\/#breadcrumb\",\"itemListElement\":[{\"@type\":\"ListItem\",\"position\":1,\"name\":\"Home\",\"item\":\"https:\\\/\\\/grifk-handball.com\\\/miehet\\\/etusivu-260109\\\/\"},{\"@type\":\"ListItem\",\"position\":2,\"name\":\"Joukkue 2017-18\",\"item\":\"https:\\\/\\\/grifk-handball.com\\\/miehet\\\/joukkue-2017-18\\\/\"},{\"@type\":\"ListItem\",\"position\":3,\"name\":\"Fredrik Forss\"}]},{\"@type\":\"WebSite\",\"@id\":\"https:\\\/\\\/grifk-handball.com\\\/miehet\\\/#website\",\"url\":\"https:\\\/\\\/grifk-handball.com\\\/miehet\\\/\",\"name\":\"GrIFK K\u00e4sipallo - miehet\",\"description\":\"BomBom!\",\"publisher\":{\"@id\":\"https:\\\/\\\/grifk-handball.com\\\/miehet\\\/#organization\"},\"potentialAction\":[{\"@type\":\"SearchAction\",\"target\":{\"@type\":\"EntryPoint\",\"urlTemplate\":\"https:\\\/\\\/grifk-handball.com\\\/miehet\\\/?s={search_term_string}\"},\"query-input\":{\"@type\":\"PropertyValueSpecification\",\"valueRequired\":true,\"valueName\":\"search_term_string\"}}],\"inLanguage\":\"fi\"},{\"@type\":\"Organization\",\"@id\":\"https:\\\/\\\/grifk-handball.com\\\/miehet\\\/#organization\",\"name\":\"GrIFK K\u00e4sipallo - miehet\",\"url\":\"https:\\\/\\\/grifk-handball.com\\\/miehet\\\/\",\"logo\":{\"@type\":\"ImageObject\",\"inLanguage\":\"fi\",\"@id\":\"https:\\\/\\\/grifk-handball.com\\\/miehet\\\/#\\\/schema\\\/logo\\\/image\\\/\",\"url\":\"https:\\\/\\\/i0.wp.com\\\/grifk-handball.com\\\/miehet\\\/wp-content\\\/uploads\\\/sites\\\/2\\\/2016\\\/10\\\/logo-grifk-iso.png?fit=1200%2C1400&ssl=1\",\"contentUrl\":\"https:\\\/\\\/i0.wp.com\\\/grifk-handball.com\\\/miehet\\\/wp-content\\\/uploads\\\/sites\\\/2\\\/2016\\\/10\\\/logo-grifk-iso.png?fit=1200%2C1400&ssl=1\",\"width\":1200,\"height\":1400,\"caption\":\"GrIFK K\u00e4sipallo - miehet\"},\"image\":{\"@id\":\"https:\\\/\\\/grifk-handball.com\\\/miehet\\\/#\\\/schema\\\/logo\\\/image\\\/\"},\"sameAs\":[\"https:\\\/\\\/www.facebook.com\\\/GrIFKelit\\\/\",\"https:\\\/\\\/x.com\\\/GrIFK_MSM\",\"https:\\\/\\\/www.instagram.com\\\/grifk_elit\\\/\"]}]}<\/script>\n<!-- \/ Yoast SEO plugin. -->","yoast_head_json":{"title":"Fredrik Forss &#8212; GrIFK K\u00e4sipallo - miehet","robots":{"index":"index","follow":"follow","max-snippet":"max-snippet:-1","max-image-preview":"max-image-preview:large","max-video-preview":"max-video-preview:-1"},"canonical":"https:\/\/grifk-handball.com\/miehet\/joukkue-2017-18\/fredrik-forss\/","og_locale":"fi_FI","og_type":"article","og_title":"Fredrik Forss &#8212; GrIFK K\u00e4sipallo - miehet","og_url":"https:\/\/grifk-handball.com\/miehet\/joukkue-2017-18\/fredrik-forss\/","og_site_name":"GrIFK K\u00e4sipallo - miehet","article_publisher":"https:\/\/www.facebook.com\/GrIFKelit\/","article_modified_time":"2018-09-06T13:04:57+00:00","og_image":[{"width":1363,"height":2048,"url":"https:\/\/i0.wp.com\/grifk-handball.com\/miehet\/wp-content\/uploads\/sites\/2\/2017\/09\/20170920-190008-GrIFK-0531.jpg?fit=1363%2C2048&ssl=1","type":"image\/jpeg"}],"twitter_card":"summary_large_image","twitter_site":"@GrIFK_MSM","twitter_misc":{"Arvioitu lukuaika":"8 minuuttia"},"schema":{"@context":"https:\/\/schema.org","@graph":[{"@type":"WebPage","@id":"https:\/\/grifk-handball.com\/miehet\/joukkue-2017-18\/fredrik-forss\/","url":"https:\/\/grifk-handball.com\/miehet\/joukkue-2017-18\/fredrik-forss\/","name":"Fredrik Forss &#8212; GrIFK K\u00e4sipallo - miehet","isPartOf":{"@id":"https:\/\/grifk-handball.com\/miehet\/#website"},"primaryImageOfPage":{"@id":"https:\/\/grifk-handball.com\/miehet\/joukkue-2017-18\/fredrik-forss\/#primaryimage"},"image":{"@id":"https:\/\/grifk-handball.com\/miehet\/joukkue-2017-18\/fredrik-forss\/#primaryimage"},"thumbnailUrl":"https:\/\/i0.wp.com\/grifk-handball.com\/miehet\/wp-content\/uploads\/sites\/2\/2017\/09\/20170920-190008-GrIFK-0531.jpg?fit=1363%2C2048&ssl=1","datePublished":"2017-10-04T07:18:05+00:00","dateModified":"2018-09-06T13:04:57+00:00","breadcrumb":{"@id":"https:\/\/grifk-handball.com\/miehet\/joukkue-2017-18\/fredrik-forss\/#breadcrumb"},"inLanguage":"fi","potentialAction":[{"@type":"ReadAction","target":["https:\/\/grifk-handball.com\/miehet\/joukkue-2017-18\/fredrik-forss\/"]}]},{"@type":"ImageObject","inLanguage":"fi","@id":"https:\/\/grifk-handball.com\/miehet\/joukkue-2017-18\/fredrik-forss\/#primaryimage","url":"https:\/\/i0.wp.com\/grifk-handball.com\/miehet\/wp-content\/uploads\/sites\/2\/2017\/09\/20170920-190008-GrIFK-0531.jpg?fit=1363%2C2048&ssl=1","contentUrl":"https:\/\/i0.wp.com\/grifk-handball.com\/miehet\/wp-content\/uploads\/sites\/2\/2017\/09\/20170920-190008-GrIFK-0531.jpg?fit=1363%2C2048&ssl=1","width":1363,"height":2048},{"@type":"BreadcrumbList","@id":"https:\/\/grifk-handball.com\/miehet\/joukkue-2017-18\/fredrik-forss\/#breadcrumb","itemListElement":[{"@type":"ListItem","position":1,"name":"Home","item":"https:\/\/grifk-handball.com\/miehet\/etusivu-260109\/"},{"@type":"ListItem","position":2,"name":"Joukkue 2017-18","item":"https:\/\/grifk-handball.com\/miehet\/joukkue-2017-18\/"},{"@type":"ListItem","position":3,"name":"Fredrik Forss"}]},{"@type":"WebSite","@id":"https:\/\/grifk-handball.com\/miehet\/#website","url":"https:\/\/grifk-handball.com\/miehet\/","name":"GrIFK K\u00e4sipallo - miehet","description":"BomBom!","publisher":{"@id":"https:\/\/grifk-handball.com\/miehet\/#organization"},"potentialAction":[{"@type":"SearchAction","target":{"@type":"EntryPoint","urlTemplate":"https:\/\/grifk-handball.com\/miehet\/?s={search_term_string}"},"query-input":{"@type":"PropertyValueSpecification","valueRequired":true,"valueName":"search_term_string"}}],"inLanguage":"fi"},{"@type":"Organization","@id":"https:\/\/grifk-handball.com\/miehet\/#organization","name":"GrIFK K\u00e4sipallo - miehet","url":"https:\/\/grifk-handball.com\/miehet\/","logo":{"@type":"ImageObject","inLanguage":"fi","@id":"https:\/\/grifk-handball.com\/miehet\/#\/schema\/logo\/image\/","url":"https:\/\/i0.wp.com\/grifk-handball.com\/miehet\/wp-content\/uploads\/sites\/2\/2016\/10\/logo-grifk-iso.png?fit=1200%2C1400&ssl=1","contentUrl":"https:\/\/i0.wp.com\/grifk-handball.com\/miehet\/wp-content\/uploads\/sites\/2\/2016\/10\/logo-grifk-iso.png?fit=1200%2C1400&ssl=1","width":1200,"height":1400,"caption":"GrIFK K\u00e4sipallo - miehet"},"image":{"@id":"https:\/\/grifk-handball.com\/miehet\/#\/schema\/logo\/image\/"},"sameAs":["https:\/\/www.facebook.com\/GrIFKelit\/","https:\/\/x.com\/GrIFK_MSM","https:\/\/www.instagram.com\/grifk_elit\/"]}]}},"jetpack_shortlink":"https:\/\/wp.me\/P9jQ9a-1xc","_links":{"self":[{"href":"https:\/\/grifk-handball.com\/miehet\/wp-json\/wp\/v2\/pages\/5902","targetHints":{"allow":["GET"]}}],"collection":[{"href":"https:\/\/grifk-handball.com\/miehet\/wp-json\/wp\/v2\/pages"}],"about":[{"href":"https:\/\/grifk-handball.com\/miehet\/wp-json\/wp\/v2\/types\/page"}],"author":[{"embeddable":true,"href":"https:\/\/grifk-handball.com\/miehet\/wp-json\/wp\/v2\/users\/1"}],"replies":[{"embeddable":true,"href":"https:\/\/grifk-handball.com\/miehet\/wp-json\/wp\/v2\/comments?post=5902"}],"version-history":[{"count":3,"href":"https:\/\/grifk-handball.com\/miehet\/wp-json\/wp\/v2\/pages\/5902\/revisions"}],"predecessor-version":[{"id":15793,"href":"https:\/\/grifk-handball.com\/miehet\/wp-json\/wp\/v2\/pages\/5902\/revisions\/15793"}],"up":[{"embeddable":true,"href":"https:\/\/grifk-handball.com\/miehet\/wp-json\/wp\/v2\/pages\/3692"}],"wp:featuredmedia":[{"embeddable":true,"href":"https:\/\/grifk-handball.com\/miehet\/wp-json\/wp\/v2\/media\/5399"}],"wp:attachment":[{"href":"https:\/\/grifk-handball.com\/miehet\/wp-json\/wp\/v2\/media?parent=5902"}],"wp:term":[{"taxonomy":"post_tag","embeddable":true,"href":"https:\/\/grifk-handball.com\/miehet\/wp-json\/wp\/v2\/tags?post=5902"}],"curies":[{"name":"wp","href":"https:\/\/api.w.org\/{rel}","templated":true}]}}