{"version":"1.0","provider_name":"GrIFK K\u00e4sipallo Naiset","provider_url":"https:\/\/grifk-handball.com\/naiset","author_name":"Ellen","author_url":"https:\/\/grifk-handball.com\/naiset\/author\/elleneskelin\/","title":"L\u00e4ht\u00f6laskenta v\u00e4lieriin on alkanut! &#187; GrIFK K\u00e4sipallo Naiset","type":"rich","width":600,"height":338,"html":"<blockquote class=\"wp-embedded-content\" data-secret=\"86qFLn0Lvf\"><a href=\"https:\/\/grifk-handball.com\/naiset\/kausi-2025-26\/lahtolaskenta-valieriin-on-alkanut\/\">L\u00e4ht\u00f6laskenta v\u00e4lieriin on alkanut!<\/a><\/blockquote><iframe sandbox=\"allow-scripts\" security=\"restricted\" src=\"https:\/\/grifk-handball.com\/naiset\/kausi-2025-26\/lahtolaskenta-valieriin-on-alkanut\/embed\/#?secret=86qFLn0Lvf\" width=\"600\" height=\"338\" title=\"&#8221;L\u00e4ht\u00f6laskenta v\u00e4lieriin on alkanut!&#8221; &#8212; GrIFK K\u00e4sipallo Naiset\" data-secret=\"86qFLn0Lvf\" frameborder=\"0\" marginwidth=\"0\" marginheight=\"0\" scrolling=\"no\" class=\"wp-embedded-content\"><\/iframe><script type=\"text\/javascript\">\n\/* <![CDATA[ *\/\n\/*! This file is auto-generated *\/\n!function(d,l){\"use strict\";l.querySelector&&d.addEventListener&&\"undefined\"!=typeof URL&&(d.wp=d.wp||{},d.wp.receiveEmbedMessage||(d.wp.receiveEmbedMessage=function(e){var t=e.data;if((t||t.secret||t.message||t.value)&&!\/[^a-zA-Z0-9]\/.test(t.secret)){for(var s,r,n,a=l.querySelectorAll('iframe[data-secret=\"'+t.secret+'\"]'),o=l.querySelectorAll('blockquote[data-secret=\"'+t.secret+'\"]'),c=new RegExp(\"^https?:$\",\"i\"),i=0;i<o.length;i++)o[i].style.display=\"none\";for(i=0;i<a.length;i++)s=a[i],e.source===s.contentWindow&&(s.removeAttribute(\"style\"),\"height\"===t.message?(1e3<(r=parseInt(t.value,10))?r=1e3:~~r<200&&(r=200),s.height=r):\"link\"===t.message&&(r=new URL(s.getAttribute(\"src\")),n=new URL(t.value),c.test(n.protocol))&&n.host===r.host&&l.activeElement===s&&(d.top.location.href=t.value))}},d.addEventListener(\"message\",d.wp.receiveEmbedMessage,!1),l.addEventListener(\"DOMContentLoaded\",function(){for(var e,t,s=l.querySelectorAll(\"iframe.wp-embedded-content\"),r=0;r<s.length;r++)(t=(e=s[r]).getAttribute(\"data-secret\"))||(t=Math.random().toString(36).substring(2,12),e.src+=\"#?secret=\"+t,e.setAttribute(\"data-secret\",t)),e.contentWindow.postMessage({message:\"ready\",secret:t},\"*\")},!1)))}(window,document);\n\/\/# sourceURL=https:\/\/grifk-handball.com\/naiset\/wp-includes\/js\/wp-embed.min.js\n\/* ]]> *\/\n<\/script>\n","thumbnail_url":"https:\/\/grifk-handball.com\/naiset\/wp-content\/uploads\/sites\/3\/2026\/03\/Playoff-istumapaikat-1080-x-687-px-2.png","thumbnail_width":1080,"thumbnail_height":687,"description":"Luola t\u00e4yttyy kev\u00e4\u00e4n Aktialiigan huipennuksissa \u2013 varaa oma istumapaikkasi koko playoffien ajaksi! K\u00e4sipallokauden kohokohta l\u00e4hestyy ja on aika valmistautua kauden parhaita pelej\u00e4 varten. Kauniaisten kotihalli on tunnetusti t\u00e4ynn\u00e4 energiaa, tunnelmaa, j\u00e4nnityst\u00e4 \u2013 ja ihmisi\u00e4! Granin naisten edustusjoukkue tarjoaa nyt 20 nopeimmalle mahdollisuuden ostaa itselleen omat vakioidut paikat kaikkiin loppukauden kotiotteluihin. N\u00e4in mahdut varmuudella Luolaan, v\u00e4lt\u00e4t [&hellip;]"}