{"version":"1.0","provider_name":"GrIFK K\u00e4sipallo Naiset","provider_url":"https:\/\/grifk-handball.com\/naiset","author_name":"irajessica","author_url":"https:\/\/grifk-handball.com\/naiset\/author\/irajessica\/","title":"Ny s\u00e4song med ny serie &#187; GrIFK K\u00e4sipallo Naiset","type":"rich","width":600,"height":338,"html":"<blockquote class=\"wp-embedded-content\" data-secret=\"464URVUbVz\"><a href=\"https:\/\/grifk-handball.com\/naiset\/uutiset\/ny-sasong-med-ny-serie\/\">Ny s\u00e4song med ny serie<\/a><\/blockquote><iframe sandbox=\"allow-scripts\" security=\"restricted\" src=\"https:\/\/grifk-handball.com\/naiset\/uutiset\/ny-sasong-med-ny-serie\/embed\/#?secret=464URVUbVz\" width=\"600\" height=\"338\" title=\"&#8221;Ny s\u00e4song med ny serie&#8221; &#8212; GrIFK K\u00e4sipallo Naiset\" data-secret=\"464URVUbVz\" frameborder=\"0\" marginwidth=\"0\" marginheight=\"0\" scrolling=\"no\" class=\"wp-embedded-content\"><\/iframe><script type=\"text\/javascript\">\n\/* <![CDATA[ *\/\n\/*! This file is auto-generated *\/\n!function(d,l){\"use strict\";l.querySelector&&d.addEventListener&&\"undefined\"!=typeof URL&&(d.wp=d.wp||{},d.wp.receiveEmbedMessage||(d.wp.receiveEmbedMessage=function(e){var t=e.data;if((t||t.secret||t.message||t.value)&&!\/[^a-zA-Z0-9]\/.test(t.secret)){for(var s,r,n,a=l.querySelectorAll('iframe[data-secret=\"'+t.secret+'\"]'),o=l.querySelectorAll('blockquote[data-secret=\"'+t.secret+'\"]'),c=new RegExp(\"^https?:$\",\"i\"),i=0;i<o.length;i++)o[i].style.display=\"none\";for(i=0;i<a.length;i++)s=a[i],e.source===s.contentWindow&&(s.removeAttribute(\"style\"),\"height\"===t.message?(1e3<(r=parseInt(t.value,10))?r=1e3:~~r<200&&(r=200),s.height=r):\"link\"===t.message&&(r=new URL(s.getAttribute(\"src\")),n=new URL(t.value),c.test(n.protocol))&&n.host===r.host&&l.activeElement===s&&(d.top.location.href=t.value))}},d.addEventListener(\"message\",d.wp.receiveEmbedMessage,!1),l.addEventListener(\"DOMContentLoaded\",function(){for(var e,t,s=l.querySelectorAll(\"iframe.wp-embedded-content\"),r=0;r<s.length;r++)(t=(e=s[r]).getAttribute(\"data-secret\"))||(t=Math.random().toString(36).substring(2,12),e.src+=\"#?secret=\"+t,e.setAttribute(\"data-secret\",t)),e.contentWindow.postMessage({message:\"ready\",secret:t},\"*\")},!1)))}(window,document);\n\/\/# sourceURL=https:\/\/grifk-handball.com\/naiset\/wp-includes\/js\/wp-embed.min.js\n\/* ]]> *\/\n<\/script>\n","thumbnail_url":"https:\/\/grifk-handball.com\/naiset\/wp-content\/uploads\/sites\/3\/2023\/05\/Vinnarlaget-\u00a9Handbollforbundet_Newspix-e1723722821893.jpg","thumbnail_width":1200,"thumbnail_height":546,"description":"Det b\u00f6rjar vara dags att dra ig\u00e5ng s\u00e4songen 2023-2024. Vi fick ett fint slut p\u00e5 f\u00f6rra s\u00e4songen med en guldmedalj runt halsen. Damerna har under m\u00e5nga \u00e5r gjort stora framsteg b\u00e5de individuellt och kollektivt. Bel\u00f6ningen f\u00f6r det h\u00e5rda arbetet bar frukt d\u00e5 vi slog Dicken i finalerna. St\u00f6det vi fick fr\u00e5n l\u00e4ktarna k\u00e4ndes som en [&hellip;]"}