{"id":13197,"date":"2025-09-08T10:31:38","date_gmt":"2025-09-08T07:31:38","guid":{"rendered":"https:\/\/grifk-handball.com\/naiset\/?page_id=13197"},"modified":"2026-02-13T13:52:27","modified_gmt":"2026-02-13T11:52:27","slug":"otteluohjelma-ja-tulokset-2025-26","status":"publish","type":"page","link":"https:\/\/grifk-handball.com\/naiset\/otteluohjelma-ja-tulokset-2025-26\/","title":{"rendered":"Otteluohjelma ja tulokset 2025-26"},"content":{"rendered":"<div id='full_slider_1'  class='avia-fullwidth-slider main_color avia-shadow   avia-builder-el-0  el_before_av_section  avia-builder-el-first   container_wrap sidebar_right'  >\n<style type=\"text\/css\" data-created_by=\"avia_inline_auto\" id=\"style-css-av-r9l85i-4a418adac603019ea913692b4279e6b0\">\n#top #wrap_all .avia-slideshow .av-slideshow-caption.av-r9l85i-4a418adac603019ea913692b4279e6b0__0 .avia-caption-title{\nfont-size:60px;\n}\n\n@media only screen and (min-width: 480px) and (max-width: 767px){ \n#top #wrap_all .avia-slideshow .av-slideshow-caption.av-r9l85i-4a418adac603019ea913692b4279e6b0__0 .avia-caption-title{\nfont-size:32px;\n}\n}\n\n@media only screen and (max-width: 479px){ \n#top #wrap_all .avia-slideshow .av-slideshow-caption.av-r9l85i-4a418adac603019ea913692b4279e6b0__0 .avia-caption-title{\nfont-size:32px;\n}\n}\n<\/style>\n<div  class='avia-slideshow av-r9l85i-4a418adac603019ea913692b4279e6b0 avia-slideshow-featured_large av_slideshow_full avia-slide-slider av-slideshow-ui av-control-default av-slideshow-manual av-loop-once av-loop-manual-endless av-default-height-applied   avia-slideshow-1' data-slideshow-options=\"{&quot;animation&quot;:&quot;slide&quot;,&quot;autoplay&quot;:false,&quot;loop_autoplay&quot;:&quot;once&quot;,&quot;interval&quot;:5,&quot;loop_manual&quot;:&quot;manual-endless&quot;,&quot;autoplay_stopper&quot;:false,&quot;noNavigation&quot;:false,&quot;bg_slider&quot;:false,&quot;keep_padding&quot;:false,&quot;hoverpause&quot;:false,&quot;show_slide_delay&quot;:0}\"  itemprop=\"image\" itemscope=\"itemscope\" itemtype=\"https:\/\/schema.org\/ImageObject\" ><ul class='avia-slideshow-inner ' style='padding-bottom: 42%;'><li  class='avia-slideshow-slide av-r9l85i-4a418adac603019ea913692b4279e6b0__0  av-single-slide slide-1 slide-odd'><div data-rel='slideshow-1' class='avia-slide-wrap '   ><div class='av-slideshow-caption av-r9l85i-4a418adac603019ea913692b4279e6b0__0 caption_fullwidth caption_center caption_center_framed caption_framed'><div class=\"container caption_container\"><div class=\"slideshow_caption\"><div class=\"slideshow_inner_caption\"><div class=\"slideshow_align_caption\"><h2 class='avia-caption-title '  itemprop=\"name\" >Otteluohjelma ja tulokset<\/h2><\/div><\/div><\/div><\/div><\/div><img decoding=\"async\" fetchpriority=\"high\" class=\"wp-image-13201 avia-img-lazy-loading-not-13201\"  src=\"https:\/\/grifk-handball.com\/naiset\/wp-content\/uploads\/sites\/3\/2025\/09\/B7A1498-1500x630.jpg\" width=\"1500\" height=\"630\" title='_B7A1498' alt=''  itemprop=\"thumbnailUrl\"   \/><\/div><\/li><\/ul><\/div><\/div>\n<div id='av_section_1'  class='avia-section av-2f3sly-4041e746f5fc3bfba9b4eeba6ee77371 main_color avia-section-default avia-no-shadow  avia-builder-el-1  el_after_av_slideshow_full  el_before_av_section  avia-bg-style-scroll container_wrap sidebar_right'  ><div class='container av-section-cont-open' ><div class='template-page content  av-content-small alpha units'><div class='post-entry post-entry-type-page post-entry-13197'><div class='entry-content-wrapper clearfix'>\n\n<style type=\"text\/css\" data-created_by=\"avia_inline_auto\" id=\"style-css-av-m48rti-06d4b799508004a19b65632bc1f35b53\">\n.flex_column.av-m48rti-06d4b799508004a19b65632bc1f35b53{\nborder-radius:0px 0px 0px 0px;\npadding:0px 0px 0px 0px;\n}\n<\/style>\n<div  class='flex_column av-m48rti-06d4b799508004a19b65632bc1f35b53 av_two_third  avia-builder-el-2  el_before_av_one_third  avia-builder-el-first  first flex_column_div av-zero-column-padding  '     ><p>\n<style type=\"text\/css\" data-created_by=\"avia_inline_auto\" id=\"style-css-av-mfatrcir-351f53febcf443947d30a63b69d437a9\">\n#top .av-special-heading.av-mfatrcir-351f53febcf443947d30a63b69d437a9{\npadding-bottom:10px;\n}\nbody .av-special-heading.av-mfatrcir-351f53febcf443947d30a63b69d437a9 .av-special-heading-tag .heading-char{\nfont-size:25px;\n}\n.av-special-heading.av-mfatrcir-351f53febcf443947d30a63b69d437a9 .av-subheading{\nfont-size:15px;\n}\n<\/style>\n<div  class='av-special-heading av-mfatrcir-351f53febcf443947d30a63b69d437a9 av-special-heading-h3  avia-builder-el-3  el_before_av_codeblock  avia-builder-el-first '><h3 class='av-special-heading-tag '  itemprop=\"headline\"  >Tulevat ottelut<\/h3><div class=\"special-heading-border\"><div class=\"special-heading-inner-border\"><\/div><\/div><\/div><br \/>\n<\/p><\/div>\n<style type=\"text\/css\" data-created_by=\"avia_inline_auto\" id=\"style-css-av-hxayja-96da595a9fda0135517e65a878ef9377\">\n.flex_column.av-hxayja-96da595a9fda0135517e65a878ef9377{\nborder-radius:0px 0px 0px 0px;\npadding:0px 0px 0px 0px;\n}\n<\/style>\n<div  class='flex_column av-hxayja-96da595a9fda0135517e65a878ef9377 av_one_third  avia-builder-el-5  el_after_av_two_third  avia-builder-el-last  flex_column_div av-zero-column-padding  '     ><p>\n<style type=\"text\/css\" data-created_by=\"avia_inline_auto\" id=\"style-css-av-5vien3-121f0f4dbab3513fee25e4b95b99a3b5\">\n#top .av-special-heading.av-5vien3-121f0f4dbab3513fee25e4b95b99a3b5{\npadding-bottom:10px;\n}\nbody .av-special-heading.av-5vien3-121f0f4dbab3513fee25e4b95b99a3b5 .av-special-heading-tag .heading-char{\nfont-size:25px;\n}\n.av-special-heading.av-5vien3-121f0f4dbab3513fee25e4b95b99a3b5 .av-subheading{\nfont-size:15px;\n}\n<\/style>\n<div  class='av-special-heading av-5vien3-121f0f4dbab3513fee25e4b95b99a3b5 av-special-heading-h3 blockquote modern-quote modern-centered  avia-builder-el-6  el_before_av_codeblock  avia-builder-el-first '><h3 class='av-special-heading-tag '  itemprop=\"headline\"  >Seuraava ottelu<\/h3><div class=\"special-heading-border\"><div class=\"special-heading-inner-border\"><\/div><\/div><\/div><br \/>\n<\/p><\/div>\n\n<\/div><\/div><\/div><!-- close content main div --><\/div><\/div><div id='av_section_2'  class='avia-section av-ci9kh2-732a905e005ba0cebd1c0fd17b5515ec alternate_color avia-section-default avia-no-shadow  avia-builder-el-8  el_after_av_section  el_before_av_section  avia-bg-style-scroll container_wrap sidebar_right'  ><div class='container av-section-cont-open' ><div class='template-page content  av-content-small alpha units'><div class='post-entry post-entry-type-page post-entry-13197'><div class='entry-content-wrapper clearfix'>\n\n<style type=\"text\/css\" data-created_by=\"avia_inline_auto\" id=\"style-css-av-a5cq6e-77c1a1ff6cbaeff7fbf6a1030977b3d6\">\n.flex_column.av-a5cq6e-77c1a1ff6cbaeff7fbf6a1030977b3d6{\nborder-radius:0px 0px 0px 0px;\npadding:0px 0px 0px 0px;\n}\n<\/style>\n<div  class='flex_column av-a5cq6e-77c1a1ff6cbaeff7fbf6a1030977b3d6 av_three_fifth  avia-builder-el-9  el_before_av_two_fifth  avia-builder-el-first  first flex_column_div av-zero-column-padding  '     ><p>\n<style type=\"text\/css\" data-created_by=\"avia_inline_auto\" id=\"style-css-av-mfatt373-e2febe41306a0dfdc6739916fbb7bd21\">\n#top .av-special-heading.av-mfatt373-e2febe41306a0dfdc6739916fbb7bd21{\npadding-bottom:10px;\n}\nbody .av-special-heading.av-mfatt373-e2febe41306a0dfdc6739916fbb7bd21 .av-special-heading-tag .heading-char{\nfont-size:25px;\n}\n.av-special-heading.av-mfatt373-e2febe41306a0dfdc6739916fbb7bd21 .av-subheading{\nfont-size:15px;\n}\n<\/style>\n<div  class='av-special-heading av-mfatt373-e2febe41306a0dfdc6739916fbb7bd21 av-special-heading-h3  avia-builder-el-10  el_before_av_codeblock  avia-builder-el-first '><h3 class='av-special-heading-tag '  itemprop=\"headline\"  >Pelatut ottelut<\/h3><div class=\"special-heading-border\"><div class=\"special-heading-inner-border\"><\/div><\/div><\/div><br \/>\n<\/p><\/div>\n<style type=\"text\/css\" data-created_by=\"avia_inline_auto\" id=\"style-css-av-5mnteu-92f481f1883d4ba58150b52e7ceac3a4\">\n.flex_column.av-5mnteu-92f481f1883d4ba58150b52e7ceac3a4{\nborder-radius:0px 0px 0px 0px;\npadding:0px 0px 0px 0px;\n}\n<\/style>\n<div  class='flex_column av-5mnteu-92f481f1883d4ba58150b52e7ceac3a4 av_two_fifth  avia-builder-el-12  el_after_av_three_fifth  avia-builder-el-last  flex_column_div av-zero-column-padding  '     ><p>\n<style type=\"text\/css\" data-created_by=\"avia_inline_auto\" id=\"style-css-av-2c2klr-5f5a75672e6fbc6f744574d63d9820b7\">\n#top .av-special-heading.av-2c2klr-5f5a75672e6fbc6f744574d63d9820b7{\npadding-bottom:10px;\n}\nbody .av-special-heading.av-2c2klr-5f5a75672e6fbc6f744574d63d9820b7 .av-special-heading-tag .heading-char{\nfont-size:25px;\n}\n.av-special-heading.av-2c2klr-5f5a75672e6fbc6f744574d63d9820b7 .av-subheading{\nfont-size:15px;\n}\n<\/style>\n<div  class='av-special-heading av-2c2klr-5f5a75672e6fbc6f744574d63d9820b7 av-special-heading-h3  avia-builder-el-13  el_before_av_codeblock  avia-builder-el-first '><h3 class='av-special-heading-tag '  itemprop=\"headline\"  >Sarjatilanne<\/h3><div class=\"special-heading-border\"><div class=\"special-heading-inner-border\"><\/div><\/div><\/div><br \/>\n<\/p><\/div>\n\n<\/div><\/div><\/div><!-- close content main div --><\/div><\/div>\n<style type=\"text\/css\" data-created_by=\"avia_inline_auto\" id=\"style-css-av-luecre0q-54feb32f736c267115342a2a435e20a3\">\n.avia-section.av-luecre0q-54feb32f736c267115342a2a435e20a3{\nbackground-color:#ffffff;\nbackground:linear-gradient( to bottom, #ffffff, #eeeeee );\n}\n<\/style>\n<div id='av_section_3'  class='avia-section av-luecre0q-54feb32f736c267115342a2a435e20a3 main_color avia-section-default avia-no-shadow  avia-builder-el-15  el_after_av_section  el_before_av_section  avia-bg-style-scroll container_wrap sidebar_right'  ><div class='container av-section-cont-open' ><div class='template-page content  av-content-small alpha units'><div class='post-entry post-entry-type-page post-entry-13197'><div class='entry-content-wrapper clearfix'>\n\n<style type=\"text\/css\" data-created_by=\"avia_inline_auto\" id=\"style-css-av-78py5f-dd4f401e3ab5ec5cfd201662ba6d4f8f\">\n.flex_column.av-78py5f-dd4f401e3ab5ec5cfd201662ba6d4f8f{\nborder-radius:0px 0px 0px 0px;\npadding:0px 0px 0px 0px;\n}\n<\/style>\n<div  class='flex_column av-78py5f-dd4f401e3ab5ec5cfd201662ba6d4f8f av_three_fifth  avia-builder-el-16  el_before_av_two_fifth  avia-builder-el-first  first flex_column_div av-zero-column-padding  '     ><p>\n<style type=\"text\/css\" data-created_by=\"avia_inline_auto\" id=\"style-css-av-ly4rv446-076616a35f2d756edcd8824b77f75ab6\">\n#top .av-special-heading.av-ly4rv446-076616a35f2d756edcd8824b77f75ab6{\npadding-bottom:10px;\n}\nbody .av-special-heading.av-ly4rv446-076616a35f2d756edcd8824b77f75ab6 .av-special-heading-tag .heading-char{\nfont-size:25px;\n}\n.av-special-heading.av-ly4rv446-076616a35f2d756edcd8824b77f75ab6 .av-subheading{\nfont-size:15px;\n}\n<\/style>\n<div  class='av-special-heading av-ly4rv446-076616a35f2d756edcd8824b77f75ab6 av-special-heading-h3  avia-builder-el-17  el_before_av_codeblock  avia-builder-el-first '><h3 class='av-special-heading-tag '  itemprop=\"headline\"  >Baltian Liiga<\/h3><div class=\"special-heading-border\"><div class=\"special-heading-inner-border\"><\/div><\/div><\/div><br \/>\n<\/p><\/div>\n<style type=\"text\/css\" data-created_by=\"avia_inline_auto\" id=\"style-css-av-4b1i9v-a45729c76983461bf24304ec5b591a44\">\n.flex_column.av-4b1i9v-a45729c76983461bf24304ec5b591a44{\nborder-radius:0px 0px 0px 0px;\npadding:0px 0px 0px 0px;\n}\n<\/style>\n<div  class='flex_column av-4b1i9v-a45729c76983461bf24304ec5b591a44 av_two_fifth  avia-builder-el-19  el_after_av_three_fifth  avia-builder-el-last  flex_column_div av-zero-column-padding  '     ><p><div  class='avia-button-wrap avia-button-center  avia-builder-el-20  el_before_av_codeblock  avia-builder-el-first '>\n<style type=\"text\/css\" data-created_by=\"avia_inline_auto\" id=\"style-css-av-m4b2r0kd-ecf89833cf8a7f3f62acce39f3b9fd37\">\n#top #wrap_all .avia-button.av-m4b2r0kd-ecf89833cf8a7f3f62acce39f3b9fd37:hover{\ncolor:white;\ntransition:all 0.4s ease-in-out;\n}\n#top #wrap_all .avia-button.av-m4b2r0kd-ecf89833cf8a7f3f62acce39f3b9fd37:hover .avia-svg-icon svg:first-child{\nfill:white;\nstroke:white;\n}\n<\/style>\n<a href='https:\/\/baltichandball.eu\/season\/35\/league\/361' class='avia-color-theme-color avia-font-color-theme-color avia-button avia-button-fullwidth av-m4b2r0kd-ecf89833cf8a7f3f62acce39f3b9fd37 avia-icon_select-no avia-color-theme-color'  target=\"_blank\"  rel=\"noopener noreferrer\"  aria-label=\"Sarjatilanne\"><span class='avia_iconbox_title' >Sarjatilanne<\/span><span class='avia_button_background avia-button avia-button-fullwidth avia-color-theme-color-highlight'><\/span><\/a><\/div><br \/>\n<\/p><\/div><\/div><\/div><\/div><!-- close content main div --><\/div><\/div><div id='av_section_4'  class='avia-section av-jpuzlft4-27de00dbbf4efcb52b667a5f2197832e main_color avia-section-default avia-no-shadow  avia-builder-el-22  el_after_av_section  avia-builder-el-last  avia-bg-style-scroll container_wrap sidebar_right'  ><div class='container av-section-cont-open' ><div class='template-page content  av-content-small alpha units'><div class='post-entry post-entry-type-page post-entry-13197'><div class='entry-content-wrapper clearfix'>\n\n<style type=\"text\/css\" data-created_by=\"avia_inline_auto\" id=\"style-css-av-5sbndi-3000f783caae31dfdc57156c6470a85e\">\n.flex_column.av-5sbndi-3000f783caae31dfdc57156c6470a85e{\nborder-radius:0px 0px 0px 0px;\npadding:0px 0px 0px 0px;\n}\n<\/style>\n<div  class='flex_column av-5sbndi-3000f783caae31dfdc57156c6470a85e av_one_full  avia-builder-el-23  avia-builder-el-no-sibling  first flex_column_div av-zero-column-padding  '     ><p>\n<style type=\"text\/css\" data-created_by=\"avia_inline_auto\" id=\"style-css-av-sx0j-36c9d2fcadd281769abe8c16f1928be2\">\n#top .av-special-heading.av-sx0j-36c9d2fcadd281769abe8c16f1928be2{\npadding-bottom:10px;\n}\nbody .av-special-heading.av-sx0j-36c9d2fcadd281769abe8c16f1928be2 .av-special-heading-tag .heading-char{\nfont-size:25px;\n}\n.av-special-heading.av-sx0j-36c9d2fcadd281769abe8c16f1928be2 .av-subheading{\nfont-size:15px;\n}\n<\/style>\n<div  class='av-special-heading av-sx0j-36c9d2fcadd281769abe8c16f1928be2 av-special-heading-h3  avia-builder-el-24  el_before_av_masonry_entries  avia-builder-el-no-sibling  av-linked-heading'><h3 class='av-special-heading-tag '  itemprop=\"headline\"  >Otteluennakot ja -raportit 2025-26<\/h3><div class=\"special-heading-border\"><div class=\"special-heading-inner-border\"><\/div><\/div><\/div><br \/>\n<div id='av-masonry-1' class='av-masonry av-jpuzna41-3a2b5e371e2222011840c9a1b66409f5 noHover av-fixed-size av-large-gap av-hover-overlay- av-masonry-animation-active av-masonry-col-3 av-caption-always av-caption-style- av-masonry-entries ' data-post_id=\"13197\"><div class=\"av-masonry-container isotope av-js-disabled\"><div class='av-masonry-entry isotope-item av-masonry-item-no-image '><\/div><a href=\"https:\/\/grifk-handball.com\/naiset\/kausi-2025-26\/ennakot-2025-26\/naisten-baltic-sea-leaguen-final4-pelataan-2-3-5-liettuassa-kapteenien-ajatuksia-tulevasta-viikonlopusta\/\"  id='av-masonry-1-item-14323' data-av-masonry-item='14323' class='av-masonry-entry isotope-item post-14323 post type-post status-publish format-standard has-post-thumbnail hentry category-ennakot-2025-26 category-uutiset tag-balticsealeague tag-emily-johansson tag-grifkdamer tag-grifkhandball tag-otteluennakko tag-sandra-laitinen tag-semifinal tag-final4 tag-womens-baltic-sea-handball-league  av-masonry-item-with-image' title=\"2I1A5716\"   itemscope=\"itemscope\" itemtype=\"https:\/\/schema.org\/CreativeWork\" ><div class='av-inner-masonry-sizer'><\/div><figure class='av-inner-masonry main_color'><div class=\"av-masonry-outerimage-container\"><div class='av-masonry-image-container' style=\"background-image: url(https:\/\/grifk-handball.com\/naiset\/wp-content\/uploads\/sites\/3\/2026\/04\/2I1A5716-705x470.jpg);\"  title=\"2I1A5716\" ><\/div><\/div><figcaption class='av-inner-masonry-content site-background'><div class='av-inner-masonry-content-pos'><div class='av-inner-masonry-content-pos-content'><div class='avia-arrow'><\/div><h3 class='av-masonry-entry-title entry-title '  itemprop=\"headline\" >Naisten Baltic Sea leaguen Final4 pelataan 2.-3.5 Liettuassa \u2013 kapteenien ajatuksia tulevasta viikonlopusta<\/h3><div class='av-masonry-entry-content entry-content'  itemprop=\"text\" >SM-finaalit on nyt pelattu ja saavutimme yhden kauden p\u00e4\u00e4tavoitteista\u2026<div class='av-masonry-categories'>Ennakot-2025-26,Uutiset<\/div><\/div><span class='av-masonry-date meta-color updated'>30.4.2026<\/span><span class=\"av-masonry-text-sep text-sep-author\">\/<\/span><span class='av-masonry-author meta-color author'><span class='fn'>by Ellen<\/span><\/span><\/div><\/div><\/figcaption><\/figure><\/a><!--end av-masonry entry--><a href=\"https:\/\/grifk-handball.com\/naiset\/kausi-2025-26\/ennakot-2025-26\/baltiska-ligans-final4-spelas-inkommande-helg-i-litauen-kaptenernas-tankar-infor-helgen\/\"  id='av-masonry-1-item-14322' data-av-masonry-item='14322' class='av-masonry-entry isotope-item post-14322 post type-post status-publish format-standard has-post-thumbnail hentry category-ennakot-2025-26 category-uutiset tag-balticsealeague tag-emily-johansson tag-grifkdamer tag-grifkhandball tag-otteluennakko tag-sandra-laitinen tag-semifinal tag-womens-baltic-sea-league tag-final4  av-masonry-item-with-image' title=\"2I1A5716\"   itemscope=\"itemscope\" itemtype=\"https:\/\/schema.org\/CreativeWork\" ><div class='av-inner-masonry-sizer'><\/div><figure class='av-inner-masonry main_color'><div class=\"av-masonry-outerimage-container\"><div class='av-masonry-image-container' style=\"background-image: url(https:\/\/grifk-handball.com\/naiset\/wp-content\/uploads\/sites\/3\/2026\/04\/2I1A5716-705x470.jpg);\"  title=\"2I1A5716\" ><\/div><\/div><figcaption class='av-inner-masonry-content site-background'><div class='av-inner-masonry-content-pos'><div class='av-inner-masonry-content-pos-content'><div class='avia-arrow'><\/div><h3 class='av-masonry-entry-title entry-title '  itemprop=\"headline\" >Damernas Baltic Sea League Final4 spelas 2-3.5 i Litauen \u2013 kaptenernas tankar inf\u00f6r helgen<\/h3><div class='av-masonry-entry-content entry-content'  itemprop=\"text\" >FM-finalerna \u00e4r spelade och vi n\u00e5dde ett av s\u00e4songens m\u00e5l,\u2026<div class='av-masonry-categories'>Ennakot-2025-26,Uutiset<\/div><\/div><span class='av-masonry-date meta-color updated'>30.4.2026<\/span><span class=\"av-masonry-text-sep text-sep-author\">\/<\/span><span class='av-masonry-author meta-color author'><span class='fn'>by Ellen<\/span><\/span><\/div><\/div><\/figcaption><\/figure><\/a><!--end av-masonry entry--><a href=\"https:\/\/grifk-handball.com\/naiset\/kausi-2025-26\/ottelut-2025-26\/otteluraportti-24-4-4-finaali-hifk-vs-grifk\/\"  id='av-masonry-1-item-14319' data-av-masonry-item='14319' class='av-masonry-entry isotope-item post-14319 post type-post status-publish format-standard has-post-thumbnail hentry category-kausi-2025-26 category-otteluraportit-2025-226 category-ottelut-2025-26 category-uutiset tag-aktialiga tag-aktialiiga tag-damernas-aktialiga tag-finaali tag-final tag-fm-final tag-grifkdamer tag-grifkhandball tag-naisten-aktialiiga tag-otteluraportti tag-playoff tag-sandra-lundqvist  av-masonry-item-with-image' title=\"2I1A7211\"   itemscope=\"itemscope\" itemtype=\"https:\/\/schema.org\/CreativeWork\" ><div class='av-inner-masonry-sizer'><\/div><figure class='av-inner-masonry main_color'><div class=\"av-masonry-outerimage-container\"><div class='av-masonry-image-container' style=\"background-image: url(https:\/\/grifk-handball.com\/naiset\/wp-content\/uploads\/sites\/3\/2026\/04\/2I1A7211-705x470.jpg);\"  title=\"2I1A7211\" ><\/div><\/div><figcaption class='av-inner-masonry-content site-background'><div class='av-inner-masonry-content-pos'><div class='av-inner-masonry-content-pos-content'><div class='avia-arrow'><\/div><h3 class='av-masonry-entry-title entry-title '  itemprop=\"headline\" >Otteluraportti 24.4. 4. finaali HIFK vs GrIFK<\/h3><div class='av-masonry-entry-content entry-content'  itemprop=\"text\" >Kuten toivoimme, finaalisarja saatiin p\u00e4\u00e4t\u00f6kseen perjantaina,\u2026<div class='av-masonry-categories'>Kausi-2025-26,Otteluraportit-2025-226,Ottelut-2025-26,Uutiset<\/div><\/div><span class='av-masonry-date meta-color updated'>30.4.2026<\/span><span class=\"av-masonry-text-sep text-sep-author\">\/<\/span><span class='av-masonry-author meta-color author'><span class='fn'>by Ellen<\/span><\/span><\/div><\/div><\/figcaption><\/figure><\/a><!--end av-masonry entry--><a href=\"https:\/\/grifk-handball.com\/naiset\/kausi-2025-26\/ottelut-2025-26\/matchrapport-24-4-final-4-hifk-vs-grifk\/\"  id='av-masonry-1-item-14315' data-av-masonry-item='14315' class='av-masonry-entry isotope-item post-14315 post type-post status-publish format-standard has-post-thumbnail hentry category-kausi-2025-26 category-otteluraportit-2025-226 category-ottelut-2025-26 category-uutiset tag-aktialiga tag-aktialiiga tag-damernas-aktialiga tag-final tag-fm-final tag-grifkdamer tag-grifkhandball tag-naisten-aktialiiga tag-playoff tag-sandra-lundqvist tag-matchrapport  av-masonry-item-with-image' title=\"2I1A7211\"   itemscope=\"itemscope\" itemtype=\"https:\/\/schema.org\/CreativeWork\" ><div class='av-inner-masonry-sizer'><\/div><figure class='av-inner-masonry main_color'><div class=\"av-masonry-outerimage-container\"><div class='av-masonry-image-container' style=\"background-image: url(https:\/\/grifk-handball.com\/naiset\/wp-content\/uploads\/sites\/3\/2026\/04\/2I1A7211-705x470.jpg);\"  title=\"2I1A7211\" ><\/div><\/div><figcaption class='av-inner-masonry-content site-background'><div class='av-inner-masonry-content-pos'><div class='av-inner-masonry-content-pos-content'><div class='avia-arrow'><\/div><h3 class='av-masonry-entry-title entry-title '  itemprop=\"headline\" >Matchrapport 24.4 Final 4 HIFK vs GrIFK<\/h3><div class='av-masonry-entry-content entry-content'  itemprop=\"text\" >Som vi hoppats, tog finalserien slut p\u00e5 fredagen d\u00e5 vi efter\u2026<div class='av-masonry-categories'>Kausi-2025-26,Otteluraportit-2025-226,Ottelut-2025-26,Uutiset<\/div><\/div><span class='av-masonry-date meta-color updated'>30.4.2026<\/span><span class=\"av-masonry-text-sep text-sep-author\">\/<\/span><span class='av-masonry-author meta-color author'><span class='fn'>by Ellen<\/span><\/span><\/div><\/div><\/figcaption><\/figure><\/a><!--end av-masonry entry--><a href=\"https:\/\/grifk-handball.com\/naiset\/kausi-2025-26\/ottelut-2025-26\/mestaruus-sinetoity-urheilutalolla-grifk-juhli-neljatta-kultaa-luvuin-29-20\/\"  id='av-masonry-1-item-14309' data-av-masonry-item='14309' class='av-masonry-entry isotope-item post-14309 post type-post status-publish format-standard has-post-thumbnail hentry category-kausi-2025-26 category-ottelut-2025-26 category-uutiset tag-aktialiga tag-aktialiiga tag-damernas-aktialiga tag-finaali tag-grifkdamer tag-grifkhandball tag-naisten-aktialiiga tag-playoff  av-masonry-item-with-image' title=\"2I1A7180\"   itemscope=\"itemscope\" itemtype=\"https:\/\/schema.org\/CreativeWork\" ><div class='av-inner-masonry-sizer'><\/div><figure class='av-inner-masonry main_color'><div class=\"av-masonry-outerimage-container\"><div class='av-masonry-image-container' style=\"background-image: url(https:\/\/grifk-handball.com\/naiset\/wp-content\/uploads\/sites\/3\/2026\/04\/2I1A7180-705x470.jpg);\"  title=\"2I1A7180\" ><\/div><\/div><figcaption class='av-inner-masonry-content site-background'><div class='av-inner-masonry-content-pos'><div class='av-inner-masonry-content-pos-content'><div class='avia-arrow'><\/div><h3 class='av-masonry-entry-title entry-title '  itemprop=\"headline\" >Mestaruus sinet\u00f6ity Urheilutalolla \u2013 GrIFK juhli nelj\u00e4tt\u00e4 kultaa luvuin 29\u201320<\/h3><div class='av-masonry-entry-content entry-content'  itemprop=\"text\" >GrIFK varmisti nelj\u00e4nnen per\u00e4kk\u00e4isen Suomen\u2026<div class='av-masonry-categories'>Kausi-2025-26,Ottelut-2025-26,Uutiset<\/div><\/div><span class='av-masonry-date meta-color updated'>29.4.2026<\/span><span class=\"av-masonry-text-sep text-sep-author\">\/<\/span><span class='av-masonry-author meta-color author'><span class='fn'>by Ellen<\/span><\/span><\/div><\/div><\/figcaption><\/figure><\/a><!--end av-masonry entry--><a href=\"https:\/\/grifk-handball.com\/naiset\/kausi-2025-26\/ennakot-2025-26\/4-finaali-24-4-2026-19-15-hifk-vs-grifk\/\"  id='av-masonry-1-item-14303' data-av-masonry-item='14303' class='av-masonry-entry isotope-item post-14303 post type-post status-publish format-standard has-post-thumbnail hentry category-ennakot-2025-26 category-uutiset tag-aktialiga tag-aktialiiga tag-damernas-aktialiga tag-finaali tag-grifkdamer tag-grifkhandball tag-naisten-aktialiiga tag-otteluennakko tag-playoff tag-sandra-lundqvist tag-sm-finaali tag-runkosarja  av-masonry-item-with-image' title=\"Sandran ennakko(1)\"   itemscope=\"itemscope\" itemtype=\"https:\/\/schema.org\/CreativeWork\" ><div class='av-inner-masonry-sizer'><\/div><figure class='av-inner-masonry main_color'><div class=\"av-masonry-outerimage-container\"><div class='av-masonry-image-container' style=\"background-image: url(https:\/\/grifk-handball.com\/naiset\/wp-content\/uploads\/sites\/3\/2025\/12\/Sandran-ennakko1-705x470.png);\"  title=\"Sandran ennakko(1)\" ><\/div><\/div><figcaption class='av-inner-masonry-content site-background'><div class='av-inner-masonry-content-pos'><div class='av-inner-masonry-content-pos-content'><div class='avia-arrow'><\/div><h3 class='av-masonry-entry-title entry-title '  itemprop=\"headline\" >4. finaali 24.4.2026 * 19.15 HIFK vs GrIFK<\/h3><div class='av-masonry-entry-content entry-content'  itemprop=\"text\" ><div class='av-masonry-categories'>Ennakot-2025-26,Uutiset<\/div><\/div><span class='av-masonry-date meta-color updated'>24.4.2026<\/span><span class=\"av-masonry-text-sep text-sep-author\">\/<\/span><span class='av-masonry-author meta-color author'><span class='fn'>by Ellen<\/span><\/span><\/div><\/div><\/figcaption><\/figure><\/a><!--end av-masonry entry--><a href=\"https:\/\/grifk-handball.com\/naiset\/kausi-2025-26\/ennakot-2025-26\/final-4-24-4-2026-19-15-hifk-vs-grifk\/\"  id='av-masonry-1-item-14301' data-av-masonry-item='14301' class='av-masonry-entry isotope-item post-14301 post type-post status-publish format-standard has-post-thumbnail hentry category-ennakot-2025-26 category-uutiset tag-aktialiga tag-aktialiiga tag-damernas-aktialiga tag-finaali tag-final tag-grifkdamer tag-grifkhandball tag-naisten-aktialiiga tag-otteluennakko tag-playoff tag-sandra-lundqvist tag-sm-finaali tag-runkosarja  av-masonry-item-with-image' title=\"Sandran ennakko(1)\"   itemscope=\"itemscope\" itemtype=\"https:\/\/schema.org\/CreativeWork\" ><div class='av-inner-masonry-sizer'><\/div><figure class='av-inner-masonry main_color'><div class=\"av-masonry-outerimage-container\"><div class='av-masonry-image-container' style=\"background-image: url(https:\/\/grifk-handball.com\/naiset\/wp-content\/uploads\/sites\/3\/2025\/12\/Sandran-ennakko1-705x470.png);\"  title=\"Sandran ennakko(1)\" ><\/div><\/div><figcaption class='av-inner-masonry-content site-background'><div class='av-inner-masonry-content-pos'><div class='av-inner-masonry-content-pos-content'><div class='avia-arrow'><\/div><h3 class='av-masonry-entry-title entry-title '  itemprop=\"headline\" >Final 4 24.4.2026 * 19.15 HIFK vs GrIFK<\/h3><div class='av-masonry-entry-content entry-content'  itemprop=\"text\" ><div class='av-masonry-categories'>Ennakot-2025-26,Uutiset<\/div><\/div><span class='av-masonry-date meta-color updated'>24.4.2026<\/span><span class=\"av-masonry-text-sep text-sep-author\">\/<\/span><span class='av-masonry-author meta-color author'><span class='fn'>by Ellen<\/span><\/span><\/div><\/div><\/figcaption><\/figure><\/a><!--end av-masonry entry--><a href=\"https:\/\/grifk-handball.com\/naiset\/kausi-2025-26\/ottelut-2025-26\/otteluraportti-22-4-3-finaali-grifk-vs-hifk\/\"  id='av-masonry-1-item-14298' data-av-masonry-item='14298' class='av-masonry-entry isotope-item post-14298 post type-post status-publish format-standard has-post-thumbnail hentry category-kausi-2025-26 category-otteluraportit-2025-226 category-ottelut-2025-26 category-uutiset tag-aktialiga tag-aktialiiga tag-damernas-aktialiga tag-finaali tag-final tag-fm-final tag-grifkdamer tag-grifkhandball tag-naisten-aktialiiga tag-otteluraportti tag-playoff tag-trine-bjorkqvist  av-masonry-item-with-image' title=\"2I1A6312\"   itemscope=\"itemscope\" itemtype=\"https:\/\/schema.org\/CreativeWork\" ><div class='av-inner-masonry-sizer'><\/div><figure class='av-inner-masonry main_color'><div class=\"av-masonry-outerimage-container\"><div class='av-masonry-image-container' style=\"background-image: url(https:\/\/grifk-handball.com\/naiset\/wp-content\/uploads\/sites\/3\/2026\/04\/2I1A6312-705x470.jpg);\"  title=\"2I1A6312\" ><\/div><\/div><figcaption class='av-inner-masonry-content site-background'><div class='av-inner-masonry-content-pos'><div class='av-inner-masonry-content-pos-content'><div class='avia-arrow'><\/div><h3 class='av-masonry-entry-title entry-title '  itemprop=\"headline\" >Otteluraportti 22.4. 3. finaali GrIFK vs HIFK<\/h3><div class='av-masonry-entry-content entry-content'  itemprop=\"text\" >Kuten kaksi aiempaa finaalia, my\u00f6s t\u00e4m\u00e4 oli eritt\u00e4in tasainen.\u2026<div class='av-masonry-categories'>Kausi-2025-26,Otteluraportit-2025-226,Ottelut-2025-26,Uutiset<\/div><\/div><span class='av-masonry-date meta-color updated'>23.4.2026<\/span><span class=\"av-masonry-text-sep text-sep-author\">\/<\/span><span class='av-masonry-author meta-color author'><span class='fn'>by Ellen<\/span><\/span><\/div><\/div><\/figcaption><\/figure><\/a><!--end av-masonry entry--><a href=\"https:\/\/grifk-handball.com\/naiset\/kausi-2025-26\/ottelut-2025-26\/matchrapport-22-4-final-3-grifk-vs-hifk\/\"  id='av-masonry-1-item-14293' data-av-masonry-item='14293' class='av-masonry-entry isotope-item post-14293 post type-post status-publish format-standard has-post-thumbnail hentry category-kausi-2025-26 category-otteluraportit-2025-226 category-ottelut-2025-26 category-uutiset tag-aktialiga tag-aktialiiga tag-damernas-aktialiga tag-final tag-fm-final tag-grifkdamer tag-grifkhandball tag-naisten-aktialiiga tag-playoff tag-trine-bjorkqvist tag-matchrapport  av-masonry-item-with-image' title=\"2I1A6005\"   itemscope=\"itemscope\" itemtype=\"https:\/\/schema.org\/CreativeWork\" ><div class='av-inner-masonry-sizer'><\/div><figure class='av-inner-masonry main_color'><div class=\"av-masonry-outerimage-container\"><div class='av-masonry-image-container' style=\"background-image: url(https:\/\/grifk-handball.com\/naiset\/wp-content\/uploads\/sites\/3\/2026\/04\/2I1A6005-705x470.jpg);\"  title=\"2I1A6005\" ><\/div><\/div><figcaption class='av-inner-masonry-content site-background'><div class='av-inner-masonry-content-pos'><div class='av-inner-masonry-content-pos-content'><div class='avia-arrow'><\/div><h3 class='av-masonry-entry-title entry-title '  itemprop=\"headline\" >Matchrapport 22.4 Final 3 GrIFK vs HIFK<\/h3><div class='av-masonry-entry-content entry-content'  itemprop=\"text\" >Likt de tv\u00e5 tidigare finalerna var \u00e4ven denna mycket j\u00e4mn.\u2026<div class='av-masonry-categories'>Kausi-2025-26,Otteluraportit-2025-226,Ottelut-2025-26,Uutiset<\/div><\/div><span class='av-masonry-date meta-color updated'>23.4.2026<\/span><span class=\"av-masonry-text-sep text-sep-author\">\/<\/span><span class='av-masonry-author meta-color author'><span class='fn'>by Ellen<\/span><\/span><\/div><\/div><\/figcaption><\/figure><\/a><!--end av-masonry entry--><a href=\"https:\/\/grifk-handball.com\/naiset\/kausi-2025-26\/ottelut-2025-26\/22-4-3-finaali-grifk-vs-hifk-25-19-12-13\/\"  id='av-masonry-1-item-14285' data-av-masonry-item='14285' class='av-masonry-entry isotope-item post-14285 post type-post status-publish format-standard has-post-thumbnail hentry category-kausi-2025-26 category-ottelut-2025-26 category-uutiset tag-aktialiga tag-aktialiiga tag-damernas-aktialiga tag-finaali tag-grifkdamer tag-grifkhandball tag-naisten-aktialiiga tag-playoff  av-masonry-item-with-image' title=\"2I1A6314\"   itemscope=\"itemscope\" itemtype=\"https:\/\/schema.org\/CreativeWork\" ><div class='av-inner-masonry-sizer'><\/div><figure class='av-inner-masonry main_color'><div class=\"av-masonry-outerimage-container\"><div class='av-masonry-image-container' style=\"background-image: url(https:\/\/grifk-handball.com\/naiset\/wp-content\/uploads\/sites\/3\/2026\/04\/2I1A6314-705x470.jpg);\"  title=\"2I1A6314\" ><\/div><\/div><figcaption class='av-inner-masonry-content site-background'><div class='av-inner-masonry-content-pos'><div class='av-inner-masonry-content-pos-content'><div class='avia-arrow'><\/div><h3 class='av-masonry-entry-title entry-title '  itemprop=\"headline\" >22.4 3. finaali GrIFK vs HIFK 25-19 (12-13)<\/h3><div class='av-masonry-entry-content entry-content'  itemprop=\"text\" >Tasaisen avausjakson j\u00e4lkeen kotijoukkue\u2026<div class='av-masonry-categories'>Kausi-2025-26,Ottelut-2025-26,Uutiset<\/div><\/div><span class='av-masonry-date meta-color updated'>23.4.2026<\/span><span class=\"av-masonry-text-sep text-sep-author\">\/<\/span><span class='av-masonry-author meta-color author'><span class='fn'>by Ellen<\/span><\/span><\/div><\/div><\/figcaption><\/figure><\/a><!--end av-masonry entry--><a href=\"https:\/\/grifk-handball.com\/naiset\/kausi-2025-26\/ennakot-2025-26\/3-finaali-22-4-2026-19-00-grifk-vs-hifk\/\"  id='av-masonry-1-item-14277' data-av-masonry-item='14277' class='av-masonry-entry isotope-item post-14277 post type-post status-publish format-standard has-post-thumbnail hentry category-ennakot-2025-26 category-uutiset tag-aktialiga tag-aktialiiga tag-damernas-aktialiga tag-finaali tag-grifkdamer tag-grifkhandball tag-naisten-aktialiiga tag-otteluennakko tag-playoff tag-sm-finaali tag-trine-bjorkqvist tag-runkosarja  av-masonry-item-with-image' title=\"Trinen ennakko\"   itemscope=\"itemscope\" itemtype=\"https:\/\/schema.org\/CreativeWork\" ><div class='av-inner-masonry-sizer'><\/div><figure class='av-inner-masonry main_color'><div class=\"av-masonry-outerimage-container\"><div class='av-masonry-image-container' style=\"background-image: url(https:\/\/grifk-handball.com\/naiset\/wp-content\/uploads\/sites\/3\/2025\/12\/Trinen-ennakko-705x470.png);\"  title=\"Trinen ennakko\" ><\/div><\/div><figcaption class='av-inner-masonry-content site-background'><div class='av-inner-masonry-content-pos'><div class='av-inner-masonry-content-pos-content'><div class='avia-arrow'><\/div><h3 class='av-masonry-entry-title entry-title '  itemprop=\"headline\" >3. finaali 22.4.2026 * 19.00 GrIFK vs HIFK<\/h3><div class='av-masonry-entry-content entry-content'  itemprop=\"text\" ><div class='av-masonry-categories'>Ennakot-2025-26,Uutiset<\/div><\/div><span class='av-masonry-date meta-color updated'>21.4.2026<\/span><span class=\"av-masonry-text-sep text-sep-author\">\/<\/span><span class='av-masonry-author meta-color author'><span class='fn'>by Ellen<\/span><\/span><\/div><\/div><\/figcaption><\/figure><\/a><!--end av-masonry entry--><a href=\"https:\/\/grifk-handball.com\/naiset\/kausi-2025-26\/ennakot-2025-26\/final-3-22-4-2026-19-00-grifk-vs-hifk\/\"  id='av-masonry-1-item-14275' data-av-masonry-item='14275' class='av-masonry-entry isotope-item post-14275 post type-post status-publish format-standard has-post-thumbnail hentry category-ennakot-2025-26 category-uutiset tag-aktialiga tag-aktialiiga tag-damernas-aktialiga tag-finaali tag-final tag-grifkdamer tag-grifkhandball tag-naisten-aktialiiga tag-otteluennakko tag-playoff tag-sm-finaali tag-trine-bjorkqvist tag-runkosarja  av-masonry-item-with-image' title=\"Trinen ennakko\"   itemscope=\"itemscope\" itemtype=\"https:\/\/schema.org\/CreativeWork\" ><div class='av-inner-masonry-sizer'><\/div><figure class='av-inner-masonry main_color'><div class=\"av-masonry-outerimage-container\"><div class='av-masonry-image-container' style=\"background-image: url(https:\/\/grifk-handball.com\/naiset\/wp-content\/uploads\/sites\/3\/2025\/12\/Trinen-ennakko-705x470.png);\"  title=\"Trinen ennakko\" ><\/div><\/div><figcaption class='av-inner-masonry-content site-background'><div class='av-inner-masonry-content-pos'><div class='av-inner-masonry-content-pos-content'><div class='avia-arrow'><\/div><h3 class='av-masonry-entry-title entry-title '  itemprop=\"headline\" >Final 3 22.4.2026 * 19.00 GrIFK vs HIFK<\/h3><div class='av-masonry-entry-content entry-content'  itemprop=\"text\" ><div class='av-masonry-categories'>Ennakot-2025-26,Uutiset<\/div><\/div><span class='av-masonry-date meta-color updated'>21.4.2026<\/span><span class=\"av-masonry-text-sep text-sep-author\">\/<\/span><span class='av-masonry-author meta-color author'><span class='fn'>by Ellen<\/span><\/span><\/div><\/div><\/figcaption><\/figure><\/a><!--end av-masonry entry--><a href=\"https:\/\/grifk-handball.com\/naiset\/kausi-2025-26\/ottelut-2025-26\/otteluraportti-18-4-2-finaali-hifk-vs-grifk\/\"  id='av-masonry-1-item-14271' data-av-masonry-item='14271' class='av-masonry-entry isotope-item post-14271 post type-post status-publish format-standard has-post-thumbnail hentry category-kausi-2025-26 category-otteluraportit-2025-226 category-ottelut-2025-26 category-uutiset tag-aktialiga tag-aktialiiga tag-damernas-aktialiga tag-finaali tag-final tag-fm-final tag-freja-siivonen tag-grifkdamer tag-grifkhandball tag-naisten-aktialiiga tag-otteluraportti tag-playoff  av-masonry-item-with-image' title=\"2I1A5264\"   itemscope=\"itemscope\" itemtype=\"https:\/\/schema.org\/CreativeWork\" ><div class='av-inner-masonry-sizer'><\/div><figure class='av-inner-masonry main_color'><div class=\"av-masonry-outerimage-container\"><div class='av-masonry-image-container' style=\"background-image: url(https:\/\/grifk-handball.com\/naiset\/wp-content\/uploads\/sites\/3\/2026\/04\/2I1A5264-705x470.jpg);\"  title=\"2I1A5264\" ><\/div><\/div><figcaption class='av-inner-masonry-content site-background'><div class='av-inner-masonry-content-pos'><div class='av-inner-masonry-content-pos-content'><div class='avia-arrow'><\/div><h3 class='av-masonry-entry-title entry-title '  itemprop=\"headline\" >Otteluraportti 18.4. 2. finaali HIFK vs GrIFK<\/h3><div class='av-masonry-entry-content entry-content'  itemprop=\"text\" >Toinenkin finaaliottelu oli odotetusti tasainen. T\u00e4ll\u00e4 kertaa\u2026<div class='av-masonry-categories'>Kausi-2025-26,Otteluraportit-2025-226,Ottelut-2025-26,Uutiset<\/div><\/div><span class='av-masonry-date meta-color updated'>21.4.2026<\/span><span class=\"av-masonry-text-sep text-sep-author\">\/<\/span><span class='av-masonry-author meta-color author'><span class='fn'>by Ellen<\/span><\/span><\/div><\/div><\/figcaption><\/figure><\/a><!--end av-masonry entry--><a href=\"https:\/\/grifk-handball.com\/naiset\/kausi-2025-26\/ottelut-2025-26\/matchrapport-18-4-final-2-hifk-vs-grifk\/\"  id='av-masonry-1-item-14267' data-av-masonry-item='14267' class='av-masonry-entry isotope-item post-14267 post type-post status-publish format-standard has-post-thumbnail hentry category-kausi-2025-26 category-otteluraportit-2025-226 category-ottelut-2025-26 category-uutiset tag-aktialiga tag-aktialiiga tag-damernas-aktialiga tag-final tag-fm-final tag-freja-siivonen tag-grifkdamer tag-grifkhandball tag-naisten-aktialiiga tag-playoff tag-matchrapport  av-masonry-item-with-image' title=\"2I1A5264\"   itemscope=\"itemscope\" itemtype=\"https:\/\/schema.org\/CreativeWork\" ><div class='av-inner-masonry-sizer'><\/div><figure class='av-inner-masonry main_color'><div class=\"av-masonry-outerimage-container\"><div class='av-masonry-image-container' style=\"background-image: url(https:\/\/grifk-handball.com\/naiset\/wp-content\/uploads\/sites\/3\/2026\/04\/2I1A5264-705x470.jpg);\"  title=\"2I1A5264\" ><\/div><\/div><figcaption class='av-inner-masonry-content site-background'><div class='av-inner-masonry-content-pos'><div class='av-inner-masonry-content-pos-content'><div class='avia-arrow'><\/div><h3 class='av-masonry-entry-title entry-title '  itemprop=\"headline\" >Matchrapport 18.4 Final 2 HIFK vs GrIFK<\/h3><div class='av-masonry-entry-content entry-content'  itemprop=\"text\" >Som f\u00f6rv\u00e4ntat var \u00e4ven den andra finalmatchen j\u00e4mn. Den h\u00e4r\u2026<div class='av-masonry-categories'>Kausi-2025-26,Otteluraportit-2025-226,Ottelut-2025-26,Uutiset<\/div><\/div><span class='av-masonry-date meta-color updated'>21.4.2026<\/span><span class=\"av-masonry-text-sep text-sep-author\">\/<\/span><span class='av-masonry-author meta-color author'><span class='fn'>by Ellen<\/span><\/span><\/div><\/div><\/figcaption><\/figure><\/a><!--end av-masonry entry--><a href=\"https:\/\/grifk-handball.com\/naiset\/kausi-2025-26\/ottelut-2025-26\/18-4-2-finaali-hifk-vs-grifk-20-22-12-11\/\"  id='av-masonry-1-item-14263' data-av-masonry-item='14263' class='av-masonry-entry isotope-item post-14263 post type-post status-publish format-standard has-post-thumbnail hentry category-kausi-2025-26 category-ottelut-2025-26 category-uutiset tag-aktialiga tag-aktialiiga tag-damernas-aktialiga tag-finaali tag-grifkdamer tag-grifkhandball tag-naisten-aktialiiga tag-playoff  av-masonry-item-with-image' title=\"2I1A5137\"   itemscope=\"itemscope\" itemtype=\"https:\/\/schema.org\/CreativeWork\" ><div class='av-inner-masonry-sizer'><\/div><figure class='av-inner-masonry main_color'><div class=\"av-masonry-outerimage-container\"><div class='av-masonry-image-container' style=\"background-image: url(https:\/\/grifk-handball.com\/naiset\/wp-content\/uploads\/sites\/3\/2026\/04\/2I1A5137-705x470.jpg);\"  title=\"2I1A5137\" ><\/div><\/div><figcaption class='av-inner-masonry-content site-background'><div class='av-inner-masonry-content-pos'><div class='av-inner-masonry-content-pos-content'><div class='avia-arrow'><\/div><h3 class='av-masonry-entry-title entry-title '  itemprop=\"headline\" >18.4 2. finaali HIFK vs GrIFK 20-22 (12-11)<\/h3><div class='av-masonry-entry-content entry-content'  itemprop=\"text\" >Toinen finaaliottelu oli ensimm\u00e4isen tavoin oli v\u00e4h\u00e4maalinen\u2026<div class='av-masonry-categories'>Kausi-2025-26,Ottelut-2025-26,Uutiset<\/div><\/div><span class='av-masonry-date meta-color updated'>20.4.2026<\/span><span class=\"av-masonry-text-sep text-sep-author\">\/<\/span><span class='av-masonry-author meta-color author'><span class='fn'>by Ellen<\/span><\/span><\/div><\/div><\/figcaption><\/figure><\/a><!--end av-masonry entry--><a href=\"https:\/\/grifk-handball.com\/naiset\/kausi-2025-26\/ennakot-2025-26\/2-finaali-18-4-2026-14-00-hifk-vs-grifk\/\"  id='av-masonry-1-item-14256' data-av-masonry-item='14256' class='av-masonry-entry isotope-item post-14256 post type-post status-publish format-standard has-post-thumbnail hentry category-ennakot-2025-26 category-uutiset tag-aktialiga tag-aktialiiga tag-damernas-aktialiga tag-finaali tag-freja-siivonen tag-grifkdamer tag-grifkhandball tag-naisten-aktialiiga tag-otteluennakko tag-playoff tag-sm-finaali tag-runkosarja  av-masonry-item-with-image' title=\"Frejan ennakko\"   itemscope=\"itemscope\" itemtype=\"https:\/\/schema.org\/CreativeWork\" ><div class='av-inner-masonry-sizer'><\/div><figure class='av-inner-masonry main_color'><div class=\"av-masonry-outerimage-container\"><div class='av-masonry-image-container' style=\"background-image: url(https:\/\/grifk-handball.com\/naiset\/wp-content\/uploads\/sites\/3\/2025\/11\/Frejan-ennakko-705x470.png);\"  title=\"Frejan ennakko\" ><\/div><\/div><figcaption class='av-inner-masonry-content site-background'><div class='av-inner-masonry-content-pos'><div class='av-inner-masonry-content-pos-content'><div class='avia-arrow'><\/div><h3 class='av-masonry-entry-title entry-title '  itemprop=\"headline\" >2. finaali 18.4.2026 * 14.00 HIFK vs GrIFK<\/h3><div class='av-masonry-entry-content entry-content'  itemprop=\"text\" ><div class='av-masonry-categories'>Ennakot-2025-26,Uutiset<\/div><\/div><span class='av-masonry-date meta-color updated'>17.4.2026<\/span><span class=\"av-masonry-text-sep text-sep-author\">\/<\/span><span class='av-masonry-author meta-color author'><span class='fn'>by Ellen<\/span><\/span><\/div><\/div><\/figcaption><\/figure><\/a><!--end av-masonry entry--><a href=\"https:\/\/grifk-handball.com\/naiset\/kausi-2025-26\/ennakot-2025-26\/final-2-18-4-2026-14-00-hifk-vs-grifk\/\"  id='av-masonry-1-item-14253' data-av-masonry-item='14253' class='av-masonry-entry isotope-item post-14253 post type-post status-publish format-standard has-post-thumbnail hentry category-ennakot-2025-26 category-uutiset tag-aktialiga tag-aktialiiga tag-damernas-aktialiga tag-finaali tag-final tag-freja-siivonen tag-grifkdamer tag-grifkhandball tag-naisten-aktialiiga tag-otteluennakko tag-playoff tag-sm-finaali tag-runkosarja  av-masonry-item-with-image' title=\"Frejan ennakko\"   itemscope=\"itemscope\" itemtype=\"https:\/\/schema.org\/CreativeWork\" ><div class='av-inner-masonry-sizer'><\/div><figure class='av-inner-masonry main_color'><div class=\"av-masonry-outerimage-container\"><div class='av-masonry-image-container' style=\"background-image: url(https:\/\/grifk-handball.com\/naiset\/wp-content\/uploads\/sites\/3\/2025\/11\/Frejan-ennakko-705x470.png);\"  title=\"Frejan ennakko\" ><\/div><\/div><figcaption class='av-inner-masonry-content site-background'><div class='av-inner-masonry-content-pos'><div class='av-inner-masonry-content-pos-content'><div class='avia-arrow'><\/div><h3 class='av-masonry-entry-title entry-title '  itemprop=\"headline\" >Final 2 18.4.2026 * 14.00 HIFK vs GrIFK<\/h3><div class='av-masonry-entry-content entry-content'  itemprop=\"text\" ><div class='av-masonry-categories'>Ennakot-2025-26,Uutiset<\/div><\/div><span class='av-masonry-date meta-color updated'>17.4.2026<\/span><span class=\"av-masonry-text-sep text-sep-author\">\/<\/span><span class='av-masonry-author meta-color author'><span class='fn'>by Ellen<\/span><\/span><\/div><\/div><\/figcaption><\/figure><\/a><!--end av-masonry entry--><a href=\"https:\/\/grifk-handball.com\/naiset\/kausi-2025-26\/ottelut-2025-26\/otteluraportti-15-4-1-finaali-grifk-vs-hifk\/\"  id='av-masonry-1-item-14244' data-av-masonry-item='14244' class='av-masonry-entry isotope-item post-14244 post type-post status-publish format-standard has-post-thumbnail hentry category-kausi-2025-26 category-otteluraportit-2025-226 category-ottelut-2025-26 category-uutiset tag-aktialiga tag-aktialiiga tag-alva-eskelin tag-damernas-aktialiga tag-finaali tag-final tag-fm-final tag-grifkdamer tag-grifkhandball tag-naisten-aktialiiga tag-otteluraportti tag-playoff  av-masonry-item-with-image' title=\"2I1A5445\"   itemscope=\"itemscope\" itemtype=\"https:\/\/schema.org\/CreativeWork\" ><div class='av-inner-masonry-sizer'><\/div><figure class='av-inner-masonry main_color'><div class=\"av-masonry-outerimage-container\"><div class='av-masonry-image-container' style=\"background-image: url(https:\/\/grifk-handball.com\/naiset\/wp-content\/uploads\/sites\/3\/2026\/04\/2I1A5445-705x470.jpg);\"  title=\"2I1A5445\" ><\/div><\/div><figcaption class='av-inner-masonry-content site-background'><div class='av-inner-masonry-content-pos'><div class='av-inner-masonry-content-pos-content'><div class='avia-arrow'><\/div><h3 class='av-masonry-entry-title entry-title '  itemprop=\"headline\" >Otteluraportti 15.4. 1. finaali GrIFK vs HIFK<\/h3><div class='av-masonry-entry-content entry-content'  itemprop=\"text\" >Ensimm\u00e4inen finaali oli juuri niin kova ja j\u00e4nnitt\u00e4v\u00e4 kuin\u2026<div class='av-masonry-categories'>Kausi-2025-26,Otteluraportit-2025-226,Ottelut-2025-26,Uutiset<\/div><\/div><span class='av-masonry-date meta-color updated'>17.4.2026<\/span><span class=\"av-masonry-text-sep text-sep-author\">\/<\/span><span class='av-masonry-author meta-color author'><span class='fn'>by Ellen<\/span><\/span><\/div><\/div><\/figcaption><\/figure><\/a><!--end av-masonry entry--><a href=\"https:\/\/grifk-handball.com\/naiset\/kausi-2025-26\/ottelut-2025-26\/matchrapport-15-4-final-1-grifk-vs-hifk\/\"  id='av-masonry-1-item-14239' data-av-masonry-item='14239' class='av-masonry-entry isotope-item post-14239 post type-post status-publish format-standard has-post-thumbnail hentry category-kausi-2025-26 category-otteluraportit-2025-226 category-ottelut-2025-26 category-uutiset tag-aktialiga tag-aktialiiga tag-alva-eskelin tag-damernas-aktialiga tag-final tag-fm-final tag-grifkdamer tag-grifkhandball tag-naisten-aktialiiga tag-playoff tag-matchrapport  av-masonry-item-with-image' title=\"2I1A5445\"   itemscope=\"itemscope\" itemtype=\"https:\/\/schema.org\/CreativeWork\" ><div class='av-inner-masonry-sizer'><\/div><figure class='av-inner-masonry main_color'><div class=\"av-masonry-outerimage-container\"><div class='av-masonry-image-container' style=\"background-image: url(https:\/\/grifk-handball.com\/naiset\/wp-content\/uploads\/sites\/3\/2026\/04\/2I1A5445-705x470.jpg);\"  title=\"2I1A5445\" ><\/div><\/div><figcaption class='av-inner-masonry-content site-background'><div class='av-inner-masonry-content-pos'><div class='av-inner-masonry-content-pos-content'><div class='avia-arrow'><\/div><h3 class='av-masonry-entry-title entry-title '  itemprop=\"headline\" >Matchrapport 15.4 Final 1 GrIFK vs HIFK<\/h3><div class='av-masonry-entry-content entry-content'  itemprop=\"text\" >F\u00f6rsta finalen blev just s\u00e5 tuff och sp\u00e4nnande som vi hade\u2026<div class='av-masonry-categories'>Kausi-2025-26,Otteluraportit-2025-226,Ottelut-2025-26,Uutiset<\/div><\/div><span class='av-masonry-date meta-color updated'>17.4.2026<\/span><span class=\"av-masonry-text-sep text-sep-author\">\/<\/span><span class='av-masonry-author meta-color author'><span class='fn'>by Ellen<\/span><\/span><\/div><\/div><\/figcaption><\/figure><\/a><!--end av-masonry entry--><a href=\"https:\/\/grifk-handball.com\/naiset\/kausi-2025-26\/ottelut-2025-26\/15-4-1-finaali-grifk-vs-hifk-ja-26-28-24-24-11-11\/\"  id='av-masonry-1-item-14246' data-av-masonry-item='14246' class='av-masonry-entry isotope-item post-14246 post type-post status-publish format-standard has-post-thumbnail hentry category-kausi-2025-26 category-ottelut-2025-26 category-uutiset tag-aktialiga tag-aktialiiga tag-damernas-aktialiga tag-finaali tag-grifkdamer tag-grifkhandball tag-naisten-aktialiiga tag-playoff  av-masonry-item-with-image' title=\"2I1A5315\"   itemscope=\"itemscope\" itemtype=\"https:\/\/schema.org\/CreativeWork\" ><div class='av-inner-masonry-sizer'><\/div><figure class='av-inner-masonry main_color'><div class=\"av-masonry-outerimage-container\"><div class='av-masonry-image-container' style=\"background-image: url(https:\/\/grifk-handball.com\/naiset\/wp-content\/uploads\/sites\/3\/2026\/04\/2I1A5315-705x470.jpg);\"  title=\"2I1A5315\" ><\/div><\/div><figcaption class='av-inner-masonry-content site-background'><div class='av-inner-masonry-content-pos'><div class='av-inner-masonry-content-pos-content'><div class='avia-arrow'><\/div><h3 class='av-masonry-entry-title entry-title '  itemprop=\"headline\" >15.4 1. finaali GrIFK vs HIFK ja. 26\u201328 (24-24, 11-11)<\/h3><div class='av-masonry-entry-content entry-content'  itemprop=\"text\" >Ensimm\u00e4inen finaali oli odotetun tasainen ja v\u00e4h\u00e4maalinen\u2026<div class='av-masonry-categories'>Kausi-2025-26,Ottelut-2025-26,Uutiset<\/div><\/div><span class='av-masonry-date meta-color updated'>17.4.2026<\/span><span class=\"av-masonry-text-sep text-sep-author\">\/<\/span><span class='av-masonry-author meta-color author'><span class='fn'>by Ellen<\/span><\/span><\/div><\/div><\/figcaption><\/figure><\/a><!--end av-masonry entry--><a href=\"https:\/\/grifk-handball.com\/naiset\/kausi-2025-26\/ennakot-2025-26\/1-finaali-15-4-2026-19-00-grifk-vs-hifk\/\"  id='av-masonry-1-item-14232' data-av-masonry-item='14232' class='av-masonry-entry isotope-item post-14232 post type-post status-publish format-standard has-post-thumbnail hentry category-ennakot-2025-26 category-uutiset tag-aktialiga tag-aktialiiga tag-alva-eskelin tag-damernas-aktialiga tag-finaali tag-grifkdamer tag-grifkhandball tag-naisten-aktialiiga tag-otteluennakko tag-playoff tag-sm-finaali tag-runkosarja  av-masonry-item-with-image' title=\"Alva ennakko\"   itemscope=\"itemscope\" itemtype=\"https:\/\/schema.org\/CreativeWork\" ><div class='av-inner-masonry-sizer'><\/div><figure class='av-inner-masonry main_color'><div class=\"av-masonry-outerimage-container\"><div class='av-masonry-image-container' style=\"background-image: url(https:\/\/grifk-handball.com\/naiset\/wp-content\/uploads\/sites\/3\/2025\/10\/Alva-ennakko-705x470.png);\"  title=\"Alva ennakko\" ><\/div><\/div><figcaption class='av-inner-masonry-content site-background'><div class='av-inner-masonry-content-pos'><div class='av-inner-masonry-content-pos-content'><div class='avia-arrow'><\/div><h3 class='av-masonry-entry-title entry-title '  itemprop=\"headline\" >1. finaali 15.4.2026 * 19.00 GrIFK vs HIFK<\/h3><div class='av-masonry-entry-content entry-content'  itemprop=\"text\" ><div class='av-masonry-categories'>Ennakot-2025-26,Uutiset<\/div><\/div><span class='av-masonry-date meta-color updated'>14.4.2026<\/span><span class=\"av-masonry-text-sep text-sep-author\">\/<\/span><span class='av-masonry-author meta-color author'><span class='fn'>by Ellen<\/span><\/span><\/div><\/div><\/figcaption><\/figure><\/a><!--end av-masonry entry--><a href=\"https:\/\/grifk-handball.com\/naiset\/kausi-2025-26\/ennakot-2025-26\/final-1-15-4-2026-19-00-grifk-vs-hifk\/\"  id='av-masonry-1-item-14230' data-av-masonry-item='14230' class='av-masonry-entry isotope-item post-14230 post type-post status-publish format-standard has-post-thumbnail hentry category-ennakot-2025-26 category-uutiset tag-aktialiga tag-aktialiiga tag-alva-eskelin tag-damernas-aktialiga tag-finaali tag-final tag-grifkdamer tag-grifkhandball tag-naisten-aktialiiga tag-otteluennakko tag-playoff tag-sm-finaali tag-runkosarja  av-masonry-item-with-image' title=\"Alva ennakko\"   itemscope=\"itemscope\" itemtype=\"https:\/\/schema.org\/CreativeWork\" ><div class='av-inner-masonry-sizer'><\/div><figure class='av-inner-masonry main_color'><div class=\"av-masonry-outerimage-container\"><div class='av-masonry-image-container' style=\"background-image: url(https:\/\/grifk-handball.com\/naiset\/wp-content\/uploads\/sites\/3\/2025\/10\/Alva-ennakko-705x470.png);\"  title=\"Alva ennakko\" ><\/div><\/div><figcaption class='av-inner-masonry-content site-background'><div class='av-inner-masonry-content-pos'><div class='av-inner-masonry-content-pos-content'><div class='avia-arrow'><\/div><h3 class='av-masonry-entry-title entry-title '  itemprop=\"headline\" >Final 1 15.4.2026 * 19.00 GrIFK vs HIFK<\/h3><div class='av-masonry-entry-content entry-content'  itemprop=\"text\" ><div class='av-masonry-categories'>Ennakot-2025-26,Uutiset<\/div><\/div><span class='av-masonry-date meta-color updated'>14.4.2026<\/span><span class=\"av-masonry-text-sep text-sep-author\">\/<\/span><span class='av-masonry-author meta-color author'><span class='fn'>by Ellen<\/span><\/span><\/div><\/div><\/figcaption><\/figure><\/a><!--end av-masonry entry--><a href=\"https:\/\/grifk-handball.com\/naiset\/kausi-2025-26\/ennakot-2025-26\/nyt-ratkeaa-mestaruus-finaalisarjan-lahtokohdat\/\"  id='av-masonry-1-item-14216' data-av-masonry-item='14216' class='av-masonry-entry isotope-item post-14216 post type-post status-publish format-standard has-post-thumbnail hentry category-ennakot-2025-26 category-uutiset tag-aktialiga tag-coachanka tag-damernas-aktialiga tag-finaali tag-grifkdamer tag-grifkhandball tag-otteluennakko tag-playoff tag-anders-genberg  av-masonry-item-with-image' title=\"2I1A3128\"   itemscope=\"itemscope\" itemtype=\"https:\/\/schema.org\/CreativeWork\" ><div class='av-inner-masonry-sizer'><\/div><figure class='av-inner-masonry main_color'><div class=\"av-masonry-outerimage-container\"><div class='av-masonry-image-container' style=\"background-image: url(https:\/\/grifk-handball.com\/naiset\/wp-content\/uploads\/sites\/3\/2026\/04\/2I1A3128-705x470.jpg);\"  title=\"2I1A3128\" ><\/div><\/div><figcaption class='av-inner-masonry-content site-background'><div class='av-inner-masonry-content-pos'><div class='av-inner-masonry-content-pos-content'><div class='avia-arrow'><\/div><h3 class='av-masonry-entry-title entry-title '  itemprop=\"headline\" >Nyt ratkeaa mestaruus \u2013 finaalisarjan l\u00e4ht\u00f6kohdat<\/h3><div class='av-masonry-entry-content entry-content'  itemprop=\"text\" >Edellisess\u00e4 osassa palasimme kuluneeseen kauteen, nyt suuntaamme\u2026<div class='av-masonry-categories'>Ennakot-2025-26,Uutiset<\/div><\/div><span class='av-masonry-date meta-color updated'>14.4.2026<\/span><span class=\"av-masonry-text-sep text-sep-author\">\/<\/span><span class='av-masonry-author meta-color author'><span class='fn'>by Ellen<\/span><\/span><\/div><\/div><\/figcaption><\/figure><\/a><!--end av-masonry entry--><a href=\"https:\/\/grifk-handball.com\/naiset\/kausi-2025-26\/ennakot-2025-26\/nu-avgors-det-utgangslaget-infor-finalserien\/\"  id='av-masonry-1-item-14211' data-av-masonry-item='14211' class='av-masonry-entry isotope-item post-14211 post type-post status-publish format-standard has-post-thumbnail hentry category-ennakot-2025-26 category-uutiset tag-aktialiga tag-coachanka tag-damernas-aktialiga tag-final tag-grifkdamer tag-grifkhandball tag-otteluennakko tag-playoff tag-anders-genberg  av-masonry-item-with-image' title=\"2I1A3128\"   itemscope=\"itemscope\" itemtype=\"https:\/\/schema.org\/CreativeWork\" ><div class='av-inner-masonry-sizer'><\/div><figure class='av-inner-masonry main_color'><div class=\"av-masonry-outerimage-container\"><div class='av-masonry-image-container' style=\"background-image: url(https:\/\/grifk-handball.com\/naiset\/wp-content\/uploads\/sites\/3\/2026\/04\/2I1A3128-705x470.jpg);\"  title=\"2I1A3128\" ><\/div><\/div><figcaption class='av-inner-masonry-content site-background'><div class='av-inner-masonry-content-pos'><div class='av-inner-masonry-content-pos-content'><div class='avia-arrow'><\/div><h3 class='av-masonry-entry-title entry-title '  itemprop=\"headline\" >Nu avg\u00f6rs det \u2013 utg\u00e5ngsl\u00e4get inf\u00f6r finalserien<\/h3><div class='av-masonry-entry-content entry-content'  itemprop=\"text\" >I f\u00f6rra delen blickade vi tillbaka p\u00e5 den g\u00e5ngna s\u00e4songen.\u2026<div class='av-masonry-categories'>Ennakot-2025-26,Uutiset<\/div><\/div><span class='av-masonry-date meta-color updated'>14.4.2026<\/span><span class=\"av-masonry-text-sep text-sep-author\">\/<\/span><span class='av-masonry-author meta-color author'><span class='fn'>by Ellen<\/span><\/span><\/div><\/div><\/figcaption><\/figure><\/a><!--end av-masonry entry--><a href=\"https:\/\/grifk-handball.com\/naiset\/kausi-2025-26\/ennakot-2025-26\/finaalit-lahestyvat-valmentajien-yhteenveto-kuluneesta-kaudesta\/\"  id='av-masonry-1-item-14208' data-av-masonry-item='14208' class='av-masonry-entry isotope-item post-14208 post type-post status-publish format-standard has-post-thumbnail hentry category-ennakot-2025-26 category-uutiset tag-aktialiga tag-coachanka tag-damernas-aktialiga tag-finaali tag-grifkdamer tag-grifkhandball tag-otteluennakko tag-playoff tag-anders-genberg  av-masonry-item-with-image' title=\"_B7A3339\"   itemscope=\"itemscope\" itemtype=\"https:\/\/schema.org\/CreativeWork\" ><div class='av-inner-masonry-sizer'><\/div><figure class='av-inner-masonry main_color'><div class=\"av-masonry-outerimage-container\"><div class='av-masonry-image-container' style=\"background-image: url(https:\/\/grifk-handball.com\/naiset\/wp-content\/uploads\/sites\/3\/2026\/04\/B7A3339-705x470.jpg);\"  title=\"_B7A3339\" ><\/div><\/div><figcaption class='av-inner-masonry-content site-background'><div class='av-inner-masonry-content-pos'><div class='av-inner-masonry-content-pos-content'><div class='avia-arrow'><\/div><h3 class='av-masonry-entry-title entry-title '  itemprop=\"headline\" >Finaalit l\u00e4hestyv\u00e4t \u2013 valmentajien yhteenveto kuluneesta kaudesta<\/h3><div class='av-masonry-entry-content entry-content'  itemprop=\"text\" >Naisten edustusjoukkueemme on jo viidett\u00e4 vuotta per\u00e4kk\u00e4in\u2026<div class='av-masonry-categories'>Ennakot-2025-26,Uutiset<\/div><\/div><span class='av-masonry-date meta-color updated'>12.4.2026<\/span><span class=\"av-masonry-text-sep text-sep-author\">\/<\/span><span class='av-masonry-author meta-color author'><span class='fn'>by Ellen<\/span><\/span><\/div><\/div><\/figcaption><\/figure><\/a><!--end av-masonry entry--><a href=\"https:\/\/grifk-handball.com\/naiset\/kausi-2025-26\/ennakot-2025-26\/finalerna-narmar-sig-tranarnas-sammanfattning-av-den-gagna-sasongen\/\"  id='av-masonry-1-item-14203' data-av-masonry-item='14203' class='av-masonry-entry isotope-item post-14203 post type-post status-publish format-standard has-post-thumbnail hentry category-ennakot-2025-26 category-uutiset tag-aktialiga tag-coachanka tag-damernas-aktialiga tag-final tag-grifkdamer tag-grifkhandball tag-otteluennakko tag-playoff tag-anders-genberg  av-masonry-item-with-image' title=\"_B7A3339\"   itemscope=\"itemscope\" itemtype=\"https:\/\/schema.org\/CreativeWork\" ><div class='av-inner-masonry-sizer'><\/div><figure class='av-inner-masonry main_color'><div class=\"av-masonry-outerimage-container\"><div class='av-masonry-image-container' style=\"background-image: url(https:\/\/grifk-handball.com\/naiset\/wp-content\/uploads\/sites\/3\/2026\/04\/B7A3339-705x470.jpg);\"  title=\"_B7A3339\" ><\/div><\/div><figcaption class='av-inner-masonry-content site-background'><div class='av-inner-masonry-content-pos'><div class='av-inner-masonry-content-pos-content'><div class='avia-arrow'><\/div><h3 class='av-masonry-entry-title entry-title '  itemprop=\"headline\" >Finalerna n\u00e4rmar sig \u2013 tr\u00e4narnas sammanfattning av den g\u00e5gna s\u00e4songen<\/h3><div class='av-masonry-entry-content entry-content'  itemprop=\"text\" >F\u00f6r femte \u00e5ret i rad har v\u00e5ra damer gett sig chansen att spela\u2026<div class='av-masonry-categories'>Ennakot-2025-26,Uutiset<\/div><\/div><span class='av-masonry-date meta-color updated'>12.4.2026<\/span><span class=\"av-masonry-text-sep text-sep-author\">\/<\/span><span class='av-masonry-author meta-color author'><span class='fn'>by Ellen<\/span><\/span><\/div><\/div><\/figcaption><\/figure><\/a><!--end av-masonry entry--><a href=\"https:\/\/grifk-handball.com\/naiset\/kausi-2025-26\/ottelut-2025-26\/otteluraportti-28-3-3-semifinaali-dicken-vs-grifk\/\"  id='av-masonry-1-item-14200' data-av-masonry-item='14200' class='av-masonry-entry isotope-item post-14200 post type-post status-publish format-standard has-post-thumbnail hentry category-kausi-2025-26 category-otteluraportit-2025-226 category-ottelut-2025-26 category-uutiset tag-aktialiga tag-aktialiiga tag-cecilia-heinrichs tag-damernas-aktialiga tag-grifkdamer tag-grifkhandball tag-naisten-aktialiiga tag-otteluraportti tag-playoff tag-semifinal  av-masonry-item-with-image' title=\"2I1A2923\"   itemscope=\"itemscope\" itemtype=\"https:\/\/schema.org\/CreativeWork\" ><div class='av-inner-masonry-sizer'><\/div><figure class='av-inner-masonry main_color'><div class=\"av-masonry-outerimage-container\"><div class='av-masonry-image-container' style=\"background-image: url(https:\/\/grifk-handball.com\/naiset\/wp-content\/uploads\/sites\/3\/2026\/04\/2I1A2923-705x470.jpg);\"  title=\"2I1A2923\" ><\/div><\/div><figcaption class='av-inner-masonry-content site-background'><div class='av-inner-masonry-content-pos'><div class='av-inner-masonry-content-pos-content'><div class='avia-arrow'><\/div><h3 class='av-masonry-entry-title entry-title '  itemprop=\"headline\" >Otteluraportti 28.3. 3. semifinaali GrIFK vs Dicken<\/h3><div class='av-masonry-entry-content entry-content'  itemprop=\"text\" >Otamme kolmannen voiton v\u00e4lier\u00e4sarjassa, mik\u00e4 tarkoittaa,\u2026<div class='av-masonry-categories'>Kausi-2025-26,Otteluraportit-2025-226,Ottelut-2025-26,Uutiset<\/div><\/div><span class='av-masonry-date meta-color updated'>1.4.2026<\/span><span class=\"av-masonry-text-sep text-sep-author\">\/<\/span><span class='av-masonry-author meta-color author'><span class='fn'>by Ellen<\/span><\/span><\/div><\/div><\/figcaption><\/figure><\/a><!--end av-masonry entry--><a href=\"https:\/\/grifk-handball.com\/naiset\/kausi-2025-26\/ottelut-2025-26\/matchrapport-28-3-semifinal-3-grifk-vs-dicken\/\"  id='av-masonry-1-item-14196' data-av-masonry-item='14196' class='av-masonry-entry isotope-item post-14196 post type-post status-publish format-standard has-post-thumbnail hentry category-kausi-2025-26 category-otteluraportit-2025-226 category-ottelut-2025-26 category-uutiset tag-aktialiga tag-aktialiiga tag-cecilia-heinrichs tag-damernas-aktialiga tag-grifkdamer tag-grifkhandball tag-naisten-aktialiiga tag-playoff tag-semifinal tag-matchrapport  av-masonry-item-with-image' title=\"2I1A2923\"   itemscope=\"itemscope\" itemtype=\"https:\/\/schema.org\/CreativeWork\" ><div class='av-inner-masonry-sizer'><\/div><figure class='av-inner-masonry main_color'><div class=\"av-masonry-outerimage-container\"><div class='av-masonry-image-container' style=\"background-image: url(https:\/\/grifk-handball.com\/naiset\/wp-content\/uploads\/sites\/3\/2026\/04\/2I1A2923-705x470.jpg);\"  title=\"2I1A2923\" ><\/div><\/div><figcaption class='av-inner-masonry-content site-background'><div class='av-inner-masonry-content-pos'><div class='av-inner-masonry-content-pos-content'><div class='avia-arrow'><\/div><h3 class='av-masonry-entry-title entry-title '  itemprop=\"headline\" >Matchrapport 28.3 Semifinal 3 GrIFK vs Dicken<\/h3><div class='av-masonry-entry-content entry-content'  itemprop=\"text\" >Vi tar hem den tredje vinsten i semifinalserien, vilket betyder\u2026<div class='av-masonry-categories'>Kausi-2025-26,Otteluraportit-2025-226,Ottelut-2025-26,Uutiset<\/div><\/div><span class='av-masonry-date meta-color updated'>1.4.2026<\/span><span class=\"av-masonry-text-sep text-sep-author\">\/<\/span><span class='av-masonry-author meta-color author'><span class='fn'>by Ellen<\/span><\/span><\/div><\/div><\/figcaption><\/figure><\/a><!--end av-masonry entry--><a href=\"https:\/\/grifk-handball.com\/naiset\/kausi-2025-26\/ottelut-2025-26\/28-3-3-semifinaali-grifk-vs-dicken-24-19-11-9\/\"  id='av-masonry-1-item-14188' data-av-masonry-item='14188' class='av-masonry-entry isotope-item post-14188 post type-post status-publish format-standard has-post-thumbnail hentry category-kausi-2025-26 category-ottelut-2025-26 category-uutiset tag-aktialiga tag-aktialiiga tag-damernas-aktialiga tag-grifkdamer tag-grifkhandball tag-naisten-aktialiiga tag-playoff tag-semifinal  av-masonry-item-with-image' title=\"2I1A2879\"   itemscope=\"itemscope\" itemtype=\"https:\/\/schema.org\/CreativeWork\" ><div class='av-inner-masonry-sizer'><\/div><figure class='av-inner-masonry main_color'><div class=\"av-masonry-outerimage-container\"><div class='av-masonry-image-container' style=\"background-image: url(https:\/\/grifk-handball.com\/naiset\/wp-content\/uploads\/sites\/3\/2026\/04\/2I1A2879-705x470.jpg);\"  title=\"2I1A2879\" ><\/div><\/div><figcaption class='av-inner-masonry-content site-background'><div class='av-inner-masonry-content-pos'><div class='av-inner-masonry-content-pos-content'><div class='avia-arrow'><\/div><h3 class='av-masonry-entry-title entry-title '  itemprop=\"headline\" >28.3. 3. semifinaali GrIFK vs Dicken 24\u201319 (11\u20139)<\/h3><div class='av-masonry-entry-content entry-content'  itemprop=\"text\" >GrIFK varmisti paikkansa finaaleissa voittamalla v\u00e4lier\u00e4sarjan\u2026<div class='av-masonry-categories'>Kausi-2025-26,Ottelut-2025-26,Uutiset<\/div><\/div><span class='av-masonry-date meta-color updated'>1.4.2026<\/span><span class=\"av-masonry-text-sep text-sep-author\">\/<\/span><span class='av-masonry-author meta-color author'><span class='fn'>by Ellen<\/span><\/span><\/div><\/div><\/figcaption><\/figure><\/a><!--end av-masonry entry--><a href=\"https:\/\/grifk-handball.com\/naiset\/kausi-2025-26\/ennakot-2025-26\/3-semifinaali-28-3-2026-13-30-grifk-vs-dicken\/\"  id='av-masonry-1-item-14179' data-av-masonry-item='14179' class='av-masonry-entry isotope-item post-14179 post type-post status-publish format-standard has-post-thumbnail hentry category-ennakot-2025-26 category-uutiset tag-aktialiga tag-aktialiiga tag-cecilia-heinrichs tag-damernas-aktialiga tag-grifkdamer tag-grifkhandball tag-naisten-aktialiiga tag-otteluennakko tag-playoff tag-semifinal tag-runkosarja  av-masonry-item-with-image' title=\"GrIFK vs Cocks 2026-01-07 010\"   itemscope=\"itemscope\" itemtype=\"https:\/\/schema.org\/CreativeWork\" ><div class='av-inner-masonry-sizer'><\/div><figure class='av-inner-masonry main_color'><div class=\"av-masonry-outerimage-container\"><div class='av-masonry-image-container' style=\"background-image: url(https:\/\/grifk-handball.com\/naiset\/wp-content\/uploads\/sites\/3\/2026\/03\/GrIFK-vs-Cocks-2026-01-07-010-705x470.jpg);\"  title=\"GrIFK vs Cocks 2026-01-07 010\" ><\/div><\/div><figcaption class='av-inner-masonry-content site-background'><div class='av-inner-masonry-content-pos'><div class='av-inner-masonry-content-pos-content'><div class='avia-arrow'><\/div><h3 class='av-masonry-entry-title entry-title '  itemprop=\"headline\" >3. semifinaali 28.3.2026 * 13.30 GrIFK vs Dicken<\/h3><div class='av-masonry-entry-content entry-content'  itemprop=\"text\" ><div class='av-masonry-categories'>Ennakot-2025-26,Uutiset<\/div><\/div><span class='av-masonry-date meta-color updated'>27.3.2026<\/span><span class=\"av-masonry-text-sep text-sep-author\">\/<\/span><span class='av-masonry-author meta-color author'><span class='fn'>by Ellen<\/span><\/span><\/div><\/div><\/figcaption><\/figure><\/a><!--end av-masonry entry--><a href=\"https:\/\/grifk-handball.com\/naiset\/kausi-2025-26\/ennakot-2025-26\/semifinal-3-28-3-2026-13-30-grifk-vs-dicken\/\"  id='av-masonry-1-item-14175' data-av-masonry-item='14175' class='av-masonry-entry isotope-item post-14175 post type-post status-publish format-standard has-post-thumbnail hentry category-ennakot-2025-26 category-uutiset tag-aktialiga tag-aktialiiga tag-cecilia-heinrichs tag-damernas-aktialiga tag-grifkdamer tag-grifkhandball tag-naisten-aktialiiga tag-otteluennakko tag-playoff tag-semifinal tag-runkosarja  av-masonry-item-with-image' title=\"GrIFK vs Cocks 2026-01-07 010\"   itemscope=\"itemscope\" itemtype=\"https:\/\/schema.org\/CreativeWork\" ><div class='av-inner-masonry-sizer'><\/div><figure class='av-inner-masonry main_color'><div class=\"av-masonry-outerimage-container\"><div class='av-masonry-image-container' style=\"background-image: url(https:\/\/grifk-handball.com\/naiset\/wp-content\/uploads\/sites\/3\/2026\/03\/GrIFK-vs-Cocks-2026-01-07-010-705x470.jpg);\"  title=\"GrIFK vs Cocks 2026-01-07 010\" ><\/div><\/div><figcaption class='av-inner-masonry-content site-background'><div class='av-inner-masonry-content-pos'><div class='av-inner-masonry-content-pos-content'><div class='avia-arrow'><\/div><h3 class='av-masonry-entry-title entry-title '  itemprop=\"headline\" >Semifinal 3 28.3.2026 * 13.30 GrIFK vs Dicken<\/h3><div class='av-masonry-entry-content entry-content'  itemprop=\"text\" ><div class='av-masonry-categories'>Ennakot-2025-26,Uutiset<\/div><\/div><span class='av-masonry-date meta-color updated'>27.3.2026<\/span><span class=\"av-masonry-text-sep text-sep-author\">\/<\/span><span class='av-masonry-author meta-color author'><span class='fn'>by Ellen<\/span><\/span><\/div><\/div><\/figcaption><\/figure><\/a><!--end av-masonry entry--><a href=\"https:\/\/grifk-handball.com\/naiset\/kausi-2025-26\/ottelut-2025-26\/otteluraportti-24-3-2-semifinaali-dicken-vs-grifk\/\"  id='av-masonry-1-item-14172' data-av-masonry-item='14172' class='av-masonry-entry isotope-item post-14172 post type-post status-publish format-standard has-post-thumbnail hentry category-kausi-2025-26 category-otteluraportit-2025-226 category-ottelut-2025-26 category-uutiset tag-aktialiga tag-aktialiiga tag-alexandra-olsson tag-damernas-aktialiga tag-grifkdamer tag-grifkhandball tag-naisten-aktialiiga tag-otteluraportti tag-playoff tag-semifinal  av-masonry-item-with-image' title=\"2I1A2625\"   itemscope=\"itemscope\" itemtype=\"https:\/\/schema.org\/CreativeWork\" ><div class='av-inner-masonry-sizer'><\/div><figure class='av-inner-masonry main_color'><div class=\"av-masonry-outerimage-container\"><div class='av-masonry-image-container' style=\"background-image: url(https:\/\/grifk-handball.com\/naiset\/wp-content\/uploads\/sites\/3\/2026\/03\/2I1A2625-705x470.jpg);\"  title=\"2I1A2625\" ><\/div><\/div><figcaption class='av-inner-masonry-content site-background'><div class='av-inner-masonry-content-pos'><div class='av-inner-masonry-content-pos-content'><div class='avia-arrow'><\/div><h3 class='av-masonry-entry-title entry-title '  itemprop=\"headline\" >Otteluraportti 24.3. 2. semifinaali Dicken vs GrIFK<\/h3><div class='av-masonry-entry-content entry-content'  itemprop=\"text\" >Voitamme toisen v\u00e4lier\u00e4n!<br \/>\r\n<br \/>\r\n<br \/>\r\n<br \/>\r\n<br \/>\r\n<br \/>\r\n<br \/>\r\n<br \/>\r\n<br \/>\r\n<br \/>\r\nTiistain\u2026<div class='av-masonry-categories'>Kausi-2025-26,Otteluraportit-2025-226,Ottelut-2025-26,Uutiset<\/div><\/div><span class='av-masonry-date meta-color updated'>27.3.2026<\/span><span class=\"av-masonry-text-sep text-sep-author\">\/<\/span><span class='av-masonry-author meta-color author'><span class='fn'>by Ellen<\/span><\/span><\/div><\/div><\/figcaption><\/figure><\/a><!--end av-masonry entry--><a href=\"https:\/\/grifk-handball.com\/naiset\/kausi-2025-26\/ottelut-2025-26\/matchrapport-24-3-semifinal-2-dicken-vs-grifk\/\"  id='av-masonry-1-item-14168' data-av-masonry-item='14168' class='av-masonry-entry isotope-item post-14168 post type-post status-publish format-standard has-post-thumbnail hentry category-kausi-2025-26 category-otteluraportit-2025-226 category-ottelut-2025-26 category-uutiset tag-aktialiga tag-aktialiiga tag-alexandra-olsson tag-damernas-aktialiga tag-grifkdamer tag-grifkhandball tag-naisten-aktialiiga tag-playoff tag-semifinal tag-matchrapport  av-masonry-item-with-image' title=\"2I1A2625\"   itemscope=\"itemscope\" itemtype=\"https:\/\/schema.org\/CreativeWork\" ><div class='av-inner-masonry-sizer'><\/div><figure class='av-inner-masonry main_color'><div class=\"av-masonry-outerimage-container\"><div class='av-masonry-image-container' style=\"background-image: url(https:\/\/grifk-handball.com\/naiset\/wp-content\/uploads\/sites\/3\/2026\/03\/2I1A2625-705x470.jpg);\"  title=\"2I1A2625\" ><\/div><\/div><figcaption class='av-inner-masonry-content site-background'><div class='av-inner-masonry-content-pos'><div class='av-inner-masonry-content-pos-content'><div class='avia-arrow'><\/div><h3 class='av-masonry-entry-title entry-title '  itemprop=\"headline\" >Matchrapport 24.3 Semifinal 2 Dicken vs GrIFK<\/h3><div class='av-masonry-entry-content entry-content'  itemprop=\"text\" >Vi vinner den andra semifinalen!<br \/>\r\n<br \/>\r\nDet var en tuff uppgift som\u2026<div class='av-masonry-categories'>Kausi-2025-26,Otteluraportit-2025-226,Ottelut-2025-26,Uutiset<\/div><\/div><span class='av-masonry-date meta-color updated'>27.3.2026<\/span><span class=\"av-masonry-text-sep text-sep-author\">\/<\/span><span class='av-masonry-author meta-color author'><span class='fn'>by Ellen<\/span><\/span><\/div><\/div><\/figcaption><\/figure><\/a><!--end av-masonry entry--><a href=\"https:\/\/grifk-handball.com\/naiset\/kausi-2025-26\/ottelut-2025-26\/24-3-3-semifinaali-dicken-vs-grifk-21-30-11-12\/\"  id='av-masonry-1-item-14164' data-av-masonry-item='14164' class='av-masonry-entry isotope-item post-14164 post type-post status-publish format-standard has-post-thumbnail hentry category-kausi-2025-26 category-ottelut-2025-26 category-uutiset tag-aktialiga tag-aktialiiga tag-damernas-aktialiga tag-grifkdamer tag-grifkhandball tag-naisten-aktialiiga tag-playoff tag-semifinal  av-masonry-item-with-image' title=\"2I1A2361\"   itemscope=\"itemscope\" itemtype=\"https:\/\/schema.org\/CreativeWork\" ><div class='av-inner-masonry-sizer'><\/div><figure class='av-inner-masonry main_color'><div class=\"av-masonry-outerimage-container\"><div class='av-masonry-image-container' style=\"background-image: url(https:\/\/grifk-handball.com\/naiset\/wp-content\/uploads\/sites\/3\/2026\/03\/2I1A2361-705x478.jpg);\"  title=\"2I1A2361\" ><\/div><\/div><figcaption class='av-inner-masonry-content site-background'><div class='av-inner-masonry-content-pos'><div class='av-inner-masonry-content-pos-content'><div class='avia-arrow'><\/div><h3 class='av-masonry-entry-title entry-title '  itemprop=\"headline\" >24.3. 2. semifinaali Dicken vs GrIFK 21\u201330 (11\u201312)<\/h3><div class='av-masonry-entry-content entry-content'  itemprop=\"text\" >GrIFK nappasi toisen voittonsa v\u00e4lier\u00e4sarjassa Dickeni\u00e4 vastaan\u2026<div class='av-masonry-categories'>Kausi-2025-26,Ottelut-2025-26,Uutiset<\/div><\/div><span class='av-masonry-date meta-color updated'>27.3.2026<\/span><span class=\"av-masonry-text-sep text-sep-author\">\/<\/span><span class='av-masonry-author meta-color author'><span class='fn'>by Ellen<\/span><\/span><\/div><\/div><\/figcaption><\/figure><\/a><!--end av-masonry entry--><a href=\"https:\/\/grifk-handball.com\/naiset\/kausi-2025-26\/ennakot-2025-26\/2-semifinaali-24-3-2026-19-00-dicken-vs-grifk\/\"  id='av-masonry-1-item-14161' data-av-masonry-item='14161' class='av-masonry-entry isotope-item post-14161 post type-post status-publish format-standard has-post-thumbnail hentry category-ennakot-2025-26 category-uutiset tag-aktialiga tag-aktialiiga tag-alexandra-olsson tag-damernas-aktialiga tag-grifkdamer tag-grifkhandball tag-naisten-aktialiiga tag-otteluennakko tag-playoff tag-semifinal tag-runkosarja  av-masonry-item-with-image' title=\"Alexandra ennakko\"   itemscope=\"itemscope\" itemtype=\"https:\/\/schema.org\/CreativeWork\" ><div class='av-inner-masonry-sizer'><\/div><figure class='av-inner-masonry main_color'><div class=\"av-masonry-outerimage-container\"><div class='av-masonry-image-container' style=\"background-image: url(https:\/\/grifk-handball.com\/naiset\/wp-content\/uploads\/sites\/3\/2025\/12\/Alexandra-ennakko-705x470.png);\"  title=\"Alexandra ennakko\" ><\/div><\/div><figcaption class='av-inner-masonry-content site-background'><div class='av-inner-masonry-content-pos'><div class='av-inner-masonry-content-pos-content'><div class='avia-arrow'><\/div><h3 class='av-masonry-entry-title entry-title '  itemprop=\"headline\" >2. semifinaali 24.3.2026 * 19.00 Dicken vs GrIFK<\/h3><div class='av-masonry-entry-content entry-content'  itemprop=\"text\" ><div class='av-masonry-categories'>Ennakot-2025-26,Uutiset<\/div><\/div><span class='av-masonry-date meta-color updated'>22.3.2026<\/span><span class=\"av-masonry-text-sep text-sep-author\">\/<\/span><span class='av-masonry-author meta-color author'><span class='fn'>by Ellen<\/span><\/span><\/div><\/div><\/figcaption><\/figure><\/a><!--end av-masonry entry--><a href=\"https:\/\/grifk-handball.com\/naiset\/kausi-2025-26\/ennakot-2025-26\/semifinal-2-24-3-2026-19-00-dicken-vs-grifk\/\"  id='av-masonry-1-item-14158' data-av-masonry-item='14158' class='av-masonry-entry isotope-item post-14158 post type-post status-publish format-standard has-post-thumbnail hentry category-ennakot-2025-26 category-uutiset tag-aktialiga tag-aktialiiga tag-alexandra-olsson tag-damernas-aktialiga tag-grifkdamer tag-grifkhandball tag-naisten-aktialiiga tag-otteluennakko tag-playoff tag-semifinal tag-runkosarja  av-masonry-item-with-image' title=\"Alexandra ennakko\"   itemscope=\"itemscope\" itemtype=\"https:\/\/schema.org\/CreativeWork\" ><div class='av-inner-masonry-sizer'><\/div><figure class='av-inner-masonry main_color'><div class=\"av-masonry-outerimage-container\"><div class='av-masonry-image-container' style=\"background-image: url(https:\/\/grifk-handball.com\/naiset\/wp-content\/uploads\/sites\/3\/2025\/12\/Alexandra-ennakko-705x470.png);\"  title=\"Alexandra ennakko\" ><\/div><\/div><figcaption class='av-inner-masonry-content site-background'><div class='av-inner-masonry-content-pos'><div class='av-inner-masonry-content-pos-content'><div class='avia-arrow'><\/div><h3 class='av-masonry-entry-title entry-title '  itemprop=\"headline\" >Semifinal 2 24.3.2026 * 19.00 Dicken vs GrIFK<\/h3><div class='av-masonry-entry-content entry-content'  itemprop=\"text\" ><div class='av-masonry-categories'>Ennakot-2025-26,Uutiset<\/div><\/div><span class='av-masonry-date meta-color updated'>22.3.2026<\/span><span class=\"av-masonry-text-sep text-sep-author\">\/<\/span><span class='av-masonry-author meta-color author'><span class='fn'>by Ellen<\/span><\/span><\/div><\/div><\/figcaption><\/figure><\/a><!--end av-masonry entry--><a href=\"https:\/\/grifk-handball.com\/naiset\/kausi-2025-26\/ottelut-2025-26\/otteluraportti-21-3-1-semifinaali-grifk-vs-dicken\/\"  id='av-masonry-1-item-14153' data-av-masonry-item='14153' class='av-masonry-entry isotope-item post-14153 post type-post status-publish format-standard has-post-thumbnail hentry category-kausi-2025-26 category-otteluraportit-2025-226 category-ottelut-2025-26 category-uutiset tag-aktialiga tag-aktialiiga tag-annika-mustonen tag-damernas-aktialiga tag-grifkdamer tag-grifkhandball tag-naisten-aktialiiga tag-otteluraportti tag-playoff tag-semifinal  av-masonry-item-with-image' title=\"2I1A2681\"   itemscope=\"itemscope\" itemtype=\"https:\/\/schema.org\/CreativeWork\" ><div class='av-inner-masonry-sizer'><\/div><figure class='av-inner-masonry main_color'><div class=\"av-masonry-outerimage-container\"><div class='av-masonry-image-container' style=\"background-image: url(https:\/\/grifk-handball.com\/naiset\/wp-content\/uploads\/sites\/3\/2026\/03\/2I1A2681-705x470.jpg);\"  title=\"2I1A2681\" ><\/div><\/div><figcaption class='av-inner-masonry-content site-background'><div class='av-inner-masonry-content-pos'><div class='av-inner-masonry-content-pos-content'><div class='avia-arrow'><\/div><h3 class='av-masonry-entry-title entry-title '  itemprop=\"headline\" >Otteluraportti 21.3. 1. semifinaali GrIFK vs Dicken<\/h3><div class='av-masonry-entry-content entry-content'  itemprop=\"text\" >Otamme voiton ensimm\u00e4isest\u00e4 v\u00e4lier\u00e4st\u00e4 vahvan esityksen\u2026<div class='av-masonry-categories'>Kausi-2025-26,Otteluraportit-2025-226,Ottelut-2025-26,Uutiset<\/div><\/div><span class='av-masonry-date meta-color updated'>22.3.2026<\/span><span class=\"av-masonry-text-sep text-sep-author\">\/<\/span><span class='av-masonry-author meta-color author'><span class='fn'>by Ellen<\/span><\/span><\/div><\/div><\/figcaption><\/figure><\/a><!--end av-masonry entry--><a href=\"https:\/\/grifk-handball.com\/naiset\/kausi-2025-26\/ottelut-2025-26\/matchrapport-21-3-semifinal-1-grifk-vs-dicken\/\"  id='av-masonry-1-item-14150' data-av-masonry-item='14150' class='av-masonry-entry isotope-item post-14150 post type-post status-publish format-standard has-post-thumbnail hentry category-kausi-2025-26 category-otteluraportit-2025-226 category-ottelut-2025-26 category-uutiset tag-aktialiga tag-aktialiiga tag-annika-mustonen tag-damernas-aktialiga tag-grifkdamer tag-grifkhandball tag-naisten-aktialiiga tag-playoff tag-semifinal tag-matchrapport  av-masonry-item-with-image' title=\"2I1A2681\"   itemscope=\"itemscope\" itemtype=\"https:\/\/schema.org\/CreativeWork\" ><div class='av-inner-masonry-sizer'><\/div><figure class='av-inner-masonry main_color'><div class=\"av-masonry-outerimage-container\"><div class='av-masonry-image-container' style=\"background-image: url(https:\/\/grifk-handball.com\/naiset\/wp-content\/uploads\/sites\/3\/2026\/03\/2I1A2681-705x470.jpg);\"  title=\"2I1A2681\" ><\/div><\/div><figcaption class='av-inner-masonry-content site-background'><div class='av-inner-masonry-content-pos'><div class='av-inner-masonry-content-pos-content'><div class='avia-arrow'><\/div><h3 class='av-masonry-entry-title entry-title '  itemprop=\"headline\" >Matchrapport 21.3 Semifinal 1 GrIFK vs Dicken<\/h3><div class='av-masonry-entry-content entry-content'  itemprop=\"text\" >Vi tar hem den f\u00f6rsta semifinalen efter en stark insats, d\u00e4r\u2026<div class='av-masonry-categories'>Kausi-2025-26,Otteluraportit-2025-226,Ottelut-2025-26,Uutiset<\/div><\/div><span class='av-masonry-date meta-color updated'>22.3.2026<\/span><span class=\"av-masonry-text-sep text-sep-author\">\/<\/span><span class='av-masonry-author meta-color author'><span class='fn'>by Ellen<\/span><\/span><\/div><\/div><\/figcaption><\/figure><\/a><!--end av-masonry entry--><a href=\"https:\/\/grifk-handball.com\/naiset\/kausi-2025-26\/ottelut-2025-26\/21-3-1-semifinaali-grifk-vs-dicken-25-17-12-8\/\"  id='av-masonry-1-item-14145' data-av-masonry-item='14145' class='av-masonry-entry isotope-item post-14145 post type-post status-publish format-standard has-post-thumbnail hentry category-kausi-2025-26 category-ottelut-2025-26 category-uutiset tag-aktialiga tag-aktialiiga tag-damernas-aktialiga tag-grifkdamer tag-grifkhandball tag-naisten-aktialiiga tag-playoff tag-semifinal  av-masonry-item-with-image' title=\"2I1A2539\"   itemscope=\"itemscope\" itemtype=\"https:\/\/schema.org\/CreativeWork\" ><div class='av-inner-masonry-sizer'><\/div><figure class='av-inner-masonry main_color'><div class=\"av-masonry-outerimage-container\"><div class='av-masonry-image-container' style=\"background-image: url(https:\/\/grifk-handball.com\/naiset\/wp-content\/uploads\/sites\/3\/2026\/03\/2I1A2539-705x473.jpg);\"  title=\"2I1A2539\" ><\/div><\/div><figcaption class='av-inner-masonry-content site-background'><div class='av-inner-masonry-content-pos'><div class='av-inner-masonry-content-pos-content'><div class='avia-arrow'><\/div><h3 class='av-masonry-entry-title entry-title '  itemprop=\"headline\" >21.3. 1. semifinaali GrIFK vs Dicken 25\u201317 (12\u20138)<\/h3><div class='av-masonry-entry-content entry-content'  itemprop=\"text\" >GrIFK avasi v\u00e4lier\u00e4sarjan vahvalla esityksell\u00e4 ja nappasi\u2026<div class='av-masonry-categories'>Kausi-2025-26,Ottelut-2025-26,Uutiset<\/div><\/div><span class='av-masonry-date meta-color updated'>22.3.2026<\/span><span class=\"av-masonry-text-sep text-sep-author\">\/<\/span><span class='av-masonry-author meta-color author'><span class='fn'>by Ellen<\/span><\/span><\/div><\/div><\/figcaption><\/figure><\/a><!--end av-masonry entry--><a href=\"https:\/\/grifk-handball.com\/naiset\/kausi-2025-26\/ennakot-2025-26\/1-semifinaali-21-3-2026-13-30-grifk-vs-dicken\/\"  id='av-masonry-1-item-14142' data-av-masonry-item='14142' class='av-masonry-entry isotope-item post-14142 post type-post status-publish format-standard has-post-thumbnail hentry category-ennakot-2025-26 category-uutiset tag-aktialiga tag-aktialiiga tag-annika-mustonen tag-damernas-aktialiga tag-grifkdamer tag-grifkhandball tag-naisten-aktialiiga tag-otteluennakko tag-playoff tag-semifinal tag-runkosarja  av-masonry-item-with-image' title=\"_B7A7658\"   itemscope=\"itemscope\" itemtype=\"https:\/\/schema.org\/CreativeWork\" ><div class='av-inner-masonry-sizer'><\/div><figure class='av-inner-masonry main_color'><div class=\"av-masonry-outerimage-container\"><div class='av-masonry-image-container' style=\"background-image: url(https:\/\/grifk-handball.com\/naiset\/wp-content\/uploads\/sites\/3\/2025\/11\/B7A7658-705x470.jpg);\"  title=\"_B7A7658\" ><\/div><\/div><figcaption class='av-inner-masonry-content site-background'><div class='av-inner-masonry-content-pos'><div class='av-inner-masonry-content-pos-content'><div class='avia-arrow'><\/div><h3 class='av-masonry-entry-title entry-title '  itemprop=\"headline\" >1. semifinaali 21.3.2026 * 13.30 GrIFK vs Dicken<\/h3><div class='av-masonry-entry-content entry-content'  itemprop=\"text\" ><div class='av-masonry-categories'>Ennakot-2025-26,Uutiset<\/div><\/div><span class='av-masonry-date meta-color updated'>20.3.2026<\/span><span class=\"av-masonry-text-sep text-sep-author\">\/<\/span><span class='av-masonry-author meta-color author'><span class='fn'>by Ellen<\/span><\/span><\/div><\/div><\/figcaption><\/figure><\/a><!--end av-masonry entry--><a href=\"https:\/\/grifk-handball.com\/naiset\/kausi-2025-26\/ennakot-2025-26\/semifinal-1-21-3-2026-13-30-grifk-vs-dicken\/\"  id='av-masonry-1-item-14139' data-av-masonry-item='14139' class='av-masonry-entry isotope-item post-14139 post type-post status-publish format-standard has-post-thumbnail hentry category-ennakot-2025-26 category-uutiset tag-aktialiga tag-aktialiiga tag-annika-mustonen tag-damernas-aktialiga tag-grifkdamer tag-grifkhandball tag-naisten-aktialiiga tag-otteluennakko tag-playoff tag-semifinal tag-runkosarja  av-masonry-item-with-image' title=\"_B7A7658\"   itemscope=\"itemscope\" itemtype=\"https:\/\/schema.org\/CreativeWork\" ><div class='av-inner-masonry-sizer'><\/div><figure class='av-inner-masonry main_color'><div class=\"av-masonry-outerimage-container\"><div class='av-masonry-image-container' style=\"background-image: url(https:\/\/grifk-handball.com\/naiset\/wp-content\/uploads\/sites\/3\/2025\/11\/B7A7658-705x470.jpg);\"  title=\"_B7A7658\" ><\/div><\/div><figcaption class='av-inner-masonry-content site-background'><div class='av-inner-masonry-content-pos'><div class='av-inner-masonry-content-pos-content'><div class='avia-arrow'><\/div><h3 class='av-masonry-entry-title entry-title '  itemprop=\"headline\" >Semifinal 1 21.3.2026 * 13.30 GrIFK vs Dicken<\/h3><div class='av-masonry-entry-content entry-content'  itemprop=\"text\" ><div class='av-masonry-categories'>Ennakot-2025-26,Uutiset<\/div><\/div><span class='av-masonry-date meta-color updated'>20.3.2026<\/span><span class=\"av-masonry-text-sep text-sep-author\">\/<\/span><span class='av-masonry-author meta-color author'><span class='fn'>by Ellen<\/span><\/span><\/div><\/div><\/figcaption><\/figure><\/a><!--end av-masonry entry--><a href=\"https:\/\/grifk-handball.com\/naiset\/kausi-2025-26\/lahtolaskenta-valieriin-on-alkanut\/\"  id='av-masonry-1-item-14129' data-av-masonry-item='14129' class='av-masonry-entry isotope-item post-14129 post type-post status-publish format-standard has-post-thumbnail hentry category-kausi-2025-26 category-uutiset tag-aktialiiga tag-grifkdamer tag-grifkhandboll tag-naisten-aktialiiga tag-playoff tag-vispelarforgrankulla tag-grifk tag-vip  av-masonry-item-with-image' title=\"Playoff istumapaikat (1080 x 687 px) (2)\"   itemscope=\"itemscope\" itemtype=\"https:\/\/schema.org\/CreativeWork\" ><div class='av-inner-masonry-sizer'><\/div><figure class='av-inner-masonry main_color'><div class=\"av-masonry-outerimage-container\"><div class='av-masonry-image-container' style=\"background-image: url(https:\/\/grifk-handball.com\/naiset\/wp-content\/uploads\/sites\/3\/2026\/03\/Playoff-istumapaikat-1080-x-687-px-2-705x448.png);\"  title=\"Playoff istumapaikat (1080 x 687 px) (2)\" ><\/div><\/div><figcaption class='av-inner-masonry-content site-background'><div class='av-inner-masonry-content-pos'><div class='av-inner-masonry-content-pos-content'><div class='avia-arrow'><\/div><h3 class='av-masonry-entry-title entry-title '  itemprop=\"headline\" >L\u00e4ht\u00f6laskenta v\u00e4lieriin on alkanut!<\/h3><div class='av-masonry-entry-content entry-content'  itemprop=\"text\" >Luola t\u00e4yttyy kev\u00e4\u00e4n Aktialiigan huipennuksissa \u2013 varaa\u2026<div class='av-masonry-categories'>Kausi-2025-26,Uutiset<\/div><\/div><span class='av-masonry-date meta-color updated'>12.3.2026<\/span><span class=\"av-masonry-text-sep text-sep-author\">\/<\/span><span class='av-masonry-author meta-color author'><span class='fn'>by Ellen<\/span><\/span><\/div><\/div><\/figcaption><\/figure><\/a><!--end av-masonry entry--><a href=\"https:\/\/grifk-handball.com\/naiset\/kausi-2025-26\/ottelut-2025-26\/25-2-bk-46-vs-grifk-32-17-14-9\/\"  id='av-masonry-1-item-14125' data-av-masonry-item='14125' class='av-masonry-entry isotope-item post-14125 post type-post status-publish format-standard has-post-thumbnail hentry category-kausi-2025-26 category-ottelut-2025-26 category-uutiset tag-aktialiga tag-aktialiiga tag-damernas-aktialiga tag-grifkdamer tag-grifkhandball tag-naisten-aktialiiga  av-masonry-item-with-image' title=\"GB7A2649\"   itemscope=\"itemscope\" itemtype=\"https:\/\/schema.org\/CreativeWork\" ><div class='av-inner-masonry-sizer'><\/div><figure class='av-inner-masonry main_color'><div class=\"av-masonry-outerimage-container\"><div class='av-masonry-image-container' style=\"background-image: url(https:\/\/grifk-handball.com\/naiset\/wp-content\/uploads\/sites\/3\/2026\/03\/GB7A2649-705x470.jpg);\"  title=\"GB7A2649\" ><\/div><\/div><figcaption class='av-inner-masonry-content site-background'><div class='av-inner-masonry-content-pos'><div class='av-inner-masonry-content-pos-content'><div class='avia-arrow'><\/div><h3 class='av-masonry-entry-title entry-title '  itemprop=\"headline\" >25.2 BK-46 vs GrIFK 32\u201317 (14\u20139)<\/h3><div class='av-masonry-entry-content entry-content'  itemprop=\"text\" >GrIFK joutui tyytym\u00e4\u00e4n tappioon BK-46:ta\u2026<div class='av-masonry-categories'>Kausi-2025-26,Ottelut-2025-26,Uutiset<\/div><\/div><span class='av-masonry-date meta-color updated'>12.3.2026<\/span><span class=\"av-masonry-text-sep text-sep-author\">\/<\/span><span class='av-masonry-author meta-color author'><span class='fn'>by Ellen<\/span><\/span><\/div><\/div><\/figcaption><\/figure><\/a><!--end av-masonry entry--><a href=\"https:\/\/grifk-handball.com\/naiset\/kausi-2025-26\/ennakot-2025-26\/vierasottelu-25-2-2026-18-30-bk-46-vs-grifk\/\"  id='av-masonry-1-item-14117' data-av-masonry-item='14117' class='av-masonry-entry isotope-item post-14117 post type-post status-publish format-standard has-post-thumbnail hentry category-ennakot-2025-26 category-uutiset tag-aktialiga tag-aktialiiga tag-amanda-olsson tag-damernas-aktialiga tag-grifkdamer tag-grifkhandball tag-naisten-aktialiiga tag-otteluennakko tag-runkosarja  av-masonry-item-with-image' title=\"Aman ennakko\"   itemscope=\"itemscope\" itemtype=\"https:\/\/schema.org\/CreativeWork\" ><div class='av-inner-masonry-sizer'><\/div><figure class='av-inner-masonry main_color'><div class=\"av-masonry-outerimage-container\"><div class='av-masonry-image-container' style=\"background-image: url(https:\/\/grifk-handball.com\/naiset\/wp-content\/uploads\/sites\/3\/2025\/10\/Aman-ennakko-705x470.png);\"  title=\"Aman ennakko\" ><\/div><\/div><figcaption class='av-inner-masonry-content site-background'><div class='av-inner-masonry-content-pos'><div class='av-inner-masonry-content-pos-content'><div class='avia-arrow'><\/div><h3 class='av-masonry-entry-title entry-title '  itemprop=\"headline\" >Vierasottelu 25.2.2026 * 18.30 BK-46 vs GrIFK<\/h3><div class='av-masonry-entry-content entry-content'  itemprop=\"text\" ><div class='av-masonry-categories'>Ennakot-2025-26,Uutiset<\/div><\/div><span class='av-masonry-date meta-color updated'>24.2.2026<\/span><span class=\"av-masonry-text-sep text-sep-author\">\/<\/span><span class='av-masonry-author meta-color author'><span class='fn'>by Ellen<\/span><\/span><\/div><\/div><\/figcaption><\/figure><\/a><!--end av-masonry entry--><a href=\"https:\/\/grifk-handball.com\/naiset\/kausi-2025-26\/ennakot-2025-26\/bortamatch-25-2-2026-18-30-bk-46-vs-grifk\/\"  id='av-masonry-1-item-14114' data-av-masonry-item='14114' class='av-masonry-entry isotope-item post-14114 post type-post status-publish format-standard has-post-thumbnail hentry category-ennakot-2025-26 category-uutiset tag-aktialiga tag-aktialiiga tag-amanda-olsson tag-damernas-aktialiga tag-grifkdamer tag-grifkhandball tag-naisten-aktialiiga tag-otteluennakko tag-runkosarja  av-masonry-item-with-image' title=\"Aman ennakko\"   itemscope=\"itemscope\" itemtype=\"https:\/\/schema.org\/CreativeWork\" ><div class='av-inner-masonry-sizer'><\/div><figure class='av-inner-masonry main_color'><div class=\"av-masonry-outerimage-container\"><div class='av-masonry-image-container' style=\"background-image: url(https:\/\/grifk-handball.com\/naiset\/wp-content\/uploads\/sites\/3\/2025\/10\/Aman-ennakko-705x470.png);\"  title=\"Aman ennakko\" ><\/div><\/div><figcaption class='av-inner-masonry-content site-background'><div class='av-inner-masonry-content-pos'><div class='av-inner-masonry-content-pos-content'><div class='avia-arrow'><\/div><h3 class='av-masonry-entry-title entry-title '  itemprop=\"headline\" >Bortamatch 25.2.2026 * 18.30 BK-46 vs GrIFK<\/h3><div class='av-masonry-entry-content entry-content'  itemprop=\"text\" ><div class='av-masonry-categories'>Ennakot-2025-26,Uutiset<\/div><\/div><span class='av-masonry-date meta-color updated'>24.2.2026<\/span><span class=\"av-masonry-text-sep text-sep-author\">\/<\/span><span class='av-masonry-author meta-color author'><span class='fn'>by Ellen<\/span><\/span><\/div><\/div><\/figcaption><\/figure><\/a><!--end av-masonry entry--><a href=\"https:\/\/grifk-handball.com\/naiset\/kausi-2025-26\/ennakot-2025-26\/womens-baltic-sea-handball-league-20-22-2-2\/\"  id='av-masonry-1-item-14094' data-av-masonry-item='14094' class='av-masonry-entry isotope-item post-14094 post type-post status-publish format-standard has-post-thumbnail hentry category-ennakot-2025-26 category-uutiset tag-balticsealeague tag-carolina-rehnberg tag-grifkdamer tag-grifkhandball tag-otteluennakko tag-patrik-johanson tag-womens-baltic-sea-handball-league  av-masonry-item-with-image' title=\"B7A3322-2048&#215;1365\"   itemscope=\"itemscope\" itemtype=\"https:\/\/schema.org\/CreativeWork\" ><div class='av-inner-masonry-sizer'><\/div><figure class='av-inner-masonry main_color'><div class=\"av-masonry-outerimage-container\"><div class='av-masonry-image-container' style=\"background-image: url(https:\/\/grifk-handball.com\/naiset\/wp-content\/uploads\/sites\/3\/2026\/02\/B7A3322-2048x1365-1-705x470.jpg);\"  title=\"B7A3322-2048&#215;1365\" ><\/div><\/div><figcaption class='av-inner-masonry-content site-background'><div class='av-inner-masonry-content-pos'><div class='av-inner-masonry-content-pos-content'><div class='avia-arrow'><\/div><h3 class='av-masonry-entry-title entry-title '  itemprop=\"headline\" >Baltianliigan p\u00e4\u00e4kierros Kauniaisissa ja Solvallassa 20.\u201322.2.!<\/h3><div class='av-masonry-entry-content entry-content'  itemprop=\"text\" >Tulevana viikonloppuna pelataan naisten Baltian liigan p\u00e4\u00e4kierros\u2026<div class='av-masonry-categories'>Ennakot-2025-26,Uutiset<\/div><\/div><span class='av-masonry-date meta-color updated'>19.2.2026<\/span><span class=\"av-masonry-text-sep text-sep-author\">\/<\/span><span class='av-masonry-author meta-color author'><span class='fn'>by Ellen<\/span><\/span><\/div><\/div><\/figcaption><\/figure><\/a><!--end av-masonry entry--><a href=\"https:\/\/grifk-handball.com\/naiset\/kausi-2025-26\/ennakot-2025-26\/womens-baltic-sea-handball-league-20-22-2\/\"  id='av-masonry-1-item-14089' data-av-masonry-item='14089' class='av-masonry-entry isotope-item post-14089 post type-post status-publish format-standard has-post-thumbnail hentry category-ennakot-2025-26 category-uutiset tag-balticsealeague tag-carolina-rehnberg tag-grifkdamer tag-grifkhandball tag-otteluennakko tag-patrik-johanson tag-womens-baltic-sea-handball-league  av-masonry-item-with-image' title=\"_B7A3322\"   itemscope=\"itemscope\" itemtype=\"https:\/\/schema.org\/CreativeWork\" ><div class='av-inner-masonry-sizer'><\/div><figure class='av-inner-masonry main_color'><div class=\"av-masonry-outerimage-container\"><div class='av-masonry-image-container' style=\"background-image: url(https:\/\/grifk-handball.com\/naiset\/wp-content\/uploads\/sites\/3\/2025\/09\/B7A3322-705x470.jpg);\"  title=\"_B7A3322\" ><\/div><\/div><figcaption class='av-inner-masonry-content site-background'><div class='av-inner-masonry-content-pos'><div class='av-inner-masonry-content-pos-content'><div class='avia-arrow'><\/div><h3 class='av-masonry-entry-title entry-title '  itemprop=\"headline\" >Baltiska ligans huvudrunda spelas i Grani &amp; Solvalla 20-22.2!<\/h3><div class='av-masonry-entry-content entry-content'  itemprop=\"text\" >Inkommande helg spelas huvudrundan i damernas baltiska liga i\u2026<div class='av-masonry-categories'>Ennakot-2025-26,Uutiset<\/div><\/div><span class='av-masonry-date meta-color updated'>19.2.2026<\/span><span class=\"av-masonry-text-sep text-sep-author\">\/<\/span><span class='av-masonry-author meta-color author'><span class='fn'>by Ellen<\/span><\/span><\/div><\/div><\/figcaption><\/figure><\/a><!--end av-masonry entry--><a href=\"https:\/\/grifk-handball.com\/naiset\/kausi-2025-26\/ottelut-2025-26\/otteluraportti-14-2-grifk-vs-atlas\/\"  id='av-masonry-1-item-14082' data-av-masonry-item='14082' class='av-masonry-entry isotope-item post-14082 post type-post status-publish format-standard has-post-thumbnail hentry category-kausi-2025-26 category-otteluraportit-2025-226 category-ottelut-2025-26 category-uutiset tag-aktialiga tag-aktialiiga tag-damernas-aktialiga tag-emily-johansson tag-grifkdamer tag-grifkhandball tag-naisten-aktialiiga tag-otteluraportti  av-masonry-item-with-image' title=\"GB7A6022(2)\"   itemscope=\"itemscope\" itemtype=\"https:\/\/schema.org\/CreativeWork\" ><div class='av-inner-masonry-sizer'><\/div><figure class='av-inner-masonry main_color'><div class=\"av-masonry-outerimage-container\"><div class='av-masonry-image-container' style=\"background-image: url(https:\/\/grifk-handball.com\/naiset\/wp-content\/uploads\/sites\/3\/2026\/02\/GB7A60222-705x470.jpg);\"  title=\"GB7A6022(2)\" ><\/div><\/div><figcaption class='av-inner-masonry-content site-background'><div class='av-inner-masonry-content-pos'><div class='av-inner-masonry-content-pos-content'><div class='avia-arrow'><\/div><h3 class='av-masonry-entry-title entry-title '  itemprop=\"headline\" >Otteluraportti 14.2. GrIFK vs Atlas<\/h3><div class='av-masonry-entry-content entry-content'  itemprop=\"text\" >Voitto! Vaiherikkaan ja ajoittain rikkonaisen ensimm\u00e4isen puoliajan\u2026<div class='av-masonry-categories'>Kausi-2025-26,Otteluraportit-2025-226,Ottelut-2025-26,Uutiset<\/div><\/div><span class='av-masonry-date meta-color updated'>16.2.2026<\/span><span class=\"av-masonry-text-sep text-sep-author\">\/<\/span><span class='av-masonry-author meta-color author'><span class='fn'>by Ellen<\/span><\/span><\/div><\/div><\/figcaption><\/figure><\/a><!--end av-masonry entry--><a href=\"https:\/\/grifk-handball.com\/naiset\/kausi-2025-26\/ottelut-2025-26\/matchrapport-14-2-grifk-vs-atlas\/\"  id='av-masonry-1-item-14078' data-av-masonry-item='14078' class='av-masonry-entry isotope-item post-14078 post type-post status-publish format-standard has-post-thumbnail hentry category-kausi-2025-26 category-otteluraportit-2025-226 category-ottelut-2025-26 category-uutiset tag-aktialiga tag-aktialiiga tag-damernas-aktialiga tag-emily-johansson tag-grifkdamer tag-grifkhandball tag-naisten-aktialiiga tag-matchrapport  av-masonry-item-with-image' title=\"GB7A6022(2)\"   itemscope=\"itemscope\" itemtype=\"https:\/\/schema.org\/CreativeWork\" ><div class='av-inner-masonry-sizer'><\/div><figure class='av-inner-masonry main_color'><div class=\"av-masonry-outerimage-container\"><div class='av-masonry-image-container' style=\"background-image: url(https:\/\/grifk-handball.com\/naiset\/wp-content\/uploads\/sites\/3\/2026\/02\/GB7A60222-705x470.jpg);\"  title=\"GB7A6022(2)\" ><\/div><\/div><figcaption class='av-inner-masonry-content site-background'><div class='av-inner-masonry-content-pos'><div class='av-inner-masonry-content-pos-content'><div class='avia-arrow'><\/div><h3 class='av-masonry-entry-title entry-title '  itemprop=\"headline\" >Matchrapport 14.2 GrIFK vs Atlas<\/h3><div class='av-masonry-entry-content entry-content'  itemprop=\"text\" >Vinst! Efter en turbulent f\u00f6rsta halvlek lyckas vi \u00e5terigen\u2026<div class='av-masonry-categories'>Kausi-2025-26,Otteluraportit-2025-226,Ottelut-2025-26,Uutiset<\/div><\/div><span class='av-masonry-date meta-color updated'>16.2.2026<\/span><span class=\"av-masonry-text-sep text-sep-author\">\/<\/span><span class='av-masonry-author meta-color author'><span class='fn'>by Ellen<\/span><\/span><\/div><\/div><\/figcaption><\/figure><\/a><!--end av-masonry entry--><a href=\"https:\/\/grifk-handball.com\/naiset\/kausi-2025-26\/ottelut-2025-26\/14-2-grifk-vs-atlas-28-22-9-9\/\"  id='av-masonry-1-item-14074' data-av-masonry-item='14074' class='av-masonry-entry isotope-item post-14074 post type-post status-publish format-standard has-post-thumbnail hentry category-kausi-2025-26 category-ottelut-2025-26 category-uutiset tag-aktialiga tag-aktialiiga tag-damernas-aktialiga tag-grifkdamer tag-grifkhandball tag-naisten-aktialiiga  av-masonry-item-with-image' title=\"GB7A6222\"   itemscope=\"itemscope\" itemtype=\"https:\/\/schema.org\/CreativeWork\" ><div class='av-inner-masonry-sizer'><\/div><figure class='av-inner-masonry main_color'><div class=\"av-masonry-outerimage-container\"><div class='av-masonry-image-container' style=\"background-image: url(https:\/\/grifk-handball.com\/naiset\/wp-content\/uploads\/sites\/3\/2026\/02\/GB7A6222-705x470.jpg);\"  title=\"GB7A6222\" ><\/div><\/div><figcaption class='av-inner-masonry-content site-background'><div class='av-inner-masonry-content-pos'><div class='av-inner-masonry-content-pos-content'><div class='avia-arrow'><\/div><h3 class='av-masonry-entry-title entry-title '  itemprop=\"headline\" >14.2. GrIFK vs Atlas 28\u201322 (9\u20139)<\/h3><div class='av-masonry-entry-content entry-content'  itemprop=\"text\" >GrIFK ja Atlas tarjosivat vauhdikkaan ja fyysisen\u2026<div class='av-masonry-categories'>Kausi-2025-26,Ottelut-2025-26,Uutiset<\/div><\/div><span class='av-masonry-date meta-color updated'>16.2.2026<\/span><span class=\"av-masonry-text-sep text-sep-author\">\/<\/span><span class='av-masonry-author meta-color author'><span class='fn'>by Ellen<\/span><\/span><\/div><\/div><\/figcaption><\/figure><\/a><!--end av-masonry entry--><a href=\"https:\/\/grifk-handball.com\/naiset\/kausi-2025-26\/ennakot-2025-26\/kotiottelu-14-2-2026-13-30-grifk-vs-atlas\/\"  id='av-masonry-1-item-14068' data-av-masonry-item='14068' class='av-masonry-entry isotope-item post-14068 post type-post status-publish format-standard has-post-thumbnail hentry category-ennakot-2025-26 category-uutiset tag-aktialiga tag-aktialiiga tag-damernas-aktialiga tag-emily-johansson tag-grifkdamer tag-grifkhandball tag-naisten-aktialiiga tag-otteluennakko tag-runkosarja  av-masonry-item-with-image' title=\"_B7A7654\"   itemscope=\"itemscope\" itemtype=\"https:\/\/schema.org\/CreativeWork\" ><div class='av-inner-masonry-sizer'><\/div><figure class='av-inner-masonry main_color'><div class=\"av-masonry-outerimage-container\"><div class='av-masonry-image-container' style=\"background-image: url(https:\/\/grifk-handball.com\/naiset\/wp-content\/uploads\/sites\/3\/2025\/11\/B7A7654-705x470.jpg);\"  title=\"_B7A7654\" ><\/div><\/div><figcaption class='av-inner-masonry-content site-background'><div class='av-inner-masonry-content-pos'><div class='av-inner-masonry-content-pos-content'><div class='avia-arrow'><\/div><h3 class='av-masonry-entry-title entry-title '  itemprop=\"headline\" >Kotiottelu 14.2.2026 * 13.30 GrIFK vs Atlas<\/h3><div class='av-masonry-entry-content entry-content'  itemprop=\"text\" ><div class='av-masonry-categories'>Ennakot-2025-26,Uutiset<\/div><\/div><span class='av-masonry-date meta-color updated'>14.2.2026<\/span><span class=\"av-masonry-text-sep text-sep-author\">\/<\/span><span class='av-masonry-author meta-color author'><span class='fn'>by Ellen<\/span><\/span><\/div><\/div><\/figcaption><\/figure><\/a><!--end av-masonry entry--><a href=\"https:\/\/grifk-handball.com\/naiset\/kausi-2025-26\/ennakot-2025-26\/hemmamatch-14-2-2026-13-30-grifk-vs-atlas\/\"  id='av-masonry-1-item-14065' data-av-masonry-item='14065' class='av-masonry-entry isotope-item post-14065 post type-post status-publish format-standard has-post-thumbnail hentry category-ennakot-2025-26 category-uutiset tag-aktialiga tag-aktialiiga tag-damernas-aktialiga tag-emily-johansson tag-grifkdamer tag-grifkhandball tag-naisten-aktialiiga tag-otteluennakko tag-runkosarja  av-masonry-item-with-image' title=\"_B7A7654\"   itemscope=\"itemscope\" itemtype=\"https:\/\/schema.org\/CreativeWork\" ><div class='av-inner-masonry-sizer'><\/div><figure class='av-inner-masonry main_color'><div class=\"av-masonry-outerimage-container\"><div class='av-masonry-image-container' style=\"background-image: url(https:\/\/grifk-handball.com\/naiset\/wp-content\/uploads\/sites\/3\/2025\/11\/B7A7654-705x470.jpg);\"  title=\"_B7A7654\" ><\/div><\/div><figcaption class='av-inner-masonry-content site-background'><div class='av-inner-masonry-content-pos'><div class='av-inner-masonry-content-pos-content'><div class='avia-arrow'><\/div><h3 class='av-masonry-entry-title entry-title '  itemprop=\"headline\" >Hemmamatch 14.2.2026 * 13.30 GrIFK vs Atlas<\/h3><div class='av-masonry-entry-content entry-content'  itemprop=\"text\" ><div class='av-masonry-categories'>Ennakot-2025-26,Uutiset<\/div><\/div><span class='av-masonry-date meta-color updated'>14.2.2026<\/span><span class=\"av-masonry-text-sep text-sep-author\">\/<\/span><span class='av-masonry-author meta-color author'><span class='fn'>by Ellen<\/span><\/span><\/div><\/div><\/figcaption><\/figure><\/a><!--end av-masonry entry--><a href=\"https:\/\/grifk-handball.com\/naiset\/kausi-2025-26\/ottelut-2025-26\/otteluraportti-11-2-hifk-vs-grifk\/\"  id='av-masonry-1-item-14062' data-av-masonry-item='14062' class='av-masonry-entry isotope-item post-14062 post type-post status-publish format-standard has-post-thumbnail hentry category-kausi-2025-26 category-otteluraportit-2025-226 category-ottelut-2025-26 category-uutiset tag-aktialiga tag-aktialiiga tag-damernas-aktialiga tag-grifkdamer tag-grifkhandball tag-naisten-aktialiiga tag-otteluraportti tag-unni-laaksonen  av-masonry-item-with-image' title=\"GB7A6675(1)\"   itemscope=\"itemscope\" itemtype=\"https:\/\/schema.org\/CreativeWork\" ><div class='av-inner-masonry-sizer'><\/div><figure class='av-inner-masonry main_color'><div class=\"av-masonry-outerimage-container\"><div class='av-masonry-image-container' style=\"background-image: url(https:\/\/grifk-handball.com\/naiset\/wp-content\/uploads\/sites\/3\/2026\/02\/GB7A66751-705x470.jpg);\"  title=\"GB7A6675(1)\" ><\/div><\/div><figcaption class='av-inner-masonry-content site-background'><div class='av-inner-masonry-content-pos'><div class='av-inner-masonry-content-pos-content'><div class='avia-arrow'><\/div><h3 class='av-masonry-entry-title entry-title '  itemprop=\"headline\" >Otteluraportti 11.2. HIFK vs GrIFK<\/h3><div class='av-masonry-entry-content entry-content'  itemprop=\"text\" >Runkosarjan voitto! Haimme keskiviikkona Urheilutalolta kaksi\u2026<div class='av-masonry-categories'>Kausi-2025-26,Otteluraportit-2025-226,Ottelut-2025-26,Uutiset<\/div><\/div><span class='av-masonry-date meta-color updated'>13.2.2026<\/span><span class=\"av-masonry-text-sep text-sep-author\">\/<\/span><span class='av-masonry-author meta-color author'><span class='fn'>by Ellen<\/span><\/span><\/div><\/div><\/figcaption><\/figure><\/a><!--end av-masonry entry--><a href=\"https:\/\/grifk-handball.com\/naiset\/kausi-2025-26\/ottelut-2025-26\/matchrapport-11-2-hifk-vs-grifk\/\"  id='av-masonry-1-item-14058' data-av-masonry-item='14058' class='av-masonry-entry isotope-item post-14058 post type-post status-publish format-standard has-post-thumbnail hentry category-kausi-2025-26 category-otteluraportit-2025-226 category-ottelut-2025-26 category-uutiset tag-aktialiga tag-aktialiiga tag-damernas-aktialiga tag-grifkdamer tag-grifkhandball tag-naisten-aktialiiga tag-unni-laaksonen tag-matchrapport  av-masonry-item-with-image' title=\"GB7A6675(1)\"   itemscope=\"itemscope\" itemtype=\"https:\/\/schema.org\/CreativeWork\" ><div class='av-inner-masonry-sizer'><\/div><figure class='av-inner-masonry main_color'><div class=\"av-masonry-outerimage-container\"><div class='av-masonry-image-container' style=\"background-image: url(https:\/\/grifk-handball.com\/naiset\/wp-content\/uploads\/sites\/3\/2026\/02\/GB7A66751-705x470.jpg);\"  title=\"GB7A6675(1)\" ><\/div><\/div><figcaption class='av-inner-masonry-content site-background'><div class='av-inner-masonry-content-pos'><div class='av-inner-masonry-content-pos-content'><div class='avia-arrow'><\/div><h3 class='av-masonry-entry-title entry-title '  itemprop=\"headline\" >Matchrapport 11.2 HIFK vs GrIFK<\/h3><div class='av-masonry-entry-content entry-content'  itemprop=\"text\" >Grundserieseger! Vi tar med oss tv\u00e5 po\u00e4ng fr\u00e5n UT och s\u00e4krar\u2026<div class='av-masonry-categories'>Kausi-2025-26,Otteluraportit-2025-226,Ottelut-2025-26,Uutiset<\/div><\/div><span class='av-masonry-date meta-color updated'>13.2.2026<\/span><span class=\"av-masonry-text-sep text-sep-author\">\/<\/span><span class='av-masonry-author meta-color author'><span class='fn'>by Ellen<\/span><\/span><\/div><\/div><\/figcaption><\/figure><\/a><!--end av-masonry entry--><a href=\"https:\/\/grifk-handball.com\/naiset\/kausi-2025-26\/ottelut-2025-26\/11-2-hifk-vs-grifk-23-31-11-13\/\"  id='av-masonry-1-item-14054' data-av-masonry-item='14054' class='av-masonry-entry isotope-item post-14054 post type-post status-publish format-standard has-post-thumbnail hentry category-kausi-2025-26 category-ottelut-2025-26 category-uutiset tag-aktialiga tag-aktialiiga tag-damernas-aktialiga tag-grifkdamer tag-grifkhandball tag-naisten-aktialiiga  av-masonry-item-with-image' title=\"GB7A6874(1)\"   itemscope=\"itemscope\" itemtype=\"https:\/\/schema.org\/CreativeWork\" ><div class='av-inner-masonry-sizer'><\/div><figure class='av-inner-masonry main_color'><div class=\"av-masonry-outerimage-container\"><div class='av-masonry-image-container' style=\"background-image: url(https:\/\/grifk-handball.com\/naiset\/wp-content\/uploads\/sites\/3\/2026\/02\/GB7A68741-705x471.jpg);\"  title=\"GB7A6874(1)\" ><\/div><\/div><figcaption class='av-inner-masonry-content site-background'><div class='av-inner-masonry-content-pos'><div class='av-inner-masonry-content-pos-content'><div class='avia-arrow'><\/div><h3 class='av-masonry-entry-title entry-title '  itemprop=\"headline\" >11.2. HIFK vs GrIFK 23\u201331 (11\u201313)<\/h3><div class='av-masonry-entry-content entry-content'  itemprop=\"text\" >GrIFK nappasi t\u00e4rke\u00e4n voiton vahvan toisen puoliajan ansiosta.\u2026<div class='av-masonry-categories'>Kausi-2025-26,Ottelut-2025-26,Uutiset<\/div><\/div><span class='av-masonry-date meta-color updated'>13.2.2026<\/span><span class=\"av-masonry-text-sep text-sep-author\">\/<\/span><span class='av-masonry-author meta-color author'><span class='fn'>by Ellen<\/span><\/span><\/div><\/div><\/figcaption><\/figure><\/a><!--end av-masonry entry--><a href=\"https:\/\/grifk-handball.com\/naiset\/kausi-2025-26\/ennakot-2025-26\/vierasottelu-11-2-2026-20-00-hifk-vs-grifk\/\"  id='av-masonry-1-item-13989' data-av-masonry-item='13989' class='av-masonry-entry isotope-item post-13989 post type-post status-publish format-standard has-post-thumbnail hentry category-ennakot-2025-26 category-uutiset tag-aktialiga tag-aktialiiga tag-damernas-aktialiga tag-grifkdamer tag-grifkhandball tag-naisten-aktialiiga tag-otteluennakko tag-unni-laaksonen tag-runkosarja  av-masonry-item-with-image' title=\"Unni ennakko\"   itemscope=\"itemscope\" itemtype=\"https:\/\/schema.org\/CreativeWork\" ><div class='av-inner-masonry-sizer'><\/div><figure class='av-inner-masonry main_color'><div class=\"av-masonry-outerimage-container\"><div class='av-masonry-image-container' style=\"background-image: url(https:\/\/grifk-handball.com\/naiset\/wp-content\/uploads\/sites\/3\/2025\/11\/Unni-ennakko-705x470.png);\"  title=\"Unni ennakko\" ><\/div><\/div><figcaption class='av-inner-masonry-content site-background'><div class='av-inner-masonry-content-pos'><div class='av-inner-masonry-content-pos-content'><div class='avia-arrow'><\/div><h3 class='av-masonry-entry-title entry-title '  itemprop=\"headline\" >Vierasottelu 11.2.2026 * 20.00 HIFK vs GrIFK<\/h3><div class='av-masonry-entry-content entry-content'  itemprop=\"text\" ><div class='av-masonry-categories'>Ennakot-2025-26,Uutiset<\/div><\/div><span class='av-masonry-date meta-color updated'>11.2.2026<\/span><span class=\"av-masonry-text-sep text-sep-author\">\/<\/span><span class='av-masonry-author meta-color author'><span class='fn'>by Ellen<\/span><\/span><\/div><\/div><\/figcaption><\/figure><\/a><!--end av-masonry entry--><a href=\"https:\/\/grifk-handball.com\/naiset\/kausi-2025-26\/ennakot-2025-26\/bortamatch-11-2-2026-20-00-hifk-vs-grifk\/\"  id='av-masonry-1-item-13991' data-av-masonry-item='13991' class='av-masonry-entry isotope-item post-13991 post type-post status-publish format-standard has-post-thumbnail hentry category-ennakot-2025-26 category-uutiset tag-aktialiga tag-aktialiiga tag-damernas-aktialiga tag-grifkdamer tag-grifkhandball tag-naisten-aktialiiga tag-otteluennakko tag-unni-laaksonen tag-runkosarja  av-masonry-item-with-image' title=\"Unni ennakko\"   itemscope=\"itemscope\" itemtype=\"https:\/\/schema.org\/CreativeWork\" ><div class='av-inner-masonry-sizer'><\/div><figure class='av-inner-masonry main_color'><div class=\"av-masonry-outerimage-container\"><div class='av-masonry-image-container' style=\"background-image: url(https:\/\/grifk-handball.com\/naiset\/wp-content\/uploads\/sites\/3\/2025\/11\/Unni-ennakko-705x470.png);\"  title=\"Unni ennakko\" ><\/div><\/div><figcaption class='av-inner-masonry-content site-background'><div class='av-inner-masonry-content-pos'><div class='av-inner-masonry-content-pos-content'><div class='avia-arrow'><\/div><h3 class='av-masonry-entry-title entry-title '  itemprop=\"headline\" >Bortamatch 11.2.2026 * 20.00 HIFK vs GrIFK<\/h3><div class='av-masonry-entry-content entry-content'  itemprop=\"text\" ><div class='av-masonry-categories'>Ennakot-2025-26,Uutiset<\/div><\/div><span class='av-masonry-date meta-color updated'>11.2.2026<\/span><span class=\"av-masonry-text-sep text-sep-author\">\/<\/span><span class='av-masonry-author meta-color author'><span class='fn'>by Ellen<\/span><\/span><\/div><\/div><\/figcaption><\/figure><\/a><!--end av-masonry entry--><a href=\"https:\/\/grifk-handball.com\/naiset\/kausi-2025-26\/ottelut-2025-26\/otteluraportti-8-2-cocks-vs-grifk\/\"  id='av-masonry-1-item-13984' data-av-masonry-item='13984' class='av-masonry-entry isotope-item post-13984 post type-post status-publish format-standard has-post-thumbnail hentry category-kausi-2025-26 category-otteluraportit-2025-226 category-ottelut-2025-26 category-uutiset tag-aktialiga tag-aktialiiga tag-damernas-aktialiga tag-grifkdamer tag-grifkhandball tag-naisten-aktialiiga tag-otteluraportti tag-sandra-laitinen  av-masonry-item-with-image' title=\"GrIFK vs Cocks 2026-01-07 051\"   itemscope=\"itemscope\" itemtype=\"https:\/\/schema.org\/CreativeWork\" ><div class='av-inner-masonry-sizer'><\/div><figure class='av-inner-masonry main_color'><div class=\"av-masonry-outerimage-container\"><div class='av-masonry-image-container' style=\"background-image: url(https:\/\/grifk-handball.com\/naiset\/wp-content\/uploads\/sites\/3\/2026\/02\/GrIFK-vs-Cocks-2026-01-07-051-705x470.jpg);\"  title=\"GrIFK vs Cocks 2026-01-07 051\" ><\/div><\/div><figcaption class='av-inner-masonry-content site-background'><div class='av-inner-masonry-content-pos'><div class='av-inner-masonry-content-pos-content'><div class='avia-arrow'><\/div><h3 class='av-masonry-entry-title entry-title '  itemprop=\"headline\" >Otteluraportti 8.2. Cocks vs GrIFK<\/h3><div class='av-masonry-entry-content entry-content'  itemprop=\"text\" >Ottelusta tuli odotetun haastava, ja jouduimme taistelemaan pisteist\u00e4\u2026<div class='av-masonry-categories'>Kausi-2025-26,Otteluraportit-2025-226,Ottelut-2025-26,Uutiset<\/div><\/div><span class='av-masonry-date meta-color updated'>10.2.2026<\/span><span class=\"av-masonry-text-sep text-sep-author\">\/<\/span><span class='av-masonry-author meta-color author'><span class='fn'>by Ellen<\/span><\/span><\/div><\/div><\/figcaption><\/figure><\/a><!--end av-masonry entry--><a href=\"https:\/\/grifk-handball.com\/naiset\/kausi-2025-26\/ottelut-2025-26\/matchrapport-8-2-cocks-vs-grifk\/\"  id='av-masonry-1-item-13980' data-av-masonry-item='13980' class='av-masonry-entry isotope-item post-13980 post type-post status-publish format-standard has-post-thumbnail hentry category-kausi-2025-26 category-otteluraportit-2025-226 category-ottelut-2025-26 category-uutiset tag-aktialiga tag-aktialiiga tag-damernas-aktialiga tag-grifkdamer tag-grifkhandball tag-naisten-aktialiiga tag-sandra-laitinen tag-matchrapport  av-masonry-item-with-image' title=\"GrIFK vs Cocks 2026-01-07 051\"   itemscope=\"itemscope\" itemtype=\"https:\/\/schema.org\/CreativeWork\" ><div class='av-inner-masonry-sizer'><\/div><figure class='av-inner-masonry main_color'><div class=\"av-masonry-outerimage-container\"><div class='av-masonry-image-container' style=\"background-image: url(https:\/\/grifk-handball.com\/naiset\/wp-content\/uploads\/sites\/3\/2026\/02\/GrIFK-vs-Cocks-2026-01-07-051-705x470.jpg);\"  title=\"GrIFK vs Cocks 2026-01-07 051\" ><\/div><\/div><figcaption class='av-inner-masonry-content site-background'><div class='av-inner-masonry-content-pos'><div class='av-inner-masonry-content-pos-content'><div class='avia-arrow'><\/div><h3 class='av-masonry-entry-title entry-title '  itemprop=\"headline\" >Matchrapport 8.2 Cocks vs GrIFK<\/h3><div class='av-masonry-entry-content entry-content'  itemprop=\"text\" >Matchen blev som v\u00e4ntat tuff och vi fick k\u00e4mpa hela v\u00e4gen\u2026<div class='av-masonry-categories'>Kausi-2025-26,Otteluraportit-2025-226,Ottelut-2025-26,Uutiset<\/div><\/div><span class='av-masonry-date meta-color updated'>10.2.2026<\/span><span class=\"av-masonry-text-sep text-sep-author\">\/<\/span><span class='av-masonry-author meta-color author'><span class='fn'>by Ellen<\/span><\/span><\/div><\/div><\/figcaption><\/figure><\/a><!--end av-masonry entry--><a href=\"https:\/\/grifk-handball.com\/naiset\/kausi-2025-26\/ottelut-2025-26\/8-2-cocks-vs-grifk-19-26-9-13\/\"  id='av-masonry-1-item-13977' data-av-masonry-item='13977' class='av-masonry-entry isotope-item post-13977 post type-post status-publish format-standard has-post-thumbnail hentry category-kausi-2025-26 category-ottelut-2025-26 category-uutiset tag-aktialiga tag-aktialiiga tag-damernas-aktialiga tag-grifkdamer tag-grifkhandball tag-naisten-aktialiiga  av-masonry-item-with-image' title=\"Lillis otteluraportti\"   itemscope=\"itemscope\" itemtype=\"https:\/\/schema.org\/CreativeWork\" ><div class='av-inner-masonry-sizer'><\/div><figure class='av-inner-masonry main_color'><div class=\"av-masonry-outerimage-container\"><div class='av-masonry-image-container' style=\"background-image: url(https:\/\/grifk-handball.com\/naiset\/wp-content\/uploads\/sites\/3\/2025\/09\/Lillis-otteluraportti-705x470.png);\"  title=\"Lillis otteluraportti\" ><\/div><\/div><figcaption class='av-inner-masonry-content site-background'><div class='av-inner-masonry-content-pos'><div class='av-inner-masonry-content-pos-content'><div class='avia-arrow'><\/div><h3 class='av-masonry-entry-title entry-title '  itemprop=\"headline\" >8.2. Cocks vs GrIFK 19\u201326 (9\u201313)<\/h3><div class='av-masonry-entry-content entry-content'  itemprop=\"text\" >GrIFK hallitsi ottelua vahvalla puolustus- ja maalivahtipelill\u00e4,\u2026<div class='av-masonry-categories'>Kausi-2025-26,Ottelut-2025-26,Uutiset<\/div><\/div><span class='av-masonry-date meta-color updated'>9.2.2026<\/span><span class=\"av-masonry-text-sep text-sep-author\">\/<\/span><span class='av-masonry-author meta-color author'><span class='fn'>by Ellen<\/span><\/span><\/div><\/div><\/figcaption><\/figure><\/a><!--end av-masonry entry--><a href=\"https:\/\/grifk-handball.com\/naiset\/kausi-2025-26\/ennakot-2025-26\/bortamatch-8-2-2026-16-00-cocks-vs-grifk\/\"  id='av-masonry-1-item-13968' data-av-masonry-item='13968' class='av-masonry-entry isotope-item post-13968 post type-post status-publish format-standard has-post-thumbnail hentry category-ennakot-2025-26 category-uutiset tag-aktialiga tag-aktialiiga tag-damernas-aktialiga tag-grifkdamer tag-grifkhandball tag-naisten-aktialiiga tag-otteluennakko tag-sandra-laitinen tag-runkosarja  av-masonry-item-with-image' title=\"Sandran ennakko\"   itemscope=\"itemscope\" itemtype=\"https:\/\/schema.org\/CreativeWork\" ><div class='av-inner-masonry-sizer'><\/div><figure class='av-inner-masonry main_color'><div class=\"av-masonry-outerimage-container\"><div class='av-masonry-image-container' style=\"background-image: url(https:\/\/grifk-handball.com\/naiset\/wp-content\/uploads\/sites\/3\/2025\/10\/Sandran-ennakko-705x470.png);\"  title=\"Sandran ennakko\" ><\/div><\/div><figcaption class='av-inner-masonry-content site-background'><div class='av-inner-masonry-content-pos'><div class='av-inner-masonry-content-pos-content'><div class='avia-arrow'><\/div><h3 class='av-masonry-entry-title entry-title '  itemprop=\"headline\" >Bortamatch 8.2.2026 * 16.00 Cocks vs GrIFK<\/h3><div class='av-masonry-entry-content entry-content'  itemprop=\"text\" ><div class='av-masonry-categories'>Ennakot-2025-26,Uutiset<\/div><\/div><span class='av-masonry-date meta-color updated'>8.2.2026<\/span><span class=\"av-masonry-text-sep text-sep-author\">\/<\/span><span class='av-masonry-author meta-color author'><span class='fn'>by Ellen<\/span><\/span><\/div><\/div><\/figcaption><\/figure><\/a><!--end av-masonry entry--><a href=\"https:\/\/grifk-handball.com\/naiset\/kausi-2025-26\/ennakot-2025-26\/vierasottelu-8-2-2026-16-00-cocks-vs-grifk\/\"  id='av-masonry-1-item-13966' data-av-masonry-item='13966' class='av-masonry-entry isotope-item post-13966 post type-post status-publish format-standard has-post-thumbnail hentry category-ennakot-2025-26 category-uutiset tag-aktialiga tag-aktialiiga tag-damernas-aktialiga tag-grifkdamer tag-grifkhandball tag-naisten-aktialiiga tag-otteluennakko tag-sandra-laitinen tag-runkosarja  av-masonry-item-with-image' title=\"Sandran ennakko\"   itemscope=\"itemscope\" itemtype=\"https:\/\/schema.org\/CreativeWork\" ><div class='av-inner-masonry-sizer'><\/div><figure class='av-inner-masonry main_color'><div class=\"av-masonry-outerimage-container\"><div class='av-masonry-image-container' style=\"background-image: url(https:\/\/grifk-handball.com\/naiset\/wp-content\/uploads\/sites\/3\/2025\/10\/Sandran-ennakko-705x470.png);\"  title=\"Sandran ennakko\" ><\/div><\/div><figcaption class='av-inner-masonry-content site-background'><div class='av-inner-masonry-content-pos'><div class='av-inner-masonry-content-pos-content'><div class='avia-arrow'><\/div><h3 class='av-masonry-entry-title entry-title '  itemprop=\"headline\" >Vierasottelu 8.2.2026 * 16.00 Cocks vs GrIFK<\/h3><div class='av-masonry-entry-content entry-content'  itemprop=\"text\" ><div class='av-masonry-categories'>Ennakot-2025-26,Uutiset<\/div><\/div><span class='av-masonry-date meta-color updated'>8.2.2026<\/span><span class=\"av-masonry-text-sep text-sep-author\">\/<\/span><span class='av-masonry-author meta-color author'><span class='fn'>by Ellen<\/span><\/span><\/div><\/div><\/figcaption><\/figure><\/a><!--end av-masonry entry--><a href=\"https:\/\/grifk-handball.com\/naiset\/kausi-2025-26\/ottelut-2025-26\/4-2-grifk-vs-sif-41-14-17-7\/\"  id='av-masonry-1-item-13962' data-av-masonry-item='13962' class='av-masonry-entry isotope-item post-13962 post type-post status-publish format-standard has-post-thumbnail hentry category-kausi-2025-26 category-ottelut-2025-26 category-uutiset tag-aktialiga tag-aktialiiga tag-damernas-aktialiga tag-grifkdamer tag-grifkhandball tag-naisten-aktialiiga  av-masonry-item-with-image' title=\"2I1A1884\"   itemscope=\"itemscope\" itemtype=\"https:\/\/schema.org\/CreativeWork\" ><div class='av-inner-masonry-sizer'><\/div><figure class='av-inner-masonry main_color'><div class=\"av-masonry-outerimage-container\"><div class='av-masonry-image-container' style=\"background-image: url(https:\/\/grifk-handball.com\/naiset\/wp-content\/uploads\/sites\/3\/2026\/02\/2I1A1884-705x470.jpg);\"  title=\"2I1A1884\" ><\/div><\/div><figcaption class='av-inner-masonry-content site-background'><div class='av-inner-masonry-content-pos'><div class='av-inner-masonry-content-pos-content'><div class='avia-arrow'><\/div><h3 class='av-masonry-entry-title entry-title '  itemprop=\"headline\" >4.2. GrIFK vs SIF 41\u201314 (17\u20137)<\/h3><div class='av-masonry-entry-content entry-content'  itemprop=\"text\" >GrIFK k\u00e4\u00e4nsi ottelun edukseen vahvan toisen puoliajan ansiosta,\u2026<div class='av-masonry-categories'>Kausi-2025-26,Ottelut-2025-26,Uutiset<\/div><\/div><span class='av-masonry-date meta-color updated'>6.2.2026<\/span><span class=\"av-masonry-text-sep text-sep-author\">\/<\/span><span class='av-masonry-author meta-color author'><span class='fn'>by Ellen<\/span><\/span><\/div><\/div><\/figcaption><\/figure><\/a><!--end av-masonry entry--><a href=\"https:\/\/grifk-handball.com\/naiset\/kausi-2025-26\/ennakot-2025-26\/kotiottelu-4-2-2026-19-00-grifk-vs-sif\/\"  id='av-masonry-1-item-13959' data-av-masonry-item='13959' class='av-masonry-entry isotope-item post-13959 post type-post status-publish format-standard has-post-thumbnail hentry category-ennakot-2025-26 category-uutiset tag-aktialiga tag-aktialiiga tag-damernas-aktialiga tag-grifkdamer tag-grifkhandball tag-lovisa-von-knorring tag-naisten-aktialiiga tag-otteluennakko tag-runkosarja  av-masonry-item-with-image' title=\"GB7A0936(1)\"   itemscope=\"itemscope\" itemtype=\"https:\/\/schema.org\/CreativeWork\" ><div class='av-inner-masonry-sizer'><\/div><figure class='av-inner-masonry main_color'><div class=\"av-masonry-outerimage-container\"><div class='av-masonry-image-container' style=\"background-image: url(https:\/\/grifk-handball.com\/naiset\/wp-content\/uploads\/sites\/3\/2025\/12\/GB7A09361-705x470.jpg);\"  title=\"GB7A0936(1)\" ><\/div><\/div><figcaption class='av-inner-masonry-content site-background'><div class='av-inner-masonry-content-pos'><div class='av-inner-masonry-content-pos-content'><div class='avia-arrow'><\/div><h3 class='av-masonry-entry-title entry-title '  itemprop=\"headline\" >Kotiottelu 4.2.2026 * 19.00 GrIFK vs SIF<\/h3><div class='av-masonry-entry-content entry-content'  itemprop=\"text\" ><div class='av-masonry-categories'>Ennakot-2025-26,Uutiset<\/div><\/div><span class='av-masonry-date meta-color updated'>4.2.2026<\/span><span class=\"av-masonry-text-sep text-sep-author\">\/<\/span><span class='av-masonry-author meta-color author'><span class='fn'>by Ellen<\/span><\/span><\/div><\/div><\/figcaption><\/figure><\/a><!--end av-masonry entry--><a href=\"https:\/\/grifk-handball.com\/naiset\/kausi-2025-26\/ennakot-2025-26\/hemmamatch-4-2-2026-19-00-grifk-vs-sif\/\"  id='av-masonry-1-item-13956' data-av-masonry-item='13956' class='av-masonry-entry isotope-item post-13956 post type-post status-publish format-standard has-post-thumbnail hentry category-ennakot-2025-26 category-uutiset tag-aktialiga tag-aktialiiga tag-damernas-aktialiga tag-grifkdamer tag-grifkhandball tag-lovisa-von-knorring tag-naisten-aktialiiga tag-otteluennakko tag-runkosarja  av-masonry-item-with-image' title=\"GB7A0936(1)\"   itemscope=\"itemscope\" itemtype=\"https:\/\/schema.org\/CreativeWork\" ><div class='av-inner-masonry-sizer'><\/div><figure class='av-inner-masonry main_color'><div class=\"av-masonry-outerimage-container\"><div class='av-masonry-image-container' style=\"background-image: url(https:\/\/grifk-handball.com\/naiset\/wp-content\/uploads\/sites\/3\/2025\/12\/GB7A09361-705x470.jpg);\"  title=\"GB7A0936(1)\" ><\/div><\/div><figcaption class='av-inner-masonry-content site-background'><div class='av-inner-masonry-content-pos'><div class='av-inner-masonry-content-pos-content'><div class='avia-arrow'><\/div><h3 class='av-masonry-entry-title entry-title '  itemprop=\"headline\" >Hemmamatch 4.2.2026 * 19.00 GrIFK vs SIF<\/h3><div class='av-masonry-entry-content entry-content'  itemprop=\"text\" ><div class='av-masonry-categories'>Ennakot-2025-26,Uutiset<\/div><\/div><span class='av-masonry-date meta-color updated'>4.2.2026<\/span><span class=\"av-masonry-text-sep text-sep-author\">\/<\/span><span class='av-masonry-author meta-color author'><span class='fn'>by Ellen<\/span><\/span><\/div><\/div><\/figcaption><\/figure><\/a><!--end av-masonry entry--><a href=\"https:\/\/grifk-handball.com\/naiset\/kausi-2025-26\/ottelut-2025-26\/otteluraportti-31-1-grifk-vs-hifk\/\"  id='av-masonry-1-item-13945' data-av-masonry-item='13945' class='av-masonry-entry isotope-item post-13945 post type-post status-publish format-standard has-post-thumbnail hentry category-kausi-2025-26 category-otteluraportit-2025-226 category-ottelut-2025-26 category-uutiset tag-aktialiga tag-aktialiiga tag-damernas-aktialiga tag-grifkdamer tag-grifkhandball tag-isabel-larsson tag-naisten-aktialiiga tag-otteluraportti  av-masonry-item-with-image' title=\"GB7A6667(1)\"   itemscope=\"itemscope\" itemtype=\"https:\/\/schema.org\/CreativeWork\" ><div class='av-inner-masonry-sizer'><\/div><figure class='av-inner-masonry main_color'><div class=\"av-masonry-outerimage-container\"><div class='av-masonry-image-container' style=\"background-image: url(https:\/\/grifk-handball.com\/naiset\/wp-content\/uploads\/sites\/3\/2026\/02\/GB7A66671-705x470.jpg);\"  title=\"GB7A6667(1)\" ><\/div><\/div><figcaption class='av-inner-masonry-content site-background'><div class='av-inner-masonry-content-pos'><div class='av-inner-masonry-content-pos-content'><div class='avia-arrow'><\/div><h3 class='av-masonry-entry-title entry-title '  itemprop=\"headline\" >Otteluraportti 31.1. GrIFK vs HIFK<\/h3><div class='av-masonry-entry-content entry-content'  itemprop=\"text\" >Ottelu on tasainen aina alusta loppuun saakka. Puolustuksessa\u2026<div class='av-masonry-categories'>Kausi-2025-26,Otteluraportit-2025-226,Ottelut-2025-26,Uutiset<\/div><\/div><span class='av-masonry-date meta-color updated'>3.2.2026<\/span><span class=\"av-masonry-text-sep text-sep-author\">\/<\/span><span class='av-masonry-author meta-color author'><span class='fn'>by Ellen<\/span><\/span><\/div><\/div><\/figcaption><\/figure><\/a><!--end av-masonry entry--><a href=\"https:\/\/grifk-handball.com\/naiset\/kausi-2025-26\/ottelut-2025-26\/matchrapport-31-1-grifk-vs-hifk\/\"  id='av-masonry-1-item-13946' data-av-masonry-item='13946' class='av-masonry-entry isotope-item post-13946 post type-post status-publish format-standard has-post-thumbnail hentry category-kausi-2025-26 category-otteluraportit-2025-226 category-ottelut-2025-26 category-uutiset tag-aktialiga tag-aktialiiga tag-damernas-aktialiga tag-grifkdamer tag-grifkhandball tag-isabel-larsson tag-naisten-aktialiiga tag-matchrapport  av-masonry-item-with-image' title=\"GB7A6667(1)\"   itemscope=\"itemscope\" itemtype=\"https:\/\/schema.org\/CreativeWork\" ><div class='av-inner-masonry-sizer'><\/div><figure class='av-inner-masonry main_color'><div class=\"av-masonry-outerimage-container\"><div class='av-masonry-image-container' style=\"background-image: url(https:\/\/grifk-handball.com\/naiset\/wp-content\/uploads\/sites\/3\/2026\/02\/GB7A66671-705x470.jpg);\"  title=\"GB7A6667(1)\" ><\/div><\/div><figcaption class='av-inner-masonry-content site-background'><div class='av-inner-masonry-content-pos'><div class='av-inner-masonry-content-pos-content'><div class='avia-arrow'><\/div><h3 class='av-masonry-entry-title entry-title '  itemprop=\"headline\" >Matchrapport 31.1 GrIFK vs HIFK<\/h3><div class='av-masonry-entry-content entry-content'  itemprop=\"text\" >Matchen \u00e4r j\u00e4mn fr\u00e5n start och s\u00e5 forts\u00e4tter den ocks\u00e5\u2026<div class='av-masonry-categories'>Kausi-2025-26,Otteluraportit-2025-226,Ottelut-2025-26,Uutiset<\/div><\/div><span class='av-masonry-date meta-color updated'>3.2.2026<\/span><span class=\"av-masonry-text-sep text-sep-author\">\/<\/span><span class='av-masonry-author meta-color author'><span class='fn'>by Ellen<\/span><\/span><\/div><\/div><\/figcaption><\/figure><\/a><!--end av-masonry entry--><a href=\"https:\/\/grifk-handball.com\/naiset\/kausi-2025-26\/ottelut-2025-26\/31-1-grifk-vs-hifk-26-26-12-10\/\"  id='av-masonry-1-item-13949' data-av-masonry-item='13949' class='av-masonry-entry isotope-item post-13949 post type-post status-publish format-standard has-post-thumbnail hentry category-kausi-2025-26 category-ottelut-2025-26 category-uutiset tag-aktialiga tag-aktialiiga tag-damernas-aktialiga tag-grifkdamer tag-grifkhandball tag-naisten-aktialiiga  av-masonry-item-with-image' title=\"GB7A6675(1)\"   itemscope=\"itemscope\" itemtype=\"https:\/\/schema.org\/CreativeWork\" ><div class='av-inner-masonry-sizer'><\/div><figure class='av-inner-masonry main_color'><div class=\"av-masonry-outerimage-container\"><div class='av-masonry-image-container' style=\"background-image: url(https:\/\/grifk-handball.com\/naiset\/wp-content\/uploads\/sites\/3\/2026\/02\/GB7A66751-705x470.jpg);\"  title=\"GB7A6675(1)\" ><\/div><\/div><figcaption class='av-inner-masonry-content site-background'><div class='av-inner-masonry-content-pos'><div class='av-inner-masonry-content-pos-content'><div class='avia-arrow'><\/div><h3 class='av-masonry-entry-title entry-title '  itemprop=\"headline\" >31.1. GrIFK vs HIFK 26\u201326 (12\u201310)<\/h3><div class='av-masonry-entry-content entry-content'  itemprop=\"text\" >GrIFK ja HIFK tasasivat pisteet trilleriss, jossa molemmat joukkueet\u2026<div class='av-masonry-categories'>Kausi-2025-26,Ottelut-2025-26,Uutiset<\/div><\/div><span class='av-masonry-date meta-color updated'>3.2.2026<\/span><span class=\"av-masonry-text-sep text-sep-author\">\/<\/span><span class='av-masonry-author meta-color author'><span class='fn'>by Ellen<\/span><\/span><\/div><\/div><\/figcaption><\/figure><\/a><!--end av-masonry entry--><a href=\"https:\/\/grifk-handball.com\/naiset\/kausi-2025-26\/ennakot-2025-26\/hemmamatch-31-1-2026-13-30-grifk-vs-hifk\/\"  id='av-masonry-1-item-13940' data-av-masonry-item='13940' class='av-masonry-entry isotope-item post-13940 post type-post status-publish format-standard has-post-thumbnail hentry category-ennakot-2025-26 category-uutiset tag-aktialiga tag-aktialiiga tag-damernas-aktialiga tag-grifkdamer tag-grifkhandball tag-isabel-larsson tag-naisten-aktialiiga tag-otteluennakko tag-runkosarja  av-masonry-item-with-image' title=\"Isabel ennakko\"   itemscope=\"itemscope\" itemtype=\"https:\/\/schema.org\/CreativeWork\" ><div class='av-inner-masonry-sizer'><\/div><figure class='av-inner-masonry main_color'><div class=\"av-masonry-outerimage-container\"><div class='av-masonry-image-container' style=\"background-image: url(https:\/\/grifk-handball.com\/naiset\/wp-content\/uploads\/sites\/3\/2025\/10\/Isabel-ennakko-705x470.png);\"  title=\"Isabel ennakko\" ><\/div><\/div><figcaption class='av-inner-masonry-content site-background'><div class='av-inner-masonry-content-pos'><div class='av-inner-masonry-content-pos-content'><div class='avia-arrow'><\/div><h3 class='av-masonry-entry-title entry-title '  itemprop=\"headline\" >Hemmamatch 31.1.2026 * 13.30 GrIFK vs HIFK<\/h3><div class='av-masonry-entry-content entry-content'  itemprop=\"text\" ><div class='av-masonry-categories'>Ennakot-2025-26,Uutiset<\/div><\/div><span class='av-masonry-date meta-color updated'>31.1.2026<\/span><span class=\"av-masonry-text-sep text-sep-author\">\/<\/span><span class='av-masonry-author meta-color author'><span class='fn'>by Ellen<\/span><\/span><\/div><\/div><\/figcaption><\/figure><\/a><!--end av-masonry entry--><a href=\"https:\/\/grifk-handball.com\/naiset\/kausi-2025-26\/ennakot-2025-26\/kotiottelu-31-1-2026-grifk-vs-hifk\/\"  id='av-masonry-1-item-13937' data-av-masonry-item='13937' class='av-masonry-entry isotope-item post-13937 post type-post status-publish format-standard has-post-thumbnail hentry category-ennakot-2025-26 category-uutiset tag-aktialiga tag-aktialiiga tag-damernas-aktialiga tag-grifkdamer tag-grifkhandball tag-isabel-larsson tag-naisten-aktialiiga tag-otteluennakko tag-runkosarja  av-masonry-item-with-image' title=\"Isabel ennakko\"   itemscope=\"itemscope\" itemtype=\"https:\/\/schema.org\/CreativeWork\" ><div class='av-inner-masonry-sizer'><\/div><figure class='av-inner-masonry main_color'><div class=\"av-masonry-outerimage-container\"><div class='av-masonry-image-container' style=\"background-image: url(https:\/\/grifk-handball.com\/naiset\/wp-content\/uploads\/sites\/3\/2025\/10\/Isabel-ennakko-705x470.png);\"  title=\"Isabel ennakko\" ><\/div><\/div><figcaption class='av-inner-masonry-content site-background'><div class='av-inner-masonry-content-pos'><div class='av-inner-masonry-content-pos-content'><div class='avia-arrow'><\/div><h3 class='av-masonry-entry-title entry-title '  itemprop=\"headline\" >Kotiottelu 31.1.2026 * 13.30 GrIFK vs HIFK<\/h3><div class='av-masonry-entry-content entry-content'  itemprop=\"text\" >\ufeff\ufeff<div class='av-masonry-categories'>Ennakot-2025-26,Uutiset<\/div><\/div><span class='av-masonry-date meta-color updated'>31.1.2026<\/span><span class=\"av-masonry-text-sep text-sep-author\">\/<\/span><span class='av-masonry-author meta-color author'><span class='fn'>by Ellen<\/span><\/span><\/div><\/div><\/figcaption><\/figure><\/a><!--end av-masonry entry--><a href=\"https:\/\/grifk-handball.com\/naiset\/kausi-2025-26\/ottelut-2025-26\/matchrapport-23-24-1-finska-cupen-2026\/\"  id='av-masonry-1-item-13934' data-av-masonry-item='13934' class='av-masonry-entry isotope-item post-13934 post type-post status-publish format-standard has-post-thumbnail hentry category-kausi-2025-26 category-otteluraportit-2025-226 category-ottelut-2025-26 category-uutiset tag-aktialiga tag-aktialiiga tag-damernas-aktialiga tag-grifkdamer tag-grifkhandball tag-louise-heinonen tag-naisten-aktialiiga tag-matchrapport  av-masonry-item-with-image' title=\"2I1A3493\"   itemscope=\"itemscope\" itemtype=\"https:\/\/schema.org\/CreativeWork\" ><div class='av-inner-masonry-sizer'><\/div><figure class='av-inner-masonry main_color'><div class=\"av-masonry-outerimage-container\"><div class='av-masonry-image-container' style=\"background-image: url(https:\/\/grifk-handball.com\/naiset\/wp-content\/uploads\/sites\/3\/2026\/01\/2I1A3493-705x470.jpg);\"  title=\"2I1A3493\" ><\/div><\/div><figcaption class='av-inner-masonry-content site-background'><div class='av-inner-masonry-content-pos'><div class='av-inner-masonry-content-pos-content'><div class='avia-arrow'><\/div><h3 class='av-masonry-entry-title entry-title '  itemprop=\"headline\" >Matchrapport 23-24.1 Finska Cupen 2026<\/h3><div class='av-masonry-entry-content entry-content'  itemprop=\"text\" >Det blev ett lika lyckat veckoslut f\u00f6r f\u00e5r del som vi hade\u2026<div class='av-masonry-categories'>Kausi-2025-26,Otteluraportit-2025-226,Ottelut-2025-26,Uutiset<\/div><\/div><span class='av-masonry-date meta-color updated'>29.1.2026<\/span><span class=\"av-masonry-text-sep text-sep-author\">\/<\/span><span class='av-masonry-author meta-color author'><span class='fn'>by Ellen<\/span><\/span><\/div><\/div><\/figcaption><\/figure><\/a><!--end av-masonry entry--><a href=\"https:\/\/grifk-handball.com\/naiset\/kausi-2025-26\/ottelut-2025-26\/otteluraportti-23-24-1-suomen-cup-2026\/\"  id='av-masonry-1-item-13929' data-av-masonry-item='13929' class='av-masonry-entry isotope-item post-13929 post type-post status-publish format-standard has-post-thumbnail hentry category-kausi-2025-26 category-otteluraportit-2025-226 category-ottelut-2025-26 category-uutiset tag-aktialiga tag-aktialiiga tag-damernas-aktialiga tag-grifkdamer tag-grifkhandball tag-louise-heinonen tag-naisten-aktialiiga tag-otteluraportti  av-masonry-item-with-image' title=\"2I1A3493\"   itemscope=\"itemscope\" itemtype=\"https:\/\/schema.org\/CreativeWork\" ><div class='av-inner-masonry-sizer'><\/div><figure class='av-inner-masonry main_color'><div class=\"av-masonry-outerimage-container\"><div class='av-masonry-image-container' style=\"background-image: url(https:\/\/grifk-handball.com\/naiset\/wp-content\/uploads\/sites\/3\/2026\/01\/2I1A3493-705x470.jpg);\"  title=\"2I1A3493\" ><\/div><\/div><figcaption class='av-inner-masonry-content site-background'><div class='av-inner-masonry-content-pos'><div class='av-inner-masonry-content-pos-content'><div class='avia-arrow'><\/div><h3 class='av-masonry-entry-title entry-title '  itemprop=\"headline\" >Otteluraportti 23.-24.1. Suomen Cup 2026<\/h3><div class='av-masonry-entry-content entry-content'  itemprop=\"text\" >Viikonlopusta tuli juuri niin onnistunut kuin olimme toivoneet.\u2026<div class='av-masonry-categories'>Kausi-2025-26,Otteluraportit-2025-226,Ottelut-2025-26,Uutiset<\/div><\/div><span class='av-masonry-date meta-color updated'>29.1.2026<\/span><span class=\"av-masonry-text-sep text-sep-author\">\/<\/span><span class='av-masonry-author meta-color author'><span class='fn'>by Ellen<\/span><\/span><\/div><\/div><\/figcaption><\/figure><\/a><!--end av-masonry entry--><a href=\"https:\/\/grifk-handball.com\/naiset\/kausi-2025-26\/ottelut-2025-26\/suomen-cupin-finaali-24-1-bk-46-vs-grifk-19-34-16-6\/\"  id='av-masonry-1-item-13917' data-av-masonry-item='13917' class='av-masonry-entry isotope-item post-13917 post type-post status-publish format-standard has-post-thumbnail hentry category-kausi-2025-26 category-ottelut-2025-26 category-uutiset tag-aktialiga tag-aktialiiga tag-damernas-aktialiga tag-grifkdamer tag-grifkhandball tag-naisten-aktialiiga  av-masonry-item-with-image' title=\"2I1A3497\"   itemscope=\"itemscope\" itemtype=\"https:\/\/schema.org\/CreativeWork\" ><div class='av-inner-masonry-sizer'><\/div><figure class='av-inner-masonry main_color'><div class=\"av-masonry-outerimage-container\"><div class='av-masonry-image-container' style=\"background-image: url(https:\/\/grifk-handball.com\/naiset\/wp-content\/uploads\/sites\/3\/2026\/01\/2I1A3497-705x470.jpg);\"  title=\"2I1A3497\" ><\/div><\/div><figcaption class='av-inner-masonry-content site-background'><div class='av-inner-masonry-content-pos'><div class='av-inner-masonry-content-pos-content'><div class='avia-arrow'><\/div><h3 class='av-masonry-entry-title entry-title '  itemprop=\"headline\" >Suomen Cupin finaali 24.1. BK-46 vs GrIFK 19\u201334 (16\u20136)<\/h3><div class='av-masonry-entry-content entry-content'  itemprop=\"text\" >GrIFK kruunasi viikonlopun historiallisella tavalla voittamalla\u2026<div class='av-masonry-categories'>Kausi-2025-26,Ottelut-2025-26,Uutiset<\/div><\/div><span class='av-masonry-date meta-color updated'>26.1.2026<\/span><span class=\"av-masonry-text-sep text-sep-author\">\/<\/span><span class='av-masonry-author meta-color author'><span class='fn'>by Ellen<\/span><\/span><\/div><\/div><\/figcaption><\/figure><\/a><!--end av-masonry entry--><a href=\"https:\/\/grifk-handball.com\/naiset\/kausi-2025-26\/ottelut-2025-26\/23-1-grifk-vs-grifk-young-ladies-31-15-16-6\/\"  id='av-masonry-1-item-13913' data-av-masonry-item='13913' class='av-masonry-entry isotope-item post-13913 post type-post status-publish format-standard has-post-thumbnail hentry category-kausi-2025-26 category-ottelut-2025-26 category-uutiset tag-grifkdamer tag-grifkhandball tag-suomencup  av-masonry-item-with-image' title=\"2I1A2641\"   itemscope=\"itemscope\" itemtype=\"https:\/\/schema.org\/CreativeWork\" ><div class='av-inner-masonry-sizer'><\/div><figure class='av-inner-masonry main_color'><div class=\"av-masonry-outerimage-container\"><div class='av-masonry-image-container' style=\"background-image: url(https:\/\/grifk-handball.com\/naiset\/wp-content\/uploads\/sites\/3\/2026\/01\/2I1A2641-705x470.jpg);\"  title=\"2I1A2641\" ><\/div><\/div><figcaption class='av-inner-masonry-content site-background'><div class='av-inner-masonry-content-pos'><div class='av-inner-masonry-content-pos-content'><div class='avia-arrow'><\/div><h3 class='av-masonry-entry-title entry-title '  itemprop=\"headline\" >23.1. GrIFK vs GrIFK Young Ladies 31\u201315 (16\u20136)<\/h3><div class='av-masonry-entry-content entry-content'  itemprop=\"text\" >GrIFK eteni finaaliin hallitulla esityksell\u00e4 ottelussa, jossa\u2026<div class='av-masonry-categories'>Kausi-2025-26,Ottelut-2025-26,Uutiset<\/div><\/div><span class='av-masonry-date meta-color updated'>26.1.2026<\/span><span class=\"av-masonry-text-sep text-sep-author\">\/<\/span><span class='av-masonry-author meta-color author'><span class='fn'>by Ellen<\/span><\/span><\/div><\/div><\/figcaption><\/figure><\/a><!--end av-masonry entry--><a href=\"https:\/\/grifk-handball.com\/naiset\/kausi-2025-26\/ennakot-2025-26\/finska-cuppens-semifinal-23-1-2026-18-15-grifk-vs-grifk-young-ladies\/\"  id='av-masonry-1-item-13908' data-av-masonry-item='13908' class='av-masonry-entry isotope-item post-13908 post type-post status-publish format-standard has-post-thumbnail hentry category-ennakot-2025-26 category-uutiset tag-aktialiga tag-aktialiiga tag-damernas-aktialiga tag-grifkdamer tag-grifkhandball tag-louise-heinonen tag-naisten-aktialiiga tag-otteluennakko tag-runkosarja  av-masonry-item-with-image' title=\"Louise ennakko\"   itemscope=\"itemscope\" itemtype=\"https:\/\/schema.org\/CreativeWork\" ><div class='av-inner-masonry-sizer'><\/div><figure class='av-inner-masonry main_color'><div class=\"av-masonry-outerimage-container\"><div class='av-masonry-image-container' style=\"background-image: url(https:\/\/grifk-handball.com\/naiset\/wp-content\/uploads\/sites\/3\/2025\/09\/Louise-ennakko-705x470.png);\"  title=\"Louise ennakko\" ><\/div><\/div><figcaption class='av-inner-masonry-content site-background'><div class='av-inner-masonry-content-pos'><div class='av-inner-masonry-content-pos-content'><div class='avia-arrow'><\/div><h3 class='av-masonry-entry-title entry-title '  itemprop=\"headline\" >Finska Cuppens semifinal 23.1.2026 * 18.15 GrIFK vs GrIFK Young Ladies<\/h3><div class='av-masonry-entry-content entry-content'  itemprop=\"text\" ><div class='av-masonry-categories'>Ennakot-2025-26,Uutiset<\/div><\/div><span class='av-masonry-date meta-color updated'>23.1.2026<\/span><span class=\"av-masonry-text-sep text-sep-author\">\/<\/span><span class='av-masonry-author meta-color author'><span class='fn'>by Ellen<\/span><\/span><\/div><\/div><\/figcaption><\/figure><\/a><!--end av-masonry entry--><a href=\"https:\/\/grifk-handball.com\/naiset\/kausi-2025-26\/ennakot-2025-26\/suomen-cupin-valiera-23-1-2026-18-15-grifk-vs-grifk-young-ladies\/\"  id='av-masonry-1-item-13903' data-av-masonry-item='13903' class='av-masonry-entry isotope-item post-13903 post type-post status-publish format-standard has-post-thumbnail hentry category-ennakot-2025-26 category-uutiset tag-aktialiga tag-aktialiiga tag-damernas-aktialiga tag-grifkdamer tag-grifkhandball tag-louise-heinonen tag-naisten-aktialiiga tag-otteluennakko tag-runkosarja  av-masonry-item-with-image' title=\"Louise ennakko\"   itemscope=\"itemscope\" itemtype=\"https:\/\/schema.org\/CreativeWork\" ><div class='av-inner-masonry-sizer'><\/div><figure class='av-inner-masonry main_color'><div class=\"av-masonry-outerimage-container\"><div class='av-masonry-image-container' style=\"background-image: url(https:\/\/grifk-handball.com\/naiset\/wp-content\/uploads\/sites\/3\/2025\/09\/Louise-ennakko-705x470.png);\"  title=\"Louise ennakko\" ><\/div><\/div><figcaption class='av-inner-masonry-content site-background'><div class='av-inner-masonry-content-pos'><div class='av-inner-masonry-content-pos-content'><div class='avia-arrow'><\/div><h3 class='av-masonry-entry-title entry-title '  itemprop=\"headline\" >Suomen Cupin v\u00e4lier\u00e4 23.1.2026 * 18.15 GrIFK vs GrIFK Young Ladies<\/h3><div class='av-masonry-entry-content entry-content'  itemprop=\"text\" ><div class='av-masonry-categories'>Ennakot-2025-26,Uutiset<\/div><\/div><span class='av-masonry-date meta-color updated'>23.1.2026<\/span><span class=\"av-masonry-text-sep text-sep-author\">\/<\/span><span class='av-masonry-author meta-color author'><span class='fn'>by Ellen<\/span><\/span><\/div><\/div><\/figcaption><\/figure><\/a><!--end av-masonry entry--><a href=\"https:\/\/grifk-handball.com\/naiset\/kausi-2025-26\/ottelut-2025-26\/matchrapport-17-1-dicken-vs-grifk\/\"  id='av-masonry-1-item-13900' data-av-masonry-item='13900' class='av-masonry-entry isotope-item post-13900 post type-post status-publish format-standard has-post-thumbnail hentry category-kausi-2025-26 category-otteluraportit-2025-226 category-ottelut-2025-26 category-uutiset tag-aktialiga tag-aktialiiga tag-damernas-aktialiga tag-grifkdamer tag-grifkhandball tag-mathilda-sandblom tag-naisten-aktialiiga tag-matchrapport  av-masonry-item-with-image' title=\"2I1A1570\"   itemscope=\"itemscope\" itemtype=\"https:\/\/schema.org\/CreativeWork\" ><div class='av-inner-masonry-sizer'><\/div><figure class='av-inner-masonry main_color'><div class=\"av-masonry-outerimage-container\"><div class='av-masonry-image-container' style=\"background-image: url(https:\/\/grifk-handball.com\/naiset\/wp-content\/uploads\/sites\/3\/2026\/01\/2I1A1570-705x470.jpg);\"  title=\"2I1A1570\" ><\/div><\/div><figcaption class='av-inner-masonry-content site-background'><div class='av-inner-masonry-content-pos'><div class='av-inner-masonry-content-pos-content'><div class='avia-arrow'><\/div><h3 class='av-masonry-entry-title entry-title '  itemprop=\"headline\" >Matchrapport 17.1 Dicken vs GrIFK<\/h3><div class='av-masonry-entry-content entry-content'  itemprop=\"text\" >Vi tar med oss tv\u00e5 v\u00e4lf\u00f6rtj\u00e4nta po\u00e4ng hem fr\u00e5n Britas efter\u2026<div class='av-masonry-categories'>Kausi-2025-26,Otteluraportit-2025-226,Ottelut-2025-26,Uutiset<\/div><\/div><span class='av-masonry-date meta-color updated'>19.1.2026<\/span><span class=\"av-masonry-text-sep text-sep-author\">\/<\/span><span class='av-masonry-author meta-color author'><span class='fn'>by Ellen<\/span><\/span><\/div><\/div><\/figcaption><\/figure><\/a><!--end av-masonry entry--><a href=\"https:\/\/grifk-handball.com\/naiset\/kausi-2025-26\/ottelut-2025-26\/otteluraportti-17-1-dicken-vs-grifk\/\"  id='av-masonry-1-item-13896' data-av-masonry-item='13896' class='av-masonry-entry isotope-item post-13896 post type-post status-publish format-standard has-post-thumbnail hentry category-kausi-2025-26 category-otteluraportit-2025-226 category-ottelut-2025-26 category-uutiset tag-aktialiga tag-aktialiiga tag-damernas-aktialiga tag-grifkdamer tag-grifkhandball tag-mathilda-sandblom tag-naisten-aktialiiga tag-otteluraportti  av-masonry-item-with-image' title=\"2I1A1570\"   itemscope=\"itemscope\" itemtype=\"https:\/\/schema.org\/CreativeWork\" ><div class='av-inner-masonry-sizer'><\/div><figure class='av-inner-masonry main_color'><div class=\"av-masonry-outerimage-container\"><div class='av-masonry-image-container' style=\"background-image: url(https:\/\/grifk-handball.com\/naiset\/wp-content\/uploads\/sites\/3\/2026\/01\/2I1A1570-705x470.jpg);\"  title=\"2I1A1570\" ><\/div><\/div><figcaption class='av-inner-masonry-content site-background'><div class='av-inner-masonry-content-pos'><div class='av-inner-masonry-content-pos-content'><div class='avia-arrow'><\/div><h3 class='av-masonry-entry-title entry-title '  itemprop=\"headline\" >Otteluraportti 17.1. Dicken vs GrIFK<\/h3><div class='av-masonry-entry-content entry-content'  itemprop=\"text\" >Tuomme Pirkkolasta kotiin kaksi ansaittua pistett\u00e4 vahvan joukkue-esityksen\u2026<div class='av-masonry-categories'>Kausi-2025-26,Otteluraportit-2025-226,Ottelut-2025-26,Uutiset<\/div><\/div><span class='av-masonry-date meta-color updated'>19.1.2026<\/span><span class=\"av-masonry-text-sep text-sep-author\">\/<\/span><span class='av-masonry-author meta-color author'><span class='fn'>by Ellen<\/span><\/span><\/div><\/div><\/figcaption><\/figure><\/a><!--end av-masonry entry--><a href=\"https:\/\/grifk-handball.com\/naiset\/kausi-2025-26\/ottelut-2025-26\/17-1-dicken-vs-grifk-25-42-10-18\/\"  id='av-masonry-1-item-13892' data-av-masonry-item='13892' class='av-masonry-entry isotope-item post-13892 post type-post status-publish format-standard has-post-thumbnail hentry category-kausi-2025-26 category-ottelut-2025-26 category-uutiset tag-aktialiga tag-aktialiiga tag-damernas-aktialiga tag-grifkdamer tag-grifkhandball tag-naisten-aktialiiga  av-masonry-item-with-image' title=\"2I1A1902\"   itemscope=\"itemscope\" itemtype=\"https:\/\/schema.org\/CreativeWork\" ><div class='av-inner-masonry-sizer'><\/div><figure class='av-inner-masonry main_color'><div class=\"av-masonry-outerimage-container\"><div class='av-masonry-image-container' style=\"background-image: url(https:\/\/grifk-handball.com\/naiset\/wp-content\/uploads\/sites\/3\/2026\/01\/2I1A1902-705x470.jpg);\"  title=\"2I1A1902\" ><\/div><\/div><figcaption class='av-inner-masonry-content site-background'><div class='av-inner-masonry-content-pos'><div class='av-inner-masonry-content-pos-content'><div class='avia-arrow'><\/div><h3 class='av-masonry-entry-title entry-title '  itemprop=\"headline\" >17.1. Dicken vs GrIFK 25\u201342 (10\u201318)<\/h3><div class='av-masonry-entry-content entry-content'  itemprop=\"text\" >GrIFK jatkoi vahvoja esityksi\u00e4\u00e4n Aktialiigassa ja otti ottelusta\u2026<div class='av-masonry-categories'>Kausi-2025-26,Ottelut-2025-26,Uutiset<\/div><\/div><span class='av-masonry-date meta-color updated'>19.1.2026<\/span><span class=\"av-masonry-text-sep text-sep-author\">\/<\/span><span class='av-masonry-author meta-color author'><span class='fn'>by Ellen<\/span><\/span><\/div><\/div><\/figcaption><\/figure><\/a><!--end av-masonry entry--><a href=\"https:\/\/grifk-handball.com\/naiset\/kausi-2025-26\/ennakot-2025-26\/bortamatch-17-1-2026-15-00-dicken-vs-grifk\/\"  id='av-masonry-1-item-13883' data-av-masonry-item='13883' class='av-masonry-entry isotope-item post-13883 post type-post status-publish format-standard has-post-thumbnail hentry category-ennakot-2025-26 category-uutiset tag-aktialiga tag-aktialiiga tag-damernas-aktialiga tag-grifkdamer tag-grifkhandball tag-mathilda-sandblom tag-naisten-aktialiiga tag-otteluennakko tag-runkosarja  av-masonry-item-with-image' title=\"Lillis otteluennakko (2)\"   itemscope=\"itemscope\" itemtype=\"https:\/\/schema.org\/CreativeWork\" ><div class='av-inner-masonry-sizer'><\/div><figure class='av-inner-masonry main_color'><div class=\"av-masonry-outerimage-container\"><div class='av-masonry-image-container' style=\"background-image: url(https:\/\/grifk-handball.com\/naiset\/wp-content\/uploads\/sites\/3\/2025\/09\/Lillis-otteluennakko-2-705x470.png);\"  title=\"Lillis otteluennakko (2)\" ><\/div><\/div><figcaption class='av-inner-masonry-content site-background'><div class='av-inner-masonry-content-pos'><div class='av-inner-masonry-content-pos-content'><div class='avia-arrow'><\/div><h3 class='av-masonry-entry-title entry-title '  itemprop=\"headline\" >Bortamatch 17.1.2026 * 15.00 Dicken vs GrIFK<\/h3><div class='av-masonry-entry-content entry-content'  itemprop=\"text\" ><div class='av-masonry-categories'>Ennakot-2025-26,Uutiset<\/div><\/div><span class='av-masonry-date meta-color updated'>16.1.2026<\/span><span class=\"av-masonry-text-sep text-sep-author\">\/<\/span><span class='av-masonry-author meta-color author'><span class='fn'>by Ellen<\/span><\/span><\/div><\/div><\/figcaption><\/figure><\/a><!--end av-masonry entry--><a href=\"https:\/\/grifk-handball.com\/naiset\/kausi-2025-26\/ennakot-2025-26\/vierasottelu-17-1-2026-15-00-dicken-vs-grifk\/\"  id='av-masonry-1-item-13876' data-av-masonry-item='13876' class='av-masonry-entry isotope-item post-13876 post type-post status-publish format-standard has-post-thumbnail hentry category-ennakot-2025-26 category-uutiset tag-aktialiga tag-aktialiiga tag-damernas-aktialiga tag-grifkdamer tag-grifkhandball tag-mathilda-sandblom tag-naisten-aktialiiga tag-otteluennakko tag-runkosarja  av-masonry-item-with-image' title=\"Lillis otteluennakko (2)\"   itemscope=\"itemscope\" itemtype=\"https:\/\/schema.org\/CreativeWork\" ><div class='av-inner-masonry-sizer'><\/div><figure class='av-inner-masonry main_color'><div class=\"av-masonry-outerimage-container\"><div class='av-masonry-image-container' style=\"background-image: url(https:\/\/grifk-handball.com\/naiset\/wp-content\/uploads\/sites\/3\/2025\/09\/Lillis-otteluennakko-2-705x470.png);\"  title=\"Lillis otteluennakko (2)\" ><\/div><\/div><figcaption class='av-inner-masonry-content site-background'><div class='av-inner-masonry-content-pos'><div class='av-inner-masonry-content-pos-content'><div class='avia-arrow'><\/div><h3 class='av-masonry-entry-title entry-title '  itemprop=\"headline\" >Vierasottelu 17.1.2026 * 15.00 Dicken vs GrIFK<\/h3><div class='av-masonry-entry-content entry-content'  itemprop=\"text\" ><div class='av-masonry-categories'>Ennakot-2025-26,Uutiset<\/div><\/div><span class='av-masonry-date meta-color updated'>16.1.2026<\/span><span class=\"av-masonry-text-sep text-sep-author\">\/<\/span><span class='av-masonry-author meta-color author'><span class='fn'>by Ellen<\/span><\/span><\/div><\/div><\/figcaption><\/figure><\/a><!--end av-masonry entry--><a href=\"https:\/\/grifk-handball.com\/naiset\/kausi-2025-26\/ottelut-2025-26\/matchrapport-10-1-sif-vs-grifk\/\"  id='av-masonry-1-item-13873' data-av-masonry-item='13873' class='av-masonry-entry isotope-item post-13873 post type-post status-publish format-standard has-post-thumbnail hentry category-kausi-2025-26 category-otteluraportit-2025-226 category-ottelut-2025-26 category-uutiset tag-aktialiga tag-aktialiiga tag-damernas-aktialiga tag-grifkdamer tag-grifkhandball tag-johanna-svanback tag-naisten-aktialiiga tag-matchrapport  av-masonry-item-with-image' title=\"GrIFK vs Cocks 2026-01-07 037\"   itemscope=\"itemscope\" itemtype=\"https:\/\/schema.org\/CreativeWork\" ><div class='av-inner-masonry-sizer'><\/div><figure class='av-inner-masonry main_color'><div class=\"av-masonry-outerimage-container\"><div class='av-masonry-image-container' style=\"background-image: url(https:\/\/grifk-handball.com\/naiset\/wp-content\/uploads\/sites\/3\/2026\/01\/GrIFK-vs-Cocks-2026-01-07-037-705x470.jpg);\"  title=\"GrIFK vs Cocks 2026-01-07 037\" ><\/div><\/div><figcaption class='av-inner-masonry-content site-background'><div class='av-inner-masonry-content-pos'><div class='av-inner-masonry-content-pos-content'><div class='avia-arrow'><\/div><h3 class='av-masonry-entry-title entry-title '  itemprop=\"headline\" >Matchrapport 10.1 SIF vs GrIFK<\/h3><div class='av-masonry-entry-content entry-content'  itemprop=\"text\" >En stabil match borta mot Sjunde\u00e5!<br \/>\r\n<br \/>\r\nEfter en tr\u00f6g start,\u2026<div class='av-masonry-categories'>Kausi-2025-26,Otteluraportit-2025-226,Ottelut-2025-26,Uutiset<\/div><\/div><span class='av-masonry-date meta-color updated'>15.1.2026<\/span><span class=\"av-masonry-text-sep text-sep-author\">\/<\/span><span class='av-masonry-author meta-color author'><span class='fn'>by Ellen<\/span><\/span><\/div><\/div><\/figcaption><\/figure><\/a><!--end av-masonry entry--><a href=\"https:\/\/grifk-handball.com\/naiset\/kausi-2025-26\/ottelut-2025-26\/otteluraportti-10-1-sif-vs-grifk\/\"  id='av-masonry-1-item-13869' data-av-masonry-item='13869' class='av-masonry-entry isotope-item post-13869 post type-post status-publish format-standard has-post-thumbnail hentry category-kausi-2025-26 category-otteluraportit-2025-226 category-ottelut-2025-26 category-uutiset tag-aktialiga tag-aktialiiga tag-damernas-aktialiga tag-grifkdamer tag-grifkhandball tag-johanna-svanback tag-naisten-aktialiiga tag-otteluraportti  av-masonry-item-with-image' title=\"GrIFK vs Cocks 2026-01-07 037\"   itemscope=\"itemscope\" itemtype=\"https:\/\/schema.org\/CreativeWork\" ><div class='av-inner-masonry-sizer'><\/div><figure class='av-inner-masonry main_color'><div class=\"av-masonry-outerimage-container\"><div class='av-masonry-image-container' style=\"background-image: url(https:\/\/grifk-handball.com\/naiset\/wp-content\/uploads\/sites\/3\/2026\/01\/GrIFK-vs-Cocks-2026-01-07-037-705x470.jpg);\"  title=\"GrIFK vs Cocks 2026-01-07 037\" ><\/div><\/div><figcaption class='av-inner-masonry-content site-background'><div class='av-inner-masonry-content-pos'><div class='av-inner-masonry-content-pos-content'><div class='avia-arrow'><\/div><h3 class='av-masonry-entry-title entry-title '  itemprop=\"headline\" >Otteluraportti 10.1. SIF vs GrIFK<\/h3><div class='av-masonry-entry-content entry-content'  itemprop=\"text\" >Vakaa esitys meilt\u00e4 Siuntiota vastaan!<br \/>\r\n<br \/>\r\nOttelun alku oli meid\u00e4n\u2026<div class='av-masonry-categories'>Kausi-2025-26,Otteluraportit-2025-226,Ottelut-2025-26,Uutiset<\/div><\/div><span class='av-masonry-date meta-color updated'>15.1.2026<\/span><span class=\"av-masonry-text-sep text-sep-author\">\/<\/span><span class='av-masonry-author meta-color author'><span class='fn'>by Ellen<\/span><\/span><\/div><\/div><\/figcaption><\/figure><\/a><!--end av-masonry entry--><a href=\"https:\/\/grifk-handball.com\/naiset\/kausi-2025-26\/ottelut-2025-26\/10-1-sif-vs-grifk-21-37-9-15\/\"  id='av-masonry-1-item-13864' data-av-masonry-item='13864' class='av-masonry-entry isotope-item post-13864 post type-post status-publish format-standard has-post-thumbnail hentry category-kausi-2025-26 category-ottelut-2025-26 category-uutiset tag-aktialiga tag-aktialiiga tag-damernas-aktialiga tag-grifkdamer tag-grifkhandball tag-naisten-aktialiiga  av-masonry-item-with-image' title=\"GrIFK vs Cocks 2026-01-07 074\"   itemscope=\"itemscope\" itemtype=\"https:\/\/schema.org\/CreativeWork\" ><div class='av-inner-masonry-sizer'><\/div><figure class='av-inner-masonry main_color'><div class=\"av-masonry-outerimage-container\"><div class='av-masonry-image-container' style=\"background-image: url(https:\/\/grifk-handball.com\/naiset\/wp-content\/uploads\/sites\/3\/2026\/01\/GrIFK-vs-Cocks-2026-01-07-074-705x491.jpg);\"  title=\"GrIFK vs Cocks 2026-01-07 074\" ><\/div><\/div><figcaption class='av-inner-masonry-content site-background'><div class='av-inner-masonry-content-pos'><div class='av-inner-masonry-content-pos-content'><div class='avia-arrow'><\/div><h3 class='av-masonry-entry-title entry-title '  itemprop=\"headline\" >10.1. SIF vs GrIFK 21\u201337 (9\u201315)<\/h3><div class='av-masonry-entry-content entry-content'  itemprop=\"text\" >GrIFK nappasi ansaitut kaksi pistett\u00e4 ottelussa, jossa avauspuoliaika\u2026<div class='av-masonry-categories'>Kausi-2025-26,Ottelut-2025-26,Uutiset<\/div><\/div><span class='av-masonry-date meta-color updated'>12.1.2026<\/span><span class=\"av-masonry-text-sep text-sep-author\">\/<\/span><span class='av-masonry-author meta-color author'><span class='fn'>by Ellen<\/span><\/span><\/div><\/div><\/figcaption><\/figure><\/a><!--end av-masonry entry--><a href=\"https:\/\/grifk-handball.com\/naiset\/kausi-2025-26\/ennakot-2025-26\/bortamatch-9-1-2026-15-00-sif-vs-grifk\/\"  id='av-masonry-1-item-13858' data-av-masonry-item='13858' class='av-masonry-entry isotope-item post-13858 post type-post status-publish format-standard has-post-thumbnail hentry category-ennakot-2025-26 category-uutiset tag-aktialiga tag-aktialiiga tag-damernas-aktialiga tag-grifkdamer tag-grifkhandball tag-johanna-svanback tag-naisten-aktialiiga tag-otteluennakko tag-runkosarja  av-masonry-item-with-image' title=\"Hilli otteluennakko\"   itemscope=\"itemscope\" itemtype=\"https:\/\/schema.org\/CreativeWork\" ><div class='av-inner-masonry-sizer'><\/div><figure class='av-inner-masonry main_color'><div class=\"av-masonry-outerimage-container\"><div class='av-masonry-image-container' style=\"background-image: url(https:\/\/grifk-handball.com\/naiset\/wp-content\/uploads\/sites\/3\/2025\/09\/Hilli-otteluennakko-705x470.png);\"  title=\"Hilli otteluennakko\" ><\/div><\/div><figcaption class='av-inner-masonry-content site-background'><div class='av-inner-masonry-content-pos'><div class='av-inner-masonry-content-pos-content'><div class='avia-arrow'><\/div><h3 class='av-masonry-entry-title entry-title '  itemprop=\"headline\" >Bortamatch 10.1.2026 * 15.00 SIF vs GrIFK<\/h3><div class='av-masonry-entry-content entry-content'  itemprop=\"text\" ><div class='av-masonry-categories'>Ennakot-2025-26,Uutiset<\/div><\/div><span class='av-masonry-date meta-color updated'>9.1.2026<\/span><span class=\"av-masonry-text-sep text-sep-author\">\/<\/span><span class='av-masonry-author meta-color author'><span class='fn'>by Ellen<\/span><\/span><\/div><\/div><\/figcaption><\/figure><\/a><!--end av-masonry entry--><a href=\"https:\/\/grifk-handball.com\/naiset\/kausi-2025-26\/ennakot-2025-26\/vierasottelu-9-1-2026-sif-vs-grifk\/\"  id='av-masonry-1-item-13855' data-av-masonry-item='13855' class='av-masonry-entry isotope-item post-13855 post type-post status-publish format-standard has-post-thumbnail hentry category-ennakot-2025-26 category-uutiset tag-aktialiga tag-aktialiiga tag-damernas-aktialiga tag-grifkdamer tag-grifkhandball tag-johanna-svanback tag-naisten-aktialiiga tag-otteluennakko tag-runkosarja  av-masonry-item-with-image' title=\"Hilli otteluennakko\"   itemscope=\"itemscope\" itemtype=\"https:\/\/schema.org\/CreativeWork\" ><div class='av-inner-masonry-sizer'><\/div><figure class='av-inner-masonry main_color'><div class=\"av-masonry-outerimage-container\"><div class='av-masonry-image-container' style=\"background-image: url(https:\/\/grifk-handball.com\/naiset\/wp-content\/uploads\/sites\/3\/2025\/09\/Hilli-otteluennakko-705x470.png);\"  title=\"Hilli otteluennakko\" ><\/div><\/div><figcaption class='av-inner-masonry-content site-background'><div class='av-inner-masonry-content-pos'><div class='av-inner-masonry-content-pos-content'><div class='avia-arrow'><\/div><h3 class='av-masonry-entry-title entry-title '  itemprop=\"headline\" >Vierasottelu 10.1.2026 * 15.00 SIF vs GrIFK<\/h3><div class='av-masonry-entry-content entry-content'  itemprop=\"text\" ><div class='av-masonry-categories'>Ennakot-2025-26,Uutiset<\/div><\/div><span class='av-masonry-date meta-color updated'>9.1.2026<\/span><span class=\"av-masonry-text-sep text-sep-author\">\/<\/span><span class='av-masonry-author meta-color author'><span class='fn'>by Ellen<\/span><\/span><\/div><\/div><\/figcaption><\/figure><\/a><!--end av-masonry entry--><a href=\"https:\/\/grifk-handball.com\/naiset\/kausi-2025-26\/ottelut-2025-26\/matchrapport-7-1-grifk-vs-cocks\/\"  id='av-masonry-1-item-13852' data-av-masonry-item='13852' class='av-masonry-entry isotope-item post-13852 post type-post status-publish format-standard has-post-thumbnail hentry category-kausi-2025-26 category-otteluraportit-2025-226 category-ottelut-2025-26 category-uutiset tag-aktialiga tag-aktialiiga tag-damernas-aktialiga tag-greta-wiren tag-grifkdamer tag-grifkhandball tag-naisten-aktialiiga tag-matchrapport  av-masonry-item-with-image' title=\"GrIFK vs Cocks 2026-01-07 040\"   itemscope=\"itemscope\" itemtype=\"https:\/\/schema.org\/CreativeWork\" ><div class='av-inner-masonry-sizer'><\/div><figure class='av-inner-masonry main_color'><div class=\"av-masonry-outerimage-container\"><div class='av-masonry-image-container' style=\"background-image: url(https:\/\/grifk-handball.com\/naiset\/wp-content\/uploads\/sites\/3\/2026\/01\/GrIFK-vs-Cocks-2026-01-07-040-705x470.jpg);\"  title=\"GrIFK vs Cocks 2026-01-07 040\" ><\/div><\/div><figcaption class='av-inner-masonry-content site-background'><div class='av-inner-masonry-content-pos'><div class='av-inner-masonry-content-pos-content'><div class='avia-arrow'><\/div><h3 class='av-masonry-entry-title entry-title '  itemprop=\"headline\" >Matchrapport 7.1 GrIFK vs Cocks<\/h3><div class='av-masonry-entry-content entry-content'  itemprop=\"text\" >Vinst i f\u00f6rsta matchen f\u00f6r 2026! \ud83d\udcaa\ud83c\udffb<br \/>\r\n<br \/>\r\nRoligt att b\u00f6rja\u2026<div class='av-masonry-categories'>Kausi-2025-26,Otteluraportit-2025-226,Ottelut-2025-26,Uutiset<\/div><\/div><span class='av-masonry-date meta-color updated'>9.1.2026<\/span><span class=\"av-masonry-text-sep text-sep-author\">\/<\/span><span class='av-masonry-author meta-color author'><span class='fn'>by Ellen<\/span><\/span><\/div><\/div><\/figcaption><\/figure><\/a><!--end av-masonry entry--><a href=\"https:\/\/grifk-handball.com\/naiset\/kausi-2025-26\/ottelut-2025-26\/otteluraportti-7-1-grifk-vs-cocks\/\"  id='av-masonry-1-item-13848' data-av-masonry-item='13848' class='av-masonry-entry isotope-item post-13848 post type-post status-publish format-standard has-post-thumbnail hentry category-kausi-2025-26 category-otteluraportit-2025-226 category-ottelut-2025-26 category-uutiset tag-aktialiga tag-aktialiiga tag-damernas-aktialiga tag-greta-wiren tag-grifkdamer tag-grifkhandball tag-naisten-aktialiiga tag-otteluraportti  av-masonry-item-with-image' title=\"GrIFK vs Cocks 2026-01-07 040\"   itemscope=\"itemscope\" itemtype=\"https:\/\/schema.org\/CreativeWork\" ><div class='av-inner-masonry-sizer'><\/div><figure class='av-inner-masonry main_color'><div class=\"av-masonry-outerimage-container\"><div class='av-masonry-image-container' style=\"background-image: url(https:\/\/grifk-handball.com\/naiset\/wp-content\/uploads\/sites\/3\/2026\/01\/GrIFK-vs-Cocks-2026-01-07-040-705x470.jpg);\"  title=\"GrIFK vs Cocks 2026-01-07 040\" ><\/div><\/div><figcaption class='av-inner-masonry-content site-background'><div class='av-inner-masonry-content-pos'><div class='av-inner-masonry-content-pos-content'><div class='avia-arrow'><\/div><h3 class='av-masonry-entry-title entry-title '  itemprop=\"headline\" >Otteluraportti 7.1. GrIFK vs Cocks<\/h3><div class='av-masonry-entry-content entry-content'  itemprop=\"text\" >Voitto vuoden avausottelusta! \ud83d\udcaa\ud83c\udffb<br \/>\r\n<br \/>\r\nHienoa aloittaa vuosi\u2026<div class='av-masonry-categories'>Kausi-2025-26,Otteluraportit-2025-226,Ottelut-2025-26,Uutiset<\/div><\/div><span class='av-masonry-date meta-color updated'>9.1.2026<\/span><span class=\"av-masonry-text-sep text-sep-author\">\/<\/span><span class='av-masonry-author meta-color author'><span class='fn'>by Ellen<\/span><\/span><\/div><\/div><\/figcaption><\/figure><\/a><!--end av-masonry entry--><a href=\"https:\/\/grifk-handball.com\/naiset\/kausi-2025-26\/ottelut-2025-26\/7-1-grifk-vs-cocks-33-22-14-9\/\"  id='av-masonry-1-item-13828' data-av-masonry-item='13828' class='av-masonry-entry isotope-item post-13828 post type-post status-publish format-standard has-post-thumbnail hentry category-kausi-2025-26 category-ottelut-2025-26 category-uutiset tag-aktialiga tag-aktialiiga tag-damernas-aktialiga tag-grifkdamer tag-grifkhandball tag-naisten-aktialiiga  av-masonry-item-with-image' title=\"GrIFK vs Cocks 2026-01-07 043\"   itemscope=\"itemscope\" itemtype=\"https:\/\/schema.org\/CreativeWork\" ><div class='av-inner-masonry-sizer'><\/div><figure class='av-inner-masonry main_color'><div class=\"av-masonry-outerimage-container\"><div class='av-masonry-image-container' style=\"background-image: url(https:\/\/grifk-handball.com\/naiset\/wp-content\/uploads\/sites\/3\/2026\/01\/GrIFK-vs-Cocks-2026-01-07-043-705x470.jpg);\"  title=\"GrIFK vs Cocks 2026-01-07 043\" ><\/div><\/div><figcaption class='av-inner-masonry-content site-background'><div class='av-inner-masonry-content-pos'><div class='av-inner-masonry-content-pos-content'><div class='avia-arrow'><\/div><h3 class='av-masonry-entry-title entry-title '  itemprop=\"headline\" >7.1. GrIFK vs Cocks 33\u201322 (14\u20139)<\/h3><div class='av-masonry-entry-content entry-content'  itemprop=\"text\" >GrIFK nappasi kotivoiton ottelussa, jossa peli aaltoili mutta\u2026<div class='av-masonry-categories'>Kausi-2025-26,Ottelut-2025-26,Uutiset<\/div><\/div><span class='av-masonry-date meta-color updated'>9.1.2026<\/span><span class=\"av-masonry-text-sep text-sep-author\">\/<\/span><span class='av-masonry-author meta-color author'><span class='fn'>by Ellen<\/span><\/span><\/div><\/div><\/figcaption><\/figure><\/a><!--end av-masonry entry--><a href=\"https:\/\/grifk-handball.com\/naiset\/kausi-2025-26\/ennakot-2025-26\/hemmamatch-7-1-2026-19-00-grifk-vs-cocks\/\"  id='av-masonry-1-item-13821' data-av-masonry-item='13821' class='av-masonry-entry isotope-item post-13821 post type-post status-publish format-standard has-post-thumbnail hentry category-ennakot-2025-26 category-uutiset tag-aktialiga tag-aktialiiga tag-damernas-aktialiga tag-greta-wiren tag-grifkdamer tag-grifkhandball tag-naisten-aktialiiga tag-otteluennakko tag-runkosarja  av-masonry-item-with-image' title=\"_B7A3603\"   itemscope=\"itemscope\" itemtype=\"https:\/\/schema.org\/CreativeWork\" ><div class='av-inner-masonry-sizer'><\/div><figure class='av-inner-masonry main_color'><div class=\"av-masonry-outerimage-container\"><div class='av-masonry-image-container' style=\"background-image: url(https:\/\/grifk-handball.com\/naiset\/wp-content\/uploads\/sites\/3\/2025\/09\/B7A3603-705x470.jpg);\"  title=\"_B7A3603\" ><\/div><\/div><figcaption class='av-inner-masonry-content site-background'><div class='av-inner-masonry-content-pos'><div class='av-inner-masonry-content-pos-content'><div class='avia-arrow'><\/div><h3 class='av-masonry-entry-title entry-title '  itemprop=\"headline\" >Hemmamatch 7.1.2026 * 19.00 GrIFK vs Cocks<\/h3><div class='av-masonry-entry-content entry-content'  itemprop=\"text\" ><div class='av-masonry-categories'>Ennakot-2025-26,Uutiset<\/div><\/div><span class='av-masonry-date meta-color updated'>6.1.2026<\/span><span class=\"av-masonry-text-sep text-sep-author\">\/<\/span><span class='av-masonry-author meta-color author'><span class='fn'>by Ellen<\/span><\/span><\/div><\/div><\/figcaption><\/figure><\/a><!--end av-masonry entry--><a href=\"https:\/\/grifk-handball.com\/naiset\/kausi-2025-26\/ennakot-2025-26\/kotiottelu-7-1-2026-19-00-grifk-vs-cocks\/\"  id='av-masonry-1-item-13812' data-av-masonry-item='13812' class='av-masonry-entry isotope-item post-13812 post type-post status-publish format-standard has-post-thumbnail hentry category-ennakot-2025-26 category-uutiset tag-aktialiga tag-aktialiiga tag-damernas-aktialiga tag-greta-wiren tag-grifkdamer tag-grifkhandball tag-naisten-aktialiiga tag-otteluennakko tag-runkosarja  av-masonry-item-with-image' title=\"_B7A3603\"   itemscope=\"itemscope\" itemtype=\"https:\/\/schema.org\/CreativeWork\" ><div class='av-inner-masonry-sizer'><\/div><figure class='av-inner-masonry main_color'><div class=\"av-masonry-outerimage-container\"><div class='av-masonry-image-container' style=\"background-image: url(https:\/\/grifk-handball.com\/naiset\/wp-content\/uploads\/sites\/3\/2025\/09\/B7A3603-705x470.jpg);\"  title=\"_B7A3603\" ><\/div><\/div><figcaption class='av-inner-masonry-content site-background'><div class='av-inner-masonry-content-pos'><div class='av-inner-masonry-content-pos-content'><div class='avia-arrow'><\/div><h3 class='av-masonry-entry-title entry-title '  itemprop=\"headline\" >Kotiottelu 7.1.2026 * GrIFK vs Cocks<\/h3><div class='av-masonry-entry-content entry-content'  itemprop=\"text\" ><div class='av-masonry-categories'>Ennakot-2025-26,Uutiset<\/div><\/div><span class='av-masonry-date meta-color updated'>6.1.2026<\/span><span class=\"av-masonry-text-sep text-sep-author\">\/<\/span><span class='av-masonry-author meta-color author'><span class='fn'>by Ellen<\/span><\/span><\/div><\/div><\/figcaption><\/figure><\/a><!--end av-masonry entry--><a href=\"https:\/\/grifk-handball.com\/naiset\/kausi-2025-26\/ottelut-2025-26\/matchrapport-20-12-atlas-vs-grifk\/\"  id='av-masonry-1-item-13790' data-av-masonry-item='13790' class='av-masonry-entry isotope-item post-13790 post type-post status-publish format-standard has-post-thumbnail hentry category-kausi-2025-26 category-otteluraportit-2025-226 category-ottelut-2025-26 category-uutiset tag-aktialiga tag-aktialiiga tag-damernas-aktialiga tag-grifkdamer tag-grifkhandball tag-naisten-aktialiiga tag-sandra-lundqvist tag-matchrapport  av-masonry-item-with-image' title=\"GB7A6023\"   itemscope=\"itemscope\" itemtype=\"https:\/\/schema.org\/CreativeWork\" ><div class='av-inner-masonry-sizer'><\/div><figure class='av-inner-masonry main_color'><div class=\"av-masonry-outerimage-container\"><div class='av-masonry-image-container' style=\"background-image: url(https:\/\/grifk-handball.com\/naiset\/wp-content\/uploads\/sites\/3\/2026\/01\/GB7A6023-705x470.jpg);\"  title=\"GB7A6023\" ><\/div><\/div><figcaption class='av-inner-masonry-content site-background'><div class='av-inner-masonry-content-pos'><div class='av-inner-masonry-content-pos-content'><div class='avia-arrow'><\/div><h3 class='av-masonry-entry-title entry-title '  itemprop=\"headline\" >Matchrapport 20.12 Atlas vs GrIFK<\/h3><div class='av-masonry-entry-content entry-content'  itemprop=\"text\" >F\u00f6rsta halvleken i matchen var v\u00e4ldigt ostabil fr\u00e5n v\u00e5rt\u2026<div class='av-masonry-categories'>Kausi-2025-26,Otteluraportit-2025-226,Ottelut-2025-26,Uutiset<\/div><\/div><span class='av-masonry-date meta-color updated'>3.1.2026<\/span><span class=\"av-masonry-text-sep text-sep-author\">\/<\/span><span class='av-masonry-author meta-color author'><span class='fn'>by Ellen<\/span><\/span><\/div><\/div><\/figcaption><\/figure><\/a><!--end av-masonry entry--><a href=\"https:\/\/grifk-handball.com\/naiset\/kausi-2025-26\/ottelut-2025-26\/otteluraportti-20-12-atlas-vs-grifk\/\"  id='av-masonry-1-item-13786' data-av-masonry-item='13786' class='av-masonry-entry isotope-item post-13786 post type-post status-publish format-standard has-post-thumbnail hentry category-kausi-2025-26 category-otteluraportit-2025-226 category-ottelut-2025-26 category-uutiset tag-aktialiga tag-aktialiiga tag-damernas-aktialiga tag-grifkdamer tag-grifkhandball tag-naisten-aktialiiga tag-otteluraportti tag-sandra-lundqvist  av-masonry-item-with-image' title=\"GB7A6023\"   itemscope=\"itemscope\" itemtype=\"https:\/\/schema.org\/CreativeWork\" ><div class='av-inner-masonry-sizer'><\/div><figure class='av-inner-masonry main_color'><div class=\"av-masonry-outerimage-container\"><div class='av-masonry-image-container' style=\"background-image: url(https:\/\/grifk-handball.com\/naiset\/wp-content\/uploads\/sites\/3\/2026\/01\/GB7A6023-705x470.jpg);\"  title=\"GB7A6023\" ><\/div><\/div><figcaption class='av-inner-masonry-content site-background'><div class='av-inner-masonry-content-pos'><div class='av-inner-masonry-content-pos-content'><div class='avia-arrow'><\/div><h3 class='av-masonry-entry-title entry-title '  itemprop=\"headline\" >Otteluraportti 20.12. Atlas vs GrIFK<\/h3><div class='av-masonry-entry-content entry-content'  itemprop=\"text\" >Ottelun ensimm\u00e4inen puoliaika oli meilt\u00e4 hyvin ep\u00e4tasainen\u2026<div class='av-masonry-categories'>Kausi-2025-26,Otteluraportit-2025-226,Ottelut-2025-26,Uutiset<\/div><\/div><span class='av-masonry-date meta-color updated'>3.1.2026<\/span><span class=\"av-masonry-text-sep text-sep-author\">\/<\/span><span class='av-masonry-author meta-color author'><span class='fn'>by Ellen<\/span><\/span><\/div><\/div><\/figcaption><\/figure><\/a><!--end av-masonry entry--><a href=\"https:\/\/grifk-handball.com\/naiset\/kausi-2025-26\/ottelut-2025-26\/20-12-atlas-vs-grifk-24-25-14-11\/\"  id='av-masonry-1-item-13782' data-av-masonry-item='13782' class='av-masonry-entry isotope-item post-13782 post type-post status-publish format-standard has-post-thumbnail hentry category-kausi-2025-26 category-ottelut-2025-26 category-uutiset tag-aktialiga tag-aktialiiga tag-damernas-aktialiga tag-grifkdamer tag-grifkhandball tag-naisten-aktialiiga  av-masonry-item-with-image' title=\"GB7A6221\"   itemscope=\"itemscope\" itemtype=\"https:\/\/schema.org\/CreativeWork\" ><div class='av-inner-masonry-sizer'><\/div><figure class='av-inner-masonry main_color'><div class=\"av-masonry-outerimage-container\"><div class='av-masonry-image-container' style=\"background-image: url(https:\/\/grifk-handball.com\/naiset\/wp-content\/uploads\/sites\/3\/2026\/01\/GB7A6221-705x470.jpg);\"  title=\"GB7A6221\" ><\/div><\/div><figcaption class='av-inner-masonry-content site-background'><div class='av-inner-masonry-content-pos'><div class='av-inner-masonry-content-pos-content'><div class='avia-arrow'><\/div><h3 class='av-masonry-entry-title entry-title '  itemprop=\"headline\" >20.12. Atlas vs GrIFK 24\u201325 (14\u201311)<\/h3><div class='av-masonry-entry-content entry-content'  itemprop=\"text\" >GrIFK:n ja Atlaksen kohtaaminen tarjosi yleis\u00f6lle tasaisen ja\u2026<div class='av-masonry-categories'>Kausi-2025-26,Ottelut-2025-26,Uutiset<\/div><\/div><span class='av-masonry-date meta-color updated'>3.1.2026<\/span><span class=\"av-masonry-text-sep text-sep-author\">\/<\/span><span class='av-masonry-author meta-color author'><span class='fn'>by Ellen<\/span><\/span><\/div><\/div><\/figcaption><\/figure><\/a><!--end av-masonry entry--><a href=\"https:\/\/grifk-handball.com\/naiset\/kausi-2025-26\/ennakot-2025-26\/bortamatch-20-12-2025-16-00-atlas-vs-grifk\/\"  id='av-masonry-1-item-13779' data-av-masonry-item='13779' class='av-masonry-entry isotope-item post-13779 post type-post status-publish format-standard has-post-thumbnail hentry category-ennakot-2025-26 category-uutiset tag-aktialiga tag-aktialiiga tag-damernas-aktialiga tag-grifkdamer tag-grifkhandball tag-naisten-aktialiiga tag-otteluennakko tag-sandra-lundqvist tag-runkosarja  av-masonry-item-with-image' title=\"Sandran ennakko(1)\"   itemscope=\"itemscope\" itemtype=\"https:\/\/schema.org\/CreativeWork\" ><div class='av-inner-masonry-sizer'><\/div><figure class='av-inner-masonry main_color'><div class=\"av-masonry-outerimage-container\"><div class='av-masonry-image-container' style=\"background-image: url(https:\/\/grifk-handball.com\/naiset\/wp-content\/uploads\/sites\/3\/2025\/12\/Sandran-ennakko1-705x470.png);\"  title=\"Sandran ennakko(1)\" ><\/div><\/div><figcaption class='av-inner-masonry-content site-background'><div class='av-inner-masonry-content-pos'><div class='av-inner-masonry-content-pos-content'><div class='avia-arrow'><\/div><h3 class='av-masonry-entry-title entry-title '  itemprop=\"headline\" >Bortamatch 20.12.2025 * 16.00 Atlas vs GrIFK<\/h3><div class='av-masonry-entry-content entry-content'  itemprop=\"text\" >P\u00e5 l\u00f6rdagen \u00e4r det dags f\u00f6r \u00e5rets sista match, d\u00e5 vi m\u00f6ter\u2026<div class='av-masonry-categories'>Ennakot-2025-26,Uutiset<\/div><\/div><span class='av-masonry-date meta-color updated'>20.12.2025<\/span><span class=\"av-masonry-text-sep text-sep-author\">\/<\/span><span class='av-masonry-author meta-color author'><span class='fn'>by Ellen<\/span><\/span><\/div><\/div><\/figcaption><\/figure><\/a><!--end av-masonry entry--><a href=\"https:\/\/grifk-handball.com\/naiset\/kausi-2025-26\/ennakot-2025-26\/vierasottelu-20-12-2025-16-00-atlas-vs-grifk\/\"  id='av-masonry-1-item-13775' data-av-masonry-item='13775' class='av-masonry-entry isotope-item post-13775 post type-post status-publish format-standard has-post-thumbnail hentry category-ennakot-2025-26 category-uutiset tag-aktialiga tag-aktialiiga tag-damernas-aktialiga tag-grifkdamer tag-grifkhandball tag-naisten-aktialiiga tag-otteluennakko tag-sandra-lundqvist tag-runkosarja  av-masonry-item-with-image' title=\"Sandran ennakko(1)\"   itemscope=\"itemscope\" itemtype=\"https:\/\/schema.org\/CreativeWork\" ><div class='av-inner-masonry-sizer'><\/div><figure class='av-inner-masonry main_color'><div class=\"av-masonry-outerimage-container\"><div class='av-masonry-image-container' style=\"background-image: url(https:\/\/grifk-handball.com\/naiset\/wp-content\/uploads\/sites\/3\/2025\/12\/Sandran-ennakko1-705x470.png);\"  title=\"Sandran ennakko(1)\" ><\/div><\/div><figcaption class='av-inner-masonry-content site-background'><div class='av-inner-masonry-content-pos'><div class='av-inner-masonry-content-pos-content'><div class='avia-arrow'><\/div><h3 class='av-masonry-entry-title entry-title '  itemprop=\"headline\" >Vierasottelu 20.12.2025 * 16.00 Atlas vs GrIFK<\/h3><div class='av-masonry-entry-content entry-content'  itemprop=\"text\" >Lauantaina on vuorossa vuoden viimeinen ottelu, kun matkustamme\u2026<div class='av-masonry-categories'>Ennakot-2025-26,Uutiset<\/div><\/div><span class='av-masonry-date meta-color updated'>20.12.2025<\/span><span class=\"av-masonry-text-sep text-sep-author\">\/<\/span><span class='av-masonry-author meta-color author'><span class='fn'>by Ellen<\/span><\/span><\/div><\/div><\/figcaption><\/figure><\/a><!--end av-masonry entry--><a href=\"https:\/\/grifk-handball.com\/naiset\/kausi-2025-26\/ottelut-2025-26\/matchrapport-17-12-grifk-vs-dicken\/\"  id='av-masonry-1-item-13770' data-av-masonry-item='13770' class='av-masonry-entry isotope-item post-13770 post type-post status-publish format-standard has-post-thumbnail hentry category-kausi-2025-26 category-otteluraportit-2025-226 category-ottelut-2025-26 category-uutiset tag-aktialiga tag-aktialiiga tag-damernas-aktialiga tag-grifkdamer tag-grifkhandball tag-naisten-aktialiiga tag-trine-bjorkqvist tag-matchrapport  av-masonry-item-with-image' title=\"2I1A1793\"   itemscope=\"itemscope\" itemtype=\"https:\/\/schema.org\/CreativeWork\" ><div class='av-inner-masonry-sizer'><\/div><figure class='av-inner-masonry main_color'><div class=\"av-masonry-outerimage-container\"><div class='av-masonry-image-container' style=\"background-image: url(https:\/\/grifk-handball.com\/naiset\/wp-content\/uploads\/sites\/3\/2025\/12\/2I1A1793-705x470.jpg);\"  title=\"2I1A1793\" ><\/div><\/div><figcaption class='av-inner-masonry-content site-background'><div class='av-inner-masonry-content-pos'><div class='av-inner-masonry-content-pos-content'><div class='avia-arrow'><\/div><h3 class='av-masonry-entry-title entry-title '  itemprop=\"headline\" >Matchrapport 17.12 GrIFK vs Dicken<\/h3><div class='av-masonry-entry-content entry-content'  itemprop=\"text\" >Vi b\u00f6rjade matchen bra, med ett aktivt och aggressivt f\u00f6rsvarsspel\u2026<div class='av-masonry-categories'>Kausi-2025-26,Otteluraportit-2025-226,Ottelut-2025-26,Uutiset<\/div><\/div><span class='av-masonry-date meta-color updated'>18.12.2025<\/span><span class=\"av-masonry-text-sep text-sep-author\">\/<\/span><span class='av-masonry-author meta-color author'><span class='fn'>by Ellen<\/span><\/span><\/div><\/div><\/figcaption><\/figure><\/a><!--end av-masonry entry--><a href=\"https:\/\/grifk-handball.com\/naiset\/kausi-2025-26\/ottelut-2025-26\/otteluraportti-17-12-grifk-vs-dicken\/\"  id='av-masonry-1-item-13766' data-av-masonry-item='13766' class='av-masonry-entry isotope-item post-13766 post type-post status-publish format-standard has-post-thumbnail hentry category-kausi-2025-26 category-otteluraportit-2025-226 category-ottelut-2025-26 category-uutiset tag-aktialiga tag-aktialiiga tag-damernas-aktialiga tag-grifkdamer tag-grifkhandball tag-naisten-aktialiiga tag-otteluraportti tag-trine-bjorkqvist  av-masonry-item-with-image' title=\"2I1A1793\"   itemscope=\"itemscope\" itemtype=\"https:\/\/schema.org\/CreativeWork\" ><div class='av-inner-masonry-sizer'><\/div><figure class='av-inner-masonry main_color'><div class=\"av-masonry-outerimage-container\"><div class='av-masonry-image-container' style=\"background-image: url(https:\/\/grifk-handball.com\/naiset\/wp-content\/uploads\/sites\/3\/2025\/12\/2I1A1793-705x470.jpg);\"  title=\"2I1A1793\" ><\/div><\/div><figcaption class='av-inner-masonry-content site-background'><div class='av-inner-masonry-content-pos'><div class='av-inner-masonry-content-pos-content'><div class='avia-arrow'><\/div><h3 class='av-masonry-entry-title entry-title '  itemprop=\"headline\" >Otteluraportti 17.12. GrIFK vs Dicken<\/h3><div class='av-masonry-entry-content entry-content'  itemprop=\"text\" >Aloitimme ottelun vahvasti aktiivisella ja aggressiivisella puolustuksella,\u2026<div class='av-masonry-categories'>Kausi-2025-26,Otteluraportit-2025-226,Ottelut-2025-26,Uutiset<\/div><\/div><span class='av-masonry-date meta-color updated'>18.12.2025<\/span><span class=\"av-masonry-text-sep text-sep-author\">\/<\/span><span class='av-masonry-author meta-color author'><span class='fn'>by Ellen<\/span><\/span><\/div><\/div><\/figcaption><\/figure><\/a><!--end av-masonry entry--><a href=\"https:\/\/grifk-handball.com\/naiset\/kausi-2025-26\/ottelut-2025-26\/17-12-grifk-vs-dicken-32-22-17-9\/\"  id='av-masonry-1-item-13745' data-av-masonry-item='13745' class='av-masonry-entry isotope-item post-13745 post type-post status-publish format-standard has-post-thumbnail hentry category-kausi-2025-26 category-ottelut-2025-26 category-uutiset tag-aktialiga tag-aktialiiga tag-damernas-aktialiga tag-grifkdamer tag-grifkhandball tag-naisten-aktialiiga  av-masonry-item-with-image' title=\"GB7A0887(1)\"   itemscope=\"itemscope\" itemtype=\"https:\/\/schema.org\/CreativeWork\" ><div class='av-inner-masonry-sizer'><\/div><figure class='av-inner-masonry main_color'><div class=\"av-masonry-outerimage-container\"><div class='av-masonry-image-container' style=\"background-image: url(https:\/\/grifk-handball.com\/naiset\/wp-content\/uploads\/sites\/3\/2025\/12\/GB7A08871-705x470.jpg);\"  title=\"GB7A0887(1)\" ><\/div><\/div><figcaption class='av-inner-masonry-content site-background'><div class='av-inner-masonry-content-pos'><div class='av-inner-masonry-content-pos-content'><div class='avia-arrow'><\/div><h3 class='av-masonry-entry-title entry-title '  itemprop=\"headline\" >17.12. GrIFK vs Dicken 32\u201322 (17\u20139)<\/h3><div class='av-masonry-entry-content entry-content'  itemprop=\"text\" >GrIFK sai otteluun erinomaisen startin ja pystyi rakentamaan\u2026<div class='av-masonry-categories'>Kausi-2025-26,Ottelut-2025-26,Uutiset<\/div><\/div><span class='av-masonry-date meta-color updated'>18.12.2025<\/span><span class=\"av-masonry-text-sep text-sep-author\">\/<\/span><span class='av-masonry-author meta-color author'><span class='fn'>by Ellen<\/span><\/span><\/div><\/div><\/figcaption><\/figure><\/a><!--end av-masonry entry--><a href=\"https:\/\/grifk-handball.com\/naiset\/kausi-2025-26\/ennakot-2025-26\/hemmamatch-17-12-2025-18-00-grifk-vs-dicken\/\"  id='av-masonry-1-item-13741' data-av-masonry-item='13741' class='av-masonry-entry isotope-item post-13741 post type-post status-publish format-standard has-post-thumbnail hentry category-ennakot-2025-26 category-uutiset tag-aktialiga tag-aktialiiga tag-damernas-aktialiga tag-grifkdamer tag-grifkhandball tag-naisten-aktialiiga tag-otteluennakko tag-trine-bjorkqvist tag-runkosarja  av-masonry-item-with-image' title=\"Trinen ennakko\"   itemscope=\"itemscope\" itemtype=\"https:\/\/schema.org\/CreativeWork\" ><div class='av-inner-masonry-sizer'><\/div><figure class='av-inner-masonry main_color'><div class=\"av-masonry-outerimage-container\"><div class='av-masonry-image-container' style=\"background-image: url(https:\/\/grifk-handball.com\/naiset\/wp-content\/uploads\/sites\/3\/2025\/12\/Trinen-ennakko-705x470.png);\"  title=\"Trinen ennakko\" ><\/div><\/div><figcaption class='av-inner-masonry-content site-background'><div class='av-inner-masonry-content-pos'><div class='av-inner-masonry-content-pos-content'><div class='avia-arrow'><\/div><h3 class='av-masonry-entry-title entry-title '  itemprop=\"headline\" >Hemmamatch 17.12.2025 * 18.00 GrIFK vs Dicken<\/h3><div class='av-masonry-entry-content entry-content'  itemprop=\"text\" >Imorgon ska vi spela den tredje matchen p\u00e5 kort tid, d\u00e5 Dicken\u2026<div class='av-masonry-categories'>Ennakot-2025-26,Uutiset<\/div><\/div><span class='av-masonry-date meta-color updated'>16.12.2025<\/span><span class=\"av-masonry-text-sep text-sep-author\">\/<\/span><span class='av-masonry-author meta-color author'><span class='fn'>by Ellen<\/span><\/span><\/div><\/div><\/figcaption><\/figure><\/a><!--end av-masonry entry--><a href=\"https:\/\/grifk-handball.com\/naiset\/kausi-2025-26\/ennakot-2025-26\/kotiottelu-17-12-2025-18-00-grifk-vs-dicken\/\"  id='av-masonry-1-item-13740' data-av-masonry-item='13740' class='av-masonry-entry isotope-item post-13740 post type-post status-publish format-standard has-post-thumbnail hentry category-ennakot-2025-26 category-uutiset tag-aktialiga tag-aktialiiga tag-damernas-aktialiga tag-grifkdamer tag-grifkhandball tag-naisten-aktialiiga tag-otteluennakko tag-trine-bjorkqvist tag-runkosarja  av-masonry-item-with-image' title=\"Trinen ennakko\"   itemscope=\"itemscope\" itemtype=\"https:\/\/schema.org\/CreativeWork\" ><div class='av-inner-masonry-sizer'><\/div><figure class='av-inner-masonry main_color'><div class=\"av-masonry-outerimage-container\"><div class='av-masonry-image-container' style=\"background-image: url(https:\/\/grifk-handball.com\/naiset\/wp-content\/uploads\/sites\/3\/2025\/12\/Trinen-ennakko-705x470.png);\"  title=\"Trinen ennakko\" ><\/div><\/div><figcaption class='av-inner-masonry-content site-background'><div class='av-inner-masonry-content-pos'><div class='av-inner-masonry-content-pos-content'><div class='avia-arrow'><\/div><h3 class='av-masonry-entry-title entry-title '  itemprop=\"headline\" >Kotiottelu 17.12.2025 * 18.00 GrIFK vs Dicken<\/h3><div class='av-masonry-entry-content entry-content'  itemprop=\"text\" >Huomenna pelaamme jo lyhyen ajan sis\u00e4ll\u00e4 kolmannen ottelumme,\u2026<div class='av-masonry-categories'>Ennakot-2025-26,Uutiset<\/div><\/div><span class='av-masonry-date meta-color updated'>16.12.2025<\/span><span class=\"av-masonry-text-sep text-sep-author\">\/<\/span><span class='av-masonry-author meta-color author'><span class='fn'>by Ellen<\/span><\/span><\/div><\/div><\/figcaption><\/figure><\/a><!--end av-masonry entry--><a href=\"https:\/\/grifk-handball.com\/naiset\/kausi-2025-26\/ottelut-2025-26\/matchrapport-13-12-grifk-vs-sif\/\"  id='av-masonry-1-item-13735' data-av-masonry-item='13735' class='av-masonry-entry isotope-item post-13735 post type-post status-publish format-standard has-post-thumbnail hentry category-kausi-2025-26 category-otteluraportit-2025-226 category-ottelut-2025-26 category-uutiset tag-aktialiga tag-aktialiiga tag-damernas-aktialiga tag-grifkdamer tag-grifkhandball tag-lovisa-von-knorring tag-naisten-aktialiiga tag-matchrapport  av-masonry-item-with-image' title=\"GB7A2819\"   itemscope=\"itemscope\" itemtype=\"https:\/\/schema.org\/CreativeWork\" ><div class='av-inner-masonry-sizer'><\/div><figure class='av-inner-masonry main_color'><div class=\"av-masonry-outerimage-container\"><div class='av-masonry-image-container' style=\"background-image: url(https:\/\/grifk-handball.com\/naiset\/wp-content\/uploads\/sites\/3\/2025\/12\/GB7A2819-705x470.jpg);\"  title=\"GB7A2819\" ><\/div><\/div><figcaption class='av-inner-masonry-content site-background'><div class='av-inner-masonry-content-pos'><div class='av-inner-masonry-content-pos-content'><div class='avia-arrow'><\/div><h3 class='av-masonry-entry-title entry-title '  itemprop=\"headline\" >Matchrapport 13.12 GrIFK vs SIF<\/h3><div class='av-masonry-entry-content entry-content'  itemprop=\"text\" >Vi g\u00f6r en bra laginsats mot Sjunde\u00e5 IF och vinner matchen med\u2026<div class='av-masonry-categories'>Kausi-2025-26,Otteluraportit-2025-226,Ottelut-2025-26,Uutiset<\/div><\/div><span class='av-masonry-date meta-color updated'>16.12.2025<\/span><span class=\"av-masonry-text-sep text-sep-author\">\/<\/span><span class='av-masonry-author meta-color author'><span class='fn'>by Ellen<\/span><\/span><\/div><\/div><\/figcaption><\/figure><\/a><!--end av-masonry entry--><a href=\"https:\/\/grifk-handball.com\/naiset\/kausi-2025-26\/ottelut-2025-26\/otteluraportti-13-12-grifk-vs-sif\/\"  id='av-masonry-1-item-13734' data-av-masonry-item='13734' class='av-masonry-entry isotope-item post-13734 post type-post status-publish format-standard has-post-thumbnail hentry category-kausi-2025-26 category-otteluraportit-2025-226 category-ottelut-2025-26 category-uutiset tag-aktialiga tag-aktialiiga tag-damernas-aktialiga tag-grifkdamer tag-grifkhandball tag-lovisa-von-knorring tag-naisten-aktialiiga tag-otteluraportti  av-masonry-item-with-image' title=\"GB7A2819\"   itemscope=\"itemscope\" itemtype=\"https:\/\/schema.org\/CreativeWork\" ><div class='av-inner-masonry-sizer'><\/div><figure class='av-inner-masonry main_color'><div class=\"av-masonry-outerimage-container\"><div class='av-masonry-image-container' style=\"background-image: url(https:\/\/grifk-handball.com\/naiset\/wp-content\/uploads\/sites\/3\/2025\/12\/GB7A2819-705x470.jpg);\"  title=\"GB7A2819\" ><\/div><\/div><figcaption class='av-inner-masonry-content site-background'><div class='av-inner-masonry-content-pos'><div class='av-inner-masonry-content-pos-content'><div class='avia-arrow'><\/div><h3 class='av-masonry-entry-title entry-title '  itemprop=\"headline\" >Otteluraportti 13.12. GrIFK vs SIF<\/h3><div class='av-masonry-entry-content entry-content'  itemprop=\"text\" >Pelasimme SIF:i\u00e4 vastaan eritt\u00e4in vakuuttavan ottelun ja voitimme\u2026<div class='av-masonry-categories'>Kausi-2025-26,Otteluraportit-2025-226,Ottelut-2025-26,Uutiset<\/div><\/div><span class='av-masonry-date meta-color updated'>16.12.2025<\/span><span class=\"av-masonry-text-sep text-sep-author\">\/<\/span><span class='av-masonry-author meta-color author'><span class='fn'>by Ellen<\/span><\/span><\/div><\/div><\/figcaption><\/figure><\/a><!--end av-masonry entry--><a href=\"https:\/\/grifk-handball.com\/naiset\/kausi-2025-26\/ottelut-2025-26\/13-12-grifk-vs-sif-40-17-18-7\/\"  id='av-masonry-1-item-13730' data-av-masonry-item='13730' class='av-masonry-entry isotope-item post-13730 post type-post status-publish format-standard has-post-thumbnail hentry category-kausi-2025-26 category-ottelut-2025-26 category-uutiset tag-aktialiga tag-aktialiiga tag-damernas-aktialiga tag-grifkdamer tag-grifkhandball tag-naisten-aktialiiga  av-masonry-item-with-image' title=\"GB7A6874\"   itemscope=\"itemscope\" itemtype=\"https:\/\/schema.org\/CreativeWork\" ><div class='av-inner-masonry-sizer'><\/div><figure class='av-inner-masonry main_color'><div class=\"av-masonry-outerimage-container\"><div class='av-masonry-image-container' style=\"background-image: url(https:\/\/grifk-handball.com\/naiset\/wp-content\/uploads\/sites\/3\/2025\/12\/GB7A6874-705x471.jpg);\"  title=\"GB7A6874\" ><\/div><\/div><figcaption class='av-inner-masonry-content site-background'><div class='av-inner-masonry-content-pos'><div class='av-inner-masonry-content-pos-content'><div class='avia-arrow'><\/div><h3 class='av-masonry-entry-title entry-title '  itemprop=\"headline\" >13.12. GrIFK vs SIF 40\u201317 (18\u20137)<\/h3><div class='av-masonry-entry-content entry-content'  itemprop=\"text\" >GrIFK pelasi kotikent\u00e4ll\u00e4\u00e4n varman ja tasaisen ottelun SIF:i\u00e4\u2026<div class='av-masonry-categories'>Kausi-2025-26,Ottelut-2025-26,Uutiset<\/div><\/div><span class='av-masonry-date meta-color updated'>15.12.2025<\/span><span class=\"av-masonry-text-sep text-sep-author\">\/<\/span><span class='av-masonry-author meta-color author'><span class='fn'>by Ellen<\/span><\/span><\/div><\/div><\/figcaption><\/figure><\/a><!--end av-masonry entry--><a href=\"https:\/\/grifk-handball.com\/naiset\/kausi-2025-26\/ennakot-2025-26\/hemmamatch-13-12-2025-13-30-grifk-vs-sif\/\"  id='av-masonry-1-item-13727' data-av-masonry-item='13727' class='av-masonry-entry isotope-item post-13727 post type-post status-publish format-standard has-post-thumbnail hentry category-ennakot-2025-26 category-uutiset tag-aktialiga tag-aktialiiga tag-damernas-aktialiga tag-grifkdamer tag-grifkhandball tag-lovisa-von-knorring tag-naisten-aktialiiga tag-otteluennakko tag-runkosarja  av-masonry-item-with-image' title=\"GB7A0936(1)\"   itemscope=\"itemscope\" itemtype=\"https:\/\/schema.org\/CreativeWork\" ><div class='av-inner-masonry-sizer'><\/div><figure class='av-inner-masonry main_color'><div class=\"av-masonry-outerimage-container\"><div class='av-masonry-image-container' style=\"background-image: url(https:\/\/grifk-handball.com\/naiset\/wp-content\/uploads\/sites\/3\/2025\/12\/GB7A09361-705x470.jpg);\"  title=\"GB7A0936(1)\" ><\/div><\/div><figcaption class='av-inner-masonry-content site-background'><div class='av-inner-masonry-content-pos'><div class='av-inner-masonry-content-pos-content'><div class='avia-arrow'><\/div><h3 class='av-masonry-entry-title entry-title '  itemprop=\"headline\" >Hemmamatch 13.12.2025 * 13.30 GrIFK vs SIF<\/h3><div class='av-masonry-entry-content entry-content'  itemprop=\"text\" >I onsdagens match mot BK-46 fick vi verkligen visa vad vi tr\u00e4nat\u2026<div class='av-masonry-categories'>Ennakot-2025-26,Uutiset<\/div><\/div><span class='av-masonry-date meta-color updated'>13.12.2025<\/span><span class=\"av-masonry-text-sep text-sep-author\">\/<\/span><span class='av-masonry-author meta-color author'><span class='fn'>by Ellen<\/span><\/span><\/div><\/div><\/figcaption><\/figure><\/a><!--end av-masonry entry--><a href=\"https:\/\/grifk-handball.com\/naiset\/kausi-2025-26\/ennakot-2025-26\/kotiottelu-13-12-2025-13-30-grifk-vs-sif\/\"  id='av-masonry-1-item-13723' data-av-masonry-item='13723' class='av-masonry-entry isotope-item post-13723 post type-post status-publish format-standard has-post-thumbnail hentry category-ennakot-2025-26 category-uutiset tag-aktialiga tag-aktialiiga tag-damernas-aktialiga tag-grifkdamer tag-grifkhandball tag-lovisa-von-knorring tag-naisten-aktialiiga tag-otteluennakko tag-runkosarja  av-masonry-item-with-image' title=\"GB7A0936(1)\"   itemscope=\"itemscope\" itemtype=\"https:\/\/schema.org\/CreativeWork\" ><div class='av-inner-masonry-sizer'><\/div><figure class='av-inner-masonry main_color'><div class=\"av-masonry-outerimage-container\"><div class='av-masonry-image-container' style=\"background-image: url(https:\/\/grifk-handball.com\/naiset\/wp-content\/uploads\/sites\/3\/2025\/12\/GB7A09361-705x470.jpg);\"  title=\"GB7A0936(1)\" ><\/div><\/div><figcaption class='av-inner-masonry-content site-background'><div class='av-inner-masonry-content-pos'><div class='av-inner-masonry-content-pos-content'><div class='avia-arrow'><\/div><h3 class='av-masonry-entry-title entry-title '  itemprop=\"headline\" >Kotiottelu 13.12.2025 * 13.30 GrIFK vs SIF<\/h3><div class='av-masonry-entry-content entry-content'  itemprop=\"text\" >Keskiviikon ottelussa BK-46:ta vastaan p\u00e4\u00e4simme todella n\u00e4ytt\u00e4m\u00e4\u00e4n,\u2026<div class='av-masonry-categories'>Ennakot-2025-26,Uutiset<\/div><\/div><span class='av-masonry-date meta-color updated'>13.12.2025<\/span><span class=\"av-masonry-text-sep text-sep-author\">\/<\/span><span class='av-masonry-author meta-color author'><span class='fn'>by Ellen<\/span><\/span><\/div><\/div><\/figcaption><\/figure><\/a><!--end av-masonry entry--><a href=\"https:\/\/grifk-handball.com\/naiset\/kausi-2025-26\/ottelut-2025-26\/matchrapport-10-12-grifk-vs-bk-46\/\"  id='av-masonry-1-item-13720' data-av-masonry-item='13720' class='av-masonry-entry isotope-item post-13720 post type-post status-publish format-standard has-post-thumbnail hentry category-kausi-2025-26 category-otteluraportit-2025-226 category-ottelut-2025-26 category-uutiset tag-aktialiga tag-aktialiiga tag-alexandra-olsson tag-damernas-aktialiga tag-grifkdamer tag-grifkhandball tag-naisten-aktialiiga tag-matchrapport  av-masonry-item-with-image' title=\"2I1A1707\"   itemscope=\"itemscope\" itemtype=\"https:\/\/schema.org\/CreativeWork\" ><div class='av-inner-masonry-sizer'><\/div><figure class='av-inner-masonry main_color'><div class=\"av-masonry-outerimage-container\"><div class='av-masonry-image-container' style=\"background-image: url(https:\/\/grifk-handball.com\/naiset\/wp-content\/uploads\/sites\/3\/2025\/12\/2I1A1707-705x470.jpg);\"  title=\"2I1A1707\" ><\/div><\/div><figcaption class='av-inner-masonry-content site-background'><div class='av-inner-masonry-content-pos'><div class='av-inner-masonry-content-pos-content'><div class='avia-arrow'><\/div><h3 class='av-masonry-entry-title entry-title '  itemprop=\"headline\" >Matchrapport 10.12 GrIFK vs BK-46<\/h3><div class='av-masonry-entry-content entry-content'  itemprop=\"text\" >I onsdagens match mot BK-46 g\u00f6r vi en otrolig laginsats och\u2026<div class='av-masonry-categories'>Kausi-2025-26,Otteluraportit-2025-226,Ottelut-2025-26,Uutiset<\/div><\/div><span class='av-masonry-date meta-color updated'>13.12.2025<\/span><span class=\"av-masonry-text-sep text-sep-author\">\/<\/span><span class='av-masonry-author meta-color author'><span class='fn'>by Ellen<\/span><\/span><\/div><\/div><\/figcaption><\/figure><\/a><!--end av-masonry entry--><a href=\"https:\/\/grifk-handball.com\/naiset\/kausi-2025-26\/ottelut-2025-26\/otteluraportti-10-12-grifk-vs-bk-46\/\"  id='av-masonry-1-item-13717' data-av-masonry-item='13717' class='av-masonry-entry isotope-item post-13717 post type-post status-publish format-standard has-post-thumbnail hentry category-kausi-2025-26 category-otteluraportit-2025-226 category-ottelut-2025-26 category-uutiset tag-aktialiga tag-aktialiiga tag-alexandra-olsson tag-damernas-aktialiga tag-grifkdamer tag-grifkhandball tag-naisten-aktialiiga tag-otteluraportti  av-masonry-item-with-image' title=\"2I1A1707\"   itemscope=\"itemscope\" itemtype=\"https:\/\/schema.org\/CreativeWork\" ><div class='av-inner-masonry-sizer'><\/div><figure class='av-inner-masonry main_color'><div class=\"av-masonry-outerimage-container\"><div class='av-masonry-image-container' style=\"background-image: url(https:\/\/grifk-handball.com\/naiset\/wp-content\/uploads\/sites\/3\/2025\/12\/2I1A1707-705x470.jpg);\"  title=\"2I1A1707\" ><\/div><\/div><figcaption class='av-inner-masonry-content site-background'><div class='av-inner-masonry-content-pos'><div class='av-inner-masonry-content-pos-content'><div class='avia-arrow'><\/div><h3 class='av-masonry-entry-title entry-title '  itemprop=\"headline\" >Otteluraportti 10.12. GrIFK vs BK-46<\/h3><div class='av-masonry-entry-content entry-content'  itemprop=\"text\" >Keskiviikon ottelussa BK-46:ta vastaan pelasimme hienon ottelun,\u2026<div class='av-masonry-categories'>Kausi-2025-26,Otteluraportit-2025-226,Ottelut-2025-26,Uutiset<\/div><\/div><span class='av-masonry-date meta-color updated'>13.12.2025<\/span><span class=\"av-masonry-text-sep text-sep-author\">\/<\/span><span class='av-masonry-author meta-color author'><span class='fn'>by Ellen<\/span><\/span><\/div><\/div><\/figcaption><\/figure><\/a><!--end av-masonry entry--><a href=\"https:\/\/grifk-handball.com\/naiset\/kausi-2025-26\/ottelut-2025-26\/10-12-grifk-vs-bk-46-37-34-17-11\/\"  id='av-masonry-1-item-13707' data-av-masonry-item='13707' class='av-masonry-entry isotope-item post-13707 post type-post status-publish format-standard has-post-thumbnail hentry category-kausi-2025-26 category-ottelut-2025-26 category-uutiset tag-aktialiga tag-aktialiiga tag-damernas-aktialiga tag-grifkdamer tag-grifkhandball tag-naisten-aktialiiga  av-masonry-item-with-image' title=\"2I1A1522\"   itemscope=\"itemscope\" itemtype=\"https:\/\/schema.org\/CreativeWork\" ><div class='av-inner-masonry-sizer'><\/div><figure class='av-inner-masonry main_color'><div class=\"av-masonry-outerimage-container\"><div class='av-masonry-image-container' style=\"background-image: url(https:\/\/grifk-handball.com\/naiset\/wp-content\/uploads\/sites\/3\/2025\/12\/2I1A1522-705x484.jpg);\"  title=\"2I1A1522\" ><\/div><\/div><figcaption class='av-inner-masonry-content site-background'><div class='av-inner-masonry-content-pos'><div class='av-inner-masonry-content-pos-content'><div class='avia-arrow'><\/div><h3 class='av-masonry-entry-title entry-title '  itemprop=\"headline\" >10.12. GrIFK vs BK-46 37\u201334 (17\u201311)<\/h3><div class='av-masonry-entry-content entry-content'  itemprop=\"text\" >GrIFK palasi pitk\u00e4n ottelutauon j\u00e4lkeen kent\u00e4lle vakuuttavalla\u2026<div class='av-masonry-categories'>Kausi-2025-26,Ottelut-2025-26,Uutiset<\/div><\/div><span class='av-masonry-date meta-color updated'>12.12.2025<\/span><span class=\"av-masonry-text-sep text-sep-author\">\/<\/span><span class='av-masonry-author meta-color author'><span class='fn'>by Ellen<\/span><\/span><\/div><\/div><\/figcaption><\/figure><\/a><!--end av-masonry entry--><a href=\"https:\/\/grifk-handball.com\/naiset\/kausi-2025-26\/ennakot-2025-26\/hemmamatch-10-12-2025-19-00-grifk-vs-bk-46\/\"  id='av-masonry-1-item-13698' data-av-masonry-item='13698' class='av-masonry-entry isotope-item post-13698 post type-post status-publish format-standard has-post-thumbnail hentry category-ennakot-2025-26 category-uutiset tag-aktialiga tag-aktialiiga tag-alexandra-olsson tag-damernas-aktialiga tag-grifkdamer tag-grifkhandball tag-naisten-aktialiiga tag-otteluennakko tag-runkosarja  av-masonry-item-with-image' title=\"Alexandra ennakko\"   itemscope=\"itemscope\" itemtype=\"https:\/\/schema.org\/CreativeWork\" ><div class='av-inner-masonry-sizer'><\/div><figure class='av-inner-masonry main_color'><div class=\"av-masonry-outerimage-container\"><div class='av-masonry-image-container' style=\"background-image: url(https:\/\/grifk-handball.com\/naiset\/wp-content\/uploads\/sites\/3\/2025\/12\/Alexandra-ennakko-705x470.png);\"  title=\"Alexandra ennakko\" ><\/div><\/div><figcaption class='av-inner-masonry-content site-background'><div class='av-inner-masonry-content-pos'><div class='av-inner-masonry-content-pos-content'><div class='avia-arrow'><\/div><h3 class='av-masonry-entry-title entry-title '  itemprop=\"headline\" >Hemmamatch 10.12.2025 * 19.00 GrIFK vs BK-46<\/h3><div class='av-masonry-entry-content entry-content'  itemprop=\"text\" >Efter ett l\u00e5ngt uppeh\u00e5ll \u00e4r det \u00e4ntligen dags f\u00f6r match\u2026<div class='av-masonry-categories'>Ennakot-2025-26,Uutiset<\/div><\/div><span class='av-masonry-date meta-color updated'>10.12.2025<\/span><span class=\"av-masonry-text-sep text-sep-author\">\/<\/span><span class='av-masonry-author meta-color author'><span class='fn'>by Ellen<\/span><\/span><\/div><\/div><\/figcaption><\/figure><\/a><!--end av-masonry entry--><a href=\"https:\/\/grifk-handball.com\/naiset\/kausi-2025-26\/ennakot-2025-26\/kotiottelu-10-12-2025-19-00-grifk-vs-bk-46\/\"  id='av-masonry-1-item-13696' data-av-masonry-item='13696' class='av-masonry-entry isotope-item post-13696 post type-post status-publish format-standard has-post-thumbnail hentry category-ennakot-2025-26 category-uutiset tag-aktialiga tag-aktialiiga tag-alexandra-olsson tag-damernas-aktialiga tag-grifkdamer tag-grifkhandball tag-naisten-aktialiiga tag-otteluennakko tag-runkosarja  av-masonry-item-with-image' title=\"Alexandra ennakko\"   itemscope=\"itemscope\" itemtype=\"https:\/\/schema.org\/CreativeWork\" ><div class='av-inner-masonry-sizer'><\/div><figure class='av-inner-masonry main_color'><div class=\"av-masonry-outerimage-container\"><div class='av-masonry-image-container' style=\"background-image: url(https:\/\/grifk-handball.com\/naiset\/wp-content\/uploads\/sites\/3\/2025\/12\/Alexandra-ennakko-705x470.png);\"  title=\"Alexandra ennakko\" ><\/div><\/div><figcaption class='av-inner-masonry-content site-background'><div class='av-inner-masonry-content-pos'><div class='av-inner-masonry-content-pos-content'><div class='avia-arrow'><\/div><h3 class='av-masonry-entry-title entry-title '  itemprop=\"headline\" >Kotiottelu 10.12.2025 * 19.00 GrIFK vs BK-46<\/h3><div class='av-masonry-entry-content entry-content'  itemprop=\"text\" >Pitk\u00e4n ottelutauon j\u00e4lkeen on vihdoin taas pelip\u00e4iv\u00e4! Keskiviikkona\u2026<div class='av-masonry-categories'>Ennakot-2025-26,Uutiset<\/div><\/div><span class='av-masonry-date meta-color updated'>10.12.2025<\/span><span class=\"av-masonry-text-sep text-sep-author\">\/<\/span><span class='av-masonry-author meta-color author'><span class='fn'>by Ellen<\/span><\/span><\/div><\/div><\/figcaption><\/figure><\/a><!--end av-masonry entry--><a href=\"https:\/\/grifk-handball.com\/naiset\/kausi-2025-26\/ennakot-2025-26\/bortamatch-29-11-2025-15-00-hifk-vs-grifk\/\"  id='av-masonry-1-item-13677' data-av-masonry-item='13677' class='av-masonry-entry isotope-item post-13677 post type-post status-publish format-standard has-post-thumbnail hentry category-ennakot-2025-26 category-uutiset tag-aktialiga tag-aktialiiga tag-damernas-aktialiga tag-grifkdamer tag-grifkhandball tag-naisten-aktialiiga tag-otteluennakko tag-unni-laaksonen tag-runkosarja  av-masonry-item-with-image' title=\"Unni ennakko\"   itemscope=\"itemscope\" itemtype=\"https:\/\/schema.org\/CreativeWork\" ><div class='av-inner-masonry-sizer'><\/div><figure class='av-inner-masonry main_color'><div class=\"av-masonry-outerimage-container\"><div class='av-masonry-image-container' style=\"background-image: url(https:\/\/grifk-handball.com\/naiset\/wp-content\/uploads\/sites\/3\/2025\/11\/Unni-ennakko-705x470.png);\"  title=\"Unni ennakko\" ><\/div><\/div><figcaption class='av-inner-masonry-content site-background'><div class='av-inner-masonry-content-pos'><div class='av-inner-masonry-content-pos-content'><div class='avia-arrow'><\/div><h3 class='av-masonry-entry-title entry-title '  itemprop=\"headline\" >Bortamatch 29.11.2025 * 15.00 HIFK vs GrIFK<\/h3><div class='av-masonry-entry-content entry-content'  itemprop=\"text\" >P\u00e5 l\u00f6rdagen m\u00f6ter vi HIFK f\u00f6r tredje g\u00e5ngen den h\u00e4r s\u00e4songen.\u2026<div class='av-masonry-categories'>Ennakot-2025-26,Uutiset<\/div><\/div><span class='av-masonry-date meta-color updated'>28.11.2025<\/span><span class=\"av-masonry-text-sep text-sep-author\">\/<\/span><span class='av-masonry-author meta-color author'><span class='fn'>by Ellen<\/span><\/span><\/div><\/div><\/figcaption><\/figure><\/a><!--end av-masonry entry--><a href=\"https:\/\/grifk-handball.com\/naiset\/kausi-2025-26\/ennakot-2025-26\/vierasottelu-29-11-2025-15-00-hifk-vs-grifk\/\"  id='av-masonry-1-item-13674' data-av-masonry-item='13674' class='av-masonry-entry isotope-item post-13674 post type-post status-publish format-standard has-post-thumbnail hentry category-ennakot-2025-26 category-uutiset tag-aktialiga tag-aktialiiga tag-damernas-aktialiga tag-grifkdamer tag-grifkhandball tag-naisten-aktialiiga tag-otteluennakko tag-unni-laaksonen tag-runkosarja  av-masonry-item-with-image' title=\"Unni ennakko\"   itemscope=\"itemscope\" itemtype=\"https:\/\/schema.org\/CreativeWork\" ><div class='av-inner-masonry-sizer'><\/div><figure class='av-inner-masonry main_color'><div class=\"av-masonry-outerimage-container\"><div class='av-masonry-image-container' style=\"background-image: url(https:\/\/grifk-handball.com\/naiset\/wp-content\/uploads\/sites\/3\/2025\/11\/Unni-ennakko-705x470.png);\"  title=\"Unni ennakko\" ><\/div><\/div><figcaption class='av-inner-masonry-content site-background'><div class='av-inner-masonry-content-pos'><div class='av-inner-masonry-content-pos-content'><div class='avia-arrow'><\/div><h3 class='av-masonry-entry-title entry-title '  itemprop=\"headline\" >Vierasottelu 29.11.2025 * 15.00 HIFK vs GrIFK<\/h3><div class='av-masonry-entry-content entry-content'  itemprop=\"text\" >Lauantaina vastaan asettuu HIFK, jonka kohtaamme jo kolmatta\u2026<div class='av-masonry-categories'>Ennakot-2025-26,Uutiset<\/div><\/div><span class='av-masonry-date meta-color updated'>28.11.2025<\/span><span class=\"av-masonry-text-sep text-sep-author\">\/<\/span><span class='av-masonry-author meta-color author'><span class='fn'>by Ellen<\/span><\/span><\/div><\/div><\/figcaption><\/figure><\/a><!--end av-masonry entry--><a href=\"https:\/\/grifk-handball.com\/naiset\/kausi-2025-26\/ottelut-2025-26\/matchrapport-15-11-cocks-vs-grifk\/\"  id='av-masonry-1-item-13664' data-av-masonry-item='13664' class='av-masonry-entry isotope-item post-13664 post type-post status-publish format-standard has-post-thumbnail hentry category-kausi-2025-26 category-otteluraportit-2025-226 category-ottelut-2025-26 category-uutiset tag-aktialiga tag-aktialiiga tag-annika-mustonen tag-damernas-aktialiga tag-grifkdamer tag-grifkhandball tag-naisten-aktialiiga tag-matchrapport  av-masonry-item-with-image' title=\"GB7A1019\"   itemscope=\"itemscope\" itemtype=\"https:\/\/schema.org\/CreativeWork\" ><div class='av-inner-masonry-sizer'><\/div><figure class='av-inner-masonry main_color'><div class=\"av-masonry-outerimage-container\"><div class='av-masonry-image-container' style=\"background-image: url(https:\/\/grifk-handball.com\/naiset\/wp-content\/uploads\/sites\/3\/2025\/11\/GB7A1019-705x470.jpg);\"  title=\"GB7A1019\" ><\/div><\/div><figcaption class='av-inner-masonry-content site-background'><div class='av-inner-masonry-content-pos'><div class='av-inner-masonry-content-pos-content'><div class='avia-arrow'><\/div><h3 class='av-masonry-entry-title entry-title '  itemprop=\"headline\" >Matchrapport 15.11 Cocks vs GrIFK<\/h3><div class='av-masonry-entry-content entry-content'  itemprop=\"text\" >Matchen b\u00f6rjade j\u00e4mnt mot Cocks och fortsatte vara v\u00e4ldigt\u2026<div class='av-masonry-categories'>Kausi-2025-26,Otteluraportit-2025-226,Ottelut-2025-26,Uutiset<\/div><\/div><span class='av-masonry-date meta-color updated'>17.11.2025<\/span><span class=\"av-masonry-text-sep text-sep-author\">\/<\/span><span class='av-masonry-author meta-color author'><span class='fn'>by Ellen<\/span><\/span><\/div><\/div><\/figcaption><\/figure><\/a><!--end av-masonry entry--><a href=\"https:\/\/grifk-handball.com\/naiset\/kausi-2025-26\/ottelut-2025-26\/otteluraportti-15-11-cocks-vs-grifk\/\"  id='av-masonry-1-item-13660' data-av-masonry-item='13660' class='av-masonry-entry isotope-item post-13660 post type-post status-publish format-standard has-post-thumbnail hentry category-kausi-2025-26 category-otteluraportit-2025-226 category-ottelut-2025-26 category-uutiset tag-aktialiga tag-aktialiiga tag-annika-mustonen tag-damernas-aktialiga tag-grifkdamer tag-grifkhandball tag-naisten-aktialiiga tag-otteluraportti  av-masonry-item-with-image' title=\"GB7A1019\"   itemscope=\"itemscope\" itemtype=\"https:\/\/schema.org\/CreativeWork\" ><div class='av-inner-masonry-sizer'><\/div><figure class='av-inner-masonry main_color'><div class=\"av-masonry-outerimage-container\"><div class='av-masonry-image-container' style=\"background-image: url(https:\/\/grifk-handball.com\/naiset\/wp-content\/uploads\/sites\/3\/2025\/11\/GB7A1019-705x470.jpg);\"  title=\"GB7A1019\" ><\/div><\/div><figcaption class='av-inner-masonry-content site-background'><div class='av-inner-masonry-content-pos'><div class='av-inner-masonry-content-pos-content'><div class='avia-arrow'><\/div><h3 class='av-masonry-entry-title entry-title '  itemprop=\"headline\" >Otteluraportti 15.11. Cocks vs GrIFK<\/h3><div class='av-masonry-entry-content entry-content'  itemprop=\"text\" >Ottelu Cocksia vastaan alkoi tasaisesti ja pysyi tiukkana l\u00e4pi\u2026<div class='av-masonry-categories'>Kausi-2025-26,Otteluraportit-2025-226,Ottelut-2025-26,Uutiset<\/div><\/div><span class='av-masonry-date meta-color updated'>17.11.2025<\/span><span class=\"av-masonry-text-sep text-sep-author\">\/<\/span><span class='av-masonry-author meta-color author'><span class='fn'>by Ellen<\/span><\/span><\/div><\/div><\/figcaption><\/figure><\/a><!--end av-masonry entry--><a href=\"https:\/\/grifk-handball.com\/naiset\/kausi-2025-26\/ottelut-2025-26\/15-11-cocks-vs-grifk-26-32-12-15\/\"  id='av-masonry-1-item-13649' data-av-masonry-item='13649' class='av-masonry-entry isotope-item post-13649 post type-post status-publish format-standard has-post-thumbnail hentry category-kausi-2025-26 category-ottelut-2025-26 category-uutiset tag-aktialiga tag-aktialiiga tag-damernas-aktialiga tag-grifkdamer tag-grifkhandball tag-naisten-aktialiiga  av-masonry-item-with-image' title=\"GB7A6022\"   itemscope=\"itemscope\" itemtype=\"https:\/\/schema.org\/CreativeWork\" ><div class='av-inner-masonry-sizer'><\/div><figure class='av-inner-masonry main_color'><div class=\"av-masonry-outerimage-container\"><div class='av-masonry-image-container' style=\"background-image: url(https:\/\/grifk-handball.com\/naiset\/wp-content\/uploads\/sites\/3\/2025\/11\/GB7A6022-705x470.jpg);\"  title=\"GB7A6022\" ><\/div><\/div><figcaption class='av-inner-masonry-content site-background'><div class='av-inner-masonry-content-pos'><div class='av-inner-masonry-content-pos-content'><div class='avia-arrow'><\/div><h3 class='av-masonry-entry-title entry-title '  itemprop=\"headline\" >15.11. Cocks vs GrIFK 26\u201332 (12\u201315)<\/h3><div class='av-masonry-entry-content entry-content'  itemprop=\"text\" >GrIFK ja Cocks esittiv\u00e4t vauhdikkaan ja ajoittain ailahtelevan\u2026<div class='av-masonry-categories'>Kausi-2025-26,Ottelut-2025-26,Uutiset<\/div><\/div><span class='av-masonry-date meta-color updated'>17.11.2025<\/span><span class=\"av-masonry-text-sep text-sep-author\">\/<\/span><span class='av-masonry-author meta-color author'><span class='fn'>by Ellen<\/span><\/span><\/div><\/div><\/figcaption><\/figure><\/a><!--end av-masonry entry--><a href=\"https:\/\/grifk-handball.com\/naiset\/kausi-2025-26\/ennakot-2025-26\/bortamatch-15-11-2025-18-30-cocks-vs-grifk\/\"  id='av-masonry-1-item-13646' data-av-masonry-item='13646' class='av-masonry-entry isotope-item post-13646 post type-post status-publish format-standard has-post-thumbnail hentry category-ennakot-2025-26 category-uutiset tag-aktialiga tag-aktialiiga tag-annika-mustonen tag-damernas-aktialiga tag-grifkdamer tag-grifkhandball tag-naisten-aktialiiga tag-otteluennakko tag-runkosarja  av-masonry-item-with-image' title=\"_B7A7658\"   itemscope=\"itemscope\" itemtype=\"https:\/\/schema.org\/CreativeWork\" ><div class='av-inner-masonry-sizer'><\/div><figure class='av-inner-masonry main_color'><div class=\"av-masonry-outerimage-container\"><div class='av-masonry-image-container' style=\"background-image: url(https:\/\/grifk-handball.com\/naiset\/wp-content\/uploads\/sites\/3\/2025\/11\/B7A7658-705x470.jpg);\"  title=\"_B7A7658\" ><\/div><\/div><figcaption class='av-inner-masonry-content site-background'><div class='av-inner-masonry-content-pos'><div class='av-inner-masonry-content-pos-content'><div class='avia-arrow'><\/div><h3 class='av-masonry-entry-title entry-title '  itemprop=\"headline\" >Bortamatch 15.11.2025 * 16.00 Cocks vs GrIFK<\/h3><div class='av-masonry-entry-content entry-content'  itemprop=\"text\" >P\u00e5 l\u00f6rdag m\u00f6ter vi Cocks p\u00e5 bortaplan.\u2028Senast vi m\u00f6ttes\u2026<div class='av-masonry-categories'>Ennakot-2025-26,Uutiset<\/div><\/div><span class='av-masonry-date meta-color updated'>14.11.2025<\/span><span class=\"av-masonry-text-sep text-sep-author\">\/<\/span><span class='av-masonry-author meta-color author'><span class='fn'>by Ellen<\/span><\/span><\/div><\/div><\/figcaption><\/figure><\/a><!--end av-masonry entry--><a href=\"https:\/\/grifk-handball.com\/naiset\/kausi-2025-26\/ennakot-2025-26\/vierasottelu-15-11-2025-16-00-cocks-vs-grifk\/\"  id='av-masonry-1-item-13642' data-av-masonry-item='13642' class='av-masonry-entry isotope-item post-13642 post type-post status-publish format-standard has-post-thumbnail hentry category-ennakot-2025-26 category-uutiset tag-aktialiga tag-aktialiiga tag-annika-mustonen tag-damernas-aktialiga tag-grifkdamer tag-grifkhandball tag-naisten-aktialiiga tag-otteluennakko tag-runkosarja  av-masonry-item-with-image' title=\"_B7A7658\"   itemscope=\"itemscope\" itemtype=\"https:\/\/schema.org\/CreativeWork\" ><div class='av-inner-masonry-sizer'><\/div><figure class='av-inner-masonry main_color'><div class=\"av-masonry-outerimage-container\"><div class='av-masonry-image-container' style=\"background-image: url(https:\/\/grifk-handball.com\/naiset\/wp-content\/uploads\/sites\/3\/2025\/11\/B7A7658-705x470.jpg);\"  title=\"_B7A7658\" ><\/div><\/div><figcaption class='av-inner-masonry-content site-background'><div class='av-inner-masonry-content-pos'><div class='av-inner-masonry-content-pos-content'><div class='avia-arrow'><\/div><h3 class='av-masonry-entry-title entry-title '  itemprop=\"headline\" >Vierasottelu 15.11.2025 * 16.00 Cocks vs GrIFK<\/h3><div class='av-masonry-entry-content entry-content'  itemprop=\"text\" >Lauantaina suuntaamme Riihim\u00e4elle, jossa kohtaamme Cocksin vieraskent\u00e4ll\u00e4.\u2026<div class='av-masonry-categories'>Ennakot-2025-26,Uutiset<\/div><\/div><span class='av-masonry-date meta-color updated'>14.11.2025<\/span><span class=\"av-masonry-text-sep text-sep-author\">\/<\/span><span class='av-masonry-author meta-color author'><span class='fn'>by Ellen<\/span><\/span><\/div><\/div><\/figcaption><\/figure><\/a><!--end av-masonry entry--><a href=\"https:\/\/grifk-handball.com\/naiset\/kausi-2025-26\/ottelut-2025-26\/matchrapport-12-11-bk-46-vs-grifk\/\"  id='av-masonry-1-item-13633' data-av-masonry-item='13633' class='av-masonry-entry isotope-item post-13633 post type-post status-publish format-standard has-post-thumbnail hentry category-kausi-2025-26 category-otteluraportit-2025-226 category-ottelut-2025-26 category-uutiset tag-aktialiga tag-aktialiiga tag-damernas-aktialiga tag-freja-siivonen tag-grifkdamer tag-grifkhandball tag-naisten-aktialiiga tag-matchrapport  av-masonry-item-with-image' title=\"GB7A2677\"   itemscope=\"itemscope\" itemtype=\"https:\/\/schema.org\/CreativeWork\" ><div class='av-inner-masonry-sizer'><\/div><figure class='av-inner-masonry main_color'><div class=\"av-masonry-outerimage-container\"><div class='av-masonry-image-container' style=\"background-image: url(https:\/\/grifk-handball.com\/naiset\/wp-content\/uploads\/sites\/3\/2025\/11\/GB7A2677-705x470.jpg);\"  title=\"GB7A2677\" ><\/div><\/div><figcaption class='av-inner-masonry-content site-background'><div class='av-inner-masonry-content-pos'><div class='av-inner-masonry-content-pos-content'><div class='avia-arrow'><\/div><h3 class='av-masonry-entry-title entry-title '  itemprop=\"headline\" >Matchrapport 12.11 BK-46 vs GrIFK<\/h3><div class='av-masonry-entry-content entry-content'  itemprop=\"text\" >Som f\u00f6rv\u00e4ntat var det en v\u00e4ldigt tuff och fysisk match. I\u2026<div class='av-masonry-categories'>Kausi-2025-26,Otteluraportit-2025-226,Ottelut-2025-26,Uutiset<\/div><\/div><span class='av-masonry-date meta-color updated'>14.11.2025<\/span><span class=\"av-masonry-text-sep text-sep-author\">\/<\/span><span class='av-masonry-author meta-color author'><span class='fn'>by Ellen<\/span><\/span><\/div><\/div><\/figcaption><\/figure><\/a><!--end av-masonry entry--><a href=\"https:\/\/grifk-handball.com\/naiset\/kausi-2025-26\/ottelut-2025-26\/otteluraportti-12-11-bk-46-vs-grifk\/\"  id='av-masonry-1-item-13632' data-av-masonry-item='13632' class='av-masonry-entry isotope-item post-13632 post type-post status-publish format-standard has-post-thumbnail hentry category-kausi-2025-26 category-otteluraportit-2025-226 category-ottelut-2025-26 category-uutiset tag-aktialiga tag-aktialiiga tag-damernas-aktialiga tag-freja-siivonen tag-grifkdamer tag-grifkhandball tag-naisten-aktialiiga tag-otteluraportti  av-masonry-item-with-image' title=\"GB7A2677\"   itemscope=\"itemscope\" itemtype=\"https:\/\/schema.org\/CreativeWork\" ><div class='av-inner-masonry-sizer'><\/div><figure class='av-inner-masonry main_color'><div class=\"av-masonry-outerimage-container\"><div class='av-masonry-image-container' style=\"background-image: url(https:\/\/grifk-handball.com\/naiset\/wp-content\/uploads\/sites\/3\/2025\/11\/GB7A2677-705x470.jpg);\"  title=\"GB7A2677\" ><\/div><\/div><figcaption class='av-inner-masonry-content site-background'><div class='av-inner-masonry-content-pos'><div class='av-inner-masonry-content-pos-content'><div class='avia-arrow'><\/div><h3 class='av-masonry-entry-title entry-title '  itemprop=\"headline\" >Otteluraportti 12.11. BK-46 vs GrIFK<\/h3><div class='av-masonry-entry-content entry-content'  itemprop=\"text\" >Kuten ennakoitua, ottelu oli eritt\u00e4in fyysinen ja haastava.\u2026<div class='av-masonry-categories'>Kausi-2025-26,Otteluraportit-2025-226,Ottelut-2025-26,Uutiset<\/div><\/div><span class='av-masonry-date meta-color updated'>14.11.2025<\/span><span class=\"av-masonry-text-sep text-sep-author\">\/<\/span><span class='av-masonry-author meta-color author'><span class='fn'>by Ellen<\/span><\/span><\/div><\/div><\/figcaption><\/figure><\/a><!--end av-masonry entry--><a href=\"https:\/\/grifk-handball.com\/naiset\/kausi-2025-26\/ottelut-2025-26\/12-11-bk-46-vs-grifk-24-27-14-12\/\"  id='av-masonry-1-item-13626' data-av-masonry-item='13626' class='av-masonry-entry isotope-item post-13626 post type-post status-publish format-standard has-post-thumbnail hentry category-kausi-2025-26 category-ottelut-2025-26 category-uutiset tag-aktialiga tag-aktialiiga tag-damernas-aktialiga tag-grifkdamer tag-grifkhandball tag-naisten-aktialiiga  av-masonry-item-with-image' title=\"BK tulos\"   itemscope=\"itemscope\" itemtype=\"https:\/\/schema.org\/CreativeWork\" ><div class='av-inner-masonry-sizer'><\/div><figure class='av-inner-masonry main_color'><div class=\"av-masonry-outerimage-container\"><div class='av-masonry-image-container' style=\"background-image: url(https:\/\/grifk-handball.com\/naiset\/wp-content\/uploads\/sites\/3\/2025\/11\/BK-tulos-705x470.png);\"  title=\"BK tulos\" ><\/div><\/div><figcaption class='av-inner-masonry-content site-background'><div class='av-inner-masonry-content-pos'><div class='av-inner-masonry-content-pos-content'><div class='avia-arrow'><\/div><h3 class='av-masonry-entry-title entry-title '  itemprop=\"headline\" >12.11. BK-46 vs GrIFK 24\u201327 (14\u201312)<\/h3><div class='av-masonry-entry-content entry-content'  itemprop=\"text\" >GrIFK ja BK-46 tarjosivat vauhdikkaan ja tasaisen ottelun, jossa\u2026<div class='av-masonry-categories'>Kausi-2025-26,Ottelut-2025-26,Uutiset<\/div><\/div><span class='av-masonry-date meta-color updated'>14.11.2025<\/span><span class=\"av-masonry-text-sep text-sep-author\">\/<\/span><span class='av-masonry-author meta-color author'><span class='fn'>by Ellen<\/span><\/span><\/div><\/div><\/figcaption><\/figure><\/a><!--end av-masonry entry--><a href=\"https:\/\/grifk-handball.com\/naiset\/kausi-2025-26\/ennakot-2025-26\/bortamatch-12-11-2025-18-30-bk-46-vs-grifk\/\"  id='av-masonry-1-item-13617' data-av-masonry-item='13617' class='av-masonry-entry isotope-item post-13617 post type-post status-publish format-standard has-post-thumbnail hentry category-ennakot-2025-26 category-uutiset tag-aktialiga tag-aktialiiga tag-damernas-aktialiga tag-freja-siivonen tag-grifkdamer tag-grifkhandball tag-naisten-aktialiiga tag-otteluennakko tag-runkosarja  av-masonry-item-with-image' title=\"Frejan ennakko\"   itemscope=\"itemscope\" itemtype=\"https:\/\/schema.org\/CreativeWork\" ><div class='av-inner-masonry-sizer'><\/div><figure class='av-inner-masonry main_color'><div class=\"av-masonry-outerimage-container\"><div class='av-masonry-image-container' style=\"background-image: url(https:\/\/grifk-handball.com\/naiset\/wp-content\/uploads\/sites\/3\/2025\/11\/Frejan-ennakko-705x470.png);\"  title=\"Frejan ennakko\" ><\/div><\/div><figcaption class='av-inner-masonry-content site-background'><div class='av-inner-masonry-content-pos'><div class='av-inner-masonry-content-pos-content'><div class='avia-arrow'><\/div><h3 class='av-masonry-entry-title entry-title '  itemprop=\"headline\" >Bortamatch 12.11.2025 * 18.30 BK-46 vs GrIFK<\/h3><div class='av-masonry-entry-content entry-content'  itemprop=\"text\" >Efter en lyckad match mot HIFK m\u00f6ter vi \u00e5terigen BK-46 p\u00e5\u2026<div class='av-masonry-categories'>Ennakot-2025-26,Uutiset<\/div><\/div><span class='av-masonry-date meta-color updated'>12.11.2025<\/span><span class=\"av-masonry-text-sep text-sep-author\">\/<\/span><span class='av-masonry-author meta-color author'><span class='fn'>by Ellen<\/span><\/span><\/div><\/div><\/figcaption><\/figure><\/a><!--end av-masonry entry--><a href=\"https:\/\/grifk-handball.com\/naiset\/kausi-2025-26\/ennakot-2025-26\/vierasottelu-12-11-2025-18-30-bk-46-vs-grifk\/\"  id='av-masonry-1-item-13620' data-av-masonry-item='13620' class='av-masonry-entry isotope-item post-13620 post type-post status-publish format-standard has-post-thumbnail hentry category-ennakot-2025-26 category-uutiset tag-aktialiga tag-aktialiiga tag-damernas-aktialiga tag-freja-siivonen tag-grifkdamer tag-grifkhandball tag-naisten-aktialiiga tag-otteluennakko tag-runkosarja  av-masonry-item-with-image' title=\"Frejan ennakko\"   itemscope=\"itemscope\" itemtype=\"https:\/\/schema.org\/CreativeWork\" ><div class='av-inner-masonry-sizer'><\/div><figure class='av-inner-masonry main_color'><div class=\"av-masonry-outerimage-container\"><div class='av-masonry-image-container' style=\"background-image: url(https:\/\/grifk-handball.com\/naiset\/wp-content\/uploads\/sites\/3\/2025\/11\/Frejan-ennakko-705x470.png);\"  title=\"Frejan ennakko\" ><\/div><\/div><figcaption class='av-inner-masonry-content site-background'><div class='av-inner-masonry-content-pos'><div class='av-inner-masonry-content-pos-content'><div class='avia-arrow'><\/div><h3 class='av-masonry-entry-title entry-title '  itemprop=\"headline\" >Vierasottelu 12.11.2025 * 18.30 BK-46 vs GrIFK<\/h3><div class='av-masonry-entry-content entry-content'  itemprop=\"text\" >Onnistuneen HIFK-ottelun j\u00e4lkeen vastaamme asettuu keskiviikkona\u2026<div class='av-masonry-categories'>Ennakot-2025-26,Uutiset<\/div><\/div><span class='av-masonry-date meta-color updated'>12.11.2025<\/span><span class=\"av-masonry-text-sep text-sep-author\">\/<\/span><span class='av-masonry-author meta-color author'><span class='fn'>by Ellen<\/span><\/span><\/div><\/div><\/figcaption><\/figure><\/a><!--end av-masonry entry--><a href=\"https:\/\/grifk-handball.com\/naiset\/kausi-2025-26\/ottelut-2025-26\/matchrapport-8-11-grifk-vs-hifk\/\"  id='av-masonry-1-item-13606' data-av-masonry-item='13606' class='av-masonry-entry isotope-item post-13606 post type-post status-publish format-standard has-post-thumbnail hentry category-kausi-2025-26 category-otteluraportit-2025-226 category-ottelut-2025-26 category-uutiset tag-aktialiga tag-aktialiiga tag-damernas-aktialiga tag-emily-johansson tag-grifkdamer tag-grifkhandball tag-naisten-aktialiiga tag-matchrapport  av-masonry-item-with-image' title=\"GB7A6675\"   itemscope=\"itemscope\" itemtype=\"https:\/\/schema.org\/CreativeWork\" ><div class='av-inner-masonry-sizer'><\/div><figure class='av-inner-masonry main_color'><div class=\"av-masonry-outerimage-container\"><div class='av-masonry-image-container' style=\"background-image: url(https:\/\/grifk-handball.com\/naiset\/wp-content\/uploads\/sites\/3\/2025\/11\/GB7A6675-705x470.jpg);\"  title=\"GB7A6675\" ><\/div><\/div><figcaption class='av-inner-masonry-content site-background'><div class='av-inner-masonry-content-pos'><div class='av-inner-masonry-content-pos-content'><div class='avia-arrow'><\/div><h3 class='av-masonry-entry-title entry-title '  itemprop=\"headline\" >Matchrapport 8.11 GrIFK vs HIFK<\/h3><div class='av-masonry-entry-content entry-content'  itemprop=\"text\" >Vi inledde matchen starkt och lyckades dra upp en 5-1 ledning\u2026<div class='av-masonry-categories'>Kausi-2025-26,Otteluraportit-2025-226,Ottelut-2025-26,Uutiset<\/div><\/div><span class='av-masonry-date meta-color updated'>11.11.2025<\/span><span class=\"av-masonry-text-sep text-sep-author\">\/<\/span><span class='av-masonry-author meta-color author'><span class='fn'>by Ellen<\/span><\/span><\/div><\/div><\/figcaption><\/figure><\/a><!--end av-masonry entry--><a href=\"https:\/\/grifk-handball.com\/naiset\/kausi-2025-26\/ottelut-2025-26\/otteluraportti-8-11-grifk-vs-hifk\/\"  id='av-masonry-1-item-13610' data-av-masonry-item='13610' class='av-masonry-entry isotope-item post-13610 post type-post status-publish format-standard has-post-thumbnail hentry category-kausi-2025-26 category-otteluraportit-2025-226 category-ottelut-2025-26 category-uutiset tag-aktialiga tag-aktialiiga tag-damernas-aktialiga tag-emily-johansson tag-grifkdamer tag-grifkhandball tag-naisten-aktialiiga tag-otteluraportti  av-masonry-item-with-image' title=\"GB7A6675\"   itemscope=\"itemscope\" itemtype=\"https:\/\/schema.org\/CreativeWork\" ><div class='av-inner-masonry-sizer'><\/div><figure class='av-inner-masonry main_color'><div class=\"av-masonry-outerimage-container\"><div class='av-masonry-image-container' style=\"background-image: url(https:\/\/grifk-handball.com\/naiset\/wp-content\/uploads\/sites\/3\/2025\/11\/GB7A6675-705x470.jpg);\"  title=\"GB7A6675\" ><\/div><\/div><figcaption class='av-inner-masonry-content site-background'><div class='av-inner-masonry-content-pos'><div class='av-inner-masonry-content-pos-content'><div class='avia-arrow'><\/div><h3 class='av-masonry-entry-title entry-title '  itemprop=\"headline\" >Otteluraportti 8.11. GrIFK vs HIFK<\/h3><div class='av-masonry-entry-content entry-content'  itemprop=\"text\" >Aloitimme ottelun vahvasti ja p\u00e4\u00e4simme ensimm\u00e4isen viisiminuuttisen\u2026<div class='av-masonry-categories'>Kausi-2025-26,Otteluraportit-2025-226,Ottelut-2025-26,Uutiset<\/div><\/div><span class='av-masonry-date meta-color updated'>11.11.2025<\/span><span class=\"av-masonry-text-sep text-sep-author\">\/<\/span><span class='av-masonry-author meta-color author'><span class='fn'>by Ellen<\/span><\/span><\/div><\/div><\/figcaption><\/figure><\/a><!--end av-masonry entry--><a href=\"https:\/\/grifk-handball.com\/naiset\/kausi-2025-26\/ottelut-2025-26\/8-11-grifk-vs-hifk-28-19-16-10\/\"  id='av-masonry-1-item-13601' data-av-masonry-item='13601' class='av-masonry-entry isotope-item post-13601 post type-post status-publish format-standard has-post-thumbnail hentry category-kausi-2025-26 category-ottelut-2025-26 category-uutiset tag-aktialiga tag-aktialiiga tag-damernas-aktialiga tag-grifkdamer tag-grifkhandball tag-naisten-aktialiiga  av-masonry-item-with-image' title=\"GB7A6809\"   itemscope=\"itemscope\" itemtype=\"https:\/\/schema.org\/CreativeWork\" ><div class='av-inner-masonry-sizer'><\/div><figure class='av-inner-masonry main_color'><div class=\"av-masonry-outerimage-container\"><div class='av-masonry-image-container' style=\"background-image: url(https:\/\/grifk-handball.com\/naiset\/wp-content\/uploads\/sites\/3\/2025\/11\/GB7A6809-705x470.jpg);\"  title=\"GB7A6809\" ><\/div><\/div><figcaption class='av-inner-masonry-content site-background'><div class='av-inner-masonry-content-pos'><div class='av-inner-masonry-content-pos-content'><div class='avia-arrow'><\/div><h3 class='av-masonry-entry-title entry-title '  itemprop=\"headline\" >8.11. GrIFK vs HIFK 28\u201319 (16\u201310)<\/h3><div class='av-masonry-entry-content entry-content'  itemprop=\"text\" >GrIFK jatkoi voittokulkuaan kotiluolassa, kun joukkue kaatoi\u2026<div class='av-masonry-categories'>Kausi-2025-26,Ottelut-2025-26,Uutiset<\/div><\/div><span class='av-masonry-date meta-color updated'>10.11.2025<\/span><span class=\"av-masonry-text-sep text-sep-author\">\/<\/span><span class='av-masonry-author meta-color author'><span class='fn'>by Ellen<\/span><\/span><\/div><\/div><\/figcaption><\/figure><\/a><!--end av-masonry entry--><a href=\"https:\/\/grifk-handball.com\/naiset\/kausi-2025-26\/ennakot-2025-26\/hemmamatch-8-11-2025-13-30-grifk-vs-hifk\/\"  id='av-masonry-1-item-13592' data-av-masonry-item='13592' class='av-masonry-entry isotope-item post-13592 post type-post status-publish format-standard has-post-thumbnail hentry category-ennakot-2025-26 category-uutiset tag-aktialiga tag-aktialiiga tag-damernas-aktialiga tag-emily-johansson tag-grifkdamer tag-grifkhandball tag-naisten-aktialiiga tag-otteluennakko tag-runkosarja  av-masonry-item-with-image' title=\"_B7A7654\"   itemscope=\"itemscope\" itemtype=\"https:\/\/schema.org\/CreativeWork\" ><div class='av-inner-masonry-sizer'><\/div><figure class='av-inner-masonry main_color'><div class=\"av-masonry-outerimage-container\"><div class='av-masonry-image-container' style=\"background-image: url(https:\/\/grifk-handball.com\/naiset\/wp-content\/uploads\/sites\/3\/2025\/11\/B7A7654-705x470.jpg);\"  title=\"_B7A7654\" ><\/div><\/div><figcaption class='av-inner-masonry-content site-background'><div class='av-inner-masonry-content-pos'><div class='av-inner-masonry-content-pos-content'><div class='avia-arrow'><\/div><h3 class='av-masonry-entry-title entry-title '  itemprop=\"headline\" >Hemmamatch 8.11.2025 * 13.30 GrIFK vs HIFK<\/h3><div class='av-masonry-entry-content entry-content'  itemprop=\"text\" >P\u00e5 l\u00f6rdag m\u00f6ter vi HIFK igen, denna g\u00e5ng p\u00e5 hemmaplan. Senast\u2026<div class='av-masonry-categories'>Ennakot-2025-26,Uutiset<\/div><\/div><span class='av-masonry-date meta-color updated'>7.11.2025<\/span><span class=\"av-masonry-text-sep text-sep-author\">\/<\/span><span class='av-masonry-author meta-color author'><span class='fn'>by Ellen<\/span><\/span><\/div><\/div><\/figcaption><\/figure><\/a><!--end av-masonry entry--><a href=\"https:\/\/grifk-handball.com\/naiset\/kausi-2025-26\/ennakot-2025-26\/kotiottelu-8-11-2025-13-30-grifk-vs-hifk\/\"  id='av-masonry-1-item-13586' data-av-masonry-item='13586' class='av-masonry-entry isotope-item post-13586 post type-post status-publish format-standard has-post-thumbnail hentry category-ennakot-2025-26 category-uutiset tag-aktialiga tag-aktialiiga tag-damernas-aktialiga tag-emily-johansson tag-grifkdamer tag-grifkhandball tag-naisten-aktialiiga tag-otteluennakko tag-runkosarja  av-masonry-item-with-image' title=\"_B7A7654\"   itemscope=\"itemscope\" itemtype=\"https:\/\/schema.org\/CreativeWork\" ><div class='av-inner-masonry-sizer'><\/div><figure class='av-inner-masonry main_color'><div class=\"av-masonry-outerimage-container\"><div class='av-masonry-image-container' style=\"background-image: url(https:\/\/grifk-handball.com\/naiset\/wp-content\/uploads\/sites\/3\/2025\/11\/B7A7654-705x470.jpg);\"  title=\"_B7A7654\" ><\/div><\/div><figcaption class='av-inner-masonry-content site-background'><div class='av-inner-masonry-content-pos'><div class='av-inner-masonry-content-pos-content'><div class='avia-arrow'><\/div><h3 class='av-masonry-entry-title entry-title '  itemprop=\"headline\" >Kotiottelu 8.11.2025 * 13.30 GrIFK vs HIFK<\/h3><div class='av-masonry-entry-content entry-content'  itemprop=\"text\" >Lauantaina kohtaamme j\u00e4lleen HIFK:n, t\u00e4ll\u00e4 kertaa kotiluolassamme.\u2026<div class='av-masonry-categories'>Ennakot-2025-26,Uutiset<\/div><\/div><span class='av-masonry-date meta-color updated'>7.11.2025<\/span><span class=\"av-masonry-text-sep text-sep-author\">\/<\/span><span class='av-masonry-author meta-color author'><span class='fn'>by Ellen<\/span><\/span><\/div><\/div><\/figcaption><\/figure><\/a><!--end av-masonry entry--><a href=\"https:\/\/grifk-handball.com\/naiset\/kausi-2025-26\/ottelut-2025-26\/matchrapport-1-11-grifk-vs-atlas\/\"  id='av-masonry-1-item-13575' data-av-masonry-item='13575' class='av-masonry-entry isotope-item post-13575 post type-post status-publish format-standard has-post-thumbnail hentry category-kausi-2025-26 category-otteluraportit-2025-226 category-ottelut-2025-26 category-uutiset tag-aktialiga tag-aktialiiga tag-amanda-olsson tag-damernas-aktialiga tag-grifkdamer tag-grifkhandball tag-naisten-aktialiiga tag-matchrapport  av-masonry-item-with-image' title=\"GB7A6042\"   itemscope=\"itemscope\" itemtype=\"https:\/\/schema.org\/CreativeWork\" ><div class='av-inner-masonry-sizer'><\/div><figure class='av-inner-masonry main_color'><div class=\"av-masonry-outerimage-container\"><div class='av-masonry-image-container' style=\"background-image: url(https:\/\/grifk-handball.com\/naiset\/wp-content\/uploads\/sites\/3\/2025\/11\/GB7A6042-705x470.jpg);\"  title=\"GB7A6042\" ><\/div><\/div><figcaption class='av-inner-masonry-content site-background'><div class='av-inner-masonry-content-pos'><div class='av-inner-masonry-content-pos-content'><div class='avia-arrow'><\/div><h3 class='av-masonry-entry-title entry-title '  itemprop=\"headline\" >Matchrapport 1.11 GrIFK vs Atlas<\/h3><div class='av-masonry-entry-content entry-content'  itemprop=\"text\" >Inf\u00f6r matchen pratade vi om att spela v\u00e5rt eget spel genom\u2026<div class='av-masonry-categories'>Kausi-2025-26,Otteluraportit-2025-226,Ottelut-2025-26,Uutiset<\/div><\/div><span class='av-masonry-date meta-color updated'>4.11.2025<\/span><span class=\"av-masonry-text-sep text-sep-author\">\/<\/span><span class='av-masonry-author meta-color author'><span class='fn'>by Ellen<\/span><\/span><\/div><\/div><\/figcaption><\/figure><\/a><!--end av-masonry entry--><a href=\"https:\/\/grifk-handball.com\/naiset\/kausi-2025-26\/ottelut-2025-26\/otteluraportti-1-11-grifk-vs-atlas\/\"  id='av-masonry-1-item-13571' data-av-masonry-item='13571' class='av-masonry-entry isotope-item post-13571 post type-post status-publish format-standard has-post-thumbnail hentry category-kausi-2025-26 category-otteluraportit-2025-226 category-ottelut-2025-26 category-uutiset tag-aktialiga tag-aktialiiga tag-amanda-olsson tag-damernas-aktialiga tag-grifkdamer tag-grifkhandball tag-naisten-aktialiiga tag-otteluraportti  av-masonry-item-with-image' title=\"GB7A6042\"   itemscope=\"itemscope\" itemtype=\"https:\/\/schema.org\/CreativeWork\" ><div class='av-inner-masonry-sizer'><\/div><figure class='av-inner-masonry main_color'><div class=\"av-masonry-outerimage-container\"><div class='av-masonry-image-container' style=\"background-image: url(https:\/\/grifk-handball.com\/naiset\/wp-content\/uploads\/sites\/3\/2025\/11\/GB7A6042-705x470.jpg);\"  title=\"GB7A6042\" ><\/div><\/div><figcaption class='av-inner-masonry-content site-background'><div class='av-inner-masonry-content-pos'><div class='av-inner-masonry-content-pos-content'><div class='avia-arrow'><\/div><h3 class='av-masonry-entry-title entry-title '  itemprop=\"headline\" >Otteluraportti 1.11. GrIFK vs Atlas<\/h3><div class='av-masonry-entry-content entry-content'  itemprop=\"text\" >Ennen ottelua puhuimme siit\u00e4, ett\u00e4 haluamme jatkaa saman hyv\u00e4n\u2026<div class='av-masonry-categories'>Kausi-2025-26,Otteluraportit-2025-226,Ottelut-2025-26,Uutiset<\/div><\/div><span class='av-masonry-date meta-color updated'>4.11.2025<\/span><span class=\"av-masonry-text-sep text-sep-author\">\/<\/span><span class='av-masonry-author meta-color author'><span class='fn'>by Ellen<\/span><\/span><\/div><\/div><\/figcaption><\/figure><\/a><!--end av-masonry entry--><a href=\"https:\/\/grifk-handball.com\/naiset\/kausi-2025-26\/ottelut-2025-26\/1-11-grifk-vs-atlas-31-20-16-8\/\"  id='av-masonry-1-item-13566' data-av-masonry-item='13566' class='av-masonry-entry isotope-item post-13566 post type-post status-publish format-standard has-post-thumbnail hentry category-kausi-2025-26 category-ottelut-2025-26 category-uutiset tag-aktialiga tag-aktialiiga tag-damernas-aktialiga tag-grifkdamer tag-grifkhandball tag-naisten-aktialiiga  av-masonry-item-with-image' title=\"GB7A6017\"   itemscope=\"itemscope\" itemtype=\"https:\/\/schema.org\/CreativeWork\" ><div class='av-inner-masonry-sizer'><\/div><figure class='av-inner-masonry main_color'><div class=\"av-masonry-outerimage-container\"><div class='av-masonry-image-container' style=\"background-image: url(https:\/\/grifk-handball.com\/naiset\/wp-content\/uploads\/sites\/3\/2025\/11\/GB7A6017-705x470.jpg);\"  title=\"GB7A6017\" ><\/div><\/div><figcaption class='av-inner-masonry-content site-background'><div class='av-inner-masonry-content-pos'><div class='av-inner-masonry-content-pos-content'><div class='avia-arrow'><\/div><h3 class='av-masonry-entry-title entry-title '  itemprop=\"headline\" >1.11. GrIFK vs Atlas 31\u201320 (16\u20138)<\/h3><div class='av-masonry-entry-content entry-content'  itemprop=\"text\" >GrIFK haki lauantaina arvokkaan vierasvoiton Dickenist\u00e4 tiiviin\u2026<div class='av-masonry-categories'>Kausi-2025-26,Ottelut-2025-26,Uutiset<\/div><\/div><span class='av-masonry-date meta-color updated'>3.11.2025<\/span><span class=\"av-masonry-text-sep text-sep-author\">\/<\/span><span class='av-masonry-author meta-color author'><span class='fn'>by Ellen<\/span><\/span><\/div><\/div><\/figcaption><\/figure><\/a><!--end av-masonry entry--><a href=\"https:\/\/grifk-handball.com\/naiset\/kausi-2025-26\/ennakot-2025-26\/hemmamatch-1-11-2025-13-30-grifk-vs-atlas\/\"  id='av-masonry-1-item-13548' data-av-masonry-item='13548' class='av-masonry-entry isotope-item post-13548 post type-post status-publish format-standard has-post-thumbnail hentry category-ennakot-2025-26 category-uutiset tag-aktialiga tag-aktialiiga tag-amanda-olsson tag-damernas-aktialiga tag-grifkdamer tag-grifkhandball tag-naisten-aktialiiga tag-otteluennakko tag-runkosarja  av-masonry-item-with-image' title=\"Aman ennakko\"   itemscope=\"itemscope\" itemtype=\"https:\/\/schema.org\/CreativeWork\" ><div class='av-inner-masonry-sizer'><\/div><figure class='av-inner-masonry main_color'><div class=\"av-masonry-outerimage-container\"><div class='av-masonry-image-container' style=\"background-image: url(https:\/\/grifk-handball.com\/naiset\/wp-content\/uploads\/sites\/3\/2025\/10\/Aman-ennakko-705x470.png);\"  title=\"Aman ennakko\" ><\/div><\/div><figcaption class='av-inner-masonry-content site-background'><div class='av-inner-masonry-content-pos'><div class='av-inner-masonry-content-pos-content'><div class='avia-arrow'><\/div><h3 class='av-masonry-entry-title entry-title '  itemprop=\"headline\" >Hemmamatch 1.11.2025 * 13.30 GrIFK vs Atlas<\/h3><div class='av-masonry-entry-content entry-content'  itemprop=\"text\" >Efter en sk\u00f6n seger mot SIF i onsdags, som s\u00e4krade v\u00e5r semifinalplats\u2026<div class='av-masonry-categories'>Ennakot-2025-26,Uutiset<\/div><\/div><span class='av-masonry-date meta-color updated'>31.10.2025<\/span><span class=\"av-masonry-text-sep text-sep-author\">\/<\/span><span class='av-masonry-author meta-color author'><span class='fn'>by Ellen<\/span><\/span><\/div><\/div><\/figcaption><\/figure><\/a><!--end av-masonry entry--><a href=\"https:\/\/grifk-handball.com\/naiset\/kausi-2025-26\/ennakot-2025-26\/kotiottelu-1-11-2025-13-30-grifk-vs-atlas\/\"  id='av-masonry-1-item-13544' data-av-masonry-item='13544' class='av-masonry-entry isotope-item post-13544 post type-post status-publish format-standard has-post-thumbnail hentry category-ennakot-2025-26 category-uutiset tag-aktialiga tag-aktialiiga tag-amanda-olsson tag-damernas-aktialiga tag-grifkdamer tag-grifkhandball tag-naisten-aktialiiga tag-otteluennakko tag-runkosarja  av-masonry-item-with-image' title=\"Aman ennakko\"   itemscope=\"itemscope\" itemtype=\"https:\/\/schema.org\/CreativeWork\" ><div class='av-inner-masonry-sizer'><\/div><figure class='av-inner-masonry main_color'><div class=\"av-masonry-outerimage-container\"><div class='av-masonry-image-container' style=\"background-image: url(https:\/\/grifk-handball.com\/naiset\/wp-content\/uploads\/sites\/3\/2025\/10\/Aman-ennakko-705x470.png);\"  title=\"Aman ennakko\" ><\/div><\/div><figcaption class='av-inner-masonry-content site-background'><div class='av-inner-masonry-content-pos'><div class='av-inner-masonry-content-pos-content'><div class='avia-arrow'><\/div><h3 class='av-masonry-entry-title entry-title '  itemprop=\"headline\" >Kotiottelu 1.11.2025 * 13.30 GrIFK vs Atlas<\/h3><div class='av-masonry-entry-content entry-content'  itemprop=\"text\" >Keskiviikon voiton j\u00e4lkeen SIF:i\u00e4 vastaan, jolla varmistimme\u2026<div class='av-masonry-categories'>Ennakot-2025-26,Uutiset<\/div><\/div><span class='av-masonry-date meta-color updated'>31.10.2025<\/span><span class=\"av-masonry-text-sep text-sep-author\">\/<\/span><span class='av-masonry-author meta-color author'><span class='fn'>by Ellen<\/span><\/span><\/div><\/div><\/figcaption><\/figure><\/a><!--end av-masonry entry--><a href=\"https:\/\/grifk-handball.com\/naiset\/kausi-2025-26\/ottelut-2025-26\/matchrapport-29-10-grifk-vs-sif\/\"  id='av-masonry-1-item-13560' data-av-masonry-item='13560' class='av-masonry-entry isotope-item post-13560 post type-post status-publish format-standard has-post-thumbnail hentry category-kausi-2025-26 category-otteluraportit-2025-226 category-ottelut-2025-26 category-uutiset tag-aktialiga tag-aktialiiga tag-damernas-aktialiga tag-grifkdamer tag-grifkhandball tag-naisten-aktialiiga tag-sandra-laitinen tag-matchrapport  av-masonry-item-with-image' title=\"GB7A4472\"   itemscope=\"itemscope\" itemtype=\"https:\/\/schema.org\/CreativeWork\" ><div class='av-inner-masonry-sizer'><\/div><figure class='av-inner-masonry main_color'><div class=\"av-masonry-outerimage-container\"><div class='av-masonry-image-container' style=\"background-image: url(https:\/\/grifk-handball.com\/naiset\/wp-content\/uploads\/sites\/3\/2025\/10\/GB7A4472-705x475.jpg);\"  title=\"GB7A4472\" ><\/div><\/div><figcaption class='av-inner-masonry-content site-background'><div class='av-inner-masonry-content-pos'><div class='av-inner-masonry-content-pos-content'><div class='avia-arrow'><\/div><h3 class='av-masonry-entry-title entry-title '  itemprop=\"headline\" >Matchrapport 29.10 GrIFK vs SIF<\/h3><div class='av-masonry-entry-content entry-content'  itemprop=\"text\" >Som helhet var det en riktigt bra match av oss. Som vanligt fanns\u2026<div class='av-masonry-categories'>Kausi-2025-26,Otteluraportit-2025-226,Ottelut-2025-26,Uutiset<\/div><\/div><span class='av-masonry-date meta-color updated'>31.10.2025<\/span><span class=\"av-masonry-text-sep text-sep-author\">\/<\/span><span class='av-masonry-author meta-color author'><span class='fn'>by Ellen<\/span><\/span><\/div><\/div><\/figcaption><\/figure><\/a><!--end av-masonry entry--><a href=\"https:\/\/grifk-handball.com\/naiset\/kausi-2025-26\/ottelut-2025-26\/otteluraportti-29-10-grifk-vs-sif\/\"  id='av-masonry-1-item-13555' data-av-masonry-item='13555' class='av-masonry-entry isotope-item post-13555 post type-post status-publish format-standard has-post-thumbnail hentry category-kausi-2025-26 category-otteluraportit-2025-226 category-ottelut-2025-26 category-uutiset tag-aktialiga tag-aktialiiga tag-damernas-aktialiga tag-grifkdamer tag-grifkhandball tag-naisten-aktialiiga tag-otteluraportti tag-sandra-laitinen  av-masonry-item-with-image' title=\"GB7A4472\"   itemscope=\"itemscope\" itemtype=\"https:\/\/schema.org\/CreativeWork\" ><div class='av-inner-masonry-sizer'><\/div><figure class='av-inner-masonry main_color'><div class=\"av-masonry-outerimage-container\"><div class='av-masonry-image-container' style=\"background-image: url(https:\/\/grifk-handball.com\/naiset\/wp-content\/uploads\/sites\/3\/2025\/10\/GB7A4472-705x475.jpg);\"  title=\"GB7A4472\" ><\/div><\/div><figcaption class='av-inner-masonry-content site-background'><div class='av-inner-masonry-content-pos'><div class='av-inner-masonry-content-pos-content'><div class='avia-arrow'><\/div><h3 class='av-masonry-entry-title entry-title '  itemprop=\"headline\" >Otteluraportti 29.10 GrIFK vs SIF<\/h3><div class='av-masonry-entry-content entry-content'  itemprop=\"text\" >Kokonaisuudessaan pelasimme todella hyv\u00e4n ottelun. Kuten aina,\u2026<div class='av-masonry-categories'>Kausi-2025-26,Otteluraportit-2025-226,Ottelut-2025-26,Uutiset<\/div><\/div><span class='av-masonry-date meta-color updated'>31.10.2025<\/span><span class=\"av-masonry-text-sep text-sep-author\">\/<\/span><span class='av-masonry-author meta-color author'><span class='fn'>by Ellen<\/span><\/span><\/div><\/div><\/figcaption><\/figure><\/a><!--end av-masonry entry--><a href=\"https:\/\/grifk-handball.com\/naiset\/kausi-2025-26\/ottelut-2025-26\/29-10-suomen-cup-grifk-vs-sif-38-12-16-5\/\"  id='av-masonry-1-item-13550' data-av-masonry-item='13550' class='av-masonry-entry isotope-item post-13550 post type-post status-publish format-standard has-post-thumbnail hentry category-kausi-2025-26 category-ottelut-2025-26 category-uutiset tag-aktialiga tag-aktialiiga tag-damernas-aktialiga tag-grifkdamer tag-grifkhandball tag-naisten-aktialiiga  av-masonry-item-with-image' title=\"GB7A4395\"   itemscope=\"itemscope\" itemtype=\"https:\/\/schema.org\/CreativeWork\" ><div class='av-inner-masonry-sizer'><\/div><figure class='av-inner-masonry main_color'><div class=\"av-masonry-outerimage-container\"><div class='av-masonry-image-container' style=\"background-image: url(https:\/\/grifk-handball.com\/naiset\/wp-content\/uploads\/sites\/3\/2025\/10\/GB7A4395-705x470.jpg);\"  title=\"GB7A4395\" ><\/div><\/div><figcaption class='av-inner-masonry-content site-background'><div class='av-inner-masonry-content-pos'><div class='av-inner-masonry-content-pos-content'><div class='avia-arrow'><\/div><h3 class='av-masonry-entry-title entry-title '  itemprop=\"headline\" >29.10 Suomen cup: GrIFK vs SIF 38\u201312 (16\u20135)<\/h3><div class='av-masonry-entry-content entry-content'  itemprop=\"text\" >GrIFK eteni vakuuttavasti Suomen Cupin v\u00e4lieriin kaatamalla\u2026<div class='av-masonry-categories'>Kausi-2025-26,Ottelut-2025-26,Uutiset<\/div><\/div><span class='av-masonry-date meta-color updated'>31.10.2025<\/span><span class=\"av-masonry-text-sep text-sep-author\">\/<\/span><span class='av-masonry-author meta-color author'><span class='fn'>by Ellen<\/span><\/span><\/div><\/div><\/figcaption><\/figure><\/a><!--end av-masonry entry--><a href=\"https:\/\/grifk-handball.com\/naiset\/kausi-2025-26\/ennakot-2025-26\/finska-cuppens-hemmamatch-29-10-2025-19-00-grifk-vs-sif\/\"  id='av-masonry-1-item-13537' data-av-masonry-item='13537' class='av-masonry-entry isotope-item post-13537 post type-post status-publish format-standard has-post-thumbnail hentry category-ennakot-2025-26 category-uutiset tag-aktialiga tag-aktialiiga tag-damernas-aktialiga tag-grifkdamer tag-grifkhandball tag-naisten-aktialiiga tag-otteluennakko tag-sandra-laitinen tag-runkosarja  av-masonry-item-with-image' title=\"Sandran ennakko\"   itemscope=\"itemscope\" itemtype=\"https:\/\/schema.org\/CreativeWork\" ><div class='av-inner-masonry-sizer'><\/div><figure class='av-inner-masonry main_color'><div class=\"av-masonry-outerimage-container\"><div class='av-masonry-image-container' style=\"background-image: url(https:\/\/grifk-handball.com\/naiset\/wp-content\/uploads\/sites\/3\/2025\/10\/Sandran-ennakko-705x470.png);\"  title=\"Sandran ennakko\" ><\/div><\/div><figcaption class='av-inner-masonry-content site-background'><div class='av-inner-masonry-content-pos'><div class='av-inner-masonry-content-pos-content'><div class='avia-arrow'><\/div><h3 class='av-masonry-entry-title entry-title '  itemprop=\"headline\" >Finska cuppens hemmamatch 29.10.2025 * 19.00 GrIFK vs SIF<\/h3><div class='av-masonry-entry-content entry-content'  itemprop=\"text\" >Det \u00e4r mycket matcher under kommande veckorna och det \u00e4r v\u00e4ldigt\u2026<div class='av-masonry-categories'>Ennakot-2025-26,Uutiset<\/div><\/div><span class='av-masonry-date meta-color updated'>29.10.2025<\/span><span class=\"av-masonry-text-sep text-sep-author\">\/<\/span><span class='av-masonry-author meta-color author'><span class='fn'>by Ellen<\/span><\/span><\/div><\/div><\/figcaption><\/figure><\/a><!--end av-masonry entry--><a href=\"https:\/\/grifk-handball.com\/naiset\/kausi-2025-26\/ennakot-2025-26\/suomen-cupin-kotiottelu-25-10-2025-19-00-grifk-vs-sif\/\"  id='av-masonry-1-item-13532' data-av-masonry-item='13532' class='av-masonry-entry isotope-item post-13532 post type-post status-publish format-standard has-post-thumbnail hentry category-ennakot-2025-26 category-uutiset tag-aktialiga tag-aktialiiga tag-damernas-aktialiga tag-grifkdamer tag-grifkhandball tag-naisten-aktialiiga tag-otteluennakko tag-sandra-laitinen tag-runkosarja  av-masonry-item-with-image' title=\"Sandran ennakko\"   itemscope=\"itemscope\" itemtype=\"https:\/\/schema.org\/CreativeWork\" ><div class='av-inner-masonry-sizer'><\/div><figure class='av-inner-masonry main_color'><div class=\"av-masonry-outerimage-container\"><div class='av-masonry-image-container' style=\"background-image: url(https:\/\/grifk-handball.com\/naiset\/wp-content\/uploads\/sites\/3\/2025\/10\/Sandran-ennakko-705x470.png);\"  title=\"Sandran ennakko\" ><\/div><\/div><figcaption class='av-inner-masonry-content site-background'><div class='av-inner-masonry-content-pos'><div class='av-inner-masonry-content-pos-content'><div class='avia-arrow'><\/div><h3 class='av-masonry-entry-title entry-title '  itemprop=\"headline\" >Suomen cupin kotiottelu 25.10.2025 * 19.00 GrIFK vs SIF<\/h3><div class='av-masonry-entry-content entry-content'  itemprop=\"text\" >Tulevina viikkoina riitt\u00e4\u00e4 pelej\u00e4, mik\u00e4 on todella hauskaa!\u2026<div class='av-masonry-categories'>Ennakot-2025-26,Uutiset<\/div><\/div><span class='av-masonry-date meta-color updated'>29.10.2025<\/span><span class=\"av-masonry-text-sep text-sep-author\">\/<\/span><span class='av-masonry-author meta-color author'><span class='fn'>by Ellen<\/span><\/span><\/div><\/div><\/figcaption><\/figure><\/a><!--end av-masonry entry--><a href=\"https:\/\/grifk-handball.com\/naiset\/kausi-2025-26\/ottelut-2025-26\/matchrapport-25-10-dicken-vs-grifk\/\"  id='av-masonry-1-item-13526' data-av-masonry-item='13526' class='av-masonry-entry isotope-item post-13526 post type-post status-publish format-standard has-post-thumbnail hentry category-kausi-2025-26 category-otteluraportit-2025-226 category-ottelut-2025-26 category-uutiset tag-aktialiga tag-aktialiiga tag-alva-eskelin tag-damernas-aktialiga tag-grifkdamer tag-grifkhandball tag-naisten-aktialiiga tag-matchrapport  av-masonry-item-with-image' title=\"GB7A4460\"   itemscope=\"itemscope\" itemtype=\"https:\/\/schema.org\/CreativeWork\" ><div class='av-inner-masonry-sizer'><\/div><figure class='av-inner-masonry main_color'><div class=\"av-masonry-outerimage-container\"><div class='av-masonry-image-container' style=\"background-image: url(https:\/\/grifk-handball.com\/naiset\/wp-content\/uploads\/sites\/3\/2025\/10\/GB7A4460-705x470.jpg);\"  title=\"GB7A4460\" ><\/div><\/div><figcaption class='av-inner-masonry-content site-background'><div class='av-inner-masonry-content-pos'><div class='av-inner-masonry-content-pos-content'><div class='avia-arrow'><\/div><h3 class='av-masonry-entry-title entry-title '  itemprop=\"headline\" >Matchrapport 25.10 Dicken vs GrIFK<\/h3><div class='av-masonry-entry-content entry-content'  itemprop=\"text\" >Efter en tuff kamp i Britas mot Dicken tar vi till slut tv\u00e5\u2026<div class='av-masonry-categories'>Kausi-2025-26,Otteluraportit-2025-226,Ottelut-2025-26,Uutiset<\/div><\/div><span class='av-masonry-date meta-color updated'>28.10.2025<\/span><span class=\"av-masonry-text-sep text-sep-author\">\/<\/span><span class='av-masonry-author meta-color author'><span class='fn'>by Ellen<\/span><\/span><\/div><\/div><\/figcaption><\/figure><\/a><!--end av-masonry entry--><a href=\"https:\/\/grifk-handball.com\/naiset\/kausi-2025-26\/ottelut-2025-26\/otteluraportti-25-10-dicken-vs-grifk\/\"  id='av-masonry-1-item-13519' data-av-masonry-item='13519' class='av-masonry-entry isotope-item post-13519 post type-post status-publish format-standard has-post-thumbnail hentry category-kausi-2025-26 category-otteluraportit-2025-226 category-ottelut-2025-26 category-uutiset tag-aktialiga tag-aktialiiga tag-alva-eskelin tag-damernas-aktialiga tag-grifkdamer tag-grifkhandball tag-naisten-aktialiiga tag-otteluraportti  av-masonry-item-with-image' title=\"GB7A4460\"   itemscope=\"itemscope\" itemtype=\"https:\/\/schema.org\/CreativeWork\" ><div class='av-inner-masonry-sizer'><\/div><figure class='av-inner-masonry main_color'><div class=\"av-masonry-outerimage-container\"><div class='av-masonry-image-container' style=\"background-image: url(https:\/\/grifk-handball.com\/naiset\/wp-content\/uploads\/sites\/3\/2025\/10\/GB7A4460-705x470.jpg);\"  title=\"GB7A4460\" ><\/div><\/div><figcaption class='av-inner-masonry-content site-background'><div class='av-inner-masonry-content-pos'><div class='av-inner-masonry-content-pos-content'><div class='avia-arrow'><\/div><h3 class='av-masonry-entry-title entry-title '  itemprop=\"headline\" >Otteluraportti 25.10 Dicken vs GrIFK<\/h3><div class='av-masonry-entry-content entry-content'  itemprop=\"text\" >Tiukan taistelun j\u00e4lkeen Dickeni\u00e4 vastaan otimme lopulta kaksi\u2026<div class='av-masonry-categories'>Kausi-2025-26,Otteluraportit-2025-226,Ottelut-2025-26,Uutiset<\/div><\/div><span class='av-masonry-date meta-color updated'>28.10.2025<\/span><span class=\"av-masonry-text-sep text-sep-author\">\/<\/span><span class='av-masonry-author meta-color author'><span class='fn'>by Ellen<\/span><\/span><\/div><\/div><\/figcaption><\/figure><\/a><!--end av-masonry entry--><a href=\"https:\/\/grifk-handball.com\/naiset\/kausi-2025-26\/ottelut-2025-26\/25-10-dicken-vs-grifk-20-27-10-15\/\"  id='av-masonry-1-item-13515' data-av-masonry-item='13515' class='av-masonry-entry isotope-item post-13515 post type-post status-publish format-standard has-post-thumbnail hentry category-kausi-2025-26 category-ottelut-2025-26 category-uutiset tag-aktialiga tag-aktialiiga tag-damernas-aktialiga tag-grifkdamer tag-grifkhandball tag-naisten-aktialiiga  av-masonry-item-with-image' title=\"Dicken tulos\"   itemscope=\"itemscope\" itemtype=\"https:\/\/schema.org\/CreativeWork\" ><div class='av-inner-masonry-sizer'><\/div><figure class='av-inner-masonry main_color'><div class=\"av-masonry-outerimage-container\"><div class='av-masonry-image-container' style=\"background-image: url(https:\/\/grifk-handball.com\/naiset\/wp-content\/uploads\/sites\/3\/2025\/10\/Dicken-tulos-705x470.png);\"  title=\"Dicken tulos\" ><\/div><\/div><figcaption class='av-inner-masonry-content site-background'><div class='av-inner-masonry-content-pos'><div class='av-inner-masonry-content-pos-content'><div class='avia-arrow'><\/div><h3 class='av-masonry-entry-title entry-title '  itemprop=\"headline\" >25.10 Dicken vs GrIFK 20\u201327 (10\u201315)<\/h3><div class='av-masonry-entry-content entry-content'  itemprop=\"text\" >GrIFK haki lauantaina arvokkaan vierasvoiton Dickenist\u00e4 tiiviin\u2026<div class='av-masonry-categories'>Kausi-2025-26,Ottelut-2025-26,Uutiset<\/div><\/div><span class='av-masonry-date meta-color updated'>26.10.2025<\/span><span class=\"av-masonry-text-sep text-sep-author\">\/<\/span><span class='av-masonry-author meta-color author'><span class='fn'>by Ellen<\/span><\/span><\/div><\/div><\/figcaption><\/figure><\/a><!--end av-masonry entry--><a href=\"https:\/\/grifk-handball.com\/naiset\/kausi-2025-26\/ennakot-2025-26\/vierasottelu-25-10-2025-18-15-dicken-vs-grifk\/\"  id='av-masonry-1-item-13508' data-av-masonry-item='13508' class='av-masonry-entry isotope-item post-13508 post type-post status-publish format-standard has-post-thumbnail hentry category-ennakot-2025-26 category-uutiset tag-aktialiga tag-aktialiiga tag-alva-eskelin tag-damernas-aktialiga tag-grifkdamer tag-grifkhandball tag-naisten-aktialiiga tag-otteluennakko tag-runkosarja  av-masonry-item-with-image' title=\"Alva ennakko\"   itemscope=\"itemscope\" itemtype=\"https:\/\/schema.org\/CreativeWork\" ><div class='av-inner-masonry-sizer'><\/div><figure class='av-inner-masonry main_color'><div class=\"av-masonry-outerimage-container\"><div class='av-masonry-image-container' style=\"background-image: url(https:\/\/grifk-handball.com\/naiset\/wp-content\/uploads\/sites\/3\/2025\/10\/Alva-ennakko-705x470.png);\"  title=\"Alva ennakko\" ><\/div><\/div><figcaption class='av-inner-masonry-content site-background'><div class='av-inner-masonry-content-pos'><div class='av-inner-masonry-content-pos-content'><div class='avia-arrow'><\/div><h3 class='av-masonry-entry-title entry-title '  itemprop=\"headline\" >Vierasottelu 25.10.2025 * 18.15 Dicken vs GrIFK<\/h3><div class='av-masonry-entry-content entry-content'  itemprop=\"text\" >Lauantaina k\u00e4ynnistyy sarjan toinen ottelukierros, kun kohtaamme\u2026<div class='av-masonry-categories'>Ennakot-2025-26,Uutiset<\/div><\/div><span class='av-masonry-date meta-color updated'>24.10.2025<\/span><span class=\"av-masonry-text-sep text-sep-author\">\/<\/span><span class='av-masonry-author meta-color author'><span class='fn'>by Ellen<\/span><\/span><\/div><\/div><\/figcaption><\/figure><\/a><!--end av-masonry entry--><a href=\"https:\/\/grifk-handball.com\/naiset\/kausi-2025-26\/ennakot-2025-26\/bortamatch-25-10-2025-18-15-dicken-vs-grifk\/\"  id='av-masonry-1-item-13503' data-av-masonry-item='13503' class='av-masonry-entry isotope-item post-13503 post type-post status-publish format-standard has-post-thumbnail hentry category-ennakot-2025-26 category-uutiset tag-aktialiga tag-aktialiiga tag-alva-eskelin tag-damernas-aktialiga tag-grifkdamer tag-grifkhandball tag-naisten-aktialiiga tag-otteluennakko tag-runkosarja  av-masonry-item-with-image' title=\"Alva ennakko\"   itemscope=\"itemscope\" itemtype=\"https:\/\/schema.org\/CreativeWork\" ><div class='av-inner-masonry-sizer'><\/div><figure class='av-inner-masonry main_color'><div class=\"av-masonry-outerimage-container\"><div class='av-masonry-image-container' style=\"background-image: url(https:\/\/grifk-handball.com\/naiset\/wp-content\/uploads\/sites\/3\/2025\/10\/Alva-ennakko-705x470.png);\"  title=\"Alva ennakko\" ><\/div><\/div><figcaption class='av-inner-masonry-content site-background'><div class='av-inner-masonry-content-pos'><div class='av-inner-masonry-content-pos-content'><div class='avia-arrow'><\/div><h3 class='av-masonry-entry-title entry-title '  itemprop=\"headline\" >Bortamatch 25.10.2025 * 18.15 Dicken vs GrIFK<\/h3><div class='av-masonry-entry-content entry-content'  itemprop=\"text\" >P\u00e5 l\u00f6rdagen inleds den andra matchomg\u00e5ngen n\u00e4r vi m\u00f6ter\u2026<div class='av-masonry-categories'>Ennakot-2025-26,Uutiset<\/div><\/div><span class='av-masonry-date meta-color updated'>24.10.2025<\/span><span class=\"av-masonry-text-sep text-sep-author\">\/<\/span><span class='av-masonry-author meta-color author'><span class='fn'>by Ellen<\/span><\/span><\/div><\/div><\/figcaption><\/figure><\/a><!--end av-masonry entry--><a href=\"https:\/\/grifk-handball.com\/naiset\/kausi-2025-26\/ottelut-2025-26\/matchrapport-11-10-sif-vs-grifk\/\"  id='av-masonry-1-item-13475' data-av-masonry-item='13475' class='av-masonry-entry isotope-item post-13475 post type-post status-publish format-standard has-post-thumbnail hentry category-kausi-2025-26 category-otteluraportit-2025-226 category-ottelut-2025-26 category-uutiset tag-aktialiga tag-aktialiiga tag-cecilia-heinrichs tag-damernas-aktialiga tag-grifkdamer tag-grifkhandball tag-naisten-aktialiiga tag-matchrapport  av-masonry-item-with-image' title=\"GB7A4550\"   itemscope=\"itemscope\" itemtype=\"https:\/\/schema.org\/CreativeWork\" ><div class='av-inner-masonry-sizer'><\/div><figure class='av-inner-masonry main_color'><div class=\"av-masonry-outerimage-container\"><div class='av-masonry-image-container' style=\"background-image: url(https:\/\/grifk-handball.com\/naiset\/wp-content\/uploads\/sites\/3\/2025\/10\/GB7A4550-705x470.jpg);\"  title=\"GB7A4550\" ><\/div><\/div><figcaption class='av-inner-masonry-content site-background'><div class='av-inner-masonry-content-pos'><div class='av-inner-masonry-content-pos-content'><div class='avia-arrow'><\/div><h3 class='av-masonry-entry-title entry-title '  itemprop=\"headline\" >Matchrapport 11.10 SIF vs GrIFK<\/h3><div class='av-masonry-entry-content entry-content'  itemprop=\"text\" >P\u00e5 l\u00f6rdagen spelade vi en stabil bortamatch mot SIF och tog\u2026<div class='av-masonry-categories'>Kausi-2025-26,Otteluraportit-2025-226,Ottelut-2025-26,Uutiset<\/div><\/div><span class='av-masonry-date meta-color updated'>15.10.2025<\/span><span class=\"av-masonry-text-sep text-sep-author\">\/<\/span><span class='av-masonry-author meta-color author'><span class='fn'>by Ellen<\/span><\/span><\/div><\/div><\/figcaption><\/figure><\/a><!--end av-masonry entry--><a href=\"https:\/\/grifk-handball.com\/naiset\/kausi-2025-26\/ottelut-2025-26\/otteluraportti-11-10-sif-vs-grifk\/\"  id='av-masonry-1-item-13481' data-av-masonry-item='13481' class='av-masonry-entry isotope-item post-13481 post type-post status-publish format-standard has-post-thumbnail hentry category-kausi-2025-26 category-otteluraportit-2025-226 category-ottelut-2025-26 category-uutiset tag-aktialiga tag-aktialiiga tag-cecilia-heinrichs tag-damernas-aktialiga tag-grifkdamer tag-grifkhandball tag-naisten-aktialiiga tag-otteluraportti  av-masonry-item-with-image' title=\"GB7A4550\"   itemscope=\"itemscope\" itemtype=\"https:\/\/schema.org\/CreativeWork\" ><div class='av-inner-masonry-sizer'><\/div><figure class='av-inner-masonry main_color'><div class=\"av-masonry-outerimage-container\"><div class='av-masonry-image-container' style=\"background-image: url(https:\/\/grifk-handball.com\/naiset\/wp-content\/uploads\/sites\/3\/2025\/10\/GB7A4550-705x470.jpg);\"  title=\"GB7A4550\" ><\/div><\/div><figcaption class='av-inner-masonry-content site-background'><div class='av-inner-masonry-content-pos'><div class='av-inner-masonry-content-pos-content'><div class='avia-arrow'><\/div><h3 class='av-masonry-entry-title entry-title '  itemprop=\"headline\" >Otteluraportti 11.10 SIF vs GrIFK<\/h3><div class='av-masonry-entry-content entry-content'  itemprop=\"text\" >Viime lauantain vierasottelu SIF:i\u00e4 vastaan p\u00e4\u00e4ttyi meid\u00e4n\u2026<div class='av-masonry-categories'>Kausi-2025-26,Otteluraportit-2025-226,Ottelut-2025-26,Uutiset<\/div><\/div><span class='av-masonry-date meta-color updated'>15.10.2025<\/span><span class=\"av-masonry-text-sep text-sep-author\">\/<\/span><span class='av-masonry-author meta-color author'><span class='fn'>by Ellen<\/span><\/span><\/div><\/div><\/figcaption><\/figure><\/a><!--end av-masonry entry--><a href=\"https:\/\/grifk-handball.com\/naiset\/kausi-2025-26\/ottelut-2025-26\/11-10-sif-vs-grifk-12-31-8-13\/\"  id='av-masonry-1-item-13464' data-av-masonry-item='13464' class='av-masonry-entry isotope-item post-13464 post type-post status-publish format-standard has-post-thumbnail hentry category-kausi-2025-26 category-ottelut-2025-26 category-uutiset tag-aktialiga tag-aktialiiga tag-damernas-aktialiga tag-grifkdamer tag-grifkhandball tag-naisten-aktialiiga  av-masonry-item-with-image' title=\"SIF tulos\"   itemscope=\"itemscope\" itemtype=\"https:\/\/schema.org\/CreativeWork\" ><div class='av-inner-masonry-sizer'><\/div><figure class='av-inner-masonry main_color'><div class=\"av-masonry-outerimage-container\"><div class='av-masonry-image-container' style=\"background-image: url(https:\/\/grifk-handball.com\/naiset\/wp-content\/uploads\/sites\/3\/2025\/10\/SIF-tulos-705x470.png);\"  title=\"SIF tulos\" ><\/div><\/div><figcaption class='av-inner-masonry-content site-background'><div class='av-inner-masonry-content-pos'><div class='av-inner-masonry-content-pos-content'><div class='avia-arrow'><\/div><h3 class='av-masonry-entry-title entry-title '  itemprop=\"headline\" >11.10 SIF vs GrIFK 12\u201331 (8\u201313)<\/h3><div class='av-masonry-entry-content entry-content'  itemprop=\"text\" >GrIFK nappasi vakuuttavan 12\u201331-vierasvoiton SIF:st\u00e4 ottelussa,\u2026<div class='av-masonry-categories'>Kausi-2025-26,Ottelut-2025-26,Uutiset<\/div><\/div><span class='av-masonry-date meta-color updated'>13.10.2025<\/span><span class=\"av-masonry-text-sep text-sep-author\">\/<\/span><span class='av-masonry-author meta-color author'><span class='fn'>by kansli<\/span><\/span><\/div><\/div><\/figcaption><\/figure><\/a><!--end av-masonry entry--><a href=\"https:\/\/grifk-handball.com\/naiset\/kausi-2025-26\/ennakot-2025-26\/bortamatch-11-10-2025-17-30-sif-vs-grifk\/\"  id='av-masonry-1-item-13459' data-av-masonry-item='13459' class='av-masonry-entry isotope-item post-13459 post type-post status-publish format-standard has-post-thumbnail hentry category-ennakot-2025-26 category-uutiset tag-aktialiga tag-aktialiiga tag-cecilia-heinrichs tag-damernas-aktialiga tag-grifkdamer tag-grifkhandball tag-naisten-aktialiiga tag-otteluennakko tag-runkosarja  av-masonry-item-with-image' title=\"Cessi ennakko\"   itemscope=\"itemscope\" itemtype=\"https:\/\/schema.org\/CreativeWork\" ><div class='av-inner-masonry-sizer'><\/div><figure class='av-inner-masonry main_color'><div class=\"av-masonry-outerimage-container\"><div class='av-masonry-image-container' style=\"background-image: url(https:\/\/grifk-handball.com\/naiset\/wp-content\/uploads\/sites\/3\/2025\/10\/Cessi-ennakko-705x470.png);\"  title=\"Cessi ennakko\" ><\/div><\/div><figcaption class='av-inner-masonry-content site-background'><div class='av-inner-masonry-content-pos'><div class='av-inner-masonry-content-pos-content'><div class='avia-arrow'><\/div><h3 class='av-masonry-entry-title entry-title '  itemprop=\"headline\" >Bortamatch 11.10.2025 * 17.30 SIF vs GrIFK<\/h3><div class='av-masonry-entry-content entry-content'  itemprop=\"text\" >Inf\u00f6r l\u00f6rdagens match mot Sjunde\u00e5 IF har vi haft en intensiv\u2026<div class='av-masonry-categories'>Ennakot-2025-26,Uutiset<\/div><\/div><span class='av-masonry-date meta-color updated'>10.10.2025<\/span><span class=\"av-masonry-text-sep text-sep-author\">\/<\/span><span class='av-masonry-author meta-color author'><span class='fn'>by kansli<\/span><\/span><\/div><\/div><\/figcaption><\/figure><\/a><!--end av-masonry entry--><a href=\"https:\/\/grifk-handball.com\/naiset\/kausi-2025-26\/ennakot-2025-26\/vierasottelu-11-10-2025-17-30-sif-vs-grifk\/\"  id='av-masonry-1-item-13462' data-av-masonry-item='13462' class='av-masonry-entry isotope-item post-13462 post type-post status-publish format-standard has-post-thumbnail hentry category-ennakot-2025-26 category-uutiset tag-aktialiga tag-aktialiiga tag-cecilia-heinrichs tag-damernas-aktialiga tag-grifkdamer tag-grifkhandball tag-naisten-aktialiiga tag-otteluennakko tag-runkosarja  av-masonry-item-with-image' title=\"Cessi ennakko\"   itemscope=\"itemscope\" itemtype=\"https:\/\/schema.org\/CreativeWork\" ><div class='av-inner-masonry-sizer'><\/div><figure class='av-inner-masonry main_color'><div class=\"av-masonry-outerimage-container\"><div class='av-masonry-image-container' style=\"background-image: url(https:\/\/grifk-handball.com\/naiset\/wp-content\/uploads\/sites\/3\/2025\/10\/Cessi-ennakko-705x470.png);\"  title=\"Cessi ennakko\" ><\/div><\/div><figcaption class='av-inner-masonry-content site-background'><div class='av-inner-masonry-content-pos'><div class='av-inner-masonry-content-pos-content'><div class='avia-arrow'><\/div><h3 class='av-masonry-entry-title entry-title '  itemprop=\"headline\" >Vierasottelu 11.10.2025 * 17.30 SIF vs GrIFK<\/h3><div class='av-masonry-entry-content entry-content'  itemprop=\"text\" >Meill\u00e4 on takana intensiivinen ja onnistunut harjoitusviikko.\u2026<div class='av-masonry-categories'>Ennakot-2025-26,Uutiset<\/div><\/div><span class='av-masonry-date meta-color updated'>10.10.2025<\/span><span class=\"av-masonry-text-sep text-sep-author\">\/<\/span><span class='av-masonry-author meta-color author'><span class='fn'>by kansli<\/span><\/span><\/div><\/div><\/figcaption><\/figure><\/a><!--end av-masonry entry--><a href=\"https:\/\/grifk-handball.com\/naiset\/kausi-2025-26\/ottelut-2025-26\/matchrapport-4-10-grifk-vs-cocks\/\"  id='av-masonry-1-item-13449' data-av-masonry-item='13449' class='av-masonry-entry isotope-item post-13449 post type-post status-publish format-standard has-post-thumbnail hentry category-kausi-2025-26 category-otteluraportit-2025-226 category-ottelut-2025-26 category-uutiset tag-aktialiga tag-aktialiiga tag-damernas-aktialiga tag-grifkdamer tag-grifkhandball tag-isabellarsson tag-naisten-aktialiiga tag-matchrapport  av-masonry-item-with-image' title=\"GB7A4469\"   itemscope=\"itemscope\" itemtype=\"https:\/\/schema.org\/CreativeWork\" ><div class='av-inner-masonry-sizer'><\/div><figure class='av-inner-masonry main_color'><div class=\"av-masonry-outerimage-container\"><div class='av-masonry-image-container' style=\"background-image: url(https:\/\/grifk-handball.com\/naiset\/wp-content\/uploads\/sites\/3\/2025\/10\/GB7A4469-705x470.jpg);\"  title=\"GB7A4469\" ><\/div><\/div><figcaption class='av-inner-masonry-content site-background'><div class='av-inner-masonry-content-pos'><div class='av-inner-masonry-content-pos-content'><div class='avia-arrow'><\/div><h3 class='av-masonry-entry-title entry-title '  itemprop=\"headline\" >Matchrapport 4.10 GrIFK vs Cocks<\/h3><div class='av-masonry-entry-content entry-content'  itemprop=\"text\" >Vi b\u00f6rjar matchen helt okej med ett stabilt f\u00f6rsvar. Sedan\u2026<div class='av-masonry-categories'>Kausi-2025-26,Otteluraportit-2025-226,Ottelut-2025-26,Uutiset<\/div><\/div><span class='av-masonry-date meta-color updated'>7.10.2025<\/span><span class=\"av-masonry-text-sep text-sep-author\">\/<\/span><span class='av-masonry-author meta-color author'><span class='fn'>by Ellen<\/span><\/span><\/div><\/div><\/figcaption><\/figure><\/a><!--end av-masonry entry--><a href=\"https:\/\/grifk-handball.com\/naiset\/kausi-2025-26\/ottelut-2025-26\/otteluraportti-4-10-grifk-vs-cocks\/\"  id='av-masonry-1-item-13451' data-av-masonry-item='13451' class='av-masonry-entry isotope-item post-13451 post type-post status-publish format-standard has-post-thumbnail hentry category-kausi-2025-26 category-otteluraportit-2025-226 category-ottelut-2025-26 category-uutiset tag-aktialiga tag-aktialiiga tag-damernas-aktialiga tag-grifkdamer tag-grifkhandball tag-isabellarsson tag-naisten-aktialiiga tag-otteluraportti  av-masonry-item-with-image' title=\"GB7A4469\"   itemscope=\"itemscope\" itemtype=\"https:\/\/schema.org\/CreativeWork\" ><div class='av-inner-masonry-sizer'><\/div><figure class='av-inner-masonry main_color'><div class=\"av-masonry-outerimage-container\"><div class='av-masonry-image-container' style=\"background-image: url(https:\/\/grifk-handball.com\/naiset\/wp-content\/uploads\/sites\/3\/2025\/10\/GB7A4469-705x470.jpg);\"  title=\"GB7A4469\" ><\/div><\/div><figcaption class='av-inner-masonry-content site-background'><div class='av-inner-masonry-content-pos'><div class='av-inner-masonry-content-pos-content'><div class='avia-arrow'><\/div><h3 class='av-masonry-entry-title entry-title '  itemprop=\"headline\" >Otteluraportti 4.10 GrIFK vs Cocks<\/h3><div class='av-masonry-entry-content entry-content'  itemprop=\"text\" >Vahva puolustus antaa meille hyv\u00e4n alun otteluun. Teemme muutamia\u2026<div class='av-masonry-categories'>Kausi-2025-26,Otteluraportit-2025-226,Ottelut-2025-26,Uutiset<\/div><\/div><span class='av-masonry-date meta-color updated'>7.10.2025<\/span><span class=\"av-masonry-text-sep text-sep-author\">\/<\/span><span class='av-masonry-author meta-color author'><span class='fn'>by Ellen<\/span><\/span><\/div><\/div><\/figcaption><\/figure><\/a><!--end av-masonry entry--><a href=\"https:\/\/grifk-handball.com\/naiset\/kausi-2025-26\/ottelut-2025-26\/4-10-grifk-vs-cocks-27-23-12-11\/\"  id='av-masonry-1-item-13441' data-av-masonry-item='13441' class='av-masonry-entry isotope-item post-13441 post type-post status-publish format-standard has-post-thumbnail hentry category-kausi-2025-26 category-ottelut-2025-26 category-uutiset tag-aktialiga tag-aktialiiga tag-damernas-aktialiga tag-grifkdamer tag-grifkhandball tag-naisten-aktialiiga  av-masonry-item-with-image' title=\"GB7A1254\"   itemscope=\"itemscope\" itemtype=\"https:\/\/schema.org\/CreativeWork\" ><div class='av-inner-masonry-sizer'><\/div><figure class='av-inner-masonry main_color'><div class=\"av-masonry-outerimage-container\"><div class='av-masonry-image-container' style=\"background-image: url(https:\/\/grifk-handball.com\/naiset\/wp-content\/uploads\/sites\/3\/2025\/10\/GB7A1254-705x470.jpg);\"  title=\"GB7A1254\" ><\/div><\/div><figcaption class='av-inner-masonry-content site-background'><div class='av-inner-masonry-content-pos'><div class='av-inner-masonry-content-pos-content'><div class='avia-arrow'><\/div><h3 class='av-masonry-entry-title entry-title '  itemprop=\"headline\" >4.10 GrIFK vs Cocks 27\u201323 (12-11)<\/h3><div class='av-masonry-entry-content entry-content'  itemprop=\"text\" >GrIFK otti t\u00e4rke\u00e4t kaksi pistett\u00e4 kotiyleis\u00f6n edess\u00e4, kun\u2026<div class='av-masonry-categories'>Kausi-2025-26,Ottelut-2025-26,Uutiset<\/div><\/div><span class='av-masonry-date meta-color updated'>6.10.2025<\/span><span class=\"av-masonry-text-sep text-sep-author\">\/<\/span><span class='av-masonry-author meta-color author'><span class='fn'>by Ellen<\/span><\/span><\/div><\/div><\/figcaption><\/figure><\/a><!--end av-masonry entry--><a href=\"https:\/\/grifk-handball.com\/naiset\/kausi-2025-26\/ennakot-2025-26\/hemmamatch-4-10-2025-13-30-grifk-vs-cocks\/\"  id='av-masonry-1-item-13432' data-av-masonry-item='13432' class='av-masonry-entry isotope-item post-13432 post type-post status-publish format-standard has-post-thumbnail hentry category-ennakot-2025-26 category-uutiset tag-aktialiga tag-aktialiiga tag-damernas-aktialiga tag-grifkdamer tag-grifkhandball tag-isabellarsson tag-naisten-aktialiiga tag-otteluennakko tag-runkosarja  av-masonry-item-with-image' title=\"Isabel ennakko\"   itemscope=\"itemscope\" itemtype=\"https:\/\/schema.org\/CreativeWork\" ><div class='av-inner-masonry-sizer'><\/div><figure class='av-inner-masonry main_color'><div class=\"av-masonry-outerimage-container\"><div class='av-masonry-image-container' style=\"background-image: url(https:\/\/grifk-handball.com\/naiset\/wp-content\/uploads\/sites\/3\/2025\/10\/Isabel-ennakko-705x470.png);\"  title=\"Isabel ennakko\" ><\/div><\/div><figcaption class='av-inner-masonry-content site-background'><div class='av-inner-masonry-content-pos'><div class='av-inner-masonry-content-pos-content'><div class='avia-arrow'><\/div><h3 class='av-masonry-entry-title entry-title '  itemprop=\"headline\" >Hemmamatch 4.10.2025 * 13.30 GrIFK vs Cocks<\/h3><div class='av-masonry-entry-content entry-content'  itemprop=\"text\" >Vi har haft flera matcher under samma vecka, vilket har gjort\u2026<div class='av-masonry-categories'>Ennakot-2025-26,Uutiset<\/div><\/div><span class='av-masonry-date meta-color updated'>3.10.2025<\/span><span class=\"av-masonry-text-sep text-sep-author\">\/<\/span><span class='av-masonry-author meta-color author'><span class='fn'>by Ellen<\/span><\/span><\/div><\/div><\/figcaption><\/figure><\/a><!--end av-masonry entry--><a href=\"https:\/\/grifk-handball.com\/naiset\/kausi-2025-26\/ennakot-2025-26\/kotiottelu-4-10-2025-13-30-grifk-vs-cocks\/\"  id='av-masonry-1-item-13435' data-av-masonry-item='13435' class='av-masonry-entry isotope-item post-13435 post type-post status-publish format-standard has-post-thumbnail hentry category-ennakot-2025-26 category-uutiset tag-aktialiga tag-aktialiiga tag-damernas-aktialiga tag-grifkdamer tag-grifkhandball tag-isabellarsson tag-naisten-aktialiiga tag-otteluennakko tag-runkosarja  av-masonry-item-with-image' title=\"Isabel ennakko\"   itemscope=\"itemscope\" itemtype=\"https:\/\/schema.org\/CreativeWork\" ><div class='av-inner-masonry-sizer'><\/div><figure class='av-inner-masonry main_color'><div class=\"av-masonry-outerimage-container\"><div class='av-masonry-image-container' style=\"background-image: url(https:\/\/grifk-handball.com\/naiset\/wp-content\/uploads\/sites\/3\/2025\/10\/Isabel-ennakko-705x470.png);\"  title=\"Isabel ennakko\" ><\/div><\/div><figcaption class='av-inner-masonry-content site-background'><div class='av-inner-masonry-content-pos'><div class='av-inner-masonry-content-pos-content'><div class='avia-arrow'><\/div><h3 class='av-masonry-entry-title entry-title '  itemprop=\"headline\" >Kotiottelu 4.10.2025 * 13.30 GrIFK vs Cocks<\/h3><div class='av-masonry-entry-content entry-content'  itemprop=\"text\" >Meill\u00e4 on ollut useampi peli yhden viikon sis\u00e4\u00e4n, mutta olemme\u2026<div class='av-masonry-categories'>Ennakot-2025-26,Uutiset<\/div><\/div><span class='av-masonry-date meta-color updated'>3.10.2025<\/span><span class=\"av-masonry-text-sep text-sep-author\">\/<\/span><span class='av-masonry-author meta-color author'><span class='fn'>by Ellen<\/span><\/span><\/div><\/div><\/figcaption><\/figure><\/a><!--end av-masonry entry--><a href=\"https:\/\/grifk-handball.com\/naiset\/kausi-2025-26\/ottelut-2025-26\/matchrapport-1-10-atlas-vs-grifk\/\"  id='av-masonry-1-item-13420' data-av-masonry-item='13420' class='av-masonry-entry isotope-item post-13420 post type-post status-publish format-standard has-post-thumbnail hentry category-kausi-2025-26 category-otteluraportit-2025-226 category-ottelut-2025-26 category-uutiset tag-aktialiga tag-aktialiiga tag-damernas-aktialiga tag-grifkdamer tag-grifkhandball tag-louiseheinonen tag-naisten-aktialiiga tag-matchrapport  av-masonry-item-with-image' title=\"Atlas raportti\"   itemscope=\"itemscope\" itemtype=\"https:\/\/schema.org\/CreativeWork\" ><div class='av-inner-masonry-sizer'><\/div><figure class='av-inner-masonry main_color'><div class=\"av-masonry-outerimage-container\"><div class='av-masonry-image-container' style=\"background-image: url(https:\/\/grifk-handball.com\/naiset\/wp-content\/uploads\/sites\/3\/2025\/10\/Atlas-raportti-705x470.png);\"  title=\"Atlas raportti\" ><\/div><\/div><figcaption class='av-inner-masonry-content site-background'><div class='av-inner-masonry-content-pos'><div class='av-inner-masonry-content-pos-content'><div class='avia-arrow'><\/div><h3 class='av-masonry-entry-title entry-title '  itemprop=\"headline\" >Matchrapport 1.10 Atlas vs GrIFK<\/h3><div class='av-masonry-entry-content entry-content'  itemprop=\"text\" >Det blev en riktigt rolig match i Myrbacka. Atlas spelade som\u2026<div class='av-masonry-categories'>Kausi-2025-26,Otteluraportit-2025-226,Ottelut-2025-26,Uutiset<\/div><\/div><span class='av-masonry-date meta-color updated'>2.10.2025<\/span><span class=\"av-masonry-text-sep text-sep-author\">\/<\/span><span class='av-masonry-author meta-color author'><span class='fn'>by Ellen<\/span><\/span><\/div><\/div><\/figcaption><\/figure><\/a><!--end av-masonry entry--><a href=\"https:\/\/grifk-handball.com\/naiset\/kausi-2025-26\/ottelut-2025-26\/otteluraportti-1-10-atlas-vs-grifk\/\"  id='av-masonry-1-item-13416' data-av-masonry-item='13416' class='av-masonry-entry isotope-item post-13416 post type-post status-publish format-standard has-post-thumbnail hentry category-kausi-2025-26 category-otteluraportit-2025-226 category-ottelut-2025-26 category-uutiset tag-aktialiga tag-aktialiiga tag-damernas-aktialiga tag-grifkdamer tag-grifkhandball tag-louiseheinonen tag-naisten-aktialiiga tag-otteluraportti  av-masonry-item-with-image' title=\"Atlas raportti\"   itemscope=\"itemscope\" itemtype=\"https:\/\/schema.org\/CreativeWork\" ><div class='av-inner-masonry-sizer'><\/div><figure class='av-inner-masonry main_color'><div class=\"av-masonry-outerimage-container\"><div class='av-masonry-image-container' style=\"background-image: url(https:\/\/grifk-handball.com\/naiset\/wp-content\/uploads\/sites\/3\/2025\/10\/Atlas-raportti-705x470.png);\"  title=\"Atlas raportti\" ><\/div><\/div><figcaption class='av-inner-masonry-content site-background'><div class='av-inner-masonry-content-pos'><div class='av-inner-masonry-content-pos-content'><div class='avia-arrow'><\/div><h3 class='av-masonry-entry-title entry-title '  itemprop=\"headline\" >Otteluraportti 1.10 Atlas vs GrIFK<\/h3><div class='av-masonry-entry-content entry-content'  itemprop=\"text\" >Myyrm\u00e4ess\u00e4 pelattiin eilen todella hauska ottelu. Atlas tuli\u2026<div class='av-masonry-categories'>Kausi-2025-26,Otteluraportit-2025-226,Ottelut-2025-26,Uutiset<\/div><\/div><span class='av-masonry-date meta-color updated'>2.10.2025<\/span><span class=\"av-masonry-text-sep text-sep-author\">\/<\/span><span class='av-masonry-author meta-color author'><span class='fn'>by Ellen<\/span><\/span><\/div><\/div><\/figcaption><\/figure><\/a><!--end av-masonry entry--><a href=\"https:\/\/grifk-handball.com\/naiset\/kausi-2025-26\/ottelut-2025-26\/1-10-atlas-vs-grifk-30-38-15-17\/\"  id='av-masonry-1-item-13383' data-av-masonry-item='13383' class='av-masonry-entry isotope-item post-13383 post type-post status-publish format-standard has-post-thumbnail hentry category-kausi-2025-26 category-ottelut-2025-26 category-uutiset tag-aktialiga tag-aktialiiga tag-damernas-aktialiga tag-grifkdamer tag-grifkhandball tag-naisten-aktialiiga  av-masonry-item-with-image' title=\"Atlas tulos\"   itemscope=\"itemscope\" itemtype=\"https:\/\/schema.org\/CreativeWork\" ><div class='av-inner-masonry-sizer'><\/div><figure class='av-inner-masonry main_color'><div class=\"av-masonry-outerimage-container\"><div class='av-masonry-image-container' style=\"background-image: url(https:\/\/grifk-handball.com\/naiset\/wp-content\/uploads\/sites\/3\/2025\/10\/Atlas-tulos-705x470.png);\"  title=\"Atlas tulos\" ><\/div><\/div><figcaption class='av-inner-masonry-content site-background'><div class='av-inner-masonry-content-pos'><div class='av-inner-masonry-content-pos-content'><div class='avia-arrow'><\/div><h3 class='av-masonry-entry-title entry-title '  itemprop=\"headline\" >1.10 Atlas vs GrIFK 30-38 (15-17)<\/h3><div class='av-masonry-entry-content entry-content'  itemprop=\"text\" >GrIFK palasi keskiviikkona voittokantaan, kun joukkue haki t\u00e4rke\u00e4t\u2026<div class='av-masonry-categories'>Kausi-2025-26,Ottelut-2025-26,Uutiset<\/div><\/div><span class='av-masonry-date meta-color updated'>2.10.2025<\/span><span class=\"av-masonry-text-sep text-sep-author\">\/<\/span><span class='av-masonry-author meta-color author'><span class='fn'>by Ellen<\/span><\/span><\/div><\/div><\/figcaption><\/figure><\/a><!--end av-masonry entry--><a href=\"https:\/\/grifk-handball.com\/naiset\/kausi-2025-26\/grifk-damer-x-rosa-bandet\/\"  id='av-masonry-1-item-13410' data-av-masonry-item='13410' class='av-masonry-entry isotope-item post-13410 post type-post status-publish format-standard has-post-thumbnail hentry category-kausi-2025-26 category-uutiset tag-roosanauha tag-rosabandet  av-masonry-item-with-image' title=\"Rosa Bandet\"   itemscope=\"itemscope\" itemtype=\"https:\/\/schema.org\/CreativeWork\" ><div class='av-inner-masonry-sizer'><\/div><figure class='av-inner-masonry main_color'><div class=\"av-masonry-outerimage-container\"><div class='av-masonry-image-container' style=\"background-image: url(https:\/\/grifk-handball.com\/naiset\/wp-content\/uploads\/sites\/3\/2025\/10\/ROOSA-NAUHA-705x470.png);\"  title=\"Rosa Bandet\" ><\/div><\/div><figcaption class='av-inner-masonry-content site-background'><div class='av-inner-masonry-content-pos'><div class='av-inner-masonry-content-pos-content'><div class='avia-arrow'><\/div><h3 class='av-masonry-entry-title entry-title '  itemprop=\"headline\" >GrIFK Damer x Rosa Bandet<\/h3><div class='av-masonry-entry-content entry-content'  itemprop=\"text\" >Delta i damernas Rosa Bandet-insamling!<br \/>\r\n<br \/>\r\n<br \/>\r\n<br \/>\r\nOktober \u00e4r\u2026<div class='av-masonry-categories'>Kausi-2025-26,Uutiset<\/div><\/div><span class='av-masonry-date meta-color updated'>1.10.2025<\/span><span class=\"av-masonry-text-sep text-sep-author\">\/<\/span><span class='av-masonry-author meta-color author'><span class='fn'>by carolinarehnberg<\/span><\/span><\/div><\/div><\/figcaption><\/figure><\/a><!--end av-masonry entry--><a href=\"https:\/\/grifk-handball.com\/naiset\/kausi-2025-26\/grifk-naiset-x-roosa-nauha\/\"  id='av-masonry-1-item-13404' data-av-masonry-item='13404' class='av-masonry-entry isotope-item post-13404 post type-post status-publish format-standard has-post-thumbnail hentry category-kausi-2025-26 category-uutiset tag-roosanauha tag-rosabandet  av-masonry-item-with-image' title=\"Rosa Bandet\"   itemscope=\"itemscope\" itemtype=\"https:\/\/schema.org\/CreativeWork\" ><div class='av-inner-masonry-sizer'><\/div><figure class='av-inner-masonry main_color'><div class=\"av-masonry-outerimage-container\"><div class='av-masonry-image-container' style=\"background-image: url(https:\/\/grifk-handball.com\/naiset\/wp-content\/uploads\/sites\/3\/2025\/10\/ROOSA-NAUHA-705x470.png);\"  title=\"Rosa Bandet\" ><\/div><\/div><figcaption class='av-inner-masonry-content site-background'><div class='av-inner-masonry-content-pos'><div class='av-inner-masonry-content-pos-content'><div class='avia-arrow'><\/div><h3 class='av-masonry-entry-title entry-title '  itemprop=\"headline\" >GrIFK Naiset x Roosa Nauha<\/h3><div class='av-masonry-entry-content entry-content'  itemprop=\"text\" >Osallistu naisten Roosa Nauha -ker\u00e4ykseen!<br \/>\r\n<br \/>\r\n<br \/>\r\n<br \/>\r\n<br \/>\r\nLokakuu\u2026<div class='av-masonry-categories'>Kausi-2025-26,Uutiset<\/div><\/div><span class='av-masonry-date meta-color updated'>1.10.2025<\/span><span class=\"av-masonry-text-sep text-sep-author\">\/<\/span><span class='av-masonry-author meta-color author'><span class='fn'>by carolinarehnberg<\/span><\/span><\/div><\/div><\/figcaption><\/figure><\/a><!--end av-masonry entry--><a href=\"https:\/\/grifk-handball.com\/naiset\/kausi-2025-26\/ennakot-2025-26\/vierasottelu-1-10-2025-19-00-atlas-vs-grifk\/\"  id='av-masonry-1-item-13381' data-av-masonry-item='13381' class='av-masonry-entry isotope-item post-13381 post type-post status-publish format-standard has-post-thumbnail hentry category-ennakot-2025-26 category-uutiset tag-aktialiga tag-aktialiiga tag-damernas-aktialiga tag-grifkdamer tag-grifkhandball tag-louiseheinonen tag-naisten-aktialiiga tag-otteluennakko tag-runkosarja  av-masonry-item-with-image' title=\"Louise ennakko\"   itemscope=\"itemscope\" itemtype=\"https:\/\/schema.org\/CreativeWork\" ><div class='av-inner-masonry-sizer'><\/div><figure class='av-inner-masonry main_color'><div class=\"av-masonry-outerimage-container\"><div class='av-masonry-image-container' style=\"background-image: url(https:\/\/grifk-handball.com\/naiset\/wp-content\/uploads\/sites\/3\/2025\/09\/Louise-ennakko-705x470.png);\"  title=\"Louise ennakko\" ><\/div><\/div><figcaption class='av-inner-masonry-content site-background'><div class='av-inner-masonry-content-pos'><div class='av-inner-masonry-content-pos-content'><div class='avia-arrow'><\/div><h3 class='av-masonry-entry-title entry-title '  itemprop=\"headline\" >Vierasottelu 1.10.2025 * 19.00 Atlas vs GrIFK<\/h3><div class='av-masonry-entry-content entry-content'  itemprop=\"text\" >Lauantain tiukan tappion j\u00e4lkeen edess\u00e4 on jo seuraava haaste\u2026<div class='av-masonry-categories'>Ennakot-2025-26,Uutiset<\/div><\/div><span class='av-masonry-date meta-color updated'>1.10.2025<\/span><span class=\"av-masonry-text-sep text-sep-author\">\/<\/span><span class='av-masonry-author meta-color author'><span class='fn'>by Ellen<\/span><\/span><\/div><\/div><\/figcaption><\/figure><\/a><!--end av-masonry entry--><a href=\"https:\/\/grifk-handball.com\/naiset\/kausi-2025-26\/ennakot-2025-26\/bortamatch-1-10-2025-19-00-atlas-vs-grifk\/\"  id='av-masonry-1-item-13377' data-av-masonry-item='13377' class='av-masonry-entry isotope-item post-13377 post type-post status-publish format-standard has-post-thumbnail hentry category-ennakot-2025-26 category-uutiset tag-aktialiga tag-aktialiiga tag-damernas-aktialiga tag-grifkdamer tag-grifkhandball tag-louiseheinonen tag-naisten-aktialiiga tag-otteluennakko tag-runkosarja  av-masonry-item-with-image' title=\"Louise ennakko\"   itemscope=\"itemscope\" itemtype=\"https:\/\/schema.org\/CreativeWork\" ><div class='av-inner-masonry-sizer'><\/div><figure class='av-inner-masonry main_color'><div class=\"av-masonry-outerimage-container\"><div class='av-masonry-image-container' style=\"background-image: url(https:\/\/grifk-handball.com\/naiset\/wp-content\/uploads\/sites\/3\/2025\/09\/Louise-ennakko-705x470.png);\"  title=\"Louise ennakko\" ><\/div><\/div><figcaption class='av-inner-masonry-content site-background'><div class='av-inner-masonry-content-pos'><div class='av-inner-masonry-content-pos-content'><div class='avia-arrow'><\/div><h3 class='av-masonry-entry-title entry-title '  itemprop=\"headline\" >Bortamatch 1.10.2025 * 19.00 Atlas vs GrIFK<\/h3><div class='av-masonry-entry-content entry-content'  itemprop=\"text\" >Efter l\u00f6rdagens tuffa f\u00f6rlust v\u00e4ntar redan n\u00e4sta utmaning\u2026<div class='av-masonry-categories'>Ennakot-2025-26,Uutiset<\/div><\/div><span class='av-masonry-date meta-color updated'>1.10.2025<\/span><span class=\"av-masonry-text-sep text-sep-author\">\/<\/span><span class='av-masonry-author meta-color author'><span class='fn'>by Ellen<\/span><\/span><\/div><\/div><\/figcaption><\/figure><\/a><!--end av-masonry entry--><a href=\"https:\/\/grifk-handball.com\/naiset\/kausi-2025-26\/ottelut-2025-26\/matchrapport-27-9-grifk-vs-bk-46\/\"  id='av-masonry-1-item-13365' data-av-masonry-item='13365' class='av-masonry-entry isotope-item post-13365 post type-post status-publish format-standard has-post-thumbnail hentry category-kausi-2025-26 category-otteluraportit-2025-226 category-ottelut-2025-26 category-uutiset tag-aktialiga tag-aktialiiga tag-damernas-aktialiga tag-grifkdamer tag-grifkhandball tag-johannasvanback tag-naisten-aktialiiga tag-matchrapport  av-masonry-item-with-image' title=\"Johannan raportti\"   itemscope=\"itemscope\" itemtype=\"https:\/\/schema.org\/CreativeWork\" ><div class='av-inner-masonry-sizer'><\/div><figure class='av-inner-masonry main_color'><div class=\"av-masonry-outerimage-container\"><div class='av-masonry-image-container' style=\"background-image: url(https:\/\/grifk-handball.com\/naiset\/wp-content\/uploads\/sites\/3\/2025\/09\/Johannan-raportti-705x470.png);\"  title=\"Johannan raportti\" ><\/div><\/div><figcaption class='av-inner-masonry-content site-background'><div class='av-inner-masonry-content-pos'><div class='av-inner-masonry-content-pos-content'><div class='avia-arrow'><\/div><h3 class='av-masonry-entry-title entry-title '  itemprop=\"headline\" >Matchrapport 27.9 GrIFK vs BK-46<\/h3><div class='av-masonry-entry-content entry-content'  itemprop=\"text\" >Tyv\u00e4rr blev det en f\u00f6rlust i l\u00f6rdagens match mot BK-46. Vi\u2026<div class='av-masonry-categories'>Kausi-2025-26,Otteluraportit-2025-226,Ottelut-2025-26,Uutiset<\/div><\/div><span class='av-masonry-date meta-color updated'>29.9.2025<\/span><span class=\"av-masonry-text-sep text-sep-author\">\/<\/span><span class='av-masonry-author meta-color author'><span class='fn'>by Ellen<\/span><\/span><\/div><\/div><\/figcaption><\/figure><\/a><!--end av-masonry entry--><a href=\"https:\/\/grifk-handball.com\/naiset\/kausi-2025-26\/ottelut-2025-26\/otteluraportti-27-9-grifk-vs-bk-46\/\"  id='av-masonry-1-item-13369' data-av-masonry-item='13369' class='av-masonry-entry isotope-item post-13369 post type-post status-publish format-standard has-post-thumbnail hentry category-kausi-2025-26 category-otteluraportit-2025-226 category-ottelut-2025-26 category-uutiset tag-aktialiga tag-aktialiiga tag-damernas-aktialiga tag-grifkdamer tag-grifkhandball tag-johannasvanback tag-naisten-aktialiiga tag-otteluraportti  av-masonry-item-with-image' title=\"Johannan raportti\"   itemscope=\"itemscope\" itemtype=\"https:\/\/schema.org\/CreativeWork\" ><div class='av-inner-masonry-sizer'><\/div><figure class='av-inner-masonry main_color'><div class=\"av-masonry-outerimage-container\"><div class='av-masonry-image-container' style=\"background-image: url(https:\/\/grifk-handball.com\/naiset\/wp-content\/uploads\/sites\/3\/2025\/09\/Johannan-raportti-705x470.png);\"  title=\"Johannan raportti\" ><\/div><\/div><figcaption class='av-inner-masonry-content site-background'><div class='av-inner-masonry-content-pos'><div class='av-inner-masonry-content-pos-content'><div class='avia-arrow'><\/div><h3 class='av-masonry-entry-title entry-title '  itemprop=\"headline\" >Otteluraportti 27.9 GrIFK vs BK-46<\/h3><div class='av-masonry-entry-content entry-content'  itemprop=\"text\" >Lauantain kohtaaminen BK-46:n kanssa oli meille vaikea ja p\u00e4\u00e4ttyi\u2026<div class='av-masonry-categories'>Kausi-2025-26,Otteluraportit-2025-226,Ottelut-2025-26,Uutiset<\/div><\/div><span class='av-masonry-date meta-color updated'>29.9.2025<\/span><span class=\"av-masonry-text-sep text-sep-author\">\/<\/span><span class='av-masonry-author meta-color author'><span class='fn'>by Ellen<\/span><\/span><\/div><\/div><\/figcaption><\/figure><\/a><!--end av-masonry entry--><a href=\"https:\/\/grifk-handball.com\/naiset\/kausi-2025-26\/ottelut-2025-26\/27-9-grifk-vs-bk-46-26-33-15-18\/\"  id='av-masonry-1-item-13354' data-av-masonry-item='13354' class='av-masonry-entry isotope-item post-13354 post type-post status-publish format-standard has-post-thumbnail hentry category-kausi-2025-26 category-ottelut-2025-26 category-uutiset tag-aktialiga tag-aktialiiga tag-damernas-aktialiga tag-grifkdamer tag-grifkhandball tag-naisten-aktialiiga  av-masonry-item-with-image' title=\"GrIFK vs BK\"   itemscope=\"itemscope\" itemtype=\"https:\/\/schema.org\/CreativeWork\" ><div class='av-inner-masonry-sizer'><\/div><figure class='av-inner-masonry main_color'><div class=\"av-masonry-outerimage-container\"><div class='av-masonry-image-container' style=\"background-image: url(https:\/\/grifk-handball.com\/naiset\/wp-content\/uploads\/sites\/3\/2025\/09\/GrIFK-vs-BK-705x470.png);\"  title=\"GrIFK vs BK\" ><\/div><\/div><figcaption class='av-inner-masonry-content site-background'><div class='av-inner-masonry-content-pos'><div class='av-inner-masonry-content-pos-content'><div class='avia-arrow'><\/div><h3 class='av-masonry-entry-title entry-title '  itemprop=\"headline\" >27.9 GrIFK vs BK-46 26-33 (15-18)<\/h3><div class='av-masonry-entry-content entry-content'  itemprop=\"text\" >Viime lauantain kotiottelussa GrIFK joutui pettym\u00e4\u00e4n, kun vahvasti\u2026<div class='av-masonry-categories'>Kausi-2025-26,Ottelut-2025-26,Uutiset<\/div><\/div><span class='av-masonry-date meta-color updated'>29.9.2025<\/span><span class=\"av-masonry-text-sep text-sep-author\">\/<\/span><span class='av-masonry-author meta-color author'><span class='fn'>by Ellen<\/span><\/span><\/div><\/div><\/figcaption><\/figure><\/a><!--end av-masonry entry--><a href=\"https:\/\/grifk-handball.com\/naiset\/kausi-2025-26\/ennakot-2025-26\/hemmamatch-27-9-2025-14-00-grifk-vs-bk-46\/\"  id='av-masonry-1-item-13336' data-av-masonry-item='13336' class='av-masonry-entry isotope-item post-13336 post type-post status-publish format-standard has-post-thumbnail hentry category-ennakot-2025-26 category-uutiset tag-aktialiga tag-aktialiiga tag-damernas-aktialiga tag-grifkdamer tag-grifkhandball tag-johannasvanback tag-naisten-aktialiiga tag-otteluennakko tag-runkosarja  av-masonry-item-with-image' title=\"Hilli otteluennakko\"   itemscope=\"itemscope\" itemtype=\"https:\/\/schema.org\/CreativeWork\" ><div class='av-inner-masonry-sizer'><\/div><figure class='av-inner-masonry main_color'><div class=\"av-masonry-outerimage-container\"><div class='av-masonry-image-container' style=\"background-image: url(https:\/\/grifk-handball.com\/naiset\/wp-content\/uploads\/sites\/3\/2025\/09\/Hilli-otteluennakko-705x470.png);\"  title=\"Hilli otteluennakko\" ><\/div><\/div><figcaption class='av-inner-masonry-content site-background'><div class='av-inner-masonry-content-pos'><div class='av-inner-masonry-content-pos-content'><div class='avia-arrow'><\/div><h3 class='av-masonry-entry-title entry-title '  itemprop=\"headline\" >Hemmamatch 27.9.2025 * 13.30 GrIFK vs BK-46<\/h3><div class='av-masonry-entry-content entry-content'  itemprop=\"text\" >Imorgon spelar vi s\u00e4songens andra hemmamatch n\u00e4r BK-46 kommer\u2026<div class='av-masonry-categories'>Ennakot-2025-26,Uutiset<\/div><\/div><span class='av-masonry-date meta-color updated'>26.9.2025<\/span><span class=\"av-masonry-text-sep text-sep-author\">\/<\/span><span class='av-masonry-author meta-color author'><span class='fn'>by Ellen<\/span><\/span><\/div><\/div><\/figcaption><\/figure><\/a><!--end av-masonry entry--><a href=\"https:\/\/grifk-handball.com\/naiset\/kausi-2025-26\/ennakot-2025-26\/kotiottelu-27-9-2025-14-00-grifk-vs-bk-46\/\"  id='av-masonry-1-item-13333' data-av-masonry-item='13333' class='av-masonry-entry isotope-item post-13333 post type-post status-publish format-standard has-post-thumbnail hentry category-ennakot-2025-26 category-uutiset tag-aktialiga tag-aktialiiga tag-damernas-aktialiga tag-grifkdamer tag-grifkhandball tag-johannasvanback tag-naisten-aktialiiga tag-otteluennakko tag-runkosarja  av-masonry-item-with-image' title=\"Hilli otteluennakko\"   itemscope=\"itemscope\" itemtype=\"https:\/\/schema.org\/CreativeWork\" ><div class='av-inner-masonry-sizer'><\/div><figure class='av-inner-masonry main_color'><div class=\"av-masonry-outerimage-container\"><div class='av-masonry-image-container' style=\"background-image: url(https:\/\/grifk-handball.com\/naiset\/wp-content\/uploads\/sites\/3\/2025\/09\/Hilli-otteluennakko-705x470.png);\"  title=\"Hilli otteluennakko\" ><\/div><\/div><figcaption class='av-inner-masonry-content site-background'><div class='av-inner-masonry-content-pos'><div class='av-inner-masonry-content-pos-content'><div class='avia-arrow'><\/div><h3 class='av-masonry-entry-title entry-title '  itemprop=\"headline\" >Kotiottelu 27.9.2025 * 13.30 GrIFK vs BK-46<\/h3><div class='av-masonry-entry-content entry-content'  itemprop=\"text\" >Edess\u00e4 on kauden toinen kotipeli kun vieraaksemme Luolaan saapuu\u2026<div class='av-masonry-categories'>Ennakot-2025-26,Uutiset<\/div><\/div><span class='av-masonry-date meta-color updated'>26.9.2025<\/span><span class=\"av-masonry-text-sep text-sep-author\">\/<\/span><span class='av-masonry-author meta-color author'><span class='fn'>by Ellen<\/span><\/span><\/div><\/div><\/figcaption><\/figure><\/a><!--end av-masonry entry--><a href=\"https:\/\/grifk-handball.com\/naiset\/kausi-2025-26\/ottelut-2025-26\/otteluraportti-13-9-hifk-vs-grifk\/\"  id='av-masonry-1-item-13300' data-av-masonry-item='13300' class='av-masonry-entry isotope-item post-13300 post type-post status-publish format-standard has-post-thumbnail hentry category-kausi-2025-26 category-otteluraportit-2025-226 category-ottelut-2025-26 category-uutiset tag-aktialiga tag-aktialiiga tag-damernas-aktialiga tag-grifkdamer tag-grifkhandball tag-naisten-aktialiiga tag-otteluraportti  av-masonry-item-with-image' title=\"Lillis otteluraportti\"   itemscope=\"itemscope\" itemtype=\"https:\/\/schema.org\/CreativeWork\" ><div class='av-inner-masonry-sizer'><\/div><figure class='av-inner-masonry main_color'><div class=\"av-masonry-outerimage-container\"><div class='av-masonry-image-container' style=\"background-image: url(https:\/\/grifk-handball.com\/naiset\/wp-content\/uploads\/sites\/3\/2025\/09\/Lillis-otteluraportti-705x470.png);\"  title=\"Lillis otteluraportti\" ><\/div><\/div><figcaption class='av-inner-masonry-content site-background'><div class='av-inner-masonry-content-pos'><div class='av-inner-masonry-content-pos-content'><div class='avia-arrow'><\/div><h3 class='av-masonry-entry-title entry-title '  itemprop=\"headline\" >Otteluraportti 13.9 HIFK vs GrIFK<\/h3><div class='av-masonry-entry-content entry-content'  itemprop=\"text\" >Ennen ottelua puhuimme paljon tiiviin ja aggressiivisen puolustuksen\u2026<div class='av-masonry-categories'>Kausi-2025-26,Otteluraportit-2025-226,Ottelut-2025-26,Uutiset<\/div><\/div><span class='av-masonry-date meta-color updated'>17.9.2025<\/span><span class=\"av-masonry-text-sep text-sep-author\">\/<\/span><span class='av-masonry-author meta-color author'><span class='fn'>by Ellen<\/span><\/span><\/div><\/div><\/figcaption><\/figure><\/a><!--end av-masonry entry--><a href=\"https:\/\/grifk-handball.com\/naiset\/kausi-2025-26\/ottelut-2025-26\/matchrapport-13-9-hifk-vs-grifk\/\"  id='av-masonry-1-item-13296' data-av-masonry-item='13296' class='av-masonry-entry isotope-item post-13296 post type-post status-publish format-standard has-post-thumbnail hentry category-kausi-2025-26 category-otteluraportit-2025-226 category-ottelut-2025-26 category-uutiset tag-aktialiga tag-aktialiiga tag-damernas-aktialiga tag-grifkdamer tag-grifkhandball tag-naisten-aktialiiga tag-matchrapport  av-masonry-item-with-image' title=\"Lillis otteluraportti\"   itemscope=\"itemscope\" itemtype=\"https:\/\/schema.org\/CreativeWork\" ><div class='av-inner-masonry-sizer'><\/div><figure class='av-inner-masonry main_color'><div class=\"av-masonry-outerimage-container\"><div class='av-masonry-image-container' style=\"background-image: url(https:\/\/grifk-handball.com\/naiset\/wp-content\/uploads\/sites\/3\/2025\/09\/Lillis-otteluraportti-705x470.png);\"  title=\"Lillis otteluraportti\" ><\/div><\/div><figcaption class='av-inner-masonry-content site-background'><div class='av-inner-masonry-content-pos'><div class='av-inner-masonry-content-pos-content'><div class='avia-arrow'><\/div><h3 class='av-masonry-entry-title entry-title '  itemprop=\"headline\" >Matchrapport 13.9 HIFK vs GrIFK<\/h3><div class='av-masonry-entry-content entry-content'  itemprop=\"text\" >Innan matchen pratade vi mycket om f\u00f6rsvaret \u2013 att h\u00e5lla\u2026<div class='av-masonry-categories'>Kausi-2025-26,Otteluraportit-2025-226,Ottelut-2025-26,Uutiset<\/div><\/div><span class='av-masonry-date meta-color updated'>17.9.2025<\/span><span class=\"av-masonry-text-sep text-sep-author\">\/<\/span><span class='av-masonry-author meta-color author'><span class='fn'>by Ellen<\/span><\/span><\/div><\/div><\/figcaption><\/figure><\/a><!--end av-masonry entry--><a href=\"https:\/\/grifk-handball.com\/naiset\/kausi-2025-26\/ottelut-2025-26\/13-9-hifk-vs-grifk-26-27\/\"  id='av-masonry-1-item-13304' data-av-masonry-item='13304' class='av-masonry-entry isotope-item post-13304 post type-post status-publish format-standard has-post-thumbnail hentry category-kausi-2025-26 category-ottelut-2025-26 category-uutiset tag-aktialiga tag-aktialiiga tag-damernas-aktialiga tag-grifkdamer tag-grifkhandball tag-naisten-aktialiiga  av-masonry-item-with-image' title=\"_B7A7455\"   itemscope=\"itemscope\" itemtype=\"https:\/\/schema.org\/CreativeWork\" ><div class='av-inner-masonry-sizer'><\/div><figure class='av-inner-masonry main_color'><div class=\"av-masonry-outerimage-container\"><div class='av-masonry-image-container' style=\"background-image: url(https:\/\/grifk-handball.com\/naiset\/wp-content\/uploads\/sites\/3\/2025\/09\/B7A7455-705x469.jpg);\"  title=\"_B7A7455\" ><\/div><\/div><figcaption class='av-inner-masonry-content site-background'><div class='av-inner-masonry-content-pos'><div class='av-inner-masonry-content-pos-content'><div class='avia-arrow'><\/div><h3 class='av-masonry-entry-title entry-title '  itemprop=\"headline\" >13.9 HIFK vs GrIFK 26-27 (14-9)<\/h3><div class='av-masonry-entry-content entry-content'  itemprop=\"text\" >Viime lauantaina Urheilutalolla tarjosimme yhdess\u00e4 HIFK:n kanssa\u2026<div class='av-masonry-categories'>Kausi-2025-26,Ottelut-2025-26,Uutiset<\/div><\/div><span class='av-masonry-date meta-color updated'>17.9.2025<\/span><span class=\"av-masonry-text-sep text-sep-author\">\/<\/span><span class='av-masonry-author meta-color author'><span class='fn'>by Ellen<\/span><\/span><\/div><\/div><\/figcaption><\/figure><\/a><!--end av-masonry entry--><a href=\"https:\/\/grifk-handball.com\/naiset\/kausi-2025-26\/ennakot-2025-26\/vierasottelu-13-9-2025-14-00-hifk-vs-grifk\/\"  id='av-masonry-1-item-13283' data-av-masonry-item='13283' class='av-masonry-entry isotope-item post-13283 post type-post status-publish format-standard has-post-thumbnail hentry category-ennakot-2025-26 category-uutiset tag-aktialiga tag-aktialiiga tag-damernas-aktialiga tag-grifkdamer tag-grifkhandball tag-mathildasandblom tag-naisten-aktialiiga tag-otteluennakko tag-runkosarja  av-masonry-item-with-image' title=\"Lillis otteluennakko (2)\"   itemscope=\"itemscope\" itemtype=\"https:\/\/schema.org\/CreativeWork\" ><div class='av-inner-masonry-sizer'><\/div><figure class='av-inner-masonry main_color'><div class=\"av-masonry-outerimage-container\"><div class='av-masonry-image-container' style=\"background-image: url(https:\/\/grifk-handball.com\/naiset\/wp-content\/uploads\/sites\/3\/2025\/09\/Lillis-otteluennakko-2-705x470.png);\"  title=\"Lillis otteluennakko (2)\" ><\/div><\/div><figcaption class='av-inner-masonry-content site-background'><div class='av-inner-masonry-content-pos'><div class='av-inner-masonry-content-pos-content'><div class='avia-arrow'><\/div><h3 class='av-masonry-entry-title entry-title '  itemprop=\"headline\" >Vierasottelu 13.9.2025 * 14.00 HIFK vs GrIFK<\/h3><div class='av-masonry-entry-content entry-content'  itemprop=\"text\" >Edess\u00e4 on kauden ensimm\u00e4inen vieraspeli \u2013 lauantaina kohtaamme\u2026<div class='av-masonry-categories'>Ennakot-2025-26,Uutiset<\/div><\/div><span class='av-masonry-date meta-color updated'>12.9.2025<\/span><span class=\"av-masonry-text-sep text-sep-author\">\/<\/span><span class='av-masonry-author meta-color author'><span class='fn'>by Ellen<\/span><\/span><\/div><\/div><\/figcaption><\/figure><\/a><!--end av-masonry entry--><a href=\"https:\/\/grifk-handball.com\/naiset\/kausi-2025-26\/ennakot-2025-26\/bortamatch-13-9-2025-14-00-hifk-vs-grifk\/\"  id='av-masonry-1-item-13273' data-av-masonry-item='13273' class='av-masonry-entry isotope-item post-13273 post type-post status-publish format-standard has-post-thumbnail hentry category-ennakot-2025-26 category-uutiset tag-aktialiga tag-aktialiiga tag-damernas-aktialiga tag-grifkdamer tag-grifkhandball tag-mathildasandblom tag-naisten-aktialiiga tag-otteluennakko tag-runkosarja  av-masonry-item-with-image' title=\"Lillis otteluennakko (2)\"   itemscope=\"itemscope\" itemtype=\"https:\/\/schema.org\/CreativeWork\" ><div class='av-inner-masonry-sizer'><\/div><figure class='av-inner-masonry main_color'><div class=\"av-masonry-outerimage-container\"><div class='av-masonry-image-container' style=\"background-image: url(https:\/\/grifk-handball.com\/naiset\/wp-content\/uploads\/sites\/3\/2025\/09\/Lillis-otteluennakko-2-705x470.png);\"  title=\"Lillis otteluennakko (2)\" ><\/div><\/div><figcaption class='av-inner-masonry-content site-background'><div class='av-inner-masonry-content-pos'><div class='av-inner-masonry-content-pos-content'><div class='avia-arrow'><\/div><h3 class='av-masonry-entry-title entry-title '  itemprop=\"headline\" >Bortamatch 13.9.2025 * 14.00 HIFK vs GrIFK<\/h3><div class='av-masonry-entry-content entry-content'  itemprop=\"text\" >Nu v\u00e4ntar Aktialigas f\u00f6rsta bortamatch, d\u00e4r vi m\u00f6ter v\u00e5r\u2026<div class='av-masonry-categories'>Ennakot-2025-26,Uutiset<\/div><\/div><span class='av-masonry-date meta-color updated'>12.9.2025<\/span><span class=\"av-masonry-text-sep text-sep-author\">\/<\/span><span class='av-masonry-author meta-color author'><span class='fn'>by Ellen<\/span><\/span><\/div><\/div><\/figcaption><\/figure><\/a><!--end av-masonry entry--><a href=\"https:\/\/grifk-handball.com\/naiset\/kausi-2025-26\/ottelut-2025-26\/otteluraportti-6-9-grifk-vs-dicken\/\"  id='av-masonry-1-item-13265' data-av-masonry-item='13265' class='av-masonry-entry isotope-item post-13265 post type-post status-publish format-standard has-post-thumbnail hentry category-kausi-2025-26 category-otteluraportit-2025-226 category-ottelut-2025-26 category-uutiset tag-aktialiga tag-aktialiiga tag-damernas-aktialiga tag-grifkdamer tag-grifkhandball tag-naisten-aktialiiga tag-otteluraportti  av-masonry-item-with-image' title=\"GB7A1021\"   itemscope=\"itemscope\" itemtype=\"https:\/\/schema.org\/CreativeWork\" ><div class='av-inner-masonry-sizer'><\/div><figure class='av-inner-masonry main_color'><div class=\"av-masonry-outerimage-container\"><div class='av-masonry-image-container' style=\"background-image: url(https:\/\/grifk-handball.com\/naiset\/wp-content\/uploads\/sites\/3\/2025\/09\/GB7A1021-705x470.jpg);\"  title=\"GB7A1021\" ><\/div><\/div><figcaption class='av-inner-masonry-content site-background'><div class='av-inner-masonry-content-pos'><div class='av-inner-masonry-content-pos-content'><div class='avia-arrow'><\/div><h3 class='av-masonry-entry-title entry-title '  itemprop=\"headline\" >Otteluraportti 6.9 GrIFK vs Dicken<\/h3><div class='av-masonry-entry-content entry-content'  itemprop=\"text\" >Hienoa aloittaa kausi vakuuttavalla voitolla!<br \/>\r\n<br \/>\r\nOttelun alku\u2026<div class='av-masonry-categories'>Kausi-2025-26,Otteluraportit-2025-226,Ottelut-2025-26,Uutiset<\/div><\/div><span class='av-masonry-date meta-color updated'>9.9.2025<\/span><span class=\"av-masonry-text-sep text-sep-author\">\/<\/span><span class='av-masonry-author meta-color author'><span class='fn'>by Ellen<\/span><\/span><\/div><\/div><\/figcaption><\/figure><\/a><!--end av-masonry entry--><a href=\"https:\/\/grifk-handball.com\/naiset\/kausi-2025-26\/ottelut-2025-26\/matchrapport-6-9-grifk-vs-dicken\/\"  id='av-masonry-1-item-13260' data-av-masonry-item='13260' class='av-masonry-entry isotope-item post-13260 post type-post status-publish format-standard has-post-thumbnail hentry category-kausi-2025-26 category-otteluraportit-2025-226 category-ottelut-2025-26 category-uutiset tag-aktialiga tag-aktialiiga tag-damernas-aktialiga tag-grifkdamer tag-grifkhandball tag-naisten-aktialiiga tag-matchrapport  av-masonry-item-with-image' title=\"GB7A1021\"   itemscope=\"itemscope\" itemtype=\"https:\/\/schema.org\/CreativeWork\" ><div class='av-inner-masonry-sizer'><\/div><figure class='av-inner-masonry main_color'><div class=\"av-masonry-outerimage-container\"><div class='av-masonry-image-container' style=\"background-image: url(https:\/\/grifk-handball.com\/naiset\/wp-content\/uploads\/sites\/3\/2025\/09\/GB7A1021-705x470.jpg);\"  title=\"GB7A1021\" ><\/div><\/div><figcaption class='av-inner-masonry-content site-background'><div class='av-inner-masonry-content-pos'><div class='av-inner-masonry-content-pos-content'><div class='avia-arrow'><\/div><h3 class='av-masonry-entry-title entry-title '  itemprop=\"headline\" >Matchrapport 6.9 GrIFK vs Dicken<\/h3><div class='av-masonry-entry-content entry-content'  itemprop=\"text\" >Vad roligt att f\u00e5 b\u00f6rja s\u00e4songen med vinst!<br \/>\r\n<br \/>\r\nB\u00f6rjan av\u2026<div class='av-masonry-categories'>Kausi-2025-26,Otteluraportit-2025-226,Ottelut-2025-26,Uutiset<\/div><\/div><span class='av-masonry-date meta-color updated'>9.9.2025<\/span><span class=\"av-masonry-text-sep text-sep-author\">\/<\/span><span class='av-masonry-author meta-color author'><span class='fn'>by Ellen<\/span><\/span><\/div><\/div><\/figcaption><\/figure><\/a><!--end av-masonry entry--><a href=\"https:\/\/grifk-handball.com\/naiset\/kausi-2025-26\/ottelut-2025-26\/2-9-suomen-cup-dicken-island-girls-vs-grifk-19-30\/\"  id='av-masonry-1-item-13231' data-av-masonry-item='13231' class='av-masonry-entry isotope-item post-13231 post type-post status-publish format-standard has-post-thumbnail hentry category-kausi-2025-26 category-ottelut-2025-26 category-uutiset tag-aktialiga tag-aktialiiga tag-damernas-aktialiga tag-grifkdamer tag-grifkhandball tag-naisten-aktialiiga  av-masonry-item-with-image' title=\"GB7A1112\"   itemscope=\"itemscope\" itemtype=\"https:\/\/schema.org\/CreativeWork\" ><div class='av-inner-masonry-sizer'><\/div><figure class='av-inner-masonry main_color'><div class=\"av-masonry-outerimage-container\"><div class='av-masonry-image-container' style=\"background-image: url(https:\/\/grifk-handball.com\/naiset\/wp-content\/uploads\/sites\/3\/2025\/09\/GB7A1112-705x470.jpg);\"  title=\"GB7A1112\" ><\/div><\/div><figcaption class='av-inner-masonry-content site-background'><div class='av-inner-masonry-content-pos'><div class='av-inner-masonry-content-pos-content'><div class='avia-arrow'><\/div><h3 class='av-masonry-entry-title entry-title '  itemprop=\"headline\" >6.9 GrIFK vs Dicken 31-12 (13-3)<\/h3><div class='av-masonry-entry-content entry-content'  itemprop=\"text\" >GrIFK sai kaudelle parhaan mahdollisen alun, kun joukkue nappasi\u2026<div class='av-masonry-categories'>Kausi-2025-26,Ottelut-2025-26,Uutiset<\/div><\/div><span class='av-masonry-date meta-color updated'>8.9.2025<\/span><span class=\"av-masonry-text-sep text-sep-author\">\/<\/span><span class='av-masonry-author meta-color author'><span class='fn'>by Ellen<\/span><\/span><\/div><\/div><\/figcaption><\/figure><\/a><!--end av-masonry entry--><a href=\"https:\/\/grifk-handball.com\/naiset\/kausi-2025-26\/ottelut-2025-26\/6-9-grifk-vs-dicken-31-12\/\"  id='av-masonry-1-item-13182' data-av-masonry-item='13182' class='av-masonry-entry isotope-item post-13182 post type-post status-publish format-standard has-post-thumbnail hentry category-kausi-2025-26 category-ottelut-2025-26 category-uutiset tag-grifkdamer tag-grifkhandball tag-naisten-suomen-cup tag-suomencup tag-suomen-cup  av-masonry-item-with-image' title=\"_B7A3322\"   itemscope=\"itemscope\" itemtype=\"https:\/\/schema.org\/CreativeWork\" ><div class='av-inner-masonry-sizer'><\/div><figure class='av-inner-masonry main_color'><div class=\"av-masonry-outerimage-container\"><div class='av-masonry-image-container' style=\"background-image: url(https:\/\/grifk-handball.com\/naiset\/wp-content\/uploads\/sites\/3\/2025\/09\/B7A3322-705x470.jpg);\"  title=\"_B7A3322\" ><\/div><\/div><figcaption class='av-inner-masonry-content site-background'><div class='av-inner-masonry-content-pos'><div class='av-inner-masonry-content-pos-content'><div class='avia-arrow'><\/div><h3 class='av-masonry-entry-title entry-title '  itemprop=\"headline\" >2.9 Suomen Cup: Dicken Island Girls vs GrIFK 19-30 (7-16)<\/h3><div class='av-masonry-entry-content entry-content'  itemprop=\"text\" >GrIFK aloitti kauden tyylikk\u00e4\u00e4sti, kun joukkue haki selv\u00e4n\u2026<div class='av-masonry-categories'>Kausi-2025-26,Ottelut-2025-26,Uutiset<\/div><\/div><span class='av-masonry-date meta-color updated'>8.9.2025<\/span><span class=\"av-masonry-text-sep text-sep-author\">\/<\/span><span class='av-masonry-author meta-color author'><span class='fn'>by Ellen<\/span><\/span><\/div><\/div><\/figcaption><\/figure><\/a><!--end av-masonry entry--><a href=\"https:\/\/grifk-handball.com\/naiset\/kausi-2025-26\/ennakot-2025-26\/hemmamatch-6-9-2025-13-30-grifk-vs-dicken\/\"  id='av-masonry-1-item-13108' data-av-masonry-item='13108' class='av-masonry-entry isotope-item post-13108 post type-post status-publish format-standard has-post-thumbnail hentry category-ennakot-2025-26 category-uutiset tag-aktialiga tag-aktialiiga tag-damernas-aktialiga tag-greta-wiren tag-grifkdamer tag-grifkhandball tag-naisten-aktialiiga tag-otteluennakko tag-runkosarja  av-masonry-item-with-image' title=\"_B7A3603\"   itemscope=\"itemscope\" itemtype=\"https:\/\/schema.org\/CreativeWork\" ><div class='av-inner-masonry-sizer'><\/div><figure class='av-inner-masonry main_color'><div class=\"av-masonry-outerimage-container\"><div class='av-masonry-image-container' style=\"background-image: url(https:\/\/grifk-handball.com\/naiset\/wp-content\/uploads\/sites\/3\/2025\/09\/B7A3603-705x470.jpg);\"  title=\"_B7A3603\" ><\/div><\/div><figcaption class='av-inner-masonry-content site-background'><div class='av-inner-masonry-content-pos'><div class='av-inner-masonry-content-pos-content'><div class='avia-arrow'><\/div><h3 class='av-masonry-entry-title entry-title '  itemprop=\"headline\" >Hemmamatch 6.9.2025 * 13.30 GrIFK vs Dicken<\/h3><div class='av-masonry-entry-content entry-content'  itemprop=\"text\" >Nu har det blivit dags f\u00f6r seriepremi\u00e4r! \ud83e\udd29\ud83d\ude0d S\u00e4songen\u2026<div class='av-masonry-categories'>Ennakot-2025-26,Uutiset<\/div><\/div><span class='av-masonry-date meta-color updated'>5.9.2025<\/span><span class=\"av-masonry-text-sep text-sep-author\">\/<\/span><span class='av-masonry-author meta-color author'><span class='fn'>by Ellen<\/span><\/span><\/div><\/div><\/figcaption><\/figure><\/a><!--end av-masonry entry--><a href=\"https:\/\/grifk-handball.com\/naiset\/kausi-2025-26\/ennakot-2025-26\/kotiottelu-6-9-2025-13-30-grifk-vs-dicken\/\"  id='av-masonry-1-item-13104' data-av-masonry-item='13104' class='av-masonry-entry isotope-item post-13104 post type-post status-publish format-standard has-post-thumbnail hentry category-ennakot-2025-26 category-uutiset tag-aktialiga tag-aktialiiga tag-damernas-aktialiga tag-greta-wiren tag-grifkdamer tag-grifkhandball tag-naisten-aktialiiga tag-otteluennakko tag-runkosarja  av-masonry-item-with-image' title=\"_B7A3603\"   itemscope=\"itemscope\" itemtype=\"https:\/\/schema.org\/CreativeWork\" ><div class='av-inner-masonry-sizer'><\/div><figure class='av-inner-masonry main_color'><div class=\"av-masonry-outerimage-container\"><div class='av-masonry-image-container' style=\"background-image: url(https:\/\/grifk-handball.com\/naiset\/wp-content\/uploads\/sites\/3\/2025\/09\/B7A3603-705x470.jpg);\"  title=\"_B7A3603\" ><\/div><\/div><figcaption class='av-inner-masonry-content site-background'><div class='av-inner-masonry-content-pos'><div class='av-inner-masonry-content-pos-content'><div class='avia-arrow'><\/div><h3 class='av-masonry-entry-title entry-title '  itemprop=\"headline\" >Kotiottelu 6.9.2025 * 13.30 GrIFK vs Dicken<\/h3><div class='av-masonry-entry-content entry-content'  itemprop=\"text\" >Kaudenavaus on k\u00e4sill\u00e4! \ud83e\udd29\ud83d\ude0d Avaamme alkavan kauden 2025\u20132026\u2026<div class='av-masonry-categories'>Ennakot-2025-26,Uutiset<\/div><\/div><span class='av-masonry-date meta-color updated'>5.9.2025<\/span><span class=\"av-masonry-text-sep text-sep-author\">\/<\/span><span class='av-masonry-author meta-color author'><span class='fn'>by Ellen<\/span><\/span><\/div><\/div><\/figcaption><\/figure><\/a><!--end av-masonry entry--><a href=\"https:\/\/grifk-handball.com\/naiset\/kausi-2025-26\/nyt-on-aika-hankkia-kausikortti-kaudelle-25-26\/\"  id='av-masonry-1-item-12964' data-av-masonry-item='12964' class='av-masonry-entry isotope-item post-12964 post type-post status-publish format-standard has-post-thumbnail hentry category-kausi-2025-26 category-uutiset tag-aktialiiga tag-balticsealeague tag-grifkdamer tag-grifkhandboll tag-vispelarforgrankulla tag-grifk  av-masonry-item-with-image' title=\"FI\"   itemscope=\"itemscope\" itemtype=\"https:\/\/schema.org\/CreativeWork\" ><div class='av-inner-masonry-sizer'><\/div><figure class='av-inner-masonry main_color'><div class=\"av-masonry-outerimage-container\"><div class='av-masonry-image-container' style=\"background-image: url(https:\/\/grifk-handball.com\/naiset\/wp-content\/uploads\/sites\/3\/2025\/09\/FI-705x290.jpg);\"  title=\"FI\" ><\/div><\/div><figcaption class='av-inner-masonry-content site-background'><div class='av-inner-masonry-content-pos'><div class='av-inner-masonry-content-pos-content'><div class='avia-arrow'><\/div><h3 class='av-masonry-entry-title entry-title '  itemprop=\"headline\" >Nyt on aika hankkia kausikortti kaudelle 25\/26!<\/h3><div class='av-masonry-entry-content entry-content'  itemprop=\"text\" >Aktialiigan ensimm\u00e4inen ottelukierros alkaa t\u00e4ll\u00e4 viikolla\u2026<div class='av-masonry-categories'>Kausi-2025-26,Uutiset<\/div><\/div><span class='av-masonry-date meta-color updated'>4.9.2025<\/span><span class=\"av-masonry-text-sep text-sep-author\">\/<\/span><span class='av-masonry-author meta-color author'><span class='fn'>by Ellen<\/span><\/span><\/div><\/div><\/figcaption><\/figure><\/a><!--end av-masonry entry--><a href=\"https:\/\/grifk-handball.com\/naiset\/kausi-2025-26\/dags-att-skaffa-sasongskort-infor-sasongen-25-26\/\"  id='av-masonry-1-item-12959' data-av-masonry-item='12959' class='av-masonry-entry isotope-item post-12959 post type-post status-publish format-standard has-post-thumbnail hentry category-kausi-2025-26 category-uutiset tag-aktialiiga tag-balticsealeague tag-finnhandball tag-grifkdamer tag-grifkhandboll tag-vispelarforgrankulla tag-grifk  av-masonry-item-with-image' title=\"SV (1)\"   itemscope=\"itemscope\" itemtype=\"https:\/\/schema.org\/CreativeWork\" ><div class='av-inner-masonry-sizer'><\/div><figure class='av-inner-masonry main_color'><div class=\"av-masonry-outerimage-container\"><div class='av-masonry-image-container' style=\"background-image: url(https:\/\/grifk-handball.com\/naiset\/wp-content\/uploads\/sites\/3\/2025\/09\/SV-1-705x290.jpg);\"  title=\"SV (1)\" ><\/div><\/div><figcaption class='av-inner-masonry-content site-background'><div class='av-inner-masonry-content-pos'><div class='av-inner-masonry-content-pos-content'><div class='avia-arrow'><\/div><h3 class='av-masonry-entry-title entry-title '  itemprop=\"headline\" >Dags att skaffa s\u00e4songskort inf\u00f6r s\u00e4songen 25\/26!<\/h3><div class='av-masonry-entry-content entry-content'  itemprop=\"text\" >S\u00e4songspremi\u00e4ren n\u00e4rmar sig och nu \u00e4r det h\u00f6g tid att inf\u00f6rskaffa\u2026<div class='av-masonry-categories'>Kausi-2025-26,Uutiset<\/div><\/div><span class='av-masonry-date meta-color updated'>4.9.2025<\/span><span class=\"av-masonry-text-sep text-sep-author\">\/<\/span><span class='av-masonry-author meta-color author'><span class='fn'>by Ellen<\/span><\/span><\/div><\/div><\/figcaption><\/figure><\/a><!--end av-masonry entry--><\/div><\/div><\/p><\/div>\n<\/div><\/div><\/div><!-- close content main div --><\/div><\/div><div id='after_section_4'  class='main_color av_default_container_wrap container_wrap sidebar_right'  ><div class='container av-section-cont-open' ><div class='template-page content  av-content-small alpha units'><div class='post-entry post-entry-type-page post-entry-13197'><div class='entry-content-wrapper clearfix'><\/p>\n<\/div>\n","protected":false},"excerpt":{"rendered":"","protected":false},"author":12,"featured_media":0,"parent":0,"menu_order":0,"comment_status":"closed","ping_status":"closed","template":"","meta":{"_acf_changed":false,"jetpack_post_was_ever_published":false,"footnotes":""},"tags":[],"class_list":["post-13197","page","type-page","status-publish","hentry"],"acf":[],"yoast_head":"<!-- This site is optimized with the Yoast SEO plugin v27.5 - https:\/\/yoast.com\/product\/yoast-seo-wordpress\/ -->\n<title>Otteluohjelma ja tulokset 2025-26 &#187; GrIFK K\u00e4sipallo Naiset<\/title>\n<meta name=\"robots\" content=\"index, follow, max-snippet:-1, max-image-preview:large, max-video-preview:-1\" \/>\n<link rel=\"canonical\" href=\"https:\/\/grifk-handball.com\/naiset\/otteluohjelma-ja-tulokset-2025-26\/\" \/>\n<meta property=\"og:locale\" content=\"fi_FI\" \/>\n<meta property=\"og:type\" content=\"article\" \/>\n<meta property=\"og:title\" content=\"Otteluohjelma ja tulokset 2025-26 &#187; GrIFK K\u00e4sipallo Naiset\" \/>\n<meta property=\"og:url\" content=\"https:\/\/grifk-handball.com\/naiset\/otteluohjelma-ja-tulokset-2025-26\/\" \/>\n<meta property=\"og:site_name\" content=\"GrIFK K\u00e4sipallo Naiset\" \/>\n<meta property=\"article:publisher\" content=\"https:\/\/www.facebook.com\/532444520237680\" \/>\n<meta property=\"article:modified_time\" content=\"2026-02-13T11:52:27+00:00\" \/>\n<meta property=\"og:image\" content=\"https:\/\/grifk-handball.com\/naiset\/wp-content\/uploads\/sites\/3\/2025\/03\/fi.png\" \/>\n<meta name=\"twitter:card\" content=\"summary_large_image\" \/>\n<meta name=\"twitter:label1\" content=\"Arvioitu lukuaika\" \/>\n\t<meta name=\"twitter:data1\" content=\"15 minuuttia\" \/>\n<script type=\"application\/ld+json\" class=\"yoast-schema-graph\">{\"@context\":\"https:\\\/\\\/schema.org\",\"@graph\":[{\"@type\":\"WebPage\",\"@id\":\"https:\\\/\\\/grifk-handball.com\\\/naiset\\\/otteluohjelma-ja-tulokset-2025-26\\\/\",\"url\":\"https:\\\/\\\/grifk-handball.com\\\/naiset\\\/otteluohjelma-ja-tulokset-2025-26\\\/\",\"name\":\"Otteluohjelma ja tulokset 2025-26 &#187; GrIFK K\u00e4sipallo Naiset\",\"isPartOf\":{\"@id\":\"https:\\\/\\\/grifk-handball.com\\\/naiset\\\/#website\"},\"primaryImageOfPage\":{\"@id\":\"https:\\\/\\\/grifk-handball.com\\\/naiset\\\/otteluohjelma-ja-tulokset-2025-26\\\/#primaryimage\"},\"image\":{\"@id\":\"https:\\\/\\\/grifk-handball.com\\\/naiset\\\/otteluohjelma-ja-tulokset-2025-26\\\/#primaryimage\"},\"thumbnailUrl\":\"https:\\\/\\\/grifk-handball.com\\\/naiset\\\/wp-content\\\/uploads\\\/sites\\\/3\\\/2025\\\/03\\\/fi.png\",\"datePublished\":\"2025-09-08T07:31:38+00:00\",\"dateModified\":\"2026-02-13T11:52:27+00:00\",\"breadcrumb\":{\"@id\":\"https:\\\/\\\/grifk-handball.com\\\/naiset\\\/otteluohjelma-ja-tulokset-2025-26\\\/#breadcrumb\"},\"inLanguage\":\"fi\",\"potentialAction\":[{\"@type\":\"ReadAction\",\"target\":[\"https:\\\/\\\/grifk-handball.com\\\/naiset\\\/otteluohjelma-ja-tulokset-2025-26\\\/\"]}]},{\"@type\":\"ImageObject\",\"inLanguage\":\"fi\",\"@id\":\"https:\\\/\\\/grifk-handball.com\\\/naiset\\\/otteluohjelma-ja-tulokset-2025-26\\\/#primaryimage\",\"url\":\"https:\\\/\\\/grifk-handball.com\\\/naiset\\\/wp-content\\\/uploads\\\/sites\\\/3\\\/2025\\\/03\\\/fi.png\",\"contentUrl\":\"https:\\\/\\\/grifk-handball.com\\\/naiset\\\/wp-content\\\/uploads\\\/sites\\\/3\\\/2025\\\/03\\\/fi.png\"},{\"@type\":\"BreadcrumbList\",\"@id\":\"https:\\\/\\\/grifk-handball.com\\\/naiset\\\/otteluohjelma-ja-tulokset-2025-26\\\/#breadcrumb\",\"itemListElement\":[{\"@type\":\"ListItem\",\"position\":1,\"name\":\"Home\",\"item\":\"https:\\\/\\\/grifk-handball.com\\\/naiset\\\/etusivu-2\\\/\"},{\"@type\":\"ListItem\",\"position\":2,\"name\":\"Otteluohjelma ja tulokset 2025-26\"}]},{\"@type\":\"WebSite\",\"@id\":\"https:\\\/\\\/grifk-handball.com\\\/naiset\\\/#website\",\"url\":\"https:\\\/\\\/grifk-handball.com\\\/naiset\\\/\",\"name\":\"GrIFK K\u00e4sipallo Naiset\",\"description\":\"GrIFK K\u00e4sipallo Naiset\",\"potentialAction\":[{\"@type\":\"SearchAction\",\"target\":{\"@type\":\"EntryPoint\",\"urlTemplate\":\"https:\\\/\\\/grifk-handball.com\\\/naiset\\\/?s={search_term_string}\"},\"query-input\":{\"@type\":\"PropertyValueSpecification\",\"valueRequired\":true,\"valueName\":\"search_term_string\"}}],\"inLanguage\":\"fi\"}]}<\/script>\n<!-- \/ Yoast SEO plugin. -->","yoast_head_json":{"title":"Otteluohjelma ja tulokset 2025-26 &#187; GrIFK K\u00e4sipallo Naiset","robots":{"index":"index","follow":"follow","max-snippet":"max-snippet:-1","max-image-preview":"max-image-preview:large","max-video-preview":"max-video-preview:-1"},"canonical":"https:\/\/grifk-handball.com\/naiset\/otteluohjelma-ja-tulokset-2025-26\/","og_locale":"fi_FI","og_type":"article","og_title":"Otteluohjelma ja tulokset 2025-26 &#187; GrIFK K\u00e4sipallo Naiset","og_url":"https:\/\/grifk-handball.com\/naiset\/otteluohjelma-ja-tulokset-2025-26\/","og_site_name":"GrIFK K\u00e4sipallo Naiset","article_publisher":"https:\/\/www.facebook.com\/532444520237680","article_modified_time":"2026-02-13T11:52:27+00:00","og_image":[{"url":"https:\/\/grifk-handball.com\/naiset\/wp-content\/uploads\/sites\/3\/2025\/03\/fi.png","type":"","width":"","height":""}],"twitter_card":"summary_large_image","twitter_misc":{"Arvioitu lukuaika":"15 minuuttia"},"schema":{"@context":"https:\/\/schema.org","@graph":[{"@type":"WebPage","@id":"https:\/\/grifk-handball.com\/naiset\/otteluohjelma-ja-tulokset-2025-26\/","url":"https:\/\/grifk-handball.com\/naiset\/otteluohjelma-ja-tulokset-2025-26\/","name":"Otteluohjelma ja tulokset 2025-26 &#187; GrIFK K\u00e4sipallo Naiset","isPartOf":{"@id":"https:\/\/grifk-handball.com\/naiset\/#website"},"primaryImageOfPage":{"@id":"https:\/\/grifk-handball.com\/naiset\/otteluohjelma-ja-tulokset-2025-26\/#primaryimage"},"image":{"@id":"https:\/\/grifk-handball.com\/naiset\/otteluohjelma-ja-tulokset-2025-26\/#primaryimage"},"thumbnailUrl":"https:\/\/grifk-handball.com\/naiset\/wp-content\/uploads\/sites\/3\/2025\/03\/fi.png","datePublished":"2025-09-08T07:31:38+00:00","dateModified":"2026-02-13T11:52:27+00:00","breadcrumb":{"@id":"https:\/\/grifk-handball.com\/naiset\/otteluohjelma-ja-tulokset-2025-26\/#breadcrumb"},"inLanguage":"fi","potentialAction":[{"@type":"ReadAction","target":["https:\/\/grifk-handball.com\/naiset\/otteluohjelma-ja-tulokset-2025-26\/"]}]},{"@type":"ImageObject","inLanguage":"fi","@id":"https:\/\/grifk-handball.com\/naiset\/otteluohjelma-ja-tulokset-2025-26\/#primaryimage","url":"https:\/\/grifk-handball.com\/naiset\/wp-content\/uploads\/sites\/3\/2025\/03\/fi.png","contentUrl":"https:\/\/grifk-handball.com\/naiset\/wp-content\/uploads\/sites\/3\/2025\/03\/fi.png"},{"@type":"BreadcrumbList","@id":"https:\/\/grifk-handball.com\/naiset\/otteluohjelma-ja-tulokset-2025-26\/#breadcrumb","itemListElement":[{"@type":"ListItem","position":1,"name":"Home","item":"https:\/\/grifk-handball.com\/naiset\/etusivu-2\/"},{"@type":"ListItem","position":2,"name":"Otteluohjelma ja tulokset 2025-26"}]},{"@type":"WebSite","@id":"https:\/\/grifk-handball.com\/naiset\/#website","url":"https:\/\/grifk-handball.com\/naiset\/","name":"GrIFK K\u00e4sipallo Naiset","description":"GrIFK K\u00e4sipallo Naiset","potentialAction":[{"@type":"SearchAction","target":{"@type":"EntryPoint","urlTemplate":"https:\/\/grifk-handball.com\/naiset\/?s={search_term_string}"},"query-input":{"@type":"PropertyValueSpecification","valueRequired":true,"valueName":"search_term_string"}}],"inLanguage":"fi"}]}},"jetpack_sharing_enabled":true,"_links":{"self":[{"href":"https:\/\/grifk-handball.com\/naiset\/wp-json\/wp\/v2\/pages\/13197","targetHints":{"allow":["GET"]}}],"collection":[{"href":"https:\/\/grifk-handball.com\/naiset\/wp-json\/wp\/v2\/pages"}],"about":[{"href":"https:\/\/grifk-handball.com\/naiset\/wp-json\/wp\/v2\/types\/page"}],"author":[{"embeddable":true,"href":"https:\/\/grifk-handball.com\/naiset\/wp-json\/wp\/v2\/users\/12"}],"replies":[{"embeddable":true,"href":"https:\/\/grifk-handball.com\/naiset\/wp-json\/wp\/v2\/comments?post=13197"}],"version-history":[{"count":29,"href":"https:\/\/grifk-handball.com\/naiset\/wp-json\/wp\/v2\/pages\/13197\/revisions"}],"predecessor-version":[{"id":13491,"href":"https:\/\/grifk-handball.com\/naiset\/wp-json\/wp\/v2\/pages\/13197\/revisions\/13491"}],"wp:attachment":[{"href":"https:\/\/grifk-handball.com\/naiset\/wp-json\/wp\/v2\/media?parent=13197"}],"wp:term":[{"taxonomy":"post_tag","embeddable":true,"href":"https:\/\/grifk-handball.com\/naiset\/wp-json\/wp\/v2\/tags?post=13197"}],"curies":[{"name":"wp","href":"https:\/\/api.w.org\/{rel}","templated":true}]}}