{"id":1454,"date":"2016-09-08T19:02:35","date_gmt":"2016-09-08T19:02:35","guid":{"rendered":"http:\/\/c3451.paas1.ams.modxcloud.com\/?page_id=1454"},"modified":"2025-09-05T14:51:27","modified_gmt":"2025-09-05T11:51:27","slug":"otteluraportit","status":"publish","type":"page","link":"https:\/\/grifk-handball.com\/naiset\/otteluraportit\/","title":{"rendered":"Otteluraportit"},"content":{"rendered":"<div id='full_slider_1'  class='avia-fullwidth-slider main_color avia-shadow   avia-builder-el-0  el_before_av_heading  avia-builder-el-first   container_wrap sidebar_right'  ><div  class='avia-slideshow av-74fn32-94d327d0604bd28f5ec75927223bd27e avia-slideshow-featured av_slideshow_full avia-slide-slider av-slideshow-ui av-control-default av-slideshow-manual av-loop-once av-loop-manual-endless av-default-height-applied   avia-slideshow-1' data-slideshow-options=\"{&quot;animation&quot;:&quot;slide&quot;,&quot;autoplay&quot;:false,&quot;loop_autoplay&quot;:&quot;once&quot;,&quot;interval&quot;:5,&quot;loop_manual&quot;:&quot;manual-endless&quot;,&quot;autoplay_stopper&quot;:false,&quot;noNavigation&quot;:false,&quot;bg_slider&quot;:false,&quot;keep_padding&quot;:false,&quot;hoverpause&quot;:false,&quot;show_slide_delay&quot;:0}\"  itemprop=\"image\" itemscope=\"itemscope\" itemtype=\"https:\/\/schema.org\/ImageObject\" ><ul class='avia-slideshow-inner ' style='padding-bottom: 28.666666666667%;'><\/ul><\/div><\/div><div id='after_full_slider_1'  class='main_color av_default_container_wrap container_wrap sidebar_right'  ><div class='container av-section-cont-open' ><div class='template-page content  av-content-small alpha units'><div class='post-entry post-entry-type-page post-entry-1454'><div class='entry-content-wrapper clearfix'>\n\n<style type=\"text\/css\" data-created_by=\"avia_inline_auto\" id=\"style-css-av-mf6rmrhl-e6eb0173b2f5743861d84e999a4968f2\">\n#top .av-special-heading.av-mf6rmrhl-e6eb0173b2f5743861d84e999a4968f2{\npadding-bottom:10px;\n}\nbody .av-special-heading.av-mf6rmrhl-e6eb0173b2f5743861d84e999a4968f2 .av-special-heading-tag .heading-char{\nfont-size:25px;\n}\n.av-special-heading.av-mf6rmrhl-e6eb0173b2f5743861d84e999a4968f2 .av-subheading{\nfont-size:15px;\n}\n<\/style>\n<div  class='av-special-heading av-mf6rmrhl-e6eb0173b2f5743861d84e999a4968f2 av-special-heading-h1  avia-builder-el-1  el_after_av_slideshow_full  el_before_av_one_full  avia-builder-el-first '><h1 class='av-special-heading-tag '  itemprop=\"headline\"  >Otteluraportit<\/h1><div class=\"special-heading-border\"><div class=\"special-heading-inner-border\"><\/div><\/div><\/div>\n<div  class='flex_column av-5wa4v2-06f2689fbc529166f085b0fcf3595874 av_one_full  avia-builder-el-2  el_after_av_heading  el_before_av_one_full  first flex_column_div  '     ><p>\n<style type=\"text\/css\" data-created_by=\"avia_inline_auto\" id=\"style-css-av-lmlwdok2-8ce9869df51ff5fc38e0fc510d53ee13\">\n#top .av-special-heading.av-lmlwdok2-8ce9869df51ff5fc38e0fc510d53ee13{\npadding-bottom:10px;\n}\nbody .av-special-heading.av-lmlwdok2-8ce9869df51ff5fc38e0fc510d53ee13 .av-special-heading-tag .heading-char{\nfont-size:25px;\n}\n.av-special-heading.av-lmlwdok2-8ce9869df51ff5fc38e0fc510d53ee13 .av-subheading{\nfont-size:15px;\n}\n<\/style>\n<div  class='av-special-heading av-lmlwdok2-8ce9869df51ff5fc38e0fc510d53ee13 av-special-heading-h3  avia-builder-el-3  el_before_av_masonry_entries  avia-builder-el-no-sibling '><h3 class='av-special-heading-tag '  itemprop=\"headline\"  >Kausi 2025-26<\/h3><div class=\"special-heading-border\"><div class=\"special-heading-inner-border\"><\/div><\/div><\/div><br \/>\n\n<style type=\"text\/css\" data-created_by=\"avia_inline_auto\" id=\"style-css-av-2twl0u-377170934798550b91e34b8aebccf61b\">\n#top .av-masonry.av-2twl0u-377170934798550b91e34b8aebccf61b{\nbackground-color:#ffffff;\n}\n<\/style>\n<div id='av-masonry-1' class='av-masonry av-2twl0u-377170934798550b91e34b8aebccf61b noHover av-fixed-size av-large-gap av-hover-overlay- av-masonry-animation-active av-masonry-col-2 av-caption-always av-caption-style- av-masonry-entries av-orientation-square ' data-post_id=\"1454\"><div class=\"av-masonry-container isotope av-js-disabled\"><div class='av-masonry-entry isotope-item av-masonry-item-no-image '><\/div><a href=\"https:\/\/grifk-handball.com\/naiset\/kausi-2025-26\/ottelut-2025-26\/otteluraportti-24-4-4-finaali-hifk-vs-grifk\/\"  id='av-masonry-1-item-14319' data-av-masonry-item='14319' class='av-masonry-entry isotope-item post-14319 post type-post status-publish format-standard has-post-thumbnail hentry category-kausi-2025-26 category-otteluraportit-2025-226 category-ottelut-2025-26 category-uutiset tag-aktialiga tag-aktialiiga tag-damernas-aktialiga tag-finaali tag-final tag-fm-final tag-grifkdamer tag-grifkhandball tag-naisten-aktialiiga tag-otteluraportti tag-playoff tag-sandra-lundqvist  av-masonry-item-with-image' title=\"2I1A7211\"   itemscope=\"itemscope\" itemtype=\"https:\/\/schema.org\/CreativeWork\" ><div class='av-inner-masonry-sizer'><\/div><figure class='av-inner-masonry main_color'><div class=\"av-masonry-outerimage-container\"><div class='av-masonry-image-container' style=\"background-image: url(https:\/\/grifk-handball.com\/naiset\/wp-content\/uploads\/sites\/3\/2026\/04\/2I1A7211-705x470.jpg);\"  title=\"2I1A7211\" ><\/div><\/div><figcaption class='av-inner-masonry-content site-background'><div class='av-inner-masonry-content-pos'><div class='av-inner-masonry-content-pos-content'><div class='avia-arrow'><\/div><h3 class='av-masonry-entry-title entry-title '  itemprop=\"headline\" >Otteluraportti 24.4. 4. finaali HIFK vs GrIFK<\/h3><div class='av-masonry-entry-content entry-content'  itemprop=\"text\" >Kuten toivoimme, finaalisarja saatiin p\u00e4\u00e4t\u00f6kseen perjantaina,\u2026<div class='av-masonry-categories'>Kausi-2025-26,Otteluraportit-2025-226,Ottelut-2025-26,Uutiset<\/div><\/div><span class='av-masonry-date meta-color updated'>30.4.2026<\/span><span class=\"av-masonry-text-sep text-sep-author\">\/<\/span><span class='av-masonry-author meta-color author'><span class='fn'>by Ellen<\/span><\/span><\/div><\/div><\/figcaption><\/figure><\/a><!--end av-masonry entry--><a href=\"https:\/\/grifk-handball.com\/naiset\/kausi-2025-26\/ottelut-2025-26\/matchrapport-24-4-final-4-hifk-vs-grifk\/\"  id='av-masonry-1-item-14315' data-av-masonry-item='14315' class='av-masonry-entry isotope-item post-14315 post type-post status-publish format-standard has-post-thumbnail hentry category-kausi-2025-26 category-otteluraportit-2025-226 category-ottelut-2025-26 category-uutiset tag-aktialiga tag-aktialiiga tag-damernas-aktialiga tag-final tag-fm-final tag-grifkdamer tag-grifkhandball tag-naisten-aktialiiga tag-playoff tag-sandra-lundqvist tag-matchrapport  av-masonry-item-with-image' title=\"2I1A7211\"   itemscope=\"itemscope\" itemtype=\"https:\/\/schema.org\/CreativeWork\" ><div class='av-inner-masonry-sizer'><\/div><figure class='av-inner-masonry main_color'><div class=\"av-masonry-outerimage-container\"><div class='av-masonry-image-container' style=\"background-image: url(https:\/\/grifk-handball.com\/naiset\/wp-content\/uploads\/sites\/3\/2026\/04\/2I1A7211-705x470.jpg);\"  title=\"2I1A7211\" ><\/div><\/div><figcaption class='av-inner-masonry-content site-background'><div class='av-inner-masonry-content-pos'><div class='av-inner-masonry-content-pos-content'><div class='avia-arrow'><\/div><h3 class='av-masonry-entry-title entry-title '  itemprop=\"headline\" >Matchrapport 24.4 Final 4 HIFK vs GrIFK<\/h3><div class='av-masonry-entry-content entry-content'  itemprop=\"text\" >Som vi hoppats, tog finalserien slut p\u00e5 fredagen d\u00e5 vi efter\u2026<div class='av-masonry-categories'>Kausi-2025-26,Otteluraportit-2025-226,Ottelut-2025-26,Uutiset<\/div><\/div><span class='av-masonry-date meta-color updated'>30.4.2026<\/span><span class=\"av-masonry-text-sep text-sep-author\">\/<\/span><span class='av-masonry-author meta-color author'><span class='fn'>by Ellen<\/span><\/span><\/div><\/div><\/figcaption><\/figure><\/a><!--end av-masonry entry--><a href=\"https:\/\/grifk-handball.com\/naiset\/kausi-2025-26\/ottelut-2025-26\/otteluraportti-22-4-3-finaali-grifk-vs-hifk\/\"  id='av-masonry-1-item-14298' data-av-masonry-item='14298' class='av-masonry-entry isotope-item post-14298 post type-post status-publish format-standard has-post-thumbnail hentry category-kausi-2025-26 category-otteluraportit-2025-226 category-ottelut-2025-26 category-uutiset tag-aktialiga tag-aktialiiga tag-damernas-aktialiga tag-finaali tag-final tag-fm-final tag-grifkdamer tag-grifkhandball tag-naisten-aktialiiga tag-otteluraportti tag-playoff tag-trine-bjorkqvist  av-masonry-item-with-image' title=\"2I1A6312\"   itemscope=\"itemscope\" itemtype=\"https:\/\/schema.org\/CreativeWork\" ><div class='av-inner-masonry-sizer'><\/div><figure class='av-inner-masonry main_color'><div class=\"av-masonry-outerimage-container\"><div class='av-masonry-image-container' style=\"background-image: url(https:\/\/grifk-handball.com\/naiset\/wp-content\/uploads\/sites\/3\/2026\/04\/2I1A6312-705x470.jpg);\"  title=\"2I1A6312\" ><\/div><\/div><figcaption class='av-inner-masonry-content site-background'><div class='av-inner-masonry-content-pos'><div class='av-inner-masonry-content-pos-content'><div class='avia-arrow'><\/div><h3 class='av-masonry-entry-title entry-title '  itemprop=\"headline\" >Otteluraportti 22.4. 3. finaali GrIFK vs HIFK<\/h3><div class='av-masonry-entry-content entry-content'  itemprop=\"text\" >Kuten kaksi aiempaa finaalia, my\u00f6s t\u00e4m\u00e4 oli eritt\u00e4in tasainen.\u2026<div class='av-masonry-categories'>Kausi-2025-26,Otteluraportit-2025-226,Ottelut-2025-26,Uutiset<\/div><\/div><span class='av-masonry-date meta-color updated'>23.4.2026<\/span><span class=\"av-masonry-text-sep text-sep-author\">\/<\/span><span class='av-masonry-author meta-color author'><span class='fn'>by Ellen<\/span><\/span><\/div><\/div><\/figcaption><\/figure><\/a><!--end av-masonry entry--><a href=\"https:\/\/grifk-handball.com\/naiset\/kausi-2025-26\/ottelut-2025-26\/matchrapport-22-4-final-3-grifk-vs-hifk\/\"  id='av-masonry-1-item-14293' data-av-masonry-item='14293' class='av-masonry-entry isotope-item post-14293 post type-post status-publish format-standard has-post-thumbnail hentry category-kausi-2025-26 category-otteluraportit-2025-226 category-ottelut-2025-26 category-uutiset tag-aktialiga tag-aktialiiga tag-damernas-aktialiga tag-final tag-fm-final tag-grifkdamer tag-grifkhandball tag-naisten-aktialiiga tag-playoff tag-trine-bjorkqvist tag-matchrapport  av-masonry-item-with-image' title=\"2I1A6005\"   itemscope=\"itemscope\" itemtype=\"https:\/\/schema.org\/CreativeWork\" ><div class='av-inner-masonry-sizer'><\/div><figure class='av-inner-masonry main_color'><div class=\"av-masonry-outerimage-container\"><div class='av-masonry-image-container' style=\"background-image: url(https:\/\/grifk-handball.com\/naiset\/wp-content\/uploads\/sites\/3\/2026\/04\/2I1A6005-705x470.jpg);\"  title=\"2I1A6005\" ><\/div><\/div><figcaption class='av-inner-masonry-content site-background'><div class='av-inner-masonry-content-pos'><div class='av-inner-masonry-content-pos-content'><div class='avia-arrow'><\/div><h3 class='av-masonry-entry-title entry-title '  itemprop=\"headline\" >Matchrapport 22.4 Final 3 GrIFK vs HIFK<\/h3><div class='av-masonry-entry-content entry-content'  itemprop=\"text\" >Likt de tv\u00e5 tidigare finalerna var \u00e4ven denna mycket j\u00e4mn.\u2026<div class='av-masonry-categories'>Kausi-2025-26,Otteluraportit-2025-226,Ottelut-2025-26,Uutiset<\/div><\/div><span class='av-masonry-date meta-color updated'>23.4.2026<\/span><span class=\"av-masonry-text-sep text-sep-author\">\/<\/span><span class='av-masonry-author meta-color author'><span class='fn'>by Ellen<\/span><\/span><\/div><\/div><\/figcaption><\/figure><\/a><!--end av-masonry entry--><a href=\"https:\/\/grifk-handball.com\/naiset\/kausi-2025-26\/ottelut-2025-26\/otteluraportti-18-4-2-finaali-hifk-vs-grifk\/\"  id='av-masonry-1-item-14271' data-av-masonry-item='14271' class='av-masonry-entry isotope-item post-14271 post type-post status-publish format-standard has-post-thumbnail hentry category-kausi-2025-26 category-otteluraportit-2025-226 category-ottelut-2025-26 category-uutiset tag-aktialiga tag-aktialiiga tag-damernas-aktialiga tag-finaali tag-final tag-fm-final tag-freja-siivonen tag-grifkdamer tag-grifkhandball tag-naisten-aktialiiga tag-otteluraportti tag-playoff  av-masonry-item-with-image' title=\"2I1A5264\"   itemscope=\"itemscope\" itemtype=\"https:\/\/schema.org\/CreativeWork\" ><div class='av-inner-masonry-sizer'><\/div><figure class='av-inner-masonry main_color'><div class=\"av-masonry-outerimage-container\"><div class='av-masonry-image-container' style=\"background-image: url(https:\/\/grifk-handball.com\/naiset\/wp-content\/uploads\/sites\/3\/2026\/04\/2I1A5264-705x470.jpg);\"  title=\"2I1A5264\" ><\/div><\/div><figcaption class='av-inner-masonry-content site-background'><div class='av-inner-masonry-content-pos'><div class='av-inner-masonry-content-pos-content'><div class='avia-arrow'><\/div><h3 class='av-masonry-entry-title entry-title '  itemprop=\"headline\" >Otteluraportti 18.4. 2. finaali HIFK vs GrIFK<\/h3><div class='av-masonry-entry-content entry-content'  itemprop=\"text\" >Toinenkin finaaliottelu oli odotetusti tasainen. T\u00e4ll\u00e4 kertaa\u2026<div class='av-masonry-categories'>Kausi-2025-26,Otteluraportit-2025-226,Ottelut-2025-26,Uutiset<\/div><\/div><span class='av-masonry-date meta-color updated'>21.4.2026<\/span><span class=\"av-masonry-text-sep text-sep-author\">\/<\/span><span class='av-masonry-author meta-color author'><span class='fn'>by Ellen<\/span><\/span><\/div><\/div><\/figcaption><\/figure><\/a><!--end av-masonry entry--><a href=\"https:\/\/grifk-handball.com\/naiset\/kausi-2025-26\/ottelut-2025-26\/matchrapport-18-4-final-2-hifk-vs-grifk\/\"  id='av-masonry-1-item-14267' data-av-masonry-item='14267' class='av-masonry-entry isotope-item post-14267 post type-post status-publish format-standard has-post-thumbnail hentry category-kausi-2025-26 category-otteluraportit-2025-226 category-ottelut-2025-26 category-uutiset tag-aktialiga tag-aktialiiga tag-damernas-aktialiga tag-final tag-fm-final tag-freja-siivonen tag-grifkdamer tag-grifkhandball tag-naisten-aktialiiga tag-playoff tag-matchrapport  av-masonry-item-with-image' title=\"2I1A5264\"   itemscope=\"itemscope\" itemtype=\"https:\/\/schema.org\/CreativeWork\" ><div class='av-inner-masonry-sizer'><\/div><figure class='av-inner-masonry main_color'><div class=\"av-masonry-outerimage-container\"><div class='av-masonry-image-container' style=\"background-image: url(https:\/\/grifk-handball.com\/naiset\/wp-content\/uploads\/sites\/3\/2026\/04\/2I1A5264-705x470.jpg);\"  title=\"2I1A5264\" ><\/div><\/div><figcaption class='av-inner-masonry-content site-background'><div class='av-inner-masonry-content-pos'><div class='av-inner-masonry-content-pos-content'><div class='avia-arrow'><\/div><h3 class='av-masonry-entry-title entry-title '  itemprop=\"headline\" >Matchrapport 18.4 Final 2 HIFK vs GrIFK<\/h3><div class='av-masonry-entry-content entry-content'  itemprop=\"text\" >Som f\u00f6rv\u00e4ntat var \u00e4ven den andra finalmatchen j\u00e4mn. Den h\u00e4r\u2026<div class='av-masonry-categories'>Kausi-2025-26,Otteluraportit-2025-226,Ottelut-2025-26,Uutiset<\/div><\/div><span class='av-masonry-date meta-color updated'>21.4.2026<\/span><span class=\"av-masonry-text-sep text-sep-author\">\/<\/span><span class='av-masonry-author meta-color author'><span class='fn'>by Ellen<\/span><\/span><\/div><\/div><\/figcaption><\/figure><\/a><!--end av-masonry entry--><a href=\"https:\/\/grifk-handball.com\/naiset\/kausi-2025-26\/ottelut-2025-26\/otteluraportti-15-4-1-finaali-grifk-vs-hifk\/\"  id='av-masonry-1-item-14244' data-av-masonry-item='14244' class='av-masonry-entry isotope-item post-14244 post type-post status-publish format-standard has-post-thumbnail hentry category-kausi-2025-26 category-otteluraportit-2025-226 category-ottelut-2025-26 category-uutiset tag-aktialiga tag-aktialiiga tag-alva-eskelin tag-damernas-aktialiga tag-finaali tag-final tag-fm-final tag-grifkdamer tag-grifkhandball tag-naisten-aktialiiga tag-otteluraportti tag-playoff  av-masonry-item-with-image' title=\"2I1A5445\"   itemscope=\"itemscope\" itemtype=\"https:\/\/schema.org\/CreativeWork\" ><div class='av-inner-masonry-sizer'><\/div><figure class='av-inner-masonry main_color'><div class=\"av-masonry-outerimage-container\"><div class='av-masonry-image-container' style=\"background-image: url(https:\/\/grifk-handball.com\/naiset\/wp-content\/uploads\/sites\/3\/2026\/04\/2I1A5445-705x470.jpg);\"  title=\"2I1A5445\" ><\/div><\/div><figcaption class='av-inner-masonry-content site-background'><div class='av-inner-masonry-content-pos'><div class='av-inner-masonry-content-pos-content'><div class='avia-arrow'><\/div><h3 class='av-masonry-entry-title entry-title '  itemprop=\"headline\" >Otteluraportti 15.4. 1. finaali GrIFK vs HIFK<\/h3><div class='av-masonry-entry-content entry-content'  itemprop=\"text\" >Ensimm\u00e4inen finaali oli juuri niin kova ja j\u00e4nnitt\u00e4v\u00e4 kuin\u2026<div class='av-masonry-categories'>Kausi-2025-26,Otteluraportit-2025-226,Ottelut-2025-26,Uutiset<\/div><\/div><span class='av-masonry-date meta-color updated'>17.4.2026<\/span><span class=\"av-masonry-text-sep text-sep-author\">\/<\/span><span class='av-masonry-author meta-color author'><span class='fn'>by Ellen<\/span><\/span><\/div><\/div><\/figcaption><\/figure><\/a><!--end av-masonry entry--><a href=\"https:\/\/grifk-handball.com\/naiset\/kausi-2025-26\/ottelut-2025-26\/matchrapport-15-4-final-1-grifk-vs-hifk\/\"  id='av-masonry-1-item-14239' data-av-masonry-item='14239' class='av-masonry-entry isotope-item post-14239 post type-post status-publish format-standard has-post-thumbnail hentry category-kausi-2025-26 category-otteluraportit-2025-226 category-ottelut-2025-26 category-uutiset tag-aktialiga tag-aktialiiga tag-alva-eskelin tag-damernas-aktialiga tag-final tag-fm-final tag-grifkdamer tag-grifkhandball tag-naisten-aktialiiga tag-playoff tag-matchrapport  av-masonry-item-with-image' title=\"2I1A5445\"   itemscope=\"itemscope\" itemtype=\"https:\/\/schema.org\/CreativeWork\" ><div class='av-inner-masonry-sizer'><\/div><figure class='av-inner-masonry main_color'><div class=\"av-masonry-outerimage-container\"><div class='av-masonry-image-container' style=\"background-image: url(https:\/\/grifk-handball.com\/naiset\/wp-content\/uploads\/sites\/3\/2026\/04\/2I1A5445-705x470.jpg);\"  title=\"2I1A5445\" ><\/div><\/div><figcaption class='av-inner-masonry-content site-background'><div class='av-inner-masonry-content-pos'><div class='av-inner-masonry-content-pos-content'><div class='avia-arrow'><\/div><h3 class='av-masonry-entry-title entry-title '  itemprop=\"headline\" >Matchrapport 15.4 Final 1 GrIFK vs HIFK<\/h3><div class='av-masonry-entry-content entry-content'  itemprop=\"text\" >F\u00f6rsta finalen blev just s\u00e5 tuff och sp\u00e4nnande som vi hade\u2026<div class='av-masonry-categories'>Kausi-2025-26,Otteluraportit-2025-226,Ottelut-2025-26,Uutiset<\/div><\/div><span class='av-masonry-date meta-color updated'>17.4.2026<\/span><span class=\"av-masonry-text-sep text-sep-author\">\/<\/span><span class='av-masonry-author meta-color author'><span class='fn'>by Ellen<\/span><\/span><\/div><\/div><\/figcaption><\/figure><\/a><!--end av-masonry entry--><a href=\"https:\/\/grifk-handball.com\/naiset\/kausi-2025-26\/ottelut-2025-26\/otteluraportti-28-3-3-semifinaali-dicken-vs-grifk\/\"  id='av-masonry-1-item-14200' data-av-masonry-item='14200' class='av-masonry-entry isotope-item post-14200 post type-post status-publish format-standard has-post-thumbnail hentry category-kausi-2025-26 category-otteluraportit-2025-226 category-ottelut-2025-26 category-uutiset tag-aktialiga tag-aktialiiga tag-cecilia-heinrichs tag-damernas-aktialiga tag-grifkdamer tag-grifkhandball tag-naisten-aktialiiga tag-otteluraportti tag-playoff tag-semifinal  av-masonry-item-with-image' title=\"2I1A2923\"   itemscope=\"itemscope\" itemtype=\"https:\/\/schema.org\/CreativeWork\" ><div class='av-inner-masonry-sizer'><\/div><figure class='av-inner-masonry main_color'><div class=\"av-masonry-outerimage-container\"><div class='av-masonry-image-container' style=\"background-image: url(https:\/\/grifk-handball.com\/naiset\/wp-content\/uploads\/sites\/3\/2026\/04\/2I1A2923-705x470.jpg);\"  title=\"2I1A2923\" ><\/div><\/div><figcaption class='av-inner-masonry-content site-background'><div class='av-inner-masonry-content-pos'><div class='av-inner-masonry-content-pos-content'><div class='avia-arrow'><\/div><h3 class='av-masonry-entry-title entry-title '  itemprop=\"headline\" >Otteluraportti 28.3. 3. semifinaali GrIFK vs Dicken<\/h3><div class='av-masonry-entry-content entry-content'  itemprop=\"text\" >Otamme kolmannen voiton v\u00e4lier\u00e4sarjassa, mik\u00e4 tarkoittaa,\u2026<div class='av-masonry-categories'>Kausi-2025-26,Otteluraportit-2025-226,Ottelut-2025-26,Uutiset<\/div><\/div><span class='av-masonry-date meta-color updated'>1.4.2026<\/span><span class=\"av-masonry-text-sep text-sep-author\">\/<\/span><span class='av-masonry-author meta-color author'><span class='fn'>by Ellen<\/span><\/span><\/div><\/div><\/figcaption><\/figure><\/a><!--end av-masonry entry--><a href=\"https:\/\/grifk-handball.com\/naiset\/kausi-2025-26\/ottelut-2025-26\/matchrapport-28-3-semifinal-3-grifk-vs-dicken\/\"  id='av-masonry-1-item-14196' data-av-masonry-item='14196' class='av-masonry-entry isotope-item post-14196 post type-post status-publish format-standard has-post-thumbnail hentry category-kausi-2025-26 category-otteluraportit-2025-226 category-ottelut-2025-26 category-uutiset tag-aktialiga tag-aktialiiga tag-cecilia-heinrichs tag-damernas-aktialiga tag-grifkdamer tag-grifkhandball tag-naisten-aktialiiga tag-playoff tag-semifinal tag-matchrapport  av-masonry-item-with-image' title=\"2I1A2923\"   itemscope=\"itemscope\" itemtype=\"https:\/\/schema.org\/CreativeWork\" ><div class='av-inner-masonry-sizer'><\/div><figure class='av-inner-masonry main_color'><div class=\"av-masonry-outerimage-container\"><div class='av-masonry-image-container' style=\"background-image: url(https:\/\/grifk-handball.com\/naiset\/wp-content\/uploads\/sites\/3\/2026\/04\/2I1A2923-705x470.jpg);\"  title=\"2I1A2923\" ><\/div><\/div><figcaption class='av-inner-masonry-content site-background'><div class='av-inner-masonry-content-pos'><div class='av-inner-masonry-content-pos-content'><div class='avia-arrow'><\/div><h3 class='av-masonry-entry-title entry-title '  itemprop=\"headline\" >Matchrapport 28.3 Semifinal 3 GrIFK vs Dicken<\/h3><div class='av-masonry-entry-content entry-content'  itemprop=\"text\" >Vi tar hem den tredje vinsten i semifinalserien, vilket betyder\u2026<div class='av-masonry-categories'>Kausi-2025-26,Otteluraportit-2025-226,Ottelut-2025-26,Uutiset<\/div><\/div><span class='av-masonry-date meta-color updated'>1.4.2026<\/span><span class=\"av-masonry-text-sep text-sep-author\">\/<\/span><span class='av-masonry-author meta-color author'><span class='fn'>by Ellen<\/span><\/span><\/div><\/div><\/figcaption><\/figure><\/a><!--end av-masonry entry--><a href=\"https:\/\/grifk-handball.com\/naiset\/kausi-2025-26\/ottelut-2025-26\/otteluraportti-24-3-2-semifinaali-dicken-vs-grifk\/\"  id='av-masonry-1-item-14172' data-av-masonry-item='14172' class='av-masonry-entry isotope-item post-14172 post type-post status-publish format-standard has-post-thumbnail hentry category-kausi-2025-26 category-otteluraportit-2025-226 category-ottelut-2025-26 category-uutiset tag-aktialiga tag-aktialiiga tag-alexandra-olsson tag-damernas-aktialiga tag-grifkdamer tag-grifkhandball tag-naisten-aktialiiga tag-otteluraportti tag-playoff tag-semifinal  av-masonry-item-with-image' title=\"2I1A2625\"   itemscope=\"itemscope\" itemtype=\"https:\/\/schema.org\/CreativeWork\" ><div class='av-inner-masonry-sizer'><\/div><figure class='av-inner-masonry main_color'><div class=\"av-masonry-outerimage-container\"><div class='av-masonry-image-container' style=\"background-image: url(https:\/\/grifk-handball.com\/naiset\/wp-content\/uploads\/sites\/3\/2026\/03\/2I1A2625-705x470.jpg);\"  title=\"2I1A2625\" ><\/div><\/div><figcaption class='av-inner-masonry-content site-background'><div class='av-inner-masonry-content-pos'><div class='av-inner-masonry-content-pos-content'><div class='avia-arrow'><\/div><h3 class='av-masonry-entry-title entry-title '  itemprop=\"headline\" >Otteluraportti 24.3. 2. semifinaali Dicken vs GrIFK<\/h3><div class='av-masonry-entry-content entry-content'  itemprop=\"text\" >Voitamme toisen v\u00e4lier\u00e4n!<br \/>\r\n<br \/>\r\n<br \/>\r\n<br \/>\r\n<br \/>\r\n<br \/>\r\n<br \/>\r\n<br \/>\r\n<br \/>\r\n<br \/>\r\nTiistain\u2026<div class='av-masonry-categories'>Kausi-2025-26,Otteluraportit-2025-226,Ottelut-2025-26,Uutiset<\/div><\/div><span class='av-masonry-date meta-color updated'>27.3.2026<\/span><span class=\"av-masonry-text-sep text-sep-author\">\/<\/span><span class='av-masonry-author meta-color author'><span class='fn'>by Ellen<\/span><\/span><\/div><\/div><\/figcaption><\/figure><\/a><!--end av-masonry entry--><a href=\"https:\/\/grifk-handball.com\/naiset\/kausi-2025-26\/ottelut-2025-26\/matchrapport-24-3-semifinal-2-dicken-vs-grifk\/\"  id='av-masonry-1-item-14168' data-av-masonry-item='14168' class='av-masonry-entry isotope-item post-14168 post type-post status-publish format-standard has-post-thumbnail hentry category-kausi-2025-26 category-otteluraportit-2025-226 category-ottelut-2025-26 category-uutiset tag-aktialiga tag-aktialiiga tag-alexandra-olsson tag-damernas-aktialiga tag-grifkdamer tag-grifkhandball tag-naisten-aktialiiga tag-playoff tag-semifinal tag-matchrapport  av-masonry-item-with-image' title=\"2I1A2625\"   itemscope=\"itemscope\" itemtype=\"https:\/\/schema.org\/CreativeWork\" ><div class='av-inner-masonry-sizer'><\/div><figure class='av-inner-masonry main_color'><div class=\"av-masonry-outerimage-container\"><div class='av-masonry-image-container' style=\"background-image: url(https:\/\/grifk-handball.com\/naiset\/wp-content\/uploads\/sites\/3\/2026\/03\/2I1A2625-705x470.jpg);\"  title=\"2I1A2625\" ><\/div><\/div><figcaption class='av-inner-masonry-content site-background'><div class='av-inner-masonry-content-pos'><div class='av-inner-masonry-content-pos-content'><div class='avia-arrow'><\/div><h3 class='av-masonry-entry-title entry-title '  itemprop=\"headline\" >Matchrapport 24.3 Semifinal 2 Dicken vs GrIFK<\/h3><div class='av-masonry-entry-content entry-content'  itemprop=\"text\" >Vi vinner den andra semifinalen!<br \/>\r\n<br \/>\r\nDet var en tuff uppgift som\u2026<div class='av-masonry-categories'>Kausi-2025-26,Otteluraportit-2025-226,Ottelut-2025-26,Uutiset<\/div><\/div><span class='av-masonry-date meta-color updated'>27.3.2026<\/span><span class=\"av-masonry-text-sep text-sep-author\">\/<\/span><span class='av-masonry-author meta-color author'><span class='fn'>by Ellen<\/span><\/span><\/div><\/div><\/figcaption><\/figure><\/a><!--end av-masonry entry--><a href=\"https:\/\/grifk-handball.com\/naiset\/kausi-2025-26\/ottelut-2025-26\/otteluraportti-21-3-1-semifinaali-grifk-vs-dicken\/\"  id='av-masonry-1-item-14153' data-av-masonry-item='14153' class='av-masonry-entry isotope-item post-14153 post type-post status-publish format-standard has-post-thumbnail hentry category-kausi-2025-26 category-otteluraportit-2025-226 category-ottelut-2025-26 category-uutiset tag-aktialiga tag-aktialiiga tag-annika-mustonen tag-damernas-aktialiga tag-grifkdamer tag-grifkhandball tag-naisten-aktialiiga tag-otteluraportti tag-playoff tag-semifinal  av-masonry-item-with-image' title=\"2I1A2681\"   itemscope=\"itemscope\" itemtype=\"https:\/\/schema.org\/CreativeWork\" ><div class='av-inner-masonry-sizer'><\/div><figure class='av-inner-masonry main_color'><div class=\"av-masonry-outerimage-container\"><div class='av-masonry-image-container' style=\"background-image: url(https:\/\/grifk-handball.com\/naiset\/wp-content\/uploads\/sites\/3\/2026\/03\/2I1A2681-705x470.jpg);\"  title=\"2I1A2681\" ><\/div><\/div><figcaption class='av-inner-masonry-content site-background'><div class='av-inner-masonry-content-pos'><div class='av-inner-masonry-content-pos-content'><div class='avia-arrow'><\/div><h3 class='av-masonry-entry-title entry-title '  itemprop=\"headline\" >Otteluraportti 21.3. 1. semifinaali GrIFK vs Dicken<\/h3><div class='av-masonry-entry-content entry-content'  itemprop=\"text\" >Otamme voiton ensimm\u00e4isest\u00e4 v\u00e4lier\u00e4st\u00e4 vahvan esityksen\u2026<div class='av-masonry-categories'>Kausi-2025-26,Otteluraportit-2025-226,Ottelut-2025-26,Uutiset<\/div><\/div><span class='av-masonry-date meta-color updated'>22.3.2026<\/span><span class=\"av-masonry-text-sep text-sep-author\">\/<\/span><span class='av-masonry-author meta-color author'><span class='fn'>by Ellen<\/span><\/span><\/div><\/div><\/figcaption><\/figure><\/a><!--end av-masonry entry--><a href=\"https:\/\/grifk-handball.com\/naiset\/kausi-2025-26\/ottelut-2025-26\/matchrapport-21-3-semifinal-1-grifk-vs-dicken\/\"  id='av-masonry-1-item-14150' data-av-masonry-item='14150' class='av-masonry-entry isotope-item post-14150 post type-post status-publish format-standard has-post-thumbnail hentry category-kausi-2025-26 category-otteluraportit-2025-226 category-ottelut-2025-26 category-uutiset tag-aktialiga tag-aktialiiga tag-annika-mustonen tag-damernas-aktialiga tag-grifkdamer tag-grifkhandball tag-naisten-aktialiiga tag-playoff tag-semifinal tag-matchrapport  av-masonry-item-with-image' title=\"2I1A2681\"   itemscope=\"itemscope\" itemtype=\"https:\/\/schema.org\/CreativeWork\" ><div class='av-inner-masonry-sizer'><\/div><figure class='av-inner-masonry main_color'><div class=\"av-masonry-outerimage-container\"><div class='av-masonry-image-container' style=\"background-image: url(https:\/\/grifk-handball.com\/naiset\/wp-content\/uploads\/sites\/3\/2026\/03\/2I1A2681-705x470.jpg);\"  title=\"2I1A2681\" ><\/div><\/div><figcaption class='av-inner-masonry-content site-background'><div class='av-inner-masonry-content-pos'><div class='av-inner-masonry-content-pos-content'><div class='avia-arrow'><\/div><h3 class='av-masonry-entry-title entry-title '  itemprop=\"headline\" >Matchrapport 21.3 Semifinal 1 GrIFK vs Dicken<\/h3><div class='av-masonry-entry-content entry-content'  itemprop=\"text\" >Vi tar hem den f\u00f6rsta semifinalen efter en stark insats, d\u00e4r\u2026<div class='av-masonry-categories'>Kausi-2025-26,Otteluraportit-2025-226,Ottelut-2025-26,Uutiset<\/div><\/div><span class='av-masonry-date meta-color updated'>22.3.2026<\/span><span class=\"av-masonry-text-sep text-sep-author\">\/<\/span><span class='av-masonry-author meta-color author'><span class='fn'>by Ellen<\/span><\/span><\/div><\/div><\/figcaption><\/figure><\/a><!--end av-masonry entry--><a href=\"https:\/\/grifk-handball.com\/naiset\/kausi-2025-26\/ottelut-2025-26\/otteluraportti-14-2-grifk-vs-atlas\/\"  id='av-masonry-1-item-14082' data-av-masonry-item='14082' class='av-masonry-entry isotope-item post-14082 post type-post status-publish format-standard has-post-thumbnail hentry category-kausi-2025-26 category-otteluraportit-2025-226 category-ottelut-2025-26 category-uutiset tag-aktialiga tag-aktialiiga tag-damernas-aktialiga tag-emily-johansson tag-grifkdamer tag-grifkhandball tag-naisten-aktialiiga tag-otteluraportti  av-masonry-item-with-image' title=\"GB7A6022(2)\"   itemscope=\"itemscope\" itemtype=\"https:\/\/schema.org\/CreativeWork\" ><div class='av-inner-masonry-sizer'><\/div><figure class='av-inner-masonry main_color'><div class=\"av-masonry-outerimage-container\"><div class='av-masonry-image-container' style=\"background-image: url(https:\/\/grifk-handball.com\/naiset\/wp-content\/uploads\/sites\/3\/2026\/02\/GB7A60222-705x470.jpg);\"  title=\"GB7A6022(2)\" ><\/div><\/div><figcaption class='av-inner-masonry-content site-background'><div class='av-inner-masonry-content-pos'><div class='av-inner-masonry-content-pos-content'><div class='avia-arrow'><\/div><h3 class='av-masonry-entry-title entry-title '  itemprop=\"headline\" >Otteluraportti 14.2. GrIFK vs Atlas<\/h3><div class='av-masonry-entry-content entry-content'  itemprop=\"text\" >Voitto! Vaiherikkaan ja ajoittain rikkonaisen ensimm\u00e4isen puoliajan\u2026<div class='av-masonry-categories'>Kausi-2025-26,Otteluraportit-2025-226,Ottelut-2025-26,Uutiset<\/div><\/div><span class='av-masonry-date meta-color updated'>16.2.2026<\/span><span class=\"av-masonry-text-sep text-sep-author\">\/<\/span><span class='av-masonry-author meta-color author'><span class='fn'>by Ellen<\/span><\/span><\/div><\/div><\/figcaption><\/figure><\/a><!--end av-masonry entry--><a href=\"https:\/\/grifk-handball.com\/naiset\/kausi-2025-26\/ottelut-2025-26\/matchrapport-14-2-grifk-vs-atlas\/\"  id='av-masonry-1-item-14078' data-av-masonry-item='14078' class='av-masonry-entry isotope-item post-14078 post type-post status-publish format-standard has-post-thumbnail hentry category-kausi-2025-26 category-otteluraportit-2025-226 category-ottelut-2025-26 category-uutiset tag-aktialiga tag-aktialiiga tag-damernas-aktialiga tag-emily-johansson tag-grifkdamer tag-grifkhandball tag-naisten-aktialiiga tag-matchrapport  av-masonry-item-with-image' title=\"GB7A6022(2)\"   itemscope=\"itemscope\" itemtype=\"https:\/\/schema.org\/CreativeWork\" ><div class='av-inner-masonry-sizer'><\/div><figure class='av-inner-masonry main_color'><div class=\"av-masonry-outerimage-container\"><div class='av-masonry-image-container' style=\"background-image: url(https:\/\/grifk-handball.com\/naiset\/wp-content\/uploads\/sites\/3\/2026\/02\/GB7A60222-705x470.jpg);\"  title=\"GB7A6022(2)\" ><\/div><\/div><figcaption class='av-inner-masonry-content site-background'><div class='av-inner-masonry-content-pos'><div class='av-inner-masonry-content-pos-content'><div class='avia-arrow'><\/div><h3 class='av-masonry-entry-title entry-title '  itemprop=\"headline\" >Matchrapport 14.2 GrIFK vs Atlas<\/h3><div class='av-masonry-entry-content entry-content'  itemprop=\"text\" >Vinst! Efter en turbulent f\u00f6rsta halvlek lyckas vi \u00e5terigen\u2026<div class='av-masonry-categories'>Kausi-2025-26,Otteluraportit-2025-226,Ottelut-2025-26,Uutiset<\/div><\/div><span class='av-masonry-date meta-color updated'>16.2.2026<\/span><span class=\"av-masonry-text-sep text-sep-author\">\/<\/span><span class='av-masonry-author meta-color author'><span class='fn'>by Ellen<\/span><\/span><\/div><\/div><\/figcaption><\/figure><\/a><!--end av-masonry entry--><a href=\"https:\/\/grifk-handball.com\/naiset\/kausi-2025-26\/ottelut-2025-26\/otteluraportti-11-2-hifk-vs-grifk\/\"  id='av-masonry-1-item-14062' data-av-masonry-item='14062' class='av-masonry-entry isotope-item post-14062 post type-post status-publish format-standard has-post-thumbnail hentry category-kausi-2025-26 category-otteluraportit-2025-226 category-ottelut-2025-26 category-uutiset tag-aktialiga tag-aktialiiga tag-damernas-aktialiga tag-grifkdamer tag-grifkhandball tag-naisten-aktialiiga tag-otteluraportti tag-unni-laaksonen  av-masonry-item-with-image' title=\"GB7A6675(1)\"   itemscope=\"itemscope\" itemtype=\"https:\/\/schema.org\/CreativeWork\" ><div class='av-inner-masonry-sizer'><\/div><figure class='av-inner-masonry main_color'><div class=\"av-masonry-outerimage-container\"><div class='av-masonry-image-container' style=\"background-image: url(https:\/\/grifk-handball.com\/naiset\/wp-content\/uploads\/sites\/3\/2026\/02\/GB7A66751-705x470.jpg);\"  title=\"GB7A6675(1)\" ><\/div><\/div><figcaption class='av-inner-masonry-content site-background'><div class='av-inner-masonry-content-pos'><div class='av-inner-masonry-content-pos-content'><div class='avia-arrow'><\/div><h3 class='av-masonry-entry-title entry-title '  itemprop=\"headline\" >Otteluraportti 11.2. HIFK vs GrIFK<\/h3><div class='av-masonry-entry-content entry-content'  itemprop=\"text\" >Runkosarjan voitto! Haimme keskiviikkona Urheilutalolta kaksi\u2026<div class='av-masonry-categories'>Kausi-2025-26,Otteluraportit-2025-226,Ottelut-2025-26,Uutiset<\/div><\/div><span class='av-masonry-date meta-color updated'>13.2.2026<\/span><span class=\"av-masonry-text-sep text-sep-author\">\/<\/span><span class='av-masonry-author meta-color author'><span class='fn'>by Ellen<\/span><\/span><\/div><\/div><\/figcaption><\/figure><\/a><!--end av-masonry entry--><a href=\"https:\/\/grifk-handball.com\/naiset\/kausi-2025-26\/ottelut-2025-26\/matchrapport-11-2-hifk-vs-grifk\/\"  id='av-masonry-1-item-14058' data-av-masonry-item='14058' class='av-masonry-entry isotope-item post-14058 post type-post status-publish format-standard has-post-thumbnail hentry category-kausi-2025-26 category-otteluraportit-2025-226 category-ottelut-2025-26 category-uutiset tag-aktialiga tag-aktialiiga tag-damernas-aktialiga tag-grifkdamer tag-grifkhandball tag-naisten-aktialiiga tag-unni-laaksonen tag-matchrapport  av-masonry-item-with-image' title=\"GB7A6675(1)\"   itemscope=\"itemscope\" itemtype=\"https:\/\/schema.org\/CreativeWork\" ><div class='av-inner-masonry-sizer'><\/div><figure class='av-inner-masonry main_color'><div class=\"av-masonry-outerimage-container\"><div class='av-masonry-image-container' style=\"background-image: url(https:\/\/grifk-handball.com\/naiset\/wp-content\/uploads\/sites\/3\/2026\/02\/GB7A66751-705x470.jpg);\"  title=\"GB7A6675(1)\" ><\/div><\/div><figcaption class='av-inner-masonry-content site-background'><div class='av-inner-masonry-content-pos'><div class='av-inner-masonry-content-pos-content'><div class='avia-arrow'><\/div><h3 class='av-masonry-entry-title entry-title '  itemprop=\"headline\" >Matchrapport 11.2 HIFK vs GrIFK<\/h3><div class='av-masonry-entry-content entry-content'  itemprop=\"text\" >Grundserieseger! Vi tar med oss tv\u00e5 po\u00e4ng fr\u00e5n UT och s\u00e4krar\u2026<div class='av-masonry-categories'>Kausi-2025-26,Otteluraportit-2025-226,Ottelut-2025-26,Uutiset<\/div><\/div><span class='av-masonry-date meta-color updated'>13.2.2026<\/span><span class=\"av-masonry-text-sep text-sep-author\">\/<\/span><span class='av-masonry-author meta-color author'><span class='fn'>by Ellen<\/span><\/span><\/div><\/div><\/figcaption><\/figure><\/a><!--end av-masonry entry--><a href=\"https:\/\/grifk-handball.com\/naiset\/kausi-2025-26\/ottelut-2025-26\/otteluraportti-8-2-cocks-vs-grifk\/\"  id='av-masonry-1-item-13984' data-av-masonry-item='13984' class='av-masonry-entry isotope-item post-13984 post type-post status-publish format-standard has-post-thumbnail hentry category-kausi-2025-26 category-otteluraportit-2025-226 category-ottelut-2025-26 category-uutiset tag-aktialiga tag-aktialiiga tag-damernas-aktialiga tag-grifkdamer tag-grifkhandball tag-naisten-aktialiiga tag-otteluraportti tag-sandra-laitinen  av-masonry-item-with-image' title=\"GrIFK vs Cocks 2026-01-07 051\"   itemscope=\"itemscope\" itemtype=\"https:\/\/schema.org\/CreativeWork\" ><div class='av-inner-masonry-sizer'><\/div><figure class='av-inner-masonry main_color'><div class=\"av-masonry-outerimage-container\"><div class='av-masonry-image-container' style=\"background-image: url(https:\/\/grifk-handball.com\/naiset\/wp-content\/uploads\/sites\/3\/2026\/02\/GrIFK-vs-Cocks-2026-01-07-051-705x470.jpg);\"  title=\"GrIFK vs Cocks 2026-01-07 051\" ><\/div><\/div><figcaption class='av-inner-masonry-content site-background'><div class='av-inner-masonry-content-pos'><div class='av-inner-masonry-content-pos-content'><div class='avia-arrow'><\/div><h3 class='av-masonry-entry-title entry-title '  itemprop=\"headline\" >Otteluraportti 8.2. Cocks vs GrIFK<\/h3><div class='av-masonry-entry-content entry-content'  itemprop=\"text\" >Ottelusta tuli odotetun haastava, ja jouduimme taistelemaan pisteist\u00e4\u2026<div class='av-masonry-categories'>Kausi-2025-26,Otteluraportit-2025-226,Ottelut-2025-26,Uutiset<\/div><\/div><span class='av-masonry-date meta-color updated'>10.2.2026<\/span><span class=\"av-masonry-text-sep text-sep-author\">\/<\/span><span class='av-masonry-author meta-color author'><span class='fn'>by Ellen<\/span><\/span><\/div><\/div><\/figcaption><\/figure><\/a><!--end av-masonry entry--><a href=\"https:\/\/grifk-handball.com\/naiset\/kausi-2025-26\/ottelut-2025-26\/matchrapport-8-2-cocks-vs-grifk\/\"  id='av-masonry-1-item-13980' data-av-masonry-item='13980' class='av-masonry-entry isotope-item post-13980 post type-post status-publish format-standard has-post-thumbnail hentry category-kausi-2025-26 category-otteluraportit-2025-226 category-ottelut-2025-26 category-uutiset tag-aktialiga tag-aktialiiga tag-damernas-aktialiga tag-grifkdamer tag-grifkhandball tag-naisten-aktialiiga tag-sandra-laitinen tag-matchrapport  av-masonry-item-with-image' title=\"GrIFK vs Cocks 2026-01-07 051\"   itemscope=\"itemscope\" itemtype=\"https:\/\/schema.org\/CreativeWork\" ><div class='av-inner-masonry-sizer'><\/div><figure class='av-inner-masonry main_color'><div class=\"av-masonry-outerimage-container\"><div class='av-masonry-image-container' style=\"background-image: url(https:\/\/grifk-handball.com\/naiset\/wp-content\/uploads\/sites\/3\/2026\/02\/GrIFK-vs-Cocks-2026-01-07-051-705x470.jpg);\"  title=\"GrIFK vs Cocks 2026-01-07 051\" ><\/div><\/div><figcaption class='av-inner-masonry-content site-background'><div class='av-inner-masonry-content-pos'><div class='av-inner-masonry-content-pos-content'><div class='avia-arrow'><\/div><h3 class='av-masonry-entry-title entry-title '  itemprop=\"headline\" >Matchrapport 8.2 Cocks vs GrIFK<\/h3><div class='av-masonry-entry-content entry-content'  itemprop=\"text\" >Matchen blev som v\u00e4ntat tuff och vi fick k\u00e4mpa hela v\u00e4gen\u2026<div class='av-masonry-categories'>Kausi-2025-26,Otteluraportit-2025-226,Ottelut-2025-26,Uutiset<\/div><\/div><span class='av-masonry-date meta-color updated'>10.2.2026<\/span><span class=\"av-masonry-text-sep text-sep-author\">\/<\/span><span class='av-masonry-author meta-color author'><span class='fn'>by Ellen<\/span><\/span><\/div><\/div><\/figcaption><\/figure><\/a><!--end av-masonry entry--><a href=\"https:\/\/grifk-handball.com\/naiset\/kausi-2025-26\/ottelut-2025-26\/otteluraportti-31-1-grifk-vs-hifk\/\"  id='av-masonry-1-item-13945' data-av-masonry-item='13945' class='av-masonry-entry isotope-item post-13945 post type-post status-publish format-standard has-post-thumbnail hentry category-kausi-2025-26 category-otteluraportit-2025-226 category-ottelut-2025-26 category-uutiset tag-aktialiga tag-aktialiiga tag-damernas-aktialiga tag-grifkdamer tag-grifkhandball tag-isabel-larsson tag-naisten-aktialiiga tag-otteluraportti  av-masonry-item-with-image' title=\"GB7A6667(1)\"   itemscope=\"itemscope\" itemtype=\"https:\/\/schema.org\/CreativeWork\" ><div class='av-inner-masonry-sizer'><\/div><figure class='av-inner-masonry main_color'><div class=\"av-masonry-outerimage-container\"><div class='av-masonry-image-container' style=\"background-image: url(https:\/\/grifk-handball.com\/naiset\/wp-content\/uploads\/sites\/3\/2026\/02\/GB7A66671-705x470.jpg);\"  title=\"GB7A6667(1)\" ><\/div><\/div><figcaption class='av-inner-masonry-content site-background'><div class='av-inner-masonry-content-pos'><div class='av-inner-masonry-content-pos-content'><div class='avia-arrow'><\/div><h3 class='av-masonry-entry-title entry-title '  itemprop=\"headline\" >Otteluraportti 31.1. GrIFK vs HIFK<\/h3><div class='av-masonry-entry-content entry-content'  itemprop=\"text\" >Ottelu on tasainen aina alusta loppuun saakka. Puolustuksessa\u2026<div class='av-masonry-categories'>Kausi-2025-26,Otteluraportit-2025-226,Ottelut-2025-26,Uutiset<\/div><\/div><span class='av-masonry-date meta-color updated'>3.2.2026<\/span><span class=\"av-masonry-text-sep text-sep-author\">\/<\/span><span class='av-masonry-author meta-color author'><span class='fn'>by Ellen<\/span><\/span><\/div><\/div><\/figcaption><\/figure><\/a><!--end av-masonry entry--><a href=\"https:\/\/grifk-handball.com\/naiset\/kausi-2025-26\/ottelut-2025-26\/matchrapport-31-1-grifk-vs-hifk\/\"  id='av-masonry-1-item-13946' data-av-masonry-item='13946' class='av-masonry-entry isotope-item post-13946 post type-post status-publish format-standard has-post-thumbnail hentry category-kausi-2025-26 category-otteluraportit-2025-226 category-ottelut-2025-26 category-uutiset tag-aktialiga tag-aktialiiga tag-damernas-aktialiga tag-grifkdamer tag-grifkhandball tag-isabel-larsson tag-naisten-aktialiiga tag-matchrapport  av-masonry-item-with-image' title=\"GB7A6667(1)\"   itemscope=\"itemscope\" itemtype=\"https:\/\/schema.org\/CreativeWork\" ><div class='av-inner-masonry-sizer'><\/div><figure class='av-inner-masonry main_color'><div class=\"av-masonry-outerimage-container\"><div class='av-masonry-image-container' style=\"background-image: url(https:\/\/grifk-handball.com\/naiset\/wp-content\/uploads\/sites\/3\/2026\/02\/GB7A66671-705x470.jpg);\"  title=\"GB7A6667(1)\" ><\/div><\/div><figcaption class='av-inner-masonry-content site-background'><div class='av-inner-masonry-content-pos'><div class='av-inner-masonry-content-pos-content'><div class='avia-arrow'><\/div><h3 class='av-masonry-entry-title entry-title '  itemprop=\"headline\" >Matchrapport 31.1 GrIFK vs HIFK<\/h3><div class='av-masonry-entry-content entry-content'  itemprop=\"text\" >Matchen \u00e4r j\u00e4mn fr\u00e5n start och s\u00e5 forts\u00e4tter den ocks\u00e5\u2026<div class='av-masonry-categories'>Kausi-2025-26,Otteluraportit-2025-226,Ottelut-2025-26,Uutiset<\/div><\/div><span class='av-masonry-date meta-color updated'>3.2.2026<\/span><span class=\"av-masonry-text-sep text-sep-author\">\/<\/span><span class='av-masonry-author meta-color author'><span class='fn'>by Ellen<\/span><\/span><\/div><\/div><\/figcaption><\/figure><\/a><!--end av-masonry entry--><a href=\"https:\/\/grifk-handball.com\/naiset\/kausi-2025-26\/ottelut-2025-26\/matchrapport-23-24-1-finska-cupen-2026\/\"  id='av-masonry-1-item-13934' data-av-masonry-item='13934' class='av-masonry-entry isotope-item post-13934 post type-post status-publish format-standard has-post-thumbnail hentry category-kausi-2025-26 category-otteluraportit-2025-226 category-ottelut-2025-26 category-uutiset tag-aktialiga tag-aktialiiga tag-damernas-aktialiga tag-grifkdamer tag-grifkhandball tag-louise-heinonen tag-naisten-aktialiiga tag-matchrapport  av-masonry-item-with-image' title=\"2I1A3493\"   itemscope=\"itemscope\" itemtype=\"https:\/\/schema.org\/CreativeWork\" ><div class='av-inner-masonry-sizer'><\/div><figure class='av-inner-masonry main_color'><div class=\"av-masonry-outerimage-container\"><div class='av-masonry-image-container' style=\"background-image: url(https:\/\/grifk-handball.com\/naiset\/wp-content\/uploads\/sites\/3\/2026\/01\/2I1A3493-705x470.jpg);\"  title=\"2I1A3493\" ><\/div><\/div><figcaption class='av-inner-masonry-content site-background'><div class='av-inner-masonry-content-pos'><div class='av-inner-masonry-content-pos-content'><div class='avia-arrow'><\/div><h3 class='av-masonry-entry-title entry-title '  itemprop=\"headline\" >Matchrapport 23-24.1 Finska Cupen 2026<\/h3><div class='av-masonry-entry-content entry-content'  itemprop=\"text\" >Det blev ett lika lyckat veckoslut f\u00f6r f\u00e5r del som vi hade\u2026<div class='av-masonry-categories'>Kausi-2025-26,Otteluraportit-2025-226,Ottelut-2025-26,Uutiset<\/div><\/div><span class='av-masonry-date meta-color updated'>29.1.2026<\/span><span class=\"av-masonry-text-sep text-sep-author\">\/<\/span><span class='av-masonry-author meta-color author'><span class='fn'>by Ellen<\/span><\/span><\/div><\/div><\/figcaption><\/figure><\/a><!--end av-masonry entry--><a href=\"https:\/\/grifk-handball.com\/naiset\/kausi-2025-26\/ottelut-2025-26\/otteluraportti-23-24-1-suomen-cup-2026\/\"  id='av-masonry-1-item-13929' data-av-masonry-item='13929' class='av-masonry-entry isotope-item post-13929 post type-post status-publish format-standard has-post-thumbnail hentry category-kausi-2025-26 category-otteluraportit-2025-226 category-ottelut-2025-26 category-uutiset tag-aktialiga tag-aktialiiga tag-damernas-aktialiga tag-grifkdamer tag-grifkhandball tag-louise-heinonen tag-naisten-aktialiiga tag-otteluraportti  av-masonry-item-with-image' title=\"2I1A3493\"   itemscope=\"itemscope\" itemtype=\"https:\/\/schema.org\/CreativeWork\" ><div class='av-inner-masonry-sizer'><\/div><figure class='av-inner-masonry main_color'><div class=\"av-masonry-outerimage-container\"><div class='av-masonry-image-container' style=\"background-image: url(https:\/\/grifk-handball.com\/naiset\/wp-content\/uploads\/sites\/3\/2026\/01\/2I1A3493-705x470.jpg);\"  title=\"2I1A3493\" ><\/div><\/div><figcaption class='av-inner-masonry-content site-background'><div class='av-inner-masonry-content-pos'><div class='av-inner-masonry-content-pos-content'><div class='avia-arrow'><\/div><h3 class='av-masonry-entry-title entry-title '  itemprop=\"headline\" >Otteluraportti 23.-24.1. Suomen Cup 2026<\/h3><div class='av-masonry-entry-content entry-content'  itemprop=\"text\" >Viikonlopusta tuli juuri niin onnistunut kuin olimme toivoneet.\u2026<div class='av-masonry-categories'>Kausi-2025-26,Otteluraportit-2025-226,Ottelut-2025-26,Uutiset<\/div><\/div><span class='av-masonry-date meta-color updated'>29.1.2026<\/span><span class=\"av-masonry-text-sep text-sep-author\">\/<\/span><span class='av-masonry-author meta-color author'><span class='fn'>by Ellen<\/span><\/span><\/div><\/div><\/figcaption><\/figure><\/a><!--end av-masonry entry--><a href=\"https:\/\/grifk-handball.com\/naiset\/kausi-2025-26\/ottelut-2025-26\/matchrapport-17-1-dicken-vs-grifk\/\"  id='av-masonry-1-item-13900' data-av-masonry-item='13900' class='av-masonry-entry isotope-item post-13900 post type-post status-publish format-standard has-post-thumbnail hentry category-kausi-2025-26 category-otteluraportit-2025-226 category-ottelut-2025-26 category-uutiset tag-aktialiga tag-aktialiiga tag-damernas-aktialiga tag-grifkdamer tag-grifkhandball tag-mathilda-sandblom tag-naisten-aktialiiga tag-matchrapport  av-masonry-item-with-image' title=\"2I1A1570\"   itemscope=\"itemscope\" itemtype=\"https:\/\/schema.org\/CreativeWork\" ><div class='av-inner-masonry-sizer'><\/div><figure class='av-inner-masonry main_color'><div class=\"av-masonry-outerimage-container\"><div class='av-masonry-image-container' style=\"background-image: url(https:\/\/grifk-handball.com\/naiset\/wp-content\/uploads\/sites\/3\/2026\/01\/2I1A1570-705x470.jpg);\"  title=\"2I1A1570\" ><\/div><\/div><figcaption class='av-inner-masonry-content site-background'><div class='av-inner-masonry-content-pos'><div class='av-inner-masonry-content-pos-content'><div class='avia-arrow'><\/div><h3 class='av-masonry-entry-title entry-title '  itemprop=\"headline\" >Matchrapport 17.1 Dicken vs GrIFK<\/h3><div class='av-masonry-entry-content entry-content'  itemprop=\"text\" >Vi tar med oss tv\u00e5 v\u00e4lf\u00f6rtj\u00e4nta po\u00e4ng hem fr\u00e5n Britas efter\u2026<div class='av-masonry-categories'>Kausi-2025-26,Otteluraportit-2025-226,Ottelut-2025-26,Uutiset<\/div><\/div><span class='av-masonry-date meta-color updated'>19.1.2026<\/span><span class=\"av-masonry-text-sep text-sep-author\">\/<\/span><span class='av-masonry-author meta-color author'><span class='fn'>by Ellen<\/span><\/span><\/div><\/div><\/figcaption><\/figure><\/a><!--end av-masonry entry--><a href=\"https:\/\/grifk-handball.com\/naiset\/kausi-2025-26\/ottelut-2025-26\/otteluraportti-17-1-dicken-vs-grifk\/\"  id='av-masonry-1-item-13896' data-av-masonry-item='13896' class='av-masonry-entry isotope-item post-13896 post type-post status-publish format-standard has-post-thumbnail hentry category-kausi-2025-26 category-otteluraportit-2025-226 category-ottelut-2025-26 category-uutiset tag-aktialiga tag-aktialiiga tag-damernas-aktialiga tag-grifkdamer tag-grifkhandball tag-mathilda-sandblom tag-naisten-aktialiiga tag-otteluraportti  av-masonry-item-with-image' title=\"2I1A1570\"   itemscope=\"itemscope\" itemtype=\"https:\/\/schema.org\/CreativeWork\" ><div class='av-inner-masonry-sizer'><\/div><figure class='av-inner-masonry main_color'><div class=\"av-masonry-outerimage-container\"><div class='av-masonry-image-container' style=\"background-image: url(https:\/\/grifk-handball.com\/naiset\/wp-content\/uploads\/sites\/3\/2026\/01\/2I1A1570-705x470.jpg);\"  title=\"2I1A1570\" ><\/div><\/div><figcaption class='av-inner-masonry-content site-background'><div class='av-inner-masonry-content-pos'><div class='av-inner-masonry-content-pos-content'><div class='avia-arrow'><\/div><h3 class='av-masonry-entry-title entry-title '  itemprop=\"headline\" >Otteluraportti 17.1. Dicken vs GrIFK<\/h3><div class='av-masonry-entry-content entry-content'  itemprop=\"text\" >Tuomme Pirkkolasta kotiin kaksi ansaittua pistett\u00e4 vahvan joukkue-esityksen\u2026<div class='av-masonry-categories'>Kausi-2025-26,Otteluraportit-2025-226,Ottelut-2025-26,Uutiset<\/div><\/div><span class='av-masonry-date meta-color updated'>19.1.2026<\/span><span class=\"av-masonry-text-sep text-sep-author\">\/<\/span><span class='av-masonry-author meta-color author'><span class='fn'>by Ellen<\/span><\/span><\/div><\/div><\/figcaption><\/figure><\/a><!--end av-masonry entry--><a href=\"https:\/\/grifk-handball.com\/naiset\/kausi-2025-26\/ottelut-2025-26\/matchrapport-10-1-sif-vs-grifk\/\"  id='av-masonry-1-item-13873' data-av-masonry-item='13873' class='av-masonry-entry isotope-item post-13873 post type-post status-publish format-standard has-post-thumbnail hentry category-kausi-2025-26 category-otteluraportit-2025-226 category-ottelut-2025-26 category-uutiset tag-aktialiga tag-aktialiiga tag-damernas-aktialiga tag-grifkdamer tag-grifkhandball tag-johanna-svanback tag-naisten-aktialiiga tag-matchrapport  av-masonry-item-with-image' title=\"GrIFK vs Cocks 2026-01-07 037\"   itemscope=\"itemscope\" itemtype=\"https:\/\/schema.org\/CreativeWork\" ><div class='av-inner-masonry-sizer'><\/div><figure class='av-inner-masonry main_color'><div class=\"av-masonry-outerimage-container\"><div class='av-masonry-image-container' style=\"background-image: url(https:\/\/grifk-handball.com\/naiset\/wp-content\/uploads\/sites\/3\/2026\/01\/GrIFK-vs-Cocks-2026-01-07-037-705x470.jpg);\"  title=\"GrIFK vs Cocks 2026-01-07 037\" ><\/div><\/div><figcaption class='av-inner-masonry-content site-background'><div class='av-inner-masonry-content-pos'><div class='av-inner-masonry-content-pos-content'><div class='avia-arrow'><\/div><h3 class='av-masonry-entry-title entry-title '  itemprop=\"headline\" >Matchrapport 10.1 SIF vs GrIFK<\/h3><div class='av-masonry-entry-content entry-content'  itemprop=\"text\" >En stabil match borta mot Sjunde\u00e5!<br \/>\r\n<br \/>\r\nEfter en tr\u00f6g start,\u2026<div class='av-masonry-categories'>Kausi-2025-26,Otteluraportit-2025-226,Ottelut-2025-26,Uutiset<\/div><\/div><span class='av-masonry-date meta-color updated'>15.1.2026<\/span><span class=\"av-masonry-text-sep text-sep-author\">\/<\/span><span class='av-masonry-author meta-color author'><span class='fn'>by Ellen<\/span><\/span><\/div><\/div><\/figcaption><\/figure><\/a><!--end av-masonry entry--><a href=\"https:\/\/grifk-handball.com\/naiset\/kausi-2025-26\/ottelut-2025-26\/otteluraportti-10-1-sif-vs-grifk\/\"  id='av-masonry-1-item-13869' data-av-masonry-item='13869' class='av-masonry-entry isotope-item post-13869 post type-post status-publish format-standard has-post-thumbnail hentry category-kausi-2025-26 category-otteluraportit-2025-226 category-ottelut-2025-26 category-uutiset tag-aktialiga tag-aktialiiga tag-damernas-aktialiga tag-grifkdamer tag-grifkhandball tag-johanna-svanback tag-naisten-aktialiiga tag-otteluraportti  av-masonry-item-with-image' title=\"GrIFK vs Cocks 2026-01-07 037\"   itemscope=\"itemscope\" itemtype=\"https:\/\/schema.org\/CreativeWork\" ><div class='av-inner-masonry-sizer'><\/div><figure class='av-inner-masonry main_color'><div class=\"av-masonry-outerimage-container\"><div class='av-masonry-image-container' style=\"background-image: url(https:\/\/grifk-handball.com\/naiset\/wp-content\/uploads\/sites\/3\/2026\/01\/GrIFK-vs-Cocks-2026-01-07-037-705x470.jpg);\"  title=\"GrIFK vs Cocks 2026-01-07 037\" ><\/div><\/div><figcaption class='av-inner-masonry-content site-background'><div class='av-inner-masonry-content-pos'><div class='av-inner-masonry-content-pos-content'><div class='avia-arrow'><\/div><h3 class='av-masonry-entry-title entry-title '  itemprop=\"headline\" >Otteluraportti 10.1. SIF vs GrIFK<\/h3><div class='av-masonry-entry-content entry-content'  itemprop=\"text\" >Vakaa esitys meilt\u00e4 Siuntiota vastaan!<br \/>\r\n<br \/>\r\nOttelun alku oli meid\u00e4n\u2026<div class='av-masonry-categories'>Kausi-2025-26,Otteluraportit-2025-226,Ottelut-2025-26,Uutiset<\/div><\/div><span class='av-masonry-date meta-color updated'>15.1.2026<\/span><span class=\"av-masonry-text-sep text-sep-author\">\/<\/span><span class='av-masonry-author meta-color author'><span class='fn'>by Ellen<\/span><\/span><\/div><\/div><\/figcaption><\/figure><\/a><!--end av-masonry entry--><a href=\"https:\/\/grifk-handball.com\/naiset\/kausi-2025-26\/ottelut-2025-26\/matchrapport-7-1-grifk-vs-cocks\/\"  id='av-masonry-1-item-13852' data-av-masonry-item='13852' class='av-masonry-entry isotope-item post-13852 post type-post status-publish format-standard has-post-thumbnail hentry category-kausi-2025-26 category-otteluraportit-2025-226 category-ottelut-2025-26 category-uutiset tag-aktialiga tag-aktialiiga tag-damernas-aktialiga tag-greta-wiren tag-grifkdamer tag-grifkhandball tag-naisten-aktialiiga tag-matchrapport  av-masonry-item-with-image' title=\"GrIFK vs Cocks 2026-01-07 040\"   itemscope=\"itemscope\" itemtype=\"https:\/\/schema.org\/CreativeWork\" ><div class='av-inner-masonry-sizer'><\/div><figure class='av-inner-masonry main_color'><div class=\"av-masonry-outerimage-container\"><div class='av-masonry-image-container' style=\"background-image: url(https:\/\/grifk-handball.com\/naiset\/wp-content\/uploads\/sites\/3\/2026\/01\/GrIFK-vs-Cocks-2026-01-07-040-705x470.jpg);\"  title=\"GrIFK vs Cocks 2026-01-07 040\" ><\/div><\/div><figcaption class='av-inner-masonry-content site-background'><div class='av-inner-masonry-content-pos'><div class='av-inner-masonry-content-pos-content'><div class='avia-arrow'><\/div><h3 class='av-masonry-entry-title entry-title '  itemprop=\"headline\" >Matchrapport 7.1 GrIFK vs Cocks<\/h3><div class='av-masonry-entry-content entry-content'  itemprop=\"text\" >Vinst i f\u00f6rsta matchen f\u00f6r 2026! \ud83d\udcaa\ud83c\udffb<br \/>\r\n<br \/>\r\nRoligt att b\u00f6rja\u2026<div class='av-masonry-categories'>Kausi-2025-26,Otteluraportit-2025-226,Ottelut-2025-26,Uutiset<\/div><\/div><span class='av-masonry-date meta-color updated'>9.1.2026<\/span><span class=\"av-masonry-text-sep text-sep-author\">\/<\/span><span class='av-masonry-author meta-color author'><span class='fn'>by Ellen<\/span><\/span><\/div><\/div><\/figcaption><\/figure><\/a><!--end av-masonry entry--><a href=\"https:\/\/grifk-handball.com\/naiset\/kausi-2025-26\/ottelut-2025-26\/otteluraportti-7-1-grifk-vs-cocks\/\"  id='av-masonry-1-item-13848' data-av-masonry-item='13848' class='av-masonry-entry isotope-item post-13848 post type-post status-publish format-standard has-post-thumbnail hentry category-kausi-2025-26 category-otteluraportit-2025-226 category-ottelut-2025-26 category-uutiset tag-aktialiga tag-aktialiiga tag-damernas-aktialiga tag-greta-wiren tag-grifkdamer tag-grifkhandball tag-naisten-aktialiiga tag-otteluraportti  av-masonry-item-with-image' title=\"GrIFK vs Cocks 2026-01-07 040\"   itemscope=\"itemscope\" itemtype=\"https:\/\/schema.org\/CreativeWork\" ><div class='av-inner-masonry-sizer'><\/div><figure class='av-inner-masonry main_color'><div class=\"av-masonry-outerimage-container\"><div class='av-masonry-image-container' style=\"background-image: url(https:\/\/grifk-handball.com\/naiset\/wp-content\/uploads\/sites\/3\/2026\/01\/GrIFK-vs-Cocks-2026-01-07-040-705x470.jpg);\"  title=\"GrIFK vs Cocks 2026-01-07 040\" ><\/div><\/div><figcaption class='av-inner-masonry-content site-background'><div class='av-inner-masonry-content-pos'><div class='av-inner-masonry-content-pos-content'><div class='avia-arrow'><\/div><h3 class='av-masonry-entry-title entry-title '  itemprop=\"headline\" >Otteluraportti 7.1. GrIFK vs Cocks<\/h3><div class='av-masonry-entry-content entry-content'  itemprop=\"text\" >Voitto vuoden avausottelusta! \ud83d\udcaa\ud83c\udffb<br \/>\r\n<br \/>\r\nHienoa aloittaa vuosi\u2026<div class='av-masonry-categories'>Kausi-2025-26,Otteluraportit-2025-226,Ottelut-2025-26,Uutiset<\/div><\/div><span class='av-masonry-date meta-color updated'>9.1.2026<\/span><span class=\"av-masonry-text-sep text-sep-author\">\/<\/span><span class='av-masonry-author meta-color author'><span class='fn'>by Ellen<\/span><\/span><\/div><\/div><\/figcaption><\/figure><\/a><!--end av-masonry entry--><a href=\"https:\/\/grifk-handball.com\/naiset\/kausi-2025-26\/ottelut-2025-26\/matchrapport-20-12-atlas-vs-grifk\/\"  id='av-masonry-1-item-13790' data-av-masonry-item='13790' class='av-masonry-entry isotope-item post-13790 post type-post status-publish format-standard has-post-thumbnail hentry category-kausi-2025-26 category-otteluraportit-2025-226 category-ottelut-2025-26 category-uutiset tag-aktialiga tag-aktialiiga tag-damernas-aktialiga tag-grifkdamer tag-grifkhandball tag-naisten-aktialiiga tag-sandra-lundqvist tag-matchrapport  av-masonry-item-with-image' title=\"GB7A6023\"   itemscope=\"itemscope\" itemtype=\"https:\/\/schema.org\/CreativeWork\" ><div class='av-inner-masonry-sizer'><\/div><figure class='av-inner-masonry main_color'><div class=\"av-masonry-outerimage-container\"><div class='av-masonry-image-container' style=\"background-image: url(https:\/\/grifk-handball.com\/naiset\/wp-content\/uploads\/sites\/3\/2026\/01\/GB7A6023-705x470.jpg);\"  title=\"GB7A6023\" ><\/div><\/div><figcaption class='av-inner-masonry-content site-background'><div class='av-inner-masonry-content-pos'><div class='av-inner-masonry-content-pos-content'><div class='avia-arrow'><\/div><h3 class='av-masonry-entry-title entry-title '  itemprop=\"headline\" >Matchrapport 20.12 Atlas vs GrIFK<\/h3><div class='av-masonry-entry-content entry-content'  itemprop=\"text\" >F\u00f6rsta halvleken i matchen var v\u00e4ldigt ostabil fr\u00e5n v\u00e5rt\u2026<div class='av-masonry-categories'>Kausi-2025-26,Otteluraportit-2025-226,Ottelut-2025-26,Uutiset<\/div><\/div><span class='av-masonry-date meta-color updated'>3.1.2026<\/span><span class=\"av-masonry-text-sep text-sep-author\">\/<\/span><span class='av-masonry-author meta-color author'><span class='fn'>by Ellen<\/span><\/span><\/div><\/div><\/figcaption><\/figure><\/a><!--end av-masonry entry--><a href=\"https:\/\/grifk-handball.com\/naiset\/kausi-2025-26\/ottelut-2025-26\/otteluraportti-20-12-atlas-vs-grifk\/\"  id='av-masonry-1-item-13786' data-av-masonry-item='13786' class='av-masonry-entry isotope-item post-13786 post type-post status-publish format-standard has-post-thumbnail hentry category-kausi-2025-26 category-otteluraportit-2025-226 category-ottelut-2025-26 category-uutiset tag-aktialiga tag-aktialiiga tag-damernas-aktialiga tag-grifkdamer tag-grifkhandball tag-naisten-aktialiiga tag-otteluraportti tag-sandra-lundqvist  av-masonry-item-with-image' title=\"GB7A6023\"   itemscope=\"itemscope\" itemtype=\"https:\/\/schema.org\/CreativeWork\" ><div class='av-inner-masonry-sizer'><\/div><figure class='av-inner-masonry main_color'><div class=\"av-masonry-outerimage-container\"><div class='av-masonry-image-container' style=\"background-image: url(https:\/\/grifk-handball.com\/naiset\/wp-content\/uploads\/sites\/3\/2026\/01\/GB7A6023-705x470.jpg);\"  title=\"GB7A6023\" ><\/div><\/div><figcaption class='av-inner-masonry-content site-background'><div class='av-inner-masonry-content-pos'><div class='av-inner-masonry-content-pos-content'><div class='avia-arrow'><\/div><h3 class='av-masonry-entry-title entry-title '  itemprop=\"headline\" >Otteluraportti 20.12. Atlas vs GrIFK<\/h3><div class='av-masonry-entry-content entry-content'  itemprop=\"text\" >Ottelun ensimm\u00e4inen puoliaika oli meilt\u00e4 hyvin ep\u00e4tasainen\u2026<div class='av-masonry-categories'>Kausi-2025-26,Otteluraportit-2025-226,Ottelut-2025-26,Uutiset<\/div><\/div><span class='av-masonry-date meta-color updated'>3.1.2026<\/span><span class=\"av-masonry-text-sep text-sep-author\">\/<\/span><span class='av-masonry-author meta-color author'><span class='fn'>by Ellen<\/span><\/span><\/div><\/div><\/figcaption><\/figure><\/a><!--end av-masonry entry--><a href=\"https:\/\/grifk-handball.com\/naiset\/kausi-2025-26\/ottelut-2025-26\/matchrapport-17-12-grifk-vs-dicken\/\"  id='av-masonry-1-item-13770' data-av-masonry-item='13770' class='av-masonry-entry isotope-item post-13770 post type-post status-publish format-standard has-post-thumbnail hentry category-kausi-2025-26 category-otteluraportit-2025-226 category-ottelut-2025-26 category-uutiset tag-aktialiga tag-aktialiiga tag-damernas-aktialiga tag-grifkdamer tag-grifkhandball tag-naisten-aktialiiga tag-trine-bjorkqvist tag-matchrapport  av-masonry-item-with-image' title=\"2I1A1793\"   itemscope=\"itemscope\" itemtype=\"https:\/\/schema.org\/CreativeWork\" ><div class='av-inner-masonry-sizer'><\/div><figure class='av-inner-masonry main_color'><div class=\"av-masonry-outerimage-container\"><div class='av-masonry-image-container' style=\"background-image: url(https:\/\/grifk-handball.com\/naiset\/wp-content\/uploads\/sites\/3\/2025\/12\/2I1A1793-705x470.jpg);\"  title=\"2I1A1793\" ><\/div><\/div><figcaption class='av-inner-masonry-content site-background'><div class='av-inner-masonry-content-pos'><div class='av-inner-masonry-content-pos-content'><div class='avia-arrow'><\/div><h3 class='av-masonry-entry-title entry-title '  itemprop=\"headline\" >Matchrapport 17.12 GrIFK vs Dicken<\/h3><div class='av-masonry-entry-content entry-content'  itemprop=\"text\" >Vi b\u00f6rjade matchen bra, med ett aktivt och aggressivt f\u00f6rsvarsspel\u2026<div class='av-masonry-categories'>Kausi-2025-26,Otteluraportit-2025-226,Ottelut-2025-26,Uutiset<\/div><\/div><span class='av-masonry-date meta-color updated'>18.12.2025<\/span><span class=\"av-masonry-text-sep text-sep-author\">\/<\/span><span class='av-masonry-author meta-color author'><span class='fn'>by Ellen<\/span><\/span><\/div><\/div><\/figcaption><\/figure><\/a><!--end av-masonry entry--><a href=\"https:\/\/grifk-handball.com\/naiset\/kausi-2025-26\/ottelut-2025-26\/otteluraportti-17-12-grifk-vs-dicken\/\"  id='av-masonry-1-item-13766' data-av-masonry-item='13766' class='av-masonry-entry isotope-item post-13766 post type-post status-publish format-standard has-post-thumbnail hentry category-kausi-2025-26 category-otteluraportit-2025-226 category-ottelut-2025-26 category-uutiset tag-aktialiga tag-aktialiiga tag-damernas-aktialiga tag-grifkdamer tag-grifkhandball tag-naisten-aktialiiga tag-otteluraportti tag-trine-bjorkqvist  av-masonry-item-with-image' title=\"2I1A1793\"   itemscope=\"itemscope\" itemtype=\"https:\/\/schema.org\/CreativeWork\" ><div class='av-inner-masonry-sizer'><\/div><figure class='av-inner-masonry main_color'><div class=\"av-masonry-outerimage-container\"><div class='av-masonry-image-container' style=\"background-image: url(https:\/\/grifk-handball.com\/naiset\/wp-content\/uploads\/sites\/3\/2025\/12\/2I1A1793-705x470.jpg);\"  title=\"2I1A1793\" ><\/div><\/div><figcaption class='av-inner-masonry-content site-background'><div class='av-inner-masonry-content-pos'><div class='av-inner-masonry-content-pos-content'><div class='avia-arrow'><\/div><h3 class='av-masonry-entry-title entry-title '  itemprop=\"headline\" >Otteluraportti 17.12. GrIFK vs Dicken<\/h3><div class='av-masonry-entry-content entry-content'  itemprop=\"text\" >Aloitimme ottelun vahvasti aktiivisella ja aggressiivisella puolustuksella,\u2026<div class='av-masonry-categories'>Kausi-2025-26,Otteluraportit-2025-226,Ottelut-2025-26,Uutiset<\/div><\/div><span class='av-masonry-date meta-color updated'>18.12.2025<\/span><span class=\"av-masonry-text-sep text-sep-author\">\/<\/span><span class='av-masonry-author meta-color author'><span class='fn'>by Ellen<\/span><\/span><\/div><\/div><\/figcaption><\/figure><\/a><!--end av-masonry entry--><a href=\"https:\/\/grifk-handball.com\/naiset\/kausi-2025-26\/ottelut-2025-26\/matchrapport-13-12-grifk-vs-sif\/\"  id='av-masonry-1-item-13735' data-av-masonry-item='13735' class='av-masonry-entry isotope-item post-13735 post type-post status-publish format-standard has-post-thumbnail hentry category-kausi-2025-26 category-otteluraportit-2025-226 category-ottelut-2025-26 category-uutiset tag-aktialiga tag-aktialiiga tag-damernas-aktialiga tag-grifkdamer tag-grifkhandball tag-lovisa-von-knorring tag-naisten-aktialiiga tag-matchrapport  av-masonry-item-with-image' title=\"GB7A2819\"   itemscope=\"itemscope\" itemtype=\"https:\/\/schema.org\/CreativeWork\" ><div class='av-inner-masonry-sizer'><\/div><figure class='av-inner-masonry main_color'><div class=\"av-masonry-outerimage-container\"><div class='av-masonry-image-container' style=\"background-image: url(https:\/\/grifk-handball.com\/naiset\/wp-content\/uploads\/sites\/3\/2025\/12\/GB7A2819-705x470.jpg);\"  title=\"GB7A2819\" ><\/div><\/div><figcaption class='av-inner-masonry-content site-background'><div class='av-inner-masonry-content-pos'><div class='av-inner-masonry-content-pos-content'><div class='avia-arrow'><\/div><h3 class='av-masonry-entry-title entry-title '  itemprop=\"headline\" >Matchrapport 13.12 GrIFK vs SIF<\/h3><div class='av-masonry-entry-content entry-content'  itemprop=\"text\" >Vi g\u00f6r en bra laginsats mot Sjunde\u00e5 IF och vinner matchen med\u2026<div class='av-masonry-categories'>Kausi-2025-26,Otteluraportit-2025-226,Ottelut-2025-26,Uutiset<\/div><\/div><span class='av-masonry-date meta-color updated'>16.12.2025<\/span><span class=\"av-masonry-text-sep text-sep-author\">\/<\/span><span class='av-masonry-author meta-color author'><span class='fn'>by Ellen<\/span><\/span><\/div><\/div><\/figcaption><\/figure><\/a><!--end av-masonry entry--><a href=\"https:\/\/grifk-handball.com\/naiset\/kausi-2025-26\/ottelut-2025-26\/otteluraportti-13-12-grifk-vs-sif\/\"  id='av-masonry-1-item-13734' data-av-masonry-item='13734' class='av-masonry-entry isotope-item post-13734 post type-post status-publish format-standard has-post-thumbnail hentry category-kausi-2025-26 category-otteluraportit-2025-226 category-ottelut-2025-26 category-uutiset tag-aktialiga tag-aktialiiga tag-damernas-aktialiga tag-grifkdamer tag-grifkhandball tag-lovisa-von-knorring tag-naisten-aktialiiga tag-otteluraportti  av-masonry-item-with-image' title=\"GB7A2819\"   itemscope=\"itemscope\" itemtype=\"https:\/\/schema.org\/CreativeWork\" ><div class='av-inner-masonry-sizer'><\/div><figure class='av-inner-masonry main_color'><div class=\"av-masonry-outerimage-container\"><div class='av-masonry-image-container' style=\"background-image: url(https:\/\/grifk-handball.com\/naiset\/wp-content\/uploads\/sites\/3\/2025\/12\/GB7A2819-705x470.jpg);\"  title=\"GB7A2819\" ><\/div><\/div><figcaption class='av-inner-masonry-content site-background'><div class='av-inner-masonry-content-pos'><div class='av-inner-masonry-content-pos-content'><div class='avia-arrow'><\/div><h3 class='av-masonry-entry-title entry-title '  itemprop=\"headline\" >Otteluraportti 13.12. GrIFK vs SIF<\/h3><div class='av-masonry-entry-content entry-content'  itemprop=\"text\" >Pelasimme SIF:i\u00e4 vastaan eritt\u00e4in vakuuttavan ottelun ja voitimme\u2026<div class='av-masonry-categories'>Kausi-2025-26,Otteluraportit-2025-226,Ottelut-2025-26,Uutiset<\/div><\/div><span class='av-masonry-date meta-color updated'>16.12.2025<\/span><span class=\"av-masonry-text-sep text-sep-author\">\/<\/span><span class='av-masonry-author meta-color author'><span class='fn'>by Ellen<\/span><\/span><\/div><\/div><\/figcaption><\/figure><\/a><!--end av-masonry entry--><a href=\"https:\/\/grifk-handball.com\/naiset\/kausi-2025-26\/ottelut-2025-26\/matchrapport-10-12-grifk-vs-bk-46\/\"  id='av-masonry-1-item-13720' data-av-masonry-item='13720' class='av-masonry-entry isotope-item post-13720 post type-post status-publish format-standard has-post-thumbnail hentry category-kausi-2025-26 category-otteluraportit-2025-226 category-ottelut-2025-26 category-uutiset tag-aktialiga tag-aktialiiga tag-alexandra-olsson tag-damernas-aktialiga tag-grifkdamer tag-grifkhandball tag-naisten-aktialiiga tag-matchrapport  av-masonry-item-with-image' title=\"2I1A1707\"   itemscope=\"itemscope\" itemtype=\"https:\/\/schema.org\/CreativeWork\" ><div class='av-inner-masonry-sizer'><\/div><figure class='av-inner-masonry main_color'><div class=\"av-masonry-outerimage-container\"><div class='av-masonry-image-container' style=\"background-image: url(https:\/\/grifk-handball.com\/naiset\/wp-content\/uploads\/sites\/3\/2025\/12\/2I1A1707-705x470.jpg);\"  title=\"2I1A1707\" ><\/div><\/div><figcaption class='av-inner-masonry-content site-background'><div class='av-inner-masonry-content-pos'><div class='av-inner-masonry-content-pos-content'><div class='avia-arrow'><\/div><h3 class='av-masonry-entry-title entry-title '  itemprop=\"headline\" >Matchrapport 10.12 GrIFK vs BK-46<\/h3><div class='av-masonry-entry-content entry-content'  itemprop=\"text\" >I onsdagens match mot BK-46 g\u00f6r vi en otrolig laginsats och\u2026<div class='av-masonry-categories'>Kausi-2025-26,Otteluraportit-2025-226,Ottelut-2025-26,Uutiset<\/div><\/div><span class='av-masonry-date meta-color updated'>13.12.2025<\/span><span class=\"av-masonry-text-sep text-sep-author\">\/<\/span><span class='av-masonry-author meta-color author'><span class='fn'>by Ellen<\/span><\/span><\/div><\/div><\/figcaption><\/figure><\/a><!--end av-masonry entry--><a href=\"https:\/\/grifk-handball.com\/naiset\/kausi-2025-26\/ottelut-2025-26\/otteluraportti-10-12-grifk-vs-bk-46\/\"  id='av-masonry-1-item-13717' data-av-masonry-item='13717' class='av-masonry-entry isotope-item post-13717 post type-post status-publish format-standard has-post-thumbnail hentry category-kausi-2025-26 category-otteluraportit-2025-226 category-ottelut-2025-26 category-uutiset tag-aktialiga tag-aktialiiga tag-alexandra-olsson tag-damernas-aktialiga tag-grifkdamer tag-grifkhandball tag-naisten-aktialiiga tag-otteluraportti  av-masonry-item-with-image' title=\"2I1A1707\"   itemscope=\"itemscope\" itemtype=\"https:\/\/schema.org\/CreativeWork\" ><div class='av-inner-masonry-sizer'><\/div><figure class='av-inner-masonry main_color'><div class=\"av-masonry-outerimage-container\"><div class='av-masonry-image-container' style=\"background-image: url(https:\/\/grifk-handball.com\/naiset\/wp-content\/uploads\/sites\/3\/2025\/12\/2I1A1707-705x470.jpg);\"  title=\"2I1A1707\" ><\/div><\/div><figcaption class='av-inner-masonry-content site-background'><div class='av-inner-masonry-content-pos'><div class='av-inner-masonry-content-pos-content'><div class='avia-arrow'><\/div><h3 class='av-masonry-entry-title entry-title '  itemprop=\"headline\" >Otteluraportti 10.12. GrIFK vs BK-46<\/h3><div class='av-masonry-entry-content entry-content'  itemprop=\"text\" >Keskiviikon ottelussa BK-46:ta vastaan pelasimme hienon ottelun,\u2026<div class='av-masonry-categories'>Kausi-2025-26,Otteluraportit-2025-226,Ottelut-2025-26,Uutiset<\/div><\/div><span class='av-masonry-date meta-color updated'>13.12.2025<\/span><span class=\"av-masonry-text-sep text-sep-author\">\/<\/span><span class='av-masonry-author meta-color author'><span class='fn'>by Ellen<\/span><\/span><\/div><\/div><\/figcaption><\/figure><\/a><!--end av-masonry entry--><a href=\"https:\/\/grifk-handball.com\/naiset\/kausi-2025-26\/ottelut-2025-26\/matchrapport-15-11-cocks-vs-grifk\/\"  id='av-masonry-1-item-13664' data-av-masonry-item='13664' class='av-masonry-entry isotope-item post-13664 post type-post status-publish format-standard has-post-thumbnail hentry category-kausi-2025-26 category-otteluraportit-2025-226 category-ottelut-2025-26 category-uutiset tag-aktialiga tag-aktialiiga tag-annika-mustonen tag-damernas-aktialiga tag-grifkdamer tag-grifkhandball tag-naisten-aktialiiga tag-matchrapport  av-masonry-item-with-image' title=\"GB7A1019\"   itemscope=\"itemscope\" itemtype=\"https:\/\/schema.org\/CreativeWork\" ><div class='av-inner-masonry-sizer'><\/div><figure class='av-inner-masonry main_color'><div class=\"av-masonry-outerimage-container\"><div class='av-masonry-image-container' style=\"background-image: url(https:\/\/grifk-handball.com\/naiset\/wp-content\/uploads\/sites\/3\/2025\/11\/GB7A1019-705x470.jpg);\"  title=\"GB7A1019\" ><\/div><\/div><figcaption class='av-inner-masonry-content site-background'><div class='av-inner-masonry-content-pos'><div class='av-inner-masonry-content-pos-content'><div class='avia-arrow'><\/div><h3 class='av-masonry-entry-title entry-title '  itemprop=\"headline\" >Matchrapport 15.11 Cocks vs GrIFK<\/h3><div class='av-masonry-entry-content entry-content'  itemprop=\"text\" >Matchen b\u00f6rjade j\u00e4mnt mot Cocks och fortsatte vara v\u00e4ldigt\u2026<div class='av-masonry-categories'>Kausi-2025-26,Otteluraportit-2025-226,Ottelut-2025-26,Uutiset<\/div><\/div><span class='av-masonry-date meta-color updated'>17.11.2025<\/span><span class=\"av-masonry-text-sep text-sep-author\">\/<\/span><span class='av-masonry-author meta-color author'><span class='fn'>by Ellen<\/span><\/span><\/div><\/div><\/figcaption><\/figure><\/a><!--end av-masonry entry--><a href=\"https:\/\/grifk-handball.com\/naiset\/kausi-2025-26\/ottelut-2025-26\/otteluraportti-15-11-cocks-vs-grifk\/\"  id='av-masonry-1-item-13660' data-av-masonry-item='13660' class='av-masonry-entry isotope-item post-13660 post type-post status-publish format-standard has-post-thumbnail hentry category-kausi-2025-26 category-otteluraportit-2025-226 category-ottelut-2025-26 category-uutiset tag-aktialiga tag-aktialiiga tag-annika-mustonen tag-damernas-aktialiga tag-grifkdamer tag-grifkhandball tag-naisten-aktialiiga tag-otteluraportti  av-masonry-item-with-image' title=\"GB7A1019\"   itemscope=\"itemscope\" itemtype=\"https:\/\/schema.org\/CreativeWork\" ><div class='av-inner-masonry-sizer'><\/div><figure class='av-inner-masonry main_color'><div class=\"av-masonry-outerimage-container\"><div class='av-masonry-image-container' style=\"background-image: url(https:\/\/grifk-handball.com\/naiset\/wp-content\/uploads\/sites\/3\/2025\/11\/GB7A1019-705x470.jpg);\"  title=\"GB7A1019\" ><\/div><\/div><figcaption class='av-inner-masonry-content site-background'><div class='av-inner-masonry-content-pos'><div class='av-inner-masonry-content-pos-content'><div class='avia-arrow'><\/div><h3 class='av-masonry-entry-title entry-title '  itemprop=\"headline\" >Otteluraportti 15.11. Cocks vs GrIFK<\/h3><div class='av-masonry-entry-content entry-content'  itemprop=\"text\" >Ottelu Cocksia vastaan alkoi tasaisesti ja pysyi tiukkana l\u00e4pi\u2026<div class='av-masonry-categories'>Kausi-2025-26,Otteluraportit-2025-226,Ottelut-2025-26,Uutiset<\/div><\/div><span class='av-masonry-date meta-color updated'>17.11.2025<\/span><span class=\"av-masonry-text-sep text-sep-author\">\/<\/span><span class='av-masonry-author meta-color author'><span class='fn'>by Ellen<\/span><\/span><\/div><\/div><\/figcaption><\/figure><\/a><!--end av-masonry entry--><a href=\"https:\/\/grifk-handball.com\/naiset\/kausi-2025-26\/ottelut-2025-26\/matchrapport-12-11-bk-46-vs-grifk\/\"  id='av-masonry-1-item-13633' data-av-masonry-item='13633' class='av-masonry-entry isotope-item post-13633 post type-post status-publish format-standard has-post-thumbnail hentry category-kausi-2025-26 category-otteluraportit-2025-226 category-ottelut-2025-26 category-uutiset tag-aktialiga tag-aktialiiga tag-damernas-aktialiga tag-freja-siivonen tag-grifkdamer tag-grifkhandball tag-naisten-aktialiiga tag-matchrapport  av-masonry-item-with-image' title=\"GB7A2677\"   itemscope=\"itemscope\" itemtype=\"https:\/\/schema.org\/CreativeWork\" ><div class='av-inner-masonry-sizer'><\/div><figure class='av-inner-masonry main_color'><div class=\"av-masonry-outerimage-container\"><div class='av-masonry-image-container' style=\"background-image: url(https:\/\/grifk-handball.com\/naiset\/wp-content\/uploads\/sites\/3\/2025\/11\/GB7A2677-705x470.jpg);\"  title=\"GB7A2677\" ><\/div><\/div><figcaption class='av-inner-masonry-content site-background'><div class='av-inner-masonry-content-pos'><div class='av-inner-masonry-content-pos-content'><div class='avia-arrow'><\/div><h3 class='av-masonry-entry-title entry-title '  itemprop=\"headline\" >Matchrapport 12.11 BK-46 vs GrIFK<\/h3><div class='av-masonry-entry-content entry-content'  itemprop=\"text\" >Som f\u00f6rv\u00e4ntat var det en v\u00e4ldigt tuff och fysisk match. I\u2026<div class='av-masonry-categories'>Kausi-2025-26,Otteluraportit-2025-226,Ottelut-2025-26,Uutiset<\/div><\/div><span class='av-masonry-date meta-color updated'>14.11.2025<\/span><span class=\"av-masonry-text-sep text-sep-author\">\/<\/span><span class='av-masonry-author meta-color author'><span class='fn'>by Ellen<\/span><\/span><\/div><\/div><\/figcaption><\/figure><\/a><!--end av-masonry entry--><a href=\"https:\/\/grifk-handball.com\/naiset\/kausi-2025-26\/ottelut-2025-26\/otteluraportti-12-11-bk-46-vs-grifk\/\"  id='av-masonry-1-item-13632' data-av-masonry-item='13632' class='av-masonry-entry isotope-item post-13632 post type-post status-publish format-standard has-post-thumbnail hentry category-kausi-2025-26 category-otteluraportit-2025-226 category-ottelut-2025-26 category-uutiset tag-aktialiga tag-aktialiiga tag-damernas-aktialiga tag-freja-siivonen tag-grifkdamer tag-grifkhandball tag-naisten-aktialiiga tag-otteluraportti  av-masonry-item-with-image' title=\"GB7A2677\"   itemscope=\"itemscope\" itemtype=\"https:\/\/schema.org\/CreativeWork\" ><div class='av-inner-masonry-sizer'><\/div><figure class='av-inner-masonry main_color'><div class=\"av-masonry-outerimage-container\"><div class='av-masonry-image-container' style=\"background-image: url(https:\/\/grifk-handball.com\/naiset\/wp-content\/uploads\/sites\/3\/2025\/11\/GB7A2677-705x470.jpg);\"  title=\"GB7A2677\" ><\/div><\/div><figcaption class='av-inner-masonry-content site-background'><div class='av-inner-masonry-content-pos'><div class='av-inner-masonry-content-pos-content'><div class='avia-arrow'><\/div><h3 class='av-masonry-entry-title entry-title '  itemprop=\"headline\" >Otteluraportti 12.11. BK-46 vs GrIFK<\/h3><div class='av-masonry-entry-content entry-content'  itemprop=\"text\" >Kuten ennakoitua, ottelu oli eritt\u00e4in fyysinen ja haastava.\u2026<div class='av-masonry-categories'>Kausi-2025-26,Otteluraportit-2025-226,Ottelut-2025-26,Uutiset<\/div><\/div><span class='av-masonry-date meta-color updated'>14.11.2025<\/span><span class=\"av-masonry-text-sep text-sep-author\">\/<\/span><span class='av-masonry-author meta-color author'><span class='fn'>by Ellen<\/span><\/span><\/div><\/div><\/figcaption><\/figure><\/a><!--end av-masonry entry--><a href=\"https:\/\/grifk-handball.com\/naiset\/kausi-2025-26\/ottelut-2025-26\/matchrapport-8-11-grifk-vs-hifk\/\"  id='av-masonry-1-item-13606' data-av-masonry-item='13606' class='av-masonry-entry isotope-item post-13606 post type-post status-publish format-standard has-post-thumbnail hentry category-kausi-2025-26 category-otteluraportit-2025-226 category-ottelut-2025-26 category-uutiset tag-aktialiga tag-aktialiiga tag-damernas-aktialiga tag-emily-johansson tag-grifkdamer tag-grifkhandball tag-naisten-aktialiiga tag-matchrapport  av-masonry-item-with-image' title=\"GB7A6675\"   itemscope=\"itemscope\" itemtype=\"https:\/\/schema.org\/CreativeWork\" ><div class='av-inner-masonry-sizer'><\/div><figure class='av-inner-masonry main_color'><div class=\"av-masonry-outerimage-container\"><div class='av-masonry-image-container' style=\"background-image: url(https:\/\/grifk-handball.com\/naiset\/wp-content\/uploads\/sites\/3\/2025\/11\/GB7A6675-705x470.jpg);\"  title=\"GB7A6675\" ><\/div><\/div><figcaption class='av-inner-masonry-content site-background'><div class='av-inner-masonry-content-pos'><div class='av-inner-masonry-content-pos-content'><div class='avia-arrow'><\/div><h3 class='av-masonry-entry-title entry-title '  itemprop=\"headline\" >Matchrapport 8.11 GrIFK vs HIFK<\/h3><div class='av-masonry-entry-content entry-content'  itemprop=\"text\" >Vi inledde matchen starkt och lyckades dra upp en 5-1 ledning\u2026<div class='av-masonry-categories'>Kausi-2025-26,Otteluraportit-2025-226,Ottelut-2025-26,Uutiset<\/div><\/div><span class='av-masonry-date meta-color updated'>11.11.2025<\/span><span class=\"av-masonry-text-sep text-sep-author\">\/<\/span><span class='av-masonry-author meta-color author'><span class='fn'>by Ellen<\/span><\/span><\/div><\/div><\/figcaption><\/figure><\/a><!--end av-masonry entry--><a href=\"https:\/\/grifk-handball.com\/naiset\/kausi-2025-26\/ottelut-2025-26\/otteluraportti-8-11-grifk-vs-hifk\/\"  id='av-masonry-1-item-13610' data-av-masonry-item='13610' class='av-masonry-entry isotope-item post-13610 post type-post status-publish format-standard has-post-thumbnail hentry category-kausi-2025-26 category-otteluraportit-2025-226 category-ottelut-2025-26 category-uutiset tag-aktialiga tag-aktialiiga tag-damernas-aktialiga tag-emily-johansson tag-grifkdamer tag-grifkhandball tag-naisten-aktialiiga tag-otteluraportti  av-masonry-item-with-image' title=\"GB7A6675\"   itemscope=\"itemscope\" itemtype=\"https:\/\/schema.org\/CreativeWork\" ><div class='av-inner-masonry-sizer'><\/div><figure class='av-inner-masonry main_color'><div class=\"av-masonry-outerimage-container\"><div class='av-masonry-image-container' style=\"background-image: url(https:\/\/grifk-handball.com\/naiset\/wp-content\/uploads\/sites\/3\/2025\/11\/GB7A6675-705x470.jpg);\"  title=\"GB7A6675\" ><\/div><\/div><figcaption class='av-inner-masonry-content site-background'><div class='av-inner-masonry-content-pos'><div class='av-inner-masonry-content-pos-content'><div class='avia-arrow'><\/div><h3 class='av-masonry-entry-title entry-title '  itemprop=\"headline\" >Otteluraportti 8.11. GrIFK vs HIFK<\/h3><div class='av-masonry-entry-content entry-content'  itemprop=\"text\" >Aloitimme ottelun vahvasti ja p\u00e4\u00e4simme ensimm\u00e4isen viisiminuuttisen\u2026<div class='av-masonry-categories'>Kausi-2025-26,Otteluraportit-2025-226,Ottelut-2025-26,Uutiset<\/div><\/div><span class='av-masonry-date meta-color updated'>11.11.2025<\/span><span class=\"av-masonry-text-sep text-sep-author\">\/<\/span><span class='av-masonry-author meta-color author'><span class='fn'>by Ellen<\/span><\/span><\/div><\/div><\/figcaption><\/figure><\/a><!--end av-masonry entry--><a href=\"https:\/\/grifk-handball.com\/naiset\/kausi-2025-26\/ottelut-2025-26\/matchrapport-1-11-grifk-vs-atlas\/\"  id='av-masonry-1-item-13575' data-av-masonry-item='13575' class='av-masonry-entry isotope-item post-13575 post type-post status-publish format-standard has-post-thumbnail hentry category-kausi-2025-26 category-otteluraportit-2025-226 category-ottelut-2025-26 category-uutiset tag-aktialiga tag-aktialiiga tag-amanda-olsson tag-damernas-aktialiga tag-grifkdamer tag-grifkhandball tag-naisten-aktialiiga tag-matchrapport  av-masonry-item-with-image' title=\"GB7A6042\"   itemscope=\"itemscope\" itemtype=\"https:\/\/schema.org\/CreativeWork\" ><div class='av-inner-masonry-sizer'><\/div><figure class='av-inner-masonry main_color'><div class=\"av-masonry-outerimage-container\"><div class='av-masonry-image-container' style=\"background-image: url(https:\/\/grifk-handball.com\/naiset\/wp-content\/uploads\/sites\/3\/2025\/11\/GB7A6042-705x470.jpg);\"  title=\"GB7A6042\" ><\/div><\/div><figcaption class='av-inner-masonry-content site-background'><div class='av-inner-masonry-content-pos'><div class='av-inner-masonry-content-pos-content'><div class='avia-arrow'><\/div><h3 class='av-masonry-entry-title entry-title '  itemprop=\"headline\" >Matchrapport 1.11 GrIFK vs Atlas<\/h3><div class='av-masonry-entry-content entry-content'  itemprop=\"text\" >Inf\u00f6r matchen pratade vi om att spela v\u00e5rt eget spel genom\u2026<div class='av-masonry-categories'>Kausi-2025-26,Otteluraportit-2025-226,Ottelut-2025-26,Uutiset<\/div><\/div><span class='av-masonry-date meta-color updated'>4.11.2025<\/span><span class=\"av-masonry-text-sep text-sep-author\">\/<\/span><span class='av-masonry-author meta-color author'><span class='fn'>by Ellen<\/span><\/span><\/div><\/div><\/figcaption><\/figure><\/a><!--end av-masonry entry--><a href=\"https:\/\/grifk-handball.com\/naiset\/kausi-2025-26\/ottelut-2025-26\/otteluraportti-1-11-grifk-vs-atlas\/\"  id='av-masonry-1-item-13571' data-av-masonry-item='13571' class='av-masonry-entry isotope-item post-13571 post type-post status-publish format-standard has-post-thumbnail hentry category-kausi-2025-26 category-otteluraportit-2025-226 category-ottelut-2025-26 category-uutiset tag-aktialiga tag-aktialiiga tag-amanda-olsson tag-damernas-aktialiga tag-grifkdamer tag-grifkhandball tag-naisten-aktialiiga tag-otteluraportti  av-masonry-item-with-image' title=\"GB7A6042\"   itemscope=\"itemscope\" itemtype=\"https:\/\/schema.org\/CreativeWork\" ><div class='av-inner-masonry-sizer'><\/div><figure class='av-inner-masonry main_color'><div class=\"av-masonry-outerimage-container\"><div class='av-masonry-image-container' style=\"background-image: url(https:\/\/grifk-handball.com\/naiset\/wp-content\/uploads\/sites\/3\/2025\/11\/GB7A6042-705x470.jpg);\"  title=\"GB7A6042\" ><\/div><\/div><figcaption class='av-inner-masonry-content site-background'><div class='av-inner-masonry-content-pos'><div class='av-inner-masonry-content-pos-content'><div class='avia-arrow'><\/div><h3 class='av-masonry-entry-title entry-title '  itemprop=\"headline\" >Otteluraportti 1.11. GrIFK vs Atlas<\/h3><div class='av-masonry-entry-content entry-content'  itemprop=\"text\" >Ennen ottelua puhuimme siit\u00e4, ett\u00e4 haluamme jatkaa saman hyv\u00e4n\u2026<div class='av-masonry-categories'>Kausi-2025-26,Otteluraportit-2025-226,Ottelut-2025-26,Uutiset<\/div><\/div><span class='av-masonry-date meta-color updated'>4.11.2025<\/span><span class=\"av-masonry-text-sep text-sep-author\">\/<\/span><span class='av-masonry-author meta-color author'><span class='fn'>by Ellen<\/span><\/span><\/div><\/div><\/figcaption><\/figure><\/a><!--end av-masonry entry--><a href=\"https:\/\/grifk-handball.com\/naiset\/kausi-2025-26\/ottelut-2025-26\/matchrapport-29-10-grifk-vs-sif\/\"  id='av-masonry-1-item-13560' data-av-masonry-item='13560' class='av-masonry-entry isotope-item post-13560 post type-post status-publish format-standard has-post-thumbnail hentry category-kausi-2025-26 category-otteluraportit-2025-226 category-ottelut-2025-26 category-uutiset tag-aktialiga tag-aktialiiga tag-damernas-aktialiga tag-grifkdamer tag-grifkhandball tag-naisten-aktialiiga tag-sandra-laitinen tag-matchrapport  av-masonry-item-with-image' title=\"GB7A4472\"   itemscope=\"itemscope\" itemtype=\"https:\/\/schema.org\/CreativeWork\" ><div class='av-inner-masonry-sizer'><\/div><figure class='av-inner-masonry main_color'><div class=\"av-masonry-outerimage-container\"><div class='av-masonry-image-container' style=\"background-image: url(https:\/\/grifk-handball.com\/naiset\/wp-content\/uploads\/sites\/3\/2025\/10\/GB7A4472-705x475.jpg);\"  title=\"GB7A4472\" ><\/div><\/div><figcaption class='av-inner-masonry-content site-background'><div class='av-inner-masonry-content-pos'><div class='av-inner-masonry-content-pos-content'><div class='avia-arrow'><\/div><h3 class='av-masonry-entry-title entry-title '  itemprop=\"headline\" >Matchrapport 29.10 GrIFK vs SIF<\/h3><div class='av-masonry-entry-content entry-content'  itemprop=\"text\" >Som helhet var det en riktigt bra match av oss. Som vanligt fanns\u2026<div class='av-masonry-categories'>Kausi-2025-26,Otteluraportit-2025-226,Ottelut-2025-26,Uutiset<\/div><\/div><span class='av-masonry-date meta-color updated'>31.10.2025<\/span><span class=\"av-masonry-text-sep text-sep-author\">\/<\/span><span class='av-masonry-author meta-color author'><span class='fn'>by Ellen<\/span><\/span><\/div><\/div><\/figcaption><\/figure><\/a><!--end av-masonry entry--><a href=\"https:\/\/grifk-handball.com\/naiset\/kausi-2025-26\/ottelut-2025-26\/otteluraportti-29-10-grifk-vs-sif\/\"  id='av-masonry-1-item-13555' data-av-masonry-item='13555' class='av-masonry-entry isotope-item post-13555 post type-post status-publish format-standard has-post-thumbnail hentry category-kausi-2025-26 category-otteluraportit-2025-226 category-ottelut-2025-26 category-uutiset tag-aktialiga tag-aktialiiga tag-damernas-aktialiga tag-grifkdamer tag-grifkhandball tag-naisten-aktialiiga tag-otteluraportti tag-sandra-laitinen  av-masonry-item-with-image' title=\"GB7A4472\"   itemscope=\"itemscope\" itemtype=\"https:\/\/schema.org\/CreativeWork\" ><div class='av-inner-masonry-sizer'><\/div><figure class='av-inner-masonry main_color'><div class=\"av-masonry-outerimage-container\"><div class='av-masonry-image-container' style=\"background-image: url(https:\/\/grifk-handball.com\/naiset\/wp-content\/uploads\/sites\/3\/2025\/10\/GB7A4472-705x475.jpg);\"  title=\"GB7A4472\" ><\/div><\/div><figcaption class='av-inner-masonry-content site-background'><div class='av-inner-masonry-content-pos'><div class='av-inner-masonry-content-pos-content'><div class='avia-arrow'><\/div><h3 class='av-masonry-entry-title entry-title '  itemprop=\"headline\" >Otteluraportti 29.10 GrIFK vs SIF<\/h3><div class='av-masonry-entry-content entry-content'  itemprop=\"text\" >Kokonaisuudessaan pelasimme todella hyv\u00e4n ottelun. Kuten aina,\u2026<div class='av-masonry-categories'>Kausi-2025-26,Otteluraportit-2025-226,Ottelut-2025-26,Uutiset<\/div><\/div><span class='av-masonry-date meta-color updated'>31.10.2025<\/span><span class=\"av-masonry-text-sep text-sep-author\">\/<\/span><span class='av-masonry-author meta-color author'><span class='fn'>by Ellen<\/span><\/span><\/div><\/div><\/figcaption><\/figure><\/a><!--end av-masonry entry--><a href=\"https:\/\/grifk-handball.com\/naiset\/kausi-2025-26\/ottelut-2025-26\/matchrapport-25-10-dicken-vs-grifk\/\"  id='av-masonry-1-item-13526' data-av-masonry-item='13526' class='av-masonry-entry isotope-item post-13526 post type-post status-publish format-standard has-post-thumbnail hentry category-kausi-2025-26 category-otteluraportit-2025-226 category-ottelut-2025-26 category-uutiset tag-aktialiga tag-aktialiiga tag-alva-eskelin tag-damernas-aktialiga tag-grifkdamer tag-grifkhandball tag-naisten-aktialiiga tag-matchrapport  av-masonry-item-with-image' title=\"GB7A4460\"   itemscope=\"itemscope\" itemtype=\"https:\/\/schema.org\/CreativeWork\" ><div class='av-inner-masonry-sizer'><\/div><figure class='av-inner-masonry main_color'><div class=\"av-masonry-outerimage-container\"><div class='av-masonry-image-container' style=\"background-image: url(https:\/\/grifk-handball.com\/naiset\/wp-content\/uploads\/sites\/3\/2025\/10\/GB7A4460-705x470.jpg);\"  title=\"GB7A4460\" ><\/div><\/div><figcaption class='av-inner-masonry-content site-background'><div class='av-inner-masonry-content-pos'><div class='av-inner-masonry-content-pos-content'><div class='avia-arrow'><\/div><h3 class='av-masonry-entry-title entry-title '  itemprop=\"headline\" >Matchrapport 25.10 Dicken vs GrIFK<\/h3><div class='av-masonry-entry-content entry-content'  itemprop=\"text\" >Efter en tuff kamp i Britas mot Dicken tar vi till slut tv\u00e5\u2026<div class='av-masonry-categories'>Kausi-2025-26,Otteluraportit-2025-226,Ottelut-2025-26,Uutiset<\/div><\/div><span class='av-masonry-date meta-color updated'>28.10.2025<\/span><span class=\"av-masonry-text-sep text-sep-author\">\/<\/span><span class='av-masonry-author meta-color author'><span class='fn'>by Ellen<\/span><\/span><\/div><\/div><\/figcaption><\/figure><\/a><!--end av-masonry entry--><a href=\"https:\/\/grifk-handball.com\/naiset\/kausi-2025-26\/ottelut-2025-26\/otteluraportti-25-10-dicken-vs-grifk\/\"  id='av-masonry-1-item-13519' data-av-masonry-item='13519' class='av-masonry-entry isotope-item post-13519 post type-post status-publish format-standard has-post-thumbnail hentry category-kausi-2025-26 category-otteluraportit-2025-226 category-ottelut-2025-26 category-uutiset tag-aktialiga tag-aktialiiga tag-alva-eskelin tag-damernas-aktialiga tag-grifkdamer tag-grifkhandball tag-naisten-aktialiiga tag-otteluraportti  av-masonry-item-with-image' title=\"GB7A4460\"   itemscope=\"itemscope\" itemtype=\"https:\/\/schema.org\/CreativeWork\" ><div class='av-inner-masonry-sizer'><\/div><figure class='av-inner-masonry main_color'><div class=\"av-masonry-outerimage-container\"><div class='av-masonry-image-container' style=\"background-image: url(https:\/\/grifk-handball.com\/naiset\/wp-content\/uploads\/sites\/3\/2025\/10\/GB7A4460-705x470.jpg);\"  title=\"GB7A4460\" ><\/div><\/div><figcaption class='av-inner-masonry-content site-background'><div class='av-inner-masonry-content-pos'><div class='av-inner-masonry-content-pos-content'><div class='avia-arrow'><\/div><h3 class='av-masonry-entry-title entry-title '  itemprop=\"headline\" >Otteluraportti 25.10 Dicken vs GrIFK<\/h3><div class='av-masonry-entry-content entry-content'  itemprop=\"text\" >Tiukan taistelun j\u00e4lkeen Dickeni\u00e4 vastaan otimme lopulta kaksi\u2026<div class='av-masonry-categories'>Kausi-2025-26,Otteluraportit-2025-226,Ottelut-2025-26,Uutiset<\/div><\/div><span class='av-masonry-date meta-color updated'>28.10.2025<\/span><span class=\"av-masonry-text-sep text-sep-author\">\/<\/span><span class='av-masonry-author meta-color author'><span class='fn'>by Ellen<\/span><\/span><\/div><\/div><\/figcaption><\/figure><\/a><!--end av-masonry entry--><a href=\"https:\/\/grifk-handball.com\/naiset\/kausi-2025-26\/ottelut-2025-26\/matchrapport-11-10-sif-vs-grifk\/\"  id='av-masonry-1-item-13475' data-av-masonry-item='13475' class='av-masonry-entry isotope-item post-13475 post type-post status-publish format-standard has-post-thumbnail hentry category-kausi-2025-26 category-otteluraportit-2025-226 category-ottelut-2025-26 category-uutiset tag-aktialiga tag-aktialiiga tag-cecilia-heinrichs tag-damernas-aktialiga tag-grifkdamer tag-grifkhandball tag-naisten-aktialiiga tag-matchrapport  av-masonry-item-with-image' title=\"GB7A4550\"   itemscope=\"itemscope\" itemtype=\"https:\/\/schema.org\/CreativeWork\" ><div class='av-inner-masonry-sizer'><\/div><figure class='av-inner-masonry main_color'><div class=\"av-masonry-outerimage-container\"><div class='av-masonry-image-container' style=\"background-image: url(https:\/\/grifk-handball.com\/naiset\/wp-content\/uploads\/sites\/3\/2025\/10\/GB7A4550-705x470.jpg);\"  title=\"GB7A4550\" ><\/div><\/div><figcaption class='av-inner-masonry-content site-background'><div class='av-inner-masonry-content-pos'><div class='av-inner-masonry-content-pos-content'><div class='avia-arrow'><\/div><h3 class='av-masonry-entry-title entry-title '  itemprop=\"headline\" >Matchrapport 11.10 SIF vs GrIFK<\/h3><div class='av-masonry-entry-content entry-content'  itemprop=\"text\" >P\u00e5 l\u00f6rdagen spelade vi en stabil bortamatch mot SIF och tog\u2026<div class='av-masonry-categories'>Kausi-2025-26,Otteluraportit-2025-226,Ottelut-2025-26,Uutiset<\/div><\/div><span class='av-masonry-date meta-color updated'>15.10.2025<\/span><span class=\"av-masonry-text-sep text-sep-author\">\/<\/span><span class='av-masonry-author meta-color author'><span class='fn'>by Ellen<\/span><\/span><\/div><\/div><\/figcaption><\/figure><\/a><!--end av-masonry entry--><a href=\"https:\/\/grifk-handball.com\/naiset\/kausi-2025-26\/ottelut-2025-26\/otteluraportti-11-10-sif-vs-grifk\/\"  id='av-masonry-1-item-13481' data-av-masonry-item='13481' class='av-masonry-entry isotope-item post-13481 post type-post status-publish format-standard has-post-thumbnail hentry category-kausi-2025-26 category-otteluraportit-2025-226 category-ottelut-2025-26 category-uutiset tag-aktialiga tag-aktialiiga tag-cecilia-heinrichs tag-damernas-aktialiga tag-grifkdamer tag-grifkhandball tag-naisten-aktialiiga tag-otteluraportti  av-masonry-item-with-image' title=\"GB7A4550\"   itemscope=\"itemscope\" itemtype=\"https:\/\/schema.org\/CreativeWork\" ><div class='av-inner-masonry-sizer'><\/div><figure class='av-inner-masonry main_color'><div class=\"av-masonry-outerimage-container\"><div class='av-masonry-image-container' style=\"background-image: url(https:\/\/grifk-handball.com\/naiset\/wp-content\/uploads\/sites\/3\/2025\/10\/GB7A4550-705x470.jpg);\"  title=\"GB7A4550\" ><\/div><\/div><figcaption class='av-inner-masonry-content site-background'><div class='av-inner-masonry-content-pos'><div class='av-inner-masonry-content-pos-content'><div class='avia-arrow'><\/div><h3 class='av-masonry-entry-title entry-title '  itemprop=\"headline\" >Otteluraportti 11.10 SIF vs GrIFK<\/h3><div class='av-masonry-entry-content entry-content'  itemprop=\"text\" >Viime lauantain vierasottelu SIF:i\u00e4 vastaan p\u00e4\u00e4ttyi meid\u00e4n\u2026<div class='av-masonry-categories'>Kausi-2025-26,Otteluraportit-2025-226,Ottelut-2025-26,Uutiset<\/div><\/div><span class='av-masonry-date meta-color updated'>15.10.2025<\/span><span class=\"av-masonry-text-sep text-sep-author\">\/<\/span><span class='av-masonry-author meta-color author'><span class='fn'>by Ellen<\/span><\/span><\/div><\/div><\/figcaption><\/figure><\/a><!--end av-masonry entry--><a href=\"https:\/\/grifk-handball.com\/naiset\/kausi-2025-26\/ottelut-2025-26\/matchrapport-4-10-grifk-vs-cocks\/\"  id='av-masonry-1-item-13449' data-av-masonry-item='13449' class='av-masonry-entry isotope-item post-13449 post type-post status-publish format-standard has-post-thumbnail hentry category-kausi-2025-26 category-otteluraportit-2025-226 category-ottelut-2025-26 category-uutiset tag-aktialiga tag-aktialiiga tag-damernas-aktialiga tag-grifkdamer tag-grifkhandball tag-isabellarsson tag-naisten-aktialiiga tag-matchrapport  av-masonry-item-with-image' title=\"GB7A4469\"   itemscope=\"itemscope\" itemtype=\"https:\/\/schema.org\/CreativeWork\" ><div class='av-inner-masonry-sizer'><\/div><figure class='av-inner-masonry main_color'><div class=\"av-masonry-outerimage-container\"><div class='av-masonry-image-container' style=\"background-image: url(https:\/\/grifk-handball.com\/naiset\/wp-content\/uploads\/sites\/3\/2025\/10\/GB7A4469-705x470.jpg);\"  title=\"GB7A4469\" ><\/div><\/div><figcaption class='av-inner-masonry-content site-background'><div class='av-inner-masonry-content-pos'><div class='av-inner-masonry-content-pos-content'><div class='avia-arrow'><\/div><h3 class='av-masonry-entry-title entry-title '  itemprop=\"headline\" >Matchrapport 4.10 GrIFK vs Cocks<\/h3><div class='av-masonry-entry-content entry-content'  itemprop=\"text\" >Vi b\u00f6rjar matchen helt okej med ett stabilt f\u00f6rsvar. Sedan\u2026<div class='av-masonry-categories'>Kausi-2025-26,Otteluraportit-2025-226,Ottelut-2025-26,Uutiset<\/div><\/div><span class='av-masonry-date meta-color updated'>7.10.2025<\/span><span class=\"av-masonry-text-sep text-sep-author\">\/<\/span><span class='av-masonry-author meta-color author'><span class='fn'>by Ellen<\/span><\/span><\/div><\/div><\/figcaption><\/figure><\/a><!--end av-masonry entry--><a href=\"https:\/\/grifk-handball.com\/naiset\/kausi-2025-26\/ottelut-2025-26\/otteluraportti-4-10-grifk-vs-cocks\/\"  id='av-masonry-1-item-13451' data-av-masonry-item='13451' class='av-masonry-entry isotope-item post-13451 post type-post status-publish format-standard has-post-thumbnail hentry category-kausi-2025-26 category-otteluraportit-2025-226 category-ottelut-2025-26 category-uutiset tag-aktialiga tag-aktialiiga tag-damernas-aktialiga tag-grifkdamer tag-grifkhandball tag-isabellarsson tag-naisten-aktialiiga tag-otteluraportti  av-masonry-item-with-image' title=\"GB7A4469\"   itemscope=\"itemscope\" itemtype=\"https:\/\/schema.org\/CreativeWork\" ><div class='av-inner-masonry-sizer'><\/div><figure class='av-inner-masonry main_color'><div class=\"av-masonry-outerimage-container\"><div class='av-masonry-image-container' style=\"background-image: url(https:\/\/grifk-handball.com\/naiset\/wp-content\/uploads\/sites\/3\/2025\/10\/GB7A4469-705x470.jpg);\"  title=\"GB7A4469\" ><\/div><\/div><figcaption class='av-inner-masonry-content site-background'><div class='av-inner-masonry-content-pos'><div class='av-inner-masonry-content-pos-content'><div class='avia-arrow'><\/div><h3 class='av-masonry-entry-title entry-title '  itemprop=\"headline\" >Otteluraportti 4.10 GrIFK vs Cocks<\/h3><div class='av-masonry-entry-content entry-content'  itemprop=\"text\" >Vahva puolustus antaa meille hyv\u00e4n alun otteluun. Teemme muutamia\u2026<div class='av-masonry-categories'>Kausi-2025-26,Otteluraportit-2025-226,Ottelut-2025-26,Uutiset<\/div><\/div><span class='av-masonry-date meta-color updated'>7.10.2025<\/span><span class=\"av-masonry-text-sep text-sep-author\">\/<\/span><span class='av-masonry-author meta-color author'><span class='fn'>by Ellen<\/span><\/span><\/div><\/div><\/figcaption><\/figure><\/a><!--end av-masonry entry--><a href=\"https:\/\/grifk-handball.com\/naiset\/kausi-2025-26\/ottelut-2025-26\/matchrapport-1-10-atlas-vs-grifk\/\"  id='av-masonry-1-item-13420' data-av-masonry-item='13420' class='av-masonry-entry isotope-item post-13420 post type-post status-publish format-standard has-post-thumbnail hentry category-kausi-2025-26 category-otteluraportit-2025-226 category-ottelut-2025-26 category-uutiset tag-aktialiga tag-aktialiiga tag-damernas-aktialiga tag-grifkdamer tag-grifkhandball tag-louiseheinonen tag-naisten-aktialiiga tag-matchrapport  av-masonry-item-with-image' title=\"Atlas raportti\"   itemscope=\"itemscope\" itemtype=\"https:\/\/schema.org\/CreativeWork\" ><div class='av-inner-masonry-sizer'><\/div><figure class='av-inner-masonry main_color'><div class=\"av-masonry-outerimage-container\"><div class='av-masonry-image-container' style=\"background-image: url(https:\/\/grifk-handball.com\/naiset\/wp-content\/uploads\/sites\/3\/2025\/10\/Atlas-raportti-705x470.png);\"  title=\"Atlas raportti\" ><\/div><\/div><figcaption class='av-inner-masonry-content site-background'><div class='av-inner-masonry-content-pos'><div class='av-inner-masonry-content-pos-content'><div class='avia-arrow'><\/div><h3 class='av-masonry-entry-title entry-title '  itemprop=\"headline\" >Matchrapport 1.10 Atlas vs GrIFK<\/h3><div class='av-masonry-entry-content entry-content'  itemprop=\"text\" >Det blev en riktigt rolig match i Myrbacka. Atlas spelade som\u2026<div class='av-masonry-categories'>Kausi-2025-26,Otteluraportit-2025-226,Ottelut-2025-26,Uutiset<\/div><\/div><span class='av-masonry-date meta-color updated'>2.10.2025<\/span><span class=\"av-masonry-text-sep text-sep-author\">\/<\/span><span class='av-masonry-author meta-color author'><span class='fn'>by Ellen<\/span><\/span><\/div><\/div><\/figcaption><\/figure><\/a><!--end av-masonry entry--><a href=\"https:\/\/grifk-handball.com\/naiset\/kausi-2025-26\/ottelut-2025-26\/otteluraportti-1-10-atlas-vs-grifk\/\"  id='av-masonry-1-item-13416' data-av-masonry-item='13416' class='av-masonry-entry isotope-item post-13416 post type-post status-publish format-standard has-post-thumbnail hentry category-kausi-2025-26 category-otteluraportit-2025-226 category-ottelut-2025-26 category-uutiset tag-aktialiga tag-aktialiiga tag-damernas-aktialiga tag-grifkdamer tag-grifkhandball tag-louiseheinonen tag-naisten-aktialiiga tag-otteluraportti  av-masonry-item-with-image' title=\"Atlas raportti\"   itemscope=\"itemscope\" itemtype=\"https:\/\/schema.org\/CreativeWork\" ><div class='av-inner-masonry-sizer'><\/div><figure class='av-inner-masonry main_color'><div class=\"av-masonry-outerimage-container\"><div class='av-masonry-image-container' style=\"background-image: url(https:\/\/grifk-handball.com\/naiset\/wp-content\/uploads\/sites\/3\/2025\/10\/Atlas-raportti-705x470.png);\"  title=\"Atlas raportti\" ><\/div><\/div><figcaption class='av-inner-masonry-content site-background'><div class='av-inner-masonry-content-pos'><div class='av-inner-masonry-content-pos-content'><div class='avia-arrow'><\/div><h3 class='av-masonry-entry-title entry-title '  itemprop=\"headline\" >Otteluraportti 1.10 Atlas vs GrIFK<\/h3><div class='av-masonry-entry-content entry-content'  itemprop=\"text\" >Myyrm\u00e4ess\u00e4 pelattiin eilen todella hauska ottelu. Atlas tuli\u2026<div class='av-masonry-categories'>Kausi-2025-26,Otteluraportit-2025-226,Ottelut-2025-26,Uutiset<\/div><\/div><span class='av-masonry-date meta-color updated'>2.10.2025<\/span><span class=\"av-masonry-text-sep text-sep-author\">\/<\/span><span class='av-masonry-author meta-color author'><span class='fn'>by Ellen<\/span><\/span><\/div><\/div><\/figcaption><\/figure><\/a><!--end av-masonry entry--><a href=\"https:\/\/grifk-handball.com\/naiset\/kausi-2025-26\/ottelut-2025-26\/matchrapport-27-9-grifk-vs-bk-46\/\"  id='av-masonry-1-item-13365' data-av-masonry-item='13365' class='av-masonry-entry isotope-item post-13365 post type-post status-publish format-standard has-post-thumbnail hentry category-kausi-2025-26 category-otteluraportit-2025-226 category-ottelut-2025-26 category-uutiset tag-aktialiga tag-aktialiiga tag-damernas-aktialiga tag-grifkdamer tag-grifkhandball tag-johannasvanback tag-naisten-aktialiiga tag-matchrapport  av-masonry-item-with-image' title=\"Johannan raportti\"   itemscope=\"itemscope\" itemtype=\"https:\/\/schema.org\/CreativeWork\" ><div class='av-inner-masonry-sizer'><\/div><figure class='av-inner-masonry main_color'><div class=\"av-masonry-outerimage-container\"><div class='av-masonry-image-container' style=\"background-image: url(https:\/\/grifk-handball.com\/naiset\/wp-content\/uploads\/sites\/3\/2025\/09\/Johannan-raportti-705x470.png);\"  title=\"Johannan raportti\" ><\/div><\/div><figcaption class='av-inner-masonry-content site-background'><div class='av-inner-masonry-content-pos'><div class='av-inner-masonry-content-pos-content'><div class='avia-arrow'><\/div><h3 class='av-masonry-entry-title entry-title '  itemprop=\"headline\" >Matchrapport 27.9 GrIFK vs BK-46<\/h3><div class='av-masonry-entry-content entry-content'  itemprop=\"text\" >Tyv\u00e4rr blev det en f\u00f6rlust i l\u00f6rdagens match mot BK-46. Vi\u2026<div class='av-masonry-categories'>Kausi-2025-26,Otteluraportit-2025-226,Ottelut-2025-26,Uutiset<\/div><\/div><span class='av-masonry-date meta-color updated'>29.9.2025<\/span><span class=\"av-masonry-text-sep text-sep-author\">\/<\/span><span class='av-masonry-author meta-color author'><span class='fn'>by Ellen<\/span><\/span><\/div><\/div><\/figcaption><\/figure><\/a><!--end av-masonry entry--><a href=\"https:\/\/grifk-handball.com\/naiset\/kausi-2025-26\/ottelut-2025-26\/otteluraportti-27-9-grifk-vs-bk-46\/\"  id='av-masonry-1-item-13369' data-av-masonry-item='13369' class='av-masonry-entry isotope-item post-13369 post type-post status-publish format-standard has-post-thumbnail hentry category-kausi-2025-26 category-otteluraportit-2025-226 category-ottelut-2025-26 category-uutiset tag-aktialiga tag-aktialiiga tag-damernas-aktialiga tag-grifkdamer tag-grifkhandball tag-johannasvanback tag-naisten-aktialiiga tag-otteluraportti  av-masonry-item-with-image' title=\"Johannan raportti\"   itemscope=\"itemscope\" itemtype=\"https:\/\/schema.org\/CreativeWork\" ><div class='av-inner-masonry-sizer'><\/div><figure class='av-inner-masonry main_color'><div class=\"av-masonry-outerimage-container\"><div class='av-masonry-image-container' style=\"background-image: url(https:\/\/grifk-handball.com\/naiset\/wp-content\/uploads\/sites\/3\/2025\/09\/Johannan-raportti-705x470.png);\"  title=\"Johannan raportti\" ><\/div><\/div><figcaption class='av-inner-masonry-content site-background'><div class='av-inner-masonry-content-pos'><div class='av-inner-masonry-content-pos-content'><div class='avia-arrow'><\/div><h3 class='av-masonry-entry-title entry-title '  itemprop=\"headline\" >Otteluraportti 27.9 GrIFK vs BK-46<\/h3><div class='av-masonry-entry-content entry-content'  itemprop=\"text\" >Lauantain kohtaaminen BK-46:n kanssa oli meille vaikea ja p\u00e4\u00e4ttyi\u2026<div class='av-masonry-categories'>Kausi-2025-26,Otteluraportit-2025-226,Ottelut-2025-26,Uutiset<\/div><\/div><span class='av-masonry-date meta-color updated'>29.9.2025<\/span><span class=\"av-masonry-text-sep text-sep-author\">\/<\/span><span class='av-masonry-author meta-color author'><span class='fn'>by Ellen<\/span><\/span><\/div><\/div><\/figcaption><\/figure><\/a><!--end av-masonry entry--><a href=\"https:\/\/grifk-handball.com\/naiset\/kausi-2025-26\/ottelut-2025-26\/otteluraportti-13-9-hifk-vs-grifk\/\"  id='av-masonry-1-item-13300' data-av-masonry-item='13300' class='av-masonry-entry isotope-item post-13300 post type-post status-publish format-standard has-post-thumbnail hentry category-kausi-2025-26 category-otteluraportit-2025-226 category-ottelut-2025-26 category-uutiset tag-aktialiga tag-aktialiiga tag-damernas-aktialiga tag-grifkdamer tag-grifkhandball tag-naisten-aktialiiga tag-otteluraportti  av-masonry-item-with-image' title=\"Lillis otteluraportti\"   itemscope=\"itemscope\" itemtype=\"https:\/\/schema.org\/CreativeWork\" ><div class='av-inner-masonry-sizer'><\/div><figure class='av-inner-masonry main_color'><div class=\"av-masonry-outerimage-container\"><div class='av-masonry-image-container' style=\"background-image: url(https:\/\/grifk-handball.com\/naiset\/wp-content\/uploads\/sites\/3\/2025\/09\/Lillis-otteluraportti-705x470.png);\"  title=\"Lillis otteluraportti\" ><\/div><\/div><figcaption class='av-inner-masonry-content site-background'><div class='av-inner-masonry-content-pos'><div class='av-inner-masonry-content-pos-content'><div class='avia-arrow'><\/div><h3 class='av-masonry-entry-title entry-title '  itemprop=\"headline\" >Otteluraportti 13.9 HIFK vs GrIFK<\/h3><div class='av-masonry-entry-content entry-content'  itemprop=\"text\" >Ennen ottelua puhuimme paljon tiiviin ja aggressiivisen puolustuksen\u2026<div class='av-masonry-categories'>Kausi-2025-26,Otteluraportit-2025-226,Ottelut-2025-26,Uutiset<\/div><\/div><span class='av-masonry-date meta-color updated'>17.9.2025<\/span><span class=\"av-masonry-text-sep text-sep-author\">\/<\/span><span class='av-masonry-author meta-color author'><span class='fn'>by Ellen<\/span><\/span><\/div><\/div><\/figcaption><\/figure><\/a><!--end av-masonry entry--><a href=\"https:\/\/grifk-handball.com\/naiset\/kausi-2025-26\/ottelut-2025-26\/matchrapport-13-9-hifk-vs-grifk\/\"  id='av-masonry-1-item-13296' data-av-masonry-item='13296' class='av-masonry-entry isotope-item post-13296 post type-post status-publish format-standard has-post-thumbnail hentry category-kausi-2025-26 category-otteluraportit-2025-226 category-ottelut-2025-26 category-uutiset tag-aktialiga tag-aktialiiga tag-damernas-aktialiga tag-grifkdamer tag-grifkhandball tag-naisten-aktialiiga tag-matchrapport  av-masonry-item-with-image' title=\"Lillis otteluraportti\"   itemscope=\"itemscope\" itemtype=\"https:\/\/schema.org\/CreativeWork\" ><div class='av-inner-masonry-sizer'><\/div><figure class='av-inner-masonry main_color'><div class=\"av-masonry-outerimage-container\"><div class='av-masonry-image-container' style=\"background-image: url(https:\/\/grifk-handball.com\/naiset\/wp-content\/uploads\/sites\/3\/2025\/09\/Lillis-otteluraportti-705x470.png);\"  title=\"Lillis otteluraportti\" ><\/div><\/div><figcaption class='av-inner-masonry-content site-background'><div class='av-inner-masonry-content-pos'><div class='av-inner-masonry-content-pos-content'><div class='avia-arrow'><\/div><h3 class='av-masonry-entry-title entry-title '  itemprop=\"headline\" >Matchrapport 13.9 HIFK vs GrIFK<\/h3><div class='av-masonry-entry-content entry-content'  itemprop=\"text\" >Innan matchen pratade vi mycket om f\u00f6rsvaret \u2013 att h\u00e5lla\u2026<div class='av-masonry-categories'>Kausi-2025-26,Otteluraportit-2025-226,Ottelut-2025-26,Uutiset<\/div><\/div><span class='av-masonry-date meta-color updated'>17.9.2025<\/span><span class=\"av-masonry-text-sep text-sep-author\">\/<\/span><span class='av-masonry-author meta-color author'><span class='fn'>by Ellen<\/span><\/span><\/div><\/div><\/figcaption><\/figure><\/a><!--end av-masonry entry--><a href=\"https:\/\/grifk-handball.com\/naiset\/kausi-2025-26\/ottelut-2025-26\/otteluraportti-6-9-grifk-vs-dicken\/\"  id='av-masonry-1-item-13265' data-av-masonry-item='13265' class='av-masonry-entry isotope-item post-13265 post type-post status-publish format-standard has-post-thumbnail hentry category-kausi-2025-26 category-otteluraportit-2025-226 category-ottelut-2025-26 category-uutiset tag-aktialiga tag-aktialiiga tag-damernas-aktialiga tag-grifkdamer tag-grifkhandball tag-naisten-aktialiiga tag-otteluraportti  av-masonry-item-with-image' title=\"GB7A1021\"   itemscope=\"itemscope\" itemtype=\"https:\/\/schema.org\/CreativeWork\" ><div class='av-inner-masonry-sizer'><\/div><figure class='av-inner-masonry main_color'><div class=\"av-masonry-outerimage-container\"><div class='av-masonry-image-container' style=\"background-image: url(https:\/\/grifk-handball.com\/naiset\/wp-content\/uploads\/sites\/3\/2025\/09\/GB7A1021-705x470.jpg);\"  title=\"GB7A1021\" ><\/div><\/div><figcaption class='av-inner-masonry-content site-background'><div class='av-inner-masonry-content-pos'><div class='av-inner-masonry-content-pos-content'><div class='avia-arrow'><\/div><h3 class='av-masonry-entry-title entry-title '  itemprop=\"headline\" >Otteluraportti 6.9 GrIFK vs Dicken<\/h3><div class='av-masonry-entry-content entry-content'  itemprop=\"text\" >Hienoa aloittaa kausi vakuuttavalla voitolla!<br \/>\r\n<br \/>\r\nOttelun alku\u2026<div class='av-masonry-categories'>Kausi-2025-26,Otteluraportit-2025-226,Ottelut-2025-26,Uutiset<\/div><\/div><span class='av-masonry-date meta-color updated'>9.9.2025<\/span><span class=\"av-masonry-text-sep text-sep-author\">\/<\/span><span class='av-masonry-author meta-color author'><span class='fn'>by Ellen<\/span><\/span><\/div><\/div><\/figcaption><\/figure><\/a><!--end av-masonry entry--><a href=\"https:\/\/grifk-handball.com\/naiset\/kausi-2025-26\/ottelut-2025-26\/matchrapport-6-9-grifk-vs-dicken\/\"  id='av-masonry-1-item-13260' data-av-masonry-item='13260' class='av-masonry-entry isotope-item post-13260 post type-post status-publish format-standard has-post-thumbnail hentry category-kausi-2025-26 category-otteluraportit-2025-226 category-ottelut-2025-26 category-uutiset tag-aktialiga tag-aktialiiga tag-damernas-aktialiga tag-grifkdamer tag-grifkhandball tag-naisten-aktialiiga tag-matchrapport  av-masonry-item-with-image' title=\"GB7A1021\"   itemscope=\"itemscope\" itemtype=\"https:\/\/schema.org\/CreativeWork\" ><div class='av-inner-masonry-sizer'><\/div><figure class='av-inner-masonry main_color'><div class=\"av-masonry-outerimage-container\"><div class='av-masonry-image-container' style=\"background-image: url(https:\/\/grifk-handball.com\/naiset\/wp-content\/uploads\/sites\/3\/2025\/09\/GB7A1021-705x470.jpg);\"  title=\"GB7A1021\" ><\/div><\/div><figcaption class='av-inner-masonry-content site-background'><div class='av-inner-masonry-content-pos'><div class='av-inner-masonry-content-pos-content'><div class='avia-arrow'><\/div><h3 class='av-masonry-entry-title entry-title '  itemprop=\"headline\" >Matchrapport 6.9 GrIFK vs Dicken<\/h3><div class='av-masonry-entry-content entry-content'  itemprop=\"text\" >Vad roligt att f\u00e5 b\u00f6rja s\u00e4songen med vinst!<br \/>\r\n<br \/>\r\nB\u00f6rjan av\u2026<div class='av-masonry-categories'>Kausi-2025-26,Otteluraportit-2025-226,Ottelut-2025-26,Uutiset<\/div><\/div><span class='av-masonry-date meta-color updated'>9.9.2025<\/span><span class=\"av-masonry-text-sep text-sep-author\">\/<\/span><span class='av-masonry-author meta-color author'><span class='fn'>by Ellen<\/span><\/span><\/div><\/div><\/figcaption><\/figure><\/a><!--end av-masonry entry--><\/div><\/div><\/p><\/div><div  class='flex_column av-9dfg7y-6a25d7b1bb38fca235c3f2cdfad22991 av_one_full  avia-builder-el-5  el_after_av_one_full  el_before_av_one_full  first flex_column_div  column-top-margin'     ><p>\n<style type=\"text\/css\" data-created_by=\"avia_inline_auto\" id=\"style-css-av-81ip66-b51c38c094e668734870dbda9afa18b2\">\n#top .av-special-heading.av-81ip66-b51c38c094e668734870dbda9afa18b2{\npadding-bottom:10px;\n}\nbody .av-special-heading.av-81ip66-b51c38c094e668734870dbda9afa18b2 .av-special-heading-tag .heading-char{\nfont-size:25px;\n}\n.av-special-heading.av-81ip66-b51c38c094e668734870dbda9afa18b2 .av-subheading{\nfont-size:15px;\n}\n<\/style>\n<div  class='av-special-heading av-81ip66-b51c38c094e668734870dbda9afa18b2 av-special-heading-h3  avia-builder-el-6  el_before_av_masonry_entries  avia-builder-el-no-sibling '><h3 class='av-special-heading-tag '  itemprop=\"headline\"  >Kausi 2024-25<\/h3><div class=\"special-heading-border\"><div class=\"special-heading-inner-border\"><\/div><\/div><\/div><br \/>\n\n<style type=\"text\/css\" data-created_by=\"avia_inline_auto\" id=\"style-css-av-5o1xa6-3379d27200b77e9ab872a5ba79ec754b\">\n#top .av-masonry.av-5o1xa6-3379d27200b77e9ab872a5ba79ec754b{\nbackground-color:#ffffff;\n}\n<\/style>\n<div id='av-masonry-2' class='av-masonry av-5o1xa6-3379d27200b77e9ab872a5ba79ec754b noHover av-fixed-size av-large-gap av-hover-overlay- av-masonry-animation-active av-masonry-col-2 av-caption-always av-caption-style- av-masonry-entries av-orientation-square ' data-post_id=\"1454\"><div class=\"av-masonry-container isotope av-js-disabled\"><div class='av-masonry-entry isotope-item av-masonry-item-no-image '><\/div><a href=\"https:\/\/grifk-handball.com\/naiset\/kausi-2024-25\/ottelut-2024-25\/9-11-atlas-grifk-30-33\/\"  id='av-masonry-2-item-12546' data-av-masonry-item='12546' class='av-masonry-entry isotope-item post-12546 post type-post status-publish format-standard has-post-thumbnail hentry category-ottelut-2024-25 tag-aktialiga tag-aktialiiga tag-damernas-aktialiga tag-grifkdamer tag-grifkhandball tag-naisten-aktialiiga tag-atlas tag-runkosarja  av-masonry-item-with-image' title=\"A7305183-Fo\u0308rba\u0308ttrat-BR\"   itemscope=\"itemscope\" itemtype=\"https:\/\/schema.org\/CreativeWork\" ><div class='av-inner-masonry-sizer'><\/div><figure class='av-inner-masonry main_color'><div class=\"av-masonry-outerimage-container\"><div class='av-masonry-image-container' style=\"background-image: url(https:\/\/grifk-handball.com\/naiset\/wp-content\/uploads\/sites\/3\/2024\/11\/A7305183-Forbattrat-BR-scaled-e1731698622794-705x420.jpg);\"  title=\"A7305183-Fo\u0308rba\u0308ttrat-BR\" ><\/div><\/div><figcaption class='av-inner-masonry-content site-background'><div class='av-inner-masonry-content-pos'><div class='av-inner-masonry-content-pos-content'><div class='avia-arrow'><\/div><h3 class='av-masonry-entry-title entry-title '  itemprop=\"headline\" >9.11. Atlas &#8211; GrIFK 30-33<\/h3><div class='av-masonry-entry-content entry-content'  itemprop=\"text\" >Valmentajan kommentit GrIFK<br \/>\r\nPatrik Johanson: Sk\u00f6nt med 2 po\u00e4ng.\u2026<div class='av-masonry-categories'>Ottelut-2024-25<\/div><\/div><span class='av-masonry-date meta-color updated'>15.11.2024<\/span><span class=\"av-masonry-text-sep text-sep-author\">\/<\/span><span class='av-masonry-author meta-color author'><span class='fn'>by irajessica<\/span><\/span><\/div><\/div><\/figcaption><\/figure><\/a><!--end av-masonry entry--><a href=\"https:\/\/grifk-handball.com\/naiset\/kausi-2024-25\/ottelut-2024-25\/2-11-grifk-sif-34-21\/\"  id='av-masonry-2-item-12528' data-av-masonry-item='12528' class='av-masonry-entry isotope-item post-12528 post type-post status-publish format-standard has-post-thumbnail hentry category-ottelut-2024-25  av-masonry-item-with-image' title=\"_B7A7900\"   itemscope=\"itemscope\" itemtype=\"https:\/\/schema.org\/CreativeWork\" ><div class='av-inner-masonry-sizer'><\/div><figure class='av-inner-masonry main_color'><div class=\"av-masonry-outerimage-container\"><div class='av-masonry-image-container' style=\"background-image: url(https:\/\/grifk-handball.com\/naiset\/wp-content\/uploads\/sites\/3\/2024\/11\/B7A7900-705x470.jpg);\"  title=\"_B7A7900\" ><\/div><\/div><figcaption class='av-inner-masonry-content site-background'><div class='av-inner-masonry-content-pos'><div class='av-inner-masonry-content-pos-content'><div class='avia-arrow'><\/div><h3 class='av-masonry-entry-title entry-title '  itemprop=\"headline\" >2.11. GrIFK &#8211; SIF 34-21<\/h3><div class='av-masonry-entry-content entry-content'  itemprop=\"text\" >Valmentajan kommentit GrIFK<br \/>\r\nPatrik Johanson: Bra med 2 po\u00e4ng!\u2026<div class='av-masonry-categories'>Ottelut-2024-25<\/div><\/div><span class='av-masonry-date meta-color updated'>3.11.2024<\/span><span class=\"av-masonry-text-sep text-sep-author\">\/<\/span><span class='av-masonry-author meta-color author'><span class='fn'>by irajessica<\/span><\/span><\/div><\/div><\/figcaption><\/figure><\/a><!--end av-masonry entry--><a href=\"https:\/\/grifk-handball.com\/naiset\/kausi-2024-25\/ottelut-2024-25\/19-10-dicken-grifk-26-33\/\"  id='av-masonry-2-item-12539' data-av-masonry-item='12539' class='av-masonry-entry isotope-item post-12539 post type-post status-publish format-standard has-post-thumbnail hentry category-ottelut-2024-25  av-masonry-item-with-image' title=\"_B7A6144\"   itemscope=\"itemscope\" itemtype=\"https:\/\/schema.org\/CreativeWork\" ><div class='av-inner-masonry-sizer'><\/div><figure class='av-inner-masonry main_color'><div class=\"av-masonry-outerimage-container\"><div class='av-masonry-image-container' style=\"background-image: url(https:\/\/grifk-handball.com\/naiset\/wp-content\/uploads\/sites\/3\/2024\/11\/B7A6144-705x470.jpg);\"  title=\"_B7A6144\" ><\/div><\/div><figcaption class='av-inner-masonry-content site-background'><div class='av-inner-masonry-content-pos'><div class='av-inner-masonry-content-pos-content'><div class='avia-arrow'><\/div><h3 class='av-masonry-entry-title entry-title '  itemprop=\"headline\" >19.10 Dicken &#8211; GrIFK 26-33<\/h3><div class='av-masonry-entry-content entry-content'  itemprop=\"text\" >Valmentajan kommentit GrIFK<br \/>\r\n<br \/>\r\nPatrik Johanson: Sk\u00f6nt med 2\u2026<div class='av-masonry-categories'>Ottelut-2024-25<\/div><\/div><span class='av-masonry-date meta-color updated'>20.10.2024<\/span><span class=\"av-masonry-text-sep text-sep-author\">\/<\/span><span class='av-masonry-author meta-color author'><span class='fn'>by irajessica<\/span><\/span><\/div><\/div><\/figcaption><\/figure><\/a><!--end av-masonry entry--><a href=\"https:\/\/grifk-handball.com\/naiset\/kausi-2024-25\/ottelut-2024-25\/11-10-grifk-hifk-26-25\/\"  id='av-masonry-2-item-12521' data-av-masonry-item='12521' class='av-masonry-entry isotope-item post-12521 post type-post status-publish format-standard has-post-thumbnail hentry category-ottelut-2024-25 tag-aktialiga tag-aktialiiga tag-damernas-aktialiga tag-grifkdamer tag-grifkhandball tag-johanna-hilli tag-naisten-aktialiiga  av-masonry-item-with-image' title=\"_B7A6183\"   itemscope=\"itemscope\" itemtype=\"https:\/\/schema.org\/CreativeWork\" ><div class='av-inner-masonry-sizer'><\/div><figure class='av-inner-masonry main_color'><div class=\"av-masonry-outerimage-container\"><div class='av-masonry-image-container' style=\"background-image: url(https:\/\/grifk-handball.com\/naiset\/wp-content\/uploads\/sites\/3\/2024\/11\/B7A6183-705x470.jpg);\"  title=\"_B7A6183\" ><\/div><\/div><figcaption class='av-inner-masonry-content site-background'><div class='av-inner-masonry-content-pos'><div class='av-inner-masonry-content-pos-content'><div class='avia-arrow'><\/div><h3 class='av-masonry-entry-title entry-title '  itemprop=\"headline\" >11.10. GrIFK &#8211; HIFK 26-25<\/h3><div class='av-masonry-entry-content entry-content'  itemprop=\"text\" >Valmentajan kommentit GrIFK<br \/>\r\nPatrik Johanson: Glad med tv\u00e5 po\u00e4ng\u2026<div class='av-masonry-categories'>Ottelut-2024-25<\/div><\/div><span class='av-masonry-date meta-color updated'>12.10.2024<\/span><span class=\"av-masonry-text-sep text-sep-author\">\/<\/span><span class='av-masonry-author meta-color author'><span class='fn'>by irajessica<\/span><\/span><\/div><\/div><\/figcaption><\/figure><\/a><!--end av-masonry entry--><a href=\"https:\/\/grifk-handball.com\/naiset\/kausi-2024-25\/ottelut-2024-25\/nsm-vinst-i-sasongens-forsta-match-11-9-atlas-grifk-30-37\/\"  id='av-masonry-2-item-12261' data-av-masonry-item='12261' class='av-masonry-entry isotope-item post-12261 post type-post status-publish format-standard has-post-thumbnail hentry category-ottelut-2024-25 tag-aktialiiga tag-grifkdamer tag-grifkhandball tag-sm-runkosarja tag-atlas tag-sm-sarja  av-masonry-item-with-image' title=\"WhatsApp Image 2024-09-12 at 14.22.12\"   itemscope=\"itemscope\" itemtype=\"https:\/\/schema.org\/CreativeWork\" ><div class='av-inner-masonry-sizer'><\/div><figure class='av-inner-masonry main_color'><div class=\"av-masonry-outerimage-container\"><div class='av-masonry-image-container' style=\"background-image: url(https:\/\/grifk-handball.com\/naiset\/wp-content\/uploads\/sites\/3\/2024\/09\/WhatsApp-Image-2024-09-12-at-14.22.12-705x470.jpeg);\"  title=\"WhatsApp Image 2024-09-12 at 14.22.12\" ><\/div><\/div><figcaption class='av-inner-masonry-content site-background'><div class='av-inner-masonry-content-pos'><div class='av-inner-masonry-content-pos-content'><div class='avia-arrow'><\/div><h3 class='av-masonry-entry-title entry-title '  itemprop=\"headline\" >Vinst i s\u00e4songens f\u00f6rsta match 11.9 Atlas &#8211; GrIFK 30-37<\/h3><div class='av-masonry-entry-content entry-content'  itemprop=\"text\" >Matchen som helhet var en klassisk s\u00e4songsstartsmatch. Vi gjorde\u2026<div class='av-masonry-categories'>Ottelut-2024-25<\/div><\/div><span class='av-masonry-date meta-color updated'>12.9.2024<\/span><span class=\"av-masonry-text-sep text-sep-author\">\/<\/span><span class='av-masonry-author meta-color author'><span class='fn'>by irajessica<\/span><\/span><\/div><\/div><\/figcaption><\/figure><\/a><!--end av-masonry entry--><a href=\"https:\/\/grifk-handball.com\/naiset\/kausi-2024-25\/ennakot-2024-25\/sasongens-forsta-match-11-9-kl-19-00-atlas-grifk\/\"  id='av-masonry-2-item-12153' data-av-masonry-item='12153' class='av-masonry-entry isotope-item post-12153 post type-post status-publish format-standard has-post-thumbnail hentry category-ennakot-2024-25 category-kausi-2024-25 category-ottelut-2024-25 tag-damernas-aktialiga tag-grifkdamer tag-grifkhandball tag-naisten-aktialiiga  av-masonry-item-with-image' title=\"WhatsApp Image 2024-09-10 at 23.18.22\"   itemscope=\"itemscope\" itemtype=\"https:\/\/schema.org\/CreativeWork\" ><div class='av-inner-masonry-sizer'><\/div><figure class='av-inner-masonry main_color'><div class=\"av-masonry-outerimage-container\"><div class='av-masonry-image-container' style=\"background-image: url(https:\/\/grifk-handball.com\/naiset\/wp-content\/uploads\/sites\/3\/2024\/09\/WhatsApp-Image-2024-09-10-at-23.18.22-705x428.jpeg);\"  title=\"WhatsApp Image 2024-09-10 at 23.18.22\" ><\/div><\/div><figcaption class='av-inner-masonry-content site-background'><div class='av-inner-masonry-content-pos'><div class='av-inner-masonry-content-pos-content'><div class='avia-arrow'><\/div><h3 class='av-masonry-entry-title entry-title '  itemprop=\"headline\" >S\u00e4songens f\u00f6rsta match 11.9 kl. 19.00: Atlas &#8211; GrIFK<\/h3><div class='av-masonry-entry-content entry-content'  itemprop=\"text\" >Superroligt att s\u00e4songen \u00e4ntligen drar ig\u00e5ng! <br \/>\r\n<br \/>\r\nVi har redan\u2026<div class='av-masonry-categories'>Ennakot-2024-25,Kausi-2024-25,Ottelut-2024-25<\/div><\/div><span class='av-masonry-date meta-color updated'>11.9.2024<\/span><span class=\"av-masonry-text-sep text-sep-author\">\/<\/span><span class='av-masonry-author meta-color author'><span class='fn'>by irajessica<\/span><\/span><\/div><\/div><\/figcaption><\/figure><\/a><!--end av-masonry entry--><\/div><\/div><\/p><\/div><div  class='flex_column av-av_one_full-048119fdb636ea3d70edc0b975509c6c av_one_full  avia-builder-el-8  el_after_av_one_full  el_before_av_one_full  first flex_column_div  column-top-margin'     ><p>\n<style type=\"text\/css\" data-created_by=\"avia_inline_auto\" id=\"style-css-av-av_heading-fd76481b32be4dfcb17f6dc8985b9a8a\">\n#top .av-special-heading.av-av_heading-fd76481b32be4dfcb17f6dc8985b9a8a{\npadding-bottom:10px;\n}\nbody .av-special-heading.av-av_heading-fd76481b32be4dfcb17f6dc8985b9a8a .av-special-heading-tag .heading-char{\nfont-size:25px;\n}\n.av-special-heading.av-av_heading-fd76481b32be4dfcb17f6dc8985b9a8a .av-subheading{\nfont-size:15px;\n}\n<\/style>\n<div  class='av-special-heading av-av_heading-fd76481b32be4dfcb17f6dc8985b9a8a av-special-heading-h3  avia-builder-el-9  el_before_av_masonry_entries  avia-builder-el-no-sibling '><h3 class='av-special-heading-tag '  itemprop=\"headline\"  >Kausi 2023-24<\/h3><div class=\"special-heading-border\"><div class=\"special-heading-inner-border\"><\/div><\/div><\/div><br \/>\n\n<style type=\"text\/css\" data-created_by=\"avia_inline_auto\" id=\"style-css-av-av_masonry_entries-88fbfe0fbf3bb015ed074d07d87f987f\">\n#top .av-masonry.av-av_masonry_entries-88fbfe0fbf3bb015ed074d07d87f987f{\nbackground-color:#ffffff;\n}\n<\/style>\n<div id='av-masonry-3' class='av-masonry av-av_masonry_entries-88fbfe0fbf3bb015ed074d07d87f987f noHover av-fixed-size av-large-gap av-hover-overlay- av-masonry-animation-active av-masonry-col-3 av-caption-always av-caption-style- av-masonry-entries av-orientation-square ' data-post_id=\"1454\"><div class=\"av-masonry-container isotope av-js-disabled\"><div class='av-masonry-entry isotope-item av-masonry-item-no-image '><\/div><a href=\"https:\/\/grifk-handball.com\/naiset\/kausi-2023-2024\/ottelut-2023-24\/nsm-final-5-26-4-hifk-grifk-23-29\/\"  id='av-masonry-3-item-11951' data-av-masonry-item='11951' class='av-masonry-entry isotope-item post-11951 post type-post status-publish format-standard has-post-thumbnail hentry category-ottelut-2023-24 tag-coachanka tag-coachbianca tag-coachcarre tag-coachpava tag-fm-final tag-fm-guld tag-grifkdamer tag-grifkhandball tag-playoff tag-vispelarforgrankulla tag-hifk tag-nsm  av-masonry-item-with-image' title=\"_B7A9661\"   itemscope=\"itemscope\" itemtype=\"https:\/\/schema.org\/CreativeWork\" ><div class='av-inner-masonry-sizer'><\/div><figure class='av-inner-masonry main_color'><div class=\"av-masonry-outerimage-container\"><div class='av-masonry-image-container' style=\"background-image: url(https:\/\/grifk-handball.com\/naiset\/wp-content\/uploads\/sites\/3\/2024\/04\/B7A9661-e1714405478859-705x340.jpg);\"  title=\"_B7A9661\" ><\/div><\/div><figcaption class='av-inner-masonry-content site-background'><div class='av-inner-masonry-content-pos'><div class='av-inner-masonry-content-pos-content'><div class='avia-arrow'><\/div><h3 class='av-masonry-entry-title entry-title '  itemprop=\"headline\" >NSM final 5, 26.4.: HIFK \u2013 GrIFK 23-29<\/h3><div class='av-masonry-entry-content entry-content'  itemprop=\"text\" >M\u00e4stare f\u00f6r andra \u00e5ret i rad, GULD!!!<br \/>\r\n<br \/>\r\nDet h\u00e4r \u00e5rets finalserie\u2026<div class='av-masonry-categories'>Ottelut-2023-24<\/div><\/div><span class='av-masonry-date meta-color updated'>29.4.2024<\/span><span class=\"av-masonry-text-sep text-sep-author\">\/<\/span><span class='av-masonry-author meta-color author'><span class='fn'>by irajessica<\/span><\/span><\/div><\/div><\/figcaption><\/figure><\/a><!--end av-masonry entry--><a href=\"https:\/\/grifk-handball.com\/naiset\/kausi-2023-2024\/ottelut-2023-24\/nsm-final-4-22-4-grifk-hifk-25-20\/\"  id='av-masonry-3-item-11916' data-av-masonry-item='11916' class='av-masonry-entry isotope-item post-11916 post type-post status-publish format-standard has-post-thumbnail hentry category-ottelut-2023-24 tag-coachanka tag-coachbianca tag-coachcarre tag-coachpava tag-fm-final tag-grifkdamer tag-grifkhandball tag-johanna-hilli tag-playoff tag-vispelarforgrankulla tag-hifk tag-nsm  av-masonry-item-with-image' title=\"_B7A5688\"   itemscope=\"itemscope\" itemtype=\"https:\/\/schema.org\/CreativeWork\" ><div class='av-inner-masonry-sizer'><\/div><figure class='av-inner-masonry main_color'><div class=\"av-masonry-outerimage-container\"><div class='av-masonry-image-container' style=\"background-image: url(https:\/\/grifk-handball.com\/naiset\/wp-content\/uploads\/sites\/3\/2024\/04\/B7A5688-e1713892060703-705x474.jpg);\"  title=\"_B7A5688\" ><\/div><\/div><figcaption class='av-inner-masonry-content site-background'><div class='av-inner-masonry-content-pos'><div class='av-inner-masonry-content-pos-content'><div class='avia-arrow'><\/div><h3 class='av-masonry-entry-title entry-title '  itemprop=\"headline\" >NSM final 4, 22.4.: GrIFK \u2013 HIFK 25-20<\/h3><div class='av-masonry-entry-content entry-content'  itemprop=\"text\" >Vinst i fj\u00e4rde finalen och finalserien utj\u00e4mnas till 2-2!<br \/>\r\n<br \/>\r\nVi\u2026<div class='av-masonry-categories'>Ottelut-2023-24<\/div><\/div><span class='av-masonry-date meta-color updated'>23.4.2024<\/span><span class=\"av-masonry-text-sep text-sep-author\">\/<\/span><span class='av-masonry-author meta-color author'><span class='fn'>by irajessica<\/span><\/span><\/div><\/div><\/figcaption><\/figure><\/a><!--end av-masonry entry--><a href=\"https:\/\/grifk-handball.com\/naiset\/kausi-2023-2024\/ottelut-2023-24\/nsm-final-3-20-4-hifk-grifk-20-28\/\"  id='av-masonry-3-item-11882' data-av-masonry-item='11882' class='av-masonry-entry isotope-item post-11882 post type-post status-publish format-standard has-post-thumbnail hentry category-ottelut-2023-24 tag-coachanka tag-coachbianca tag-coachcarre tag-coachpava tag-corinna-jensen tag-fanny-reinikainen tag-fm-final tag-grifkdamer tag-grifkhandball tag-playoff tag-vispelarforgrankulla tag-hifk tag-nsm  av-masonry-item-with-image' title=\"_B7A8810\"   itemscope=\"itemscope\" itemtype=\"https:\/\/schema.org\/CreativeWork\" ><div class='av-inner-masonry-sizer'><\/div><figure class='av-inner-masonry main_color'><div class=\"av-masonry-outerimage-container\"><div class='av-masonry-image-container' style=\"background-image: url(https:\/\/grifk-handball.com\/naiset\/wp-content\/uploads\/sites\/3\/2024\/04\/B7A8810-e1713697098541-705x427.jpg);\"  title=\"_B7A8810\" ><\/div><\/div><figcaption class='av-inner-masonry-content site-background'><div class='av-inner-masonry-content-pos'><div class='av-inner-masonry-content-pos-content'><div class='avia-arrow'><\/div><h3 class='av-masonry-entry-title entry-title '  itemprop=\"headline\" >NSM final 3, 20.4.: HIFK \u2013 GrIFK 20-28<\/h3><div class='av-masonry-entry-content entry-content'  itemprop=\"text\" >Vinst i tredje finalen och finalserien utj\u00e4mnas till 2-1!\u00a0<br \/>\r\n<br \/>\r\nVi\u2026<div class='av-masonry-categories'>Ottelut-2023-24<\/div><\/div><span class='av-masonry-date meta-color updated'>21.4.2024<\/span><span class=\"av-masonry-text-sep text-sep-author\">\/<\/span><span class='av-masonry-author meta-color author'><span class='fn'>by irajessica<\/span><\/span><\/div><\/div><\/figcaption><\/figure><\/a><!--end av-masonry entry--><a href=\"https:\/\/grifk-handball.com\/naiset\/kausi-2023-2024\/ottelut-2023-24\/nsm-play-off-2-17-4-grifk-hifk-27-29\/\"  id='av-masonry-3-item-11869' data-av-masonry-item='11869' class='av-masonry-entry isotope-item post-11869 post type-post status-publish format-standard has-post-thumbnail hentry category-ottelut-2023-24 tag-coachanka tag-coachbianca tag-coachcarre tag-coachpava tag-fm-final tag-grifkdamer tag-grifkhandball tag-playoff tag-vispelarforgrankulla tag-hifk tag-nsm  av-masonry-item-with-image' title=\"_B7A5564\"   itemscope=\"itemscope\" itemtype=\"https:\/\/schema.org\/CreativeWork\" ><div class='av-inner-masonry-sizer'><\/div><figure class='av-inner-masonry main_color'><div class=\"av-masonry-outerimage-container\"><div class='av-masonry-image-container' style=\"background-image: url(https:\/\/grifk-handball.com\/naiset\/wp-content\/uploads\/sites\/3\/2024\/04\/B7A5564-705x470.jpg);\"  title=\"_B7A5564\" ><\/div><\/div><figcaption class='av-inner-masonry-content site-background'><div class='av-inner-masonry-content-pos'><div class='av-inner-masonry-content-pos-content'><div class='avia-arrow'><\/div><h3 class='av-masonry-entry-title entry-title '  itemprop=\"headline\" >NSM final 2, 17.4.: GrIFK \u2013 HIFK ja. 27\u201329, 26\u201326<\/h3><div class='av-masonry-entry-content entry-content'  itemprop=\"text\" >Final nr. 2 i Grottan var en thriller<br \/>\r\n<br \/>\r\nOnsdagens andra final\u2026<div class='av-masonry-categories'>Ottelut-2023-24<\/div><\/div><span class='av-masonry-date meta-color updated'>18.4.2024<\/span><span class=\"av-masonry-text-sep text-sep-author\">\/<\/span><span class='av-masonry-author meta-color author'><span class='fn'>by irajessica<\/span><\/span><\/div><\/div><\/figcaption><\/figure><\/a><!--end av-masonry entry--><a href=\"https:\/\/grifk-handball.com\/naiset\/kausi-2023-2024\/ottelut-2023-24\/nsm-play-off-1-15-4-hifk-grifk-26-23-12-11\/\"  id='av-masonry-3-item-11855' data-av-masonry-item='11855' class='av-masonry-entry isotope-item post-11855 post type-post status-publish format-standard has-post-thumbnail hentry category-ottelut-2023-24 tag-coachanka tag-coachbianca tag-coachcarre tag-coachpava tag-fm-final tag-grifkdamer tag-grifkhandball tag-playoff tag-vispelarforgrankulla tag-hifk tag-nsm  av-masonry-item-with-image' title=\"_B7A8051\"   itemscope=\"itemscope\" itemtype=\"https:\/\/schema.org\/CreativeWork\" ><div class='av-inner-masonry-sizer'><\/div><figure class='av-inner-masonry main_color'><div class=\"av-masonry-outerimage-container\"><div class='av-masonry-image-container' style=\"background-image: url(https:\/\/grifk-handball.com\/naiset\/wp-content\/uploads\/sites\/3\/2024\/04\/B7A8051-705x470.jpg);\"  title=\"_B7A8051\" ><\/div><\/div><figcaption class='av-inner-masonry-content site-background'><div class='av-inner-masonry-content-pos'><div class='av-inner-masonry-content-pos-content'><div class='avia-arrow'><\/div><h3 class='av-masonry-entry-title entry-title '  itemprop=\"headline\" >NSM final 1, 15.4.: HIFK \u2013 GrIFK 26-23 (12-11)<\/h3><div class='av-masonry-entry-content entry-content'  itemprop=\"text\" >I f\u00f6rsta finalen fick vi se h\u00e5rda tag och lite nerv\u00f6s handboll,\u2026<div class='av-masonry-categories'>Ottelut-2023-24<\/div><\/div><span class='av-masonry-date meta-color updated'>16.4.2024<\/span><span class=\"av-masonry-text-sep text-sep-author\">\/<\/span><span class='av-masonry-author meta-color author'><span class='fn'>by irajessica<\/span><\/span><\/div><\/div><\/figcaption><\/figure><\/a><!--end av-masonry entry--><a href=\"https:\/\/grifk-handball.com\/naiset\/uutiset\/wbshl-historiskt-masterskap-till-grankulla\/\"  id='av-masonry-3-item-11810' data-av-masonry-item='11810' class='av-masonry-entry isotope-item post-11810 post type-post status-publish format-standard has-post-thumbnail hentry category-ottelut-2023-24 category-uutiset tag-coachcarre tag-coachpava tag-grifkdamer tag-grifkhandball tag-vispelarforgrankulla tag-wbshl tag-womens-baltic-sea-handball-league  av-masonry-item-with-image' title=\"IMG_2768\"   itemscope=\"itemscope\" itemtype=\"https:\/\/schema.org\/CreativeWork\" ><div class='av-inner-masonry-sizer'><\/div><figure class='av-inner-masonry main_color'><div class=\"av-masonry-outerimage-container\"><div class='av-masonry-image-container' style=\"background-image: url(https:\/\/grifk-handball.com\/naiset\/wp-content\/uploads\/sites\/3\/2024\/03\/IMG_2768-scaled-e1711482228932-705x432.jpg);\"  title=\"IMG_2768\" ><\/div><\/div><figcaption class='av-inner-masonry-content site-background'><div class='av-inner-masonry-content-pos'><div class='av-inner-masonry-content-pos-content'><div class='avia-arrow'><\/div><h3 class='av-masonry-entry-title entry-title '  itemprop=\"headline\" >WBSHL: Historiskt m\u00e4sterskap till Grankulla<\/h3><div class='av-masonry-entry-content entry-content'  itemprop=\"text\" >GrIFK damer vann damernas baltiska liga i helgen.<br \/>\r\n<br \/>\r\nWomen\u2019s\u2026<div class='av-masonry-categories'>Ottelut-2023-24,Uutiset<\/div><\/div><span class='av-masonry-date meta-color updated'>26.3.2024<\/span><span class=\"av-masonry-text-sep text-sep-author\">\/<\/span><span class='av-masonry-author meta-color author'><span class='fn'>by irajessica<\/span><\/span><\/div><\/div><\/figcaption><\/figure><\/a><!--end av-masonry entry--><a href=\"https:\/\/grifk-handball.com\/naiset\/kausi-2023-2024\/ottelut-2023-24\/nsm-semi-4-16-3-dicken-grifk-26-33\/\"  id='av-masonry-3-item-11801' data-av-masonry-item='11801' class='av-masonry-entry isotope-item post-11801 post type-post status-publish format-standard has-post-thumbnail hentry category-ottelut-2023-24 tag-coachanka tag-coachcarre tag-coachpava tag-grifkdamer tag-grifkhandball tag-playoff tag-semifinal tag-vispelarforgrankulla tag-dicken tag-nsm  av-masonry-item-with-image' title=\"_B7A2722\"   itemscope=\"itemscope\" itemtype=\"https:\/\/schema.org\/CreativeWork\" ><div class='av-inner-masonry-sizer'><\/div><figure class='av-inner-masonry main_color'><div class=\"av-masonry-outerimage-container\"><div class='av-masonry-image-container' style=\"background-image: url(https:\/\/grifk-handball.com\/naiset\/wp-content\/uploads\/sites\/3\/2024\/03\/B7A2722-e1710786885904-705x441.jpg);\"  title=\"_B7A2722\" ><\/div><\/div><figcaption class='av-inner-masonry-content site-background'><div class='av-inner-masonry-content-pos'><div class='av-inner-masonry-content-pos-content'><div class='avia-arrow'><\/div><h3 class='av-masonry-entry-title entry-title '  itemprop=\"headline\" >NSM semi 4, 16.3.: Dicken &#8211; GrIFK 26-33<\/h3><div class='av-masonry-entry-content entry-content'  itemprop=\"text\" >GrIFK vidare till final!<br \/>\r\n<br \/>\r\nL\u00f6rdagens fj\u00e4rde drabbning mellan\u2026<div class='av-masonry-categories'>Ottelut-2023-24<\/div><\/div><span class='av-masonry-date meta-color updated'>18.3.2024<\/span><span class=\"av-masonry-text-sep text-sep-author\">\/<\/span><span class='av-masonry-author meta-color author'><span class='fn'>by irajessica<\/span><\/span><\/div><\/div><\/figcaption><\/figure><\/a><!--end av-masonry entry--><a href=\"https:\/\/grifk-handball.com\/naiset\/uutiset\/nsm-semi-3-13-3-grifk-dicken-26-19\/\"  id='av-masonry-3-item-11786' data-av-masonry-item='11786' class='av-masonry-entry isotope-item post-11786 post type-post status-publish format-standard has-post-thumbnail hentry category-ottelut-2023-24 category-uutiset tag-coachanka tag-coachcarre tag-coachpava tag-grifkdamer tag-grifkhandball tag-playoff tag-semifinal tag-vispelarforgrankulla tag-dicken tag-nsm  av-masonry-item-with-image' title=\"_B7A5674\"   itemscope=\"itemscope\" itemtype=\"https:\/\/schema.org\/CreativeWork\" ><div class='av-inner-masonry-sizer'><\/div><figure class='av-inner-masonry main_color'><div class=\"av-masonry-outerimage-container\"><div class='av-masonry-image-container' style=\"background-image: url(https:\/\/grifk-handball.com\/naiset\/wp-content\/uploads\/sites\/3\/2024\/03\/B7A5674-705x470.jpg);\"  title=\"_B7A5674\" ><\/div><\/div><figcaption class='av-inner-masonry-content site-background'><div class='av-inner-masonry-content-pos'><div class='av-inner-masonry-content-pos-content'><div class='avia-arrow'><\/div><h3 class='av-masonry-entry-title entry-title '  itemprop=\"headline\" >NSM semi 3, 13.3.: GrIFK &#8211; Dicken 26-19<\/h3><div class='av-masonry-entry-content entry-content'  itemprop=\"text\" >Vinst i tredje semifinalen!<br \/>\r\n<br \/>\r\nDet var tv\u00e5 v\u00e4ldigt fokuserade\u2026<div class='av-masonry-categories'>Ottelut-2023-24,Uutiset<\/div><\/div><span class='av-masonry-date meta-color updated'>14.3.2024<\/span><span class=\"av-masonry-text-sep text-sep-author\">\/<\/span><span class='av-masonry-author meta-color author'><span class='fn'>by irajessica<\/span><\/span><\/div><\/div><\/figcaption><\/figure><\/a><!--end av-masonry entry--><a href=\"https:\/\/grifk-handball.com\/naiset\/kausi-2023-2024\/ottelut-2023-24\/nsm-semi-2-10-3-dicken-grifk-26-19\/\"  id='av-masonry-3-item-11772' data-av-masonry-item='11772' class='av-masonry-entry isotope-item post-11772 post type-post status-publish format-standard has-post-thumbnail hentry category-ottelut-2023-24 tag-coachanka tag-coachcarre tag-coachpava tag-grifkdamer tag-grifkhandball tag-playoff tag-semifinal tag-stellabruncrona tag-vispelarforgrankulla tag-dicken tag-nsm  av-masonry-item-with-image' title=\"_B7A4939\"   itemscope=\"itemscope\" itemtype=\"https:\/\/schema.org\/CreativeWork\" ><div class='av-inner-masonry-sizer'><\/div><figure class='av-inner-masonry main_color'><div class=\"av-masonry-outerimage-container\"><div class='av-masonry-image-container' style=\"background-image: url(https:\/\/grifk-handball.com\/naiset\/wp-content\/uploads\/sites\/3\/2024\/03\/B7A4939-705x470.jpg);\"  title=\"_B7A4939\" ><\/div><\/div><figcaption class='av-inner-masonry-content site-background'><div class='av-inner-masonry-content-pos'><div class='av-inner-masonry-content-pos-content'><div class='avia-arrow'><\/div><h3 class='av-masonry-entry-title entry-title '  itemprop=\"headline\" >NSM semi 2, 10.3.: Dicken \u2013 GrIFK 26-19<\/h3><div class='av-masonry-entry-content entry-content'  itemprop=\"text\" >F\u00f6rlust blev det. Vi gjorde inte de saker vi hade kommit \u00f6verens\u2026<div class='av-masonry-categories'>Ottelut-2023-24<\/div><\/div><span class='av-masonry-date meta-color updated'>11.3.2024<\/span><span class=\"av-masonry-text-sep text-sep-author\">\/<\/span><span class='av-masonry-author meta-color author'><span class='fn'>by irajessica<\/span><\/span><\/div><\/div><\/figcaption><\/figure><\/a><!--end av-masonry entry--><a href=\"https:\/\/grifk-handball.com\/naiset\/kausi-2023-2024\/ottelut-2023-24\/nsm-semi-1-8-3-grifk-dicken-28-26\/\"  id='av-masonry-3-item-11750' data-av-masonry-item='11750' class='av-masonry-entry isotope-item post-11750 post type-post status-publish format-standard has-post-thumbnail hentry category-ottelut-2023-24 tag-coachanka tag-coachcarre tag-coachpava tag-grifkdamer tag-grifkhandball tag-irina-jolkkonen tag-playoff tag-semifinal tag-vispelarforgrankulla tag-dicken tag-nsm  av-masonry-item-with-image' title=\"_B7A2968\"   itemscope=\"itemscope\" itemtype=\"https:\/\/schema.org\/CreativeWork\" ><div class='av-inner-masonry-sizer'><\/div><figure class='av-inner-masonry main_color'><div class=\"av-masonry-outerimage-container\"><div class='av-masonry-image-container' style=\"background-image: url(https:\/\/grifk-handball.com\/naiset\/wp-content\/uploads\/sites\/3\/2024\/03\/B7A2968-e1709966937920-705x477.jpg);\"  title=\"_B7A2968\" ><\/div><\/div><figcaption class='av-inner-masonry-content site-background'><div class='av-inner-masonry-content-pos'><div class='av-inner-masonry-content-pos-content'><div class='avia-arrow'><\/div><h3 class='av-masonry-entry-title entry-title '  itemprop=\"headline\" >NSM semi 1, 8.3.: GrIFK \u2013 Dicken 28-26<\/h3><div class='av-masonry-entry-content entry-content'  itemprop=\"text\" >\u00c5rets f\u00f6rsta semifinal \u00e4r spelad. Det blev en riktig nagelbitare\u2026<div class='av-masonry-categories'>Ottelut-2023-24<\/div><\/div><span class='av-masonry-date meta-color updated'>9.3.2024<\/span><span class=\"av-masonry-text-sep text-sep-author\">\/<\/span><span class='av-masonry-author meta-color author'><span class='fn'>by irajessica<\/span><\/span><\/div><\/div><\/figcaption><\/figure><\/a><!--end av-masonry entry--><a href=\"https:\/\/grifk-handball.com\/naiset\/kausi-2023-2024\/ottelut-2023-24\/nsm-17-2-hifk-grifk-32-19\/\"  id='av-masonry-3-item-11721' data-av-masonry-item='11721' class='av-masonry-entry isotope-item post-11721 post type-post status-publish format-standard has-post-thumbnail hentry category-ottelut-2023-24 tag-coachcarre tag-coachpava tag-grifkdamer tag-louise-heinonen tag-otteluraportti tag-sm-runkosarja tag-vispelarforgrankulla tag-hifk tag-nsm  av-masonry-item-with-image' title=\"WhatsApp Image 2024-02-17 at 15.46.25\"   itemscope=\"itemscope\" itemtype=\"https:\/\/schema.org\/CreativeWork\" ><div class='av-inner-masonry-sizer'><\/div><figure class='av-inner-masonry main_color'><div class=\"av-masonry-outerimage-container\"><div class='av-masonry-image-container' style=\"background-image: url(https:\/\/grifk-handball.com\/naiset\/wp-content\/uploads\/sites\/3\/2024\/02\/WhatsApp-Image-2024-02-17-at-15.46.25-e1708326104377-705x481.jpeg);\"  title=\"WhatsApp Image 2024-02-17 at 15.46.25\" ><\/div><\/div><figcaption class='av-inner-masonry-content site-background'><div class='av-inner-masonry-content-pos'><div class='av-inner-masonry-content-pos-content'><div class='avia-arrow'><\/div><h3 class='av-masonry-entry-title entry-title '  itemprop=\"headline\" >NSM 17.2. HIFK &#8211; GrIFK 32-19<\/h3><div class='av-masonry-entry-content entry-content'  itemprop=\"text\" >Vi b\u00f6rjar matchen med en mindre bra period som pr\u00e4glas av tekniska\u2026<div class='av-masonry-categories'>Ottelut-2023-24<\/div><\/div><span class='av-masonry-date meta-color updated'>19.2.2024<\/span><span class=\"av-masonry-text-sep text-sep-author\">\/<\/span><span class='av-masonry-author meta-color author'><span class='fn'>by irajessica<\/span><\/span><\/div><\/div><\/figcaption><\/figure><\/a><!--end av-masonry entry--><a href=\"https:\/\/grifk-handball.com\/naiset\/kausi-2023-2024\/ottelut-2023-24\/nsc-2-valiera-9-2-bk-46-hifk-23-29-9-16\/\"  id='av-masonry-3-item-11685' data-av-masonry-item='11685' class='av-masonry-entry isotope-item post-11685 post type-post status-publish format-standard has-post-thumbnail hentry category-ottelut-2023-24 tag-coachcarre tag-coachpava tag-naisten-suomen-cup tag-nsc tag-otteluraportti tag-suomencup tag-vispelarforgrankulla tag-bk-46 tag-hifk  av-masonry-item-with-image' title=\"Ska\u0308rmavbild 2024-02-10 kl. 11.05.52\"   itemscope=\"itemscope\" itemtype=\"https:\/\/schema.org\/CreativeWork\" ><div class='av-inner-masonry-sizer'><\/div><figure class='av-inner-masonry main_color'><div class=\"av-masonry-outerimage-container\"><div class='av-masonry-image-container' style=\"background-image: url(https:\/\/grifk-handball.com\/naiset\/wp-content\/uploads\/sites\/3\/2024\/02\/Skarmavbild-2024-02-10-kl.-11.05.52-705x475.png);\"  title=\"Ska\u0308rmavbild 2024-02-10 kl. 11.05.52\" ><\/div><\/div><figcaption class='av-inner-masonry-content site-background'><div class='av-inner-masonry-content-pos'><div class='av-inner-masonry-content-pos-content'><div class='avia-arrow'><\/div><h3 class='av-masonry-entry-title entry-title '  itemprop=\"headline\" >NSC 2. v\u00e4lier\u00e4 9.2.: BK-46 \u2013 HIFK 23-29 (9-16)<\/h3><div class='av-masonry-entry-content entry-content'  itemprop=\"text\" >I kv\u00e4llens andra semifinal vann HIFK \u00f6ver BK-46 med 23\u201329\u2026<div class='av-masonry-categories'>Ottelut-2023-24<\/div><\/div><span class='av-masonry-date meta-color updated'>10.2.2024<\/span><span class=\"av-masonry-text-sep text-sep-author\">\/<\/span><span class='av-masonry-author meta-color author'><span class='fn'>by irajessica<\/span><\/span><\/div><\/div><\/figcaption><\/figure><\/a><!--end av-masonry entry--><a href=\"https:\/\/grifk-handball.com\/naiset\/kausi-2023-2024\/ottelut-2023-24\/nsc-1-semifinal-9-2-dicken-grifk-32-34-16-15\/\"  id='av-masonry-3-item-11689' data-av-masonry-item='11689' class='av-masonry-entry isotope-item post-11689 post type-post status-publish format-standard has-post-thumbnail hentry category-ottelut-2023-24 tag-coachcarre tag-coachpava tag-grifkdamer tag-naisten-suomen-cup tag-nsc tag-otteluraportti tag-suomencup tag-vispelarforgrankulla tag-dicken  av-masonry-item-with-image' title=\"Ska\u0308rmavbild 2024-02-10 kl. 08.45.49\"   itemscope=\"itemscope\" itemtype=\"https:\/\/schema.org\/CreativeWork\" ><div class='av-inner-masonry-sizer'><\/div><figure class='av-inner-masonry main_color'><div class=\"av-masonry-outerimage-container\"><div class='av-masonry-image-container' style=\"background-image: url(https:\/\/grifk-handball.com\/naiset\/wp-content\/uploads\/sites\/3\/2024\/02\/Skarmavbild-2024-02-10-kl.-08.45.49-705x439.png);\"  title=\"Ska\u0308rmavbild 2024-02-10 kl. 08.45.49\" ><\/div><\/div><figcaption class='av-inner-masonry-content site-background'><div class='av-inner-masonry-content-pos'><div class='av-inner-masonry-content-pos-content'><div class='avia-arrow'><\/div><h3 class='av-masonry-entry-title entry-title '  itemprop=\"headline\" >NSC 1. semifinal 9.2: Dicken \u2013 GrIFK 32-34 (16\u201315)<\/h3><div class='av-masonry-entry-content entry-content'  itemprop=\"text\" >Efter en n\u00e5got svajig men \u00f6verlag j\u00e4mn match vinner GrIFK\u2026<div class='av-masonry-categories'>Ottelut-2023-24<\/div><\/div><span class='av-masonry-date meta-color updated'>10.2.2024<\/span><span class=\"av-masonry-text-sep text-sep-author\">\/<\/span><span class='av-masonry-author meta-color author'><span class='fn'>by irajessica<\/span><\/span><\/div><\/div><\/figcaption><\/figure><\/a><!--end av-masonry entry--><a href=\"https:\/\/grifk-handball.com\/naiset\/kausi-2023-2024\/ottelut-2023-24\/nsm-31-1-grifk-dicken-31-29\/\"  id='av-masonry-3-item-11614' data-av-masonry-item='11614' class='av-masonry-entry isotope-item post-11614 post type-post status-publish format-standard has-post-thumbnail hentry category-ottelut-2023-24 tag-alexandra-olsson tag-coachcarre tag-coachpava tag-grifkdamer tag-otteluraportti tag-sm-runkosarja tag-vispelarforgrankulla tag-dicken tag-nsm  av-masonry-item-with-image' title=\"Ska\u0308rmavbild 2024-02-05 kl. 19.50.20\"   itemscope=\"itemscope\" itemtype=\"https:\/\/schema.org\/CreativeWork\" ><div class='av-inner-masonry-sizer'><\/div><figure class='av-inner-masonry main_color'><div class=\"av-masonry-outerimage-container\"><div class='av-masonry-image-container' style=\"background-image: url(https:\/\/grifk-handball.com\/naiset\/wp-content\/uploads\/sites\/3\/2024\/02\/Skarmavbild-2024-02-05-kl.-19.50.20-538x705.png);\"  title=\"Ska\u0308rmavbild 2024-02-05 kl. 19.50.20\" ><\/div><\/div><figcaption class='av-inner-masonry-content site-background'><div class='av-inner-masonry-content-pos'><div class='av-inner-masonry-content-pos-content'><div class='avia-arrow'><\/div><h3 class='av-masonry-entry-title entry-title '  itemprop=\"headline\" >NSM 31.1. GrIFK \u2013 Dicken 31-29<\/h3><div class='av-masonry-entry-content entry-content'  itemprop=\"text\" >Vi s\u00e4krar andra plats i serien efter en j\u00e4mn och sp\u00e4nnande\u2026<div class='av-masonry-categories'>Ottelut-2023-24<\/div><\/div><span class='av-masonry-date meta-color updated'>2.2.2024<\/span><span class=\"av-masonry-text-sep text-sep-author\">\/<\/span><span class='av-masonry-author meta-color author'><span class='fn'>by irajessica<\/span><\/span><\/div><\/div><\/figcaption><\/figure><\/a><!--end av-masonry entry--><a href=\"https:\/\/grifk-handball.com\/naiset\/kausi-2023-2024\/ottelut-2023-24\/wbshl-27-1-grifk-mistra-est-38-21\/\"  id='av-masonry-3-item-11591' data-av-masonry-item='11591' class='av-masonry-entry isotope-item post-11591 post type-post status-publish format-standard has-post-thumbnail hentry category-ottelut-2023-24 tag-grifkdamer tag-otteluraportti tag-unni-laaksonen tag-mistra tag-wbshl tag-womens-baltic-sea-handball-league  av-masonry-item-with-image' title=\"Ska\u0308rmavbild 2024-01-30 kl. 08.51.16\"   itemscope=\"itemscope\" itemtype=\"https:\/\/schema.org\/CreativeWork\" ><div class='av-inner-masonry-sizer'><\/div><figure class='av-inner-masonry main_color'><div class=\"av-masonry-outerimage-container\"><div class='av-masonry-image-container' style=\"background-image: url(https:\/\/grifk-handball.com\/naiset\/wp-content\/uploads\/sites\/3\/2024\/01\/Skarmavbild-2024-01-30-kl.-08.51.16-705x604.png);\"  title=\"Ska\u0308rmavbild 2024-01-30 kl. 08.51.16\" ><\/div><\/div><figcaption class='av-inner-masonry-content site-background'><div class='av-inner-masonry-content-pos'><div class='av-inner-masonry-content-pos-content'><div class='avia-arrow'><\/div><h3 class='av-masonry-entry-title entry-title '  itemprop=\"headline\" >WBSHL 27.1.: GrIFK \u2013 Mistra, EST 38-21<\/h3><div class='av-masonry-entry-content entry-content'  itemprop=\"text\" >Fj\u00e4rde vinsten i Baltiska ligan!<br \/>\r\n<br \/>\r\nVi spelade hela f\u00f6rsta\u2026<div class='av-masonry-categories'>Ottelut-2023-24<\/div><\/div><span class='av-masonry-date meta-color updated'>28.1.2024<\/span><span class=\"av-masonry-text-sep text-sep-author\">\/<\/span><span class='av-masonry-author meta-color author'><span class='fn'>by irajessica<\/span><\/span><\/div><\/div><\/figcaption><\/figure><\/a><!--end av-masonry entry--><a href=\"https:\/\/grifk-handball.com\/naiset\/kausi-2023-2024\/ottelut-2023-24\/nsm-24-1-sif-grifk-26-32\/\"  id='av-masonry-3-item-11569' data-av-masonry-item='11569' class='av-masonry-entry isotope-item post-11569 post type-post status-publish format-standard has-post-thumbnail hentry category-ottelut-2023-24 tag-annika-mustonen tag-coachcarre tag-coachpava tag-grifkdamer tag-otteluraportti tag-sm-runkosarja tag-vispelarforgrankulla tag-nsm tag-sif  av-masonry-item-with-image' title=\"Ska\u0308rmavbild 2024-01-25 kl. 21.36.30\"   itemscope=\"itemscope\" itemtype=\"https:\/\/schema.org\/CreativeWork\" ><div class='av-inner-masonry-sizer'><\/div><figure class='av-inner-masonry main_color'><div class=\"av-masonry-outerimage-container\"><div class='av-masonry-image-container' style=\"background-image: url(https:\/\/grifk-handball.com\/naiset\/wp-content\/uploads\/sites\/3\/2024\/01\/Skarmavbild-2024-01-25-kl.-21.36.30-705x470.png);\"  title=\"Ska\u0308rmavbild 2024-01-25 kl. 21.36.30\" ><\/div><\/div><figcaption class='av-inner-masonry-content site-background'><div class='av-inner-masonry-content-pos'><div class='av-inner-masonry-content-pos-content'><div class='avia-arrow'><\/div><h3 class='av-masonry-entry-title entry-title '  itemprop=\"headline\" >NSM 24.1. SIF \u2013 GrIFK  26-32<\/h3><div class='av-masonry-entry-content entry-content'  itemprop=\"text\" >Vinst mot Sjunde\u00e5 IF!<br \/>\r\n<br \/>\r\nI b\u00f6rjan av matchen var v\u00e5rt spel\u2026<div class='av-masonry-categories'>Ottelut-2023-24<\/div><\/div><span class='av-masonry-date meta-color updated'>25.1.2024<\/span><span class=\"av-masonry-text-sep text-sep-author\">\/<\/span><span class='av-masonry-author meta-color author'><span class='fn'>by irajessica<\/span><\/span><\/div><\/div><\/figcaption><\/figure><\/a><!--end av-masonry entry--><a href=\"https:\/\/grifk-handball.com\/naiset\/kausi-2023-2024\/ottelut-2023-24\/nsm-20-1-grifk-cocks-38-22\/\"  id='av-masonry-3-item-11548' data-av-masonry-item='11548' class='av-masonry-entry isotope-item post-11548 post type-post status-publish format-standard has-post-thumbnail hentry category-ottelut-2023-24 tag-coachanka tag-coachcarre tag-coachpava tag-emmy-johansson tag-grifkdamer tag-otteluraportti tag-sm-runkosarja tag-vispelarforgrankulla tag-cocks tag-nsm  av-masonry-item-with-image' title=\"Ska\u0308rmavbild 2024-01-20 kl. 20.55.54\"   itemscope=\"itemscope\" itemtype=\"https:\/\/schema.org\/CreativeWork\" ><div class='av-inner-masonry-sizer'><\/div><figure class='av-inner-masonry main_color'><div class=\"av-masonry-outerimage-container\"><div class='av-masonry-image-container' style=\"background-image: url(https:\/\/grifk-handball.com\/naiset\/wp-content\/uploads\/sites\/3\/2024\/01\/Skarmavbild-2024-01-20-kl.-20.55.54-617x705.png);\"  title=\"Ska\u0308rmavbild 2024-01-20 kl. 20.55.54\" ><\/div><\/div><figcaption class='av-inner-masonry-content site-background'><div class='av-inner-masonry-content-pos'><div class='av-inner-masonry-content-pos-content'><div class='avia-arrow'><\/div><h3 class='av-masonry-entry-title entry-title '  itemprop=\"headline\" >NSM 20.1.  GrIFK &#8211; Cocks 38-22<\/h3><div class='av-masonry-entry-content entry-content'  itemprop=\"text\" >Vinst idag mot Cocks 38-22!<br \/>\r\nVi b\u00f6rjade matchen som planerat\u2026<div class='av-masonry-categories'>Ottelut-2023-24<\/div><\/div><span class='av-masonry-date meta-color updated'>20.1.2024<\/span><span class=\"av-masonry-text-sep text-sep-author\">\/<\/span><span class='av-masonry-author meta-color author'><span class='fn'>by irajessica<\/span><\/span><\/div><\/div><\/figcaption><\/figure><\/a><!--end av-masonry entry--><a href=\"https:\/\/grifk-handball.com\/naiset\/kausi-2023-2024\/ottelut-2023-24\/nsm-13-1-bk-46-grifk-25-25\/\"  id='av-masonry-3-item-11534' data-av-masonry-item='11534' class='av-masonry-entry isotope-item post-11534 post type-post status-publish format-standard has-post-thumbnail hentry category-ottelut-2023-24 tag-anette-rakkolainen tag-coachanka tag-coachcarre tag-coachpava tag-grifkdamer tag-otteluraportti tag-sm-runkosarja tag-vispelarforgrankulla tag-bk-46 tag-nsm  av-masonry-item-with-image' title=\"Ska\u0308rmavbild 2024-01-15 kl. 20.54.51\"   itemscope=\"itemscope\" itemtype=\"https:\/\/schema.org\/CreativeWork\" ><div class='av-inner-masonry-sizer'><\/div><figure class='av-inner-masonry main_color'><div class=\"av-masonry-outerimage-container\"><div class='av-masonry-image-container' style=\"background-image: url(https:\/\/grifk-handball.com\/naiset\/wp-content\/uploads\/sites\/3\/2024\/01\/Skarmavbild-2024-01-15-kl.-20.54.51-705x470.png);\"  title=\"Ska\u0308rmavbild 2024-01-15 kl. 20.54.51\" ><\/div><\/div><figcaption class='av-inner-masonry-content site-background'><div class='av-inner-masonry-content-pos'><div class='av-inner-masonry-content-pos-content'><div class='avia-arrow'><\/div><h3 class='av-masonry-entry-title entry-title '  itemprop=\"headline\" >NSM 13.1. BK-46 &#8211; GrIFK 25-25<\/h3><div class='av-masonry-entry-content entry-content'  itemprop=\"text\" >Lauantain ottelussa n\u00e4htiin kaksi varsin erilaista er\u00e4\u00e4, joista\u2026<div class='av-masonry-categories'>Ottelut-2023-24<\/div><\/div><span class='av-masonry-date meta-color updated'>13.1.2024<\/span><span class=\"av-masonry-text-sep text-sep-author\">\/<\/span><span class='av-masonry-author meta-color author'><span class='fn'>by irajessica<\/span><\/span><\/div><\/div><\/figcaption><\/figure><\/a><!--end av-masonry entry--><a href=\"https:\/\/grifk-handball.com\/naiset\/kausi-2023-2024\/ottelut-2023-24\/wbshl23-20-12-grifk-dicken-26-24\/\"  id='av-masonry-3-item-11507' data-av-masonry-item='11507' class='av-masonry-entry isotope-item post-11507 post type-post status-publish format-standard has-post-thumbnail hentry category-ottelut-2023-24 tag-amanda-olsson tag-grifkdamer tag-otteluraportti tag-dicken tag-wbshl tag-womens-baltic-sea-handball-league  av-masonry-item-with-image' title=\"Ska\u0308rmavbild 2023-12-23 kl. 22.19.06\"   itemscope=\"itemscope\" itemtype=\"https:\/\/schema.org\/CreativeWork\" ><div class='av-inner-masonry-sizer'><\/div><figure class='av-inner-masonry main_color'><div class=\"av-masonry-outerimage-container\"><div class='av-masonry-image-container' style=\"background-image: url(https:\/\/grifk-handball.com\/naiset\/wp-content\/uploads\/sites\/3\/2023\/12\/Skarmavbild-2023-12-23-kl.-22.19.06-705x529.png);\"  title=\"Ska\u0308rmavbild 2023-12-23 kl. 22.19.06\" ><\/div><\/div><figcaption class='av-inner-masonry-content site-background'><div class='av-inner-masonry-content-pos'><div class='av-inner-masonry-content-pos-content'><div class='avia-arrow'><\/div><h3 class='av-masonry-entry-title entry-title '  itemprop=\"headline\" >WBSHL23 20.12.: GrIFK &#8211; Dicken 26-24<\/h3><div class='av-masonry-entry-content entry-content'  itemprop=\"text\" >\u00c5rets sista match resulterade i en vinst mot Dicken!<br \/>\r\n<br \/>\r\nVi inleder\u2026<div class='av-masonry-categories'>Ottelut-2023-24<\/div><\/div><span class='av-masonry-date meta-color updated'>23.12.2023<\/span><span class=\"av-masonry-text-sep text-sep-author\">\/<\/span><span class='av-masonry-author meta-color author'><span class='fn'>by irajessica<\/span><\/span><\/div><\/div><\/figcaption><\/figure><\/a><!--end av-masonry entry--><a href=\"https:\/\/grifk-handball.com\/naiset\/kausi-2023-2024\/ottelut-2023-24\/nsm-16-12-grifk-hifk-18-18\/\"  id='av-masonry-3-item-11488' data-av-masonry-item='11488' class='av-masonry-entry isotope-item post-11488 post type-post status-publish format-standard has-post-thumbnail hentry category-ottelut-2023-24 tag-coachanka tag-coachcarre tag-coachpava tag-grifkdamer tag-otteluraportti tag-sandra-laitinen tag-sm-runkosarja tag-vispelarforgrankulla tag-hifk tag-nsm  av-masonry-item-with-image' title=\"GrIFK-HIFK Foto aki_kuvaus\"   itemscope=\"itemscope\" itemtype=\"https:\/\/schema.org\/CreativeWork\" ><div class='av-inner-masonry-sizer'><\/div><figure class='av-inner-masonry main_color'><div class=\"av-masonry-outerimage-container\"><div class='av-masonry-image-container' style=\"background-image: url(https:\/\/grifk-handball.com\/naiset\/wp-content\/uploads\/sites\/3\/2023\/12\/GrIFK-HIFK-Foto-aki_kuvaus-705x471.png);\"  title=\"GrIFK-HIFK Foto aki_kuvaus\" ><\/div><\/div><figcaption class='av-inner-masonry-content site-background'><div class='av-inner-masonry-content-pos'><div class='av-inner-masonry-content-pos-content'><div class='avia-arrow'><\/div><h3 class='av-masonry-entry-title entry-title '  itemprop=\"headline\" >NSM 16.12. GrIFK &#8211; HIFK 18-18<\/h3><div class='av-masonry-entry-content entry-content'  itemprop=\"text\" >J\u00e4mn match med sp\u00e4nnande handboll!<br \/>\r\n<br \/>\r\nDet blev en j\u00e4mn match\u2026<div class='av-masonry-categories'>Ottelut-2023-24<\/div><\/div><span class='av-masonry-date meta-color updated'>17.12.2023<\/span><span class=\"av-masonry-text-sep text-sep-author\">\/<\/span><span class='av-masonry-author meta-color author'><span class='fn'>by irajessica<\/span><\/span><\/div><\/div><\/figcaption><\/figure><\/a><!--end av-masonry entry--><a href=\"https:\/\/grifk-handball.com\/naiset\/kausi-2023-2024\/ottelut-2023-24\/nsm-10-12-dicken-grifk-29-27\/\"  id='av-masonry-3-item-11478' data-av-masonry-item='11478' class='av-masonry-entry isotope-item post-11478 post type-post status-publish format-standard has-post-thumbnail hentry category-ottelut-2023-24 tag-coachanka tag-coachcarre tag-coachpava tag-grifkdamer tag-mathilda-sandblom tag-otteluraportti tag-sm-runkosarja tag-vispelarforgrankulla tag-dicken tag-nsm  av-masonry-item-with-image' title=\"Dicken-GrIFK jonas_tana\"   itemscope=\"itemscope\" itemtype=\"https:\/\/schema.org\/CreativeWork\" ><div class='av-inner-masonry-sizer'><\/div><figure class='av-inner-masonry main_color'><div class=\"av-masonry-outerimage-container\"><div class='av-masonry-image-container' style=\"background-image: url(https:\/\/grifk-handball.com\/naiset\/wp-content\/uploads\/sites\/3\/2023\/12\/Dicken-GrIFK-jonas_tana-705x470.jpeg);\"  title=\"Dicken-GrIFK jonas_tana\" ><\/div><\/div><figcaption class='av-inner-masonry-content site-background'><div class='av-inner-masonry-content-pos'><div class='av-inner-masonry-content-pos-content'><div class='avia-arrow'><\/div><h3 class='av-masonry-entry-title entry-title '  itemprop=\"headline\" >NSM 10.12. Dicken &#8211; GrIFK 29-27<\/h3><div class='av-masonry-entry-content entry-content'  itemprop=\"text\" >Vi f\u00f6rlorar matchen med 29\u201327.<br \/>\r\n<br \/>\r\nMatchen b\u00f6rjar i ett relativt\u2026<div class='av-masonry-categories'>Ottelut-2023-24<\/div><\/div><span class='av-masonry-date meta-color updated'>11.12.2023<\/span><span class=\"av-masonry-text-sep text-sep-author\">\/<\/span><span class='av-masonry-author meta-color author'><span class='fn'>by irajessica<\/span><\/span><\/div><\/div><\/figcaption><\/figure><\/a><!--end av-masonry entry--><a href=\"https:\/\/grifk-handball.com\/naiset\/uutiset\/wbshl23-forsta-omgangen-tre-matcher-tva-vinster-en-knapp-forlust\/\"  id='av-masonry-3-item-11454' data-av-masonry-item='11454' class='av-masonry-entry isotope-item post-11454 post type-post status-publish format-standard has-post-thumbnail hentry category-ottelut-2023-24 category-uutiset tag-ella-paukku tag-grifkdamer tag-otteluraportti tag-wbshl tag-womens-baltic-sea-handball-league  av-masonry-item-with-image' title=\"408044424_824338336368044_7464109916883975759_n\"   itemscope=\"itemscope\" itemtype=\"https:\/\/schema.org\/CreativeWork\" ><div class='av-inner-masonry-sizer'><\/div><figure class='av-inner-masonry main_color'><div class=\"av-masonry-outerimage-container\"><div class='av-masonry-image-container' style=\"background-image: url(https:\/\/grifk-handball.com\/naiset\/wp-content\/uploads\/sites\/3\/2023\/12\/408044424_824338336368044_7464109916883975759_n-e1701863372860-705x553.jpeg);\"  title=\"408044424_824338336368044_7464109916883975759_n\" ><\/div><\/div><figcaption class='av-inner-masonry-content site-background'><div class='av-inner-masonry-content-pos'><div class='av-inner-masonry-content-pos-content'><div class='avia-arrow'><\/div><h3 class='av-masonry-entry-title entry-title '  itemprop=\"headline\" >WBSHL23: F\u00f6rsta omg\u00e5ngen med tre matcher gav tv\u00e5 vinster, en knapp f\u00f6rlust<\/h3><div class='av-masonry-entry-content entry-content'  itemprop=\"text\" >Nu \u00e4r f\u00f6rsta omg\u00e5ngen av Baltiska ligan \u00f6ver. Veckoslutets\u2026<div class='av-masonry-categories'>Ottelut-2023-24,Uutiset<\/div><\/div><span class='av-masonry-date meta-color updated'>3.12.2023<\/span><span class=\"av-masonry-text-sep text-sep-author\">\/<\/span><span class='av-masonry-author meta-color author'><span class='fn'>by irajessica<\/span><\/span><\/div><\/div><\/figcaption><\/figure><\/a><!--end av-masonry entry--><a href=\"https:\/\/grifk-handball.com\/naiset\/kausi-2023-2024\/ottelut-2023-24\/nsm-25-11-grifk-sif-31-27\/\"  id='av-masonry-3-item-11436' data-av-masonry-item='11436' class='av-masonry-entry isotope-item post-11436 post type-post status-publish format-standard has-post-thumbnail hentry category-ottelut-2023-24 tag-coachanka tag-coachcarre tag-coachpava tag-grifkdamer tag-otteluraportti tag-sm-runkosarja tag-vispelarforgrankulla tag-moa-sjolund tag-nsm tag-sif  av-masonry-item-with-image' title=\"Ska\u0308rmavbild 2023-11-29 kl. 13.01.56\"   itemscope=\"itemscope\" itemtype=\"https:\/\/schema.org\/CreativeWork\" ><div class='av-inner-masonry-sizer'><\/div><figure class='av-inner-masonry main_color'><div class=\"av-masonry-outerimage-container\"><div class='av-masonry-image-container' style=\"background-image: url(https:\/\/grifk-handball.com\/naiset\/wp-content\/uploads\/sites\/3\/2023\/11\/Skarmavbild-2023-11-29-kl.-13.01.56-e1701255784678-705x494.png);\"  title=\"Ska\u0308rmavbild 2023-11-29 kl. 13.01.56\" ><\/div><\/div><figcaption class='av-inner-masonry-content site-background'><div class='av-inner-masonry-content-pos'><div class='av-inner-masonry-content-pos-content'><div class='avia-arrow'><\/div><h3 class='av-masonry-entry-title entry-title '  itemprop=\"headline\" >NSM 25.11.: GrIFK &#8211; SIF 31-27<\/h3><div class='av-masonry-entry-content entry-content'  itemprop=\"text\" >Vi vinner matchen med 31-27 efter en tuff och j\u00e4mn kamp!<br \/>\r\n<br \/>\r\nVi\u2026<div class='av-masonry-categories'>Ottelut-2023-24<\/div><\/div><span class='av-masonry-date meta-color updated'>26.11.2023<\/span><span class=\"av-masonry-text-sep text-sep-author\">\/<\/span><span class='av-masonry-author meta-color author'><span class='fn'>by irajessica<\/span><\/span><\/div><\/div><\/figcaption><\/figure><\/a><!--end av-masonry entry--><a href=\"https:\/\/grifk-handball.com\/naiset\/kausi-2023-2024\/ottelut-2023-24\/nsm-11-11-cocks-grifk-13-31\/\"  id='av-masonry-3-item-11282' data-av-masonry-item='11282' class='av-masonry-entry isotope-item post-11282 post type-post status-publish format-standard has-post-thumbnail hentry category-ottelut-2023-24 tag-coachanka tag-coachcarre tag-coachpava tag-grifkdamer tag-otteluraportti tag-sm-runkosarja tag-vispelarforgrankulla tag-cocks tag-emilia-karell tag-nsm  av-masonry-item-with-image' title=\"Ska\u0308rmavbild 2023-11-13 kl. 11.18.47\"   itemscope=\"itemscope\" itemtype=\"https:\/\/schema.org\/CreativeWork\" ><div class='av-inner-masonry-sizer'><\/div><figure class='av-inner-masonry main_color'><div class=\"av-masonry-outerimage-container\"><div class='av-masonry-image-container' style=\"background-image: url(https:\/\/grifk-handball.com\/naiset\/wp-content\/uploads\/sites\/3\/2023\/11\/Skarmavbild-2023-11-13-kl.-11.18.47-705x507.png);\"  title=\"Ska\u0308rmavbild 2023-11-13 kl. 11.18.47\" ><\/div><\/div><figcaption class='av-inner-masonry-content site-background'><div class='av-inner-masonry-content-pos'><div class='av-inner-masonry-content-pos-content'><div class='avia-arrow'><\/div><h3 class='av-masonry-entry-title entry-title '  itemprop=\"headline\" >NSM 11.11.: Cocks &#8211; GrIFK 13-31<\/h3><div class='av-masonry-entry-content entry-content'  itemprop=\"text\" >Efter en sv\u00e5r match fick vi med oss tv\u00e5 po\u00e4ng fr\u00e5n Riihim\u00e4ki!<br \/>\r\n<br \/>\r\nMatchens\u2026<div class='av-masonry-categories'>Ottelut-2023-24<\/div><\/div><span class='av-masonry-date meta-color updated'>12.11.2023<\/span><span class=\"av-masonry-text-sep text-sep-author\">\/<\/span><span class='av-masonry-author meta-color author'><span class='fn'>by irajessica<\/span><\/span><\/div><\/div><\/figcaption><\/figure><\/a><!--end av-masonry entry--><a href=\"https:\/\/grifk-handball.com\/naiset\/uutiset\/nsm-1-11-grifk-bk-46-31-24\/\"  id='av-masonry-3-item-11232' data-av-masonry-item='11232' class='av-masonry-entry isotope-item post-11232 post type-post status-publish format-standard has-post-thumbnail hentry category-ottelut-2023-24 category-uutiset tag-coachanka tag-coachcarre tag-coachpava tag-grifkdamer tag-linnea-harms tag-otteluraportti tag-rosabandet tag-sm-runkosarja tag-vispelarforgrankulla tag-bk-46 tag-nsm  av-masonry-item-with-image' title=\"_B7A6890\"   itemscope=\"itemscope\" itemtype=\"https:\/\/schema.org\/CreativeWork\" ><div class='av-inner-masonry-sizer'><\/div><figure class='av-inner-masonry main_color'><div class=\"av-masonry-outerimage-container\"><div class='av-masonry-image-container' style=\"background-image: url(https:\/\/grifk-handball.com\/naiset\/wp-content\/uploads\/sites\/3\/2023\/11\/B7A6890-scaled-e1699002412220-705x494.jpeg);\"  title=\"_B7A6890\" ><\/div><\/div><figcaption class='av-inner-masonry-content site-background'><div class='av-inner-masonry-content-pos'><div class='av-inner-masonry-content-pos-content'><div class='avia-arrow'><\/div><h3 class='av-masonry-entry-title entry-title '  itemprop=\"headline\" >NSM 1.11.: GrIFK &#8211; BK-46  31-24<\/h3><div class='av-masonry-entry-content entry-content'  itemprop=\"text\" >Den andra omg\u00e5ngen b\u00f6rjar med vinst p\u00e5 hemmaplan!<br \/>\r\n<br \/>\r\nVi lyckades\u2026<div class='av-masonry-categories'>Ottelut-2023-24,Uutiset<\/div><\/div><span class='av-masonry-date meta-color updated'>2.11.2023<\/span><span class=\"av-masonry-text-sep text-sep-author\">\/<\/span><span class='av-masonry-author meta-color author'><span class='fn'>by irajessica<\/span><\/span><\/div><\/div><\/figcaption><\/figure><\/a><!--end av-masonry entry--><a href=\"https:\/\/grifk-handball.com\/naiset\/kausi-2023-2024\/ottelut-2023-24\/nsm-21-10-hifk-grifk-24-17\/\"  id='av-masonry-3-item-11216' data-av-masonry-item='11216' class='av-masonry-entry isotope-item post-11216 post type-post status-publish format-standard has-post-thumbnail hentry category-ottelut-2023-24 tag-coachanka tag-coachcarre tag-coachpava tag-grifkdamer tag-mathilda-nevala-lehtonen tag-otteluraportti tag-rosabandet tag-sm-runkosarja tag-vispelarforgrankulla tag-hifk tag-nsm  av-masonry-item-with-image' title=\"6bfa9595-710d-49e4-94ac-de62d628e73f\"   itemscope=\"itemscope\" itemtype=\"https:\/\/schema.org\/CreativeWork\" ><div class='av-inner-masonry-sizer'><\/div><figure class='av-inner-masonry main_color'><div class=\"av-masonry-outerimage-container\"><div class='av-masonry-image-container' style=\"background-image: url(https:\/\/grifk-handball.com\/naiset\/wp-content\/uploads\/sites\/3\/2023\/10\/6bfa9595-710d-49e4-94ac-de62d628e73f-e1697900632971-705x410.jpeg);\"  title=\"6bfa9595-710d-49e4-94ac-de62d628e73f\" ><\/div><\/div><figcaption class='av-inner-masonry-content site-background'><div class='av-inner-masonry-content-pos'><div class='av-inner-masonry-content-pos-content'><div class='avia-arrow'><\/div><h3 class='av-masonry-entry-title entry-title '  itemprop=\"headline\" >NSM 21.10.: HIFK &#8211; GrIFK 24-17<\/h3><div class='av-masonry-entry-content entry-content'  itemprop=\"text\" >Matchen b\u00f6rjar lite mindre bra och vi g\u00f6r en del tekniska fel,\u2026<div class='av-masonry-categories'>Ottelut-2023-24<\/div><\/div><span class='av-masonry-date meta-color updated'>21.10.2023<\/span><span class=\"av-masonry-text-sep text-sep-author\">\/<\/span><span class='av-masonry-author meta-color author'><span class='fn'>by irajessica<\/span><\/span><\/div><\/div><\/figcaption><\/figure><\/a><!--end av-masonry entry--><a href=\"https:\/\/grifk-handball.com\/naiset\/kausi-2023-2024\/ottelut-2023-24\/nsm-6-10-grifk-dicken-25-18\/\"  id='av-masonry-3-item-11196' data-av-masonry-item='11196' class='av-masonry-entry isotope-item post-11196 post type-post status-publish format-standard has-post-thumbnail hentry category-ottelut-2023-24 tag-coachanka tag-coachcarre tag-coachpava tag-corinna-jensen tag-ella-paukku tag-greta-wiren tag-grifkdamer tag-otteluraportti tag-rosabandet tag-sm-runkosarja tag-vispelarforgrankulla tag-dicken tag-nsm  av-masonry-item-with-image' title=\"WhatsApp Image 2023-10-07 at 08.45.41\"   itemscope=\"itemscope\" itemtype=\"https:\/\/schema.org\/CreativeWork\" ><div class='av-inner-masonry-sizer'><\/div><figure class='av-inner-masonry main_color'><div class=\"av-masonry-outerimage-container\"><div class='av-masonry-image-container' style=\"background-image: url(https:\/\/grifk-handball.com\/naiset\/wp-content\/uploads\/sites\/3\/2023\/10\/WhatsApp-Image-2023-10-07-at-08.45.41-e1696685275590-705x452.jpeg);\"  title=\"WhatsApp Image 2023-10-07 at 08.45.41\" ><\/div><\/div><figcaption class='av-inner-masonry-content site-background'><div class='av-inner-masonry-content-pos'><div class='av-inner-masonry-content-pos-content'><div class='avia-arrow'><\/div><h3 class='av-masonry-entry-title entry-title '  itemprop=\"headline\" >NSM 6.10.: GrIFK &#8211; Dicken 25-18<\/h3><div class='av-masonry-entry-content entry-content'  itemprop=\"text\" >Stark insats fr\u00e5n hela laget gav oss tv\u00e5 viktiga po\u00e4ng!<br \/>\r\n<br \/>\r\nVi\u2026<div class='av-masonry-categories'>Ottelut-2023-24<\/div><\/div><span class='av-masonry-date meta-color updated'>6.10.2023<\/span><span class=\"av-masonry-text-sep text-sep-author\">\/<\/span><span class='av-masonry-author meta-color author'><span class='fn'>by irajessica<\/span><\/span><\/div><\/div><\/figcaption><\/figure><\/a><!--end av-masonry entry--><a href=\"https:\/\/grifk-handball.com\/naiset\/kausi-2023-2024\/ottelut-2023-24\/nsm-30-9-sif-grifk-22-26\/\"  id='av-masonry-3-item-11163' data-av-masonry-item='11163' class='av-masonry-entry isotope-item post-11163 post type-post status-publish format-standard has-post-thumbnail hentry category-ottelut-2023-24 tag-coachanka tag-coachcarre tag-coachpava tag-fanny-reinikainen tag-otteluraportti tag-sm-runkosarja tag-nsm tag-sif  av-masonry-item-with-image' title=\"WhatsApp Image 2023-09-30 at 17.03.06\"   itemscope=\"itemscope\" itemtype=\"https:\/\/schema.org\/CreativeWork\" ><div class='av-inner-masonry-sizer'><\/div><figure class='av-inner-masonry main_color'><div class=\"av-masonry-outerimage-container\"><div class='av-masonry-image-container' style=\"background-image: url(https:\/\/grifk-handball.com\/naiset\/wp-content\/uploads\/sites\/3\/2023\/09\/WhatsApp-Image-2023-09-30-at-17.03.06-e1696091996897-705x515.jpeg);\"  title=\"WhatsApp Image 2023-09-30 at 17.03.06\" ><\/div><\/div><figcaption class='av-inner-masonry-content site-background'><div class='av-inner-masonry-content-pos'><div class='av-inner-masonry-content-pos-content'><div class='avia-arrow'><\/div><h3 class='av-masonry-entry-title entry-title '  itemprop=\"headline\" >NSM 30.9.: SIF &#8211; GrIFK 22-26<\/h3><div class='av-masonry-entry-content entry-content'  itemprop=\"text\" >Laget anl\u00e4nde till Sjunde\u00e5 taggat och v\u00e4l f\u00f6rberett.<br \/>\r\n<br \/>\r\nMatchen\u2026<div class='av-masonry-categories'>Ottelut-2023-24<\/div><\/div><span class='av-masonry-date meta-color updated'>30.9.2023<\/span><span class=\"av-masonry-text-sep text-sep-author\">\/<\/span><span class='av-masonry-author meta-color author'><span class='fn'>by irajessica<\/span><\/span><\/div><\/div><\/figcaption><\/figure><\/a><!--end av-masonry entry--><a href=\"https:\/\/grifk-handball.com\/naiset\/kausi-2023-2024\/ottelut-2023-24\/nsm-23-9-grifk-cocks-39-21\/\"  id='av-masonry-3-item-11137' data-av-masonry-item='11137' class='av-masonry-entry isotope-item post-11137 post type-post status-publish format-standard has-post-thumbnail hentry category-ottelut-2023-24 tag-coachanka tag-coachcarre tag-coachpava tag-corinna-jensen tag-grifkdamer tag-otteluraportti tag-sm-runkosarja tag-vispelarforgrankulla tag-nsm  av-masonry-item-with-image' title=\"GrIFK-CocksSep23\"   itemscope=\"itemscope\" itemtype=\"https:\/\/schema.org\/CreativeWork\" ><div class='av-inner-masonry-sizer'><\/div><figure class='av-inner-masonry main_color'><div class=\"av-masonry-outerimage-container\"><div class='av-masonry-image-container' style=\"background-image: url(https:\/\/grifk-handball.com\/naiset\/wp-content\/uploads\/sites\/3\/2023\/09\/GrIFK-CocksSep23-scaled-e1695837368915-705x525.jpg);\"  title=\"GrIFK-CocksSep23\" ><\/div><\/div><figcaption class='av-inner-masonry-content site-background'><div class='av-inner-masonry-content-pos'><div class='av-inner-masonry-content-pos-content'><div class='avia-arrow'><\/div><h3 class='av-masonry-entry-title entry-title '  itemprop=\"headline\" >NSM 23.9.: GrIFK &#8211; Cocks 39-21<\/h3><div class='av-masonry-entry-content entry-content'  itemprop=\"text\" >F\u00f6rsta hemmamatchen blev hemmavinst!<br \/>\r\n<br \/>\r\nVi inledde starkt, s\u00e4rskilt\u2026<div class='av-masonry-categories'>Ottelut-2023-24<\/div><\/div><span class='av-masonry-date meta-color updated'>24.9.2023<\/span><span class=\"av-masonry-text-sep text-sep-author\">\/<\/span><span class='av-masonry-author meta-color author'><span class='fn'>by irajessica<\/span><\/span><\/div><\/div><\/figcaption><\/figure><\/a><!--end av-masonry entry--><a href=\"https:\/\/grifk-handball.com\/naiset\/kausi-2023-2024\/ottelut-2023-24\/bk-46-grifk-18-34\/\"  id='av-masonry-3-item-11069' data-av-masonry-item='11069' class='av-masonry-entry isotope-item post-11069 post type-post status-publish format-standard has-post-thumbnail hentry category-ottelut-2023-24 tag-coachanka tag-coachpava tag-grifkdamer tag-grifkhandball tag-otteluraportti tag-sm-runkosarja tag-vispelarforgrankulla tag-bk-46 tag-nsm  av-masonry-item-with-image' title=\"20230916_193759\"   itemscope=\"itemscope\" itemtype=\"https:\/\/schema.org\/CreativeWork\" ><div class='av-inner-masonry-sizer'><\/div><figure class='av-inner-masonry main_color'><div class=\"av-masonry-outerimage-container\"><div class='av-masonry-image-container' style=\"background-image: url(https:\/\/grifk-handball.com\/naiset\/wp-content\/uploads\/sites\/3\/2023\/09\/20230916_193759-705x304.jpg);\"  title=\"20230916_193759\" ><\/div><\/div><figcaption class='av-inner-masonry-content site-background'><div class='av-inner-masonry-content-pos'><div class='av-inner-masonry-content-pos-content'><div class='avia-arrow'><\/div><h3 class='av-masonry-entry-title entry-title '  itemprop=\"headline\" >NSM 16.9.: BK-46 &#8211; GrIFK: 18-34<\/h3><div class='av-masonry-entry-content entry-content'  itemprop=\"text\" >Det blev en viktig vinst i s\u00e4songens f\u00f6rsta match!<br \/>\r\n<br \/>\r\nMatchen\u2026<div class='av-masonry-categories'>Ottelut-2023-24<\/div><\/div><span class='av-masonry-date meta-color updated'>17.9.2023<\/span><span class=\"av-masonry-text-sep text-sep-author\">\/<\/span><span class='av-masonry-author meta-color author'><span class='fn'>by irajessica<\/span><\/span><\/div><\/div><\/figcaption><\/figure><\/a><!--end av-masonry entry--><\/div><\/div><\/p><\/div>\n<style type=\"text\/css\" data-created_by=\"avia_inline_auto\" id=\"style-css-av-4qx5gu-01ca35e169cea2f9ee8d8b05473d052d\">\n.flex_column.av-4qx5gu-01ca35e169cea2f9ee8d8b05473d052d{\nborder-radius:0px 0px 0px 0px;\npadding:0px 0px 0px 0px;\n}\n<\/style>\n<div  class='flex_column av-4qx5gu-01ca35e169cea2f9ee8d8b05473d052d av_one_full  avia-builder-el-11  el_after_av_one_full  el_before_av_textblock  first flex_column_div av-zero-column-padding  column-top-margin'     ><p>\n<style type=\"text\/css\" data-created_by=\"avia_inline_auto\" id=\"style-css-av-k0xwagzw-91d448e1c75152d31d9917e823fdad55\">\n#top .av-special-heading.av-k0xwagzw-91d448e1c75152d31d9917e823fdad55{\npadding-bottom:10px;\n}\nbody .av-special-heading.av-k0xwagzw-91d448e1c75152d31d9917e823fdad55 .av-special-heading-tag .heading-char{\nfont-size:25px;\n}\n.av-special-heading.av-k0xwagzw-91d448e1c75152d31d9917e823fdad55 .av-subheading{\nfont-size:15px;\n}\n<\/style>\n<div  class='av-special-heading av-k0xwagzw-91d448e1c75152d31d9917e823fdad55 av-special-heading-h3  avia-builder-el-12  el_before_av_masonry_entries  avia-builder-el-no-sibling  av-linked-heading'><h3 class='av-special-heading-tag '  itemprop=\"headline\"  >Kausi 2022-23<\/h3><div class=\"special-heading-border\"><div class=\"special-heading-inner-border\"><\/div><\/div><\/div><br \/>\n\n<style type=\"text\/css\" data-created_by=\"avia_inline_auto\" id=\"style-css-av-lmlxtjx4-f6a39e1a489c2bf92d691e31a08a52bc\">\n#top .av-masonry.av-lmlxtjx4-f6a39e1a489c2bf92d691e31a08a52bc{\nbackground-color:#ffffff;\n}\n<\/style>\n<div id='av-masonry-4' class='av-masonry av-lmlxtjx4-f6a39e1a489c2bf92d691e31a08a52bc noHover av-fixed-size av-large-gap av-hover-overlay- av-masonry-animation-active av-masonry-col-3 av-caption-always av-caption-style- av-masonry-entries av-orientation-square ' data-post_id=\"1454\"><div class=\"av-masonry-container isotope av-js-disabled\"><div class='av-masonry-entry isotope-item av-masonry-item-no-image '><\/div><a href=\"https:\/\/grifk-handball.com\/naiset\/kausi-2022-23\/ottelut-2022-23\/final-4-grifk-dicken-23-22-sm-kultaa\/\"  id='av-masonry-4-item-10707' data-av-masonry-item='10707' class='av-masonry-entry isotope-item post-10707 post type-post status-publish format-standard has-post-thumbnail hentry category-ottelut-2022-23 tag-coachpava tag-fm-final tag-fm-guld tag-grifkdamer tag-grifkhandball tag-playoff tag-sm-kulta tag-dicken tag-grifk  av-masonry-item-with-image' title=\"Naisten k\u00e4sipalloa 4. finaali GrIFK-Dicken Kauniaisissa 12. toukokuuta 2023\"   itemscope=\"itemscope\" itemtype=\"https:\/\/schema.org\/CreativeWork\" ><div class='av-inner-masonry-sizer'><\/div><figure class='av-inner-masonry main_color'><div class=\"av-masonry-outerimage-container\"><div class='av-masonry-image-container' style=\"background-image: url(https:\/\/grifk-handball.com\/naiset\/wp-content\/uploads\/sites\/3\/2023\/05\/grifk_mestari_22-23-1030x686-1-705x470.jpeg);\"  title=\"Naisten k\u00e4sipalloa 4. finaali GrIFK-Dicken Kauniaisissa 12. toukokuuta 2023\" ><\/div><\/div><figcaption class='av-inner-masonry-content site-background'><div class='av-inner-masonry-content-pos'><div class='av-inner-masonry-content-pos-content'><div class='avia-arrow'><\/div><h3 class='av-masonry-entry-title entry-title '  itemprop=\"headline\" >Final 4 GrIFK-Dicken 23-22 = SM-kultaa<\/h3><div class='av-masonry-entry-content entry-content'  itemprop=\"text\" >GRIFK KAATOI DICKENIN JA JUHLI MESTARUUTTA<br \/>\r\n<br \/>\r\n<br \/>\r\n<br \/>\r\nGrIFK p\u00e4\u00e4si\u2026<div class='av-masonry-categories'>Ottelut-2022-23<\/div><\/div><span class='av-masonry-date meta-color updated'>12.5.2023<\/span><span class=\"av-masonry-text-sep text-sep-author\">\/<\/span><span class='av-masonry-author meta-color author'><span class='fn'>by irajessica<\/span><\/span><\/div><\/div><\/figcaption><\/figure><\/a><!--end av-masonry entry--><a href=\"https:\/\/grifk-handball.com\/naiset\/kausi-2022-23\/ottelut-2022-23\/final-3-dicken-grifk-27-18\/\"  id='av-masonry-4-item-10686' data-av-masonry-item='10686' class='av-masonry-entry isotope-item post-10686 post type-post status-publish format-standard has-post-thumbnail hentry category-ottelut-2022-23 tag-coachpava tag-fm-final tag-grifkdamer tag-grifkhandball tag-playoff tag-dicken tag-grifk  av-masonry-item-with-image' title=\"IMG_5875\"   itemscope=\"itemscope\" itemtype=\"https:\/\/schema.org\/CreativeWork\" ><div class='av-inner-masonry-sizer'><\/div><figure class='av-inner-masonry main_color'><div class=\"av-masonry-outerimage-container\"><div class='av-masonry-image-container' style=\"background-image: url(https:\/\/grifk-handball.com\/naiset\/wp-content\/uploads\/sites\/3\/2023\/05\/IMG_5875-705x470.jpg);\"  title=\"IMG_5875\" ><\/div><\/div><figcaption class='av-inner-masonry-content site-background'><div class='av-inner-masonry-content-pos'><div class='av-inner-masonry-content-pos-content'><div class='avia-arrow'><\/div><h3 class='av-masonry-entry-title entry-title '  itemprop=\"headline\" >Final 3 Dicken-GrIFK 27-18<\/h3><div class='av-masonry-entry-content entry-content'  itemprop=\"text\" >DICKEN NAPPASI AVAUSVOITON FINAALISARJASSA \u2013 RATKAISU SIIRTYI<br \/>\r\nDicken\u2026<div class='av-masonry-categories'>Ottelut-2022-23<\/div><\/div><span class='av-masonry-date meta-color updated'>9.5.2023<\/span><span class=\"av-masonry-text-sep text-sep-author\">\/<\/span><span class='av-masonry-author meta-color author'><span class='fn'>by irajessica<\/span><\/span><\/div><\/div><\/figcaption><\/figure><\/a><!--end av-masonry entry--><a href=\"https:\/\/grifk-handball.com\/naiset\/kausi-2022-23\/ottelut-2022-23\/final-2-grifk-dicken-27-22\/\"  id='av-masonry-4-item-10680' data-av-masonry-item='10680' class='av-masonry-entry isotope-item post-10680 post type-post status-publish format-standard has-post-thumbnail hentry category-ottelut-2022-23 tag-coachpava tag-fm-final tag-grifkdamer tag-grifkhandball tag-otteluraportti tag-playoff tag-dicken tag-grifk  av-masonry-item-with-image' title=\"IMG_5533\"   itemscope=\"itemscope\" itemtype=\"https:\/\/schema.org\/CreativeWork\" ><div class='av-inner-masonry-sizer'><\/div><figure class='av-inner-masonry main_color'><div class=\"av-masonry-outerimage-container\"><div class='av-masonry-image-container' style=\"background-image: url(https:\/\/grifk-handball.com\/naiset\/wp-content\/uploads\/sites\/3\/2023\/05\/IMG_5533-705x470.jpg);\"  title=\"IMG_5533\" ><\/div><\/div><figcaption class='av-inner-masonry-content site-background'><div class='av-inner-masonry-content-pos'><div class='av-inner-masonry-content-pos-content'><div class='avia-arrow'><\/div><h3 class='av-masonry-entry-title entry-title '  itemprop=\"headline\" >Final 2 GrIFK-Dicken 27-22<\/h3><div class='av-masonry-entry-content entry-content'  itemprop=\"text\" >GRIFK VOITON P\u00c4\u00c4SS\u00c4 MESTARUUDESTA<br \/>\r\n<br \/>\r\n<br \/>\r\n<br \/>\r\nGrIFK ei antanut\u2026<div class='av-masonry-categories'>Ottelut-2022-23<\/div><\/div><span class='av-masonry-date meta-color updated'>5.5.2023<\/span><span class=\"av-masonry-text-sep text-sep-author\">\/<\/span><span class='av-masonry-author meta-color author'><span class='fn'>by irajessica<\/span><\/span><\/div><\/div><\/figcaption><\/figure><\/a><!--end av-masonry entry--><a href=\"https:\/\/grifk-handball.com\/naiset\/kausi-2022-23\/ottelut-2022-23\/final-1-dicken-grifk-24-23\/\"  id='av-masonry-4-item-10640' data-av-masonry-item='10640' class='av-masonry-entry isotope-item post-10640 post type-post status-publish format-standard has-post-thumbnail hentry category-ottelut-2022-23 tag-coachpava tag-fm-final tag-grifkdamer tag-grifkhandball tag-grottan tag-dicken tag-grifk tag-play-off  av-masonry-item-with-image' title=\"IMG_5336\"   itemscope=\"itemscope\" itemtype=\"https:\/\/schema.org\/CreativeWork\" ><div class='av-inner-masonry-sizer'><\/div><figure class='av-inner-masonry main_color'><div class=\"av-masonry-outerimage-container\"><div class='av-masonry-image-container' style=\"background-image: url(https:\/\/grifk-handball.com\/naiset\/wp-content\/uploads\/sites\/3\/2023\/05\/IMG_5336-705x470.jpg);\"  title=\"IMG_5336\" ><\/div><\/div><figcaption class='av-inner-masonry-content site-background'><div class='av-inner-masonry-content-pos'><div class='av-inner-masonry-content-pos-content'><div class='avia-arrow'><\/div><h3 class='av-masonry-entry-title entry-title '  itemprop=\"headline\" >Final 1 Dicken-GrIFK 24-23<\/h3><div class='av-masonry-entry-content entry-content'  itemprop=\"text\" >GRIFK NAPPASI AVAUSVOITON TRILLERIN J\u00c4LKEEN<br \/>\r\n<br \/>\r\n<br \/>\r\n<br \/>\r\nSM-sarjan\u2026<div class='av-masonry-categories'>Ottelut-2022-23<\/div><\/div><span class='av-masonry-date meta-color updated'>3.5.2023<\/span><span class=\"av-masonry-text-sep text-sep-author\">\/<\/span><span class='av-masonry-author meta-color author'><span class='fn'>by irajessica<\/span><\/span><\/div><\/div><\/figcaption><\/figure><\/a><!--end av-masonry entry--><a href=\"https:\/\/grifk-handball.com\/naiset\/kausi-2022-23\/ottelut-2022-23\/semifinal-4-hifk-grifk-26-30\/\"  id='av-masonry-4-item-10658' data-av-masonry-item='10658' class='av-masonry-entry isotope-item post-10658 post type-post status-publish format-standard has-post-thumbnail hentry category-ottelut-2022-23 tag-coachpava tag-grifkdamer tag-grifkhandball tag-semifinal tag-grifk tag-hifk  av-masonry-item-with-image' title=\"IMG_8801\"   itemscope=\"itemscope\" itemtype=\"https:\/\/schema.org\/CreativeWork\" ><div class='av-inner-masonry-sizer'><\/div><figure class='av-inner-masonry main_color'><div class=\"av-masonry-outerimage-container\"><div class='av-masonry-image-container' style=\"background-image: url(https:\/\/grifk-handball.com\/naiset\/wp-content\/uploads\/sites\/3\/2023\/05\/IMG_8801-scaled-e1683274806483-705x412.jpg);\"  title=\"IMG_8801\" ><\/div><\/div><figcaption class='av-inner-masonry-content site-background'><div class='av-inner-masonry-content-pos'><div class='av-inner-masonry-content-pos-content'><div class='avia-arrow'><\/div><h3 class='av-masonry-entry-title entry-title '  itemprop=\"headline\" >Semifinal 4 HIFK-GrIFK 26-30<\/h3><div class='av-masonry-entry-content entry-content'  itemprop=\"text\" >GRIFK ETENI FINAALIIN<br \/>\r\nSM-sarjassa n\u00e4hd\u00e4\u00e4n viime kauden\u2026<div class='av-masonry-categories'>Ottelut-2022-23<\/div><\/div><span class='av-masonry-date meta-color updated'>26.4.2023<\/span><span class=\"av-masonry-text-sep text-sep-author\">\/<\/span><span class='av-masonry-author meta-color author'><span class='fn'>by irajessica<\/span><\/span><\/div><\/div><\/figcaption><\/figure><\/a><!--end av-masonry entry--><a href=\"https:\/\/grifk-handball.com\/naiset\/kausi-2022-23\/ottelut-2022-23\/semifinal-3-grifk-hifk-30-29\/\"  id='av-masonry-4-item-10654' data-av-masonry-item='10654' class='av-masonry-entry isotope-item post-10654 post type-post status-publish format-standard has-post-thumbnail hentry category-ottelut-2022-23 tag-coachpava tag-grifkdamer tag-grifkhandball tag-semifinal tag-grifk tag-hifk  av-masonry-item-with-image' title=\"IMG_8553\"   itemscope=\"itemscope\" itemtype=\"https:\/\/schema.org\/CreativeWork\" ><div class='av-inner-masonry-sizer'><\/div><figure class='av-inner-masonry main_color'><div class=\"av-masonry-outerimage-container\"><div class='av-masonry-image-container' style=\"background-image: url(https:\/\/grifk-handball.com\/naiset\/wp-content\/uploads\/sites\/3\/2023\/05\/IMG_8553-scaled-e1683274418615-705x534.jpg);\"  title=\"IMG_8553\" ><\/div><\/div><figcaption class='av-inner-masonry-content site-background'><div class='av-inner-masonry-content-pos'><div class='av-inner-masonry-content-pos-content'><div class='avia-arrow'><\/div><h3 class='av-masonry-entry-title entry-title '  itemprop=\"headline\" >Semifinal 3 GrIFK-HIFK 30-29<\/h3><div class='av-masonry-entry-content entry-content'  itemprop=\"text\" >GRIFK OTTI TOISEN VOITON TIUKKOJEN VAIHEIDEN J\u00c4LKEEN<br \/>\r\n<br \/>\r\n<br \/>\r\n<br \/>\r\nGrIFK\u2026<div class='av-masonry-categories'>Ottelut-2022-23<\/div><\/div><span class='av-masonry-date meta-color updated'>23.4.2023<\/span><span class=\"av-masonry-text-sep text-sep-author\">\/<\/span><span class='av-masonry-author meta-color author'><span class='fn'>by irajessica<\/span><\/span><\/div><\/div><\/figcaption><\/figure><\/a><!--end av-masonry entry--><a href=\"https:\/\/grifk-handball.com\/naiset\/kausi-2022-23\/ottelut-2022-23\/semifinal-2-hifk-grifk-34-29\/\"  id='av-masonry-4-item-10648' data-av-masonry-item='10648' class='av-masonry-entry isotope-item post-10648 post type-post status-publish format-standard has-post-thumbnail hentry category-ottelut-2022-23 tag-coachpava tag-grifkdamer tag-grifkhandball tag-semifinal tag-grifk tag-hifk  av-masonry-item-with-image' title=\"20221112154024_IMG_9736\"   itemscope=\"itemscope\" itemtype=\"https:\/\/schema.org\/CreativeWork\" ><div class='av-inner-masonry-sizer'><\/div><figure class='av-inner-masonry main_color'><div class=\"av-masonry-outerimage-container\"><div class='av-masonry-image-container' style=\"background-image: url(https:\/\/grifk-handball.com\/naiset\/wp-content\/uploads\/sites\/3\/2023\/04\/20221112154024_IMG_9736-705x529.jpg);\"  title=\"20221112154024_IMG_9736\" ><\/div><\/div><figcaption class='av-inner-masonry-content site-background'><div class='av-inner-masonry-content-pos'><div class='av-inner-masonry-content-pos-content'><div class='avia-arrow'><\/div><h3 class='av-masonry-entry-title entry-title '  itemprop=\"headline\" >Semifinal 2 HIFK-GrIFK 34-29<\/h3><div class='av-masonry-entry-content entry-content'  itemprop=\"text\" ><div class='av-masonry-categories'>Ottelut-2022-23<\/div><\/div><span class='av-masonry-date meta-color updated'>20.4.2023<\/span><span class=\"av-masonry-text-sep text-sep-author\">\/<\/span><span class='av-masonry-author meta-color author'><span class='fn'>by irajessica<\/span><\/span><\/div><\/div><\/figcaption><\/figure><\/a><!--end av-masonry entry--><a href=\"https:\/\/grifk-handball.com\/naiset\/kausi-2022-23\/ottelut-2022-23\/nsm-26-11-grifk-dicken-30-32\/\"  id='av-masonry-4-item-10521' data-av-masonry-item='10521' class='av-masonry-entry isotope-item post-10521 post type-post status-publish format-standard has-post-thumbnail hentry category-ottelut-2022-23 tag-gograni tag-grifkdamer tag-grifkhandball tag-sm-runkosarja tag-vispelarforgrankulla tag-dicken  av-masonry-item-with-image' title=\"20221126154449_IMG_0088\"   itemscope=\"itemscope\" itemtype=\"https:\/\/schema.org\/CreativeWork\" ><div class='av-inner-masonry-sizer'><\/div><figure class='av-inner-masonry main_color'><div class=\"av-masonry-outerimage-container\"><div class='av-masonry-image-container' style=\"background-image: url(https:\/\/grifk-handball.com\/naiset\/wp-content\/uploads\/sites\/3\/2022\/11\/20221126154449_IMG_0088-705x529.jpg);\"  title=\"20221126154449_IMG_0088\" ><\/div><\/div><figcaption class='av-inner-masonry-content site-background'><div class='av-inner-masonry-content-pos'><div class='av-inner-masonry-content-pos-content'><div class='avia-arrow'><\/div><h3 class='av-masonry-entry-title entry-title '  itemprop=\"headline\" >NSM 26.11. GrIFK-Dicken 30-32<\/h3><div class='av-masonry-entry-content entry-content'  itemprop=\"text\" >GrIFK koki kauden avaustappionsa, kun se h\u00e4visi kotikent\u00e4ll\u00e4\u00e4n\u2026<div class='av-masonry-categories'>Ottelut-2022-23<\/div><\/div><span class='av-masonry-date meta-color updated'>27.11.2022<\/span><span class=\"av-masonry-text-sep text-sep-author\">\/<\/span><span class='av-masonry-author meta-color author'><span class='fn'>by irajessica<\/span><\/span><\/div><\/div><\/figcaption><\/figure><\/a><!--end av-masonry entry--><a href=\"https:\/\/grifk-handball.com\/naiset\/kausi-2022-23\/ottelut-2022-23\/nsm-12-11-hifk-grifk-25-33\/\"  id='av-masonry-4-item-10506' data-av-masonry-item='10506' class='av-masonry-entry isotope-item post-10506 post type-post status-publish format-standard has-post-thumbnail hentry category-ottelut-2022-23 tag-coachpava tag-grifkdamer tag-grifkhandball tag-otteluraportti tag-sm-runkosarja tag-hifk  av-masonry-item-with-image' title=\"HIFK-GrIFK 121122\"   itemscope=\"itemscope\" itemtype=\"https:\/\/schema.org\/CreativeWork\" ><div class='av-inner-masonry-sizer'><\/div><figure class='av-inner-masonry main_color'><div class=\"av-masonry-outerimage-container\"><div class='av-masonry-image-container' style=\"background-image: url(https:\/\/grifk-handball.com\/naiset\/wp-content\/uploads\/sites\/3\/2022\/11\/HIFK-GrIFK-121122-705x529.jpeg);\"  title=\"HIFK-GrIFK 121122\" ><\/div><\/div><figcaption class='av-inner-masonry-content site-background'><div class='av-inner-masonry-content-pos'><div class='av-inner-masonry-content-pos-content'><div class='avia-arrow'><\/div><h3 class='av-masonry-entry-title entry-title '  itemprop=\"headline\" >NSM 12.11. HIFK-GrIFK 25-33<\/h3><div class='av-masonry-entry-content entry-content'  itemprop=\"text\" >GRIFK VEI K\u00c4RKIKAMPPAILUN JA JATKAA PUHTAALLA PELILL\u00c4<br \/>\r\n12.11.2022<br \/>\r\nL\u00e4hde:\u2026<div class='av-masonry-categories'>Ottelut-2022-23<\/div><\/div><span class='av-masonry-date meta-color updated'>13.11.2022<\/span><span class=\"av-masonry-text-sep text-sep-author\">\/<\/span><span class='av-masonry-author meta-color author'><span class='fn'>by irajessica<\/span><\/span><\/div><\/div><\/figcaption><\/figure><\/a><!--end av-masonry entry--><a href=\"https:\/\/grifk-handball.com\/naiset\/kausi-2022-23\/ottelut-2022-23\/traningsmatch-grifk-fint04-37-19-kiitos-tack\/\"  id='av-masonry-4-item-10492' data-av-masonry-item='10492' class='av-masonry-entry isotope-item post-10492 post type-post status-publish format-standard has-post-thumbnail hentry category-ottelut-2022-23 tag-fuckcancer tag-grifkdamer tag-grifkhandball tag-rosabandet  av-masonry-item-with-image' title=\"20221029_135107\"   itemscope=\"itemscope\" itemtype=\"https:\/\/schema.org\/CreativeWork\" ><div class='av-inner-masonry-sizer'><\/div><figure class='av-inner-masonry main_color'><div class=\"av-masonry-outerimage-container\"><div class='av-masonry-image-container' style=\"background-image: url(https:\/\/grifk-handball.com\/naiset\/wp-content\/uploads\/sites\/3\/2022\/10\/20221029_135107-705x387.jpg);\"  title=\"20221029_135107\" ><\/div><\/div><figcaption class='av-inner-masonry-content site-background'><div class='av-inner-masonry-content-pos'><div class='av-inner-masonry-content-pos-content'><div class='avia-arrow'><\/div><h3 class='av-masonry-entry-title entry-title '  itemprop=\"headline\" >Tr\u00e4ningsmatch GrIFK-FINT04 37-19 &amp; KIITOS TACK<\/h3><div class='av-masonry-entry-content entry-content'  itemprop=\"text\" >Finlands F04 landslag kom p\u00e5 bes\u00f6k till Grottan i l\u00f6rdags.\u2026<div class='av-masonry-categories'>Ottelut-2022-23<\/div><\/div><span class='av-masonry-date meta-color updated'>30.10.2022<\/span><span class=\"av-masonry-text-sep text-sep-author\">\/<\/span><span class='av-masonry-author meta-color author'><span class='fn'>by irajessica<\/span><\/span><\/div><\/div><\/figcaption><\/figure><\/a><!--end av-masonry entry--><a href=\"https:\/\/grifk-handball.com\/naiset\/kausi-2022-23\/ottelut-2022-23\/nsm-runkosarja-grifk-sif-25-14\/\"  id='av-masonry-4-item-10409' data-av-masonry-item='10409' class='av-masonry-entry isotope-item post-10409 post type-post status-publish format-standard has-post-thumbnail hentry category-ottelut-2022-23 tag-grifkdamer tag-grifkhandball tag-otteluraportti tag-sm-runkosarja  av-masonry-item-with-image' title=\"20221015140118_IMG_9509\"   itemscope=\"itemscope\" itemtype=\"https:\/\/schema.org\/CreativeWork\" ><div class='av-inner-masonry-sizer'><\/div><figure class='av-inner-masonry main_color'><div class=\"av-masonry-outerimage-container\"><div class='av-masonry-image-container' style=\"background-image: url(https:\/\/grifk-handball.com\/naiset\/wp-content\/uploads\/sites\/3\/2022\/10\/20221015140118_IMG_9509-scaled-e1666012997527-705x558.jpg);\"  title=\"20221015140118_IMG_9509\" ><\/div><\/div><figcaption class='av-inner-masonry-content site-background'><div class='av-inner-masonry-content-pos'><div class='av-inner-masonry-content-pos-content'><div class='avia-arrow'><\/div><h3 class='av-masonry-entry-title entry-title '  itemprop=\"headline\" >NSM runkosarja: GrIFK-SIF 25-14<\/h3><div class='av-masonry-entry-content entry-content'  itemprop=\"text\" >Valmentajan kommentti<br \/>\r\n<br \/>\r\nSk\u00f6nt med tv\u00e5 po\u00e4ng. Vi st\u00e5r riktigt\u2026<div class='av-masonry-categories'>Ottelut-2022-23<\/div><\/div><span class='av-masonry-date meta-color updated'>17.10.2022<\/span><span class=\"av-masonry-text-sep text-sep-author\">\/<\/span><span class='av-masonry-author meta-color author'><span class='fn'>by irajessica<\/span><\/span><\/div><\/div><\/figcaption><\/figure><\/a><!--end av-masonry entry--><a href=\"https:\/\/grifk-handball.com\/naiset\/kausi-2022-23\/ottelut-2022-23\/bk-46-grifk-22-24\/\"  id='av-masonry-4-item-10326' data-av-masonry-item='10326' class='av-masonry-entry isotope-item post-10326 post type-post status-publish format-standard has-post-thumbnail hentry category-ottelut-2022-23 tag-coachpava tag-grifkdamer tag-grifkhandball tag-otteluraportti tag-sm-runkosarja tag-stellabruncrona  av-masonry-item-with-image' title=\"DSC05925\"   itemscope=\"itemscope\" itemtype=\"https:\/\/schema.org\/CreativeWork\" ><div class='av-inner-masonry-sizer'><\/div><figure class='av-inner-masonry main_color'><div class=\"av-masonry-outerimage-container\"><div class='av-masonry-image-container' style=\"background-image: url(https:\/\/grifk-handball.com\/naiset\/wp-content\/uploads\/sites\/3\/2022\/10\/DSC05925-705x470.jpg);\"  title=\"DSC05925\" ><\/div><\/div><figcaption class='av-inner-masonry-content site-background'><div class='av-inner-masonry-content-pos'><div class='av-inner-masonry-content-pos-content'><div class='avia-arrow'><\/div><h3 class='av-masonry-entry-title entry-title '  itemprop=\"headline\" >NSM runkosarja: BK-46-GrIFK  22-24<\/h3><div class='av-masonry-entry-content entry-content'  itemprop=\"text\" >Valmentajan kommentit GrIFK<br \/>\r\n<br \/>\r\nTv\u00e5 po\u00e4ng idag, inget sk\u00f6nspel.\u2026<div class='av-masonry-categories'>Ottelut-2022-23<\/div><\/div><span class='av-masonry-date meta-color updated'>9.10.2022<\/span><span class=\"av-masonry-text-sep text-sep-author\">\/<\/span><span class='av-masonry-author meta-color author'><span class='fn'>by irajessica<\/span><\/span><\/div><\/div><\/figcaption><\/figure><\/a><!--end av-masonry entry--><a href=\"https:\/\/grifk-handball.com\/naiset\/kausi-2022-23\/ottelut-2022-23\/nsm-runkosarja-grifk-kyif-29-23\/\"  id='av-masonry-4-item-10253' data-av-masonry-item='10253' class='av-masonry-entry isotope-item post-10253 post type-post status-publish format-standard has-post-thumbnail hentry category-ottelut-2022-23 tag-coachpava tag-grifkdamer tag-grifkhandball tag-johannahilli tag-otteluraportti tag-sm-runkosarja tag-vispelarforgrankulla  av-masonry-item-with-image' title=\"20220924134132_IMG_9274\"   itemscope=\"itemscope\" itemtype=\"https:\/\/schema.org\/CreativeWork\" ><div class='av-inner-masonry-sizer'><\/div><figure class='av-inner-masonry main_color'><div class=\"av-masonry-outerimage-container\"><div class='av-masonry-image-container' style=\"background-image: url(https:\/\/grifk-handball.com\/naiset\/wp-content\/uploads\/sites\/3\/2022\/09\/20220924134132_IMG_9274-705x529.jpg);\"  title=\"20220924134132_IMG_9274\" ><\/div><\/div><figcaption class='av-inner-masonry-content site-background'><div class='av-inner-masonry-content-pos'><div class='av-inner-masonry-content-pos-content'><div class='avia-arrow'><\/div><h3 class='av-masonry-entry-title entry-title '  itemprop=\"headline\" >NSM runkosarja: GrIFK-KyIF 29-23<\/h3><div class='av-masonry-entry-content entry-content'  itemprop=\"text\" >Valmentajan kommentit GrIFK<br \/>\r\n<br \/>\r\nDet m\u00e4rks att det \u00e4r premi\u00e4rmatch,\u2026<div class='av-masonry-categories'>Ottelut-2022-23<\/div><\/div><span class='av-masonry-date meta-color updated'>27.9.2022<\/span><span class=\"av-masonry-text-sep text-sep-author\">\/<\/span><span class='av-masonry-author meta-color author'><span class='fn'>by irajessica<\/span><\/span><\/div><\/div><\/figcaption><\/figure><\/a><!--end av-masonry entry--><\/div><\/div><br \/>\n\n<style type=\"text\/css\" data-created_by=\"avia_inline_auto\" id=\"style-css-av-2l8ige-ab67e528ab9e276c8407251496a87c43\">\n#top .av-special-heading.av-2l8ige-ab67e528ab9e276c8407251496a87c43{\npadding-bottom:10px;\n}\nbody .av-special-heading.av-2l8ige-ab67e528ab9e276c8407251496a87c43 .av-special-heading-tag .heading-char{\nfont-size:25px;\n}\n.av-special-heading.av-2l8ige-ab67e528ab9e276c8407251496a87c43 .av-subheading{\nfont-size:15px;\n}\n<\/style>\n<div  class='av-special-heading av-2l8ige-ab67e528ab9e276c8407251496a87c43 av-special-heading-h3  avia-builder-el-14  el_after_av_masonry_entries  el_before_av_masonry_entries  avia-builder-el-no-sibling  av-linked-heading'><h3 class='av-special-heading-tag '  itemprop=\"headline\"  >Kausi 2021-22<\/h3><div class=\"special-heading-border\"><div class=\"special-heading-inner-border\"><\/div><\/div><\/div><br \/>\n\n<style type=\"text\/css\" data-created_by=\"avia_inline_auto\" id=\"style-css-av-lia3p11c-9f553039bef449d829fc589b3cb08578\">\n#top .av-masonry.av-lia3p11c-9f553039bef449d829fc589b3cb08578{\nbackground-color:#ffffff;\n}\n<\/style>\n<div id='av-masonry-5' class='av-masonry av-lia3p11c-9f553039bef449d829fc589b3cb08578 noHover av-fixed-size av-large-gap av-hover-overlay- av-masonry-animation-active av-masonry-col-3 av-caption-always av-caption-style- av-masonry-entries av-orientation-square ' data-post_id=\"1454\"><div class=\"av-masonry-container isotope av-js-disabled\"><div class='av-masonry-entry isotope-item av-masonry-item-no-image '><\/div><a href=\"https:\/\/grifk-handball.com\/naiset\/uutiset\/nsm-final-3-dicken-grifk-29-18\/\"  id='av-masonry-5-item-10098' data-av-masonry-item='10098' class='av-masonry-entry isotope-item post-10098 post type-post status-publish format-standard has-post-thumbnail hentry category-ottelut-2021-22 category-uutiset tag-fm-final tag-fm-silver tag-gograni tag-grifkdamer tag-grifkhandball tag-vispelarforgrankulla tag-play-off  av-masonry-item-with-image' title=\"WhatsApp Image 2022-04-24 at 17.50.43\"   itemscope=\"itemscope\" itemtype=\"https:\/\/schema.org\/CreativeWork\" ><div class='av-inner-masonry-sizer'><\/div><figure class='av-inner-masonry main_color'><div class=\"av-masonry-outerimage-container\"><div class='av-masonry-image-container' style=\"background-image: url(https:\/\/grifk-handball.com\/naiset\/wp-content\/uploads\/sites\/3\/2022\/04\/WhatsApp-Image-2022-04-24-at-17.50.43-e1650812102423-705x397.jpeg);\"  title=\"WhatsApp Image 2022-04-24 at 17.50.43\" ><\/div><\/div><figcaption class='av-inner-masonry-content site-background'><div class='av-inner-masonry-content-pos'><div class='av-inner-masonry-content-pos-content'><div class='avia-arrow'><\/div><h3 class='av-masonry-entry-title entry-title '  itemprop=\"headline\" >NSM final 3: Dicken-GrIFK 29-18<\/h3><div class='av-masonry-entry-content entry-content'  itemprop=\"text\" >FM-silver till GrIFK damerna<br \/>\r\n<br \/>\r\nDet var ett taggat GrIFK som\u2026<div class='av-masonry-categories'>Ottelut-2021-22,Uutiset<\/div><\/div><span class='av-masonry-date meta-color updated'>24.4.2022<\/span><span class=\"av-masonry-text-sep text-sep-author\">\/<\/span><span class='av-masonry-author meta-color author'><span class='fn'>by irajessica<\/span><\/span><\/div><\/div><\/figcaption><\/figure><\/a><!--end av-masonry entry--><a href=\"https:\/\/grifk-handball.com\/naiset\/kausi-2021-22\/ottelut-2021-22\/nsm-final-2-grifk-dicken-16-25\/\"  id='av-masonry-5-item-10093' data-av-masonry-item='10093' class='av-masonry-entry isotope-item post-10093 post type-post status-publish format-standard has-post-thumbnail hentry category-ottelut-2021-22 tag-coachanka tag-coachpava tag-fm-final tag-gograni tag-grifkdamer tag-grifkhandball tag-vispelarforgrankulla  av-masonry-item-with-image' title=\"IMG_4518\"   itemscope=\"itemscope\" itemtype=\"https:\/\/schema.org\/CreativeWork\" ><div class='av-inner-masonry-sizer'><\/div><figure class='av-inner-masonry main_color'><div class=\"av-masonry-outerimage-container\"><div class='av-masonry-image-container' style=\"background-image: url(https:\/\/grifk-handball.com\/naiset\/wp-content\/uploads\/sites\/3\/2022\/04\/IMG_4518-scaled-e1650613543169-705x459.jpg);\"  title=\"IMG_4518\" ><\/div><\/div><figcaption class='av-inner-masonry-content site-background'><div class='av-inner-masonry-content-pos'><div class='av-inner-masonry-content-pos-content'><div class='avia-arrow'><\/div><h3 class='av-masonry-entry-title entry-title '  itemprop=\"headline\" >NSM final 2: GrIFK-Dicken 16-25<\/h3><div class='av-masonry-entry-content entry-content'  itemprop=\"text\" >F\u00f6rlust i final nr. 2<br \/>\r\n<br \/>\r\nDet fina v\u00e5rv\u00e4dret gav energi till\u2026<div class='av-masonry-categories'>Ottelut-2021-22<\/div><\/div><span class='av-masonry-date meta-color updated'>22.4.2022<\/span><span class=\"av-masonry-text-sep text-sep-author\">\/<\/span><span class='av-masonry-author meta-color author'><span class='fn'>by irajessica<\/span><\/span><\/div><\/div><\/figcaption><\/figure><\/a><!--end av-masonry entry--><a href=\"https:\/\/grifk-handball.com\/naiset\/kausi-2021-22\/ottelut-2021-22\/nsm-final-1-dicken-grifk-30-20\/\"  id='av-masonry-5-item-10084' data-av-masonry-item='10084' class='av-masonry-entry isotope-item post-10084 post type-post status-publish format-standard has-post-thumbnail hentry category-ottelut-2021-22 tag-coachanka tag-coachpava tag-fm-final tag-gograni tag-grifkdamer tag-grifkhandball tag-vispelarforgrankulla  av-masonry-item-with-image' title=\"DSC05608\"   itemscope=\"itemscope\" itemtype=\"https:\/\/schema.org\/CreativeWork\" ><div class='av-inner-masonry-sizer'><\/div><figure class='av-inner-masonry main_color'><div class=\"av-masonry-outerimage-container\"><div class='av-masonry-image-container' style=\"background-image: url(https:\/\/grifk-handball.com\/naiset\/wp-content\/uploads\/sites\/3\/2022\/04\/DSC05608-scaled-e1650373139761-705x478.jpg);\"  title=\"DSC05608\" ><\/div><\/div><figcaption class='av-inner-masonry-content site-background'><div class='av-inner-masonry-content-pos'><div class='av-inner-masonry-content-pos-content'><div class='avia-arrow'><\/div><h3 class='av-masonry-entry-title entry-title '  itemprop=\"headline\" >NSM final 1: Dicken-GrIFK 30-20<\/h3><div class='av-masonry-entry-content entry-content'  itemprop=\"text\" >F\u00f6rlust i f\u00f6rsta finalen<br \/>\r\n<br \/>\r\nDet var fullt hus i Britas d\u00e5\u2026<div class='av-masonry-categories'>Ottelut-2021-22<\/div><\/div><span class='av-masonry-date meta-color updated'>19.4.2022<\/span><span class=\"av-masonry-text-sep text-sep-author\">\/<\/span><span class='av-masonry-author meta-color author'><span class='fn'>by irajessica<\/span><\/span><\/div><\/div><\/figcaption><\/figure><\/a><!--end av-masonry entry--><a href=\"https:\/\/grifk-handball.com\/naiset\/kausi-2021-22\/ottelut-2021-22\/nsm-semi-4-grifk-hifk-25-22\/\"  id='av-masonry-5-item-10066' data-av-masonry-item='10066' class='av-masonry-entry isotope-item post-10066 post type-post status-publish format-standard has-post-thumbnail hentry category-ottelut-2021-22 tag-coachanka tag-coachpava tag-gograni tag-grifkdamer tag-grifkhandball tag-semifinal tag-vispelarforgrankulla  av-masonry-item-with-image' title=\"IMG_8677\"   itemscope=\"itemscope\" itemtype=\"https:\/\/schema.org\/CreativeWork\" ><div class='av-inner-masonry-sizer'><\/div><figure class='av-inner-masonry main_color'><div class=\"av-masonry-outerimage-container\"><div class='av-masonry-image-container' style=\"background-image: url(https:\/\/grifk-handball.com\/naiset\/wp-content\/uploads\/sites\/3\/2022\/04\/IMG_8677-705x470.jpg);\"  title=\"IMG_8677\" ><\/div><\/div><figcaption class='av-inner-masonry-content site-background'><div class='av-inner-masonry-content-pos'><div class='av-inner-masonry-content-pos-content'><div class='avia-arrow'><\/div><h3 class='av-masonry-entry-title entry-title '  itemprop=\"headline\" >NSM semi 4: GrIFK-HIFK 25-22<\/h3><div class='av-masonry-entry-content entry-content'  itemprop=\"text\" >Damerna till final - f\u00f6r f\u00f6rsta g\u00e5ngen p\u00e5\u00a0 9 \u00e5r<br \/>\r\n<br \/>\r\nDen\u2026<div class='av-masonry-categories'>Ottelut-2021-22<\/div><\/div><span class='av-masonry-date meta-color updated'>11.4.2022<\/span><span class=\"av-masonry-text-sep text-sep-author\">\/<\/span><span class='av-masonry-author meta-color author'><span class='fn'>by irajessica<\/span><\/span><\/div><\/div><\/figcaption><\/figure><\/a><!--end av-masonry entry--><a href=\"https:\/\/grifk-handball.com\/naiset\/kausi-2021-22\/ottelut-2021-22\/nsm-semi-3-hifk-grifk-17-21\/\"  id='av-masonry-5-item-10059' data-av-masonry-item='10059' class='av-masonry-entry isotope-item post-10059 post type-post status-publish format-standard has-post-thumbnail hentry category-ottelut-2021-22 tag-coachanka tag-coachpava tag-gograni tag-grifkdamer tag-grifkhandball tag-semifinal tag-vispelarforgrankulla  av-masonry-item-with-image' title=\"20220406_210938\"   itemscope=\"itemscope\" itemtype=\"https:\/\/schema.org\/CreativeWork\" ><div class='av-inner-masonry-sizer'><\/div><figure class='av-inner-masonry main_color'><div class=\"av-masonry-outerimage-container\"><div class='av-masonry-image-container' style=\"background-image: url(https:\/\/grifk-handball.com\/naiset\/wp-content\/uploads\/sites\/3\/2022\/04\/20220406_210938-scaled-e1649358452283-705x533.jpg);\"  title=\"20220406_210938\" ><\/div><\/div><figcaption class='av-inner-masonry-content site-background'><div class='av-inner-masonry-content-pos'><div class='av-inner-masonry-content-pos-content'><div class='avia-arrow'><\/div><h3 class='av-masonry-entry-title entry-title '  itemprop=\"headline\" >NSM semi 3: HIFK-GrIFK 17-21<\/h3><div class='av-masonry-entry-content entry-content'  itemprop=\"text\" >Seger i seminfinal nr. 3<br \/>\r\n<br \/>\r\nDet var dags f\u00f6r den tredje matchen\u2026<div class='av-masonry-categories'>Ottelut-2021-22<\/div><\/div><span class='av-masonry-date meta-color updated'>7.4.2022<\/span><span class=\"av-masonry-text-sep text-sep-author\">\/<\/span><span class='av-masonry-author meta-color author'><span class='fn'>by irajessica<\/span><\/span><\/div><\/div><\/figcaption><\/figure><\/a><!--end av-masonry entry--><a href=\"https:\/\/grifk-handball.com\/naiset\/kausi-2021-22\/ottelut-2021-22\/nsm-semi-2-grifk-hifk-28-20\/\"  id='av-masonry-5-item-10051' data-av-masonry-item='10051' class='av-masonry-entry isotope-item post-10051 post type-post status-publish format-standard has-post-thumbnail hentry category-ottelut-2021-22 tag-coachanka tag-coachpava tag-gograni tag-grifkdamer tag-grifkhandball tag-semifinal tag-vispelarforgrankulla  av-masonry-item-with-image' title=\"DSC05340\"   itemscope=\"itemscope\" itemtype=\"https:\/\/schema.org\/CreativeWork\" ><div class='av-inner-masonry-sizer'><\/div><figure class='av-inner-masonry main_color'><div class=\"av-masonry-outerimage-container\"><div class='av-masonry-image-container' style=\"background-image: url(https:\/\/grifk-handball.com\/naiset\/wp-content\/uploads\/sites\/3\/2022\/04\/DSC05340-scaled-e1649149870166-705x488.jpg);\"  title=\"DSC05340\" ><\/div><\/div><figcaption class='av-inner-masonry-content site-background'><div class='av-inner-masonry-content-pos'><div class='av-inner-masonry-content-pos-content'><div class='avia-arrow'><\/div><h3 class='av-masonry-entry-title entry-title '  itemprop=\"headline\" >NSM semi 2: GrIFK-HIFK 28-20<\/h3><div class='av-masonry-entry-content entry-content'  itemprop=\"text\" >Seger i semifinal nr. 2<br \/>\r\n<br \/>\r\nDet k\u00e4nns annorlunda p\u00e5 ett bra\u2026<div class='av-masonry-categories'>Ottelut-2021-22<\/div><\/div><span class='av-masonry-date meta-color updated'>5.4.2022<\/span><span class=\"av-masonry-text-sep text-sep-author\">\/<\/span><span class='av-masonry-author meta-color author'><span class='fn'>by irajessica<\/span><\/span><\/div><\/div><\/figcaption><\/figure><\/a><!--end av-masonry entry--><a href=\"https:\/\/grifk-handball.com\/naiset\/kausi-2021-22\/ottelut-2021-22\/nsm-semi-1-hifk-grifk-23-13\/\"  id='av-masonry-5-item-10045' data-av-masonry-item='10045' class='av-masonry-entry isotope-item post-10045 post type-post status-publish format-standard has-post-thumbnail hentry category-ottelut-2021-22 tag-coachanka tag-coachpava tag-gograni tag-grifkdamer tag-grifkhandball tag-semifinal tag-vispelarforgrankulla tag-play-off  av-masonry-item-with-image' title=\"20220401_181110\"   itemscope=\"itemscope\" itemtype=\"https:\/\/schema.org\/CreativeWork\" ><div class='av-inner-masonry-sizer'><\/div><figure class='av-inner-masonry main_color'><div class=\"av-masonry-outerimage-container\"><div class='av-masonry-image-container' style=\"background-image: url(https:\/\/grifk-handball.com\/naiset\/wp-content\/uploads\/sites\/3\/2022\/04\/20220401_181110-scaled-e1648920816363-705x567.jpg);\"  title=\"20220401_181110\" ><\/div><\/div><figcaption class='av-inner-masonry-content site-background'><div class='av-inner-masonry-content-pos'><div class='av-inner-masonry-content-pos-content'><div class='avia-arrow'><\/div><h3 class='av-masonry-entry-title entry-title '  itemprop=\"headline\" >NSM semi 1: HIFK-GrIFK 23-13<\/h3><div class='av-masonry-entry-content entry-content'  itemprop=\"text\" >F\u00f6rlust i f\u00f6rsta semifinalen<br \/>\r\n<br \/>\r\nDet var tv\u00e5 fokuserade lag\u2026<div class='av-masonry-categories'>Ottelut-2021-22<\/div><\/div><span class='av-masonry-date meta-color updated'>2.4.2022<\/span><span class=\"av-masonry-text-sep text-sep-author\">\/<\/span><span class='av-masonry-author meta-color author'><span class='fn'>by irajessica<\/span><\/span><\/div><\/div><\/figcaption><\/figure><\/a><!--end av-masonry entry--><a href=\"https:\/\/grifk-handball.com\/naiset\/kausi-2021-22\/ottelut-2021-22\/vinst-i-grundseriens-sista-match-kyif-grifk-23-28\/\"  id='av-masonry-5-item-10032' data-av-masonry-item='10032' class='av-masonry-entry isotope-item post-10032 post type-post status-publish format-standard has-post-thumbnail hentry category-ottelut-2021-22 tag-coachanka tag-coachpava tag-gograni tag-grifkdamer tag-grifkhandball tag-sm-runkosarja tag-vispelarforgrankulla  av-masonry-item-with-image' title=\"GrIFK-HIFK-18122021-0605\"   itemscope=\"itemscope\" itemtype=\"https:\/\/schema.org\/CreativeWork\" ><div class='av-inner-masonry-sizer'><\/div><figure class='av-inner-masonry main_color'><div class=\"av-masonry-outerimage-container\"><div class='av-masonry-image-container' style=\"background-image: url(https:\/\/grifk-handball.com\/naiset\/wp-content\/uploads\/sites\/3\/2022\/03\/GrIFK-HIFK-18122021-0605-scaled-e1648487192748-705x422.jpg);\"  title=\"GrIFK-HIFK-18122021-0605\" ><\/div><\/div><figcaption class='av-inner-masonry-content site-background'><div class='av-inner-masonry-content-pos'><div class='av-inner-masonry-content-pos-content'><div class='avia-arrow'><\/div><h3 class='av-masonry-entry-title entry-title '  itemprop=\"headline\" >Vinst i grundseriens sista match: KyIF-GrIFK 23-28<\/h3><div class='av-masonry-entry-content entry-content'  itemprop=\"text\" >I l\u00f6rdags var det dags f\u00f6r grundseriens sista match mot KyIF\u2026<div class='av-masonry-categories'>Ottelut-2021-22<\/div><\/div><span class='av-masonry-date meta-color updated'>28.3.2022<\/span><span class=\"av-masonry-text-sep text-sep-author\">\/<\/span><span class='av-masonry-author meta-color author'><span class='fn'>by irajessica<\/span><\/span><\/div><\/div><\/figcaption><\/figure><\/a><!--end av-masonry entry--><a href=\"https:\/\/grifk-handball.com\/naiset\/kausi-2021-22\/ottelut-2021-22\/vinst-i-grundseriens-sista-hemmamatch-grifk-hifk-25-16\/\"  id='av-masonry-5-item-10027' data-av-masonry-item='10027' class='av-masonry-entry isotope-item post-10027 post type-post status-publish format-standard has-post-thumbnail hentry category-ottelut-2021-22 tag-coachanka tag-coachpava tag-gograni tag-grifkdamer tag-grifkhandball tag-sm-runkosarja tag-vispelarforgrankulla  av-masonry-item-with-image' title=\"GrIFK-HIFK-18122021-0613\"   itemscope=\"itemscope\" itemtype=\"https:\/\/schema.org\/CreativeWork\" ><div class='av-inner-masonry-sizer'><\/div><figure class='av-inner-masonry main_color'><div class=\"av-masonry-outerimage-container\"><div class='av-masonry-image-container' style=\"background-image: url(https:\/\/grifk-handball.com\/naiset\/wp-content\/uploads\/sites\/3\/2022\/03\/GrIFK-HIFK-18122021-0613-scaled-e1647938049444-705x511.jpg);\"  title=\"GrIFK-HIFK-18122021-0613\" ><\/div><\/div><figcaption class='av-inner-masonry-content site-background'><div class='av-inner-masonry-content-pos'><div class='av-inner-masonry-content-pos-content'><div class='avia-arrow'><\/div><h3 class='av-masonry-entry-title entry-title '  itemprop=\"headline\" >Vinst i grundseriens sista hemmamatch, GrIFK-HIFK 25-16<\/h3><div class='av-masonry-entry-content entry-content'  itemprop=\"text\" >Grundseriens placeringar var redan klara f\u00f6re matchen mot HIFK.\u2026<div class='av-masonry-categories'>Ottelut-2021-22<\/div><\/div><span class='av-masonry-date meta-color updated'>22.3.2022<\/span><span class=\"av-masonry-text-sep text-sep-author\">\/<\/span><span class='av-masonry-author meta-color author'><span class='fn'>by irajessica<\/span><\/span><\/div><\/div><\/figcaption><\/figure><\/a><!--end av-masonry entry--><a href=\"https:\/\/grifk-handball.com\/naiset\/kausi-2021-22\/ottelut-2021-22\/dicken-grifk-16-3-24-22\/\"  id='av-masonry-5-item-10021' data-av-masonry-item='10021' class='av-masonry-entry isotope-item post-10021 post type-post status-publish format-standard has-post-thumbnail hentry category-ottelut-2021-22 tag-coachanka tag-coachpava tag-grifkdamer tag-grifkhandball tag-sm-runkosarja tag-vispelarforgrankulla  av-masonry-item-with-image' title=\"DSC05045\"   itemscope=\"itemscope\" itemtype=\"https:\/\/schema.org\/CreativeWork\" ><div class='av-inner-masonry-sizer'><\/div><figure class='av-inner-masonry main_color'><div class=\"av-masonry-outerimage-container\"><div class='av-masonry-image-container' style=\"background-image: url(https:\/\/grifk-handball.com\/naiset\/wp-content\/uploads\/sites\/3\/2022\/03\/DSC05045-scaled-e1647535331748-705x565.jpg);\"  title=\"DSC05045\" ><\/div><\/div><figcaption class='av-inner-masonry-content site-background'><div class='av-inner-masonry-content-pos'><div class='av-inner-masonry-content-pos-content'><div class='avia-arrow'><\/div><h3 class='av-masonry-entry-title entry-title '  itemprop=\"headline\" >Dicken-GrIFK 16.3: 24-22<\/h3><div class='av-masonry-entry-content entry-content'  itemprop=\"text\" >En h\u00e4ndelserik match slutar med f\u00f6rlust i Britas<br \/>\r\n<br \/>\r\nDet var\u2026<div class='av-masonry-categories'>Ottelut-2021-22<\/div><\/div><span class='av-masonry-date meta-color updated'>17.3.2022<\/span><span class=\"av-masonry-text-sep text-sep-author\">\/<\/span><span class='av-masonry-author meta-color author'><span class='fn'>by irajessica<\/span><\/span><\/div><\/div><\/figcaption><\/figure><\/a><!--end av-masonry entry--><a href=\"https:\/\/grifk-handball.com\/naiset\/kausi-2021-22\/ottelut-2021-22\/otteluraportti-sif-grifk-21-29-grifk-haki-voiton-sifsta\/\"  id='av-masonry-5-item-10005' data-av-masonry-item='10005' class='av-masonry-entry isotope-item post-10005 post type-post status-publish format-standard has-post-thumbnail hentry category-ottelut-2021-22  av-masonry-item-with-image' title=\"GrIFK-HIFK-18122021-0603\"   itemscope=\"itemscope\" itemtype=\"https:\/\/schema.org\/CreativeWork\" ><div class='av-inner-masonry-sizer'><\/div><figure class='av-inner-masonry main_color'><div class=\"av-masonry-outerimage-container\"><div class='av-masonry-image-container' style=\"background-image: url(https:\/\/grifk-handball.com\/naiset\/wp-content\/uploads\/sites\/3\/2022\/03\/GrIFK-HIFK-18122021-0603-scaled-e1647241517639-705x398.jpg);\"  title=\"GrIFK-HIFK-18122021-0603\" ><\/div><\/div><figcaption class='av-inner-masonry-content site-background'><div class='av-inner-masonry-content-pos'><div class='av-inner-masonry-content-pos-content'><div class='avia-arrow'><\/div><h3 class='av-masonry-entry-title entry-title '  itemprop=\"headline\" >Otteluraportti: GRIFK HAKI VOITON SIF:ST\u00c4 21-29 Viktig vinst mot SIF i Sjunde\u00e5<\/h3><div class='av-masonry-entry-content entry-content'  itemprop=\"text\" >B\u00e5de tr\u00e4narna och spelarna hade ett bra go d\u00e5 vi anl\u00e4nde\u2026<div class='av-masonry-categories'>Ottelut-2021-22<\/div><\/div><span class='av-masonry-date meta-color updated'>14.3.2022<\/span><span class=\"av-masonry-text-sep text-sep-author\">\/<\/span><span class='av-masonry-author meta-color author'><span class='fn'>by irajessica<\/span><\/span><\/div><\/div><\/figcaption><\/figure><\/a><!--end av-masonry entry--><a href=\"https:\/\/grifk-handball.com\/naiset\/kausi-2021-22\/ottelut-2021-22\/vinst-i-pargas-pif-grifk-22-23\/\"  id='av-masonry-5-item-9995' data-av-masonry-item='9995' class='av-masonry-entry isotope-item post-9995 post type-post status-publish format-standard has-post-thumbnail hentry category-ottelut-2021-22 tag-coachanka tag-coachpava tag-grifkdamer tag-grifkhandball tag-sm-runkosarja tag-vispelarforgrankulla  av-masonry-item-with-image' title=\"20220216_195051\"   itemscope=\"itemscope\" itemtype=\"https:\/\/schema.org\/CreativeWork\" ><div class='av-inner-masonry-sizer'><\/div><figure class='av-inner-masonry main_color'><div class=\"av-masonry-outerimage-container\"><div class='av-masonry-image-container' style=\"background-image: url(https:\/\/grifk-handball.com\/naiset\/wp-content\/uploads\/sites\/3\/2022\/02\/20220216_195051-scaled-e1645604405601-705x592.jpg);\"  title=\"20220216_195051\" ><\/div><\/div><figcaption class='av-inner-masonry-content site-background'><div class='av-inner-masonry-content-pos'><div class='av-inner-masonry-content-pos-content'><div class='avia-arrow'><\/div><h3 class='av-masonry-entry-title entry-title '  itemprop=\"headline\" >Vinst i Pargas: PIF-GrIFK 22-23<\/h3><div class='av-masonry-entry-content entry-content'  itemprop=\"text\" >&nbsp;<br \/>\r\n<br \/>\r\nEn vecka efter f\u00f6rra matchen, hemma mot PIF, hoppade\u2026<div class='av-masonry-categories'>Ottelut-2021-22<\/div><\/div><span class='av-masonry-date meta-color updated'>6.3.2022<\/span><span class=\"av-masonry-text-sep text-sep-author\">\/<\/span><span class='av-masonry-author meta-color author'><span class='fn'>by irajessica<\/span><\/span><\/div><\/div><\/figcaption><\/figure><\/a><!--end av-masonry entry--><a href=\"https:\/\/grifk-handball.com\/naiset\/kausi-2021-22\/ottelut-2021-22\/grifk-kaatoi-pifn-selvin-numeroin-32-15\/\"  id='av-masonry-5-item-9982' data-av-masonry-item='9982' class='av-masonry-entry isotope-item post-9982 post type-post status-publish format-standard has-post-thumbnail hentry category-ottelut-2021-22 tag-coachanka tag-coachpava tag-gograni tag-grifkdamer tag-grifkhandball tag-sm-runkosarja tag-vispelarforgrankulla  av-masonry-item-with-image' title=\"DSC05203\"   itemscope=\"itemscope\" itemtype=\"https:\/\/schema.org\/CreativeWork\" ><div class='av-inner-masonry-sizer'><\/div><figure class='av-inner-masonry main_color'><div class=\"av-masonry-outerimage-container\"><div class='av-masonry-image-container' style=\"background-image: url(https:\/\/grifk-handball.com\/naiset\/wp-content\/uploads\/sites\/3\/2022\/02\/DSC05203-scaled-e1645957476188-705x418.jpg);\"  title=\"DSC05203\" ><\/div><\/div><figcaption class='av-inner-masonry-content site-background'><div class='av-inner-masonry-content-pos'><div class='av-inner-masonry-content-pos-content'><div class='avia-arrow'><\/div><h3 class='av-masonry-entry-title entry-title '  itemprop=\"headline\" >GrIFK kaatoi PIF:n selvin numeroin 32-15<\/h3><div class='av-masonry-entry-content entry-content'  itemprop=\"text\" >GrIFK pyyhk\u00e4isi viikolla kokemansa Suomen Cupin finaalitappion\u2026<div class='av-masonry-categories'>Ottelut-2021-22<\/div><\/div><span class='av-masonry-date meta-color updated'>27.2.2022<\/span><span class=\"av-masonry-text-sep text-sep-author\">\/<\/span><span class='av-masonry-author meta-color author'><span class='fn'>by irajessica<\/span><\/span><\/div><\/div><\/figcaption><\/figure><\/a><!--end av-masonry entry--><a href=\"https:\/\/grifk-handball.com\/naiset\/kausi-2021-22\/ottelut-2021-22\/suomen-cup-finaali-dicken-grifk-24-17\/\"  id='av-masonry-5-item-9973' data-av-masonry-item='9973' class='av-masonry-entry isotope-item post-9973 post type-post status-publish format-standard has-post-thumbnail hentry category-ottelut-2021-22 tag-coachanka tag-coachpava tag-gograni tag-grifkdamer tag-grifkhandball tag-vispelarforgrankulla tag-suomen-cup  av-masonry-item-with-image' title=\"IMG_1662\"   itemscope=\"itemscope\" itemtype=\"https:\/\/schema.org\/CreativeWork\" ><div class='av-inner-masonry-sizer'><\/div><figure class='av-inner-masonry main_color'><div class=\"av-masonry-outerimage-container\"><div class='av-masonry-image-container' style=\"background-image: url(https:\/\/grifk-handball.com\/naiset\/wp-content\/uploads\/sites\/3\/2022\/02\/IMG_1662-705x470.jpg);\"  title=\"IMG_1662\" ><\/div><\/div><figcaption class='av-inner-masonry-content site-background'><div class='av-inner-masonry-content-pos'><div class='av-inner-masonry-content-pos-content'><div class='avia-arrow'><\/div><h3 class='av-masonry-entry-title entry-title '  itemprop=\"headline\" >Suomen cup finaali Dicken-GrIFK 24-17<\/h3><div class='av-masonry-entry-content entry-content'  itemprop=\"text\" >F\u00f6rlust i cupfinalen<br \/>\r\n<br \/>\r\nDet var en annan k\u00e4nsla i luften, sv\u00e5rt\u2026<div class='av-masonry-categories'>Ottelut-2021-22<\/div><\/div><span class='av-masonry-date meta-color updated'>24.2.2022<\/span><span class=\"av-masonry-text-sep text-sep-author\">\/<\/span><span class='av-masonry-author meta-color author'><span class='fn'>by irajessica<\/span><\/span><\/div><\/div><\/figcaption><\/figure><\/a><!--end av-masonry entry--><a href=\"https:\/\/grifk-handball.com\/naiset\/kausi-2021-22\/ottelut-2021-22\/grifk-kyif-19-2-25-32\/\"  id='av-masonry-5-item-9957' data-av-masonry-item='9957' class='av-masonry-entry isotope-item post-9957 post type-post status-publish format-standard has-post-thumbnail hentry category-ottelut-2021-22 tag-coachanka tag-coachpava tag-gograni tag-grifkdamer tag-grifkhandball tag-sm-runkosarja tag-vispelarforgrankulla  av-masonry-item-with-image' title=\"DSC04798\"   itemscope=\"itemscope\" itemtype=\"https:\/\/schema.org\/CreativeWork\" ><div class='av-inner-masonry-sizer'><\/div><figure class='av-inner-masonry main_color'><div class=\"av-masonry-outerimage-container\"><div class='av-masonry-image-container' style=\"background-image: url(https:\/\/grifk-handball.com\/naiset\/wp-content\/uploads\/sites\/3\/2022\/02\/DSC04798-scaled-e1645522215687-705x457.jpg);\"  title=\"DSC04798\" ><\/div><\/div><figcaption class='av-inner-masonry-content site-background'><div class='av-inner-masonry-content-pos'><div class='av-inner-masonry-content-pos-content'><div class='avia-arrow'><\/div><h3 class='av-masonry-entry-title entry-title '  itemprop=\"headline\" >GrIFK-KyIF 19.2: 25-32<\/h3><div class='av-masonry-entry-content entry-content'  itemprop=\"text\" >F\u00f6rlust i hemmam\u00f6tet mot KYIF<br \/>\r\n<br \/>\r\nUtg\u00e5ngsl\u00e4get f\u00f6re matchen\u2026<div class='av-masonry-categories'>Ottelut-2021-22<\/div><\/div><span class='av-masonry-date meta-color updated'>22.2.2022<\/span><span class=\"av-masonry-text-sep text-sep-author\">\/<\/span><span class='av-masonry-author meta-color author'><span class='fn'>by irajessica<\/span><\/span><\/div><\/div><\/figcaption><\/figure><\/a><!--end av-masonry entry--><a href=\"https:\/\/grifk-handball.com\/naiset\/kausi-2021-22\/ottelut-2021-22\/grifk-hifk-25-22\/\"  id='av-masonry-5-item-9947' data-av-masonry-item='9947' class='av-masonry-entry isotope-item post-9947 post type-post status-publish format-standard has-post-thumbnail hentry category-ottelut-2021-22 tag-coachanka tag-coachpava tag-gograni tag-grifkdamer tag-grifkhandball tag-sm-runkosarja tag-vispelarforgrankulla  av-masonry-item-with-image' title=\"20220216_212622\"   itemscope=\"itemscope\" itemtype=\"https:\/\/schema.org\/CreativeWork\" ><div class='av-inner-masonry-sizer'><\/div><figure class='av-inner-masonry main_color'><div class=\"av-masonry-outerimage-container\"><div class='av-masonry-image-container' style=\"background-image: url(https:\/\/grifk-handball.com\/naiset\/wp-content\/uploads\/sites\/3\/2022\/02\/20220216_212622-e1645125169325.jpeg);\"  title=\"20220216_212622\" ><\/div><\/div><figcaption class='av-inner-masonry-content site-background'><div class='av-inner-masonry-content-pos'><div class='av-inner-masonry-content-pos-content'><div class='avia-arrow'><\/div><h3 class='av-masonry-entry-title entry-title '  itemprop=\"headline\" >HIFK-GrIFK 25-22<\/h3><div class='av-masonry-entry-content entry-content'  itemprop=\"text\" >F\u00f6rlust i bortam\u00f6tet mot HIFK<br \/>\r\n<br \/>\r\nDet var tv\u00e5 lag som ville\u2026<div class='av-masonry-categories'>Ottelut-2021-22<\/div><\/div><span class='av-masonry-date meta-color updated'>17.2.2022<\/span><span class=\"av-masonry-text-sep text-sep-author\">\/<\/span><span class='av-masonry-author meta-color author'><span class='fn'>by irajessica<\/span><\/span><\/div><\/div><\/figcaption><\/figure><\/a><!--end av-masonry entry--><a href=\"https:\/\/grifk-handball.com\/naiset\/kausi-2021-22\/ottelut-2021-22\/grifk-dicken-vinst-mot-serieledarna-29-28\/\"  id='av-masonry-5-item-9931' data-av-masonry-item='9931' class='av-masonry-entry isotope-item post-9931 post type-post status-publish format-standard has-post-thumbnail hentry category-ottelut-2021-22 tag-coachanka tag-coachpava tag-gograni tag-grifkdamer tag-grifkhandball tag-sm-runkosarja tag-vispelarforgrankulla  av-masonry-item-with-image' title=\"DSC_0464\"   itemscope=\"itemscope\" itemtype=\"https:\/\/schema.org\/CreativeWork\" ><div class='av-inner-masonry-sizer'><\/div><figure class='av-inner-masonry main_color'><div class=\"av-masonry-outerimage-container\"><div class='av-masonry-image-container' style=\"background-image: url(https:\/\/grifk-handball.com\/naiset\/wp-content\/uploads\/sites\/3\/2022\/02\/DSC_0464-scaled-e1644698902964-705x475.jpg);\"  title=\"DSC_0464\" ><\/div><\/div><figcaption class='av-inner-masonry-content site-background'><div class='av-inner-masonry-content-pos'><div class='av-inner-masonry-content-pos-content'><div class='avia-arrow'><\/div><h3 class='av-masonry-entry-title entry-title '  itemprop=\"headline\" >GrIFK-Dicken: Vinst mot serieledarna 29-28<\/h3><div class='av-masonry-entry-content entry-content'  itemprop=\"text\" >Det m\u00e4rktes direkt n\u00e4r de tv\u00e5 lagen anl\u00e4nde till Granigrottan\u2026<div class='av-masonry-categories'>Ottelut-2021-22<\/div><\/div><span class='av-masonry-date meta-color updated'>13.2.2022<\/span><span class=\"av-masonry-text-sep text-sep-author\">\/<\/span><span class='av-masonry-author meta-color author'><span class='fn'>by irajessica<\/span><\/span><\/div><\/div><\/figcaption><\/figure><\/a><!--end av-masonry entry--><a href=\"https:\/\/grifk-handball.com\/naiset\/kausi-2021-22\/ottelut-2021-22\/poangen-hem-i-arets-forsta-match-grifk-sif-27-18\/\"  id='av-masonry-5-item-9910' data-av-masonry-item='9910' class='av-masonry-entry isotope-item post-9910 post type-post status-publish format-standard has-post-thumbnail hentry category-ottelut-2021-22  av-masonry-item-with-image' title=\"DSC_0306\"   itemscope=\"itemscope\" itemtype=\"https:\/\/schema.org\/CreativeWork\" ><div class='av-inner-masonry-sizer'><\/div><figure class='av-inner-masonry main_color'><div class=\"av-masonry-outerimage-container\"><div class='av-masonry-image-container' style=\"background-image: url(https:\/\/grifk-handball.com\/naiset\/wp-content\/uploads\/sites\/3\/2022\/02\/DSC_0306-scaled-e1644162624617-705x362.jpg);\"  title=\"DSC_0306\" ><\/div><\/div><figcaption class='av-inner-masonry-content site-background'><div class='av-inner-masonry-content-pos'><div class='av-inner-masonry-content-pos-content'><div class='avia-arrow'><\/div><h3 class='av-masonry-entry-title entry-title '  itemprop=\"headline\" >Po\u00e4ngen hem i \u00e5rets f\u00f6rsta hemmamatch: GrIFK-SIF 27-18<\/h3><div class='av-masonry-entry-content entry-content'  itemprop=\"text\" >Vahvan toisen puoliajan ansiosta GrIFK nappasi 27-18 (10-11)-voiton\u2026<div class='av-masonry-categories'>Ottelut-2021-22<\/div><\/div><span class='av-masonry-date meta-color updated'>6.2.2022<\/span><span class=\"av-masonry-text-sep text-sep-author\">\/<\/span><span class='av-masonry-author meta-color author'><span class='fn'>by irajessica<\/span><\/span><\/div><\/div><\/figcaption><\/figure><\/a><!--end av-masonry entry--><a href=\"https:\/\/grifk-handball.com\/naiset\/kausi-2021-22\/ottelut-2021-22\/delade-poang-i-arets-sista-match-grifk-hifk-25-25\/\"  id='av-masonry-5-item-9841' data-av-masonry-item='9841' class='av-masonry-entry isotope-item post-9841 post type-post status-publish format-standard has-post-thumbnail hentry category-ottelut-2021-22 tag-coachanka tag-coachpava tag-grifkdamer tag-grifkhandball tag-joululoma tag-sm-runkosarja tag-vispelarforgrankulla  av-masonry-item-with-image' title=\"GrIFK-HIFK-18122021-0609\"   itemscope=\"itemscope\" itemtype=\"https:\/\/schema.org\/CreativeWork\" ><div class='av-inner-masonry-sizer'><\/div><figure class='av-inner-masonry main_color'><div class=\"av-masonry-outerimage-container\"><div class='av-masonry-image-container' style=\"background-image: url(https:\/\/grifk-handball.com\/naiset\/wp-content\/uploads\/sites\/3\/2021\/12\/GrIFK-HIFK-18122021-0609-705x470.jpg);\"  title=\"GrIFK-HIFK-18122021-0609\" ><\/div><\/div><figcaption class='av-inner-masonry-content site-background'><div class='av-inner-masonry-content-pos'><div class='av-inner-masonry-content-pos-content'><div class='avia-arrow'><\/div><h3 class='av-masonry-entry-title entry-title '  itemprop=\"headline\" >Delade po\u00e4ng i \u00e5rets sista match, GrIFK-HIFK 25-25<\/h3><div class='av-masonry-entry-content entry-content'  itemprop=\"text\" >Det var tv\u00e5 taggade lag som m\u00f6ttes i Grankulla p\u00e5 l\u00f6rdagen.\u2026<div class='av-masonry-categories'>Ottelut-2021-22<\/div><\/div><span class='av-masonry-date meta-color updated'>19.12.2021<\/span><span class=\"av-masonry-text-sep text-sep-author\">\/<\/span><span class='av-masonry-author meta-color author'><span class='fn'>by irajessica<\/span><\/span><\/div><\/div><\/figcaption><\/figure><\/a><!--end av-masonry entry--><a href=\"https:\/\/grifk-handball.com\/naiset\/kausi-2021-22\/ottelut-2021-22\/seger-i-hostens-nastsista-match-grifk-pif-30-18\/\"  id='av-masonry-5-item-9825' data-av-masonry-item='9825' class='av-masonry-entry isotope-item post-9825 post type-post status-publish format-standard has-post-thumbnail hentry category-ottelut-2021-22 tag-coachanka tag-coachpava tag-grifkdamer tag-grifkhandball tag-sm-runkosarja tag-vispelarforgrankulla  av-masonry-item-with-image' title=\"DSC_0182\"   itemscope=\"itemscope\" itemtype=\"https:\/\/schema.org\/CreativeWork\" ><div class='av-inner-masonry-sizer'><\/div><figure class='av-inner-masonry main_color'><div class=\"av-masonry-outerimage-container\"><div class='av-masonry-image-container' style=\"background-image: url(https:\/\/grifk-handball.com\/naiset\/wp-content\/uploads\/sites\/3\/2021\/12\/DSC_0182-705x467.jpg);\"  title=\"DSC_0182\" ><\/div><\/div><figcaption class='av-inner-masonry-content site-background'><div class='av-inner-masonry-content-pos'><div class='av-inner-masonry-content-pos-content'><div class='avia-arrow'><\/div><h3 class='av-masonry-entry-title entry-title '  itemprop=\"headline\" >Seger i h\u00f6stens n\u00e4stsista match, GrIFK-PIF 30-18<\/h3><div class='av-masonry-entry-content entry-content'  itemprop=\"text\" >P\u00e5 l\u00f6rdagen m\u00f6ttes tv\u00e5 lag med decimerade trupper. Trots\u2026<div class='av-masonry-categories'>Ottelut-2021-22<\/div><\/div><span class='av-masonry-date meta-color updated'>12.12.2021<\/span><span class=\"av-masonry-text-sep text-sep-author\">\/<\/span><span class='av-masonry-author meta-color author'><span class='fn'>by irajessica<\/span><\/span><\/div><\/div><\/figcaption><\/figure><\/a><!--end av-masonry entry--><a href=\"https:\/\/grifk-handball.com\/naiset\/kausi-2021-22\/ottelut-2021-22\/otteluraportti-grifk-hifk-suomen-cup-valiera-29-23\/\"  id='av-masonry-5-item-9802' data-av-masonry-item='9802' class='av-masonry-entry isotope-item post-9802 post type-post status-publish format-standard has-post-thumbnail hentry category-ottelut-2021-22 tag-coachanka tag-coachpava tag-grifkdamer tag-grifkhandball tag-suomen-cup  av-masonry-item-with-image' title=\"20211208 GrIFK-HIFK\"   itemscope=\"itemscope\" itemtype=\"https:\/\/schema.org\/CreativeWork\" ><div class='av-inner-masonry-sizer'><\/div><figure class='av-inner-masonry main_color'><div class=\"av-masonry-outerimage-container\"><div class='av-masonry-image-container' style=\"background-image: url(https:\/\/grifk-handball.com\/naiset\/wp-content\/uploads\/sites\/3\/2021\/12\/20211208-GrIFK-HIFK-705x427.jpg);\"  title=\"20211208 GrIFK-HIFK\" ><\/div><\/div><figcaption class='av-inner-masonry-content site-background'><div class='av-inner-masonry-content-pos'><div class='av-inner-masonry-content-pos-content'><div class='avia-arrow'><\/div><h3 class='av-masonry-entry-title entry-title '  itemprop=\"headline\" >Finaaliin! GrIFK-HIFK Suomen Cup v\u00e4lier\u00e4: 29-23<\/h3><div class='av-masonry-entry-content entry-content'  itemprop=\"text\" >Inf\u00f6r semifinalen mot HIFK l\u00e4mnade vi f\u00f6rra matchen bakom\u2026<div class='av-masonry-categories'>Ottelut-2021-22<\/div><\/div><span class='av-masonry-date meta-color updated'>9.12.2021<\/span><span class=\"av-masonry-text-sep text-sep-author\">\/<\/span><span class='av-masonry-author meta-color author'><span class='fn'>by irajessica<\/span><\/span><\/div><\/div><\/figcaption><\/figure><\/a><!--end av-masonry entry--><a href=\"https:\/\/grifk-handball.com\/naiset\/kausi-2021-22\/ottelut-2021-22\/otteluraportti-kyifk-grifk-26-24\/\"  id='av-masonry-5-item-9793' data-av-masonry-item='9793' class='av-masonry-entry isotope-item post-9793 post type-post status-publish format-standard has-post-thumbnail hentry category-ottelut-2021-22 tag-coachpava tag-gograni tag-grifkdamer tag-sm-runkosarja tag-vispelarforgrankulla  av-masonry-item-with-image' title=\"DSC03491\"   itemscope=\"itemscope\" itemtype=\"https:\/\/schema.org\/CreativeWork\" ><div class='av-inner-masonry-sizer'><\/div><figure class='av-inner-masonry main_color'><div class=\"av-masonry-outerimage-container\"><div class='av-masonry-image-container' style=\"background-image: url(https:\/\/grifk-handball.com\/naiset\/wp-content\/uploads\/sites\/3\/2021\/12\/DSC03491-705x656.jpg);\"  title=\"DSC03491\" ><\/div><\/div><figcaption class='av-inner-masonry-content site-background'><div class='av-inner-masonry-content-pos'><div class='av-inner-masonry-content-pos-content'><div class='avia-arrow'><\/div><h3 class='av-masonry-entry-title entry-title '  itemprop=\"headline\" >Otteluraportti: KyIFK-GrIFK 26-24<\/h3><div class='av-masonry-entry-content entry-content'  itemprop=\"text\" >Valmentajan kommentit GrIFK Tr\u00e4narnas kommentarer<br \/>\r\n<br \/>\r\nTv\u00e5 viktiga\u2026<div class='av-masonry-categories'>Ottelut-2021-22<\/div><\/div><span class='av-masonry-date meta-color updated'>6.12.2021<\/span><span class=\"av-masonry-text-sep text-sep-author\">\/<\/span><span class='av-masonry-author meta-color author'><span class='fn'>by irajessica<\/span><\/span><\/div><\/div><\/figcaption><\/figure><\/a><!--end av-masonry entry--><a href=\"https:\/\/grifk-handball.com\/naiset\/kausi-2021-22\/ottelut-2021-22\/seger-hemma-mot-sif-28-21\/\"  id='av-masonry-5-item-9758' data-av-masonry-item='9758' class='av-masonry-entry isotope-item post-9758 post type-post status-publish format-standard has-post-thumbnail hentry category-ottelut-2021-22 tag-coachanka tag-coachpava tag-gograni tag-grifkdamer tag-grifkhandball tag-sm-runkosarja tag-vispelarforgrankulla  av-masonry-item-with-image' title=\"DSC_0237\"   itemscope=\"itemscope\" itemtype=\"https:\/\/schema.org\/CreativeWork\" ><div class='av-inner-masonry-sizer'><\/div><figure class='av-inner-masonry main_color'><div class=\"av-masonry-outerimage-container\"><div class='av-masonry-image-container' style=\"background-image: url(https:\/\/grifk-handball.com\/naiset\/wp-content\/uploads\/sites\/3\/2021\/11\/DSC_0237-scaled-e1637516383666-705x456.jpg);\"  title=\"DSC_0237\" ><\/div><\/div><figcaption class='av-inner-masonry-content site-background'><div class='av-inner-masonry-content-pos'><div class='av-inner-masonry-content-pos-content'><div class='avia-arrow'><\/div><h3 class='av-masonry-entry-title entry-title '  itemprop=\"headline\" >Seger hemma mot SIF 28-21<\/h3><div class='av-masonry-entry-content entry-content'  itemprop=\"text\" >Det var tv\u00e5 taggade damlag som m\u00f6ttes ig\u00e5r i grottan f\u00f6r\u2026<div class='av-masonry-categories'>Ottelut-2021-22<\/div><\/div><span class='av-masonry-date meta-color updated'>21.11.2021<\/span><span class=\"av-masonry-text-sep text-sep-author\">\/<\/span><span class='av-masonry-author meta-color author'><span class='fn'>by irajessica<\/span><\/span><\/div><\/div><\/figcaption><\/figure><\/a><!--end av-masonry entry--><a href=\"https:\/\/grifk-handball.com\/naiset\/kausi-2021-22\/ottelut-2021-22\/otteluraportti-grifk-dicken-25-26\/\"  id='av-masonry-5-item-9641' data-av-masonry-item='9641' class='av-masonry-entry isotope-item post-9641 post type-post status-publish format-standard has-post-thumbnail hentry category-ottelut-2021-22 tag-coachanka tag-coachpava tag-gograni tag-grifkdamer tag-grifkhandball tag-sm-runkosarja tag-vispelarforgrankulla  av-masonry-item-with-image' title=\"DSC_0142\"   itemscope=\"itemscope\" itemtype=\"https:\/\/schema.org\/CreativeWork\" ><div class='av-inner-masonry-sizer'><\/div><figure class='av-inner-masonry main_color'><div class=\"av-masonry-outerimage-container\"><div class='av-masonry-image-container' style=\"background-image: url(https:\/\/grifk-handball.com\/naiset\/wp-content\/uploads\/sites\/3\/2021\/11\/DSC_0142-scaled-e1636897668585-705x348.jpg);\"  title=\"DSC_0142\" ><\/div><\/div><figcaption class='av-inner-masonry-content site-background'><div class='av-inner-masonry-content-pos'><div class='av-inner-masonry-content-pos-content'><div class='avia-arrow'><\/div><h3 class='av-masonry-entry-title entry-title '  itemprop=\"headline\" >Otteluraportti: GrIFK-Dicken 25-26<\/h3><div class='av-masonry-entry-content entry-content'  itemprop=\"text\" >Valmentajan kommentit GrIFK:<br \/>\r\n<br \/>\r\nHelt rolig och j\u00e4mn match i\u2026<div class='av-masonry-categories'>Ottelut-2021-22<\/div><\/div><span class='av-masonry-date meta-color updated'>13.11.2021<\/span><span class=\"av-masonry-text-sep text-sep-author\">\/<\/span><span class='av-masonry-author meta-color author'><span class='fn'>by irajessica<\/span><\/span><\/div><\/div><\/figcaption><\/figure><\/a><!--end av-masonry entry--><a href=\"https:\/\/grifk-handball.com\/naiset\/kausi-2021-22\/ottelut-2021-22\/otteluraportti-hifk-grifk-32-27\/\"  id='av-masonry-5-item-9519' data-av-masonry-item='9519' class='av-masonry-entry isotope-item post-9519 post type-post status-publish format-standard has-post-thumbnail hentry category-ottelut-2021-22 tag-coachanka tag-coachpava tag-gograni tag-grifkdamer tag-grifkhandball tag-vispelarforgrankulla tag-runkosarja tag-sm-sarja  av-masonry-item-with-image' title=\"Allman handerna upp\"   itemscope=\"itemscope\" itemtype=\"https:\/\/schema.org\/CreativeWork\" ><div class='av-inner-masonry-sizer'><\/div><figure class='av-inner-masonry main_color'><div class=\"av-masonry-outerimage-container\"><div class='av-masonry-image-container' style=\"background-image: url(https:\/\/grifk-handball.com\/naiset\/wp-content\/uploads\/sites\/3\/2021\/11\/Allman-handerna-upp-scaled-e1636898178347-705x302.jpg);\"  title=\"Allman handerna upp\" ><\/div><\/div><figcaption class='av-inner-masonry-content site-background'><div class='av-inner-masonry-content-pos'><div class='av-inner-masonry-content-pos-content'><div class='avia-arrow'><\/div><h3 class='av-masonry-entry-title entry-title '  itemprop=\"headline\" >Otteluraportti: HIFK-GrIFK 32-27<\/h3><div class='av-masonry-entry-content entry-content'  itemprop=\"text\" >\u201dF\u00f6rsta f\u00f6rlusten f\u00f6r s\u00e4songen\"<br \/>\r\nDet m\u00e4rktes redan d\u00e5\u2026<div class='av-masonry-categories'>Ottelut-2021-22<\/div><\/div><span class='av-masonry-date meta-color updated'>1.11.2021<\/span><span class=\"av-masonry-text-sep text-sep-author\">\/<\/span><span class='av-masonry-author meta-color author'><span class='fn'>by irajessica<\/span><\/span><\/div><\/div><\/figcaption><\/figure><\/a><!--end av-masonry entry--><a href=\"https:\/\/grifk-handball.com\/naiset\/kausi-2021-22\/ottelut-2021-22\/seger-i-match-nr-3-pif-grifk-18-35\/\"  id='av-masonry-5-item-9505' data-av-masonry-item='9505' class='av-masonry-entry isotope-item post-9505 post type-post status-publish format-standard has-post-thumbnail hentry category-ottelut-2021-22 tag-coachanka tag-coachpava tag-gograni tag-grifkdamer tag-grifkhandball tag-vispelarforgrankulla tag-runkosarja tag-sm-sarja  av-masonry-item-with-image' title=\"pif\"   itemscope=\"itemscope\" itemtype=\"https:\/\/schema.org\/CreativeWork\" ><div class='av-inner-masonry-sizer'><\/div><figure class='av-inner-masonry main_color'><div class=\"av-masonry-outerimage-container\"><div class='av-masonry-image-container' style=\"background-image: url(https:\/\/grifk-handball.com\/naiset\/wp-content\/uploads\/sites\/3\/2021\/10\/pif-e1633284538181-705x359.jpeg);\"  title=\"pif\" ><\/div><\/div><figcaption class='av-inner-masonry-content site-background'><div class='av-inner-masonry-content-pos'><div class='av-inner-masonry-content-pos-content'><div class='avia-arrow'><\/div><h3 class='av-masonry-entry-title entry-title '  itemprop=\"headline\" >Seger i match nr. 3: PIF-GrIFK 18-35<\/h3><div class='av-masonry-entry-content entry-content'  itemprop=\"text\" >S\u00e4songens tredje match spelades p\u00e5 bortaplan mot PIF, i Pargas\u2026<div class='av-masonry-categories'>Ottelut-2021-22<\/div><\/div><span class='av-masonry-date meta-color updated'>3.10.2021<\/span><span class=\"av-masonry-text-sep text-sep-author\">\/<\/span><span class='av-masonry-author meta-color author'><span class='fn'>by irajessica<\/span><\/span><\/div><\/div><\/figcaption><\/figure><\/a><!--end av-masonry entry--><a href=\"https:\/\/grifk-handball.com\/naiset\/kausi-2021-22\/ottelut-2021-22\/vinst-i-hemmapremiaren-grifk-kyif-24-21\/\"  id='av-masonry-5-item-9489' data-av-masonry-item='9489' class='av-masonry-entry isotope-item post-9489 post type-post status-publish format-standard has-post-thumbnail hentry category-ottelut-2021-22 tag-coachanka tag-coachpava tag-gograni tag-grifkdamer tag-grifkhandball tag-vispelarforgrankulla tag-runkosarja tag-sm-sarja  av-masonry-item-with-image' title=\"DSC03361\"   itemscope=\"itemscope\" itemtype=\"https:\/\/schema.org\/CreativeWork\" ><div class='av-inner-masonry-sizer'><\/div><figure class='av-inner-masonry main_color'><div class=\"av-masonry-outerimage-container\"><div class='av-masonry-image-container' style=\"background-image: url(https:\/\/grifk-handball.com\/naiset\/wp-content\/uploads\/sites\/3\/2021\/09\/DSC03361-705x470.jpg);\"  title=\"DSC03361\" ><\/div><\/div><figcaption class='av-inner-masonry-content site-background'><div class='av-inner-masonry-content-pos'><div class='av-inner-masonry-content-pos-content'><div class='avia-arrow'><\/div><h3 class='av-masonry-entry-title entry-title '  itemprop=\"headline\" >Vinst i hemmapremi\u00e4ren: GrIFK-KyIF 24-21<\/h3><div class='av-masonry-entry-content entry-content'  itemprop=\"text\" >Under s\u00e4songens andra match m\u00f6tte vi KyIF p\u00e5 hemmaplan. F\u00f6rv\u00e4ntningarna\u2026<div class='av-masonry-categories'>Ottelut-2021-22<\/div><\/div><span class='av-masonry-date meta-color updated'>30.9.2021<\/span><span class=\"av-masonry-text-sep text-sep-author\">\/<\/span><span class='av-masonry-author meta-color author'><span class='fn'>by irajessica<\/span><\/span><\/div><\/div><\/figcaption><\/figure><\/a><!--end av-masonry entry--><a href=\"https:\/\/grifk-handball.com\/naiset\/kausi-2021-22\/ottelut-2021-22\/vinst-i-sasongspremiaren-sif-grifk-15-38\/\"  id='av-masonry-5-item-9271' data-av-masonry-item='9271' class='av-masonry-entry isotope-item post-9271 post type-post status-publish format-standard has-post-thumbnail hentry category-ottelut-2021-22 tag-coachpava tag-gograni tag-grifkdamer tag-grifkhandball tag-otteluraportti tag-sm-runkosarja tag-vispelarforgrankulla  av-masonry-item-with-image' title=\"Ska\u0308rmavbild 2021-09-19 kl. 13.24.58\"   itemscope=\"itemscope\" itemtype=\"https:\/\/schema.org\/CreativeWork\" ><div class='av-inner-masonry-sizer'><\/div><figure class='av-inner-masonry main_color'><div class=\"av-masonry-outerimage-container\"><div class='av-masonry-image-container' style=\"background-image: url(https:\/\/grifk-handball.com\/naiset\/wp-content\/uploads\/sites\/3\/2021\/09\/Ska\u0308rmavbild-2021-09-19-kl.-13.24.58-e1632047163551-705x361.png);\"  title=\"Ska\u0308rmavbild 2021-09-19 kl. 13.24.58\" ><\/div><\/div><figcaption class='av-inner-masonry-content site-background'><div class='av-inner-masonry-content-pos'><div class='av-inner-masonry-content-pos-content'><div class='avia-arrow'><\/div><h3 class='av-masonry-entry-title entry-title '  itemprop=\"headline\" >Vinst i s\u00e4songspremi\u00e4ren: SIF-GrIFK 15-38<\/h3><div class='av-masonry-entry-content entry-content'  itemprop=\"text\" >S\u00e4songen b\u00f6rjade med bortamatch mot Sjunde\u00e5 IF. Redan d\u00e5\u2026<div class='av-masonry-categories'>Ottelut-2021-22<\/div><\/div><span class='av-masonry-date meta-color updated'>19.9.2021<\/span><span class=\"av-masonry-text-sep text-sep-author\">\/<\/span><span class='av-masonry-author meta-color author'><span class='fn'>by irajessica<\/span><\/span><\/div><\/div><\/figcaption><\/figure><\/a><!--end av-masonry entry--><\/div><\/div><br \/>\n\n<style type=\"text\/css\" data-created_by=\"avia_inline_auto\" id=\"style-css-av-3lr8pa-458fb33c65e731b9b4d49427f3511174\">\n#top .av-special-heading.av-3lr8pa-458fb33c65e731b9b4d49427f3511174{\npadding-bottom:10px;\n}\nbody .av-special-heading.av-3lr8pa-458fb33c65e731b9b4d49427f3511174 .av-special-heading-tag .heading-char{\nfont-size:25px;\n}\n.av-special-heading.av-3lr8pa-458fb33c65e731b9b4d49427f3511174 .av-subheading{\nfont-size:15px;\n}\n<\/style>\n<div  class='av-special-heading av-3lr8pa-458fb33c65e731b9b4d49427f3511174 av-special-heading-h3  avia-builder-el-16  el_after_av_masonry_entries  el_before_av_masonry_entries  avia-builder-el-no-sibling  av-linked-heading'><h3 class='av-special-heading-tag '  itemprop=\"headline\"  >Kausi 2020-21<\/h3><div class=\"special-heading-border\"><div class=\"special-heading-inner-border\"><\/div><\/div><\/div><br \/>\n\n<style type=\"text\/css\" data-created_by=\"avia_inline_auto\" id=\"style-css-av-3a9kq6-a583ceddf5e30644bab81d7eb6e3229e\">\n#top .av-masonry.av-3a9kq6-a583ceddf5e30644bab81d7eb6e3229e{\nbackground-color:#ffffff;\n}\n<\/style>\n<div id='av-masonry-6' class='av-masonry av-3a9kq6-a583ceddf5e30644bab81d7eb6e3229e noHover av-fixed-size av-large-gap av-hover-overlay- av-masonry-animation-active av-masonry-col-3 av-caption-always av-caption-style- av-masonry-entries av-orientation-square ' data-post_id=\"1454\"><div class=\"av-masonry-container isotope av-js-disabled\"><div class='av-masonry-entry isotope-item av-masonry-item-no-image '><\/div><a href=\"https:\/\/grifk-handball.com\/naiset\/kausi-2020-21\/ottelut-2020-21\/nsm-bronsmatch-2-grifk-kyif-brons-pronssi\/\"  id='av-masonry-6-item-9087' data-av-masonry-item='9087' class='av-masonry-entry isotope-item post-9087 post type-post status-publish format-standard has-post-thumbnail hentry category-ottelut-2020-21 tag-coachanka tag-coachgutte tag-gograni tag-grifkdamer tag-grifkhandball tag-vispelarforgrankulla tag-pronssiottelu  av-masonry-item-with-image' title=\"DSC02662\"   itemscope=\"itemscope\" itemtype=\"https:\/\/schema.org\/CreativeWork\" ><div class='av-inner-masonry-sizer'><\/div><figure class='av-inner-masonry main_color'><div class=\"av-masonry-outerimage-container\"><div class='av-masonry-image-container' style=\"background-image: url(https:\/\/grifk-handball.com\/naiset\/wp-content\/uploads\/sites\/3\/2021\/04\/DSC02662-scaled-e1619335454558-705x414.jpg);\"  title=\"DSC02662\" ><\/div><\/div><figcaption class='av-inner-masonry-content site-background'><div class='av-inner-masonry-content-pos'><div class='av-inner-masonry-content-pos-content'><div class='avia-arrow'><\/div><h3 class='av-masonry-entry-title entry-title '  itemprop=\"headline\" >NSM bronsmatch 2 -24.4: GrIFK-KyIF &#8211; BRONS PRONSSI<\/h3><div class='av-masonry-entry-content entry-content'  itemprop=\"text\" >Bronset \u00e4r v\u00e5rt!<br \/>\r\n<br \/>\r\nDet blev en riktig krigarmatch i 60 minuter,\u2026<div class='av-masonry-categories'>Ottelut-2020-21<\/div><\/div><span class='av-masonry-date meta-color updated'>25.4.2021<\/span><span class=\"av-masonry-text-sep text-sep-author\">\/<\/span><span class='av-masonry-author meta-color author'><span class='fn'>by irajessica<\/span><\/span><\/div><\/div><\/figcaption><\/figure><\/a><!--end av-masonry entry--><a href=\"https:\/\/grifk-handball.com\/naiset\/kausi-2020-21\/ottelut-2020-21\/nsm-bronsmatch-1-18-4-kyif-grifk-22-28\/\"  id='av-masonry-6-item-9077' data-av-masonry-item='9077' class='av-masonry-entry isotope-item post-9077 post type-post status-publish format-standard has-post-thumbnail hentry category-ottelut-2020-21 tag-coachanka tag-coachgutte tag-gograni tag-grifkdamer tag-grifkhandball tag-vispelarforgrankulla tag-pronssiottelu  av-masonry-item-with-image' title=\"_20210220_154320\"   itemscope=\"itemscope\" itemtype=\"https:\/\/schema.org\/CreativeWork\" ><div class='av-inner-masonry-sizer'><\/div><figure class='av-inner-masonry main_color'><div class=\"av-masonry-outerimage-container\"><div class='av-masonry-image-container' style=\"background-image: url(https:\/\/grifk-handball.com\/naiset\/wp-content\/uploads\/sites\/3\/2021\/04\/20210220_154320-e1618852729421-705x656.jpg);\"  title=\"_20210220_154320\" ><\/div><\/div><figcaption class='av-inner-masonry-content site-background'><div class='av-inner-masonry-content-pos'><div class='av-inner-masonry-content-pos-content'><div class='avia-arrow'><\/div><h3 class='av-masonry-entry-title entry-title '  itemprop=\"headline\" >NSM bronsmatch 1 \u2013 18.4: KyIF-GrIFK 22-28!<\/h3><div class='av-masonry-entry-content entry-content'  itemprop=\"text\" >Seger i f\u00f6rsta bronsmatchen!<br \/>\r\n<br \/>\r\nDen f\u00f6rsta bronsmatchen i Kyrksl\u00e4tt\u2026<div class='av-masonry-categories'>Ottelut-2020-21<\/div><\/div><span class='av-masonry-date meta-color updated'>19.4.2021<\/span><span class=\"av-masonry-text-sep text-sep-author\">\/<\/span><span class='av-masonry-author meta-color author'><span class='fn'>by irajessica<\/span><\/span><\/div><\/div><\/figcaption><\/figure><\/a><!--end av-masonry entry--><a href=\"https:\/\/grifk-handball.com\/naiset\/kausi-2020-21\/ottelut-2020-21\/nsm-semi-8-4-grifk-dicken-17-24\/\"  id='av-masonry-6-item-9064' data-av-masonry-item='9064' class='av-masonry-entry isotope-item post-9064 post type-post status-publish format-standard has-post-thumbnail hentry category-ottelut-2020-21 tag-coachanka tag-coachgutte tag-gograni tag-grifkdamer tag-grifkhandball tag-grottan tag-vispelarforgrankulla  av-masonry-item-with-image' title=\"DSC01172\"   itemscope=\"itemscope\" itemtype=\"https:\/\/schema.org\/CreativeWork\" ><div class='av-inner-masonry-sizer'><\/div><figure class='av-inner-masonry main_color'><div class=\"av-masonry-outerimage-container\"><div class='av-masonry-image-container' style=\"background-image: url(https:\/\/grifk-handball.com\/naiset\/wp-content\/uploads\/sites\/3\/2021\/04\/DSC01172-705x470.jpg);\"  title=\"DSC01172\" ><\/div><\/div><figcaption class='av-inner-masonry-content site-background'><div class='av-inner-masonry-content-pos'><div class='av-inner-masonry-content-pos-content'><div class='avia-arrow'><\/div><h3 class='av-masonry-entry-title entry-title '  itemprop=\"headline\" >NSM semi 8.4.: GrIFK-Dicken 17-24<\/h3><div class='av-masonry-entry-content entry-content'  itemprop=\"text\" >Valmentajan kommentit GrIFK, Gustaf Ahlroos: <br \/>\r\n<br \/>\r\nDicken var klart\u2026<div class='av-masonry-categories'>Ottelut-2020-21<\/div><\/div><span class='av-masonry-date meta-color updated'>9.4.2021<\/span><span class=\"av-masonry-text-sep text-sep-author\">\/<\/span><span class='av-masonry-author meta-color author'><span class='fn'>by irajessica<\/span><\/span><\/div><\/div><\/figcaption><\/figure><\/a><!--end av-masonry entry--><a href=\"https:\/\/grifk-handball.com\/naiset\/kausi-2020-21\/ottelut-2020-21\/nsm-semi-5-4-dicken-grifk-26-19\/\"  id='av-masonry-6-item-9053' data-av-masonry-item='9053' class='av-masonry-entry isotope-item post-9053 post type-post status-publish format-standard has-post-thumbnail hentry category-ottelut-2020-21 tag-coachanka tag-coachgutte tag-gograni tag-grifkdamer tag-grifkhandball tag-vispelarforgrankulla  av-masonry-item-with-image' title=\"DSC01649\"   itemscope=\"itemscope\" itemtype=\"https:\/\/schema.org\/CreativeWork\" ><div class='av-inner-masonry-sizer'><\/div><figure class='av-inner-masonry main_color'><div class=\"av-masonry-outerimage-container\"><div class='av-masonry-image-container' style=\"background-image: url(https:\/\/grifk-handball.com\/naiset\/wp-content\/uploads\/sites\/3\/2021\/04\/DSC01649-scaled-e1617719492144-705x556.jpg);\"  title=\"DSC01649\" ><\/div><\/div><figcaption class='av-inner-masonry-content site-background'><div class='av-inner-masonry-content-pos'><div class='av-inner-masonry-content-pos-content'><div class='avia-arrow'><\/div><h3 class='av-masonry-entry-title entry-title '  itemprop=\"headline\" >NSM semi 5.4.: Dicken-GrIFK 26-19<\/h3><div class='av-masonry-entry-content entry-content'  itemprop=\"text\" >Dicken b\u00e4ttre i den tredje semifinalen<br \/>\r\n<br \/>\r\nDen tredje semifinalen\u2026<div class='av-masonry-categories'>Ottelut-2020-21<\/div><\/div><span class='av-masonry-date meta-color updated'>6.4.2021<\/span><span class=\"av-masonry-text-sep text-sep-author\">\/<\/span><span class='av-masonry-author meta-color author'><span class='fn'>by irajessica<\/span><\/span><\/div><\/div><\/figcaption><\/figure><\/a><!--end av-masonry entry--><a href=\"https:\/\/grifk-handball.com\/naiset\/kausi-2020-21\/ottelut-2020-21\/nsm-semi-1-4-grifk-dicken-26-28-ja-23-23\/\"  id='av-masonry-6-item-9042' data-av-masonry-item='9042' class='av-masonry-entry isotope-item post-9042 post type-post status-publish format-standard has-post-thumbnail hentry category-ottelut-2020-21 tag-coachanka tag-coachgutte tag-gograni tag-grifkdamer tag-grifkhandball tag-semifinal tag-vispelarforgrankulla  av-masonry-item-with-image' title=\"47c02346-e754-4a15-b93a-356b57cc200c\"   itemscope=\"itemscope\" itemtype=\"https:\/\/schema.org\/CreativeWork\" ><div class='av-inner-masonry-sizer'><\/div><figure class='av-inner-masonry main_color'><div class=\"av-masonry-outerimage-container\"><div class='av-masonry-image-container' style=\"background-image: url(https:\/\/grifk-handball.com\/naiset\/wp-content\/uploads\/sites\/3\/2021\/04\/47c02346-e754-4a15-b93a-356b57cc200c-705x555.jpeg);\"  title=\"47c02346-e754-4a15-b93a-356b57cc200c\" ><\/div><\/div><figcaption class='av-inner-masonry-content site-background'><div class='av-inner-masonry-content-pos'><div class='av-inner-masonry-content-pos-content'><div class='avia-arrow'><\/div><h3 class='av-masonry-entry-title entry-title '  itemprop=\"headline\" >NSM semi 1.4.: GrIFK-Dicken 26-28, ja.  23-23<\/h3><div class='av-masonry-entry-content entry-content'  itemprop=\"text\" >Dicken vann den andra semifinalen<br \/>\r\n<br \/>\r\nSemifinalerna mot Dicken\u2026<div class='av-masonry-categories'>Ottelut-2020-21<\/div><\/div><span class='av-masonry-date meta-color updated'>2.4.2021<\/span><span class=\"av-masonry-text-sep text-sep-author\">\/<\/span><span class='av-masonry-author meta-color author'><span class='fn'>by irajessica<\/span><\/span><\/div><\/div><\/figcaption><\/figure><\/a><!--end av-masonry entry--><a href=\"https:\/\/grifk-handball.com\/naiset\/uutiset\/nsm-semi-28-3-dicken-grifk-20-22\/\"  id='av-masonry-6-item-9024' data-av-masonry-item='9024' class='av-masonry-entry isotope-item post-9024 post type-post status-publish format-standard has-post-thumbnail hentry category-ottelut-2020-21 category-uutiset tag-coachanka tag-coachgutte tag-gograni tag-grifkdamer tag-grifkhandball tag-vispelarforgrankulla  av-masonry-item-with-image' title=\"Ska\u0308rmavbild 2021-03-29 kl. 09.49.06\"   itemscope=\"itemscope\" itemtype=\"https:\/\/schema.org\/CreativeWork\" ><div class='av-inner-masonry-sizer'><\/div><figure class='av-inner-masonry main_color'><div class=\"av-masonry-outerimage-container\"><div class='av-masonry-image-container' style=\"background-image: url(https:\/\/grifk-handball.com\/naiset\/wp-content\/uploads\/sites\/3\/2021\/03\/Ska\u0308rmavbild-2021-03-29-kl.-09.49.06-705x441.png);\"  title=\"Ska\u0308rmavbild 2021-03-29 kl. 09.49.06\" ><\/div><\/div><figcaption class='av-inner-masonry-content site-background'><div class='av-inner-masonry-content-pos'><div class='av-inner-masonry-content-pos-content'><div class='avia-arrow'><\/div><h3 class='av-masonry-entry-title entry-title '  itemprop=\"headline\" >NSM semi 28.3.: Dicken-GrIFK 20-22<\/h3><div class='av-masonry-entry-content entry-content'  itemprop=\"text\" >Valmentajan kommentit GrIFK<br \/>\r\n<br \/>\r\nOttelu oli tasainen, ihan niin\u2026<div class='av-masonry-categories'>Ottelut-2020-21,Uutiset<\/div><\/div><span class='av-masonry-date meta-color updated'>29.3.2021<\/span><span class=\"av-masonry-text-sep text-sep-author\">\/<\/span><span class='av-masonry-author meta-color author'><span class='fn'>by irajessica<\/span><\/span><\/div><\/div><\/figcaption><\/figure><\/a><!--end av-masonry entry--><a href=\"https:\/\/grifk-handball.com\/naiset\/kausi-2020-21\/ottelut-2020-21\/nsm-runkosarja-13-3-atlas-grifk-20-36\/\"  id='av-masonry-6-item-9015' data-av-masonry-item='9015' class='av-masonry-entry isotope-item post-9015 post type-post status-publish format-standard has-post-thumbnail hentry category-ottelut-2020-21 tag-coachanka tag-coachgutte tag-gograni tag-grifkdamer tag-grifkhandball tag-sm-runkosarja tag-vispelarforgrankulla  av-masonry-item-with-image' title=\"_20210123_174216\"   itemscope=\"itemscope\" itemtype=\"https:\/\/schema.org\/CreativeWork\" ><div class='av-inner-masonry-sizer'><\/div><figure class='av-inner-masonry main_color'><div class=\"av-masonry-outerimage-container\"><div class='av-masonry-image-container' style=\"background-image: url(https:\/\/grifk-handball.com\/naiset\/wp-content\/uploads\/sites\/3\/2021\/03\/20210123_174216-705x526.jpg);\"  title=\"_20210123_174216\" ><\/div><\/div><figcaption class='av-inner-masonry-content site-background'><div class='av-inner-masonry-content-pos'><div class='av-inner-masonry-content-pos-content'><div class='avia-arrow'><\/div><h3 class='av-masonry-entry-title entry-title '  itemprop=\"headline\" >NSM runkosarja 13.3.: Atlas-GrIFK 20-36<\/h3><div class='av-masonry-entry-content entry-content'  itemprop=\"text\" >Valmentajan kommentit GrIFK<br \/>\r\n<br \/>\r\nMin\u00e4 olen eritt\u00e4in tyytyv\u00e4inen\u2026<div class='av-masonry-categories'>Ottelut-2020-21<\/div><\/div><span class='av-masonry-date meta-color updated'>13.3.2021<\/span><span class=\"av-masonry-text-sep text-sep-author\">\/<\/span><span class='av-masonry-author meta-color author'><span class='fn'>by irajessica<\/span><\/span><\/div><\/div><\/figcaption><\/figure><\/a><!--end av-masonry entry--><a href=\"https:\/\/grifk-handball.com\/naiset\/kausi-2020-21\/ottelut-2020-21\/sm-runkosarja-6-3-grifk-sif-32-19\/\"  id='av-masonry-6-item-8980' data-av-masonry-item='8980' class='av-masonry-entry isotope-item post-8980 post type-post status-publish format-standard has-post-thumbnail hentry category-ottelut-2020-21 tag-coachanka tag-coachgutte tag-gograni tag-grifkdamer tag-grifkhandball tag-sm-runkosarja tag-vispelarforgrankulla  av-masonry-item-with-image' title=\"DSC00786\"   itemscope=\"itemscope\" itemtype=\"https:\/\/schema.org\/CreativeWork\" ><div class='av-inner-masonry-sizer'><\/div><figure class='av-inner-masonry main_color'><div class=\"av-masonry-outerimage-container\"><div class='av-masonry-image-container' style=\"background-image: url(https:\/\/grifk-handball.com\/naiset\/wp-content\/uploads\/sites\/3\/2021\/03\/DSC00786-705x470.jpg);\"  title=\"DSC00786\" ><\/div><\/div><figcaption class='av-inner-masonry-content site-background'><div class='av-inner-masonry-content-pos'><div class='av-inner-masonry-content-pos-content'><div class='avia-arrow'><\/div><h3 class='av-masonry-entry-title entry-title '  itemprop=\"headline\" >NSM runkosarja 6.3.: GrIFK-SIF 32-19<\/h3><div class='av-masonry-entry-content entry-content'  itemprop=\"text\" >Valmentajan kommentit GrIFK<br \/>\r\n<br \/>\r\nTyytyv\u00e4inen puolustukseen ja\u2026<div class='av-masonry-categories'>Ottelut-2020-21<\/div><\/div><span class='av-masonry-date meta-color updated'>6.3.2021<\/span><span class=\"av-masonry-text-sep text-sep-author\">\/<\/span><span class='av-masonry-author meta-color author'><span class='fn'>by irajessica<\/span><\/span><\/div><\/div><\/figcaption><\/figure><\/a><!--end av-masonry entry--><a href=\"https:\/\/grifk-handball.com\/naiset\/kausi-2020-21\/ottelut-2020-21\/sm-runkosarja-27-2-grifk-dicken-23-19\/\"  id='av-masonry-6-item-8966' data-av-masonry-item='8966' class='av-masonry-entry isotope-item post-8966 post type-post status-publish format-standard has-post-thumbnail hentry category-ottelut-2020-21 tag-coachanka tag-coachgutte tag-gograni tag-grifkdamer tag-grifkhandball tag-sm-runkosarja tag-vispelarforgrankulla  av-masonry-item-with-image' title=\"IMG_2901\"   itemscope=\"itemscope\" itemtype=\"https:\/\/schema.org\/CreativeWork\" ><div class='av-inner-masonry-sizer'><\/div><figure class='av-inner-masonry main_color'><div class=\"av-masonry-outerimage-container\"><div class='av-masonry-image-container' style=\"background-image: url(https:\/\/grifk-handball.com\/naiset\/wp-content\/uploads\/sites\/3\/2021\/02\/IMG_2901-scaled-e1614442410858-705x453.jpg);\"  title=\"IMG_2901\" ><\/div><\/div><figcaption class='av-inner-masonry-content site-background'><div class='av-inner-masonry-content-pos'><div class='av-inner-masonry-content-pos-content'><div class='avia-arrow'><\/div><h3 class='av-masonry-entry-title entry-title '  itemprop=\"headline\" >NSM runkosarja 27.2. GrIFK-Dicken 23-19!<\/h3><div class='av-masonry-entry-content entry-content'  itemprop=\"text\" >Valmentajan kommentit GrIFK<br \/>\r\n<br \/>\r\nJag \u00e4r n\u00f6jd \u00f6ver att vi vann\u2026<div class='av-masonry-categories'>Ottelut-2020-21<\/div><\/div><span class='av-masonry-date meta-color updated'>27.2.2021<\/span><span class=\"av-masonry-text-sep text-sep-author\">\/<\/span><span class='av-masonry-author meta-color author'><span class='fn'>by irajessica<\/span><\/span><\/div><\/div><\/figcaption><\/figure><\/a><!--end av-masonry entry--><a href=\"https:\/\/grifk-handball.com\/naiset\/kausi-2020-21\/ottelut-2020-21\/sm-runkosarja-13-2-hifk-grifk-30-24\/\"  id='av-masonry-6-item-8941' data-av-masonry-item='8941' class='av-masonry-entry isotope-item post-8941 post type-post status-publish format-standard has-post-thumbnail hentry category-ottelut-2020-21 tag-coachanka tag-coachgutte tag-gograni tag-grifkdamer tag-grifkhandball tag-sm-runkosarja tag-vispelarforgrankulla  av-masonry-item-with-image' title=\"_20201114_190731\"   itemscope=\"itemscope\" itemtype=\"https:\/\/schema.org\/CreativeWork\" ><div class='av-inner-masonry-sizer'><\/div><figure class='av-inner-masonry main_color'><div class=\"av-masonry-outerimage-container\"><div class='av-masonry-image-container' style=\"background-image: url(https:\/\/grifk-handball.com\/naiset\/wp-content\/uploads\/sites\/3\/2021\/02\/20201114_190731-e1613656623928-705x383.jpg);\"  title=\"_20201114_190731\" ><\/div><\/div><figcaption class='av-inner-masonry-content site-background'><div class='av-inner-masonry-content-pos'><div class='av-inner-masonry-content-pos-content'><div class='avia-arrow'><\/div><h3 class='av-masonry-entry-title entry-title '  itemprop=\"headline\" >NSM runkosarja 13.2. HIFK-GrIFK 30-24<\/h3><div class='av-masonry-entry-content entry-content'  itemprop=\"text\" >Sista omg\u00e5ngens f\u00f6rsta match<br \/>\r\n<br \/>\r\nI dag kom vi till Idrottshuset\u2026<div class='av-masonry-categories'>Ottelut-2020-21<\/div><\/div><span class='av-masonry-date meta-color updated'>13.2.2021<\/span><span class=\"av-masonry-text-sep text-sep-author\">\/<\/span><span class='av-masonry-author meta-color author'><span class='fn'>by irajessica<\/span><\/span><\/div><\/div><\/figcaption><\/figure><\/a><!--end av-masonry entry--><a href=\"https:\/\/grifk-handball.com\/naiset\/kausi-2020-21\/ottelut-2020-21\/sm-runkosarja-30-1-sif-grifk-22-26\/\"  id='av-masonry-6-item-8927' data-av-masonry-item='8927' class='av-masonry-entry isotope-item post-8927 post type-post status-publish format-standard has-post-thumbnail hentry category-ottelut-2020-21 tag-gograni tag-grifkdamer tag-grifkhandball tag-sm-runkosarja tag-vispelarforgrankulla  av-masonry-item-with-image' title=\"Ska\u0308rmavbild 2021-02-01 kl. 15.10.26\"   itemscope=\"itemscope\" itemtype=\"https:\/\/schema.org\/CreativeWork\" ><div class='av-inner-masonry-sizer'><\/div><figure class='av-inner-masonry main_color'><div class=\"av-masonry-outerimage-container\"><div class='av-masonry-image-container' style=\"background-image: url(https:\/\/grifk-handball.com\/naiset\/wp-content\/uploads\/sites\/3\/2021\/02\/Ska\u0308rmavbild-2021-02-01-kl.-15.10.26-705x441.png);\"  title=\"Ska\u0308rmavbild 2021-02-01 kl. 15.10.26\" ><\/div><\/div><figcaption class='av-inner-masonry-content site-background'><div class='av-inner-masonry-content-pos'><div class='av-inner-masonry-content-pos-content'><div class='avia-arrow'><\/div><h3 class='av-masonry-entry-title entry-title '  itemprop=\"headline\" >NSM runkosarja 30.1.: SIF-GrIFK 22-26<\/h3><div class='av-masonry-entry-content entry-content'  itemprop=\"text\" >Valmentajan kommentit GrIFK<br \/>\r\n<br \/>\r\nNelj\u00e4n pisteen peli. 60 minuuttia\u2026<div class='av-masonry-categories'>Ottelut-2020-21<\/div><\/div><span class='av-masonry-date meta-color updated'>1.2.2021<\/span><span class=\"av-masonry-text-sep text-sep-author\">\/<\/span><span class='av-masonry-author meta-color author'><span class='fn'>by irajessica<\/span><\/span><\/div><\/div><\/figcaption><\/figure><\/a><!--end av-masonry entry--><a href=\"https:\/\/grifk-handball.com\/naiset\/kausi-2020-21\/ottelut-2020-21\/sm-runkosarja-23-1-grifk-atlas-37-20\/\"  id='av-masonry-6-item-8902' data-av-masonry-item='8902' class='av-masonry-entry isotope-item post-8902 post type-post status-publish format-standard has-post-thumbnail hentry category-ottelut-2020-21 tag-coachanka tag-gograni tag-grifkdamer tag-grifkhandball tag-sm-runkosarja tag-vispelarforgrankulla  av-masonry-item-with-image' title=\"_20210123_171451\"   itemscope=\"itemscope\" itemtype=\"https:\/\/schema.org\/CreativeWork\" ><div class='av-inner-masonry-sizer'><\/div><figure class='av-inner-masonry main_color'><div class=\"av-masonry-outerimage-container\"><div class='av-masonry-image-container' style=\"background-image: url(https:\/\/grifk-handball.com\/naiset\/wp-content\/uploads\/sites\/3\/2021\/01\/20210123_171451-705x507.jpg);\"  title=\"_20210123_171451\" ><\/div><\/div><figcaption class='av-inner-masonry-content site-background'><div class='av-inner-masonry-content-pos'><div class='av-inner-masonry-content-pos-content'><div class='avia-arrow'><\/div><h3 class='av-masonry-entry-title entry-title '  itemprop=\"headline\" >NSM runkosarja 23.1.: GrIFK-Atlas 37-20<\/h3><div class='av-masonry-entry-content entry-content'  itemprop=\"text\" >Valmentajan kommentit GrIFK<br \/>\r\n<br \/>\r\nHyv\u00e4 peli koko 60 min., v\u00e4h\u00e4n\u2026<div class='av-masonry-categories'>Ottelut-2020-21<\/div><\/div><span class='av-masonry-date meta-color updated'>26.1.2021<\/span><span class=\"av-masonry-text-sep text-sep-author\">\/<\/span><span class='av-masonry-author meta-color author'><span class='fn'>by irajessica<\/span><\/span><\/div><\/div><\/figcaption><\/figure><\/a><!--end av-masonry entry--><a href=\"https:\/\/grifk-handball.com\/naiset\/kausi-2020-21\/ottelut-2020-21\/sm-runkosarja-16-1-dicken-grifk-19-23\/\"  id='av-masonry-6-item-8861' data-av-masonry-item='8861' class='av-masonry-entry isotope-item post-8861 post type-post status-publish format-standard has-post-thumbnail hentry category-ottelut-2020-21 category-uutiset tag-coachgutte tag-gograni tag-grifkdamer tag-grifkhandball tag-sm-runkosarja tag-vispelarforgrankulla  av-masonry-item-with-image' title=\"Dicken-GrIFK\"   itemscope=\"itemscope\" itemtype=\"https:\/\/schema.org\/CreativeWork\" ><div class='av-inner-masonry-sizer'><\/div><figure class='av-inner-masonry main_color'><div class=\"av-masonry-outerimage-container\"><div class='av-masonry-image-container' style=\"background-image: url(https:\/\/grifk-handball.com\/naiset\/wp-content\/uploads\/sites\/3\/2021\/01\/Dicken-GrIFK--e1611216432652-705x408.png);\"  title=\"Dicken-GrIFK\" ><\/div><\/div><figcaption class='av-inner-masonry-content site-background'><div class='av-inner-masonry-content-pos'><div class='av-inner-masonry-content-pos-content'><div class='avia-arrow'><\/div><h3 class='av-masonry-entry-title entry-title '  itemprop=\"headline\" >NSM runkosarja 16.1.: Dicken-GrIFK 19-23<\/h3><div class='av-masonry-entry-content entry-content'  itemprop=\"text\" >Valmentajan kommentit GrIFK<br \/>\r\n<br \/>\r\nOlen todella tyytyv\u00e4inen puolustukseen.\u2026<div class='av-masonry-categories'>Ottelut-2020-21,Uutiset<\/div><\/div><span class='av-masonry-date meta-color updated'>21.1.2021<\/span><span class=\"av-masonry-text-sep text-sep-author\">\/<\/span><span class='av-masonry-author meta-color author'><span class='fn'>by irajessica<\/span><\/span><\/div><\/div><\/figcaption><\/figure><\/a><!--end av-masonry entry--><a href=\"https:\/\/grifk-handball.com\/naiset\/kausi-2020-21\/ottelut-2020-21\/voitto-kotiin-nsm-grifk-hifk-27-23\/\"  id='av-masonry-6-item-8788' data-av-masonry-item='8788' class='av-masonry-entry isotope-item post-8788 post type-post status-publish format-standard has-post-thumbnail hentry category-ottelut-2020-21 category-uutiset tag-coachanka tag-coachgutte tag-grifkdamer tag-grifkhandball tag-sm-runkosarja tag-vispelarforgrankulla  av-masonry-item-with-image' title=\"20210106212155_IMG_3923\"   itemscope=\"itemscope\" itemtype=\"https:\/\/schema.org\/CreativeWork\" ><div class='av-inner-masonry-sizer'><\/div><figure class='av-inner-masonry main_color'><div class=\"av-masonry-outerimage-container\"><div class='av-masonry-image-container' style=\"background-image: url(https:\/\/grifk-handball.com\/naiset\/wp-content\/uploads\/sites\/3\/2021\/01\/20210106212155_IMG_3923-e1610003066608-705x495.jpg);\"  title=\"20210106212155_IMG_3923\" ><\/div><\/div><figcaption class='av-inner-masonry-content site-background'><div class='av-inner-masonry-content-pos'><div class='av-inner-masonry-content-pos-content'><div class='avia-arrow'><\/div><h3 class='av-masonry-entry-title entry-title '  itemprop=\"headline\" >Voitto kotiin!! NSM GrIFK-HIFK 27-23<\/h3><div class='av-masonry-entry-content entry-content'  itemprop=\"text\" >Valmentajan kommentit GrIFK<br \/>\r\n<br \/>\r\n\"Jag \u00e4r j\u00e4tte stolt \u00f6ver flickornas\u2026<div class='av-masonry-categories'>Ottelut-2020-21,Uutiset<\/div><\/div><span class='av-masonry-date meta-color updated'>6.1.2021<\/span><span class=\"av-masonry-text-sep text-sep-author\">\/<\/span><span class='av-masonry-author meta-color author'><span class='fn'>by irajessica<\/span><\/span><\/div><\/div><\/figcaption><\/figure><\/a><!--end av-masonry entry--><a href=\"https:\/\/grifk-handball.com\/naiset\/kausi-2020-21\/ottelut-2020-21\/sm-runkosarja-19-12-grifk-sif-24-19\/\"  id='av-masonry-6-item-8771' data-av-masonry-item='8771' class='av-masonry-entry isotope-item post-8771 post type-post status-publish format-standard has-post-thumbnail hentry category-ottelut-2020-21 category-uutiset tag-coachgutte tag-gograni tag-grifkdamer tag-grifkhandball tag-johannahilli tag-sm-runkosarja tag-vispelarforgrankulla  av-masonry-item-with-image' title=\"20201219170335_IMG_3309\"   itemscope=\"itemscope\" itemtype=\"https:\/\/schema.org\/CreativeWork\" ><div class='av-inner-masonry-sizer'><\/div><figure class='av-inner-masonry main_color'><div class=\"av-masonry-outerimage-container\"><div class='av-masonry-image-container' style=\"background-image: url(https:\/\/grifk-handball.com\/naiset\/wp-content\/uploads\/sites\/3\/2020\/12\/20201219170335_IMG_3309-705x529.jpg);\"  title=\"20201219170335_IMG_3309\" ><\/div><\/div><figcaption class='av-inner-masonry-content site-background'><div class='av-inner-masonry-content-pos'><div class='av-inner-masonry-content-pos-content'><div class='avia-arrow'><\/div><h3 class='av-masonry-entry-title entry-title '  itemprop=\"headline\" >NSM runkosarja 19.12.: GrIFK-SIF 24-19<\/h3><div class='av-masonry-entry-content entry-content'  itemprop=\"text\" >Vi jobbade bra i f\u00f6rsvaret i b\u00e5da halvlekarna. Vi fick j\u00e4ttebra\u2026<div class='av-masonry-categories'>Ottelut-2020-21,Uutiset<\/div><\/div><span class='av-masonry-date meta-color updated'>21.12.2020<\/span><span class=\"av-masonry-text-sep text-sep-author\">\/<\/span><span class='av-masonry-author meta-color author'><span class='fn'>by irajessica<\/span><\/span><\/div><\/div><\/figcaption><\/figure><\/a><!--end av-masonry entry--><a href=\"https:\/\/grifk-handball.com\/naiset\/kausi-2020-21\/ottelut-2020-21\/sm-runkosarja-atlas-grifk-20-34\/\"  id='av-masonry-6-item-8758' data-av-masonry-item='8758' class='av-masonry-entry isotope-item post-8758 post type-post status-publish format-standard has-post-thumbnail hentry category-ottelut-2020-21 tag-coachanka tag-coachgutte tag-gograni tag-grifkdamer tag-grifkhandball tag-sm-runkosarja  av-masonry-item-with-image' title=\"20201031182651_IMG_2481 (1)\"   itemscope=\"itemscope\" itemtype=\"https:\/\/schema.org\/CreativeWork\" ><div class='av-inner-masonry-sizer'><\/div><figure class='av-inner-masonry main_color'><div class=\"av-masonry-outerimage-container\"><div class='av-masonry-image-container' style=\"background-image: url(https:\/\/grifk-handball.com\/naiset\/wp-content\/uploads\/sites\/3\/2020\/12\/20201031182651_IMG_2481-1-705x529.jpg);\"  title=\"20201031182651_IMG_2481 (1)\" ><\/div><\/div><figcaption class='av-inner-masonry-content site-background'><div class='av-inner-masonry-content-pos'><div class='av-inner-masonry-content-pos-content'><div class='avia-arrow'><\/div><h3 class='av-masonry-entry-title entry-title '  itemprop=\"headline\" >NSM runkosarja: Atlas-GrIFK 20-34<\/h3><div class='av-masonry-entry-content entry-content'  itemprop=\"text\" >Valmentajan kommentit GrIFK, Gustaf Ahlroos: <br \/>\r\n<br \/>\r\n\"Tsemppasimme\u2026<div class='av-masonry-categories'>Ottelut-2020-21<\/div><\/div><span class='av-masonry-date meta-color updated'>12.12.2020<\/span><span class=\"av-masonry-text-sep text-sep-author\">\/<\/span><span class='av-masonry-author meta-color author'><span class='fn'>by irajessica<\/span><\/span><\/div><\/div><\/figcaption><\/figure><\/a><!--end av-masonry entry--><a href=\"https:\/\/grifk-handball.com\/naiset\/kausi-2020-21\/ottelut-2020-21\/nsm-runkosarja-21-11-grifk-kyif-25-15\/\"  id='av-masonry-6-item-8739' data-av-masonry-item='8739' class='av-masonry-entry isotope-item post-8739 post type-post status-publish format-standard has-post-thumbnail hentry category-ottelut-2020-21 tag-coachanka tag-coachgutte tag-gograni tag-grifkdamer tag-grifkhandball tag-sm-runkosarja tag-vispelarforgrankulla  av-masonry-item-with-image' title=\"_20201121_175643\"   itemscope=\"itemscope\" itemtype=\"https:\/\/schema.org\/CreativeWork\" ><div class='av-inner-masonry-sizer'><\/div><figure class='av-inner-masonry main_color'><div class=\"av-masonry-outerimage-container\"><div class='av-masonry-image-container' style=\"background-image: url(https:\/\/grifk-handball.com\/naiset\/wp-content\/uploads\/sites\/3\/2020\/11\/20201121_175643-705x474.jpg);\"  title=\"_20201121_175643\" ><\/div><\/div><figcaption class='av-inner-masonry-content site-background'><div class='av-inner-masonry-content-pos'><div class='av-inner-masonry-content-pos-content'><div class='avia-arrow'><\/div><h3 class='av-masonry-entry-title entry-title '  itemprop=\"headline\" >NSM runkosarja 21.11.: GrIFK-KyIF 25-15<\/h3><div class='av-masonry-entry-content entry-content'  itemprop=\"text\" >Valmentajan kommentit GrIFK<br \/>\r\n<br \/>\r\nPuolustettiin hyvin joukkueena.\u2026<div class='av-masonry-categories'>Ottelut-2020-21<\/div><\/div><span class='av-masonry-date meta-color updated'>21.11.2020<\/span><span class=\"av-masonry-text-sep text-sep-author\">\/<\/span><span class='av-masonry-author meta-color author'><span class='fn'>by irajessica<\/span><\/span><\/div><\/div><\/figcaption><\/figure><\/a><!--end av-masonry entry--><a href=\"https:\/\/grifk-handball.com\/naiset\/kausi-2020-21\/ottelut-2020-21\/sm-runkosarja-14-11-hifk-grifk-24-16\/\"  id='av-masonry-6-item-8699' data-av-masonry-item='8699' class='av-masonry-entry isotope-item post-8699 post type-post status-publish format-standard has-post-thumbnail hentry category-ottelut-2020-21 tag-coachanka tag-coachgutte tag-gograni tag-grifkdamer tag-grifkhandball tag-sm-runkosarja tag-vispelarforgrankulla  av-masonry-item-with-image' title=\"_20201114_190050\"   itemscope=\"itemscope\" itemtype=\"https:\/\/schema.org\/CreativeWork\" ><div class='av-inner-masonry-sizer'><\/div><figure class='av-inner-masonry main_color'><div class=\"av-masonry-outerimage-container\"><div class='av-masonry-image-container' style=\"background-image: url(https:\/\/grifk-handball.com\/naiset\/wp-content\/uploads\/sites\/3\/2020\/11\/20201114_190050-e1605442702156-705x612.jpg);\"  title=\"_20201114_190050\" ><\/div><\/div><figcaption class='av-inner-masonry-content site-background'><div class='av-inner-masonry-content-pos'><div class='av-inner-masonry-content-pos-content'><div class='avia-arrow'><\/div><h3 class='av-masonry-entry-title entry-title '  itemprop=\"headline\" >SM-runkosarja 14.11. HIFK-GrIFK 24-16<\/h3><div class='av-masonry-entry-content entry-content'  itemprop=\"text\" >Valmentajan kommentit GrIFK:<br \/>\r\n<br \/>\r\nH\u00e4visimme molempien puoliskojen\u2026<div class='av-masonry-categories'>Ottelut-2020-21<\/div><\/div><span class='av-masonry-date meta-color updated'>14.11.2020<\/span><span class=\"av-masonry-text-sep text-sep-author\">\/<\/span><span class='av-masonry-author meta-color author'><span class='fn'>by irajessica<\/span><\/span><\/div><\/div><\/figcaption><\/figure><\/a><!--end av-masonry entry--><a href=\"https:\/\/grifk-handball.com\/naiset\/kausi-2020-21\/ottelut-2020-21\/sm-runkosarja-8-11-sif-grifk-20-25\/\"  id='av-masonry-6-item-8665' data-av-masonry-item='8665' class='av-masonry-entry isotope-item post-8665 post type-post status-publish format-standard has-post-thumbnail hentry category-ottelut-2020-21 tag-coachanka tag-coachgutte tag-gograni tag-grifkdamer tag-grifkhandball tag-sm-runkosarja tag-vispelarforgrankulla  av-masonry-item-with-image' title=\"_20201108_181058\"   itemscope=\"itemscope\" itemtype=\"https:\/\/schema.org\/CreativeWork\" ><div class='av-inner-masonry-sizer'><\/div><figure class='av-inner-masonry main_color'><div class=\"av-masonry-outerimage-container\"><div class='av-masonry-image-container' style=\"background-image: url(https:\/\/grifk-handball.com\/naiset\/wp-content\/uploads\/sites\/3\/2020\/11\/20201108_181058-705x534.jpg);\"  title=\"_20201108_181058\" ><\/div><\/div><figcaption class='av-inner-masonry-content site-background'><div class='av-inner-masonry-content-pos'><div class='av-inner-masonry-content-pos-content'><div class='avia-arrow'><\/div><h3 class='av-masonry-entry-title entry-title '  itemprop=\"headline\" >SM-runkosarja: 8.11. SIF-GrIFK 20-25<\/h3><div class='av-masonry-entry-content entry-content'  itemprop=\"text\" >Valmentajan kommentit GrIFK, Gutte Ahlroos<br \/>\r\nDet var som v\u00e4ntat\u2026<div class='av-masonry-categories'>Ottelut-2020-21<\/div><\/div><span class='av-masonry-date meta-color updated'>8.11.2020<\/span><span class=\"av-masonry-text-sep text-sep-author\">\/<\/span><span class='av-masonry-author meta-color author'><span class='fn'>by irajessica<\/span><\/span><\/div><\/div><\/figcaption><\/figure><\/a><!--end av-masonry entry--><a href=\"https:\/\/grifk-handball.com\/naiset\/kausi-2020-21\/ottelut-2020-21\/sm-runkosarja-31-10-grifk-atlas-25-22\/\"  id='av-masonry-6-item-8621' data-av-masonry-item='8621' class='av-masonry-entry isotope-item post-8621 post type-post status-publish format-standard has-post-thumbnail hentry category-ottelut-2020-21 tag-coachanka tag-coachgutte tag-grifkdamer tag-grifkhandball tag-sm-runkosarja  av-masonry-item-with-image' title=\"_20201031_180308\"   itemscope=\"itemscope\" itemtype=\"https:\/\/schema.org\/CreativeWork\" ><div class='av-inner-masonry-sizer'><\/div><figure class='av-inner-masonry main_color'><div class=\"av-masonry-outerimage-container\"><div class='av-masonry-image-container' style=\"background-image: url(https:\/\/grifk-handball.com\/naiset\/wp-content\/uploads\/sites\/3\/2020\/11\/20201031_180308-705x551.jpg);\"  title=\"_20201031_180308\" ><\/div><\/div><figcaption class='av-inner-masonry-content site-background'><div class='av-inner-masonry-content-pos'><div class='av-inner-masonry-content-pos-content'><div class='avia-arrow'><\/div><h3 class='av-masonry-entry-title entry-title '  itemprop=\"headline\" >SM-runkosarja: 31.10. GrIFK-Atlas 25-22<\/h3><div class='av-masonry-entry-content entry-content'  itemprop=\"text\" >Valmentajan kommentit GrIFK, Gutte Ahlroos: <br \/>\r\n<br \/>\r\nVaikea peli meille.\u2026<div class='av-masonry-categories'>Ottelut-2020-21<\/div><\/div><span class='av-masonry-date meta-color updated'>31.10.2020<\/span><span class=\"av-masonry-text-sep text-sep-author\">\/<\/span><span class='av-masonry-author meta-color author'><span class='fn'>by irajessica<\/span><\/span><\/div><\/div><\/figcaption><\/figure><\/a><!--end av-masonry entry--><a href=\"https:\/\/grifk-handball.com\/naiset\/kausi-2020-21\/ottelut-2020-21\/sm-runkosarja-24-10-dicken-grifk-26-20\/\"  id='av-masonry-6-item-8628' data-av-masonry-item='8628' class='av-masonry-entry isotope-item post-8628 post type-post status-publish format-standard has-post-thumbnail hentry category-ottelut-2020-21 category-ottelut-2018-19 tag-coachanka tag-coachgutte tag-grifkdamer tag-grifkhandball tag-sm-runkosarja  av-masonry-item-with-image' title=\"_20201031_205843\"   itemscope=\"itemscope\" itemtype=\"https:\/\/schema.org\/CreativeWork\" ><div class='av-inner-masonry-sizer'><\/div><figure class='av-inner-masonry main_color'><div class=\"av-masonry-outerimage-container\"><div class='av-masonry-image-container' style=\"background-image: url(https:\/\/grifk-handball.com\/naiset\/wp-content\/uploads\/sites\/3\/2020\/11\/20201031_205843-705x502.jpg);\"  title=\"_20201031_205843\" ><\/div><\/div><figcaption class='av-inner-masonry-content site-background'><div class='av-inner-masonry-content-pos'><div class='av-inner-masonry-content-pos-content'><div class='avia-arrow'><\/div><h3 class='av-masonry-entry-title entry-title '  itemprop=\"headline\" >SM-runkosarja: 24.10. Dicken-GrIFK 26-20<\/h3><div class='av-masonry-entry-content entry-content'  itemprop=\"text\" >Valmentajan kommentit GrIFK, Gutte Ahlroos: <br \/>\r\n<br \/>\r\nOlen tyytyv\u00e4inen\u2026<div class='av-masonry-categories'>Ottelut-2020-21,Ottelut-2018-19<\/div><\/div><span class='av-masonry-date meta-color updated'>24.10.2020<\/span><span class=\"av-masonry-text-sep text-sep-author\">\/<\/span><span class='av-masonry-author meta-color author'><span class='fn'>by irajessica<\/span><\/span><\/div><\/div><\/figcaption><\/figure><\/a><!--end av-masonry entry--><a href=\"https:\/\/grifk-handball.com\/naiset\/kausi-2020-21\/ottelut-2020-21\/sm-runkosarja-18-10-kyif-grifk-19-21\/\"  id='av-masonry-6-item-8595' data-av-masonry-item='8595' class='av-masonry-entry isotope-item post-8595 post type-post status-publish format-standard has-post-thumbnail hentry category-ottelut-2020-21 tag-coachgutte tag-grifkdamer tag-grifkhandball tag-sm-runkosarja tag-dicken  av-masonry-item-with-image' title=\"cof\"   itemscope=\"itemscope\" itemtype=\"https:\/\/schema.org\/CreativeWork\" ><div class='av-inner-masonry-sizer'><\/div><figure class='av-inner-masonry main_color'><div class=\"av-masonry-outerimage-container\"><div class='av-masonry-image-container' style=\"background-image: url(https:\/\/grifk-handball.com\/naiset\/wp-content\/uploads\/sites\/3\/2020\/10\/IMG_20201023_093503-705x332.jpg);\"  title=\"cof\" ><\/div><\/div><figcaption class='av-inner-masonry-content site-background'><div class='av-inner-masonry-content-pos'><div class='av-inner-masonry-content-pos-content'><div class='avia-arrow'><\/div><h3 class='av-masonry-entry-title entry-title '  itemprop=\"headline\" >SM-runkosarja: 18.10. KyIF-GrIFK 19-21<\/h3><div class='av-masonry-entry-content entry-content'  itemprop=\"text\" >Valmentajan kommentit GrIFK, Gutte Ahlroos: <br \/>\r\n<br \/>\r\nOlen iloinen\u2026<div class='av-masonry-categories'>Ottelut-2020-21<\/div><\/div><span class='av-masonry-date meta-color updated'>18.10.2020<\/span><span class=\"av-masonry-text-sep text-sep-author\">\/<\/span><span class='av-masonry-author meta-color author'><span class='fn'>by irajessica<\/span><\/span><\/div><\/div><\/figcaption><\/figure><\/a><!--end av-masonry entry--><\/div><\/div><br \/>\n\n<style type=\"text\/css\" data-created_by=\"avia_inline_auto\" id=\"style-css-av-j79dq-bc863d53a186372838437a467aee7eab\">\n#top .av-special-heading.av-j79dq-bc863d53a186372838437a467aee7eab{\npadding-bottom:10px;\n}\nbody .av-special-heading.av-j79dq-bc863d53a186372838437a467aee7eab .av-special-heading-tag .heading-char{\nfont-size:25px;\n}\n.av-special-heading.av-j79dq-bc863d53a186372838437a467aee7eab .av-subheading{\nfont-size:15px;\n}\n<\/style>\n<div  class='av-special-heading av-j79dq-bc863d53a186372838437a467aee7eab av-special-heading-h3  avia-builder-el-18  el_after_av_masonry_entries  el_before_av_masonry_entries  avia-builder-el-no-sibling  av-linked-heading'><h3 class='av-special-heading-tag '  itemprop=\"headline\"  >Kausi 2019-20<\/h3><div class=\"special-heading-border\"><div class=\"special-heading-inner-border\"><\/div><\/div><\/div><br \/>\n\n<style type=\"text\/css\" data-created_by=\"avia_inline_auto\" id=\"style-css-av-471x0e-ddc5e54bf5bb83bae9749567974abd18\">\n#top .av-masonry.av-471x0e-ddc5e54bf5bb83bae9749567974abd18{\nbackground-color:#ffffff;\n}\n<\/style>\n<div id='av-masonry-7' class='av-masonry av-471x0e-ddc5e54bf5bb83bae9749567974abd18 noHover av-fixed-size av-large-gap av-hover-overlay- av-masonry-animation-active av-masonry-col-3 av-caption-always av-caption-style- av-masonry-entries av-orientation-square ' data-post_id=\"1454\"><div class=\"av-masonry-container isotope av-js-disabled\"><div class='av-masonry-entry isotope-item av-masonry-item-no-image '><\/div><a href=\"https:\/\/grifk-handball.com\/naiset\/kausi-2019-20\/ottelut-2019-20\/sm-runkosarja-grifk-hifk-20-22\/\"  id='av-masonry-7-item-8538' data-av-masonry-item='8538' class='av-masonry-entry isotope-item post-8538 post type-post status-publish format-standard has-post-thumbnail hentry category-ottelut-2019-20 tag-coachgutte tag-grifkdamer tag-grifkhandball tag-sm-runkosarja tag-dicken  av-masonry-item-with-image' title=\"20201010133126_IMG_2103\"   itemscope=\"itemscope\" itemtype=\"https:\/\/schema.org\/CreativeWork\" ><div class='av-inner-masonry-sizer'><\/div><figure class='av-inner-masonry main_color'><div class=\"av-masonry-outerimage-container\"><div class='av-masonry-image-container' style=\"background-image: url(https:\/\/grifk-handball.com\/naiset\/wp-content\/uploads\/sites\/3\/2020\/10\/20201010133126_IMG_2103-705x529.jpg);\"  title=\"20201010133126_IMG_2103\" ><\/div><\/div><figcaption class='av-inner-masonry-content site-background'><div class='av-inner-masonry-content-pos'><div class='av-inner-masonry-content-pos-content'><div class='avia-arrow'><\/div><h3 class='av-masonry-entry-title entry-title '  itemprop=\"headline\" >SM-runkosarja 10.10.: GrIFK-HIFK 20-22<\/h3><div class='av-masonry-entry-content entry-content'  itemprop=\"text\" >Valmentajan kommentit GrIFK, Gutte Ahlroos: <br \/>\r\n<br \/>\r\nBra match, vi\u2026<div class='av-masonry-categories'>Ottelut-2019-20<\/div><\/div><span class='av-masonry-date meta-color updated'>10.10.2020<\/span><span class=\"av-masonry-text-sep text-sep-author\">\/<\/span><span class='av-masonry-author meta-color author'><span class='fn'>by irajessica<\/span><\/span><\/div><\/div><\/figcaption><\/figure><\/a><!--end av-masonry entry--><a href=\"https:\/\/grifk-handball.com\/naiset\/kausi-2019-20\/ottelut-2019-20\/sm-runkosarja-dicken-grifk-2\/\"  id='av-masonry-7-item-8005' data-av-masonry-item='8005' class='av-masonry-entry isotope-item post-8005 post type-post status-publish format-standard has-post-thumbnail hentry category-ottelut-2019-20 tag-coachgutte tag-grifkdamer tag-grifkhandball tag-sm-runkosarja tag-dicken  av-masonry-item-with-image' title=\"20200311_Dicken-GrIFK_Minna_DSC_0790\"   itemscope=\"itemscope\" itemtype=\"https:\/\/schema.org\/CreativeWork\" ><div class='av-inner-masonry-sizer'><\/div><figure class='av-inner-masonry main_color'><div class=\"av-masonry-outerimage-container\"><div class='av-masonry-image-container' style=\"background-image: url(https:\/\/grifk-handball.com\/naiset\/wp-content\/uploads\/sites\/3\/2020\/03\/20200311_Dicken-GrIFK_Minna_DSC_0790-705x467.jpg);\"  title=\"20200311_Dicken-GrIFK_Minna_DSC_0790\" ><\/div><\/div><figcaption class='av-inner-masonry-content site-background'><div class='av-inner-masonry-content-pos'><div class='av-inner-masonry-content-pos-content'><div class='avia-arrow'><\/div><h3 class='av-masonry-entry-title entry-title '  itemprop=\"headline\" >SM-runkosarja: Dicken-GrIFK 25-23<\/h3><div class='av-masonry-entry-content entry-content'  itemprop=\"text\" >\"K\u00e4nns \u00e5t helvete just nu, men visst var det sm\u00e5 marginaler.\u2026<div class='av-masonry-categories'>Ottelut-2019-20<\/div><\/div><span class='av-masonry-date meta-color updated'>11.3.2020<\/span><span class=\"av-masonry-text-sep text-sep-author\">\/<\/span><span class='av-masonry-author meta-color author'><span class='fn'>by irajessica<\/span><\/span><\/div><\/div><\/figcaption><\/figure><\/a><!--end av-masonry entry--><a href=\"https:\/\/grifk-handball.com\/naiset\/kausi-2019-20\/ottelut-2019-20\/sm-runkosarja-grifk-hifk-2\/\"  id='av-masonry-7-item-8002' data-av-masonry-item='8002' class='av-masonry-entry isotope-item post-8002 post type-post status-publish format-standard has-post-thumbnail hentry category-ottelut-2019-20 tag-coachgutte tag-grifkdamer tag-grifkhandball tag-sm-runkosarja tag-hifk  av-masonry-item-with-image' title=\"20191207_GrIFK-HIFK_Minna_DSC_0280\"   itemscope=\"itemscope\" itemtype=\"https:\/\/schema.org\/CreativeWork\" ><div class='av-inner-masonry-sizer'><\/div><figure class='av-inner-masonry main_color'><div class=\"av-masonry-outerimage-container\"><div class='av-masonry-image-container' style=\"background-image: url(https:\/\/grifk-handball.com\/naiset\/wp-content\/uploads\/sites\/3\/2020\/03\/20191207_GrIFK-HIFK_Minna_DSC_0280-705x467.jpg);\"  title=\"20191207_GrIFK-HIFK_Minna_DSC_0280\" ><\/div><\/div><figcaption class='av-inner-masonry-content site-background'><div class='av-inner-masonry-content-pos'><div class='av-inner-masonry-content-pos-content'><div class='avia-arrow'><\/div><h3 class='av-masonry-entry-title entry-title '  itemprop=\"headline\" >SM-runkosarja: GrIFK-HIFK 25-36<\/h3><div class='av-masonry-entry-content entry-content'  itemprop=\"text\" >\"Bra f\u00f6rsta halvlek, trots att vi sover i b\u00f6rjan kommer vi\u2026<div class='av-masonry-categories'>Ottelut-2019-20<\/div><\/div><span class='av-masonry-date meta-color updated'>7.3.2020<\/span><span class=\"av-masonry-text-sep text-sep-author\">\/<\/span><span class='av-masonry-author meta-color author'><span class='fn'>by irajessica<\/span><\/span><\/div><\/div><\/figcaption><\/figure><\/a><!--end av-masonry entry--><a href=\"https:\/\/grifk-handball.com\/naiset\/kausi-2019-20\/ottelut-2019-20\/sm-runkosarja-sif-grifk\/\"  id='av-masonry-7-item-7999' data-av-masonry-item='7999' class='av-masonry-entry isotope-item post-7999 post type-post status-publish format-standard has-post-thumbnail hentry category-ottelut-2019-20 tag-coachgutte tag-grifkdamer tag-grifkhandball tag-sm-runkosarja tag-sif  av-masonry-item-with-image' title=\"20200125_GrIFK-SIF_Minna_DSC_0463\"   itemscope=\"itemscope\" itemtype=\"https:\/\/schema.org\/CreativeWork\" ><div class='av-inner-masonry-sizer'><\/div><figure class='av-inner-masonry main_color'><div class=\"av-masonry-outerimage-container\"><div class='av-masonry-image-container' style=\"background-image: url(https:\/\/grifk-handball.com\/naiset\/wp-content\/uploads\/sites\/3\/2020\/02\/20200125_GrIFK-SIF_Minna_DSC_0463-705x467.jpg);\"  title=\"20200125_GrIFK-SIF_Minna_DSC_0463\" ><\/div><\/div><figcaption class='av-inner-masonry-content site-background'><div class='av-inner-masonry-content-pos'><div class='av-inner-masonry-content-pos-content'><div class='avia-arrow'><\/div><h3 class='av-masonry-entry-title entry-title '  itemprop=\"headline\" >SM-runkosarja: SIF-GrIFK 28-23<\/h3><div class='av-masonry-entry-content entry-content'  itemprop=\"text\" >\"Vi f\u00f6rlorade matchen under f\u00f6rsta halvlek. Vi gjorde fler\u2026<div class='av-masonry-categories'>Ottelut-2019-20<\/div><\/div><span class='av-masonry-date meta-color updated'>29.2.2020<\/span><span class=\"av-masonry-text-sep text-sep-author\">\/<\/span><span class='av-masonry-author meta-color author'><span class='fn'>by irajessica<\/span><\/span><\/div><\/div><\/figcaption><\/figure><\/a><!--end av-masonry entry--><a href=\"https:\/\/grifk-handball.com\/naiset\/kausi-2019-20\/ottelut-2019-20\/sm-runkosarja-grifk-kyif\/\"  id='av-masonry-7-item-7996' data-av-masonry-item='7996' class='av-masonry-entry isotope-item post-7996 post type-post status-publish format-standard has-post-thumbnail hentry category-ottelut-2019-20 tag-coachgutte tag-grifkdamer tag-grifkhandball tag-sm-runkosarja tag-kyif  av-masonry-item-with-image' title=\"cof\"   itemscope=\"itemscope\" itemtype=\"https:\/\/schema.org\/CreativeWork\" ><div class='av-inner-masonry-sizer'><\/div><figure class='av-inner-masonry main_color'><div class=\"av-masonry-outerimage-container\"><div class='av-masonry-image-container' style=\"background-image: url(https:\/\/grifk-handball.com\/naiset\/wp-content\/uploads\/sites\/3\/2020\/02\/IMG_20200226_205548-705x529.jpg);\"  title=\"cof\" ><\/div><\/div><figcaption class='av-inner-masonry-content site-background'><div class='av-inner-masonry-content-pos'><div class='av-inner-masonry-content-pos-content'><div class='avia-arrow'><\/div><h3 class='av-masonry-entry-title entry-title '  itemprop=\"headline\" >SM-runkosarja: GrIFK-KyIF 23-21<\/h3><div class='av-masonry-entry-content entry-content'  itemprop=\"text\" >Valmentajan kommentit GrIFK:<br \/>\r\n<br \/>\r\n\"Det var sv\u00e5rt idag. KyIF spelade\u2026<div class='av-masonry-categories'>Ottelut-2019-20<\/div><\/div><span class='av-masonry-date meta-color updated'>26.2.2020<\/span><span class=\"av-masonry-text-sep text-sep-author\">\/<\/span><span class='av-masonry-author meta-color author'><span class='fn'>by irajessica<\/span><\/span><\/div><\/div><\/figcaption><\/figure><\/a><!--end av-masonry entry--><a href=\"https:\/\/grifk-handball.com\/naiset\/kausi-2019-20\/ottelut-2019-20\/sm-runkosarja-atlas-grifk\/\"  id='av-masonry-7-item-7993' data-av-masonry-item='7993' class='av-masonry-entry isotope-item post-7993 post type-post status-publish format-standard has-post-thumbnail hentry category-ottelut-2019-20 tag-coachgutte tag-grifkdamer tag-grifkhandball tag-sm-runkosarja tag-atlas  av-masonry-item-with-image' title=\"20200108_NSM_GrIFK-Atlas_Minna_DSC_0430\"   itemscope=\"itemscope\" itemtype=\"https:\/\/schema.org\/CreativeWork\" ><div class='av-inner-masonry-sizer'><\/div><figure class='av-inner-masonry main_color'><div class=\"av-masonry-outerimage-container\"><div class='av-masonry-image-container' style=\"background-image: url(https:\/\/grifk-handball.com\/naiset\/wp-content\/uploads\/sites\/3\/2020\/02\/20200108_NSM_GrIFK-Atlas_Minna_DSC_0430-705x467.jpg);\"  title=\"20200108_NSM_GrIFK-Atlas_Minna_DSC_0430\" ><\/div><\/div><figcaption class='av-inner-masonry-content site-background'><div class='av-inner-masonry-content-pos'><div class='av-inner-masonry-content-pos-content'><div class='avia-arrow'><\/div><h3 class='av-masonry-entry-title entry-title '  itemprop=\"headline\" >SM-runkosarja: Atlas-GrIFK 22-26<\/h3><div class='av-masonry-entry-content entry-content'  itemprop=\"text\" >Valmentajan kommentit GrIFK:<br \/>\r\n<br \/>\r\n\"Pisteet tuli. Meill\u00e4 oli hyv\u00e4\u2026<div class='av-masonry-categories'>Ottelut-2019-20<\/div><\/div><span class='av-masonry-date meta-color updated'>15.2.2020<\/span><span class=\"av-masonry-text-sep text-sep-author\">\/<\/span><span class='av-masonry-author meta-color author'><span class='fn'>by irajessica<\/span><\/span><\/div><\/div><\/figcaption><\/figure><\/a><!--end av-masonry entry--><a href=\"https:\/\/grifk-handball.com\/naiset\/kausi-2019-20\/ottelut-2019-20\/sm-runkosarja-grifk-dicken-2\/\"  id='av-masonry-7-item-7990' data-av-masonry-item='7990' class='av-masonry-entry isotope-item post-7990 post type-post status-publish format-standard has-post-thumbnail hentry category-ottelut-2019-20 tag-coachgutte tag-grifkdamer tag-grifkhandball tag-sm-runkosarja tag-dicken  av-masonry-item-with-image' title=\"cof\"   itemscope=\"itemscope\" itemtype=\"https:\/\/schema.org\/CreativeWork\" ><div class='av-inner-masonry-sizer'><\/div><figure class='av-inner-masonry main_color'><div class=\"av-masonry-outerimage-container\"><div class='av-masonry-image-container' style=\"background-image: url(https:\/\/grifk-handball.com\/naiset\/wp-content\/uploads\/sites\/3\/2020\/02\/IMG_20200212_162244-2-705x392.jpg);\"  title=\"cof\" ><\/div><\/div><figcaption class='av-inner-masonry-content site-background'><div class='av-inner-masonry-content-pos'><div class='av-inner-masonry-content-pos-content'><div class='avia-arrow'><\/div><h3 class='av-masonry-entry-title entry-title '  itemprop=\"headline\" >SM-runkosarja: GrIFK-Dicken 27-30<\/h3><div class='av-masonry-entry-content entry-content'  itemprop=\"text\" >\"Bra kollektivt spel, men vi f\u00e5r inte fast deras skyttar i andra\u2026<div class='av-masonry-categories'>Ottelut-2019-20<\/div><\/div><span class='av-masonry-date meta-color updated'>8.2.2020<\/span><span class=\"av-masonry-text-sep text-sep-author\">\/<\/span><span class='av-masonry-author meta-color author'><span class='fn'>by irajessica<\/span><\/span><\/div><\/div><\/figcaption><\/figure><\/a><!--end av-masonry entry--><a href=\"https:\/\/grifk-handball.com\/naiset\/kausi-2019-20\/ottelut-2019-20\/sm-runkosarja-hifk-grifk-2\/\"  id='av-masonry-7-item-7987' data-av-masonry-item='7987' class='av-masonry-entry isotope-item post-7987 post type-post status-publish format-standard has-post-thumbnail hentry category-ottelut-2019-20 tag-coachgutte tag-grifkdamer tag-grifkhandball tag-sm-runkosarja tag-hifk  av-masonry-item-with-image' title=\"20200201_HIFK-GrIFK_Minna_DSC_0548\"   itemscope=\"itemscope\" itemtype=\"https:\/\/schema.org\/CreativeWork\" ><div class='av-inner-masonry-sizer'><\/div><figure class='av-inner-masonry main_color'><div class=\"av-masonry-outerimage-container\"><div class='av-masonry-image-container' style=\"background-image: url(https:\/\/grifk-handball.com\/naiset\/wp-content\/uploads\/sites\/3\/2020\/02\/20200201_HIFK-GrIFK_Minna_DSC_0548-705x467.jpg);\"  title=\"20200201_HIFK-GrIFK_Minna_DSC_0548\" ><\/div><\/div><figcaption class='av-inner-masonry-content site-background'><div class='av-inner-masonry-content-pos'><div class='av-inner-masonry-content-pos-content'><div class='avia-arrow'><\/div><h3 class='av-masonry-entry-title entry-title '  itemprop=\"headline\" >SM-runkosarja: HIFK-GrIFK 32-16<\/h3><div class='av-masonry-entry-content entry-content'  itemprop=\"text\" >\"T\u00e4m\u00e4 oli oikeastaan toisinta viime pelist\u00e4 HIFK:ta vastaan\u2026<div class='av-masonry-categories'>Ottelut-2019-20<\/div><\/div><span class='av-masonry-date meta-color updated'>1.2.2020<\/span><span class=\"av-masonry-text-sep text-sep-author\">\/<\/span><span class='av-masonry-author meta-color author'><span class='fn'>by irajessica<\/span><\/span><\/div><\/div><\/figcaption><\/figure><\/a><!--end av-masonry entry--><a href=\"https:\/\/grifk-handball.com\/naiset\/kausi-2019-20\/ottelut-2019-20\/sm-runkosarja-grifk-sif-2\/\"  id='av-masonry-7-item-7984' data-av-masonry-item='7984' class='av-masonry-entry isotope-item post-7984 post type-post status-publish format-standard has-post-thumbnail hentry category-ottelut-2019-20 tag-coachgutte tag-grifkdamer tag-grifkhandball tag-sm-runkosarja tag-sif  av-masonry-item-with-image' title=\"20200125_GrIFK-SIF_Minna_DSC_0519\"   itemscope=\"itemscope\" itemtype=\"https:\/\/schema.org\/CreativeWork\" ><div class='av-inner-masonry-sizer'><\/div><figure class='av-inner-masonry main_color'><div class=\"av-masonry-outerimage-container\"><div class='av-masonry-image-container' style=\"background-image: url(https:\/\/grifk-handball.com\/naiset\/wp-content\/uploads\/sites\/3\/2020\/01\/20200125_GrIFK-SIF_Minna_DSC_0519-705x467.jpg);\"  title=\"20200125_GrIFK-SIF_Minna_DSC_0519\" ><\/div><\/div><figcaption class='av-inner-masonry-content site-background'><div class='av-inner-masonry-content-pos'><div class='av-inner-masonry-content-pos-content'><div class='avia-arrow'><\/div><h3 class='av-masonry-entry-title entry-title '  itemprop=\"headline\" >SM-runkosarja: GrIFK-SIF 25-21<\/h3><div class='av-masonry-entry-content entry-content'  itemprop=\"text\" >\"Vi hade mycket bra f\u00f6rsvar i andra halvleken d\u00e5 vi fick bort\u2026<div class='av-masonry-categories'>Ottelut-2019-20<\/div><\/div><span class='av-masonry-date meta-color updated'>25.1.2020<\/span><span class=\"av-masonry-text-sep text-sep-author\">\/<\/span><span class='av-masonry-author meta-color author'><span class='fn'>by irajessica<\/span><\/span><\/div><\/div><\/figcaption><\/figure><\/a><!--end av-masonry entry--><a href=\"https:\/\/grifk-handball.com\/naiset\/kausi-2019-20\/ottelut-2019-20\/sm-runkosarja-kyif-grifk-2\/\"  id='av-masonry-7-item-7980' data-av-masonry-item='7980' class='av-masonry-entry isotope-item post-7980 post type-post status-publish format-standard has-post-thumbnail hentry category-ottelut-2019-20 tag-coachgutte tag-grifkdamer tag-grifkhandball tag-sm-runkosarja tag-kyif  av-masonry-item-with-image' title=\"20200119_KyIF-GrIFK_Minna_DSC_0445\"   itemscope=\"itemscope\" itemtype=\"https:\/\/schema.org\/CreativeWork\" ><div class='av-inner-masonry-sizer'><\/div><figure class='av-inner-masonry main_color'><div class=\"av-masonry-outerimage-container\"><div class='av-masonry-image-container' style=\"background-image: url(https:\/\/grifk-handball.com\/naiset\/wp-content\/uploads\/sites\/3\/2020\/01\/20200119_KyIF-GrIFK_Minna_DSC_0445-705x467.jpg);\"  title=\"20200119_KyIF-GrIFK_Minna_DSC_0445\" ><\/div><\/div><figcaption class='av-inner-masonry-content site-background'><div class='av-inner-masonry-content-pos'><div class='av-inner-masonry-content-pos-content'><div class='avia-arrow'><\/div><h3 class='av-masonry-entry-title entry-title '  itemprop=\"headline\" >SM-runkosarja: KyIF-GrIFK 21-23<\/h3><div class='av-masonry-entry-content entry-content'  itemprop=\"text\" >\"KyIF tsemppasi hyvin. Avasimme hyvin ja meill\u00e4 oli monta hyv\u00e4\u00e4\u2026<div class='av-masonry-categories'>Ottelut-2019-20<\/div><\/div><span class='av-masonry-date meta-color updated'>19.1.2020<\/span><span class=\"av-masonry-text-sep text-sep-author\">\/<\/span><span class='av-masonry-author meta-color author'><span class='fn'>by irajessica<\/span><\/span><\/div><\/div><\/figcaption><\/figure><\/a><!--end av-masonry entry--><a href=\"https:\/\/grifk-handball.com\/naiset\/kausi-2019-20\/ottelut-2019-20\/sm-runkosarja-grifk-atlas\/\"  id='av-masonry-7-item-7977' data-av-masonry-item='7977' class='av-masonry-entry isotope-item post-7977 post type-post status-publish format-standard has-post-thumbnail hentry category-ottelut-2019-20 tag-coachgutte tag-grifkdamer tag-grifkhandball tag-sm-runkosarja tag-atlas  av-masonry-item-with-image' title=\"20200108_NSM_GrIFK-Atlas_Minna_DSC_0430\"   itemscope=\"itemscope\" itemtype=\"https:\/\/schema.org\/CreativeWork\" ><div class='av-inner-masonry-sizer'><\/div><figure class='av-inner-masonry main_color'><div class=\"av-masonry-outerimage-container\"><div class='av-masonry-image-container' style=\"background-image: url(https:\/\/grifk-handball.com\/naiset\/wp-content\/uploads\/sites\/3\/2020\/01\/20200108_NSM_GrIFK-Atlas_Minna_DSC_0430-705x467.jpg);\"  title=\"20200108_NSM_GrIFK-Atlas_Minna_DSC_0430\" ><\/div><\/div><figcaption class='av-inner-masonry-content site-background'><div class='av-inner-masonry-content-pos'><div class='av-inner-masonry-content-pos-content'><div class='avia-arrow'><\/div><h3 class='av-masonry-entry-title entry-title '  itemprop=\"headline\" >SM-runkosarja: GrIFK-Atlas 36-17<\/h3><div class='av-masonry-entry-content entry-content'  itemprop=\"text\" >\"Bra fart i spelet hela matchen genom. Vi lyckas med v\u00e5r taktik.\u2026<div class='av-masonry-categories'>Ottelut-2019-20<\/div><\/div><span class='av-masonry-date meta-color updated'>8.1.2020<\/span><span class=\"av-masonry-text-sep text-sep-author\">\/<\/span><span class='av-masonry-author meta-color author'><span class='fn'>by irajessica<\/span><\/span><\/div><\/div><\/figcaption><\/figure><\/a><!--end av-masonry entry--><a href=\"https:\/\/grifk-handball.com\/naiset\/kausi-2019-20\/ottelut-2019-20\/sm-runkosarja-dicken-grifk\/\"  id='av-masonry-7-item-7974' data-av-masonry-item='7974' class='av-masonry-entry isotope-item post-7974 post type-post status-publish format-standard has-post-thumbnail hentry category-ottelut-2019-20 tag-coachgutte tag-grifkdamer tag-grifkhandball tag-sm-runkosarja tag-dicken  av-masonry-item-with-image' title=\"WhatsApp Image 2019-12-15 at 18.20.10\"   itemscope=\"itemscope\" itemtype=\"https:\/\/schema.org\/CreativeWork\" ><div class='av-inner-masonry-sizer'><\/div><figure class='av-inner-masonry main_color'><div class=\"av-masonry-outerimage-container\"><div class='av-masonry-image-container' style=\"background-image: url(https:\/\/grifk-handball.com\/naiset\/wp-content\/uploads\/sites\/3\/2019\/12\/WhatsApp-Image-2019-12-15-at-18.20.10-705x420.jpeg);\"  title=\"WhatsApp Image 2019-12-15 at 18.20.10\" ><\/div><\/div><figcaption class='av-inner-masonry-content site-background'><div class='av-inner-masonry-content-pos'><div class='av-inner-masonry-content-pos-content'><div class='avia-arrow'><\/div><h3 class='av-masonry-entry-title entry-title '  itemprop=\"headline\" >SM-runkosarja: Dicken-GrIFK<\/h3><div class='av-masonry-entry-content entry-content'  itemprop=\"text\" >Valmentajan kommentit GrIFK:<br \/>\r\n<br \/>\r\n\"Aloitimme hyvin ja pelasimme\u2026<div class='av-masonry-categories'>Ottelut-2019-20<\/div><\/div><span class='av-masonry-date meta-color updated'>14.12.2019<\/span><span class=\"av-masonry-text-sep text-sep-author\">\/<\/span><span class='av-masonry-author meta-color author'><span class='fn'>by irajessica<\/span><\/span><\/div><\/div><\/figcaption><\/figure><\/a><!--end av-masonry entry--><a href=\"https:\/\/grifk-handball.com\/naiset\/kausi-2019-20\/ottelut-2019-20\/sm-runkosarja-grifk-hifk\/\"  id='av-masonry-7-item-7971' data-av-masonry-item='7971' class='av-masonry-entry isotope-item post-7971 post type-post status-publish format-standard has-post-thumbnail hentry category-ottelut-2019-20 tag-coachgutte tag-grifkdamer tag-grifkhandball tag-sm-runkosarja tag-hifk  av-masonry-item-with-image' title=\"WhatsApp Image 2019-12-08 at 12.35.40\"   itemscope=\"itemscope\" itemtype=\"https:\/\/schema.org\/CreativeWork\" ><div class='av-inner-masonry-sizer'><\/div><figure class='av-inner-masonry main_color'><div class=\"av-masonry-outerimage-container\"><div class='av-masonry-image-container' style=\"background-image: url(https:\/\/grifk-handball.com\/naiset\/wp-content\/uploads\/sites\/3\/2019\/12\/WhatsApp-Image-2019-12-08-at-12.35.40-705x627.jpeg);\"  title=\"WhatsApp Image 2019-12-08 at 12.35.40\" ><\/div><\/div><figcaption class='av-inner-masonry-content site-background'><div class='av-inner-masonry-content-pos'><div class='av-inner-masonry-content-pos-content'><div class='avia-arrow'><\/div><h3 class='av-masonry-entry-title entry-title '  itemprop=\"headline\" >NSM-runkosarja: GrIFK-HIFK<\/h3><div class='av-masonry-entry-content entry-content'  itemprop=\"text\" >Gustaf Ahlroos: Det var inte v\u00e5r b\u00e4sta match. F\u00f6r mycket tekniska\u2026<div class='av-masonry-categories'>Ottelut-2019-20<\/div><\/div><span class='av-masonry-date meta-color updated'>7.12.2019<\/span><span class=\"av-masonry-text-sep text-sep-author\">\/<\/span><span class='av-masonry-author meta-color author'><span class='fn'>by irajessica<\/span><\/span><\/div><\/div><\/figcaption><\/figure><\/a><!--end av-masonry entry--><a href=\"https:\/\/grifk-handball.com\/naiset\/kausi-2019-20\/ottelut-2019-20\/sm-runkosarja-sif-grifk-2\/\"  id='av-masonry-7-item-7967' data-av-masonry-item='7967' class='av-masonry-entry isotope-item post-7967 post type-post status-publish format-standard has-post-thumbnail hentry category-ottelut-2019-20 tag-coachgutte tag-grifkdamer tag-grifkhandball tag-sm-runkosarja tag-sif  av-masonry-item-with-image' title=\"20191120_SIF-GrIFK_Minna_DSC_0170\"   itemscope=\"itemscope\" itemtype=\"https:\/\/schema.org\/CreativeWork\" ><div class='av-inner-masonry-sizer'><\/div><figure class='av-inner-masonry main_color'><div class=\"av-masonry-outerimage-container\"><div class='av-masonry-image-container' style=\"background-image: url(https:\/\/grifk-handball.com\/naiset\/wp-content\/uploads\/sites\/3\/2019\/11\/20191120_SIF-GrIFK_Minna_DSC_0170-705x467.jpg);\"  title=\"20191120_SIF-GrIFK_Minna_DSC_0170\" ><\/div><\/div><figcaption class='av-inner-masonry-content site-background'><div class='av-inner-masonry-content-pos'><div class='av-inner-masonry-content-pos-content'><div class='avia-arrow'><\/div><h3 class='av-masonry-entry-title entry-title '  itemprop=\"headline\" >SM-runkosarja: SIF-GrIFK<\/h3><div class='av-masonry-entry-content entry-content'  itemprop=\"text\" >\"Klart att jag \u00e4r besviken efter den h\u00e4r f\u00f6rlusten. Vi kom\u2026<div class='av-masonry-categories'>Ottelut-2019-20<\/div><\/div><span class='av-masonry-date meta-color updated'>20.11.2019<\/span><span class=\"av-masonry-text-sep text-sep-author\">\/<\/span><span class='av-masonry-author meta-color author'><span class='fn'>by irajessica<\/span><\/span><\/div><\/div><\/figcaption><\/figure><\/a><!--end av-masonry entry--><a href=\"https:\/\/grifk-handball.com\/naiset\/uutiset\/sm-runkosarja-grifk-kyif-2\/\"  id='av-masonry-7-item-7964' data-av-masonry-item='7964' class='av-masonry-entry isotope-item post-7964 post type-post status-publish format-standard has-post-thumbnail hentry category-ottelut-2019-20 category-uutiset tag-coachgutte tag-grifkdamer tag-grifkhandball tag-sm-runkosarja tag-kyif  av-masonry-item-with-image' title=\"20191114_GrIFK-KyIF_Minna_DSC_0103 (1)\"   itemscope=\"itemscope\" itemtype=\"https:\/\/schema.org\/CreativeWork\" ><div class='av-inner-masonry-sizer'><\/div><figure class='av-inner-masonry main_color'><div class=\"av-masonry-outerimage-container\"><div class='av-masonry-image-container' style=\"background-image: url(https:\/\/grifk-handball.com\/naiset\/wp-content\/uploads\/sites\/3\/2019\/11\/20191114_GrIFK-KyIF_Minna_DSC_0103-1-705x536.jpg);\"  title=\"20191114_GrIFK-KyIF_Minna_DSC_0103 (1)\" ><\/div><\/div><figcaption class='av-inner-masonry-content site-background'><div class='av-inner-masonry-content-pos'><div class='av-inner-masonry-content-pos-content'><div class='avia-arrow'><\/div><h3 class='av-masonry-entry-title entry-title '  itemprop=\"headline\" >SM-runkosarja: GrIFK-KyIF 28-18<\/h3><div class='av-masonry-entry-content entry-content'  itemprop=\"text\" >\"Bra attityd i f\u00f6rsvaret. Vi h\u00f6ll fokus matchen igenom och\u2026<div class='av-masonry-categories'>Ottelut-2019-20,Uutiset<\/div><\/div><span class='av-masonry-date meta-color updated'>14.11.2019<\/span><span class=\"av-masonry-text-sep text-sep-author\">\/<\/span><span class='av-masonry-author meta-color author'><span class='fn'>by irajessica<\/span><\/span><\/div><\/div><\/figcaption><\/figure><\/a><!--end av-masonry entry--><a href=\"https:\/\/grifk-handball.com\/naiset\/kausi-2019-20\/ottelut-2019-20\/sm-sarja-atlas-grifk\/\"  id='av-masonry-7-item-7957' data-av-masonry-item='7957' class='av-masonry-entry isotope-item post-7957 post type-post status-publish format-standard has-post-thumbnail hentry category-ottelut-2019-20 tag-coachgutte tag-grifkdamer tag-grifkhandball tag-sm-runkosarja tag-atlas  av-masonry-item-with-image' title=\"20191109_Atlas-GrIFK_Minna_DSC_0082 (1)\"   itemscope=\"itemscope\" itemtype=\"https:\/\/schema.org\/CreativeWork\" ><div class='av-inner-masonry-sizer'><\/div><figure class='av-inner-masonry main_color'><div class=\"av-masonry-outerimage-container\"><div class='av-masonry-image-container' style=\"background-image: url(https:\/\/grifk-handball.com\/naiset\/wp-content\/uploads\/sites\/3\/2019\/11\/20191109_Atlas-GrIFK_Minna_DSC_0082-1-705x574.jpg);\"  title=\"20191109_Atlas-GrIFK_Minna_DSC_0082 (1)\" ><\/div><\/div><figcaption class='av-inner-masonry-content site-background'><div class='av-inner-masonry-content-pos'><div class='av-inner-masonry-content-pos-content'><div class='avia-arrow'><\/div><h3 class='av-masonry-entry-title entry-title '  itemprop=\"headline\" >SM-runkosarja: Atlas-GrIFK<\/h3><div class='av-masonry-entry-content entry-content'  itemprop=\"text\" >\"N\u00f6jd \u00f6ver att vi jobbade bra i hela 60 minuter.\"<br \/>\r\n<br \/>\r\n- Coach\u2026<div class='av-masonry-categories'>Ottelut-2019-20<\/div><\/div><span class='av-masonry-date meta-color updated'>9.11.2019<\/span><span class=\"av-masonry-text-sep text-sep-author\">\/<\/span><span class='av-masonry-author meta-color author'><span class='fn'>by irajessica<\/span><\/span><\/div><\/div><\/figcaption><\/figure><\/a><!--end av-masonry entry--><a href=\"https:\/\/grifk-handball.com\/naiset\/uutiset\/forsta-omgangen-spelad-grifk-med-i-medaljstriden\/\"  id='av-masonry-7-item-7938' data-av-masonry-item='7938' class='av-masonry-entry isotope-item post-7938 post type-post status-publish format-standard has-post-thumbnail hentry category-ottelut-2019-20 category-uutiset tag-coachgutte tag-grifkdamer tag-grifkhandball tag-sm-runkosarja tag-runkosarja  av-masonry-item-with-image' title=\"20191011_GrIFK-SIF_Minna_DSC_1663\"   itemscope=\"itemscope\" itemtype=\"https:\/\/schema.org\/CreativeWork\" ><div class='av-inner-masonry-sizer'><\/div><figure class='av-inner-masonry main_color'><div class=\"av-masonry-outerimage-container\"><div class='av-masonry-image-container' style=\"background-image: url(https:\/\/grifk-handball.com\/naiset\/wp-content\/uploads\/sites\/3\/2019\/11\/20191011_GrIFK-SIF_Minna_DSC_1663-705x307.jpg);\"  title=\"20191011_GrIFK-SIF_Minna_DSC_1663\" ><\/div><\/div><figcaption class='av-inner-masonry-content site-background'><div class='av-inner-masonry-content-pos'><div class='av-inner-masonry-content-pos-content'><div class='avia-arrow'><\/div><h3 class='av-masonry-entry-title entry-title '  itemprop=\"headline\" >F\u00f6rsta omg\u00e5ngen spelad, GrIFK med i medaljstriden<\/h3><div class='av-masonry-entry-content entry-content'  itemprop=\"text\" >Handish\u00e4lsningar fr\u00e5n en stolt Goach Gutte!<br \/>\r\n<br \/>\r\nOmg\u00e5ng 1:<br \/>\r\n\"Nu\u2026<div class='av-masonry-categories'>Ottelut-2019-20,Uutiset<\/div><\/div><span class='av-masonry-date meta-color updated'>6.11.2019<\/span><span class=\"av-masonry-text-sep text-sep-author\">\/<\/span><span class='av-masonry-author meta-color author'><span class='fn'>by irajessica<\/span><\/span><\/div><\/div><\/figcaption><\/figure><\/a><!--end av-masonry entry--><a href=\"https:\/\/grifk-handball.com\/naiset\/kausi-2019-20\/ottelut-2019-20\/sm-runkosarja-grifk-dicken\/\"  id='av-masonry-7-item-7951' data-av-masonry-item='7951' class='av-masonry-entry isotope-item post-7951 post type-post status-publish format-standard has-post-thumbnail hentry category-ottelut-2019-20 tag-coachgutte tag-grifkdamer tag-grifkhandball tag-sm-runkosarja tag-dicken  av-masonry-item-with-image' title=\"20191102_GrIFK-Dicken_Minna_DSC_0021 (1)\"   itemscope=\"itemscope\" itemtype=\"https:\/\/schema.org\/CreativeWork\" ><div class='av-inner-masonry-sizer'><\/div><figure class='av-inner-masonry main_color'><div class=\"av-masonry-outerimage-container\"><div class='av-masonry-image-container' style=\"background-image: url(https:\/\/grifk-handball.com\/naiset\/wp-content\/uploads\/sites\/3\/2019\/11\/20191102_GrIFK-Dicken_Minna_DSC_0021-1-705x503.jpg);\"  title=\"20191102_GrIFK-Dicken_Minna_DSC_0021 (1)\" ><\/div><\/div><figcaption class='av-inner-masonry-content site-background'><div class='av-inner-masonry-content-pos'><div class='av-inner-masonry-content-pos-content'><div class='avia-arrow'><\/div><h3 class='av-masonry-entry-title entry-title '  itemprop=\"headline\" >SM-runkosarja: GrIFK-Dicken<\/h3><div class='av-masonry-entry-content entry-content'  itemprop=\"text\" >\"Bra f\u00f6rsta halvlek och vi springer bra. I andra halvlek lite\u2026<div class='av-masonry-categories'>Ottelut-2019-20<\/div><\/div><span class='av-masonry-date meta-color updated'>2.11.2019<\/span><span class=\"av-masonry-text-sep text-sep-author\">\/<\/span><span class='av-masonry-author meta-color author'><span class='fn'>by irajessica<\/span><\/span><\/div><\/div><\/figcaption><\/figure><\/a><!--end av-masonry entry--><a href=\"https:\/\/grifk-handball.com\/naiset\/kausi-2019-20\/ottelut-2019-20\/sm-runkosarja-hifk-grifk\/\"  id='av-masonry-7-item-7945' data-av-masonry-item='7945' class='av-masonry-entry isotope-item post-7945 post type-post status-publish format-standard has-post-thumbnail hentry category-ottelut-2019-20 tag-coachgutte tag-grifkdamer tag-grifkhandball tag-sm-runkosarja tag-hifk  av-masonry-item-with-image' title=\"20191026_HIFK-GrIFK_Minna_DSC_1741\"   itemscope=\"itemscope\" itemtype=\"https:\/\/schema.org\/CreativeWork\" ><div class='av-inner-masonry-sizer'><\/div><figure class='av-inner-masonry main_color'><div class=\"av-masonry-outerimage-container\"><div class='av-masonry-image-container' style=\"background-image: url(https:\/\/grifk-handball.com\/naiset\/wp-content\/uploads\/sites\/3\/2019\/11\/20191026_HIFK-GrIFK_Minna_DSC_1741-705x467.jpg);\"  title=\"20191026_HIFK-GrIFK_Minna_DSC_1741\" ><\/div><\/div><figcaption class='av-inner-masonry-content site-background'><div class='av-inner-masonry-content-pos'><div class='av-inner-masonry-content-pos-content'><div class='avia-arrow'><\/div><h3 class='av-masonry-entry-title entry-title '  itemprop=\"headline\" >SM-runkosarja: HIFK-GrIFK<\/h3><div class='av-masonry-entry-content entry-content'  itemprop=\"text\" >\"Hieman hiljaiseksi vet\u00e4\u00e4 t\u00e4m\u00e4 tulos. Fantastinen tulos HIFK:ilt\u00e4\u2026<div class='av-masonry-categories'>Ottelut-2019-20<\/div><\/div><span class='av-masonry-date meta-color updated'>26.10.2019<\/span><span class=\"av-masonry-text-sep text-sep-author\">\/<\/span><span class='av-masonry-author meta-color author'><span class='fn'>by irajessica<\/span><\/span><\/div><\/div><\/figcaption><\/figure><\/a><!--end av-masonry entry--><a href=\"https:\/\/grifk-handball.com\/naiset\/kausi-2019-20\/ottelut-2019-20\/sm-runkosarja-grifk-sif\/\"  id='av-masonry-7-item-7899' data-av-masonry-item='7899' class='av-masonry-entry isotope-item post-7899 post type-post status-publish format-standard has-post-thumbnail hentry category-ottelut-2019-20 tag-coachgutte tag-grifkdamer tag-grifkhandball tag-sm-runkosarja tag-sif  av-masonry-item-with-image' title=\"WhatsApp Image 2019-10-12 at 09.26.14\"   itemscope=\"itemscope\" itemtype=\"https:\/\/schema.org\/CreativeWork\" ><div class='av-inner-masonry-sizer'><\/div><figure class='av-inner-masonry main_color'><div class=\"av-masonry-outerimage-container\"><div class='av-masonry-image-container' style=\"background-image: url(https:\/\/grifk-handball.com\/naiset\/wp-content\/uploads\/sites\/3\/2019\/10\/WhatsApp-Image-2019-10-12-at-09.26.14-705x301.jpeg);\"  title=\"WhatsApp Image 2019-10-12 at 09.26.14\" ><\/div><\/div><figcaption class='av-inner-masonry-content site-background'><div class='av-inner-masonry-content-pos'><div class='av-inner-masonry-content-pos-content'><div class='avia-arrow'><\/div><h3 class='av-masonry-entry-title entry-title '  itemprop=\"headline\" >SM-runkosarja: GrIFK-SIF<\/h3><div class='av-masonry-entry-content entry-content'  itemprop=\"text\" >\"Taistelimme hyvin ottelun l\u00e4pi ja ajoittain peli sujui oikein\u2026<div class='av-masonry-categories'>Ottelut-2019-20<\/div><\/div><span class='av-masonry-date meta-color updated'>11.10.2019<\/span><span class=\"av-masonry-text-sep text-sep-author\">\/<\/span><span class='av-masonry-author meta-color author'><span class='fn'>by irajessica<\/span><\/span><\/div><\/div><\/figcaption><\/figure><\/a><!--end av-masonry entry--><a href=\"https:\/\/grifk-handball.com\/naiset\/uutiset\/sm-runkosarja-kyif-grifk\/\"  id='av-masonry-7-item-7878' data-av-masonry-item='7878' class='av-masonry-entry isotope-item post-7878 post type-post status-publish format-standard has-post-thumbnail hentry category-ottelut-2019-20 category-uutiset tag-grifkhandball tag-grifk tag-kyif tag-sm-sarja  av-masonry-item-with-image' title=\"dav\"   itemscope=\"itemscope\" itemtype=\"https:\/\/schema.org\/CreativeWork\" ><div class='av-inner-masonry-sizer'><\/div><figure class='av-inner-masonry main_color'><div class=\"av-masonry-outerimage-container\"><div class='av-masonry-image-container' style=\"background-image: url(https:\/\/grifk-handball.com\/naiset\/wp-content\/uploads\/sites\/3\/2019\/10\/IMG_20191007_092024-705x368.jpg);\"  title=\"dav\" ><\/div><\/div><figcaption class='av-inner-masonry-content site-background'><div class='av-inner-masonry-content-pos'><div class='av-inner-masonry-content-pos-content'><div class='avia-arrow'><\/div><h3 class='av-masonry-entry-title entry-title '  itemprop=\"headline\" >SM-runkosarja: KyIF-GrIFK<\/h3><div class='av-masonry-entry-content entry-content'  itemprop=\"text\" >23-27<div class='av-masonry-categories'>Ottelut-2019-20,Uutiset<\/div><\/div><span class='av-masonry-date meta-color updated'>6.10.2019<\/span><span class=\"av-masonry-text-sep text-sep-author\">\/<\/span><span class='av-masonry-author meta-color author'><span class='fn'>by irajessica<\/span><\/span><\/div><\/div><\/figcaption><\/figure><\/a><!--end av-masonry entry--><a href=\"https:\/\/grifk-handball.com\/naiset\/kausi-2019-20\/ottelut-2019-20\/sondag-6-10-kl-17-30-kyif-grifk\/\"  id='av-masonry-7-item-7868' data-av-masonry-item='7868' class='av-masonry-entry isotope-item post-7868 post type-post status-publish format-standard has-post-thumbnail hentry category-ottelut-2019-20 tag-grifkhandball tag-grifk tag-gutte tag-kyif  av-masonry-item-with-image' title=\"20190909-190301-GrIFK Naiset (0323) (1)\"   itemscope=\"itemscope\" itemtype=\"https:\/\/schema.org\/CreativeWork\" ><div class='av-inner-masonry-sizer'><\/div><figure class='av-inner-masonry main_color'><div class=\"av-masonry-outerimage-container\"><div class='av-masonry-image-container' style=\"background-image: url(https:\/\/grifk-handball.com\/naiset\/wp-content\/uploads\/sites\/3\/2019\/10\/20190909-190301-GrIFK-Naiset-0323-1-705x470.jpg);\"  title=\"20190909-190301-GrIFK Naiset (0323) (1)\" ><\/div><\/div><figcaption class='av-inner-masonry-content site-background'><div class='av-inner-masonry-content-pos'><div class='av-inner-masonry-content-pos-content'><div class='avia-arrow'><\/div><h3 class='av-masonry-entry-title entry-title '  itemprop=\"headline\" >Seriematch 2: 6.10 kl. 17.30 KyIF-GrIFK<\/h3><div class='av-masonry-entry-content entry-content'  itemprop=\"text\" >H\u00e4lsningar av Coach Gutte inf\u00f6r s\u00e4songens andra seriematch:<br \/>\r\n<br \/>\r\nVi\u2026<div class='av-masonry-categories'>Ottelut-2019-20<\/div><\/div><span class='av-masonry-date meta-color updated'>5.10.2019<\/span><span class=\"av-masonry-text-sep text-sep-author\">\/<\/span><span class='av-masonry-author meta-color author'><span class='fn'>by irajessica<\/span><\/span><\/div><\/div><\/figcaption><\/figure><\/a><!--end av-masonry entry--><a href=\"https:\/\/grifk-handball.com\/naiset\/kausi-2019-20\/ottelut-2019-20\/sm-runkosarjaa-grifk-atlas\/\"  id='av-masonry-7-item-7852' data-av-masonry-item='7852' class='av-masonry-entry isotope-item post-7852 post type-post status-publish format-standard has-post-thumbnail hentry category-ottelut-2019-20 tag-atlas tag-grifk tag-runkosarja tag-sm-sarja  av-masonry-item-with-image' title=\"20190928_GrIFK-Atlas_Minna_DSC_1598 (1)\"   itemscope=\"itemscope\" itemtype=\"https:\/\/schema.org\/CreativeWork\" ><div class='av-inner-masonry-sizer'><\/div><figure class='av-inner-masonry main_color'><div class=\"av-masonry-outerimage-container\"><div class='av-masonry-image-container' style=\"background-image: url(https:\/\/grifk-handball.com\/naiset\/wp-content\/uploads\/sites\/3\/2019\/09\/20190928_GrIFK-Atlas_Minna_DSC_1598-1-705x627.jpg);\"  title=\"20190928_GrIFK-Atlas_Minna_DSC_1598 (1)\" ><\/div><\/div><figcaption class='av-inner-masonry-content site-background'><div class='av-inner-masonry-content-pos'><div class='av-inner-masonry-content-pos-content'><div class='avia-arrow'><\/div><h3 class='av-masonry-entry-title entry-title '  itemprop=\"headline\" >SM-runkosarjaa: GrIFK &#8211; Atlas<\/h3><div class='av-masonry-entry-content entry-content'  itemprop=\"text\" >S\u00e4songens tv\u00e5 f\u00f6rsta po\u00e4ng gick till GrIFK!<br \/>\r\n<br \/>\r\n\"Tv\u00e5 viktiga\u2026<div class='av-masonry-categories'>Ottelut-2019-20<\/div><\/div><span class='av-masonry-date meta-color updated'>28.9.2019<\/span><span class=\"av-masonry-text-sep text-sep-author\">\/<\/span><span class='av-masonry-author meta-color author'><span class='fn'>by granimaster<\/span><\/span><\/div><\/div><\/figcaption><\/figure><\/a><!--end av-masonry entry--><\/div><\/div><br \/>\n\n<style type=\"text\/css\" data-created_by=\"avia_inline_auto\" id=\"style-css-av-2tyar2-85bc31392318a47ec329520a95e64fd2\">\n#top .av-special-heading.av-2tyar2-85bc31392318a47ec329520a95e64fd2{\npadding-bottom:10px;\n}\nbody .av-special-heading.av-2tyar2-85bc31392318a47ec329520a95e64fd2 .av-special-heading-tag .heading-char{\nfont-size:25px;\n}\n.av-special-heading.av-2tyar2-85bc31392318a47ec329520a95e64fd2 .av-subheading{\nfont-size:15px;\n}\n<\/style>\n<div  class='av-special-heading av-2tyar2-85bc31392318a47ec329520a95e64fd2 av-special-heading-h3  avia-builder-el-20  el_after_av_masonry_entries  el_before_av_masonry_entries  avia-builder-el-no-sibling '><h3 class='av-special-heading-tag '  itemprop=\"headline\"  >Kausi 2018-19<\/h3><div class=\"special-heading-border\"><div class=\"special-heading-inner-border\"><\/div><\/div><\/div><br \/>\n\n<style type=\"text\/css\" data-created_by=\"avia_inline_auto\" id=\"style-css-av-2twl0u-3-05bc968f63141fa0f5767b4dd39d7825\">\n#top .av-masonry.av-2twl0u-3-05bc968f63141fa0f5767b4dd39d7825{\nbackground-color:#ffffff;\n}\n<\/style>\n<div id='av-masonry-8' class='av-masonry av-2twl0u-3-05bc968f63141fa0f5767b4dd39d7825 noHover av-fixed-size av-large-gap av-hover-overlay- av-masonry-animation-active av-masonry-col-3 av-caption-always av-caption-style- av-masonry-entries av-orientation-square ' data-post_id=\"1454\"><div class=\"av-masonry-container isotope av-js-disabled\"><div class='av-masonry-entry isotope-item av-masonry-item-no-image '><\/div><a href=\"https:\/\/grifk-handball.com\/naiset\/kausi-2020-21\/ottelut-2020-21\/sm-runkosarja-24-10-dicken-grifk-26-20\/\"  id='av-masonry-8-item-8628' data-av-masonry-item='8628' class='av-masonry-entry isotope-item post-8628 post type-post status-publish format-standard has-post-thumbnail hentry category-ottelut-2020-21 category-ottelut-2018-19 tag-coachanka tag-coachgutte tag-grifkdamer tag-grifkhandball tag-sm-runkosarja  av-masonry-item-with-image' title=\"_20201031_205843\"   itemscope=\"itemscope\" itemtype=\"https:\/\/schema.org\/CreativeWork\" ><div class='av-inner-masonry-sizer'><\/div><figure class='av-inner-masonry main_color'><div class=\"av-masonry-outerimage-container\"><div class='av-masonry-image-container' style=\"background-image: url(https:\/\/grifk-handball.com\/naiset\/wp-content\/uploads\/sites\/3\/2020\/11\/20201031_205843-705x502.jpg);\"  title=\"_20201031_205843\" ><\/div><\/div><figcaption class='av-inner-masonry-content site-background'><div class='av-inner-masonry-content-pos'><div class='av-inner-masonry-content-pos-content'><div class='avia-arrow'><\/div><h3 class='av-masonry-entry-title entry-title '  itemprop=\"headline\" >SM-runkosarja: 24.10. Dicken-GrIFK 26-20<\/h3><div class='av-masonry-entry-content entry-content'  itemprop=\"text\" >Valmentajan kommentit GrIFK, Gutte Ahlroos: <br \/>\r\n<br \/>\r\nOlen tyytyv\u00e4inen\u2026<div class='av-masonry-categories'>Ottelut-2020-21,Ottelut-2018-19<\/div><\/div><span class='av-masonry-date meta-color updated'>24.10.2020<\/span><span class=\"av-masonry-text-sep text-sep-author\">\/<\/span><span class='av-masonry-author meta-color author'><span class='fn'>by irajessica<\/span><\/span><\/div><\/div><\/figcaption><\/figure><\/a><!--end av-masonry entry--><a href=\"https:\/\/grifk-handball.com\/naiset\/kausi-2018-19\/ottelut-2018-19\/sm-runkosarjaa-grifk-hifk\/\"  id='av-masonry-8-item-7537' data-av-masonry-item='7537' class='av-masonry-entry isotope-item post-7537 post type-post status-publish format-standard has-post-thumbnail hentry category-ottelut-2018-19 tag-grifkhandball tag-dicken tag-grifk tag-runkosarja tag-sm-sarja  av-masonry-item-with-image' title=\"DSC_1118\"   itemscope=\"itemscope\" itemtype=\"https:\/\/schema.org\/CreativeWork\" ><div class='av-inner-masonry-sizer'><\/div><figure class='av-inner-masonry main_color'><div class=\"av-masonry-outerimage-container\"><div class='av-masonry-image-container' style=\"background-image: url(https:\/\/grifk-handball.com\/naiset\/wp-content\/uploads\/sites\/3\/2018\/11\/DSC_1118-467x705.jpg);\"  title=\"DSC_1118\" ><\/div><\/div><figcaption class='av-inner-masonry-content site-background'><div class='av-inner-masonry-content-pos'><div class='av-inner-masonry-content-pos-content'><div class='avia-arrow'><\/div><h3 class='av-masonry-entry-title entry-title '  itemprop=\"headline\" >SM-runkosarjaa: GrIFK \u2013 HIFK<\/h3><div class='av-masonry-entry-content entry-content'  itemprop=\"text\" ><div class='av-masonry-categories'>Ottelut-2018-19<\/div><\/div><span class='av-masonry-date meta-color updated'>28.3.2019<\/span><span class=\"av-masonry-text-sep text-sep-author\">\/<\/span><span class='av-masonry-author meta-color author'><span class='fn'>by kansli<\/span><\/span><\/div><\/div><\/figcaption><\/figure><\/a><!--end av-masonry entry--><a href=\"https:\/\/grifk-handball.com\/naiset\/kausi-2018-19\/ottelut-2018-19\/sm-runkosarjaa-grifk-kyif-2\/\"  id='av-masonry-8-item-7355' data-av-masonry-item='7355' class='av-masonry-entry isotope-item post-7355 post type-post status-publish format-standard has-post-thumbnail hentry category-ottelut-2018-19 tag-grifkhandball tag-grifk tag-kyif tag-runkosarja tag-sm-sarja  av-masonry-item-with-image' title=\"DSC_1497\"   itemscope=\"itemscope\" itemtype=\"https:\/\/schema.org\/CreativeWork\" ><div class='av-inner-masonry-sizer'><\/div><figure class='av-inner-masonry main_color'><div class=\"av-masonry-outerimage-container\"><div class='av-masonry-image-container' style=\"background-image: url(https:\/\/grifk-handball.com\/naiset\/wp-content\/uploads\/sites\/3\/2019\/01\/DSC_1497-705x467.jpg);\"  title=\"DSC_1497\" ><\/div><\/div><figcaption class='av-inner-masonry-content site-background'><div class='av-inner-masonry-content-pos'><div class='av-inner-masonry-content-pos-content'><div class='avia-arrow'><\/div><h3 class='av-masonry-entry-title entry-title '  itemprop=\"headline\" >SM-runkosarjaa: GrIFK \u2013 KyIF<\/h3><div class='av-masonry-entry-content entry-content'  itemprop=\"text\" ><div class='av-masonry-categories'>Ottelut-2018-19<\/div><\/div><span class='av-masonry-date meta-color updated'>9.2.2019<\/span><span class=\"av-masonry-text-sep text-sep-author\">\/<\/span><span class='av-masonry-author meta-color author'><span class='fn'>by granimaster<\/span><\/span><\/div><\/div><\/figcaption><\/figure><\/a><!--end av-masonry entry--><a href=\"https:\/\/grifk-handball.com\/naiset\/kausi-2018-19\/ottelut-2018-19\/sm-runkosarjaa-bk-46-grifk-2\/\"  id='av-masonry-8-item-7330' data-av-masonry-item='7330' class='av-masonry-entry isotope-item post-7330 post type-post status-publish format-standard has-post-thumbnail hentry category-ottelut-2018-19 tag-grifkhandball tag-bk-46 tag-grifk tag-runkosarja tag-sm-sarja  av-masonry-item-with-image' title=\"DSC_1454\"   itemscope=\"itemscope\" itemtype=\"https:\/\/schema.org\/CreativeWork\" ><div class='av-inner-masonry-sizer'><\/div><figure class='av-inner-masonry main_color'><div class=\"av-masonry-outerimage-container\"><div class='av-masonry-image-container' style=\"background-image: url(https:\/\/grifk-handball.com\/naiset\/wp-content\/uploads\/sites\/3\/2019\/01\/DSC_1454-705x467.jpg);\"  title=\"DSC_1454\" ><\/div><\/div><figcaption class='av-inner-masonry-content site-background'><div class='av-inner-masonry-content-pos'><div class='av-inner-masonry-content-pos-content'><div class='avia-arrow'><\/div><h3 class='av-masonry-entry-title entry-title '  itemprop=\"headline\" >SM-runkosarjaa: BK-46 \u2013 GrIFK<\/h3><div class='av-masonry-entry-content entry-content'  itemprop=\"text\" ><div class='av-masonry-categories'>Ottelut-2018-19<\/div><\/div><span class='av-masonry-date meta-color updated'>30.1.2019<\/span><span class=\"av-masonry-text-sep text-sep-author\">\/<\/span><span class='av-masonry-author meta-color author'><span class='fn'>by granimaster<\/span><\/span><\/div><\/div><\/figcaption><\/figure><\/a><!--end av-masonry entry--><a href=\"https:\/\/grifk-handball.com\/naiset\/kausi-2018-19\/ottelut-2018-19\/sm-runkosarjaa-grifk-dicken-2\/\"  id='av-masonry-8-item-7327' data-av-masonry-item='7327' class='av-masonry-entry isotope-item post-7327 post type-post status-publish format-standard has-post-thumbnail hentry category-ottelut-2018-19 tag-grifkhandball tag-dicken tag-grifk tag-runkosarja tag-sm-sarja  av-masonry-item-with-image' title=\"DSC_1401\"   itemscope=\"itemscope\" itemtype=\"https:\/\/schema.org\/CreativeWork\" ><div class='av-inner-masonry-sizer'><\/div><figure class='av-inner-masonry main_color'><div class=\"av-masonry-outerimage-container\"><div class='av-masonry-image-container' style=\"background-image: url(https:\/\/grifk-handball.com\/naiset\/wp-content\/uploads\/sites\/3\/2019\/01\/DSC_1401-705x467.jpg);\"  title=\"DSC_1401\" ><\/div><\/div><figcaption class='av-inner-masonry-content site-background'><div class='av-inner-masonry-content-pos'><div class='av-inner-masonry-content-pos-content'><div class='avia-arrow'><\/div><h3 class='av-masonry-entry-title entry-title '  itemprop=\"headline\" >SM-runkosarjaa: GrIFK \u2013 Dicken<\/h3><div class='av-masonry-entry-content entry-content'  itemprop=\"text\" ><div class='av-masonry-categories'>Ottelut-2018-19<\/div><\/div><span class='av-masonry-date meta-color updated'>26.1.2019<\/span><span class=\"av-masonry-text-sep text-sep-author\">\/<\/span><span class='av-masonry-author meta-color author'><span class='fn'>by granimaster<\/span><\/span><\/div><\/div><\/figcaption><\/figure><\/a><!--end av-masonry entry--><a href=\"https:\/\/grifk-handball.com\/naiset\/kausi-2018-19\/ottelut-2018-19\/sm-runkosarjaa-grifk-sif-2\/\"  id='av-masonry-8-item-7324' data-av-masonry-item='7324' class='av-masonry-entry isotope-item post-7324 post type-post status-publish format-standard has-post-thumbnail hentry category-ottelut-2018-19 tag-grifkhandball tag-grifk tag-runkosarja tag-sif tag-sm-sarja  av-masonry-item-with-image' title=\"DSC_1369\"   itemscope=\"itemscope\" itemtype=\"https:\/\/schema.org\/CreativeWork\" ><div class='av-inner-masonry-sizer'><\/div><figure class='av-inner-masonry main_color'><div class=\"av-masonry-outerimage-container\"><div class='av-masonry-image-container' style=\"background-image: url(https:\/\/grifk-handball.com\/naiset\/wp-content\/uploads\/sites\/3\/2019\/01\/DSC_1369-705x467.jpg);\"  title=\"DSC_1369\" ><\/div><\/div><figcaption class='av-inner-masonry-content site-background'><div class='av-inner-masonry-content-pos'><div class='av-inner-masonry-content-pos-content'><div class='avia-arrow'><\/div><h3 class='av-masonry-entry-title entry-title '  itemprop=\"headline\" >SM-runkosarjaa: GrIFK \u2013 SIF<\/h3><div class='av-masonry-entry-content entry-content'  itemprop=\"text\" ><div class='av-masonry-categories'>Ottelut-2018-19<\/div><\/div><span class='av-masonry-date meta-color updated'>19.1.2019<\/span><span class=\"av-masonry-text-sep text-sep-author\">\/<\/span><span class='av-masonry-author meta-color author'><span class='fn'>by granimaster<\/span><\/span><\/div><\/div><\/figcaption><\/figure><\/a><!--end av-masonry entry--><a href=\"https:\/\/grifk-handball.com\/naiset\/kausi-2018-19\/forsta-matchen-efter-julpausen-slutade-oavgjort-mot-hifk\/\"  id='av-masonry-8-item-7081' data-av-masonry-item='7081' class='av-masonry-entry isotope-item post-7081 post type-post status-publish format-standard has-post-thumbnail hentry category-kausi-2018-19 category-ottelut-2018-19 tag-grifkhandball tag-grifk tag-hifk tag-runkosarja tag-sm-sarja  av-masonry-item-with-image' title=\"DSC_0902\"   itemscope=\"itemscope\" itemtype=\"https:\/\/schema.org\/CreativeWork\" ><div class='av-inner-masonry-sizer'><\/div><figure class='av-inner-masonry main_color'><div class=\"av-masonry-outerimage-container\"><div class='av-masonry-image-container' style=\"background-image: url(https:\/\/grifk-handball.com\/naiset\/wp-content\/uploads\/sites\/3\/2018\/09\/DSC_0902-705x467.jpg);\"  title=\"DSC_0902\" ><\/div><\/div><figcaption class='av-inner-masonry-content site-background'><div class='av-inner-masonry-content-pos'><div class='av-inner-masonry-content-pos-content'><div class='avia-arrow'><\/div><h3 class='av-masonry-entry-title entry-title '  itemprop=\"headline\" >F\u00f6rsta matchen efter julpausen slutade oavgjort mot HIFK<\/h3><div class='av-masonry-entry-content entry-content'  itemprop=\"text\" >Efter en paus p\u00e5 n\u00e5gra veckor k\u00e4ndes det bra f\u00f6r damerna\u2026<div class='av-masonry-categories'>Kausi-2018-19,Ottelut-2018-19<\/div><\/div><span class='av-masonry-date meta-color updated'>13.1.2019<\/span><span class=\"av-masonry-text-sep text-sep-author\">\/<\/span><span class='av-masonry-author meta-color author'><span class='fn'>by kansli<\/span><\/span><\/div><\/div><\/figcaption><\/figure><\/a><!--end av-masonry entry--><a href=\"https:\/\/grifk-handball.com\/naiset\/kausi-2018-19\/ottelut-2018-19\/sm-runkosarjaa-grifk-bk-46\/\"  id='av-masonry-8-item-7261' data-av-masonry-item='7261' class='av-masonry-entry isotope-item post-7261 post type-post status-publish format-standard has-post-thumbnail hentry category-ottelut-2018-19 tag-grifkhandball tag-grifk tag-runkosarja tag-sm-sarja  av-masonry-item-with-image' title=\"np24SPO134004239-1030&#215;687\"   itemscope=\"itemscope\" itemtype=\"https:\/\/schema.org\/CreativeWork\" ><div class='av-inner-masonry-sizer'><\/div><figure class='av-inner-masonry main_color'><div class=\"av-masonry-outerimage-container\"><div class='av-masonry-image-container' style=\"background-image: url(https:\/\/grifk-handball.com\/naiset\/wp-content\/uploads\/sites\/3\/2018\/11\/np24SPO134004239-1030x687-705x470.jpg);\"  title=\"np24SPO134004239-1030&#215;687\" ><\/div><\/div><figcaption class='av-inner-masonry-content site-background'><div class='av-inner-masonry-content-pos'><div class='av-inner-masonry-content-pos-content'><div class='avia-arrow'><\/div><h3 class='av-masonry-entry-title entry-title '  itemprop=\"headline\" >SM-runkosarjaa: GrIFK-BK-46<\/h3><div class='av-masonry-entry-content entry-content'  itemprop=\"text\" >Syksyn viimeinen kotiottelu pelattiin lauantaina kun vastaan\u2026<div class='av-masonry-categories'>Ottelut-2018-19<\/div><\/div><span class='av-masonry-date meta-color updated'>15.12.2018<\/span><span class=\"av-masonry-text-sep text-sep-author\">\/<\/span><span class='av-masonry-author meta-color author'><span class='fn'>by kansli<\/span><\/span><\/div><\/div><\/figcaption><\/figure><\/a><!--end av-masonry entry--><a href=\"https:\/\/grifk-handball.com\/naiset\/kausi-2018-19\/ottelut-2018-19\/sm-runkosarjaa-dicken-grifk\/\"  id='av-masonry-8-item-7266' data-av-masonry-item='7266' class='av-masonry-entry isotope-item post-7266 post type-post status-publish format-standard has-post-thumbnail hentry category-ottelut-2018-19 tag-grifkhandball tag-dicken tag-grifk tag-runkosarja tag-sm-sarja  av-masonry-item-with-image' title=\"DSC_1049\"   itemscope=\"itemscope\" itemtype=\"https:\/\/schema.org\/CreativeWork\" ><div class='av-inner-masonry-sizer'><\/div><figure class='av-inner-masonry main_color'><div class=\"av-masonry-outerimage-container\"><div class='av-masonry-image-container' style=\"background-image: url(https:\/\/grifk-handball.com\/naiset\/wp-content\/uploads\/sites\/3\/2018\/11\/DSC_1049-705x467.jpg);\"  title=\"DSC_1049\" ><\/div><\/div><figcaption class='av-inner-masonry-content site-background'><div class='av-inner-masonry-content-pos'><div class='av-inner-masonry-content-pos-content'><div class='avia-arrow'><\/div><h3 class='av-masonry-entry-title entry-title '  itemprop=\"headline\" >SM-runkosarjaa: Dicken &#8211; GrIFK<\/h3><div class='av-masonry-entry-content entry-content'  itemprop=\"text\" ><div class='av-masonry-categories'>Ottelut-2018-19<\/div><\/div><span class='av-masonry-date meta-color updated'>8.12.2018<\/span><span class=\"av-masonry-text-sep text-sep-author\">\/<\/span><span class='av-masonry-author meta-color author'><span class='fn'>by granimaster<\/span><\/span><\/div><\/div><\/figcaption><\/figure><\/a><!--end av-masonry entry--><a href=\"https:\/\/grifk-handball.com\/naiset\/kausi-2018-19\/ottelut-2018-19\/sm-runkosarjaa-sif-grifk\/\"  id='av-masonry-8-item-7131' data-av-masonry-item='7131' class='av-masonry-entry isotope-item post-7131 post type-post status-publish format-standard has-post-thumbnail hentry category-ottelut-2018-19 tag-grifkhandball tag-grifk tag-runkosarja tag-sif tag-sm-sarja  av-masonry-item-with-image' title=\"K\u00e4sipallo naisten SM-sarja GrIFK &#8211; Dicken\"   itemscope=\"itemscope\" itemtype=\"https:\/\/schema.org\/CreativeWork\" ><div class='av-inner-masonry-sizer'><\/div><figure class='av-inner-masonry main_color'><div class=\"av-masonry-outerimage-container\"><div class='av-masonry-image-container' style=\"background-image: url(https:\/\/grifk-handball.com\/naiset\/wp-content\/uploads\/sites\/3\/2018\/10\/np24SPO133538188-705x470.jpg);\"  title=\"K\u00e4sipallo naisten SM-sarja GrIFK &#8211; Dicken\" ><\/div><\/div><figcaption class='av-inner-masonry-content site-background'><div class='av-inner-masonry-content-pos'><div class='av-inner-masonry-content-pos-content'><div class='avia-arrow'><\/div><h3 class='av-masonry-entry-title entry-title '  itemprop=\"headline\" >SM-runkosarjaa: SIF &#8211; GrIFK<\/h3><div class='av-masonry-entry-content entry-content'  itemprop=\"text\" >Katso koko ottelu<div class='av-masonry-categories'>Ottelut-2018-19<\/div><\/div><span class='av-masonry-date meta-color updated'>14.11.2018<\/span><span class=\"av-masonry-text-sep text-sep-author\">\/<\/span><span class='av-masonry-author meta-color author'><span class='fn'>by granimaster<\/span><\/span><\/div><\/div><\/figcaption><\/figure><\/a><!--end av-masonry entry--><a href=\"https:\/\/grifk-handball.com\/naiset\/kausi-2018-19\/ottelut-2018-19\/hyva-puolustus-ei-riittanyt-pitamaan-pisteita-kauniaisissa\/\"  id='av-masonry-8-item-7076' data-av-masonry-item='7076' class='av-masonry-entry isotope-item post-7076 post type-post status-publish format-standard has-post-thumbnail hentry category-ottelut-2018-19 tag-grifkhandball tag-grifk tag-hifk tag-runkosarja tag-sm-sarja  av-masonry-item-with-image' title=\"DSC_1113\"   itemscope=\"itemscope\" itemtype=\"https:\/\/schema.org\/CreativeWork\" ><div class='av-inner-masonry-sizer'><\/div><figure class='av-inner-masonry main_color'><div class=\"av-masonry-outerimage-container\"><div class='av-masonry-image-container' style=\"background-image: url(https:\/\/grifk-handball.com\/naiset\/wp-content\/uploads\/sites\/3\/2018\/11\/DSC_1113-705x467.jpg);\"  title=\"DSC_1113\" ><\/div><\/div><figcaption class='av-inner-masonry-content site-background'><div class='av-inner-masonry-content-pos'><div class='av-inner-masonry-content-pos-content'><div class='avia-arrow'><\/div><h3 class='av-masonry-entry-title entry-title '  itemprop=\"headline\" >Hyv\u00e4 puolustus ei riitt\u00e4nyt pit\u00e4m\u00e4\u00e4n pisteit\u00e4 Kauniaisissa<\/h3><div class='av-masonry-entry-content entry-content'  itemprop=\"text\" >GrIFK ja HIFK kohtasivat toista kertaa naisten SM-sarjassa t\u00e4ll\u00e4\u2026<div class='av-masonry-categories'>Ottelut-2018-19<\/div><\/div><span class='av-masonry-date meta-color updated'>7.11.2018<\/span><span class=\"av-masonry-text-sep text-sep-author\">\/<\/span><span class='av-masonry-author meta-color author'><span class='fn'>by granimaster<\/span><\/span><\/div><\/div><\/figcaption><\/figure><\/a><!--end av-masonry entry--><a href=\"https:\/\/grifk-handball.com\/naiset\/kausi-2018-19\/ottelut-2018-19\/sm-runkosarjaa-grifk-kyif\/\"  id='av-masonry-8-item-7073' data-av-masonry-item='7073' class='av-masonry-entry isotope-item post-7073 post type-post status-publish format-standard has-post-thumbnail hentry category-ottelut-2018-19 tag-grifkhandball tag-grifk tag-kyif tag-runkosarja tag-sm-sarja  av-masonry-item-with-image' title=\"K\u00e4sipallo naisten SM-sarja GrIFK &#8211; Dicken\"   itemscope=\"itemscope\" itemtype=\"https:\/\/schema.org\/CreativeWork\" ><div class='av-inner-masonry-sizer'><\/div><figure class='av-inner-masonry main_color'><div class=\"av-masonry-outerimage-container\"><div class='av-masonry-image-container' style=\"background-image: url(https:\/\/grifk-handball.com\/naiset\/wp-content\/uploads\/sites\/3\/2018\/10\/np24SPO131907229-705x470.jpg);\"  title=\"K\u00e4sipallo naisten SM-sarja GrIFK &#8211; Dicken\" ><\/div><\/div><figcaption class='av-inner-masonry-content site-background'><div class='av-inner-masonry-content-pos'><div class='av-inner-masonry-content-pos-content'><div class='avia-arrow'><\/div><h3 class='av-masonry-entry-title entry-title '  itemprop=\"headline\" >SM-runkosarjaa: GrIFK-KyIF<\/h3><div class='av-masonry-entry-content entry-content'  itemprop=\"text\" ><div class='av-masonry-categories'>Ottelut-2018-19<\/div><\/div><span class='av-masonry-date meta-color updated'>31.10.2018<\/span><span class=\"av-masonry-text-sep text-sep-author\">\/<\/span><span class='av-masonry-author meta-color author'><span class='fn'>by granimaster<\/span><\/span><\/div><\/div><\/figcaption><\/figure><\/a><!--end av-masonry entry--><a href=\"https:\/\/grifk-handball.com\/naiset\/kausi-2018-19\/ottelut-2018-19\/sm-runkosarjaa-bk-46-grifk\/\"  id='av-masonry-8-item-7061' data-av-masonry-item='7061' class='av-masonry-entry isotope-item post-7061 post type-post status-publish format-standard has-post-thumbnail hentry category-ottelut-2018-19 tag-grifkhandball tag-bk-46 tag-grifk tag-runkosarja tag-sm-sarja  av-masonry-item-with-image' title=\"K\u00e4sipallo naisten SM-sarja GrIFK &#8211; Dicken\"   itemscope=\"itemscope\" itemtype=\"https:\/\/schema.org\/CreativeWork\" ><div class='av-inner-masonry-sizer'><\/div><figure class='av-inner-masonry main_color'><div class=\"av-masonry-outerimage-container\"><div class='av-masonry-image-container' style=\"background-image: url(https:\/\/grifk-handball.com\/naiset\/wp-content\/uploads\/sites\/3\/2018\/10\/np24SPO130230137-705x470.jpg);\"  title=\"K\u00e4sipallo naisten SM-sarja GrIFK &#8211; Dicken\" ><\/div><\/div><figcaption class='av-inner-masonry-content site-background'><div class='av-inner-masonry-content-pos'><div class='av-inner-masonry-content-pos-content'><div class='avia-arrow'><\/div><h3 class='av-masonry-entry-title entry-title '  itemprop=\"headline\" >SM-runkosarjaa: BK-46-GrIFK<\/h3><div class='av-masonry-entry-content entry-content'  itemprop=\"text\" ><div class='av-masonry-categories'>Ottelut-2018-19<\/div><\/div><span class='av-masonry-date meta-color updated'>21.10.2018<\/span><span class=\"av-masonry-text-sep text-sep-author\">\/<\/span><span class='av-masonry-author meta-color author'><span class='fn'>by granimaster<\/span><\/span><\/div><\/div><\/figcaption><\/figure><\/a><!--end av-masonry entry--><a href=\"https:\/\/grifk-handball.com\/naiset\/kausi-2018-19\/ottelut-2018-19\/sm-runkosarjaa-grifk-dicken\/\"  id='av-masonry-8-item-6962' data-av-masonry-item='6962' class='av-masonry-entry isotope-item post-6962 post type-post status-publish format-standard has-post-thumbnail hentry category-ottelut-2018-19 tag-grifkhandball tag-dicken tag-grifk tag-runkosarja tag-sm-sarja  av-masonry-item-with-image' title=\"DSC_1023\"   itemscope=\"itemscope\" itemtype=\"https:\/\/schema.org\/CreativeWork\" ><div class='av-inner-masonry-sizer'><\/div><figure class='av-inner-masonry main_color'><div class=\"av-masonry-outerimage-container\"><div class='av-masonry-image-container' style=\"background-image: url(https:\/\/grifk-handball.com\/naiset\/wp-content\/uploads\/sites\/3\/2018\/10\/DSC_1023-705x467.jpg);\"  title=\"DSC_1023\" ><\/div><\/div><figcaption class='av-inner-masonry-content site-background'><div class='av-inner-masonry-content-pos'><div class='av-inner-masonry-content-pos-content'><div class='avia-arrow'><\/div><h3 class='av-masonry-entry-title entry-title '  itemprop=\"headline\" >SM-runkosarjaa: GrIFK-Dicken<\/h3><div class='av-masonry-entry-content entry-content'  itemprop=\"text\" ><div class='av-masonry-categories'>Ottelut-2018-19<\/div><\/div><span class='av-masonry-date meta-color updated'>13.10.2018<\/span><span class=\"av-masonry-text-sep text-sep-author\">\/<\/span><span class='av-masonry-author meta-color author'><span class='fn'>by granimaster<\/span><\/span><\/div><\/div><\/figcaption><\/figure><\/a><!--end av-masonry entry--><a href=\"https:\/\/grifk-handball.com\/naiset\/kausi-2018-19\/ottelut-2018-19\/sm-runkosarjaa-grifk-sif\/\"  id='av-masonry-8-item-6883' data-av-masonry-item='6883' class='av-masonry-entry isotope-item post-6883 post type-post status-publish format-standard has-post-thumbnail hentry category-ottelut-2018-19 tag-grifkhandball tag-grifk tag-runkosarja tag-sif tag-sm-sarja  av-masonry-item-with-image' title=\"DSC_0869\"   itemscope=\"itemscope\" itemtype=\"https:\/\/schema.org\/CreativeWork\" ><div class='av-inner-masonry-sizer'><\/div><figure class='av-inner-masonry main_color'><div class=\"av-masonry-outerimage-container\"><div class='av-masonry-image-container' style=\"background-image: url(https:\/\/grifk-handball.com\/naiset\/wp-content\/uploads\/sites\/3\/2018\/09\/DSC_0869-705x467.jpg);\"  title=\"DSC_0869\" ><\/div><\/div><figcaption class='av-inner-masonry-content site-background'><div class='av-inner-masonry-content-pos'><div class='av-inner-masonry-content-pos-content'><div class='avia-arrow'><\/div><h3 class='av-masonry-entry-title entry-title '  itemprop=\"headline\" >SM-runkosarjaa: GrIFK-SIF<\/h3><div class='av-masonry-entry-content entry-content'  itemprop=\"text\" ><div class='av-masonry-categories'>Ottelut-2018-19<\/div><\/div><span class='av-masonry-date meta-color updated'>6.10.2018<\/span><span class=\"av-masonry-text-sep text-sep-author\">\/<\/span><span class='av-masonry-author meta-color author'><span class='fn'>by granimaster<\/span><\/span><\/div><\/div><\/figcaption><\/figure><\/a><!--end av-masonry entry--><a href=\"https:\/\/grifk-handball.com\/naiset\/kausi-2018-19\/ottelut-2018-19\/sm-runkosarjaa-hifk-grifk\/\"  id='av-masonry-8-item-6833' data-av-masonry-item='6833' class='av-masonry-entry isotope-item post-6833 post type-post status-publish format-standard has-post-thumbnail hentry category-ottelut-2018-19 tag-grifkhandball tag-grifk tag-hifk tag-runkosarja tag-sm-sarja  av-masonry-item-with-image' title=\"DSC_0914\"   itemscope=\"itemscope\" itemtype=\"https:\/\/schema.org\/CreativeWork\" ><div class='av-inner-masonry-sizer'><\/div><figure class='av-inner-masonry main_color'><div class=\"av-masonry-outerimage-container\"><div class='av-masonry-image-container' style=\"background-image: url(https:\/\/grifk-handball.com\/naiset\/wp-content\/uploads\/sites\/3\/2018\/09\/DSC_0914-705x467.jpg);\"  title=\"DSC_0914\" ><\/div><\/div><figcaption class='av-inner-masonry-content site-background'><div class='av-inner-masonry-content-pos'><div class='av-inner-masonry-content-pos-content'><div class='avia-arrow'><\/div><h3 class='av-masonry-entry-title entry-title '  itemprop=\"headline\" >SM-runkosarjaa: HIFK-GrIFK<\/h3><div class='av-masonry-entry-content entry-content'  itemprop=\"text\" ><div class='av-masonry-categories'>Ottelut-2018-19<\/div><\/div><span class='av-masonry-date meta-color updated'>14.9.2018<\/span><span class=\"av-masonry-text-sep text-sep-author\">\/<\/span><span class='av-masonry-author meta-color author'><span class='fn'>by granimaster<\/span><\/span><\/div><\/div><\/figcaption><\/figure><\/a><!--end av-masonry entry--><a href=\"https:\/\/grifk-handball.com\/naiset\/kausi-2018-19\/ottelut-2018-19\/suomen-cup-hifk-grifk\/\"  id='av-masonry-8-item-6836' data-av-masonry-item='6836' class='av-masonry-entry isotope-item post-6836 post type-post status-publish format-standard has-post-thumbnail hentry category-ottelut-2018-19 tag-grifkhandball tag-grifk tag-hifk tag-suomen-cup  av-masonry-item-with-image' title=\"DSC_0872\"   itemscope=\"itemscope\" itemtype=\"https:\/\/schema.org\/CreativeWork\" ><div class='av-inner-masonry-sizer'><\/div><figure class='av-inner-masonry main_color'><div class=\"av-masonry-outerimage-container\"><div class='av-masonry-image-container' style=\"background-image: url(https:\/\/grifk-handball.com\/naiset\/wp-content\/uploads\/sites\/3\/2018\/09\/DSC_0872-705x467.jpg);\"  title=\"DSC_0872\" ><\/div><\/div><figcaption class='av-inner-masonry-content site-background'><div class='av-inner-masonry-content-pos'><div class='av-inner-masonry-content-pos-content'><div class='avia-arrow'><\/div><h3 class='av-masonry-entry-title entry-title '  itemprop=\"headline\" >Suomen Cup: HIFK-GrIFK<\/h3><div class='av-masonry-entry-content entry-content'  itemprop=\"text\" ><div class='av-masonry-categories'>Ottelut-2018-19<\/div><\/div><span class='av-masonry-date meta-color updated'>12.9.2018<\/span><span class=\"av-masonry-text-sep text-sep-author\">\/<\/span><span class='av-masonry-author meta-color author'><span class='fn'>by granimaster<\/span><\/span><\/div><\/div><\/figcaption><\/figure><\/a><!--end av-masonry entry--><\/div><\/div><br \/>\n\n<style type=\"text\/css\" data-created_by=\"avia_inline_auto\" id=\"style-css-av-2dxb5a-ea4bf0f897faf5385ff833df67e212c3\">\n#top .av-special-heading.av-2dxb5a-ea4bf0f897faf5385ff833df67e212c3{\npadding-bottom:10px;\n}\nbody .av-special-heading.av-2dxb5a-ea4bf0f897faf5385ff833df67e212c3 .av-special-heading-tag .heading-char{\nfont-size:25px;\n}\n.av-special-heading.av-2dxb5a-ea4bf0f897faf5385ff833df67e212c3 .av-subheading{\nfont-size:15px;\n}\n<\/style>\n<div  class='av-special-heading av-2dxb5a-ea4bf0f897faf5385ff833df67e212c3 av-special-heading-h3  avia-builder-el-22  el_after_av_masonry_entries  el_before_av_masonry_entries  avia-builder-el-no-sibling '><h3 class='av-special-heading-tag '  itemprop=\"headline\"  >Kausi 2017-18<\/h3><div class=\"special-heading-border\"><div class=\"special-heading-inner-border\"><\/div><\/div><\/div><br \/>\n\n<style type=\"text\/css\" data-created_by=\"avia_inline_auto\" id=\"style-css-av-2twl0u-2-7111fd9386360ab3282de6358b65c7da\">\n#top .av-masonry.av-2twl0u-2-7111fd9386360ab3282de6358b65c7da{\nbackground-color:#ffffff;\n}\n<\/style>\n<div id='av-masonry-9' class='av-masonry av-2twl0u-2-7111fd9386360ab3282de6358b65c7da noHover av-fixed-size av-large-gap av-hover-overlay- av-masonry-animation-active av-masonry-col-3 av-caption-always av-caption-style- av-masonry-entries av-orientation-square ' data-post_id=\"1454\"><div class=\"av-masonry-container isotope av-js-disabled\"><div class='av-masonry-entry isotope-item av-masonry-item-no-image '><\/div><a href=\"https:\/\/grifk-handball.com\/naiset\/2017-18\/ottelut-2017-18\/2-sm-pronssiottelu-grifk-bk-46\/\"  id='av-masonry-9-item-6641' data-av-masonry-item='6641' class='av-masonry-entry isotope-item post-6641 post type-post status-publish format-standard has-post-thumbnail hentry category-ottelut-2017-18 tag-grifkhandball tag-bk-46 tag-grifk tag-play-off tag-sm-sarja  av-masonry-item-with-image' title=\"GrIFK\"   itemscope=\"itemscope\" itemtype=\"https:\/\/schema.org\/CreativeWork\" ><div class='av-inner-masonry-sizer'><\/div><figure class='av-inner-masonry main_color'><div class=\"av-masonry-outerimage-container\"><div class='av-masonry-image-container' style=\"background-image: url(https:\/\/grifk-handball.com\/naiset\/wp-content\/uploads\/sites\/3\/2017\/11\/logo-grifk-iso1-604x705.png);\"  title=\"GrIFK\" ><\/div><\/div><figcaption class='av-inner-masonry-content site-background'><div class='av-inner-masonry-content-pos'><div class='av-inner-masonry-content-pos-content'><div class='avia-arrow'><\/div><h3 class='av-masonry-entry-title entry-title '  itemprop=\"headline\" >2. SM-pronssiottelu GrIFK-BK-46<\/h3><div class='av-masonry-entry-content entry-content'  itemprop=\"text\" ><div class='av-masonry-categories'>Ottelut-2017-18<\/div><\/div><span class='av-masonry-date meta-color updated'>28.4.2018<\/span><span class=\"av-masonry-text-sep text-sep-author\">\/<\/span><span class='av-masonry-author meta-color author'><span class='fn'>by granimaster<\/span><\/span><\/div><\/div><\/figcaption><\/figure><\/a><!--end av-masonry entry--><a href=\"https:\/\/grifk-handball.com\/naiset\/2017-18\/ottelut-2017-18\/1-sm-pronssiottelu-grifk-bk-46\/\"  id='av-masonry-9-item-6638' data-av-masonry-item='6638' class='av-masonry-entry isotope-item post-6638 post type-post status-publish format-standard has-post-thumbnail hentry category-ottelut-2017-18 tag-grifkhandball tag-bk-46 tag-grifk tag-play-off tag-pronssiottelu tag-sm-sarja  av-masonry-item-with-image' title=\"GrIFK\"   itemscope=\"itemscope\" itemtype=\"https:\/\/schema.org\/CreativeWork\" ><div class='av-inner-masonry-sizer'><\/div><figure class='av-inner-masonry main_color'><div class=\"av-masonry-outerimage-container\"><div class='av-masonry-image-container' style=\"background-image: url(https:\/\/grifk-handball.com\/naiset\/wp-content\/uploads\/sites\/3\/2017\/11\/logo-grifk-iso1-604x705.png);\"  title=\"GrIFK\" ><\/div><\/div><figcaption class='av-inner-masonry-content site-background'><div class='av-inner-masonry-content-pos'><div class='av-inner-masonry-content-pos-content'><div class='avia-arrow'><\/div><h3 class='av-masonry-entry-title entry-title '  itemprop=\"headline\" >1. SM-pronssiottelu GrIFK-BK-46<\/h3><div class='av-masonry-entry-content entry-content'  itemprop=\"text\" ><div class='av-masonry-categories'>Ottelut-2017-18<\/div><\/div><span class='av-masonry-date meta-color updated'>26.4.2018<\/span><span class=\"av-masonry-text-sep text-sep-author\">\/<\/span><span class='av-masonry-author meta-color author'><span class='fn'>by granimaster<\/span><\/span><\/div><\/div><\/figcaption><\/figure><\/a><!--end av-masonry entry--><a href=\"https:\/\/grifk-handball.com\/naiset\/2017-18\/ottelut-2017-18\/play-off-3-valiera-hifk-grifk\/\"  id='av-masonry-9-item-6588' data-av-masonry-item='6588' class='av-masonry-entry isotope-item post-6588 post type-post status-publish format-standard has-post-thumbnail hentry category-ottelut-2017-18 tag-grifkhandball tag-grifk tag-hifk tag-play-off tag-sm-sarja  av-masonry-item-with-image' title=\"GrIFK\"   itemscope=\"itemscope\" itemtype=\"https:\/\/schema.org\/CreativeWork\" ><div class='av-inner-masonry-sizer'><\/div><figure class='av-inner-masonry main_color'><div class=\"av-masonry-outerimage-container\"><div class='av-masonry-image-container' style=\"background-image: url(https:\/\/grifk-handball.com\/naiset\/wp-content\/uploads\/sites\/3\/2017\/11\/logo-grifk-iso1-604x705.png);\"  title=\"GrIFK\" ><\/div><\/div><figcaption class='av-inner-masonry-content site-background'><div class='av-inner-masonry-content-pos'><div class='av-inner-masonry-content-pos-content'><div class='avia-arrow'><\/div><h3 class='av-masonry-entry-title entry-title '  itemprop=\"headline\" >Play Off: 3. v\u00e4lier\u00e4 HIFK &#8211; GrIFK<\/h3><div class='av-masonry-entry-content entry-content'  itemprop=\"text\" ><div class='av-masonry-categories'>Ottelut-2017-18<\/div><\/div><span class='av-masonry-date meta-color updated'>17.4.2018<\/span><span class=\"av-masonry-text-sep text-sep-author\">\/<\/span><span class='av-masonry-author meta-color author'><span class='fn'>by granimaster<\/span><\/span><\/div><\/div><\/figcaption><\/figure><\/a><!--end av-masonry entry--><a href=\"https:\/\/grifk-handball.com\/naiset\/2017-18\/ottelut-2017-18\/play-off-2-valiera-grifk-hifk\/\"  id='av-masonry-9-item-6594' data-av-masonry-item='6594' class='av-masonry-entry isotope-item post-6594 post type-post status-publish format-standard has-post-thumbnail hentry category-ottelut-2017-18 tag-grifkhandball tag-grifk tag-hifk tag-play-off tag-sm-sarja  av-masonry-item-with-image' title=\"GrIFK\"   itemscope=\"itemscope\" itemtype=\"https:\/\/schema.org\/CreativeWork\" ><div class='av-inner-masonry-sizer'><\/div><figure class='av-inner-masonry main_color'><div class=\"av-masonry-outerimage-container\"><div class='av-masonry-image-container' style=\"background-image: url(https:\/\/grifk-handball.com\/naiset\/wp-content\/uploads\/sites\/3\/2017\/11\/logo-grifk-iso1-604x705.png);\"  title=\"GrIFK\" ><\/div><\/div><figcaption class='av-inner-masonry-content site-background'><div class='av-inner-masonry-content-pos'><div class='av-inner-masonry-content-pos-content'><div class='avia-arrow'><\/div><h3 class='av-masonry-entry-title entry-title '  itemprop=\"headline\" >Play Off: 2. v\u00e4lier\u00e4 GrIFK &#8211; HIFK<\/h3><div class='av-masonry-entry-content entry-content'  itemprop=\"text\" ><div class='av-masonry-categories'>Ottelut-2017-18<\/div><\/div><span class='av-masonry-date meta-color updated'>15.4.2018<\/span><span class=\"av-masonry-text-sep text-sep-author\">\/<\/span><span class='av-masonry-author meta-color author'><span class='fn'>by granimaster<\/span><\/span><\/div><\/div><\/figcaption><\/figure><\/a><!--end av-masonry entry--><a href=\"https:\/\/grifk-handball.com\/naiset\/2017-18\/ottelut-2017-18\/play-off-1-valiera-hifk-grifk\/\"  id='av-masonry-9-item-6591' data-av-masonry-item='6591' class='av-masonry-entry isotope-item post-6591 post type-post status-publish format-standard has-post-thumbnail hentry category-ottelut-2017-18 tag-grifkhandball tag-grifk tag-hifk tag-play-off tag-sm-sarja  av-masonry-item-with-image' title=\"GrIFK\"   itemscope=\"itemscope\" itemtype=\"https:\/\/schema.org\/CreativeWork\" ><div class='av-inner-masonry-sizer'><\/div><figure class='av-inner-masonry main_color'><div class=\"av-masonry-outerimage-container\"><div class='av-masonry-image-container' style=\"background-image: url(https:\/\/grifk-handball.com\/naiset\/wp-content\/uploads\/sites\/3\/2017\/11\/logo-grifk-iso1-604x705.png);\"  title=\"GrIFK\" ><\/div><\/div><figcaption class='av-inner-masonry-content site-background'><div class='av-inner-masonry-content-pos'><div class='av-inner-masonry-content-pos-content'><div class='avia-arrow'><\/div><h3 class='av-masonry-entry-title entry-title '  itemprop=\"headline\" >Play Off: 1. v\u00e4lier\u00e4 HIFK &#8211; GrIFK<\/h3><div class='av-masonry-entry-content entry-content'  itemprop=\"text\" ><div class='av-masonry-categories'>Ottelut-2017-18<\/div><\/div><span class='av-masonry-date meta-color updated'>11.4.2018<\/span><span class=\"av-masonry-text-sep text-sep-author\">\/<\/span><span class='av-masonry-author meta-color author'><span class='fn'>by granimaster<\/span><\/span><\/div><\/div><\/figcaption><\/figure><\/a><!--end av-masonry entry--><a href=\"https:\/\/grifk-handball.com\/naiset\/2017-18\/ottelut-2017-18\/play-off-3-puolivaliera-grifk-kyif\/\"  id='av-masonry-9-item-6582' data-av-masonry-item='6582' class='av-masonry-entry isotope-item post-6582 post type-post status-publish format-standard has-post-thumbnail hentry category-ottelut-2017-18 tag-grifkhandball tag-grifk tag-kyif tag-play-off tag-sm-sarja  av-masonry-item-with-image' title=\"27164314_1004413363040791_5967371031215545146_o\"   itemscope=\"itemscope\" itemtype=\"https:\/\/schema.org\/CreativeWork\" ><div class='av-inner-masonry-sizer'><\/div><figure class='av-inner-masonry main_color'><div class=\"av-masonry-outerimage-container\"><div class='av-masonry-image-container' style=\"background-image: url(https:\/\/grifk-handball.com\/naiset\/wp-content\/uploads\/sites\/3\/2018\/04\/27164314_1004413363040791_5967371031215545146_o-e1523263550931-705x560.jpg);\"  title=\"27164314_1004413363040791_5967371031215545146_o\" ><\/div><\/div><figcaption class='av-inner-masonry-content site-background'><div class='av-inner-masonry-content-pos'><div class='av-inner-masonry-content-pos-content'><div class='avia-arrow'><\/div><h3 class='av-masonry-entry-title entry-title '  itemprop=\"headline\" >Play Off: 3. puoliv\u00e4lier\u00e4 GrIFK &#8211; KyIF<\/h3><div class='av-masonry-entry-content entry-content'  itemprop=\"text\" ><div class='av-masonry-categories'>Ottelut-2017-18<\/div><\/div><span class='av-masonry-date meta-color updated'>7.4.2018<\/span><span class=\"av-masonry-text-sep text-sep-author\">\/<\/span><span class='av-masonry-author meta-color author'><span class='fn'>by granimaster<\/span><\/span><\/div><\/div><\/figcaption><\/figure><\/a><!--end av-masonry entry--><a href=\"https:\/\/grifk-handball.com\/naiset\/2017-18\/ottelut-2017-18\/play-off-2-puolivaliera-kyif-grifk\/\"  id='av-masonry-9-item-6574' data-av-masonry-item='6574' class='av-masonry-entry isotope-item post-6574 post type-post status-publish format-standard has-post-thumbnail hentry category-ottelut-2017-18 tag-grifkhandball tag-grifk tag-kyif tag-play-off tag-sm-sarja  av-masonry-item-with-image' title=\"26904066_997099163772211_2926774587310972024_n\"   itemscope=\"itemscope\" itemtype=\"https:\/\/schema.org\/CreativeWork\" ><div class='av-inner-masonry-sizer'><\/div><figure class='av-inner-masonry main_color'><div class=\"av-masonry-outerimage-container\"><div class='av-masonry-image-container' style=\"background-image: url(https:\/\/grifk-handball.com\/naiset\/wp-content\/uploads\/sites\/3\/2018\/04\/26904066_997099163772211_2926774587310972024_n-705x466.jpg);\"  title=\"26904066_997099163772211_2926774587310972024_n\" ><\/div><\/div><figcaption class='av-inner-masonry-content site-background'><div class='av-inner-masonry-content-pos'><div class='av-inner-masonry-content-pos-content'><div class='avia-arrow'><\/div><h3 class='av-masonry-entry-title entry-title '  itemprop=\"headline\" >Play Off: 2. puoliv\u00e4lier\u00e4 KyIF &#8211; GrIFK<\/h3><div class='av-masonry-entry-content entry-content'  itemprop=\"text\" ><div class='av-masonry-categories'>Ottelut-2017-18<\/div><\/div><span class='av-masonry-date meta-color updated'>4.4.2018<\/span><span class=\"av-masonry-text-sep text-sep-author\">\/<\/span><span class='av-masonry-author meta-color author'><span class='fn'>by granimaster<\/span><\/span><\/div><\/div><\/figcaption><\/figure><\/a><!--end av-masonry entry--><a href=\"https:\/\/grifk-handball.com\/naiset\/2017-18\/ottelut-2017-18\/play-off-1-puolivaliera-grifk-kyif\/\"  id='av-masonry-9-item-6571' data-av-masonry-item='6571' class='av-masonry-entry isotope-item post-6571 post type-post status-publish format-standard has-post-thumbnail hentry category-ottelut-2017-18 tag-grifkhandball tag-grifk tag-kyif tag-play-off tag-sm-sarja  av-masonry-item-with-image' title=\"27023971_1005143046301156_5498898249626925131_o\"   itemscope=\"itemscope\" itemtype=\"https:\/\/schema.org\/CreativeWork\" ><div class='av-inner-masonry-sizer'><\/div><figure class='av-inner-masonry main_color'><div class=\"av-masonry-outerimage-container\"><div class='av-masonry-image-container' style=\"background-image: url(https:\/\/grifk-handball.com\/naiset\/wp-content\/uploads\/sites\/3\/2018\/04\/27023971_1005143046301156_5498898249626925131_o-705x466.jpg);\"  title=\"27023971_1005143046301156_5498898249626925131_o\" ><\/div><\/div><figcaption class='av-inner-masonry-content site-background'><div class='av-inner-masonry-content-pos'><div class='av-inner-masonry-content-pos-content'><div class='avia-arrow'><\/div><h3 class='av-masonry-entry-title entry-title '  itemprop=\"headline\" >Play Off: 1. puoliv\u00e4lier\u00e4 GrIFK &#8211; KyIF<\/h3><div class='av-masonry-entry-content entry-content'  itemprop=\"text\" ><div class='av-masonry-categories'>Ottelut-2017-18<\/div><\/div><span class='av-masonry-date meta-color updated'>2.4.2018<\/span><span class=\"av-masonry-text-sep text-sep-author\">\/<\/span><span class='av-masonry-author meta-color author'><span class='fn'>by granimaster<\/span><\/span><\/div><\/div><\/figcaption><\/figure><\/a><!--end av-masonry entry--><a href=\"https:\/\/grifk-handball.com\/naiset\/2017-18\/ottelut-2017-18\/ylempi-sm-jatkosarja-grifk-bk-46\/\"  id='av-masonry-9-item-6552' data-av-masonry-item='6552' class='av-masonry-entry isotope-item post-6552 post type-post status-publish format-standard has-post-thumbnail hentry category-ottelut-2017-18 tag-grifkhandball tag-bk-46 tag-grifk tag-sm-sarja tag-ylempi-jatkosarja  av-masonry-item-with-image' title=\"DSC_0306\"   itemscope=\"itemscope\" itemtype=\"https:\/\/schema.org\/CreativeWork\" ><div class='av-inner-masonry-sizer'><\/div><figure class='av-inner-masonry main_color'><div class=\"av-masonry-outerimage-container\"><div class='av-masonry-image-container' style=\"background-image: url(https:\/\/grifk-handball.com\/naiset\/wp-content\/uploads\/sites\/3\/2017\/11\/DSC_0306-705x467.jpg);\"  title=\"DSC_0306\" ><\/div><\/div><figcaption class='av-inner-masonry-content site-background'><div class='av-inner-masonry-content-pos'><div class='av-inner-masonry-content-pos-content'><div class='avia-arrow'><\/div><h3 class='av-masonry-entry-title entry-title '  itemprop=\"headline\" >Ylempi SM-jatkosarja: GrIFK \u2013 BK-46<\/h3><div class='av-masonry-entry-content entry-content'  itemprop=\"text\" ><div class='av-masonry-categories'>Ottelut-2017-18<\/div><\/div><span class='av-masonry-date meta-color updated'>14.3.2018<\/span><span class=\"av-masonry-text-sep text-sep-author\">\/<\/span><span class='av-masonry-author meta-color author'><span class='fn'>by granimaster<\/span><\/span><\/div><\/div><\/figcaption><\/figure><\/a><!--end av-masonry entry--><a href=\"https:\/\/grifk-handball.com\/naiset\/2017-18\/ottelut-2017-18\/ylempi-sm-jatkosarja-grifk-dicken\/\"  id='av-masonry-9-item-6549' data-av-masonry-item='6549' class='av-masonry-entry isotope-item post-6549 post type-post status-publish format-standard has-post-thumbnail hentry category-ottelut-2017-18 tag-grifkhandball tag-dicken tag-grifk tag-sm-sarja tag-wilhelmina-wolff  av-masonry-item-with-image' title=\"DSC_0262\"   itemscope=\"itemscope\" itemtype=\"https:\/\/schema.org\/CreativeWork\" ><div class='av-inner-masonry-sizer'><\/div><figure class='av-inner-masonry main_color'><div class=\"av-masonry-outerimage-container\"><div class='av-masonry-image-container' style=\"background-image: url(https:\/\/grifk-handball.com\/naiset\/wp-content\/uploads\/sites\/3\/2017\/11\/DSC_0262-705x467.jpg);\"  title=\"DSC_0262\" ><\/div><\/div><figcaption class='av-inner-masonry-content site-background'><div class='av-inner-masonry-content-pos'><div class='av-inner-masonry-content-pos-content'><div class='avia-arrow'><\/div><h3 class='av-masonry-entry-title entry-title '  itemprop=\"headline\" >Ylempi SM-jatkosarja: GrIFK \u2013 Dicken<\/h3><div class='av-masonry-entry-content entry-content'  itemprop=\"text\" ><div class='av-masonry-categories'>Ottelut-2017-18<\/div><\/div><span class='av-masonry-date meta-color updated'>10.3.2018<\/span><span class=\"av-masonry-text-sep text-sep-author\">\/<\/span><span class='av-masonry-author meta-color author'><span class='fn'>by granimaster<\/span><\/span><\/div><\/div><\/figcaption><\/figure><\/a><!--end av-masonry entry--><a href=\"https:\/\/grifk-handball.com\/naiset\/2017-18\/ottelut-2017-18\/ylempi-sm-jatkosarja-hifk-grifk\/\"  id='av-masonry-9-item-6545' data-av-masonry-item='6545' class='av-masonry-entry isotope-item post-6545 post type-post status-publish format-standard has-post-thumbnail hentry category-ottelut-2017-18 tag-grifkhandball tag-grifk tag-hifk tag-sm-sarja tag-ylempi-jatkosarja  av-masonry-item-with-image' title=\"27503630_1605955602817223_7002504748710147606_o[1]\"   itemscope=\"itemscope\" itemtype=\"https:\/\/schema.org\/CreativeWork\" ><div class='av-inner-masonry-sizer'><\/div><figure class='av-inner-masonry main_color'><div class=\"av-masonry-outerimage-container\"><div class='av-masonry-image-container' style=\"background-image: url(https:\/\/grifk-handball.com\/naiset\/wp-content\/uploads\/sites\/3\/2018\/02\/27503630_1605955602817223_7002504748710147606_o1-705x470.jpg);\"  title=\"27503630_1605955602817223_7002504748710147606_o[1]\" ><\/div><\/div><figcaption class='av-inner-masonry-content site-background'><div class='av-inner-masonry-content-pos'><div class='av-inner-masonry-content-pos-content'><div class='avia-arrow'><\/div><h3 class='av-masonry-entry-title entry-title '  itemprop=\"headline\" >Ylempi SM-jatkosarja: HIFK \u2013 GrIFK<\/h3><div class='av-masonry-entry-content entry-content'  itemprop=\"text\" ><div class='av-masonry-categories'>Ottelut-2017-18<\/div><\/div><span class='av-masonry-date meta-color updated'>4.3.2018<\/span><span class=\"av-masonry-text-sep text-sep-author\">\/<\/span><span class='av-masonry-author meta-color author'><span class='fn'>by granimaster<\/span><\/span><\/div><\/div><\/figcaption><\/figure><\/a><!--end av-masonry entry--><a href=\"https:\/\/grifk-handball.com\/naiset\/2017-18\/ottelut-2017-18\/ylempi-sm-jatkosarja-bk-46-grifk\/\"  id='av-masonry-9-item-6540' data-av-masonry-item='6540' class='av-masonry-entry isotope-item post-6540 post type-post status-publish format-standard has-post-thumbnail hentry category-ottelut-2017-18 tag-grifkhandball tag-bk-46 tag-grifk tag-sm-sarja tag-ylempi-jatkosarja  av-masonry-item-with-image' title=\"27500461_1605955052817278_226382373822284721_o[1]\"   itemscope=\"itemscope\" itemtype=\"https:\/\/schema.org\/CreativeWork\" ><div class='av-inner-masonry-sizer'><\/div><figure class='av-inner-masonry main_color'><div class=\"av-masonry-outerimage-container\"><div class='av-masonry-image-container' style=\"background-image: url(https:\/\/grifk-handball.com\/naiset\/wp-content\/uploads\/sites\/3\/2018\/02\/27500461_1605955052817278_226382373822284721_o1-705x470.jpg);\"  title=\"27500461_1605955052817278_226382373822284721_o[1]\" ><\/div><\/div><figcaption class='av-inner-masonry-content site-background'><div class='av-inner-masonry-content-pos'><div class='av-inner-masonry-content-pos-content'><div class='avia-arrow'><\/div><h3 class='av-masonry-entry-title entry-title '  itemprop=\"headline\" >Ylempi SM-jatkosarja: BK-46 &#8211; GrIFK<\/h3><div class='av-masonry-entry-content entry-content'  itemprop=\"text\" ><div class='av-masonry-categories'>Ottelut-2017-18<\/div><\/div><span class='av-masonry-date meta-color updated'>17.2.2018<\/span><span class=\"av-masonry-text-sep text-sep-author\">\/<\/span><span class='av-masonry-author meta-color author'><span class='fn'>by granimaster<\/span><\/span><\/div><\/div><\/figcaption><\/figure><\/a><!--end av-masonry entry--><a href=\"https:\/\/grifk-handball.com\/naiset\/2017-18\/ottelut-2017-18\/ylempi-sm-jatkosarja-dicken-grifk\/\"  id='av-masonry-9-item-6511' data-av-masonry-item='6511' class='av-masonry-entry isotope-item post-6511 post type-post status-publish format-standard has-post-thumbnail hentry category-ottelut-2017-18 tag-grifkhandball tag-dicken tag-grifk tag-sm-sarja tag-ylempi-jatkosarja  av-masonry-item-with-image' title=\"27356468_1605955789483871_170355248547848402_o[1]\"   itemscope=\"itemscope\" itemtype=\"https:\/\/schema.org\/CreativeWork\" ><div class='av-inner-masonry-sizer'><\/div><figure class='av-inner-masonry main_color'><div class=\"av-masonry-outerimage-container\"><div class='av-masonry-image-container' style=\"background-image: url(https:\/\/grifk-handball.com\/naiset\/wp-content\/uploads\/sites\/3\/2018\/02\/27356468_1605955789483871_170355248547848402_o1-705x470.jpg);\"  title=\"27356468_1605955789483871_170355248547848402_o[1]\" ><\/div><\/div><figcaption class='av-inner-masonry-content site-background'><div class='av-inner-masonry-content-pos'><div class='av-inner-masonry-content-pos-content'><div class='avia-arrow'><\/div><h3 class='av-masonry-entry-title entry-title '  itemprop=\"headline\" >Ylempi SM-jatkosarja: Dicken &#8211; GrIFK<\/h3><div class='av-masonry-entry-content entry-content'  itemprop=\"text\" >Otteluraportti naisten SM-sarjan sivuilla > ><br \/>\r\n<br \/>\r\nKuva: Jan Nylund\u2026<div class='av-masonry-categories'>Ottelut-2017-18<\/div><\/div><span class='av-masonry-date meta-color updated'>7.2.2018<\/span><span class=\"av-masonry-text-sep text-sep-author\">\/<\/span><span class='av-masonry-author meta-color author'><span class='fn'>by granimaster<\/span><\/span><\/div><\/div><\/figcaption><\/figure><\/a><!--end av-masonry entry--><a href=\"https:\/\/grifk-handball.com\/naiset\/2017-18\/ottelut-2017-18\/ylempi-sm-jatkosarja-grifk-hifk\/\"  id='av-masonry-9-item-6506' data-av-masonry-item='6506' class='av-masonry-entry isotope-item post-6506 post type-post status-publish format-standard has-post-thumbnail hentry category-ottelut-2017-18 tag-grifkhandball tag-grifk tag-hifk tag-sm-sarja tag-ylempi-jatkosarja  av-masonry-item-with-image' title=\"DSC_0174\"   itemscope=\"itemscope\" itemtype=\"https:\/\/schema.org\/CreativeWork\" ><div class='av-inner-masonry-sizer'><\/div><figure class='av-inner-masonry main_color'><div class=\"av-masonry-outerimage-container\"><div class='av-masonry-image-container' style=\"background-image: url(https:\/\/grifk-handball.com\/naiset\/wp-content\/uploads\/sites\/3\/2017\/11\/DSC_0174-705x467.jpg);\"  title=\"DSC_0174\" ><\/div><\/div><figcaption class='av-inner-masonry-content site-background'><div class='av-inner-masonry-content-pos'><div class='av-inner-masonry-content-pos-content'><div class='avia-arrow'><\/div><h3 class='av-masonry-entry-title entry-title '  itemprop=\"headline\" >Ylempi SM-jatkosarja: GrIFK &#8211; HIFK<\/h3><div class='av-masonry-entry-content entry-content'  itemprop=\"text\" >Otteluraportti naisten SM-sarjan sivuilla > ><div class='av-masonry-categories'>Ottelut-2017-18<\/div><\/div><span class='av-masonry-date meta-color updated'>2.2.2018<\/span><span class=\"av-masonry-text-sep text-sep-author\">\/<\/span><span class='av-masonry-author meta-color author'><span class='fn'>by granimaster<\/span><\/span><\/div><\/div><\/figcaption><\/figure><\/a><!--end av-masonry entry--><a href=\"https:\/\/grifk-handball.com\/naiset\/2017-18\/ottelut-2017-18\/sm-sarjaa-dicken-grifk\/\"  id='av-masonry-9-item-6452' data-av-masonry-item='6452' class='av-masonry-entry isotope-item post-6452 post type-post status-publish format-standard has-post-thumbnail hentry category-ottelut-2017-18 tag-grifkhandball tag-dicken tag-grifk tag-runkosarja tag-sm-sarja  av-masonry-item-with-image' title=\"DSC_0258\"   itemscope=\"itemscope\" itemtype=\"https:\/\/schema.org\/CreativeWork\" ><div class='av-inner-masonry-sizer'><\/div><figure class='av-inner-masonry main_color'><div class=\"av-masonry-outerimage-container\"><div class='av-masonry-image-container' style=\"background-image: url(https:\/\/grifk-handball.com\/naiset\/wp-content\/uploads\/sites\/3\/2017\/11\/DSC_0258-705x467.jpg);\"  title=\"DSC_0258\" ><\/div><\/div><figcaption class='av-inner-masonry-content site-background'><div class='av-inner-masonry-content-pos'><div class='av-inner-masonry-content-pos-content'><div class='avia-arrow'><\/div><h3 class='av-masonry-entry-title entry-title '  itemprop=\"headline\" >SM-sarjaa: Dicken &#8211; GrIFK<\/h3><div class='av-masonry-entry-content entry-content'  itemprop=\"text\" >Otteluraportti naisten SM-sarjan sivuilla ><div class='av-masonry-categories'>Ottelut-2017-18<\/div><\/div><span class='av-masonry-date meta-color updated'>31.1.2018<\/span><span class=\"av-masonry-text-sep text-sep-author\">\/<\/span><span class='av-masonry-author meta-color author'><span class='fn'>by granimaster<\/span><\/span><\/div><\/div><\/figcaption><\/figure><\/a><!--end av-masonry entry--><a href=\"https:\/\/grifk-handball.com\/naiset\/2017-18\/ottelut-2017-18\/sm-sarjaa-grifk-aifk\/\"  id='av-masonry-9-item-6449' data-av-masonry-item='6449' class='av-masonry-entry isotope-item post-6449 post type-post status-publish format-standard has-post-thumbnail hentry category-ottelut-2017-18 tag-grifkhandball tag-aifk tag-grifk tag-runkosarja tag-sm-sarja  av-masonry-item-with-image' title=\"DSC_0279\"   itemscope=\"itemscope\" itemtype=\"https:\/\/schema.org\/CreativeWork\" ><div class='av-inner-masonry-sizer'><\/div><figure class='av-inner-masonry main_color'><div class=\"av-masonry-outerimage-container\"><div class='av-masonry-image-container' style=\"background-image: url(https:\/\/grifk-handball.com\/naiset\/wp-content\/uploads\/sites\/3\/2017\/11\/DSC_0279-705x467.jpg);\"  title=\"DSC_0279\" ><\/div><\/div><figcaption class='av-inner-masonry-content site-background'><div class='av-inner-masonry-content-pos'><div class='av-inner-masonry-content-pos-content'><div class='avia-arrow'><\/div><h3 class='av-masonry-entry-title entry-title '  itemprop=\"headline\" >SM-sarjaa: GrIFK &#8211; \u00c5IFK<\/h3><div class='av-masonry-entry-content entry-content'  itemprop=\"text\" >Otteluraportti naisten SM-sarjan sivuilla ><div class='av-masonry-categories'>Ottelut-2017-18<\/div><\/div><span class='av-masonry-date meta-color updated'>27.1.2018<\/span><span class=\"av-masonry-text-sep text-sep-author\">\/<\/span><span class='av-masonry-author meta-color author'><span class='fn'>by granimaster<\/span><\/span><\/div><\/div><\/figcaption><\/figure><\/a><!--end av-masonry entry--><a href=\"https:\/\/grifk-handball.com\/naiset\/2017-18\/ottelut-2017-18\/sm-sarjaa-hifk-grifk\/\"  id='av-masonry-9-item-6442' data-av-masonry-item='6442' class='av-masonry-entry isotope-item post-6442 post type-post status-publish format-standard has-post-thumbnail hentry category-ottelut-2017-18 tag-grifkhandball tag-grifk tag-hifk tag-runkosarja tag-sm-sarja  av-masonry-item-with-image' title=\"DSC_0317\"   itemscope=\"itemscope\" itemtype=\"https:\/\/schema.org\/CreativeWork\" ><div class='av-inner-masonry-sizer'><\/div><figure class='av-inner-masonry main_color'><div class=\"av-masonry-outerimage-container\"><div class='av-masonry-image-container' style=\"background-image: url(https:\/\/grifk-handball.com\/naiset\/wp-content\/uploads\/sites\/3\/2017\/11\/DSC_0317-705x467.jpg);\"  title=\"DSC_0317\" ><\/div><\/div><figcaption class='av-inner-masonry-content site-background'><div class='av-inner-masonry-content-pos'><div class='av-inner-masonry-content-pos-content'><div class='avia-arrow'><\/div><h3 class='av-masonry-entry-title entry-title '  itemprop=\"headline\" >SM-sarjaa: HIFK \u2013 GrIFK<\/h3><div class='av-masonry-entry-content entry-content'  itemprop=\"text\" >Otteluraportti naisten SM-sarjan sivuilla ><div class='av-masonry-categories'>Ottelut-2017-18<\/div><\/div><span class='av-masonry-date meta-color updated'>21.1.2018<\/span><span class=\"av-masonry-text-sep text-sep-author\">\/<\/span><span class='av-masonry-author meta-color author'><span class='fn'>by granimaster<\/span><\/span><\/div><\/div><\/figcaption><\/figure><\/a><!--end av-masonry entry--><a href=\"https:\/\/grifk-handball.com\/naiset\/2017-18\/ottelut-2017-18\/sm-sarjaa-kyif-grifk\/\"  id='av-masonry-9-item-6437' data-av-masonry-item='6437' class='av-masonry-entry isotope-item post-6437 post type-post status-publish format-standard has-post-thumbnail hentry category-ottelut-2017-18 tag-grifkhandball tag-grifk tag-kyif tag-runkosarja tag-sm-sarja  av-masonry-item-with-image' title=\"GrIFK\"   itemscope=\"itemscope\" itemtype=\"https:\/\/schema.org\/CreativeWork\" ><div class='av-inner-masonry-sizer'><\/div><figure class='av-inner-masonry main_color'><div class=\"av-masonry-outerimage-container\"><div class='av-masonry-image-container' style=\"background-image: url(https:\/\/grifk-handball.com\/naiset\/wp-content\/uploads\/sites\/3\/2017\/11\/logo-grifk-iso1-604x705.png);\"  title=\"GrIFK\" ><\/div><\/div><figcaption class='av-inner-masonry-content site-background'><div class='av-inner-masonry-content-pos'><div class='av-inner-masonry-content-pos-content'><div class='avia-arrow'><\/div><h3 class='av-masonry-entry-title entry-title '  itemprop=\"headline\" >SM-sarjaa: KyIF &#8211; GrIFK<\/h3><div class='av-masonry-entry-content entry-content'  itemprop=\"text\" >Otteluraportti naisten SM-sarjan sivuilla ><div class='av-masonry-categories'>Ottelut-2017-18<\/div><\/div><span class='av-masonry-date meta-color updated'>14.1.2018<\/span><span class=\"av-masonry-text-sep text-sep-author\">\/<\/span><span class='av-masonry-author meta-color author'><span class='fn'>by granimaster<\/span><\/span><\/div><\/div><\/figcaption><\/figure><\/a><!--end av-masonry entry--><a href=\"https:\/\/grifk-handball.com\/naiset\/2017-18\/ottelut-2017-18\/grifk-atlas\/\"  id='av-masonry-9-item-6400' data-av-masonry-item='6400' class='av-masonry-entry isotope-item post-6400 post type-post status-publish format-standard has-post-thumbnail hentry category-ottelut-2017-18 tag-grifkhandball tag-atlas tag-grifk tag-runkosarja tag-sm-sarja  av-masonry-item-with-image' title=\"FB_IMG_1509976683284\"   itemscope=\"itemscope\" itemtype=\"https:\/\/schema.org\/CreativeWork\" ><div class='av-inner-masonry-sizer'><\/div><figure class='av-inner-masonry main_color'><div class=\"av-masonry-outerimage-container\"><div class='av-masonry-image-container' style=\"background-image: url(https:\/\/grifk-handball.com\/naiset\/wp-content\/uploads\/sites\/3\/2017\/11\/FB_IMG_1509976683284-705x640.jpg);\"  title=\"FB_IMG_1509976683284\" ><\/div><\/div><figcaption class='av-inner-masonry-content site-background'><div class='av-inner-masonry-content-pos'><div class='av-inner-masonry-content-pos-content'><div class='avia-arrow'><\/div><h3 class='av-masonry-entry-title entry-title '  itemprop=\"headline\" >SM-sarjaa: GrIFK &#8211; Atlas<\/h3><div class='av-masonry-entry-content entry-content'  itemprop=\"text\" >Otteluraportti naisten SM-sarjan sivuilla ><div class='av-masonry-categories'>Ottelut-2017-18<\/div><\/div><span class='av-masonry-date meta-color updated'>9.12.2017<\/span><span class=\"av-masonry-text-sep text-sep-author\">\/<\/span><span class='av-masonry-author meta-color author'><span class='fn'>by granimaster<\/span><\/span><\/div><\/div><\/figcaption><\/figure><\/a><!--end av-masonry entry--><a href=\"https:\/\/grifk-handball.com\/naiset\/2017-18\/ottelut-2017-18\/sif-grifk\/\"  id='av-masonry-9-item-6370' data-av-masonry-item='6370' class='av-masonry-entry isotope-item post-6370 post type-post status-publish format-standard has-post-thumbnail hentry category-ottelut-2017-18 tag-grifkhandball tag-grifk tag-runkosarja tag-sif tag-sm-sarja  av-masonry-item-with-image' title=\"20170918-181645-GrIFK Naiset (0052)\"   itemscope=\"itemscope\" itemtype=\"https:\/\/schema.org\/CreativeWork\" ><div class='av-inner-masonry-sizer'><\/div><figure class='av-inner-masonry main_color'><div class=\"av-masonry-outerimage-container\"><div class='av-masonry-image-container' style=\"background-image: url(https:\/\/grifk-handball.com\/naiset\/wp-content\/uploads\/sites\/3\/2017\/08\/20170918-181645-GrIFK-Naiset-0052-705x397.jpg);\"  title=\"20170918-181645-GrIFK Naiset (0052)\" ><\/div><\/div><figcaption class='av-inner-masonry-content site-background'><div class='av-inner-masonry-content-pos'><div class='av-inner-masonry-content-pos-content'><div class='avia-arrow'><\/div><h3 class='av-masonry-entry-title entry-title '  itemprop=\"headline\" >SM-sarjaa: SIF &#8211; GrIFK<\/h3><div class='av-masonry-entry-content entry-content'  itemprop=\"text\" >Otteluraportti naisten SM-sarjan sivuilla ><div class='av-masonry-categories'>Ottelut-2017-18<\/div><\/div><span class='av-masonry-date meta-color updated'>29.11.2017<\/span><span class=\"av-masonry-text-sep text-sep-author\">\/<\/span><span class='av-masonry-author meta-color author'><span class='fn'>by granimaster<\/span><\/span><\/div><\/div><\/figcaption><\/figure><\/a><!--end av-masonry entry--><a href=\"https:\/\/grifk-handball.com\/naiset\/2017-18\/ottelut-2017-18\/grifk-bk-46\/\"  id='av-masonry-9-item-6111' data-av-masonry-item='6111' class='av-masonry-entry isotope-item post-6111 post type-post status-publish format-standard has-post-thumbnail hentry category-ottelut-2017-18 tag-grifkhandball tag-bk-46 tag-grifk tag-runkosarja tag-sm-sarja  av-masonry-item-with-image' title=\"DSC_0306\"   itemscope=\"itemscope\" itemtype=\"https:\/\/schema.org\/CreativeWork\" ><div class='av-inner-masonry-sizer'><\/div><figure class='av-inner-masonry main_color'><div class=\"av-masonry-outerimage-container\"><div class='av-masonry-image-container' style=\"background-image: url(https:\/\/grifk-handball.com\/naiset\/wp-content\/uploads\/sites\/3\/2017\/11\/DSC_0306-705x467.jpg);\"  title=\"DSC_0306\" ><\/div><\/div><figcaption class='av-inner-masonry-content site-background'><div class='av-inner-masonry-content-pos'><div class='av-inner-masonry-content-pos-content'><div class='avia-arrow'><\/div><h3 class='av-masonry-entry-title entry-title '  itemprop=\"headline\" >SM-sarjaa: GrIFK &#8211; BK-46<\/h3><div class='av-masonry-entry-content entry-content'  itemprop=\"text\" >Otteluraportti naisten SM-sarjan sivuilla ><div class='av-masonry-categories'>Ottelut-2017-18<\/div><\/div><span class='av-masonry-date meta-color updated'>18.11.2017<\/span><span class=\"av-masonry-text-sep text-sep-author\">\/<\/span><span class='av-masonry-author meta-color author'><span class='fn'>by granimaster<\/span><\/span><\/div><\/div><\/figcaption><\/figure><\/a><!--end av-masonry entry--><a href=\"https:\/\/grifk-handball.com\/naiset\/2017-18\/ottelut-2017-18\/grifk-dicken\/\"  id='av-masonry-9-item-6108' data-av-masonry-item='6108' class='av-masonry-entry isotope-item post-6108 post type-post status-publish format-standard has-post-thumbnail hentry category-ottelut-2017-18 tag-grifkhandball tag-dicken tag-grifk tag-runkosarja tag-sm-sarja  av-masonry-item-with-image' title=\"DSC_0237\"   itemscope=\"itemscope\" itemtype=\"https:\/\/schema.org\/CreativeWork\" ><div class='av-inner-masonry-sizer'><\/div><figure class='av-inner-masonry main_color'><div class=\"av-masonry-outerimage-container\"><div class='av-masonry-image-container' style=\"background-image: url(https:\/\/grifk-handball.com\/naiset\/wp-content\/uploads\/sites\/3\/2017\/11\/DSC_0237-705x467.jpg);\"  title=\"DSC_0237\" ><\/div><\/div><figcaption class='av-inner-masonry-content site-background'><div class='av-inner-masonry-content-pos'><div class='av-inner-masonry-content-pos-content'><div class='avia-arrow'><\/div><h3 class='av-masonry-entry-title entry-title '  itemprop=\"headline\" >SM-sarjaa: GrIFK &#8211; Dicken<\/h3><div class='av-masonry-entry-content entry-content'  itemprop=\"text\" >Otteluraportti naisten SM-sarjan sivuilla ><div class='av-masonry-categories'>Ottelut-2017-18<\/div><\/div><span class='av-masonry-date meta-color updated'>11.11.2017<\/span><span class=\"av-masonry-text-sep text-sep-author\">\/<\/span><span class='av-masonry-author meta-color author'><span class='fn'>by granimaster<\/span><\/span><\/div><\/div><\/figcaption><\/figure><\/a><!--end av-masonry entry--><a href=\"https:\/\/grifk-handball.com\/naiset\/2017-18\/ottelut-2017-18\/aifk-grifk\/\"  id='av-masonry-9-item-6105' data-av-masonry-item='6105' class='av-masonry-entry isotope-item post-6105 post type-post status-publish format-standard has-post-thumbnail hentry category-ottelut-2017-18 tag-grifkhandball tag-aifk tag-grifk tag-runkosarja tag-sm-sarja  av-masonry-item-with-image' title=\"23213139_10155927274675929_7736912592520572103_o\"   itemscope=\"itemscope\" itemtype=\"https:\/\/schema.org\/CreativeWork\" ><div class='av-inner-masonry-sizer'><\/div><figure class='av-inner-masonry main_color'><div class=\"av-masonry-outerimage-container\"><div class='av-masonry-image-container' style=\"background-image: url(https:\/\/grifk-handball.com\/naiset\/wp-content\/uploads\/sites\/3\/2017\/11\/23213139_10155927274675929_7736912592520572103_o-705x705.jpg);\"  title=\"23213139_10155927274675929_7736912592520572103_o\" ><\/div><\/div><figcaption class='av-inner-masonry-content site-background'><div class='av-inner-masonry-content-pos'><div class='av-inner-masonry-content-pos-content'><div class='avia-arrow'><\/div><h3 class='av-masonry-entry-title entry-title '  itemprop=\"headline\" >SM-sarjaa: \u00c5IFK &#8211; GrIFK<\/h3><div class='av-masonry-entry-content entry-content'  itemprop=\"text\" >Otteluraportti naisten SM-sarjan sivuilla ><br \/>\r\n<br \/>\r\nKuva: Jouni L\u2026<div class='av-masonry-categories'>Ottelut-2017-18<\/div><\/div><span class='av-masonry-date meta-color updated'>4.11.2017<\/span><span class=\"av-masonry-text-sep text-sep-author\">\/<\/span><span class='av-masonry-author meta-color author'><span class='fn'>by granimaster<\/span><\/span><\/div><\/div><\/figcaption><\/figure><\/a><!--end av-masonry entry--><a href=\"https:\/\/grifk-handball.com\/naiset\/2017-18\/ottelut-2017-18\/grifk-hifk\/\"  id='av-masonry-9-item-6102' data-av-masonry-item='6102' class='av-masonry-entry isotope-item post-6102 post type-post status-publish format-standard hentry category-ottelut-2017-18 tag-grifkhandball tag-grifk tag-hifk tag-runkosarja tag-sm-sarja  av-masonry-item-no-image' title=\"SM-sarjaa: GrIFK &#8211; HIFK\"   itemscope=\"itemscope\" itemtype=\"https:\/\/schema.org\/CreativeWork\" ><div class='av-inner-masonry-sizer'><\/div><figure class='av-inner-masonry main_color'><figcaption class='av-inner-masonry-content site-background'><div class='av-inner-masonry-content-pos'><div class='av-inner-masonry-content-pos-content'><div class='avia-arrow'><\/div><h3 class='av-masonry-entry-title entry-title '  itemprop=\"headline\" >SM-sarjaa: GrIFK &#8211; HIFK<\/h3><div class='av-masonry-entry-content entry-content'  itemprop=\"text\" >Otteluraportti naisten SM-sarjan sivuilla ><div class='av-masonry-categories'>Ottelut-2017-18<\/div><\/div><span class='av-masonry-date meta-color updated'>25.10.2017<\/span><span class=\"av-masonry-text-sep text-sep-author\">\/<\/span><span class='av-masonry-author meta-color author'><span class='fn'>by granimaster<\/span><\/span><\/div><\/div><\/figcaption><\/figure><\/a><!--end av-masonry entry--><a href=\"https:\/\/grifk-handball.com\/naiset\/2017-18\/ottelut-2017-18\/grifk-kyif\/\"  id='av-masonry-9-item-6099' data-av-masonry-item='6099' class='av-masonry-entry isotope-item post-6099 post type-post status-publish format-standard hentry category-ottelut-2017-18 tag-grifkhandball tag-grifk tag-kyif tag-runkosarja tag-sm-sarja  av-masonry-item-no-image' title=\"SM-sarjaa: GrIFK &#8211; KyIF\"   itemscope=\"itemscope\" itemtype=\"https:\/\/schema.org\/CreativeWork\" ><div class='av-inner-masonry-sizer'><\/div><figure class='av-inner-masonry main_color'><figcaption class='av-inner-masonry-content site-background'><div class='av-inner-masonry-content-pos'><div class='av-inner-masonry-content-pos-content'><div class='avia-arrow'><\/div><h3 class='av-masonry-entry-title entry-title '  itemprop=\"headline\" >SM-sarjaa: GrIFK &#8211; KyIF<\/h3><div class='av-masonry-entry-content entry-content'  itemprop=\"text\" >Otteluraportti naisten SM-sarjan sivuilla ><div class='av-masonry-categories'>Ottelut-2017-18<\/div><\/div><span class='av-masonry-date meta-color updated'>14.10.2017<\/span><span class=\"av-masonry-text-sep text-sep-author\">\/<\/span><span class='av-masonry-author meta-color author'><span class='fn'>by granimaster<\/span><\/span><\/div><\/div><\/figcaption><\/figure><\/a><!--end av-masonry entry--><a href=\"https:\/\/grifk-handball.com\/naiset\/2017-18\/ottelut-2017-18\/suomen-cupin-puolivaliera-grifk-aifk\/\"  id='av-masonry-9-item-6114' data-av-masonry-item='6114' class='av-masonry-entry isotope-item post-6114 post type-post status-publish format-standard hentry category-ottelut-2017-18 tag-grifkhandball tag-aifk tag-grifk tag-suomen-cup  av-masonry-item-no-image' title=\"Suomen Cupin puoliv\u00e4lier\u00e4: GrIFK &#8211; \u00c5IFK\"   itemscope=\"itemscope\" itemtype=\"https:\/\/schema.org\/CreativeWork\" ><div class='av-inner-masonry-sizer'><\/div><figure class='av-inner-masonry main_color'><figcaption class='av-inner-masonry-content site-background'><div class='av-inner-masonry-content-pos'><div class='av-inner-masonry-content-pos-content'><div class='avia-arrow'><\/div><h3 class='av-masonry-entry-title entry-title '  itemprop=\"headline\" >Suomen Cupin puoliv\u00e4lier\u00e4: GrIFK &#8211; \u00c5IFK<\/h3><div class='av-masonry-entry-content entry-content'  itemprop=\"text\" >Otteluraportti naisten SM-sarjan sivuilla ><div class='av-masonry-categories'>Ottelut-2017-18<\/div><\/div><span class='av-masonry-date meta-color updated'>11.10.2017<\/span><span class=\"av-masonry-text-sep text-sep-author\">\/<\/span><span class='av-masonry-author meta-color author'><span class='fn'>by granimaster<\/span><\/span><\/div><\/div><\/figcaption><\/figure><\/a><!--end av-masonry entry--><a href=\"https:\/\/grifk-handball.com\/naiset\/2017-18\/ottelut-2017-18\/atlas-grifk\/\"  id='av-masonry-9-item-6096' data-av-masonry-item='6096' class='av-masonry-entry isotope-item post-6096 post type-post status-publish format-standard hentry category-ottelut-2017-18 tag-grifkhandball tag-atlas tag-grifk tag-runkosarja tag-sm-sarja  av-masonry-item-no-image' title=\"SM-sarjaa: Atlas &#8211; GrIFK\"   itemscope=\"itemscope\" itemtype=\"https:\/\/schema.org\/CreativeWork\" ><div class='av-inner-masonry-sizer'><\/div><figure class='av-inner-masonry main_color'><figcaption class='av-inner-masonry-content site-background'><div class='av-inner-masonry-content-pos'><div class='av-inner-masonry-content-pos-content'><div class='avia-arrow'><\/div><h3 class='av-masonry-entry-title entry-title '  itemprop=\"headline\" >SM-sarjaa: Atlas &#8211; GrIFK<\/h3><div class='av-masonry-entry-content entry-content'  itemprop=\"text\" >Otteluraportti naisten SM-sarjan sivuilla ><div class='av-masonry-categories'>Ottelut-2017-18<\/div><\/div><span class='av-masonry-date meta-color updated'>20.9.2017<\/span><span class=\"av-masonry-text-sep text-sep-author\">\/<\/span><span class='av-masonry-author meta-color author'><span class='fn'>by granimaster<\/span><\/span><\/div><\/div><\/figcaption><\/figure><\/a><!--end av-masonry entry--><a href=\"https:\/\/grifk-handball.com\/naiset\/2017-18\/ottelut-2017-18\/grifk-sif\/\"  id='av-masonry-9-item-6093' data-av-masonry-item='6093' class='av-masonry-entry isotope-item post-6093 post type-post status-publish format-standard hentry category-ottelut-2017-18 tag-grifkhandball tag-grifk tag-runkosarja tag-sif tag-sm-sarja  av-masonry-item-no-image' title=\"SM-sarjaa: GrIFK &#8211; SIF\"   itemscope=\"itemscope\" itemtype=\"https:\/\/schema.org\/CreativeWork\" ><div class='av-inner-masonry-sizer'><\/div><figure class='av-inner-masonry main_color'><figcaption class='av-inner-masonry-content site-background'><div class='av-inner-masonry-content-pos'><div class='av-inner-masonry-content-pos-content'><div class='avia-arrow'><\/div><h3 class='av-masonry-entry-title entry-title '  itemprop=\"headline\" >SM-sarjaa: GrIFK &#8211; SIF<\/h3><div class='av-masonry-entry-content entry-content'  itemprop=\"text\" >Otteluraportti naisten SM-sarjan sivuilla ><div class='av-masonry-categories'>Ottelut-2017-18<\/div><\/div><span class='av-masonry-date meta-color updated'>14.9.2017<\/span><span class=\"av-masonry-text-sep text-sep-author\">\/<\/span><span class='av-masonry-author meta-color author'><span class='fn'>by granimaster<\/span><\/span><\/div><\/div><\/figcaption><\/figure><\/a><!--end av-masonry entry--><a href=\"https:\/\/grifk-handball.com\/naiset\/2017-18\/ottelut-2017-18\/bk-46-grifk\/\"  id='av-masonry-9-item-6086' data-av-masonry-item='6086' class='av-masonry-entry isotope-item post-6086 post type-post status-publish format-standard hentry category-ottelut-2017-18 tag-grifkhandball tag-bk-46 tag-grifk tag-runkosarja tag-sm-sarja  av-masonry-item-no-image' title=\"SM-sarjaa: BK-46 &#8211; GrIFK\"   itemscope=\"itemscope\" itemtype=\"https:\/\/schema.org\/CreativeWork\" ><div class='av-inner-masonry-sizer'><\/div><figure class='av-inner-masonry main_color'><figcaption class='av-inner-masonry-content site-background'><div class='av-inner-masonry-content-pos'><div class='av-inner-masonry-content-pos-content'><div class='avia-arrow'><\/div><h3 class='av-masonry-entry-title entry-title '  itemprop=\"headline\" >SM-sarjaa: BK-46 &#8211; GrIFK<\/h3><div class='av-masonry-entry-content entry-content'  itemprop=\"text\" >Otteluraportti naisten SM-sarjan sivuilla ><div class='av-masonry-categories'>Ottelut-2017-18<\/div><\/div><span class='av-masonry-date meta-color updated'>8.9.2017<\/span><span class=\"av-masonry-text-sep text-sep-author\">\/<\/span><span class='av-masonry-author meta-color author'><span class='fn'>by granimaster<\/span><\/span><\/div><\/div><\/figcaption><\/figure><\/a><!--end av-masonry entry--><\/div><\/div><\/p><\/div><\/p>\n<section  class='av_textblock_section av-27d426-424a94dad0aa6123469bca16c405c8db '   itemscope=\"itemscope\" itemtype=\"https:\/\/schema.org\/CreativeWork\" ><div class='avia_textblock'  itemprop=\"text\" ><p>Click here to add your own text<\/p>\n<\/div><\/section>\n","protected":false},"excerpt":{"rendered":"","protected":false},"author":1,"featured_media":0,"parent":0,"menu_order":0,"comment_status":"closed","ping_status":"closed","template":"","meta":{"_acf_changed":false,"jetpack_post_was_ever_published":false,"footnotes":""},"tags":[],"class_list":["post-1454","page","type-page","status-publish","hentry"],"acf":[],"yoast_head":"<!-- This site is optimized with the Yoast SEO plugin v27.5 - https:\/\/yoast.com\/product\/yoast-seo-wordpress\/ -->\n<title>Otteluraportit &#187; GrIFK K\u00e4sipallo Naiset<\/title>\n<meta name=\"robots\" content=\"index, follow, max-snippet:-1, max-image-preview:large, max-video-preview:-1\" \/>\n<link rel=\"canonical\" href=\"https:\/\/grifk-handball.com\/naiset\/otteluraportit\/\" \/>\n<meta property=\"og:locale\" content=\"fi_FI\" \/>\n<meta property=\"og:type\" content=\"article\" \/>\n<meta property=\"og:title\" content=\"Otteluraportit &#187; GrIFK K\u00e4sipallo Naiset\" \/>\n<meta property=\"og:url\" content=\"https:\/\/grifk-handball.com\/naiset\/otteluraportit\/\" \/>\n<meta property=\"og:site_name\" content=\"GrIFK K\u00e4sipallo Naiset\" \/>\n<meta property=\"article:publisher\" content=\"https:\/\/www.facebook.com\/532444520237680\" \/>\n<meta property=\"article:modified_time\" content=\"2025-09-05T11:51:27+00:00\" \/>\n<meta name=\"twitter:card\" content=\"summary_large_image\" \/>\n<meta name=\"twitter:label1\" content=\"Arvioitu lukuaika\" \/>\n\t<meta name=\"twitter:data1\" content=\"61 minuuttia\" \/>\n<script type=\"application\/ld+json\" class=\"yoast-schema-graph\">{\"@context\":\"https:\\\/\\\/schema.org\",\"@graph\":[{\"@type\":\"WebPage\",\"@id\":\"https:\\\/\\\/grifk-handball.com\\\/naiset\\\/otteluraportit\\\/\",\"url\":\"https:\\\/\\\/grifk-handball.com\\\/naiset\\\/otteluraportit\\\/\",\"name\":\"Otteluraportit &#187; GrIFK K\u00e4sipallo Naiset\",\"isPartOf\":{\"@id\":\"https:\\\/\\\/grifk-handball.com\\\/naiset\\\/#website\"},\"datePublished\":\"2016-09-08T19:02:35+00:00\",\"dateModified\":\"2025-09-05T11:51:27+00:00\",\"breadcrumb\":{\"@id\":\"https:\\\/\\\/grifk-handball.com\\\/naiset\\\/otteluraportit\\\/#breadcrumb\"},\"inLanguage\":\"fi\",\"potentialAction\":[{\"@type\":\"ReadAction\",\"target\":[\"https:\\\/\\\/grifk-handball.com\\\/naiset\\\/otteluraportit\\\/\"]}]},{\"@type\":\"BreadcrumbList\",\"@id\":\"https:\\\/\\\/grifk-handball.com\\\/naiset\\\/otteluraportit\\\/#breadcrumb\",\"itemListElement\":[{\"@type\":\"ListItem\",\"position\":1,\"name\":\"Home\",\"item\":\"https:\\\/\\\/grifk-handball.com\\\/naiset\\\/etusivu-2\\\/\"},{\"@type\":\"ListItem\",\"position\":2,\"name\":\"Otteluraportit\"}]},{\"@type\":\"WebSite\",\"@id\":\"https:\\\/\\\/grifk-handball.com\\\/naiset\\\/#website\",\"url\":\"https:\\\/\\\/grifk-handball.com\\\/naiset\\\/\",\"name\":\"GrIFK K\u00e4sipallo Naiset\",\"description\":\"GrIFK K\u00e4sipallo Naiset\",\"potentialAction\":[{\"@type\":\"SearchAction\",\"target\":{\"@type\":\"EntryPoint\",\"urlTemplate\":\"https:\\\/\\\/grifk-handball.com\\\/naiset\\\/?s={search_term_string}\"},\"query-input\":{\"@type\":\"PropertyValueSpecification\",\"valueRequired\":true,\"valueName\":\"search_term_string\"}}],\"inLanguage\":\"fi\"}]}<\/script>\n<!-- \/ Yoast SEO plugin. -->","yoast_head_json":{"title":"Otteluraportit &#187; GrIFK K\u00e4sipallo Naiset","robots":{"index":"index","follow":"follow","max-snippet":"max-snippet:-1","max-image-preview":"max-image-preview:large","max-video-preview":"max-video-preview:-1"},"canonical":"https:\/\/grifk-handball.com\/naiset\/otteluraportit\/","og_locale":"fi_FI","og_type":"article","og_title":"Otteluraportit &#187; GrIFK K\u00e4sipallo Naiset","og_url":"https:\/\/grifk-handball.com\/naiset\/otteluraportit\/","og_site_name":"GrIFK K\u00e4sipallo Naiset","article_publisher":"https:\/\/www.facebook.com\/532444520237680","article_modified_time":"2025-09-05T11:51:27+00:00","twitter_card":"summary_large_image","twitter_misc":{"Arvioitu lukuaika":"61 minuuttia"},"schema":{"@context":"https:\/\/schema.org","@graph":[{"@type":"WebPage","@id":"https:\/\/grifk-handball.com\/naiset\/otteluraportit\/","url":"https:\/\/grifk-handball.com\/naiset\/otteluraportit\/","name":"Otteluraportit &#187; GrIFK K\u00e4sipallo Naiset","isPartOf":{"@id":"https:\/\/grifk-handball.com\/naiset\/#website"},"datePublished":"2016-09-08T19:02:35+00:00","dateModified":"2025-09-05T11:51:27+00:00","breadcrumb":{"@id":"https:\/\/grifk-handball.com\/naiset\/otteluraportit\/#breadcrumb"},"inLanguage":"fi","potentialAction":[{"@type":"ReadAction","target":["https:\/\/grifk-handball.com\/naiset\/otteluraportit\/"]}]},{"@type":"BreadcrumbList","@id":"https:\/\/grifk-handball.com\/naiset\/otteluraportit\/#breadcrumb","itemListElement":[{"@type":"ListItem","position":1,"name":"Home","item":"https:\/\/grifk-handball.com\/naiset\/etusivu-2\/"},{"@type":"ListItem","position":2,"name":"Otteluraportit"}]},{"@type":"WebSite","@id":"https:\/\/grifk-handball.com\/naiset\/#website","url":"https:\/\/grifk-handball.com\/naiset\/","name":"GrIFK K\u00e4sipallo Naiset","description":"GrIFK K\u00e4sipallo Naiset","potentialAction":[{"@type":"SearchAction","target":{"@type":"EntryPoint","urlTemplate":"https:\/\/grifk-handball.com\/naiset\/?s={search_term_string}"},"query-input":{"@type":"PropertyValueSpecification","valueRequired":true,"valueName":"search_term_string"}}],"inLanguage":"fi"}]}},"jetpack_sharing_enabled":true,"_links":{"self":[{"href":"https:\/\/grifk-handball.com\/naiset\/wp-json\/wp\/v2\/pages\/1454","targetHints":{"allow":["GET"]}}],"collection":[{"href":"https:\/\/grifk-handball.com\/naiset\/wp-json\/wp\/v2\/pages"}],"about":[{"href":"https:\/\/grifk-handball.com\/naiset\/wp-json\/wp\/v2\/types\/page"}],"author":[{"embeddable":true,"href":"https:\/\/grifk-handball.com\/naiset\/wp-json\/wp\/v2\/users\/1"}],"replies":[{"embeddable":true,"href":"https:\/\/grifk-handball.com\/naiset\/wp-json\/wp\/v2\/comments?post=1454"}],"version-history":[{"count":18,"href":"https:\/\/grifk-handball.com\/naiset\/wp-json\/wp\/v2\/pages\/1454\/revisions"}],"predecessor-version":[{"id":13495,"href":"https:\/\/grifk-handball.com\/naiset\/wp-json\/wp\/v2\/pages\/1454\/revisions\/13495"}],"wp:attachment":[{"href":"https:\/\/grifk-handball.com\/naiset\/wp-json\/wp\/v2\/media?parent=1454"}],"wp:term":[{"taxonomy":"post_tag","embeddable":true,"href":"https:\/\/grifk-handball.com\/naiset\/wp-json\/wp\/v2\/tags?post=1454"}],"curies":[{"name":"wp","href":"https:\/\/api.w.org\/{rel}","templated":true}]}}