{"id":432,"date":"2016-07-06T20:58:46","date_gmt":"2016-07-06T20:58:46","guid":{"rendered":"http:\/\/c3451.paas1.ams.modxcloud.com\/?page_id=432"},"modified":"2025-10-22T15:07:31","modified_gmt":"2025-10-22T12:07:31","slug":"news","status":"publish","type":"page","link":"https:\/\/grifk-handball.com\/naiset\/news\/","title":{"rendered":"Uutiset"},"content":{"rendered":"<div id='full_slider_1'  class='avia-fullwidth-slider main_color avia-shadow   avia-builder-el-0  el_before_av_one_full  avia-builder-el-first   container_wrap sidebar_right'  >\n<style type=\"text\/css\" data-created_by=\"avia_inline_auto\" id=\"style-css-av-s8t9s-193d55bb56d55d25300dd83eb0d980e4\">\n#top #wrap_all .avia-slideshow .av-slideshow-caption.av-s8t9s-193d55bb56d55d25300dd83eb0d980e4__0 .avia-caption-title{\nfont-size:60px;\n}\n\n@media only screen and (min-width: 768px) and (max-width: 989px){ \n#top #wrap_all .avia-slideshow .av-slideshow-caption.av-s8t9s-193d55bb56d55d25300dd83eb0d980e4__0 .avia-caption-title{\nfont-size:48px;\n}\n}\n\n@media only screen and (min-width: 480px) and (max-width: 767px){ \n#top #wrap_all .avia-slideshow .av-slideshow-caption.av-s8t9s-193d55bb56d55d25300dd83eb0d980e4__0 .avia-caption-title{\nfont-size:44px;\n}\n}\n\n@media only screen and (max-width: 479px){ \n#top #wrap_all .avia-slideshow .av-slideshow-caption.av-s8t9s-193d55bb56d55d25300dd83eb0d980e4__0 .avia-caption-title{\nfont-size:40px;\n}\n}\n<\/style>\n<div  class='avia-slideshow av-s8t9s-193d55bb56d55d25300dd83eb0d980e4 avia-slideshow-featured_large av_slideshow_full avia-slide-slider av-slideshow-ui av-control-default av-slideshow-manual av-loop-once av-loop-manual-endless av-default-height-applied   avia-slideshow-1' data-slideshow-options=\"{&quot;animation&quot;:&quot;slide&quot;,&quot;autoplay&quot;:false,&quot;loop_autoplay&quot;:&quot;once&quot;,&quot;interval&quot;:5,&quot;loop_manual&quot;:&quot;manual-endless&quot;,&quot;autoplay_stopper&quot;:false,&quot;noNavigation&quot;:false,&quot;bg_slider&quot;:false,&quot;keep_padding&quot;:false,&quot;hoverpause&quot;:false,&quot;show_slide_delay&quot;:0}\"  itemprop=\"image\" itemscope=\"itemscope\" itemtype=\"https:\/\/schema.org\/ImageObject\" ><ul class='avia-slideshow-inner ' style='padding-bottom: 42%;'><li  data-controls='aviaTBaviaTBvideo_controls' data-mute='aviaTBaviaTBvideo_mute' data-loop='aviaTBaviaTBvideo_loop' data-disable-autoplay=''  data-mobile-img='https:\/\/grifk-handball.com\/naiset\/wp-content\/uploads\/sites\/3\/2023\/05\/MG_7950-1500x630.jpg' data-fallback-link='https:\/\/' data-video-height='134' data-video-toppos='-17' data-video-ratio='2.3809523809524' class='avia-slideshow-slide av-s8t9s-193d55bb56d55d25300dd83eb0d980e4__0  av-video-slide  av-video-service-html5  av-hide-video-controls av-mute-video av-loop-video av-mobile-fallback-image  av-video-stretch av-single-slide slide-1 slide-odd'><div data-rel='slideshow-1' class='avia-slide-wrap ' style='background-image:url(\"https:\/\/grifk-handball.com\/naiset\/wp-content\/uploads\/sites\/3\/2023\/05\/MG_7950-1500x630.jpg\");'   itemprop=\"video\" itemtype=\"https:\/\/schema.org\/VideoObject\" ><div class='av-slideshow-caption av-s8t9s-193d55bb56d55d25300dd83eb0d980e4__0 caption_fullwidth caption_center caption_center_framed caption_framed'><div class=\"container caption_container\"><div class=\"slideshow_caption\"><div class=\"slideshow_inner_caption\"><div class=\"slideshow_align_caption\"><h2 class='avia-caption-title '  itemprop=\"name\" >GrIFK naiset tiedottaa<\/h2><\/div><\/div><\/div><\/div><\/div><div class='av-click-overlay'><\/div><video class='avia_video' poster=\"https:\/\/grifk-handball.com\/naiset\/wp-content\/uploads\/sites\/3\/2023\/05\/MG_7950-1500x630.jpg\" autoplay playsinline loop preload=\"metadata\" muted  id='player_432_1090434204_1998890971'><source src=\"https:\/\/grifk-handball.com\/naiset\/wp-content\/uploads\/sites\/3\/2023\/11\/GrIFK-Dicken-NSM-Final4-1.mp4\" type=\"video\/mp4\" \/><\/video><div class=\"av-click-to-play-overlay\"><div class=\"avia_playpause_icon\"><\/div><\/div><\/div><\/li><\/ul><\/div><\/div><div id='after_full_slider_1'  class='main_color av_default_container_wrap container_wrap sidebar_right'  ><div class='container av-section-cont-open' ><div class='template-page content  av-content-small alpha units'><div class='post-entry post-entry-type-page post-entry-432'><div class='entry-content-wrapper clearfix'>\n\n<style type=\"text\/css\" data-created_by=\"avia_inline_auto\" id=\"style-css-av-d7q3s-4795801e1292d542f605897f8e286223\">\n.flex_column.av-d7q3s-4795801e1292d542f605897f8e286223{\nborder-radius:0px 0px 0px 0px;\npadding:0px 0px 0px 0px;\n}\n<\/style>\n<div  class='flex_column av-d7q3s-4795801e1292d542f605897f8e286223 av_one_full  avia-builder-el-1  el_after_av_slideshow_full  el_before_av_textblock  avia-builder-el-first  first flex_column_div av-zero-column-padding  '     ><style type=\"text\/css\" data-created_by=\"avia_inline_auto\" id=\"style-css-av-wo9c-e4ba325b44f68928d73431ed22730a5f\">\n#top .av-masonry.av-wo9c-e4ba325b44f68928d73431ed22730a5f{\nbackground-color:#ffffff;\n}\n<\/style>\n<div id='av-masonry-1' class='av-masonry av-wo9c-e4ba325b44f68928d73431ed22730a5f noHover av-fixed-size av-large-gap av-hover-overlay- av-masonry-animation-active av-masonry-col-2 av-caption-always av-caption-style- av-masonry-entries av-orientation-square ' data-post_id=\"432\"><div class=\"av-masonry-container isotope av-js-disabled\"><div class='av-masonry-entry isotope-item av-masonry-item-no-image all_sort ennakot-2025-26_sort  uutiset_sort  kausi-2025-26_sort  otteluraportit-2025-226_sort  ottelut-2025-26_sort  ennakot-2024-25_sort  ennakot-2023-24_sort  ottelut-2023-24_sort  ennakot-2022-23_sort  ottelut-2021-22_sort  ennakot-2021-22_sort  ottelut-2020-21_sort  ottelut-2019-20_sort  kausi-2019-20_sort '><\/div><a href=\"https:\/\/grifk-handball.com\/naiset\/kausi-2025-26\/ennakot-2025-26\/naisten-baltic-sea-leaguen-final4-pelataan-2-3-5-liettuassa-kapteenien-ajatuksia-tulevasta-viikonlopusta\/\"  id='av-masonry-1-item-14323' data-av-masonry-item='14323' class='av-masonry-entry isotope-item post-14323 post type-post status-publish format-standard has-post-thumbnail hentry category-ennakot-2025-26 category-uutiset tag-balticsealeague tag-emily-johansson tag-grifkdamer tag-grifkhandball tag-otteluennakko tag-sandra-laitinen tag-semifinal tag-final4 tag-womens-baltic-sea-handball-league all_sort ennakot-2025-26_sort  uutiset_sort  av-masonry-item-with-image' title=\"2I1A5716\"   itemscope=\"itemscope\" itemtype=\"https:\/\/schema.org\/CreativeWork\" ><div class='av-inner-masonry-sizer'><\/div><figure class='av-inner-masonry main_color'><div class=\"av-masonry-outerimage-container\"><div class='av-masonry-image-container' style=\"background-image: url(https:\/\/grifk-handball.com\/naiset\/wp-content\/uploads\/sites\/3\/2026\/04\/2I1A5716-705x470.jpg);\"  title=\"2I1A5716\" ><\/div><\/div><figcaption class='av-inner-masonry-content site-background'><div class='av-inner-masonry-content-pos'><div class='av-inner-masonry-content-pos-content'><div class='avia-arrow'><\/div><h3 class='av-masonry-entry-title entry-title '  itemprop=\"headline\" >Naisten Baltic Sea leaguen Final4 pelataan 2.-3.5 Liettuassa \u2013 kapteenien ajatuksia tulevasta viikonlopusta<\/h3><span class='av-masonry-date meta-color updated'>30.4.2026<\/span><span class=\"av-masonry-text-sep text-sep-author\">\/<\/span><span class='av-masonry-author meta-color author'><span class='fn'>by Ellen<\/span><\/span><\/div><\/div><\/figcaption><\/figure><\/a><!--end av-masonry entry--><a href=\"https:\/\/grifk-handball.com\/naiset\/kausi-2025-26\/ennakot-2025-26\/baltiska-ligans-final4-spelas-inkommande-helg-i-litauen-kaptenernas-tankar-infor-helgen\/\"  id='av-masonry-1-item-14322' data-av-masonry-item='14322' class='av-masonry-entry isotope-item post-14322 post type-post status-publish format-standard has-post-thumbnail hentry category-ennakot-2025-26 category-uutiset tag-balticsealeague tag-emily-johansson tag-grifkdamer tag-grifkhandball tag-otteluennakko tag-sandra-laitinen tag-semifinal tag-womens-baltic-sea-league tag-final4 all_sort ennakot-2025-26_sort  uutiset_sort  av-masonry-item-with-image' title=\"2I1A5716\"   itemscope=\"itemscope\" itemtype=\"https:\/\/schema.org\/CreativeWork\" ><div class='av-inner-masonry-sizer'><\/div><figure class='av-inner-masonry main_color'><div class=\"av-masonry-outerimage-container\"><div class='av-masonry-image-container' style=\"background-image: url(https:\/\/grifk-handball.com\/naiset\/wp-content\/uploads\/sites\/3\/2026\/04\/2I1A5716-705x470.jpg);\"  title=\"2I1A5716\" ><\/div><\/div><figcaption class='av-inner-masonry-content site-background'><div class='av-inner-masonry-content-pos'><div class='av-inner-masonry-content-pos-content'><div class='avia-arrow'><\/div><h3 class='av-masonry-entry-title entry-title '  itemprop=\"headline\" >Damernas Baltic Sea League Final4 spelas 2-3.5 i Litauen \u2013 kaptenernas tankar inf\u00f6r helgen<\/h3><span class='av-masonry-date meta-color updated'>30.4.2026<\/span><span class=\"av-masonry-text-sep text-sep-author\">\/<\/span><span class='av-masonry-author meta-color author'><span class='fn'>by Ellen<\/span><\/span><\/div><\/div><\/figcaption><\/figure><\/a><!--end av-masonry entry--><a href=\"https:\/\/grifk-handball.com\/naiset\/kausi-2025-26\/ottelut-2025-26\/otteluraportti-24-4-4-finaali-hifk-vs-grifk\/\"  id='av-masonry-1-item-14319' data-av-masonry-item='14319' class='av-masonry-entry isotope-item post-14319 post type-post status-publish format-standard has-post-thumbnail hentry category-kausi-2025-26 category-otteluraportit-2025-226 category-ottelut-2025-26 category-uutiset tag-aktialiga tag-aktialiiga tag-damernas-aktialiga tag-finaali tag-final tag-fm-final tag-grifkdamer tag-grifkhandball tag-naisten-aktialiiga tag-otteluraportti tag-playoff tag-sandra-lundqvist all_sort kausi-2025-26_sort  otteluraportit-2025-226_sort  ottelut-2025-26_sort  uutiset_sort  av-masonry-item-with-image' title=\"2I1A7211\"   itemscope=\"itemscope\" itemtype=\"https:\/\/schema.org\/CreativeWork\" ><div class='av-inner-masonry-sizer'><\/div><figure class='av-inner-masonry main_color'><div class=\"av-masonry-outerimage-container\"><div class='av-masonry-image-container' style=\"background-image: url(https:\/\/grifk-handball.com\/naiset\/wp-content\/uploads\/sites\/3\/2026\/04\/2I1A7211-705x470.jpg);\"  title=\"2I1A7211\" ><\/div><\/div><figcaption class='av-inner-masonry-content site-background'><div class='av-inner-masonry-content-pos'><div class='av-inner-masonry-content-pos-content'><div class='avia-arrow'><\/div><h3 class='av-masonry-entry-title entry-title '  itemprop=\"headline\" >Otteluraportti 24.4. 4. finaali HIFK vs GrIFK<\/h3><span class='av-masonry-date meta-color updated'>30.4.2026<\/span><span class=\"av-masonry-text-sep text-sep-author\">\/<\/span><span class='av-masonry-author meta-color author'><span class='fn'>by Ellen<\/span><\/span><\/div><\/div><\/figcaption><\/figure><\/a><!--end av-masonry entry--><a href=\"https:\/\/grifk-handball.com\/naiset\/kausi-2025-26\/ottelut-2025-26\/matchrapport-24-4-final-4-hifk-vs-grifk\/\"  id='av-masonry-1-item-14315' data-av-masonry-item='14315' class='av-masonry-entry isotope-item post-14315 post type-post status-publish format-standard has-post-thumbnail hentry category-kausi-2025-26 category-otteluraportit-2025-226 category-ottelut-2025-26 category-uutiset tag-aktialiga tag-aktialiiga tag-damernas-aktialiga tag-final tag-fm-final tag-grifkdamer tag-grifkhandball tag-naisten-aktialiiga tag-playoff tag-sandra-lundqvist tag-matchrapport all_sort kausi-2025-26_sort  otteluraportit-2025-226_sort  ottelut-2025-26_sort  uutiset_sort  av-masonry-item-with-image' title=\"2I1A7211\"   itemscope=\"itemscope\" itemtype=\"https:\/\/schema.org\/CreativeWork\" ><div class='av-inner-masonry-sizer'><\/div><figure class='av-inner-masonry main_color'><div class=\"av-masonry-outerimage-container\"><div class='av-masonry-image-container' style=\"background-image: url(https:\/\/grifk-handball.com\/naiset\/wp-content\/uploads\/sites\/3\/2026\/04\/2I1A7211-705x470.jpg);\"  title=\"2I1A7211\" ><\/div><\/div><figcaption class='av-inner-masonry-content site-background'><div class='av-inner-masonry-content-pos'><div class='av-inner-masonry-content-pos-content'><div class='avia-arrow'><\/div><h3 class='av-masonry-entry-title entry-title '  itemprop=\"headline\" >Matchrapport 24.4 Final 4 HIFK vs GrIFK<\/h3><span class='av-masonry-date meta-color updated'>30.4.2026<\/span><span class=\"av-masonry-text-sep text-sep-author\">\/<\/span><span class='av-masonry-author meta-color author'><span class='fn'>by Ellen<\/span><\/span><\/div><\/div><\/figcaption><\/figure><\/a><!--end av-masonry entry--><a href=\"https:\/\/grifk-handball.com\/naiset\/kausi-2025-26\/ottelut-2025-26\/mestaruus-sinetoity-urheilutalolla-grifk-juhli-neljatta-kultaa-luvuin-29-20\/\"  id='av-masonry-1-item-14309' data-av-masonry-item='14309' class='av-masonry-entry isotope-item post-14309 post type-post status-publish format-standard has-post-thumbnail hentry category-kausi-2025-26 category-ottelut-2025-26 category-uutiset tag-aktialiga tag-aktialiiga tag-damernas-aktialiga tag-finaali tag-grifkdamer tag-grifkhandball tag-naisten-aktialiiga tag-playoff all_sort kausi-2025-26_sort  ottelut-2025-26_sort  uutiset_sort  av-masonry-item-with-image' title=\"2I1A7180\"   itemscope=\"itemscope\" itemtype=\"https:\/\/schema.org\/CreativeWork\" ><div class='av-inner-masonry-sizer'><\/div><figure class='av-inner-masonry main_color'><div class=\"av-masonry-outerimage-container\"><div class='av-masonry-image-container' style=\"background-image: url(https:\/\/grifk-handball.com\/naiset\/wp-content\/uploads\/sites\/3\/2026\/04\/2I1A7180-705x470.jpg);\"  title=\"2I1A7180\" ><\/div><\/div><figcaption class='av-inner-masonry-content site-background'><div class='av-inner-masonry-content-pos'><div class='av-inner-masonry-content-pos-content'><div class='avia-arrow'><\/div><h3 class='av-masonry-entry-title entry-title '  itemprop=\"headline\" >Mestaruus sinet\u00f6ity Urheilutalolla \u2013 GrIFK juhli nelj\u00e4tt\u00e4 kultaa luvuin 29\u201320<\/h3><span class='av-masonry-date meta-color updated'>29.4.2026<\/span><span class=\"av-masonry-text-sep text-sep-author\">\/<\/span><span class='av-masonry-author meta-color author'><span class='fn'>by Ellen<\/span><\/span><\/div><\/div><\/figcaption><\/figure><\/a><!--end av-masonry entry--><a href=\"https:\/\/grifk-handball.com\/naiset\/kausi-2025-26\/ennakot-2025-26\/4-finaali-24-4-2026-19-15-hifk-vs-grifk\/\"  id='av-masonry-1-item-14303' data-av-masonry-item='14303' class='av-masonry-entry isotope-item post-14303 post type-post status-publish format-standard has-post-thumbnail hentry category-ennakot-2025-26 category-uutiset tag-aktialiga tag-aktialiiga tag-damernas-aktialiga tag-finaali tag-grifkdamer tag-grifkhandball tag-naisten-aktialiiga tag-otteluennakko tag-playoff tag-sandra-lundqvist tag-sm-finaali tag-runkosarja all_sort ennakot-2025-26_sort  uutiset_sort  av-masonry-item-with-image' title=\"Sandran ennakko(1)\"   itemscope=\"itemscope\" itemtype=\"https:\/\/schema.org\/CreativeWork\" ><div class='av-inner-masonry-sizer'><\/div><figure class='av-inner-masonry main_color'><div class=\"av-masonry-outerimage-container\"><div class='av-masonry-image-container' style=\"background-image: url(https:\/\/grifk-handball.com\/naiset\/wp-content\/uploads\/sites\/3\/2025\/12\/Sandran-ennakko1-705x470.png);\"  title=\"Sandran ennakko(1)\" ><\/div><\/div><figcaption class='av-inner-masonry-content site-background'><div class='av-inner-masonry-content-pos'><div class='av-inner-masonry-content-pos-content'><div class='avia-arrow'><\/div><h3 class='av-masonry-entry-title entry-title '  itemprop=\"headline\" >4. finaali 24.4.2026 * 19.15 HIFK vs GrIFK<\/h3><span class='av-masonry-date meta-color updated'>24.4.2026<\/span><span class=\"av-masonry-text-sep text-sep-author\">\/<\/span><span class='av-masonry-author meta-color author'><span class='fn'>by Ellen<\/span><\/span><\/div><\/div><\/figcaption><\/figure><\/a><!--end av-masonry entry--><a href=\"https:\/\/grifk-handball.com\/naiset\/kausi-2025-26\/ennakot-2025-26\/final-4-24-4-2026-19-15-hifk-vs-grifk\/\"  id='av-masonry-1-item-14301' data-av-masonry-item='14301' class='av-masonry-entry isotope-item post-14301 post type-post status-publish format-standard has-post-thumbnail hentry category-ennakot-2025-26 category-uutiset tag-aktialiga tag-aktialiiga tag-damernas-aktialiga tag-finaali tag-final tag-grifkdamer tag-grifkhandball tag-naisten-aktialiiga tag-otteluennakko tag-playoff tag-sandra-lundqvist tag-sm-finaali tag-runkosarja all_sort ennakot-2025-26_sort  uutiset_sort  av-masonry-item-with-image' title=\"Sandran ennakko(1)\"   itemscope=\"itemscope\" itemtype=\"https:\/\/schema.org\/CreativeWork\" ><div class='av-inner-masonry-sizer'><\/div><figure class='av-inner-masonry main_color'><div class=\"av-masonry-outerimage-container\"><div class='av-masonry-image-container' style=\"background-image: url(https:\/\/grifk-handball.com\/naiset\/wp-content\/uploads\/sites\/3\/2025\/12\/Sandran-ennakko1-705x470.png);\"  title=\"Sandran ennakko(1)\" ><\/div><\/div><figcaption class='av-inner-masonry-content site-background'><div class='av-inner-masonry-content-pos'><div class='av-inner-masonry-content-pos-content'><div class='avia-arrow'><\/div><h3 class='av-masonry-entry-title entry-title '  itemprop=\"headline\" >Final 4 24.4.2026 * 19.15 HIFK vs GrIFK<\/h3><span class='av-masonry-date meta-color updated'>24.4.2026<\/span><span class=\"av-masonry-text-sep text-sep-author\">\/<\/span><span class='av-masonry-author meta-color author'><span class='fn'>by Ellen<\/span><\/span><\/div><\/div><\/figcaption><\/figure><\/a><!--end av-masonry entry--><a href=\"https:\/\/grifk-handball.com\/naiset\/kausi-2025-26\/ottelut-2025-26\/otteluraportti-22-4-3-finaali-grifk-vs-hifk\/\"  id='av-masonry-1-item-14298' data-av-masonry-item='14298' class='av-masonry-entry isotope-item post-14298 post type-post status-publish format-standard has-post-thumbnail hentry category-kausi-2025-26 category-otteluraportit-2025-226 category-ottelut-2025-26 category-uutiset tag-aktialiga tag-aktialiiga tag-damernas-aktialiga tag-finaali tag-final tag-fm-final tag-grifkdamer tag-grifkhandball tag-naisten-aktialiiga tag-otteluraportti tag-playoff tag-trine-bjorkqvist all_sort kausi-2025-26_sort  otteluraportit-2025-226_sort  ottelut-2025-26_sort  uutiset_sort  av-masonry-item-with-image' title=\"2I1A6312\"   itemscope=\"itemscope\" itemtype=\"https:\/\/schema.org\/CreativeWork\" ><div class='av-inner-masonry-sizer'><\/div><figure class='av-inner-masonry main_color'><div class=\"av-masonry-outerimage-container\"><div class='av-masonry-image-container' style=\"background-image: url(https:\/\/grifk-handball.com\/naiset\/wp-content\/uploads\/sites\/3\/2026\/04\/2I1A6312-705x470.jpg);\"  title=\"2I1A6312\" ><\/div><\/div><figcaption class='av-inner-masonry-content site-background'><div class='av-inner-masonry-content-pos'><div class='av-inner-masonry-content-pos-content'><div class='avia-arrow'><\/div><h3 class='av-masonry-entry-title entry-title '  itemprop=\"headline\" >Otteluraportti 22.4. 3. finaali GrIFK vs HIFK<\/h3><span class='av-masonry-date meta-color updated'>23.4.2026<\/span><span class=\"av-masonry-text-sep text-sep-author\">\/<\/span><span class='av-masonry-author meta-color author'><span class='fn'>by Ellen<\/span><\/span><\/div><\/div><\/figcaption><\/figure><\/a><!--end av-masonry entry--><a href=\"https:\/\/grifk-handball.com\/naiset\/kausi-2025-26\/ottelut-2025-26\/matchrapport-22-4-final-3-grifk-vs-hifk\/\"  id='av-masonry-1-item-14293' data-av-masonry-item='14293' class='av-masonry-entry isotope-item post-14293 post type-post status-publish format-standard has-post-thumbnail hentry category-kausi-2025-26 category-otteluraportit-2025-226 category-ottelut-2025-26 category-uutiset tag-aktialiga tag-aktialiiga tag-damernas-aktialiga tag-final tag-fm-final tag-grifkdamer tag-grifkhandball tag-naisten-aktialiiga tag-playoff tag-trine-bjorkqvist tag-matchrapport all_sort kausi-2025-26_sort  otteluraportit-2025-226_sort  ottelut-2025-26_sort  uutiset_sort  av-masonry-item-with-image' title=\"2I1A6005\"   itemscope=\"itemscope\" itemtype=\"https:\/\/schema.org\/CreativeWork\" ><div class='av-inner-masonry-sizer'><\/div><figure class='av-inner-masonry main_color'><div class=\"av-masonry-outerimage-container\"><div class='av-masonry-image-container' style=\"background-image: url(https:\/\/grifk-handball.com\/naiset\/wp-content\/uploads\/sites\/3\/2026\/04\/2I1A6005-705x470.jpg);\"  title=\"2I1A6005\" ><\/div><\/div><figcaption class='av-inner-masonry-content site-background'><div class='av-inner-masonry-content-pos'><div class='av-inner-masonry-content-pos-content'><div class='avia-arrow'><\/div><h3 class='av-masonry-entry-title entry-title '  itemprop=\"headline\" >Matchrapport 22.4 Final 3 GrIFK vs HIFK<\/h3><span class='av-masonry-date meta-color updated'>23.4.2026<\/span><span class=\"av-masonry-text-sep text-sep-author\">\/<\/span><span class='av-masonry-author meta-color author'><span class='fn'>by Ellen<\/span><\/span><\/div><\/div><\/figcaption><\/figure><\/a><!--end av-masonry entry--><a href=\"https:\/\/grifk-handball.com\/naiset\/kausi-2025-26\/ottelut-2025-26\/22-4-3-finaali-grifk-vs-hifk-25-19-12-13\/\"  id='av-masonry-1-item-14285' data-av-masonry-item='14285' class='av-masonry-entry isotope-item post-14285 post type-post status-publish format-standard has-post-thumbnail hentry category-kausi-2025-26 category-ottelut-2025-26 category-uutiset tag-aktialiga tag-aktialiiga tag-damernas-aktialiga tag-finaali tag-grifkdamer tag-grifkhandball tag-naisten-aktialiiga tag-playoff all_sort kausi-2025-26_sort  ottelut-2025-26_sort  uutiset_sort  av-masonry-item-with-image' title=\"2I1A6314\"   itemscope=\"itemscope\" itemtype=\"https:\/\/schema.org\/CreativeWork\" ><div class='av-inner-masonry-sizer'><\/div><figure class='av-inner-masonry main_color'><div class=\"av-masonry-outerimage-container\"><div class='av-masonry-image-container' style=\"background-image: url(https:\/\/grifk-handball.com\/naiset\/wp-content\/uploads\/sites\/3\/2026\/04\/2I1A6314-705x470.jpg);\"  title=\"2I1A6314\" ><\/div><\/div><figcaption class='av-inner-masonry-content site-background'><div class='av-inner-masonry-content-pos'><div class='av-inner-masonry-content-pos-content'><div class='avia-arrow'><\/div><h3 class='av-masonry-entry-title entry-title '  itemprop=\"headline\" >22.4 3. finaali GrIFK vs HIFK 25-19 (12-13)<\/h3><span class='av-masonry-date meta-color updated'>23.4.2026<\/span><span class=\"av-masonry-text-sep text-sep-author\">\/<\/span><span class='av-masonry-author meta-color author'><span class='fn'>by Ellen<\/span><\/span><\/div><\/div><\/figcaption><\/figure><\/a><!--end av-masonry entry--><a href=\"https:\/\/grifk-handball.com\/naiset\/kausi-2025-26\/ennakot-2025-26\/3-finaali-22-4-2026-19-00-grifk-vs-hifk\/\"  id='av-masonry-1-item-14277' data-av-masonry-item='14277' class='av-masonry-entry isotope-item post-14277 post type-post status-publish format-standard has-post-thumbnail hentry category-ennakot-2025-26 category-uutiset tag-aktialiga tag-aktialiiga tag-damernas-aktialiga tag-finaali tag-grifkdamer tag-grifkhandball tag-naisten-aktialiiga tag-otteluennakko tag-playoff tag-sm-finaali tag-trine-bjorkqvist tag-runkosarja all_sort ennakot-2025-26_sort  uutiset_sort  av-masonry-item-with-image' title=\"Trinen ennakko\"   itemscope=\"itemscope\" itemtype=\"https:\/\/schema.org\/CreativeWork\" ><div class='av-inner-masonry-sizer'><\/div><figure class='av-inner-masonry main_color'><div class=\"av-masonry-outerimage-container\"><div class='av-masonry-image-container' style=\"background-image: url(https:\/\/grifk-handball.com\/naiset\/wp-content\/uploads\/sites\/3\/2025\/12\/Trinen-ennakko-705x470.png);\"  title=\"Trinen ennakko\" ><\/div><\/div><figcaption class='av-inner-masonry-content site-background'><div class='av-inner-masonry-content-pos'><div class='av-inner-masonry-content-pos-content'><div class='avia-arrow'><\/div><h3 class='av-masonry-entry-title entry-title '  itemprop=\"headline\" >3. finaali 22.4.2026 * 19.00 GrIFK vs HIFK<\/h3><span class='av-masonry-date meta-color updated'>21.4.2026<\/span><span class=\"av-masonry-text-sep text-sep-author\">\/<\/span><span class='av-masonry-author meta-color author'><span class='fn'>by Ellen<\/span><\/span><\/div><\/div><\/figcaption><\/figure><\/a><!--end av-masonry entry--><a href=\"https:\/\/grifk-handball.com\/naiset\/kausi-2025-26\/ennakot-2025-26\/final-3-22-4-2026-19-00-grifk-vs-hifk\/\"  id='av-masonry-1-item-14275' data-av-masonry-item='14275' class='av-masonry-entry isotope-item post-14275 post type-post status-publish format-standard has-post-thumbnail hentry category-ennakot-2025-26 category-uutiset tag-aktialiga tag-aktialiiga tag-damernas-aktialiga tag-finaali tag-final tag-grifkdamer tag-grifkhandball tag-naisten-aktialiiga tag-otteluennakko tag-playoff tag-sm-finaali tag-trine-bjorkqvist tag-runkosarja all_sort ennakot-2025-26_sort  uutiset_sort  av-masonry-item-with-image' title=\"Trinen ennakko\"   itemscope=\"itemscope\" itemtype=\"https:\/\/schema.org\/CreativeWork\" ><div class='av-inner-masonry-sizer'><\/div><figure class='av-inner-masonry main_color'><div class=\"av-masonry-outerimage-container\"><div class='av-masonry-image-container' style=\"background-image: url(https:\/\/grifk-handball.com\/naiset\/wp-content\/uploads\/sites\/3\/2025\/12\/Trinen-ennakko-705x470.png);\"  title=\"Trinen ennakko\" ><\/div><\/div><figcaption class='av-inner-masonry-content site-background'><div class='av-inner-masonry-content-pos'><div class='av-inner-masonry-content-pos-content'><div class='avia-arrow'><\/div><h3 class='av-masonry-entry-title entry-title '  itemprop=\"headline\" >Final 3 22.4.2026 * 19.00 GrIFK vs HIFK<\/h3><span class='av-masonry-date meta-color updated'>21.4.2026<\/span><span class=\"av-masonry-text-sep text-sep-author\">\/<\/span><span class='av-masonry-author meta-color author'><span class='fn'>by Ellen<\/span><\/span><\/div><\/div><\/figcaption><\/figure><\/a><!--end av-masonry entry--><a href=\"https:\/\/grifk-handball.com\/naiset\/kausi-2025-26\/ottelut-2025-26\/otteluraportti-18-4-2-finaali-hifk-vs-grifk\/\"  id='av-masonry-1-item-14271' data-av-masonry-item='14271' class='av-masonry-entry isotope-item post-14271 post type-post status-publish format-standard has-post-thumbnail hentry category-kausi-2025-26 category-otteluraportit-2025-226 category-ottelut-2025-26 category-uutiset tag-aktialiga tag-aktialiiga tag-damernas-aktialiga tag-finaali tag-final tag-fm-final tag-freja-siivonen tag-grifkdamer tag-grifkhandball tag-naisten-aktialiiga tag-otteluraportti tag-playoff all_sort kausi-2025-26_sort  otteluraportit-2025-226_sort  ottelut-2025-26_sort  uutiset_sort  av-masonry-item-with-image' title=\"2I1A5264\"   itemscope=\"itemscope\" itemtype=\"https:\/\/schema.org\/CreativeWork\" ><div class='av-inner-masonry-sizer'><\/div><figure class='av-inner-masonry main_color'><div class=\"av-masonry-outerimage-container\"><div class='av-masonry-image-container' style=\"background-image: url(https:\/\/grifk-handball.com\/naiset\/wp-content\/uploads\/sites\/3\/2026\/04\/2I1A5264-705x470.jpg);\"  title=\"2I1A5264\" ><\/div><\/div><figcaption class='av-inner-masonry-content site-background'><div class='av-inner-masonry-content-pos'><div class='av-inner-masonry-content-pos-content'><div class='avia-arrow'><\/div><h3 class='av-masonry-entry-title entry-title '  itemprop=\"headline\" >Otteluraportti 18.4. 2. finaali HIFK vs GrIFK<\/h3><span class='av-masonry-date meta-color updated'>21.4.2026<\/span><span class=\"av-masonry-text-sep text-sep-author\">\/<\/span><span class='av-masonry-author meta-color author'><span class='fn'>by Ellen<\/span><\/span><\/div><\/div><\/figcaption><\/figure><\/a><!--end av-masonry entry--><a href=\"https:\/\/grifk-handball.com\/naiset\/kausi-2025-26\/ottelut-2025-26\/matchrapport-18-4-final-2-hifk-vs-grifk\/\"  id='av-masonry-1-item-14267' data-av-masonry-item='14267' class='av-masonry-entry isotope-item post-14267 post type-post status-publish format-standard has-post-thumbnail hentry category-kausi-2025-26 category-otteluraportit-2025-226 category-ottelut-2025-26 category-uutiset tag-aktialiga tag-aktialiiga tag-damernas-aktialiga tag-final tag-fm-final tag-freja-siivonen tag-grifkdamer tag-grifkhandball tag-naisten-aktialiiga tag-playoff tag-matchrapport all_sort kausi-2025-26_sort  otteluraportit-2025-226_sort  ottelut-2025-26_sort  uutiset_sort  av-masonry-item-with-image' title=\"2I1A5264\"   itemscope=\"itemscope\" itemtype=\"https:\/\/schema.org\/CreativeWork\" ><div class='av-inner-masonry-sizer'><\/div><figure class='av-inner-masonry main_color'><div class=\"av-masonry-outerimage-container\"><div class='av-masonry-image-container' style=\"background-image: url(https:\/\/grifk-handball.com\/naiset\/wp-content\/uploads\/sites\/3\/2026\/04\/2I1A5264-705x470.jpg);\"  title=\"2I1A5264\" ><\/div><\/div><figcaption class='av-inner-masonry-content site-background'><div class='av-inner-masonry-content-pos'><div class='av-inner-masonry-content-pos-content'><div class='avia-arrow'><\/div><h3 class='av-masonry-entry-title entry-title '  itemprop=\"headline\" >Matchrapport 18.4 Final 2 HIFK vs GrIFK<\/h3><span class='av-masonry-date meta-color updated'>21.4.2026<\/span><span class=\"av-masonry-text-sep text-sep-author\">\/<\/span><span class='av-masonry-author meta-color author'><span class='fn'>by Ellen<\/span><\/span><\/div><\/div><\/figcaption><\/figure><\/a><!--end av-masonry entry--><a href=\"https:\/\/grifk-handball.com\/naiset\/kausi-2025-26\/ottelut-2025-26\/18-4-2-finaali-hifk-vs-grifk-20-22-12-11\/\"  id='av-masonry-1-item-14263' data-av-masonry-item='14263' class='av-masonry-entry isotope-item post-14263 post type-post status-publish format-standard has-post-thumbnail hentry category-kausi-2025-26 category-ottelut-2025-26 category-uutiset tag-aktialiga tag-aktialiiga tag-damernas-aktialiga tag-finaali tag-grifkdamer tag-grifkhandball tag-naisten-aktialiiga tag-playoff all_sort kausi-2025-26_sort  ottelut-2025-26_sort  uutiset_sort  av-masonry-item-with-image' title=\"2I1A5137\"   itemscope=\"itemscope\" itemtype=\"https:\/\/schema.org\/CreativeWork\" ><div class='av-inner-masonry-sizer'><\/div><figure class='av-inner-masonry main_color'><div class=\"av-masonry-outerimage-container\"><div class='av-masonry-image-container' style=\"background-image: url(https:\/\/grifk-handball.com\/naiset\/wp-content\/uploads\/sites\/3\/2026\/04\/2I1A5137-705x470.jpg);\"  title=\"2I1A5137\" ><\/div><\/div><figcaption class='av-inner-masonry-content site-background'><div class='av-inner-masonry-content-pos'><div class='av-inner-masonry-content-pos-content'><div class='avia-arrow'><\/div><h3 class='av-masonry-entry-title entry-title '  itemprop=\"headline\" >18.4 2. finaali HIFK vs GrIFK 20-22 (12-11)<\/h3><span class='av-masonry-date meta-color updated'>20.4.2026<\/span><span class=\"av-masonry-text-sep text-sep-author\">\/<\/span><span class='av-masonry-author meta-color author'><span class='fn'>by Ellen<\/span><\/span><\/div><\/div><\/figcaption><\/figure><\/a><!--end av-masonry entry--><a href=\"https:\/\/grifk-handball.com\/naiset\/kausi-2025-26\/ennakot-2025-26\/2-finaali-18-4-2026-14-00-hifk-vs-grifk\/\"  id='av-masonry-1-item-14256' data-av-masonry-item='14256' class='av-masonry-entry isotope-item post-14256 post type-post status-publish format-standard has-post-thumbnail hentry category-ennakot-2025-26 category-uutiset tag-aktialiga tag-aktialiiga tag-damernas-aktialiga tag-finaali tag-freja-siivonen tag-grifkdamer tag-grifkhandball tag-naisten-aktialiiga tag-otteluennakko tag-playoff tag-sm-finaali tag-runkosarja all_sort ennakot-2025-26_sort  uutiset_sort  av-masonry-item-with-image' title=\"Frejan ennakko\"   itemscope=\"itemscope\" itemtype=\"https:\/\/schema.org\/CreativeWork\" ><div class='av-inner-masonry-sizer'><\/div><figure class='av-inner-masonry main_color'><div class=\"av-masonry-outerimage-container\"><div class='av-masonry-image-container' style=\"background-image: url(https:\/\/grifk-handball.com\/naiset\/wp-content\/uploads\/sites\/3\/2025\/11\/Frejan-ennakko-705x470.png);\"  title=\"Frejan ennakko\" ><\/div><\/div><figcaption class='av-inner-masonry-content site-background'><div class='av-inner-masonry-content-pos'><div class='av-inner-masonry-content-pos-content'><div class='avia-arrow'><\/div><h3 class='av-masonry-entry-title entry-title '  itemprop=\"headline\" >2. finaali 18.4.2026 * 14.00 HIFK vs GrIFK<\/h3><span class='av-masonry-date meta-color updated'>17.4.2026<\/span><span class=\"av-masonry-text-sep text-sep-author\">\/<\/span><span class='av-masonry-author meta-color author'><span class='fn'>by Ellen<\/span><\/span><\/div><\/div><\/figcaption><\/figure><\/a><!--end av-masonry entry--><a href=\"https:\/\/grifk-handball.com\/naiset\/kausi-2025-26\/ennakot-2025-26\/final-2-18-4-2026-14-00-hifk-vs-grifk\/\"  id='av-masonry-1-item-14253' data-av-masonry-item='14253' class='av-masonry-entry isotope-item post-14253 post type-post status-publish format-standard has-post-thumbnail hentry category-ennakot-2025-26 category-uutiset tag-aktialiga tag-aktialiiga tag-damernas-aktialiga tag-finaali tag-final tag-freja-siivonen tag-grifkdamer tag-grifkhandball tag-naisten-aktialiiga tag-otteluennakko tag-playoff tag-sm-finaali tag-runkosarja all_sort ennakot-2025-26_sort  uutiset_sort  av-masonry-item-with-image' title=\"Frejan ennakko\"   itemscope=\"itemscope\" itemtype=\"https:\/\/schema.org\/CreativeWork\" ><div class='av-inner-masonry-sizer'><\/div><figure class='av-inner-masonry main_color'><div class=\"av-masonry-outerimage-container\"><div class='av-masonry-image-container' style=\"background-image: url(https:\/\/grifk-handball.com\/naiset\/wp-content\/uploads\/sites\/3\/2025\/11\/Frejan-ennakko-705x470.png);\"  title=\"Frejan ennakko\" ><\/div><\/div><figcaption class='av-inner-masonry-content site-background'><div class='av-inner-masonry-content-pos'><div class='av-inner-masonry-content-pos-content'><div class='avia-arrow'><\/div><h3 class='av-masonry-entry-title entry-title '  itemprop=\"headline\" >Final 2 18.4.2026 * 14.00 HIFK vs GrIFK<\/h3><span class='av-masonry-date meta-color updated'>17.4.2026<\/span><span class=\"av-masonry-text-sep text-sep-author\">\/<\/span><span class='av-masonry-author meta-color author'><span class='fn'>by Ellen<\/span><\/span><\/div><\/div><\/figcaption><\/figure><\/a><!--end av-masonry entry--><a href=\"https:\/\/grifk-handball.com\/naiset\/kausi-2025-26\/ottelut-2025-26\/otteluraportti-15-4-1-finaali-grifk-vs-hifk\/\"  id='av-masonry-1-item-14244' data-av-masonry-item='14244' class='av-masonry-entry isotope-item post-14244 post type-post status-publish format-standard has-post-thumbnail hentry category-kausi-2025-26 category-otteluraportit-2025-226 category-ottelut-2025-26 category-uutiset tag-aktialiga tag-aktialiiga tag-alva-eskelin tag-damernas-aktialiga tag-finaali tag-final tag-fm-final tag-grifkdamer tag-grifkhandball tag-naisten-aktialiiga tag-otteluraportti tag-playoff all_sort kausi-2025-26_sort  otteluraportit-2025-226_sort  ottelut-2025-26_sort  uutiset_sort  av-masonry-item-with-image' title=\"2I1A5445\"   itemscope=\"itemscope\" itemtype=\"https:\/\/schema.org\/CreativeWork\" ><div class='av-inner-masonry-sizer'><\/div><figure class='av-inner-masonry main_color'><div class=\"av-masonry-outerimage-container\"><div class='av-masonry-image-container' style=\"background-image: url(https:\/\/grifk-handball.com\/naiset\/wp-content\/uploads\/sites\/3\/2026\/04\/2I1A5445-705x470.jpg);\"  title=\"2I1A5445\" ><\/div><\/div><figcaption class='av-inner-masonry-content site-background'><div class='av-inner-masonry-content-pos'><div class='av-inner-masonry-content-pos-content'><div class='avia-arrow'><\/div><h3 class='av-masonry-entry-title entry-title '  itemprop=\"headline\" >Otteluraportti 15.4. 1. finaali GrIFK vs HIFK<\/h3><span class='av-masonry-date meta-color updated'>17.4.2026<\/span><span class=\"av-masonry-text-sep text-sep-author\">\/<\/span><span class='av-masonry-author meta-color author'><span class='fn'>by Ellen<\/span><\/span><\/div><\/div><\/figcaption><\/figure><\/a><!--end av-masonry entry--><a href=\"https:\/\/grifk-handball.com\/naiset\/kausi-2025-26\/ottelut-2025-26\/matchrapport-15-4-final-1-grifk-vs-hifk\/\"  id='av-masonry-1-item-14239' data-av-masonry-item='14239' class='av-masonry-entry isotope-item post-14239 post type-post status-publish format-standard has-post-thumbnail hentry category-kausi-2025-26 category-otteluraportit-2025-226 category-ottelut-2025-26 category-uutiset tag-aktialiga tag-aktialiiga tag-alva-eskelin tag-damernas-aktialiga tag-final tag-fm-final tag-grifkdamer tag-grifkhandball tag-naisten-aktialiiga tag-playoff tag-matchrapport all_sort kausi-2025-26_sort  otteluraportit-2025-226_sort  ottelut-2025-26_sort  uutiset_sort  av-masonry-item-with-image' title=\"2I1A5445\"   itemscope=\"itemscope\" itemtype=\"https:\/\/schema.org\/CreativeWork\" ><div class='av-inner-masonry-sizer'><\/div><figure class='av-inner-masonry main_color'><div class=\"av-masonry-outerimage-container\"><div class='av-masonry-image-container' style=\"background-image: url(https:\/\/grifk-handball.com\/naiset\/wp-content\/uploads\/sites\/3\/2026\/04\/2I1A5445-705x470.jpg);\"  title=\"2I1A5445\" ><\/div><\/div><figcaption class='av-inner-masonry-content site-background'><div class='av-inner-masonry-content-pos'><div class='av-inner-masonry-content-pos-content'><div class='avia-arrow'><\/div><h3 class='av-masonry-entry-title entry-title '  itemprop=\"headline\" >Matchrapport 15.4 Final 1 GrIFK vs HIFK<\/h3><span class='av-masonry-date meta-color updated'>17.4.2026<\/span><span class=\"av-masonry-text-sep text-sep-author\">\/<\/span><span class='av-masonry-author meta-color author'><span class='fn'>by Ellen<\/span><\/span><\/div><\/div><\/figcaption><\/figure><\/a><!--end av-masonry entry--><a href=\"https:\/\/grifk-handball.com\/naiset\/kausi-2025-26\/ottelut-2025-26\/15-4-1-finaali-grifk-vs-hifk-ja-26-28-24-24-11-11\/\"  id='av-masonry-1-item-14246' data-av-masonry-item='14246' class='av-masonry-entry isotope-item post-14246 post type-post status-publish format-standard has-post-thumbnail hentry category-kausi-2025-26 category-ottelut-2025-26 category-uutiset tag-aktialiga tag-aktialiiga tag-damernas-aktialiga tag-finaali tag-grifkdamer tag-grifkhandball tag-naisten-aktialiiga tag-playoff all_sort kausi-2025-26_sort  ottelut-2025-26_sort  uutiset_sort  av-masonry-item-with-image' title=\"2I1A5315\"   itemscope=\"itemscope\" itemtype=\"https:\/\/schema.org\/CreativeWork\" ><div class='av-inner-masonry-sizer'><\/div><figure class='av-inner-masonry main_color'><div class=\"av-masonry-outerimage-container\"><div class='av-masonry-image-container' style=\"background-image: url(https:\/\/grifk-handball.com\/naiset\/wp-content\/uploads\/sites\/3\/2026\/04\/2I1A5315-705x470.jpg);\"  title=\"2I1A5315\" ><\/div><\/div><figcaption class='av-inner-masonry-content site-background'><div class='av-inner-masonry-content-pos'><div class='av-inner-masonry-content-pos-content'><div class='avia-arrow'><\/div><h3 class='av-masonry-entry-title entry-title '  itemprop=\"headline\" >15.4 1. finaali GrIFK vs HIFK ja. 26\u201328 (24-24, 11-11)<\/h3><span class='av-masonry-date meta-color updated'>17.4.2026<\/span><span class=\"av-masonry-text-sep text-sep-author\">\/<\/span><span class='av-masonry-author meta-color author'><span class='fn'>by Ellen<\/span><\/span><\/div><\/div><\/figcaption><\/figure><\/a><!--end av-masonry entry--><a href=\"https:\/\/grifk-handball.com\/naiset\/kausi-2025-26\/ennakot-2025-26\/1-finaali-15-4-2026-19-00-grifk-vs-hifk\/\"  id='av-masonry-1-item-14232' data-av-masonry-item='14232' class='av-masonry-entry isotope-item post-14232 post type-post status-publish format-standard has-post-thumbnail hentry category-ennakot-2025-26 category-uutiset tag-aktialiga tag-aktialiiga tag-alva-eskelin tag-damernas-aktialiga tag-finaali tag-grifkdamer tag-grifkhandball tag-naisten-aktialiiga tag-otteluennakko tag-playoff tag-sm-finaali tag-runkosarja all_sort ennakot-2025-26_sort  uutiset_sort  av-masonry-item-with-image' title=\"Alva ennakko\"   itemscope=\"itemscope\" itemtype=\"https:\/\/schema.org\/CreativeWork\" ><div class='av-inner-masonry-sizer'><\/div><figure class='av-inner-masonry main_color'><div class=\"av-masonry-outerimage-container\"><div class='av-masonry-image-container' style=\"background-image: url(https:\/\/grifk-handball.com\/naiset\/wp-content\/uploads\/sites\/3\/2025\/10\/Alva-ennakko-705x470.png);\"  title=\"Alva ennakko\" ><\/div><\/div><figcaption class='av-inner-masonry-content site-background'><div class='av-inner-masonry-content-pos'><div class='av-inner-masonry-content-pos-content'><div class='avia-arrow'><\/div><h3 class='av-masonry-entry-title entry-title '  itemprop=\"headline\" >1. finaali 15.4.2026 * 19.00 GrIFK vs HIFK<\/h3><span class='av-masonry-date meta-color updated'>14.4.2026<\/span><span class=\"av-masonry-text-sep text-sep-author\">\/<\/span><span class='av-masonry-author meta-color author'><span class='fn'>by Ellen<\/span><\/span><\/div><\/div><\/figcaption><\/figure><\/a><!--end av-masonry entry--><a href=\"https:\/\/grifk-handball.com\/naiset\/kausi-2025-26\/ennakot-2025-26\/final-1-15-4-2026-19-00-grifk-vs-hifk\/\"  id='av-masonry-1-item-14230' data-av-masonry-item='14230' class='av-masonry-entry isotope-item post-14230 post type-post status-publish format-standard has-post-thumbnail hentry category-ennakot-2025-26 category-uutiset tag-aktialiga tag-aktialiiga tag-alva-eskelin tag-damernas-aktialiga tag-finaali tag-final tag-grifkdamer tag-grifkhandball tag-naisten-aktialiiga tag-otteluennakko tag-playoff tag-sm-finaali tag-runkosarja all_sort ennakot-2025-26_sort  uutiset_sort  av-masonry-item-with-image' title=\"Alva ennakko\"   itemscope=\"itemscope\" itemtype=\"https:\/\/schema.org\/CreativeWork\" ><div class='av-inner-masonry-sizer'><\/div><figure class='av-inner-masonry main_color'><div class=\"av-masonry-outerimage-container\"><div class='av-masonry-image-container' style=\"background-image: url(https:\/\/grifk-handball.com\/naiset\/wp-content\/uploads\/sites\/3\/2025\/10\/Alva-ennakko-705x470.png);\"  title=\"Alva ennakko\" ><\/div><\/div><figcaption class='av-inner-masonry-content site-background'><div class='av-inner-masonry-content-pos'><div class='av-inner-masonry-content-pos-content'><div class='avia-arrow'><\/div><h3 class='av-masonry-entry-title entry-title '  itemprop=\"headline\" >Final 1 15.4.2026 * 19.00 GrIFK vs HIFK<\/h3><span class='av-masonry-date meta-color updated'>14.4.2026<\/span><span class=\"av-masonry-text-sep text-sep-author\">\/<\/span><span class='av-masonry-author meta-color author'><span class='fn'>by Ellen<\/span><\/span><\/div><\/div><\/figcaption><\/figure><\/a><!--end av-masonry entry--><a href=\"https:\/\/grifk-handball.com\/naiset\/kausi-2025-26\/ennakot-2025-26\/nyt-ratkeaa-mestaruus-finaalisarjan-lahtokohdat\/\"  id='av-masonry-1-item-14216' data-av-masonry-item='14216' class='av-masonry-entry isotope-item post-14216 post type-post status-publish format-standard has-post-thumbnail hentry category-ennakot-2025-26 category-uutiset tag-aktialiga tag-coachanka tag-damernas-aktialiga tag-finaali tag-grifkdamer tag-grifkhandball tag-otteluennakko tag-playoff tag-anders-genberg all_sort ennakot-2025-26_sort  uutiset_sort  av-masonry-item-with-image' title=\"2I1A3128\"   itemscope=\"itemscope\" itemtype=\"https:\/\/schema.org\/CreativeWork\" ><div class='av-inner-masonry-sizer'><\/div><figure class='av-inner-masonry main_color'><div class=\"av-masonry-outerimage-container\"><div class='av-masonry-image-container' style=\"background-image: url(https:\/\/grifk-handball.com\/naiset\/wp-content\/uploads\/sites\/3\/2026\/04\/2I1A3128-705x470.jpg);\"  title=\"2I1A3128\" ><\/div><\/div><figcaption class='av-inner-masonry-content site-background'><div class='av-inner-masonry-content-pos'><div class='av-inner-masonry-content-pos-content'><div class='avia-arrow'><\/div><h3 class='av-masonry-entry-title entry-title '  itemprop=\"headline\" >Nyt ratkeaa mestaruus \u2013 finaalisarjan l\u00e4ht\u00f6kohdat<\/h3><span class='av-masonry-date meta-color updated'>14.4.2026<\/span><span class=\"av-masonry-text-sep text-sep-author\">\/<\/span><span class='av-masonry-author meta-color author'><span class='fn'>by Ellen<\/span><\/span><\/div><\/div><\/figcaption><\/figure><\/a><!--end av-masonry entry--><a href=\"https:\/\/grifk-handball.com\/naiset\/kausi-2025-26\/ennakot-2025-26\/nu-avgors-det-utgangslaget-infor-finalserien\/\"  id='av-masonry-1-item-14211' data-av-masonry-item='14211' class='av-masonry-entry isotope-item post-14211 post type-post status-publish format-standard has-post-thumbnail hentry category-ennakot-2025-26 category-uutiset tag-aktialiga tag-coachanka tag-damernas-aktialiga tag-final tag-grifkdamer tag-grifkhandball tag-otteluennakko tag-playoff tag-anders-genberg all_sort ennakot-2025-26_sort  uutiset_sort  av-masonry-item-with-image' title=\"2I1A3128\"   itemscope=\"itemscope\" itemtype=\"https:\/\/schema.org\/CreativeWork\" ><div class='av-inner-masonry-sizer'><\/div><figure class='av-inner-masonry main_color'><div class=\"av-masonry-outerimage-container\"><div class='av-masonry-image-container' style=\"background-image: url(https:\/\/grifk-handball.com\/naiset\/wp-content\/uploads\/sites\/3\/2026\/04\/2I1A3128-705x470.jpg);\"  title=\"2I1A3128\" ><\/div><\/div><figcaption class='av-inner-masonry-content site-background'><div class='av-inner-masonry-content-pos'><div class='av-inner-masonry-content-pos-content'><div class='avia-arrow'><\/div><h3 class='av-masonry-entry-title entry-title '  itemprop=\"headline\" >Nu avg\u00f6rs det \u2013 utg\u00e5ngsl\u00e4get inf\u00f6r finalserien<\/h3><span class='av-masonry-date meta-color updated'>14.4.2026<\/span><span class=\"av-masonry-text-sep text-sep-author\">\/<\/span><span class='av-masonry-author meta-color author'><span class='fn'>by Ellen<\/span><\/span><\/div><\/div><\/figcaption><\/figure><\/a><!--end av-masonry entry--><a href=\"https:\/\/grifk-handball.com\/naiset\/kausi-2025-26\/ennakot-2025-26\/finaalit-lahestyvat-valmentajien-yhteenveto-kuluneesta-kaudesta\/\"  id='av-masonry-1-item-14208' data-av-masonry-item='14208' class='av-masonry-entry isotope-item post-14208 post type-post status-publish format-standard has-post-thumbnail hentry category-ennakot-2025-26 category-uutiset tag-aktialiga tag-coachanka tag-damernas-aktialiga tag-finaali tag-grifkdamer tag-grifkhandball tag-otteluennakko tag-playoff tag-anders-genberg all_sort ennakot-2025-26_sort  uutiset_sort  av-masonry-item-with-image' title=\"_B7A3339\"   itemscope=\"itemscope\" itemtype=\"https:\/\/schema.org\/CreativeWork\" ><div class='av-inner-masonry-sizer'><\/div><figure class='av-inner-masonry main_color'><div class=\"av-masonry-outerimage-container\"><div class='av-masonry-image-container' style=\"background-image: url(https:\/\/grifk-handball.com\/naiset\/wp-content\/uploads\/sites\/3\/2026\/04\/B7A3339-705x470.jpg);\"  title=\"_B7A3339\" ><\/div><\/div><figcaption class='av-inner-masonry-content site-background'><div class='av-inner-masonry-content-pos'><div class='av-inner-masonry-content-pos-content'><div class='avia-arrow'><\/div><h3 class='av-masonry-entry-title entry-title '  itemprop=\"headline\" >Finaalit l\u00e4hestyv\u00e4t \u2013 valmentajien yhteenveto kuluneesta kaudesta<\/h3><span class='av-masonry-date meta-color updated'>12.4.2026<\/span><span class=\"av-masonry-text-sep text-sep-author\">\/<\/span><span class='av-masonry-author meta-color author'><span class='fn'>by Ellen<\/span><\/span><\/div><\/div><\/figcaption><\/figure><\/a><!--end av-masonry entry--><a href=\"https:\/\/grifk-handball.com\/naiset\/kausi-2025-26\/ennakot-2025-26\/finalerna-narmar-sig-tranarnas-sammanfattning-av-den-gagna-sasongen\/\"  id='av-masonry-1-item-14203' data-av-masonry-item='14203' class='av-masonry-entry isotope-item post-14203 post type-post status-publish format-standard has-post-thumbnail hentry category-ennakot-2025-26 category-uutiset tag-aktialiga tag-coachanka tag-damernas-aktialiga tag-final tag-grifkdamer tag-grifkhandball tag-otteluennakko tag-playoff tag-anders-genberg all_sort ennakot-2025-26_sort  uutiset_sort  av-masonry-item-with-image' title=\"_B7A3339\"   itemscope=\"itemscope\" itemtype=\"https:\/\/schema.org\/CreativeWork\" ><div class='av-inner-masonry-sizer'><\/div><figure class='av-inner-masonry main_color'><div class=\"av-masonry-outerimage-container\"><div class='av-masonry-image-container' style=\"background-image: url(https:\/\/grifk-handball.com\/naiset\/wp-content\/uploads\/sites\/3\/2026\/04\/B7A3339-705x470.jpg);\"  title=\"_B7A3339\" ><\/div><\/div><figcaption class='av-inner-masonry-content site-background'><div class='av-inner-masonry-content-pos'><div class='av-inner-masonry-content-pos-content'><div class='avia-arrow'><\/div><h3 class='av-masonry-entry-title entry-title '  itemprop=\"headline\" >Finalerna n\u00e4rmar sig \u2013 tr\u00e4narnas sammanfattning av den g\u00e5gna s\u00e4songen<\/h3><span class='av-masonry-date meta-color updated'>12.4.2026<\/span><span class=\"av-masonry-text-sep text-sep-author\">\/<\/span><span class='av-masonry-author meta-color author'><span class='fn'>by Ellen<\/span><\/span><\/div><\/div><\/figcaption><\/figure><\/a><!--end av-masonry entry--><a href=\"https:\/\/grifk-handball.com\/naiset\/kausi-2025-26\/ottelut-2025-26\/otteluraportti-28-3-3-semifinaali-dicken-vs-grifk\/\"  id='av-masonry-1-item-14200' data-av-masonry-item='14200' class='av-masonry-entry isotope-item post-14200 post type-post status-publish format-standard has-post-thumbnail hentry category-kausi-2025-26 category-otteluraportit-2025-226 category-ottelut-2025-26 category-uutiset tag-aktialiga tag-aktialiiga tag-cecilia-heinrichs tag-damernas-aktialiga tag-grifkdamer tag-grifkhandball tag-naisten-aktialiiga tag-otteluraportti tag-playoff tag-semifinal all_sort kausi-2025-26_sort  otteluraportit-2025-226_sort  ottelut-2025-26_sort  uutiset_sort  av-masonry-item-with-image' title=\"2I1A2923\"   itemscope=\"itemscope\" itemtype=\"https:\/\/schema.org\/CreativeWork\" ><div class='av-inner-masonry-sizer'><\/div><figure class='av-inner-masonry main_color'><div class=\"av-masonry-outerimage-container\"><div class='av-masonry-image-container' style=\"background-image: url(https:\/\/grifk-handball.com\/naiset\/wp-content\/uploads\/sites\/3\/2026\/04\/2I1A2923-705x470.jpg);\"  title=\"2I1A2923\" ><\/div><\/div><figcaption class='av-inner-masonry-content site-background'><div class='av-inner-masonry-content-pos'><div class='av-inner-masonry-content-pos-content'><div class='avia-arrow'><\/div><h3 class='av-masonry-entry-title entry-title '  itemprop=\"headline\" >Otteluraportti 28.3. 3. semifinaali GrIFK vs Dicken<\/h3><span class='av-masonry-date meta-color updated'>1.4.2026<\/span><span class=\"av-masonry-text-sep text-sep-author\">\/<\/span><span class='av-masonry-author meta-color author'><span class='fn'>by Ellen<\/span><\/span><\/div><\/div><\/figcaption><\/figure><\/a><!--end av-masonry entry--><a href=\"https:\/\/grifk-handball.com\/naiset\/kausi-2025-26\/ottelut-2025-26\/matchrapport-28-3-semifinal-3-grifk-vs-dicken\/\"  id='av-masonry-1-item-14196' data-av-masonry-item='14196' class='av-masonry-entry isotope-item post-14196 post type-post status-publish format-standard has-post-thumbnail hentry category-kausi-2025-26 category-otteluraportit-2025-226 category-ottelut-2025-26 category-uutiset tag-aktialiga tag-aktialiiga tag-cecilia-heinrichs tag-damernas-aktialiga tag-grifkdamer tag-grifkhandball tag-naisten-aktialiiga tag-playoff tag-semifinal tag-matchrapport all_sort kausi-2025-26_sort  otteluraportit-2025-226_sort  ottelut-2025-26_sort  uutiset_sort  av-masonry-item-with-image' title=\"2I1A2923\"   itemscope=\"itemscope\" itemtype=\"https:\/\/schema.org\/CreativeWork\" ><div class='av-inner-masonry-sizer'><\/div><figure class='av-inner-masonry main_color'><div class=\"av-masonry-outerimage-container\"><div class='av-masonry-image-container' style=\"background-image: url(https:\/\/grifk-handball.com\/naiset\/wp-content\/uploads\/sites\/3\/2026\/04\/2I1A2923-705x470.jpg);\"  title=\"2I1A2923\" ><\/div><\/div><figcaption class='av-inner-masonry-content site-background'><div class='av-inner-masonry-content-pos'><div class='av-inner-masonry-content-pos-content'><div class='avia-arrow'><\/div><h3 class='av-masonry-entry-title entry-title '  itemprop=\"headline\" >Matchrapport 28.3 Semifinal 3 GrIFK vs Dicken<\/h3><span class='av-masonry-date meta-color updated'>1.4.2026<\/span><span class=\"av-masonry-text-sep text-sep-author\">\/<\/span><span class='av-masonry-author meta-color author'><span class='fn'>by Ellen<\/span><\/span><\/div><\/div><\/figcaption><\/figure><\/a><!--end av-masonry entry--><a href=\"https:\/\/grifk-handball.com\/naiset\/kausi-2025-26\/ottelut-2025-26\/28-3-3-semifinaali-grifk-vs-dicken-24-19-11-9\/\"  id='av-masonry-1-item-14188' data-av-masonry-item='14188' class='av-masonry-entry isotope-item post-14188 post type-post status-publish format-standard has-post-thumbnail hentry category-kausi-2025-26 category-ottelut-2025-26 category-uutiset tag-aktialiga tag-aktialiiga tag-damernas-aktialiga tag-grifkdamer tag-grifkhandball tag-naisten-aktialiiga tag-playoff tag-semifinal all_sort kausi-2025-26_sort  ottelut-2025-26_sort  uutiset_sort  av-masonry-item-with-image' title=\"2I1A2879\"   itemscope=\"itemscope\" itemtype=\"https:\/\/schema.org\/CreativeWork\" ><div class='av-inner-masonry-sizer'><\/div><figure class='av-inner-masonry main_color'><div class=\"av-masonry-outerimage-container\"><div class='av-masonry-image-container' style=\"background-image: url(https:\/\/grifk-handball.com\/naiset\/wp-content\/uploads\/sites\/3\/2026\/04\/2I1A2879-705x470.jpg);\"  title=\"2I1A2879\" ><\/div><\/div><figcaption class='av-inner-masonry-content site-background'><div class='av-inner-masonry-content-pos'><div class='av-inner-masonry-content-pos-content'><div class='avia-arrow'><\/div><h3 class='av-masonry-entry-title entry-title '  itemprop=\"headline\" >28.3. 3. semifinaali GrIFK vs Dicken 24\u201319 (11\u20139)<\/h3><span class='av-masonry-date meta-color updated'>1.4.2026<\/span><span class=\"av-masonry-text-sep text-sep-author\">\/<\/span><span class='av-masonry-author meta-color author'><span class='fn'>by Ellen<\/span><\/span><\/div><\/div><\/figcaption><\/figure><\/a><!--end av-masonry entry--><a href=\"https:\/\/grifk-handball.com\/naiset\/kausi-2025-26\/ennakot-2025-26\/3-semifinaali-28-3-2026-13-30-grifk-vs-dicken\/\"  id='av-masonry-1-item-14179' data-av-masonry-item='14179' class='av-masonry-entry isotope-item post-14179 post type-post status-publish format-standard has-post-thumbnail hentry category-ennakot-2025-26 category-uutiset tag-aktialiga tag-aktialiiga tag-cecilia-heinrichs tag-damernas-aktialiga tag-grifkdamer tag-grifkhandball tag-naisten-aktialiiga tag-otteluennakko tag-playoff tag-semifinal tag-runkosarja all_sort ennakot-2025-26_sort  uutiset_sort  av-masonry-item-with-image' title=\"GrIFK vs Cocks 2026-01-07 010\"   itemscope=\"itemscope\" itemtype=\"https:\/\/schema.org\/CreativeWork\" ><div class='av-inner-masonry-sizer'><\/div><figure class='av-inner-masonry main_color'><div class=\"av-masonry-outerimage-container\"><div class='av-masonry-image-container' style=\"background-image: url(https:\/\/grifk-handball.com\/naiset\/wp-content\/uploads\/sites\/3\/2026\/03\/GrIFK-vs-Cocks-2026-01-07-010-705x470.jpg);\"  title=\"GrIFK vs Cocks 2026-01-07 010\" ><\/div><\/div><figcaption class='av-inner-masonry-content site-background'><div class='av-inner-masonry-content-pos'><div class='av-inner-masonry-content-pos-content'><div class='avia-arrow'><\/div><h3 class='av-masonry-entry-title entry-title '  itemprop=\"headline\" >3. semifinaali 28.3.2026 * 13.30 GrIFK vs Dicken<\/h3><span class='av-masonry-date meta-color updated'>27.3.2026<\/span><span class=\"av-masonry-text-sep text-sep-author\">\/<\/span><span class='av-masonry-author meta-color author'><span class='fn'>by Ellen<\/span><\/span><\/div><\/div><\/figcaption><\/figure><\/a><!--end av-masonry entry--><a href=\"https:\/\/grifk-handball.com\/naiset\/kausi-2025-26\/ennakot-2025-26\/semifinal-3-28-3-2026-13-30-grifk-vs-dicken\/\"  id='av-masonry-1-item-14175' data-av-masonry-item='14175' class='av-masonry-entry isotope-item post-14175 post type-post status-publish format-standard has-post-thumbnail hentry category-ennakot-2025-26 category-uutiset tag-aktialiga tag-aktialiiga tag-cecilia-heinrichs tag-damernas-aktialiga tag-grifkdamer tag-grifkhandball tag-naisten-aktialiiga tag-otteluennakko tag-playoff tag-semifinal tag-runkosarja all_sort ennakot-2025-26_sort  uutiset_sort  av-masonry-item-with-image' title=\"GrIFK vs Cocks 2026-01-07 010\"   itemscope=\"itemscope\" itemtype=\"https:\/\/schema.org\/CreativeWork\" ><div class='av-inner-masonry-sizer'><\/div><figure class='av-inner-masonry main_color'><div class=\"av-masonry-outerimage-container\"><div class='av-masonry-image-container' style=\"background-image: url(https:\/\/grifk-handball.com\/naiset\/wp-content\/uploads\/sites\/3\/2026\/03\/GrIFK-vs-Cocks-2026-01-07-010-705x470.jpg);\"  title=\"GrIFK vs Cocks 2026-01-07 010\" ><\/div><\/div><figcaption class='av-inner-masonry-content site-background'><div class='av-inner-masonry-content-pos'><div class='av-inner-masonry-content-pos-content'><div class='avia-arrow'><\/div><h3 class='av-masonry-entry-title entry-title '  itemprop=\"headline\" >Semifinal 3 28.3.2026 * 13.30 GrIFK vs Dicken<\/h3><span class='av-masonry-date meta-color updated'>27.3.2026<\/span><span class=\"av-masonry-text-sep text-sep-author\">\/<\/span><span class='av-masonry-author meta-color author'><span class='fn'>by Ellen<\/span><\/span><\/div><\/div><\/figcaption><\/figure><\/a><!--end av-masonry entry--><a href=\"https:\/\/grifk-handball.com\/naiset\/kausi-2025-26\/ottelut-2025-26\/otteluraportti-24-3-2-semifinaali-dicken-vs-grifk\/\"  id='av-masonry-1-item-14172' data-av-masonry-item='14172' class='av-masonry-entry isotope-item post-14172 post type-post status-publish format-standard has-post-thumbnail hentry category-kausi-2025-26 category-otteluraportit-2025-226 category-ottelut-2025-26 category-uutiset tag-aktialiga tag-aktialiiga tag-alexandra-olsson tag-damernas-aktialiga tag-grifkdamer tag-grifkhandball tag-naisten-aktialiiga tag-otteluraportti tag-playoff tag-semifinal all_sort kausi-2025-26_sort  otteluraportit-2025-226_sort  ottelut-2025-26_sort  uutiset_sort  av-masonry-item-with-image' title=\"2I1A2625\"   itemscope=\"itemscope\" itemtype=\"https:\/\/schema.org\/CreativeWork\" ><div class='av-inner-masonry-sizer'><\/div><figure class='av-inner-masonry main_color'><div class=\"av-masonry-outerimage-container\"><div class='av-masonry-image-container' style=\"background-image: url(https:\/\/grifk-handball.com\/naiset\/wp-content\/uploads\/sites\/3\/2026\/03\/2I1A2625-705x470.jpg);\"  title=\"2I1A2625\" ><\/div><\/div><figcaption class='av-inner-masonry-content site-background'><div class='av-inner-masonry-content-pos'><div class='av-inner-masonry-content-pos-content'><div class='avia-arrow'><\/div><h3 class='av-masonry-entry-title entry-title '  itemprop=\"headline\" >Otteluraportti 24.3. 2. semifinaali Dicken vs GrIFK<\/h3><span class='av-masonry-date meta-color updated'>27.3.2026<\/span><span class=\"av-masonry-text-sep text-sep-author\">\/<\/span><span class='av-masonry-author meta-color author'><span class='fn'>by Ellen<\/span><\/span><\/div><\/div><\/figcaption><\/figure><\/a><!--end av-masonry entry--><a href=\"https:\/\/grifk-handball.com\/naiset\/kausi-2025-26\/ottelut-2025-26\/matchrapport-24-3-semifinal-2-dicken-vs-grifk\/\"  id='av-masonry-1-item-14168' data-av-masonry-item='14168' class='av-masonry-entry isotope-item post-14168 post type-post status-publish format-standard has-post-thumbnail hentry category-kausi-2025-26 category-otteluraportit-2025-226 category-ottelut-2025-26 category-uutiset tag-aktialiga tag-aktialiiga tag-alexandra-olsson tag-damernas-aktialiga tag-grifkdamer tag-grifkhandball tag-naisten-aktialiiga tag-playoff tag-semifinal tag-matchrapport all_sort kausi-2025-26_sort  otteluraportit-2025-226_sort  ottelut-2025-26_sort  uutiset_sort  av-masonry-item-with-image' title=\"2I1A2625\"   itemscope=\"itemscope\" itemtype=\"https:\/\/schema.org\/CreativeWork\" ><div class='av-inner-masonry-sizer'><\/div><figure class='av-inner-masonry main_color'><div class=\"av-masonry-outerimage-container\"><div class='av-masonry-image-container' style=\"background-image: url(https:\/\/grifk-handball.com\/naiset\/wp-content\/uploads\/sites\/3\/2026\/03\/2I1A2625-705x470.jpg);\"  title=\"2I1A2625\" ><\/div><\/div><figcaption class='av-inner-masonry-content site-background'><div class='av-inner-masonry-content-pos'><div class='av-inner-masonry-content-pos-content'><div class='avia-arrow'><\/div><h3 class='av-masonry-entry-title entry-title '  itemprop=\"headline\" >Matchrapport 24.3 Semifinal 2 Dicken vs GrIFK<\/h3><span class='av-masonry-date meta-color updated'>27.3.2026<\/span><span class=\"av-masonry-text-sep text-sep-author\">\/<\/span><span class='av-masonry-author meta-color author'><span class='fn'>by Ellen<\/span><\/span><\/div><\/div><\/figcaption><\/figure><\/a><!--end av-masonry entry--><a href=\"https:\/\/grifk-handball.com\/naiset\/kausi-2025-26\/ottelut-2025-26\/24-3-3-semifinaali-dicken-vs-grifk-21-30-11-12\/\"  id='av-masonry-1-item-14164' data-av-masonry-item='14164' class='av-masonry-entry isotope-item post-14164 post type-post status-publish format-standard has-post-thumbnail hentry category-kausi-2025-26 category-ottelut-2025-26 category-uutiset tag-aktialiga tag-aktialiiga tag-damernas-aktialiga tag-grifkdamer tag-grifkhandball tag-naisten-aktialiiga tag-playoff tag-semifinal all_sort kausi-2025-26_sort  ottelut-2025-26_sort  uutiset_sort  av-masonry-item-with-image' title=\"2I1A2361\"   itemscope=\"itemscope\" itemtype=\"https:\/\/schema.org\/CreativeWork\" ><div class='av-inner-masonry-sizer'><\/div><figure class='av-inner-masonry main_color'><div class=\"av-masonry-outerimage-container\"><div class='av-masonry-image-container' style=\"background-image: url(https:\/\/grifk-handball.com\/naiset\/wp-content\/uploads\/sites\/3\/2026\/03\/2I1A2361-705x478.jpg);\"  title=\"2I1A2361\" ><\/div><\/div><figcaption class='av-inner-masonry-content site-background'><div class='av-inner-masonry-content-pos'><div class='av-inner-masonry-content-pos-content'><div class='avia-arrow'><\/div><h3 class='av-masonry-entry-title entry-title '  itemprop=\"headline\" >24.3. 2. semifinaali Dicken vs GrIFK 21\u201330 (11\u201312)<\/h3><span class='av-masonry-date meta-color updated'>27.3.2026<\/span><span class=\"av-masonry-text-sep text-sep-author\">\/<\/span><span class='av-masonry-author meta-color author'><span class='fn'>by Ellen<\/span><\/span><\/div><\/div><\/figcaption><\/figure><\/a><!--end av-masonry entry--><a href=\"https:\/\/grifk-handball.com\/naiset\/kausi-2025-26\/ennakot-2025-26\/2-semifinaali-24-3-2026-19-00-dicken-vs-grifk\/\"  id='av-masonry-1-item-14161' data-av-masonry-item='14161' class='av-masonry-entry isotope-item post-14161 post type-post status-publish format-standard has-post-thumbnail hentry category-ennakot-2025-26 category-uutiset tag-aktialiga tag-aktialiiga tag-alexandra-olsson tag-damernas-aktialiga tag-grifkdamer tag-grifkhandball tag-naisten-aktialiiga tag-otteluennakko tag-playoff tag-semifinal tag-runkosarja all_sort ennakot-2025-26_sort  uutiset_sort  av-masonry-item-with-image' title=\"Alexandra ennakko\"   itemscope=\"itemscope\" itemtype=\"https:\/\/schema.org\/CreativeWork\" ><div class='av-inner-masonry-sizer'><\/div><figure class='av-inner-masonry main_color'><div class=\"av-masonry-outerimage-container\"><div class='av-masonry-image-container' style=\"background-image: url(https:\/\/grifk-handball.com\/naiset\/wp-content\/uploads\/sites\/3\/2025\/12\/Alexandra-ennakko-705x470.png);\"  title=\"Alexandra ennakko\" ><\/div><\/div><figcaption class='av-inner-masonry-content site-background'><div class='av-inner-masonry-content-pos'><div class='av-inner-masonry-content-pos-content'><div class='avia-arrow'><\/div><h3 class='av-masonry-entry-title entry-title '  itemprop=\"headline\" >2. semifinaali 24.3.2026 * 19.00 Dicken vs GrIFK<\/h3><span class='av-masonry-date meta-color updated'>22.3.2026<\/span><span class=\"av-masonry-text-sep text-sep-author\">\/<\/span><span class='av-masonry-author meta-color author'><span class='fn'>by Ellen<\/span><\/span><\/div><\/div><\/figcaption><\/figure><\/a><!--end av-masonry entry--><a href=\"https:\/\/grifk-handball.com\/naiset\/kausi-2025-26\/ennakot-2025-26\/semifinal-2-24-3-2026-19-00-dicken-vs-grifk\/\"  id='av-masonry-1-item-14158' data-av-masonry-item='14158' class='av-masonry-entry isotope-item post-14158 post type-post status-publish format-standard has-post-thumbnail hentry category-ennakot-2025-26 category-uutiset tag-aktialiga tag-aktialiiga tag-alexandra-olsson tag-damernas-aktialiga tag-grifkdamer tag-grifkhandball tag-naisten-aktialiiga tag-otteluennakko tag-playoff tag-semifinal tag-runkosarja all_sort ennakot-2025-26_sort  uutiset_sort  av-masonry-item-with-image' title=\"Alexandra ennakko\"   itemscope=\"itemscope\" itemtype=\"https:\/\/schema.org\/CreativeWork\" ><div class='av-inner-masonry-sizer'><\/div><figure class='av-inner-masonry main_color'><div class=\"av-masonry-outerimage-container\"><div class='av-masonry-image-container' style=\"background-image: url(https:\/\/grifk-handball.com\/naiset\/wp-content\/uploads\/sites\/3\/2025\/12\/Alexandra-ennakko-705x470.png);\"  title=\"Alexandra ennakko\" ><\/div><\/div><figcaption class='av-inner-masonry-content site-background'><div class='av-inner-masonry-content-pos'><div class='av-inner-masonry-content-pos-content'><div class='avia-arrow'><\/div><h3 class='av-masonry-entry-title entry-title '  itemprop=\"headline\" >Semifinal 2 24.3.2026 * 19.00 Dicken vs GrIFK<\/h3><span class='av-masonry-date meta-color updated'>22.3.2026<\/span><span class=\"av-masonry-text-sep text-sep-author\">\/<\/span><span class='av-masonry-author meta-color author'><span class='fn'>by Ellen<\/span><\/span><\/div><\/div><\/figcaption><\/figure><\/a><!--end av-masonry entry--><a href=\"https:\/\/grifk-handball.com\/naiset\/kausi-2025-26\/ottelut-2025-26\/otteluraportti-21-3-1-semifinaali-grifk-vs-dicken\/\"  id='av-masonry-1-item-14153' data-av-masonry-item='14153' class='av-masonry-entry isotope-item post-14153 post type-post status-publish format-standard has-post-thumbnail hentry category-kausi-2025-26 category-otteluraportit-2025-226 category-ottelut-2025-26 category-uutiset tag-aktialiga tag-aktialiiga tag-annika-mustonen tag-damernas-aktialiga tag-grifkdamer tag-grifkhandball tag-naisten-aktialiiga tag-otteluraportti tag-playoff tag-semifinal all_sort kausi-2025-26_sort  otteluraportit-2025-226_sort  ottelut-2025-26_sort  uutiset_sort  av-masonry-item-with-image' title=\"2I1A2681\"   itemscope=\"itemscope\" itemtype=\"https:\/\/schema.org\/CreativeWork\" ><div class='av-inner-masonry-sizer'><\/div><figure class='av-inner-masonry main_color'><div class=\"av-masonry-outerimage-container\"><div class='av-masonry-image-container' style=\"background-image: url(https:\/\/grifk-handball.com\/naiset\/wp-content\/uploads\/sites\/3\/2026\/03\/2I1A2681-705x470.jpg);\"  title=\"2I1A2681\" ><\/div><\/div><figcaption class='av-inner-masonry-content site-background'><div class='av-inner-masonry-content-pos'><div class='av-inner-masonry-content-pos-content'><div class='avia-arrow'><\/div><h3 class='av-masonry-entry-title entry-title '  itemprop=\"headline\" >Otteluraportti 21.3. 1. semifinaali GrIFK vs Dicken<\/h3><span class='av-masonry-date meta-color updated'>22.3.2026<\/span><span class=\"av-masonry-text-sep text-sep-author\">\/<\/span><span class='av-masonry-author meta-color author'><span class='fn'>by Ellen<\/span><\/span><\/div><\/div><\/figcaption><\/figure><\/a><!--end av-masonry entry--><a href=\"https:\/\/grifk-handball.com\/naiset\/kausi-2025-26\/ottelut-2025-26\/matchrapport-21-3-semifinal-1-grifk-vs-dicken\/\"  id='av-masonry-1-item-14150' data-av-masonry-item='14150' class='av-masonry-entry isotope-item post-14150 post type-post status-publish format-standard has-post-thumbnail hentry category-kausi-2025-26 category-otteluraportit-2025-226 category-ottelut-2025-26 category-uutiset tag-aktialiga tag-aktialiiga tag-annika-mustonen tag-damernas-aktialiga tag-grifkdamer tag-grifkhandball tag-naisten-aktialiiga tag-playoff tag-semifinal tag-matchrapport all_sort kausi-2025-26_sort  otteluraportit-2025-226_sort  ottelut-2025-26_sort  uutiset_sort  av-masonry-item-with-image' title=\"2I1A2681\"   itemscope=\"itemscope\" itemtype=\"https:\/\/schema.org\/CreativeWork\" ><div class='av-inner-masonry-sizer'><\/div><figure class='av-inner-masonry main_color'><div class=\"av-masonry-outerimage-container\"><div class='av-masonry-image-container' style=\"background-image: url(https:\/\/grifk-handball.com\/naiset\/wp-content\/uploads\/sites\/3\/2026\/03\/2I1A2681-705x470.jpg);\"  title=\"2I1A2681\" ><\/div><\/div><figcaption class='av-inner-masonry-content site-background'><div class='av-inner-masonry-content-pos'><div class='av-inner-masonry-content-pos-content'><div class='avia-arrow'><\/div><h3 class='av-masonry-entry-title entry-title '  itemprop=\"headline\" >Matchrapport 21.3 Semifinal 1 GrIFK vs Dicken<\/h3><span class='av-masonry-date meta-color updated'>22.3.2026<\/span><span class=\"av-masonry-text-sep text-sep-author\">\/<\/span><span class='av-masonry-author meta-color author'><span class='fn'>by Ellen<\/span><\/span><\/div><\/div><\/figcaption><\/figure><\/a><!--end av-masonry entry--><a href=\"https:\/\/grifk-handball.com\/naiset\/kausi-2025-26\/ottelut-2025-26\/21-3-1-semifinaali-grifk-vs-dicken-25-17-12-8\/\"  id='av-masonry-1-item-14145' data-av-masonry-item='14145' class='av-masonry-entry isotope-item post-14145 post type-post status-publish format-standard has-post-thumbnail hentry category-kausi-2025-26 category-ottelut-2025-26 category-uutiset tag-aktialiga tag-aktialiiga tag-damernas-aktialiga tag-grifkdamer tag-grifkhandball tag-naisten-aktialiiga tag-playoff tag-semifinal all_sort kausi-2025-26_sort  ottelut-2025-26_sort  uutiset_sort  av-masonry-item-with-image' title=\"2I1A2539\"   itemscope=\"itemscope\" itemtype=\"https:\/\/schema.org\/CreativeWork\" ><div class='av-inner-masonry-sizer'><\/div><figure class='av-inner-masonry main_color'><div class=\"av-masonry-outerimage-container\"><div class='av-masonry-image-container' style=\"background-image: url(https:\/\/grifk-handball.com\/naiset\/wp-content\/uploads\/sites\/3\/2026\/03\/2I1A2539-705x473.jpg);\"  title=\"2I1A2539\" ><\/div><\/div><figcaption class='av-inner-masonry-content site-background'><div class='av-inner-masonry-content-pos'><div class='av-inner-masonry-content-pos-content'><div class='avia-arrow'><\/div><h3 class='av-masonry-entry-title entry-title '  itemprop=\"headline\" >21.3. 1. semifinaali GrIFK vs Dicken 25\u201317 (12\u20138)<\/h3><span class='av-masonry-date meta-color updated'>22.3.2026<\/span><span class=\"av-masonry-text-sep text-sep-author\">\/<\/span><span class='av-masonry-author meta-color author'><span class='fn'>by Ellen<\/span><\/span><\/div><\/div><\/figcaption><\/figure><\/a><!--end av-masonry entry--><a href=\"https:\/\/grifk-handball.com\/naiset\/kausi-2025-26\/ennakot-2025-26\/1-semifinaali-21-3-2026-13-30-grifk-vs-dicken\/\"  id='av-masonry-1-item-14142' data-av-masonry-item='14142' class='av-masonry-entry isotope-item post-14142 post type-post status-publish format-standard has-post-thumbnail hentry category-ennakot-2025-26 category-uutiset tag-aktialiga tag-aktialiiga tag-annika-mustonen tag-damernas-aktialiga tag-grifkdamer tag-grifkhandball tag-naisten-aktialiiga tag-otteluennakko tag-playoff tag-semifinal tag-runkosarja all_sort ennakot-2025-26_sort  uutiset_sort  av-masonry-item-with-image' title=\"_B7A7658\"   itemscope=\"itemscope\" itemtype=\"https:\/\/schema.org\/CreativeWork\" ><div class='av-inner-masonry-sizer'><\/div><figure class='av-inner-masonry main_color'><div class=\"av-masonry-outerimage-container\"><div class='av-masonry-image-container' style=\"background-image: url(https:\/\/grifk-handball.com\/naiset\/wp-content\/uploads\/sites\/3\/2025\/11\/B7A7658-705x470.jpg);\"  title=\"_B7A7658\" ><\/div><\/div><figcaption class='av-inner-masonry-content site-background'><div class='av-inner-masonry-content-pos'><div class='av-inner-masonry-content-pos-content'><div class='avia-arrow'><\/div><h3 class='av-masonry-entry-title entry-title '  itemprop=\"headline\" >1. semifinaali 21.3.2026 * 13.30 GrIFK vs Dicken<\/h3><span class='av-masonry-date meta-color updated'>20.3.2026<\/span><span class=\"av-masonry-text-sep text-sep-author\">\/<\/span><span class='av-masonry-author meta-color author'><span class='fn'>by Ellen<\/span><\/span><\/div><\/div><\/figcaption><\/figure><\/a><!--end av-masonry entry--><a href=\"https:\/\/grifk-handball.com\/naiset\/kausi-2025-26\/ennakot-2025-26\/semifinal-1-21-3-2026-13-30-grifk-vs-dicken\/\"  id='av-masonry-1-item-14139' data-av-masonry-item='14139' class='av-masonry-entry isotope-item post-14139 post type-post status-publish format-standard has-post-thumbnail hentry category-ennakot-2025-26 category-uutiset tag-aktialiga tag-aktialiiga tag-annika-mustonen tag-damernas-aktialiga tag-grifkdamer tag-grifkhandball tag-naisten-aktialiiga tag-otteluennakko tag-playoff tag-semifinal tag-runkosarja all_sort ennakot-2025-26_sort  uutiset_sort  av-masonry-item-with-image' title=\"_B7A7658\"   itemscope=\"itemscope\" itemtype=\"https:\/\/schema.org\/CreativeWork\" ><div class='av-inner-masonry-sizer'><\/div><figure class='av-inner-masonry main_color'><div class=\"av-masonry-outerimage-container\"><div class='av-masonry-image-container' style=\"background-image: url(https:\/\/grifk-handball.com\/naiset\/wp-content\/uploads\/sites\/3\/2025\/11\/B7A7658-705x470.jpg);\"  title=\"_B7A7658\" ><\/div><\/div><figcaption class='av-inner-masonry-content site-background'><div class='av-inner-masonry-content-pos'><div class='av-inner-masonry-content-pos-content'><div class='avia-arrow'><\/div><h3 class='av-masonry-entry-title entry-title '  itemprop=\"headline\" >Semifinal 1 21.3.2026 * 13.30 GrIFK vs Dicken<\/h3><span class='av-masonry-date meta-color updated'>20.3.2026<\/span><span class=\"av-masonry-text-sep text-sep-author\">\/<\/span><span class='av-masonry-author meta-color author'><span class='fn'>by Ellen<\/span><\/span><\/div><\/div><\/figcaption><\/figure><\/a><!--end av-masonry entry--><a href=\"https:\/\/grifk-handball.com\/naiset\/kausi-2025-26\/lahtolaskenta-valieriin-on-alkanut\/\"  id='av-masonry-1-item-14129' data-av-masonry-item='14129' class='av-masonry-entry isotope-item post-14129 post type-post status-publish format-standard has-post-thumbnail hentry category-kausi-2025-26 category-uutiset tag-aktialiiga tag-grifkdamer tag-grifkhandboll tag-naisten-aktialiiga tag-playoff tag-vispelarforgrankulla tag-grifk tag-vip all_sort kausi-2025-26_sort  uutiset_sort  av-masonry-item-with-image' title=\"Playoff istumapaikat (1080 x 687 px) (2)\"   itemscope=\"itemscope\" itemtype=\"https:\/\/schema.org\/CreativeWork\" ><div class='av-inner-masonry-sizer'><\/div><figure class='av-inner-masonry main_color'><div class=\"av-masonry-outerimage-container\"><div class='av-masonry-image-container' style=\"background-image: url(https:\/\/grifk-handball.com\/naiset\/wp-content\/uploads\/sites\/3\/2026\/03\/Playoff-istumapaikat-1080-x-687-px-2-705x448.png);\"  title=\"Playoff istumapaikat (1080 x 687 px) (2)\" ><\/div><\/div><figcaption class='av-inner-masonry-content site-background'><div class='av-inner-masonry-content-pos'><div class='av-inner-masonry-content-pos-content'><div class='avia-arrow'><\/div><h3 class='av-masonry-entry-title entry-title '  itemprop=\"headline\" >L\u00e4ht\u00f6laskenta v\u00e4lieriin on alkanut!<\/h3><span class='av-masonry-date meta-color updated'>12.3.2026<\/span><span class=\"av-masonry-text-sep text-sep-author\">\/<\/span><span class='av-masonry-author meta-color author'><span class='fn'>by Ellen<\/span><\/span><\/div><\/div><\/figcaption><\/figure><\/a><!--end av-masonry entry--><a href=\"https:\/\/grifk-handball.com\/naiset\/kausi-2025-26\/ottelut-2025-26\/25-2-bk-46-vs-grifk-32-17-14-9\/\"  id='av-masonry-1-item-14125' data-av-masonry-item='14125' class='av-masonry-entry isotope-item post-14125 post type-post status-publish format-standard has-post-thumbnail hentry category-kausi-2025-26 category-ottelut-2025-26 category-uutiset tag-aktialiga tag-aktialiiga tag-damernas-aktialiga tag-grifkdamer tag-grifkhandball tag-naisten-aktialiiga all_sort kausi-2025-26_sort  ottelut-2025-26_sort  uutiset_sort  av-masonry-item-with-image' title=\"GB7A2649\"   itemscope=\"itemscope\" itemtype=\"https:\/\/schema.org\/CreativeWork\" ><div class='av-inner-masonry-sizer'><\/div><figure class='av-inner-masonry main_color'><div class=\"av-masonry-outerimage-container\"><div class='av-masonry-image-container' style=\"background-image: url(https:\/\/grifk-handball.com\/naiset\/wp-content\/uploads\/sites\/3\/2026\/03\/GB7A2649-705x470.jpg);\"  title=\"GB7A2649\" ><\/div><\/div><figcaption class='av-inner-masonry-content site-background'><div class='av-inner-masonry-content-pos'><div class='av-inner-masonry-content-pos-content'><div class='avia-arrow'><\/div><h3 class='av-masonry-entry-title entry-title '  itemprop=\"headline\" >25.2 BK-46 vs GrIFK 32\u201317 (14\u20139)<\/h3><span class='av-masonry-date meta-color updated'>12.3.2026<\/span><span class=\"av-masonry-text-sep text-sep-author\">\/<\/span><span class='av-masonry-author meta-color author'><span class='fn'>by Ellen<\/span><\/span><\/div><\/div><\/figcaption><\/figure><\/a><!--end av-masonry entry--><a href=\"https:\/\/grifk-handball.com\/naiset\/kausi-2025-26\/ennakot-2025-26\/vierasottelu-25-2-2026-18-30-bk-46-vs-grifk\/\"  id='av-masonry-1-item-14117' data-av-masonry-item='14117' class='av-masonry-entry isotope-item post-14117 post type-post status-publish format-standard has-post-thumbnail hentry category-ennakot-2025-26 category-uutiset tag-aktialiga tag-aktialiiga tag-amanda-olsson tag-damernas-aktialiga tag-grifkdamer tag-grifkhandball tag-naisten-aktialiiga tag-otteluennakko tag-runkosarja all_sort ennakot-2025-26_sort  uutiset_sort  av-masonry-item-with-image' title=\"Aman ennakko\"   itemscope=\"itemscope\" itemtype=\"https:\/\/schema.org\/CreativeWork\" ><div class='av-inner-masonry-sizer'><\/div><figure class='av-inner-masonry main_color'><div class=\"av-masonry-outerimage-container\"><div class='av-masonry-image-container' style=\"background-image: url(https:\/\/grifk-handball.com\/naiset\/wp-content\/uploads\/sites\/3\/2025\/10\/Aman-ennakko-705x470.png);\"  title=\"Aman ennakko\" ><\/div><\/div><figcaption class='av-inner-masonry-content site-background'><div class='av-inner-masonry-content-pos'><div class='av-inner-masonry-content-pos-content'><div class='avia-arrow'><\/div><h3 class='av-masonry-entry-title entry-title '  itemprop=\"headline\" >Vierasottelu 25.2.2026 * 18.30 BK-46 vs GrIFK<\/h3><span class='av-masonry-date meta-color updated'>24.2.2026<\/span><span class=\"av-masonry-text-sep text-sep-author\">\/<\/span><span class='av-masonry-author meta-color author'><span class='fn'>by Ellen<\/span><\/span><\/div><\/div><\/figcaption><\/figure><\/a><!--end av-masonry entry--><a href=\"https:\/\/grifk-handball.com\/naiset\/kausi-2025-26\/ennakot-2025-26\/bortamatch-25-2-2026-18-30-bk-46-vs-grifk\/\"  id='av-masonry-1-item-14114' data-av-masonry-item='14114' class='av-masonry-entry isotope-item post-14114 post type-post status-publish format-standard has-post-thumbnail hentry category-ennakot-2025-26 category-uutiset tag-aktialiga tag-aktialiiga tag-amanda-olsson tag-damernas-aktialiga tag-grifkdamer tag-grifkhandball tag-naisten-aktialiiga tag-otteluennakko tag-runkosarja all_sort ennakot-2025-26_sort  uutiset_sort  av-masonry-item-with-image' title=\"Aman ennakko\"   itemscope=\"itemscope\" itemtype=\"https:\/\/schema.org\/CreativeWork\" ><div class='av-inner-masonry-sizer'><\/div><figure class='av-inner-masonry main_color'><div class=\"av-masonry-outerimage-container\"><div class='av-masonry-image-container' style=\"background-image: url(https:\/\/grifk-handball.com\/naiset\/wp-content\/uploads\/sites\/3\/2025\/10\/Aman-ennakko-705x470.png);\"  title=\"Aman ennakko\" ><\/div><\/div><figcaption class='av-inner-masonry-content site-background'><div class='av-inner-masonry-content-pos'><div class='av-inner-masonry-content-pos-content'><div class='avia-arrow'><\/div><h3 class='av-masonry-entry-title entry-title '  itemprop=\"headline\" >Bortamatch 25.2.2026 * 18.30 BK-46 vs GrIFK<\/h3><span class='av-masonry-date meta-color updated'>24.2.2026<\/span><span class=\"av-masonry-text-sep text-sep-author\">\/<\/span><span class='av-masonry-author meta-color author'><span class='fn'>by Ellen<\/span><\/span><\/div><\/div><\/figcaption><\/figure><\/a><!--end av-masonry entry--><a href=\"https:\/\/grifk-handball.com\/naiset\/kausi-2025-26\/ennakot-2025-26\/womens-baltic-sea-handball-league-20-22-2-2\/\"  id='av-masonry-1-item-14094' data-av-masonry-item='14094' class='av-masonry-entry isotope-item post-14094 post type-post status-publish format-standard has-post-thumbnail hentry category-ennakot-2025-26 category-uutiset tag-balticsealeague tag-carolina-rehnberg tag-grifkdamer tag-grifkhandball tag-otteluennakko tag-patrik-johanson tag-womens-baltic-sea-handball-league all_sort ennakot-2025-26_sort  uutiset_sort  av-masonry-item-with-image' title=\"B7A3322-2048&#215;1365\"   itemscope=\"itemscope\" itemtype=\"https:\/\/schema.org\/CreativeWork\" ><div class='av-inner-masonry-sizer'><\/div><figure class='av-inner-masonry main_color'><div class=\"av-masonry-outerimage-container\"><div class='av-masonry-image-container' style=\"background-image: url(https:\/\/grifk-handball.com\/naiset\/wp-content\/uploads\/sites\/3\/2026\/02\/B7A3322-2048x1365-1-705x470.jpg);\"  title=\"B7A3322-2048&#215;1365\" ><\/div><\/div><figcaption class='av-inner-masonry-content site-background'><div class='av-inner-masonry-content-pos'><div class='av-inner-masonry-content-pos-content'><div class='avia-arrow'><\/div><h3 class='av-masonry-entry-title entry-title '  itemprop=\"headline\" >Baltianliigan p\u00e4\u00e4kierros Kauniaisissa ja Solvallassa 20.\u201322.2.!<\/h3><span class='av-masonry-date meta-color updated'>19.2.2026<\/span><span class=\"av-masonry-text-sep text-sep-author\">\/<\/span><span class='av-masonry-author meta-color author'><span class='fn'>by Ellen<\/span><\/span><\/div><\/div><\/figcaption><\/figure><\/a><!--end av-masonry entry--><a href=\"https:\/\/grifk-handball.com\/naiset\/kausi-2025-26\/ennakot-2025-26\/womens-baltic-sea-handball-league-20-22-2\/\"  id='av-masonry-1-item-14089' data-av-masonry-item='14089' class='av-masonry-entry isotope-item post-14089 post type-post status-publish format-standard has-post-thumbnail hentry category-ennakot-2025-26 category-uutiset tag-balticsealeague tag-carolina-rehnberg tag-grifkdamer tag-grifkhandball tag-otteluennakko tag-patrik-johanson tag-womens-baltic-sea-handball-league all_sort ennakot-2025-26_sort  uutiset_sort  av-masonry-item-with-image' title=\"_B7A3322\"   itemscope=\"itemscope\" itemtype=\"https:\/\/schema.org\/CreativeWork\" ><div class='av-inner-masonry-sizer'><\/div><figure class='av-inner-masonry main_color'><div class=\"av-masonry-outerimage-container\"><div class='av-masonry-image-container' style=\"background-image: url(https:\/\/grifk-handball.com\/naiset\/wp-content\/uploads\/sites\/3\/2025\/09\/B7A3322-705x470.jpg);\"  title=\"_B7A3322\" ><\/div><\/div><figcaption class='av-inner-masonry-content site-background'><div class='av-inner-masonry-content-pos'><div class='av-inner-masonry-content-pos-content'><div class='avia-arrow'><\/div><h3 class='av-masonry-entry-title entry-title '  itemprop=\"headline\" >Baltiska ligans huvudrunda spelas i Grani &amp; Solvalla 20-22.2!<\/h3><span class='av-masonry-date meta-color updated'>19.2.2026<\/span><span class=\"av-masonry-text-sep text-sep-author\">\/<\/span><span class='av-masonry-author meta-color author'><span class='fn'>by Ellen<\/span><\/span><\/div><\/div><\/figcaption><\/figure><\/a><!--end av-masonry entry--><a href=\"https:\/\/grifk-handball.com\/naiset\/kausi-2025-26\/ottelut-2025-26\/otteluraportti-14-2-grifk-vs-atlas\/\"  id='av-masonry-1-item-14082' data-av-masonry-item='14082' class='av-masonry-entry isotope-item post-14082 post type-post status-publish format-standard has-post-thumbnail hentry category-kausi-2025-26 category-otteluraportit-2025-226 category-ottelut-2025-26 category-uutiset tag-aktialiga tag-aktialiiga tag-damernas-aktialiga tag-emily-johansson tag-grifkdamer tag-grifkhandball tag-naisten-aktialiiga tag-otteluraportti all_sort kausi-2025-26_sort  otteluraportit-2025-226_sort  ottelut-2025-26_sort  uutiset_sort  av-masonry-item-with-image' title=\"GB7A6022(2)\"   itemscope=\"itemscope\" itemtype=\"https:\/\/schema.org\/CreativeWork\" ><div class='av-inner-masonry-sizer'><\/div><figure class='av-inner-masonry main_color'><div class=\"av-masonry-outerimage-container\"><div class='av-masonry-image-container' style=\"background-image: url(https:\/\/grifk-handball.com\/naiset\/wp-content\/uploads\/sites\/3\/2026\/02\/GB7A60222-705x470.jpg);\"  title=\"GB7A6022(2)\" ><\/div><\/div><figcaption class='av-inner-masonry-content site-background'><div class='av-inner-masonry-content-pos'><div class='av-inner-masonry-content-pos-content'><div class='avia-arrow'><\/div><h3 class='av-masonry-entry-title entry-title '  itemprop=\"headline\" >Otteluraportti 14.2. GrIFK vs Atlas<\/h3><span class='av-masonry-date meta-color updated'>16.2.2026<\/span><span class=\"av-masonry-text-sep text-sep-author\">\/<\/span><span class='av-masonry-author meta-color author'><span class='fn'>by Ellen<\/span><\/span><\/div><\/div><\/figcaption><\/figure><\/a><!--end av-masonry entry--><a href=\"https:\/\/grifk-handball.com\/naiset\/kausi-2025-26\/ottelut-2025-26\/matchrapport-14-2-grifk-vs-atlas\/\"  id='av-masonry-1-item-14078' data-av-masonry-item='14078' class='av-masonry-entry isotope-item post-14078 post type-post status-publish format-standard has-post-thumbnail hentry category-kausi-2025-26 category-otteluraportit-2025-226 category-ottelut-2025-26 category-uutiset tag-aktialiga tag-aktialiiga tag-damernas-aktialiga tag-emily-johansson tag-grifkdamer tag-grifkhandball tag-naisten-aktialiiga tag-matchrapport all_sort kausi-2025-26_sort  otteluraportit-2025-226_sort  ottelut-2025-26_sort  uutiset_sort  av-masonry-item-with-image' title=\"GB7A6022(2)\"   itemscope=\"itemscope\" itemtype=\"https:\/\/schema.org\/CreativeWork\" ><div class='av-inner-masonry-sizer'><\/div><figure class='av-inner-masonry main_color'><div class=\"av-masonry-outerimage-container\"><div class='av-masonry-image-container' style=\"background-image: url(https:\/\/grifk-handball.com\/naiset\/wp-content\/uploads\/sites\/3\/2026\/02\/GB7A60222-705x470.jpg);\"  title=\"GB7A6022(2)\" ><\/div><\/div><figcaption class='av-inner-masonry-content site-background'><div class='av-inner-masonry-content-pos'><div class='av-inner-masonry-content-pos-content'><div class='avia-arrow'><\/div><h3 class='av-masonry-entry-title entry-title '  itemprop=\"headline\" >Matchrapport 14.2 GrIFK vs Atlas<\/h3><span class='av-masonry-date meta-color updated'>16.2.2026<\/span><span class=\"av-masonry-text-sep text-sep-author\">\/<\/span><span class='av-masonry-author meta-color author'><span class='fn'>by Ellen<\/span><\/span><\/div><\/div><\/figcaption><\/figure><\/a><!--end av-masonry entry--><a href=\"https:\/\/grifk-handball.com\/naiset\/kausi-2025-26\/ottelut-2025-26\/14-2-grifk-vs-atlas-28-22-9-9\/\"  id='av-masonry-1-item-14074' data-av-masonry-item='14074' class='av-masonry-entry isotope-item post-14074 post type-post status-publish format-standard has-post-thumbnail hentry category-kausi-2025-26 category-ottelut-2025-26 category-uutiset tag-aktialiga tag-aktialiiga tag-damernas-aktialiga tag-grifkdamer tag-grifkhandball tag-naisten-aktialiiga all_sort kausi-2025-26_sort  ottelut-2025-26_sort  uutiset_sort  av-masonry-item-with-image' title=\"GB7A6222\"   itemscope=\"itemscope\" itemtype=\"https:\/\/schema.org\/CreativeWork\" ><div class='av-inner-masonry-sizer'><\/div><figure class='av-inner-masonry main_color'><div class=\"av-masonry-outerimage-container\"><div class='av-masonry-image-container' style=\"background-image: url(https:\/\/grifk-handball.com\/naiset\/wp-content\/uploads\/sites\/3\/2026\/02\/GB7A6222-705x470.jpg);\"  title=\"GB7A6222\" ><\/div><\/div><figcaption class='av-inner-masonry-content site-background'><div class='av-inner-masonry-content-pos'><div class='av-inner-masonry-content-pos-content'><div class='avia-arrow'><\/div><h3 class='av-masonry-entry-title entry-title '  itemprop=\"headline\" >14.2. GrIFK vs Atlas 28\u201322 (9\u20139)<\/h3><span class='av-masonry-date meta-color updated'>16.2.2026<\/span><span class=\"av-masonry-text-sep text-sep-author\">\/<\/span><span class='av-masonry-author meta-color author'><span class='fn'>by Ellen<\/span><\/span><\/div><\/div><\/figcaption><\/figure><\/a><!--end av-masonry entry--><a href=\"https:\/\/grifk-handball.com\/naiset\/kausi-2025-26\/ennakot-2025-26\/kotiottelu-14-2-2026-13-30-grifk-vs-atlas\/\"  id='av-masonry-1-item-14068' data-av-masonry-item='14068' class='av-masonry-entry isotope-item post-14068 post type-post status-publish format-standard has-post-thumbnail hentry category-ennakot-2025-26 category-uutiset tag-aktialiga tag-aktialiiga tag-damernas-aktialiga tag-emily-johansson tag-grifkdamer tag-grifkhandball tag-naisten-aktialiiga tag-otteluennakko tag-runkosarja all_sort ennakot-2025-26_sort  uutiset_sort  av-masonry-item-with-image' title=\"_B7A7654\"   itemscope=\"itemscope\" itemtype=\"https:\/\/schema.org\/CreativeWork\" ><div class='av-inner-masonry-sizer'><\/div><figure class='av-inner-masonry main_color'><div class=\"av-masonry-outerimage-container\"><div class='av-masonry-image-container' style=\"background-image: url(https:\/\/grifk-handball.com\/naiset\/wp-content\/uploads\/sites\/3\/2025\/11\/B7A7654-705x470.jpg);\"  title=\"_B7A7654\" ><\/div><\/div><figcaption class='av-inner-masonry-content site-background'><div class='av-inner-masonry-content-pos'><div class='av-inner-masonry-content-pos-content'><div class='avia-arrow'><\/div><h3 class='av-masonry-entry-title entry-title '  itemprop=\"headline\" >Kotiottelu 14.2.2026 * 13.30 GrIFK vs Atlas<\/h3><span class='av-masonry-date meta-color updated'>14.2.2026<\/span><span class=\"av-masonry-text-sep text-sep-author\">\/<\/span><span class='av-masonry-author meta-color author'><span class='fn'>by Ellen<\/span><\/span><\/div><\/div><\/figcaption><\/figure><\/a><!--end av-masonry entry--><a href=\"https:\/\/grifk-handball.com\/naiset\/kausi-2025-26\/ennakot-2025-26\/hemmamatch-14-2-2026-13-30-grifk-vs-atlas\/\"  id='av-masonry-1-item-14065' data-av-masonry-item='14065' class='av-masonry-entry isotope-item post-14065 post type-post status-publish format-standard has-post-thumbnail hentry category-ennakot-2025-26 category-uutiset tag-aktialiga tag-aktialiiga tag-damernas-aktialiga tag-emily-johansson tag-grifkdamer tag-grifkhandball tag-naisten-aktialiiga tag-otteluennakko tag-runkosarja all_sort ennakot-2025-26_sort  uutiset_sort  av-masonry-item-with-image' title=\"_B7A7654\"   itemscope=\"itemscope\" itemtype=\"https:\/\/schema.org\/CreativeWork\" ><div class='av-inner-masonry-sizer'><\/div><figure class='av-inner-masonry main_color'><div class=\"av-masonry-outerimage-container\"><div class='av-masonry-image-container' style=\"background-image: url(https:\/\/grifk-handball.com\/naiset\/wp-content\/uploads\/sites\/3\/2025\/11\/B7A7654-705x470.jpg);\"  title=\"_B7A7654\" ><\/div><\/div><figcaption class='av-inner-masonry-content site-background'><div class='av-inner-masonry-content-pos'><div class='av-inner-masonry-content-pos-content'><div class='avia-arrow'><\/div><h3 class='av-masonry-entry-title entry-title '  itemprop=\"headline\" >Hemmamatch 14.2.2026 * 13.30 GrIFK vs Atlas<\/h3><span class='av-masonry-date meta-color updated'>14.2.2026<\/span><span class=\"av-masonry-text-sep text-sep-author\">\/<\/span><span class='av-masonry-author meta-color author'><span class='fn'>by Ellen<\/span><\/span><\/div><\/div><\/figcaption><\/figure><\/a><!--end av-masonry entry--><a href=\"https:\/\/grifk-handball.com\/naiset\/kausi-2025-26\/ottelut-2025-26\/otteluraportti-11-2-hifk-vs-grifk\/\"  id='av-masonry-1-item-14062' data-av-masonry-item='14062' class='av-masonry-entry isotope-item post-14062 post type-post status-publish format-standard has-post-thumbnail hentry category-kausi-2025-26 category-otteluraportit-2025-226 category-ottelut-2025-26 category-uutiset tag-aktialiga tag-aktialiiga tag-damernas-aktialiga tag-grifkdamer tag-grifkhandball tag-naisten-aktialiiga tag-otteluraportti tag-unni-laaksonen all_sort kausi-2025-26_sort  otteluraportit-2025-226_sort  ottelut-2025-26_sort  uutiset_sort  av-masonry-item-with-image' title=\"GB7A6675(1)\"   itemscope=\"itemscope\" itemtype=\"https:\/\/schema.org\/CreativeWork\" ><div class='av-inner-masonry-sizer'><\/div><figure class='av-inner-masonry main_color'><div class=\"av-masonry-outerimage-container\"><div class='av-masonry-image-container' style=\"background-image: url(https:\/\/grifk-handball.com\/naiset\/wp-content\/uploads\/sites\/3\/2026\/02\/GB7A66751-705x470.jpg);\"  title=\"GB7A6675(1)\" ><\/div><\/div><figcaption class='av-inner-masonry-content site-background'><div class='av-inner-masonry-content-pos'><div class='av-inner-masonry-content-pos-content'><div class='avia-arrow'><\/div><h3 class='av-masonry-entry-title entry-title '  itemprop=\"headline\" >Otteluraportti 11.2. HIFK vs GrIFK<\/h3><span class='av-masonry-date meta-color updated'>13.2.2026<\/span><span class=\"av-masonry-text-sep text-sep-author\">\/<\/span><span class='av-masonry-author meta-color author'><span class='fn'>by Ellen<\/span><\/span><\/div><\/div><\/figcaption><\/figure><\/a><!--end av-masonry entry--><a href=\"https:\/\/grifk-handball.com\/naiset\/kausi-2025-26\/ottelut-2025-26\/matchrapport-11-2-hifk-vs-grifk\/\"  id='av-masonry-1-item-14058' data-av-masonry-item='14058' class='av-masonry-entry isotope-item post-14058 post type-post status-publish format-standard has-post-thumbnail hentry category-kausi-2025-26 category-otteluraportit-2025-226 category-ottelut-2025-26 category-uutiset tag-aktialiga tag-aktialiiga tag-damernas-aktialiga tag-grifkdamer tag-grifkhandball tag-naisten-aktialiiga tag-unni-laaksonen tag-matchrapport all_sort kausi-2025-26_sort  otteluraportit-2025-226_sort  ottelut-2025-26_sort  uutiset_sort  av-masonry-item-with-image' title=\"GB7A6675(1)\"   itemscope=\"itemscope\" itemtype=\"https:\/\/schema.org\/CreativeWork\" ><div class='av-inner-masonry-sizer'><\/div><figure class='av-inner-masonry main_color'><div class=\"av-masonry-outerimage-container\"><div class='av-masonry-image-container' style=\"background-image: url(https:\/\/grifk-handball.com\/naiset\/wp-content\/uploads\/sites\/3\/2026\/02\/GB7A66751-705x470.jpg);\"  title=\"GB7A6675(1)\" ><\/div><\/div><figcaption class='av-inner-masonry-content site-background'><div class='av-inner-masonry-content-pos'><div class='av-inner-masonry-content-pos-content'><div class='avia-arrow'><\/div><h3 class='av-masonry-entry-title entry-title '  itemprop=\"headline\" >Matchrapport 11.2 HIFK vs GrIFK<\/h3><span class='av-masonry-date meta-color updated'>13.2.2026<\/span><span class=\"av-masonry-text-sep text-sep-author\">\/<\/span><span class='av-masonry-author meta-color author'><span class='fn'>by Ellen<\/span><\/span><\/div><\/div><\/figcaption><\/figure><\/a><!--end av-masonry entry--><a href=\"https:\/\/grifk-handball.com\/naiset\/kausi-2025-26\/ottelut-2025-26\/11-2-hifk-vs-grifk-23-31-11-13\/\"  id='av-masonry-1-item-14054' data-av-masonry-item='14054' class='av-masonry-entry isotope-item post-14054 post type-post status-publish format-standard has-post-thumbnail hentry category-kausi-2025-26 category-ottelut-2025-26 category-uutiset tag-aktialiga tag-aktialiiga tag-damernas-aktialiga tag-grifkdamer tag-grifkhandball tag-naisten-aktialiiga all_sort kausi-2025-26_sort  ottelut-2025-26_sort  uutiset_sort  av-masonry-item-with-image' title=\"GB7A6874(1)\"   itemscope=\"itemscope\" itemtype=\"https:\/\/schema.org\/CreativeWork\" ><div class='av-inner-masonry-sizer'><\/div><figure class='av-inner-masonry main_color'><div class=\"av-masonry-outerimage-container\"><div class='av-masonry-image-container' style=\"background-image: url(https:\/\/grifk-handball.com\/naiset\/wp-content\/uploads\/sites\/3\/2026\/02\/GB7A68741-705x471.jpg);\"  title=\"GB7A6874(1)\" ><\/div><\/div><figcaption class='av-inner-masonry-content site-background'><div class='av-inner-masonry-content-pos'><div class='av-inner-masonry-content-pos-content'><div class='avia-arrow'><\/div><h3 class='av-masonry-entry-title entry-title '  itemprop=\"headline\" >11.2. HIFK vs GrIFK 23\u201331 (11\u201313)<\/h3><span class='av-masonry-date meta-color updated'>13.2.2026<\/span><span class=\"av-masonry-text-sep text-sep-author\">\/<\/span><span class='av-masonry-author meta-color author'><span class='fn'>by Ellen<\/span><\/span><\/div><\/div><\/figcaption><\/figure><\/a><!--end av-masonry entry--><a href=\"https:\/\/grifk-handball.com\/naiset\/kausi-2025-26\/ennakot-2025-26\/vierasottelu-11-2-2026-20-00-hifk-vs-grifk\/\"  id='av-masonry-1-item-13989' data-av-masonry-item='13989' class='av-masonry-entry isotope-item post-13989 post type-post status-publish format-standard has-post-thumbnail hentry category-ennakot-2025-26 category-uutiset tag-aktialiga tag-aktialiiga tag-damernas-aktialiga tag-grifkdamer tag-grifkhandball tag-naisten-aktialiiga tag-otteluennakko tag-unni-laaksonen tag-runkosarja all_sort ennakot-2025-26_sort  uutiset_sort  av-masonry-item-with-image' title=\"Unni ennakko\"   itemscope=\"itemscope\" itemtype=\"https:\/\/schema.org\/CreativeWork\" ><div class='av-inner-masonry-sizer'><\/div><figure class='av-inner-masonry main_color'><div class=\"av-masonry-outerimage-container\"><div class='av-masonry-image-container' style=\"background-image: url(https:\/\/grifk-handball.com\/naiset\/wp-content\/uploads\/sites\/3\/2025\/11\/Unni-ennakko-705x470.png);\"  title=\"Unni ennakko\" ><\/div><\/div><figcaption class='av-inner-masonry-content site-background'><div class='av-inner-masonry-content-pos'><div class='av-inner-masonry-content-pos-content'><div class='avia-arrow'><\/div><h3 class='av-masonry-entry-title entry-title '  itemprop=\"headline\" >Vierasottelu 11.2.2026 * 20.00 HIFK vs GrIFK<\/h3><span class='av-masonry-date meta-color updated'>11.2.2026<\/span><span class=\"av-masonry-text-sep text-sep-author\">\/<\/span><span class='av-masonry-author meta-color author'><span class='fn'>by Ellen<\/span><\/span><\/div><\/div><\/figcaption><\/figure><\/a><!--end av-masonry entry--><a href=\"https:\/\/grifk-handball.com\/naiset\/kausi-2025-26\/ennakot-2025-26\/bortamatch-11-2-2026-20-00-hifk-vs-grifk\/\"  id='av-masonry-1-item-13991' data-av-masonry-item='13991' class='av-masonry-entry isotope-item post-13991 post type-post status-publish format-standard has-post-thumbnail hentry category-ennakot-2025-26 category-uutiset tag-aktialiga tag-aktialiiga tag-damernas-aktialiga tag-grifkdamer tag-grifkhandball tag-naisten-aktialiiga tag-otteluennakko tag-unni-laaksonen tag-runkosarja all_sort ennakot-2025-26_sort  uutiset_sort  av-masonry-item-with-image' title=\"Unni ennakko\"   itemscope=\"itemscope\" itemtype=\"https:\/\/schema.org\/CreativeWork\" ><div class='av-inner-masonry-sizer'><\/div><figure class='av-inner-masonry main_color'><div class=\"av-masonry-outerimage-container\"><div class='av-masonry-image-container' style=\"background-image: url(https:\/\/grifk-handball.com\/naiset\/wp-content\/uploads\/sites\/3\/2025\/11\/Unni-ennakko-705x470.png);\"  title=\"Unni ennakko\" ><\/div><\/div><figcaption class='av-inner-masonry-content site-background'><div class='av-inner-masonry-content-pos'><div class='av-inner-masonry-content-pos-content'><div class='avia-arrow'><\/div><h3 class='av-masonry-entry-title entry-title '  itemprop=\"headline\" >Bortamatch 11.2.2026 * 20.00 HIFK vs GrIFK<\/h3><span class='av-masonry-date meta-color updated'>11.2.2026<\/span><span class=\"av-masonry-text-sep text-sep-author\">\/<\/span><span class='av-masonry-author meta-color author'><span class='fn'>by Ellen<\/span><\/span><\/div><\/div><\/figcaption><\/figure><\/a><!--end av-masonry entry--><a href=\"https:\/\/grifk-handball.com\/naiset\/kausi-2025-26\/ottelut-2025-26\/otteluraportti-8-2-cocks-vs-grifk\/\"  id='av-masonry-1-item-13984' data-av-masonry-item='13984' class='av-masonry-entry isotope-item post-13984 post type-post status-publish format-standard has-post-thumbnail hentry category-kausi-2025-26 category-otteluraportit-2025-226 category-ottelut-2025-26 category-uutiset tag-aktialiga tag-aktialiiga tag-damernas-aktialiga tag-grifkdamer tag-grifkhandball tag-naisten-aktialiiga tag-otteluraportti tag-sandra-laitinen all_sort kausi-2025-26_sort  otteluraportit-2025-226_sort  ottelut-2025-26_sort  uutiset_sort  av-masonry-item-with-image' title=\"GrIFK vs Cocks 2026-01-07 051\"   itemscope=\"itemscope\" itemtype=\"https:\/\/schema.org\/CreativeWork\" ><div class='av-inner-masonry-sizer'><\/div><figure class='av-inner-masonry main_color'><div class=\"av-masonry-outerimage-container\"><div class='av-masonry-image-container' style=\"background-image: url(https:\/\/grifk-handball.com\/naiset\/wp-content\/uploads\/sites\/3\/2026\/02\/GrIFK-vs-Cocks-2026-01-07-051-705x470.jpg);\"  title=\"GrIFK vs Cocks 2026-01-07 051\" ><\/div><\/div><figcaption class='av-inner-masonry-content site-background'><div class='av-inner-masonry-content-pos'><div class='av-inner-masonry-content-pos-content'><div class='avia-arrow'><\/div><h3 class='av-masonry-entry-title entry-title '  itemprop=\"headline\" >Otteluraportti 8.2. Cocks vs GrIFK<\/h3><span class='av-masonry-date meta-color updated'>10.2.2026<\/span><span class=\"av-masonry-text-sep text-sep-author\">\/<\/span><span class='av-masonry-author meta-color author'><span class='fn'>by Ellen<\/span><\/span><\/div><\/div><\/figcaption><\/figure><\/a><!--end av-masonry entry--><a href=\"https:\/\/grifk-handball.com\/naiset\/kausi-2025-26\/ottelut-2025-26\/matchrapport-8-2-cocks-vs-grifk\/\"  id='av-masonry-1-item-13980' data-av-masonry-item='13980' class='av-masonry-entry isotope-item post-13980 post type-post status-publish format-standard has-post-thumbnail hentry category-kausi-2025-26 category-otteluraportit-2025-226 category-ottelut-2025-26 category-uutiset tag-aktialiga tag-aktialiiga tag-damernas-aktialiga tag-grifkdamer tag-grifkhandball tag-naisten-aktialiiga tag-sandra-laitinen tag-matchrapport all_sort kausi-2025-26_sort  otteluraportit-2025-226_sort  ottelut-2025-26_sort  uutiset_sort  av-masonry-item-with-image' title=\"GrIFK vs Cocks 2026-01-07 051\"   itemscope=\"itemscope\" itemtype=\"https:\/\/schema.org\/CreativeWork\" ><div class='av-inner-masonry-sizer'><\/div><figure class='av-inner-masonry main_color'><div class=\"av-masonry-outerimage-container\"><div class='av-masonry-image-container' style=\"background-image: url(https:\/\/grifk-handball.com\/naiset\/wp-content\/uploads\/sites\/3\/2026\/02\/GrIFK-vs-Cocks-2026-01-07-051-705x470.jpg);\"  title=\"GrIFK vs Cocks 2026-01-07 051\" ><\/div><\/div><figcaption class='av-inner-masonry-content site-background'><div class='av-inner-masonry-content-pos'><div class='av-inner-masonry-content-pos-content'><div class='avia-arrow'><\/div><h3 class='av-masonry-entry-title entry-title '  itemprop=\"headline\" >Matchrapport 8.2 Cocks vs GrIFK<\/h3><span class='av-masonry-date meta-color updated'>10.2.2026<\/span><span class=\"av-masonry-text-sep text-sep-author\">\/<\/span><span class='av-masonry-author meta-color author'><span class='fn'>by Ellen<\/span><\/span><\/div><\/div><\/figcaption><\/figure><\/a><!--end av-masonry entry--><a href=\"https:\/\/grifk-handball.com\/naiset\/kausi-2025-26\/ottelut-2025-26\/8-2-cocks-vs-grifk-19-26-9-13\/\"  id='av-masonry-1-item-13977' data-av-masonry-item='13977' class='av-masonry-entry isotope-item post-13977 post type-post status-publish format-standard has-post-thumbnail hentry category-kausi-2025-26 category-ottelut-2025-26 category-uutiset tag-aktialiga tag-aktialiiga tag-damernas-aktialiga tag-grifkdamer tag-grifkhandball tag-naisten-aktialiiga all_sort kausi-2025-26_sort  ottelut-2025-26_sort  uutiset_sort  av-masonry-item-with-image' title=\"Lillis otteluraportti\"   itemscope=\"itemscope\" itemtype=\"https:\/\/schema.org\/CreativeWork\" ><div class='av-inner-masonry-sizer'><\/div><figure class='av-inner-masonry main_color'><div class=\"av-masonry-outerimage-container\"><div class='av-masonry-image-container' style=\"background-image: url(https:\/\/grifk-handball.com\/naiset\/wp-content\/uploads\/sites\/3\/2025\/09\/Lillis-otteluraportti-705x470.png);\"  title=\"Lillis otteluraportti\" ><\/div><\/div><figcaption class='av-inner-masonry-content site-background'><div class='av-inner-masonry-content-pos'><div class='av-inner-masonry-content-pos-content'><div class='avia-arrow'><\/div><h3 class='av-masonry-entry-title entry-title '  itemprop=\"headline\" >8.2. Cocks vs GrIFK 19\u201326 (9\u201313)<\/h3><span class='av-masonry-date meta-color updated'>9.2.2026<\/span><span class=\"av-masonry-text-sep text-sep-author\">\/<\/span><span class='av-masonry-author meta-color author'><span class='fn'>by Ellen<\/span><\/span><\/div><\/div><\/figcaption><\/figure><\/a><!--end av-masonry entry--><a href=\"https:\/\/grifk-handball.com\/naiset\/kausi-2025-26\/ennakot-2025-26\/bortamatch-8-2-2026-16-00-cocks-vs-grifk\/\"  id='av-masonry-1-item-13968' data-av-masonry-item='13968' class='av-masonry-entry isotope-item post-13968 post type-post status-publish format-standard has-post-thumbnail hentry category-ennakot-2025-26 category-uutiset tag-aktialiga tag-aktialiiga tag-damernas-aktialiga tag-grifkdamer tag-grifkhandball tag-naisten-aktialiiga tag-otteluennakko tag-sandra-laitinen tag-runkosarja all_sort ennakot-2025-26_sort  uutiset_sort  av-masonry-item-with-image' title=\"Sandran ennakko\"   itemscope=\"itemscope\" itemtype=\"https:\/\/schema.org\/CreativeWork\" ><div class='av-inner-masonry-sizer'><\/div><figure class='av-inner-masonry main_color'><div class=\"av-masonry-outerimage-container\"><div class='av-masonry-image-container' style=\"background-image: url(https:\/\/grifk-handball.com\/naiset\/wp-content\/uploads\/sites\/3\/2025\/10\/Sandran-ennakko-705x470.png);\"  title=\"Sandran ennakko\" ><\/div><\/div><figcaption class='av-inner-masonry-content site-background'><div class='av-inner-masonry-content-pos'><div class='av-inner-masonry-content-pos-content'><div class='avia-arrow'><\/div><h3 class='av-masonry-entry-title entry-title '  itemprop=\"headline\" >Bortamatch 8.2.2026 * 16.00 Cocks vs GrIFK<\/h3><span class='av-masonry-date meta-color updated'>8.2.2026<\/span><span class=\"av-masonry-text-sep text-sep-author\">\/<\/span><span class='av-masonry-author meta-color author'><span class='fn'>by Ellen<\/span><\/span><\/div><\/div><\/figcaption><\/figure><\/a><!--end av-masonry entry--><a href=\"https:\/\/grifk-handball.com\/naiset\/kausi-2025-26\/ennakot-2025-26\/vierasottelu-8-2-2026-16-00-cocks-vs-grifk\/\"  id='av-masonry-1-item-13966' data-av-masonry-item='13966' class='av-masonry-entry isotope-item post-13966 post type-post status-publish format-standard has-post-thumbnail hentry category-ennakot-2025-26 category-uutiset tag-aktialiga tag-aktialiiga tag-damernas-aktialiga tag-grifkdamer tag-grifkhandball tag-naisten-aktialiiga tag-otteluennakko tag-sandra-laitinen tag-runkosarja all_sort ennakot-2025-26_sort  uutiset_sort  av-masonry-item-with-image' title=\"Sandran ennakko\"   itemscope=\"itemscope\" itemtype=\"https:\/\/schema.org\/CreativeWork\" ><div class='av-inner-masonry-sizer'><\/div><figure class='av-inner-masonry main_color'><div class=\"av-masonry-outerimage-container\"><div class='av-masonry-image-container' style=\"background-image: url(https:\/\/grifk-handball.com\/naiset\/wp-content\/uploads\/sites\/3\/2025\/10\/Sandran-ennakko-705x470.png);\"  title=\"Sandran ennakko\" ><\/div><\/div><figcaption class='av-inner-masonry-content site-background'><div class='av-inner-masonry-content-pos'><div class='av-inner-masonry-content-pos-content'><div class='avia-arrow'><\/div><h3 class='av-masonry-entry-title entry-title '  itemprop=\"headline\" >Vierasottelu 8.2.2026 * 16.00 Cocks vs GrIFK<\/h3><span class='av-masonry-date meta-color updated'>8.2.2026<\/span><span class=\"av-masonry-text-sep text-sep-author\">\/<\/span><span class='av-masonry-author meta-color author'><span class='fn'>by Ellen<\/span><\/span><\/div><\/div><\/figcaption><\/figure><\/a><!--end av-masonry entry--><a href=\"https:\/\/grifk-handball.com\/naiset\/kausi-2025-26\/ottelut-2025-26\/4-2-grifk-vs-sif-41-14-17-7\/\"  id='av-masonry-1-item-13962' data-av-masonry-item='13962' class='av-masonry-entry isotope-item post-13962 post type-post status-publish format-standard has-post-thumbnail hentry category-kausi-2025-26 category-ottelut-2025-26 category-uutiset tag-aktialiga tag-aktialiiga tag-damernas-aktialiga tag-grifkdamer tag-grifkhandball tag-naisten-aktialiiga all_sort kausi-2025-26_sort  ottelut-2025-26_sort  uutiset_sort  av-masonry-item-with-image' title=\"2I1A1884\"   itemscope=\"itemscope\" itemtype=\"https:\/\/schema.org\/CreativeWork\" ><div class='av-inner-masonry-sizer'><\/div><figure class='av-inner-masonry main_color'><div class=\"av-masonry-outerimage-container\"><div class='av-masonry-image-container' style=\"background-image: url(https:\/\/grifk-handball.com\/naiset\/wp-content\/uploads\/sites\/3\/2026\/02\/2I1A1884-705x470.jpg);\"  title=\"2I1A1884\" ><\/div><\/div><figcaption class='av-inner-masonry-content site-background'><div class='av-inner-masonry-content-pos'><div class='av-inner-masonry-content-pos-content'><div class='avia-arrow'><\/div><h3 class='av-masonry-entry-title entry-title '  itemprop=\"headline\" >4.2. GrIFK vs SIF 41\u201314 (17\u20137)<\/h3><span class='av-masonry-date meta-color updated'>6.2.2026<\/span><span class=\"av-masonry-text-sep text-sep-author\">\/<\/span><span class='av-masonry-author meta-color author'><span class='fn'>by Ellen<\/span><\/span><\/div><\/div><\/figcaption><\/figure><\/a><!--end av-masonry entry--><a href=\"https:\/\/grifk-handball.com\/naiset\/kausi-2025-26\/ennakot-2025-26\/kotiottelu-4-2-2026-19-00-grifk-vs-sif\/\"  id='av-masonry-1-item-13959' data-av-masonry-item='13959' class='av-masonry-entry isotope-item post-13959 post type-post status-publish format-standard has-post-thumbnail hentry category-ennakot-2025-26 category-uutiset tag-aktialiga tag-aktialiiga tag-damernas-aktialiga tag-grifkdamer tag-grifkhandball tag-lovisa-von-knorring tag-naisten-aktialiiga tag-otteluennakko tag-runkosarja all_sort ennakot-2025-26_sort  uutiset_sort  av-masonry-item-with-image' title=\"GB7A0936(1)\"   itemscope=\"itemscope\" itemtype=\"https:\/\/schema.org\/CreativeWork\" ><div class='av-inner-masonry-sizer'><\/div><figure class='av-inner-masonry main_color'><div class=\"av-masonry-outerimage-container\"><div class='av-masonry-image-container' style=\"background-image: url(https:\/\/grifk-handball.com\/naiset\/wp-content\/uploads\/sites\/3\/2025\/12\/GB7A09361-705x470.jpg);\"  title=\"GB7A0936(1)\" ><\/div><\/div><figcaption class='av-inner-masonry-content site-background'><div class='av-inner-masonry-content-pos'><div class='av-inner-masonry-content-pos-content'><div class='avia-arrow'><\/div><h3 class='av-masonry-entry-title entry-title '  itemprop=\"headline\" >Kotiottelu 4.2.2026 * 19.00 GrIFK vs SIF<\/h3><span class='av-masonry-date meta-color updated'>4.2.2026<\/span><span class=\"av-masonry-text-sep text-sep-author\">\/<\/span><span class='av-masonry-author meta-color author'><span class='fn'>by Ellen<\/span><\/span><\/div><\/div><\/figcaption><\/figure><\/a><!--end av-masonry entry--><a href=\"https:\/\/grifk-handball.com\/naiset\/kausi-2025-26\/ennakot-2025-26\/hemmamatch-4-2-2026-19-00-grifk-vs-sif\/\"  id='av-masonry-1-item-13956' data-av-masonry-item='13956' class='av-masonry-entry isotope-item post-13956 post type-post status-publish format-standard has-post-thumbnail hentry category-ennakot-2025-26 category-uutiset tag-aktialiga tag-aktialiiga tag-damernas-aktialiga tag-grifkdamer tag-grifkhandball tag-lovisa-von-knorring tag-naisten-aktialiiga tag-otteluennakko tag-runkosarja all_sort ennakot-2025-26_sort  uutiset_sort  av-masonry-item-with-image' title=\"GB7A0936(1)\"   itemscope=\"itemscope\" itemtype=\"https:\/\/schema.org\/CreativeWork\" ><div class='av-inner-masonry-sizer'><\/div><figure class='av-inner-masonry main_color'><div class=\"av-masonry-outerimage-container\"><div class='av-masonry-image-container' style=\"background-image: url(https:\/\/grifk-handball.com\/naiset\/wp-content\/uploads\/sites\/3\/2025\/12\/GB7A09361-705x470.jpg);\"  title=\"GB7A0936(1)\" ><\/div><\/div><figcaption class='av-inner-masonry-content site-background'><div class='av-inner-masonry-content-pos'><div class='av-inner-masonry-content-pos-content'><div class='avia-arrow'><\/div><h3 class='av-masonry-entry-title entry-title '  itemprop=\"headline\" >Hemmamatch 4.2.2026 * 19.00 GrIFK vs SIF<\/h3><span class='av-masonry-date meta-color updated'>4.2.2026<\/span><span class=\"av-masonry-text-sep text-sep-author\">\/<\/span><span class='av-masonry-author meta-color author'><span class='fn'>by Ellen<\/span><\/span><\/div><\/div><\/figcaption><\/figure><\/a><!--end av-masonry entry--><a href=\"https:\/\/grifk-handball.com\/naiset\/kausi-2025-26\/ottelut-2025-26\/otteluraportti-31-1-grifk-vs-hifk\/\"  id='av-masonry-1-item-13945' data-av-masonry-item='13945' class='av-masonry-entry isotope-item post-13945 post type-post status-publish format-standard has-post-thumbnail hentry category-kausi-2025-26 category-otteluraportit-2025-226 category-ottelut-2025-26 category-uutiset tag-aktialiga tag-aktialiiga tag-damernas-aktialiga tag-grifkdamer tag-grifkhandball tag-isabel-larsson tag-naisten-aktialiiga tag-otteluraportti all_sort kausi-2025-26_sort  otteluraportit-2025-226_sort  ottelut-2025-26_sort  uutiset_sort  av-masonry-item-with-image' title=\"GB7A6667(1)\"   itemscope=\"itemscope\" itemtype=\"https:\/\/schema.org\/CreativeWork\" ><div class='av-inner-masonry-sizer'><\/div><figure class='av-inner-masonry main_color'><div class=\"av-masonry-outerimage-container\"><div class='av-masonry-image-container' style=\"background-image: url(https:\/\/grifk-handball.com\/naiset\/wp-content\/uploads\/sites\/3\/2026\/02\/GB7A66671-705x470.jpg);\"  title=\"GB7A6667(1)\" ><\/div><\/div><figcaption class='av-inner-masonry-content site-background'><div class='av-inner-masonry-content-pos'><div class='av-inner-masonry-content-pos-content'><div class='avia-arrow'><\/div><h3 class='av-masonry-entry-title entry-title '  itemprop=\"headline\" >Otteluraportti 31.1. GrIFK vs HIFK<\/h3><span class='av-masonry-date meta-color updated'>3.2.2026<\/span><span class=\"av-masonry-text-sep text-sep-author\">\/<\/span><span class='av-masonry-author meta-color author'><span class='fn'>by Ellen<\/span><\/span><\/div><\/div><\/figcaption><\/figure><\/a><!--end av-masonry entry--><a href=\"https:\/\/grifk-handball.com\/naiset\/kausi-2025-26\/ottelut-2025-26\/matchrapport-31-1-grifk-vs-hifk\/\"  id='av-masonry-1-item-13946' data-av-masonry-item='13946' class='av-masonry-entry isotope-item post-13946 post type-post status-publish format-standard has-post-thumbnail hentry category-kausi-2025-26 category-otteluraportit-2025-226 category-ottelut-2025-26 category-uutiset tag-aktialiga tag-aktialiiga tag-damernas-aktialiga tag-grifkdamer tag-grifkhandball tag-isabel-larsson tag-naisten-aktialiiga tag-matchrapport all_sort kausi-2025-26_sort  otteluraportit-2025-226_sort  ottelut-2025-26_sort  uutiset_sort  av-masonry-item-with-image' title=\"GB7A6667(1)\"   itemscope=\"itemscope\" itemtype=\"https:\/\/schema.org\/CreativeWork\" ><div class='av-inner-masonry-sizer'><\/div><figure class='av-inner-masonry main_color'><div class=\"av-masonry-outerimage-container\"><div class='av-masonry-image-container' style=\"background-image: url(https:\/\/grifk-handball.com\/naiset\/wp-content\/uploads\/sites\/3\/2026\/02\/GB7A66671-705x470.jpg);\"  title=\"GB7A6667(1)\" ><\/div><\/div><figcaption class='av-inner-masonry-content site-background'><div class='av-inner-masonry-content-pos'><div class='av-inner-masonry-content-pos-content'><div class='avia-arrow'><\/div><h3 class='av-masonry-entry-title entry-title '  itemprop=\"headline\" >Matchrapport 31.1 GrIFK vs HIFK<\/h3><span class='av-masonry-date meta-color updated'>3.2.2026<\/span><span class=\"av-masonry-text-sep text-sep-author\">\/<\/span><span class='av-masonry-author meta-color author'><span class='fn'>by Ellen<\/span><\/span><\/div><\/div><\/figcaption><\/figure><\/a><!--end av-masonry entry--><a href=\"https:\/\/grifk-handball.com\/naiset\/kausi-2025-26\/ottelut-2025-26\/31-1-grifk-vs-hifk-26-26-12-10\/\"  id='av-masonry-1-item-13949' data-av-masonry-item='13949' class='av-masonry-entry isotope-item post-13949 post type-post status-publish format-standard has-post-thumbnail hentry category-kausi-2025-26 category-ottelut-2025-26 category-uutiset tag-aktialiga tag-aktialiiga tag-damernas-aktialiga tag-grifkdamer tag-grifkhandball tag-naisten-aktialiiga all_sort kausi-2025-26_sort  ottelut-2025-26_sort  uutiset_sort  av-masonry-item-with-image' title=\"GB7A6675(1)\"   itemscope=\"itemscope\" itemtype=\"https:\/\/schema.org\/CreativeWork\" ><div class='av-inner-masonry-sizer'><\/div><figure class='av-inner-masonry main_color'><div class=\"av-masonry-outerimage-container\"><div class='av-masonry-image-container' style=\"background-image: url(https:\/\/grifk-handball.com\/naiset\/wp-content\/uploads\/sites\/3\/2026\/02\/GB7A66751-705x470.jpg);\"  title=\"GB7A6675(1)\" ><\/div><\/div><figcaption class='av-inner-masonry-content site-background'><div class='av-inner-masonry-content-pos'><div class='av-inner-masonry-content-pos-content'><div class='avia-arrow'><\/div><h3 class='av-masonry-entry-title entry-title '  itemprop=\"headline\" >31.1. GrIFK vs HIFK 26\u201326 (12\u201310)<\/h3><span class='av-masonry-date meta-color updated'>3.2.2026<\/span><span class=\"av-masonry-text-sep text-sep-author\">\/<\/span><span class='av-masonry-author meta-color author'><span class='fn'>by Ellen<\/span><\/span><\/div><\/div><\/figcaption><\/figure><\/a><!--end av-masonry entry--><a href=\"https:\/\/grifk-handball.com\/naiset\/kausi-2025-26\/ennakot-2025-26\/hemmamatch-31-1-2026-13-30-grifk-vs-hifk\/\"  id='av-masonry-1-item-13940' data-av-masonry-item='13940' class='av-masonry-entry isotope-item post-13940 post type-post status-publish format-standard has-post-thumbnail hentry category-ennakot-2025-26 category-uutiset tag-aktialiga tag-aktialiiga tag-damernas-aktialiga tag-grifkdamer tag-grifkhandball tag-isabel-larsson tag-naisten-aktialiiga tag-otteluennakko tag-runkosarja all_sort ennakot-2025-26_sort  uutiset_sort  av-masonry-item-with-image' title=\"Isabel ennakko\"   itemscope=\"itemscope\" itemtype=\"https:\/\/schema.org\/CreativeWork\" ><div class='av-inner-masonry-sizer'><\/div><figure class='av-inner-masonry main_color'><div class=\"av-masonry-outerimage-container\"><div class='av-masonry-image-container' style=\"background-image: url(https:\/\/grifk-handball.com\/naiset\/wp-content\/uploads\/sites\/3\/2025\/10\/Isabel-ennakko-705x470.png);\"  title=\"Isabel ennakko\" ><\/div><\/div><figcaption class='av-inner-masonry-content site-background'><div class='av-inner-masonry-content-pos'><div class='av-inner-masonry-content-pos-content'><div class='avia-arrow'><\/div><h3 class='av-masonry-entry-title entry-title '  itemprop=\"headline\" >Hemmamatch 31.1.2026 * 13.30 GrIFK vs HIFK<\/h3><span class='av-masonry-date meta-color updated'>31.1.2026<\/span><span class=\"av-masonry-text-sep text-sep-author\">\/<\/span><span class='av-masonry-author meta-color author'><span class='fn'>by Ellen<\/span><\/span><\/div><\/div><\/figcaption><\/figure><\/a><!--end av-masonry entry--><a href=\"https:\/\/grifk-handball.com\/naiset\/kausi-2025-26\/ennakot-2025-26\/kotiottelu-31-1-2026-grifk-vs-hifk\/\"  id='av-masonry-1-item-13937' data-av-masonry-item='13937' class='av-masonry-entry isotope-item post-13937 post type-post status-publish format-standard has-post-thumbnail hentry category-ennakot-2025-26 category-uutiset tag-aktialiga tag-aktialiiga tag-damernas-aktialiga tag-grifkdamer tag-grifkhandball tag-isabel-larsson tag-naisten-aktialiiga tag-otteluennakko tag-runkosarja all_sort ennakot-2025-26_sort  uutiset_sort  av-masonry-item-with-image' title=\"Isabel ennakko\"   itemscope=\"itemscope\" itemtype=\"https:\/\/schema.org\/CreativeWork\" ><div class='av-inner-masonry-sizer'><\/div><figure class='av-inner-masonry main_color'><div class=\"av-masonry-outerimage-container\"><div class='av-masonry-image-container' style=\"background-image: url(https:\/\/grifk-handball.com\/naiset\/wp-content\/uploads\/sites\/3\/2025\/10\/Isabel-ennakko-705x470.png);\"  title=\"Isabel ennakko\" ><\/div><\/div><figcaption class='av-inner-masonry-content site-background'><div class='av-inner-masonry-content-pos'><div class='av-inner-masonry-content-pos-content'><div class='avia-arrow'><\/div><h3 class='av-masonry-entry-title entry-title '  itemprop=\"headline\" >Kotiottelu 31.1.2026 * 13.30 GrIFK vs HIFK<\/h3><span class='av-masonry-date meta-color updated'>31.1.2026<\/span><span class=\"av-masonry-text-sep text-sep-author\">\/<\/span><span class='av-masonry-author meta-color author'><span class='fn'>by Ellen<\/span><\/span><\/div><\/div><\/figcaption><\/figure><\/a><!--end av-masonry entry--><a href=\"https:\/\/grifk-handball.com\/naiset\/kausi-2025-26\/ottelut-2025-26\/matchrapport-23-24-1-finska-cupen-2026\/\"  id='av-masonry-1-item-13934' data-av-masonry-item='13934' class='av-masonry-entry isotope-item post-13934 post type-post status-publish format-standard has-post-thumbnail hentry category-kausi-2025-26 category-otteluraportit-2025-226 category-ottelut-2025-26 category-uutiset tag-aktialiga tag-aktialiiga tag-damernas-aktialiga tag-grifkdamer tag-grifkhandball tag-louise-heinonen tag-naisten-aktialiiga tag-matchrapport all_sort kausi-2025-26_sort  otteluraportit-2025-226_sort  ottelut-2025-26_sort  uutiset_sort  av-masonry-item-with-image' title=\"2I1A3493\"   itemscope=\"itemscope\" itemtype=\"https:\/\/schema.org\/CreativeWork\" ><div class='av-inner-masonry-sizer'><\/div><figure class='av-inner-masonry main_color'><div class=\"av-masonry-outerimage-container\"><div class='av-masonry-image-container' style=\"background-image: url(https:\/\/grifk-handball.com\/naiset\/wp-content\/uploads\/sites\/3\/2026\/01\/2I1A3493-705x470.jpg);\"  title=\"2I1A3493\" ><\/div><\/div><figcaption class='av-inner-masonry-content site-background'><div class='av-inner-masonry-content-pos'><div class='av-inner-masonry-content-pos-content'><div class='avia-arrow'><\/div><h3 class='av-masonry-entry-title entry-title '  itemprop=\"headline\" >Matchrapport 23-24.1 Finska Cupen 2026<\/h3><span class='av-masonry-date meta-color updated'>29.1.2026<\/span><span class=\"av-masonry-text-sep text-sep-author\">\/<\/span><span class='av-masonry-author meta-color author'><span class='fn'>by Ellen<\/span><\/span><\/div><\/div><\/figcaption><\/figure><\/a><!--end av-masonry entry--><a href=\"https:\/\/grifk-handball.com\/naiset\/kausi-2025-26\/ottelut-2025-26\/otteluraportti-23-24-1-suomen-cup-2026\/\"  id='av-masonry-1-item-13929' data-av-masonry-item='13929' class='av-masonry-entry isotope-item post-13929 post type-post status-publish format-standard has-post-thumbnail hentry category-kausi-2025-26 category-otteluraportit-2025-226 category-ottelut-2025-26 category-uutiset tag-aktialiga tag-aktialiiga tag-damernas-aktialiga tag-grifkdamer tag-grifkhandball tag-louise-heinonen tag-naisten-aktialiiga tag-otteluraportti all_sort kausi-2025-26_sort  otteluraportit-2025-226_sort  ottelut-2025-26_sort  uutiset_sort  av-masonry-item-with-image' title=\"2I1A3493\"   itemscope=\"itemscope\" itemtype=\"https:\/\/schema.org\/CreativeWork\" ><div class='av-inner-masonry-sizer'><\/div><figure class='av-inner-masonry main_color'><div class=\"av-masonry-outerimage-container\"><div class='av-masonry-image-container' style=\"background-image: url(https:\/\/grifk-handball.com\/naiset\/wp-content\/uploads\/sites\/3\/2026\/01\/2I1A3493-705x470.jpg);\"  title=\"2I1A3493\" ><\/div><\/div><figcaption class='av-inner-masonry-content site-background'><div class='av-inner-masonry-content-pos'><div class='av-inner-masonry-content-pos-content'><div class='avia-arrow'><\/div><h3 class='av-masonry-entry-title entry-title '  itemprop=\"headline\" >Otteluraportti 23.-24.1. Suomen Cup 2026<\/h3><span class='av-masonry-date meta-color updated'>29.1.2026<\/span><span class=\"av-masonry-text-sep text-sep-author\">\/<\/span><span class='av-masonry-author meta-color author'><span class='fn'>by Ellen<\/span><\/span><\/div><\/div><\/figcaption><\/figure><\/a><!--end av-masonry entry--><a href=\"https:\/\/grifk-handball.com\/naiset\/kausi-2025-26\/ottelut-2025-26\/suomen-cupin-finaali-24-1-bk-46-vs-grifk-19-34-16-6\/\"  id='av-masonry-1-item-13917' data-av-masonry-item='13917' class='av-masonry-entry isotope-item post-13917 post type-post status-publish format-standard has-post-thumbnail hentry category-kausi-2025-26 category-ottelut-2025-26 category-uutiset tag-aktialiga tag-aktialiiga tag-damernas-aktialiga tag-grifkdamer tag-grifkhandball tag-naisten-aktialiiga all_sort kausi-2025-26_sort  ottelut-2025-26_sort  uutiset_sort  av-masonry-item-with-image' title=\"2I1A3497\"   itemscope=\"itemscope\" itemtype=\"https:\/\/schema.org\/CreativeWork\" ><div class='av-inner-masonry-sizer'><\/div><figure class='av-inner-masonry main_color'><div class=\"av-masonry-outerimage-container\"><div class='av-masonry-image-container' style=\"background-image: url(https:\/\/grifk-handball.com\/naiset\/wp-content\/uploads\/sites\/3\/2026\/01\/2I1A3497-705x470.jpg);\"  title=\"2I1A3497\" ><\/div><\/div><figcaption class='av-inner-masonry-content site-background'><div class='av-inner-masonry-content-pos'><div class='av-inner-masonry-content-pos-content'><div class='avia-arrow'><\/div><h3 class='av-masonry-entry-title entry-title '  itemprop=\"headline\" >Suomen Cupin finaali 24.1. BK-46 vs GrIFK 19\u201334 (16\u20136)<\/h3><span class='av-masonry-date meta-color updated'>26.1.2026<\/span><span class=\"av-masonry-text-sep text-sep-author\">\/<\/span><span class='av-masonry-author meta-color author'><span class='fn'>by Ellen<\/span><\/span><\/div><\/div><\/figcaption><\/figure><\/a><!--end av-masonry entry--><a href=\"https:\/\/grifk-handball.com\/naiset\/kausi-2025-26\/ottelut-2025-26\/23-1-grifk-vs-grifk-young-ladies-31-15-16-6\/\"  id='av-masonry-1-item-13913' data-av-masonry-item='13913' class='av-masonry-entry isotope-item post-13913 post type-post status-publish format-standard has-post-thumbnail hentry category-kausi-2025-26 category-ottelut-2025-26 category-uutiset tag-grifkdamer tag-grifkhandball tag-suomencup all_sort kausi-2025-26_sort  ottelut-2025-26_sort  uutiset_sort  av-masonry-item-with-image' title=\"2I1A2641\"   itemscope=\"itemscope\" itemtype=\"https:\/\/schema.org\/CreativeWork\" ><div class='av-inner-masonry-sizer'><\/div><figure class='av-inner-masonry main_color'><div class=\"av-masonry-outerimage-container\"><div class='av-masonry-image-container' style=\"background-image: url(https:\/\/grifk-handball.com\/naiset\/wp-content\/uploads\/sites\/3\/2026\/01\/2I1A2641-705x470.jpg);\"  title=\"2I1A2641\" ><\/div><\/div><figcaption class='av-inner-masonry-content site-background'><div class='av-inner-masonry-content-pos'><div class='av-inner-masonry-content-pos-content'><div class='avia-arrow'><\/div><h3 class='av-masonry-entry-title entry-title '  itemprop=\"headline\" >23.1. GrIFK vs GrIFK Young Ladies 31\u201315 (16\u20136)<\/h3><span class='av-masonry-date meta-color updated'>26.1.2026<\/span><span class=\"av-masonry-text-sep text-sep-author\">\/<\/span><span class='av-masonry-author meta-color author'><span class='fn'>by Ellen<\/span><\/span><\/div><\/div><\/figcaption><\/figure><\/a><!--end av-masonry entry--><a href=\"https:\/\/grifk-handball.com\/naiset\/kausi-2025-26\/ennakot-2025-26\/finska-cuppens-semifinal-23-1-2026-18-15-grifk-vs-grifk-young-ladies\/\"  id='av-masonry-1-item-13908' data-av-masonry-item='13908' class='av-masonry-entry isotope-item post-13908 post type-post status-publish format-standard has-post-thumbnail hentry category-ennakot-2025-26 category-uutiset tag-aktialiga tag-aktialiiga tag-damernas-aktialiga tag-grifkdamer tag-grifkhandball tag-louise-heinonen tag-naisten-aktialiiga tag-otteluennakko tag-runkosarja all_sort ennakot-2025-26_sort  uutiset_sort  av-masonry-item-with-image' title=\"Louise ennakko\"   itemscope=\"itemscope\" itemtype=\"https:\/\/schema.org\/CreativeWork\" ><div class='av-inner-masonry-sizer'><\/div><figure class='av-inner-masonry main_color'><div class=\"av-masonry-outerimage-container\"><div class='av-masonry-image-container' style=\"background-image: url(https:\/\/grifk-handball.com\/naiset\/wp-content\/uploads\/sites\/3\/2025\/09\/Louise-ennakko-705x470.png);\"  title=\"Louise ennakko\" ><\/div><\/div><figcaption class='av-inner-masonry-content site-background'><div class='av-inner-masonry-content-pos'><div class='av-inner-masonry-content-pos-content'><div class='avia-arrow'><\/div><h3 class='av-masonry-entry-title entry-title '  itemprop=\"headline\" >Finska Cuppens semifinal 23.1.2026 * 18.15 GrIFK vs GrIFK Young Ladies<\/h3><span class='av-masonry-date meta-color updated'>23.1.2026<\/span><span class=\"av-masonry-text-sep text-sep-author\">\/<\/span><span class='av-masonry-author meta-color author'><span class='fn'>by Ellen<\/span><\/span><\/div><\/div><\/figcaption><\/figure><\/a><!--end av-masonry entry--><a href=\"https:\/\/grifk-handball.com\/naiset\/kausi-2025-26\/ennakot-2025-26\/suomen-cupin-valiera-23-1-2026-18-15-grifk-vs-grifk-young-ladies\/\"  id='av-masonry-1-item-13903' data-av-masonry-item='13903' class='av-masonry-entry isotope-item post-13903 post type-post status-publish format-standard has-post-thumbnail hentry category-ennakot-2025-26 category-uutiset tag-aktialiga tag-aktialiiga tag-damernas-aktialiga tag-grifkdamer tag-grifkhandball tag-louise-heinonen tag-naisten-aktialiiga tag-otteluennakko tag-runkosarja all_sort ennakot-2025-26_sort  uutiset_sort  av-masonry-item-with-image' title=\"Louise ennakko\"   itemscope=\"itemscope\" itemtype=\"https:\/\/schema.org\/CreativeWork\" ><div class='av-inner-masonry-sizer'><\/div><figure class='av-inner-masonry main_color'><div class=\"av-masonry-outerimage-container\"><div class='av-masonry-image-container' style=\"background-image: url(https:\/\/grifk-handball.com\/naiset\/wp-content\/uploads\/sites\/3\/2025\/09\/Louise-ennakko-705x470.png);\"  title=\"Louise ennakko\" ><\/div><\/div><figcaption class='av-inner-masonry-content site-background'><div class='av-inner-masonry-content-pos'><div class='av-inner-masonry-content-pos-content'><div class='avia-arrow'><\/div><h3 class='av-masonry-entry-title entry-title '  itemprop=\"headline\" >Suomen Cupin v\u00e4lier\u00e4 23.1.2026 * 18.15 GrIFK vs GrIFK Young Ladies<\/h3><span class='av-masonry-date meta-color updated'>23.1.2026<\/span><span class=\"av-masonry-text-sep text-sep-author\">\/<\/span><span class='av-masonry-author meta-color author'><span class='fn'>by Ellen<\/span><\/span><\/div><\/div><\/figcaption><\/figure><\/a><!--end av-masonry entry--><a href=\"https:\/\/grifk-handball.com\/naiset\/kausi-2025-26\/ottelut-2025-26\/matchrapport-17-1-dicken-vs-grifk\/\"  id='av-masonry-1-item-13900' data-av-masonry-item='13900' class='av-masonry-entry isotope-item post-13900 post type-post status-publish format-standard has-post-thumbnail hentry category-kausi-2025-26 category-otteluraportit-2025-226 category-ottelut-2025-26 category-uutiset tag-aktialiga tag-aktialiiga tag-damernas-aktialiga tag-grifkdamer tag-grifkhandball tag-mathilda-sandblom tag-naisten-aktialiiga tag-matchrapport all_sort kausi-2025-26_sort  otteluraportit-2025-226_sort  ottelut-2025-26_sort  uutiset_sort  av-masonry-item-with-image' title=\"2I1A1570\"   itemscope=\"itemscope\" itemtype=\"https:\/\/schema.org\/CreativeWork\" ><div class='av-inner-masonry-sizer'><\/div><figure class='av-inner-masonry main_color'><div class=\"av-masonry-outerimage-container\"><div class='av-masonry-image-container' style=\"background-image: url(https:\/\/grifk-handball.com\/naiset\/wp-content\/uploads\/sites\/3\/2026\/01\/2I1A1570-705x470.jpg);\"  title=\"2I1A1570\" ><\/div><\/div><figcaption class='av-inner-masonry-content site-background'><div class='av-inner-masonry-content-pos'><div class='av-inner-masonry-content-pos-content'><div class='avia-arrow'><\/div><h3 class='av-masonry-entry-title entry-title '  itemprop=\"headline\" >Matchrapport 17.1 Dicken vs GrIFK<\/h3><span class='av-masonry-date meta-color updated'>19.1.2026<\/span><span class=\"av-masonry-text-sep text-sep-author\">\/<\/span><span class='av-masonry-author meta-color author'><span class='fn'>by Ellen<\/span><\/span><\/div><\/div><\/figcaption><\/figure><\/a><!--end av-masonry entry--><a href=\"https:\/\/grifk-handball.com\/naiset\/kausi-2025-26\/ottelut-2025-26\/otteluraportti-17-1-dicken-vs-grifk\/\"  id='av-masonry-1-item-13896' data-av-masonry-item='13896' class='av-masonry-entry isotope-item post-13896 post type-post status-publish format-standard has-post-thumbnail hentry category-kausi-2025-26 category-otteluraportit-2025-226 category-ottelut-2025-26 category-uutiset tag-aktialiga tag-aktialiiga tag-damernas-aktialiga tag-grifkdamer tag-grifkhandball tag-mathilda-sandblom tag-naisten-aktialiiga tag-otteluraportti all_sort kausi-2025-26_sort  otteluraportit-2025-226_sort  ottelut-2025-26_sort  uutiset_sort  av-masonry-item-with-image' title=\"2I1A1570\"   itemscope=\"itemscope\" itemtype=\"https:\/\/schema.org\/CreativeWork\" ><div class='av-inner-masonry-sizer'><\/div><figure class='av-inner-masonry main_color'><div class=\"av-masonry-outerimage-container\"><div class='av-masonry-image-container' style=\"background-image: url(https:\/\/grifk-handball.com\/naiset\/wp-content\/uploads\/sites\/3\/2026\/01\/2I1A1570-705x470.jpg);\"  title=\"2I1A1570\" ><\/div><\/div><figcaption class='av-inner-masonry-content site-background'><div class='av-inner-masonry-content-pos'><div class='av-inner-masonry-content-pos-content'><div class='avia-arrow'><\/div><h3 class='av-masonry-entry-title entry-title '  itemprop=\"headline\" >Otteluraportti 17.1. Dicken vs GrIFK<\/h3><span class='av-masonry-date meta-color updated'>19.1.2026<\/span><span class=\"av-masonry-text-sep text-sep-author\">\/<\/span><span class='av-masonry-author meta-color author'><span class='fn'>by Ellen<\/span><\/span><\/div><\/div><\/figcaption><\/figure><\/a><!--end av-masonry entry--><a href=\"https:\/\/grifk-handball.com\/naiset\/kausi-2025-26\/ottelut-2025-26\/17-1-dicken-vs-grifk-25-42-10-18\/\"  id='av-masonry-1-item-13892' data-av-masonry-item='13892' class='av-masonry-entry isotope-item post-13892 post type-post status-publish format-standard has-post-thumbnail hentry category-kausi-2025-26 category-ottelut-2025-26 category-uutiset tag-aktialiga tag-aktialiiga tag-damernas-aktialiga tag-grifkdamer tag-grifkhandball tag-naisten-aktialiiga all_sort kausi-2025-26_sort  ottelut-2025-26_sort  uutiset_sort  av-masonry-item-with-image' title=\"2I1A1902\"   itemscope=\"itemscope\" itemtype=\"https:\/\/schema.org\/CreativeWork\" ><div class='av-inner-masonry-sizer'><\/div><figure class='av-inner-masonry main_color'><div class=\"av-masonry-outerimage-container\"><div class='av-masonry-image-container' style=\"background-image: url(https:\/\/grifk-handball.com\/naiset\/wp-content\/uploads\/sites\/3\/2026\/01\/2I1A1902-705x470.jpg);\"  title=\"2I1A1902\" ><\/div><\/div><figcaption class='av-inner-masonry-content site-background'><div class='av-inner-masonry-content-pos'><div class='av-inner-masonry-content-pos-content'><div class='avia-arrow'><\/div><h3 class='av-masonry-entry-title entry-title '  itemprop=\"headline\" >17.1. Dicken vs GrIFK 25\u201342 (10\u201318)<\/h3><span class='av-masonry-date meta-color updated'>19.1.2026<\/span><span class=\"av-masonry-text-sep text-sep-author\">\/<\/span><span class='av-masonry-author meta-color author'><span class='fn'>by Ellen<\/span><\/span><\/div><\/div><\/figcaption><\/figure><\/a><!--end av-masonry entry--><a href=\"https:\/\/grifk-handball.com\/naiset\/kausi-2025-26\/ennakot-2025-26\/bortamatch-17-1-2026-15-00-dicken-vs-grifk\/\"  id='av-masonry-1-item-13883' data-av-masonry-item='13883' class='av-masonry-entry isotope-item post-13883 post type-post status-publish format-standard has-post-thumbnail hentry category-ennakot-2025-26 category-uutiset tag-aktialiga tag-aktialiiga tag-damernas-aktialiga tag-grifkdamer tag-grifkhandball tag-mathilda-sandblom tag-naisten-aktialiiga tag-otteluennakko tag-runkosarja all_sort ennakot-2025-26_sort  uutiset_sort  av-masonry-item-with-image' title=\"Lillis otteluennakko (2)\"   itemscope=\"itemscope\" itemtype=\"https:\/\/schema.org\/CreativeWork\" ><div class='av-inner-masonry-sizer'><\/div><figure class='av-inner-masonry main_color'><div class=\"av-masonry-outerimage-container\"><div class='av-masonry-image-container' style=\"background-image: url(https:\/\/grifk-handball.com\/naiset\/wp-content\/uploads\/sites\/3\/2025\/09\/Lillis-otteluennakko-2-705x470.png);\"  title=\"Lillis otteluennakko (2)\" ><\/div><\/div><figcaption class='av-inner-masonry-content site-background'><div class='av-inner-masonry-content-pos'><div class='av-inner-masonry-content-pos-content'><div class='avia-arrow'><\/div><h3 class='av-masonry-entry-title entry-title '  itemprop=\"headline\" >Bortamatch 17.1.2026 * 15.00 Dicken vs GrIFK<\/h3><span class='av-masonry-date meta-color updated'>16.1.2026<\/span><span class=\"av-masonry-text-sep text-sep-author\">\/<\/span><span class='av-masonry-author meta-color author'><span class='fn'>by Ellen<\/span><\/span><\/div><\/div><\/figcaption><\/figure><\/a><!--end av-masonry entry--><a href=\"https:\/\/grifk-handball.com\/naiset\/kausi-2025-26\/ennakot-2025-26\/vierasottelu-17-1-2026-15-00-dicken-vs-grifk\/\"  id='av-masonry-1-item-13876' data-av-masonry-item='13876' class='av-masonry-entry isotope-item post-13876 post type-post status-publish format-standard has-post-thumbnail hentry category-ennakot-2025-26 category-uutiset tag-aktialiga tag-aktialiiga tag-damernas-aktialiga tag-grifkdamer tag-grifkhandball tag-mathilda-sandblom tag-naisten-aktialiiga tag-otteluennakko tag-runkosarja all_sort ennakot-2025-26_sort  uutiset_sort  av-masonry-item-with-image' title=\"Lillis otteluennakko (2)\"   itemscope=\"itemscope\" itemtype=\"https:\/\/schema.org\/CreativeWork\" ><div class='av-inner-masonry-sizer'><\/div><figure class='av-inner-masonry main_color'><div class=\"av-masonry-outerimage-container\"><div class='av-masonry-image-container' style=\"background-image: url(https:\/\/grifk-handball.com\/naiset\/wp-content\/uploads\/sites\/3\/2025\/09\/Lillis-otteluennakko-2-705x470.png);\"  title=\"Lillis otteluennakko (2)\" ><\/div><\/div><figcaption class='av-inner-masonry-content site-background'><div class='av-inner-masonry-content-pos'><div class='av-inner-masonry-content-pos-content'><div class='avia-arrow'><\/div><h3 class='av-masonry-entry-title entry-title '  itemprop=\"headline\" >Vierasottelu 17.1.2026 * 15.00 Dicken vs GrIFK<\/h3><span class='av-masonry-date meta-color updated'>16.1.2026<\/span><span class=\"av-masonry-text-sep text-sep-author\">\/<\/span><span class='av-masonry-author meta-color author'><span class='fn'>by Ellen<\/span><\/span><\/div><\/div><\/figcaption><\/figure><\/a><!--end av-masonry entry--><a href=\"https:\/\/grifk-handball.com\/naiset\/kausi-2025-26\/ottelut-2025-26\/matchrapport-10-1-sif-vs-grifk\/\"  id='av-masonry-1-item-13873' data-av-masonry-item='13873' class='av-masonry-entry isotope-item post-13873 post type-post status-publish format-standard has-post-thumbnail hentry category-kausi-2025-26 category-otteluraportit-2025-226 category-ottelut-2025-26 category-uutiset tag-aktialiga tag-aktialiiga tag-damernas-aktialiga tag-grifkdamer tag-grifkhandball tag-johanna-svanback tag-naisten-aktialiiga tag-matchrapport all_sort kausi-2025-26_sort  otteluraportit-2025-226_sort  ottelut-2025-26_sort  uutiset_sort  av-masonry-item-with-image' title=\"GrIFK vs Cocks 2026-01-07 037\"   itemscope=\"itemscope\" itemtype=\"https:\/\/schema.org\/CreativeWork\" ><div class='av-inner-masonry-sizer'><\/div><figure class='av-inner-masonry main_color'><div class=\"av-masonry-outerimage-container\"><div class='av-masonry-image-container' style=\"background-image: url(https:\/\/grifk-handball.com\/naiset\/wp-content\/uploads\/sites\/3\/2026\/01\/GrIFK-vs-Cocks-2026-01-07-037-705x470.jpg);\"  title=\"GrIFK vs Cocks 2026-01-07 037\" ><\/div><\/div><figcaption class='av-inner-masonry-content site-background'><div class='av-inner-masonry-content-pos'><div class='av-inner-masonry-content-pos-content'><div class='avia-arrow'><\/div><h3 class='av-masonry-entry-title entry-title '  itemprop=\"headline\" >Matchrapport 10.1 SIF vs GrIFK<\/h3><span class='av-masonry-date meta-color updated'>15.1.2026<\/span><span class=\"av-masonry-text-sep text-sep-author\">\/<\/span><span class='av-masonry-author meta-color author'><span class='fn'>by Ellen<\/span><\/span><\/div><\/div><\/figcaption><\/figure><\/a><!--end av-masonry entry--><a href=\"https:\/\/grifk-handball.com\/naiset\/kausi-2025-26\/ottelut-2025-26\/otteluraportti-10-1-sif-vs-grifk\/\"  id='av-masonry-1-item-13869' data-av-masonry-item='13869' class='av-masonry-entry isotope-item post-13869 post type-post status-publish format-standard has-post-thumbnail hentry category-kausi-2025-26 category-otteluraportit-2025-226 category-ottelut-2025-26 category-uutiset tag-aktialiga tag-aktialiiga tag-damernas-aktialiga tag-grifkdamer tag-grifkhandball tag-johanna-svanback tag-naisten-aktialiiga tag-otteluraportti all_sort kausi-2025-26_sort  otteluraportit-2025-226_sort  ottelut-2025-26_sort  uutiset_sort  av-masonry-item-with-image' title=\"GrIFK vs Cocks 2026-01-07 037\"   itemscope=\"itemscope\" itemtype=\"https:\/\/schema.org\/CreativeWork\" ><div class='av-inner-masonry-sizer'><\/div><figure class='av-inner-masonry main_color'><div class=\"av-masonry-outerimage-container\"><div class='av-masonry-image-container' style=\"background-image: url(https:\/\/grifk-handball.com\/naiset\/wp-content\/uploads\/sites\/3\/2026\/01\/GrIFK-vs-Cocks-2026-01-07-037-705x470.jpg);\"  title=\"GrIFK vs Cocks 2026-01-07 037\" ><\/div><\/div><figcaption class='av-inner-masonry-content site-background'><div class='av-inner-masonry-content-pos'><div class='av-inner-masonry-content-pos-content'><div class='avia-arrow'><\/div><h3 class='av-masonry-entry-title entry-title '  itemprop=\"headline\" >Otteluraportti 10.1. SIF vs GrIFK<\/h3><span class='av-masonry-date meta-color updated'>15.1.2026<\/span><span class=\"av-masonry-text-sep text-sep-author\">\/<\/span><span class='av-masonry-author meta-color author'><span class='fn'>by Ellen<\/span><\/span><\/div><\/div><\/figcaption><\/figure><\/a><!--end av-masonry entry--><a href=\"https:\/\/grifk-handball.com\/naiset\/kausi-2025-26\/ottelut-2025-26\/10-1-sif-vs-grifk-21-37-9-15\/\"  id='av-masonry-1-item-13864' data-av-masonry-item='13864' class='av-masonry-entry isotope-item post-13864 post type-post status-publish format-standard has-post-thumbnail hentry category-kausi-2025-26 category-ottelut-2025-26 category-uutiset tag-aktialiga tag-aktialiiga tag-damernas-aktialiga tag-grifkdamer tag-grifkhandball tag-naisten-aktialiiga all_sort kausi-2025-26_sort  ottelut-2025-26_sort  uutiset_sort  av-masonry-item-with-image' title=\"GrIFK vs Cocks 2026-01-07 074\"   itemscope=\"itemscope\" itemtype=\"https:\/\/schema.org\/CreativeWork\" ><div class='av-inner-masonry-sizer'><\/div><figure class='av-inner-masonry main_color'><div class=\"av-masonry-outerimage-container\"><div class='av-masonry-image-container' style=\"background-image: url(https:\/\/grifk-handball.com\/naiset\/wp-content\/uploads\/sites\/3\/2026\/01\/GrIFK-vs-Cocks-2026-01-07-074-705x491.jpg);\"  title=\"GrIFK vs Cocks 2026-01-07 074\" ><\/div><\/div><figcaption class='av-inner-masonry-content site-background'><div class='av-inner-masonry-content-pos'><div class='av-inner-masonry-content-pos-content'><div class='avia-arrow'><\/div><h3 class='av-masonry-entry-title entry-title '  itemprop=\"headline\" >10.1. SIF vs GrIFK 21\u201337 (9\u201315)<\/h3><span class='av-masonry-date meta-color updated'>12.1.2026<\/span><span class=\"av-masonry-text-sep text-sep-author\">\/<\/span><span class='av-masonry-author meta-color author'><span class='fn'>by Ellen<\/span><\/span><\/div><\/div><\/figcaption><\/figure><\/a><!--end av-masonry entry--><a href=\"https:\/\/grifk-handball.com\/naiset\/kausi-2025-26\/ennakot-2025-26\/bortamatch-9-1-2026-15-00-sif-vs-grifk\/\"  id='av-masonry-1-item-13858' data-av-masonry-item='13858' class='av-masonry-entry isotope-item post-13858 post type-post status-publish format-standard has-post-thumbnail hentry category-ennakot-2025-26 category-uutiset tag-aktialiga tag-aktialiiga tag-damernas-aktialiga tag-grifkdamer tag-grifkhandball tag-johanna-svanback tag-naisten-aktialiiga tag-otteluennakko tag-runkosarja all_sort ennakot-2025-26_sort  uutiset_sort  av-masonry-item-with-image' title=\"Hilli otteluennakko\"   itemscope=\"itemscope\" itemtype=\"https:\/\/schema.org\/CreativeWork\" ><div class='av-inner-masonry-sizer'><\/div><figure class='av-inner-masonry main_color'><div class=\"av-masonry-outerimage-container\"><div class='av-masonry-image-container' style=\"background-image: url(https:\/\/grifk-handball.com\/naiset\/wp-content\/uploads\/sites\/3\/2025\/09\/Hilli-otteluennakko-705x470.png);\"  title=\"Hilli otteluennakko\" ><\/div><\/div><figcaption class='av-inner-masonry-content site-background'><div class='av-inner-masonry-content-pos'><div class='av-inner-masonry-content-pos-content'><div class='avia-arrow'><\/div><h3 class='av-masonry-entry-title entry-title '  itemprop=\"headline\" >Bortamatch 10.1.2026 * 15.00 SIF vs GrIFK<\/h3><span class='av-masonry-date meta-color updated'>9.1.2026<\/span><span class=\"av-masonry-text-sep text-sep-author\">\/<\/span><span class='av-masonry-author meta-color author'><span class='fn'>by Ellen<\/span><\/span><\/div><\/div><\/figcaption><\/figure><\/a><!--end av-masonry entry--><a href=\"https:\/\/grifk-handball.com\/naiset\/kausi-2025-26\/ennakot-2025-26\/vierasottelu-9-1-2026-sif-vs-grifk\/\"  id='av-masonry-1-item-13855' data-av-masonry-item='13855' class='av-masonry-entry isotope-item post-13855 post type-post status-publish format-standard has-post-thumbnail hentry category-ennakot-2025-26 category-uutiset tag-aktialiga tag-aktialiiga tag-damernas-aktialiga tag-grifkdamer tag-grifkhandball tag-johanna-svanback tag-naisten-aktialiiga tag-otteluennakko tag-runkosarja all_sort ennakot-2025-26_sort  uutiset_sort  av-masonry-item-with-image' title=\"Hilli otteluennakko\"   itemscope=\"itemscope\" itemtype=\"https:\/\/schema.org\/CreativeWork\" ><div class='av-inner-masonry-sizer'><\/div><figure class='av-inner-masonry main_color'><div class=\"av-masonry-outerimage-container\"><div class='av-masonry-image-container' style=\"background-image: url(https:\/\/grifk-handball.com\/naiset\/wp-content\/uploads\/sites\/3\/2025\/09\/Hilli-otteluennakko-705x470.png);\"  title=\"Hilli otteluennakko\" ><\/div><\/div><figcaption class='av-inner-masonry-content site-background'><div class='av-inner-masonry-content-pos'><div class='av-inner-masonry-content-pos-content'><div class='avia-arrow'><\/div><h3 class='av-masonry-entry-title entry-title '  itemprop=\"headline\" >Vierasottelu 10.1.2026 * 15.00 SIF vs GrIFK<\/h3><span class='av-masonry-date meta-color updated'>9.1.2026<\/span><span class=\"av-masonry-text-sep text-sep-author\">\/<\/span><span class='av-masonry-author meta-color author'><span class='fn'>by Ellen<\/span><\/span><\/div><\/div><\/figcaption><\/figure><\/a><!--end av-masonry entry--><a href=\"https:\/\/grifk-handball.com\/naiset\/kausi-2025-26\/ottelut-2025-26\/matchrapport-7-1-grifk-vs-cocks\/\"  id='av-masonry-1-item-13852' data-av-masonry-item='13852' class='av-masonry-entry isotope-item post-13852 post type-post status-publish format-standard has-post-thumbnail hentry category-kausi-2025-26 category-otteluraportit-2025-226 category-ottelut-2025-26 category-uutiset tag-aktialiga tag-aktialiiga tag-damernas-aktialiga tag-greta-wiren tag-grifkdamer tag-grifkhandball tag-naisten-aktialiiga tag-matchrapport all_sort kausi-2025-26_sort  otteluraportit-2025-226_sort  ottelut-2025-26_sort  uutiset_sort  av-masonry-item-with-image' title=\"GrIFK vs Cocks 2026-01-07 040\"   itemscope=\"itemscope\" itemtype=\"https:\/\/schema.org\/CreativeWork\" ><div class='av-inner-masonry-sizer'><\/div><figure class='av-inner-masonry main_color'><div class=\"av-masonry-outerimage-container\"><div class='av-masonry-image-container' style=\"background-image: url(https:\/\/grifk-handball.com\/naiset\/wp-content\/uploads\/sites\/3\/2026\/01\/GrIFK-vs-Cocks-2026-01-07-040-705x470.jpg);\"  title=\"GrIFK vs Cocks 2026-01-07 040\" ><\/div><\/div><figcaption class='av-inner-masonry-content site-background'><div class='av-inner-masonry-content-pos'><div class='av-inner-masonry-content-pos-content'><div class='avia-arrow'><\/div><h3 class='av-masonry-entry-title entry-title '  itemprop=\"headline\" >Matchrapport 7.1 GrIFK vs Cocks<\/h3><span class='av-masonry-date meta-color updated'>9.1.2026<\/span><span class=\"av-masonry-text-sep text-sep-author\">\/<\/span><span class='av-masonry-author meta-color author'><span class='fn'>by Ellen<\/span><\/span><\/div><\/div><\/figcaption><\/figure><\/a><!--end av-masonry entry--><a href=\"https:\/\/grifk-handball.com\/naiset\/kausi-2025-26\/ottelut-2025-26\/otteluraportti-7-1-grifk-vs-cocks\/\"  id='av-masonry-1-item-13848' data-av-masonry-item='13848' class='av-masonry-entry isotope-item post-13848 post type-post status-publish format-standard has-post-thumbnail hentry category-kausi-2025-26 category-otteluraportit-2025-226 category-ottelut-2025-26 category-uutiset tag-aktialiga tag-aktialiiga tag-damernas-aktialiga tag-greta-wiren tag-grifkdamer tag-grifkhandball tag-naisten-aktialiiga tag-otteluraportti all_sort kausi-2025-26_sort  otteluraportit-2025-226_sort  ottelut-2025-26_sort  uutiset_sort  av-masonry-item-with-image' title=\"GrIFK vs Cocks 2026-01-07 040\"   itemscope=\"itemscope\" itemtype=\"https:\/\/schema.org\/CreativeWork\" ><div class='av-inner-masonry-sizer'><\/div><figure class='av-inner-masonry main_color'><div class=\"av-masonry-outerimage-container\"><div class='av-masonry-image-container' style=\"background-image: url(https:\/\/grifk-handball.com\/naiset\/wp-content\/uploads\/sites\/3\/2026\/01\/GrIFK-vs-Cocks-2026-01-07-040-705x470.jpg);\"  title=\"GrIFK vs Cocks 2026-01-07 040\" ><\/div><\/div><figcaption class='av-inner-masonry-content site-background'><div class='av-inner-masonry-content-pos'><div class='av-inner-masonry-content-pos-content'><div class='avia-arrow'><\/div><h3 class='av-masonry-entry-title entry-title '  itemprop=\"headline\" >Otteluraportti 7.1. GrIFK vs Cocks<\/h3><span class='av-masonry-date meta-color updated'>9.1.2026<\/span><span class=\"av-masonry-text-sep text-sep-author\">\/<\/span><span class='av-masonry-author meta-color author'><span class='fn'>by Ellen<\/span><\/span><\/div><\/div><\/figcaption><\/figure><\/a><!--end av-masonry entry--><a href=\"https:\/\/grifk-handball.com\/naiset\/kausi-2025-26\/ottelut-2025-26\/7-1-grifk-vs-cocks-33-22-14-9\/\"  id='av-masonry-1-item-13828' data-av-masonry-item='13828' class='av-masonry-entry isotope-item post-13828 post type-post status-publish format-standard has-post-thumbnail hentry category-kausi-2025-26 category-ottelut-2025-26 category-uutiset tag-aktialiga tag-aktialiiga tag-damernas-aktialiga tag-grifkdamer tag-grifkhandball tag-naisten-aktialiiga all_sort kausi-2025-26_sort  ottelut-2025-26_sort  uutiset_sort  av-masonry-item-with-image' title=\"GrIFK vs Cocks 2026-01-07 043\"   itemscope=\"itemscope\" itemtype=\"https:\/\/schema.org\/CreativeWork\" ><div class='av-inner-masonry-sizer'><\/div><figure class='av-inner-masonry main_color'><div class=\"av-masonry-outerimage-container\"><div class='av-masonry-image-container' style=\"background-image: url(https:\/\/grifk-handball.com\/naiset\/wp-content\/uploads\/sites\/3\/2026\/01\/GrIFK-vs-Cocks-2026-01-07-043-705x470.jpg);\"  title=\"GrIFK vs Cocks 2026-01-07 043\" ><\/div><\/div><figcaption class='av-inner-masonry-content site-background'><div class='av-inner-masonry-content-pos'><div class='av-inner-masonry-content-pos-content'><div class='avia-arrow'><\/div><h3 class='av-masonry-entry-title entry-title '  itemprop=\"headline\" >7.1. GrIFK vs Cocks 33\u201322 (14\u20139)<\/h3><span class='av-masonry-date meta-color updated'>9.1.2026<\/span><span class=\"av-masonry-text-sep text-sep-author\">\/<\/span><span class='av-masonry-author meta-color author'><span class='fn'>by Ellen<\/span><\/span><\/div><\/div><\/figcaption><\/figure><\/a><!--end av-masonry entry--><a href=\"https:\/\/grifk-handball.com\/naiset\/kausi-2025-26\/ennakot-2025-26\/hemmamatch-7-1-2026-19-00-grifk-vs-cocks\/\"  id='av-masonry-1-item-13821' data-av-masonry-item='13821' class='av-masonry-entry isotope-item post-13821 post type-post status-publish format-standard has-post-thumbnail hentry category-ennakot-2025-26 category-uutiset tag-aktialiga tag-aktialiiga tag-damernas-aktialiga tag-greta-wiren tag-grifkdamer tag-grifkhandball tag-naisten-aktialiiga tag-otteluennakko tag-runkosarja all_sort ennakot-2025-26_sort  uutiset_sort  av-masonry-item-with-image' title=\"_B7A3603\"   itemscope=\"itemscope\" itemtype=\"https:\/\/schema.org\/CreativeWork\" ><div class='av-inner-masonry-sizer'><\/div><figure class='av-inner-masonry main_color'><div class=\"av-masonry-outerimage-container\"><div class='av-masonry-image-container' style=\"background-image: url(https:\/\/grifk-handball.com\/naiset\/wp-content\/uploads\/sites\/3\/2025\/09\/B7A3603-705x470.jpg);\"  title=\"_B7A3603\" ><\/div><\/div><figcaption class='av-inner-masonry-content site-background'><div class='av-inner-masonry-content-pos'><div class='av-inner-masonry-content-pos-content'><div class='avia-arrow'><\/div><h3 class='av-masonry-entry-title entry-title '  itemprop=\"headline\" >Hemmamatch 7.1.2026 * 19.00 GrIFK vs Cocks<\/h3><span class='av-masonry-date meta-color updated'>6.1.2026<\/span><span class=\"av-masonry-text-sep text-sep-author\">\/<\/span><span class='av-masonry-author meta-color author'><span class='fn'>by Ellen<\/span><\/span><\/div><\/div><\/figcaption><\/figure><\/a><!--end av-masonry entry--><a href=\"https:\/\/grifk-handball.com\/naiset\/kausi-2025-26\/ennakot-2025-26\/kotiottelu-7-1-2026-19-00-grifk-vs-cocks\/\"  id='av-masonry-1-item-13812' data-av-masonry-item='13812' class='av-masonry-entry isotope-item post-13812 post type-post status-publish format-standard has-post-thumbnail hentry category-ennakot-2025-26 category-uutiset tag-aktialiga tag-aktialiiga tag-damernas-aktialiga tag-greta-wiren tag-grifkdamer tag-grifkhandball tag-naisten-aktialiiga tag-otteluennakko tag-runkosarja all_sort ennakot-2025-26_sort  uutiset_sort  av-masonry-item-with-image' title=\"_B7A3603\"   itemscope=\"itemscope\" itemtype=\"https:\/\/schema.org\/CreativeWork\" ><div class='av-inner-masonry-sizer'><\/div><figure class='av-inner-masonry main_color'><div class=\"av-masonry-outerimage-container\"><div class='av-masonry-image-container' style=\"background-image: url(https:\/\/grifk-handball.com\/naiset\/wp-content\/uploads\/sites\/3\/2025\/09\/B7A3603-705x470.jpg);\"  title=\"_B7A3603\" ><\/div><\/div><figcaption class='av-inner-masonry-content site-background'><div class='av-inner-masonry-content-pos'><div class='av-inner-masonry-content-pos-content'><div class='avia-arrow'><\/div><h3 class='av-masonry-entry-title entry-title '  itemprop=\"headline\" >Kotiottelu 7.1.2026 * GrIFK vs Cocks<\/h3><span class='av-masonry-date meta-color updated'>6.1.2026<\/span><span class=\"av-masonry-text-sep text-sep-author\">\/<\/span><span class='av-masonry-author meta-color author'><span class='fn'>by Ellen<\/span><\/span><\/div><\/div><\/figcaption><\/figure><\/a><!--end av-masonry entry--><a href=\"https:\/\/grifk-handball.com\/naiset\/kausi-2025-26\/ottelut-2025-26\/matchrapport-20-12-atlas-vs-grifk\/\"  id='av-masonry-1-item-13790' data-av-masonry-item='13790' class='av-masonry-entry isotope-item post-13790 post type-post status-publish format-standard has-post-thumbnail hentry category-kausi-2025-26 category-otteluraportit-2025-226 category-ottelut-2025-26 category-uutiset tag-aktialiga tag-aktialiiga tag-damernas-aktialiga tag-grifkdamer tag-grifkhandball tag-naisten-aktialiiga tag-sandra-lundqvist tag-matchrapport all_sort kausi-2025-26_sort  otteluraportit-2025-226_sort  ottelut-2025-26_sort  uutiset_sort  av-masonry-item-with-image' title=\"GB7A6023\"   itemscope=\"itemscope\" itemtype=\"https:\/\/schema.org\/CreativeWork\" ><div class='av-inner-masonry-sizer'><\/div><figure class='av-inner-masonry main_color'><div class=\"av-masonry-outerimage-container\"><div class='av-masonry-image-container' style=\"background-image: url(https:\/\/grifk-handball.com\/naiset\/wp-content\/uploads\/sites\/3\/2026\/01\/GB7A6023-705x470.jpg);\"  title=\"GB7A6023\" ><\/div><\/div><figcaption class='av-inner-masonry-content site-background'><div class='av-inner-masonry-content-pos'><div class='av-inner-masonry-content-pos-content'><div class='avia-arrow'><\/div><h3 class='av-masonry-entry-title entry-title '  itemprop=\"headline\" >Matchrapport 20.12 Atlas vs GrIFK<\/h3><span class='av-masonry-date meta-color updated'>3.1.2026<\/span><span class=\"av-masonry-text-sep text-sep-author\">\/<\/span><span class='av-masonry-author meta-color author'><span class='fn'>by Ellen<\/span><\/span><\/div><\/div><\/figcaption><\/figure><\/a><!--end av-masonry entry--><a href=\"https:\/\/grifk-handball.com\/naiset\/kausi-2025-26\/ottelut-2025-26\/otteluraportti-20-12-atlas-vs-grifk\/\"  id='av-masonry-1-item-13786' data-av-masonry-item='13786' class='av-masonry-entry isotope-item post-13786 post type-post status-publish format-standard has-post-thumbnail hentry category-kausi-2025-26 category-otteluraportit-2025-226 category-ottelut-2025-26 category-uutiset tag-aktialiga tag-aktialiiga tag-damernas-aktialiga tag-grifkdamer tag-grifkhandball tag-naisten-aktialiiga tag-otteluraportti tag-sandra-lundqvist all_sort kausi-2025-26_sort  otteluraportit-2025-226_sort  ottelut-2025-26_sort  uutiset_sort  av-masonry-item-with-image' title=\"GB7A6023\"   itemscope=\"itemscope\" itemtype=\"https:\/\/schema.org\/CreativeWork\" ><div class='av-inner-masonry-sizer'><\/div><figure class='av-inner-masonry main_color'><div class=\"av-masonry-outerimage-container\"><div class='av-masonry-image-container' style=\"background-image: url(https:\/\/grifk-handball.com\/naiset\/wp-content\/uploads\/sites\/3\/2026\/01\/GB7A6023-705x470.jpg);\"  title=\"GB7A6023\" ><\/div><\/div><figcaption class='av-inner-masonry-content site-background'><div class='av-inner-masonry-content-pos'><div class='av-inner-masonry-content-pos-content'><div class='avia-arrow'><\/div><h3 class='av-masonry-entry-title entry-title '  itemprop=\"headline\" >Otteluraportti 20.12. Atlas vs GrIFK<\/h3><span class='av-masonry-date meta-color updated'>3.1.2026<\/span><span class=\"av-masonry-text-sep text-sep-author\">\/<\/span><span class='av-masonry-author meta-color author'><span class='fn'>by Ellen<\/span><\/span><\/div><\/div><\/figcaption><\/figure><\/a><!--end av-masonry entry--><a href=\"https:\/\/grifk-handball.com\/naiset\/kausi-2025-26\/ottelut-2025-26\/20-12-atlas-vs-grifk-24-25-14-11\/\"  id='av-masonry-1-item-13782' data-av-masonry-item='13782' class='av-masonry-entry isotope-item post-13782 post type-post status-publish format-standard has-post-thumbnail hentry category-kausi-2025-26 category-ottelut-2025-26 category-uutiset tag-aktialiga tag-aktialiiga tag-damernas-aktialiga tag-grifkdamer tag-grifkhandball tag-naisten-aktialiiga all_sort kausi-2025-26_sort  ottelut-2025-26_sort  uutiset_sort  av-masonry-item-with-image' title=\"GB7A6221\"   itemscope=\"itemscope\" itemtype=\"https:\/\/schema.org\/CreativeWork\" ><div class='av-inner-masonry-sizer'><\/div><figure class='av-inner-masonry main_color'><div class=\"av-masonry-outerimage-container\"><div class='av-masonry-image-container' style=\"background-image: url(https:\/\/grifk-handball.com\/naiset\/wp-content\/uploads\/sites\/3\/2026\/01\/GB7A6221-705x470.jpg);\"  title=\"GB7A6221\" ><\/div><\/div><figcaption class='av-inner-masonry-content site-background'><div class='av-inner-masonry-content-pos'><div class='av-inner-masonry-content-pos-content'><div class='avia-arrow'><\/div><h3 class='av-masonry-entry-title entry-title '  itemprop=\"headline\" >20.12. Atlas vs GrIFK 24\u201325 (14\u201311)<\/h3><span class='av-masonry-date meta-color updated'>3.1.2026<\/span><span class=\"av-masonry-text-sep text-sep-author\">\/<\/span><span class='av-masonry-author meta-color author'><span class='fn'>by Ellen<\/span><\/span><\/div><\/div><\/figcaption><\/figure><\/a><!--end av-masonry entry--><a href=\"https:\/\/grifk-handball.com\/naiset\/kausi-2025-26\/ennakot-2025-26\/bortamatch-20-12-2025-16-00-atlas-vs-grifk\/\"  id='av-masonry-1-item-13779' data-av-masonry-item='13779' class='av-masonry-entry isotope-item post-13779 post type-post status-publish format-standard has-post-thumbnail hentry category-ennakot-2025-26 category-uutiset tag-aktialiga tag-aktialiiga tag-damernas-aktialiga tag-grifkdamer tag-grifkhandball tag-naisten-aktialiiga tag-otteluennakko tag-sandra-lundqvist tag-runkosarja all_sort ennakot-2025-26_sort  uutiset_sort  av-masonry-item-with-image' title=\"Sandran ennakko(1)\"   itemscope=\"itemscope\" itemtype=\"https:\/\/schema.org\/CreativeWork\" ><div class='av-inner-masonry-sizer'><\/div><figure class='av-inner-masonry main_color'><div class=\"av-masonry-outerimage-container\"><div class='av-masonry-image-container' style=\"background-image: url(https:\/\/grifk-handball.com\/naiset\/wp-content\/uploads\/sites\/3\/2025\/12\/Sandran-ennakko1-705x470.png);\"  title=\"Sandran ennakko(1)\" ><\/div><\/div><figcaption class='av-inner-masonry-content site-background'><div class='av-inner-masonry-content-pos'><div class='av-inner-masonry-content-pos-content'><div class='avia-arrow'><\/div><h3 class='av-masonry-entry-title entry-title '  itemprop=\"headline\" >Bortamatch 20.12.2025 * 16.00 Atlas vs GrIFK<\/h3><span class='av-masonry-date meta-color updated'>20.12.2025<\/span><span class=\"av-masonry-text-sep text-sep-author\">\/<\/span><span class='av-masonry-author meta-color author'><span class='fn'>by Ellen<\/span><\/span><\/div><\/div><\/figcaption><\/figure><\/a><!--end av-masonry entry--><a href=\"https:\/\/grifk-handball.com\/naiset\/kausi-2025-26\/ennakot-2025-26\/vierasottelu-20-12-2025-16-00-atlas-vs-grifk\/\"  id='av-masonry-1-item-13775' data-av-masonry-item='13775' class='av-masonry-entry isotope-item post-13775 post type-post status-publish format-standard has-post-thumbnail hentry category-ennakot-2025-26 category-uutiset tag-aktialiga tag-aktialiiga tag-damernas-aktialiga tag-grifkdamer tag-grifkhandball tag-naisten-aktialiiga tag-otteluennakko tag-sandra-lundqvist tag-runkosarja all_sort ennakot-2025-26_sort  uutiset_sort  av-masonry-item-with-image' title=\"Sandran ennakko(1)\"   itemscope=\"itemscope\" itemtype=\"https:\/\/schema.org\/CreativeWork\" ><div class='av-inner-masonry-sizer'><\/div><figure class='av-inner-masonry main_color'><div class=\"av-masonry-outerimage-container\"><div class='av-masonry-image-container' style=\"background-image: url(https:\/\/grifk-handball.com\/naiset\/wp-content\/uploads\/sites\/3\/2025\/12\/Sandran-ennakko1-705x470.png);\"  title=\"Sandran ennakko(1)\" ><\/div><\/div><figcaption class='av-inner-masonry-content site-background'><div class='av-inner-masonry-content-pos'><div class='av-inner-masonry-content-pos-content'><div class='avia-arrow'><\/div><h3 class='av-masonry-entry-title entry-title '  itemprop=\"headline\" >Vierasottelu 20.12.2025 * 16.00 Atlas vs GrIFK<\/h3><span class='av-masonry-date meta-color updated'>20.12.2025<\/span><span class=\"av-masonry-text-sep text-sep-author\">\/<\/span><span class='av-masonry-author meta-color author'><span class='fn'>by Ellen<\/span><\/span><\/div><\/div><\/figcaption><\/figure><\/a><!--end av-masonry entry--><a href=\"https:\/\/grifk-handball.com\/naiset\/kausi-2025-26\/ottelut-2025-26\/matchrapport-17-12-grifk-vs-dicken\/\"  id='av-masonry-1-item-13770' data-av-masonry-item='13770' class='av-masonry-entry isotope-item post-13770 post type-post status-publish format-standard has-post-thumbnail hentry category-kausi-2025-26 category-otteluraportit-2025-226 category-ottelut-2025-26 category-uutiset tag-aktialiga tag-aktialiiga tag-damernas-aktialiga tag-grifkdamer tag-grifkhandball tag-naisten-aktialiiga tag-trine-bjorkqvist tag-matchrapport all_sort kausi-2025-26_sort  otteluraportit-2025-226_sort  ottelut-2025-26_sort  uutiset_sort  av-masonry-item-with-image' title=\"2I1A1793\"   itemscope=\"itemscope\" itemtype=\"https:\/\/schema.org\/CreativeWork\" ><div class='av-inner-masonry-sizer'><\/div><figure class='av-inner-masonry main_color'><div class=\"av-masonry-outerimage-container\"><div class='av-masonry-image-container' style=\"background-image: url(https:\/\/grifk-handball.com\/naiset\/wp-content\/uploads\/sites\/3\/2025\/12\/2I1A1793-705x470.jpg);\"  title=\"2I1A1793\" ><\/div><\/div><figcaption class='av-inner-masonry-content site-background'><div class='av-inner-masonry-content-pos'><div class='av-inner-masonry-content-pos-content'><div class='avia-arrow'><\/div><h3 class='av-masonry-entry-title entry-title '  itemprop=\"headline\" >Matchrapport 17.12 GrIFK vs Dicken<\/h3><span class='av-masonry-date meta-color updated'>18.12.2025<\/span><span class=\"av-masonry-text-sep text-sep-author\">\/<\/span><span class='av-masonry-author meta-color author'><span class='fn'>by Ellen<\/span><\/span><\/div><\/div><\/figcaption><\/figure><\/a><!--end av-masonry entry--><a href=\"https:\/\/grifk-handball.com\/naiset\/kausi-2025-26\/ottelut-2025-26\/otteluraportti-17-12-grifk-vs-dicken\/\"  id='av-masonry-1-item-13766' data-av-masonry-item='13766' class='av-masonry-entry isotope-item post-13766 post type-post status-publish format-standard has-post-thumbnail hentry category-kausi-2025-26 category-otteluraportit-2025-226 category-ottelut-2025-26 category-uutiset tag-aktialiga tag-aktialiiga tag-damernas-aktialiga tag-grifkdamer tag-grifkhandball tag-naisten-aktialiiga tag-otteluraportti tag-trine-bjorkqvist all_sort kausi-2025-26_sort  otteluraportit-2025-226_sort  ottelut-2025-26_sort  uutiset_sort  av-masonry-item-with-image' title=\"2I1A1793\"   itemscope=\"itemscope\" itemtype=\"https:\/\/schema.org\/CreativeWork\" ><div class='av-inner-masonry-sizer'><\/div><figure class='av-inner-masonry main_color'><div class=\"av-masonry-outerimage-container\"><div class='av-masonry-image-container' style=\"background-image: url(https:\/\/grifk-handball.com\/naiset\/wp-content\/uploads\/sites\/3\/2025\/12\/2I1A1793-705x470.jpg);\"  title=\"2I1A1793\" ><\/div><\/div><figcaption class='av-inner-masonry-content site-background'><div class='av-inner-masonry-content-pos'><div class='av-inner-masonry-content-pos-content'><div class='avia-arrow'><\/div><h3 class='av-masonry-entry-title entry-title '  itemprop=\"headline\" >Otteluraportti 17.12. GrIFK vs Dicken<\/h3><span class='av-masonry-date meta-color updated'>18.12.2025<\/span><span class=\"av-masonry-text-sep text-sep-author\">\/<\/span><span class='av-masonry-author meta-color author'><span class='fn'>by Ellen<\/span><\/span><\/div><\/div><\/figcaption><\/figure><\/a><!--end av-masonry entry--><a href=\"https:\/\/grifk-handball.com\/naiset\/kausi-2025-26\/ottelut-2025-26\/17-12-grifk-vs-dicken-32-22-17-9\/\"  id='av-masonry-1-item-13745' data-av-masonry-item='13745' class='av-masonry-entry isotope-item post-13745 post type-post status-publish format-standard has-post-thumbnail hentry category-kausi-2025-26 category-ottelut-2025-26 category-uutiset tag-aktialiga tag-aktialiiga tag-damernas-aktialiga tag-grifkdamer tag-grifkhandball tag-naisten-aktialiiga all_sort kausi-2025-26_sort  ottelut-2025-26_sort  uutiset_sort  av-masonry-item-with-image' title=\"GB7A0887(1)\"   itemscope=\"itemscope\" itemtype=\"https:\/\/schema.org\/CreativeWork\" ><div class='av-inner-masonry-sizer'><\/div><figure class='av-inner-masonry main_color'><div class=\"av-masonry-outerimage-container\"><div class='av-masonry-image-container' style=\"background-image: url(https:\/\/grifk-handball.com\/naiset\/wp-content\/uploads\/sites\/3\/2025\/12\/GB7A08871-705x470.jpg);\"  title=\"GB7A0887(1)\" ><\/div><\/div><figcaption class='av-inner-masonry-content site-background'><div class='av-inner-masonry-content-pos'><div class='av-inner-masonry-content-pos-content'><div class='avia-arrow'><\/div><h3 class='av-masonry-entry-title entry-title '  itemprop=\"headline\" >17.12. GrIFK vs Dicken 32\u201322 (17\u20139)<\/h3><span class='av-masonry-date meta-color updated'>18.12.2025<\/span><span class=\"av-masonry-text-sep text-sep-author\">\/<\/span><span class='av-masonry-author meta-color author'><span class='fn'>by Ellen<\/span><\/span><\/div><\/div><\/figcaption><\/figure><\/a><!--end av-masonry entry--><a href=\"https:\/\/grifk-handball.com\/naiset\/kausi-2025-26\/ennakot-2025-26\/hemmamatch-17-12-2025-18-00-grifk-vs-dicken\/\"  id='av-masonry-1-item-13741' data-av-masonry-item='13741' class='av-masonry-entry isotope-item post-13741 post type-post status-publish format-standard has-post-thumbnail hentry category-ennakot-2025-26 category-uutiset tag-aktialiga tag-aktialiiga tag-damernas-aktialiga tag-grifkdamer tag-grifkhandball tag-naisten-aktialiiga tag-otteluennakko tag-trine-bjorkqvist tag-runkosarja all_sort ennakot-2025-26_sort  uutiset_sort  av-masonry-item-with-image' title=\"Trinen ennakko\"   itemscope=\"itemscope\" itemtype=\"https:\/\/schema.org\/CreativeWork\" ><div class='av-inner-masonry-sizer'><\/div><figure class='av-inner-masonry main_color'><div class=\"av-masonry-outerimage-container\"><div class='av-masonry-image-container' style=\"background-image: url(https:\/\/grifk-handball.com\/naiset\/wp-content\/uploads\/sites\/3\/2025\/12\/Trinen-ennakko-705x470.png);\"  title=\"Trinen ennakko\" ><\/div><\/div><figcaption class='av-inner-masonry-content site-background'><div class='av-inner-masonry-content-pos'><div class='av-inner-masonry-content-pos-content'><div class='avia-arrow'><\/div><h3 class='av-masonry-entry-title entry-title '  itemprop=\"headline\" >Hemmamatch 17.12.2025 * 18.00 GrIFK vs Dicken<\/h3><span class='av-masonry-date meta-color updated'>16.12.2025<\/span><span class=\"av-masonry-text-sep text-sep-author\">\/<\/span><span class='av-masonry-author meta-color author'><span class='fn'>by Ellen<\/span><\/span><\/div><\/div><\/figcaption><\/figure><\/a><!--end av-masonry entry--><a href=\"https:\/\/grifk-handball.com\/naiset\/kausi-2025-26\/ennakot-2025-26\/kotiottelu-17-12-2025-18-00-grifk-vs-dicken\/\"  id='av-masonry-1-item-13740' data-av-masonry-item='13740' class='av-masonry-entry isotope-item post-13740 post type-post status-publish format-standard has-post-thumbnail hentry category-ennakot-2025-26 category-uutiset tag-aktialiga tag-aktialiiga tag-damernas-aktialiga tag-grifkdamer tag-grifkhandball tag-naisten-aktialiiga tag-otteluennakko tag-trine-bjorkqvist tag-runkosarja all_sort ennakot-2025-26_sort  uutiset_sort  av-masonry-item-with-image' title=\"Trinen ennakko\"   itemscope=\"itemscope\" itemtype=\"https:\/\/schema.org\/CreativeWork\" ><div class='av-inner-masonry-sizer'><\/div><figure class='av-inner-masonry main_color'><div class=\"av-masonry-outerimage-container\"><div class='av-masonry-image-container' style=\"background-image: url(https:\/\/grifk-handball.com\/naiset\/wp-content\/uploads\/sites\/3\/2025\/12\/Trinen-ennakko-705x470.png);\"  title=\"Trinen ennakko\" ><\/div><\/div><figcaption class='av-inner-masonry-content site-background'><div class='av-inner-masonry-content-pos'><div class='av-inner-masonry-content-pos-content'><div class='avia-arrow'><\/div><h3 class='av-masonry-entry-title entry-title '  itemprop=\"headline\" >Kotiottelu 17.12.2025 * 18.00 GrIFK vs Dicken<\/h3><span class='av-masonry-date meta-color updated'>16.12.2025<\/span><span class=\"av-masonry-text-sep text-sep-author\">\/<\/span><span class='av-masonry-author meta-color author'><span class='fn'>by Ellen<\/span><\/span><\/div><\/div><\/figcaption><\/figure><\/a><!--end av-masonry entry--><a href=\"https:\/\/grifk-handball.com\/naiset\/kausi-2025-26\/ottelut-2025-26\/matchrapport-13-12-grifk-vs-sif\/\"  id='av-masonry-1-item-13735' data-av-masonry-item='13735' class='av-masonry-entry isotope-item post-13735 post type-post status-publish format-standard has-post-thumbnail hentry category-kausi-2025-26 category-otteluraportit-2025-226 category-ottelut-2025-26 category-uutiset tag-aktialiga tag-aktialiiga tag-damernas-aktialiga tag-grifkdamer tag-grifkhandball tag-lovisa-von-knorring tag-naisten-aktialiiga tag-matchrapport all_sort kausi-2025-26_sort  otteluraportit-2025-226_sort  ottelut-2025-26_sort  uutiset_sort  av-masonry-item-with-image' title=\"GB7A2819\"   itemscope=\"itemscope\" itemtype=\"https:\/\/schema.org\/CreativeWork\" ><div class='av-inner-masonry-sizer'><\/div><figure class='av-inner-masonry main_color'><div class=\"av-masonry-outerimage-container\"><div class='av-masonry-image-container' style=\"background-image: url(https:\/\/grifk-handball.com\/naiset\/wp-content\/uploads\/sites\/3\/2025\/12\/GB7A2819-705x470.jpg);\"  title=\"GB7A2819\" ><\/div><\/div><figcaption class='av-inner-masonry-content site-background'><div class='av-inner-masonry-content-pos'><div class='av-inner-masonry-content-pos-content'><div class='avia-arrow'><\/div><h3 class='av-masonry-entry-title entry-title '  itemprop=\"headline\" >Matchrapport 13.12 GrIFK vs SIF<\/h3><span class='av-masonry-date meta-color updated'>16.12.2025<\/span><span class=\"av-masonry-text-sep text-sep-author\">\/<\/span><span class='av-masonry-author meta-color author'><span class='fn'>by Ellen<\/span><\/span><\/div><\/div><\/figcaption><\/figure><\/a><!--end av-masonry entry--><a href=\"https:\/\/grifk-handball.com\/naiset\/kausi-2025-26\/ottelut-2025-26\/otteluraportti-13-12-grifk-vs-sif\/\"  id='av-masonry-1-item-13734' data-av-masonry-item='13734' class='av-masonry-entry isotope-item post-13734 post type-post status-publish format-standard has-post-thumbnail hentry category-kausi-2025-26 category-otteluraportit-2025-226 category-ottelut-2025-26 category-uutiset tag-aktialiga tag-aktialiiga tag-damernas-aktialiga tag-grifkdamer tag-grifkhandball tag-lovisa-von-knorring tag-naisten-aktialiiga tag-otteluraportti all_sort kausi-2025-26_sort  otteluraportit-2025-226_sort  ottelut-2025-26_sort  uutiset_sort  av-masonry-item-with-image' title=\"GB7A2819\"   itemscope=\"itemscope\" itemtype=\"https:\/\/schema.org\/CreativeWork\" ><div class='av-inner-masonry-sizer'><\/div><figure class='av-inner-masonry main_color'><div class=\"av-masonry-outerimage-container\"><div class='av-masonry-image-container' style=\"background-image: url(https:\/\/grifk-handball.com\/naiset\/wp-content\/uploads\/sites\/3\/2025\/12\/GB7A2819-705x470.jpg);\"  title=\"GB7A2819\" ><\/div><\/div><figcaption class='av-inner-masonry-content site-background'><div class='av-inner-masonry-content-pos'><div class='av-inner-masonry-content-pos-content'><div class='avia-arrow'><\/div><h3 class='av-masonry-entry-title entry-title '  itemprop=\"headline\" >Otteluraportti 13.12. GrIFK vs SIF<\/h3><span class='av-masonry-date meta-color updated'>16.12.2025<\/span><span class=\"av-masonry-text-sep text-sep-author\">\/<\/span><span class='av-masonry-author meta-color author'><span class='fn'>by Ellen<\/span><\/span><\/div><\/div><\/figcaption><\/figure><\/a><!--end av-masonry entry--><a href=\"https:\/\/grifk-handball.com\/naiset\/kausi-2025-26\/ottelut-2025-26\/13-12-grifk-vs-sif-40-17-18-7\/\"  id='av-masonry-1-item-13730' data-av-masonry-item='13730' class='av-masonry-entry isotope-item post-13730 post type-post status-publish format-standard has-post-thumbnail hentry category-kausi-2025-26 category-ottelut-2025-26 category-uutiset tag-aktialiga tag-aktialiiga tag-damernas-aktialiga tag-grifkdamer tag-grifkhandball tag-naisten-aktialiiga all_sort kausi-2025-26_sort  ottelut-2025-26_sort  uutiset_sort  av-masonry-item-with-image' title=\"GB7A6874\"   itemscope=\"itemscope\" itemtype=\"https:\/\/schema.org\/CreativeWork\" ><div class='av-inner-masonry-sizer'><\/div><figure class='av-inner-masonry main_color'><div class=\"av-masonry-outerimage-container\"><div class='av-masonry-image-container' style=\"background-image: url(https:\/\/grifk-handball.com\/naiset\/wp-content\/uploads\/sites\/3\/2025\/12\/GB7A6874-705x471.jpg);\"  title=\"GB7A6874\" ><\/div><\/div><figcaption class='av-inner-masonry-content site-background'><div class='av-inner-masonry-content-pos'><div class='av-inner-masonry-content-pos-content'><div class='avia-arrow'><\/div><h3 class='av-masonry-entry-title entry-title '  itemprop=\"headline\" >13.12. GrIFK vs SIF 40\u201317 (18\u20137)<\/h3><span class='av-masonry-date meta-color updated'>15.12.2025<\/span><span class=\"av-masonry-text-sep text-sep-author\">\/<\/span><span class='av-masonry-author meta-color author'><span class='fn'>by Ellen<\/span><\/span><\/div><\/div><\/figcaption><\/figure><\/a><!--end av-masonry entry--><a href=\"https:\/\/grifk-handball.com\/naiset\/kausi-2025-26\/ennakot-2025-26\/hemmamatch-13-12-2025-13-30-grifk-vs-sif\/\"  id='av-masonry-1-item-13727' data-av-masonry-item='13727' class='av-masonry-entry isotope-item post-13727 post type-post status-publish format-standard has-post-thumbnail hentry category-ennakot-2025-26 category-uutiset tag-aktialiga tag-aktialiiga tag-damernas-aktialiga tag-grifkdamer tag-grifkhandball tag-lovisa-von-knorring tag-naisten-aktialiiga tag-otteluennakko tag-runkosarja all_sort ennakot-2025-26_sort  uutiset_sort  av-masonry-item-with-image' title=\"GB7A0936(1)\"   itemscope=\"itemscope\" itemtype=\"https:\/\/schema.org\/CreativeWork\" ><div class='av-inner-masonry-sizer'><\/div><figure class='av-inner-masonry main_color'><div class=\"av-masonry-outerimage-container\"><div class='av-masonry-image-container' style=\"background-image: url(https:\/\/grifk-handball.com\/naiset\/wp-content\/uploads\/sites\/3\/2025\/12\/GB7A09361-705x470.jpg);\"  title=\"GB7A0936(1)\" ><\/div><\/div><figcaption class='av-inner-masonry-content site-background'><div class='av-inner-masonry-content-pos'><div class='av-inner-masonry-content-pos-content'><div class='avia-arrow'><\/div><h3 class='av-masonry-entry-title entry-title '  itemprop=\"headline\" >Hemmamatch 13.12.2025 * 13.30 GrIFK vs SIF<\/h3><span class='av-masonry-date meta-color updated'>13.12.2025<\/span><span class=\"av-masonry-text-sep text-sep-author\">\/<\/span><span class='av-masonry-author meta-color author'><span class='fn'>by Ellen<\/span><\/span><\/div><\/div><\/figcaption><\/figure><\/a><!--end av-masonry entry--><a href=\"https:\/\/grifk-handball.com\/naiset\/kausi-2025-26\/ennakot-2025-26\/kotiottelu-13-12-2025-13-30-grifk-vs-sif\/\"  id='av-masonry-1-item-13723' data-av-masonry-item='13723' class='av-masonry-entry isotope-item post-13723 post type-post status-publish format-standard has-post-thumbnail hentry category-ennakot-2025-26 category-uutiset tag-aktialiga tag-aktialiiga tag-damernas-aktialiga tag-grifkdamer tag-grifkhandball tag-lovisa-von-knorring tag-naisten-aktialiiga tag-otteluennakko tag-runkosarja all_sort ennakot-2025-26_sort  uutiset_sort  av-masonry-item-with-image' title=\"GB7A0936(1)\"   itemscope=\"itemscope\" itemtype=\"https:\/\/schema.org\/CreativeWork\" ><div class='av-inner-masonry-sizer'><\/div><figure class='av-inner-masonry main_color'><div class=\"av-masonry-outerimage-container\"><div class='av-masonry-image-container' style=\"background-image: url(https:\/\/grifk-handball.com\/naiset\/wp-content\/uploads\/sites\/3\/2025\/12\/GB7A09361-705x470.jpg);\"  title=\"GB7A0936(1)\" ><\/div><\/div><figcaption class='av-inner-masonry-content site-background'><div class='av-inner-masonry-content-pos'><div class='av-inner-masonry-content-pos-content'><div class='avia-arrow'><\/div><h3 class='av-masonry-entry-title entry-title '  itemprop=\"headline\" >Kotiottelu 13.12.2025 * 13.30 GrIFK vs SIF<\/h3><span class='av-masonry-date meta-color updated'>13.12.2025<\/span><span class=\"av-masonry-text-sep text-sep-author\">\/<\/span><span class='av-masonry-author meta-color author'><span class='fn'>by Ellen<\/span><\/span><\/div><\/div><\/figcaption><\/figure><\/a><!--end av-masonry entry--><a href=\"https:\/\/grifk-handball.com\/naiset\/kausi-2025-26\/ottelut-2025-26\/matchrapport-10-12-grifk-vs-bk-46\/\"  id='av-masonry-1-item-13720' data-av-masonry-item='13720' class='av-masonry-entry isotope-item post-13720 post type-post status-publish format-standard has-post-thumbnail hentry category-kausi-2025-26 category-otteluraportit-2025-226 category-ottelut-2025-26 category-uutiset tag-aktialiga tag-aktialiiga tag-alexandra-olsson tag-damernas-aktialiga tag-grifkdamer tag-grifkhandball tag-naisten-aktialiiga tag-matchrapport all_sort kausi-2025-26_sort  otteluraportit-2025-226_sort  ottelut-2025-26_sort  uutiset_sort  av-masonry-item-with-image' title=\"2I1A1707\"   itemscope=\"itemscope\" itemtype=\"https:\/\/schema.org\/CreativeWork\" ><div class='av-inner-masonry-sizer'><\/div><figure class='av-inner-masonry main_color'><div class=\"av-masonry-outerimage-container\"><div class='av-masonry-image-container' style=\"background-image: url(https:\/\/grifk-handball.com\/naiset\/wp-content\/uploads\/sites\/3\/2025\/12\/2I1A1707-705x470.jpg);\"  title=\"2I1A1707\" ><\/div><\/div><figcaption class='av-inner-masonry-content site-background'><div class='av-inner-masonry-content-pos'><div class='av-inner-masonry-content-pos-content'><div class='avia-arrow'><\/div><h3 class='av-masonry-entry-title entry-title '  itemprop=\"headline\" >Matchrapport 10.12 GrIFK vs BK-46<\/h3><span class='av-masonry-date meta-color updated'>13.12.2025<\/span><span class=\"av-masonry-text-sep text-sep-author\">\/<\/span><span class='av-masonry-author meta-color author'><span class='fn'>by Ellen<\/span><\/span><\/div><\/div><\/figcaption><\/figure><\/a><!--end av-masonry entry--><a href=\"https:\/\/grifk-handball.com\/naiset\/kausi-2025-26\/ottelut-2025-26\/otteluraportti-10-12-grifk-vs-bk-46\/\"  id='av-masonry-1-item-13717' data-av-masonry-item='13717' class='av-masonry-entry isotope-item post-13717 post type-post status-publish format-standard has-post-thumbnail hentry category-kausi-2025-26 category-otteluraportit-2025-226 category-ottelut-2025-26 category-uutiset tag-aktialiga tag-aktialiiga tag-alexandra-olsson tag-damernas-aktialiga tag-grifkdamer tag-grifkhandball tag-naisten-aktialiiga tag-otteluraportti all_sort kausi-2025-26_sort  otteluraportit-2025-226_sort  ottelut-2025-26_sort  uutiset_sort  av-masonry-item-with-image' title=\"2I1A1707\"   itemscope=\"itemscope\" itemtype=\"https:\/\/schema.org\/CreativeWork\" ><div class='av-inner-masonry-sizer'><\/div><figure class='av-inner-masonry main_color'><div class=\"av-masonry-outerimage-container\"><div class='av-masonry-image-container' style=\"background-image: url(https:\/\/grifk-handball.com\/naiset\/wp-content\/uploads\/sites\/3\/2025\/12\/2I1A1707-705x470.jpg);\"  title=\"2I1A1707\" ><\/div><\/div><figcaption class='av-inner-masonry-content site-background'><div class='av-inner-masonry-content-pos'><div class='av-inner-masonry-content-pos-content'><div class='avia-arrow'><\/div><h3 class='av-masonry-entry-title entry-title '  itemprop=\"headline\" >Otteluraportti 10.12. GrIFK vs BK-46<\/h3><span class='av-masonry-date meta-color updated'>13.12.2025<\/span><span class=\"av-masonry-text-sep text-sep-author\">\/<\/span><span class='av-masonry-author meta-color author'><span class='fn'>by Ellen<\/span><\/span><\/div><\/div><\/figcaption><\/figure><\/a><!--end av-masonry entry--><a href=\"https:\/\/grifk-handball.com\/naiset\/kausi-2025-26\/ottelut-2025-26\/10-12-grifk-vs-bk-46-37-34-17-11\/\"  id='av-masonry-1-item-13707' data-av-masonry-item='13707' class='av-masonry-entry isotope-item post-13707 post type-post status-publish format-standard has-post-thumbnail hentry category-kausi-2025-26 category-ottelut-2025-26 category-uutiset tag-aktialiga tag-aktialiiga tag-damernas-aktialiga tag-grifkdamer tag-grifkhandball tag-naisten-aktialiiga all_sort kausi-2025-26_sort  ottelut-2025-26_sort  uutiset_sort  av-masonry-item-with-image' title=\"2I1A1522\"   itemscope=\"itemscope\" itemtype=\"https:\/\/schema.org\/CreativeWork\" ><div class='av-inner-masonry-sizer'><\/div><figure class='av-inner-masonry main_color'><div class=\"av-masonry-outerimage-container\"><div class='av-masonry-image-container' style=\"background-image: url(https:\/\/grifk-handball.com\/naiset\/wp-content\/uploads\/sites\/3\/2025\/12\/2I1A1522-705x484.jpg);\"  title=\"2I1A1522\" ><\/div><\/div><figcaption class='av-inner-masonry-content site-background'><div class='av-inner-masonry-content-pos'><div class='av-inner-masonry-content-pos-content'><div class='avia-arrow'><\/div><h3 class='av-masonry-entry-title entry-title '  itemprop=\"headline\" >10.12. GrIFK vs BK-46 37\u201334 (17\u201311)<\/h3><span class='av-masonry-date meta-color updated'>12.12.2025<\/span><span class=\"av-masonry-text-sep text-sep-author\">\/<\/span><span class='av-masonry-author meta-color author'><span class='fn'>by Ellen<\/span><\/span><\/div><\/div><\/figcaption><\/figure><\/a><!--end av-masonry entry--><a href=\"https:\/\/grifk-handball.com\/naiset\/kausi-2025-26\/ennakot-2025-26\/hemmamatch-10-12-2025-19-00-grifk-vs-bk-46\/\"  id='av-masonry-1-item-13698' data-av-masonry-item='13698' class='av-masonry-entry isotope-item post-13698 post type-post status-publish format-standard has-post-thumbnail hentry category-ennakot-2025-26 category-uutiset tag-aktialiga tag-aktialiiga tag-alexandra-olsson tag-damernas-aktialiga tag-grifkdamer tag-grifkhandball tag-naisten-aktialiiga tag-otteluennakko tag-runkosarja all_sort ennakot-2025-26_sort  uutiset_sort  av-masonry-item-with-image' title=\"Alexandra ennakko\"   itemscope=\"itemscope\" itemtype=\"https:\/\/schema.org\/CreativeWork\" ><div class='av-inner-masonry-sizer'><\/div><figure class='av-inner-masonry main_color'><div class=\"av-masonry-outerimage-container\"><div class='av-masonry-image-container' style=\"background-image: url(https:\/\/grifk-handball.com\/naiset\/wp-content\/uploads\/sites\/3\/2025\/12\/Alexandra-ennakko-705x470.png);\"  title=\"Alexandra ennakko\" ><\/div><\/div><figcaption class='av-inner-masonry-content site-background'><div class='av-inner-masonry-content-pos'><div class='av-inner-masonry-content-pos-content'><div class='avia-arrow'><\/div><h3 class='av-masonry-entry-title entry-title '  itemprop=\"headline\" >Hemmamatch 10.12.2025 * 19.00 GrIFK vs BK-46<\/h3><span class='av-masonry-date meta-color updated'>10.12.2025<\/span><span class=\"av-masonry-text-sep text-sep-author\">\/<\/span><span class='av-masonry-author meta-color author'><span class='fn'>by Ellen<\/span><\/span><\/div><\/div><\/figcaption><\/figure><\/a><!--end av-masonry entry--><a href=\"https:\/\/grifk-handball.com\/naiset\/kausi-2025-26\/ennakot-2025-26\/kotiottelu-10-12-2025-19-00-grifk-vs-bk-46\/\"  id='av-masonry-1-item-13696' data-av-masonry-item='13696' class='av-masonry-entry isotope-item post-13696 post type-post status-publish format-standard has-post-thumbnail hentry category-ennakot-2025-26 category-uutiset tag-aktialiga tag-aktialiiga tag-alexandra-olsson tag-damernas-aktialiga tag-grifkdamer tag-grifkhandball tag-naisten-aktialiiga tag-otteluennakko tag-runkosarja all_sort ennakot-2025-26_sort  uutiset_sort  av-masonry-item-with-image' title=\"Alexandra ennakko\"   itemscope=\"itemscope\" itemtype=\"https:\/\/schema.org\/CreativeWork\" ><div class='av-inner-masonry-sizer'><\/div><figure class='av-inner-masonry main_color'><div class=\"av-masonry-outerimage-container\"><div class='av-masonry-image-container' style=\"background-image: url(https:\/\/grifk-handball.com\/naiset\/wp-content\/uploads\/sites\/3\/2025\/12\/Alexandra-ennakko-705x470.png);\"  title=\"Alexandra ennakko\" ><\/div><\/div><figcaption class='av-inner-masonry-content site-background'><div class='av-inner-masonry-content-pos'><div class='av-inner-masonry-content-pos-content'><div class='avia-arrow'><\/div><h3 class='av-masonry-entry-title entry-title '  itemprop=\"headline\" >Kotiottelu 10.12.2025 * 19.00 GrIFK vs BK-46<\/h3><span class='av-masonry-date meta-color updated'>10.12.2025<\/span><span class=\"av-masonry-text-sep text-sep-author\">\/<\/span><span class='av-masonry-author meta-color author'><span class='fn'>by Ellen<\/span><\/span><\/div><\/div><\/figcaption><\/figure><\/a><!--end av-masonry entry--><a href=\"https:\/\/grifk-handball.com\/naiset\/kausi-2025-26\/ennakot-2025-26\/bortamatch-29-11-2025-15-00-hifk-vs-grifk\/\"  id='av-masonry-1-item-13677' data-av-masonry-item='13677' class='av-masonry-entry isotope-item post-13677 post type-post status-publish format-standard has-post-thumbnail hentry category-ennakot-2025-26 category-uutiset tag-aktialiga tag-aktialiiga tag-damernas-aktialiga tag-grifkdamer tag-grifkhandball tag-naisten-aktialiiga tag-otteluennakko tag-unni-laaksonen tag-runkosarja all_sort ennakot-2025-26_sort  uutiset_sort  av-masonry-item-with-image' title=\"Unni ennakko\"   itemscope=\"itemscope\" itemtype=\"https:\/\/schema.org\/CreativeWork\" ><div class='av-inner-masonry-sizer'><\/div><figure class='av-inner-masonry main_color'><div class=\"av-masonry-outerimage-container\"><div class='av-masonry-image-container' style=\"background-image: url(https:\/\/grifk-handball.com\/naiset\/wp-content\/uploads\/sites\/3\/2025\/11\/Unni-ennakko-705x470.png);\"  title=\"Unni ennakko\" ><\/div><\/div><figcaption class='av-inner-masonry-content site-background'><div class='av-inner-masonry-content-pos'><div class='av-inner-masonry-content-pos-content'><div class='avia-arrow'><\/div><h3 class='av-masonry-entry-title entry-title '  itemprop=\"headline\" >Bortamatch 29.11.2025 * 15.00 HIFK vs GrIFK<\/h3><span class='av-masonry-date meta-color updated'>28.11.2025<\/span><span class=\"av-masonry-text-sep text-sep-author\">\/<\/span><span class='av-masonry-author meta-color author'><span class='fn'>by Ellen<\/span><\/span><\/div><\/div><\/figcaption><\/figure><\/a><!--end av-masonry entry--><a href=\"https:\/\/grifk-handball.com\/naiset\/kausi-2025-26\/ennakot-2025-26\/vierasottelu-29-11-2025-15-00-hifk-vs-grifk\/\"  id='av-masonry-1-item-13674' data-av-masonry-item='13674' class='av-masonry-entry isotope-item post-13674 post type-post status-publish format-standard has-post-thumbnail hentry category-ennakot-2025-26 category-uutiset tag-aktialiga tag-aktialiiga tag-damernas-aktialiga tag-grifkdamer tag-grifkhandball tag-naisten-aktialiiga tag-otteluennakko tag-unni-laaksonen tag-runkosarja all_sort ennakot-2025-26_sort  uutiset_sort  av-masonry-item-with-image' title=\"Unni ennakko\"   itemscope=\"itemscope\" itemtype=\"https:\/\/schema.org\/CreativeWork\" ><div class='av-inner-masonry-sizer'><\/div><figure class='av-inner-masonry main_color'><div class=\"av-masonry-outerimage-container\"><div class='av-masonry-image-container' style=\"background-image: url(https:\/\/grifk-handball.com\/naiset\/wp-content\/uploads\/sites\/3\/2025\/11\/Unni-ennakko-705x470.png);\"  title=\"Unni ennakko\" ><\/div><\/div><figcaption class='av-inner-masonry-content site-background'><div class='av-inner-masonry-content-pos'><div class='av-inner-masonry-content-pos-content'><div class='avia-arrow'><\/div><h3 class='av-masonry-entry-title entry-title '  itemprop=\"headline\" >Vierasottelu 29.11.2025 * 15.00 HIFK vs GrIFK<\/h3><span class='av-masonry-date meta-color updated'>28.11.2025<\/span><span class=\"av-masonry-text-sep text-sep-author\">\/<\/span><span class='av-masonry-author meta-color author'><span class='fn'>by Ellen<\/span><\/span><\/div><\/div><\/figcaption><\/figure><\/a><!--end av-masonry entry--><a href=\"https:\/\/grifk-handball.com\/naiset\/kausi-2025-26\/ottelut-2025-26\/matchrapport-15-11-cocks-vs-grifk\/\"  id='av-masonry-1-item-13664' data-av-masonry-item='13664' class='av-masonry-entry isotope-item post-13664 post type-post status-publish format-standard has-post-thumbnail hentry category-kausi-2025-26 category-otteluraportit-2025-226 category-ottelut-2025-26 category-uutiset tag-aktialiga tag-aktialiiga tag-annika-mustonen tag-damernas-aktialiga tag-grifkdamer tag-grifkhandball tag-naisten-aktialiiga tag-matchrapport all_sort kausi-2025-26_sort  otteluraportit-2025-226_sort  ottelut-2025-26_sort  uutiset_sort  av-masonry-item-with-image' title=\"GB7A1019\"   itemscope=\"itemscope\" itemtype=\"https:\/\/schema.org\/CreativeWork\" ><div class='av-inner-masonry-sizer'><\/div><figure class='av-inner-masonry main_color'><div class=\"av-masonry-outerimage-container\"><div class='av-masonry-image-container' style=\"background-image: url(https:\/\/grifk-handball.com\/naiset\/wp-content\/uploads\/sites\/3\/2025\/11\/GB7A1019-705x470.jpg);\"  title=\"GB7A1019\" ><\/div><\/div><figcaption class='av-inner-masonry-content site-background'><div class='av-inner-masonry-content-pos'><div class='av-inner-masonry-content-pos-content'><div class='avia-arrow'><\/div><h3 class='av-masonry-entry-title entry-title '  itemprop=\"headline\" >Matchrapport 15.11 Cocks vs GrIFK<\/h3><span class='av-masonry-date meta-color updated'>17.11.2025<\/span><span class=\"av-masonry-text-sep text-sep-author\">\/<\/span><span class='av-masonry-author meta-color author'><span class='fn'>by Ellen<\/span><\/span><\/div><\/div><\/figcaption><\/figure><\/a><!--end av-masonry entry--><a href=\"https:\/\/grifk-handball.com\/naiset\/kausi-2025-26\/ottelut-2025-26\/otteluraportti-15-11-cocks-vs-grifk\/\"  id='av-masonry-1-item-13660' data-av-masonry-item='13660' class='av-masonry-entry isotope-item post-13660 post type-post status-publish format-standard has-post-thumbnail hentry category-kausi-2025-26 category-otteluraportit-2025-226 category-ottelut-2025-26 category-uutiset tag-aktialiga tag-aktialiiga tag-annika-mustonen tag-damernas-aktialiga tag-grifkdamer tag-grifkhandball tag-naisten-aktialiiga tag-otteluraportti all_sort kausi-2025-26_sort  otteluraportit-2025-226_sort  ottelut-2025-26_sort  uutiset_sort  av-masonry-item-with-image' title=\"GB7A1019\"   itemscope=\"itemscope\" itemtype=\"https:\/\/schema.org\/CreativeWork\" ><div class='av-inner-masonry-sizer'><\/div><figure class='av-inner-masonry main_color'><div class=\"av-masonry-outerimage-container\"><div class='av-masonry-image-container' style=\"background-image: url(https:\/\/grifk-handball.com\/naiset\/wp-content\/uploads\/sites\/3\/2025\/11\/GB7A1019-705x470.jpg);\"  title=\"GB7A1019\" ><\/div><\/div><figcaption class='av-inner-masonry-content site-background'><div class='av-inner-masonry-content-pos'><div class='av-inner-masonry-content-pos-content'><div class='avia-arrow'><\/div><h3 class='av-masonry-entry-title entry-title '  itemprop=\"headline\" >Otteluraportti 15.11. Cocks vs GrIFK<\/h3><span class='av-masonry-date meta-color updated'>17.11.2025<\/span><span class=\"av-masonry-text-sep text-sep-author\">\/<\/span><span class='av-masonry-author meta-color author'><span class='fn'>by Ellen<\/span><\/span><\/div><\/div><\/figcaption><\/figure><\/a><!--end av-masonry entry--><a href=\"https:\/\/grifk-handball.com\/naiset\/kausi-2025-26\/ottelut-2025-26\/15-11-cocks-vs-grifk-26-32-12-15\/\"  id='av-masonry-1-item-13649' data-av-masonry-item='13649' class='av-masonry-entry isotope-item post-13649 post type-post status-publish format-standard has-post-thumbnail hentry category-kausi-2025-26 category-ottelut-2025-26 category-uutiset tag-aktialiga tag-aktialiiga tag-damernas-aktialiga tag-grifkdamer tag-grifkhandball tag-naisten-aktialiiga all_sort kausi-2025-26_sort  ottelut-2025-26_sort  uutiset_sort  av-masonry-item-with-image' title=\"GB7A6022\"   itemscope=\"itemscope\" itemtype=\"https:\/\/schema.org\/CreativeWork\" ><div class='av-inner-masonry-sizer'><\/div><figure class='av-inner-masonry main_color'><div class=\"av-masonry-outerimage-container\"><div class='av-masonry-image-container' style=\"background-image: url(https:\/\/grifk-handball.com\/naiset\/wp-content\/uploads\/sites\/3\/2025\/11\/GB7A6022-705x470.jpg);\"  title=\"GB7A6022\" ><\/div><\/div><figcaption class='av-inner-masonry-content site-background'><div class='av-inner-masonry-content-pos'><div class='av-inner-masonry-content-pos-content'><div class='avia-arrow'><\/div><h3 class='av-masonry-entry-title entry-title '  itemprop=\"headline\" >15.11. Cocks vs GrIFK 26\u201332 (12\u201315)<\/h3><span class='av-masonry-date meta-color updated'>17.11.2025<\/span><span class=\"av-masonry-text-sep text-sep-author\">\/<\/span><span class='av-masonry-author meta-color author'><span class='fn'>by Ellen<\/span><\/span><\/div><\/div><\/figcaption><\/figure><\/a><!--end av-masonry entry--><a href=\"https:\/\/grifk-handball.com\/naiset\/kausi-2025-26\/ennakot-2025-26\/bortamatch-15-11-2025-18-30-cocks-vs-grifk\/\"  id='av-masonry-1-item-13646' data-av-masonry-item='13646' class='av-masonry-entry isotope-item post-13646 post type-post status-publish format-standard has-post-thumbnail hentry category-ennakot-2025-26 category-uutiset tag-aktialiga tag-aktialiiga tag-annika-mustonen tag-damernas-aktialiga tag-grifkdamer tag-grifkhandball tag-naisten-aktialiiga tag-otteluennakko tag-runkosarja all_sort ennakot-2025-26_sort  uutiset_sort  av-masonry-item-with-image' title=\"_B7A7658\"   itemscope=\"itemscope\" itemtype=\"https:\/\/schema.org\/CreativeWork\" ><div class='av-inner-masonry-sizer'><\/div><figure class='av-inner-masonry main_color'><div class=\"av-masonry-outerimage-container\"><div class='av-masonry-image-container' style=\"background-image: url(https:\/\/grifk-handball.com\/naiset\/wp-content\/uploads\/sites\/3\/2025\/11\/B7A7658-705x470.jpg);\"  title=\"_B7A7658\" ><\/div><\/div><figcaption class='av-inner-masonry-content site-background'><div class='av-inner-masonry-content-pos'><div class='av-inner-masonry-content-pos-content'><div class='avia-arrow'><\/div><h3 class='av-masonry-entry-title entry-title '  itemprop=\"headline\" >Bortamatch 15.11.2025 * 16.00 Cocks vs GrIFK<\/h3><span class='av-masonry-date meta-color updated'>14.11.2025<\/span><span class=\"av-masonry-text-sep text-sep-author\">\/<\/span><span class='av-masonry-author meta-color author'><span class='fn'>by Ellen<\/span><\/span><\/div><\/div><\/figcaption><\/figure><\/a><!--end av-masonry entry--><a href=\"https:\/\/grifk-handball.com\/naiset\/kausi-2025-26\/ennakot-2025-26\/vierasottelu-15-11-2025-16-00-cocks-vs-grifk\/\"  id='av-masonry-1-item-13642' data-av-masonry-item='13642' class='av-masonry-entry isotope-item post-13642 post type-post status-publish format-standard has-post-thumbnail hentry category-ennakot-2025-26 category-uutiset tag-aktialiga tag-aktialiiga tag-annika-mustonen tag-damernas-aktialiga tag-grifkdamer tag-grifkhandball tag-naisten-aktialiiga tag-otteluennakko tag-runkosarja all_sort ennakot-2025-26_sort  uutiset_sort  av-masonry-item-with-image' title=\"_B7A7658\"   itemscope=\"itemscope\" itemtype=\"https:\/\/schema.org\/CreativeWork\" ><div class='av-inner-masonry-sizer'><\/div><figure class='av-inner-masonry main_color'><div class=\"av-masonry-outerimage-container\"><div class='av-masonry-image-container' style=\"background-image: url(https:\/\/grifk-handball.com\/naiset\/wp-content\/uploads\/sites\/3\/2025\/11\/B7A7658-705x470.jpg);\"  title=\"_B7A7658\" ><\/div><\/div><figcaption class='av-inner-masonry-content site-background'><div class='av-inner-masonry-content-pos'><div class='av-inner-masonry-content-pos-content'><div class='avia-arrow'><\/div><h3 class='av-masonry-entry-title entry-title '  itemprop=\"headline\" >Vierasottelu 15.11.2025 * 16.00 Cocks vs GrIFK<\/h3><span class='av-masonry-date meta-color updated'>14.11.2025<\/span><span class=\"av-masonry-text-sep text-sep-author\">\/<\/span><span class='av-masonry-author meta-color author'><span class='fn'>by Ellen<\/span><\/span><\/div><\/div><\/figcaption><\/figure><\/a><!--end av-masonry entry--><a href=\"https:\/\/grifk-handball.com\/naiset\/kausi-2025-26\/ottelut-2025-26\/matchrapport-12-11-bk-46-vs-grifk\/\"  id='av-masonry-1-item-13633' data-av-masonry-item='13633' class='av-masonry-entry isotope-item post-13633 post type-post status-publish format-standard has-post-thumbnail hentry category-kausi-2025-26 category-otteluraportit-2025-226 category-ottelut-2025-26 category-uutiset tag-aktialiga tag-aktialiiga tag-damernas-aktialiga tag-freja-siivonen tag-grifkdamer tag-grifkhandball tag-naisten-aktialiiga tag-matchrapport all_sort kausi-2025-26_sort  otteluraportit-2025-226_sort  ottelut-2025-26_sort  uutiset_sort  av-masonry-item-with-image' title=\"GB7A2677\"   itemscope=\"itemscope\" itemtype=\"https:\/\/schema.org\/CreativeWork\" ><div class='av-inner-masonry-sizer'><\/div><figure class='av-inner-masonry main_color'><div class=\"av-masonry-outerimage-container\"><div class='av-masonry-image-container' style=\"background-image: url(https:\/\/grifk-handball.com\/naiset\/wp-content\/uploads\/sites\/3\/2025\/11\/GB7A2677-705x470.jpg);\"  title=\"GB7A2677\" ><\/div><\/div><figcaption class='av-inner-masonry-content site-background'><div class='av-inner-masonry-content-pos'><div class='av-inner-masonry-content-pos-content'><div class='avia-arrow'><\/div><h3 class='av-masonry-entry-title entry-title '  itemprop=\"headline\" >Matchrapport 12.11 BK-46 vs GrIFK<\/h3><span class='av-masonry-date meta-color updated'>14.11.2025<\/span><span class=\"av-masonry-text-sep text-sep-author\">\/<\/span><span class='av-masonry-author meta-color author'><span class='fn'>by Ellen<\/span><\/span><\/div><\/div><\/figcaption><\/figure><\/a><!--end av-masonry entry--><a href=\"https:\/\/grifk-handball.com\/naiset\/kausi-2025-26\/ottelut-2025-26\/otteluraportti-12-11-bk-46-vs-grifk\/\"  id='av-masonry-1-item-13632' data-av-masonry-item='13632' class='av-masonry-entry isotope-item post-13632 post type-post status-publish format-standard has-post-thumbnail hentry category-kausi-2025-26 category-otteluraportit-2025-226 category-ottelut-2025-26 category-uutiset tag-aktialiga tag-aktialiiga tag-damernas-aktialiga tag-freja-siivonen tag-grifkdamer tag-grifkhandball tag-naisten-aktialiiga tag-otteluraportti all_sort kausi-2025-26_sort  otteluraportit-2025-226_sort  ottelut-2025-26_sort  uutiset_sort  av-masonry-item-with-image' title=\"GB7A2677\"   itemscope=\"itemscope\" itemtype=\"https:\/\/schema.org\/CreativeWork\" ><div class='av-inner-masonry-sizer'><\/div><figure class='av-inner-masonry main_color'><div class=\"av-masonry-outerimage-container\"><div class='av-masonry-image-container' style=\"background-image: url(https:\/\/grifk-handball.com\/naiset\/wp-content\/uploads\/sites\/3\/2025\/11\/GB7A2677-705x470.jpg);\"  title=\"GB7A2677\" ><\/div><\/div><figcaption class='av-inner-masonry-content site-background'><div class='av-inner-masonry-content-pos'><div class='av-inner-masonry-content-pos-content'><div class='avia-arrow'><\/div><h3 class='av-masonry-entry-title entry-title '  itemprop=\"headline\" >Otteluraportti 12.11. BK-46 vs GrIFK<\/h3><span class='av-masonry-date meta-color updated'>14.11.2025<\/span><span class=\"av-masonry-text-sep text-sep-author\">\/<\/span><span class='av-masonry-author meta-color author'><span class='fn'>by Ellen<\/span><\/span><\/div><\/div><\/figcaption><\/figure><\/a><!--end av-masonry entry--><a href=\"https:\/\/grifk-handball.com\/naiset\/kausi-2025-26\/ottelut-2025-26\/12-11-bk-46-vs-grifk-24-27-14-12\/\"  id='av-masonry-1-item-13626' data-av-masonry-item='13626' class='av-masonry-entry isotope-item post-13626 post type-post status-publish format-standard has-post-thumbnail hentry category-kausi-2025-26 category-ottelut-2025-26 category-uutiset tag-aktialiga tag-aktialiiga tag-damernas-aktialiga tag-grifkdamer tag-grifkhandball tag-naisten-aktialiiga all_sort kausi-2025-26_sort  ottelut-2025-26_sort  uutiset_sort  av-masonry-item-with-image' title=\"BK tulos\"   itemscope=\"itemscope\" itemtype=\"https:\/\/schema.org\/CreativeWork\" ><div class='av-inner-masonry-sizer'><\/div><figure class='av-inner-masonry main_color'><div class=\"av-masonry-outerimage-container\"><div class='av-masonry-image-container' style=\"background-image: url(https:\/\/grifk-handball.com\/naiset\/wp-content\/uploads\/sites\/3\/2025\/11\/BK-tulos-705x470.png);\"  title=\"BK tulos\" ><\/div><\/div><figcaption class='av-inner-masonry-content site-background'><div class='av-inner-masonry-content-pos'><div class='av-inner-masonry-content-pos-content'><div class='avia-arrow'><\/div><h3 class='av-masonry-entry-title entry-title '  itemprop=\"headline\" >12.11. BK-46 vs GrIFK 24\u201327 (14\u201312)<\/h3><span class='av-masonry-date meta-color updated'>14.11.2025<\/span><span class=\"av-masonry-text-sep text-sep-author\">\/<\/span><span class='av-masonry-author meta-color author'><span class='fn'>by Ellen<\/span><\/span><\/div><\/div><\/figcaption><\/figure><\/a><!--end av-masonry entry--><a href=\"https:\/\/grifk-handball.com\/naiset\/kausi-2025-26\/ennakot-2025-26\/bortamatch-12-11-2025-18-30-bk-46-vs-grifk\/\"  id='av-masonry-1-item-13617' data-av-masonry-item='13617' class='av-masonry-entry isotope-item post-13617 post type-post status-publish format-standard has-post-thumbnail hentry category-ennakot-2025-26 category-uutiset tag-aktialiga tag-aktialiiga tag-damernas-aktialiga tag-freja-siivonen tag-grifkdamer tag-grifkhandball tag-naisten-aktialiiga tag-otteluennakko tag-runkosarja all_sort ennakot-2025-26_sort  uutiset_sort  av-masonry-item-with-image' title=\"Frejan ennakko\"   itemscope=\"itemscope\" itemtype=\"https:\/\/schema.org\/CreativeWork\" ><div class='av-inner-masonry-sizer'><\/div><figure class='av-inner-masonry main_color'><div class=\"av-masonry-outerimage-container\"><div class='av-masonry-image-container' style=\"background-image: url(https:\/\/grifk-handball.com\/naiset\/wp-content\/uploads\/sites\/3\/2025\/11\/Frejan-ennakko-705x470.png);\"  title=\"Frejan ennakko\" ><\/div><\/div><figcaption class='av-inner-masonry-content site-background'><div class='av-inner-masonry-content-pos'><div class='av-inner-masonry-content-pos-content'><div class='avia-arrow'><\/div><h3 class='av-masonry-entry-title entry-title '  itemprop=\"headline\" >Bortamatch 12.11.2025 * 18.30 BK-46 vs GrIFK<\/h3><span class='av-masonry-date meta-color updated'>12.11.2025<\/span><span class=\"av-masonry-text-sep text-sep-author\">\/<\/span><span class='av-masonry-author meta-color author'><span class='fn'>by Ellen<\/span><\/span><\/div><\/div><\/figcaption><\/figure><\/a><!--end av-masonry entry--><a href=\"https:\/\/grifk-handball.com\/naiset\/kausi-2025-26\/ennakot-2025-26\/vierasottelu-12-11-2025-18-30-bk-46-vs-grifk\/\"  id='av-masonry-1-item-13620' data-av-masonry-item='13620' class='av-masonry-entry isotope-item post-13620 post type-post status-publish format-standard has-post-thumbnail hentry category-ennakot-2025-26 category-uutiset tag-aktialiga tag-aktialiiga tag-damernas-aktialiga tag-freja-siivonen tag-grifkdamer tag-grifkhandball tag-naisten-aktialiiga tag-otteluennakko tag-runkosarja all_sort ennakot-2025-26_sort  uutiset_sort  av-masonry-item-with-image' title=\"Frejan ennakko\"   itemscope=\"itemscope\" itemtype=\"https:\/\/schema.org\/CreativeWork\" ><div class='av-inner-masonry-sizer'><\/div><figure class='av-inner-masonry main_color'><div class=\"av-masonry-outerimage-container\"><div class='av-masonry-image-container' style=\"background-image: url(https:\/\/grifk-handball.com\/naiset\/wp-content\/uploads\/sites\/3\/2025\/11\/Frejan-ennakko-705x470.png);\"  title=\"Frejan ennakko\" ><\/div><\/div><figcaption class='av-inner-masonry-content site-background'><div class='av-inner-masonry-content-pos'><div class='av-inner-masonry-content-pos-content'><div class='avia-arrow'><\/div><h3 class='av-masonry-entry-title entry-title '  itemprop=\"headline\" >Vierasottelu 12.11.2025 * 18.30 BK-46 vs GrIFK<\/h3><span class='av-masonry-date meta-color updated'>12.11.2025<\/span><span class=\"av-masonry-text-sep text-sep-author\">\/<\/span><span class='av-masonry-author meta-color author'><span class='fn'>by Ellen<\/span><\/span><\/div><\/div><\/figcaption><\/figure><\/a><!--end av-masonry entry--><a href=\"https:\/\/grifk-handball.com\/naiset\/kausi-2025-26\/ottelut-2025-26\/matchrapport-8-11-grifk-vs-hifk\/\"  id='av-masonry-1-item-13606' data-av-masonry-item='13606' class='av-masonry-entry isotope-item post-13606 post type-post status-publish format-standard has-post-thumbnail hentry category-kausi-2025-26 category-otteluraportit-2025-226 category-ottelut-2025-26 category-uutiset tag-aktialiga tag-aktialiiga tag-damernas-aktialiga tag-emily-johansson tag-grifkdamer tag-grifkhandball tag-naisten-aktialiiga tag-matchrapport all_sort kausi-2025-26_sort  otteluraportit-2025-226_sort  ottelut-2025-26_sort  uutiset_sort  av-masonry-item-with-image' title=\"GB7A6675\"   itemscope=\"itemscope\" itemtype=\"https:\/\/schema.org\/CreativeWork\" ><div class='av-inner-masonry-sizer'><\/div><figure class='av-inner-masonry main_color'><div class=\"av-masonry-outerimage-container\"><div class='av-masonry-image-container' style=\"background-image: url(https:\/\/grifk-handball.com\/naiset\/wp-content\/uploads\/sites\/3\/2025\/11\/GB7A6675-705x470.jpg);\"  title=\"GB7A6675\" ><\/div><\/div><figcaption class='av-inner-masonry-content site-background'><div class='av-inner-masonry-content-pos'><div class='av-inner-masonry-content-pos-content'><div class='avia-arrow'><\/div><h3 class='av-masonry-entry-title entry-title '  itemprop=\"headline\" >Matchrapport 8.11 GrIFK vs HIFK<\/h3><span class='av-masonry-date meta-color updated'>11.11.2025<\/span><span class=\"av-masonry-text-sep text-sep-author\">\/<\/span><span class='av-masonry-author meta-color author'><span class='fn'>by Ellen<\/span><\/span><\/div><\/div><\/figcaption><\/figure><\/a><!--end av-masonry entry--><a href=\"https:\/\/grifk-handball.com\/naiset\/kausi-2025-26\/ottelut-2025-26\/otteluraportti-8-11-grifk-vs-hifk\/\"  id='av-masonry-1-item-13610' data-av-masonry-item='13610' class='av-masonry-entry isotope-item post-13610 post type-post status-publish format-standard has-post-thumbnail hentry category-kausi-2025-26 category-otteluraportit-2025-226 category-ottelut-2025-26 category-uutiset tag-aktialiga tag-aktialiiga tag-damernas-aktialiga tag-emily-johansson tag-grifkdamer tag-grifkhandball tag-naisten-aktialiiga tag-otteluraportti all_sort kausi-2025-26_sort  otteluraportit-2025-226_sort  ottelut-2025-26_sort  uutiset_sort  av-masonry-item-with-image' title=\"GB7A6675\"   itemscope=\"itemscope\" itemtype=\"https:\/\/schema.org\/CreativeWork\" ><div class='av-inner-masonry-sizer'><\/div><figure class='av-inner-masonry main_color'><div class=\"av-masonry-outerimage-container\"><div class='av-masonry-image-container' style=\"background-image: url(https:\/\/grifk-handball.com\/naiset\/wp-content\/uploads\/sites\/3\/2025\/11\/GB7A6675-705x470.jpg);\"  title=\"GB7A6675\" ><\/div><\/div><figcaption class='av-inner-masonry-content site-background'><div class='av-inner-masonry-content-pos'><div class='av-inner-masonry-content-pos-content'><div class='avia-arrow'><\/div><h3 class='av-masonry-entry-title entry-title '  itemprop=\"headline\" >Otteluraportti 8.11. GrIFK vs HIFK<\/h3><span class='av-masonry-date meta-color updated'>11.11.2025<\/span><span class=\"av-masonry-text-sep text-sep-author\">\/<\/span><span class='av-masonry-author meta-color author'><span class='fn'>by Ellen<\/span><\/span><\/div><\/div><\/figcaption><\/figure><\/a><!--end av-masonry entry--><a href=\"https:\/\/grifk-handball.com\/naiset\/kausi-2025-26\/ottelut-2025-26\/8-11-grifk-vs-hifk-28-19-16-10\/\"  id='av-masonry-1-item-13601' data-av-masonry-item='13601' class='av-masonry-entry isotope-item post-13601 post type-post status-publish format-standard has-post-thumbnail hentry category-kausi-2025-26 category-ottelut-2025-26 category-uutiset tag-aktialiga tag-aktialiiga tag-damernas-aktialiga tag-grifkdamer tag-grifkhandball tag-naisten-aktialiiga all_sort kausi-2025-26_sort  ottelut-2025-26_sort  uutiset_sort  av-masonry-item-with-image' title=\"GB7A6809\"   itemscope=\"itemscope\" itemtype=\"https:\/\/schema.org\/CreativeWork\" ><div class='av-inner-masonry-sizer'><\/div><figure class='av-inner-masonry main_color'><div class=\"av-masonry-outerimage-container\"><div class='av-masonry-image-container' style=\"background-image: url(https:\/\/grifk-handball.com\/naiset\/wp-content\/uploads\/sites\/3\/2025\/11\/GB7A6809-705x470.jpg);\"  title=\"GB7A6809\" ><\/div><\/div><figcaption class='av-inner-masonry-content site-background'><div class='av-inner-masonry-content-pos'><div class='av-inner-masonry-content-pos-content'><div class='avia-arrow'><\/div><h3 class='av-masonry-entry-title entry-title '  itemprop=\"headline\" >8.11. GrIFK vs HIFK 28\u201319 (16\u201310)<\/h3><span class='av-masonry-date meta-color updated'>10.11.2025<\/span><span class=\"av-masonry-text-sep text-sep-author\">\/<\/span><span class='av-masonry-author meta-color author'><span class='fn'>by Ellen<\/span><\/span><\/div><\/div><\/figcaption><\/figure><\/a><!--end av-masonry entry--><a href=\"https:\/\/grifk-handball.com\/naiset\/kausi-2025-26\/ennakot-2025-26\/hemmamatch-8-11-2025-13-30-grifk-vs-hifk\/\"  id='av-masonry-1-item-13592' data-av-masonry-item='13592' class='av-masonry-entry isotope-item post-13592 post type-post status-publish format-standard has-post-thumbnail hentry category-ennakot-2025-26 category-uutiset tag-aktialiga tag-aktialiiga tag-damernas-aktialiga tag-emily-johansson tag-grifkdamer tag-grifkhandball tag-naisten-aktialiiga tag-otteluennakko tag-runkosarja all_sort ennakot-2025-26_sort  uutiset_sort  av-masonry-item-with-image' title=\"_B7A7654\"   itemscope=\"itemscope\" itemtype=\"https:\/\/schema.org\/CreativeWork\" ><div class='av-inner-masonry-sizer'><\/div><figure class='av-inner-masonry main_color'><div class=\"av-masonry-outerimage-container\"><div class='av-masonry-image-container' style=\"background-image: url(https:\/\/grifk-handball.com\/naiset\/wp-content\/uploads\/sites\/3\/2025\/11\/B7A7654-705x470.jpg);\"  title=\"_B7A7654\" ><\/div><\/div><figcaption class='av-inner-masonry-content site-background'><div class='av-inner-masonry-content-pos'><div class='av-inner-masonry-content-pos-content'><div class='avia-arrow'><\/div><h3 class='av-masonry-entry-title entry-title '  itemprop=\"headline\" >Hemmamatch 8.11.2025 * 13.30 GrIFK vs HIFK<\/h3><span class='av-masonry-date meta-color updated'>7.11.2025<\/span><span class=\"av-masonry-text-sep text-sep-author\">\/<\/span><span class='av-masonry-author meta-color author'><span class='fn'>by Ellen<\/span><\/span><\/div><\/div><\/figcaption><\/figure><\/a><!--end av-masonry entry--><a href=\"https:\/\/grifk-handball.com\/naiset\/kausi-2025-26\/ennakot-2025-26\/kotiottelu-8-11-2025-13-30-grifk-vs-hifk\/\"  id='av-masonry-1-item-13586' data-av-masonry-item='13586' class='av-masonry-entry isotope-item post-13586 post type-post status-publish format-standard has-post-thumbnail hentry category-ennakot-2025-26 category-uutiset tag-aktialiga tag-aktialiiga tag-damernas-aktialiga tag-emily-johansson tag-grifkdamer tag-grifkhandball tag-naisten-aktialiiga tag-otteluennakko tag-runkosarja all_sort ennakot-2025-26_sort  uutiset_sort  av-masonry-item-with-image' title=\"_B7A7654\"   itemscope=\"itemscope\" itemtype=\"https:\/\/schema.org\/CreativeWork\" ><div class='av-inner-masonry-sizer'><\/div><figure class='av-inner-masonry main_color'><div class=\"av-masonry-outerimage-container\"><div class='av-masonry-image-container' style=\"background-image: url(https:\/\/grifk-handball.com\/naiset\/wp-content\/uploads\/sites\/3\/2025\/11\/B7A7654-705x470.jpg);\"  title=\"_B7A7654\" ><\/div><\/div><figcaption class='av-inner-masonry-content site-background'><div class='av-inner-masonry-content-pos'><div class='av-inner-masonry-content-pos-content'><div class='avia-arrow'><\/div><h3 class='av-masonry-entry-title entry-title '  itemprop=\"headline\" >Kotiottelu 8.11.2025 * 13.30 GrIFK vs HIFK<\/h3><span class='av-masonry-date meta-color updated'>7.11.2025<\/span><span class=\"av-masonry-text-sep text-sep-author\">\/<\/span><span class='av-masonry-author meta-color author'><span class='fn'>by Ellen<\/span><\/span><\/div><\/div><\/figcaption><\/figure><\/a><!--end av-masonry entry--><a href=\"https:\/\/grifk-handball.com\/naiset\/kausi-2025-26\/ottelut-2025-26\/matchrapport-1-11-grifk-vs-atlas\/\"  id='av-masonry-1-item-13575' data-av-masonry-item='13575' class='av-masonry-entry isotope-item post-13575 post type-post status-publish format-standard has-post-thumbnail hentry category-kausi-2025-26 category-otteluraportit-2025-226 category-ottelut-2025-26 category-uutiset tag-aktialiga tag-aktialiiga tag-amanda-olsson tag-damernas-aktialiga tag-grifkdamer tag-grifkhandball tag-naisten-aktialiiga tag-matchrapport all_sort kausi-2025-26_sort  otteluraportit-2025-226_sort  ottelut-2025-26_sort  uutiset_sort  av-masonry-item-with-image' title=\"GB7A6042\"   itemscope=\"itemscope\" itemtype=\"https:\/\/schema.org\/CreativeWork\" ><div class='av-inner-masonry-sizer'><\/div><figure class='av-inner-masonry main_color'><div class=\"av-masonry-outerimage-container\"><div class='av-masonry-image-container' style=\"background-image: url(https:\/\/grifk-handball.com\/naiset\/wp-content\/uploads\/sites\/3\/2025\/11\/GB7A6042-705x470.jpg);\"  title=\"GB7A6042\" ><\/div><\/div><figcaption class='av-inner-masonry-content site-background'><div class='av-inner-masonry-content-pos'><div class='av-inner-masonry-content-pos-content'><div class='avia-arrow'><\/div><h3 class='av-masonry-entry-title entry-title '  itemprop=\"headline\" >Matchrapport 1.11 GrIFK vs Atlas<\/h3><span class='av-masonry-date meta-color updated'>4.11.2025<\/span><span class=\"av-masonry-text-sep text-sep-author\">\/<\/span><span class='av-masonry-author meta-color author'><span class='fn'>by Ellen<\/span><\/span><\/div><\/div><\/figcaption><\/figure><\/a><!--end av-masonry entry--><a href=\"https:\/\/grifk-handball.com\/naiset\/kausi-2025-26\/ottelut-2025-26\/otteluraportti-1-11-grifk-vs-atlas\/\"  id='av-masonry-1-item-13571' data-av-masonry-item='13571' class='av-masonry-entry isotope-item post-13571 post type-post status-publish format-standard has-post-thumbnail hentry category-kausi-2025-26 category-otteluraportit-2025-226 category-ottelut-2025-26 category-uutiset tag-aktialiga tag-aktialiiga tag-amanda-olsson tag-damernas-aktialiga tag-grifkdamer tag-grifkhandball tag-naisten-aktialiiga tag-otteluraportti all_sort kausi-2025-26_sort  otteluraportit-2025-226_sort  ottelut-2025-26_sort  uutiset_sort  av-masonry-item-with-image' title=\"GB7A6042\"   itemscope=\"itemscope\" itemtype=\"https:\/\/schema.org\/CreativeWork\" ><div class='av-inner-masonry-sizer'><\/div><figure class='av-inner-masonry main_color'><div class=\"av-masonry-outerimage-container\"><div class='av-masonry-image-container' style=\"background-image: url(https:\/\/grifk-handball.com\/naiset\/wp-content\/uploads\/sites\/3\/2025\/11\/GB7A6042-705x470.jpg);\"  title=\"GB7A6042\" ><\/div><\/div><figcaption class='av-inner-masonry-content site-background'><div class='av-inner-masonry-content-pos'><div class='av-inner-masonry-content-pos-content'><div class='avia-arrow'><\/div><h3 class='av-masonry-entry-title entry-title '  itemprop=\"headline\" >Otteluraportti 1.11. GrIFK vs Atlas<\/h3><span class='av-masonry-date meta-color updated'>4.11.2025<\/span><span class=\"av-masonry-text-sep text-sep-author\">\/<\/span><span class='av-masonry-author meta-color author'><span class='fn'>by Ellen<\/span><\/span><\/div><\/div><\/figcaption><\/figure><\/a><!--end av-masonry entry--><a href=\"https:\/\/grifk-handball.com\/naiset\/kausi-2025-26\/ottelut-2025-26\/1-11-grifk-vs-atlas-31-20-16-8\/\"  id='av-masonry-1-item-13566' data-av-masonry-item='13566' class='av-masonry-entry isotope-item post-13566 post type-post status-publish format-standard has-post-thumbnail hentry category-kausi-2025-26 category-ottelut-2025-26 category-uutiset tag-aktialiga tag-aktialiiga tag-damernas-aktialiga tag-grifkdamer tag-grifkhandball tag-naisten-aktialiiga all_sort kausi-2025-26_sort  ottelut-2025-26_sort  uutiset_sort  av-masonry-item-with-image' title=\"GB7A6017\"   itemscope=\"itemscope\" itemtype=\"https:\/\/schema.org\/CreativeWork\" ><div class='av-inner-masonry-sizer'><\/div><figure class='av-inner-masonry main_color'><div class=\"av-masonry-outerimage-container\"><div class='av-masonry-image-container' style=\"background-image: url(https:\/\/grifk-handball.com\/naiset\/wp-content\/uploads\/sites\/3\/2025\/11\/GB7A6017-705x470.jpg);\"  title=\"GB7A6017\" ><\/div><\/div><figcaption class='av-inner-masonry-content site-background'><div class='av-inner-masonry-content-pos'><div class='av-inner-masonry-content-pos-content'><div class='avia-arrow'><\/div><h3 class='av-masonry-entry-title entry-title '  itemprop=\"headline\" >1.11. GrIFK vs Atlas 31\u201320 (16\u20138)<\/h3><span class='av-masonry-date meta-color updated'>3.11.2025<\/span><span class=\"av-masonry-text-sep text-sep-author\">\/<\/span><span class='av-masonry-author meta-color author'><span class='fn'>by Ellen<\/span><\/span><\/div><\/div><\/figcaption><\/figure><\/a><!--end av-masonry entry--><a href=\"https:\/\/grifk-handball.com\/naiset\/kausi-2025-26\/ennakot-2025-26\/hemmamatch-1-11-2025-13-30-grifk-vs-atlas\/\"  id='av-masonry-1-item-13548' data-av-masonry-item='13548' class='av-masonry-entry isotope-item post-13548 post type-post status-publish format-standard has-post-thumbnail hentry category-ennakot-2025-26 category-uutiset tag-aktialiga tag-aktialiiga tag-amanda-olsson tag-damernas-aktialiga tag-grifkdamer tag-grifkhandball tag-naisten-aktialiiga tag-otteluennakko tag-runkosarja all_sort ennakot-2025-26_sort  uutiset_sort  av-masonry-item-with-image' title=\"Aman ennakko\"   itemscope=\"itemscope\" itemtype=\"https:\/\/schema.org\/CreativeWork\" ><div class='av-inner-masonry-sizer'><\/div><figure class='av-inner-masonry main_color'><div class=\"av-masonry-outerimage-container\"><div class='av-masonry-image-container' style=\"background-image: url(https:\/\/grifk-handball.com\/naiset\/wp-content\/uploads\/sites\/3\/2025\/10\/Aman-ennakko-705x470.png);\"  title=\"Aman ennakko\" ><\/div><\/div><figcaption class='av-inner-masonry-content site-background'><div class='av-inner-masonry-content-pos'><div class='av-inner-masonry-content-pos-content'><div class='avia-arrow'><\/div><h3 class='av-masonry-entry-title entry-title '  itemprop=\"headline\" >Hemmamatch 1.11.2025 * 13.30 GrIFK vs Atlas<\/h3><span class='av-masonry-date meta-color updated'>31.10.2025<\/span><span class=\"av-masonry-text-sep text-sep-author\">\/<\/span><span class='av-masonry-author meta-color author'><span class='fn'>by Ellen<\/span><\/span><\/div><\/div><\/figcaption><\/figure><\/a><!--end av-masonry entry--><a href=\"https:\/\/grifk-handball.com\/naiset\/kausi-2025-26\/ennakot-2025-26\/kotiottelu-1-11-2025-13-30-grifk-vs-atlas\/\"  id='av-masonry-1-item-13544' data-av-masonry-item='13544' class='av-masonry-entry isotope-item post-13544 post type-post status-publish format-standard has-post-thumbnail hentry category-ennakot-2025-26 category-uutiset tag-aktialiga tag-aktialiiga tag-amanda-olsson tag-damernas-aktialiga tag-grifkdamer tag-grifkhandball tag-naisten-aktialiiga tag-otteluennakko tag-runkosarja all_sort ennakot-2025-26_sort  uutiset_sort  av-masonry-item-with-image' title=\"Aman ennakko\"   itemscope=\"itemscope\" itemtype=\"https:\/\/schema.org\/CreativeWork\" ><div class='av-inner-masonry-sizer'><\/div><figure class='av-inner-masonry main_color'><div class=\"av-masonry-outerimage-container\"><div class='av-masonry-image-container' style=\"background-image: url(https:\/\/grifk-handball.com\/naiset\/wp-content\/uploads\/sites\/3\/2025\/10\/Aman-ennakko-705x470.png);\"  title=\"Aman ennakko\" ><\/div><\/div><figcaption class='av-inner-masonry-content site-background'><div class='av-inner-masonry-content-pos'><div class='av-inner-masonry-content-pos-content'><div class='avia-arrow'><\/div><h3 class='av-masonry-entry-title entry-title '  itemprop=\"headline\" >Kotiottelu 1.11.2025 * 13.30 GrIFK vs Atlas<\/h3><span class='av-masonry-date meta-color updated'>31.10.2025<\/span><span class=\"av-masonry-text-sep text-sep-author\">\/<\/span><span class='av-masonry-author meta-color author'><span class='fn'>by Ellen<\/span><\/span><\/div><\/div><\/figcaption><\/figure><\/a><!--end av-masonry entry--><a href=\"https:\/\/grifk-handball.com\/naiset\/kausi-2025-26\/ottelut-2025-26\/matchrapport-29-10-grifk-vs-sif\/\"  id='av-masonry-1-item-13560' data-av-masonry-item='13560' class='av-masonry-entry isotope-item post-13560 post type-post status-publish format-standard has-post-thumbnail hentry category-kausi-2025-26 category-otteluraportit-2025-226 category-ottelut-2025-26 category-uutiset tag-aktialiga tag-aktialiiga tag-damernas-aktialiga tag-grifkdamer tag-grifkhandball tag-naisten-aktialiiga tag-sandra-laitinen tag-matchrapport all_sort kausi-2025-26_sort  otteluraportit-2025-226_sort  ottelut-2025-26_sort  uutiset_sort  av-masonry-item-with-image' title=\"GB7A4472\"   itemscope=\"itemscope\" itemtype=\"https:\/\/schema.org\/CreativeWork\" ><div class='av-inner-masonry-sizer'><\/div><figure class='av-inner-masonry main_color'><div class=\"av-masonry-outerimage-container\"><div class='av-masonry-image-container' style=\"background-image: url(https:\/\/grifk-handball.com\/naiset\/wp-content\/uploads\/sites\/3\/2025\/10\/GB7A4472-705x475.jpg);\"  title=\"GB7A4472\" ><\/div><\/div><figcaption class='av-inner-masonry-content site-background'><div class='av-inner-masonry-content-pos'><div class='av-inner-masonry-content-pos-content'><div class='avia-arrow'><\/div><h3 class='av-masonry-entry-title entry-title '  itemprop=\"headline\" >Matchrapport 29.10 GrIFK vs SIF<\/h3><span class='av-masonry-date meta-color updated'>31.10.2025<\/span><span class=\"av-masonry-text-sep text-sep-author\">\/<\/span><span class='av-masonry-author meta-color author'><span class='fn'>by Ellen<\/span><\/span><\/div><\/div><\/figcaption><\/figure><\/a><!--end av-masonry entry--><a href=\"https:\/\/grifk-handball.com\/naiset\/kausi-2025-26\/ottelut-2025-26\/otteluraportti-29-10-grifk-vs-sif\/\"  id='av-masonry-1-item-13555' data-av-masonry-item='13555' class='av-masonry-entry isotope-item post-13555 post type-post status-publish format-standard has-post-thumbnail hentry category-kausi-2025-26 category-otteluraportit-2025-226 category-ottelut-2025-26 category-uutiset tag-aktialiga tag-aktialiiga tag-damernas-aktialiga tag-grifkdamer tag-grifkhandball tag-naisten-aktialiiga tag-otteluraportti tag-sandra-laitinen all_sort kausi-2025-26_sort  otteluraportit-2025-226_sort  ottelut-2025-26_sort  uutiset_sort  av-masonry-item-with-image' title=\"GB7A4472\"   itemscope=\"itemscope\" itemtype=\"https:\/\/schema.org\/CreativeWork\" ><div class='av-inner-masonry-sizer'><\/div><figure class='av-inner-masonry main_color'><div class=\"av-masonry-outerimage-container\"><div class='av-masonry-image-container' style=\"background-image: url(https:\/\/grifk-handball.com\/naiset\/wp-content\/uploads\/sites\/3\/2025\/10\/GB7A4472-705x475.jpg);\"  title=\"GB7A4472\" ><\/div><\/div><figcaption class='av-inner-masonry-content site-background'><div class='av-inner-masonry-content-pos'><div class='av-inner-masonry-content-pos-content'><div class='avia-arrow'><\/div><h3 class='av-masonry-entry-title entry-title '  itemprop=\"headline\" >Otteluraportti 29.10 GrIFK vs SIF<\/h3><span class='av-masonry-date meta-color updated'>31.10.2025<\/span><span class=\"av-masonry-text-sep text-sep-author\">\/<\/span><span class='av-masonry-author meta-color author'><span class='fn'>by Ellen<\/span><\/span><\/div><\/div><\/figcaption><\/figure><\/a><!--end av-masonry entry--><a href=\"https:\/\/grifk-handball.com\/naiset\/kausi-2025-26\/ottelut-2025-26\/29-10-suomen-cup-grifk-vs-sif-38-12-16-5\/\"  id='av-masonry-1-item-13550' data-av-masonry-item='13550' class='av-masonry-entry isotope-item post-13550 post type-post status-publish format-standard has-post-thumbnail hentry category-kausi-2025-26 category-ottelut-2025-26 category-uutiset tag-aktialiga tag-aktialiiga tag-damernas-aktialiga tag-grifkdamer tag-grifkhandball tag-naisten-aktialiiga all_sort kausi-2025-26_sort  ottelut-2025-26_sort  uutiset_sort  av-masonry-item-with-image' title=\"GB7A4395\"   itemscope=\"itemscope\" itemtype=\"https:\/\/schema.org\/CreativeWork\" ><div class='av-inner-masonry-sizer'><\/div><figure class='av-inner-masonry main_color'><div class=\"av-masonry-outerimage-container\"><div class='av-masonry-image-container' style=\"background-image: url(https:\/\/grifk-handball.com\/naiset\/wp-content\/uploads\/sites\/3\/2025\/10\/GB7A4395-705x470.jpg);\"  title=\"GB7A4395\" ><\/div><\/div><figcaption class='av-inner-masonry-content site-background'><div class='av-inner-masonry-content-pos'><div class='av-inner-masonry-content-pos-content'><div class='avia-arrow'><\/div><h3 class='av-masonry-entry-title entry-title '  itemprop=\"headline\" >29.10 Suomen cup: GrIFK vs SIF 38\u201312 (16\u20135)<\/h3><span class='av-masonry-date meta-color updated'>31.10.2025<\/span><span class=\"av-masonry-text-sep text-sep-author\">\/<\/span><span class='av-masonry-author meta-color author'><span class='fn'>by Ellen<\/span><\/span><\/div><\/div><\/figcaption><\/figure><\/a><!--end av-masonry entry--><a href=\"https:\/\/grifk-handball.com\/naiset\/kausi-2025-26\/ennakot-2025-26\/finska-cuppens-hemmamatch-29-10-2025-19-00-grifk-vs-sif\/\"  id='av-masonry-1-item-13537' data-av-masonry-item='13537' class='av-masonry-entry isotope-item post-13537 post type-post status-publish format-standard has-post-thumbnail hentry category-ennakot-2025-26 category-uutiset tag-aktialiga tag-aktialiiga tag-damernas-aktialiga tag-grifkdamer tag-grifkhandball tag-naisten-aktialiiga tag-otteluennakko tag-sandra-laitinen tag-runkosarja all_sort ennakot-2025-26_sort  uutiset_sort  av-masonry-item-with-image' title=\"Sandran ennakko\"   itemscope=\"itemscope\" itemtype=\"https:\/\/schema.org\/CreativeWork\" ><div class='av-inner-masonry-sizer'><\/div><figure class='av-inner-masonry main_color'><div class=\"av-masonry-outerimage-container\"><div class='av-masonry-image-container' style=\"background-image: url(https:\/\/grifk-handball.com\/naiset\/wp-content\/uploads\/sites\/3\/2025\/10\/Sandran-ennakko-705x470.png);\"  title=\"Sandran ennakko\" ><\/div><\/div><figcaption class='av-inner-masonry-content site-background'><div class='av-inner-masonry-content-pos'><div class='av-inner-masonry-content-pos-content'><div class='avia-arrow'><\/div><h3 class='av-masonry-entry-title entry-title '  itemprop=\"headline\" >Finska cuppens hemmamatch 29.10.2025 * 19.00 GrIFK vs SIF<\/h3><span class='av-masonry-date meta-color updated'>29.10.2025<\/span><span class=\"av-masonry-text-sep text-sep-author\">\/<\/span><span class='av-masonry-author meta-color author'><span class='fn'>by Ellen<\/span><\/span><\/div><\/div><\/figcaption><\/figure><\/a><!--end av-masonry entry--><a href=\"https:\/\/grifk-handball.com\/naiset\/kausi-2025-26\/ennakot-2025-26\/suomen-cupin-kotiottelu-25-10-2025-19-00-grifk-vs-sif\/\"  id='av-masonry-1-item-13532' data-av-masonry-item='13532' class='av-masonry-entry isotope-item post-13532 post type-post status-publish format-standard has-post-thumbnail hentry category-ennakot-2025-26 category-uutiset tag-aktialiga tag-aktialiiga tag-damernas-aktialiga tag-grifkdamer tag-grifkhandball tag-naisten-aktialiiga tag-otteluennakko tag-sandra-laitinen tag-runkosarja all_sort ennakot-2025-26_sort  uutiset_sort  av-masonry-item-with-image' title=\"Sandran ennakko\"   itemscope=\"itemscope\" itemtype=\"https:\/\/schema.org\/CreativeWork\" ><div class='av-inner-masonry-sizer'><\/div><figure class='av-inner-masonry main_color'><div class=\"av-masonry-outerimage-container\"><div class='av-masonry-image-container' style=\"background-image: url(https:\/\/grifk-handball.com\/naiset\/wp-content\/uploads\/sites\/3\/2025\/10\/Sandran-ennakko-705x470.png);\"  title=\"Sandran ennakko\" ><\/div><\/div><figcaption class='av-inner-masonry-content site-background'><div class='av-inner-masonry-content-pos'><div class='av-inner-masonry-content-pos-content'><div class='avia-arrow'><\/div><h3 class='av-masonry-entry-title entry-title '  itemprop=\"headline\" >Suomen cupin kotiottelu 25.10.2025 * 19.00 GrIFK vs SIF<\/h3><span class='av-masonry-date meta-color updated'>29.10.2025<\/span><span class=\"av-masonry-text-sep text-sep-author\">\/<\/span><span class='av-masonry-author meta-color author'><span class='fn'>by Ellen<\/span><\/span><\/div><\/div><\/figcaption><\/figure><\/a><!--end av-masonry entry--><a href=\"https:\/\/grifk-handball.com\/naiset\/kausi-2025-26\/ottelut-2025-26\/matchrapport-25-10-dicken-vs-grifk\/\"  id='av-masonry-1-item-13526' data-av-masonry-item='13526' class='av-masonry-entry isotope-item post-13526 post type-post status-publish format-standard has-post-thumbnail hentry category-kausi-2025-26 category-otteluraportit-2025-226 category-ottelut-2025-26 category-uutiset tag-aktialiga tag-aktialiiga tag-alva-eskelin tag-damernas-aktialiga tag-grifkdamer tag-grifkhandball tag-naisten-aktialiiga tag-matchrapport all_sort kausi-2025-26_sort  otteluraportit-2025-226_sort  ottelut-2025-26_sort  uutiset_sort  av-masonry-item-with-image' title=\"GB7A4460\"   itemscope=\"itemscope\" itemtype=\"https:\/\/schema.org\/CreativeWork\" ><div class='av-inner-masonry-sizer'><\/div><figure class='av-inner-masonry main_color'><div class=\"av-masonry-outerimage-container\"><div class='av-masonry-image-container' style=\"background-image: url(https:\/\/grifk-handball.com\/naiset\/wp-content\/uploads\/sites\/3\/2025\/10\/GB7A4460-705x470.jpg);\"  title=\"GB7A4460\" ><\/div><\/div><figcaption class='av-inner-masonry-content site-background'><div class='av-inner-masonry-content-pos'><div class='av-inner-masonry-content-pos-content'><div class='avia-arrow'><\/div><h3 class='av-masonry-entry-title entry-title '  itemprop=\"headline\" >Matchrapport 25.10 Dicken vs GrIFK<\/h3><span class='av-masonry-date meta-color updated'>28.10.2025<\/span><span class=\"av-masonry-text-sep text-sep-author\">\/<\/span><span class='av-masonry-author meta-color author'><span class='fn'>by Ellen<\/span><\/span><\/div><\/div><\/figcaption><\/figure><\/a><!--end av-masonry entry--><a href=\"https:\/\/grifk-handball.com\/naiset\/kausi-2025-26\/ottelut-2025-26\/otteluraportti-25-10-dicken-vs-grifk\/\"  id='av-masonry-1-item-13519' data-av-masonry-item='13519' class='av-masonry-entry isotope-item post-13519 post type-post status-publish format-standard has-post-thumbnail hentry category-kausi-2025-26 category-otteluraportit-2025-226 category-ottelut-2025-26 category-uutiset tag-aktialiga tag-aktialiiga tag-alva-eskelin tag-damernas-aktialiga tag-grifkdamer tag-grifkhandball tag-naisten-aktialiiga tag-otteluraportti all_sort kausi-2025-26_sort  otteluraportit-2025-226_sort  ottelut-2025-26_sort  uutiset_sort  av-masonry-item-with-image' title=\"GB7A4460\"   itemscope=\"itemscope\" itemtype=\"https:\/\/schema.org\/CreativeWork\" ><div class='av-inner-masonry-sizer'><\/div><figure class='av-inner-masonry main_color'><div class=\"av-masonry-outerimage-container\"><div class='av-masonry-image-container' style=\"background-image: url(https:\/\/grifk-handball.com\/naiset\/wp-content\/uploads\/sites\/3\/2025\/10\/GB7A4460-705x470.jpg);\"  title=\"GB7A4460\" ><\/div><\/div><figcaption class='av-inner-masonry-content site-background'><div class='av-inner-masonry-content-pos'><div class='av-inner-masonry-content-pos-content'><div class='avia-arrow'><\/div><h3 class='av-masonry-entry-title entry-title '  itemprop=\"headline\" >Otteluraportti 25.10 Dicken vs GrIFK<\/h3><span class='av-masonry-date meta-color updated'>28.10.2025<\/span><span class=\"av-masonry-text-sep text-sep-author\">\/<\/span><span class='av-masonry-author meta-color author'><span class='fn'>by Ellen<\/span><\/span><\/div><\/div><\/figcaption><\/figure><\/a><!--end av-masonry entry--><a href=\"https:\/\/grifk-handball.com\/naiset\/kausi-2025-26\/ottelut-2025-26\/25-10-dicken-vs-grifk-20-27-10-15\/\"  id='av-masonry-1-item-13515' data-av-masonry-item='13515' class='av-masonry-entry isotope-item post-13515 post type-post status-publish format-standard has-post-thumbnail hentry category-kausi-2025-26 category-ottelut-2025-26 category-uutiset tag-aktialiga tag-aktialiiga tag-damernas-aktialiga tag-grifkdamer tag-grifkhandball tag-naisten-aktialiiga all_sort kausi-2025-26_sort  ottelut-2025-26_sort  uutiset_sort  av-masonry-item-with-image' title=\"Dicken tulos\"   itemscope=\"itemscope\" itemtype=\"https:\/\/schema.org\/CreativeWork\" ><div class='av-inner-masonry-sizer'><\/div><figure class='av-inner-masonry main_color'><div class=\"av-masonry-outerimage-container\"><div class='av-masonry-image-container' style=\"background-image: url(https:\/\/grifk-handball.com\/naiset\/wp-content\/uploads\/sites\/3\/2025\/10\/Dicken-tulos-705x470.png);\"  title=\"Dicken tulos\" ><\/div><\/div><figcaption class='av-inner-masonry-content site-background'><div class='av-inner-masonry-content-pos'><div class='av-inner-masonry-content-pos-content'><div class='avia-arrow'><\/div><h3 class='av-masonry-entry-title entry-title '  itemprop=\"headline\" >25.10 Dicken vs GrIFK 20\u201327 (10\u201315)<\/h3><span class='av-masonry-date meta-color updated'>26.10.2025<\/span><span class=\"av-masonry-text-sep text-sep-author\">\/<\/span><span class='av-masonry-author meta-color author'><span class='fn'>by Ellen<\/span><\/span><\/div><\/div><\/figcaption><\/figure><\/a><!--end av-masonry entry--><a href=\"https:\/\/grifk-handball.com\/naiset\/kausi-2025-26\/ennakot-2025-26\/vierasottelu-25-10-2025-18-15-dicken-vs-grifk\/\"  id='av-masonry-1-item-13508' data-av-masonry-item='13508' class='av-masonry-entry isotope-item post-13508 post type-post status-publish format-standard has-post-thumbnail hentry category-ennakot-2025-26 category-uutiset tag-aktialiga tag-aktialiiga tag-alva-eskelin tag-damernas-aktialiga tag-grifkdamer tag-grifkhandball tag-naisten-aktialiiga tag-otteluennakko tag-runkosarja all_sort ennakot-2025-26_sort  uutiset_sort  av-masonry-item-with-image' title=\"Alva ennakko\"   itemscope=\"itemscope\" itemtype=\"https:\/\/schema.org\/CreativeWork\" ><div class='av-inner-masonry-sizer'><\/div><figure class='av-inner-masonry main_color'><div class=\"av-masonry-outerimage-container\"><div class='av-masonry-image-container' style=\"background-image: url(https:\/\/grifk-handball.com\/naiset\/wp-content\/uploads\/sites\/3\/2025\/10\/Alva-ennakko-705x470.png);\"  title=\"Alva ennakko\" ><\/div><\/div><figcaption class='av-inner-masonry-content site-background'><div class='av-inner-masonry-content-pos'><div class='av-inner-masonry-content-pos-content'><div class='avia-arrow'><\/div><h3 class='av-masonry-entry-title entry-title '  itemprop=\"headline\" >Vierasottelu 25.10.2025 * 18.15 Dicken vs GrIFK<\/h3><span class='av-masonry-date meta-color updated'>24.10.2025<\/span><span class=\"av-masonry-text-sep text-sep-author\">\/<\/span><span class='av-masonry-author meta-color author'><span class='fn'>by Ellen<\/span><\/span><\/div><\/div><\/figcaption><\/figure><\/a><!--end av-masonry entry--><a href=\"https:\/\/grifk-handball.com\/naiset\/kausi-2025-26\/ennakot-2025-26\/bortamatch-25-10-2025-18-15-dicken-vs-grifk\/\"  id='av-masonry-1-item-13503' data-av-masonry-item='13503' class='av-masonry-entry isotope-item post-13503 post type-post status-publish format-standard has-post-thumbnail hentry category-ennakot-2025-26 category-uutiset tag-aktialiga tag-aktialiiga tag-alva-eskelin tag-damernas-aktialiga tag-grifkdamer tag-grifkhandball tag-naisten-aktialiiga tag-otteluennakko tag-runkosarja all_sort ennakot-2025-26_sort  uutiset_sort  av-masonry-item-with-image' title=\"Alva ennakko\"   itemscope=\"itemscope\" itemtype=\"https:\/\/schema.org\/CreativeWork\" ><div class='av-inner-masonry-sizer'><\/div><figure class='av-inner-masonry main_color'><div class=\"av-masonry-outerimage-container\"><div class='av-masonry-image-container' style=\"background-image: url(https:\/\/grifk-handball.com\/naiset\/wp-content\/uploads\/sites\/3\/2025\/10\/Alva-ennakko-705x470.png);\"  title=\"Alva ennakko\" ><\/div><\/div><figcaption class='av-inner-masonry-content site-background'><div class='av-inner-masonry-content-pos'><div class='av-inner-masonry-content-pos-content'><div class='avia-arrow'><\/div><h3 class='av-masonry-entry-title entry-title '  itemprop=\"headline\" >Bortamatch 25.10.2025 * 18.15 Dicken vs GrIFK<\/h3><span class='av-masonry-date meta-color updated'>24.10.2025<\/span><span class=\"av-masonry-text-sep text-sep-author\">\/<\/span><span class='av-masonry-author meta-color author'><span class='fn'>by Ellen<\/span><\/span><\/div><\/div><\/figcaption><\/figure><\/a><!--end av-masonry entry--><a href=\"https:\/\/grifk-handball.com\/naiset\/kausi-2025-26\/ottelut-2025-26\/matchrapport-11-10-sif-vs-grifk\/\"  id='av-masonry-1-item-13475' data-av-masonry-item='13475' class='av-masonry-entry isotope-item post-13475 post type-post status-publish format-standard has-post-thumbnail hentry category-kausi-2025-26 category-otteluraportit-2025-226 category-ottelut-2025-26 category-uutiset tag-aktialiga tag-aktialiiga tag-cecilia-heinrichs tag-damernas-aktialiga tag-grifkdamer tag-grifkhandball tag-naisten-aktialiiga tag-matchrapport all_sort kausi-2025-26_sort  otteluraportit-2025-226_sort  ottelut-2025-26_sort  uutiset_sort  av-masonry-item-with-image' title=\"GB7A4550\"   itemscope=\"itemscope\" itemtype=\"https:\/\/schema.org\/CreativeWork\" ><div class='av-inner-masonry-sizer'><\/div><figure class='av-inner-masonry main_color'><div class=\"av-masonry-outerimage-container\"><div class='av-masonry-image-container' style=\"background-image: url(https:\/\/grifk-handball.com\/naiset\/wp-content\/uploads\/sites\/3\/2025\/10\/GB7A4550-705x470.jpg);\"  title=\"GB7A4550\" ><\/div><\/div><figcaption class='av-inner-masonry-content site-background'><div class='av-inner-masonry-content-pos'><div class='av-inner-masonry-content-pos-content'><div class='avia-arrow'><\/div><h3 class='av-masonry-entry-title entry-title '  itemprop=\"headline\" >Matchrapport 11.10 SIF vs GrIFK<\/h3><span class='av-masonry-date meta-color updated'>15.10.2025<\/span><span class=\"av-masonry-text-sep text-sep-author\">\/<\/span><span class='av-masonry-author meta-color author'><span class='fn'>by Ellen<\/span><\/span><\/div><\/div><\/figcaption><\/figure><\/a><!--end av-masonry entry--><a href=\"https:\/\/grifk-handball.com\/naiset\/kausi-2025-26\/ottelut-2025-26\/otteluraportti-11-10-sif-vs-grifk\/\"  id='av-masonry-1-item-13481' data-av-masonry-item='13481' class='av-masonry-entry isotope-item post-13481 post type-post status-publish format-standard has-post-thumbnail hentry category-kausi-2025-26 category-otteluraportit-2025-226 category-ottelut-2025-26 category-uutiset tag-aktialiga tag-aktialiiga tag-cecilia-heinrichs tag-damernas-aktialiga tag-grifkdamer tag-grifkhandball tag-naisten-aktialiiga tag-otteluraportti all_sort kausi-2025-26_sort  otteluraportit-2025-226_sort  ottelut-2025-26_sort  uutiset_sort  av-masonry-item-with-image' title=\"GB7A4550\"   itemscope=\"itemscope\" itemtype=\"https:\/\/schema.org\/CreativeWork\" ><div class='av-inner-masonry-sizer'><\/div><figure class='av-inner-masonry main_color'><div class=\"av-masonry-outerimage-container\"><div class='av-masonry-image-container' style=\"background-image: url(https:\/\/grifk-handball.com\/naiset\/wp-content\/uploads\/sites\/3\/2025\/10\/GB7A4550-705x470.jpg);\"  title=\"GB7A4550\" ><\/div><\/div><figcaption class='av-inner-masonry-content site-background'><div class='av-inner-masonry-content-pos'><div class='av-inner-masonry-content-pos-content'><div class='avia-arrow'><\/div><h3 class='av-masonry-entry-title entry-title '  itemprop=\"headline\" >Otteluraportti 11.10 SIF vs GrIFK<\/h3><span class='av-masonry-date meta-color updated'>15.10.2025<\/span><span class=\"av-masonry-text-sep text-sep-author\">\/<\/span><span class='av-masonry-author meta-color author'><span class='fn'>by Ellen<\/span><\/span><\/div><\/div><\/figcaption><\/figure><\/a><!--end av-masonry entry--><a href=\"https:\/\/grifk-handball.com\/naiset\/kausi-2025-26\/ottelut-2025-26\/11-10-sif-vs-grifk-12-31-8-13\/\"  id='av-masonry-1-item-13464' data-av-masonry-item='13464' class='av-masonry-entry isotope-item post-13464 post type-post status-publish format-standard has-post-thumbnail hentry category-kausi-2025-26 category-ottelut-2025-26 category-uutiset tag-aktialiga tag-aktialiiga tag-damernas-aktialiga tag-grifkdamer tag-grifkhandball tag-naisten-aktialiiga all_sort kausi-2025-26_sort  ottelut-2025-26_sort  uutiset_sort  av-masonry-item-with-image' title=\"SIF tulos\"   itemscope=\"itemscope\" itemtype=\"https:\/\/schema.org\/CreativeWork\" ><div class='av-inner-masonry-sizer'><\/div><figure class='av-inner-masonry main_color'><div class=\"av-masonry-outerimage-container\"><div class='av-masonry-image-container' style=\"background-image: url(https:\/\/grifk-handball.com\/naiset\/wp-content\/uploads\/sites\/3\/2025\/10\/SIF-tulos-705x470.png);\"  title=\"SIF tulos\" ><\/div><\/div><figcaption class='av-inner-masonry-content site-background'><div class='av-inner-masonry-content-pos'><div class='av-inner-masonry-content-pos-content'><div class='avia-arrow'><\/div><h3 class='av-masonry-entry-title entry-title '  itemprop=\"headline\" >11.10 SIF vs GrIFK 12\u201331 (8\u201313)<\/h3><span class='av-masonry-date meta-color updated'>13.10.2025<\/span><span class=\"av-masonry-text-sep text-sep-author\">\/<\/span><span class='av-masonry-author meta-color author'><span class='fn'>by kansli<\/span><\/span><\/div><\/div><\/figcaption><\/figure><\/a><!--end av-masonry entry--><a href=\"https:\/\/grifk-handball.com\/naiset\/kausi-2025-26\/ennakot-2025-26\/bortamatch-11-10-2025-17-30-sif-vs-grifk\/\"  id='av-masonry-1-item-13459' data-av-masonry-item='13459' class='av-masonry-entry isotope-item post-13459 post type-post status-publish format-standard has-post-thumbnail hentry category-ennakot-2025-26 category-uutiset tag-aktialiga tag-aktialiiga tag-cecilia-heinrichs tag-damernas-aktialiga tag-grifkdamer tag-grifkhandball tag-naisten-aktialiiga tag-otteluennakko tag-runkosarja all_sort ennakot-2025-26_sort  uutiset_sort  av-masonry-item-with-image' title=\"Cessi ennakko\"   itemscope=\"itemscope\" itemtype=\"https:\/\/schema.org\/CreativeWork\" ><div class='av-inner-masonry-sizer'><\/div><figure class='av-inner-masonry main_color'><div class=\"av-masonry-outerimage-container\"><div class='av-masonry-image-container' style=\"background-image: url(https:\/\/grifk-handball.com\/naiset\/wp-content\/uploads\/sites\/3\/2025\/10\/Cessi-ennakko-705x470.png);\"  title=\"Cessi ennakko\" ><\/div><\/div><figcaption class='av-inner-masonry-content site-background'><div class='av-inner-masonry-content-pos'><div class='av-inner-masonry-content-pos-content'><div class='avia-arrow'><\/div><h3 class='av-masonry-entry-title entry-title '  itemprop=\"headline\" >Bortamatch 11.10.2025 * 17.30 SIF vs GrIFK<\/h3><span class='av-masonry-date meta-color updated'>10.10.2025<\/span><span class=\"av-masonry-text-sep text-sep-author\">\/<\/span><span class='av-masonry-author meta-color author'><span class='fn'>by kansli<\/span><\/span><\/div><\/div><\/figcaption><\/figure><\/a><!--end av-masonry entry--><a href=\"https:\/\/grifk-handball.com\/naiset\/kausi-2025-26\/ennakot-2025-26\/vierasottelu-11-10-2025-17-30-sif-vs-grifk\/\"  id='av-masonry-1-item-13462' data-av-masonry-item='13462' class='av-masonry-entry isotope-item post-13462 post type-post status-publish format-standard has-post-thumbnail hentry category-ennakot-2025-26 category-uutiset tag-aktialiga tag-aktialiiga tag-cecilia-heinrichs tag-damernas-aktialiga tag-grifkdamer tag-grifkhandball tag-naisten-aktialiiga tag-otteluennakko tag-runkosarja all_sort ennakot-2025-26_sort  uutiset_sort  av-masonry-item-with-image' title=\"Cessi ennakko\"   itemscope=\"itemscope\" itemtype=\"https:\/\/schema.org\/CreativeWork\" ><div class='av-inner-masonry-sizer'><\/div><figure class='av-inner-masonry main_color'><div class=\"av-masonry-outerimage-container\"><div class='av-masonry-image-container' style=\"background-image: url(https:\/\/grifk-handball.com\/naiset\/wp-content\/uploads\/sites\/3\/2025\/10\/Cessi-ennakko-705x470.png);\"  title=\"Cessi ennakko\" ><\/div><\/div><figcaption class='av-inner-masonry-content site-background'><div class='av-inner-masonry-content-pos'><div class='av-inner-masonry-content-pos-content'><div class='avia-arrow'><\/div><h3 class='av-masonry-entry-title entry-title '  itemprop=\"headline\" >Vierasottelu 11.10.2025 * 17.30 SIF vs GrIFK<\/h3><span class='av-masonry-date meta-color updated'>10.10.2025<\/span><span class=\"av-masonry-text-sep text-sep-author\">\/<\/span><span class='av-masonry-author meta-color author'><span class='fn'>by kansli<\/span><\/span><\/div><\/div><\/figcaption><\/figure><\/a><!--end av-masonry entry--><a href=\"https:\/\/grifk-handball.com\/naiset\/kausi-2025-26\/ottelut-2025-26\/matchrapport-4-10-grifk-vs-cocks\/\"  id='av-masonry-1-item-13449' data-av-masonry-item='13449' class='av-masonry-entry isotope-item post-13449 post type-post status-publish format-standard has-post-thumbnail hentry category-kausi-2025-26 category-otteluraportit-2025-226 category-ottelut-2025-26 category-uutiset tag-aktialiga tag-aktialiiga tag-damernas-aktialiga tag-grifkdamer tag-grifkhandball tag-isabellarsson tag-naisten-aktialiiga tag-matchrapport all_sort kausi-2025-26_sort  otteluraportit-2025-226_sort  ottelut-2025-26_sort  uutiset_sort  av-masonry-item-with-image' title=\"GB7A4469\"   itemscope=\"itemscope\" itemtype=\"https:\/\/schema.org\/CreativeWork\" ><div class='av-inner-masonry-sizer'><\/div><figure class='av-inner-masonry main_color'><div class=\"av-masonry-outerimage-container\"><div class='av-masonry-image-container' style=\"background-image: url(https:\/\/grifk-handball.com\/naiset\/wp-content\/uploads\/sites\/3\/2025\/10\/GB7A4469-705x470.jpg);\"  title=\"GB7A4469\" ><\/div><\/div><figcaption class='av-inner-masonry-content site-background'><div class='av-inner-masonry-content-pos'><div class='av-inner-masonry-content-pos-content'><div class='avia-arrow'><\/div><h3 class='av-masonry-entry-title entry-title '  itemprop=\"headline\" >Matchrapport 4.10 GrIFK vs Cocks<\/h3><span class='av-masonry-date meta-color updated'>7.10.2025<\/span><span class=\"av-masonry-text-sep text-sep-author\">\/<\/span><span class='av-masonry-author meta-color author'><span class='fn'>by Ellen<\/span><\/span><\/div><\/div><\/figcaption><\/figure><\/a><!--end av-masonry entry--><a href=\"https:\/\/grifk-handball.com\/naiset\/kausi-2025-26\/ottelut-2025-26\/otteluraportti-4-10-grifk-vs-cocks\/\"  id='av-masonry-1-item-13451' data-av-masonry-item='13451' class='av-masonry-entry isotope-item post-13451 post type-post status-publish format-standard has-post-thumbnail hentry category-kausi-2025-26 category-otteluraportit-2025-226 category-ottelut-2025-26 category-uutiset tag-aktialiga tag-aktialiiga tag-damernas-aktialiga tag-grifkdamer tag-grifkhandball tag-isabellarsson tag-naisten-aktialiiga tag-otteluraportti all_sort kausi-2025-26_sort  otteluraportit-2025-226_sort  ottelut-2025-26_sort  uutiset_sort  av-masonry-item-with-image' title=\"GB7A4469\"   itemscope=\"itemscope\" itemtype=\"https:\/\/schema.org\/CreativeWork\" ><div class='av-inner-masonry-sizer'><\/div><figure class='av-inner-masonry main_color'><div class=\"av-masonry-outerimage-container\"><div class='av-masonry-image-container' style=\"background-image: url(https:\/\/grifk-handball.com\/naiset\/wp-content\/uploads\/sites\/3\/2025\/10\/GB7A4469-705x470.jpg);\"  title=\"GB7A4469\" ><\/div><\/div><figcaption class='av-inner-masonry-content site-background'><div class='av-inner-masonry-content-pos'><div class='av-inner-masonry-content-pos-content'><div class='avia-arrow'><\/div><h3 class='av-masonry-entry-title entry-title '  itemprop=\"headline\" >Otteluraportti 4.10 GrIFK vs Cocks<\/h3><span class='av-masonry-date meta-color updated'>7.10.2025<\/span><span class=\"av-masonry-text-sep text-sep-author\">\/<\/span><span class='av-masonry-author meta-color author'><span class='fn'>by Ellen<\/span><\/span><\/div><\/div><\/figcaption><\/figure><\/a><!--end av-masonry entry--><a href=\"https:\/\/grifk-handball.com\/naiset\/kausi-2025-26\/ottelut-2025-26\/4-10-grifk-vs-cocks-27-23-12-11\/\"  id='av-masonry-1-item-13441' data-av-masonry-item='13441' class='av-masonry-entry isotope-item post-13441 post type-post status-publish format-standard has-post-thumbnail hentry category-kausi-2025-26 category-ottelut-2025-26 category-uutiset tag-aktialiga tag-aktialiiga tag-damernas-aktialiga tag-grifkdamer tag-grifkhandball tag-naisten-aktialiiga all_sort kausi-2025-26_sort  ottelut-2025-26_sort  uutiset_sort  av-masonry-item-with-image' title=\"GB7A1254\"   itemscope=\"itemscope\" itemtype=\"https:\/\/schema.org\/CreativeWork\" ><div class='av-inner-masonry-sizer'><\/div><figure class='av-inner-masonry main_color'><div class=\"av-masonry-outerimage-container\"><div class='av-masonry-image-container' style=\"background-image: url(https:\/\/grifk-handball.com\/naiset\/wp-content\/uploads\/sites\/3\/2025\/10\/GB7A1254-705x470.jpg);\"  title=\"GB7A1254\" ><\/div><\/div><figcaption class='av-inner-masonry-content site-background'><div class='av-inner-masonry-content-pos'><div class='av-inner-masonry-content-pos-content'><div class='avia-arrow'><\/div><h3 class='av-masonry-entry-title entry-title '  itemprop=\"headline\" >4.10 GrIFK vs Cocks 27\u201323 (12-11)<\/h3><span class='av-masonry-date meta-color updated'>6.10.2025<\/span><span class=\"av-masonry-text-sep text-sep-author\">\/<\/span><span class='av-masonry-author meta-color author'><span class='fn'>by Ellen<\/span><\/span><\/div><\/div><\/figcaption><\/figure><\/a><!--end av-masonry entry--><a href=\"https:\/\/grifk-handball.com\/naiset\/kausi-2025-26\/ennakot-2025-26\/hemmamatch-4-10-2025-13-30-grifk-vs-cocks\/\"  id='av-masonry-1-item-13432' data-av-masonry-item='13432' class='av-masonry-entry isotope-item post-13432 post type-post status-publish format-standard has-post-thumbnail hentry category-ennakot-2025-26 category-uutiset tag-aktialiga tag-aktialiiga tag-damernas-aktialiga tag-grifkdamer tag-grifkhandball tag-isabellarsson tag-naisten-aktialiiga tag-otteluennakko tag-runkosarja all_sort ennakot-2025-26_sort  uutiset_sort  av-masonry-item-with-image' title=\"Isabel ennakko\"   itemscope=\"itemscope\" itemtype=\"https:\/\/schema.org\/CreativeWork\" ><div class='av-inner-masonry-sizer'><\/div><figure class='av-inner-masonry main_color'><div class=\"av-masonry-outerimage-container\"><div class='av-masonry-image-container' style=\"background-image: url(https:\/\/grifk-handball.com\/naiset\/wp-content\/uploads\/sites\/3\/2025\/10\/Isabel-ennakko-705x470.png);\"  title=\"Isabel ennakko\" ><\/div><\/div><figcaption class='av-inner-masonry-content site-background'><div class='av-inner-masonry-content-pos'><div class='av-inner-masonry-content-pos-content'><div class='avia-arrow'><\/div><h3 class='av-masonry-entry-title entry-title '  itemprop=\"headline\" >Hemmamatch 4.10.2025 * 13.30 GrIFK vs Cocks<\/h3><span class='av-masonry-date meta-color updated'>3.10.2025<\/span><span class=\"av-masonry-text-sep text-sep-author\">\/<\/span><span class='av-masonry-author meta-color author'><span class='fn'>by Ellen<\/span><\/span><\/div><\/div><\/figcaption><\/figure><\/a><!--end av-masonry entry--><a href=\"https:\/\/grifk-handball.com\/naiset\/kausi-2025-26\/ennakot-2025-26\/kotiottelu-4-10-2025-13-30-grifk-vs-cocks\/\"  id='av-masonry-1-item-13435' data-av-masonry-item='13435' class='av-masonry-entry isotope-item post-13435 post type-post status-publish format-standard has-post-thumbnail hentry category-ennakot-2025-26 category-uutiset tag-aktialiga tag-aktialiiga tag-damernas-aktialiga tag-grifkdamer tag-grifkhandball tag-isabellarsson tag-naisten-aktialiiga tag-otteluennakko tag-runkosarja all_sort ennakot-2025-26_sort  uutiset_sort  av-masonry-item-with-image' title=\"Isabel ennakko\"   itemscope=\"itemscope\" itemtype=\"https:\/\/schema.org\/CreativeWork\" ><div class='av-inner-masonry-sizer'><\/div><figure class='av-inner-masonry main_color'><div class=\"av-masonry-outerimage-container\"><div class='av-masonry-image-container' style=\"background-image: url(https:\/\/grifk-handball.com\/naiset\/wp-content\/uploads\/sites\/3\/2025\/10\/Isabel-ennakko-705x470.png);\"  title=\"Isabel ennakko\" ><\/div><\/div><figcaption class='av-inner-masonry-content site-background'><div class='av-inner-masonry-content-pos'><div class='av-inner-masonry-content-pos-content'><div class='avia-arrow'><\/div><h3 class='av-masonry-entry-title entry-title '  itemprop=\"headline\" >Kotiottelu 4.10.2025 * 13.30 GrIFK vs Cocks<\/h3><span class='av-masonry-date meta-color updated'>3.10.2025<\/span><span class=\"av-masonry-text-sep text-sep-author\">\/<\/span><span class='av-masonry-author meta-color author'><span class='fn'>by Ellen<\/span><\/span><\/div><\/div><\/figcaption><\/figure><\/a><!--end av-masonry entry--><a href=\"https:\/\/grifk-handball.com\/naiset\/kausi-2025-26\/ottelut-2025-26\/matchrapport-1-10-atlas-vs-grifk\/\"  id='av-masonry-1-item-13420' data-av-masonry-item='13420' class='av-masonry-entry isotope-item post-13420 post type-post status-publish format-standard has-post-thumbnail hentry category-kausi-2025-26 category-otteluraportit-2025-226 category-ottelut-2025-26 category-uutiset tag-aktialiga tag-aktialiiga tag-damernas-aktialiga tag-grifkdamer tag-grifkhandball tag-louiseheinonen tag-naisten-aktialiiga tag-matchrapport all_sort kausi-2025-26_sort  otteluraportit-2025-226_sort  ottelut-2025-26_sort  uutiset_sort  av-masonry-item-with-image' title=\"Atlas raportti\"   itemscope=\"itemscope\" itemtype=\"https:\/\/schema.org\/CreativeWork\" ><div class='av-inner-masonry-sizer'><\/div><figure class='av-inner-masonry main_color'><div class=\"av-masonry-outerimage-container\"><div class='av-masonry-image-container' style=\"background-image: url(https:\/\/grifk-handball.com\/naiset\/wp-content\/uploads\/sites\/3\/2025\/10\/Atlas-raportti-705x470.png);\"  title=\"Atlas raportti\" ><\/div><\/div><figcaption class='av-inner-masonry-content site-background'><div class='av-inner-masonry-content-pos'><div class='av-inner-masonry-content-pos-content'><div class='avia-arrow'><\/div><h3 class='av-masonry-entry-title entry-title '  itemprop=\"headline\" >Matchrapport 1.10 Atlas vs GrIFK<\/h3><span class='av-masonry-date meta-color updated'>2.10.2025<\/span><span class=\"av-masonry-text-sep text-sep-author\">\/<\/span><span class='av-masonry-author meta-color author'><span class='fn'>by Ellen<\/span><\/span><\/div><\/div><\/figcaption><\/figure><\/a><!--end av-masonry entry--><a href=\"https:\/\/grifk-handball.com\/naiset\/kausi-2025-26\/ottelut-2025-26\/otteluraportti-1-10-atlas-vs-grifk\/\"  id='av-masonry-1-item-13416' data-av-masonry-item='13416' class='av-masonry-entry isotope-item post-13416 post type-post status-publish format-standard has-post-thumbnail hentry category-kausi-2025-26 category-otteluraportit-2025-226 category-ottelut-2025-26 category-uutiset tag-aktialiga tag-aktialiiga tag-damernas-aktialiga tag-grifkdamer tag-grifkhandball tag-louiseheinonen tag-naisten-aktialiiga tag-otteluraportti all_sort kausi-2025-26_sort  otteluraportit-2025-226_sort  ottelut-2025-26_sort  uutiset_sort  av-masonry-item-with-image' title=\"Atlas raportti\"   itemscope=\"itemscope\" itemtype=\"https:\/\/schema.org\/CreativeWork\" ><div class='av-inner-masonry-sizer'><\/div><figure class='av-inner-masonry main_color'><div class=\"av-masonry-outerimage-container\"><div class='av-masonry-image-container' style=\"background-image: url(https:\/\/grifk-handball.com\/naiset\/wp-content\/uploads\/sites\/3\/2025\/10\/Atlas-raportti-705x470.png);\"  title=\"Atlas raportti\" ><\/div><\/div><figcaption class='av-inner-masonry-content site-background'><div class='av-inner-masonry-content-pos'><div class='av-inner-masonry-content-pos-content'><div class='avia-arrow'><\/div><h3 class='av-masonry-entry-title entry-title '  itemprop=\"headline\" >Otteluraportti 1.10 Atlas vs GrIFK<\/h3><span class='av-masonry-date meta-color updated'>2.10.2025<\/span><span class=\"av-masonry-text-sep text-sep-author\">\/<\/span><span class='av-masonry-author meta-color author'><span class='fn'>by Ellen<\/span><\/span><\/div><\/div><\/figcaption><\/figure><\/a><!--end av-masonry entry--><a href=\"https:\/\/grifk-handball.com\/naiset\/kausi-2025-26\/ottelut-2025-26\/1-10-atlas-vs-grifk-30-38-15-17\/\"  id='av-masonry-1-item-13383' data-av-masonry-item='13383' class='av-masonry-entry isotope-item post-13383 post type-post status-publish format-standard has-post-thumbnail hentry category-kausi-2025-26 category-ottelut-2025-26 category-uutiset tag-aktialiga tag-aktialiiga tag-damernas-aktialiga tag-grifkdamer tag-grifkhandball tag-naisten-aktialiiga all_sort kausi-2025-26_sort  ottelut-2025-26_sort  uutiset_sort  av-masonry-item-with-image' title=\"Atlas tulos\"   itemscope=\"itemscope\" itemtype=\"https:\/\/schema.org\/CreativeWork\" ><div class='av-inner-masonry-sizer'><\/div><figure class='av-inner-masonry main_color'><div class=\"av-masonry-outerimage-container\"><div class='av-masonry-image-container' style=\"background-image: url(https:\/\/grifk-handball.com\/naiset\/wp-content\/uploads\/sites\/3\/2025\/10\/Atlas-tulos-705x470.png);\"  title=\"Atlas tulos\" ><\/div><\/div><figcaption class='av-inner-masonry-content site-background'><div class='av-inner-masonry-content-pos'><div class='av-inner-masonry-content-pos-content'><div class='avia-arrow'><\/div><h3 class='av-masonry-entry-title entry-title '  itemprop=\"headline\" >1.10 Atlas vs GrIFK 30-38 (15-17)<\/h3><span class='av-masonry-date meta-color updated'>2.10.2025<\/span><span class=\"av-masonry-text-sep text-sep-author\">\/<\/span><span class='av-masonry-author meta-color author'><span class='fn'>by Ellen<\/span><\/span><\/div><\/div><\/figcaption><\/figure><\/a><!--end av-masonry entry--><a href=\"https:\/\/grifk-handball.com\/naiset\/kausi-2025-26\/grifk-damer-x-rosa-bandet\/\"  id='av-masonry-1-item-13410' data-av-masonry-item='13410' class='av-masonry-entry isotope-item post-13410 post type-post status-publish format-standard has-post-thumbnail hentry category-kausi-2025-26 category-uutiset tag-roosanauha tag-rosabandet all_sort kausi-2025-26_sort  uutiset_sort  av-masonry-item-with-image' title=\"Rosa Bandet\"   itemscope=\"itemscope\" itemtype=\"https:\/\/schema.org\/CreativeWork\" ><div class='av-inner-masonry-sizer'><\/div><figure class='av-inner-masonry main_color'><div class=\"av-masonry-outerimage-container\"><div class='av-masonry-image-container' style=\"background-image: url(https:\/\/grifk-handball.com\/naiset\/wp-content\/uploads\/sites\/3\/2025\/10\/ROOSA-NAUHA-705x470.png);\"  title=\"Rosa Bandet\" ><\/div><\/div><figcaption class='av-inner-masonry-content site-background'><div class='av-inner-masonry-content-pos'><div class='av-inner-masonry-content-pos-content'><div class='avia-arrow'><\/div><h3 class='av-masonry-entry-title entry-title '  itemprop=\"headline\" >GrIFK Damer x Rosa Bandet<\/h3><span class='av-masonry-date meta-color updated'>1.10.2025<\/span><span class=\"av-masonry-text-sep text-sep-author\">\/<\/span><span class='av-masonry-author meta-color author'><span class='fn'>by carolinarehnberg<\/span><\/span><\/div><\/div><\/figcaption><\/figure><\/a><!--end av-masonry entry--><a href=\"https:\/\/grifk-handball.com\/naiset\/kausi-2025-26\/grifk-naiset-x-roosa-nauha\/\"  id='av-masonry-1-item-13404' data-av-masonry-item='13404' class='av-masonry-entry isotope-item post-13404 post type-post status-publish format-standard has-post-thumbnail hentry category-kausi-2025-26 category-uutiset tag-roosanauha tag-rosabandet all_sort kausi-2025-26_sort  uutiset_sort  av-masonry-item-with-image' title=\"Rosa Bandet\"   itemscope=\"itemscope\" itemtype=\"https:\/\/schema.org\/CreativeWork\" ><div class='av-inner-masonry-sizer'><\/div><figure class='av-inner-masonry main_color'><div class=\"av-masonry-outerimage-container\"><div class='av-masonry-image-container' style=\"background-image: url(https:\/\/grifk-handball.com\/naiset\/wp-content\/uploads\/sites\/3\/2025\/10\/ROOSA-NAUHA-705x470.png);\"  title=\"Rosa Bandet\" ><\/div><\/div><figcaption class='av-inner-masonry-content site-background'><div class='av-inner-masonry-content-pos'><div class='av-inner-masonry-content-pos-content'><div class='avia-arrow'><\/div><h3 class='av-masonry-entry-title entry-title '  itemprop=\"headline\" >GrIFK Naiset x Roosa Nauha<\/h3><span class='av-masonry-date meta-color updated'>1.10.2025<\/span><span class=\"av-masonry-text-sep text-sep-author\">\/<\/span><span class='av-masonry-author meta-color author'><span class='fn'>by carolinarehnberg<\/span><\/span><\/div><\/div><\/figcaption><\/figure><\/a><!--end av-masonry entry--><a href=\"https:\/\/grifk-handball.com\/naiset\/kausi-2025-26\/ennakot-2025-26\/vierasottelu-1-10-2025-19-00-atlas-vs-grifk\/\"  id='av-masonry-1-item-13381' data-av-masonry-item='13381' class='av-masonry-entry isotope-item post-13381 post type-post status-publish format-standard has-post-thumbnail hentry category-ennakot-2025-26 category-uutiset tag-aktialiga tag-aktialiiga tag-damernas-aktialiga tag-grifkdamer tag-grifkhandball tag-louiseheinonen tag-naisten-aktialiiga tag-otteluennakko tag-runkosarja all_sort ennakot-2025-26_sort  uutiset_sort  av-masonry-item-with-image' title=\"Louise ennakko\"   itemscope=\"itemscope\" itemtype=\"https:\/\/schema.org\/CreativeWork\" ><div class='av-inner-masonry-sizer'><\/div><figure class='av-inner-masonry main_color'><div class=\"av-masonry-outerimage-container\"><div class='av-masonry-image-container' style=\"background-image: url(https:\/\/grifk-handball.com\/naiset\/wp-content\/uploads\/sites\/3\/2025\/09\/Louise-ennakko-705x470.png);\"  title=\"Louise ennakko\" ><\/div><\/div><figcaption class='av-inner-masonry-content site-background'><div class='av-inner-masonry-content-pos'><div class='av-inner-masonry-content-pos-content'><div class='avia-arrow'><\/div><h3 class='av-masonry-entry-title entry-title '  itemprop=\"headline\" >Vierasottelu 1.10.2025 * 19.00 Atlas vs GrIFK<\/h3><span class='av-masonry-date meta-color updated'>1.10.2025<\/span><span class=\"av-masonry-text-sep text-sep-author\">\/<\/span><span class='av-masonry-author meta-color author'><span class='fn'>by Ellen<\/span><\/span><\/div><\/div><\/figcaption><\/figure><\/a><!--end av-masonry entry--><a href=\"https:\/\/grifk-handball.com\/naiset\/kausi-2025-26\/ennakot-2025-26\/bortamatch-1-10-2025-19-00-atlas-vs-grifk\/\"  id='av-masonry-1-item-13377' data-av-masonry-item='13377' class='av-masonry-entry isotope-item post-13377 post type-post status-publish format-standard has-post-thumbnail hentry category-ennakot-2025-26 category-uutiset tag-aktialiga tag-aktialiiga tag-damernas-aktialiga tag-grifkdamer tag-grifkhandball tag-louiseheinonen tag-naisten-aktialiiga tag-otteluennakko tag-runkosarja all_sort ennakot-2025-26_sort  uutiset_sort  av-masonry-item-with-image' title=\"Louise ennakko\"   itemscope=\"itemscope\" itemtype=\"https:\/\/schema.org\/CreativeWork\" ><div class='av-inner-masonry-sizer'><\/div><figure class='av-inner-masonry main_color'><div class=\"av-masonry-outerimage-container\"><div class='av-masonry-image-container' style=\"background-image: url(https:\/\/grifk-handball.com\/naiset\/wp-content\/uploads\/sites\/3\/2025\/09\/Louise-ennakko-705x470.png);\"  title=\"Louise ennakko\" ><\/div><\/div><figcaption class='av-inner-masonry-content site-background'><div class='av-inner-masonry-content-pos'><div class='av-inner-masonry-content-pos-content'><div class='avia-arrow'><\/div><h3 class='av-masonry-entry-title entry-title '  itemprop=\"headline\" >Bortamatch 1.10.2025 * 19.00 Atlas vs GrIFK<\/h3><span class='av-masonry-date meta-color updated'>1.10.2025<\/span><span class=\"av-masonry-text-sep text-sep-author\">\/<\/span><span class='av-masonry-author meta-color author'><span class='fn'>by Ellen<\/span><\/span><\/div><\/div><\/figcaption><\/figure><\/a><!--end av-masonry entry--><a href=\"https:\/\/grifk-handball.com\/naiset\/kausi-2025-26\/ottelut-2025-26\/matchrapport-27-9-grifk-vs-bk-46\/\"  id='av-masonry-1-item-13365' data-av-masonry-item='13365' class='av-masonry-entry isotope-item post-13365 post type-post status-publish format-standard has-post-thumbnail hentry category-kausi-2025-26 category-otteluraportit-2025-226 category-ottelut-2025-26 category-uutiset tag-aktialiga tag-aktialiiga tag-damernas-aktialiga tag-grifkdamer tag-grifkhandball tag-johannasvanback tag-naisten-aktialiiga tag-matchrapport all_sort kausi-2025-26_sort  otteluraportit-2025-226_sort  ottelut-2025-26_sort  uutiset_sort  av-masonry-item-with-image' title=\"Johannan raportti\"   itemscope=\"itemscope\" itemtype=\"https:\/\/schema.org\/CreativeWork\" ><div class='av-inner-masonry-sizer'><\/div><figure class='av-inner-masonry main_color'><div class=\"av-masonry-outerimage-container\"><div class='av-masonry-image-container' style=\"background-image: url(https:\/\/grifk-handball.com\/naiset\/wp-content\/uploads\/sites\/3\/2025\/09\/Johannan-raportti-705x470.png);\"  title=\"Johannan raportti\" ><\/div><\/div><figcaption class='av-inner-masonry-content site-background'><div class='av-inner-masonry-content-pos'><div class='av-inner-masonry-content-pos-content'><div class='avia-arrow'><\/div><h3 class='av-masonry-entry-title entry-title '  itemprop=\"headline\" >Matchrapport 27.9 GrIFK vs BK-46<\/h3><span class='av-masonry-date meta-color updated'>29.9.2025<\/span><span class=\"av-masonry-text-sep text-sep-author\">\/<\/span><span class='av-masonry-author meta-color author'><span class='fn'>by Ellen<\/span><\/span><\/div><\/div><\/figcaption><\/figure><\/a><!--end av-masonry entry--><a href=\"https:\/\/grifk-handball.com\/naiset\/kausi-2025-26\/ottelut-2025-26\/otteluraportti-27-9-grifk-vs-bk-46\/\"  id='av-masonry-1-item-13369' data-av-masonry-item='13369' class='av-masonry-entry isotope-item post-13369 post type-post status-publish format-standard has-post-thumbnail hentry category-kausi-2025-26 category-otteluraportit-2025-226 category-ottelut-2025-26 category-uutiset tag-aktialiga tag-aktialiiga tag-damernas-aktialiga tag-grifkdamer tag-grifkhandball tag-johannasvanback tag-naisten-aktialiiga tag-otteluraportti all_sort kausi-2025-26_sort  otteluraportit-2025-226_sort  ottelut-2025-26_sort  uutiset_sort  av-masonry-item-with-image' title=\"Johannan raportti\"   itemscope=\"itemscope\" itemtype=\"https:\/\/schema.org\/CreativeWork\" ><div class='av-inner-masonry-sizer'><\/div><figure class='av-inner-masonry main_color'><div class=\"av-masonry-outerimage-container\"><div class='av-masonry-image-container' style=\"background-image: url(https:\/\/grifk-handball.com\/naiset\/wp-content\/uploads\/sites\/3\/2025\/09\/Johannan-raportti-705x470.png);\"  title=\"Johannan raportti\" ><\/div><\/div><figcaption class='av-inner-masonry-content site-background'><div class='av-inner-masonry-content-pos'><div class='av-inner-masonry-content-pos-content'><div class='avia-arrow'><\/div><h3 class='av-masonry-entry-title entry-title '  itemprop=\"headline\" >Otteluraportti 27.9 GrIFK vs BK-46<\/h3><span class='av-masonry-date meta-color updated'>29.9.2025<\/span><span class=\"av-masonry-text-sep text-sep-author\">\/<\/span><span class='av-masonry-author meta-color author'><span class='fn'>by Ellen<\/span><\/span><\/div><\/div><\/figcaption><\/figure><\/a><!--end av-masonry entry--><a href=\"https:\/\/grifk-handball.com\/naiset\/kausi-2025-26\/ottelut-2025-26\/27-9-grifk-vs-bk-46-26-33-15-18\/\"  id='av-masonry-1-item-13354' data-av-masonry-item='13354' class='av-masonry-entry isotope-item post-13354 post type-post status-publish format-standard has-post-thumbnail hentry category-kausi-2025-26 category-ottelut-2025-26 category-uutiset tag-aktialiga tag-aktialiiga tag-damernas-aktialiga tag-grifkdamer tag-grifkhandball tag-naisten-aktialiiga all_sort kausi-2025-26_sort  ottelut-2025-26_sort  uutiset_sort  av-masonry-item-with-image' title=\"GrIFK vs BK\"   itemscope=\"itemscope\" itemtype=\"https:\/\/schema.org\/CreativeWork\" ><div class='av-inner-masonry-sizer'><\/div><figure class='av-inner-masonry main_color'><div class=\"av-masonry-outerimage-container\"><div class='av-masonry-image-container' style=\"background-image: url(https:\/\/grifk-handball.com\/naiset\/wp-content\/uploads\/sites\/3\/2025\/09\/GrIFK-vs-BK-705x470.png);\"  title=\"GrIFK vs BK\" ><\/div><\/div><figcaption class='av-inner-masonry-content site-background'><div class='av-inner-masonry-content-pos'><div class='av-inner-masonry-content-pos-content'><div class='avia-arrow'><\/div><h3 class='av-masonry-entry-title entry-title '  itemprop=\"headline\" >27.9 GrIFK vs BK-46 26-33 (15-18)<\/h3><span class='av-masonry-date meta-color updated'>29.9.2025<\/span><span class=\"av-masonry-text-sep text-sep-author\">\/<\/span><span class='av-masonry-author meta-color author'><span class='fn'>by Ellen<\/span><\/span><\/div><\/div><\/figcaption><\/figure><\/a><!--end av-masonry entry--><a href=\"https:\/\/grifk-handball.com\/naiset\/kausi-2025-26\/ennakot-2025-26\/hemmamatch-27-9-2025-14-00-grifk-vs-bk-46\/\"  id='av-masonry-1-item-13336' data-av-masonry-item='13336' class='av-masonry-entry isotope-item post-13336 post type-post status-publish format-standard has-post-thumbnail hentry category-ennakot-2025-26 category-uutiset tag-aktialiga tag-aktialiiga tag-damernas-aktialiga tag-grifkdamer tag-grifkhandball tag-johannasvanback tag-naisten-aktialiiga tag-otteluennakko tag-runkosarja all_sort ennakot-2025-26_sort  uutiset_sort  av-masonry-item-with-image' title=\"Hilli otteluennakko\"   itemscope=\"itemscope\" itemtype=\"https:\/\/schema.org\/CreativeWork\" ><div class='av-inner-masonry-sizer'><\/div><figure class='av-inner-masonry main_color'><div class=\"av-masonry-outerimage-container\"><div class='av-masonry-image-container' style=\"background-image: url(https:\/\/grifk-handball.com\/naiset\/wp-content\/uploads\/sites\/3\/2025\/09\/Hilli-otteluennakko-705x470.png);\"  title=\"Hilli otteluennakko\" ><\/div><\/div><figcaption class='av-inner-masonry-content site-background'><div class='av-inner-masonry-content-pos'><div class='av-inner-masonry-content-pos-content'><div class='avia-arrow'><\/div><h3 class='av-masonry-entry-title entry-title '  itemprop=\"headline\" >Hemmamatch 27.9.2025 * 13.30 GrIFK vs BK-46<\/h3><span class='av-masonry-date meta-color updated'>26.9.2025<\/span><span class=\"av-masonry-text-sep text-sep-author\">\/<\/span><span class='av-masonry-author meta-color author'><span class='fn'>by Ellen<\/span><\/span><\/div><\/div><\/figcaption><\/figure><\/a><!--end av-masonry entry--><a href=\"https:\/\/grifk-handball.com\/naiset\/kausi-2025-26\/ennakot-2025-26\/kotiottelu-27-9-2025-14-00-grifk-vs-bk-46\/\"  id='av-masonry-1-item-13333' data-av-masonry-item='13333' class='av-masonry-entry isotope-item post-13333 post type-post status-publish format-standard has-post-thumbnail hentry category-ennakot-2025-26 category-uutiset tag-aktialiga tag-aktialiiga tag-damernas-aktialiga tag-grifkdamer tag-grifkhandball tag-johannasvanback tag-naisten-aktialiiga tag-otteluennakko tag-runkosarja all_sort ennakot-2025-26_sort  uutiset_sort  av-masonry-item-with-image' title=\"Hilli otteluennakko\"   itemscope=\"itemscope\" itemtype=\"https:\/\/schema.org\/CreativeWork\" ><div class='av-inner-masonry-sizer'><\/div><figure class='av-inner-masonry main_color'><div class=\"av-masonry-outerimage-container\"><div class='av-masonry-image-container' style=\"background-image: url(https:\/\/grifk-handball.com\/naiset\/wp-content\/uploads\/sites\/3\/2025\/09\/Hilli-otteluennakko-705x470.png);\"  title=\"Hilli otteluennakko\" ><\/div><\/div><figcaption class='av-inner-masonry-content site-background'><div class='av-inner-masonry-content-pos'><div class='av-inner-masonry-content-pos-content'><div class='avia-arrow'><\/div><h3 class='av-masonry-entry-title entry-title '  itemprop=\"headline\" >Kotiottelu 27.9.2025 * 13.30 GrIFK vs BK-46<\/h3><span class='av-masonry-date meta-color updated'>26.9.2025<\/span><span class=\"av-masonry-text-sep text-sep-author\">\/<\/span><span class='av-masonry-author meta-color author'><span class='fn'>by Ellen<\/span><\/span><\/div><\/div><\/figcaption><\/figure><\/a><!--end av-masonry entry--><a href=\"https:\/\/grifk-handball.com\/naiset\/kausi-2025-26\/ottelut-2025-26\/otteluraportti-13-9-hifk-vs-grifk\/\"  id='av-masonry-1-item-13300' data-av-masonry-item='13300' class='av-masonry-entry isotope-item post-13300 post type-post status-publish format-standard has-post-thumbnail hentry category-kausi-2025-26 category-otteluraportit-2025-226 category-ottelut-2025-26 category-uutiset tag-aktialiga tag-aktialiiga tag-damernas-aktialiga tag-grifkdamer tag-grifkhandball tag-naisten-aktialiiga tag-otteluraportti all_sort kausi-2025-26_sort  otteluraportit-2025-226_sort  ottelut-2025-26_sort  uutiset_sort  av-masonry-item-with-image' title=\"Lillis otteluraportti\"   itemscope=\"itemscope\" itemtype=\"https:\/\/schema.org\/CreativeWork\" ><div class='av-inner-masonry-sizer'><\/div><figure class='av-inner-masonry main_color'><div class=\"av-masonry-outerimage-container\"><div class='av-masonry-image-container' style=\"background-image: url(https:\/\/grifk-handball.com\/naiset\/wp-content\/uploads\/sites\/3\/2025\/09\/Lillis-otteluraportti-705x470.png);\"  title=\"Lillis otteluraportti\" ><\/div><\/div><figcaption class='av-inner-masonry-content site-background'><div class='av-inner-masonry-content-pos'><div class='av-inner-masonry-content-pos-content'><div class='avia-arrow'><\/div><h3 class='av-masonry-entry-title entry-title '  itemprop=\"headline\" >Otteluraportti 13.9 HIFK vs GrIFK<\/h3><span class='av-masonry-date meta-color updated'>17.9.2025<\/span><span class=\"av-masonry-text-sep text-sep-author\">\/<\/span><span class='av-masonry-author meta-color author'><span class='fn'>by Ellen<\/span><\/span><\/div><\/div><\/figcaption><\/figure><\/a><!--end av-masonry entry--><a href=\"https:\/\/grifk-handball.com\/naiset\/kausi-2025-26\/ottelut-2025-26\/matchrapport-13-9-hifk-vs-grifk\/\"  id='av-masonry-1-item-13296' data-av-masonry-item='13296' class='av-masonry-entry isotope-item post-13296 post type-post status-publish format-standard has-post-thumbnail hentry category-kausi-2025-26 category-otteluraportit-2025-226 category-ottelut-2025-26 category-uutiset tag-aktialiga tag-aktialiiga tag-damernas-aktialiga tag-grifkdamer tag-grifkhandball tag-naisten-aktialiiga tag-matchrapport all_sort kausi-2025-26_sort  otteluraportit-2025-226_sort  ottelut-2025-26_sort  uutiset_sort  av-masonry-item-with-image' title=\"Lillis otteluraportti\"   itemscope=\"itemscope\" itemtype=\"https:\/\/schema.org\/CreativeWork\" ><div class='av-inner-masonry-sizer'><\/div><figure class='av-inner-masonry main_color'><div class=\"av-masonry-outerimage-container\"><div class='av-masonry-image-container' style=\"background-image: url(https:\/\/grifk-handball.com\/naiset\/wp-content\/uploads\/sites\/3\/2025\/09\/Lillis-otteluraportti-705x470.png);\"  title=\"Lillis otteluraportti\" ><\/div><\/div><figcaption class='av-inner-masonry-content site-background'><div class='av-inner-masonry-content-pos'><div class='av-inner-masonry-content-pos-content'><div class='avia-arrow'><\/div><h3 class='av-masonry-entry-title entry-title '  itemprop=\"headline\" >Matchrapport 13.9 HIFK vs GrIFK<\/h3><span class='av-masonry-date meta-color updated'>17.9.2025<\/span><span class=\"av-masonry-text-sep text-sep-author\">\/<\/span><span class='av-masonry-author meta-color author'><span class='fn'>by Ellen<\/span><\/span><\/div><\/div><\/figcaption><\/figure><\/a><!--end av-masonry entry--><a href=\"https:\/\/grifk-handball.com\/naiset\/kausi-2025-26\/ottelut-2025-26\/13-9-hifk-vs-grifk-26-27\/\"  id='av-masonry-1-item-13304' data-av-masonry-item='13304' class='av-masonry-entry isotope-item post-13304 post type-post status-publish format-standard has-post-thumbnail hentry category-kausi-2025-26 category-ottelut-2025-26 category-uutiset tag-aktialiga tag-aktialiiga tag-damernas-aktialiga tag-grifkdamer tag-grifkhandball tag-naisten-aktialiiga all_sort kausi-2025-26_sort  ottelut-2025-26_sort  uutiset_sort  av-masonry-item-with-image' title=\"_B7A7455\"   itemscope=\"itemscope\" itemtype=\"https:\/\/schema.org\/CreativeWork\" ><div class='av-inner-masonry-sizer'><\/div><figure class='av-inner-masonry main_color'><div class=\"av-masonry-outerimage-container\"><div class='av-masonry-image-container' style=\"background-image: url(https:\/\/grifk-handball.com\/naiset\/wp-content\/uploads\/sites\/3\/2025\/09\/B7A7455-705x469.jpg);\"  title=\"_B7A7455\" ><\/div><\/div><figcaption class='av-inner-masonry-content site-background'><div class='av-inner-masonry-content-pos'><div class='av-inner-masonry-content-pos-content'><div class='avia-arrow'><\/div><h3 class='av-masonry-entry-title entry-title '  itemprop=\"headline\" >13.9 HIFK vs GrIFK 26-27 (14-9)<\/h3><span class='av-masonry-date meta-color updated'>17.9.2025<\/span><span class=\"av-masonry-text-sep text-sep-author\">\/<\/span><span class='av-masonry-author meta-color author'><span class='fn'>by Ellen<\/span><\/span><\/div><\/div><\/figcaption><\/figure><\/a><!--end av-masonry entry--><a href=\"https:\/\/grifk-handball.com\/naiset\/kausi-2025-26\/ennakot-2025-26\/vierasottelu-13-9-2025-14-00-hifk-vs-grifk\/\"  id='av-masonry-1-item-13283' data-av-masonry-item='13283' class='av-masonry-entry isotope-item post-13283 post type-post status-publish format-standard has-post-thumbnail hentry category-ennakot-2025-26 category-uutiset tag-aktialiga tag-aktialiiga tag-damernas-aktialiga tag-grifkdamer tag-grifkhandball tag-mathildasandblom tag-naisten-aktialiiga tag-otteluennakko tag-runkosarja all_sort ennakot-2025-26_sort  uutiset_sort  av-masonry-item-with-image' title=\"Lillis otteluennakko (2)\"   itemscope=\"itemscope\" itemtype=\"https:\/\/schema.org\/CreativeWork\" ><div class='av-inner-masonry-sizer'><\/div><figure class='av-inner-masonry main_color'><div class=\"av-masonry-outerimage-container\"><div class='av-masonry-image-container' style=\"background-image: url(https:\/\/grifk-handball.com\/naiset\/wp-content\/uploads\/sites\/3\/2025\/09\/Lillis-otteluennakko-2-705x470.png);\"  title=\"Lillis otteluennakko (2)\" ><\/div><\/div><figcaption class='av-inner-masonry-content site-background'><div class='av-inner-masonry-content-pos'><div class='av-inner-masonry-content-pos-content'><div class='avia-arrow'><\/div><h3 class='av-masonry-entry-title entry-title '  itemprop=\"headline\" >Vierasottelu 13.9.2025 * 14.00 HIFK vs GrIFK<\/h3><span class='av-masonry-date meta-color updated'>12.9.2025<\/span><span class=\"av-masonry-text-sep text-sep-author\">\/<\/span><span class='av-masonry-author meta-color author'><span class='fn'>by Ellen<\/span><\/span><\/div><\/div><\/figcaption><\/figure><\/a><!--end av-masonry entry--><a href=\"https:\/\/grifk-handball.com\/naiset\/kausi-2025-26\/ennakot-2025-26\/bortamatch-13-9-2025-14-00-hifk-vs-grifk\/\"  id='av-masonry-1-item-13273' data-av-masonry-item='13273' class='av-masonry-entry isotope-item post-13273 post type-post status-publish format-standard has-post-thumbnail hentry category-ennakot-2025-26 category-uutiset tag-aktialiga tag-aktialiiga tag-damernas-aktialiga tag-grifkdamer tag-grifkhandball tag-mathildasandblom tag-naisten-aktialiiga tag-otteluennakko tag-runkosarja all_sort ennakot-2025-26_sort  uutiset_sort  av-masonry-item-with-image' title=\"Lillis otteluennakko (2)\"   itemscope=\"itemscope\" itemtype=\"https:\/\/schema.org\/CreativeWork\" ><div class='av-inner-masonry-sizer'><\/div><figure class='av-inner-masonry main_color'><div class=\"av-masonry-outerimage-container\"><div class='av-masonry-image-container' style=\"background-image: url(https:\/\/grifk-handball.com\/naiset\/wp-content\/uploads\/sites\/3\/2025\/09\/Lillis-otteluennakko-2-705x470.png);\"  title=\"Lillis otteluennakko (2)\" ><\/div><\/div><figcaption class='av-inner-masonry-content site-background'><div class='av-inner-masonry-content-pos'><div class='av-inner-masonry-content-pos-content'><div class='avia-arrow'><\/div><h3 class='av-masonry-entry-title entry-title '  itemprop=\"headline\" >Bortamatch 13.9.2025 * 14.00 HIFK vs GrIFK<\/h3><span class='av-masonry-date meta-color updated'>12.9.2025<\/span><span class=\"av-masonry-text-sep text-sep-author\">\/<\/span><span class='av-masonry-author meta-color author'><span class='fn'>by Ellen<\/span><\/span><\/div><\/div><\/figcaption><\/figure><\/a><!--end av-masonry entry--><a href=\"https:\/\/grifk-handball.com\/naiset\/kausi-2025-26\/ottelut-2025-26\/otteluraportti-6-9-grifk-vs-dicken\/\"  id='av-masonry-1-item-13265' data-av-masonry-item='13265' class='av-masonry-entry isotope-item post-13265 post type-post status-publish format-standard has-post-thumbnail hentry category-kausi-2025-26 category-otteluraportit-2025-226 category-ottelut-2025-26 category-uutiset tag-aktialiga tag-aktialiiga tag-damernas-aktialiga tag-grifkdamer tag-grifkhandball tag-naisten-aktialiiga tag-otteluraportti all_sort kausi-2025-26_sort  otteluraportit-2025-226_sort  ottelut-2025-26_sort  uutiset_sort  av-masonry-item-with-image' title=\"GB7A1021\"   itemscope=\"itemscope\" itemtype=\"https:\/\/schema.org\/CreativeWork\" ><div class='av-inner-masonry-sizer'><\/div><figure class='av-inner-masonry main_color'><div class=\"av-masonry-outerimage-container\"><div class='av-masonry-image-container' style=\"background-image: url(https:\/\/grifk-handball.com\/naiset\/wp-content\/uploads\/sites\/3\/2025\/09\/GB7A1021-705x470.jpg);\"  title=\"GB7A1021\" ><\/div><\/div><figcaption class='av-inner-masonry-content site-background'><div class='av-inner-masonry-content-pos'><div class='av-inner-masonry-content-pos-content'><div class='avia-arrow'><\/div><h3 class='av-masonry-entry-title entry-title '  itemprop=\"headline\" >Otteluraportti 6.9 GrIFK vs Dicken<\/h3><span class='av-masonry-date meta-color updated'>9.9.2025<\/span><span class=\"av-masonry-text-sep text-sep-author\">\/<\/span><span class='av-masonry-author meta-color author'><span class='fn'>by Ellen<\/span><\/span><\/div><\/div><\/figcaption><\/figure><\/a><!--end av-masonry entry--><a href=\"https:\/\/grifk-handball.com\/naiset\/kausi-2025-26\/ottelut-2025-26\/matchrapport-6-9-grifk-vs-dicken\/\"  id='av-masonry-1-item-13260' data-av-masonry-item='13260' class='av-masonry-entry isotope-item post-13260 post type-post status-publish format-standard has-post-thumbnail hentry category-kausi-2025-26 category-otteluraportit-2025-226 category-ottelut-2025-26 category-uutiset tag-aktialiga tag-aktialiiga tag-damernas-aktialiga tag-grifkdamer tag-grifkhandball tag-naisten-aktialiiga tag-matchrapport all_sort kausi-2025-26_sort  otteluraportit-2025-226_sort  ottelut-2025-26_sort  uutiset_sort  av-masonry-item-with-image' title=\"GB7A1021\"   itemscope=\"itemscope\" itemtype=\"https:\/\/schema.org\/CreativeWork\" ><div class='av-inner-masonry-sizer'><\/div><figure class='av-inner-masonry main_color'><div class=\"av-masonry-outerimage-container\"><div class='av-masonry-image-container' style=\"background-image: url(https:\/\/grifk-handball.com\/naiset\/wp-content\/uploads\/sites\/3\/2025\/09\/GB7A1021-705x470.jpg);\"  title=\"GB7A1021\" ><\/div><\/div><figcaption class='av-inner-masonry-content site-background'><div class='av-inner-masonry-content-pos'><div class='av-inner-masonry-content-pos-content'><div class='avia-arrow'><\/div><h3 class='av-masonry-entry-title entry-title '  itemprop=\"headline\" >Matchrapport 6.9 GrIFK vs Dicken<\/h3><span class='av-masonry-date meta-color updated'>9.9.2025<\/span><span class=\"av-masonry-text-sep text-sep-author\">\/<\/span><span class='av-masonry-author meta-color author'><span class='fn'>by Ellen<\/span><\/span><\/div><\/div><\/figcaption><\/figure><\/a><!--end av-masonry entry--><a href=\"https:\/\/grifk-handball.com\/naiset\/kausi-2025-26\/ottelut-2025-26\/2-9-suomen-cup-dicken-island-girls-vs-grifk-19-30\/\"  id='av-masonry-1-item-13231' data-av-masonry-item='13231' class='av-masonry-entry isotope-item post-13231 post type-post status-publish format-standard has-post-thumbnail hentry category-kausi-2025-26 category-ottelut-2025-26 category-uutiset tag-aktialiga tag-aktialiiga tag-damernas-aktialiga tag-grifkdamer tag-grifkhandball tag-naisten-aktialiiga all_sort kausi-2025-26_sort  ottelut-2025-26_sort  uutiset_sort  av-masonry-item-with-image' title=\"GB7A1112\"   itemscope=\"itemscope\" itemtype=\"https:\/\/schema.org\/CreativeWork\" ><div class='av-inner-masonry-sizer'><\/div><figure class='av-inner-masonry main_color'><div class=\"av-masonry-outerimage-container\"><div class='av-masonry-image-container' style=\"background-image: url(https:\/\/grifk-handball.com\/naiset\/wp-content\/uploads\/sites\/3\/2025\/09\/GB7A1112-705x470.jpg);\"  title=\"GB7A1112\" ><\/div><\/div><figcaption class='av-inner-masonry-content site-background'><div class='av-inner-masonry-content-pos'><div class='av-inner-masonry-content-pos-content'><div class='avia-arrow'><\/div><h3 class='av-masonry-entry-title entry-title '  itemprop=\"headline\" >6.9 GrIFK vs Dicken 31-12 (13-3)<\/h3><span class='av-masonry-date meta-color updated'>8.9.2025<\/span><span class=\"av-masonry-text-sep text-sep-author\">\/<\/span><span class='av-masonry-author meta-color author'><span class='fn'>by Ellen<\/span><\/span><\/div><\/div><\/figcaption><\/figure><\/a><!--end av-masonry entry--><a href=\"https:\/\/grifk-handball.com\/naiset\/kausi-2025-26\/ottelut-2025-26\/6-9-grifk-vs-dicken-31-12\/\"  id='av-masonry-1-item-13182' data-av-masonry-item='13182' class='av-masonry-entry isotope-item post-13182 post type-post status-publish format-standard has-post-thumbnail hentry category-kausi-2025-26 category-ottelut-2025-26 category-uutiset tag-grifkdamer tag-grifkhandball tag-naisten-suomen-cup tag-suomencup tag-suomen-cup all_sort kausi-2025-26_sort  ottelut-2025-26_sort  uutiset_sort  av-masonry-item-with-image' title=\"_B7A3322\"   itemscope=\"itemscope\" itemtype=\"https:\/\/schema.org\/CreativeWork\" ><div class='av-inner-masonry-sizer'><\/div><figure class='av-inner-masonry main_color'><div class=\"av-masonry-outerimage-container\"><div class='av-masonry-image-container' style=\"background-image: url(https:\/\/grifk-handball.com\/naiset\/wp-content\/uploads\/sites\/3\/2025\/09\/B7A3322-705x470.jpg);\"  title=\"_B7A3322\" ><\/div><\/div><figcaption class='av-inner-masonry-content site-background'><div class='av-inner-masonry-content-pos'><div class='av-inner-masonry-content-pos-content'><div class='avia-arrow'><\/div><h3 class='av-masonry-entry-title entry-title '  itemprop=\"headline\" >2.9 Suomen Cup: Dicken Island Girls vs GrIFK 19-30 (7-16)<\/h3><span class='av-masonry-date meta-color updated'>8.9.2025<\/span><span class=\"av-masonry-text-sep text-sep-author\">\/<\/span><span class='av-masonry-author meta-color author'><span class='fn'>by Ellen<\/span><\/span><\/div><\/div><\/figcaption><\/figure><\/a><!--end av-masonry entry--><a href=\"https:\/\/grifk-handball.com\/naiset\/kausi-2025-26\/ennakot-2025-26\/hemmamatch-6-9-2025-13-30-grifk-vs-dicken\/\"  id='av-masonry-1-item-13108' data-av-masonry-item='13108' class='av-masonry-entry isotope-item post-13108 post type-post status-publish format-standard has-post-thumbnail hentry category-ennakot-2025-26 category-uutiset tag-aktialiga tag-aktialiiga tag-damernas-aktialiga tag-greta-wiren tag-grifkdamer tag-grifkhandball tag-naisten-aktialiiga tag-otteluennakko tag-runkosarja all_sort ennakot-2025-26_sort  uutiset_sort  av-masonry-item-with-image' title=\"_B7A3603\"   itemscope=\"itemscope\" itemtype=\"https:\/\/schema.org\/CreativeWork\" ><div class='av-inner-masonry-sizer'><\/div><figure class='av-inner-masonry main_color'><div class=\"av-masonry-outerimage-container\"><div class='av-masonry-image-container' style=\"background-image: url(https:\/\/grifk-handball.com\/naiset\/wp-content\/uploads\/sites\/3\/2025\/09\/B7A3603-705x470.jpg);\"  title=\"_B7A3603\" ><\/div><\/div><figcaption class='av-inner-masonry-content site-background'><div class='av-inner-masonry-content-pos'><div class='av-inner-masonry-content-pos-content'><div class='avia-arrow'><\/div><h3 class='av-masonry-entry-title entry-title '  itemprop=\"headline\" >Hemmamatch 6.9.2025 * 13.30 GrIFK vs Dicken<\/h3><span class='av-masonry-date meta-color updated'>5.9.2025<\/span><span class=\"av-masonry-text-sep text-sep-author\">\/<\/span><span class='av-masonry-author meta-color author'><span class='fn'>by Ellen<\/span><\/span><\/div><\/div><\/figcaption><\/figure><\/a><!--end av-masonry entry--><a href=\"https:\/\/grifk-handball.com\/naiset\/kausi-2025-26\/ennakot-2025-26\/kotiottelu-6-9-2025-13-30-grifk-vs-dicken\/\"  id='av-masonry-1-item-13104' data-av-masonry-item='13104' class='av-masonry-entry isotope-item post-13104 post type-post status-publish format-standard has-post-thumbnail hentry category-ennakot-2025-26 category-uutiset tag-aktialiga tag-aktialiiga tag-damernas-aktialiga tag-greta-wiren tag-grifkdamer tag-grifkhandball tag-naisten-aktialiiga tag-otteluennakko tag-runkosarja all_sort ennakot-2025-26_sort  uutiset_sort  av-masonry-item-with-image' title=\"_B7A3603\"   itemscope=\"itemscope\" itemtype=\"https:\/\/schema.org\/CreativeWork\" ><div class='av-inner-masonry-sizer'><\/div><figure class='av-inner-masonry main_color'><div class=\"av-masonry-outerimage-container\"><div class='av-masonry-image-container' style=\"background-image: url(https:\/\/grifk-handball.com\/naiset\/wp-content\/uploads\/sites\/3\/2025\/09\/B7A3603-705x470.jpg);\"  title=\"_B7A3603\" ><\/div><\/div><figcaption class='av-inner-masonry-content site-background'><div class='av-inner-masonry-content-pos'><div class='av-inner-masonry-content-pos-content'><div class='avia-arrow'><\/div><h3 class='av-masonry-entry-title entry-title '  itemprop=\"headline\" >Kotiottelu 6.9.2025 * 13.30 GrIFK vs Dicken<\/h3><span class='av-masonry-date meta-color updated'>5.9.2025<\/span><span class=\"av-masonry-text-sep text-sep-author\">\/<\/span><span class='av-masonry-author meta-color author'><span class='fn'>by Ellen<\/span><\/span><\/div><\/div><\/figcaption><\/figure><\/a><!--end av-masonry entry--><a href=\"https:\/\/grifk-handball.com\/naiset\/kausi-2025-26\/nyt-on-aika-hankkia-kausikortti-kaudelle-25-26\/\"  id='av-masonry-1-item-12964' data-av-masonry-item='12964' class='av-masonry-entry isotope-item post-12964 post type-post status-publish format-standard has-post-thumbnail hentry category-kausi-2025-26 category-uutiset tag-aktialiiga tag-balticsealeague tag-grifkdamer tag-grifkhandboll tag-vispelarforgrankulla tag-grifk all_sort kausi-2025-26_sort  uutiset_sort  av-masonry-item-with-image' title=\"FI\"   itemscope=\"itemscope\" itemtype=\"https:\/\/schema.org\/CreativeWork\" ><div class='av-inner-masonry-sizer'><\/div><figure class='av-inner-masonry main_color'><div class=\"av-masonry-outerimage-container\"><div class='av-masonry-image-container' style=\"background-image: url(https:\/\/grifk-handball.com\/naiset\/wp-content\/uploads\/sites\/3\/2025\/09\/FI-705x290.jpg);\"  title=\"FI\" ><\/div><\/div><figcaption class='av-inner-masonry-content site-background'><div class='av-inner-masonry-content-pos'><div class='av-inner-masonry-content-pos-content'><div class='avia-arrow'><\/div><h3 class='av-masonry-entry-title entry-title '  itemprop=\"headline\" >Nyt on aika hankkia kausikortti kaudelle 25\/26!<\/h3><span class='av-masonry-date meta-color updated'>4.9.2025<\/span><span class=\"av-masonry-text-sep text-sep-author\">\/<\/span><span class='av-masonry-author meta-color author'><span class='fn'>by Ellen<\/span><\/span><\/div><\/div><\/figcaption><\/figure><\/a><!--end av-masonry entry--><a href=\"https:\/\/grifk-handball.com\/naiset\/kausi-2025-26\/dags-att-skaffa-sasongskort-infor-sasongen-25-26\/\"  id='av-masonry-1-item-12959' data-av-masonry-item='12959' class='av-masonry-entry isotope-item post-12959 post type-post status-publish format-standard has-post-thumbnail hentry category-kausi-2025-26 category-uutiset tag-aktialiiga tag-balticsealeague tag-finnhandball tag-grifkdamer tag-grifkhandboll tag-vispelarforgrankulla tag-grifk all_sort kausi-2025-26_sort  uutiset_sort  av-masonry-item-with-image' title=\"SV (1)\"   itemscope=\"itemscope\" itemtype=\"https:\/\/schema.org\/CreativeWork\" ><div class='av-inner-masonry-sizer'><\/div><figure class='av-inner-masonry main_color'><div class=\"av-masonry-outerimage-container\"><div class='av-masonry-image-container' style=\"background-image: url(https:\/\/grifk-handball.com\/naiset\/wp-content\/uploads\/sites\/3\/2025\/09\/SV-1-705x290.jpg);\"  title=\"SV (1)\" ><\/div><\/div><figcaption class='av-inner-masonry-content site-background'><div class='av-inner-masonry-content-pos'><div class='av-inner-masonry-content-pos-content'><div class='avia-arrow'><\/div><h3 class='av-masonry-entry-title entry-title '  itemprop=\"headline\" >Dags att skaffa s\u00e4songskort inf\u00f6r s\u00e4songen 25\/26!<\/h3><span class='av-masonry-date meta-color updated'>4.9.2025<\/span><span class=\"av-masonry-text-sep text-sep-author\">\/<\/span><span class='av-masonry-author meta-color author'><span class='fn'>by Ellen<\/span><\/span><\/div><\/div><\/figcaption><\/figure><\/a><!--end av-masonry entry--><a href=\"https:\/\/grifk-handball.com\/naiset\/uutiset\/kolmas-perakkainen-kulta-kesa-on-taalla\/\"  id='av-masonry-1-item-12849' data-av-masonry-item='12849' class='av-masonry-entry isotope-item post-12849 post type-post status-publish format-standard has-post-thumbnail hentry category-uutiset tag-aktialiga tag-cecilia-heinrichs tag-coachanka tag-coachbianca tag-coachcarre tag-coachpava tag-corinna-jensen tag-damernas-aktialiga tag-ella-paukku tag-fanny-reinikainen tag-freja-siivonen tag-fysiofreddo tag-grifkdamer tag-grifkhandball tag-linnea-harms tag-wbshl tag-womens-baltic-sea-handball-league all_sort uutiset_sort  av-masonry-item-with-image' title=\"GB7A5788\"   itemscope=\"itemscope\" itemtype=\"https:\/\/schema.org\/CreativeWork\" ><div class='av-inner-masonry-sizer'><\/div><figure class='av-inner-masonry main_color'><div class=\"av-masonry-outerimage-container\"><div class='av-masonry-image-container' style=\"background-image: url(https:\/\/grifk-handball.com\/naiset\/wp-content\/uploads\/sites\/3\/2025\/06\/GB7A5788-705x470.jpg);\"  title=\"GB7A5788\" ><\/div><\/div><figcaption class='av-inner-masonry-content site-background'><div class='av-inner-masonry-content-pos'><div class='av-inner-masonry-content-pos-content'><div class='avia-arrow'><\/div><h3 class='av-masonry-entry-title entry-title '  itemprop=\"headline\" >Kolmas per\u00e4kk\u00e4inen kulta &#8211; kes\u00e4 on t\u00e4\u00e4ll\u00e4<\/h3><span class='av-masonry-date meta-color updated'>30.6.2025<\/span><span class=\"av-masonry-text-sep text-sep-author\">\/<\/span><span class='av-masonry-author meta-color author'><span class='fn'>by irajessica<\/span><\/span><\/div><\/div><\/figcaption><\/figure><\/a><!--end av-masonry entry--><a href=\"https:\/\/grifk-handball.com\/naiset\/uutiset\/tredje-guldet-pa-raken-sommaren-ar-har\/\"  id='av-masonry-1-item-12844' data-av-masonry-item='12844' class='av-masonry-entry isotope-item post-12844 post type-post status-publish format-standard has-post-thumbnail hentry category-uutiset tag-aktialiga tag-cecilia-heinrichs tag-coachanka tag-coachbianca tag-coachcarre tag-coachpava tag-corinna-jensen tag-damernas-aktialiga tag-ella-paukku tag-fanny-reinikainen tag-freja-siivonen tag-fysiofreddo tag-grifkdamer tag-grifkhandball tag-linnea-harms tag-wbshl tag-womens-baltic-sea-handball-league all_sort uutiset_sort  av-masonry-item-with-image' title=\"GB7A5788\"   itemscope=\"itemscope\" itemtype=\"https:\/\/schema.org\/CreativeWork\" ><div class='av-inner-masonry-sizer'><\/div><figure class='av-inner-masonry main_color'><div class=\"av-masonry-outerimage-container\"><div class='av-masonry-image-container' style=\"background-image: url(https:\/\/grifk-handball.com\/naiset\/wp-content\/uploads\/sites\/3\/2025\/06\/GB7A5788-705x470.jpg);\"  title=\"GB7A5788\" ><\/div><\/div><figcaption class='av-inner-masonry-content site-background'><div class='av-inner-masonry-content-pos'><div class='av-inner-masonry-content-pos-content'><div class='avia-arrow'><\/div><h3 class='av-masonry-entry-title entry-title '  itemprop=\"headline\" >Tredje guldet p\u00e5 raken &#8211; sommaren \u00e4r h\u00e4r<\/h3><span class='av-masonry-date meta-color updated'>30.6.2025<\/span><span class=\"av-masonry-text-sep text-sep-author\">\/<\/span><span class='av-masonry-author meta-color author'><span class='fn'>by irajessica<\/span><\/span><\/div><\/div><\/figcaption><\/figure><\/a><!--end av-masonry entry--><a href=\"https:\/\/grifk-handball.com\/naiset\/uutiset\/semifinal-3-lordag-5-4-13-30-grifk-bk-46-2\/\"  id='av-masonry-1-item-12777' data-av-masonry-item='12777' class='av-masonry-entry isotope-item post-12777 post type-post status-publish format-standard has-post-thumbnail hentry category-ennakot-2024-25 category-uutiset tag-aktialiga tag-aktialiiga tag-damernas-aktialiga tag-fanny-reinikainen tag-grifkdamer tag-grifkhandball tag-naisten-aktialiiga tag-otteluennakko tag-playoff tag-semifinal all_sort ennakot-2024-25_sort  uutiset_sort  av-masonry-item-with-image' title=\"WhatsApp Image 2024-12-19 at 20.32.01\"   itemscope=\"itemscope\" itemtype=\"https:\/\/schema.org\/CreativeWork\" ><div class='av-inner-masonry-sizer'><\/div><figure class='av-inner-masonry main_color'><div class=\"av-masonry-outerimage-container\"><div class='av-masonry-image-container' style=\"background-image: url(https:\/\/grifk-handball.com\/naiset\/wp-content\/uploads\/sites\/3\/2025\/04\/WhatsApp-Image-2024-12-19-at-20.32.01-e1743790076820-705x479.jpeg);\"  title=\"WhatsApp Image 2024-12-19 at 20.32.01\" ><\/div><\/div><figcaption class='av-inner-masonry-content site-background'><div class='av-inner-masonry-content-pos'><div class='av-inner-masonry-content-pos-content'><div class='avia-arrow'><\/div><h3 class='av-masonry-entry-title entry-title '  itemprop=\"headline\" >V\u00e4lier\u00e4 3 lauantaina 5.4. * 13.30: GrIFK \u2013 BK-46<\/h3><span class='av-masonry-date meta-color updated'>4.4.2025<\/span><span class=\"av-masonry-text-sep text-sep-author\">\/<\/span><span class='av-masonry-author meta-color author'><span class='fn'>by irajessica<\/span><\/span><\/div><\/div><\/figcaption><\/figure><\/a><!--end av-masonry entry--><a href=\"https:\/\/grifk-handball.com\/naiset\/uutiset\/semifinal-3-lordag-5-4-13-30-grifk-bk-46\/\"  id='av-masonry-1-item-12767' data-av-masonry-item='12767' class='av-masonry-entry isotope-item post-12767 post type-post status-publish format-standard has-post-thumbnail hentry category-ennakot-2024-25 category-uutiset tag-aktialiga tag-aktialiiga tag-damernas-aktialiga tag-fanny-reinikainen tag-grifkdamer tag-grifkhandball tag-naisten-aktialiiga tag-otteluennakko tag-playoff tag-semifinal all_sort ennakot-2024-25_sort  uutiset_sort  av-masonry-item-with-image' title=\"WhatsApp Image 2024-12-19 at 20.32.01\"   itemscope=\"itemscope\" itemtype=\"https:\/\/schema.org\/CreativeWork\" ><div class='av-inner-masonry-sizer'><\/div><figure class='av-inner-masonry main_color'><div class=\"av-masonry-outerimage-container\"><div class='av-masonry-image-container' style=\"background-image: url(https:\/\/grifk-handball.com\/naiset\/wp-content\/uploads\/sites\/3\/2025\/04\/WhatsApp-Image-2024-12-19-at-20.32.01-e1743790076820-705x479.jpeg);\"  title=\"WhatsApp Image 2024-12-19 at 20.32.01\" ><\/div><\/div><figcaption class='av-inner-masonry-content site-background'><div class='av-inner-masonry-content-pos'><div class='av-inner-masonry-content-pos-content'><div class='avia-arrow'><\/div><h3 class='av-masonry-entry-title entry-title '  itemprop=\"headline\" >Semifinal 3 l\u00f6rdag 5.4 * 13.30: GrIFK \u2013 BK-46<\/h3><span class='av-masonry-date meta-color updated'>4.4.2025<\/span><span class=\"av-masonry-text-sep text-sep-author\">\/<\/span><span class='av-masonry-author meta-color author'><span class='fn'>by irajessica<\/span><\/span><\/div><\/div><\/figcaption><\/figure><\/a><!--end av-masonry entry--><a href=\"https:\/\/grifk-handball.com\/naiset\/uutiset\/pava-johanson-fortsatter-med-grifk-damer\/\"  id='av-masonry-1-item-12737' data-av-masonry-item='12737' class='av-masonry-entry isotope-item post-12737 post type-post status-publish format-standard has-post-thumbnail hentry category-uutiset tag-aktialiga tag-aktialiiga tag-damernas-aktialiga tag-grifkdamer tag-grifkhandball tag-naisten-aktialiiga tag-patrik-johanson tag-pava tag-semifinal tag-runkosarja all_sort uutiset_sort  av-masonry-item-with-image' title=\"_B7A6121\"   itemscope=\"itemscope\" itemtype=\"https:\/\/schema.org\/CreativeWork\" ><div class='av-inner-masonry-sizer'><\/div><figure class='av-inner-masonry main_color'><div class=\"av-masonry-outerimage-container\"><div class='av-masonry-image-container' style=\"background-image: url(https:\/\/grifk-handball.com\/naiset\/wp-content\/uploads\/sites\/3\/2025\/03\/B7A6121-705x470.jpg);\"  title=\"_B7A6121\" ><\/div><\/div><figcaption class='av-inner-masonry-content site-background'><div class='av-inner-masonry-content-pos'><div class='av-inner-masonry-content-pos-content'><div class='avia-arrow'><\/div><h3 class='av-masonry-entry-title entry-title '  itemprop=\"headline\" >Pava Johanson forts\u00e4tter tr\u00e4na GrIFK damer<\/h3><span class='av-masonry-date meta-color updated'>29.3.2025<\/span><span class=\"av-masonry-text-sep text-sep-author\">\/<\/span><span class='av-masonry-author meta-color author'><span class='fn'>by irajessica<\/span><\/span><\/div><\/div><\/figcaption><\/figure><\/a><!--end av-masonry entry--><a href=\"https:\/\/grifk-handball.com\/naiset\/uutiset\/womens-baltic-sea-handball-league-final-weekend-in-kauniainen-on-march-21-23\/\"  id='av-masonry-1-item-12721' data-av-masonry-item='12721' class='av-masonry-entry isotope-item post-12721 post type-post status-publish format-standard has-post-thumbnail hentry category-uutiset tag-final tag-grifkdamer tag-wbshl tag-womens-baltic-sea-handball-league all_sort uutiset_sort  av-masonry-item-with-image' title=\"GrIFK WBSHL 2023-24\"   itemscope=\"itemscope\" itemtype=\"https:\/\/schema.org\/CreativeWork\" ><div class='av-inner-masonry-sizer'><\/div><figure class='av-inner-masonry main_color'><div class=\"av-masonry-outerimage-container\"><div class='av-masonry-image-container' style=\"background-image: url(https:\/\/grifk-handball.com\/naiset\/wp-content\/uploads\/sites\/3\/2025\/03\/GrIFK-WBSHL-2023-24-705x404.jpeg);\"  title=\"GrIFK WBSHL 2023-24\" ><\/div><\/div><figcaption class='av-inner-masonry-content site-background'><div class='av-inner-masonry-content-pos'><div class='av-inner-masonry-content-pos-content'><div class='avia-arrow'><\/div><h3 class='av-masonry-entry-title entry-title '  itemprop=\"headline\" >Women&#8217;s Baltic Sea Handball League \u2013 final weekend in Kauniainen on March 21-23<\/h3><span class='av-masonry-date meta-color updated'>21.3.2025<\/span><span class=\"av-masonry-text-sep text-sep-author\">\/<\/span><span class='av-masonry-author meta-color author'><span class='fn'>by irajessica<\/span><\/span><\/div><\/div><\/figcaption><\/figure><\/a><!--end av-masonry entry--><a href=\"https:\/\/grifk-handball.com\/naiset\/uutiset\/naisten-baltic-sea-liiga-finaaliviikonloppu-kauniaisissa-21-23-3\/\"  id='av-masonry-1-item-12720' data-av-masonry-item='12720' class='av-masonry-entry isotope-item post-12720 post type-post status-publish format-standard has-post-thumbnail hentry category-uutiset tag-final tag-grifkdamer tag-wbshl tag-womens-baltic-sea-handball-league all_sort uutiset_sort  av-masonry-item-with-image' title=\"GrIFK WBSHL 2023-24\"   itemscope=\"itemscope\" itemtype=\"https:\/\/schema.org\/CreativeWork\" ><div class='av-inner-masonry-sizer'><\/div><figure class='av-inner-masonry main_color'><div class=\"av-masonry-outerimage-container\"><div class='av-masonry-image-container' style=\"background-image: url(https:\/\/grifk-handball.com\/naiset\/wp-content\/uploads\/sites\/3\/2025\/03\/GrIFK-WBSHL-2023-24-705x404.jpeg);\"  title=\"GrIFK WBSHL 2023-24\" ><\/div><\/div><figcaption class='av-inner-masonry-content site-background'><div class='av-inner-masonry-content-pos'><div class='av-inner-masonry-content-pos-content'><div class='avia-arrow'><\/div><h3 class='av-masonry-entry-title entry-title '  itemprop=\"headline\" >Naisten Baltic Sea Liiga \u2013 Finaaliviikonloppu Kauniaisissa 21-23.3<\/h3><span class='av-masonry-date meta-color updated'>21.3.2025<\/span><span class=\"av-masonry-text-sep text-sep-author\">\/<\/span><span class='av-masonry-author meta-color author'><span class='fn'>by irajessica<\/span><\/span><\/div><\/div><\/figcaption><\/figure><\/a><!--end av-masonry entry--><a href=\"https:\/\/grifk-handball.com\/naiset\/uutiset\/damernas-baltiska-liga-finalhelg-i-grankulla-21-23-3\/\"  id='av-masonry-1-item-12708' data-av-masonry-item='12708' class='av-masonry-entry isotope-item post-12708 post type-post status-publish format-standard has-post-thumbnail hentry category-uutiset tag-final tag-grifkdamer tag-wbshl tag-womens-baltic-sea-handball-league all_sort uutiset_sort  av-masonry-item-with-image' title=\"GrIFK WBSHL 2023-24\"   itemscope=\"itemscope\" itemtype=\"https:\/\/schema.org\/CreativeWork\" ><div class='av-inner-masonry-sizer'><\/div><figure class='av-inner-masonry main_color'><div class=\"av-masonry-outerimage-container\"><div class='av-masonry-image-container' style=\"background-image: url(https:\/\/grifk-handball.com\/naiset\/wp-content\/uploads\/sites\/3\/2025\/03\/GrIFK-WBSHL-2023-24-705x404.jpeg);\"  title=\"GrIFK WBSHL 2023-24\" ><\/div><\/div><figcaption class='av-inner-masonry-content site-background'><div class='av-inner-masonry-content-pos'><div class='av-inner-masonry-content-pos-content'><div class='avia-arrow'><\/div><h3 class='av-masonry-entry-title entry-title '  itemprop=\"headline\" >Damernas Baltiska liga &#8211; finalhelg i Grankulla 21-23.3<\/h3><span class='av-masonry-date meta-color updated'>19.3.2025<\/span><span class=\"av-masonry-text-sep text-sep-author\">\/<\/span><span class='av-masonry-author meta-color author'><span class='fn'>by irajessica<\/span><\/span><\/div><\/div><\/figcaption><\/figure><\/a><!--end av-masonry entry--><a href=\"https:\/\/grifk-handball.com\/naiset\/uutiset\/stralande-sasongen-forsatter-efter-julpausen\/\"  id='av-masonry-1-item-12598' data-av-masonry-item='12598' class='av-masonry-entry isotope-item post-12598 post type-post status-publish format-standard has-post-thumbnail hentry category-uutiset tag-aktialiga tag-aktialiiga tag-coach-freddo tag-coachanka tag-coachbianca tag-coachcarre tag-coachpava tag-damernas-aktialiga tag-grifkdamer tag-grifkhandball tag-naisten-aktialiiga tag-runkosarja all_sort uutiset_sort  av-masonry-item-with-image' title=\"_B7A6139\"   itemscope=\"itemscope\" itemtype=\"https:\/\/schema.org\/CreativeWork\" ><div class='av-inner-masonry-sizer'><\/div><figure class='av-inner-masonry main_color'><div class=\"av-masonry-outerimage-container\"><div class='av-masonry-image-container' style=\"background-image: url(https:\/\/grifk-handball.com\/naiset\/wp-content\/uploads\/sites\/3\/2025\/01\/B7A6139-e1736167300552-705x470.jpg);\"  title=\"_B7A6139\" ><\/div><\/div><figcaption class='av-inner-masonry-content site-background'><div class='av-inner-masonry-content-pos'><div class='av-inner-masonry-content-pos-content'><div class='avia-arrow'><\/div><h3 class='av-masonry-entry-title entry-title '  itemprop=\"headline\" >Str\u00e5lande s\u00e4songen fors\u00e4tter efter julpausen<\/h3><span class='av-masonry-date meta-color updated'>6.1.2025<\/span><span class=\"av-masonry-text-sep text-sep-author\">\/<\/span><span class='av-masonry-author meta-color author'><span class='fn'>by irajessica<\/span><\/span><\/div><\/div><\/figcaption><\/figure><\/a><!--end av-masonry entry--><a href=\"https:\/\/grifk-handball.com\/naiset\/uutiset\/forsta-matchen-i-baltiska-ligan-for-sasongen-2024-2025\/\"  id='av-masonry-1-item-12555' data-av-masonry-item='12555' class='av-masonry-entry isotope-item post-12555 post type-post status-publish format-standard has-post-thumbnail hentry category-ennakot-2024-25 category-uutiset tag-coachanka tag-coachbianca tag-coachcarre tag-coachpava tag-grifkdamer tag-grifkhandball tag-otteluennakko tag-hifk tag-womens-baltic-sea-handball-league all_sort ennakot-2024-25_sort  uutiset_sort  av-masonry-item-with-image' title=\"_B7A3587\"   itemscope=\"itemscope\" itemtype=\"https:\/\/schema.org\/CreativeWork\" ><div class='av-inner-masonry-sizer'><\/div><figure class='av-inner-masonry main_color'><div class=\"av-masonry-outerimage-container\"><div class='av-masonry-image-container' style=\"background-image: url(https:\/\/grifk-handball.com\/naiset\/wp-content\/uploads\/sites\/3\/2024\/11\/B7A3587-e1732034658177-705x433.jpg);\"  title=\"_B7A3587\" ><\/div><\/div><figcaption class='av-inner-masonry-content site-background'><div class='av-inner-masonry-content-pos'><div class='av-inner-masonry-content-pos-content'><div class='avia-arrow'><\/div><h3 class='av-masonry-entry-title entry-title '  itemprop=\"headline\" >F\u00f6rsta matchen i Baltiska ligan f\u00f6r s\u00e4songen 2024-2025<\/h3><span class='av-masonry-date meta-color updated'>19.11.2024<\/span><span class=\"av-masonry-text-sep text-sep-author\">\/<\/span><span class='av-masonry-author meta-color author'><span class='fn'>by irajessica<\/span><\/span><\/div><\/div><\/figcaption><\/figure><\/a><!--end av-masonry entry--><a href=\"https:\/\/grifk-handball.com\/naiset\/uutiset\/spelarlan-starker-grifk-sif-och-finsk-damhandboll\/\"  id='av-masonry-1-item-12488' data-av-masonry-item='12488' class='av-masonry-entry isotope-item post-12488 post type-post status-publish format-standard has-post-thumbnail hentry category-uutiset tag-aktialiga tag-aktialiiga tag-grifk-young-ladies tag-grifkdamer tag-lillemor-wilen tag-mathilda-nevala-lehtonen tag-sifdamer tag-unni-laaksonen all_sort uutiset_sort  av-masonry-item-with-image' title=\"WhatsApp Image 2024-10-03 at 17.47.20\"   itemscope=\"itemscope\" itemtype=\"https:\/\/schema.org\/CreativeWork\" ><div class='av-inner-masonry-sizer'><\/div><figure class='av-inner-masonry main_color'><div class=\"av-masonry-outerimage-container\"><div class='av-masonry-image-container' style=\"background-image: url(https:\/\/grifk-handball.com\/naiset\/wp-content\/uploads\/sites\/3\/2024\/10\/WhatsApp-Image-2024-10-03-at-17.47.20-705x705.jpeg);\"  title=\"WhatsApp Image 2024-10-03 at 17.47.20\" ><\/div><\/div><figcaption class='av-inner-masonry-content site-background'><div class='av-inner-masonry-content-pos'><div class='av-inner-masonry-content-pos-content'><div class='avia-arrow'><\/div><h3 class='av-masonry-entry-title entry-title '  itemprop=\"headline\" >Spelarl\u00e5n st\u00e4rker GrIFK, SIF och finsk damhandboll<\/h3><span class='av-masonry-date meta-color updated'>3.10.2024<\/span><span class=\"av-masonry-text-sep text-sep-author\">\/<\/span><span class='av-masonry-author meta-color author'><span class='fn'>by irajessica<\/span><\/span><\/div><\/div><\/figcaption><\/figure><\/a><!--end av-masonry entry--><a href=\"https:\/\/grifk-handball.com\/naiset\/uutiset\/ny-sasong-samma-slogan-alltid-lite-battre\/\"  id='av-masonry-1-item-12012' data-av-masonry-item='12012' class='av-masonry-entry isotope-item post-12012 post type-post status-publish format-standard has-post-thumbnail hentry category-uutiset tag-grifkdamer tag-grifkhandball tag-vispelarforgrankulla tag-2024-2025 tag-joukkue-2024-25 all_sort uutiset_sort  av-masonry-item-with-image' title=\"Ska\u0308rmavbild 2024-09-02 kl. 11.22.35\"   itemscope=\"itemscope\" itemtype=\"https:\/\/schema.org\/CreativeWork\" ><div class='av-inner-masonry-sizer'><\/div><figure class='av-inner-masonry main_color'><div class=\"av-masonry-outerimage-container\"><div class='av-masonry-image-container' style=\"background-image: url(https:\/\/grifk-handball.com\/naiset\/wp-content\/uploads\/sites\/3\/2024\/09\/Skarmavbild-2024-09-02-kl.-11.22.35-e1725265419931-705x366.png);\"  title=\"Ska\u0308rmavbild 2024-09-02 kl. 11.22.35\" ><\/div><\/div><figcaption class='av-inner-masonry-content site-background'><div class='av-inner-masonry-content-pos'><div class='av-inner-masonry-content-pos-content'><div class='avia-arrow'><\/div><h3 class='av-masonry-entry-title entry-title '  itemprop=\"headline\" >Ny s\u00e4song, samma slogan \u201dAlltid lite b\u00e4ttre\u201d<\/h3><span class='av-masonry-date meta-color updated'>2.9.2024<\/span><span class=\"av-masonry-text-sep text-sep-author\">\/<\/span><span class='av-masonry-author meta-color author'><span class='fn'>by irajessica<\/span><\/span><\/div><\/div><\/figcaption><\/figure><\/a><!--end av-masonry entry--><a href=\"https:\/\/grifk-handball.com\/naiset\/uutiset\/framgangsrik-sasong-med-dubbelguld\/\"  id='av-masonry-1-item-11962' data-av-masonry-item='11962' class='av-masonry-entry isotope-item post-11962 post type-post status-publish format-standard has-post-thumbnail hentry category-uutiset tag-coachanka tag-coachbianca tag-coachcarre tag-coachpava tag-fm-final tag-fm-guld tag-fysiofreddo tag-grifkdamer tag-grifkhandball tag-naisten-suomen-cup tag-playoff tag-suomencup tag-vispelarforgrankulla tag-wh tag-nsm tag-wbshl tag-womens-baltic-sea-handball-league all_sort uutiset_sort  av-masonry-item-with-image' title=\"_B7A9580\"   itemscope=\"itemscope\" itemtype=\"https:\/\/schema.org\/CreativeWork\" ><div class='av-inner-masonry-sizer'><\/div><figure class='av-inner-masonry main_color'><div class=\"av-masonry-outerimage-container\"><div class='av-masonry-image-container' style=\"background-image: url(https:\/\/grifk-handball.com\/naiset\/wp-content\/uploads\/sites\/3\/2024\/05\/B7A9580-e1716291924992-571x705.jpg);\"  title=\"_B7A9580\" ><\/div><\/div><figcaption class='av-inner-masonry-content site-background'><div class='av-inner-masonry-content-pos'><div class='av-inner-masonry-content-pos-content'><div class='avia-arrow'><\/div><h3 class='av-masonry-entry-title entry-title '  itemprop=\"headline\" >Framg\u00e5ngsrik s\u00e4song med dubbelguld<\/h3><span class='av-masonry-date meta-color updated'>21.5.2024<\/span><span class=\"av-masonry-text-sep text-sep-author\">\/<\/span><span class='av-masonry-author meta-color author'><span class='fn'>by irajessica<\/span><\/span><\/div><\/div><\/figcaption><\/figure><\/a><!--end av-masonry entry--><a href=\"https:\/\/grifk-handball.com\/naiset\/uutiset\/nsm-play-off-2-grifk-hifk-17-4-19-00\/\"  id='av-masonry-1-item-11860' data-av-masonry-item='11860' class='av-masonry-entry isotope-item post-11860 post type-post status-publish format-standard has-post-thumbnail hentry category-ennakot-2023-24 category-uutiset tag-coachanka tag-coachbianca tag-coachcarre tag-coachpava tag-fm-final tag-grifkdamer tag-grifkhandball tag-playoff tag-vispelarforgrankulla tag-hifk tag-nsm all_sort ennakot-2023-24_sort  uutiset_sort  av-masonry-item-with-image' title=\"_B7A5688\"   itemscope=\"itemscope\" itemtype=\"https:\/\/schema.org\/CreativeWork\" ><div class='av-inner-masonry-sizer'><\/div><figure class='av-inner-masonry main_color'><div class=\"av-masonry-outerimage-container\"><div class='av-masonry-image-container' style=\"background-image: url(https:\/\/grifk-handball.com\/naiset\/wp-content\/uploads\/sites\/3\/2024\/03\/B7A5688-e1713293193156-705x454.jpg);\"  title=\"_B7A5688\" ><\/div><\/div><figcaption class='av-inner-masonry-content site-background'><div class='av-inner-masonry-content-pos'><div class='av-inner-masonry-content-pos-content'><div class='avia-arrow'><\/div><h3 class='av-masonry-entry-title entry-title '  itemprop=\"headline\" >NSM final 2, GrIFK &#8211; HIFK: 17.4. * 19.00<\/h3><span class='av-masonry-date meta-color updated'>16.4.2024<\/span><span class=\"av-masonry-text-sep text-sep-author\">\/<\/span><span class='av-masonry-author meta-color author'><span class='fn'>by irajessica<\/span><\/span><\/div><\/div><\/figcaption><\/figure><\/a><!--end av-masonry entry--><a href=\"https:\/\/grifk-handball.com\/naiset\/uutiset\/wbshl-historiskt-masterskap-till-grankulla\/\"  id='av-masonry-1-item-11810' data-av-masonry-item='11810' class='av-masonry-entry isotope-item post-11810 post type-post status-publish format-standard has-post-thumbnail hentry category-ottelut-2023-24 category-uutiset tag-coachcarre tag-coachpava tag-grifkdamer tag-grifkhandball tag-vispelarforgrankulla tag-wbshl tag-womens-baltic-sea-handball-league all_sort ottelut-2023-24_sort  uutiset_sort  av-masonry-item-with-image' title=\"IMG_2768\"   itemscope=\"itemscope\" itemtype=\"https:\/\/schema.org\/CreativeWork\" ><div class='av-inner-masonry-sizer'><\/div><figure class='av-inner-masonry main_color'><div class=\"av-masonry-outerimage-container\"><div class='av-masonry-image-container' style=\"background-image: url(https:\/\/grifk-handball.com\/naiset\/wp-content\/uploads\/sites\/3\/2024\/03\/IMG_2768-scaled-e1711482228932-705x432.jpg);\"  title=\"IMG_2768\" ><\/div><\/div><figcaption class='av-inner-masonry-content site-background'><div class='av-inner-masonry-content-pos'><div class='av-inner-masonry-content-pos-content'><div class='avia-arrow'><\/div><h3 class='av-masonry-entry-title entry-title '  itemprop=\"headline\" >WBSHL: Historiskt m\u00e4sterskap till Grankulla<\/h3><span class='av-masonry-date meta-color updated'>26.3.2024<\/span><span class=\"av-masonry-text-sep text-sep-author\">\/<\/span><span class='av-masonry-author meta-color author'><span class='fn'>by irajessica<\/span><\/span><\/div><\/div><\/figcaption><\/figure><\/a><!--end av-masonry entry--><a href=\"https:\/\/grifk-handball.com\/naiset\/uutiset\/nsm-semi-3-13-3-grifk-dicken-26-19\/\"  id='av-masonry-1-item-11786' data-av-masonry-item='11786' class='av-masonry-entry isotope-item post-11786 post type-post status-publish format-standard has-post-thumbnail hentry category-ottelut-2023-24 category-uutiset tag-coachanka tag-coachcarre tag-coachpava tag-grifkdamer tag-grifkhandball tag-playoff tag-semifinal tag-vispelarforgrankulla tag-dicken tag-nsm all_sort ottelut-2023-24_sort  uutiset_sort  av-masonry-item-with-image' title=\"_B7A5674\"   itemscope=\"itemscope\" itemtype=\"https:\/\/schema.org\/CreativeWork\" ><div class='av-inner-masonry-sizer'><\/div><figure class='av-inner-masonry main_color'><div class=\"av-masonry-outerimage-container\"><div class='av-masonry-image-container' style=\"background-image: url(https:\/\/grifk-handball.com\/naiset\/wp-content\/uploads\/sites\/3\/2024\/03\/B7A5674-705x470.jpg);\"  title=\"_B7A5674\" ><\/div><\/div><figcaption class='av-inner-masonry-content site-background'><div class='av-inner-masonry-content-pos'><div class='av-inner-masonry-content-pos-content'><div class='avia-arrow'><\/div><h3 class='av-masonry-entry-title entry-title '  itemprop=\"headline\" >NSM semi 3, 13.3.: GrIFK &#8211; Dicken 26-19<\/h3><span class='av-masonry-date meta-color updated'>14.3.2024<\/span><span class=\"av-masonry-text-sep text-sep-author\">\/<\/span><span class='av-masonry-author meta-color author'><span class='fn'>by irajessica<\/span><\/span><\/div><\/div><\/figcaption><\/figure><\/a><!--end av-masonry entry--><a href=\"https:\/\/grifk-handball.com\/naiset\/uutiset\/nsc-1-final-10-2-hifk-grifk-kl-14-30\/\"  id='av-masonry-1-item-11694' data-av-masonry-item='11694' class='av-masonry-entry isotope-item post-11694 post type-post status-publish format-standard has-post-thumbnail hentry category-ennakot-2023-24 category-uutiset tag-coachanka tag-coachbianca tag-coachcarre tag-coachpava tag-grifkdamer tag-nsc tag-otteluennakko tag-suomencup tag-suomencupfinaali tag-vispelarforgrankulla tag-hifk all_sort ennakot-2023-24_sort  uutiset_sort  av-masonry-item-with-image' title=\"Final SV\"   itemscope=\"itemscope\" itemtype=\"https:\/\/schema.org\/CreativeWork\" ><div class='av-inner-masonry-sizer'><\/div><figure class='av-inner-masonry main_color'><div class=\"av-masonry-outerimage-container\"><div class='av-masonry-image-container' style=\"background-image: url(https:\/\/grifk-handball.com\/naiset\/wp-content\/uploads\/sites\/3\/2024\/02\/Final-SV-705x705.png);\"  title=\"Final SV\" ><\/div><\/div><figcaption class='av-inner-masonry-content site-background'><div class='av-inner-masonry-content-pos'><div class='av-inner-masonry-content-pos-content'><div class='avia-arrow'><\/div><h3 class='av-masonry-entry-title entry-title '  itemprop=\"headline\" >NSC Finska cupens Final 10.2.: HIFK \u2013 GrIFK kl. 14.30<\/h3><span class='av-masonry-date meta-color updated'>10.2.2024<\/span><span class=\"av-masonry-text-sep text-sep-author\">\/<\/span><span class='av-masonry-author meta-color author'><span class='fn'>by irajessica<\/span><\/span><\/div><\/div><\/figcaption><\/figure><\/a><!--end av-masonry entry--><a href=\"https:\/\/grifk-handball.com\/naiset\/uutiset\/nsc-2-semifinal-9-2-bk-46-hifk-kl-20-30\/\"  id='av-masonry-1-item-11659' data-av-masonry-item='11659' class='av-masonry-entry isotope-item post-11659 post type-post status-publish format-standard has-post-thumbnail hentry category-ennakot-2023-24 category-uutiset tag-coachcarre tag-coachpava tag-nsc tag-otteluennakko tag-suomencup tag-vispelarforgrankulla tag-bk-46 tag-hifk all_sort ennakot-2023-24_sort  uutiset_sort  av-masonry-item-with-image' title=\"WhatsApp Image 2024-02-07 at 21.05.01\"   itemscope=\"itemscope\" itemtype=\"https:\/\/schema.org\/CreativeWork\" ><div class='av-inner-masonry-sizer'><\/div><figure class='av-inner-masonry main_color'><div class=\"av-masonry-outerimage-container\"><div class='av-masonry-image-container' style=\"background-image: url(https:\/\/grifk-handball.com\/naiset\/wp-content\/uploads\/sites\/3\/2024\/02\/WhatsApp-Image-2024-02-07-at-21.05.01-705x705.jpeg);\"  title=\"WhatsApp Image 2024-02-07 at 21.05.01\" ><\/div><\/div><figcaption class='av-inner-masonry-content site-background'><div class='av-inner-masonry-content-pos'><div class='av-inner-masonry-content-pos-content'><div class='avia-arrow'><\/div><h3 class='av-masonry-entry-title entry-title '  itemprop=\"headline\" >NSC 2. Semifinal 9.2: BK-46 &#8211; HIFK kl. 20.30<\/h3><span class='av-masonry-date meta-color updated'>7.2.2024<\/span><span class=\"av-masonry-text-sep text-sep-author\">\/<\/span><span class='av-masonry-author meta-color author'><span class='fn'>by irajessica<\/span><\/span><\/div><\/div><\/figcaption><\/figure><\/a><!--end av-masonry entry--><a href=\"https:\/\/grifk-handball.com\/naiset\/uutiset\/nsc-1-valiera-9-2-dicken-grifk-klo-18-00\/\"  id='av-masonry-1-item-11648' data-av-masonry-item='11648' class='av-masonry-entry isotope-item post-11648 post type-post status-publish format-standard has-post-thumbnail hentry category-ennakot-2023-24 category-uutiset tag-coachcarre tag-coachpava tag-grifkdamer tag-nsc tag-otteluennakko tag-suomencup tag-vispelarforgrankulla tag-dicken all_sort ennakot-2023-24_sort  uutiset_sort  av-masonry-item-with-image' title=\"WhatsApp Image 2024-02-06 at 21.02.15\"   itemscope=\"itemscope\" itemtype=\"https:\/\/schema.org\/CreativeWork\" ><div class='av-inner-masonry-sizer'><\/div><figure class='av-inner-masonry main_color'><div class=\"av-masonry-outerimage-container\"><div class='av-masonry-image-container' style=\"background-image: url(https:\/\/grifk-handball.com\/naiset\/wp-content\/uploads\/sites\/3\/2024\/02\/WhatsApp-Image-2024-02-06-at-21.02.15-705x705.jpeg);\"  title=\"WhatsApp Image 2024-02-06 at 21.02.15\" ><\/div><\/div><figcaption class='av-inner-masonry-content site-background'><div class='av-inner-masonry-content-pos'><div class='av-inner-masonry-content-pos-content'><div class='avia-arrow'><\/div><h3 class='av-masonry-entry-title entry-title '  itemprop=\"headline\" >NSC 1. v\u00e4lier\u00e4 9.2.: Dicken &#8211; GrIFK klo 18.00<\/h3><span class='av-masonry-date meta-color updated'>6.2.2024<\/span><span class=\"av-masonry-text-sep text-sep-author\">\/<\/span><span class='av-masonry-author meta-color author'><span class='fn'>by irajessica<\/span><\/span><\/div><\/div><\/figcaption><\/figure><\/a><!--end av-masonry entry--><a href=\"https:\/\/grifk-handball.com\/naiset\/uutiset\/naisten-kasipallokauden-ensimmainen-pokaali-jaossa-lauantaina-kauniaisissa\/\"  id='av-masonry-1-item-11624' data-av-masonry-item='11624' class='av-masonry-entry isotope-item post-11624 post type-post status-publish format-standard has-post-thumbnail hentry category-uutiset tag-coachcarre tag-grifkdamer tag-naisten-suomen-cup tag-nsc tag-vispelarforgrankulla tag-bk-46 tag-dicken tag-hifk all_sort uutiset_sort  av-masonry-item-with-image' title=\"WhatsApp Image 2024-02-05 at 20.48.42\"   itemscope=\"itemscope\" itemtype=\"https:\/\/schema.org\/CreativeWork\" ><div class='av-inner-masonry-sizer'><\/div><figure class='av-inner-masonry main_color'><div class=\"av-masonry-outerimage-container\"><div class='av-masonry-image-container' style=\"background-image: url(https:\/\/grifk-handball.com\/naiset\/wp-content\/uploads\/sites\/3\/2024\/02\/WhatsApp-Image-2024-02-05-at-20.48.42-705x705.jpeg);\"  title=\"WhatsApp Image 2024-02-05 at 20.48.42\" ><\/div><\/div><figcaption class='av-inner-masonry-content site-background'><div class='av-inner-masonry-content-pos'><div class='av-inner-masonry-content-pos-content'><div class='avia-arrow'><\/div><h3 class='av-masonry-entry-title entry-title '  itemprop=\"headline\" >Naisten k\u00e4sipallokauden ensimm\u00e4inen pokaali jaossa lauantaina Kauniaisissa<\/h3><span class='av-masonry-date meta-color updated'>5.2.2024<\/span><span class=\"av-masonry-text-sep text-sep-author\">\/<\/span><span class='av-masonry-author meta-color author'><span class='fn'>by irajessica<\/span><\/span><\/div><\/div><\/figcaption><\/figure><\/a><!--end av-masonry entry--><a href=\"https:\/\/grifk-handball.com\/naiset\/kausi-2023-2024\/ennakot-2023-24\/sasongens-forsta-pokal-delas-ut-i-grankulla-pa-lordag\/\"  id='av-masonry-1-item-11619' data-av-masonry-item='11619' class='av-masonry-entry isotope-item post-11619 post type-post status-publish format-standard has-post-thumbnail hentry category-ennakot-2023-24 category-uutiset tag-coachcarre tag-grifkdamer tag-naisten-suomen-cup tag-nsc tag-vispelarforgrankulla tag-bk-46 tag-dicken tag-hifk all_sort ennakot-2023-24_sort  uutiset_sort  av-masonry-item-with-image' title=\"WhatsApp Image 2024-02-05 at 15.22.13\"   itemscope=\"itemscope\" itemtype=\"https:\/\/schema.org\/CreativeWork\" ><div class='av-inner-masonry-sizer'><\/div><figure class='av-inner-masonry main_color'><div class=\"av-masonry-outerimage-container\"><div class='av-masonry-image-container' style=\"background-image: url(https:\/\/grifk-handball.com\/naiset\/wp-content\/uploads\/sites\/3\/2024\/02\/WhatsApp-Image-2024-02-05-at-15.22.13-705x705.jpeg);\"  title=\"WhatsApp Image 2024-02-05 at 15.22.13\" ><\/div><\/div><figcaption class='av-inner-masonry-content site-background'><div class='av-inner-masonry-content-pos'><div class='av-inner-masonry-content-pos-content'><div class='avia-arrow'><\/div><h3 class='av-masonry-entry-title entry-title '  itemprop=\"headline\" >Handbollsdamernas f\u00f6rsta pokal f\u00f6r s\u00e4songen delas ut i Grankulla p\u00e5 l\u00f6rdag<\/h3><span class='av-masonry-date meta-color updated'>5.2.2024<\/span><span class=\"av-masonry-text-sep text-sep-author\">\/<\/span><span class='av-masonry-author meta-color author'><span class='fn'>by irajessica<\/span><\/span><\/div><\/div><\/figcaption><\/figure><\/a><!--end av-masonry entry--><a href=\"https:\/\/grifk-handball.com\/naiset\/uutiset\/tillbakablick-pa-borjan-av-sasongen-och-en-titt-framat\/\"  id='av-masonry-1-item-11514' data-av-masonry-item='11514' class='av-masonry-entry isotope-item post-11514 post type-post status-publish format-standard has-post-thumbnail hentry category-uutiset tag-coachanka tag-coachbianca tag-coachcarre tag-coachpava tag-grifkdamer tag-suomencup tag-wbshl tag-womens-baltic-sea-handball-league all_sort uutiset_sort  av-masonry-item-with-image' title=\"Ska\u0308rmavbild 2024-01-07 kl. 20.40.44\"   itemscope=\"itemscope\" itemtype=\"https:\/\/schema.org\/CreativeWork\" ><div class='av-inner-masonry-sizer'><\/div><figure class='av-inner-masonry main_color'><div class=\"av-masonry-outerimage-container\"><div class='av-masonry-image-container' style=\"background-image: url(https:\/\/grifk-handball.com\/naiset\/wp-content\/uploads\/sites\/3\/2024\/01\/Skarmavbild-2024-01-07-kl.-20.40.44.png);\"  title=\"Ska\u0308rmavbild 2024-01-07 kl. 20.40.44\" ><\/div><\/div><figcaption class='av-inner-masonry-content site-background'><div class='av-inner-masonry-content-pos'><div class='av-inner-masonry-content-pos-content'><div class='avia-arrow'><\/div><h3 class='av-masonry-entry-title entry-title '  itemprop=\"headline\" >Tillbakablick p\u00e5 b\u00f6rjan av s\u00e4songen \u2013 och en titt fram\u00e5t<\/h3><span class='av-masonry-date meta-color updated'>7.1.2024<\/span><span class=\"av-masonry-text-sep text-sep-author\">\/<\/span><span class='av-masonry-author meta-color author'><span class='fn'>by irajessica<\/span><\/span><\/div><\/div><\/figcaption><\/figure><\/a><!--end av-masonry entry--><a href=\"https:\/\/grifk-handball.com\/naiset\/uutiset\/nsm-16-12-grifk-hifk-17-00\/\"  id='av-masonry-1-item-11483' data-av-masonry-item='11483' class='av-masonry-entry isotope-item post-11483 post type-post status-publish format-standard has-post-thumbnail hentry category-ennakot-2023-24 category-uutiset tag-coachanka tag-coachcarre tag-coachpava tag-grifkdamer tag-otteluennakko tag-sandra-laitinen tag-sm-runkosarja tag-vispelarforgrankulla tag-hifk tag-nsm all_sort ennakot-2023-24_sort  uutiset_sort  av-masonry-item-with-image' title=\"_B7A3094\"   itemscope=\"itemscope\" itemtype=\"https:\/\/schema.org\/CreativeWork\" ><div class='av-inner-masonry-sizer'><\/div><figure class='av-inner-masonry main_color'><div class=\"av-masonry-outerimage-container\"><div class='av-masonry-image-container' style=\"background-image: url(https:\/\/grifk-handball.com\/naiset\/wp-content\/uploads\/sites\/3\/2023\/12\/B7A3094-scaled-e1702628900807-705x459.jpeg);\"  title=\"_B7A3094\" ><\/div><\/div><figcaption class='av-inner-masonry-content site-background'><div class='av-inner-masonry-content-pos'><div class='av-inner-masonry-content-pos-content'><div class='avia-arrow'><\/div><h3 class='av-masonry-entry-title entry-title '  itemprop=\"headline\" >NSM 16.12.: GrIFK &#8211; HIFK * 17.00<\/h3><span class='av-masonry-date meta-color updated'>15.12.2023<\/span><span class=\"av-masonry-text-sep text-sep-author\">\/<\/span><span class='av-masonry-author meta-color author'><span class='fn'>by irajessica<\/span><\/span><\/div><\/div><\/figcaption><\/figure><\/a><!--end av-masonry entry--><a href=\"https:\/\/grifk-handball.com\/naiset\/uutiset\/wbshl23-forsta-omgangen-tre-matcher-tva-vinster-en-knapp-forlust\/\"  id='av-masonry-1-item-11454' data-av-masonry-item='11454' class='av-masonry-entry isotope-item post-11454 post type-post status-publish format-standard has-post-thumbnail hentry category-ottelut-2023-24 category-uutiset tag-ella-paukku tag-grifkdamer tag-otteluraportti tag-wbshl tag-womens-baltic-sea-handball-league all_sort ottelut-2023-24_sort  uutiset_sort  av-masonry-item-with-image' title=\"408044424_824338336368044_7464109916883975759_n\"   itemscope=\"itemscope\" itemtype=\"https:\/\/schema.org\/CreativeWork\" ><div class='av-inner-masonry-sizer'><\/div><figure class='av-inner-masonry main_color'><div class=\"av-masonry-outerimage-container\"><div class='av-masonry-image-container' style=\"background-image: url(https:\/\/grifk-handball.com\/naiset\/wp-content\/uploads\/sites\/3\/2023\/12\/408044424_824338336368044_7464109916883975759_n-e1701863372860-705x553.jpeg);\"  title=\"408044424_824338336368044_7464109916883975759_n\" ><\/div><\/div><figcaption class='av-inner-masonry-content site-background'><div class='av-inner-masonry-content-pos'><div class='av-inner-masonry-content-pos-content'><div class='avia-arrow'><\/div><h3 class='av-masonry-entry-title entry-title '  itemprop=\"headline\" >WBSHL23: F\u00f6rsta omg\u00e5ngen med tre matcher gav tv\u00e5 vinster, en knapp f\u00f6rlust<\/h3><span class='av-masonry-date meta-color updated'>3.12.2023<\/span><span class=\"av-masonry-text-sep text-sep-author\">\/<\/span><span class='av-masonry-author meta-color author'><span class='fn'>by irajessica<\/span><\/span><\/div><\/div><\/figcaption><\/figure><\/a><!--end av-masonry entry--><a href=\"https:\/\/grifk-handball.com\/naiset\/uutiset\/grifk-damer-till-womens-baltic-sea-handball-league\/\"  id='av-masonry-1-item-11444' data-av-masonry-item='11444' class='av-masonry-entry isotope-item post-11444 post type-post status-publish format-standard has-post-thumbnail hentry category-ennakot-2023-24 category-uutiset tag-ella-paukku tag-grifkdamer tag-otteluennakko tag-wbshl tag-womens-baltic-sea-handball-league all_sort ennakot-2023-24_sort  uutiset_sort  av-masonry-item-with-image' title=\"_08I9918\"   itemscope=\"itemscope\" itemtype=\"https:\/\/schema.org\/CreativeWork\" ><div class='av-inner-masonry-sizer'><\/div><figure class='av-inner-masonry main_color'><div class=\"av-masonry-outerimage-container\"><div class='av-masonry-image-container' style=\"background-image: url(https:\/\/grifk-handball.com\/naiset\/wp-content\/uploads\/sites\/3\/2023\/12\/08I9918-705x470.jpg);\"  title=\"_08I9918\" ><\/div><\/div><figcaption class='av-inner-masonry-content site-background'><div class='av-inner-masonry-content-pos'><div class='av-inner-masonry-content-pos-content'><div class='avia-arrow'><\/div><h3 class='av-masonry-entry-title entry-title '  itemprop=\"headline\" >WBSHL23: GrIFK Damer till Women&#8217;s Baltic Sea Handball League<\/h3><span class='av-masonry-date meta-color updated'>1.12.2023<\/span><span class=\"av-masonry-text-sep text-sep-author\">\/<\/span><span class='av-masonry-author meta-color author'><span class='fn'>by irajessica<\/span><\/span><\/div><\/div><\/figcaption><\/figure><\/a><!--end av-masonry entry--><a href=\"https:\/\/grifk-handball.com\/naiset\/uutiset\/nsm-1-11-grifk-bk-46-31-24\/\"  id='av-masonry-1-item-11232' data-av-masonry-item='11232' class='av-masonry-entry isotope-item post-11232 post type-post status-publish format-standard has-post-thumbnail hentry category-ottelut-2023-24 category-uutiset tag-coachanka tag-coachcarre tag-coachpava tag-grifkdamer tag-linnea-harms tag-otteluraportti tag-rosabandet tag-sm-runkosarja tag-vispelarforgrankulla tag-bk-46 tag-nsm all_sort ottelut-2023-24_sort  uutiset_sort  av-masonry-item-with-image' title=\"_B7A6890\"   itemscope=\"itemscope\" itemtype=\"https:\/\/schema.org\/CreativeWork\" ><div class='av-inner-masonry-sizer'><\/div><figure class='av-inner-masonry main_color'><div class=\"av-masonry-outerimage-container\"><div class='av-masonry-image-container' style=\"background-image: url(https:\/\/grifk-handball.com\/naiset\/wp-content\/uploads\/sites\/3\/2023\/11\/B7A6890-scaled-e1699002412220-705x494.jpeg);\"  title=\"_B7A6890\" ><\/div><\/div><figcaption class='av-inner-masonry-content site-background'><div class='av-inner-masonry-content-pos'><div class='av-inner-masonry-content-pos-content'><div class='avia-arrow'><\/div><h3 class='av-masonry-entry-title entry-title '  itemprop=\"headline\" >NSM 1.11.: GrIFK &#8211; BK-46  31-24<\/h3><span class='av-masonry-date meta-color updated'>2.11.2023<\/span><span class=\"av-masonry-text-sep text-sep-author\">\/<\/span><span class='av-masonry-author meta-color author'><span class='fn'>by irajessica<\/span><\/span><\/div><\/div><\/figcaption><\/figure><\/a><!--end av-masonry entry--><a href=\"https:\/\/grifk-handball.com\/naiset\/uutiset\/grifk-pelaajia-kasipallon-naisten-em-2024-karsintaottelussa-14-10\/\"  id='av-masonry-1-item-11181' data-av-masonry-item='11181' class='av-masonry-entry isotope-item post-11181 post type-post status-publish format-standard has-post-thumbnail hentry category-uutiset tag-anette-rakkolainen tag-corinna-jensen tag-em2024 tag-johanna-hilli tag-naistenkasipallomaajoukkue tag-emilia-karell all_sort uutiset_sort  av-masonry-item-with-image' title=\"SKPL_EHF Euro24 Qualifiers Women_FBtapahtuma_1200x628px_vol3\"   itemscope=\"itemscope\" itemtype=\"https:\/\/schema.org\/CreativeWork\" ><div class='av-inner-masonry-sizer'><\/div><figure class='av-inner-masonry main_color'><div class=\"av-masonry-outerimage-container\"><div class='av-masonry-image-container' style=\"background-image: url(https:\/\/grifk-handball.com\/naiset\/wp-content\/uploads\/sites\/3\/2023\/10\/SKPL_EHF-Euro24-Qualifiers-Women_FBtapahtuma_1200x628px_vol3-705x369.jpg);\"  title=\"SKPL_EHF Euro24 Qualifiers Women_FBtapahtuma_1200x628px_vol3\" ><\/div><\/div><figcaption class='av-inner-masonry-content site-background'><div class='av-inner-masonry-content-pos'><div class='av-inner-masonry-content-pos-content'><div class='avia-arrow'><\/div><h3 class='av-masonry-entry-title entry-title '  itemprop=\"headline\" >GrIFK-pelaajia k\u00e4sipallon naisten EM 2024-karsintaottelussa 14.10.<\/h3><span class='av-masonry-date meta-color updated'>3.10.2023<\/span><span class=\"av-masonry-text-sep text-sep-author\">\/<\/span><span class='av-masonry-author meta-color author'><span class='fn'>by irajessica<\/span><\/span><\/div><\/div><\/figcaption><\/figure><\/a><!--end av-masonry entry--><a href=\"https:\/\/grifk-handball.com\/naiset\/uutiset\/%f0%9f%8e%80-var-arliga-rosa-bandet-insamling-ar-igang-%f0%9f%8e%80-jokavuotinen-kerays-on-alkanut\/\"  id='av-masonry-1-item-11176' data-av-masonry-item='11176' class='av-masonry-entry isotope-item post-11176 post type-post status-publish format-standard has-post-thumbnail hentry category-uutiset tag-fuckcancer tag-grifkdamer tag-grifkdamermotcancer tag-pinkribbon tag-roosanauha tag-roosanauha2023 tag-rosabandet tag-syopasaatio tag-vispelarforgrankulla all_sort uutiset_sort  av-masonry-item-with-image' title=\"Rosa bandet lagfoto 2023-24\"   itemscope=\"itemscope\" itemtype=\"https:\/\/schema.org\/CreativeWork\" ><div class='av-inner-masonry-sizer'><\/div><figure class='av-inner-masonry main_color'><div class=\"av-masonry-outerimage-container\"><div class='av-masonry-image-container' style=\"background-image: url(https:\/\/grifk-handball.com\/naiset\/wp-content\/uploads\/sites\/3\/2023\/10\/Rosa-bandet-lagfoto-2023-24-e1696354528651-705x427.png);\"  title=\"Rosa bandet lagfoto 2023-24\" ><\/div><\/div><figcaption class='av-inner-masonry-content site-background'><div class='av-inner-masonry-content-pos'><div class='av-inner-masonry-content-pos-content'><div class='avia-arrow'><\/div><h3 class='av-masonry-entry-title entry-title '  itemprop=\"headline\" >\ud83c\udf80 V\u00c5R \u00c5RLIGA ROSA BANDET-INSAMLING \u00c4R IG\u00c5NG \ud83c\udf80 JOKAVUOTINEN KER\u00c4YS ON ALKANUT<\/h3><span class='av-masonry-date meta-color updated'>1.10.2023<\/span><span class=\"av-masonry-text-sep text-sep-author\">\/<\/span><span class='av-masonry-author meta-color author'><span class='fn'>by irajessica<\/span><\/span><\/div><\/div><\/figcaption><\/figure><\/a><!--end av-masonry entry--><a href=\"https:\/\/grifk-handball.com\/naiset\/uutiset\/ny-sasong-med-ny-serie\/\"  id='av-masonry-1-item-10798' data-av-masonry-item='10798' class='av-masonry-entry isotope-item post-10798 post type-post status-publish format-standard has-post-thumbnail hentry category-ennakot-2023-24 category-uutiset tag-coachanka tag-coachcarre tag-coachpava tag-grifkdamer tag-baltic-sea-handball-league all_sort ennakot-2023-24_sort  uutiset_sort  av-masonry-item-with-image' title=\"Naisten k\u00e4sipalloa 4. finaali GrIFK-Dicken Kauniaisissa 12. toukokuuta 2023\"   itemscope=\"itemscope\" itemtype=\"https:\/\/schema.org\/CreativeWork\" ><div class='av-inner-masonry-sizer'><\/div><figure class='av-inner-masonry main_color'><div class=\"av-masonry-outerimage-container\"><div class='av-masonry-image-container' style=\"background-image: url(https:\/\/grifk-handball.com\/naiset\/wp-content\/uploads\/sites\/3\/2023\/05\/Vinnarlaget-\u00a9Handbollforbundet_Newspix-e1723722821893-705x321.jpg);\"  title=\"Naisten k\u00e4sipalloa 4. finaali GrIFK-Dicken Kauniaisissa 12. toukokuuta 2023\" ><\/div><\/div><figcaption class='av-inner-masonry-content site-background'><div class='av-inner-masonry-content-pos'><div class='av-inner-masonry-content-pos-content'><div class='avia-arrow'><\/div><h3 class='av-masonry-entry-title entry-title '  itemprop=\"headline\" >Ny s\u00e4song med ny serie<\/h3><span class='av-masonry-date meta-color updated'>16.8.2023<\/span><span class=\"av-masonry-text-sep text-sep-author\">\/<\/span><span class='av-masonry-author meta-color author'><span class='fn'>by irajessica<\/span><\/span><\/div><\/div><\/figcaption><\/figure><\/a><!--end av-masonry entry--><a href=\"https:\/\/grifk-handball.com\/naiset\/uutiset\/kauden-parhaat-2023-loytyvat-grifkista\/\"  id='av-masonry-1-item-10716' data-av-masonry-item='10716' class='av-masonry-entry isotope-item post-10716 post type-post status-publish format-standard has-post-thumbnail hentry category-uutiset tag-anette-rakkolainen tag-coachpava tag-ella-paukku tag-fanny-reinikainen tag-grifkdamer tag-grifkhandball tag-johanna-hilli tag-kauden-parhaat tag-patrik-johanson tag-sjundea-cup all_sort uutiset_sort  av-masonry-item-with-image' title=\"Naisten k\u00e4sipalloa 4. finaali GrIFK-Dicken Kauniaisissa 12. toukokuuta 2023\"   itemscope=\"itemscope\" itemtype=\"https:\/\/schema.org\/CreativeWork\" ><div class='av-inner-masonry-sizer'><\/div><figure class='av-inner-masonry main_color'><div class=\"av-masonry-outerimage-container\"><div class='av-masonry-image-container' style=\"background-image: url(https:\/\/grifk-handball.com\/naiset\/wp-content\/uploads\/sites\/3\/2023\/05\/Johanna-Hilli-1030x686-1-705x470.jpeg);\"  title=\"Naisten k\u00e4sipalloa 4. finaali GrIFK-Dicken Kauniaisissa 12. toukokuuta 2023\" ><\/div><\/div><figcaption class='av-inner-masonry-content site-background'><div class='av-inner-masonry-content-pos'><div class='av-inner-masonry-content-pos-content'><div class='avia-arrow'><\/div><h3 class='av-masonry-entry-title entry-title '  itemprop=\"headline\" >Kauden parhaat palkittiin, GrIFK loistaa listoilla<\/h3><span class='av-masonry-date meta-color updated'>27.5.2023<\/span><span class=\"av-masonry-text-sep text-sep-author\">\/<\/span><span class='av-masonry-author meta-color author'><span class='fn'>by irajessica<\/span><\/span><\/div><\/div><\/figcaption><\/figure><\/a><!--end av-masonry entry--><a href=\"https:\/\/grifk-handball.com\/naiset\/uutiset\/osta-liput-finaaliin4-etukateen-12-5-19-00-kop-biljetter-till-finalen4-i-forvag\/\"  id='av-masonry-1-item-10694' data-av-masonry-item='10694' class='av-masonry-entry isotope-item post-10694 post type-post status-publish format-standard has-post-thumbnail hentry category-uutiset tag-biljetter tag-fm-final tag-grifkdamer tag-liput tag-playoff all_sort uutiset_sort  av-masonry-item-with-image' title=\"c28823fd-952d-44a0-be7d-e725eef10e5c\"   itemscope=\"itemscope\" itemtype=\"https:\/\/schema.org\/CreativeWork\" ><div class='av-inner-masonry-sizer'><\/div><figure class='av-inner-masonry main_color'><div class=\"av-masonry-outerimage-container\"><div class='av-masonry-image-container' style=\"background-image: url(https:\/\/grifk-handball.com\/naiset\/wp-content\/uploads\/sites\/3\/2023\/05\/c28823fd-952d-44a0-be7d-e725eef10e5c-705x407.jpeg);\"  title=\"c28823fd-952d-44a0-be7d-e725eef10e5c\" ><\/div><\/div><figcaption class='av-inner-masonry-content site-background'><div class='av-inner-masonry-content-pos'><div class='av-inner-masonry-content-pos-content'><div class='avia-arrow'><\/div><h3 class='av-masonry-entry-title entry-title '  itemprop=\"headline\" >Osta liput finaaliin#4  etuk\u00e4teen * 12.5. 19.00 * K\u00f6p biljetter till finalen#4 i f\u00f6rv\u00e4g<\/h3><span class='av-masonry-date meta-color updated'>11.5.2023<\/span><span class=\"av-masonry-text-sep text-sep-author\">\/<\/span><span class='av-masonry-author meta-color author'><span class='fn'>by irajessica<\/span><\/span><\/div><\/div><\/figcaption><\/figure><\/a><!--end av-masonry entry--><a href=\"https:\/\/grifk-handball.com\/naiset\/uutiset\/ullmax-julshoppa-bekvamt-och-funktionellt\/\"  id='av-masonry-1-item-10525' data-av-masonry-item='10525' class='av-masonry-entry isotope-item post-10525 post type-post status-publish format-standard has-post-thumbnail hentry category-uutiset tag-grifkdamer tag-ullmax all_sort uutiset_sort  av-masonry-item-with-image' title=\"Ska\u0308rmavbild 2022-11-27 kl. 22.03.08\"   itemscope=\"itemscope\" itemtype=\"https:\/\/schema.org\/CreativeWork\" ><div class='av-inner-masonry-sizer'><\/div><figure class='av-inner-masonry main_color'><div class=\"av-masonry-outerimage-container\"><div class='av-masonry-image-container' style=\"background-image: url(https:\/\/grifk-handball.com\/naiset\/wp-content\/uploads\/sites\/3\/2022\/11\/Skarmavbild-2022-11-27-kl.-22.03.08-529x705.png);\"  title=\"Ska\u0308rmavbild 2022-11-27 kl. 22.03.08\" ><\/div><\/div><figcaption class='av-inner-masonry-content site-background'><div class='av-inner-masonry-content-pos'><div class='av-inner-masonry-content-pos-content'><div class='avia-arrow'><\/div><h3 class='av-masonry-entry-title entry-title '  itemprop=\"headline\" >Ullmax &#8211; julshoppa bekv\u00e4mt och funktionellt<\/h3><span class='av-masonry-date meta-color updated'>27.11.2022<\/span><span class=\"av-masonry-text-sep text-sep-author\">\/<\/span><span class='av-masonry-author meta-color author'><span class='fn'>by irajessica<\/span><\/span><\/div><\/div><\/figcaption><\/figure><\/a><!--end av-masonry entry--><a href=\"https:\/\/grifk-handball.com\/naiset\/uutiset\/sasongens-forsta-match-nsm-grifk-kyif-24-9-13-30\/\"  id='av-masonry-1-item-10151' data-av-masonry-item='10151' class='av-masonry-entry isotope-item post-10151 post type-post status-publish format-standard has-post-thumbnail hentry category-ennakot-2022-23 category-uutiset all_sort ennakot-2022-23_sort  uutiset_sort  av-masonry-item-with-image' title=\"GrIFK gruppbild 2022-23\"   itemscope=\"itemscope\" itemtype=\"https:\/\/schema.org\/CreativeWork\" ><div class='av-inner-masonry-sizer'><\/div><figure class='av-inner-masonry main_color'><div class=\"av-masonry-outerimage-container\"><div class='av-masonry-image-container' style=\"background-image: url(https:\/\/grifk-handball.com\/naiset\/wp-content\/uploads\/sites\/3\/2022\/09\/GrIFK-gruppbild-2022-23-705x470.jpeg);\"  title=\"GrIFK gruppbild 2022-23\" ><\/div><\/div><figcaption class='av-inner-masonry-content site-background'><div class='av-inner-masonry-content-pos'><div class='av-inner-masonry-content-pos-content'><div class='avia-arrow'><\/div><h3 class='av-masonry-entry-title entry-title '  itemprop=\"headline\" >S\u00e4songens f\u00f6rsta match: NSM GrIFK-KyIF 24.9 * 13.30<\/h3><span class='av-masonry-date meta-color updated'>21.9.2022<\/span><span class=\"av-masonry-text-sep text-sep-author\">\/<\/span><span class='av-masonry-author meta-color author'><span class='fn'>by irajessica<\/span><\/span><\/div><\/div><\/figcaption><\/figure><\/a><!--end av-masonry entry--><a href=\"https:\/\/grifk-handball.com\/naiset\/uutiset\/nsm-final-3-dicken-grifk-29-18\/\"  id='av-masonry-1-item-10098' data-av-masonry-item='10098' class='av-masonry-entry isotope-item post-10098 post type-post status-publish format-standard has-post-thumbnail hentry category-ottelut-2021-22 category-uutiset tag-fm-final tag-fm-silver tag-gograni tag-grifkdamer tag-grifkhandball tag-vispelarforgrankulla tag-play-off all_sort ottelut-2021-22_sort  uutiset_sort  av-masonry-item-with-image' title=\"WhatsApp Image 2022-04-24 at 17.50.43\"   itemscope=\"itemscope\" itemtype=\"https:\/\/schema.org\/CreativeWork\" ><div class='av-inner-masonry-sizer'><\/div><figure class='av-inner-masonry main_color'><div class=\"av-masonry-outerimage-container\"><div class='av-masonry-image-container' style=\"background-image: url(https:\/\/grifk-handball.com\/naiset\/wp-content\/uploads\/sites\/3\/2022\/04\/WhatsApp-Image-2022-04-24-at-17.50.43-e1650812102423-705x397.jpeg);\"  title=\"WhatsApp Image 2022-04-24 at 17.50.43\" ><\/div><\/div><figcaption class='av-inner-masonry-content site-background'><div class='av-inner-masonry-content-pos'><div class='av-inner-masonry-content-pos-content'><div class='avia-arrow'><\/div><h3 class='av-masonry-entry-title entry-title '  itemprop=\"headline\" >NSM final 3: Dicken-GrIFK 29-18<\/h3><span class='av-masonry-date meta-color updated'>24.4.2022<\/span><span class=\"av-masonry-text-sep text-sep-author\">\/<\/span><span class='av-masonry-author meta-color author'><span class='fn'>by irajessica<\/span><\/span><\/div><\/div><\/figcaption><\/figure><\/a><!--end av-masonry entry--><a href=\"https:\/\/grifk-handball.com\/naiset\/uutiset\/otteluennakko-grifk-sif-5-2-kl-13-30-50-hlo-yleiso-tervetullut\/\"  id='av-masonry-1-item-9900' data-av-masonry-item='9900' class='av-masonry-entry isotope-item post-9900 post type-post status-publish format-standard has-post-thumbnail hentry category-ennakot-2021-22 category-uutiset tag-coachanka tag-coachpava tag-grifkdamer tag-grifkhandball tag-sm-runkosarja tag-vispelarforgrankulla all_sort ennakot-2021-22_sort  uutiset_sort  av-masonry-item-with-image' title=\"DSC_0228\"   itemscope=\"itemscope\" itemtype=\"https:\/\/schema.org\/CreativeWork\" ><div class='av-inner-masonry-sizer'><\/div><figure class='av-inner-masonry main_color'><div class=\"av-masonry-outerimage-container\"><div class='av-masonry-image-container' style=\"background-image: url(https:\/\/grifk-handball.com\/naiset\/wp-content\/uploads\/sites\/3\/2022\/02\/DSC_0228-scaled-e1643908226671-705x498.jpg);\"  title=\"DSC_0228\" ><\/div><\/div><figcaption class='av-inner-masonry-content site-background'><div class='av-inner-masonry-content-pos'><div class='av-inner-masonry-content-pos-content'><div class='avia-arrow'><\/div><h3 class='av-masonry-entry-title entry-title '  itemprop=\"headline\" >Otteluennakko GrIFK-SIF 5.2 kl. 13.30, 50 hl\u00f6 yleis\u00f6 tervetullut!<\/h3><span class='av-masonry-date meta-color updated'>3.2.2022<\/span><span class=\"av-masonry-text-sep text-sep-author\">\/<\/span><span class='av-masonry-author meta-color author'><span class='fn'>by irajessica<\/span><\/span><\/div><\/div><\/figcaption><\/figure><\/a><!--end av-masonry entry--><a href=\"https:\/\/grifk-handball.com\/naiset\/uutiset\/nsm-pifk-grifk-29-1-siirtyy\/\"  id='av-masonry-1-item-9894' data-av-masonry-item='9894' class='av-masonry-entry isotope-item post-9894 post type-post status-publish format-standard has-post-thumbnail hentry category-uutiset tag-corona tag-grifkdamer tag-suomen-cup all_sort uutiset_sort  av-masonry-item-with-image' title=\"SARS-CoV-2_without_background\"   itemscope=\"itemscope\" itemtype=\"https:\/\/schema.org\/CreativeWork\" ><div class='av-inner-masonry-sizer'><\/div><figure class='av-inner-masonry main_color'><div class=\"av-masonry-outerimage-container\"><div class='av-masonry-image-container' style=\"background-image: url(https:\/\/grifk-handball.com\/naiset\/wp-content\/uploads\/sites\/3\/2022\/01\/SARS-CoV-2_without_background.png);\"  title=\"SARS-CoV-2_without_background\" ><\/div><\/div><figcaption class='av-inner-masonry-content site-background'><div class='av-inner-masonry-content-pos'><div class='av-inner-masonry-content-pos-content'><div class='avia-arrow'><\/div><h3 class='av-masonry-entry-title entry-title '  itemprop=\"headline\" >NSM PIF-GrIFK 29.1. siirtyy<\/h3><span class='av-masonry-date meta-color updated'>27.1.2022<\/span><span class=\"av-masonry-text-sep text-sep-author\">\/<\/span><span class='av-masonry-author meta-color author'><span class='fn'>by irajessica<\/span><\/span><\/div><\/div><\/figcaption><\/figure><\/a><!--end av-masonry entry--><a href=\"https:\/\/grifk-handball.com\/naiset\/uutiset\/suomen-cup-finaali-dicken-grifk-22-1-siirtyy\/\"  id='av-masonry-1-item-9887' data-av-masonry-item='9887' class='av-masonry-entry isotope-item post-9887 post type-post status-publish format-standard has-post-thumbnail hentry category-uutiset tag-corona tag-grifkdamer tag-suomen-cup all_sort uutiset_sort  av-masonry-item-with-image' title=\"SARS-CoV-2_without_background\"   itemscope=\"itemscope\" itemtype=\"https:\/\/schema.org\/CreativeWork\" ><div class='av-inner-masonry-sizer'><\/div><figure class='av-inner-masonry main_color'><div class=\"av-masonry-outerimage-container\"><div class='av-masonry-image-container' style=\"background-image: url(https:\/\/grifk-handball.com\/naiset\/wp-content\/uploads\/sites\/3\/2022\/01\/SARS-CoV-2_without_background.png);\"  title=\"SARS-CoV-2_without_background\" ><\/div><\/div><figcaption class='av-inner-masonry-content site-background'><div class='av-inner-masonry-content-pos'><div class='av-inner-masonry-content-pos-content'><div class='avia-arrow'><\/div><h3 class='av-masonry-entry-title entry-title '  itemprop=\"headline\" >Suomen cup finaali Dicken-GrIFK 22.1. siirtyy<\/h3><span class='av-masonry-date meta-color updated'>18.1.2022<\/span><span class=\"av-masonry-text-sep text-sep-author\">\/<\/span><span class='av-masonry-author meta-color author'><span class='fn'>by irajessica<\/span><\/span><\/div><\/div><\/figcaption><\/figure><\/a><!--end av-masonry entry--><a href=\"https:\/\/grifk-handball.com\/naiset\/uutiset\/anette-rakkolainen-grifk-paitaan\/\"  id='av-masonry-1-item-9869' data-av-masonry-item='9869' class='av-masonry-entry isotope-item post-9869 post type-post status-publish format-standard has-post-thumbnail hentry category-uutiset tag-anette-rakkolainen tag-grifkdamer tag-grifkhandball all_sort uutiset_sort  av-masonry-item-with-image' title=\"Anette Rakkolainen\"   itemscope=\"itemscope\" itemtype=\"https:\/\/schema.org\/CreativeWork\" ><div class='av-inner-masonry-sizer'><\/div><figure class='av-inner-masonry main_color'><div class=\"av-masonry-outerimage-container\"><div class='av-masonry-image-container' style=\"background-image: url(https:\/\/grifk-handball.com\/naiset\/wp-content\/uploads\/sites\/3\/2022\/01\/Anette-Rakkolainen-505x705.jpeg);\"  title=\"Anette Rakkolainen\" ><\/div><\/div><figcaption class='av-inner-masonry-content site-background'><div class='av-inner-masonry-content-pos'><div class='av-inner-masonry-content-pos-content'><div class='avia-arrow'><\/div><h3 class='av-masonry-entry-title entry-title '  itemprop=\"headline\" >Anette Rakkolainen GrIFK-paitaan<\/h3><span class='av-masonry-date meta-color updated'>12.1.2022<\/span><span class=\"av-masonry-text-sep text-sep-author\">\/<\/span><span class='av-masonry-author meta-color author'><span class='fn'>by irajessica<\/span><\/span><\/div><\/div><\/figcaption><\/figure><\/a><!--end av-masonry entry--><a href=\"https:\/\/grifk-handball.com\/naiset\/uutiset\/prisregn-over-grifk-handbollsdamer\/\"  id='av-masonry-1-item-9851' data-av-masonry-item='9851' class='av-masonry-entry isotope-item post-9851 post type-post status-publish format-standard has-post-thumbnail hentry category-uutiset all_sort uutiset_sort  av-masonry-item-with-image' title=\"GrIFK-HIFK-18122021-0646\"   itemscope=\"itemscope\" itemtype=\"https:\/\/schema.org\/CreativeWork\" ><div class='av-inner-masonry-sizer'><\/div><figure class='av-inner-masonry main_color'><div class=\"av-masonry-outerimage-container\"><div class='av-masonry-image-container' style=\"background-image: url(https:\/\/grifk-handball.com\/naiset\/wp-content\/uploads\/sites\/3\/2021\/12\/GrIFK-HIFK-18122021-0646-scaled-e1640071724612-705x427.jpg);\"  title=\"GrIFK-HIFK-18122021-0646\" ><\/div><\/div><figcaption class='av-inner-masonry-content site-background'><div class='av-inner-masonry-content-pos'><div class='av-inner-masonry-content-pos-content'><div class='avia-arrow'><\/div><h3 class='av-masonry-entry-title entry-title '  itemprop=\"headline\" >Prisregn \u00f6ver GrIFK handbollsdamer<\/h3><span class='av-masonry-date meta-color updated'>21.12.2021<\/span><span class=\"av-masonry-text-sep text-sep-author\">\/<\/span><span class='av-masonry-author meta-color author'><span class='fn'>by irajessica<\/span><\/span><\/div><\/div><\/figcaption><\/figure><\/a><!--end av-masonry entry--><a href=\"https:\/\/grifk-handball.com\/naiset\/uutiset\/naisten-maajoukkue-menestyy-bilbaossa-espanjassa\/\"  id='av-masonry-1-item-9775' data-av-masonry-item='9775' class='av-masonry-entry isotope-item post-9775 post type-post status-publish format-standard has-post-thumbnail hentry category-uutiset tag-grifkdamer tag-grifkhandball tag-johannahilli tag-naistenkasipallomaajoukkue tag-sarasandelin all_sort uutiset_sort  av-masonry-item-with-image' title=\"WhatsApp Image 2021-11-26 at 21.51.09\"   itemscope=\"itemscope\" itemtype=\"https:\/\/schema.org\/CreativeWork\" ><div class='av-inner-masonry-sizer'><\/div><figure class='av-inner-masonry main_color'><div class=\"av-masonry-outerimage-container\"><div class='av-masonry-image-container' style=\"background-image: url(https:\/\/grifk-handball.com\/naiset\/wp-content\/uploads\/sites\/3\/2021\/11\/WhatsApp-Image-2021-11-26-at-21.51.09-529x705.jpeg);\"  title=\"WhatsApp Image 2021-11-26 at 21.51.09\" ><\/div><\/div><figcaption class='av-inner-masonry-content site-background'><div class='av-inner-masonry-content-pos'><div class='av-inner-masonry-content-pos-content'><div class='avia-arrow'><\/div><h3 class='av-masonry-entry-title entry-title '  itemprop=\"headline\" >Naisten maajoukkue menestyy Bilbaossa, Espanjassa<\/h3><span class='av-masonry-date meta-color updated'>27.11.2021<\/span><span class=\"av-masonry-text-sep text-sep-author\">\/<\/span><span class='av-masonry-author meta-color author'><span class='fn'>by irajessica<\/span><\/span><\/div><\/div><\/figcaption><\/figure><\/a><!--end av-masonry entry--><a href=\"https:\/\/grifk-handball.com\/naiset\/uutiset\/ullmax-tilaa-lamminta-ja-kestavaa-jouluksi-%f0%9f%90%91\/\"  id='av-masonry-1-item-9649' data-av-masonry-item='9649' class='av-masonry-entry isotope-item post-9649 post type-post status-publish format-standard has-post-thumbnail hentry category-uutiset tag-ullmax tag-vispelarforgrankulla all_sort uutiset_sort  av-masonry-item-with-image' title=\"kategori_barn_desktop\"   itemscope=\"itemscope\" itemtype=\"https:\/\/schema.org\/CreativeWork\" ><div class='av-inner-masonry-sizer'><\/div><figure class='av-inner-masonry main_color'><div class=\"av-masonry-outerimage-container\"><div class='av-masonry-image-container' style=\"background-image: url(https:\/\/grifk-handball.com\/naiset\/wp-content\/uploads\/sites\/3\/2021\/11\/kategori_barn_desktop-705x448.jpeg);\"  title=\"kategori_barn_desktop\" ><\/div><\/div><figcaption class='av-inner-masonry-content site-background'><div class='av-inner-masonry-content-pos'><div class='av-inner-masonry-content-pos-content'><div class='avia-arrow'><\/div><h3 class='av-masonry-entry-title entry-title '  itemprop=\"headline\" >Ullmax, tilaa l\u00e4mmint\u00e4 ja kest\u00e4v\u00e4\u00e4 jouluksi \ud83d\udc11<\/h3><span class='av-masonry-date meta-color updated'>16.11.2021<\/span><span class=\"av-masonry-text-sep text-sep-author\">\/<\/span><span class='av-masonry-author meta-color author'><span class='fn'>by irajessica<\/span><\/span><\/div><\/div><\/figcaption><\/figure><\/a><!--end av-masonry entry--><a href=\"https:\/\/grifk-handball.com\/naiset\/uutiset\/sommarhalsningar-fran-granidamerna-kesaterveiset-granin-naisilta\/\"  id='av-masonry-1-item-9112' data-av-masonry-item='9112' class='av-masonry-entry isotope-item post-9112 post type-post status-publish format-standard has-post-thumbnail hentry category-uutiset tag-coachanka tag-coachpava tag-gograni tag-grifkdamer tag-grifkhandball tag-vispelarforgrankulla all_sort uutiset_sort  av-masonry-item-with-image' title=\"Fanny o Stella\"   itemscope=\"itemscope\" itemtype=\"https:\/\/schema.org\/CreativeWork\" ><div class='av-inner-masonry-sizer'><\/div><figure class='av-inner-masonry main_color'><div class=\"av-masonry-outerimage-container\"><div class='av-masonry-image-container' style=\"background-image: url(https:\/\/grifk-handball.com\/naiset\/wp-content\/uploads\/sites\/3\/2021\/07\/Fanny-o-Stella-705x705.jpeg);\"  title=\"Fanny o Stella\" ><\/div><\/div><figcaption class='av-inner-masonry-content site-background'><div class='av-inner-masonry-content-pos'><div class='av-inner-masonry-content-pos-content'><div class='avia-arrow'><\/div><h3 class='av-masonry-entry-title entry-title '  itemprop=\"headline\" >Sommarh\u00e4lsningar fr\u00e5n Granidamerna! * Kes\u00e4terveiset Granin naisilta!<\/h3><span class='av-masonry-date meta-color updated'>1.7.2021<\/span><span class=\"av-masonry-text-sep text-sep-author\">\/<\/span><span class='av-masonry-author meta-color author'><span class='fn'>by irajessica<\/span><\/span><\/div><\/div><\/figcaption><\/figure><\/a><!--end av-masonry entry--><a href=\"https:\/\/grifk-handball.com\/naiset\/uutiset\/patrik-johanson-on-grifk-kasipallonaisten-uusi-paavalmentaja\/\"  id='av-masonry-1-item-9099' data-av-masonry-item='9099' class='av-masonry-entry isotope-item post-9099 post type-post status-publish format-standard has-post-thumbnail hentry category-uutiset tag-coachanka tag-coachpava tag-gograni tag-grifkdamer tag-grifkhandball tag-vispelarforgrankulla all_sort uutiset_sort  av-masonry-item-with-image' title=\"20200909-182611-GrIFK-Miehet-0095[1]\"   itemscope=\"itemscope\" itemtype=\"https:\/\/schema.org\/CreativeWork\" ><div class='av-inner-masonry-sizer'><\/div><figure class='av-inner-masonry main_color'><div class=\"av-masonry-outerimage-container\"><div class='av-masonry-image-container' style=\"background-image: url(https:\/\/grifk-handball.com\/naiset\/wp-content\/uploads\/sites\/3\/2021\/05\/20200909-182611-GrIFK-Miehet-00951-e1622715308808-705x522.jpg);\"  title=\"20200909-182611-GrIFK-Miehet-0095[1]\" ><\/div><\/div><figcaption class='av-inner-masonry-content site-background'><div class='av-inner-masonry-content-pos'><div class='av-inner-masonry-content-pos-content'><div class='avia-arrow'><\/div><h3 class='av-masonry-entry-title entry-title '  itemprop=\"headline\" >Patrik Johanson on GrIFK k\u00e4sipallonaisten uusi p\u00e4\u00e4valmentaja<\/h3><span class='av-masonry-date meta-color updated'>20.5.2021<\/span><span class=\"av-masonry-text-sep text-sep-author\">\/<\/span><span class='av-masonry-author meta-color author'><span class='fn'>by irajessica<\/span><\/span><\/div><\/div><\/figcaption><\/figure><\/a><!--end av-masonry entry--><a href=\"https:\/\/grifk-handball.com\/naiset\/uutiset\/patrik-johanson-ny-huvudtranare-for-grifk-damer\/\"  id='av-masonry-1-item-9093' data-av-masonry-item='9093' class='av-masonry-entry isotope-item post-9093 post type-post status-publish format-standard has-post-thumbnail hentry category-uutiset tag-coachanka tag-coachpava tag-gograni tag-grifkdamer tag-grifkhandball tag-vispelarforgrankulla all_sort uutiset_sort  av-masonry-item-with-image' title=\"20200909-182611-GrIFK-Miehet-0095[1]\"   itemscope=\"itemscope\" itemtype=\"https:\/\/schema.org\/CreativeWork\" ><div class='av-inner-masonry-sizer'><\/div><figure class='av-inner-masonry main_color'><div class=\"av-masonry-outerimage-container\"><div class='av-masonry-image-container' style=\"background-image: url(https:\/\/grifk-handball.com\/naiset\/wp-content\/uploads\/sites\/3\/2021\/05\/20200909-182611-GrIFK-Miehet-00951-e1622715308808-705x522.jpg);\"  title=\"20200909-182611-GrIFK-Miehet-0095[1]\" ><\/div><\/div><figcaption class='av-inner-masonry-content site-background'><div class='av-inner-masonry-content-pos'><div class='av-inner-masonry-content-pos-content'><div class='avia-arrow'><\/div><h3 class='av-masonry-entry-title entry-title '  itemprop=\"headline\" >Patrik Johanson ny huvudtr\u00e4nare f\u00f6r GrIFK Damer<\/h3><span class='av-masonry-date meta-color updated'>20.5.2021<\/span><span class=\"av-masonry-text-sep text-sep-author\">\/<\/span><span class='av-masonry-author meta-color author'><span class='fn'>by irajessica<\/span><\/span><\/div><\/div><\/figcaption><\/figure><\/a><!--end av-masonry entry--><a href=\"https:\/\/grifk-handball.com\/naiset\/uutiset\/nsm-semi-28-3-dicken-grifk-20-22\/\"  id='av-masonry-1-item-9024' data-av-masonry-item='9024' class='av-masonry-entry isotope-item post-9024 post type-post status-publish format-standard has-post-thumbnail hentry category-ottelut-2020-21 category-uutiset tag-coachanka tag-coachgutte tag-gograni tag-grifkdamer tag-grifkhandball tag-vispelarforgrankulla all_sort ottelut-2020-21_sort  uutiset_sort  av-masonry-item-with-image' title=\"Ska\u0308rmavbild 2021-03-29 kl. 09.49.06\"   itemscope=\"itemscope\" itemtype=\"https:\/\/schema.org\/CreativeWork\" ><div class='av-inner-masonry-sizer'><\/div><figure class='av-inner-masonry main_color'><div class=\"av-masonry-outerimage-container\"><div class='av-masonry-image-container' style=\"background-image: url(https:\/\/grifk-handball.com\/naiset\/wp-content\/uploads\/sites\/3\/2021\/03\/Ska\u0308rmavbild-2021-03-29-kl.-09.49.06-705x441.png);\"  title=\"Ska\u0308rmavbild 2021-03-29 kl. 09.49.06\" ><\/div><\/div><figcaption class='av-inner-masonry-content site-background'><div class='av-inner-masonry-content-pos'><div class='av-inner-masonry-content-pos-content'><div class='avia-arrow'><\/div><h3 class='av-masonry-entry-title entry-title '  itemprop=\"headline\" >NSM semi 28.3.: Dicken-GrIFK 20-22<\/h3><span class='av-masonry-date meta-color updated'>29.3.2021<\/span><span class=\"av-masonry-text-sep text-sep-author\">\/<\/span><span class='av-masonry-author meta-color author'><span class='fn'>by irajessica<\/span><\/span><\/div><\/div><\/figcaption><\/figure><\/a><!--end av-masonry entry--><a href=\"https:\/\/grifk-handball.com\/naiset\/uutiset\/glad-sportlovsvecka-hyvaa-hiihtolomaa\/\"  id='av-masonry-1-item-8948' data-av-masonry-item='8948' class='av-masonry-entry isotope-item post-8948 post type-post status-publish format-standard has-post-thumbnail hentry category-uutiset tag-flattenthecurve tag-gograni tag-grifkdamer tag-grifkhandball tag-hiihtoloma tag-sportlov tag-vispelarforgrankulla all_sort uutiset_sort  av-masonry-item-with-image' title=\"20200921-195233-GrIFK Naiset (0639)\"   itemscope=\"itemscope\" itemtype=\"https:\/\/schema.org\/CreativeWork\" ><div class='av-inner-masonry-sizer'><\/div><figure class='av-inner-masonry main_color'><div class=\"av-masonry-outerimage-container\"><div class='av-masonry-image-container' style=\"background-image: url(https:\/\/grifk-handball.com\/naiset\/wp-content\/uploads\/sites\/3\/2021\/02\/20200921-195233-GrIFK-Naiset-0639-705x470.jpg);\"  title=\"20200921-195233-GrIFK Naiset (0639)\" ><\/div><\/div><figcaption class='av-inner-masonry-content site-background'><div class='av-inner-masonry-content-pos'><div class='av-inner-masonry-content-pos-content'><div class='avia-arrow'><\/div><h3 class='av-masonry-entry-title entry-title '  itemprop=\"headline\" >Glad sportlovsvecka * Hyv\u00e4\u00e4 hiihtolomaa<\/h3><span class='av-masonry-date meta-color updated'>19.2.2021<\/span><span class=\"av-masonry-text-sep text-sep-author\">\/<\/span><span class='av-masonry-author meta-color author'><span class='fn'>by irajessica<\/span><\/span><\/div><\/div><\/figcaption><\/figure><\/a><!--end av-masonry entry--><a href=\"https:\/\/grifk-handball.com\/naiset\/kausi-2020-21\/ottelut-2020-21\/sm-runkosarja-16-1-dicken-grifk-19-23\/\"  id='av-masonry-1-item-8861' data-av-masonry-item='8861' class='av-masonry-entry isotope-item post-8861 post type-post status-publish format-standard has-post-thumbnail hentry category-ottelut-2020-21 category-uutiset tag-coachgutte tag-gograni tag-grifkdamer tag-grifkhandball tag-sm-runkosarja tag-vispelarforgrankulla all_sort ottelut-2020-21_sort  uutiset_sort  av-masonry-item-with-image' title=\"Dicken-GrIFK\"   itemscope=\"itemscope\" itemtype=\"https:\/\/schema.org\/CreativeWork\" ><div class='av-inner-masonry-sizer'><\/div><figure class='av-inner-masonry main_color'><div class=\"av-masonry-outerimage-container\"><div class='av-masonry-image-container' style=\"background-image: url(https:\/\/grifk-handball.com\/naiset\/wp-content\/uploads\/sites\/3\/2021\/01\/Dicken-GrIFK--e1611216432652-705x408.png);\"  title=\"Dicken-GrIFK\" ><\/div><\/div><figcaption class='av-inner-masonry-content site-background'><div class='av-inner-masonry-content-pos'><div class='av-inner-masonry-content-pos-content'><div class='avia-arrow'><\/div><h3 class='av-masonry-entry-title entry-title '  itemprop=\"headline\" >NSM runkosarja 16.1.: Dicken-GrIFK 19-23<\/h3><span class='av-masonry-date meta-color updated'>21.1.2021<\/span><span class=\"av-masonry-text-sep text-sep-author\">\/<\/span><span class='av-masonry-author meta-color author'><span class='fn'>by irajessica<\/span><\/span><\/div><\/div><\/figcaption><\/figure><\/a><!--end av-masonry entry--><a href=\"https:\/\/grifk-handball.com\/naiset\/kausi-2020-21\/ottelut-2020-21\/voitto-kotiin-nsm-grifk-hifk-27-23\/\"  id='av-masonry-1-item-8788' data-av-masonry-item='8788' class='av-masonry-entry isotope-item post-8788 post type-post status-publish format-standard has-post-thumbnail hentry category-ottelut-2020-21 category-uutiset tag-coachanka tag-coachgutte tag-grifkdamer tag-grifkhandball tag-sm-runkosarja tag-vispelarforgrankulla all_sort ottelut-2020-21_sort  uutiset_sort  av-masonry-item-with-image' title=\"20210106212155_IMG_3923\"   itemscope=\"itemscope\" itemtype=\"https:\/\/schema.org\/CreativeWork\" ><div class='av-inner-masonry-sizer'><\/div><figure class='av-inner-masonry main_color'><div class=\"av-masonry-outerimage-container\"><div class='av-masonry-image-container' style=\"background-image: url(https:\/\/grifk-handball.com\/naiset\/wp-content\/uploads\/sites\/3\/2021\/01\/20210106212155_IMG_3923-e1610003066608-705x495.jpg);\"  title=\"20210106212155_IMG_3923\" ><\/div><\/div><figcaption class='av-inner-masonry-content site-background'><div class='av-inner-masonry-content-pos'><div class='av-inner-masonry-content-pos-content'><div class='avia-arrow'><\/div><h3 class='av-masonry-entry-title entry-title '  itemprop=\"headline\" >Voitto kotiin!! NSM GrIFK-HIFK 27-23<\/h3><span class='av-masonry-date meta-color updated'>6.1.2021<\/span><span class=\"av-masonry-text-sep text-sep-author\">\/<\/span><span class='av-masonry-author meta-color author'><span class='fn'>by irajessica<\/span><\/span><\/div><\/div><\/figcaption><\/figure><\/a><!--end av-masonry entry--><a href=\"https:\/\/grifk-handball.com\/naiset\/uutiset\/vuoden-2020-bongaukset-arets-mal-och-matcher\/\"  id='av-masonry-1-item-8779' data-av-masonry-item='8779' class='av-masonry-entry isotope-item post-8779 post type-post status-publish format-standard has-post-thumbnail hentry category-uutiset tag-gograni tag-grifkdamer tag-sm-runkosarja tag-vispelarforgrankulla all_sort uutiset_sort  av-masonry-item-with-image' title=\"20200125_GrIFK-SIF_Minna_DSC_0529\"   itemscope=\"itemscope\" itemtype=\"https:\/\/schema.org\/CreativeWork\" ><div class='av-inner-masonry-sizer'><\/div><figure class='av-inner-masonry main_color'><div class=\"av-masonry-outerimage-container\"><div class='av-masonry-image-container' style=\"background-image: url(https:\/\/grifk-handball.com\/naiset\/wp-content\/uploads\/sites\/3\/2020\/12\/20200125_GrIFK-SIF_Minna_DSC_0529-scaled-e1609416277139-577x705.jpg);\"  title=\"20200125_GrIFK-SIF_Minna_DSC_0529\" ><\/div><\/div><figcaption class='av-inner-masonry-content site-background'><div class='av-inner-masonry-content-pos'><div class='av-inner-masonry-content-pos-content'><div class='avia-arrow'><\/div><h3 class='av-masonry-entry-title entry-title '  itemprop=\"headline\" >Vuoden 2020 bongaukset \/ \u00c5rets m\u00e5l och matcher<\/h3><span class='av-masonry-date meta-color updated'>31.12.2020<\/span><span class=\"av-masonry-text-sep text-sep-author\">\/<\/span><span class='av-masonry-author meta-color author'><span class='fn'>by irajessica<\/span><\/span><\/div><\/div><\/figcaption><\/figure><\/a><!--end av-masonry entry--><a href=\"https:\/\/grifk-handball.com\/naiset\/kausi-2020-21\/ottelut-2020-21\/sm-runkosarja-19-12-grifk-sif-24-19\/\"  id='av-masonry-1-item-8771' data-av-masonry-item='8771' class='av-masonry-entry isotope-item post-8771 post type-post status-publish format-standard has-post-thumbnail hentry category-ottelut-2020-21 category-uutiset tag-coachgutte tag-gograni tag-grifkdamer tag-grifkhandball tag-johannahilli tag-sm-runkosarja tag-vispelarforgrankulla all_sort ottelut-2020-21_sort  uutiset_sort  av-masonry-item-with-image' title=\"20201219170335_IMG_3309\"   itemscope=\"itemscope\" itemtype=\"https:\/\/schema.org\/CreativeWork\" ><div class='av-inner-masonry-sizer'><\/div><figure class='av-inner-masonry main_color'><div class=\"av-masonry-outerimage-container\"><div class='av-masonry-image-container' style=\"background-image: url(https:\/\/grifk-handball.com\/naiset\/wp-content\/uploads\/sites\/3\/2020\/12\/20201219170335_IMG_3309-705x529.jpg);\"  title=\"20201219170335_IMG_3309\" ><\/div><\/div><figcaption class='av-inner-masonry-content site-background'><div class='av-inner-masonry-content-pos'><div class='av-inner-masonry-content-pos-content'><div class='avia-arrow'><\/div><h3 class='av-masonry-entry-title entry-title '  itemprop=\"headline\" >NSM runkosarja 19.12.: GrIFK-SIF 24-19<\/h3><span class='av-masonry-date meta-color updated'>21.12.2020<\/span><span class=\"av-masonry-text-sep text-sep-author\">\/<\/span><span class='av-masonry-author meta-color author'><span class='fn'>by irajessica<\/span><\/span><\/div><\/div><\/figcaption><\/figure><\/a><!--end av-masonry entry--><a href=\"https:\/\/grifk-handball.com\/naiset\/uutiset\/obligatoriskt-att-anvanda-ansiktsmask-fr-o-m-2-11-pakollista-kayttaa-kasvomaskia-2-11-lahtien\/\"  id='av-masonry-1-item-8612' data-av-masonry-item='8612' class='av-masonry-entry isotope-item post-8612 post type-post status-publish format-standard has-post-thumbnail hentry category-uutiset tag-gograni tag-grifkdamer tag-grifkhandball tag-grottan tag-johannahilli tag-sm-runkosarja tag-vispelarforgrankulla all_sort uutiset_sort  av-masonry-item-with-image' title=\"facemasks\"   itemscope=\"itemscope\" itemtype=\"https:\/\/schema.org\/CreativeWork\" ><div class='av-inner-masonry-sizer'><\/div><figure class='av-inner-masonry main_color'><div class=\"av-masonry-outerimage-container\"><div class='av-masonry-image-container' style=\"background-image: url(https:\/\/grifk-handball.com\/naiset\/wp-content\/uploads\/sites\/3\/2020\/10\/facemasks.jpg);\"  title=\"facemasks\" ><\/div><\/div><figcaption class='av-inner-masonry-content site-background'><div class='av-inner-masonry-content-pos'><div class='av-inner-masonry-content-pos-content'><div class='avia-arrow'><\/div><h3 class='av-masonry-entry-title entry-title '  itemprop=\"headline\" >Obligatoriskt att anv\u00e4nda ansiktsmask fr.o.m. 2.11 \/ Pakollista k\u00e4ytt\u00e4\u00e4 kasvomaskia 2.11. l\u00e4htien<\/h3><span class='av-masonry-date meta-color updated'>30.10.2020<\/span><span class=\"av-masonry-text-sep text-sep-author\">\/<\/span><span class='av-masonry-author meta-color author'><span class='fn'>by irajessica<\/span><\/span><\/div><\/div><\/figcaption><\/figure><\/a><!--end av-masonry entry--><a href=\"https:\/\/grifk-handball.com\/naiset\/uutiset\/varaa-kausikortti-2020-2021-ennen-30-6\/\"  id='av-masonry-1-item-8251' data-av-masonry-item='8251' class='av-masonry-entry isotope-item post-8251 post type-post status-publish format-standard has-post-thumbnail hentry category-uutiset all_sort uutiset_sort  av-masonry-item-with-image' title=\"GrIFK kausari\"   itemscope=\"itemscope\" itemtype=\"https:\/\/schema.org\/CreativeWork\" ><div class='av-inner-masonry-sizer'><\/div><figure class='av-inner-masonry main_color'><div class=\"av-masonry-outerimage-container\"><div class='av-masonry-image-container' style=\"background-image: url(https:\/\/grifk-handball.com\/naiset\/wp-content\/uploads\/sites\/3\/2020\/06\/GrIFK-kausari-705x403.jpeg);\"  title=\"GrIFK kausari\" ><\/div><\/div><figcaption class='av-inner-masonry-content site-background'><div class='av-inner-masonry-content-pos'><div class='av-inner-masonry-content-pos-content'><div class='avia-arrow'><\/div><h3 class='av-masonry-entry-title entry-title '  itemprop=\"headline\" >Varaa kausikortti 2020\/2021 ennen 30.6.<\/h3><span class='av-masonry-date meta-color updated'>17.6.2020<\/span><span class=\"av-masonry-text-sep text-sep-author\">\/<\/span><span class='av-masonry-author meta-color author'><span class='fn'>by irajessica<\/span><\/span><\/div><\/div><\/figcaption><\/figure><\/a><!--end av-masonry entry--><a href=\"https:\/\/grifk-handball.com\/naiset\/uutiset\/reservera-sasongskort-fore-30-6\/\"  id='av-masonry-1-item-8247' data-av-masonry-item='8247' class='av-masonry-entry isotope-item post-8247 post type-post status-publish format-standard has-post-thumbnail hentry category-uutiset all_sort uutiset_sort  av-masonry-item-with-image' title=\"GrIFK kausare\"   itemscope=\"itemscope\" itemtype=\"https:\/\/schema.org\/CreativeWork\" ><div class='av-inner-masonry-sizer'><\/div><figure class='av-inner-masonry main_color'><div class=\"av-masonry-outerimage-container\"><div class='av-masonry-image-container' style=\"background-image: url(https:\/\/grifk-handball.com\/naiset\/wp-content\/uploads\/sites\/3\/2020\/06\/GrIFK-kausare-705x403.jpeg);\"  title=\"GrIFK kausare\" ><\/div><\/div><figcaption class='av-inner-masonry-content site-background'><div class='av-inner-masonry-content-pos'><div class='av-inner-masonry-content-pos-content'><div class='avia-arrow'><\/div><h3 class='av-masonry-entry-title entry-title '  itemprop=\"headline\" >Reservera s\u00e4songskort f\u00f6re 30.6<\/h3><span class='av-masonry-date meta-color updated'>17.6.2020<\/span><span class=\"av-masonry-text-sep text-sep-author\">\/<\/span><span class='av-masonry-author meta-color author'><span class='fn'>by irajessica<\/span><\/span><\/div><\/div><\/figcaption><\/figure><\/a><!--end av-masonry entry--><a href=\"https:\/\/grifk-handball.com\/naiset\/uutiset\/johanna-hilli-palaa-grifkn-riveihin\/\"  id='av-masonry-1-item-8235' data-av-masonry-item='8235' class='av-masonry-entry isotope-item post-8235 post type-post status-publish format-standard has-post-thumbnail hentry category-uutiset tag-coachgutte tag-grifkdamer tag-grifkhandball tag-johannahilli all_sort uutiset_sort  av-masonry-item-with-image' title=\"Johanna Hilli\"   itemscope=\"itemscope\" itemtype=\"https:\/\/schema.org\/CreativeWork\" ><div class='av-inner-masonry-sizer'><\/div><figure class='av-inner-masonry main_color'><div class=\"av-masonry-outerimage-container\"><div class='av-masonry-image-container' style=\"background-image: url(https:\/\/grifk-handball.com\/naiset\/wp-content\/uploads\/sites\/3\/2020\/06\/Johanna-Hilli-470x705.jpg);\"  title=\"Johanna Hilli\" ><\/div><\/div><figcaption class='av-inner-masonry-content site-background'><div class='av-inner-masonry-content-pos'><div class='av-inner-masonry-content-pos-content'><div class='avia-arrow'><\/div><h3 class='av-masonry-entry-title entry-title '  itemprop=\"headline\" >Johanna Hilli palaa GrIFK:n riveihin<\/h3><span class='av-masonry-date meta-color updated'>13.6.2020<\/span><span class=\"av-masonry-text-sep text-sep-author\">\/<\/span><span class='av-masonry-author meta-color author'><span class='fn'>by irajessica<\/span><\/span><\/div><\/div><\/figcaption><\/figure><\/a><!--end av-masonry entry--><a href=\"https:\/\/grifk-handball.com\/naiset\/uutiset\/johanna-hilli-flyttar-hem-till-grifk\/\"  id='av-masonry-1-item-8231' data-av-masonry-item='8231' class='av-masonry-entry isotope-item post-8231 post type-post status-publish format-standard has-post-thumbnail hentry category-uutiset tag-coachgutte tag-grifkdamer tag-grifkhandball tag-johannahilli all_sort uutiset_sort  av-masonry-item-with-image' title=\"Johanna Hilli\"   itemscope=\"itemscope\" itemtype=\"https:\/\/schema.org\/CreativeWork\" ><div class='av-inner-masonry-sizer'><\/div><figure class='av-inner-masonry main_color'><div class=\"av-masonry-outerimage-container\"><div class='av-masonry-image-container' style=\"background-image: url(https:\/\/grifk-handball.com\/naiset\/wp-content\/uploads\/sites\/3\/2020\/06\/Johanna-Hilli-470x705.jpg);\"  title=\"Johanna Hilli\" ><\/div><\/div><figcaption class='av-inner-masonry-content site-background'><div class='av-inner-masonry-content-pos'><div class='av-inner-masonry-content-pos-content'><div class='avia-arrow'><\/div><h3 class='av-masonry-entry-title entry-title '  itemprop=\"headline\" >Johanna Hilli flyttar hem till GrIFK<\/h3><span class='av-masonry-date meta-color updated'>13.6.2020<\/span><span class=\"av-masonry-text-sep text-sep-author\">\/<\/span><span class='av-masonry-author meta-color author'><span class='fn'>by irajessica<\/span><\/span><\/div><\/div><\/figcaption><\/figure><\/a><!--end av-masonry entry--><a href=\"https:\/\/grifk-handball.com\/naiset\/uutiset\/glada-vappen-hyvaa-vappua\/\"  id='av-masonry-1-item-8224' data-av-masonry-item='8224' class='av-masonry-entry isotope-item post-8224 post type-post status-publish format-standard has-post-thumbnail hentry category-uutiset tag-flattenthecurve tag-grifkdamer tag-grifkhandball tag-vappen all_sort uutiset_sort  av-masonry-item-with-image' title=\"5 TOUKOKUU 2020 GrIFK Naiset (0406)\"   itemscope=\"itemscope\" itemtype=\"https:\/\/schema.org\/CreativeWork\" ><div class='av-inner-masonry-sizer'><\/div><figure class='av-inner-masonry main_color'><div class=\"av-masonry-outerimage-container\"><div class='av-masonry-image-container' style=\"background-image: url(https:\/\/grifk-handball.com\/naiset\/wp-content\/uploads\/sites\/3\/2020\/04\/5-TOUKOKUU-2020-GrIFK-Naiset-0406-705x470.jpg);\"  title=\"5 TOUKOKUU 2020 GrIFK Naiset (0406)\" ><\/div><\/div><figcaption class='av-inner-masonry-content site-background'><div class='av-inner-masonry-content-pos'><div class='av-inner-masonry-content-pos-content'><div class='avia-arrow'><\/div><h3 class='av-masonry-entry-title entry-title '  itemprop=\"headline\" >Glada vappen! Hyv\u00e4\u00e4 vappua!<\/h3><span class='av-masonry-date meta-color updated'>30.4.2020<\/span><span class=\"av-masonry-text-sep text-sep-author\">\/<\/span><span class='av-masonry-author meta-color author'><span class='fn'>by irajessica<\/span><\/span><\/div><\/div><\/figcaption><\/figure><\/a><!--end av-masonry entry--><a href=\"https:\/\/grifk-handball.com\/naiset\/uutiset\/kysy-niin-cara-vastaa-malvaktscaras-svar-at-juniorerna\/\"  id='av-masonry-1-item-8216' data-av-masonry-item='8216' class='av-masonry-entry isotope-item post-8216 post type-post status-publish format-standard has-post-thumbnail hentry category-uutiset tag-grifkdamer tag-grifkhandball tag-sm-runkosarja tag-cara-feodoroff all_sort uutiset_sort  av-masonry-item-with-image' title=\"89446459_1408308119351451_8699537226771464192_n\"   itemscope=\"itemscope\" itemtype=\"https:\/\/schema.org\/CreativeWork\" ><div class='av-inner-masonry-sizer'><\/div><figure class='av-inner-masonry main_color'><div class=\"av-masonry-outerimage-container\"><div class='av-masonry-image-container' style=\"background-image: url(https:\/\/grifk-handball.com\/naiset\/wp-content\/uploads\/sites\/3\/2020\/03\/89446459_1408308119351451_8699537226771464192_n-705x470.jpg);\"  title=\"89446459_1408308119351451_8699537226771464192_n\" ><\/div><\/div><figcaption class='av-inner-masonry-content site-background'><div class='av-inner-masonry-content-pos'><div class='av-inner-masonry-content-pos-content'><div class='avia-arrow'><\/div><h3 class='av-masonry-entry-title entry-title '  itemprop=\"headline\" >Kysy, niin Cara vastaa \/ Caras svar \u00e5t juniorerna<\/h3><span class='av-masonry-date meta-color updated'>25.3.2020<\/span><span class=\"av-masonry-text-sep text-sep-author\">\/<\/span><span class='av-masonry-author meta-color author'><span class='fn'>by irajessica<\/span><\/span><\/div><\/div><\/figcaption><\/figure><\/a><!--end av-masonry entry--><a href=\"https:\/\/grifk-handball.com\/naiset\/uutiset\/kasipallokausi-2019-20-on-paattynyt-grifk-naiset-kiittaa\/\"  id='av-masonry-1-item-8211' data-av-masonry-item='8211' class='av-masonry-entry isotope-item post-8211 post type-post status-publish format-standard has-post-thumbnail hentry category-uutiset all_sort uutiset_sort  av-masonry-item-with-image' title=\"20190909-190041-GrIFK Naiset (0302)\"   itemscope=\"itemscope\" itemtype=\"https:\/\/schema.org\/CreativeWork\" ><div class='av-inner-masonry-sizer'><\/div><figure class='av-inner-masonry main_color'><div class=\"av-masonry-outerimage-container\"><div class='av-masonry-image-container' style=\"background-image: url(https:\/\/grifk-handball.com\/naiset\/wp-content\/uploads\/sites\/3\/2020\/03\/20190909-190041-GrIFK-Naiset-0302-705x470.jpg);\"  title=\"20190909-190041-GrIFK Naiset (0302)\" ><\/div><\/div><figcaption class='av-inner-masonry-content site-background'><div class='av-inner-masonry-content-pos'><div class='av-inner-masonry-content-pos-content'><div class='avia-arrow'><\/div><h3 class='av-masonry-entry-title entry-title '  itemprop=\"headline\" >K\u00e4sipallokausi 2019-20 on p\u00e4\u00e4ttynyt &#8211; GrIFK naiset kiitt\u00e4\u00e4<\/h3><span class='av-masonry-date meta-color updated'>20.3.2020<\/span><span class=\"av-masonry-text-sep text-sep-author\">\/<\/span><span class='av-masonry-author meta-color author'><span class='fn'>by irajessica<\/span><\/span><\/div><\/div><\/figcaption><\/figure><\/a><!--end av-masonry entry--><a href=\"https:\/\/grifk-handball.com\/naiset\/uutiset\/ratt-attityd-och-spelgladje-i-tre-omgangar\/\"  id='av-masonry-1-item-8161' data-av-masonry-item='8161' class='av-masonry-entry isotope-item post-8161 post type-post status-publish format-standard has-post-thumbnail hentry category-uutiset tag-coachanka tag-coachgutte tag-gograni tag-grifkdamer tag-grifkhandball tag-sm-runkosarja all_sort uutiset_sort  av-masonry-item-with-image' title=\"20200125_GrIFK-SIF_Minna_DSC_0511\"   itemscope=\"itemscope\" itemtype=\"https:\/\/schema.org\/CreativeWork\" ><div class='av-inner-masonry-sizer'><\/div><figure class='av-inner-masonry main_color'><div class=\"av-masonry-outerimage-container\"><div class='av-masonry-image-container' style=\"background-image: url(https:\/\/grifk-handball.com\/naiset\/wp-content\/uploads\/sites\/3\/2020\/02\/20200125_GrIFK-SIF_Minna_DSC_0511-705x467.jpg);\"  title=\"20200125_GrIFK-SIF_Minna_DSC_0511\" ><\/div><\/div><figcaption class='av-inner-masonry-content site-background'><div class='av-inner-masonry-content-pos'><div class='av-inner-masonry-content-pos-content'><div class='avia-arrow'><\/div><h3 class='av-masonry-entry-title entry-title '  itemprop=\"headline\" >R\u00e4tt attityd och spelgl\u00e4dje i tre omg\u00e5ngar<\/h3><span class='av-masonry-date meta-color updated'>15.2.2020<\/span><span class=\"av-masonry-text-sep text-sep-author\">\/<\/span><span class='av-masonry-author meta-color author'><span class='fn'>by irajessica<\/span><\/span><\/div><\/div><\/figcaption><\/figure><\/a><!--end av-masonry entry--><a href=\"https:\/\/grifk-handball.com\/naiset\/uutiset\/valkommen-till-grifk-ingrid-lindbom\/\"  id='av-masonry-1-item-8134' data-av-masonry-item='8134' class='av-masonry-entry isotope-item post-8134 post type-post status-publish format-standard has-post-thumbnail hentry category-uutiset tag-grifkdamer tag-grifkhandball tag-aifk tag-bk-46 all_sort uutiset_sort  av-masonry-item-with-image' title=\"22 Ingrid_Lindbom_2019-20\"   itemscope=\"itemscope\" itemtype=\"https:\/\/schema.org\/CreativeWork\" ><div class='av-inner-masonry-sizer'><\/div><figure class='av-inner-masonry main_color'><div class=\"av-masonry-outerimage-container\"><div class='av-masonry-image-container' style=\"background-image: url(https:\/\/grifk-handball.com\/naiset\/wp-content\/uploads\/sites\/3\/2020\/01\/22-Ingrid_Lindbom_2019-20-470x705.jpg);\"  title=\"22 Ingrid_Lindbom_2019-20\" ><\/div><\/div><figcaption class='av-inner-masonry-content site-background'><div class='av-inner-masonry-content-pos'><div class='av-inner-masonry-content-pos-content'><div class='avia-arrow'><\/div><h3 class='av-masonry-entry-title entry-title '  itemprop=\"headline\" >V\u00e4lkommen till GrIFK Ingrid Lindbom<\/h3><span class='av-masonry-date meta-color updated'>22.1.2020<\/span><span class=\"av-masonry-text-sep text-sep-author\">\/<\/span><span class='av-masonry-author meta-color author'><span class='fn'>by irajessica<\/span><\/span><\/div><\/div><\/figcaption><\/figure><\/a><!--end av-masonry entry--><a href=\"https:\/\/grifk-handball.com\/naiset\/uutiset\/nytt-ar-nya-kampatag\/\"  id='av-masonry-1-item-8091' data-av-masonry-item='8091' class='av-masonry-entry isotope-item post-8091 post type-post status-publish format-standard has-post-thumbnail hentry category-uutiset tag-coachanka tag-coachgutte tag-grifkdamer tag-grifkhandball tag-sm-runkosarja tag-grifk all_sort uutiset_sort  av-masonry-item-with-image' title=\"20190909-191252-GrIFK Naiset (0376)\"   itemscope=\"itemscope\" itemtype=\"https:\/\/schema.org\/CreativeWork\" ><div class='av-inner-masonry-sizer'><\/div><figure class='av-inner-masonry main_color'><div class=\"av-masonry-outerimage-container\"><div class='av-masonry-image-container' style=\"background-image: url(https:\/\/grifk-handball.com\/naiset\/wp-content\/uploads\/sites\/3\/2019\/12\/20190909-191252-GrIFK-Naiset-0376-705x470.jpg);\"  title=\"20190909-191252-GrIFK Naiset (0376)\" ><\/div><\/div><figcaption class='av-inner-masonry-content site-background'><div class='av-inner-masonry-content-pos'><div class='av-inner-masonry-content-pos-content'><div class='avia-arrow'><\/div><h3 class='av-masonry-entry-title entry-title '  itemprop=\"headline\" >Nytt \u00e5r &#8211; nya k\u00e4mpatag!<\/h3><span class='av-masonry-date meta-color updated'>27.12.2019<\/span><span class=\"av-masonry-text-sep text-sep-author\">\/<\/span><span class='av-masonry-author meta-color author'><span class='fn'>by irajessica<\/span><\/span><\/div><\/div><\/figcaption><\/figure><\/a><!--end av-masonry entry--><a href=\"https:\/\/grifk-handball.com\/naiset\/uutiset\/grifk-i-cupfinal\/\"  id='av-masonry-1-item-8082' data-av-masonry-item='8082' class='av-masonry-entry isotope-item post-8082 post type-post status-publish format-standard has-post-thumbnail hentry category-uutiset tag-coachanka tag-grifkdamer tag-grifkhandball tag-go-grani tag-hifk tag-suomen-cup all_sort uutiset_sort  av-masonry-item-with-image' title=\"event-image_1920x1080_suomencup_naiset\"   itemscope=\"itemscope\" itemtype=\"https:\/\/schema.org\/CreativeWork\" ><div class='av-inner-masonry-sizer'><\/div><figure class='av-inner-masonry main_color'><div class=\"av-masonry-outerimage-container\"><div class='av-masonry-image-container' style=\"background-image: url(https:\/\/grifk-handball.com\/naiset\/wp-content\/uploads\/sites\/3\/2019\/12\/event-image_1920x1080_suomencup_naiset-705x397.jpg);\"  title=\"event-image_1920x1080_suomencup_naiset\" ><\/div><\/div><figcaption class='av-inner-masonry-content site-background'><div class='av-inner-masonry-content-pos'><div class='av-inner-masonry-content-pos-content'><div class='avia-arrow'><\/div><h3 class='av-masonry-entry-title entry-title '  itemprop=\"headline\" >GrIFK i Cupfinal<\/h3><span class='av-masonry-date meta-color updated'>20.12.2019<\/span><span class=\"av-masonry-text-sep text-sep-author\">\/<\/span><span class='av-masonry-author meta-color author'><span class='fn'>by irajessica<\/span><\/span><\/div><\/div><\/figcaption><\/figure><\/a><!--end av-masonry entry--><a href=\"https:\/\/grifk-handball.com\/naiset\/uutiset\/fysio-amanda-alexandersson-mitt-mal-ar-att-alla-ska-bli-och-hallas-skadefria\/\"  id='av-masonry-1-item-8070' data-av-masonry-item='8070' class='av-masonry-entry isotope-item post-8070 post type-post status-publish format-standard has-post-thumbnail hentry category-uutiset tag-fysioterapi tag-grifkdamer tag-grifkhandball all_sort uutiset_sort  av-masonry-item-with-image' title=\"image0\"   itemscope=\"itemscope\" itemtype=\"https:\/\/schema.org\/CreativeWork\" ><div class='av-inner-masonry-sizer'><\/div><figure class='av-inner-masonry main_color'><div class=\"av-masonry-outerimage-container\"><div class='av-masonry-image-container' style=\"background-image: url(https:\/\/grifk-handball.com\/naiset\/wp-content\/uploads\/sites\/3\/2019\/12\/image0-529x705.jpeg);\"  title=\"image0\" ><\/div><\/div><figcaption class='av-inner-masonry-content site-background'><div class='av-inner-masonry-content-pos'><div class='av-inner-masonry-content-pos-content'><div class='avia-arrow'><\/div><h3 class='av-masonry-entry-title entry-title '  itemprop=\"headline\" >Fysio Amanda Alexandersson: \u201dMitt m\u00e5l \u00e4r att alla ska bli och h\u00e5llas skadefria\u201d<\/h3><span class='av-masonry-date meta-color updated'>16.12.2019<\/span><span class=\"av-masonry-text-sep text-sep-author\">\/<\/span><span class='av-masonry-author meta-color author'><span class='fn'>by irajessica<\/span><\/span><\/div><\/div><\/figcaption><\/figure><\/a><!--end av-masonry entry--><a href=\"https:\/\/grifk-handball.com\/naiset\/uutiset\/sm-runkosarja-grifk-kyif-2\/\"  id='av-masonry-1-item-7964' data-av-masonry-item='7964' class='av-masonry-entry isotope-item post-7964 post type-post status-publish format-standard has-post-thumbnail hentry category-ottelut-2019-20 category-uutiset tag-coachgutte tag-grifkdamer tag-grifkhandball tag-sm-runkosarja tag-kyif all_sort ottelut-2019-20_sort  uutiset_sort  av-masonry-item-with-image' title=\"20191114_GrIFK-KyIF_Minna_DSC_0103 (1)\"   itemscope=\"itemscope\" itemtype=\"https:\/\/schema.org\/CreativeWork\" ><div class='av-inner-masonry-sizer'><\/div><figure class='av-inner-masonry main_color'><div class=\"av-masonry-outerimage-container\"><div class='av-masonry-image-container' style=\"background-image: url(https:\/\/grifk-handball.com\/naiset\/wp-content\/uploads\/sites\/3\/2019\/11\/20191114_GrIFK-KyIF_Minna_DSC_0103-1-705x536.jpg);\"  title=\"20191114_GrIFK-KyIF_Minna_DSC_0103 (1)\" ><\/div><\/div><figcaption class='av-inner-masonry-content site-background'><div class='av-inner-masonry-content-pos'><div class='av-inner-masonry-content-pos-content'><div class='avia-arrow'><\/div><h3 class='av-masonry-entry-title entry-title '  itemprop=\"headline\" >SM-runkosarja: GrIFK-KyIF 28-18<\/h3><span class='av-masonry-date meta-color updated'>14.11.2019<\/span><span class=\"av-masonry-text-sep text-sep-author\">\/<\/span><span class='av-masonry-author meta-color author'><span class='fn'>by irajessica<\/span><\/span><\/div><\/div><\/figcaption><\/figure><\/a><!--end av-masonry entry--><a href=\"https:\/\/grifk-handball.com\/naiset\/uutiset\/forsta-omgangen-spelad-grifk-med-i-medaljstriden\/\"  id='av-masonry-1-item-7938' data-av-masonry-item='7938' class='av-masonry-entry isotope-item post-7938 post type-post status-publish format-standard has-post-thumbnail hentry category-ottelut-2019-20 category-uutiset tag-coachgutte tag-grifkdamer tag-grifkhandball tag-sm-runkosarja tag-runkosarja all_sort ottelut-2019-20_sort  uutiset_sort  av-masonry-item-with-image' title=\"20191011_GrIFK-SIF_Minna_DSC_1663\"   itemscope=\"itemscope\" itemtype=\"https:\/\/schema.org\/CreativeWork\" ><div class='av-inner-masonry-sizer'><\/div><figure class='av-inner-masonry main_color'><div class=\"av-masonry-outerimage-container\"><div class='av-masonry-image-container' style=\"background-image: url(https:\/\/grifk-handball.com\/naiset\/wp-content\/uploads\/sites\/3\/2019\/11\/20191011_GrIFK-SIF_Minna_DSC_1663-705x307.jpg);\"  title=\"20191011_GrIFK-SIF_Minna_DSC_1663\" ><\/div><\/div><figcaption class='av-inner-masonry-content site-background'><div class='av-inner-masonry-content-pos'><div class='av-inner-masonry-content-pos-content'><div class='avia-arrow'><\/div><h3 class='av-masonry-entry-title entry-title '  itemprop=\"headline\" >F\u00f6rsta omg\u00e5ngen spelad, GrIFK med i medaljstriden<\/h3><span class='av-masonry-date meta-color updated'>6.11.2019<\/span><span class=\"av-masonry-text-sep text-sep-author\">\/<\/span><span class='av-masonry-author meta-color author'><span class='fn'>by irajessica<\/span><\/span><\/div><\/div><\/figcaption><\/figure><\/a><!--end av-masonry entry--><a href=\"https:\/\/grifk-handball.com\/naiset\/kausi-2019-20\/valkommen-till-grifk-damer-mathilda-sandblom\/\"  id='av-masonry-1-item-7914' data-av-masonry-item='7914' class='av-masonry-entry isotope-item post-7914 post type-post status-publish format-standard has-post-thumbnail hentry category-kausi-2019-20 category-uutiset tag-grifkdamer tag-grifkhandball all_sort kausi-2019-20_sort  uutiset_sort  av-masonry-item-with-image' title=\"WhatsApp Image 2019-10-11 at 20.30.30\"   itemscope=\"itemscope\" itemtype=\"https:\/\/schema.org\/CreativeWork\" ><div class='av-inner-masonry-sizer'><\/div><figure class='av-inner-masonry main_color'><div class=\"av-masonry-outerimage-container\"><div class='av-masonry-image-container' style=\"background-image: url(https:\/\/grifk-handball.com\/naiset\/wp-content\/uploads\/sites\/3\/2019\/10\/WhatsApp-Image-2019-10-11-at-20.30.30-705x670.jpeg);\"  title=\"WhatsApp Image 2019-10-11 at 20.30.30\" ><\/div><\/div><figcaption class='av-inner-masonry-content site-background'><div class='av-inner-masonry-content-pos'><div class='av-inner-masonry-content-pos-content'><div class='avia-arrow'><\/div><h3 class='av-masonry-entry-title entry-title '  itemprop=\"headline\" >V\u00e4lkommen till GrIFK Damer Mathilda Sandblom<\/h3><span class='av-masonry-date meta-color updated'>17.10.2019<\/span><span class=\"av-masonry-text-sep text-sep-author\">\/<\/span><span class='av-masonry-author meta-color author'><span class='fn'>by irajessica<\/span><\/span><\/div><\/div><\/figcaption><\/figure><\/a><!--end av-masonry entry--><a href=\"https:\/\/grifk-handball.com\/naiset\/uutiset\/sm-runkosarja-kyif-grifk\/\"  id='av-masonry-1-item-7878' data-av-masonry-item='7878' class='av-masonry-entry isotope-item post-7878 post type-post status-publish format-standard has-post-thumbnail hentry category-ottelut-2019-20 category-uutiset tag-grifkhandball tag-grifk tag-kyif tag-sm-sarja all_sort ottelut-2019-20_sort  uutiset_sort  av-masonry-item-with-image' title=\"dav\"   itemscope=\"itemscope\" itemtype=\"https:\/\/schema.org\/CreativeWork\" ><div class='av-inner-masonry-sizer'><\/div><figure class='av-inner-masonry main_color'><div class=\"av-masonry-outerimage-container\"><div class='av-masonry-image-container' style=\"background-image: url(https:\/\/grifk-handball.com\/naiset\/wp-content\/uploads\/sites\/3\/2019\/10\/IMG_20191007_092024-705x368.jpg);\"  title=\"dav\" ><\/div><\/div><figcaption class='av-inner-masonry-content site-background'><div class='av-inner-masonry-content-pos'><div class='av-inner-masonry-content-pos-content'><div class='avia-arrow'><\/div><h3 class='av-masonry-entry-title entry-title '  itemprop=\"headline\" >SM-runkosarja: KyIF-GrIFK<\/h3><span class='av-masonry-date meta-color updated'>6.10.2019<\/span><span class=\"av-masonry-text-sep text-sep-author\">\/<\/span><span class='av-masonry-author meta-color author'><span class='fn'>by irajessica<\/span><\/span><\/div><\/div><\/figcaption><\/figure><\/a><!--end av-masonry entry--><a href=\"https:\/\/grifk-handball.com\/naiset\/kausi-2019-20\/valkommen-ocksa-sara-sandelin\/\"  id='av-masonry-1-item-7827' data-av-masonry-item='7827' class='av-masonry-entry isotope-item post-7827 post type-post status-publish format-standard has-post-thumbnail hentry category-kausi-2019-20 category-uutiset all_sort kausi-2019-20_sort  uutiset_sort  av-masonry-item-with-image' title=\"8 Sara_Sandelin_2019-20\"   itemscope=\"itemscope\" itemtype=\"https:\/\/schema.org\/CreativeWork\" ><div class='av-inner-masonry-sizer'><\/div><figure class='av-inner-masonry main_color'><div class=\"av-masonry-outerimage-container\"><div class='av-masonry-image-container' style=\"background-image: url(https:\/\/grifk-handball.com\/naiset\/wp-content\/uploads\/sites\/3\/2019\/09\/8-Sara_Sandelin_2019-20-470x705.jpg);\"  title=\"8 Sara_Sandelin_2019-20\" ><\/div><\/div><figcaption class='av-inner-masonry-content site-background'><div class='av-inner-masonry-content-pos'><div class='av-inner-masonry-content-pos-content'><div class='avia-arrow'><\/div><h3 class='av-masonry-entry-title entry-title '  itemprop=\"headline\" >V\u00e4lkommen till damerna Sara Sandelin!<\/h3><span class='av-masonry-date meta-color updated'>27.9.2019<\/span><span class=\"av-masonry-text-sep text-sep-author\">\/<\/span><span class='av-masonry-author meta-color author'><span class='fn'>by irajessica<\/span><\/span><\/div><\/div><\/figcaption><\/figure><\/a><!--end av-masonry entry--><a href=\"https:\/\/grifk-handball.com\/naiset\/uutiset\/nicolina-nynas-till-grifk\/\"  id='av-masonry-1-item-7817' data-av-masonry-item='7817' class='av-masonry-entry isotope-item post-7817 post type-post status-publish format-standard has-post-thumbnail hentry category-uutiset all_sort uutiset_sort  av-masonry-item-with-image' title=\"7 Nicolina_Nynas_2019-20\"   itemscope=\"itemscope\" itemtype=\"https:\/\/schema.org\/CreativeWork\" ><div class='av-inner-masonry-sizer'><\/div><figure class='av-inner-masonry main_color'><div class=\"av-masonry-outerimage-container\"><div class='av-masonry-image-container' style=\"background-image: url(https:\/\/grifk-handball.com\/naiset\/wp-content\/uploads\/sites\/3\/2019\/09\/7-Nicolina_Nynas_2019-20-470x705.jpg);\"  title=\"7 Nicolina_Nynas_2019-20\" ><\/div><\/div><figcaption class='av-inner-masonry-content site-background'><div class='av-inner-masonry-content-pos'><div class='av-inner-masonry-content-pos-content'><div class='avia-arrow'><\/div><h3 class='av-masonry-entry-title entry-title '  itemprop=\"headline\" >Nicolina Nyn\u00e4s till GrIFK<\/h3><span class='av-masonry-date meta-color updated'>26.9.2019<\/span><span class=\"av-masonry-text-sep text-sep-author\">\/<\/span><span class='av-masonry-author meta-color author'><span class='fn'>by irajessica<\/span><\/span><\/div><\/div><\/figcaption><\/figure><\/a><!--end av-masonry entry--><a href=\"https:\/\/grifk-handball.com\/naiset\/uutiset\/alina-stendahl-flyttar-till-grifk\/\"  id='av-masonry-1-item-7813' data-av-masonry-item='7813' class='av-masonry-entry isotope-item post-7813 post type-post status-publish format-standard has-post-thumbnail hentry category-uutiset all_sort uutiset_sort  av-masonry-item-with-image' title=\"35 Alina_Stendahl_2019-20\"   itemscope=\"itemscope\" itemtype=\"https:\/\/schema.org\/CreativeWork\" ><div class='av-inner-masonry-sizer'><\/div><figure class='av-inner-masonry main_color'><div class=\"av-masonry-outerimage-container\"><div class='av-masonry-image-container' style=\"background-image: url(https:\/\/grifk-handball.com\/naiset\/wp-content\/uploads\/sites\/3\/2019\/09\/35-Alina_Stendahl_2019-20-470x705.jpg);\"  title=\"35 Alina_Stendahl_2019-20\" ><\/div><\/div><figcaption class='av-inner-masonry-content site-background'><div class='av-inner-masonry-content-pos'><div class='av-inner-masonry-content-pos-content'><div class='avia-arrow'><\/div><h3 class='av-masonry-entry-title entry-title '  itemprop=\"headline\" >Alina Stendahl flyttar till GrIFK<\/h3><span class='av-masonry-date meta-color updated'>26.9.2019<\/span><span class=\"av-masonry-text-sep text-sep-author\">\/<\/span><span class='av-masonry-author meta-color author'><span class='fn'>by irajessica<\/span><\/span><\/div><\/div><\/figcaption><\/figure><\/a><!--end av-masonry entry--><a href=\"https:\/\/grifk-handball.com\/naiset\/uutiset\/grifkn-naisten-edustusjoukkueen-kausarihaaste\/\"  id='av-masonry-1-item-7573' data-av-masonry-item='7573' class='av-masonry-entry isotope-item post-7573 post type-post status-publish format-standard has-post-thumbnail hentry category-uutiset all_sort uutiset_sort  av-masonry-item-with-image' title=\"Kausarihaaste2\"   itemscope=\"itemscope\" itemtype=\"https:\/\/schema.org\/CreativeWork\" ><div class='av-inner-masonry-sizer'><\/div><figure class='av-inner-masonry main_color'><div class=\"av-masonry-outerimage-container\"><div class='av-masonry-image-container' style=\"background-image: url(https:\/\/grifk-handball.com\/naiset\/wp-content\/uploads\/sites\/3\/2019\/05\/Kausarihaaste2.png);\"  title=\"Kausarihaaste2\" ><\/div><\/div><figcaption class='av-inner-masonry-content site-background'><div class='av-inner-masonry-content-pos'><div class='av-inner-masonry-content-pos-content'><div class='avia-arrow'><\/div><h3 class='av-masonry-entry-title entry-title '  itemprop=\"headline\" >GrIFK:n naisten edustusjoukkueen kausarihaaste<\/h3><span class='av-masonry-date meta-color updated'>11.6.2019<\/span><span class=\"av-masonry-text-sep text-sep-author\">\/<\/span><span class='av-masonry-author meta-color author'><span class='fn'>by kansli<\/span><\/span><\/div><\/div><\/figcaption><\/figure><\/a><!--end av-masonry entry--><a href=\"https:\/\/grifk-handball.com\/naiset\/uutiset\/ahlroos-ja-genberg-grifk-kasipallon-naisjoukkueen-valmentajiksi\/\"  id='av-masonry-1-item-7556' data-av-masonry-item='7556' class='av-masonry-entry isotope-item post-7556 post type-post status-publish format-standard has-post-thumbnail hentry category-uutiset all_sort uutiset_sort  av-masonry-item-with-image' title=\"DSC_1456\"   itemscope=\"itemscope\" itemtype=\"https:\/\/schema.org\/CreativeWork\" ><div class='av-inner-masonry-sizer'><\/div><figure class='av-inner-masonry main_color'><div class=\"av-masonry-outerimage-container\"><div class='av-masonry-image-container' style=\"background-image: url(https:\/\/grifk-handball.com\/naiset\/wp-content\/uploads\/sites\/3\/2019\/01\/DSC_1456-705x467.jpg);\"  title=\"DSC_1456\" ><\/div><\/div><figcaption class='av-inner-masonry-content site-background'><div class='av-inner-masonry-content-pos'><div class='av-inner-masonry-content-pos-content'><div class='avia-arrow'><\/div><h3 class='av-masonry-entry-title entry-title '  itemprop=\"headline\" >Ahlroos ja Genberg GrIFK K\u00e4sipallon naisjoukkueen valmentajiksi<\/h3><span class='av-masonry-date meta-color updated'>17.5.2019<\/span><span class=\"av-masonry-text-sep text-sep-author\">\/<\/span><span class='av-masonry-author meta-color author'><span class='fn'>by kansli<\/span><\/span><\/div><\/div><\/figcaption><\/figure><\/a><!--end av-masonry entry--><a href=\"https:\/\/grifk-handball.com\/naiset\/uutiset\/henrik-dettmann-kauniaisten-uudessa-paviljongissa-4-10-18\/\"  id='av-masonry-1-item-6807' data-av-masonry-item='6807' class='av-masonry-entry isotope-item post-6807 post type-post status-publish format-standard has-post-thumbnail hentry category-uutiset tag-tunnetta-peliin tag-grifk tag-henrik-dettmann tag-seminaari tag-yhteisollisyys all_sort uutiset_sort  av-masonry-item-with-image' title=\"Finland vs Iceland\"   itemscope=\"itemscope\" itemtype=\"https:\/\/schema.org\/CreativeWork\" ><div class='av-inner-masonry-sizer'><\/div><figure class='av-inner-masonry main_color'><div class=\"av-masonry-outerimage-container\"><div class='av-masonry-image-container' style=\"background-image: url(https:\/\/grifk-handball.com\/naiset\/wp-content\/uploads\/sites\/3\/2018\/09\/1.03810570-705x470.jpg);\"  title=\"Finland vs Iceland\" ><\/div><\/div><figcaption class='av-inner-masonry-content site-background'><div class='av-inner-masonry-content-pos'><div class='av-inner-masonry-content-pos-content'><div class='avia-arrow'><\/div><h3 class='av-masonry-entry-title entry-title '  itemprop=\"headline\" >Henrik Dettmann Kauniaisten Uudessa Paviljongissa 4.10.18<\/h3><span class='av-masonry-date meta-color updated'>22.8.2018<\/span><span class=\"av-masonry-text-sep text-sep-author\">\/<\/span><span class='av-masonry-author meta-color author'><span class='fn'>by granimaster<\/span><\/span><\/div><\/div><\/figcaption><\/figure><\/a><!--end av-masonry entry--><a href=\"https:\/\/grifk-handball.com\/naiset\/uutiset\/ninni-jensen-fran-sif-tillbaka-till-grifk\/\"  id='av-masonry-1-item-6744' data-av-masonry-item='6744' class='av-masonry-entry isotope-item post-6744 post type-post status-publish format-standard has-post-thumbnail hentry category-uutiset tag-grifkhandball tag-grifk tag-sif all_sort uutiset_sort  av-masonry-item-with-image' title=\"IMG-20180615-WA0002NINNI\"   itemscope=\"itemscope\" itemtype=\"https:\/\/schema.org\/CreativeWork\" ><div class='av-inner-masonry-sizer'><\/div><figure class='av-inner-masonry main_color'><div class=\"av-masonry-outerimage-container\"><div class='av-masonry-image-container' style=\"background-image: url(https:\/\/grifk-handball.com\/naiset\/wp-content\/uploads\/sites\/3\/2018\/06\/IMG-20180615-WA0002NINNI-529x705.jpg);\"  title=\"IMG-20180615-WA0002NINNI\" ><\/div><\/div><figcaption class='av-inner-masonry-content site-background'><div class='av-inner-masonry-content-pos'><div class='av-inner-masonry-content-pos-content'><div class='avia-arrow'><\/div><h3 class='av-masonry-entry-title entry-title '  itemprop=\"headline\" >Ninni Jensen fr\u00e5n SIF tillbaka till GrIFK<\/h3><span class='av-masonry-date meta-color updated'>15.6.2018<\/span><span class=\"av-masonry-text-sep text-sep-author\">\/<\/span><span class='av-masonry-author meta-color author'><span class='fn'>by kansli<\/span><\/span><\/div><\/div><\/figcaption><\/figure><\/a><!--end av-masonry entry--><a href=\"https:\/\/grifk-handball.com\/naiset\/uutiset\/carolina-bockelman-palaa-takaisin-graniin\/\"  id='av-masonry-1-item-6681' data-av-masonry-item='6681' class='av-masonry-entry isotope-item post-6681 post type-post status-publish format-standard has-post-thumbnail hentry category-uutiset tag-grifkhandball tag-grifk tag-gronvita tag-respect-the-game tag-runkosarja tag-sm-sarja all_sort uutiset_sort  av-masonry-item-with-image' title=\"caro-b\"   itemscope=\"itemscope\" itemtype=\"https:\/\/schema.org\/CreativeWork\" ><div class='av-inner-masonry-sizer'><\/div><figure class='av-inner-masonry main_color'><div class=\"av-masonry-outerimage-container\"><div class='av-masonry-image-container' style=\"background-image: url(https:\/\/grifk-handball.com\/naiset\/wp-content\/uploads\/sites\/3\/2018\/05\/caro-b.jpg);\"  title=\"caro-b\" ><\/div><\/div><figcaption class='av-inner-masonry-content site-background'><div class='av-inner-masonry-content-pos'><div class='av-inner-masonry-content-pos-content'><div class='avia-arrow'><\/div><h3 class='av-masonry-entry-title entry-title '  itemprop=\"headline\" >Carolina B\u00f6ckelman palaa takaisin Graniin<\/h3><span class='av-masonry-date meta-color updated'>1.6.2018<\/span><span class=\"av-masonry-text-sep text-sep-author\">\/<\/span><span class='av-masonry-author meta-color author'><span class='fn'>by granimaster<\/span><\/span><\/div><\/div><\/figcaption><\/figure><\/a><!--end av-masonry entry--><a href=\"https:\/\/grifk-handball.com\/naiset\/uutiset\/greta-wiren-till-grifk\/\"  id='av-masonry-1-item-6705' data-av-masonry-item='6705' class='av-masonry-entry isotope-item post-6705 post type-post status-publish format-standard has-post-thumbnail hentry category-uutiset tag-grifkhandball tag-grifk tag-sm-sarja all_sort uutiset_sort  av-masonry-item-with-image' title=\"Greta Wir\u00e9n till GrIFK!\"   itemscope=\"itemscope\" itemtype=\"https:\/\/schema.org\/CreativeWork\" ><div class='av-inner-masonry-sizer'><\/div><figure class='av-inner-masonry main_color'><div class=\"av-masonry-outerimage-container\"><div class='av-masonry-image-container' style=\"background-image: url(https:\/\/grifk-handball.com\/naiset\/wp-content\/uploads\/sites\/3\/2018\/05\/greta-529x705.jpg);\" ><\/div><\/div><figcaption class='av-inner-masonry-content site-background'><div class='av-inner-masonry-content-pos'><div class='av-inner-masonry-content-pos-content'><div class='avia-arrow'><\/div><h3 class='av-masonry-entry-title entry-title '  itemprop=\"headline\" >Greta Wir\u00e9n till GrIFK!<\/h3><span class='av-masonry-date meta-color updated'>30.5.2018<\/span><span class=\"av-masonry-text-sep text-sep-author\">\/<\/span><span class='av-masonry-author meta-color author'><span class='fn'>by kansli<\/span><\/span><\/div><\/div><\/figcaption><\/figure><\/a><!--end av-masonry entry--><a href=\"https:\/\/grifk-handball.com\/naiset\/uutiset\/kasipallokauden-paattajaiset-19-5\/\"  id='av-masonry-1-item-6644' data-av-masonry-item='6644' class='av-masonry-entry isotope-item post-6644 post type-post status-publish format-standard has-post-thumbnail hentry category-uutiset tag-grifkhandball tag-grifk tag-skpl tag-sm-sarja tag-suomen-cup all_sort uutiset_sort  av-masonry-item-with-image' title=\"kaudenpaatos_SKPL_v3_2-1030&#215;5411[1]\"   itemscope=\"itemscope\" itemtype=\"https:\/\/schema.org\/CreativeWork\" ><div class='av-inner-masonry-sizer'><\/div><figure class='av-inner-masonry main_color'><div class=\"av-masonry-outerimage-container\"><div class='av-masonry-image-container' style=\"background-image: url(https:\/\/grifk-handball.com\/naiset\/wp-content\/uploads\/sites\/3\/2018\/04\/kaudenpaatos_SKPL_v3_2-1030x54111-705x370.jpg);\"  title=\"kaudenpaatos_SKPL_v3_2-1030&#215;5411[1]\" ><\/div><\/div><figcaption class='av-inner-masonry-content site-background'><div class='av-inner-masonry-content-pos'><div class='av-inner-masonry-content-pos-content'><div class='avia-arrow'><\/div><h3 class='av-masonry-entry-title entry-title '  itemprop=\"headline\" >K\u00e4sipallokauden p\u00e4\u00e4tt\u00e4j\u00e4iset 19.5.<\/h3><span class='av-masonry-date meta-color updated'>5.5.2018<\/span><span class=\"av-masonry-text-sep text-sep-author\">\/<\/span><span class='av-masonry-author meta-color author'><span class='fn'>by granimaster<\/span><\/span><\/div><\/div><\/figcaption><\/figure><\/a><!--end av-masonry entry--><a href=\"https:\/\/grifk-handball.com\/naiset\/uutiset\/valierajoukkueiden-tiedostustilaisuus-9-4-18\/\"  id='av-masonry-1-item-6615' data-av-masonry-item='6615' class='av-masonry-entry isotope-item post-6615 post type-post status-publish format-standard has-post-thumbnail hentry category-uutiset tag-grifkhandball tag-grifk tag-play-off tag-sm-sarja all_sort uutiset_sort  av-masonry-item-with-image' title=\"Naisten SM-sarja\"   itemscope=\"itemscope\" itemtype=\"https:\/\/schema.org\/CreativeWork\" ><div class='av-inner-masonry-sizer'><\/div><figure class='av-inner-masonry main_color'><div class=\"av-masonry-outerimage-container\"><div class='av-masonry-image-container' style=\"background-image: url(https:\/\/grifk-handball.com\/naiset\/wp-content\/uploads\/sites\/3\/2017\/11\/header-nsm-6001.png);\"  title=\"Naisten SM-sarja\" ><\/div><\/div><figcaption class='av-inner-masonry-content site-background'><div class='av-inner-masonry-content-pos'><div class='av-inner-masonry-content-pos-content'><div class='avia-arrow'><\/div><h3 class='av-masonry-entry-title entry-title '  itemprop=\"headline\" >V\u00e4lier\u00e4joukkueiden tiedostustilaisuus 9.4.18<\/h3><span class='av-masonry-date meta-color updated'>9.4.2018<\/span><span class=\"av-masonry-text-sep text-sep-author\">\/<\/span><span class='av-masonry-author meta-color author'><span class='fn'>by granimaster<\/span><\/span><\/div><\/div><\/figcaption><\/figure><\/a><!--end av-masonry entry--><a href=\"https:\/\/grifk-handball.com\/naiset\/uutiset\/wilhelmina-wolff-maajoukkueeseen\/\"  id='av-masonry-1-item-6143' data-av-masonry-item='6143' class='av-masonry-entry isotope-item post-6143 post type-post status-publish format-standard has-post-thumbnail hentry category-uutiset tag-grifkhandball tag-grifk tag-maajoukkue tag-wilhelmina-wolff all_sort uutiset_sort  av-masonry-item-with-image' title=\"DSC_0270\"   itemscope=\"itemscope\" itemtype=\"https:\/\/schema.org\/CreativeWork\" ><div class='av-inner-masonry-sizer'><\/div><figure class='av-inner-masonry main_color'><div class=\"av-masonry-outerimage-container\"><div class='av-masonry-image-container' style=\"background-image: url(https:\/\/grifk-handball.com\/naiset\/wp-content\/uploads\/sites\/3\/2017\/11\/DSC_0270-705x467.jpg);\"  title=\"DSC_0270\" ><\/div><\/div><figcaption class='av-inner-masonry-content site-background'><div class='av-inner-masonry-content-pos'><div class='av-inner-masonry-content-pos-content'><div class='avia-arrow'><\/div><h3 class='av-masonry-entry-title entry-title '  itemprop=\"headline\" >Wilhelmina Wolff maajoukkueeseen<\/h3><span class='av-masonry-date meta-color updated'>16.11.2017<\/span><span class=\"av-masonry-text-sep text-sep-author\">\/<\/span><span class='av-masonry-author meta-color author'><span class='fn'>by granimaster<\/span><\/span><\/div><\/div><\/figcaption><\/figure><\/a><!--end av-masonry entry--><\/div><\/div><\/div>\n<section  class='av_textblock_section av-6k7f4-38df1d793a808275dd780e999122da72 '   itemscope=\"itemscope\" itemtype=\"https:\/\/schema.org\/CreativeWork\" ><div class='avia_textblock'  itemprop=\"text\" ><p>Click here to add your own text<\/p>\n<\/div><\/section>\n","protected":false},"excerpt":{"rendered":"","protected":false},"author":1,"featured_media":13355,"parent":0,"menu_order":0,"comment_status":"closed","ping_status":"closed","template":"","meta":{"_acf_changed":false,"jetpack_post_was_ever_published":false,"footnotes":""},"tags":[],"class_list":["post-432","page","type-page","status-publish","has-post-thumbnail","hentry"],"acf":[],"yoast_head":"<!-- This site is optimized with the Yoast SEO plugin v27.5 - https:\/\/yoast.com\/product\/yoast-seo-wordpress\/ -->\n<title>Uutiset &#187; GrIFK K\u00e4sipallo Naiset<\/title>\n<meta name=\"description\" content=\"GrIFK:ssa ja k\u00e4sipallossa tapahtuu\" \/>\n<meta name=\"robots\" content=\"index, follow, max-snippet:-1, max-image-preview:large, max-video-preview:-1\" \/>\n<link rel=\"canonical\" href=\"https:\/\/grifk-handball.com\/naiset\/news\/\" \/>\n<meta property=\"og:locale\" content=\"fi_FI\" \/>\n<meta property=\"og:type\" content=\"article\" \/>\n<meta property=\"og:title\" content=\"Uutiset &#187; GrIFK K\u00e4sipallo Naiset\" \/>\n<meta property=\"og:description\" content=\"GrIFK:ssa ja k\u00e4sipallossa tapahtuu\" \/>\n<meta property=\"og:url\" content=\"https:\/\/grifk-handball.com\/naiset\/news\/\" \/>\n<meta property=\"og:site_name\" content=\"GrIFK K\u00e4sipallo Naiset\" \/>\n<meta property=\"article:publisher\" content=\"https:\/\/www.facebook.com\/532444520237680\" \/>\n<meta property=\"article:modified_time\" content=\"2025-10-22T12:07:31+00:00\" \/>\n<meta property=\"og:image\" content=\"https:\/\/grifk-handball.com\/naiset\/wp-content\/uploads\/sites\/3\/2025\/09\/GrIFK-vs-BK-1030x687.png\" \/>\n\t<meta property=\"og:image:width\" content=\"1030\" \/>\n\t<meta property=\"og:image:height\" content=\"687\" \/>\n\t<meta property=\"og:image:type\" content=\"image\/png\" \/>\n<meta name=\"twitter:card\" content=\"summary_large_image\" \/>\n<meta name=\"twitter:label1\" content=\"Arvioitu lukuaika\" \/>\n\t<meta name=\"twitter:data1\" content=\"8 minuuttia\" \/>\n<script type=\"application\/ld+json\" class=\"yoast-schema-graph\">{\"@context\":\"https:\\\/\\\/schema.org\",\"@graph\":[{\"@type\":\"WebPage\",\"@id\":\"https:\\\/\\\/grifk-handball.com\\\/naiset\\\/news\\\/\",\"url\":\"https:\\\/\\\/grifk-handball.com\\\/naiset\\\/news\\\/\",\"name\":\"Uutiset &#187; GrIFK K\u00e4sipallo Naiset\",\"isPartOf\":{\"@id\":\"https:\\\/\\\/grifk-handball.com\\\/naiset\\\/#website\"},\"primaryImageOfPage\":{\"@id\":\"https:\\\/\\\/grifk-handball.com\\\/naiset\\\/news\\\/#primaryimage\"},\"image\":{\"@id\":\"https:\\\/\\\/grifk-handball.com\\\/naiset\\\/news\\\/#primaryimage\"},\"thumbnailUrl\":\"https:\\\/\\\/grifk-handball.com\\\/naiset\\\/wp-content\\\/uploads\\\/sites\\\/3\\\/2025\\\/09\\\/GrIFK-vs-BK.png\",\"datePublished\":\"2016-07-06T20:58:46+00:00\",\"dateModified\":\"2025-10-22T12:07:31+00:00\",\"description\":\"GrIFK:ssa ja k\u00e4sipallossa tapahtuu\",\"breadcrumb\":{\"@id\":\"https:\\\/\\\/grifk-handball.com\\\/naiset\\\/news\\\/#breadcrumb\"},\"inLanguage\":\"fi\",\"potentialAction\":[{\"@type\":\"ReadAction\",\"target\":[\"https:\\\/\\\/grifk-handball.com\\\/naiset\\\/news\\\/\"]}]},{\"@type\":\"ImageObject\",\"inLanguage\":\"fi\",\"@id\":\"https:\\\/\\\/grifk-handball.com\\\/naiset\\\/news\\\/#primaryimage\",\"url\":\"https:\\\/\\\/grifk-handball.com\\\/naiset\\\/wp-content\\\/uploads\\\/sites\\\/3\\\/2025\\\/09\\\/GrIFK-vs-BK.png\",\"contentUrl\":\"https:\\\/\\\/grifk-handball.com\\\/naiset\\\/wp-content\\\/uploads\\\/sites\\\/3\\\/2025\\\/09\\\/GrIFK-vs-BK.png\",\"width\":1500,\"height\":1000},{\"@type\":\"BreadcrumbList\",\"@id\":\"https:\\\/\\\/grifk-handball.com\\\/naiset\\\/news\\\/#breadcrumb\",\"itemListElement\":[{\"@type\":\"ListItem\",\"position\":1,\"name\":\"Home\",\"item\":\"https:\\\/\\\/grifk-handball.com\\\/naiset\\\/etusivu-2\\\/\"},{\"@type\":\"ListItem\",\"position\":2,\"name\":\"Uutiset\"}]},{\"@type\":\"WebSite\",\"@id\":\"https:\\\/\\\/grifk-handball.com\\\/naiset\\\/#website\",\"url\":\"https:\\\/\\\/grifk-handball.com\\\/naiset\\\/\",\"name\":\"GrIFK K\u00e4sipallo Naiset\",\"description\":\"GrIFK K\u00e4sipallo Naiset\",\"potentialAction\":[{\"@type\":\"SearchAction\",\"target\":{\"@type\":\"EntryPoint\",\"urlTemplate\":\"https:\\\/\\\/grifk-handball.com\\\/naiset\\\/?s={search_term_string}\"},\"query-input\":{\"@type\":\"PropertyValueSpecification\",\"valueRequired\":true,\"valueName\":\"search_term_string\"}}],\"inLanguage\":\"fi\"}]}<\/script>\n<!-- \/ Yoast SEO plugin. -->","yoast_head_json":{"title":"Uutiset &#187; GrIFK K\u00e4sipallo Naiset","description":"GrIFK:ssa ja k\u00e4sipallossa tapahtuu","robots":{"index":"index","follow":"follow","max-snippet":"max-snippet:-1","max-image-preview":"max-image-preview:large","max-video-preview":"max-video-preview:-1"},"canonical":"https:\/\/grifk-handball.com\/naiset\/news\/","og_locale":"fi_FI","og_type":"article","og_title":"Uutiset &#187; GrIFK K\u00e4sipallo Naiset","og_description":"GrIFK:ssa ja k\u00e4sipallossa tapahtuu","og_url":"https:\/\/grifk-handball.com\/naiset\/news\/","og_site_name":"GrIFK K\u00e4sipallo Naiset","article_publisher":"https:\/\/www.facebook.com\/532444520237680","article_modified_time":"2025-10-22T12:07:31+00:00","og_image":[{"width":1030,"height":687,"url":"https:\/\/grifk-handball.com\/naiset\/wp-content\/uploads\/sites\/3\/2025\/09\/GrIFK-vs-BK-1030x687.png","type":"image\/png"}],"twitter_card":"summary_large_image","twitter_misc":{"Arvioitu lukuaika":"8 minuuttia"},"schema":{"@context":"https:\/\/schema.org","@graph":[{"@type":"WebPage","@id":"https:\/\/grifk-handball.com\/naiset\/news\/","url":"https:\/\/grifk-handball.com\/naiset\/news\/","name":"Uutiset &#187; GrIFK K\u00e4sipallo Naiset","isPartOf":{"@id":"https:\/\/grifk-handball.com\/naiset\/#website"},"primaryImageOfPage":{"@id":"https:\/\/grifk-handball.com\/naiset\/news\/#primaryimage"},"image":{"@id":"https:\/\/grifk-handball.com\/naiset\/news\/#primaryimage"},"thumbnailUrl":"https:\/\/grifk-handball.com\/naiset\/wp-content\/uploads\/sites\/3\/2025\/09\/GrIFK-vs-BK.png","datePublished":"2016-07-06T20:58:46+00:00","dateModified":"2025-10-22T12:07:31+00:00","description":"GrIFK:ssa ja k\u00e4sipallossa tapahtuu","breadcrumb":{"@id":"https:\/\/grifk-handball.com\/naiset\/news\/#breadcrumb"},"inLanguage":"fi","potentialAction":[{"@type":"ReadAction","target":["https:\/\/grifk-handball.com\/naiset\/news\/"]}]},{"@type":"ImageObject","inLanguage":"fi","@id":"https:\/\/grifk-handball.com\/naiset\/news\/#primaryimage","url":"https:\/\/grifk-handball.com\/naiset\/wp-content\/uploads\/sites\/3\/2025\/09\/GrIFK-vs-BK.png","contentUrl":"https:\/\/grifk-handball.com\/naiset\/wp-content\/uploads\/sites\/3\/2025\/09\/GrIFK-vs-BK.png","width":1500,"height":1000},{"@type":"BreadcrumbList","@id":"https:\/\/grifk-handball.com\/naiset\/news\/#breadcrumb","itemListElement":[{"@type":"ListItem","position":1,"name":"Home","item":"https:\/\/grifk-handball.com\/naiset\/etusivu-2\/"},{"@type":"ListItem","position":2,"name":"Uutiset"}]},{"@type":"WebSite","@id":"https:\/\/grifk-handball.com\/naiset\/#website","url":"https:\/\/grifk-handball.com\/naiset\/","name":"GrIFK K\u00e4sipallo Naiset","description":"GrIFK K\u00e4sipallo Naiset","potentialAction":[{"@type":"SearchAction","target":{"@type":"EntryPoint","urlTemplate":"https:\/\/grifk-handball.com\/naiset\/?s={search_term_string}"},"query-input":{"@type":"PropertyValueSpecification","valueRequired":true,"valueName":"search_term_string"}}],"inLanguage":"fi"}]}},"jetpack_sharing_enabled":true,"_links":{"self":[{"href":"https:\/\/grifk-handball.com\/naiset\/wp-json\/wp\/v2\/pages\/432","targetHints":{"allow":["GET"]}}],"collection":[{"href":"https:\/\/grifk-handball.com\/naiset\/wp-json\/wp\/v2\/pages"}],"about":[{"href":"https:\/\/grifk-handball.com\/naiset\/wp-json\/wp\/v2\/types\/page"}],"author":[{"embeddable":true,"href":"https:\/\/grifk-handball.com\/naiset\/wp-json\/wp\/v2\/users\/1"}],"replies":[{"embeddable":true,"href":"https:\/\/grifk-handball.com\/naiset\/wp-json\/wp\/v2\/comments?post=432"}],"version-history":[{"count":14,"href":"https:\/\/grifk-handball.com\/naiset\/wp-json\/wp\/v2\/pages\/432\/revisions"}],"predecessor-version":[{"id":13497,"href":"https:\/\/grifk-handball.com\/naiset\/wp-json\/wp\/v2\/pages\/432\/revisions\/13497"}],"wp:featuredmedia":[{"embeddable":true,"href":"https:\/\/grifk-handball.com\/naiset\/wp-json\/wp\/v2\/media\/13355"}],"wp:attachment":[{"href":"https:\/\/grifk-handball.com\/naiset\/wp-json\/wp\/v2\/media?parent=432"}],"wp:term":[{"taxonomy":"post_tag","embeddable":true,"href":"https:\/\/grifk-handball.com\/naiset\/wp-json\/wp\/v2\/tags?post=432"}],"curies":[{"name":"wp","href":"https:\/\/api.w.org\/{rel}","templated":true}]}}